{"id":4699,"date":"2024-04-13T22:43:34","date_gmt":"2024-04-13T20:43:34","guid":{"rendered":"https:\/\/www.hedera-etc.com\/?page_id=4699"},"modified":"2024-12-16T09:18:49","modified_gmt":"2024-12-16T08:18:49","slug":"efeu-mit-gelben-blattern-2","status":"publish","type":"page","link":"https:\/\/www.hedera-etc.com\/de\/lierre-a-feuillage-panache-jaune\/","title":{"rendered":"Efeu mit gelb panaschiertem Laub"},"content":{"rendered":"<div data-elementor-type=\"wp-page\" data-elementor-id=\"4699\" class=\"elementor elementor-4699\" data-elementor-post-type=\"page\">\n\t\t\t\t<div class=\"elementor-element elementor-element-e9317a6 e-flex e-con-boxed e-con e-parent\" data-id=\"e9317a6\" data-element_type=\"container\">\n\t\t\t\t\t<div class=\"e-con-inner\">\n\t\t\t\t<div class=\"elementor-element elementor-element-0b98e62 elementor-widget elementor-widget-image\" data-id=\"0b98e62\" data-element_type=\"widget\" data-widget_type=\"image.default\">\n\t\t\t\t<div class=\"elementor-widget-container\">\n\t\t\t\t\t\t\t\t\t\t\t\t\t\t\t<img decoding=\"async\" src=\"https:\/\/www.hedera-etc.com\/wp-content\/uploads\/elementor\/thumbs\/Hedera-helix-Goldheart-rljuphmci6lusn2a4oc93cten6wklx4trscfiusuxs.webp\" title=\"Hedera helix \u2018Goldheart\u2019 (Goldherz)\u2019\" alt=\"Hedera helix &#039;Goldheart&#039;\" loading=\"lazy\" \/>\t\t\t\t\t\t\t\t\t\t\t\t\t\t\t<\/div>\n\t\t\t\t<\/div>\n\t\t\t\t\t<\/div>\n\t\t\t\t<\/div>\n\t\t<div class=\"elementor-element elementor-element-c5f0651 e-flex e-con-boxed e-con e-parent\" data-id=\"c5f0651\" data-element_type=\"container\">\n\t\t\t\t\t<div class=\"e-con-inner\">\n\t\t\t\t<div class=\"elementor-element elementor-element-1609d76 elementor-widget elementor-widget-text-editor\" data-id=\"1609d76\" data-element_type=\"widget\" data-widget_type=\"text-editor.default\">\n\t\t\t\t<div class=\"elementor-widget-container\">\n\t\t\t\t\t\t\t\t\t<p>Efeu mit gelb panaschiertem Laub ist sehr interessant, um eine dunkle Ecke im Garten aufzuhellen. Einige von ihnen ben\u00f6tigen jedoch Sonne oder Licht, um ihre gelbe Panaschierung zu behalten. Au\u00dferdem kann die gelbe Panaschierung je nach Sorte dauerhaft oder haupts\u00e4chlich zu bestimmten Jahreszeiten vorhanden sein.\u00a0<span style=\"font-family: Roboto, sans-serif; font-size: 23px; font-style: normal; font-variant-ligatures: normal; font-variant-caps: normal; font-weight: 400; color: var( --e-global-color-text );\">\u00dcberpr\u00fcfen Sie unten die Angaben genau, um die richtige Wahl zu treffen. Es stehen Ihnen fast 70 Sorten gelb panaschierter Efeu zur Verf\u00fcgung.<\/span><\/p>\t\t\t\t\t\t\t\t<\/div>\n\t\t\t\t<\/div>\n\t\t\t\t\t<\/div>\n\t\t\t\t<\/div>\n\t\t<div class=\"elementor-element elementor-element-491a162 e-flex e-con-boxed e-con e-parent\" data-id=\"491a162\" data-element_type=\"container\">\n\t\t\t\t\t<div class=\"e-con-inner\">\n\t\t\t\t<div class=\"elementor-element elementor-element-81b0b8e elementor-grid-3 elementor-grid-tablet-2 elementor-grid-mobile-1 elementor-posts--thumbnail-top elementor-widget elementor-widget-posts\" data-id=\"81b0b8e\" data-element_type=\"widget\" data-settings=\"{&quot;pagination_type&quot;:&quot;load_more_infinite_scroll&quot;,&quot;classic_columns&quot;:&quot;3&quot;,&quot;classic_columns_tablet&quot;:&quot;2&quot;,&quot;classic_columns_mobile&quot;:&quot;1&quot;,&quot;classic_row_gap&quot;:{&quot;unit&quot;:&quot;px&quot;,&quot;size&quot;:35,&quot;sizes&quot;:[]},&quot;classic_row_gap_tablet&quot;:{&quot;unit&quot;:&quot;px&quot;,&quot;size&quot;:&quot;&quot;,&quot;sizes&quot;:[]},&quot;classic_row_gap_mobile&quot;:{&quot;unit&quot;:&quot;px&quot;,&quot;size&quot;:&quot;&quot;,&quot;sizes&quot;:[]},&quot;load_more_spinner&quot;:{&quot;value&quot;:&quot;fas fa-spinner&quot;,&quot;library&quot;:&quot;fa-solid&quot;}}\" data-widget_type=\"posts.classic\">\n\t\t\t\t<div class=\"elementor-widget-container\">\n\t\t\t\t\t\t\t<div class=\"elementor-posts-container elementor-posts elementor-posts--skin-classic elementor-grid\">\n\t\t\t\t<article class=\"elementor-post elementor-grid-item post-17894 product type-product status-publish has-post-thumbnail product_cat-lierre entry has-media first instock purchasable product-type-variable has-default-attributes has-product-nav col span_1_of_4 owp-content-center item-entry owp-thumbs-layout-horizontal owp-btn-normal owp-tabs-layout-section\">\n\t\t\t\t<a class=\"elementor-post__thumbnail__link\" href=\"https:\/\/www.hedera-etc.com\/de\/product\/hedera-rhombea-submarginata\/\" tabindex=\"-1\" target=\"&quot;_blank&quot;\">\n\t\t\t<div class=\"elementor-post__thumbnail\"><img fetchpriority=\"high\" decoding=\"async\" width=\"300\" height=\"225\" src=\"https:\/\/www.hedera-etc.com\/wp-content\/uploads\/2025\/12\/Submarginata_Birkerhof_Parz99_Zaun09-20131211-300x225.webp\" class=\"attachment-medium size-medium wp-image-17898\" alt=\"Hedera rhombea &#039;Submarginata&#039;\" srcset=\"https:\/\/www.hedera-etc.com\/wp-content\/uploads\/2025\/12\/Submarginata_Birkerhof_Parz99_Zaun09-20131211-300x225.webp 300w, https:\/\/www.hedera-etc.com\/wp-content\/uploads\/2025\/12\/Submarginata_Birkerhof_Parz99_Zaun09-20131211-900x675.webp 900w, https:\/\/www.hedera-etc.com\/wp-content\/uploads\/2025\/12\/Submarginata_Birkerhof_Parz99_Zaun09-20131211-1024x768.webp 1024w, https:\/\/www.hedera-etc.com\/wp-content\/uploads\/2025\/12\/Submarginata_Birkerhof_Parz99_Zaun09-20131211-768x576.webp 768w, https:\/\/www.hedera-etc.com\/wp-content\/uploads\/2025\/12\/Submarginata_Birkerhof_Parz99_Zaun09-20131211-1536x1152.webp 1536w, https:\/\/www.hedera-etc.com\/wp-content\/uploads\/2025\/12\/Submarginata_Birkerhof_Parz99_Zaun09-20131211.webp 1920w, https:\/\/www.hedera-etc.com\/wp-content\/uploads\/2025\/12\/Submarginata_Birkerhof_Parz99_Zaun09-20131211-1320x990.webp 1320w\" sizes=\"(max-width: 300px) 100vw, 300px\" \/><\/div>\n\t\t<\/a>\n\t\t\t\t<div class=\"elementor-post__text\">\n\t\t\t\t<h3 class=\"elementor-post__title\">\n\t\t\t<a href=\"https:\/\/www.hedera-etc.com\/de\/product\/hedera-rhombea-submarginata\/\" target=\"&quot;_blank&quot;\">\n\t\t\t\t<em>Hedera rhombea<\/em> &lsquo;Submarginata&rsquo; &#8211; Japanischer Efeu\t\t\t<\/a>\n\t\t<\/h3>\n\t\t\t\t<div class=\"elementor-post__excerpt\">\n\t\t\t<p>Japanischer Efeu mit fast runden oder l\u00e4nglichen, spitzen Bl\u00e4ttern<\/p> <p>Blattspreite in der Mitte blaugrau-gr\u00fcn und mehr gef\u00e4rbt\t\t<\/div>\n\t\t\n\t\t<a class=\"elementor-post__read-more\" href=\"https:\/\/www.hedera-etc.com\/de\/product\/hedera-rhombea-submarginata\/\" aria-label=\"Mehr \u00fcber *Hedera rhombea* \u2018Submarginata\u2019 \u2013 Japanische Efeutute\" tabindex=\"-1\" target=\"_blank\">\n\t\t\tWeiterlesen \u00bb\t\t<\/a>\n\n\t\t\t\t<\/div>\n\t\t\t\t<\/article>\n\t\t\t\t<article class=\"elementor-post elementor-grid-item post-1505 product type-product status-publish has-post-thumbnail product_cat-lierre entry has-media  outofstock product-type-variable has-default-attributes has-product-nav col span_1_of_4 owp-content-center item-entry owp-thumbs-layout-horizontal owp-btn-normal owp-tabs-layout-section has-no-thumbnails\">\n\t\t\t\t<a class=\"elementor-post__thumbnail__link\" href=\"https:\/\/www.hedera-etc.com\/de\/product\/hedera-rhombea-submarginata-arborescens\/\" tabindex=\"-1\" target=\"&quot;_blank&quot;\">\n\t\t\t<div class=\"elementor-post__thumbnail\"><img decoding=\"async\" width=\"300\" height=\"225\" src=\"https:\/\/www.hedera-etc.com\/wp-content\/uploads\/2023\/11\/Hedera-rhombea-Submarginata-Arborescens-300x225.webp\" class=\"attachment-medium size-medium wp-image-18450\" alt=\"Hedera rhombea &#039;Submarginata Arborescens&#039;\" srcset=\"https:\/\/www.hedera-etc.com\/wp-content\/uploads\/2023\/11\/Hedera-rhombea-Submarginata-Arborescens-300x225.webp 300w, https:\/\/www.hedera-etc.com\/wp-content\/uploads\/2023\/11\/Hedera-rhombea-Submarginata-Arborescens-1024x768.webp 1024w, https:\/\/www.hedera-etc.com\/wp-content\/uploads\/2023\/11\/Hedera-rhombea-Submarginata-Arborescens-768x576.webp 768w, https:\/\/www.hedera-etc.com\/wp-content\/uploads\/2023\/11\/Hedera-rhombea-Submarginata-Arborescens-1536x1152.webp 1536w, https:\/\/www.hedera-etc.com\/wp-content\/uploads\/2023\/11\/Hedera-rhombea-Submarginata-Arborescens-16x12.webp 16w, https:\/\/www.hedera-etc.com\/wp-content\/uploads\/2023\/11\/Hedera-rhombea-Submarginata-Arborescens-1320x990.webp 1320w, https:\/\/www.hedera-etc.com\/wp-content\/uploads\/2023\/11\/Hedera-rhombea-Submarginata-Arborescens-900x675.webp 900w, https:\/\/www.hedera-etc.com\/wp-content\/uploads\/2023\/11\/Hedera-rhombea-Submarginata-Arborescens.webp 1920w\" sizes=\"(max-width: 300px) 100vw, 300px\" \/><\/div>\n\t\t<\/a>\n\t\t\t\t<div class=\"elementor-post__text\">\n\t\t\t\t<h3 class=\"elementor-post__title\">\n\t\t\t<a href=\"https:\/\/www.hedera-etc.com\/de\/product\/hedera-rhombea-submarginata-arborescens\/\" target=\"&quot;_blank&quot;\">\n\t\t\t\t<em>Hedera rhombea<\/em> &lsquo;Submarginata Arborescens&rsquo; &#8211; Japanischer Efeu\t\t\t<\/a>\n\t\t<\/h3>\n\t\t\t\t<div class=\"elementor-post__excerpt\">\n\t\t\t<p>Langsam wachsender Efeu. St\u00e4ngel tragen asymmetrische Bl\u00e4tter, die dunkelgr\u00fcn und graugr\u00fcn marmoriert sind.<\/p> <p>Bildet einen kleinen\t\t<\/div>\n\t\t\n\t\t<a class=\"elementor-post__read-more\" href=\"https:\/\/www.hedera-etc.com\/de\/product\/hedera-rhombea-submarginata-arborescens\/\" aria-label=\"Mehr \u00fcber &lt;em&gt;Hedera rhombea&lt;\/em&gt; \u2018Submarginata Arborescens\u2019 \u2013 Japanische Efeu\" tabindex=\"-1\" target=\"_blank\">\n\t\t\tWeiterlesen \u00bb\t\t<\/a>\n\n\t\t\t\t<\/div>\n\t\t\t\t<\/article>\n\t\t\t\t<article class=\"elementor-post elementor-grid-item post-17800 product type-product status-publish has-post-thumbnail product_cat-lierre entry has-media  instock purchasable product-type-variable has-default-attributes has-product-nav col span_1_of_4 owp-content-center item-entry owp-thumbs-layout-horizontal owp-btn-normal owp-tabs-layout-section\">\n\t\t\t\t<a class=\"elementor-post__thumbnail__link\" href=\"https:\/\/www.hedera-etc.com\/de\/product\/hedera-rhombea-eastern-dawn\/\" tabindex=\"-1\" target=\"&quot;_blank&quot;\">\n\t\t\t<div class=\"elementor-post__thumbnail\"><img decoding=\"async\" width=\"300\" height=\"225\" src=\"https:\/\/www.hedera-etc.com\/wp-content\/uploads\/2025\/12\/Hedera-rhombea-Eastern-Dawn_3-300x225.webp\" class=\"attachment-medium size-medium wp-image-17805\" alt=\"Hedera rhombea &#039;Eastern Dawn&#039;\" srcset=\"https:\/\/www.hedera-etc.com\/wp-content\/uploads\/2025\/12\/Hedera-rhombea-Eastern-Dawn_3-300x225.webp 300w, https:\/\/www.hedera-etc.com\/wp-content\/uploads\/2025\/12\/Hedera-rhombea-Eastern-Dawn_3-900x676.webp 900w, https:\/\/www.hedera-etc.com\/wp-content\/uploads\/2025\/12\/Hedera-rhombea-Eastern-Dawn_3-1024x769.webp 1024w, https:\/\/www.hedera-etc.com\/wp-content\/uploads\/2025\/12\/Hedera-rhombea-Eastern-Dawn_3-768x576.webp 768w, https:\/\/www.hedera-etc.com\/wp-content\/uploads\/2025\/12\/Hedera-rhombea-Eastern-Dawn_3-1536x1153.webp 1536w, https:\/\/www.hedera-etc.com\/wp-content\/uploads\/2025\/12\/Hedera-rhombea-Eastern-Dawn_3-1320x991.webp 1320w, https:\/\/www.hedera-etc.com\/wp-content\/uploads\/2025\/12\/Hedera-rhombea-Eastern-Dawn_3.webp 1600w\" sizes=\"(max-width: 300px) 100vw, 300px\" \/><\/div>\n\t\t<\/a>\n\t\t\t\t<div class=\"elementor-post__text\">\n\t\t\t\t<h3 class=\"elementor-post__title\">\n\t\t\t<a href=\"https:\/\/www.hedera-etc.com\/de\/product\/hedera-rhombea-eastern-dawn\/\" target=\"&quot;_blank&quot;\">\n\t\t\t\t<em>Hedera rhombea<\/em> &lsquo;Eastern Dawn&rsquo; &#8211; Japanischer Efeu\t\t\t<\/a>\n\t\t<\/h3>\n\t\t\t\t<div class=\"elementor-post__excerpt\">\n\t\t\t<p>Japanischer Efeu mit gelb-gr\u00fcn gespritzten und gelb gerippten Bl\u00e4ttern, besonders wenn er in der Sonne steht.<\/p> <p>Die Blattspreite\t\t<\/div>\n\t\t\n\t\t<a class=\"elementor-post__read-more\" href=\"https:\/\/www.hedera-etc.com\/de\/product\/hedera-rhombea-eastern-dawn\/\" aria-label=\"Mehr \u00fcber &lt;em&gt;Hedera rhombea&lt;\/em&gt; &lsquo;Eastern Dawn&rsquo; &#8211; Lierre du Japon\" tabindex=\"-1\" target=\"_blank\">\n\t\t\tWeiterlesen \u00bb\t\t<\/a>\n\n\t\t\t\t<\/div>\n\t\t\t\t<\/article>\n\t\t\t\t<article class=\"elementor-post elementor-grid-item post-17865 product type-product status-publish has-post-thumbnail product_cat-lierre entry has-media last outofstock product-type-variable has-default-attributes has-product-nav col span_1_of_4 owp-content-center item-entry owp-thumbs-layout-horizontal owp-btn-normal owp-tabs-layout-section\">\n\t\t\t\t<a class=\"elementor-post__thumbnail__link\" href=\"https:\/\/www.hedera-etc.com\/de\/product\/hedera-maroccana-limalai\/\" tabindex=\"-1\" target=\"&quot;_blank&quot;\">\n\t\t\t<div class=\"elementor-post__thumbnail\"><img loading=\"lazy\" decoding=\"async\" width=\"300\" height=\"225\" src=\"https:\/\/www.hedera-etc.com\/wp-content\/uploads\/2025\/12\/Hedera-maroccana-Limalai-300x225.webp\" class=\"attachment-medium size-medium wp-image-17870\" alt=\"Hedera maroccana &#039;Limalai&#039;\" srcset=\"https:\/\/www.hedera-etc.com\/wp-content\/uploads\/2025\/12\/Hedera-maroccana-Limalai-300x225.webp 300w, https:\/\/www.hedera-etc.com\/wp-content\/uploads\/2025\/12\/Hedera-maroccana-Limalai-900x675.webp 900w, https:\/\/www.hedera-etc.com\/wp-content\/uploads\/2025\/12\/Hedera-maroccana-Limalai-1024x768.webp 1024w, https:\/\/www.hedera-etc.com\/wp-content\/uploads\/2025\/12\/Hedera-maroccana-Limalai-768x576.webp 768w, https:\/\/www.hedera-etc.com\/wp-content\/uploads\/2025\/12\/Hedera-maroccana-Limalai-1536x1152.webp 1536w, https:\/\/www.hedera-etc.com\/wp-content\/uploads\/2025\/12\/Hedera-maroccana-Limalai-1320x990.webp 1320w, https:\/\/www.hedera-etc.com\/wp-content\/uploads\/2025\/12\/Hedera-maroccana-Limalai.webp 1600w\" sizes=\"(max-width: 300px) 100vw, 300px\" \/><\/div>\n\t\t<\/a>\n\t\t\t\t<div class=\"elementor-post__text\">\n\t\t\t\t<h3 class=\"elementor-post__title\">\n\t\t\t<a href=\"https:\/\/www.hedera-etc.com\/de\/product\/hedera-maroccana-limalai\/\" target=\"&quot;_blank&quot;\">\n\t\t\t\t<em>Hedera maroccana<\/em> &lsquo;Limalai&rsquo; &#8211; Marokkanischer Efeu\t\t\t<\/a>\n\t\t<\/h3>\n\t\t\t\t<div class=\"elementor-post__excerpt\">\n\t\t\t<p>Efeu aus Marokko in der prallen Sonne, wo die Kontraste zwischen den Panaschierungen st\u00e4rker ausgepr\u00e4gt sind.<\/p> <p>Mitte des Blattes dunkelgr\u00fcn,\t\t<\/div>\n\t\t\n\t\t<a class=\"elementor-post__read-more\" href=\"https:\/\/www.hedera-etc.com\/de\/product\/hedera-maroccana-limalai\/\" aria-label=\"Mehr \u00fcber &lt;em&gt;Hedera maroccana&lt;\/em&gt; &lsquo;Limalai&rsquo; &#8211; Lierre du Maroc\" tabindex=\"-1\" target=\"_blank\">\n\t\t\tWeiterlesen \u00bb\t\t<\/a>\n\n\t\t\t\t<\/div>\n\t\t\t\t<\/article>\n\t\t\t\t<article class=\"elementor-post elementor-grid-item post-3789 product type-product status-publish has-post-thumbnail product_cat-lierre entry has-media first instock purchasable product-type-variable has-default-attributes has-product-nav col span_1_of_4 owp-content-center item-entry owp-thumbs-layout-horizontal owp-btn-normal owp-tabs-layout-section\">\n\t\t\t\t<a class=\"elementor-post__thumbnail__link\" href=\"https:\/\/www.hedera-etc.com\/de\/product\/hedera-maroccana-ederalai\/\" tabindex=\"-1\" target=\"&quot;_blank&quot;\">\n\t\t\t<div class=\"elementor-post__thumbnail\"><img loading=\"lazy\" decoding=\"async\" width=\"300\" height=\"225\" src=\"https:\/\/www.hedera-etc.com\/wp-content\/uploads\/2024\/01\/Hedera-marocana-Ederalai-300x225.webp\" class=\"attachment-medium size-medium wp-image-3790\" alt=\"Hedera maroccana &#039;Ederala\u00ef&#039;\" srcset=\"https:\/\/www.hedera-etc.com\/wp-content\/uploads\/2024\/01\/Hedera-marocana-Ederalai-300x225.webp 300w, https:\/\/www.hedera-etc.com\/wp-content\/uploads\/2024\/01\/Hedera-marocana-Ederalai-900x675.webp 900w, https:\/\/www.hedera-etc.com\/wp-content\/uploads\/2024\/01\/Hedera-marocana-Ederalai-768x576.webp 768w, https:\/\/www.hedera-etc.com\/wp-content\/uploads\/2024\/01\/Hedera-marocana-Ederalai.webp 1024w\" sizes=\"(max-width: 300px) 100vw, 300px\" \/><\/div>\n\t\t<\/a>\n\t\t\t\t<div class=\"elementor-post__text\">\n\t\t\t\t<h3 class=\"elementor-post__title\">\n\t\t\t<a href=\"https:\/\/www.hedera-etc.com\/de\/product\/hedera-maroccana-ederalai\/\" target=\"&quot;_blank&quot;\">\n\t\t\t\t<em>Hedera maroccana<\/em> &lsquo;Ederalai&rsquo; &#8211; Marokkanischer Efeu\t\t\t<\/a>\n\t\t<\/h3>\n\t\t\t\t<div class=\"elementor-post__excerpt\">\n\t\t\t<p>Eine neue Mutation, die von Inaki Garmendia im spanischen Baskenland in einem Garten entdeckt wurde. Ederalai\u2018 ist eine Konkretion aus zwei W\u00f6rtern\t\t<\/div>\n\t\t\n\t\t<a class=\"elementor-post__read-more\" href=\"https:\/\/www.hedera-etc.com\/de\/product\/hedera-maroccana-ederalai\/\" aria-label=\"Mehr \u00fcber &lt;em&gt;Hedera maroccana&lt;\/em&gt; &lsquo;Ederalai&rsquo; &#8211; lierre du Maroc\" tabindex=\"-1\" target=\"_blank\">\n\t\t\tWeiterlesen \u00bb\t\t<\/a>\n\n\t\t\t\t<\/div>\n\t\t\t\t<\/article>\n\t\t\t\t<article class=\"elementor-post elementor-grid-item post-3782 product type-product status-publish has-post-thumbnail product_cat-lierre entry has-media  instock product-type-variable has-default-attributes has-product-nav col span_1_of_4 owp-content-center item-entry owp-thumbs-layout-horizontal owp-btn-normal owp-tabs-layout-section\">\n\t\t\t\t<a class=\"elementor-post__thumbnail__link\" href=\"https:\/\/www.hedera-etc.com\/de\/product\/hedera-maroccana-alhaja\/\" tabindex=\"-1\" target=\"&quot;_blank&quot;\">\n\t\t\t<div class=\"elementor-post__thumbnail\"><img loading=\"lazy\" decoding=\"async\" width=\"300\" height=\"225\" src=\"https:\/\/www.hedera-etc.com\/wp-content\/uploads\/2024\/01\/Hedera-maroccana-Alhaja-300x225.webp\" class=\"attachment-medium size-medium wp-image-13130\" alt=\"Hedera maroccana &#039;Alhaja&#039;\" srcset=\"https:\/\/www.hedera-etc.com\/wp-content\/uploads\/2024\/01\/Hedera-maroccana-Alhaja-300x225.webp 300w, https:\/\/www.hedera-etc.com\/wp-content\/uploads\/2024\/01\/Hedera-maroccana-Alhaja-768x575.webp 768w, https:\/\/www.hedera-etc.com\/wp-content\/uploads\/2024\/01\/Hedera-maroccana-Alhaja.webp 900w\" sizes=\"(max-width: 300px) 100vw, 300px\" \/><\/div>\n\t\t<\/a>\n\t\t\t\t<div class=\"elementor-post__text\">\n\t\t\t\t<h3 class=\"elementor-post__title\">\n\t\t\t<a href=\"https:\/\/www.hedera-etc.com\/de\/product\/hedera-maroccana-alhaja\/\" target=\"&quot;_blank&quot;\">\n\t\t\t\t<em>Hedera maroccana<\/em> &lsquo;Alhaja&rsquo; &#8211; Marokkanischer Efeu\t\t\t<\/a>\n\t\t<\/h3>\n\t\t\t\t<div class=\"elementor-post__excerpt\">\n\t\t\t<p>Eine neue Mutation, die von I\u00f1aki Garmendia im spanischen Baskenland in einem Garten entdeckt wurde. \u201cAlhaja\u201d ist ein spanisches Wort mit Ursprung in\t\t<\/div>\n\t\t\n\t\t<a class=\"elementor-post__read-more\" href=\"https:\/\/www.hedera-etc.com\/de\/product\/hedera-maroccana-alhaja\/\" aria-label=\"Mehr \u00fcber &lt;em&gt;Hedera maroccana&lt;\/em&gt; &lsquo;Alhaja&rsquo; &#8211; Lierre du Maroc\" tabindex=\"-1\" target=\"_blank\">\n\t\t\tWeiterlesen \u00bb\t\t<\/a>\n\n\t\t\t\t<\/div>\n\t\t\t\t<\/article>\n\t\t\t\t<article class=\"elementor-post elementor-grid-item post-1848 product type-product status-publish has-post-thumbnail product_cat-lierre entry has-media  instock purchasable product-type-variable has-default-attributes has-product-nav col span_1_of_4 owp-content-center item-entry owp-thumbs-layout-horizontal owp-btn-normal owp-tabs-layout-section has-no-thumbnails\">\n\t\t\t\t<a class=\"elementor-post__thumbnail__link\" href=\"https:\/\/www.hedera-etc.com\/de\/product\/hedera-hibernica-tesselata\/\" tabindex=\"-1\" target=\"&quot;_blank&quot;\">\n\t\t\t<div class=\"elementor-post__thumbnail\"><img loading=\"lazy\" decoding=\"async\" width=\"300\" height=\"225\" src=\"https:\/\/www.hedera-etc.com\/wp-content\/uploads\/2023\/11\/Hedera-hibernica-Tesselata-300x225.webp\" class=\"attachment-medium size-medium wp-image-1849\" alt=\"Hedera hibernica &#039;Tesselata&#039;\" srcset=\"https:\/\/www.hedera-etc.com\/wp-content\/uploads\/2023\/11\/Hedera-hibernica-Tesselata-300x225.webp 300w, https:\/\/www.hedera-etc.com\/wp-content\/uploads\/2023\/11\/Hedera-hibernica-Tesselata-768x575.webp 768w, https:\/\/www.hedera-etc.com\/wp-content\/uploads\/2023\/11\/Hedera-hibernica-Tesselata.webp 800w\" sizes=\"(max-width: 300px) 100vw, 300px\" \/><\/div>\n\t\t<\/a>\n\t\t\t\t<div class=\"elementor-post__text\">\n\t\t\t\t<h3 class=\"elementor-post__title\">\n\t\t\t<a href=\"https:\/\/www.hedera-etc.com\/de\/product\/hedera-hibernica-tesselata\/\" target=\"&quot;_blank&quot;\">\n\t\t\t\t<em>Hedera hibernica<\/em> &lsquo;Tesselata&rsquo; &#8211; Irisches Efeu\t\t\t<\/a>\n\t\t<\/h3>\n\t\t\t\t<div class=\"elementor-post__excerpt\">\n\t\t\t<p>Kr\u00e4ftige Sorte mit kleinem, graugr\u00fcnem Laub, das von wei\u00dfen Adern durchzogen ist.<\/p> <p>Im Fr\u00fchling leuchtet das Laub in einem hellen Gelb, das\t\t<\/div>\n\t\t\n\t\t<a class=\"elementor-post__read-more\" href=\"https:\/\/www.hedera-etc.com\/de\/product\/hedera-hibernica-tesselata\/\" aria-label=\"Mehr \u00fcber &lt;em&gt;Hedera hibernica&lt;\/em&gt; &lsquo;Tesselata&rsquo; &#8211; Lierre d&rsquo;Irlande\" tabindex=\"-1\" target=\"_blank\">\n\t\t\tWeiterlesen \u00bb\t\t<\/a>\n\n\t\t\t\t<\/div>\n\t\t\t\t<\/article>\n\t\t\t\t<article class=\"elementor-post elementor-grid-item post-17818 product type-product status-publish has-post-thumbnail product_cat-lierre entry has-media last instock purchasable product-type-variable has-default-attributes has-product-nav col span_1_of_4 owp-content-center item-entry owp-thumbs-layout-horizontal owp-btn-normal owp-tabs-layout-section\">\n\t\t\t\t<a class=\"elementor-post__thumbnail__link\" href=\"https:\/\/www.hedera-etc.com\/de\/product\/hedera-hibernica-sulphurea-adulte\/\" tabindex=\"-1\" target=\"&quot;_blank&quot;\">\n\t\t\t<div class=\"elementor-post__thumbnail\"><img loading=\"lazy\" decoding=\"async\" width=\"300\" height=\"225\" src=\"https:\/\/www.hedera-etc.com\/wp-content\/uploads\/2025\/12\/Hedera-hibernica-Sulphurea-adulte-300x225.webp\" class=\"attachment-medium size-medium wp-image-17823\" alt=\"Hedera hibernica &#039;Sulphurea&#039; ausgewachsener\" srcset=\"https:\/\/www.hedera-etc.com\/wp-content\/uploads\/2025\/12\/Hedera-hibernica-Sulphurea-adulte-300x225.webp 300w, https:\/\/www.hedera-etc.com\/wp-content\/uploads\/2025\/12\/Hedera-hibernica-Sulphurea-adulte-900x675.webp 900w, https:\/\/www.hedera-etc.com\/wp-content\/uploads\/2025\/12\/Hedera-hibernica-Sulphurea-adulte-1024x768.webp 1024w, https:\/\/www.hedera-etc.com\/wp-content\/uploads\/2025\/12\/Hedera-hibernica-Sulphurea-adulte-768x576.jpg 768w, https:\/\/www.hedera-etc.com\/wp-content\/uploads\/2025\/12\/Hedera-hibernica-Sulphurea-adulte-1536x1152.jpg 1536w, https:\/\/www.hedera-etc.com\/wp-content\/uploads\/2025\/12\/Hedera-hibernica-Sulphurea-adulte-1320x990.jpg 1320w, https:\/\/www.hedera-etc.com\/wp-content\/uploads\/2025\/12\/Hedera-hibernica-Sulphurea-adulte.webp 1600w\" sizes=\"(max-width: 300px) 100vw, 300px\" \/><\/div>\n\t\t<\/a>\n\t\t\t\t<div class=\"elementor-post__text\">\n\t\t\t\t<h3 class=\"elementor-post__title\">\n\t\t\t<a href=\"https:\/\/www.hedera-etc.com\/de\/product\/hedera-hibernica-sulphurea-adulte\/\" target=\"&quot;_blank&quot;\">\n\t\t\t\t<em>Hedera hibernica<\/em> &lsquo;Sulphurea&rsquo; ausgewachsener\t\t\t<\/a>\n\t\t<\/h3>\n\t\t\t\t<div class=\"elementor-post__excerpt\">\n\t\t\t<p>Strauchiger Efeu, konkave Bl\u00e4tter mit breiten hellgr\u00fcnen bis gelbgr\u00fcnen Flecken, besonders an den R\u00e4ndern.<\/p> <p>Limbus fast rund in\t\t<\/div>\n\t\t\n\t\t<a class=\"elementor-post__read-more\" href=\"https:\/\/www.hedera-etc.com\/de\/product\/hedera-hibernica-sulphurea-adulte\/\" aria-label=\"Mehr \u00fcber &lt;em&gt;Hedera hibernica&lt;\/em&gt; &lsquo;Sulphurea&rsquo; adulte\" tabindex=\"-1\" target=\"_blank\">\n\t\t\tWeiterlesen \u00bb\t\t<\/a>\n\n\t\t\t\t<\/div>\n\t\t\t\t<\/article>\n\t\t\t\t<article class=\"elementor-post elementor-grid-item post-1841 product type-product status-publish has-post-thumbnail product_cat-lierre entry has-media first instock purchasable product-type-variable has-default-attributes has-product-nav col span_1_of_4 owp-content-center item-entry owp-thumbs-layout-horizontal owp-btn-normal owp-tabs-layout-section\">\n\t\t\t\t<a class=\"elementor-post__thumbnail__link\" href=\"https:\/\/www.hedera-etc.com\/de\/product\/hedera-hibernica-sulphurea\/\" tabindex=\"-1\" target=\"&quot;_blank&quot;\">\n\t\t\t<div class=\"elementor-post__thumbnail\"><img loading=\"lazy\" decoding=\"async\" width=\"300\" height=\"225\" src=\"https:\/\/www.hedera-etc.com\/wp-content\/uploads\/2023\/11\/Hedera-hibernica-Sulphurea-300x225.webp\" class=\"attachment-medium size-medium wp-image-1842\" alt=\"Hedera hibernica &#039;Sulphurea&#039;\" srcset=\"https:\/\/www.hedera-etc.com\/wp-content\/uploads\/2023\/11\/Hedera-hibernica-Sulphurea-300x225.webp 300w, https:\/\/www.hedera-etc.com\/wp-content\/uploads\/2023\/11\/Hedera-hibernica-Sulphurea-900x675.webp 900w, https:\/\/www.hedera-etc.com\/wp-content\/uploads\/2023\/11\/Hedera-hibernica-Sulphurea-768x576.webp 768w, https:\/\/www.hedera-etc.com\/wp-content\/uploads\/2023\/11\/Hedera-hibernica-Sulphurea.webp 1024w\" sizes=\"(max-width: 300px) 100vw, 300px\" \/><\/div>\n\t\t<\/a>\n\t\t\t\t<div class=\"elementor-post__text\">\n\t\t\t\t<h3 class=\"elementor-post__title\">\n\t\t\t<a href=\"https:\/\/www.hedera-etc.com\/de\/product\/hedera-hibernica-sulphurea\/\" target=\"&quot;_blank&quot;\">\n\t\t\t\t<em>Hedera hibernica<\/em> &lsquo;Sulphurea&rsquo; &#8211; Irisches Efeu\t\t\t<\/a>\n\t\t<\/h3>\n\t\t\t\t<div class=\"elementor-post__excerpt\">\n\t\t\t<p>Asymmetrisches Blatt, manchmal rund, manchmal gelappt mit leicht gewelltem Rand.<\/p> <p>Breites Blatt, hellgr\u00fcn und gr\u00fcngrau marmoriert mit\t\t<\/div>\n\t\t\n\t\t<a class=\"elementor-post__read-more\" href=\"https:\/\/www.hedera-etc.com\/de\/product\/hedera-hibernica-sulphurea\/\" aria-label=\"Mehr \u00fcber &lt;em&gt;Hedera hibernica&lt;\/em&gt; &lsquo;Sulphurea&rsquo; &#8211; Lierre d&rsquo;Irlande\" tabindex=\"-1\" target=\"_blank\">\n\t\t\tWeiterlesen \u00bb\t\t<\/a>\n\n\t\t\t\t<\/div>\n\t\t\t\t<\/article>\n\t\t\t\t<article class=\"elementor-post elementor-grid-item post-3649 product type-product status-publish has-post-thumbnail product_cat-lierre entry has-media  instock purchasable product-type-variable has-default-attributes has-product-nav col span_1_of_4 owp-content-center item-entry owp-thumbs-layout-horizontal owp-btn-normal owp-tabs-layout-section\">\n\t\t\t\t<a class=\"elementor-post__thumbnail__link\" href=\"https:\/\/www.hedera-etc.com\/de\/product\/hedera-hibernica-harlequin\/\" tabindex=\"-1\" target=\"&quot;_blank&quot;\">\n\t\t\t<div class=\"elementor-post__thumbnail\"><img loading=\"lazy\" decoding=\"async\" width=\"300\" height=\"225\" src=\"https:\/\/www.hedera-etc.com\/wp-content\/uploads\/2023\/11\/Hedera-hibernica-Harlequin_2-1-300x225.webp\" class=\"attachment-medium size-medium wp-image-12288\" alt=\"Hedera hibernica &#039;Harlequin&#039;\" srcset=\"https:\/\/www.hedera-etc.com\/wp-content\/uploads\/2023\/11\/Hedera-hibernica-Harlequin_2-1-300x225.webp 300w, https:\/\/www.hedera-etc.com\/wp-content\/uploads\/2023\/11\/Hedera-hibernica-Harlequin_2-1-900x675.webp 900w, https:\/\/www.hedera-etc.com\/wp-content\/uploads\/2023\/11\/Hedera-hibernica-Harlequin_2-1-1024x768.webp 1024w, https:\/\/www.hedera-etc.com\/wp-content\/uploads\/2023\/11\/Hedera-hibernica-Harlequin_2-1-768x576.webp 768w, https:\/\/www.hedera-etc.com\/wp-content\/uploads\/2023\/11\/Hedera-hibernica-Harlequin_2-1-1536x1152.webp 1536w, https:\/\/www.hedera-etc.com\/wp-content\/uploads\/2023\/11\/Hedera-hibernica-Harlequin_2-1-1320x990.webp 1320w, https:\/\/www.hedera-etc.com\/wp-content\/uploads\/2023\/11\/Hedera-hibernica-Harlequin_2-1.webp 1600w\" sizes=\"(max-width: 300px) 100vw, 300px\" \/><\/div>\n\t\t<\/a>\n\t\t\t\t<div class=\"elementor-post__text\">\n\t\t\t\t<h3 class=\"elementor-post__title\">\n\t\t\t<a href=\"https:\/\/www.hedera-etc.com\/de\/product\/hedera-hibernica-harlequin\/\" target=\"&quot;_blank&quot;\">\n\t\t\t\t<em>Hedera hibernica<\/em> &lsquo;Harlequin&rsquo; &#8211; Irisches Efeu\t\t\t<\/a>\n\t\t<\/h3>\n\t\t\t\t<div class=\"elementor-post__excerpt\">\n\t\t\t<p>Seltsam panaschierter Efeu.<\/p> <p>Die Bl\u00e4tter sind unterschiedlich bunt, mal gesprenkelt, mal halb gelb. Manche sind sogar komplett gr\u00fcn oder cremefarben. Kurz und gut,\t\t<\/div>\n\t\t\n\t\t<a class=\"elementor-post__read-more\" href=\"https:\/\/www.hedera-etc.com\/de\/product\/hedera-hibernica-harlequin\/\" aria-label=\"Mehr \u00fcber &lt;em&gt;Hedera hibernica&lt;\/em&gt; &lsquo;Harlequin&rsquo; &#8211; Lierre d&rsquo;Irlande\" tabindex=\"-1\" target=\"_blank\">\n\t\t\tWeiterlesen \u00bb\t\t<\/a>\n\n\t\t\t\t<\/div>\n\t\t\t\t<\/article>\n\t\t\t\t<article class=\"elementor-post elementor-grid-item post-17659 product type-product status-publish has-post-thumbnail product_cat-lierre entry has-media  instock shipping-taxable purchasable product-type-variable has-default-attributes has-product-nav col span_1_of_4 owp-content-center item-entry owp-thumbs-layout-horizontal owp-btn-normal owp-tabs-layout-section\">\n\t\t\t\t<a class=\"elementor-post__thumbnail__link\" href=\"https:\/\/www.hedera-etc.com\/de\/product\/hedera-hibernica-atlanti\/\" tabindex=\"-1\" target=\"&quot;_blank&quot;\">\n\t\t\t<div class=\"elementor-post__thumbnail\"><img loading=\"lazy\" decoding=\"async\" width=\"300\" height=\"225\" src=\"https:\/\/www.hedera-etc.com\/wp-content\/uploads\/2025\/12\/Hedera-hibernica-Atlanti_2_1-300x225.webp\" class=\"attachment-medium size-medium wp-image-17662\" alt=\"Hedera hibernica &#039;Atlanti&#039;\" srcset=\"https:\/\/www.hedera-etc.com\/wp-content\/uploads\/2025\/12\/Hedera-hibernica-Atlanti_2_1-300x225.webp 300w, https:\/\/www.hedera-etc.com\/wp-content\/uploads\/2025\/12\/Hedera-hibernica-Atlanti_2_1-900x675.webp 900w, https:\/\/www.hedera-etc.com\/wp-content\/uploads\/2025\/12\/Hedera-hibernica-Atlanti_2_1-1024x768.webp 1024w, https:\/\/www.hedera-etc.com\/wp-content\/uploads\/2025\/12\/Hedera-hibernica-Atlanti_2_1-768x576.webp 768w, https:\/\/www.hedera-etc.com\/wp-content\/uploads\/2025\/12\/Hedera-hibernica-Atlanti_2_1-1536x1152.webp 1536w, https:\/\/www.hedera-etc.com\/wp-content\/uploads\/2025\/12\/Hedera-hibernica-Atlanti_2_1-1320x990.webp 1320w, https:\/\/www.hedera-etc.com\/wp-content\/uploads\/2025\/12\/Hedera-hibernica-Atlanti_2_1.webp 1600w\" sizes=\"(max-width: 300px) 100vw, 300px\" \/><\/div>\n\t\t<\/a>\n\t\t\t\t<div class=\"elementor-post__text\">\n\t\t\t\t<h3 class=\"elementor-post__title\">\n\t\t\t<a href=\"https:\/\/www.hedera-etc.com\/de\/product\/hedera-hibernica-atlanti\/\" target=\"&quot;_blank&quot;\">\n\t\t\t\t<em>Hedera hibernica<\/em> &lsquo;Atlanti&rsquo; &#8211; Irisches Efeu\t\t\t<\/a>\n\t\t<\/h3>\n\t\t\t\t<div class=\"elementor-post__excerpt\">\n\t\t\t<p>Irischer Efeu mit Bl\u00e4ttern, die zart von hellen Makeln um die Adern herum beleuchtet werden.<\/p> <p>Die Blattspreite besteht aus 3 Lappen mit ziemlich vielen Nebenh\u00f6hlen.\t\t<\/div>\n\t\t\n\t\t<a class=\"elementor-post__read-more\" href=\"https:\/\/www.hedera-etc.com\/de\/product\/hedera-hibernica-atlanti\/\" aria-label=\"Mehr \u00fcber &lt;em&gt;Hedera hibernica&lt;\/em&gt; &lsquo;Atlanti&rsquo; &#8211; lierre d&rsquo;Irlande\" tabindex=\"-1\" target=\"_blank\">\n\t\t\tWeiterlesen \u00bb\t\t<\/a>\n\n\t\t\t\t<\/div>\n\t\t\t\t<\/article>\n\t\t\t\t<article class=\"elementor-post elementor-grid-item post-93 product type-product status-publish has-post-thumbnail product_cat-lierre entry has-media last outofstock product-type-variable has-default-attributes has-product-nav col span_1_of_4 owp-content-center item-entry owp-thumbs-layout-horizontal owp-btn-normal owp-tabs-layout-section\">\n\t\t\t\t<a class=\"elementor-post__thumbnail__link\" href=\"https:\/\/www.hedera-etc.com\/de\/product\/hedera-hibernica-angularis-aurea\/\" tabindex=\"-1\" target=\"&quot;_blank&quot;\">\n\t\t\t<div class=\"elementor-post__thumbnail\"><img loading=\"lazy\" decoding=\"async\" width=\"300\" height=\"224\" src=\"https:\/\/www.hedera-etc.com\/wp-content\/uploads\/2023\/10\/Hedera-hibernica-Angularis-Aurea-1-300x224.webp\" class=\"attachment-medium size-medium wp-image-11879\" alt=\"Hedera hibernica &#039;Angularis Aurea&#039;\" srcset=\"https:\/\/www.hedera-etc.com\/wp-content\/uploads\/2023\/10\/Hedera-hibernica-Angularis-Aurea-1-300x224.webp 300w, https:\/\/www.hedera-etc.com\/wp-content\/uploads\/2023\/10\/Hedera-hibernica-Angularis-Aurea-1-768x574.webp 768w, https:\/\/www.hedera-etc.com\/wp-content\/uploads\/2023\/10\/Hedera-hibernica-Angularis-Aurea-1.webp 900w\" sizes=\"(max-width: 300px) 100vw, 300px\" \/><\/div>\n\t\t<\/a>\n\t\t\t\t<div class=\"elementor-post__text\">\n\t\t\t\t<h3 class=\"elementor-post__title\">\n\t\t\t<a href=\"https:\/\/www.hedera-etc.com\/de\/product\/hedera-hibernica-angularis-aurea\/\" target=\"&quot;_blank&quot;\">\n\t\t\t\t<em>Hedera hibernica<\/em> \u2018Angularis Aurea\u2019 \u2013 Buntbl\u00e4ttriger Irisches Efeu\t\t\t<\/a>\n\t\t<\/h3>\n\t\t\t\t<div class=\"elementor-post__excerpt\">\n\t\t\t<p>Ein origineller, kr\u00e4ftiger Kletterer, der eine alte Mauer oder einen Baumstamm zum Leuchten bringen kann.<\/p> <p>Keulen, drei an der Zahl, eckig, von denen\t\t<\/div>\n\t\t\n\t\t<a class=\"elementor-post__read-more\" href=\"https:\/\/www.hedera-etc.com\/de\/product\/hedera-hibernica-angularis-aurea\/\" aria-label=\"Mehr \u00fcber &lt;em&gt;Hedera hibernica&lt;\/em&gt; &lsquo;Angularis Aurea&rsquo; &#8211; Lierre d&rsquo;Irlande panach\u00e9\" tabindex=\"-1\" target=\"_blank\">\n\t\t\tWeiterlesen \u00bb\t\t<\/a>\n\n\t\t\t\t<\/div>\n\t\t\t\t<\/article>\n\t\t\t\t<article class=\"elementor-post elementor-grid-item post-1690 product type-product status-publish has-post-thumbnail product_cat-lierre entry has-media first instock purchasable product-type-variable has-default-attributes has-product-nav col span_1_of_4 owp-content-center item-entry owp-thumbs-layout-horizontal owp-btn-normal owp-tabs-layout-section\">\n\t\t\t\t<a class=\"elementor-post__thumbnail__link\" href=\"https:\/\/www.hedera-etc.com\/de\/product\/hedera-helix-yumin\/\" tabindex=\"-1\" target=\"&quot;_blank&quot;\">\n\t\t\t<div class=\"elementor-post__thumbnail\"><img loading=\"lazy\" decoding=\"async\" width=\"300\" height=\"225\" src=\"https:\/\/www.hedera-etc.com\/wp-content\/uploads\/2023\/11\/Hedera-helix-Yumin-300x225.webp\" class=\"attachment-medium size-medium wp-image-15291\" alt=\"Hedera helix &#039;Yumin&#039;\" srcset=\"https:\/\/www.hedera-etc.com\/wp-content\/uploads\/2023\/11\/Hedera-helix-Yumin-300x225.webp 300w, https:\/\/www.hedera-etc.com\/wp-content\/uploads\/2023\/11\/Hedera-helix-Yumin-768x576.webp 768w, https:\/\/www.hedera-etc.com\/wp-content\/uploads\/2023\/11\/Hedera-helix-Yumin.webp 900w\" sizes=\"(max-width: 300px) 100vw, 300px\" \/><\/div>\n\t\t<\/a>\n\t\t\t\t<div class=\"elementor-post__text\">\n\t\t\t\t<h3 class=\"elementor-post__title\">\n\t\t\t<a href=\"https:\/\/www.hedera-etc.com\/de\/product\/hedera-helix-yumin\/\" target=\"&quot;_blank&quot;\">\n\t\t\t\t<em>Hedera helix<\/em> &lsquo;Yumin&rsquo;- Zier-Efeu\t\t\t<\/a>\n\t\t<\/h3>\n\t\t\t\t<div class=\"elementor-post__excerpt\">\n\t\t\t<p>Gedrungene Pflanze mit gut verzweigten St\u00e4ngeln. Bl\u00e4tter dreilappig, wobei das mittlere hervortritt. Lappen an der Basis manchmal gut gerundet und\t\t<\/div>\n\t\t\n\t\t<a class=\"elementor-post__read-more\" href=\"https:\/\/www.hedera-etc.com\/de\/product\/hedera-helix-yumin\/\" aria-label=\"Mehr \u00fcber &lt;em&gt;Hedera helix&lt;\/em&gt; &lsquo;Yumin&rsquo;- Lierre d&rsquo;ornement\" tabindex=\"-1\" target=\"_blank\">\n\t\t\tWeiterlesen \u00bb\t\t<\/a>\n\n\t\t\t\t<\/div>\n\t\t\t\t<\/article>\n\t\t\t\t<article class=\"elementor-post elementor-grid-item post-1681 product type-product status-publish has-post-thumbnail product_cat-lierre entry has-media  instock purchasable product-type-variable has-default-attributes has-product-nav col span_1_of_4 owp-content-center item-entry owp-thumbs-layout-horizontal owp-btn-normal owp-tabs-layout-section has-no-thumbnails\">\n\t\t\t\t<a class=\"elementor-post__thumbnail__link\" href=\"https:\/\/www.hedera-etc.com\/de\/product\/hedera-helix-yellow-mist\/\" tabindex=\"-1\" target=\"&quot;_blank&quot;\">\n\t\t\t<div class=\"elementor-post__thumbnail\"><img loading=\"lazy\" decoding=\"async\" width=\"300\" height=\"222\" src=\"https:\/\/www.hedera-etc.com\/wp-content\/uploads\/2023\/11\/Hedera-helix-Yellow-Mist-300x222.webp\" class=\"attachment-medium size-medium wp-image-13975\" alt=\"Hedera helix &#039;Yellow Mist&#039;\" srcset=\"https:\/\/www.hedera-etc.com\/wp-content\/uploads\/2023\/11\/Hedera-helix-Yellow-Mist-300x222.webp 300w, https:\/\/www.hedera-etc.com\/wp-content\/uploads\/2023\/11\/Hedera-helix-Yellow-Mist-900x667.webp 900w, https:\/\/www.hedera-etc.com\/wp-content\/uploads\/2023\/11\/Hedera-helix-Yellow-Mist-768x569.webp 768w, https:\/\/www.hedera-etc.com\/wp-content\/uploads\/2023\/11\/Hedera-helix-Yellow-Mist.webp 911w\" sizes=\"(max-width: 300px) 100vw, 300px\" \/><\/div>\n\t\t<\/a>\n\t\t\t\t<div class=\"elementor-post__text\">\n\t\t\t\t<h3 class=\"elementor-post__title\">\n\t\t\t<a href=\"https:\/\/www.hedera-etc.com\/de\/product\/hedera-helix-yellow-mist\/\" target=\"&quot;_blank&quot;\">\n\t\t\t\t<em>Hedera helix<\/em> &lsquo;Yellow Mist&rsquo;- Zier-Efeu\t\t\t<\/a>\n\t\t<\/h3>\n\t\t\t\t<div class=\"elementor-post__excerpt\">\n\t\t\t<p>Wenig verzweigter Efeu mit roten St\u00e4ngeln, die breite Bl\u00e4tter mit gelbgr\u00fcnem Mittelfleck tragen.<\/p> <p>Bestehend aus 3 bis 5\t\t<\/div>\n\t\t\n\t\t<a class=\"elementor-post__read-more\" href=\"https:\/\/www.hedera-etc.com\/de\/product\/hedera-helix-yellow-mist\/\" aria-label=\"Mehr \u00fcber &lt;em&gt;Hedera helix&lt;\/em&gt; &lsquo;Yellow Mist&rsquo;- Lierre d&rsquo;ornement\" tabindex=\"-1\" target=\"_blank\">\n\t\t\tWeiterlesen \u00bb\t\t<\/a>\n\n\t\t\t\t<\/div>\n\t\t\t\t<\/article>\n\t\t\t\t<article class=\"elementor-post elementor-grid-item post-2162 product type-product status-publish has-post-thumbnail product_cat-lierre entry has-media  instock purchasable product-type-variable has-default-attributes has-product-nav col span_1_of_4 owp-content-center item-entry owp-thumbs-layout-horizontal owp-btn-normal owp-tabs-layout-section has-no-thumbnails\">\n\t\t\t\t<a class=\"elementor-post__thumbnail__link\" href=\"https:\/\/www.hedera-etc.com\/de\/product\/hedera-helix-yellow-frisian\/\" tabindex=\"-1\" target=\"&quot;_blank&quot;\">\n\t\t\t<div class=\"elementor-post__thumbnail\"><img loading=\"lazy\" decoding=\"async\" width=\"300\" height=\"225\" src=\"https:\/\/www.hedera-etc.com\/wp-content\/uploads\/2023\/11\/Hedera-helix-Yellow-Frisian-300x225.webp\" class=\"attachment-medium size-medium wp-image-2163\" alt=\"Hedera helix &#039;Yellow Frisian&#039;\" srcset=\"https:\/\/www.hedera-etc.com\/wp-content\/uploads\/2023\/11\/Hedera-helix-Yellow-Frisian-300x225.webp 300w, https:\/\/www.hedera-etc.com\/wp-content\/uploads\/2023\/11\/Hedera-helix-Yellow-Frisian-768x575.webp 768w, https:\/\/www.hedera-etc.com\/wp-content\/uploads\/2023\/11\/Hedera-helix-Yellow-Frisian.webp 800w\" sizes=\"(max-width: 300px) 100vw, 300px\" \/><\/div>\n\t\t<\/a>\n\t\t\t\t<div class=\"elementor-post__text\">\n\t\t\t\t<h3 class=\"elementor-post__title\">\n\t\t\t<a href=\"https:\/\/www.hedera-etc.com\/de\/product\/hedera-helix-yellow-frisian\/\" target=\"&quot;_blank&quot;\">\n\t\t\t\t<em>Hedera helix<\/em> &lsquo;Yellow Frisian&rsquo; &#8211; Zier-Efeu magnifique\t\t\t<\/a>\n\t\t<\/h3>\n\t\t\t\t<div class=\"elementor-post__excerpt\">\n\t\t\t<p>Variabel panaschiertes Laub mit manchmal breiten gelben oder gr\u00fcnen Fl\u00e4chen.<\/p> <p>Bl\u00e4tter geh\u00f6ren zu den breitesten der Art\t\t<\/div>\n\t\t\n\t\t<a class=\"elementor-post__read-more\" href=\"https:\/\/www.hedera-etc.com\/de\/product\/hedera-helix-yellow-frisian\/\" aria-label=\"Mehr \u00fcber &lt;em&gt;Hedera helix&lt;\/em&gt; &lsquo;Yellow Frisian&rsquo; &#8211; Lierre d&rsquo;ornement magnifique\" tabindex=\"-1\" target=\"_blank\">\n\t\t\tWeiterlesen \u00bb\t\t<\/a>\n\n\t\t\t\t<\/div>\n\t\t\t\t<\/article>\n\t\t\t\t<article class=\"elementor-post elementor-grid-item post-1631 product type-product status-publish has-post-thumbnail product_cat-lierre entry has-media last instock purchasable product-type-variable has-default-attributes has-product-nav col span_1_of_4 owp-content-center item-entry owp-thumbs-layout-horizontal owp-btn-normal owp-tabs-layout-section\">\n\t\t\t\t<a class=\"elementor-post__thumbnail__link\" href=\"https:\/\/www.hedera-etc.com\/de\/product\/hedera-helix-waccamaw\/\" tabindex=\"-1\" target=\"&quot;_blank&quot;\">\n\t\t\t<div class=\"elementor-post__thumbnail\"><img loading=\"lazy\" decoding=\"async\" width=\"300\" height=\"225\" src=\"https:\/\/www.hedera-etc.com\/wp-content\/uploads\/2023\/11\/Hedera-helix-Waccamaw-1-300x225.webp\" class=\"attachment-medium size-medium wp-image-14013\" alt=\"Hedera helix &#039;Waccamaw\" srcset=\"https:\/\/www.hedera-etc.com\/wp-content\/uploads\/2023\/11\/Hedera-helix-Waccamaw-1-300x225.webp 300w, https:\/\/www.hedera-etc.com\/wp-content\/uploads\/2023\/11\/Hedera-helix-Waccamaw-1-900x674.webp 900w, https:\/\/www.hedera-etc.com\/wp-content\/uploads\/2023\/11\/Hedera-helix-Waccamaw-1-1024x767.webp 1024w, https:\/\/www.hedera-etc.com\/wp-content\/uploads\/2023\/11\/Hedera-helix-Waccamaw-1-768x576.webp 768w, https:\/\/www.hedera-etc.com\/wp-content\/uploads\/2023\/11\/Hedera-helix-Waccamaw-1.webp 1313w\" sizes=\"(max-width: 300px) 100vw, 300px\" \/><\/div>\n\t\t<\/a>\n\t\t\t\t<div class=\"elementor-post__text\">\n\t\t\t\t<h3 class=\"elementor-post__title\">\n\t\t\t<a href=\"https:\/\/www.hedera-etc.com\/de\/product\/hedera-helix-waccamaw\/\" target=\"&quot;_blank&quot;\">\n\t\t\t\t<em>Hedera helix<\/em> &lsquo;Waccamaw&rsquo; &#8211; Zier-Efeu\t\t\t<\/a>\n\t\t<\/h3>\n\t\t\t\t<div class=\"elementor-post__excerpt\">\n\t\t\t<p>Bl\u00e4tter mit 3 wenig ausgepr\u00e4gten Lappen, Spitze abgerundet.<\/p> <p>Dunkelgr\u00fcne Bl\u00e4tter, die in der Mitte einen gelbgr\u00fcnen Fleck zeigen.\t\t<\/div>\n\t\t\n\t\t<a class=\"elementor-post__read-more\" href=\"https:\/\/www.hedera-etc.com\/de\/product\/hedera-helix-waccamaw\/\" aria-label=\"Mehr \u00fcber &lt;em&gt;Hedera helix&lt;\/em&gt; &lsquo;Waccamaw&rsquo; &#8211; Lierre d&rsquo;ornement\" tabindex=\"-1\" target=\"_blank\">\n\t\t\tWeiterlesen \u00bb\t\t<\/a>\n\n\t\t\t\t<\/div>\n\t\t\t\t<\/article>\n\t\t\t\t<article class=\"elementor-post elementor-grid-item post-1607 product type-product status-publish has-post-thumbnail product_cat-lierre entry has-media first instock purchasable product-type-variable has-default-attributes has-product-nav col span_1_of_4 owp-content-center item-entry owp-thumbs-layout-horizontal owp-btn-normal owp-tabs-layout-section has-no-thumbnails\">\n\t\t\t\t<a class=\"elementor-post__thumbnail__link\" href=\"https:\/\/www.hedera-etc.com\/de\/product\/hedera-helix-ursula\/\" tabindex=\"-1\" target=\"&quot;_blank&quot;\">\n\t\t\t<div class=\"elementor-post__thumbnail\"><img loading=\"lazy\" decoding=\"async\" width=\"300\" height=\"225\" src=\"https:\/\/www.hedera-etc.com\/wp-content\/uploads\/2023\/11\/Hedera-helix-Ursula-300x225.webp\" class=\"attachment-medium size-medium wp-image-1608\" alt=\"Hedera helix &#039;Ursula&#039;\" srcset=\"https:\/\/www.hedera-etc.com\/wp-content\/uploads\/2023\/11\/Hedera-helix-Ursula-300x225.webp 300w, https:\/\/www.hedera-etc.com\/wp-content\/uploads\/2023\/11\/Hedera-helix-Ursula-768x575.webp 768w, https:\/\/www.hedera-etc.com\/wp-content\/uploads\/2023\/11\/Hedera-helix-Ursula.webp 800w\" sizes=\"(max-width: 300px) 100vw, 300px\" \/><\/div>\n\t\t<\/a>\n\t\t\t\t<div class=\"elementor-post__text\">\n\t\t\t\t<h3 class=\"elementor-post__title\">\n\t\t\t<a href=\"https:\/\/www.hedera-etc.com\/de\/product\/hedera-helix-ursula\/\" target=\"&quot;_blank&quot;\">\n\t\t\t\t<em>Hedera helix<\/em> &lsquo;Ursula&rsquo;- Zier-Efeu\t\t\t<\/a>\n\t\t<\/h3>\n\t\t\t\t<div class=\"elementor-post__excerpt\">\n\t\t\t<p>Kr\u00e4ftiger, verzweigter Efeu. St\u00e4ngel tragen gro\u00dfe Bl\u00e4tter mit drei l\u00e4nglichen Lappen, wobei die Seitenlappen manchmal den Lappen \u00fcberlappen.\t\t<\/div>\n\t\t\n\t\t<a class=\"elementor-post__read-more\" href=\"https:\/\/www.hedera-etc.com\/de\/product\/hedera-helix-ursula\/\" aria-label=\"Mehr \u00fcber &lt;em&gt;Hedera helix&lt;\/em&gt; &lsquo;Ursula&rsquo;- Lierre d&rsquo;ornement\" tabindex=\"-1\" target=\"_blank\">\n\t\t\tWeiterlesen \u00bb\t\t<\/a>\n\n\t\t\t\t<\/div>\n\t\t\t\t<\/article>\n\t\t\t\t<article class=\"elementor-post elementor-grid-item post-6161 product type-product status-publish has-post-thumbnail product_cat-lierre entry has-media  outofstock shipping-taxable product-type-variable has-default-attributes has-product-nav col span_1_of_4 owp-content-center item-entry owp-thumbs-layout-horizontal owp-btn-normal owp-tabs-layout-section\">\n\t\t\t\t<a class=\"elementor-post__thumbnail__link\" href=\"https:\/\/www.hedera-etc.com\/de\/product\/hedera-helix-tricolor\/\" tabindex=\"-1\" target=\"&quot;_blank&quot;\">\n\t\t\t<div class=\"elementor-post__thumbnail\"><img loading=\"lazy\" decoding=\"async\" width=\"300\" height=\"225\" src=\"https:\/\/www.hedera-etc.com\/wp-content\/uploads\/2025\/10\/Hedera-helix-Tricolor_3-300x225.webp\" class=\"attachment-medium size-medium wp-image-15886\" alt=\"Hedera helix &#039;Tricolor&#039;\" srcset=\"https:\/\/www.hedera-etc.com\/wp-content\/uploads\/2025\/10\/Hedera-helix-Tricolor_3-300x225.webp 300w, https:\/\/www.hedera-etc.com\/wp-content\/uploads\/2025\/10\/Hedera-helix-Tricolor_3-900x675.webp 900w, https:\/\/www.hedera-etc.com\/wp-content\/uploads\/2025\/10\/Hedera-helix-Tricolor_3-1024x768.webp 1024w, https:\/\/www.hedera-etc.com\/wp-content\/uploads\/2025\/10\/Hedera-helix-Tricolor_3-768x576.webp 768w, https:\/\/www.hedera-etc.com\/wp-content\/uploads\/2025\/10\/Hedera-helix-Tricolor_3-1536x1152.webp 1536w, https:\/\/www.hedera-etc.com\/wp-content\/uploads\/2025\/10\/Hedera-helix-Tricolor_3-1320x990.webp 1320w, https:\/\/www.hedera-etc.com\/wp-content\/uploads\/2025\/10\/Hedera-helix-Tricolor_3.webp 1600w\" sizes=\"(max-width: 300px) 100vw, 300px\" \/><\/div>\n\t\t<\/a>\n\t\t\t\t<div class=\"elementor-post__text\">\n\t\t\t\t<h3 class=\"elementor-post__title\">\n\t\t\t<a href=\"https:\/\/www.hedera-etc.com\/de\/product\/hedera-helix-tricolor\/\" target=\"&quot;_blank&quot;\">\n\t\t\t\t<em>Hedera helix<\/em> &lsquo;Tricolor&rsquo; &#8211; Zier-Efeu\t\t\t<\/a>\n\t\t<\/h3>\n\t\t\t\t<div class=\"elementor-post__excerpt\">\n\t\t\t<p>Ein sehr sch\u00f6ner, viel zu seltener Efeu mit dreieckigen Bl\u00e4ttern, die nur schwach oder gar nicht gelappt sind.<\/p> <p>Die Blattspreite ist breit gemackt\t\t<\/div>\n\t\t\n\t\t<a class=\"elementor-post__read-more\" href=\"https:\/\/www.hedera-etc.com\/de\/product\/hedera-helix-tricolor\/\" aria-label=\"Mehr \u00fcber &lt;em&gt;Hedera helix&lt;\/em&gt; &lsquo;Tricolor&rsquo; &#8211; Lierre d&rsquo;ornement\" tabindex=\"-1\" target=\"_blank\">\n\t\t\tWeiterlesen \u00bb\t\t<\/a>\n\n\t\t\t\t<\/div>\n\t\t\t\t<\/article>\n\t\t\t\t<article class=\"elementor-post elementor-grid-item post-3808 product type-product status-publish has-post-thumbnail product_cat-lierre entry has-media  instock purchasable product-type-variable has-default-attributes has-product-nav col span_1_of_4 owp-content-center item-entry owp-thumbs-layout-horizontal owp-btn-normal owp-tabs-layout-section\">\n\t\t\t\t<a class=\"elementor-post__thumbnail__link\" href=\"https:\/\/www.hedera-etc.com\/de\/product\/hedera-helix-touch-of-olive\/\" tabindex=\"-1\" target=\"&quot;_blank&quot;\">\n\t\t\t<div class=\"elementor-post__thumbnail\"><img loading=\"lazy\" decoding=\"async\" width=\"300\" height=\"225\" src=\"https:\/\/www.hedera-etc.com\/wp-content\/uploads\/2024\/01\/Hedera-helix-Mon-Premier-Mutation-300x225.webp\" class=\"attachment-medium size-medium wp-image-8076\" alt=\"Hedera helix &#039;Touch of Olive&#039;\" srcset=\"https:\/\/www.hedera-etc.com\/wp-content\/uploads\/2024\/01\/Hedera-helix-Mon-Premier-Mutation-300x225.webp 300w, https:\/\/www.hedera-etc.com\/wp-content\/uploads\/2024\/01\/Hedera-helix-Mon-Premier-Mutation-900x675.webp 900w, https:\/\/www.hedera-etc.com\/wp-content\/uploads\/2024\/01\/Hedera-helix-Mon-Premier-Mutation-768x576.webp 768w, https:\/\/www.hedera-etc.com\/wp-content\/uploads\/2024\/01\/Hedera-helix-Mon-Premier-Mutation.webp 1024w\" sizes=\"(max-width: 300px) 100vw, 300px\" \/><\/div>\n\t\t<\/a>\n\t\t\t\t<div class=\"elementor-post__text\">\n\t\t\t\t<h3 class=\"elementor-post__title\">\n\t\t\t<a href=\"https:\/\/www.hedera-etc.com\/de\/product\/hedera-helix-touch-of-olive\/\" target=\"&quot;_blank&quot;\">\n\t\t\t\t<em>Hedera helix<\/em> &lsquo;Touch of Olive&rsquo; &#8211; Zier-Efeu\t\t\t<\/a>\n\t\t<\/h3>\n\t\t\t\t<div class=\"elementor-post__excerpt\">\n\t\t\t<p>Zier-Efeu, der sich stark von seinem Elternteil unterscheidet.<\/p> <p>Nur die Panaschierung verbindet ihn ein wenig mit seinem Ursprung, einige gelbe Spritzer\t\t<\/div>\n\t\t\n\t\t<a class=\"elementor-post__read-more\" href=\"https:\/\/www.hedera-etc.com\/de\/product\/hedera-helix-touch-of-olive\/\" aria-label=\"Mehr \u00fcber &lt;em&gt;Hedera helix&lt;\/em&gt; &lsquo;Touch of Olive&rsquo; &#8211; Lierre d&rsquo;ornement\" tabindex=\"-1\" target=\"_blank\">\n\t\t\tWeiterlesen \u00bb\t\t<\/a>\n\n\t\t\t\t<\/div>\n\t\t\t\t<\/article>\n\t\t\t\t<article class=\"elementor-post elementor-grid-item post-2142 product type-product status-publish has-post-thumbnail product_cat-lierre entry has-media last outofstock product-type-variable has-default-attributes has-product-nav col span_1_of_4 owp-content-center item-entry owp-thumbs-layout-horizontal owp-btn-normal owp-tabs-layout-section\">\n\t\t\t\t<a class=\"elementor-post__thumbnail__link\" href=\"https:\/\/www.hedera-etc.com\/de\/product\/hedera-helix-topazolite\/\" tabindex=\"-1\" target=\"&quot;_blank&quot;\">\n\t\t\t<div class=\"elementor-post__thumbnail\"><img loading=\"lazy\" decoding=\"async\" width=\"300\" height=\"225\" src=\"https:\/\/www.hedera-etc.com\/wp-content\/uploads\/2023\/11\/Hedera-helix-Topazolite-300x225.webp\" class=\"attachment-medium size-medium wp-image-2143\" alt=\"Hedera helix &#039;Topazolite&#039;\" srcset=\"https:\/\/www.hedera-etc.com\/wp-content\/uploads\/2023\/11\/Hedera-helix-Topazolite-300x225.webp 300w, https:\/\/www.hedera-etc.com\/wp-content\/uploads\/2023\/11\/Hedera-helix-Topazolite-900x675.webp 900w, https:\/\/www.hedera-etc.com\/wp-content\/uploads\/2023\/11\/Hedera-helix-Topazolite-768x576.webp 768w, https:\/\/www.hedera-etc.com\/wp-content\/uploads\/2023\/11\/Hedera-helix-Topazolite.webp 1024w\" sizes=\"(max-width: 300px) 100vw, 300px\" \/><\/div>\n\t\t<\/a>\n\t\t\t\t<div class=\"elementor-post__text\">\n\t\t\t\t<h3 class=\"elementor-post__title\">\n\t\t\t<a href=\"https:\/\/www.hedera-etc.com\/de\/product\/hedera-helix-topazolite\/\" target=\"&quot;_blank&quot;\">\n\t\t\t\t<em>Hedera helix<\/em> &lsquo;Topazolite&rsquo; &#8211; Zier-Efeu\t\t\t<\/a>\n\t\t<\/h3>\n\t\t\t\t<div class=\"elementor-post__excerpt\">\n\t\t\t<p>Panaschierter, schnell wachsender Mini-Efeu.<\/p> <p>Kleine, gelb und gr\u00fcn marmorierte Bl\u00e4tter, die im Winter eine sch\u00f6ne rosa F\u00e4rbung annehmen.<\/p>\t\t<\/div>\n\t\t\n\t\t<a class=\"elementor-post__read-more\" href=\"https:\/\/www.hedera-etc.com\/de\/product\/hedera-helix-topazolite\/\" aria-label=\"Mehr \u00fcber &lt;em&gt;Hedera helix&lt;\/em&gt; &lsquo;Topazolite&rsquo; &#8211; Lierre d&rsquo;ornement\" tabindex=\"-1\" target=\"_blank\">\n\t\t\tWeiterlesen \u00bb\t\t<\/a>\n\n\t\t\t\t<\/div>\n\t\t\t\t<\/article>\n\t\t\t\t<article class=\"elementor-post elementor-grid-item post-1553 product type-product status-publish has-post-thumbnail product_cat-lierre entry has-media first instock purchasable product-type-variable has-default-attributes has-product-nav col span_1_of_4 owp-content-center item-entry owp-thumbs-layout-horizontal owp-btn-normal owp-tabs-layout-section\">\n\t\t\t\t<a class=\"elementor-post__thumbnail__link\" href=\"https:\/\/www.hedera-etc.com\/de\/product\/hedera-helix-tiger-eyes\/\" tabindex=\"-1\" target=\"&quot;_blank&quot;\">\n\t\t\t<div class=\"elementor-post__thumbnail\"><img loading=\"lazy\" decoding=\"async\" width=\"300\" height=\"225\" src=\"https:\/\/www.hedera-etc.com\/wp-content\/uploads\/2023\/11\/Hedera-helix-Tigers-Eyes-300x225.webp\" class=\"attachment-medium size-medium wp-image-1554\" alt=\"Hedera helix &#039;Tiger Eyes&#039;\" srcset=\"https:\/\/www.hedera-etc.com\/wp-content\/uploads\/2023\/11\/Hedera-helix-Tigers-Eyes-300x225.webp 300w, https:\/\/www.hedera-etc.com\/wp-content\/uploads\/2023\/11\/Hedera-helix-Tigers-Eyes-900x675.webp 900w, https:\/\/www.hedera-etc.com\/wp-content\/uploads\/2023\/11\/Hedera-helix-Tigers-Eyes-768x576.webp 768w, https:\/\/www.hedera-etc.com\/wp-content\/uploads\/2023\/11\/Hedera-helix-Tigers-Eyes.webp 1024w\" sizes=\"(max-width: 300px) 100vw, 300px\" \/><\/div>\n\t\t<\/a>\n\t\t\t\t<div class=\"elementor-post__text\">\n\t\t\t\t<h3 class=\"elementor-post__title\">\n\t\t\t<a href=\"https:\/\/www.hedera-etc.com\/de\/product\/hedera-helix-tiger-eyes\/\" target=\"&quot;_blank&quot;\">\n\t\t\t\t<em>Hedera helix<\/em> &lsquo;Tiger Eyes&rsquo;- Zier-Efeu\t\t\t<\/a>\n\t\t<\/h3>\n\t\t\t\t<div class=\"elementor-post__excerpt\">\n\t\t\t<p>Sagittalbl\u00e4tter mit 5 Lappen und einem mehr oder weniger sichtbaren hellgr\u00fcnen bis gelbgr\u00fcnen Mittelfleck. Mittlerer Lappen\t\t<\/div>\n\t\t\n\t\t<a class=\"elementor-post__read-more\" href=\"https:\/\/www.hedera-etc.com\/de\/product\/hedera-helix-tiger-eyes\/\" aria-label=\"Mehr \u00fcber &lt;em&gt;Hedera helix&lt;\/em&gt; &lsquo;Tiger Eyes&rsquo;- Lierre d&rsquo;ornement\" tabindex=\"-1\" target=\"_blank\">\n\t\t\tWeiterlesen \u00bb\t\t<\/a>\n\n\t\t\t\t<\/div>\n\t\t\t\t<\/article>\n\t\t\t\t<article class=\"elementor-post elementor-grid-item post-17325 product type-product status-publish has-post-thumbnail product_cat-lierre entry has-media  instock shipping-taxable purchasable product-type-variable has-default-attributes has-product-nav col span_1_of_4 owp-content-center item-entry owp-thumbs-layout-horizontal owp-btn-normal owp-tabs-layout-section\">\n\t\t\t\t<a class=\"elementor-post__thumbnail__link\" href=\"https:\/\/www.hedera-etc.com\/de\/product\/hedera-helix-theo\/\" tabindex=\"-1\" target=\"&quot;_blank&quot;\">\n\t\t\t<div class=\"elementor-post__thumbnail\"><img loading=\"lazy\" decoding=\"async\" width=\"300\" height=\"225\" src=\"https:\/\/www.hedera-etc.com\/wp-content\/uploads\/2025\/11\/Hedera-helix-Theo-300x225.webp\" class=\"attachment-medium size-medium wp-image-17328\" alt=\"Hedera helix &#039;Th\u00e9o&#039;\" srcset=\"https:\/\/www.hedera-etc.com\/wp-content\/uploads\/2025\/11\/Hedera-helix-Theo-300x225.webp 300w, https:\/\/www.hedera-etc.com\/wp-content\/uploads\/2025\/11\/Hedera-helix-Theo-900x675.webp 900w, https:\/\/www.hedera-etc.com\/wp-content\/uploads\/2025\/11\/Hedera-helix-Theo-1024x768.webp 1024w, https:\/\/www.hedera-etc.com\/wp-content\/uploads\/2025\/11\/Hedera-helix-Theo-768x576.webp 768w, https:\/\/www.hedera-etc.com\/wp-content\/uploads\/2025\/11\/Hedera-helix-Theo-1536x1152.webp 1536w, https:\/\/www.hedera-etc.com\/wp-content\/uploads\/2025\/11\/Hedera-helix-Theo-1320x990.webp 1320w, https:\/\/www.hedera-etc.com\/wp-content\/uploads\/2025\/11\/Hedera-helix-Theo.webp 1600w\" sizes=\"(max-width: 300px) 100vw, 300px\" \/><\/div>\n\t\t<\/a>\n\t\t\t\t<div class=\"elementor-post__text\">\n\t\t\t\t<h3 class=\"elementor-post__title\">\n\t\t\t<a href=\"https:\/\/www.hedera-etc.com\/de\/product\/hedera-helix-theo\/\" target=\"&quot;_blank&quot;\">\n\t\t\t\t<em>Hedera helix<\/em> &lsquo;Th\u00e9o&rsquo; &#8211; Zier-Efeu\t\t\t<\/a>\n\t\t<\/h3>\n\t\t\t\t<div class=\"elementor-post__excerpt\">\n\t\t\t<p>Mindestens drei Gr\u00fcnt\u00f6ne finden sich auf diesem Efeublatt, das von silbernen Adern zerfurcht wird.<\/p> <p>Blattspreite bestehend aus 3\t\t<\/div>\n\t\t\n\t\t<a class=\"elementor-post__read-more\" href=\"https:\/\/www.hedera-etc.com\/de\/product\/hedera-helix-theo\/\" aria-label=\"Mehr \u00fcber &lt;em&gt;Hedera helix&lt;\/em&gt; &lsquo;Th\u00e9o&rsquo; &#8211; lierre d&rsquo;ornement\" tabindex=\"-1\" target=\"_blank\">\n\t\t\tWeiterlesen \u00bb\t\t<\/a>\n\n\t\t\t\t<\/div>\n\t\t\t\t<\/article>\n\t\t\t\t<article class=\"elementor-post elementor-grid-item post-1494 product type-product status-publish has-post-thumbnail product_cat-lierre entry has-media  instock purchasable product-type-variable has-default-attributes has-product-nav col span_1_of_4 owp-content-center item-entry owp-thumbs-layout-horizontal owp-btn-normal owp-tabs-layout-section\">\n\t\t\t\t<a class=\"elementor-post__thumbnail__link\" href=\"https:\/\/www.hedera-etc.com\/de\/product\/hedera-helix-steven\/\" tabindex=\"-1\" target=\"&quot;_blank&quot;\">\n\t\t\t<div class=\"elementor-post__thumbnail\"><img loading=\"lazy\" decoding=\"async\" width=\"300\" height=\"225\" src=\"https:\/\/www.hedera-etc.com\/wp-content\/uploads\/2023\/11\/Hedera-helix-Steven-1-300x225.webp\" class=\"attachment-medium size-medium wp-image-14102\" alt=\"Hedera helix &#039;Steven&#039;\" srcset=\"https:\/\/www.hedera-etc.com\/wp-content\/uploads\/2023\/11\/Hedera-helix-Steven-1-300x225.webp 300w, https:\/\/www.hedera-etc.com\/wp-content\/uploads\/2023\/11\/Hedera-helix-Steven-1-900x675.webp 900w, https:\/\/www.hedera-etc.com\/wp-content\/uploads\/2023\/11\/Hedera-helix-Steven-1-1024x768.webp 1024w, https:\/\/www.hedera-etc.com\/wp-content\/uploads\/2023\/11\/Hedera-helix-Steven-1-768x576.webp 768w, https:\/\/www.hedera-etc.com\/wp-content\/uploads\/2023\/11\/Hedera-helix-Steven-1-1536x1152.webp 1536w, https:\/\/www.hedera-etc.com\/wp-content\/uploads\/2023\/11\/Hedera-helix-Steven-1-1320x990.webp 1320w, https:\/\/www.hedera-etc.com\/wp-content\/uploads\/2023\/11\/Hedera-helix-Steven-1.webp 1600w\" sizes=\"(max-width: 300px) 100vw, 300px\" \/><\/div>\n\t\t<\/a>\n\t\t\t\t<div class=\"elementor-post__text\">\n\t\t\t\t<h3 class=\"elementor-post__title\">\n\t\t\t<a href=\"https:\/\/www.hedera-etc.com\/de\/product\/hedera-helix-steven\/\" target=\"&quot;_blank&quot;\">\n\t\t\t\t<em>Hedera helix<\/em> &lsquo;Steven&rsquo; &#8211; Zier-Efeu\t\t\t<\/a>\n\t\t<\/h3>\n\t\t\t\t<div class=\"elementor-post__excerpt\">\n\t\t\t<p>Kurz wachsende Pflanze mit dicken, wenig verzweigten St\u00e4ngeln, die gewellte, am Rand gekr\u00e4uselte Bl\u00e4tter tragen.<\/p> <p>Auf\t\t<\/div>\n\t\t\n\t\t<a class=\"elementor-post__read-more\" href=\"https:\/\/www.hedera-etc.com\/de\/product\/hedera-helix-steven\/\" aria-label=\"Mehr \u00fcber &lt;em&gt;Hedera helix&lt;\/em&gt; &lsquo;Steven&rsquo; &#8211; Lierre d&rsquo;ornement\" tabindex=\"-1\" target=\"_blank\">\n\t\t\tWeiterlesen \u00bb\t\t<\/a>\n\n\t\t\t\t<\/div>\n\t\t\t\t<\/article>\n\t\t\t\t<article class=\"elementor-post elementor-grid-item post-2173 product type-product status-publish has-post-thumbnail product_cat-lierre entry has-media last instock purchasable product-type-variable has-default-attributes has-product-nav col span_1_of_4 owp-content-center item-entry owp-thumbs-layout-horizontal owp-btn-normal owp-tabs-layout-section has-no-thumbnails\">\n\t\t\t\t<a class=\"elementor-post__thumbnail__link\" href=\"https:\/\/www.hedera-etc.com\/de\/product\/hedera-helix-sinclair-silverleaf\/\" tabindex=\"-1\" target=\"&quot;_blank&quot;\">\n\t\t\t<div class=\"elementor-post__thumbnail\"><img loading=\"lazy\" decoding=\"async\" width=\"300\" height=\"177\" src=\"https:\/\/www.hedera-etc.com\/wp-content\/uploads\/2023\/11\/Hedera-helix-Sinclair-Silverleaf-300x177.webp\" class=\"attachment-medium size-medium wp-image-13283\" alt=\"Hedera helix &#039;Sinclair Silverleaf&#039;\" srcset=\"https:\/\/www.hedera-etc.com\/wp-content\/uploads\/2023\/11\/Hedera-helix-Sinclair-Silverleaf-300x177.webp 300w, https:\/\/www.hedera-etc.com\/wp-content\/uploads\/2023\/11\/Hedera-helix-Sinclair-Silverleaf-900x532.webp 900w, https:\/\/www.hedera-etc.com\/wp-content\/uploads\/2023\/11\/Hedera-helix-Sinclair-Silverleaf-1024x606.webp 1024w, https:\/\/www.hedera-etc.com\/wp-content\/uploads\/2023\/11\/Hedera-helix-Sinclair-Silverleaf-768x454.webp 768w, https:\/\/www.hedera-etc.com\/wp-content\/uploads\/2023\/11\/Hedera-helix-Sinclair-Silverleaf.webp 1141w\" sizes=\"(max-width: 300px) 100vw, 300px\" \/><\/div>\n\t\t<\/a>\n\t\t\t\t<div class=\"elementor-post__text\">\n\t\t\t\t<h3 class=\"elementor-post__title\">\n\t\t\t<a href=\"https:\/\/www.hedera-etc.com\/de\/product\/hedera-helix-sinclair-silverleaf\/\" target=\"&quot;_blank&quot;\">\n\t\t\t\t<em>Hedera helix<\/em> &lsquo;Sinclair Silverleaf&rsquo; &#8211; Zier-Efeu\t\t\t<\/a>\n\t\t<\/h3>\n\t\t\t\t<div class=\"elementor-post__excerpt\">\n\t\t\t<p>Typisches Efeublatt, das in der Wachstumsphase diese erstaunliche hellgelbe Farbe mit dem sch\u00f6nsten Effekt hervorbringt.<br \/>\t\t<\/div>\n\t\t\n\t\t<a class=\"elementor-post__read-more\" href=\"https:\/\/www.hedera-etc.com\/de\/product\/hedera-helix-sinclair-silverleaf\/\" aria-label=\"Mehr \u00fcber &lt;em&gt;Hedera helix&lt;\/em&gt; &lsquo;Sinclair Silverleaf&rsquo; &#8211; Lierre d&rsquo;ornement\" tabindex=\"-1\" target=\"_blank\">\n\t\t\tWeiterlesen \u00bb\t\t<\/a>\n\n\t\t\t\t<\/div>\n\t\t\t\t<\/article>\n\t\t\t\t<article class=\"elementor-post elementor-grid-item post-1376 product type-product status-publish has-post-thumbnail product_cat-lierre entry has-media first instock purchasable product-type-variable has-default-attributes has-product-nav col span_1_of_4 owp-content-center item-entry owp-thumbs-layout-horizontal owp-btn-normal owp-tabs-layout-section\">\n\t\t\t\t<a class=\"elementor-post__thumbnail__link\" href=\"https:\/\/www.hedera-etc.com\/de\/product\/hedera-helix-serenade\/\" tabindex=\"-1\" target=\"&quot;_blank&quot;\">\n\t\t\t<div class=\"elementor-post__thumbnail\"><img loading=\"lazy\" decoding=\"async\" width=\"300\" height=\"224\" src=\"https:\/\/www.hedera-etc.com\/wp-content\/uploads\/2023\/11\/Hedera-helix-Serenade-300x224.webp\" class=\"attachment-medium size-medium wp-image-1377\" alt=\"Hedera helix &#039;Serenade&#039;\" srcset=\"https:\/\/www.hedera-etc.com\/wp-content\/uploads\/2023\/11\/Hedera-helix-Serenade-300x224.webp 300w, https:\/\/www.hedera-etc.com\/wp-content\/uploads\/2023\/11\/Hedera-helix-Serenade-768x574.webp 768w, https:\/\/www.hedera-etc.com\/wp-content\/uploads\/2023\/11\/Hedera-helix-Serenade.webp 800w\" sizes=\"(max-width: 300px) 100vw, 300px\" \/><\/div>\n\t\t<\/a>\n\t\t\t\t<div class=\"elementor-post__text\">\n\t\t\t\t<h3 class=\"elementor-post__title\">\n\t\t\t<a href=\"https:\/\/www.hedera-etc.com\/de\/product\/hedera-helix-serenade\/\" target=\"&quot;_blank&quot;\">\n\t\t\t\t<em>Hedera helix<\/em> &lsquo;Serenade&rsquo; &#8211; Zier-Efeu\t\t\t<\/a>\n\t\t<\/h3>\n\t\t\t\t<div class=\"elementor-post__excerpt\">\n\t\t\t<p>Eine Sorte mit kompaktem Wuchs und schnellem Wachstum.<\/p> <p>Ein eher kleines Blatt, das aus 5 Lappen mit leicht abgerundeten Enden besteht. Blattspreite\t\t<\/div>\n\t\t\n\t\t<a class=\"elementor-post__read-more\" href=\"https:\/\/www.hedera-etc.com\/de\/product\/hedera-helix-serenade\/\" aria-label=\"Mehr \u00fcber &lt;em&gt;Hedera helix&lt;\/em&gt; &lsquo;Serenade&rsquo; &#8211; Lierre d&rsquo;ornement\" tabindex=\"-1\" target=\"_blank\">\n\t\t\tWeiterlesen \u00bb\t\t<\/a>\n\n\t\t\t\t<\/div>\n\t\t\t\t<\/article>\n\t\t\t\t<article class=\"elementor-post elementor-grid-item post-1344 product type-product status-publish has-post-thumbnail product_cat-lierre entry has-media  instock purchasable product-type-variable has-default-attributes has-product-nav col span_1_of_4 owp-content-center item-entry owp-thumbs-layout-horizontal owp-btn-normal owp-tabs-layout-section\">\n\t\t\t\t<a class=\"elementor-post__thumbnail__link\" href=\"https:\/\/www.hedera-etc.com\/de\/product\/hedera-helix-sally\/\" tabindex=\"-1\" target=\"&quot;_blank&quot;\">\n\t\t\t<div class=\"elementor-post__thumbnail\"><img loading=\"lazy\" decoding=\"async\" width=\"300\" height=\"224\" src=\"https:\/\/www.hedera-etc.com\/wp-content\/uploads\/2023\/11\/Hedera-helix-Sally-300x224.webp\" class=\"attachment-medium size-medium wp-image-1345\" alt=\"Hedera helix &#039;Sally&#039;\" srcset=\"https:\/\/www.hedera-etc.com\/wp-content\/uploads\/2023\/11\/Hedera-helix-Sally-300x224.webp 300w, https:\/\/www.hedera-etc.com\/wp-content\/uploads\/2023\/11\/Hedera-helix-Sally-768x574.webp 768w, https:\/\/www.hedera-etc.com\/wp-content\/uploads\/2023\/11\/Hedera-helix-Sally.webp 800w\" sizes=\"(max-width: 300px) 100vw, 300px\" \/><\/div>\n\t\t<\/a>\n\t\t\t\t<div class=\"elementor-post__text\">\n\t\t\t\t<h3 class=\"elementor-post__title\">\n\t\t\t<a href=\"https:\/\/www.hedera-etc.com\/de\/product\/hedera-helix-sally\/\" target=\"&quot;_blank&quot;\">\n\t\t\t\t<em>Hedera helix<\/em> &lsquo;Sally&rsquo; &#8211; Zier-Efeu\t\t\t<\/a>\n\t\t<\/h3>\n\t\t\t\t<div class=\"elementor-post__excerpt\">\n\t\t\t<p>Zitronenfarbene Bl\u00e4tter mit mittelgr\u00fcnen Flecken und Sprenkeln, wenn sie jung sind, werden sie sp\u00e4ter gr\u00fcn.<\/p> <p>Kompakter Wuchs, kurze Internodien.<\/p> <p>Vermeiden\t\t<\/div>\n\t\t\n\t\t<a class=\"elementor-post__read-more\" href=\"https:\/\/www.hedera-etc.com\/de\/product\/hedera-helix-sally\/\" aria-label=\"Mehr \u00fcber &lt;em&gt;Hedera helix&lt;\/em&gt; &lsquo;Sally&rsquo; &#8211; Lierre d&rsquo;ornement\" tabindex=\"-1\" target=\"_blank\">\n\t\t\tWeiterlesen \u00bb\t\t<\/a>\n\n\t\t\t\t<\/div>\n\t\t\t\t<\/article>\n\t\t\t\t<article class=\"elementor-post elementor-grid-item post-2265 product type-product status-publish has-post-thumbnail product_cat-lierre entry has-media  instock purchasable product-type-variable has-default-attributes has-product-nav col span_1_of_4 owp-content-center item-entry owp-thumbs-layout-horizontal owp-btn-normal owp-tabs-layout-section\">\n\t\t\t\t<a class=\"elementor-post__thumbnail__link\" href=\"https:\/\/www.hedera-etc.com\/de\/product\/hedera-helix-ria\/\" tabindex=\"-1\" target=\"&quot;_blank&quot;\">\n\t\t\t<div class=\"elementor-post__thumbnail\"><img loading=\"lazy\" decoding=\"async\" width=\"300\" height=\"225\" src=\"https:\/\/www.hedera-etc.com\/wp-content\/uploads\/2023\/11\/Hedera-helix-Ria_2-300x225.webp\" class=\"attachment-medium size-medium wp-image-2266\" alt=\"Hedera helix &#039;Ria&#039;\" srcset=\"https:\/\/www.hedera-etc.com\/wp-content\/uploads\/2023\/11\/Hedera-helix-Ria_2-300x225.webp 300w, https:\/\/www.hedera-etc.com\/wp-content\/uploads\/2023\/11\/Hedera-helix-Ria_2-768x576.webp 768w, https:\/\/www.hedera-etc.com\/wp-content\/uploads\/2023\/11\/Hedera-helix-Ria_2.webp 839w\" sizes=\"(max-width: 300px) 100vw, 300px\" \/><\/div>\n\t\t<\/a>\n\t\t\t\t<div class=\"elementor-post__text\">\n\t\t\t\t<h3 class=\"elementor-post__title\">\n\t\t\t<a href=\"https:\/\/www.hedera-etc.com\/de\/product\/hedera-helix-ria\/\" target=\"&quot;_blank&quot;\">\n\t\t\t\t<em>Hedera helix<\/em> &lsquo;Ria&rsquo; &#8211; Zier-Efeu\t\t\t<\/a>\n\t\t<\/h3>\n\t\t\t\t<div class=\"elementor-post__excerpt\">\n\t\t\t<p>Gedrungene Sorte mit langsamem Wachstum.<\/p> <p>Wenig verzweigte Pflanze, Internodien stehen weit auseinander, gr\u00fcne Bl\u00e4tter mit gelbem Rand bilden kleine Teppiche.\t\t<\/div>\n\t\t\n\t\t<a class=\"elementor-post__read-more\" href=\"https:\/\/www.hedera-etc.com\/de\/product\/hedera-helix-ria\/\" aria-label=\"Mehr \u00fcber &lt;em&gt;Hedera helix&lt;\/em&gt; &lsquo;Ria&rsquo; &#8211; Lierre d&rsquo;ornement\" tabindex=\"-1\" target=\"_blank\">\n\t\t\tWeiterlesen \u00bb\t\t<\/a>\n\n\t\t\t\t<\/div>\n\t\t\t\t<\/article>\n\t\t\t\t<article class=\"elementor-post elementor-grid-item post-1272 product type-product status-publish has-post-thumbnail product_cat-lierre entry has-media last outofstock product-type-variable has-product-nav col span_1_of_4 owp-content-center item-entry owp-thumbs-layout-horizontal owp-btn-normal owp-tabs-layout-section\">\n\t\t\t\t<a class=\"elementor-post__thumbnail__link\" href=\"https:\/\/www.hedera-etc.com\/de\/product\/hedera-helix-rheingold\/\" tabindex=\"-1\" target=\"&quot;_blank&quot;\">\n\t\t\t<div class=\"elementor-post__thumbnail\"><img loading=\"lazy\" decoding=\"async\" width=\"300\" height=\"225\" src=\"https:\/\/www.hedera-etc.com\/wp-content\/uploads\/2023\/11\/Hedera-helix-Rheingold-300x225.webp\" class=\"attachment-medium size-medium wp-image-1273\" alt=\"Hedera helix &#039;Rheingold&#039;\" srcset=\"https:\/\/www.hedera-etc.com\/wp-content\/uploads\/2023\/11\/Hedera-helix-Rheingold-300x225.webp 300w, https:\/\/www.hedera-etc.com\/wp-content\/uploads\/2023\/11\/Hedera-helix-Rheingold-900x675.webp 900w, https:\/\/www.hedera-etc.com\/wp-content\/uploads\/2023\/11\/Hedera-helix-Rheingold-768x576.webp 768w, https:\/\/www.hedera-etc.com\/wp-content\/uploads\/2023\/11\/Hedera-helix-Rheingold.webp 1024w\" sizes=\"(max-width: 300px) 100vw, 300px\" \/><\/div>\n\t\t<\/a>\n\t\t\t\t<div class=\"elementor-post__text\">\n\t\t\t\t<h3 class=\"elementor-post__title\">\n\t\t\t<a href=\"https:\/\/www.hedera-etc.com\/de\/product\/hedera-helix-rheingold\/\" target=\"&quot;_blank&quot;\">\n\t\t\t\t<em>Hedera helix<\/em> &lsquo;Rheingold&rsquo; &#8211; Zier-Efeu\t\t\t<\/a>\n\t\t<\/h3>\n\t\t\t\t<div class=\"elementor-post__excerpt\">\n\t\t\t<p>Leicht gewellte Bl\u00e4tter mit einer sehr vielf\u00e4ltigen Panaschierung.<\/p> <p>Blattspreite von dunkelgr\u00fcn bis grau mit hellgelben R\u00e4ndern\t\t<\/div>\n\t\t\n\t\t<a class=\"elementor-post__read-more\" href=\"https:\/\/www.hedera-etc.com\/de\/product\/hedera-helix-rheingold\/\" aria-label=\"Mehr \u00fcber &lt;em&gt;Hedera helix&lt;\/em&gt; &lsquo;Rheingold&rsquo; &#8211; Lierre d&rsquo;ornement\" tabindex=\"-1\" target=\"_blank\">\n\t\t\tWeiterlesen \u00bb\t\t<\/a>\n\n\t\t\t\t<\/div>\n\t\t\t\t<\/article>\n\t\t\t\t<article class=\"elementor-post elementor-grid-item post-1260 product type-product status-publish has-post-thumbnail product_cat-lierre entry has-media first outofstock product-type-variable has-default-attributes has-product-nav col span_1_of_4 owp-content-center item-entry owp-thumbs-layout-horizontal owp-btn-normal owp-tabs-layout-section\">\n\t\t\t\t<a class=\"elementor-post__thumbnail__link\" href=\"https:\/\/www.hedera-etc.com\/de\/product\/hedera-helix-reef-shell\/\" tabindex=\"-1\" target=\"&quot;_blank&quot;\">\n\t\t\t<div class=\"elementor-post__thumbnail\"><img loading=\"lazy\" decoding=\"async\" width=\"300\" height=\"225\" src=\"https:\/\/www.hedera-etc.com\/wp-content\/uploads\/2023\/11\/Hedera-helix-Reef-Shell-300x225.webp\" class=\"attachment-medium size-medium wp-image-1261\" alt=\"Hedera helix &#039;Reef Shell&#039;\" srcset=\"https:\/\/www.hedera-etc.com\/wp-content\/uploads\/2023\/11\/Hedera-helix-Reef-Shell-300x225.webp 300w, https:\/\/www.hedera-etc.com\/wp-content\/uploads\/2023\/11\/Hedera-helix-Reef-Shell-768x576.webp 768w, https:\/\/www.hedera-etc.com\/wp-content\/uploads\/2023\/11\/Hedera-helix-Reef-Shell.webp 839w\" sizes=\"(max-width: 300px) 100vw, 300px\" \/><\/div>\n\t\t<\/a>\n\t\t\t\t<div class=\"elementor-post__text\">\n\t\t\t\t<h3 class=\"elementor-post__title\">\n\t\t\t<a href=\"https:\/\/www.hedera-etc.com\/de\/product\/hedera-helix-reef-shell\/\" target=\"&quot;_blank&quot;\">\n\t\t\t\t<em>Hedera helix<\/em> &lsquo;Reef Shell&rsquo; &#8211; Zier-Efeu\t\t\t<\/a>\n\t\t<\/h3>\n\t\t\t\t<div class=\"elementor-post__excerpt\">\n\t\t\t<p>Eine sehr originelle Sorte mit ovalen, umgekehrt muschelf\u00f6rmigen Bl\u00e4ttern, die kaum gelappt sind, aber mit\t\t<\/div>\n\t\t\n\t\t<a class=\"elementor-post__read-more\" href=\"https:\/\/www.hedera-etc.com\/de\/product\/hedera-helix-reef-shell\/\" aria-label=\"Mehr \u00fcber &lt;em&gt;Hedera helix&lt;\/em&gt; &lsquo;Reef Shell&rsquo; &#8211; Lierre d&rsquo;ornement\" tabindex=\"-1\" target=\"_blank\">\n\t\t\tWeiterlesen \u00bb\t\t<\/a>\n\n\t\t\t\t<\/div>\n\t\t\t\t<\/article>\n\t\t\t\t<article class=\"elementor-post elementor-grid-item post-10130 product type-product status-publish has-post-thumbnail product_cat-lierre entry has-media  instock purchasable product-type-variable has-default-attributes has-product-nav col span_1_of_4 owp-content-center item-entry owp-thumbs-layout-horizontal owp-btn-normal owp-tabs-layout-section has-no-thumbnails\">\n\t\t\t\t<a class=\"elementor-post__thumbnail__link\" href=\"https:\/\/www.hedera-etc.com\/de\/product\/hedera-helix-peter\/\" tabindex=\"-1\" target=\"&quot;_blank&quot;\">\n\t\t\t<div class=\"elementor-post__thumbnail\"><img loading=\"lazy\" decoding=\"async\" width=\"300\" height=\"225\" src=\"https:\/\/www.hedera-etc.com\/wp-content\/uploads\/2023\/11\/Hedera-helix-Peter-300x225.webp\" class=\"attachment-medium size-medium wp-image-1205\" alt=\"Hedera helix &#039;Peter&#039;\" srcset=\"https:\/\/www.hedera-etc.com\/wp-content\/uploads\/2023\/11\/Hedera-helix-Peter-300x225.webp 300w, https:\/\/www.hedera-etc.com\/wp-content\/uploads\/2023\/11\/Hedera-helix-Peter-768x576.webp 768w, https:\/\/www.hedera-etc.com\/wp-content\/uploads\/2023\/11\/Hedera-helix-Peter.webp 839w\" sizes=\"(max-width: 300px) 100vw, 300px\" \/><\/div>\n\t\t<\/a>\n\t\t\t\t<div class=\"elementor-post__text\">\n\t\t\t\t<h3 class=\"elementor-post__title\">\n\t\t\t<a href=\"https:\/\/www.hedera-etc.com\/de\/product\/hedera-helix-peter\/\" target=\"&quot;_blank&quot;\">\n\t\t\t\t<em>Hedera helix<\/em> &lsquo;Peter&rsquo; &#8211; Zier-Efeu\t\t\t<\/a>\n\t\t<\/h3>\n\t\t\t\t<div class=\"elementor-post__excerpt\">\n\t\t\t<p>Efeu, der einen dichten, d\u00fcnnen Teppich bildet. St\u00e4ngel mit kurzen Internodien, die dreilappige Bl\u00e4tter mit einem verl\u00e4ngerten Mittellappen tragen.<\/p>\t\t<\/div>\n\t\t\n\t\t<a class=\"elementor-post__read-more\" href=\"https:\/\/www.hedera-etc.com\/de\/product\/hedera-helix-peter\/\" aria-label=\"Mehr \u00fcber &lt;em&gt;Hedera helix&lt;\/em&gt; &lsquo;Peter&rsquo; &#8211; Lierre d&rsquo;ornement\" tabindex=\"-1\" target=\"_blank\">\n\t\t\tWeiterlesen \u00bb\t\t<\/a>\n\n\t\t\t\t<\/div>\n\t\t\t\t<\/article>\n\t\t\t\t<\/div>\n\t\t\t\t\t<span class=\"e-load-more-spinner\">\n\t\t\t\t<i aria-hidden=\"true\" class=\"fas fa-spinner\"><\/i>\t\t\t<\/span>\n\t\t\n\t\t\t\t<div class=\"e-load-more-anchor\" data-page=\"1\" data-max-page=\"3\" data-next-page=\"https:\/\/www.hedera-etc.com\/de\/wp-json\/wp\/v2\/pages\/4699\/page\/2\/\"><\/div>\n\t\t\t\t<div class=\"e-load-more-message\"><\/div>\n\t\t\t\t\t\t<\/div>\n\t\t\t\t<\/div>\n\t\t\t\t\t<\/div>\n\t\t\t\t<\/div>\n\t\t\t\t<\/div>","protected":false},"excerpt":{"rendered":"<p>Les lierres \u00e0 feuillage panach\u00e9 jaune sont tr\u00e8s int\u00e9ressants pour \u00e9clairer un coin sombre du jardin. Mais certains d&rsquo;entre eux ont besoin de soleil ou de lumi\u00e8re pour garder leur panachures jaunes. Par ailleurs, selon les vari\u00e9t\u00e9s, la panachure jaune peut \u00eatre permanente ou pr\u00e9sente principalement pendant certaines saisons.\u00a0V\u00e9rifiez bien ci-dessous les indications fournies afin [&hellip;]<\/p>\n","protected":false},"author":2,"featured_media":0,"parent":0,"menu_order":0,"comment_status":"closed","ping_status":"closed","template":"","meta":{"_acf_changed":false,"ocean_post_layout":"","ocean_both_sidebars_style":"","ocean_both_sidebars_content_width":0,"ocean_both_sidebars_sidebars_width":0,"ocean_sidebar":"","ocean_second_sidebar":"","ocean_disable_margins":"enable","ocean_add_body_class":"","ocean_shortcode_before_top_bar":"","ocean_shortcode_after_top_bar":"","ocean_shortcode_before_header":"","ocean_shortcode_after_header":"","ocean_has_shortcode":"","ocean_shortcode_after_title":"","ocean_shortcode_before_footer_widgets":"","ocean_shortcode_after_footer_widgets":"","ocean_shortcode_before_footer_bottom":"","ocean_shortcode_after_footer_bottom":"","ocean_display_top_bar":"default","ocean_display_header":"default","ocean_header_style":"","ocean_center_header_left_menu":"","ocean_custom_header_template":"","ocean_custom_logo":0,"ocean_custom_retina_logo":0,"ocean_custom_logo_max_width":0,"ocean_custom_logo_tablet_max_width":0,"ocean_custom_logo_mobile_max_width":0,"ocean_custom_logo_max_height":0,"ocean_custom_logo_tablet_max_height":0,"ocean_custom_logo_mobile_max_height":0,"ocean_header_custom_menu":"","ocean_menu_typo_font_family":"","ocean_menu_typo_font_subset":"","ocean_menu_typo_font_size":0,"ocean_menu_typo_font_size_tablet":0,"ocean_menu_typo_font_size_mobile":0,"ocean_menu_typo_font_size_unit":"px","ocean_menu_typo_font_weight":"","ocean_menu_typo_font_weight_tablet":"","ocean_menu_typo_font_weight_mobile":"","ocean_menu_typo_transform":"","ocean_menu_typo_transform_tablet":"","ocean_menu_typo_transform_mobile":"","ocean_menu_typo_line_height":0,"ocean_menu_typo_line_height_tablet":0,"ocean_menu_typo_line_height_mobile":0,"ocean_menu_typo_line_height_unit":"","ocean_menu_typo_spacing":0,"ocean_menu_typo_spacing_tablet":0,"ocean_menu_typo_spacing_mobile":0,"ocean_menu_typo_spacing_unit":"","ocean_menu_link_color":"","ocean_menu_link_color_hover":"","ocean_menu_link_color_active":"","ocean_menu_link_background":"","ocean_menu_link_hover_background":"","ocean_menu_link_active_background":"","ocean_menu_social_links_bg":"","ocean_menu_social_hover_links_bg":"","ocean_menu_social_links_color":"","ocean_menu_social_hover_links_color":"","ocean_disable_title":"default","ocean_disable_heading":"default","ocean_post_title":"","ocean_post_subheading":"","ocean_post_title_style":"","ocean_post_title_background_color":"","ocean_post_title_background":0,"ocean_post_title_bg_image_position":"","ocean_post_title_bg_image_attachment":"","ocean_post_title_bg_image_repeat":"","ocean_post_title_bg_image_size":"","ocean_post_title_height":0,"ocean_post_title_bg_overlay":0.5,"ocean_post_title_bg_overlay_color":"","ocean_disable_breadcrumbs":"default","ocean_breadcrumbs_color":"","ocean_breadcrumbs_separator_color":"","ocean_breadcrumbs_links_color":"","ocean_breadcrumbs_links_hover_color":"","ocean_display_footer_widgets":"default","ocean_display_footer_bottom":"default","ocean_custom_footer_template":"","footnotes":""},"class_list":["post-4699","page","type-page","status-publish","hentry","entry","has-media","has-product-nav","col","span_1_of_4","owp-content-center","item-entry","owp-thumbs-layout-horizontal","owp-btn-normal","owp-tabs-layout-section","has-no-thumbnails"],"acf":[],"jetpack_sharing_enabled":true,"_links":{"self":[{"href":"https:\/\/www.hedera-etc.com\/de\/wp-json\/wp\/v2\/pages\/4699","targetHints":{"allow":["GET"]}}],"collection":[{"href":"https:\/\/www.hedera-etc.com\/de\/wp-json\/wp\/v2\/pages"}],"about":[{"href":"https:\/\/www.hedera-etc.com\/de\/wp-json\/wp\/v2\/types\/page"}],"author":[{"embeddable":true,"href":"https:\/\/www.hedera-etc.com\/de\/wp-json\/wp\/v2\/users\/2"}],"replies":[{"embeddable":true,"href":"https:\/\/www.hedera-etc.com\/de\/wp-json\/wp\/v2\/comments?post=4699"}],"version-history":[{"count":3,"href":"https:\/\/www.hedera-etc.com\/de\/wp-json\/wp\/v2\/pages\/4699\/revisions"}],"predecessor-version":[{"id":12263,"href":"https:\/\/www.hedera-etc.com\/de\/wp-json\/wp\/v2\/pages\/4699\/revisions\/12263"}],"wp:attachment":[{"href":"https:\/\/www.hedera-etc.com\/de\/wp-json\/wp\/v2\/media?parent=4699"}],"curies":[{"name":"wp","href":"https:\/\/api.w.org\/{rel}","templated":true}]}}