{"id":5538,"date":"2024-04-27T20:45:40","date_gmt":"2024-04-27T18:45:40","guid":{"rendered":"https:\/\/www.hedera-etc.com\/?page_id=5538"},"modified":"2024-12-16T09:22:13","modified_gmt":"2024-12-16T08:22:13","slug":"efeu-mit-grunen-blattern","status":"publish","type":"page","link":"https:\/\/www.hedera-etc.com\/de\/lierre-a-feuillage-vert\/","title":{"rendered":"Efeu mit gr\u00fcnem Laub"},"content":{"rendered":"<div data-elementor-type=\"wp-page\" data-elementor-id=\"5538\" class=\"elementor elementor-5538\" data-elementor-post-type=\"page\">\n\t\t\t\t<div class=\"elementor-element elementor-element-e9317a6 e-flex e-con-boxed e-con e-parent\" data-id=\"e9317a6\" data-element_type=\"container\">\n\t\t\t\t\t<div class=\"e-con-inner\">\n\t\t\t\t<div class=\"elementor-element elementor-element-0b98e62 elementor-widget elementor-widget-image\" data-id=\"0b98e62\" data-element_type=\"widget\" data-widget_type=\"image.default\">\n\t\t\t\t<div class=\"elementor-widget-container\">\n\t\t\t\t\t\t\t\t\t\t\t\t\t\t\t<img decoding=\"async\" src=\"https:\/\/www.hedera-etc.com\/wp-content\/uploads\/elementor\/thumbs\/Feuillage-vert-rljuqarce1pqsjvyeixoqngp24wy8jci7skheflnkw.webp\" title=\"Gr\u00fcnes Laub\" alt=\"Efeu mit gr\u00fcnem Laub\" loading=\"lazy\" \/>\t\t\t\t\t\t\t\t\t\t\t\t\t\t\t<\/div>\n\t\t\t\t<\/div>\n\t\t\t\t\t<\/div>\n\t\t\t\t<\/div>\n\t\t<div class=\"elementor-element elementor-element-c5f0651 e-flex e-con-boxed e-con e-parent\" data-id=\"c5f0651\" data-element_type=\"container\">\n\t\t\t\t\t<div class=\"e-con-inner\">\n\t\t\t\t<div class=\"elementor-element elementor-element-1609d76 elementor-widget elementor-widget-text-editor\" data-id=\"1609d76\" data-element_type=\"widget\" data-widget_type=\"text-editor.default\">\n\t\t\t\t<div class=\"elementor-widget-container\">\n\t\t\t\t\t\t\t\t\t<p>Efeu mit gr\u00fcnem Laub kann etwas unscheinbar wirken. Das ist er aber nicht! Wir bieten Ihnen in diesem Shop \u00fcber 250 verschiedene Sorten gr\u00fcnbl\u00e4ttrigen Efeus an. Sie unterscheiden sich durch die Gr\u00f6\u00dfe oder Form ihrer Bl\u00e4tter, durch ihre Wuchsform, durch ihre schnelle oder langsame Entwicklung, durch ihre Tendenz, eher zu kriechen oder eher zu klettern ... Kurz gesagt, jede dieser Sorten hat ihren spezifischen Vorteil.<\/p>\n<p>Sie sind in der Regel besonders robust und stellen sichere Werte dar. Einige von ihnen eignen sich besonders gut f\u00fcr die Topiarisierung.<\/p>\t\t\t\t\t\t\t\t<\/div>\n\t\t\t\t<\/div>\n\t\t\t\t\t<\/div>\n\t\t\t\t<\/div>\n\t\t<div class=\"elementor-element elementor-element-491a162 e-flex e-con-boxed e-con e-parent\" data-id=\"491a162\" data-element_type=\"container\">\n\t\t\t\t\t<div class=\"e-con-inner\">\n\t\t\t\t<div class=\"elementor-element elementor-element-81b0b8e elementor-grid-3 elementor-grid-tablet-2 elementor-grid-mobile-1 elementor-posts--thumbnail-top elementor-widget elementor-widget-posts\" data-id=\"81b0b8e\" data-element_type=\"widget\" data-settings=\"{&quot;pagination_type&quot;:&quot;load_more_infinite_scroll&quot;,&quot;classic_columns&quot;:&quot;3&quot;,&quot;classic_columns_tablet&quot;:&quot;2&quot;,&quot;classic_columns_mobile&quot;:&quot;1&quot;,&quot;classic_row_gap&quot;:{&quot;unit&quot;:&quot;px&quot;,&quot;size&quot;:35,&quot;sizes&quot;:[]},&quot;classic_row_gap_tablet&quot;:{&quot;unit&quot;:&quot;px&quot;,&quot;size&quot;:&quot;&quot;,&quot;sizes&quot;:[]},&quot;classic_row_gap_mobile&quot;:{&quot;unit&quot;:&quot;px&quot;,&quot;size&quot;:&quot;&quot;,&quot;sizes&quot;:[]},&quot;load_more_spinner&quot;:{&quot;value&quot;:&quot;fas fa-spinner&quot;,&quot;library&quot;:&quot;fa-solid&quot;}}\" data-widget_type=\"posts.classic\">\n\t\t\t\t<div class=\"elementor-widget-container\">\n\t\t\t\t\t\t\t<div class=\"elementor-posts-container elementor-posts elementor-posts--skin-classic elementor-grid\">\n\t\t\t\t<article class=\"elementor-post elementor-grid-item post-173 product type-product status-publish has-post-thumbnail product_cat-lierre entry has-media first instock purchasable product-type-variable has-default-attributes has-product-nav col span_1_of_4 owp-content-center item-entry owp-thumbs-layout-horizontal owp-btn-normal owp-tabs-layout-section has-no-thumbnails\">\n\t\t\t\t<a class=\"elementor-post__thumbnail__link\" href=\"https:\/\/www.hedera-etc.com\/de\/product\/hedera-helix-big-deal\/\" tabindex=\"-1\" target=\"&quot;_blank&quot;\">\n\t\t\t<div class=\"elementor-post__thumbnail\"><img fetchpriority=\"high\" decoding=\"async\" width=\"300\" height=\"225\" src=\"https:\/\/www.hedera-etc.com\/wp-content\/uploads\/2023\/10\/Hedera-helix-Big-Deal_2_2-300x225.webp\" class=\"attachment-medium size-medium wp-image-14956\" alt=\"Hedera helix &#039;Big Deal&#039;\" srcset=\"https:\/\/www.hedera-etc.com\/wp-content\/uploads\/2023\/10\/Hedera-helix-Big-Deal_2_2-300x225.webp 300w, https:\/\/www.hedera-etc.com\/wp-content\/uploads\/2023\/10\/Hedera-helix-Big-Deal_2_2-900x674.webp 900w, https:\/\/www.hedera-etc.com\/wp-content\/uploads\/2023\/10\/Hedera-helix-Big-Deal_2_2-768x575.webp 768w, https:\/\/www.hedera-etc.com\/wp-content\/uploads\/2023\/10\/Hedera-helix-Big-Deal_2_2.webp 902w\" sizes=\"(max-width: 300px) 100vw, 300px\" \/><\/div>\n\t\t<\/a>\n\t\t\t\t<div class=\"elementor-post__text\">\n\t\t\t\t<h3 class=\"elementor-post__title\">\n\t\t\t<a href=\"https:\/\/www.hedera-etc.com\/de\/product\/hedera-helix-big-deal\/\" target=\"&quot;_blank&quot;\">\n\t\t\t\t<em>Hedera helix<\/em> &lsquo;Big Deal&rsquo; &#8211; Zier-Efeu\t\t\t<\/a>\n\t\t<\/h3>\n\t\t\t\t<div class=\"elementor-post__excerpt\">\n\t\t\t<p>Eine Sorte mit atypischen Bl\u00e4ttern, die an Geranium erinnern. Urspr\u00fcnglich auch als \u201cGeranium-Efeu\u201d bezeichnet.<\/p> <p>Fast rundes Blatt ohne Lappen,\t\t<\/div>\n\t\t\n\t\t<a class=\"elementor-post__read-more\" href=\"https:\/\/www.hedera-etc.com\/de\/product\/hedera-helix-big-deal\/\" aria-label=\"Mehr \u00fcber &lt;em&gt;Hedera helix&lt;\/em&gt; &lsquo;Big Deal&rsquo; &#8211; Lierre d&rsquo;ornement\" tabindex=\"-1\" target=\"_blank\">\n\t\t\tWeiterlesen \u00bb\t\t<\/a>\n\n\t\t\t\t<\/div>\n\t\t\t\t<\/article>\n\t\t\t\t<article class=\"elementor-post elementor-grid-item post-319 product type-product status-publish has-post-thumbnail product_cat-lierre entry has-media  instock purchasable product-type-variable has-default-attributes has-product-nav col span_1_of_4 owp-content-center item-entry owp-thumbs-layout-horizontal owp-btn-normal owp-tabs-layout-section\">\n\t\t\t\t<a class=\"elementor-post__thumbnail__link\" href=\"https:\/\/www.hedera-etc.com\/de\/product\/hedera-helix-cockle-shell\/\" tabindex=\"-1\" target=\"&quot;_blank&quot;\">\n\t\t\t<div class=\"elementor-post__thumbnail\"><img decoding=\"async\" width=\"300\" height=\"225\" src=\"https:\/\/www.hedera-etc.com\/wp-content\/uploads\/2023\/10\/Hedera-helix-Cockle-Shell-1-300x225.webp\" class=\"attachment-medium size-medium wp-image-14859\" alt=\"Hedera helix &#039;Cockle Shell&#039;\" srcset=\"https:\/\/www.hedera-etc.com\/wp-content\/uploads\/2023\/10\/Hedera-helix-Cockle-Shell-1-300x225.webp 300w, https:\/\/www.hedera-etc.com\/wp-content\/uploads\/2023\/10\/Hedera-helix-Cockle-Shell-1-900x675.webp 900w, https:\/\/www.hedera-etc.com\/wp-content\/uploads\/2023\/10\/Hedera-helix-Cockle-Shell-1-1024x768.webp 1024w, https:\/\/www.hedera-etc.com\/wp-content\/uploads\/2023\/10\/Hedera-helix-Cockle-Shell-1-768x576.webp 768w, https:\/\/www.hedera-etc.com\/wp-content\/uploads\/2023\/10\/Hedera-helix-Cockle-Shell-1-1536x1152.webp 1536w, https:\/\/www.hedera-etc.com\/wp-content\/uploads\/2023\/10\/Hedera-helix-Cockle-Shell-1-1320x990.webp 1320w, https:\/\/www.hedera-etc.com\/wp-content\/uploads\/2023\/10\/Hedera-helix-Cockle-Shell-1.webp 1600w\" sizes=\"(max-width: 300px) 100vw, 300px\" \/><\/div>\n\t\t<\/a>\n\t\t\t\t<div class=\"elementor-post__text\">\n\t\t\t\t<h3 class=\"elementor-post__title\">\n\t\t\t<a href=\"https:\/\/www.hedera-etc.com\/de\/product\/hedera-helix-cockle-shell\/\" target=\"&quot;_blank&quot;\">\n\t\t\t\t<em>Hedera helix<\/em> &lsquo;Cockle Shell&rsquo; &#8211; Zier-Efeu\t\t\t<\/a>\n\t\t<\/h3>\n\t\t\t\t<div class=\"elementor-post__excerpt\">\n\t\t\t<p>Bodendeckersorte mit hohem dekorativem Wert.<\/p> <p>Dicke, dunkelgr\u00fcne, muschelf\u00f6rmige Bl\u00e4tter. Blattspreite f\u00e4cherf\u00f6rmig angeordnet. Reduzierte Lappen\t\t<\/div>\n\t\t\n\t\t<a class=\"elementor-post__read-more\" href=\"https:\/\/www.hedera-etc.com\/de\/product\/hedera-helix-cockle-shell\/\" aria-label=\"Mehr \u00fcber &lt;em&gt;Hedera helix&lt;\/em&gt; &lsquo;Cockle Shell&rsquo; &#8211; Lierre d&rsquo;ornement\" tabindex=\"-1\" target=\"_blank\">\n\t\t\tWeiterlesen \u00bb\t\t<\/a>\n\n\t\t\t\t<\/div>\n\t\t\t\t<\/article>\n\t\t\t\t<article class=\"elementor-post elementor-grid-item post-456 product type-product status-publish has-post-thumbnail product_cat-lierre entry has-media  instock purchasable product-type-variable has-default-attributes has-product-nav col span_1_of_4 owp-content-center item-entry owp-thumbs-layout-horizontal owp-btn-normal owp-tabs-layout-section\">\n\t\t\t\t<a class=\"elementor-post__thumbnail__link\" href=\"https:\/\/www.hedera-etc.com\/de\/product\/hedera-helix-arran\/\" tabindex=\"-1\" target=\"&quot;_blank&quot;\">\n\t\t\t<div class=\"elementor-post__thumbnail\"><img decoding=\"async\" width=\"300\" height=\"225\" src=\"https:\/\/www.hedera-etc.com\/wp-content\/uploads\/2023\/10\/Hedera-helix-Arran-300x225.webp\" class=\"attachment-medium size-medium wp-image-457\" alt=\"Hedera helix &#039;Arran&#039;\" srcset=\"https:\/\/www.hedera-etc.com\/wp-content\/uploads\/2023\/10\/Hedera-helix-Arran-300x225.webp 300w, https:\/\/www.hedera-etc.com\/wp-content\/uploads\/2023\/10\/Hedera-helix-Arran-900x675.webp 900w, https:\/\/www.hedera-etc.com\/wp-content\/uploads\/2023\/10\/Hedera-helix-Arran-768x576.webp 768w, https:\/\/www.hedera-etc.com\/wp-content\/uploads\/2023\/10\/Hedera-helix-Arran.webp 1024w\" sizes=\"(max-width: 300px) 100vw, 300px\" \/><\/div>\n\t\t<\/a>\n\t\t\t\t<div class=\"elementor-post__text\">\n\t\t\t\t<h3 class=\"elementor-post__title\">\n\t\t\t<a href=\"https:\/\/www.hedera-etc.com\/de\/product\/hedera-helix-arran\/\" target=\"&quot;_blank&quot;\">\n\t\t\t\t<em>Hedera helix<\/em> &lsquo;Arran&rsquo; &#8211; Zier-Efeu\t\t\t<\/a>\n\t\t<\/h3>\n\t\t\t\t<div class=\"elementor-post__excerpt\">\n\t\t\t<p>Aufgrund seiner geografischen Herkunft einer der winterh\u00e4rtesten Efeuarten.<\/p> <p>Bl\u00e4tter, eher klein, dreilappig mit einem Endlappen\t\t<\/div>\n\t\t\n\t\t<a class=\"elementor-post__read-more\" href=\"https:\/\/www.hedera-etc.com\/de\/product\/hedera-helix-arran\/\" aria-label=\"Mehr \u00fcber &lt;em&gt;Hedera helix&lt;\/em&gt; &lsquo;Arran&rsquo; &#8211; Lierre d&rsquo;ornement\" tabindex=\"-1\" target=\"_blank\">\n\t\t\tWeiterlesen \u00bb\t\t<\/a>\n\n\t\t\t\t<\/div>\n\t\t\t\t<\/article>\n\t\t\t\t<article class=\"elementor-post elementor-grid-item post-622 product type-product status-publish has-post-thumbnail product_cat-lierre entry has-media last instock purchasable product-type-variable has-default-attributes has-product-nav col span_1_of_4 owp-content-center item-entry owp-thumbs-layout-horizontal owp-btn-normal owp-tabs-layout-section has-no-thumbnails\">\n\t\t\t\t<a class=\"elementor-post__thumbnail__link\" href=\"https:\/\/www.hedera-etc.com\/de\/product\/hedera-helix-emerald-globe\/\" tabindex=\"-1\" target=\"&quot;_blank&quot;\">\n\t\t\t<div class=\"elementor-post__thumbnail\"><img loading=\"lazy\" decoding=\"async\" width=\"300\" height=\"225\" src=\"https:\/\/www.hedera-etc.com\/wp-content\/uploads\/2023\/10\/Hedera-helix-Emerald-Globe-300x225.webp\" class=\"attachment-medium size-medium wp-image-623\" alt=\"Hedera helix &#039;Emerald Globe&#039;\" srcset=\"https:\/\/www.hedera-etc.com\/wp-content\/uploads\/2023\/10\/Hedera-helix-Emerald-Globe-300x225.webp 300w, https:\/\/www.hedera-etc.com\/wp-content\/uploads\/2023\/10\/Hedera-helix-Emerald-Globe-768x576.webp 768w, https:\/\/www.hedera-etc.com\/wp-content\/uploads\/2023\/10\/Hedera-helix-Emerald-Globe.webp 839w\" sizes=\"(max-width: 300px) 100vw, 300px\" \/><\/div>\n\t\t<\/a>\n\t\t\t\t<div class=\"elementor-post__text\">\n\t\t\t\t<h3 class=\"elementor-post__title\">\n\t\t\t<a href=\"https:\/\/www.hedera-etc.com\/de\/product\/hedera-helix-emerald-globe\/\" target=\"&quot;_blank&quot;\">\n\t\t\t\t<em>Hedera helix<\/em> &lsquo;Emerald Globe&rsquo; &#8211; Zier-Efeu\t\t\t<\/a>\n\t\t<\/h3>\n\t\t\t\t<div class=\"elementor-post__excerpt\">\n\t\t\t<p>Bildet einen kompakten, halb aufrechten oder gestuften Busch.<\/p> <p>Dicke, gut verzweigte und faszienartige St\u00e4ngel. Asymmetrische Bl\u00e4tter, die aus drei Lappen bestehen.\t\t<\/div>\n\t\t\n\t\t<a class=\"elementor-post__read-more\" href=\"https:\/\/www.hedera-etc.com\/de\/product\/hedera-helix-emerald-globe\/\" aria-label=\"Mehr \u00fcber &lt;em&gt;Hedera helix&lt;\/em&gt; &lsquo;Emerald Globe&rsquo; &#8211; Lierre d&rsquo;ornement\" tabindex=\"-1\" target=\"_blank\">\n\t\t\tWeiterlesen \u00bb\t\t<\/a>\n\n\t\t\t\t<\/div>\n\t\t\t\t<\/article>\n\t\t\t\t<article class=\"elementor-post elementor-grid-item post-845 product type-product status-publish has-post-thumbnail product_cat-lierre entry has-media first instock purchasable product-type-variable has-default-attributes has-product-nav col span_1_of_4 owp-content-center item-entry owp-thumbs-layout-horizontal owp-btn-normal owp-tabs-layout-section has-no-thumbnails\">\n\t\t\t\t<a class=\"elementor-post__thumbnail__link\" href=\"https:\/\/www.hedera-etc.com\/de\/product\/hedera-helix-new-look\/\" tabindex=\"-1\" target=\"&quot;_blank&quot;\">\n\t\t\t<div class=\"elementor-post__thumbnail\"><img loading=\"lazy\" decoding=\"async\" width=\"300\" height=\"225\" src=\"https:\/\/www.hedera-etc.com\/wp-content\/uploads\/2023\/10\/Hedera-helix-Ivalace-Mutation-300x225.webp\" class=\"attachment-medium size-medium wp-image-846\" alt=\"Hedera helix &#039;New Look&#039; Ver\u00e4nderung\" srcset=\"https:\/\/www.hedera-etc.com\/wp-content\/uploads\/2023\/10\/Hedera-helix-Ivalace-Mutation-300x225.webp 300w, https:\/\/www.hedera-etc.com\/wp-content\/uploads\/2023\/10\/Hedera-helix-Ivalace-Mutation-900x675.webp 900w, https:\/\/www.hedera-etc.com\/wp-content\/uploads\/2023\/10\/Hedera-helix-Ivalace-Mutation-768x576.webp 768w, https:\/\/www.hedera-etc.com\/wp-content\/uploads\/2023\/10\/Hedera-helix-Ivalace-Mutation.webp 1024w\" sizes=\"(max-width: 300px) 100vw, 300px\" \/><\/div>\n\t\t<\/a>\n\t\t\t\t<div class=\"elementor-post__text\">\n\t\t\t\t<h3 class=\"elementor-post__title\">\n\t\t\t<a href=\"https:\/\/www.hedera-etc.com\/de\/product\/hedera-helix-new-look\/\" target=\"&quot;_blank&quot;\">\n\t\t\t\t<em>Hedera helix<\/em> &lsquo;New Look&rsquo; &#8211; Zier-Efeu\t\t\t<\/a>\n\t\t<\/h3>\n\t\t\t\t<div class=\"elementor-post__excerpt\">\n\t\t\t<p><b><i>M<\/i><\/b>Sie unterscheidet sich deutlich vom Typus, da die Lappen nach vorne hin zusammengewachsen sind und so die Form eines \"K\u00e4figs\" bilden.\t\t<\/div>\n\t\t\n\t\t<a class=\"elementor-post__read-more\" href=\"https:\/\/www.hedera-etc.com\/de\/product\/hedera-helix-new-look\/\" aria-label=\"Mehr \u00fcber &lt;em&gt;Hedera helix&lt;\/em&gt; &lsquo;New Look&rsquo; &#8211; Lierre d&rsquo;ornement\" tabindex=\"-1\" target=\"_blank\">\n\t\t\tWeiterlesen \u00bb\t\t<\/a>\n\n\t\t\t\t<\/div>\n\t\t\t\t<\/article>\n\t\t\t\t<article class=\"elementor-post elementor-grid-item post-983 product type-product status-publish has-post-thumbnail product_cat-lierre entry has-media  instock purchasable product-type-variable has-default-attributes has-product-nav col span_1_of_4 owp-content-center item-entry owp-thumbs-layout-horizontal owp-btn-normal owp-tabs-layout-section\">\n\t\t\t\t<a class=\"elementor-post__thumbnail__link\" href=\"https:\/\/www.hedera-etc.com\/de\/product\/hedera-helix-malvern\/\" tabindex=\"-1\" target=\"&quot;_blank&quot;\">\n\t\t\t<div class=\"elementor-post__thumbnail\"><img loading=\"lazy\" decoding=\"async\" width=\"300\" height=\"225\" src=\"https:\/\/www.hedera-etc.com\/wp-content\/uploads\/2023\/10\/Hedera-helix-Malvern_3-300x225.webp\" class=\"attachment-medium size-medium wp-image-14416\" alt=\"Hedera helix &#039;Malvern&#039;\" srcset=\"https:\/\/www.hedera-etc.com\/wp-content\/uploads\/2023\/10\/Hedera-helix-Malvern_3-300x225.webp 300w, https:\/\/www.hedera-etc.com\/wp-content\/uploads\/2023\/10\/Hedera-helix-Malvern_3-768x576.webp 768w, https:\/\/www.hedera-etc.com\/wp-content\/uploads\/2023\/10\/Hedera-helix-Malvern_3.webp 900w\" sizes=\"(max-width: 300px) 100vw, 300px\" \/><\/div>\n\t\t<\/a>\n\t\t\t\t<div class=\"elementor-post__text\">\n\t\t\t\t<h3 class=\"elementor-post__title\">\n\t\t\t<a href=\"https:\/\/www.hedera-etc.com\/de\/product\/hedera-helix-malvern\/\" target=\"&quot;_blank&quot;\">\n\t\t\t\t<em>Hedera helix<\/em> &lsquo;Malvern&rsquo; &#8211; Zier-Efeu\t\t\t<\/a>\n\t\t<\/h3>\n\t\t\t\t<div class=\"elementor-post__excerpt\">\n\t\t\t<p>Verdankt seine Hauptattraktion seiner extremen Behaarung.<\/p> <p>Bl\u00e4tter bestehen aus 3 bis 5 spitzen Lappen. Blattrand\t\t<\/div>\n\t\t\n\t\t<a class=\"elementor-post__read-more\" href=\"https:\/\/www.hedera-etc.com\/de\/product\/hedera-helix-malvern\/\" aria-label=\"Mehr \u00fcber &lt;em&gt;Hedera helix&lt;\/em&gt; &lsquo;Malvern&rsquo; &#8211; Lierre d&rsquo;ornement\" tabindex=\"-1\" target=\"_blank\">\n\t\t\tWeiterlesen \u00bb\t\t<\/a>\n\n\t\t\t\t<\/div>\n\t\t\t\t<\/article>\n\t\t\t\t<article class=\"elementor-post elementor-grid-item post-1134 product type-product status-publish has-post-thumbnail product_cat-lierre entry has-media  instock purchasable product-type-variable has-default-attributes has-product-nav col span_1_of_4 owp-content-center item-entry owp-thumbs-layout-horizontal owp-btn-normal owp-tabs-layout-section\">\n\t\t\t\t<a class=\"elementor-post__thumbnail__link\" href=\"https:\/\/www.hedera-etc.com\/de\/product\/hedera-helix-odin\/\" tabindex=\"-1\" target=\"&quot;_blank&quot;\">\n\t\t\t<div class=\"elementor-post__thumbnail\"><img loading=\"lazy\" decoding=\"async\" width=\"300\" height=\"225\" src=\"https:\/\/www.hedera-etc.com\/wp-content\/uploads\/2023\/10\/Hedera-helix-Odin_2-300x225.webp\" class=\"attachment-medium size-medium wp-image-1135\" alt=\"Hedera helix &#039;Odin&#039;\" srcset=\"https:\/\/www.hedera-etc.com\/wp-content\/uploads\/2023\/10\/Hedera-helix-Odin_2-300x225.webp 300w, https:\/\/www.hedera-etc.com\/wp-content\/uploads\/2023\/10\/Hedera-helix-Odin_2-900x675.webp 900w, https:\/\/www.hedera-etc.com\/wp-content\/uploads\/2023\/10\/Hedera-helix-Odin_2-768x576.webp 768w, https:\/\/www.hedera-etc.com\/wp-content\/uploads\/2023\/10\/Hedera-helix-Odin_2.webp 1024w\" sizes=\"(max-width: 300px) 100vw, 300px\" \/><\/div>\n\t\t<\/a>\n\t\t\t\t<div class=\"elementor-post__text\">\n\t\t\t\t<h3 class=\"elementor-post__title\">\n\t\t\t<a href=\"https:\/\/www.hedera-etc.com\/de\/product\/hedera-helix-odin\/\" target=\"&quot;_blank&quot;\">\n\t\t\t\t<em>Hedera helix<\/em> &lsquo;Odin&rsquo; &#8211; Zier-Efeu\t\t\t<\/a>\n\t\t<\/h3>\n\t\t\t\t<div class=\"elementor-post__excerpt\">\n\t\t\t<p>Asymmetrisches Laub mit wenig ausgepr\u00e4gten Lappen.<\/p> <p>Gl\u00e4nzend gr\u00fcne Blattspreite mit einer leichten cremefarbenen Panaschierung, die ihr eine zus\u00e4tzliche Seele verleiht.<\/p>\t\t<\/div>\n\t\t\n\t\t<a class=\"elementor-post__read-more\" href=\"https:\/\/www.hedera-etc.com\/de\/product\/hedera-helix-odin\/\" aria-label=\"Mehr \u00fcber &lt;em&gt;Hedera helix&lt;\/em&gt; &lsquo;Odin&rsquo; &#8211; Lierre d&rsquo;ornement\" tabindex=\"-1\" target=\"_blank\">\n\t\t\tWeiterlesen \u00bb\t\t<\/a>\n\n\t\t\t\t<\/div>\n\t\t\t\t<\/article>\n\t\t\t\t<article class=\"elementor-post elementor-grid-item post-1303 product type-product status-publish has-post-thumbnail product_cat-lierre entry has-media last instock purchasable product-type-variable has-default-attributes has-product-nav col span_1_of_4 owp-content-center item-entry owp-thumbs-layout-horizontal owp-btn-normal owp-tabs-layout-section has-no-thumbnails\">\n\t\t\t\t<a class=\"elementor-post__thumbnail__link\" href=\"https:\/\/www.hedera-etc.com\/de\/product\/hedera-helix-rouge-hivernal\/\" tabindex=\"-1\" target=\"&quot;_blank&quot;\">\n\t\t\t<div class=\"elementor-post__thumbnail\"><img loading=\"lazy\" decoding=\"async\" width=\"300\" height=\"230\" src=\"https:\/\/www.hedera-etc.com\/wp-content\/uploads\/2023\/11\/Hedera-helix-Rouge-Hivernal-300x230.webp\" class=\"attachment-medium size-medium wp-image-1304\" alt=\"Hedera helix &#039;Rouge Hivernal&#039;\" srcset=\"https:\/\/www.hedera-etc.com\/wp-content\/uploads\/2023\/11\/Hedera-helix-Rouge-Hivernal-300x230.webp 300w, https:\/\/www.hedera-etc.com\/wp-content\/uploads\/2023\/11\/Hedera-helix-Rouge-Hivernal-768x589.webp 768w, https:\/\/www.hedera-etc.com\/wp-content\/uploads\/2023\/11\/Hedera-helix-Rouge-Hivernal.webp 800w\" sizes=\"(max-width: 300px) 100vw, 300px\" \/><\/div>\n\t\t<\/a>\n\t\t\t\t<div class=\"elementor-post__text\">\n\t\t\t\t<h3 class=\"elementor-post__title\">\n\t\t\t<a href=\"https:\/\/www.hedera-etc.com\/de\/product\/hedera-helix-rouge-hivernal\/\" target=\"&quot;_blank&quot;\">\n\t\t\t\t<em>Hedera helix<\/em> &lsquo;Rouge Hivernal&rsquo; &#8211; Zier-Efeu\t\t\t<\/a>\n\t\t<\/h3>\n\t\t\t\t<div class=\"elementor-post__excerpt\">\n\t\t\t<p>Selektion nahe der Typusart, deren spezifisches Interesse aus der sch\u00f6nen bronzefarbenen F\u00e4rbung der Bl\u00e4tter im Winter bei Wetter resultiert\t\t<\/div>\n\t\t\n\t\t<a class=\"elementor-post__read-more\" href=\"https:\/\/www.hedera-etc.com\/de\/product\/hedera-helix-rouge-hivernal\/\" aria-label=\"Mehr \u00fcber &lt;em&gt;Hedera helix&lt;\/em&gt; &lsquo;Rouge Hivernal&rsquo; &#8211; Lierre d&rsquo;ornement\" tabindex=\"-1\" target=\"_blank\">\n\t\t\tWeiterlesen \u00bb\t\t<\/a>\n\n\t\t\t\t<\/div>\n\t\t\t\t<\/article>\n\t\t\t\t<article class=\"elementor-post elementor-grid-item post-1475 product type-product status-publish has-post-thumbnail product_cat-lierre entry has-media first instock purchasable product-type-variable has-default-attributes has-product-nav col span_1_of_4 owp-content-center item-entry owp-thumbs-layout-horizontal owp-btn-normal owp-tabs-layout-section\">\n\t\t\t\t<a class=\"elementor-post__thumbnail__link\" href=\"https:\/\/www.hedera-etc.com\/de\/product\/hedera-helix-star\/\" tabindex=\"-1\" target=\"&quot;_blank&quot;\">\n\t\t\t<div class=\"elementor-post__thumbnail\"><img loading=\"lazy\" decoding=\"async\" width=\"300\" height=\"225\" src=\"https:\/\/www.hedera-etc.com\/wp-content\/uploads\/2023\/11\/Hedera-helix-Star-300x225.webp\" class=\"attachment-medium size-medium wp-image-14117\" alt=\"Hedera helix &#039;Star&#039;\" srcset=\"https:\/\/www.hedera-etc.com\/wp-content\/uploads\/2023\/11\/Hedera-helix-Star-300x225.webp 300w, https:\/\/www.hedera-etc.com\/wp-content\/uploads\/2023\/11\/Hedera-helix-Star-768x576.webp 768w, https:\/\/www.hedera-etc.com\/wp-content\/uploads\/2023\/11\/Hedera-helix-Star.webp 900w\" sizes=\"(max-width: 300px) 100vw, 300px\" \/><\/div>\n\t\t<\/a>\n\t\t\t\t<div class=\"elementor-post__text\">\n\t\t\t\t<h3 class=\"elementor-post__title\">\n\t\t\t<a href=\"https:\/\/www.hedera-etc.com\/de\/product\/hedera-helix-star\/\" target=\"&quot;_blank&quot;\">\n\t\t\t\t<em>Hedera helix<\/em> &lsquo;Star&rsquo; &#8211; Zier-Efeu\t\t\t<\/a>\n\t\t<\/h3>\n\t\t\t\t<div class=\"elementor-post__excerpt\">\n\t\t\t<p>Kr\u00e4ftige, verzweigte Pflanze, die gro\u00dfe Massen an hellgr\u00fcnem Laub bildet.<\/p> <p>Sagittales Blatt, das aus 5 Lappen besteht, wobei der mittlere Lappen\t\t<\/div>\n\t\t\n\t\t<a class=\"elementor-post__read-more\" href=\"https:\/\/www.hedera-etc.com\/de\/product\/hedera-helix-star\/\" aria-label=\"Mehr \u00fcber &lt;em&gt;Hedera helix&lt;\/em&gt; &lsquo;Star&rsquo; &#8211; Lierre d&rsquo;ornement\" tabindex=\"-1\" target=\"_blank\">\n\t\t\tWeiterlesen \u00bb\t\t<\/a>\n\n\t\t\t\t<\/div>\n\t\t\t\t<\/article>\n\t\t\t\t<article class=\"elementor-post elementor-grid-item post-1621 product type-product status-publish has-post-thumbnail product_cat-lierre entry has-media  instock purchasable product-type-variable has-default-attributes has-product-nav col span_1_of_4 owp-content-center item-entry owp-thumbs-layout-horizontal owp-btn-normal owp-tabs-layout-section\">\n\t\t\t\t<a class=\"elementor-post__thumbnail__link\" href=\"https:\/\/www.hedera-etc.com\/de\/product\/hedera-helix-vitis\/\" tabindex=\"-1\" target=\"&quot;_blank&quot;\">\n\t\t\t<div class=\"elementor-post__thumbnail\"><img loading=\"lazy\" decoding=\"async\" width=\"300\" height=\"225\" src=\"https:\/\/www.hedera-etc.com\/wp-content\/uploads\/2023\/11\/Hedera-helix-Vitis_2-300x225.webp\" class=\"attachment-medium size-medium wp-image-14022\" alt=\"Hedera helix &#039;Vitis&#039;\" srcset=\"https:\/\/www.hedera-etc.com\/wp-content\/uploads\/2023\/11\/Hedera-helix-Vitis_2-300x225.webp 300w, https:\/\/www.hedera-etc.com\/wp-content\/uploads\/2023\/11\/Hedera-helix-Vitis_2-900x675.webp 900w, https:\/\/www.hedera-etc.com\/wp-content\/uploads\/2023\/11\/Hedera-helix-Vitis_2-768x576.webp 768w, https:\/\/www.hedera-etc.com\/wp-content\/uploads\/2023\/11\/Hedera-helix-Vitis_2.webp 1024w\" sizes=\"(max-width: 300px) 100vw, 300px\" \/><\/div>\n\t\t<\/a>\n\t\t\t\t<div class=\"elementor-post__text\">\n\t\t\t\t<h3 class=\"elementor-post__title\">\n\t\t\t<a href=\"https:\/\/www.hedera-etc.com\/de\/product\/hedera-helix-vitis\/\" target=\"&quot;_blank&quot;\">\n\t\t\t\t<em>Hedera helix<\/em> &lsquo;Vitis&rsquo;- Zier-Efeu\t\t\t<\/a>\n\t\t<\/h3>\n\t\t\t\t<div class=\"elementor-post__excerpt\">\n\t\t\t<p>Bl\u00e4tter, die ein wenig den Weinbl\u00e4ttern \u00e4hneln, nur kleiner. Lappen spitz und nach unten gebogen.<\/p>\t\t<\/div>\n\t\t\n\t\t<a class=\"elementor-post__read-more\" href=\"https:\/\/www.hedera-etc.com\/de\/product\/hedera-helix-vitis\/\" aria-label=\"Mehr \u00fcber &lt;em&gt;Hedera helix&lt;\/em&gt; &lsquo;Vitis&rsquo;- Lierre d&rsquo;ornement\" tabindex=\"-1\" target=\"_blank\">\n\t\t\tWeiterlesen \u00bb\t\t<\/a>\n\n\t\t\t\t<\/div>\n\t\t\t\t<\/article>\n\t\t\t\t<article class=\"elementor-post elementor-grid-item post-1796 product type-product status-publish has-post-thumbnail product_cat-lierre entry has-media  instock purchasable product-type-variable has-default-attributes has-product-nav col span_1_of_4 owp-content-center item-entry owp-thumbs-layout-horizontal owp-btn-normal owp-tabs-layout-section\">\n\t\t\t\t<a class=\"elementor-post__thumbnail__link\" href=\"https:\/\/www.hedera-etc.com\/de\/product\/hedera-hibernica-digitata\/\" tabindex=\"-1\" target=\"&quot;_blank&quot;\">\n\t\t\t<div class=\"elementor-post__thumbnail\"><img loading=\"lazy\" decoding=\"async\" width=\"300\" height=\"225\" src=\"https:\/\/www.hedera-etc.com\/wp-content\/uploads\/2023\/11\/Hedera-hibernica-Digitata_2-1-300x225.webp\" class=\"attachment-medium size-medium wp-image-13876\" alt=\"Hedera hibernica &#039;Digitata&#039;\" srcset=\"https:\/\/www.hedera-etc.com\/wp-content\/uploads\/2023\/11\/Hedera-hibernica-Digitata_2-1-300x225.webp 300w, https:\/\/www.hedera-etc.com\/wp-content\/uploads\/2023\/11\/Hedera-hibernica-Digitata_2-1-900x675.webp 900w, https:\/\/www.hedera-etc.com\/wp-content\/uploads\/2023\/11\/Hedera-hibernica-Digitata_2-1-1024x768.webp 1024w, https:\/\/www.hedera-etc.com\/wp-content\/uploads\/2023\/11\/Hedera-hibernica-Digitata_2-1-768x576.webp 768w, https:\/\/www.hedera-etc.com\/wp-content\/uploads\/2023\/11\/Hedera-hibernica-Digitata_2-1-1536x1152.webp 1536w, https:\/\/www.hedera-etc.com\/wp-content\/uploads\/2023\/11\/Hedera-hibernica-Digitata_2-1-1320x990.webp 1320w, https:\/\/www.hedera-etc.com\/wp-content\/uploads\/2023\/11\/Hedera-hibernica-Digitata_2-1.webp 1600w\" sizes=\"(max-width: 300px) 100vw, 300px\" \/><\/div>\n\t\t<\/a>\n\t\t\t\t<div class=\"elementor-post__text\">\n\t\t\t\t<h3 class=\"elementor-post__title\">\n\t\t\t<a href=\"https:\/\/www.hedera-etc.com\/de\/product\/hedera-hibernica-digitata\/\" target=\"&quot;_blank&quot;\">\n\t\t\t\t<em>Hedera hibernica<\/em> &lsquo;Digitata&rsquo; &#8211; Irisches Efeu\t\t\t<\/a>\n\t\t<\/h3>\n\t\t\t\t<div class=\"elementor-post__excerpt\">\n\t\t\t<p>Efeu mit kleinen Bl\u00e4ttern, die in der Regel aus f\u00fcnf Lappen bestehen, die oft unterschiedlich sind, einige sind zahnartig, daher der Name.<\/p> <p>Langsames Wachstum,\t\t<\/div>\n\t\t\n\t\t<a class=\"elementor-post__read-more\" href=\"https:\/\/www.hedera-etc.com\/de\/product\/hedera-hibernica-digitata\/\" aria-label=\"Mehr \u00fcber &lt;em&gt;Hedera hibernica&lt;\/em&gt; &lsquo;Digitata&rsquo; &#8211; Lierre d&rsquo;Irlande\" tabindex=\"-1\" target=\"_blank\">\n\t\t\tWeiterlesen \u00bb\t\t<\/a>\n\n\t\t\t\t<\/div>\n\t\t\t\t<\/article>\n\t\t\t\t<article class=\"elementor-post elementor-grid-item post-1918 product type-product status-publish has-post-thumbnail product_cat-lierre entry has-media last instock purchasable product-type-variable has-default-attributes has-product-nav col span_1_of_4 owp-content-center item-entry owp-thumbs-layout-horizontal owp-btn-normal owp-tabs-layout-section has-no-thumbnails\">\n\t\t\t\t<a class=\"elementor-post__thumbnail__link\" href=\"https:\/\/www.hedera-etc.com\/de\/product\/hedera-helix-cristo\/\" tabindex=\"-1\" target=\"&quot;_blank&quot;\">\n\t\t\t<div class=\"elementor-post__thumbnail\"><img loading=\"lazy\" decoding=\"async\" width=\"300\" height=\"225\" src=\"https:\/\/www.hedera-etc.com\/wp-content\/uploads\/2023\/11\/Hedera-helix-Touch-Of-Class-fasciation-300x225.webp\" class=\"attachment-medium size-medium wp-image-1919\" alt=\"Hedera helix &#039;Cristo&#039;\" srcset=\"https:\/\/www.hedera-etc.com\/wp-content\/uploads\/2023\/11\/Hedera-helix-Touch-Of-Class-fasciation-300x225.webp 300w, https:\/\/www.hedera-etc.com\/wp-content\/uploads\/2023\/11\/Hedera-helix-Touch-Of-Class-fasciation-900x675.webp 900w, https:\/\/www.hedera-etc.com\/wp-content\/uploads\/2023\/11\/Hedera-helix-Touch-Of-Class-fasciation-768x576.webp 768w, https:\/\/www.hedera-etc.com\/wp-content\/uploads\/2023\/11\/Hedera-helix-Touch-Of-Class-fasciation.webp 1024w\" sizes=\"(max-width: 300px) 100vw, 300px\" \/><\/div>\n\t\t<\/a>\n\t\t\t\t<div class=\"elementor-post__text\">\n\t\t\t\t<h3 class=\"elementor-post__title\">\n\t\t\t<a href=\"https:\/\/www.hedera-etc.com\/de\/product\/hedera-helix-cristo\/\" target=\"&quot;_blank&quot;\">\n\t\t\t\t<em>Hedera helix<\/em> &lsquo;Cristo&rsquo; &#8211; Zier-Efeu\t\t\t<\/a>\n\t\t<\/h3>\n\t\t\t\t<div class=\"elementor-post__excerpt\">\n\t\t\t<p>Efeu mit einer kompakten Form. Bl\u00e4tter in sich selbst eingerollt. Manchmal mit Ausw\u00fcchsen am Blattrand.<\/p> <p>Ergebnis\t\t<\/div>\n\t\t\n\t\t<a class=\"elementor-post__read-more\" href=\"https:\/\/www.hedera-etc.com\/de\/product\/hedera-helix-cristo\/\" aria-label=\"Mehr \u00fcber &lt;em&gt;Hedera helix&lt;\/em&gt; &lsquo;Cristo&rsquo; &#8211; Lierre d&rsquo;ornement\" tabindex=\"-1\" target=\"_blank\">\n\t\t\tWeiterlesen \u00bb\t\t<\/a>\n\n\t\t\t\t<\/div>\n\t\t\t\t<\/article>\n\t\t\t\t<article class=\"elementor-post elementor-grid-item post-2069 product type-product status-publish has-post-thumbnail product_cat-lierre entry has-media first instock purchasable product-type-variable has-default-attributes has-product-nav col span_1_of_4 owp-content-center item-entry owp-thumbs-layout-horizontal owp-btn-normal owp-tabs-layout-section has-no-thumbnails\">\n\t\t\t\t<a class=\"elementor-post__thumbnail__link\" href=\"https:\/\/www.hedera-etc.com\/de\/product\/hedera-helix-chalice\/\" tabindex=\"-1\" target=\"&quot;_blank&quot;\">\n\t\t\t<div class=\"elementor-post__thumbnail\"><img loading=\"lazy\" decoding=\"async\" width=\"300\" height=\"225\" src=\"https:\/\/www.hedera-etc.com\/wp-content\/uploads\/2023\/11\/Hedera-helix-Chalice-300x225.webp\" class=\"attachment-medium size-medium wp-image-2070\" alt=\"Hedera helix &#039;Chalice&#039;\" srcset=\"https:\/\/www.hedera-etc.com\/wp-content\/uploads\/2023\/11\/Hedera-helix-Chalice-300x225.webp 300w, https:\/\/www.hedera-etc.com\/wp-content\/uploads\/2023\/11\/Hedera-helix-Chalice-768x576.webp 768w, https:\/\/www.hedera-etc.com\/wp-content\/uploads\/2023\/11\/Hedera-helix-Chalice.webp 839w\" sizes=\"(max-width: 300px) 100vw, 300px\" \/><\/div>\n\t\t<\/a>\n\t\t\t\t<div class=\"elementor-post__text\">\n\t\t\t\t<h3 class=\"elementor-post__title\">\n\t\t\t<a href=\"https:\/\/www.hedera-etc.com\/de\/product\/hedera-helix-chalice\/\" target=\"&quot;_blank&quot;\">\n\t\t\t\t<em>Hedera helix<\/em> &lsquo;Chalice&rsquo; &#8211; Zier-Efeu\t\t\t<\/a>\n\t\t<\/h3>\n\t\t\t\t<div class=\"elementor-post__excerpt\">\n\t\t\t<p>Langsam wachsende Efeupflanze. Bl\u00e4tter, unregelm\u00e4\u00dfig geformt und gekr\u00fcmmt, aus 5 bis 7 Lappen mit gewellten R\u00e4ndern bestehend, gl\u00e4nzend\t\t<\/div>\n\t\t\n\t\t<a class=\"elementor-post__read-more\" href=\"https:\/\/www.hedera-etc.com\/de\/product\/hedera-helix-chalice\/\" aria-label=\"Mehr \u00fcber &lt;em&gt;Hedera helix&lt;\/em&gt; &lsquo;Chalice&rsquo; &#8211; Lierre d&rsquo;ornement\" tabindex=\"-1\" target=\"_blank\">\n\t\t\tWeiterlesen \u00bb\t\t<\/a>\n\n\t\t\t\t<\/div>\n\t\t\t\t<\/article>\n\t\t\t\t<article class=\"elementor-post elementor-grid-item post-2215 product type-product status-publish has-post-thumbnail product_cat-lierre entry has-media  instock purchasable product-type-variable has-default-attributes has-product-nav col span_1_of_4 owp-content-center item-entry owp-thumbs-layout-horizontal owp-btn-normal owp-tabs-layout-section\">\n\t\t\t\t<a class=\"elementor-post__thumbnail__link\" href=\"https:\/\/www.hedera-etc.com\/de\/product\/hedera-helix-little-witch\/\" tabindex=\"-1\" target=\"&quot;_blank&quot;\">\n\t\t\t<div class=\"elementor-post__thumbnail\"><img loading=\"lazy\" decoding=\"async\" width=\"300\" height=\"225\" src=\"https:\/\/www.hedera-etc.com\/wp-content\/uploads\/2023\/11\/Hedera-helix-Little-Witch-300x225.webp\" class=\"attachment-medium size-medium wp-image-2216\" alt=\"Hedera helix &#039;Little Witch&#039;\" srcset=\"https:\/\/www.hedera-etc.com\/wp-content\/uploads\/2023\/11\/Hedera-helix-Little-Witch-300x225.webp 300w, https:\/\/www.hedera-etc.com\/wp-content\/uploads\/2023\/11\/Hedera-helix-Little-Witch-900x675.webp 900w, https:\/\/www.hedera-etc.com\/wp-content\/uploads\/2023\/11\/Hedera-helix-Little-Witch-768x576.webp 768w, https:\/\/www.hedera-etc.com\/wp-content\/uploads\/2023\/11\/Hedera-helix-Little-Witch.webp 1024w\" sizes=\"(max-width: 300px) 100vw, 300px\" \/><\/div>\n\t\t<\/a>\n\t\t\t\t<div class=\"elementor-post__text\">\n\t\t\t\t<h3 class=\"elementor-post__title\">\n\t\t\t<a href=\"https:\/\/www.hedera-etc.com\/de\/product\/hedera-helix-little-witch\/\" target=\"&quot;_blank&quot;\">\n\t\t\t\t<em>Hedera helix<\/em> &lsquo;Little Witch&rsquo; &#8211; Zier-Efeu\t\t\t<\/a>\n\t\t<\/h3>\n\t\t\t\t<div class=\"elementor-post__excerpt\">\n\t\t\t<p>Originell gedrehtes, mittelgr\u00fcnes Blatt, das sich bei K\u00e4lte dunkler f\u00e4rbt.<\/p> <p>Lobi so tief, dass sie fast bis zum Stiel reichen, h\u00e4ufig mit\t\t<\/div>\n\t\t\n\t\t<a class=\"elementor-post__read-more\" href=\"https:\/\/www.hedera-etc.com\/de\/product\/hedera-helix-little-witch\/\" aria-label=\"Mehr \u00fcber &lt;em&gt;Hedera helix&lt;\/em&gt; &lsquo;Little Witch&rsquo; &#8211; Lierre d&rsquo;ornement\" tabindex=\"-1\" target=\"_blank\">\n\t\t\tWeiterlesen \u00bb\t\t<\/a>\n\n\t\t\t\t<\/div>\n\t\t\t\t<\/article>\n\t\t\t\t<article class=\"elementor-post elementor-grid-item post-3719 product type-product status-publish has-post-thumbnail product_cat-lierre entry has-media  instock purchasable product-type-variable has-default-attributes has-product-nav col span_1_of_4 owp-content-center item-entry owp-thumbs-layout-horizontal owp-btn-normal owp-tabs-layout-section\">\n\t\t\t\t<a class=\"elementor-post__thumbnail__link\" href=\"https:\/\/www.hedera-etc.com\/de\/product\/hedera-helix-mein-herz\/\" tabindex=\"-1\" target=\"&quot;_blank&quot;\">\n\t\t\t<div class=\"elementor-post__thumbnail\"><img loading=\"lazy\" decoding=\"async\" width=\"300\" height=\"225\" src=\"https:\/\/www.hedera-etc.com\/wp-content\/uploads\/2024\/01\/Hedera-helix-Main-Hertz_2-300x225.webp\" class=\"attachment-medium size-medium wp-image-3720\" alt=\"Hedera helix &#039;Mein Herz&#039;\" srcset=\"https:\/\/www.hedera-etc.com\/wp-content\/uploads\/2024\/01\/Hedera-helix-Main-Hertz_2-300x225.webp 300w, https:\/\/www.hedera-etc.com\/wp-content\/uploads\/2024\/01\/Hedera-helix-Main-Hertz_2-900x675.webp 900w, https:\/\/www.hedera-etc.com\/wp-content\/uploads\/2024\/01\/Hedera-helix-Main-Hertz_2-768x576.webp 768w, https:\/\/www.hedera-etc.com\/wp-content\/uploads\/2024\/01\/Hedera-helix-Main-Hertz_2.webp 1024w\" sizes=\"(max-width: 300px) 100vw, 300px\" \/><\/div>\n\t\t<\/a>\n\t\t\t\t<div class=\"elementor-post__text\">\n\t\t\t\t<h3 class=\"elementor-post__title\">\n\t\t\t<a href=\"https:\/\/www.hedera-etc.com\/de\/product\/hedera-helix-mein-herz\/\" target=\"&quot;_blank&quot;\">\n\t\t\t\t<em>Hedera helix<\/em> &lsquo;Mein Herz&rsquo; &#8211; Zier-Efeu\t\t\t<\/a>\n\t\t<\/h3>\n\t\t\t\t<div class=\"elementor-post__excerpt\">\n\t\t\t<p>Dunkelgr\u00fcne, l\u00e4nglich geformte, ungelappte, sch\u00f6n ge\u00e4derte Bl\u00e4tter.<\/p> <p>St\u00e4ngel mit 2 cm langen Internodien, die Triebe bilden\t\t<\/div>\n\t\t\n\t\t<a class=\"elementor-post__read-more\" href=\"https:\/\/www.hedera-etc.com\/de\/product\/hedera-helix-mein-herz\/\" aria-label=\"Mehr \u00fcber &lt;em&gt;Hedera helix&lt;\/em&gt; &lsquo;Mein Herz&rsquo; &#8211; Lierre d&rsquo;ornement\" tabindex=\"-1\" target=\"_blank\">\n\t\t\tWeiterlesen \u00bb\t\t<\/a>\n\n\t\t\t\t<\/div>\n\t\t\t\t<\/article>\n\t\t\t\t<article class=\"elementor-post elementor-grid-item post-4178 product type-product status-publish has-post-thumbnail product_cat-lierre entry has-media last instock shipping-taxable purchasable product-type-variable has-default-attributes has-product-nav col span_1_of_4 owp-content-center item-entry owp-thumbs-layout-horizontal owp-btn-normal owp-tabs-layout-section has-no-thumbnails\">\n\t\t\t\t<a class=\"elementor-post__thumbnail__link\" href=\"https:\/\/www.hedera-etc.com\/de\/product\/hedera-algeriensis\/\" tabindex=\"-1\" target=\"&quot;_blank&quot;\">\n\t\t\t<div class=\"elementor-post__thumbnail\"><img loading=\"lazy\" decoding=\"async\" width=\"300\" height=\"225\" src=\"https:\/\/www.hedera-etc.com\/wp-content\/uploads\/2024\/03\/Hedera-algeriensis-300x225.webp\" class=\"attachment-medium size-medium wp-image-4228\" alt=\"Hedera algeriensis - Lierre d&#039;Alg\u00e9rie\" srcset=\"https:\/\/www.hedera-etc.com\/wp-content\/uploads\/2024\/03\/Hedera-algeriensis-300x225.webp 300w, https:\/\/www.hedera-etc.com\/wp-content\/uploads\/2024\/03\/Hedera-algeriensis-900x675.webp 900w, https:\/\/www.hedera-etc.com\/wp-content\/uploads\/2024\/03\/Hedera-algeriensis-1024x768.webp 1024w, https:\/\/www.hedera-etc.com\/wp-content\/uploads\/2024\/03\/Hedera-algeriensis-768x576.webp 768w, https:\/\/www.hedera-etc.com\/wp-content\/uploads\/2024\/03\/Hedera-algeriensis-1536x1152.webp 1536w, https:\/\/www.hedera-etc.com\/wp-content\/uploads\/2024\/03\/Hedera-algeriensis-1320x990.webp 1320w, https:\/\/www.hedera-etc.com\/wp-content\/uploads\/2024\/03\/Hedera-algeriensis.webp 1600w\" sizes=\"(max-width: 300px) 100vw, 300px\" \/><\/div>\n\t\t<\/a>\n\t\t\t\t<div class=\"elementor-post__text\">\n\t\t\t\t<h3 class=\"elementor-post__title\">\n\t\t\t<a href=\"https:\/\/www.hedera-etc.com\/de\/product\/hedera-algeriensis\/\" target=\"&quot;_blank&quot;\">\n\t\t\t\t<em>Hedera algeriensis<\/em> oder Algerischer Efeu\t\t\t<\/a>\n\t\t<\/h3>\n\t\t\t\t<div class=\"elementor-post__excerpt\">\n\t\t\t<p>Wie der Name schon sagt, urspr\u00fcnglich aus dem Norden Algeriens und Tunesiens.<\/p> <p>Gro\u00dfbl\u00e4ttriger Efeu, 3-lappig\t\t<\/div>\n\t\t\n\t\t<a class=\"elementor-post__read-more\" href=\"https:\/\/www.hedera-etc.com\/de\/product\/hedera-algeriensis\/\" aria-label=\"Mehr \u00fcber &lt;em&gt;Hedera algeriensis&lt;\/em&gt; ou lierre d&rsquo;Alg\u00e9rie\" tabindex=\"-1\" target=\"_blank\">\n\t\t\tWeiterlesen \u00bb\t\t<\/a>\n\n\t\t\t\t<\/div>\n\t\t\t\t<\/article>\n\t\t\t\t<article class=\"elementor-post elementor-grid-item post-16095 product type-product status-publish has-post-thumbnail product_cat-lierre entry has-media first instock shipping-taxable purchasable product-type-variable has-default-attributes has-product-nav col span_1_of_4 owp-content-center item-entry owp-thumbs-layout-horizontal owp-btn-normal owp-tabs-layout-section\">\n\t\t\t\t<a class=\"elementor-post__thumbnail__link\" href=\"https:\/\/www.hedera-etc.com\/de\/product\/hedera-helix-chrysophylla-adulte\/\" tabindex=\"-1\" target=\"&quot;_blank&quot;\">\n\t\t\t<div class=\"elementor-post__thumbnail\"><img loading=\"lazy\" decoding=\"async\" width=\"300\" height=\"225\" src=\"https:\/\/www.hedera-etc.com\/wp-content\/uploads\/2025\/11\/Hedera-helix-Chrysophylla-adulte_3_2-300x225.webp\" class=\"attachment-medium size-medium wp-image-16096\" alt=\"Hedera helix &#039;Chrysophylla&#039; ausgewachsener\" srcset=\"https:\/\/www.hedera-etc.com\/wp-content\/uploads\/2025\/11\/Hedera-helix-Chrysophylla-adulte_3_2-300x225.webp 300w, https:\/\/www.hedera-etc.com\/wp-content\/uploads\/2025\/11\/Hedera-helix-Chrysophylla-adulte_3_2-900x675.webp 900w, https:\/\/www.hedera-etc.com\/wp-content\/uploads\/2025\/11\/Hedera-helix-Chrysophylla-adulte_3_2-1024x768.webp 1024w, https:\/\/www.hedera-etc.com\/wp-content\/uploads\/2025\/11\/Hedera-helix-Chrysophylla-adulte_3_2-768x576.webp 768w, https:\/\/www.hedera-etc.com\/wp-content\/uploads\/2025\/11\/Hedera-helix-Chrysophylla-adulte_3_2-1536x1152.webp 1536w, https:\/\/www.hedera-etc.com\/wp-content\/uploads\/2025\/11\/Hedera-helix-Chrysophylla-adulte_3_2-1320x990.webp 1320w, https:\/\/www.hedera-etc.com\/wp-content\/uploads\/2025\/11\/Hedera-helix-Chrysophylla-adulte_3_2.webp 1600w\" sizes=\"(max-width: 300px) 100vw, 300px\" \/><\/div>\n\t\t<\/a>\n\t\t\t\t<div class=\"elementor-post__text\">\n\t\t\t\t<h3 class=\"elementor-post__title\">\n\t\t\t<a href=\"https:\/\/www.hedera-etc.com\/de\/product\/hedera-helix-chrysophylla-adulte\/\" target=\"&quot;_blank&quot;\">\n\t\t\t\t<em>Hedera helix<\/em> &lsquo;Chrysophylla&rsquo; ausgewachsener\t\t\t<\/a>\n\t\t<\/h3>\n\t\t\t\t<div class=\"elementor-post__excerpt\">\n\t\t\t<p>In der ausgewachsenen Form hat diese Efeuart runde bis herzf\u00f6rmige Bl\u00e4tter.<\/p> <p>Die meisten Bl\u00e4tter sind gr\u00fcn,\t\t<\/div>\n\t\t\n\t\t<a class=\"elementor-post__read-more\" href=\"https:\/\/www.hedera-etc.com\/de\/product\/hedera-helix-chrysophylla-adulte\/\" aria-label=\"Mehr \u00fcber &lt;em&gt;Hedera helix&lt;\/em&gt; &lsquo;Chrysophylla&rsquo; adulte\" tabindex=\"-1\" target=\"_blank\">\n\t\t\tWeiterlesen \u00bb\t\t<\/a>\n\n\t\t\t\t<\/div>\n\t\t\t\t<\/article>\n\t\t\t\t<article class=\"elementor-post elementor-grid-item post-16764 product type-product status-publish has-post-thumbnail product_cat-lierre entry has-media  instock shipping-taxable purchasable product-type-variable has-default-attributes has-product-nav col span_1_of_4 owp-content-center item-entry owp-thumbs-layout-horizontal owp-btn-normal owp-tabs-layout-section\">\n\t\t\t\t<a class=\"elementor-post__thumbnail__link\" href=\"https:\/\/www.hedera-etc.com\/de\/product\/hedera-helix-jacky\/\" tabindex=\"-1\" target=\"&quot;_blank&quot;\">\n\t\t\t<div class=\"elementor-post__thumbnail\"><img loading=\"lazy\" decoding=\"async\" width=\"300\" height=\"225\" src=\"https:\/\/www.hedera-etc.com\/wp-content\/uploads\/2025\/11\/Hedera-helix-Jacky_2-300x225.webp\" class=\"attachment-medium size-medium wp-image-16767\" alt=\"Hedera helix &#039;Jacky&#039;\" srcset=\"https:\/\/www.hedera-etc.com\/wp-content\/uploads\/2025\/11\/Hedera-helix-Jacky_2-300x225.webp 300w, https:\/\/www.hedera-etc.com\/wp-content\/uploads\/2025\/11\/Hedera-helix-Jacky_2-900x675.webp 900w, https:\/\/www.hedera-etc.com\/wp-content\/uploads\/2025\/11\/Hedera-helix-Jacky_2-1024x768.webp 1024w, https:\/\/www.hedera-etc.com\/wp-content\/uploads\/2025\/11\/Hedera-helix-Jacky_2-768x576.webp 768w, https:\/\/www.hedera-etc.com\/wp-content\/uploads\/2025\/11\/Hedera-helix-Jacky_2-1536x1152.webp 1536w, https:\/\/www.hedera-etc.com\/wp-content\/uploads\/2025\/11\/Hedera-helix-Jacky_2-1320x990.webp 1320w, https:\/\/www.hedera-etc.com\/wp-content\/uploads\/2025\/11\/Hedera-helix-Jacky_2.webp 1600w\" sizes=\"(max-width: 300px) 100vw, 300px\" \/><\/div>\n\t\t<\/a>\n\t\t\t\t<div class=\"elementor-post__text\">\n\t\t\t\t<h3 class=\"elementor-post__title\">\n\t\t\t<a href=\"https:\/\/www.hedera-etc.com\/de\/product\/hedera-helix-jacky\/\" target=\"&quot;_blank&quot;\">\n\t\t\t\t<em>Hedera helix<\/em> &lsquo;Jacky&rsquo; &#8211; Zier-Efeu\t\t\t<\/a>\n\t\t<\/h3>\n\t\t\t\t<div class=\"elementor-post__excerpt\">\n\t\t\t<p>Efeu, dessen Bl\u00e4tter sich bei K\u00e4lte mit einer sch\u00f6nen dunkelroten Marmorierung f\u00e4rben.<\/p> <p>Blattspreite aus 5 Lappen bestehend\t\t<\/div>\n\t\t\n\t\t<a class=\"elementor-post__read-more\" href=\"https:\/\/www.hedera-etc.com\/de\/product\/hedera-helix-jacky\/\" aria-label=\"Mehr \u00fcber &lt;em&gt;Hedera helix&lt;\/em&gt; &lsquo;Jacky&rsquo; &#8211; lierre ornemental\" tabindex=\"-1\" target=\"_blank\">\n\t\t\tWeiterlesen \u00bb\t\t<\/a>\n\n\t\t\t\t<\/div>\n\t\t\t\t<\/article>\n\t\t\t\t<article class=\"elementor-post elementor-grid-item post-17132 product type-product status-publish has-post-thumbnail product_cat-lierre entry has-media  instock shipping-taxable purchasable product-type-variable has-default-attributes has-product-nav col span_1_of_4 owp-content-center item-entry owp-thumbs-layout-horizontal owp-btn-normal owp-tabs-layout-section\">\n\t\t\t\t<a class=\"elementor-post__thumbnail__link\" href=\"https:\/\/www.hedera-etc.com\/de\/product\/hedera-helix-on-the-fritz\/\" tabindex=\"-1\" target=\"&quot;_blank&quot;\">\n\t\t\t<div class=\"elementor-post__thumbnail\"><img loading=\"lazy\" decoding=\"async\" width=\"300\" height=\"200\" src=\"https:\/\/www.hedera-etc.com\/wp-content\/uploads\/2025\/11\/Hedera-helix-On-the-Fritz_3-300x200.webp\" class=\"attachment-medium size-medium wp-image-17135\" alt=\"Hedera helix &#039;On the Fritz&#039;\" srcset=\"https:\/\/www.hedera-etc.com\/wp-content\/uploads\/2025\/11\/Hedera-helix-On-the-Fritz_3-300x200.webp 300w, https:\/\/www.hedera-etc.com\/wp-content\/uploads\/2025\/11\/Hedera-helix-On-the-Fritz_3-900x600.webp 900w, https:\/\/www.hedera-etc.com\/wp-content\/uploads\/2025\/11\/Hedera-helix-On-the-Fritz_3-1024x683.webp 1024w, https:\/\/www.hedera-etc.com\/wp-content\/uploads\/2025\/11\/Hedera-helix-On-the-Fritz_3-768x512.webp 768w, https:\/\/www.hedera-etc.com\/wp-content\/uploads\/2025\/11\/Hedera-helix-On-the-Fritz_3-1536x1024.webp 1536w, https:\/\/www.hedera-etc.com\/wp-content\/uploads\/2025\/11\/Hedera-helix-On-the-Fritz_3-1320x880.webp 1320w, https:\/\/www.hedera-etc.com\/wp-content\/uploads\/2025\/11\/Hedera-helix-On-the-Fritz_3.webp 1600w\" sizes=\"(max-width: 300px) 100vw, 300px\" \/><\/div>\n\t\t<\/a>\n\t\t\t\t<div class=\"elementor-post__text\">\n\t\t\t\t<h3 class=\"elementor-post__title\">\n\t\t\t<a href=\"https:\/\/www.hedera-etc.com\/de\/product\/hedera-helix-on-the-fritz\/\" target=\"&quot;_blank&quot;\">\n\t\t\t\t<em>Hedera helix<\/em> &lsquo;On the Fritz&rsquo; &#8211; Zier-Efeu\t\t\t<\/a>\n\t\t<\/h3>\n\t\t\t\t<div class=\"elementor-post__excerpt\">\n\t\t\t<p>Efeu mit kleinen, vogelbeinartigen Bl\u00e4ttern, die einen h\u00fcbschen, kompakten Busch bilden.<\/p> <p>Stark gestreckte Kronlappen. Gut verzweigte St\u00e4ngel mit\t\t<\/div>\n\t\t\n\t\t<a class=\"elementor-post__read-more\" href=\"https:\/\/www.hedera-etc.com\/de\/product\/hedera-helix-on-the-fritz\/\" aria-label=\"Mehr \u00fcber &lt;em&gt;Hedera helix&lt;\/em&gt; &lsquo;On the Fritz&rsquo; &#8211; lierre d&rsquo;ornement\" tabindex=\"-1\" target=\"_blank\">\n\t\t\tWeiterlesen \u00bb\t\t<\/a>\n\n\t\t\t\t<\/div>\n\t\t\t\t<\/article>\n\t\t\t\t<article class=\"elementor-post elementor-grid-item post-17519 product type-product status-publish has-post-thumbnail product_cat-lierre entry has-media last outofstock shipping-taxable product-type-variable has-default-attributes has-product-nav col span_1_of_4 owp-content-center item-entry owp-thumbs-layout-horizontal owp-btn-normal owp-tabs-layout-section\">\n\t\t\t\t<a class=\"elementor-post__thumbnail__link\" href=\"https:\/\/www.hedera-etc.com\/de\/product\/hedera-helix-anthonin\/\" tabindex=\"-1\" target=\"&quot;_blank&quot;\">\n\t\t\t<div class=\"elementor-post__thumbnail\"><img loading=\"lazy\" decoding=\"async\" width=\"300\" height=\"225\" src=\"https:\/\/www.hedera-etc.com\/wp-content\/uploads\/2025\/12\/Hedera-helix-Anthonin_6-300x225.webp\" class=\"attachment-medium size-medium wp-image-17521\" alt=\"Hedera helix &#039;Anthonin&#039;\" srcset=\"https:\/\/www.hedera-etc.com\/wp-content\/uploads\/2025\/12\/Hedera-helix-Anthonin_6-300x225.webp 300w, https:\/\/www.hedera-etc.com\/wp-content\/uploads\/2025\/12\/Hedera-helix-Anthonin_6-900x675.webp 900w, https:\/\/www.hedera-etc.com\/wp-content\/uploads\/2025\/12\/Hedera-helix-Anthonin_6-1024x768.webp 1024w, https:\/\/www.hedera-etc.com\/wp-content\/uploads\/2025\/12\/Hedera-helix-Anthonin_6-768x576.webp 768w, https:\/\/www.hedera-etc.com\/wp-content\/uploads\/2025\/12\/Hedera-helix-Anthonin_6-1536x1152.webp 1536w, https:\/\/www.hedera-etc.com\/wp-content\/uploads\/2025\/12\/Hedera-helix-Anthonin_6-1320x990.webp 1320w, https:\/\/www.hedera-etc.com\/wp-content\/uploads\/2025\/12\/Hedera-helix-Anthonin_6.webp 1600w\" sizes=\"(max-width: 300px) 100vw, 300px\" \/><\/div>\n\t\t<\/a>\n\t\t\t\t<div class=\"elementor-post__text\">\n\t\t\t\t<h3 class=\"elementor-post__title\">\n\t\t\t<a href=\"https:\/\/www.hedera-etc.com\/de\/product\/hedera-helix-anthonin\/\" target=\"&quot;_blank&quot;\">\n\t\t\t\t<em>Hedera helix<\/em> &lsquo;Anthonin&rsquo; &#8211; Zier-Efeu\t\t\t<\/a>\n\t\t<\/h3>\n\t\t\t\t<div class=\"elementor-post__excerpt\">\n\t\t\t<p>Efeu, der einen dichten, dunkelgr\u00fcnen Busch bildet.<\/p> <p>Bl\u00e4tter mit 3 Lappen, die sich manchmal an der Basis \u00fcberlappen. Lappen\t\t<\/div>\n\t\t\n\t\t<a class=\"elementor-post__read-more\" href=\"https:\/\/www.hedera-etc.com\/de\/product\/hedera-helix-anthonin\/\" aria-label=\"Mehr \u00fcber &lt;em&gt;Hedera helix&lt;\/em&gt; &lsquo;Anthonin&rsquo; &#8211; lierre d&rsquo;ornement\" tabindex=\"-1\" target=\"_blank\">\n\t\t\tWeiterlesen \u00bb\t\t<\/a>\n\n\t\t\t\t<\/div>\n\t\t\t\t<\/article>\n\t\t\t\t<article class=\"elementor-post elementor-grid-item post-17937 product type-product status-publish has-post-thumbnail product_cat-lierre entry has-media first instock shipping-taxable purchasable product-type-variable has-default-attributes has-product-nav col span_1_of_4 owp-content-center item-entry owp-thumbs-layout-horizontal owp-btn-normal owp-tabs-layout-section\">\n\t\t\t\t<a class=\"elementor-post__thumbnail__link\" href=\"https:\/\/www.hedera-etc.com\/de\/product\/hedera-helix-green-sheen\/\" tabindex=\"-1\" target=\"&quot;_blank&quot;\">\n\t\t\t<div class=\"elementor-post__thumbnail\"><img loading=\"lazy\" decoding=\"async\" width=\"300\" height=\"225\" src=\"https:\/\/www.hedera-etc.com\/wp-content\/uploads\/2025\/12\/Hedera-helix-Green-Sheen_3-300x225.webp\" class=\"attachment-medium size-medium wp-image-17950\" alt=\"Hedera helix &#039;Green Sheen&#039;\" srcset=\"https:\/\/www.hedera-etc.com\/wp-content\/uploads\/2025\/12\/Hedera-helix-Green-Sheen_3-300x225.webp 300w, https:\/\/www.hedera-etc.com\/wp-content\/uploads\/2025\/12\/Hedera-helix-Green-Sheen_3-900x675.webp 900w, https:\/\/www.hedera-etc.com\/wp-content\/uploads\/2025\/12\/Hedera-helix-Green-Sheen_3-1024x768.webp 1024w, https:\/\/www.hedera-etc.com\/wp-content\/uploads\/2025\/12\/Hedera-helix-Green-Sheen_3-768x576.webp 768w, https:\/\/www.hedera-etc.com\/wp-content\/uploads\/2025\/12\/Hedera-helix-Green-Sheen_3-1536x1152.webp 1536w, https:\/\/www.hedera-etc.com\/wp-content\/uploads\/2025\/12\/Hedera-helix-Green-Sheen_3-1320x990.webp 1320w, https:\/\/www.hedera-etc.com\/wp-content\/uploads\/2025\/12\/Hedera-helix-Green-Sheen_3.webp 1600w\" sizes=\"(max-width: 300px) 100vw, 300px\" \/><\/div>\n\t\t<\/a>\n\t\t\t\t<div class=\"elementor-post__text\">\n\t\t\t\t<h3 class=\"elementor-post__title\">\n\t\t\t<a href=\"https:\/\/www.hedera-etc.com\/de\/product\/hedera-helix-green-sheen\/\" target=\"&quot;_blank&quot;\">\n\t\t\t\t<em>Hedera helix<\/em> \u2018Green Sheen\u2019 \u2013 Kletter-Efeu\t\t\t<\/a>\n\t\t<\/h3>\n\t\t\t\t<div class=\"elementor-post__excerpt\">\n\t\t\t<p>Efeu, bei dem der mittlere Lappen des Blattes gestreckt und spitz ist.<\/p> <p>Blattspreite aus 3 bis 5 Lappen bestehend. Junge\t\t<\/div>\n\t\t\n\t\t<a class=\"elementor-post__read-more\" href=\"https:\/\/www.hedera-etc.com\/de\/product\/hedera-helix-green-sheen\/\" aria-label=\"Mehr \u00fcber &lt;em&gt;Hedera helix&lt;\/em&gt; &lsquo;Green Sheen&rsquo; &#8211; lierre grimpant\" tabindex=\"-1\" target=\"_blank\">\n\t\t\tWeiterlesen \u00bb\t\t<\/a>\n\n\t\t\t\t<\/div>\n\t\t\t\t<\/article>\n\t\t\t\t<article class=\"elementor-post elementor-grid-item post-178 product type-product status-publish has-post-thumbnail product_cat-lierre entry has-media  instock purchasable product-type-variable has-default-attributes has-product-nav col span_1_of_4 owp-content-center item-entry owp-thumbs-layout-horizontal owp-btn-normal owp-tabs-layout-section has-no-thumbnails\">\n\t\t\t\t<a class=\"elementor-post__thumbnail__link\" href=\"https:\/\/www.hedera-etc.com\/de\/product\/hedera-helix-bill-archer-mutation\/\" tabindex=\"-1\" target=\"&quot;_blank&quot;\">\n\t\t\t<div class=\"elementor-post__thumbnail\"><img loading=\"lazy\" decoding=\"async\" width=\"300\" height=\"225\" src=\"https:\/\/www.hedera-etc.com\/wp-content\/uploads\/2023\/10\/Hedera-helix-Bill-Archer-Mutation-300x225.webp\" class=\"attachment-medium size-medium wp-image-179\" alt=\"Hedera helix &#039;Bill Archer&#039; Ver\u00e4nderung&#039;\" srcset=\"https:\/\/www.hedera-etc.com\/wp-content\/uploads\/2023\/10\/Hedera-helix-Bill-Archer-Mutation-300x225.webp 300w, https:\/\/www.hedera-etc.com\/wp-content\/uploads\/2023\/10\/Hedera-helix-Bill-Archer-Mutation-900x675.webp 900w, https:\/\/www.hedera-etc.com\/wp-content\/uploads\/2023\/10\/Hedera-helix-Bill-Archer-Mutation-768x576.webp 768w, https:\/\/www.hedera-etc.com\/wp-content\/uploads\/2023\/10\/Hedera-helix-Bill-Archer-Mutation.webp 1024w\" sizes=\"(max-width: 300px) 100vw, 300px\" \/><\/div>\n\t\t<\/a>\n\t\t\t\t<div class=\"elementor-post__text\">\n\t\t\t\t<h3 class=\"elementor-post__title\">\n\t\t\t<a href=\"https:\/\/www.hedera-etc.com\/de\/product\/hedera-helix-bill-archer-mutation\/\" target=\"&quot;_blank&quot;\">\n\t\t\t\t<em>Hedera helix<\/em> &lsquo;Bill Archer&rsquo; Ver\u00e4nderung &#8211; Zier-Efeu\t\t\t<\/a>\n\t\t<\/h3>\n\t\t\t\t<div class=\"elementor-post__excerpt\">\n\t\t\t<p>Sehr origineller Efeu mit sehr schmalen, d\u00fcnnen Bl\u00e4ttern.<\/p> <p>Ungelappte, linear angeordnete, dunkelgr\u00fcne Bl\u00e4tter mit einer Nervatur\t\t<\/div>\n\t\t\n\t\t<a class=\"elementor-post__read-more\" href=\"https:\/\/www.hedera-etc.com\/de\/product\/hedera-helix-bill-archer-mutation\/\" aria-label=\"Mehr \u00fcber &lt;em&gt;Hedera helix&lt;\/em&gt; &lsquo;Bill Archer&rsquo; mutation &#8211; Lierre d&rsquo;ornement\" tabindex=\"-1\" target=\"_blank\">\n\t\t\tWeiterlesen \u00bb\t\t<\/a>\n\n\t\t\t\t<\/div>\n\t\t\t\t<\/article>\n\t\t\t\t<article class=\"elementor-post elementor-grid-item post-324 product type-product status-publish has-post-thumbnail product_cat-lierre entry has-media  instock purchasable product-type-variable has-default-attributes has-product-nav col span_1_of_4 owp-content-center item-entry owp-thumbs-layout-horizontal owp-btn-normal owp-tabs-layout-section\">\n\t\t\t\t<a class=\"elementor-post__thumbnail__link\" href=\"https:\/\/www.hedera-etc.com\/de\/product\/hedera-helix-congesta\/\" tabindex=\"-1\" target=\"&quot;_blank&quot;\">\n\t\t\t<div class=\"elementor-post__thumbnail\"><img loading=\"lazy\" decoding=\"async\" width=\"300\" height=\"225\" src=\"https:\/\/www.hedera-etc.com\/wp-content\/uploads\/2023\/10\/Hedera-helix-Congesta_4-300x225.webp\" class=\"attachment-medium size-medium wp-image-14853\" alt=\"Hedera helix &#039;Congesta&#039;\" srcset=\"https:\/\/www.hedera-etc.com\/wp-content\/uploads\/2023\/10\/Hedera-helix-Congesta_4-300x225.webp 300w, https:\/\/www.hedera-etc.com\/wp-content\/uploads\/2023\/10\/Hedera-helix-Congesta_4-900x676.webp 900w, https:\/\/www.hedera-etc.com\/wp-content\/uploads\/2023\/10\/Hedera-helix-Congesta_4-1024x769.webp 1024w, https:\/\/www.hedera-etc.com\/wp-content\/uploads\/2023\/10\/Hedera-helix-Congesta_4-768x577.webp 768w, https:\/\/www.hedera-etc.com\/wp-content\/uploads\/2023\/10\/Hedera-helix-Congesta_4-1320x991.webp 1320w, https:\/\/www.hedera-etc.com\/wp-content\/uploads\/2023\/10\/Hedera-helix-Congesta_4.webp 1364w\" sizes=\"(max-width: 300px) 100vw, 300px\" \/><\/div>\n\t\t<\/a>\n\t\t\t\t<div class=\"elementor-post__text\">\n\t\t\t\t<h3 class=\"elementor-post__title\">\n\t\t\t<a href=\"https:\/\/www.hedera-etc.com\/de\/product\/hedera-helix-congesta\/\" target=\"&quot;_blank&quot;\">\n\t\t\t\t<em>Hedera helix<\/em> &lsquo;Congesta&rsquo; &#8211; Zier-Efeu\t\t\t<\/a>\n\t\t<\/h3>\n\t\t\t\t<div class=\"elementor-post__excerpt\">\n\t\t\t<p>Weist eine sehr originelle und dekorative Strauchform auf.<\/p> <p>Aufrechte, dicke St\u00e4ngel. Bl\u00e4tter in einer Spalte auf jeder Seite von\t\t<\/div>\n\t\t\n\t\t<a class=\"elementor-post__read-more\" href=\"https:\/\/www.hedera-etc.com\/de\/product\/hedera-helix-congesta\/\" aria-label=\"Mehr \u00fcber &lt;em&gt;Hedera helix&lt;\/em&gt; &lsquo;Congesta&rsquo; &#8211; Lierre d&rsquo;ornement\" tabindex=\"-1\" target=\"_blank\">\n\t\t\tWeiterlesen \u00bb\t\t<\/a>\n\n\t\t\t\t<\/div>\n\t\t\t\t<\/article>\n\t\t\t\t<article class=\"elementor-post elementor-grid-item post-468 product type-product status-publish has-post-thumbnail product_cat-lierre entry has-media last instock purchasable product-type-variable has-default-attributes has-product-nav col span_1_of_4 owp-content-center item-entry owp-thumbs-layout-horizontal owp-btn-normal owp-tabs-layout-section\">\n\t\t\t\t<a class=\"elementor-post__thumbnail__link\" href=\"https:\/\/www.hedera-etc.com\/de\/product\/hedera-helix-avon\/\" tabindex=\"-1\" target=\"&quot;_blank&quot;\">\n\t\t\t<div class=\"elementor-post__thumbnail\"><img loading=\"lazy\" decoding=\"async\" width=\"300\" height=\"225\" src=\"https:\/\/www.hedera-etc.com\/wp-content\/uploads\/2023\/10\/Hedera-helix-Avon-300x225.webp\" class=\"attachment-medium size-medium wp-image-469\" alt=\"Hedera helix &#039;Avon&#039;\" srcset=\"https:\/\/www.hedera-etc.com\/wp-content\/uploads\/2023\/10\/Hedera-helix-Avon-300x225.webp 300w, https:\/\/www.hedera-etc.com\/wp-content\/uploads\/2023\/10\/Hedera-helix-Avon-900x675.webp 900w, https:\/\/www.hedera-etc.com\/wp-content\/uploads\/2023\/10\/Hedera-helix-Avon-768x576.webp 768w, https:\/\/www.hedera-etc.com\/wp-content\/uploads\/2023\/10\/Hedera-helix-Avon.webp 1024w\" sizes=\"(max-width: 300px) 100vw, 300px\" \/><\/div>\n\t\t<\/a>\n\t\t\t\t<div class=\"elementor-post__text\">\n\t\t\t\t<h3 class=\"elementor-post__title\">\n\t\t\t<a href=\"https:\/\/www.hedera-etc.com\/de\/product\/hedera-helix-avon\/\" target=\"&quot;_blank&quot;\">\n\t\t\t\t<em>Hedera helix<\/em> &lsquo;Avon&rsquo; &#8211; Zier-Efeu\t\t\t<\/a>\n\t\t<\/h3>\n\t\t\t\t<div class=\"elementor-post__excerpt\">\n\t\t\t<p>Geh\u00f6rt zu den schnell wachsenden Efeuarten, die sich in der Sonne wohlf\u00fchlen.<\/p> <p>Bl\u00e4tter, mittelgro\u00df, bestehend aus 3\t\t<\/div>\n\t\t\n\t\t<a class=\"elementor-post__read-more\" href=\"https:\/\/www.hedera-etc.com\/de\/product\/hedera-helix-avon\/\" aria-label=\"Mehr \u00fcber &lt;em&gt;Hedera helix&lt;\/em&gt; &lsquo;Avon&rsquo; &#8211; Lierre d&rsquo;ornement\" tabindex=\"-1\" target=\"_blank\">\n\t\t\tWeiterlesen \u00bb\t\t<\/a>\n\n\t\t\t\t<\/div>\n\t\t\t\t<\/article>\n\t\t\t\t<article class=\"elementor-post elementor-grid-item post-632 product type-product status-publish has-post-thumbnail product_cat-lierre entry has-media first instock purchasable product-type-variable has-default-attributes has-product-nav col span_1_of_4 owp-content-center item-entry owp-thumbs-layout-horizontal owp-btn-normal owp-tabs-layout-section\">\n\t\t\t\t<a class=\"elementor-post__thumbnail__link\" href=\"https:\/\/www.hedera-etc.com\/de\/product\/hedera-helix-evergreen\/\" tabindex=\"-1\" target=\"&quot;_blank&quot;\">\n\t\t\t<div class=\"elementor-post__thumbnail\"><img loading=\"lazy\" decoding=\"async\" width=\"300\" height=\"225\" src=\"https:\/\/www.hedera-etc.com\/wp-content\/uploads\/2023\/10\/Hedera-helix-Evergreen-300x225.webp\" class=\"attachment-medium size-medium wp-image-633\" alt=\"Hedera helix &#039;Evergreen&#039;\" srcset=\"https:\/\/www.hedera-etc.com\/wp-content\/uploads\/2023\/10\/Hedera-helix-Evergreen-300x225.webp 300w, https:\/\/www.hedera-etc.com\/wp-content\/uploads\/2023\/10\/Hedera-helix-Evergreen-768x576.webp 768w, https:\/\/www.hedera-etc.com\/wp-content\/uploads\/2023\/10\/Hedera-helix-Evergreen.webp 800w\" sizes=\"(max-width: 300px) 100vw, 300px\" \/><\/div>\n\t\t<\/a>\n\t\t\t\t<div class=\"elementor-post__text\">\n\t\t\t\t<h3 class=\"elementor-post__title\">\n\t\t\t<a href=\"https:\/\/www.hedera-etc.com\/de\/product\/hedera-helix-evergreen\/\" target=\"&quot;_blank&quot;\">\n\t\t\t\t<em>Hedera helix<\/em> &lsquo;Evergreen&rsquo; &#8211; Zier-Efeu\t\t\t<\/a>\n\t\t<\/h3>\n\t\t\t\t<div class=\"elementor-post__excerpt\">\n\t\t\t<p>Sehr h\u00fcbscher Bodendecker mit feinen, spitz zulaufenden Bl\u00e4ttern.<\/p> <p>Bl\u00e4tter meist ungelappt, linealisch oder manchmal dreilappig. Laub\t\t<\/div>\n\t\t\n\t\t<a class=\"elementor-post__read-more\" href=\"https:\/\/www.hedera-etc.com\/de\/product\/hedera-helix-evergreen\/\" aria-label=\"Mehr \u00fcber &lt;em&gt;Hedera helix&lt;\/em&gt; &lsquo;Evergreen&rsquo; &#8211; Lierre d&rsquo;ornement\" tabindex=\"-1\" target=\"_blank\">\n\t\t\tWeiterlesen \u00bb\t\t<\/a>\n\n\t\t\t\t<\/div>\n\t\t\t\t<\/article>\n\t\t\t\t<article class=\"elementor-post elementor-grid-item post-849 product type-product status-publish has-post-thumbnail product_cat-lierre entry has-media  instock purchasable product-type-variable has-default-attributes has-product-nav col span_1_of_4 owp-content-center item-entry owp-thumbs-layout-horizontal owp-btn-normal owp-tabs-layout-section\">\n\t\t\t\t<a class=\"elementor-post__thumbnail__link\" href=\"https:\/\/www.hedera-etc.com\/de\/product\/hedera-helix-jack-frost\/\" tabindex=\"-1\" target=\"&quot;_blank&quot;\">\n\t\t\t<div class=\"elementor-post__thumbnail\"><img loading=\"lazy\" decoding=\"async\" width=\"300\" height=\"225\" src=\"https:\/\/www.hedera-etc.com\/wp-content\/uploads\/2023\/10\/Hedera-helix-Jack-Frost-300x225.webp\" class=\"attachment-medium size-medium wp-image-850\" alt=\"Hedera helix &#039;Jack Frost&#039;\" srcset=\"https:\/\/www.hedera-etc.com\/wp-content\/uploads\/2023\/10\/Hedera-helix-Jack-Frost-300x225.webp 300w, https:\/\/www.hedera-etc.com\/wp-content\/uploads\/2023\/10\/Hedera-helix-Jack-Frost-900x675.webp 900w, https:\/\/www.hedera-etc.com\/wp-content\/uploads\/2023\/10\/Hedera-helix-Jack-Frost-768x576.webp 768w, https:\/\/www.hedera-etc.com\/wp-content\/uploads\/2023\/10\/Hedera-helix-Jack-Frost.webp 1024w\" sizes=\"(max-width: 300px) 100vw, 300px\" \/><\/div>\n\t\t<\/a>\n\t\t\t\t<div class=\"elementor-post__text\">\n\t\t\t\t<h3 class=\"elementor-post__title\">\n\t\t\t<a href=\"https:\/\/www.hedera-etc.com\/de\/product\/hedera-helix-jack-frost\/\" target=\"&quot;_blank&quot;\">\n\t\t\t\t<em>Hedera helix<\/em> &lsquo;Jack Frost&rsquo; &#8211; Zier-Efeu\t\t\t<\/a>\n\t\t<\/h3>\n\t\t\t\t<div class=\"elementor-post__excerpt\">\n\t\t\t<p>Eine besonders attraktive Sorte im Garten mit breiten, leicht zerknitterten Bl\u00e4ttern und einer gr\u00fcn-grauen Farbe.<\/p> <p>Blattspreite bestehend aus 3\t\t<\/div>\n\t\t\n\t\t<a class=\"elementor-post__read-more\" href=\"https:\/\/www.hedera-etc.com\/de\/product\/hedera-helix-jack-frost\/\" aria-label=\"Mehr \u00fcber &lt;em&gt;Hedera helix&lt;\/em&gt; &lsquo;Jack Frost&rsquo; &#8211; Lierre d&rsquo;ornement\" tabindex=\"-1\" target=\"_blank\">\n\t\t\tWeiterlesen \u00bb\t\t<\/a>\n\n\t\t\t\t<\/div>\n\t\t\t\t<\/article>\n\t\t\t\t<article class=\"elementor-post elementor-grid-item post-989 product type-product status-publish has-post-thumbnail product_cat-lierre entry has-media  instock purchasable product-type-variable has-default-attributes has-product-nav col span_1_of_4 owp-content-center item-entry owp-thumbs-layout-horizontal owp-btn-normal owp-tabs-layout-section\">\n\t\t\t\t<a class=\"elementor-post__thumbnail__link\" href=\"https:\/\/www.hedera-etc.com\/de\/product\/hedera-helix-mandas-crested\/\" tabindex=\"-1\" target=\"&quot;_blank&quot;\">\n\t\t\t<div class=\"elementor-post__thumbnail\"><img loading=\"lazy\" decoding=\"async\" width=\"300\" height=\"225\" src=\"https:\/\/www.hedera-etc.com\/wp-content\/uploads\/2023\/10\/Hedera-helix-Mandas-Crested-300x225.webp\" class=\"attachment-medium size-medium wp-image-990\" alt=\"Hedera helix &#039;Manda&#039;s Crested&#039;\" srcset=\"https:\/\/www.hedera-etc.com\/wp-content\/uploads\/2023\/10\/Hedera-helix-Mandas-Crested-300x225.webp 300w, https:\/\/www.hedera-etc.com\/wp-content\/uploads\/2023\/10\/Hedera-helix-Mandas-Crested-768x576.webp 768w, https:\/\/www.hedera-etc.com\/wp-content\/uploads\/2023\/10\/Hedera-helix-Mandas-Crested.webp 839w\" sizes=\"(max-width: 300px) 100vw, 300px\" \/><\/div>\n\t\t<\/a>\n\t\t\t\t<div class=\"elementor-post__text\">\n\t\t\t\t<h3 class=\"elementor-post__title\">\n\t\t\t<a href=\"https:\/\/www.hedera-etc.com\/de\/product\/hedera-helix-mandas-crested\/\" target=\"&quot;_blank&quot;\">\n\t\t\t\t<em>Hedera helix<\/em> &lsquo;Manda&rsquo;s Crested&rsquo; &#8211; Zier-Efeu\t\t\t<\/a>\n\t\t<\/h3>\n\t\t\t\t<div class=\"elementor-post__excerpt\">\n\t\t\t<p>Selbstbefruchtend mit recht kurzen Internodien und stark rekursiv-welligem, f\u00fcnflappigem Laub.<\/p> <p>Stiel des Blattes scheint\t\t<\/div>\n\t\t\n\t\t<a class=\"elementor-post__read-more\" href=\"https:\/\/www.hedera-etc.com\/de\/product\/hedera-helix-mandas-crested\/\" aria-label=\"Mehr \u00fcber &lt;em&gt;Hedera helix&lt;\/em&gt; &lsquo;Manda&rsquo;s Crested&rsquo; &#8211; Lierre d&rsquo;ornement\" tabindex=\"-1\" target=\"_blank\">\n\t\t\tWeiterlesen \u00bb\t\t<\/a>\n\n\t\t\t\t<\/div>\n\t\t\t\t<\/article>\n\t\t\t\t<article class=\"elementor-post elementor-grid-item post-1141 product type-product status-publish has-post-thumbnail product_cat-lierre entry has-media last instock purchasable product-type-variable has-default-attributes has-product-nav col span_1_of_4 owp-content-center item-entry owp-thumbs-layout-horizontal owp-btn-normal owp-tabs-layout-section\">\n\t\t\t\t<a class=\"elementor-post__thumbnail__link\" href=\"https:\/\/www.hedera-etc.com\/de\/product\/hedera-helix-olive-rose\/\" tabindex=\"-1\" target=\"&quot;_blank&quot;\">\n\t\t\t<div class=\"elementor-post__thumbnail\"><img loading=\"lazy\" decoding=\"async\" width=\"300\" height=\"225\" src=\"https:\/\/www.hedera-etc.com\/wp-content\/uploads\/2023\/10\/Hedera-helix-Olive-rose-300x225.webp\" class=\"attachment-medium size-medium wp-image-1142\" alt=\"Hedera helix &#039;Olive rose&#039;\" srcset=\"https:\/\/www.hedera-etc.com\/wp-content\/uploads\/2023\/10\/Hedera-helix-Olive-rose-300x225.webp 300w, https:\/\/www.hedera-etc.com\/wp-content\/uploads\/2023\/10\/Hedera-helix-Olive-rose-900x675.webp 900w, https:\/\/www.hedera-etc.com\/wp-content\/uploads\/2023\/10\/Hedera-helix-Olive-rose-768x576.webp 768w, https:\/\/www.hedera-etc.com\/wp-content\/uploads\/2023\/10\/Hedera-helix-Olive-rose.webp 1024w\" sizes=\"(max-width: 300px) 100vw, 300px\" \/><\/div>\n\t\t<\/a>\n\t\t\t\t<div class=\"elementor-post__text\">\n\t\t\t\t<h3 class=\"elementor-post__title\">\n\t\t\t<a href=\"https:\/\/www.hedera-etc.com\/de\/product\/hedera-helix-olive-rose\/\" target=\"&quot;_blank&quot;\">\n\t\t\t\t<em>Hedera helix<\/em> &lsquo;Olive rose&rsquo; &#8211; Zier-Efeu\t\t\t<\/a>\n\t\t<\/h3>\n\t\t\t\t<div class=\"elementor-post__excerpt\">\n\t\t\t<p>Die Bl\u00e4tter bestehen aus 3 abgerundeten Lappen, sind ziemlich imposant, mehr oder weniger gepr\u00e4gt und haben einen sehr sch\u00f6nen Effekt. Dunkelolivgr\u00fcne Blattspreite\t\t<\/div>\n\t\t\n\t\t<a class=\"elementor-post__read-more\" href=\"https:\/\/www.hedera-etc.com\/de\/product\/hedera-helix-olive-rose\/\" aria-label=\"Mehr \u00fcber &lt;em&gt;Hedera helix&lt;\/em&gt; &lsquo;Olive rose&rsquo; &#8211; Lierre d&rsquo;ornement\" tabindex=\"-1\" target=\"_blank\">\n\t\t\tWeiterlesen \u00bb\t\t<\/a>\n\n\t\t\t\t<\/div>\n\t\t\t\t<\/article>\n\t\t\t\t<article class=\"elementor-post elementor-grid-item post-1308 product type-product status-publish has-post-thumbnail product_cat-lierre entry has-media first instock purchasable product-type-variable has-default-attributes has-product-nav col span_1_of_4 owp-content-center item-entry owp-thumbs-layout-horizontal owp-btn-normal owp-tabs-layout-section\">\n\t\t\t\t<a class=\"elementor-post__thumbnail__link\" href=\"https:\/\/www.hedera-etc.com\/de\/product\/hedera-helix-rusche\/\" tabindex=\"-1\" target=\"&quot;_blank&quot;\">\n\t\t\t<div class=\"elementor-post__thumbnail\"><img loading=\"lazy\" decoding=\"async\" width=\"300\" height=\"225\" src=\"https:\/\/www.hedera-etc.com\/wp-content\/uploads\/2023\/11\/Hedera-helix-Rusche_2-300x225.webp\" class=\"attachment-medium size-medium wp-image-1309\" alt=\"Hedera helix &#039;Rusche&#039;\" srcset=\"https:\/\/www.hedera-etc.com\/wp-content\/uploads\/2023\/11\/Hedera-helix-Rusche_2-300x225.webp 300w, https:\/\/www.hedera-etc.com\/wp-content\/uploads\/2023\/11\/Hedera-helix-Rusche_2-900x675.webp 900w, https:\/\/www.hedera-etc.com\/wp-content\/uploads\/2023\/11\/Hedera-helix-Rusche_2-768x576.webp 768w, https:\/\/www.hedera-etc.com\/wp-content\/uploads\/2023\/11\/Hedera-helix-Rusche_2.webp 1024w\" sizes=\"(max-width: 300px) 100vw, 300px\" \/><\/div>\n\t\t<\/a>\n\t\t\t\t<div class=\"elementor-post__text\">\n\t\t\t\t<h3 class=\"elementor-post__title\">\n\t\t\t<a href=\"https:\/\/www.hedera-etc.com\/de\/product\/hedera-helix-rusche\/\" target=\"&quot;_blank&quot;\">\n\t\t\t\t<em>Hedera helix<\/em> &lsquo;R\u00fcsche&rsquo; &#8211; Zier-Efeu\t\t\t<\/a>\n\t\t<\/h3>\n\t\t\t\t<div class=\"elementor-post__excerpt\">\n\t\t\t<p>Kr\u00e4ftiger Efeu, der schnell w\u00e4chst.<\/p> <p>Blatt besteht meist aus 3 bis 5 asymmetrischen, stark gewellten, fast in sich gekehrten Lappen.\t\t<\/div>\n\t\t\n\t\t<a class=\"elementor-post__read-more\" href=\"https:\/\/www.hedera-etc.com\/de\/product\/hedera-helix-rusche\/\" aria-label=\"Mehr \u00fcber &lt;em&gt;Hedera helix&lt;\/em&gt; &lsquo;R\u00fcsche&rsquo; &#8211; Lierre d&rsquo;ornement\" tabindex=\"-1\" target=\"_blank\">\n\t\t\tWeiterlesen \u00bb\t\t<\/a>\n\n\t\t\t\t<\/div>\n\t\t\t\t<\/article>\n\t\t\t\t<article class=\"elementor-post elementor-grid-item post-1482 product type-product status-publish has-post-thumbnail product_cat-lierre entry has-media  instock purchasable product-type-variable has-default-attributes has-product-nav col span_1_of_4 owp-content-center item-entry owp-thumbs-layout-horizontal owp-btn-normal owp-tabs-layout-section has-no-thumbnails\">\n\t\t\t\t<a class=\"elementor-post__thumbnail__link\" href=\"https:\/\/www.hedera-etc.com\/de\/product\/hedera-helix-stella\/\" tabindex=\"-1\" target=\"&quot;_blank&quot;\">\n\t\t\t<div class=\"elementor-post__thumbnail\"><img loading=\"lazy\" decoding=\"async\" width=\"300\" height=\"229\" src=\"https:\/\/www.hedera-etc.com\/wp-content\/uploads\/2023\/11\/Hedera-helix-Stella-300x229.webp\" class=\"attachment-medium size-medium wp-image-1483\" alt=\"Hedera helix &#039;Stella&#039;\" srcset=\"https:\/\/www.hedera-etc.com\/wp-content\/uploads\/2023\/11\/Hedera-helix-Stella-300x229.webp 300w, https:\/\/www.hedera-etc.com\/wp-content\/uploads\/2023\/11\/Hedera-helix-Stella-768x586.webp 768w, https:\/\/www.hedera-etc.com\/wp-content\/uploads\/2023\/11\/Hedera-helix-Stella.webp 829w\" sizes=\"(max-width: 300px) 100vw, 300px\" \/><\/div>\n\t\t<\/a>\n\t\t\t\t<div class=\"elementor-post__text\">\n\t\t\t\t<h3 class=\"elementor-post__title\">\n\t\t\t<a href=\"https:\/\/www.hedera-etc.com\/de\/product\/hedera-helix-stella\/\" target=\"&quot;_blank&quot;\">\n\t\t\t\t<em>Hedera helix<\/em> &lsquo;Stella&rsquo; &#8211; Zier-Efeu\t\t\t<\/a>\n\t\t<\/h3>\n\t\t\t\t<div class=\"elementor-post__excerpt\">\n\t\t\t<p>Eine verzweigte, wenig verzweigte Pflanze mit St\u00e4ngeln mit recht kurzen Internodien.<\/p> <p>Dunkelgr\u00fcne Bl\u00e4tter mit einem schmalen, langen Lappen\t\t<\/div>\n\t\t\n\t\t<a class=\"elementor-post__read-more\" href=\"https:\/\/www.hedera-etc.com\/de\/product\/hedera-helix-stella\/\" aria-label=\"Mehr \u00fcber &lt;em&gt;Hedera helix&lt;\/em&gt; &lsquo;Stella&rsquo; &#8211; Lierre d&rsquo;ornement\" tabindex=\"-1\" target=\"_blank\">\n\t\t\tWeiterlesen \u00bb\t\t<\/a>\n\n\t\t\t\t<\/div>\n\t\t\t\t<\/article>\n\t\t\t\t<\/div>\n\t\t\t\t\t<span class=\"e-load-more-spinner\">\n\t\t\t\t<i aria-hidden=\"true\" class=\"fas fa-spinner\"><\/i>\t\t\t<\/span>\n\t\t\n\t\t\t\t<div class=\"e-load-more-anchor\" data-page=\"1\" data-max-page=\"11\" data-next-page=\"https:\/\/www.hedera-etc.com\/de\/wp-json\/wp\/v2\/pages\/5538\/page\/2\/\"><\/div>\n\t\t\t\t<div class=\"e-load-more-message\"><\/div>\n\t\t\t\t\t\t<\/div>\n\t\t\t\t<\/div>\n\t\t\t\t\t<\/div>\n\t\t\t\t<\/div>\n\t\t\t\t<\/div>","protected":false},"excerpt":{"rendered":"<p>Le lierre \u00e0 feuillage vert peut para\u00eetre un peu banal. Il n&rsquo;en est rien ! Nous vous proposons plus de 250 vari\u00e9t\u00e9s diff\u00e9rentes de lierre \u00e0 feuillage vert sur cette boutique. Ils se distinguent par la taille ou la forme de leurs feuilles, par leur port, par leur rapidit\u00e9 ou non de d\u00e9veloppement, par leur [&hellip;]<\/p>\n","protected":false},"author":2,"featured_media":0,"parent":0,"menu_order":0,"comment_status":"closed","ping_status":"closed","template":"","meta":{"_acf_changed":false,"ocean_post_layout":"","ocean_both_sidebars_style":"","ocean_both_sidebars_content_width":0,"ocean_both_sidebars_sidebars_width":0,"ocean_sidebar":"","ocean_second_sidebar":"","ocean_disable_margins":"enable","ocean_add_body_class":"","ocean_shortcode_before_top_bar":"","ocean_shortcode_after_top_bar":"","ocean_shortcode_before_header":"","ocean_shortcode_after_header":"","ocean_has_shortcode":"","ocean_shortcode_after_title":"","ocean_shortcode_before_footer_widgets":"","ocean_shortcode_after_footer_widgets":"","ocean_shortcode_before_footer_bottom":"","ocean_shortcode_after_footer_bottom":"","ocean_display_top_bar":"default","ocean_display_header":"default","ocean_header_style":"","ocean_center_header_left_menu":"","ocean_custom_header_template":"","ocean_custom_logo":0,"ocean_custom_retina_logo":0,"ocean_custom_logo_max_width":0,"ocean_custom_logo_tablet_max_width":0,"ocean_custom_logo_mobile_max_width":0,"ocean_custom_logo_max_height":0,"ocean_custom_logo_tablet_max_height":0,"ocean_custom_logo_mobile_max_height":0,"ocean_header_custom_menu":"","ocean_menu_typo_font_family":"","ocean_menu_typo_font_subset":"","ocean_menu_typo_font_size":0,"ocean_menu_typo_font_size_tablet":0,"ocean_menu_typo_font_size_mobile":0,"ocean_menu_typo_font_size_unit":"px","ocean_menu_typo_font_weight":"","ocean_menu_typo_font_weight_tablet":"","ocean_menu_typo_font_weight_mobile":"","ocean_menu_typo_transform":"","ocean_menu_typo_transform_tablet":"","ocean_menu_typo_transform_mobile":"","ocean_menu_typo_line_height":0,"ocean_menu_typo_line_height_tablet":0,"ocean_menu_typo_line_height_mobile":0,"ocean_menu_typo_line_height_unit":"","ocean_menu_typo_spacing":0,"ocean_menu_typo_spacing_tablet":0,"ocean_menu_typo_spacing_mobile":0,"ocean_menu_typo_spacing_unit":"","ocean_menu_link_color":"","ocean_menu_link_color_hover":"","ocean_menu_link_color_active":"","ocean_menu_link_background":"","ocean_menu_link_hover_background":"","ocean_menu_link_active_background":"","ocean_menu_social_links_bg":"","ocean_menu_social_hover_links_bg":"","ocean_menu_social_links_color":"","ocean_menu_social_hover_links_color":"","ocean_disable_title":"default","ocean_disable_heading":"default","ocean_post_title":"","ocean_post_subheading":"","ocean_post_title_style":"","ocean_post_title_background_color":"","ocean_post_title_background":0,"ocean_post_title_bg_image_position":"","ocean_post_title_bg_image_attachment":"","ocean_post_title_bg_image_repeat":"","ocean_post_title_bg_image_size":"","ocean_post_title_height":0,"ocean_post_title_bg_overlay":0.5,"ocean_post_title_bg_overlay_color":"","ocean_disable_breadcrumbs":"default","ocean_breadcrumbs_color":"","ocean_breadcrumbs_separator_color":"","ocean_breadcrumbs_links_color":"","ocean_breadcrumbs_links_hover_color":"","ocean_display_footer_widgets":"default","ocean_display_footer_bottom":"default","ocean_custom_footer_template":"","footnotes":""},"class_list":["post-5538","page","type-page","status-publish","hentry","entry","has-media","has-product-nav","col","span_1_of_4","owp-content-center","item-entry","owp-thumbs-layout-horizontal","owp-btn-normal","owp-tabs-layout-section","has-no-thumbnails"],"acf":[],"jetpack_sharing_enabled":true,"_links":{"self":[{"href":"https:\/\/www.hedera-etc.com\/de\/wp-json\/wp\/v2\/pages\/5538","targetHints":{"allow":["GET"]}}],"collection":[{"href":"https:\/\/www.hedera-etc.com\/de\/wp-json\/wp\/v2\/pages"}],"about":[{"href":"https:\/\/www.hedera-etc.com\/de\/wp-json\/wp\/v2\/types\/page"}],"author":[{"embeddable":true,"href":"https:\/\/www.hedera-etc.com\/de\/wp-json\/wp\/v2\/users\/2"}],"replies":[{"embeddable":true,"href":"https:\/\/www.hedera-etc.com\/de\/wp-json\/wp\/v2\/comments?post=5538"}],"version-history":[{"count":3,"href":"https:\/\/www.hedera-etc.com\/de\/wp-json\/wp\/v2\/pages\/5538\/revisions"}],"predecessor-version":[{"id":12269,"href":"https:\/\/www.hedera-etc.com\/de\/wp-json\/wp\/v2\/pages\/5538\/revisions\/12269"}],"wp:attachment":[{"href":"https:\/\/www.hedera-etc.com\/de\/wp-json\/wp\/v2\/media?parent=5538"}],"curies":[{"name":"wp","href":"https:\/\/api.w.org\/{rel}","templated":true}]}}