{"id":5583,"date":"2024-04-27T22:12:31","date_gmt":"2024-04-27T20:12:31","guid":{"rendered":"https:\/\/www.hedera-etc.com\/?page_id=5583"},"modified":"2024-12-16T09:11:49","modified_gmt":"2024-12-16T08:11:49","slug":"efeu-mit-gefransten-oder-gewellten-blattern","status":"publish","type":"page","link":"https:\/\/www.hedera-etc.com\/de\/lierre-a-feuillage-frise-ou-ondule\/","title":{"rendered":"Efeu mit gekr\u00e4useltem oder gewelltem Laub"},"content":{"rendered":"<div data-elementor-type=\"wp-page\" data-elementor-id=\"5583\" class=\"elementor elementor-5583\" data-elementor-post-type=\"page\">\n\t\t\t\t<div class=\"elementor-element elementor-element-e9317a6 e-flex e-con-boxed e-con e-parent\" data-id=\"e9317a6\" data-element_type=\"container\">\n\t\t\t\t\t<div class=\"e-con-inner\">\n\t\t\t\t<div class=\"elementor-element elementor-element-0b98e62 elementor-widget elementor-widget-image\" data-id=\"0b98e62\" data-element_type=\"widget\" data-widget_type=\"image.default\">\n\t\t\t\t<div class=\"elementor-widget-container\">\n\t\t\t\t\t\t\t\t\t\t\t\t\t\t\t<img decoding=\"async\" src=\"https:\/\/www.hedera-etc.com\/wp-content\/uploads\/elementor\/thumbs\/Feuillage-frise-rljuqarce1pqsjvyeixoqngp24wy8jci7skheflnkw.webp\" title=\"Gekr\u00e4useltes Laub\" alt=\"Efeu mit gekr\u00e4useltem oder gewelltem Laub\" loading=\"lazy\" \/>\t\t\t\t\t\t\t\t\t\t\t\t\t\t\t<\/div>\n\t\t\t\t<\/div>\n\t\t\t\t\t<\/div>\n\t\t\t\t<\/div>\n\t\t<div class=\"elementor-element elementor-element-c5f0651 e-flex e-con-boxed e-con e-parent\" data-id=\"c5f0651\" data-element_type=\"container\">\n\t\t\t\t\t<div class=\"e-con-inner\">\n\t\t\t\t<div class=\"elementor-element elementor-element-1609d76 elementor-widget elementor-widget-text-editor\" data-id=\"1609d76\" data-element_type=\"widget\" data-widget_type=\"text-editor.default\">\n\t\t\t\t<div class=\"elementor-widget-container\">\n\t\t\t\t\t\t\t\t\t<p>Efeu mit gekr\u00e4useltem oder gewelltem Laub l\u00e4sst einen nie gleichg\u00fcltig. Jede Sorte wetteifert in ihrer Originalit\u00e4t.<\/p><p>Wir bieten Ihnen hier etwa 70 Arten von Efeu mit gewelltem oder gekr\u00e4useltem Laub an.<\/p><p>Aufgrund ihrer einzigartigen \u00c4sthetik eignen sie sich besonders f\u00fcr die Bepflanzung von Blumenk\u00e4sten oder T\u00f6pfen. Sie eignen sich auch gut als Zimmerefeu.<\/p>\t\t\t\t\t\t\t\t<\/div>\n\t\t\t\t<\/div>\n\t\t\t\t\t<\/div>\n\t\t\t\t<\/div>\n\t\t<div class=\"elementor-element elementor-element-491a162 e-flex e-con-boxed e-con e-parent\" data-id=\"491a162\" data-element_type=\"container\">\n\t\t\t\t\t<div class=\"e-con-inner\">\n\t\t\t\t<div class=\"elementor-element elementor-element-81b0b8e elementor-grid-3 elementor-grid-tablet-2 elementor-grid-mobile-1 elementor-posts--thumbnail-top elementor-widget elementor-widget-posts\" data-id=\"81b0b8e\" data-element_type=\"widget\" data-settings=\"{&quot;pagination_type&quot;:&quot;load_more_infinite_scroll&quot;,&quot;classic_columns&quot;:&quot;3&quot;,&quot;classic_columns_tablet&quot;:&quot;2&quot;,&quot;classic_columns_mobile&quot;:&quot;1&quot;,&quot;classic_row_gap&quot;:{&quot;unit&quot;:&quot;px&quot;,&quot;size&quot;:35,&quot;sizes&quot;:[]},&quot;classic_row_gap_tablet&quot;:{&quot;unit&quot;:&quot;px&quot;,&quot;size&quot;:&quot;&quot;,&quot;sizes&quot;:[]},&quot;classic_row_gap_mobile&quot;:{&quot;unit&quot;:&quot;px&quot;,&quot;size&quot;:&quot;&quot;,&quot;sizes&quot;:[]},&quot;load_more_spinner&quot;:{&quot;value&quot;:&quot;fas fa-spinner&quot;,&quot;library&quot;:&quot;fa-solid&quot;}}\" data-widget_type=\"posts.classic\">\n\t\t\t\t<div class=\"elementor-widget-container\">\n\t\t\t\t\t\t\t<div class=\"elementor-posts-container elementor-posts elementor-posts--skin-classic elementor-grid\">\n\t\t\t\t<article class=\"elementor-post elementor-grid-item post-17939 product type-product status-publish has-post-thumbnail product_cat-lierre entry has-media first outofstock shipping-taxable product-type-variable has-default-attributes has-product-nav col span_1_of_4 owp-content-center item-entry owp-thumbs-layout-horizontal owp-btn-normal owp-tabs-layout-section\">\n\t\t\t\t<a class=\"elementor-post__thumbnail__link\" href=\"https:\/\/www.hedera-etc.com\/de\/product\/hedera-helix-peace\/\" tabindex=\"-1\" target=\"&quot;_blank&quot;\">\n\t\t\t<div class=\"elementor-post__thumbnail\"><img fetchpriority=\"high\" decoding=\"async\" width=\"300\" height=\"225\" src=\"https:\/\/www.hedera-etc.com\/wp-content\/uploads\/2025\/12\/Hedera-helix-Peace_4-300x225.webp\" class=\"attachment-medium size-medium wp-image-17941\" alt=\"Hedera helix &#039;Peace&#039;\" srcset=\"https:\/\/www.hedera-etc.com\/wp-content\/uploads\/2025\/12\/Hedera-helix-Peace_4-300x225.webp 300w, https:\/\/www.hedera-etc.com\/wp-content\/uploads\/2025\/12\/Hedera-helix-Peace_4-900x675.webp 900w, https:\/\/www.hedera-etc.com\/wp-content\/uploads\/2025\/12\/Hedera-helix-Peace_4-1024x768.webp 1024w, https:\/\/www.hedera-etc.com\/wp-content\/uploads\/2025\/12\/Hedera-helix-Peace_4-768x576.webp 768w, https:\/\/www.hedera-etc.com\/wp-content\/uploads\/2025\/12\/Hedera-helix-Peace_4-1536x1152.webp 1536w, https:\/\/www.hedera-etc.com\/wp-content\/uploads\/2025\/12\/Hedera-helix-Peace_4-1320x990.webp 1320w, https:\/\/www.hedera-etc.com\/wp-content\/uploads\/2025\/12\/Hedera-helix-Peace_4.webp 1600w\" sizes=\"(max-width: 300px) 100vw, 300px\" \/><\/div>\n\t\t<\/a>\n\t\t\t\t<div class=\"elementor-post__text\">\n\t\t\t\t<h3 class=\"elementor-post__title\">\n\t\t\t<a href=\"https:\/\/www.hedera-etc.com\/de\/product\/hedera-helix-peace\/\" target=\"&quot;_blank&quot;\">\n\t\t\t\t<em>Hedera helix<\/em> &lsquo;Peace&rsquo; &#8211; Wald-Efeu\t\t\t<\/a>\n\t\t<\/h3>\n\t\t\t\t<div class=\"elementor-post__excerpt\">\n\t\t\t<p>Efeu, der dem Typus recht \u00e4hnlich ist, mit leicht gewellten, handf\u00f6rmigen Bl\u00e4ttern.<\/p> <p>Blattspreite aus 5 spitzen Lappen bestehend. Junge St\u00e4ngel\t\t<\/div>\n\t\t\n\t\t<a class=\"elementor-post__read-more\" href=\"https:\/\/www.hedera-etc.com\/de\/product\/hedera-helix-peace\/\" aria-label=\"Mehr \u00fcber &lt;em&gt;Hedera helix&lt;\/em&gt; &lsquo;Peace&rsquo; &#8211; lierre des bois\" tabindex=\"-1\" target=\"_blank\">\n\t\t\tWeiterlesen \u00bb\t\t<\/a>\n\n\t\t\t\t<\/div>\n\t\t\t\t<\/article>\n\t\t\t\t<article class=\"elementor-post elementor-grid-item post-17676 product type-product status-publish has-post-thumbnail product_cat-lierre entry has-media  instock shipping-taxable purchasable product-type-variable has-default-attributes has-product-nav col span_1_of_4 owp-content-center item-entry owp-thumbs-layout-horizontal owp-btn-normal owp-tabs-layout-section\">\n\t\t\t\t<a class=\"elementor-post__thumbnail__link\" href=\"https:\/\/www.hedera-etc.com\/de\/product\/hedera-helix-frysto-lierre-dornement\/\" tabindex=\"-1\" target=\"&quot;_blank&quot;\">\n\t\t\t<div class=\"elementor-post__thumbnail\"><img decoding=\"async\" width=\"300\" height=\"225\" src=\"https:\/\/www.hedera-etc.com\/wp-content\/uploads\/2025\/12\/Hedera-helix-Frysto-300x225.webp\" class=\"attachment-medium size-medium wp-image-17679\" alt=\"Hedera helix &#039;Frysto&#039;\" srcset=\"https:\/\/www.hedera-etc.com\/wp-content\/uploads\/2025\/12\/Hedera-helix-Frysto-300x225.webp 300w, https:\/\/www.hedera-etc.com\/wp-content\/uploads\/2025\/12\/Hedera-helix-Frysto-900x675.webp 900w, https:\/\/www.hedera-etc.com\/wp-content\/uploads\/2025\/12\/Hedera-helix-Frysto-1024x768.webp 1024w, https:\/\/www.hedera-etc.com\/wp-content\/uploads\/2025\/12\/Hedera-helix-Frysto-768x576.webp 768w, https:\/\/www.hedera-etc.com\/wp-content\/uploads\/2025\/12\/Hedera-helix-Frysto-1536x1152.webp 1536w, https:\/\/www.hedera-etc.com\/wp-content\/uploads\/2025\/12\/Hedera-helix-Frysto-1320x990.webp 1320w, https:\/\/www.hedera-etc.com\/wp-content\/uploads\/2025\/12\/Hedera-helix-Frysto.webp 1600w\" sizes=\"(max-width: 300px) 100vw, 300px\" \/><\/div>\n\t\t<\/a>\n\t\t\t\t<div class=\"elementor-post__text\">\n\t\t\t\t<h3 class=\"elementor-post__title\">\n\t\t\t<a href=\"https:\/\/www.hedera-etc.com\/de\/product\/hedera-helix-frysto-lierre-dornement\/\" target=\"&quot;_blank&quot;\">\n\t\t\t\t<em>Hedera helix<\/em> &lsquo;Frysto&rsquo; &#8211; Zier-Efeu\t\t\t<\/a>\n\t\t<\/h3>\n\t\t\t\t<div class=\"elementor-post__excerpt\">\n\t\t\t<p>Efeu mit handf\u00f6rmigen, gewellten Bl\u00e4ttern, die von einer sch\u00f6nen Maserung durchzogen sind.<\/p> <p>Blattspreite aus 5 Lappen bestehend, der mittlere Lappen ist\t\t<\/div>\n\t\t\n\t\t<a class=\"elementor-post__read-more\" href=\"https:\/\/www.hedera-etc.com\/de\/product\/hedera-helix-frysto-lierre-dornement\/\" aria-label=\"Mehr \u00fcber &lt;em&gt;Hedera helix&lt;\/em&gt; &lsquo;Frysto&rsquo; &#8211; lierre d&rsquo;ornement\" tabindex=\"-1\" target=\"_blank\">\n\t\t\tWeiterlesen \u00bb\t\t<\/a>\n\n\t\t\t\t<\/div>\n\t\t\t\t<\/article>\n\t\t\t\t<article class=\"elementor-post elementor-grid-item post-16732 product type-product status-publish has-post-thumbnail product_cat-lierre entry has-media  instock shipping-taxable purchasable product-type-variable has-default-attributes has-product-nav col span_1_of_4 owp-content-center item-entry owp-thumbs-layout-horizontal owp-btn-normal owp-tabs-layout-section\">\n\t\t\t\t<a class=\"elementor-post__thumbnail__link\" href=\"https:\/\/www.hedera-etc.com\/de\/product\/hedera-helix-hodei\/\" tabindex=\"-1\" target=\"&quot;_blank&quot;\">\n\t\t\t<div class=\"elementor-post__thumbnail\"><img decoding=\"async\" width=\"300\" height=\"225\" src=\"https:\/\/www.hedera-etc.com\/wp-content\/uploads\/2025\/11\/Hedera-helix-Hodei-300x225.webp\" class=\"attachment-medium size-medium wp-image-16735\" alt=\"Hedera helix &#039;Hodei&#039;\" srcset=\"https:\/\/www.hedera-etc.com\/wp-content\/uploads\/2025\/11\/Hedera-helix-Hodei-300x225.webp 300w, https:\/\/www.hedera-etc.com\/wp-content\/uploads\/2025\/11\/Hedera-helix-Hodei-900x675.webp 900w, https:\/\/www.hedera-etc.com\/wp-content\/uploads\/2025\/11\/Hedera-helix-Hodei-1024x768.webp 1024w, https:\/\/www.hedera-etc.com\/wp-content\/uploads\/2025\/11\/Hedera-helix-Hodei-768x576.webp 768w, https:\/\/www.hedera-etc.com\/wp-content\/uploads\/2025\/11\/Hedera-helix-Hodei-1536x1152.webp 1536w, https:\/\/www.hedera-etc.com\/wp-content\/uploads\/2025\/11\/Hedera-helix-Hodei-1320x990.webp 1320w, https:\/\/www.hedera-etc.com\/wp-content\/uploads\/2025\/11\/Hedera-helix-Hodei.webp 1600w\" sizes=\"(max-width: 300px) 100vw, 300px\" \/><\/div>\n\t\t<\/a>\n\t\t\t\t<div class=\"elementor-post__text\">\n\t\t\t\t<h3 class=\"elementor-post__title\">\n\t\t\t<a href=\"https:\/\/www.hedera-etc.com\/de\/product\/hedera-helix-hodei\/\" target=\"&quot;_blank&quot;\">\n\t\t\t\t<em>Hedera helix<\/em> &lsquo;Hodei&rsquo; &#8211; Zier-Efeu\t\t\t<\/a>\n\t\t<\/h3>\n\t\t\t\t<div class=\"elementor-post__excerpt\">\n\t\t\t<p>Panaschiertes und gewelltes Laub f\u00fcr diesen Efeu, der sch\u00f6ne kugelf\u00f6rmige B\u00fcschel bildet.<\/p> <p>Blattspreite, graugr\u00fcn mit cremefarbenen R\u00e4ndern,\t\t<\/div>\n\t\t\n\t\t<a class=\"elementor-post__read-more\" href=\"https:\/\/www.hedera-etc.com\/de\/product\/hedera-helix-hodei\/\" aria-label=\"Mehr \u00fcber &lt;em&gt;Hedera helix&lt;\/em&gt; &lsquo;Hodei&rsquo; &#8211; lierre d&rsquo;ornement\" tabindex=\"-1\" target=\"_blank\">\n\t\t\tWeiterlesen \u00bb\t\t<\/a>\n\n\t\t\t\t<\/div>\n\t\t\t\t<\/article>\n\t\t\t\t<article class=\"elementor-post elementor-grid-item post-17151 product type-product status-publish has-post-thumbnail product_cat-lierre entry has-media last instock shipping-taxable purchasable product-type-variable has-default-attributes has-product-nav col span_1_of_4 owp-content-center item-entry owp-thumbs-layout-horizontal owp-btn-normal owp-tabs-layout-section has-no-thumbnails\">\n\t\t\t\t<a class=\"elementor-post__thumbnail__link\" href=\"https:\/\/www.hedera-etc.com\/de\/product\/hedera-helix-nico\/\" tabindex=\"-1\" target=\"&quot;_blank&quot;\">\n\t\t\t<div class=\"elementor-post__thumbnail\"><img loading=\"lazy\" decoding=\"async\" width=\"300\" height=\"225\" src=\"https:\/\/www.hedera-etc.com\/wp-content\/uploads\/2025\/11\/Hedera-helix-Nico-1-300x225.jpg\" class=\"attachment-medium size-medium wp-image-17155\" alt=\"Hedera helix &#039;Nico&#039;,\" srcset=\"https:\/\/www.hedera-etc.com\/wp-content\/uploads\/2025\/11\/Hedera-helix-Nico-1-300x225.jpg 300w, https:\/\/www.hedera-etc.com\/wp-content\/uploads\/2025\/11\/Hedera-helix-Nico-1-900x675.webp 900w, https:\/\/www.hedera-etc.com\/wp-content\/uploads\/2025\/11\/Hedera-helix-Nico-1-1024x768.jpg 1024w, https:\/\/www.hedera-etc.com\/wp-content\/uploads\/2025\/11\/Hedera-helix-Nico-1-768x576.jpg 768w, https:\/\/www.hedera-etc.com\/wp-content\/uploads\/2025\/11\/Hedera-helix-Nico-1-1536x1152.jpg 1536w, https:\/\/www.hedera-etc.com\/wp-content\/uploads\/2025\/11\/Hedera-helix-Nico-1-1320x990.jpg 1320w, https:\/\/www.hedera-etc.com\/wp-content\/uploads\/2025\/11\/Hedera-helix-Nico-1.webp 1600w\" sizes=\"(max-width: 300px) 100vw, 300px\" \/><\/div>\n\t\t<\/a>\n\t\t\t\t<div class=\"elementor-post__text\">\n\t\t\t\t<h3 class=\"elementor-post__title\">\n\t\t\t<a href=\"https:\/\/www.hedera-etc.com\/de\/product\/hedera-helix-nico\/\" target=\"&quot;_blank&quot;\">\n\t\t\t\t<em>Hedera helix<\/em> &lsquo;Nico&rsquo; &#8211; Zier-Efeu\t\t\t<\/a>\n\t\t<\/h3>\n\t\t\t\t<div class=\"elementor-post__excerpt\">\n\t\t\t<p>Ein ungew\u00f6hnlicher Efeu mit wellig-gekr\u00e4uselten Bl\u00e4ttern, die manchmal kleine Kristalle an den R\u00e4ndern tragen.<\/p> <p>Blattspreite bestehend aus 3\t\t<\/div>\n\t\t\n\t\t<a class=\"elementor-post__read-more\" href=\"https:\/\/www.hedera-etc.com\/de\/product\/hedera-helix-nico\/\" aria-label=\"Mehr \u00fcber &lt;em&gt;Hedera helix&lt;\/em&gt; &lsquo;Nico&rsquo; &#8211; lierre d&rsquo;ornement\" tabindex=\"-1\" target=\"_blank\">\n\t\t\tWeiterlesen \u00bb\t\t<\/a>\n\n\t\t\t\t<\/div>\n\t\t\t\t<\/article>\n\t\t\t\t<article class=\"elementor-post elementor-grid-item post-16352 product type-product status-publish has-post-thumbnail product_cat-lierre entry has-media first outofstock shipping-taxable product-type-variable has-default-attributes has-product-nav col span_1_of_4 owp-content-center item-entry owp-thumbs-layout-horizontal owp-btn-normal owp-tabs-layout-section\">\n\t\t\t\t<a class=\"elementor-post__thumbnail__link\" href=\"https:\/\/www.hedera-etc.com\/de\/product\/hedera-helix-greeny\/\" tabindex=\"-1\" target=\"&quot;_blank&quot;\">\n\t\t\t<div class=\"elementor-post__thumbnail\"><img loading=\"lazy\" decoding=\"async\" width=\"300\" height=\"225\" src=\"https:\/\/www.hedera-etc.com\/wp-content\/uploads\/2025\/11\/Hedera-helix-Greeny_3-300x225.webp\" class=\"attachment-medium size-medium wp-image-16354\" alt=\"Hedera helix &#039;Greeny&#039;\" srcset=\"https:\/\/www.hedera-etc.com\/wp-content\/uploads\/2025\/11\/Hedera-helix-Greeny_3-300x225.webp 300w, https:\/\/www.hedera-etc.com\/wp-content\/uploads\/2025\/11\/Hedera-helix-Greeny_3-900x675.webp 900w, https:\/\/www.hedera-etc.com\/wp-content\/uploads\/2025\/11\/Hedera-helix-Greeny_3-1024x768.webp 1024w, https:\/\/www.hedera-etc.com\/wp-content\/uploads\/2025\/11\/Hedera-helix-Greeny_3-768x576.webp 768w, https:\/\/www.hedera-etc.com\/wp-content\/uploads\/2025\/11\/Hedera-helix-Greeny_3-1536x1152.webp 1536w, https:\/\/www.hedera-etc.com\/wp-content\/uploads\/2025\/11\/Hedera-helix-Greeny_3-1320x990.webp 1320w, https:\/\/www.hedera-etc.com\/wp-content\/uploads\/2025\/11\/Hedera-helix-Greeny_3.webp 1600w\" sizes=\"(max-width: 300px) 100vw, 300px\" \/><\/div>\n\t\t<\/a>\n\t\t\t\t<div class=\"elementor-post__text\">\n\t\t\t\t<h3 class=\"elementor-post__title\">\n\t\t\t<a href=\"https:\/\/www.hedera-etc.com\/de\/product\/hedera-helix-greeny\/\" target=\"&quot;_blank&quot;\">\n\t\t\t\t<em>Hedera helix<\/em> &lsquo;Greeny&rsquo; &#8211; Zier-Efeu\t\t\t<\/a>\n\t\t<\/h3>\n\t\t\t\t<div class=\"elementor-post__excerpt\">\n\t\t\t<p>Efeu mit welligen, konvex geformten Bl\u00e4ttern, die oft etwas verkrampft sind.<\/p> <p>Blattspreite aus 5 sehr schwach ausgepr\u00e4gten Lappen bestehend. St\u00e4ngel\t\t<\/div>\n\t\t\n\t\t<a class=\"elementor-post__read-more\" href=\"https:\/\/www.hedera-etc.com\/de\/product\/hedera-helix-greeny\/\" aria-label=\"Mehr \u00fcber &lt;em&gt;Hedera helix&lt;\/em&gt; &lsquo;Greeny&rsquo; &#8211; lierre d&rsquo;ornement\" tabindex=\"-1\" target=\"_blank\">\n\t\t\tWeiterlesen \u00bb\t\t<\/a>\n\n\t\t\t\t<\/div>\n\t\t\t\t<\/article>\n\t\t\t\t<article class=\"elementor-post elementor-grid-item post-16608 product type-product status-publish has-post-thumbnail product_cat-lierre entry has-media  outofstock shipping-taxable product-type-variable has-default-attributes has-product-nav col span_1_of_4 owp-content-center item-entry owp-thumbs-layout-horizontal owp-btn-normal owp-tabs-layout-section has-no-thumbnails\">\n\t\t\t\t<a class=\"elementor-post__thumbnail__link\" href=\"https:\/\/www.hedera-etc.com\/de\/product\/hedera-helix-fredrick\/\" tabindex=\"-1\" target=\"&quot;_blank&quot;\">\n\t\t\t<div class=\"elementor-post__thumbnail\"><img loading=\"lazy\" decoding=\"async\" width=\"300\" height=\"225\" src=\"https:\/\/www.hedera-etc.com\/wp-content\/uploads\/2025\/11\/Hedera-helix-Fredrick-300x225.webp\" class=\"attachment-medium size-medium wp-image-16610\" alt=\"Hedera helix &#039;Fredrick&#039;\" srcset=\"https:\/\/www.hedera-etc.com\/wp-content\/uploads\/2025\/11\/Hedera-helix-Fredrick-300x225.webp 300w, https:\/\/www.hedera-etc.com\/wp-content\/uploads\/2025\/11\/Hedera-helix-Fredrick-900x675.webp 900w, https:\/\/www.hedera-etc.com\/wp-content\/uploads\/2025\/11\/Hedera-helix-Fredrick-1024x768.webp 1024w, https:\/\/www.hedera-etc.com\/wp-content\/uploads\/2025\/11\/Hedera-helix-Fredrick-768x576.webp 768w, https:\/\/www.hedera-etc.com\/wp-content\/uploads\/2025\/11\/Hedera-helix-Fredrick-1536x1152.webp 1536w, https:\/\/www.hedera-etc.com\/wp-content\/uploads\/2025\/11\/Hedera-helix-Fredrick-1320x990.webp 1320w, https:\/\/www.hedera-etc.com\/wp-content\/uploads\/2025\/11\/Hedera-helix-Fredrick.webp 1600w\" sizes=\"(max-width: 300px) 100vw, 300px\" \/><\/div>\n\t\t<\/a>\n\t\t\t\t<div class=\"elementor-post__text\">\n\t\t\t\t<h3 class=\"elementor-post__title\">\n\t\t\t<a href=\"https:\/\/www.hedera-etc.com\/de\/product\/hedera-helix-fredrick\/\" target=\"&quot;_blank&quot;\">\n\t\t\t\t<em>Hedera helix<\/em> &lsquo;Fredrick&rsquo; &#8211; Zier-Efeu\t\t\t<\/a>\n\t\t<\/h3>\n\t\t\t\t<div class=\"elementor-post__excerpt\">\n\t\t\t<p>Panaschierter und gewellter Efeu. Ein wahres Wunder und eine Rarit\u00e4t!<\/p> <p><span class=\"HwtZe\" lang=\"fr\"><span class=\"jCAhz ChMk0b\"><span class=\"ryNqvb\">Abgerundete, gefleckte Bl\u00e4tter\t\t<\/div>\n\t\t\n\t\t<a class=\"elementor-post__read-more\" href=\"https:\/\/www.hedera-etc.com\/de\/product\/hedera-helix-fredrick\/\" aria-label=\"Mehr \u00fcber &lt;em&gt;Hedera helix&lt;\/em&gt; &lsquo;Fredrick&rsquo; &#8211; lierre d&rsquo;ornement\" tabindex=\"-1\" target=\"_blank\">\n\t\t\tWeiterlesen \u00bb\t\t<\/a>\n\n\t\t\t\t<\/div>\n\t\t\t\t<\/article>\n\t\t\t\t<article class=\"elementor-post elementor-grid-item post-3804 product type-product status-publish has-post-thumbnail product_cat-lierre entry has-media  instock purchasable product-type-variable has-default-attributes has-product-nav col span_1_of_4 owp-content-center item-entry owp-thumbs-layout-horizontal owp-btn-normal owp-tabs-layout-section has-no-thumbnails\">\n\t\t\t\t<a class=\"elementor-post__thumbnail__link\" href=\"https:\/\/www.hedera-etc.com\/de\/product\/hedera-helix-gros-pere\/\" tabindex=\"-1\" target=\"&quot;_blank&quot;\">\n\t\t\t<div class=\"elementor-post__thumbnail\"><img loading=\"lazy\" decoding=\"async\" width=\"300\" height=\"225\" src=\"https:\/\/www.hedera-etc.com\/wp-content\/uploads\/2024\/01\/Hedera-helix-Gros-Pere-300x225.webp\" class=\"attachment-medium size-medium wp-image-13029\" alt=\"Hedera helix &#039;Gros P\u00e8re&#039;\" srcset=\"https:\/\/www.hedera-etc.com\/wp-content\/uploads\/2024\/01\/Hedera-helix-Gros-Pere-300x225.webp 300w, https:\/\/www.hedera-etc.com\/wp-content\/uploads\/2024\/01\/Hedera-helix-Gros-Pere-768x575.webp 768w, https:\/\/www.hedera-etc.com\/wp-content\/uploads\/2024\/01\/Hedera-helix-Gros-Pere.webp 900w\" sizes=\"(max-width: 300px) 100vw, 300px\" \/><\/div>\n\t\t<\/a>\n\t\t\t\t<div class=\"elementor-post__text\">\n\t\t\t\t<h3 class=\"elementor-post__title\">\n\t\t\t<a href=\"https:\/\/www.hedera-etc.com\/de\/product\/hedera-helix-gros-pere\/\" target=\"&quot;_blank&quot;\">\n\t\t\t\t<em>Hedera helix<\/em> &lsquo;Gros P\u00e8re&rsquo; &#8211; Zier-Efeu\t\t\t<\/a>\n\t\t<\/h3>\n\t\t\t\t<div class=\"elementor-post__excerpt\">\n\t\t\t<p>Mutation von <a href=\"https:\/\/www.hedera-etc.com\/de\/product\/hedera-helix-frise\/\" target=\"_blank\" rel=\"noopener\"><em>Hedera helix<\/em> \u2018Gekr\u00e4uselt\u2019.<\/a><\/p> <p>Breite, konkave, gewellte Bl\u00e4tter mit handf\u00f6rmigen, zartgr\u00fcnen Nerven, die aus 3\t\t<\/div>\n\t\t\n\t\t<a class=\"elementor-post__read-more\" href=\"https:\/\/www.hedera-etc.com\/de\/product\/hedera-helix-gros-pere\/\" aria-label=\"Mehr \u00fcber &lt;em&gt;Hedera helix&lt;\/em&gt; &lsquo;Gros P\u00e8re&rsquo; &#8211; Lierre d&rsquo;ornement\" tabindex=\"-1\" target=\"_blank\">\n\t\t\tWeiterlesen \u00bb\t\t<\/a>\n\n\t\t\t\t<\/div>\n\t\t\t\t<\/article>\n\t\t\t\t<article class=\"elementor-post elementor-grid-item post-4489 product type-product status-publish has-post-thumbnail product_cat-lierre entry has-media last outofstock shipping-taxable product-type-variable has-default-attributes has-product-nav col span_1_of_4 owp-content-center item-entry owp-thumbs-layout-horizontal owp-btn-normal owp-tabs-layout-section\">\n\t\t\t\t<a class=\"elementor-post__thumbnail__link\" href=\"https:\/\/www.hedera-etc.com\/de\/product\/hedera-helix-fools-gold\/\" tabindex=\"-1\" target=\"&quot;_blank&quot;\">\n\t\t\t<div class=\"elementor-post__thumbnail\"><img loading=\"lazy\" decoding=\"async\" width=\"300\" height=\"225\" src=\"https:\/\/www.hedera-etc.com\/wp-content\/uploads\/2024\/04\/Hedera-helix-Fools-Gold-300x225.webp\" class=\"attachment-medium size-medium wp-image-4519\" alt=\"Hedera helix &#039;Fool&#039;s Gold&#039;, lierre\" srcset=\"https:\/\/www.hedera-etc.com\/wp-content\/uploads\/2024\/04\/Hedera-helix-Fools-Gold-300x225.webp 300w, https:\/\/www.hedera-etc.com\/wp-content\/uploads\/2024\/04\/Hedera-helix-Fools-Gold-900x675.webp 900w, https:\/\/www.hedera-etc.com\/wp-content\/uploads\/2024\/04\/Hedera-helix-Fools-Gold-1024x768.webp 1024w, https:\/\/www.hedera-etc.com\/wp-content\/uploads\/2024\/04\/Hedera-helix-Fools-Gold-768x576.webp 768w, https:\/\/www.hedera-etc.com\/wp-content\/uploads\/2024\/04\/Hedera-helix-Fools-Gold-1536x1152.webp 1536w, https:\/\/www.hedera-etc.com\/wp-content\/uploads\/2024\/04\/Hedera-helix-Fools-Gold-1320x990.webp 1320w, https:\/\/www.hedera-etc.com\/wp-content\/uploads\/2024\/04\/Hedera-helix-Fools-Gold.webp 1600w\" sizes=\"(max-width: 300px) 100vw, 300px\" \/><\/div>\n\t\t<\/a>\n\t\t\t\t<div class=\"elementor-post__text\">\n\t\t\t\t<h3 class=\"elementor-post__title\">\n\t\t\t<a href=\"https:\/\/www.hedera-etc.com\/de\/product\/hedera-helix-fools-gold\/\" target=\"&quot;_blank&quot;\">\n\t\t\t\t<em>Hedera helix<\/em> &lsquo;Fool&rsquo;s Gold&rsquo; &#8211; Zier-Efeu\t\t\t<\/a>\n\t\t<\/h3>\n\t\t\t\t<div class=\"elementor-post__excerpt\">\n\t\t\t<p>Gekr\u00e4uselte Bl\u00e4tter mit gold- oder cremefarben gefleckten Streifen und dunkelgr\u00fcnen R\u00e4ndern. Ein kleines Wunder!<\/p> <p>Sieht aus wie\t\t<\/div>\n\t\t\n\t\t<a class=\"elementor-post__read-more\" href=\"https:\/\/www.hedera-etc.com\/de\/product\/hedera-helix-fools-gold\/\" aria-label=\"Mehr \u00fcber &lt;em&gt;Hedera helix&lt;\/em&gt; &lsquo;Fool&rsquo;s Gold&rsquo; &#8211; Lierre d&rsquo;ornement\" tabindex=\"-1\" target=\"_blank\">\n\t\t\tWeiterlesen \u00bb\t\t<\/a>\n\n\t\t\t\t<\/div>\n\t\t\t\t<\/article>\n\t\t\t\t<article class=\"elementor-post elementor-grid-item post-3702 product type-product status-publish has-post-thumbnail product_cat-lierre entry has-media first outofstock product-type-variable has-default-attributes has-product-nav col span_1_of_4 owp-content-center item-entry owp-thumbs-layout-horizontal owp-btn-normal owp-tabs-layout-section\">\n\t\t\t\t<a class=\"elementor-post__thumbnail__link\" href=\"https:\/\/www.hedera-etc.com\/de\/product\/hedera-helix-ivalace-marbled\/\" tabindex=\"-1\" target=\"&quot;_blank&quot;\">\n\t\t\t<div class=\"elementor-post__thumbnail\"><img loading=\"lazy\" decoding=\"async\" width=\"300\" height=\"225\" src=\"https:\/\/www.hedera-etc.com\/wp-content\/uploads\/2024\/01\/Hedera-helix-Ivalace-Marbled_2-300x225.webp\" class=\"attachment-medium size-medium wp-image-10022\" alt=\"Hedera helix &#039;Ivalace Marbled&#039;\" srcset=\"https:\/\/www.hedera-etc.com\/wp-content\/uploads\/2024\/01\/Hedera-helix-Ivalace-Marbled_2-300x225.webp 300w, https:\/\/www.hedera-etc.com\/wp-content\/uploads\/2024\/01\/Hedera-helix-Ivalace-Marbled_2-900x675.webp 900w, https:\/\/www.hedera-etc.com\/wp-content\/uploads\/2024\/01\/Hedera-helix-Ivalace-Marbled_2-1024x768.webp 1024w, https:\/\/www.hedera-etc.com\/wp-content\/uploads\/2024\/01\/Hedera-helix-Ivalace-Marbled_2-768x576.webp 768w, https:\/\/www.hedera-etc.com\/wp-content\/uploads\/2024\/01\/Hedera-helix-Ivalace-Marbled_2-1536x1152.webp 1536w, https:\/\/www.hedera-etc.com\/wp-content\/uploads\/2024\/01\/Hedera-helix-Ivalace-Marbled_2-1320x990.webp 1320w, https:\/\/www.hedera-etc.com\/wp-content\/uploads\/2024\/01\/Hedera-helix-Ivalace-Marbled_2.webp 1600w\" sizes=\"(max-width: 300px) 100vw, 300px\" \/><\/div>\n\t\t<\/a>\n\t\t\t\t<div class=\"elementor-post__text\">\n\t\t\t\t<h3 class=\"elementor-post__title\">\n\t\t\t<a href=\"https:\/\/www.hedera-etc.com\/de\/product\/hedera-helix-ivalace-marbled\/\" target=\"&quot;_blank&quot;\">\n\t\t\t\t<em>Hedera helix<\/em> &lsquo;Ivalace Marbled&rsquo; &#8211; Zier-Efeu\t\t\t<\/a>\n\t\t<\/h3>\n\t\t\t\t<div class=\"elementor-post__excerpt\">\n\t\t\t<p>Sehr sch\u00f6ne Mutation d \u00bb<a href=\"https:\/\/www.hedera-etc.com\/de\/product\/hedera-helix-ivalace\/\" target=\"_blank\" rel=\"noopener\">Ivalace<\/a>&lsquo; qui garde l\u2019ensemble des caract\u00e8res de la plante m\u00e8re dont elle est\t\t<\/div>\n\t\t\n\t\t<a class=\"elementor-post__read-more\" href=\"https:\/\/www.hedera-etc.com\/de\/product\/hedera-helix-ivalace-marbled\/\" aria-label=\"Mehr \u00fcber &lt;em&gt;Hedera helix&lt;\/em&gt; &lsquo;Ivalace Marbled&rsquo; &#8211; Lierre d&rsquo;ornement\" tabindex=\"-1\" target=\"_blank\">\n\t\t\tWeiterlesen \u00bb\t\t<\/a>\n\n\t\t\t\t<\/div>\n\t\t\t\t<\/article>\n\t\t\t\t<article class=\"elementor-post elementor-grid-item post-2215 product type-product status-publish has-post-thumbnail product_cat-lierre entry has-media  instock purchasable product-type-variable has-default-attributes has-product-nav col span_1_of_4 owp-content-center item-entry owp-thumbs-layout-horizontal owp-btn-normal owp-tabs-layout-section\">\n\t\t\t\t<a class=\"elementor-post__thumbnail__link\" href=\"https:\/\/www.hedera-etc.com\/de\/product\/hedera-helix-little-witch\/\" tabindex=\"-1\" target=\"&quot;_blank&quot;\">\n\t\t\t<div class=\"elementor-post__thumbnail\"><img loading=\"lazy\" decoding=\"async\" width=\"300\" height=\"225\" src=\"https:\/\/www.hedera-etc.com\/wp-content\/uploads\/2023\/11\/Hedera-helix-Little-Witch-300x225.webp\" class=\"attachment-medium size-medium wp-image-2216\" alt=\"Hedera helix &#039;Little Witch&#039;\" srcset=\"https:\/\/www.hedera-etc.com\/wp-content\/uploads\/2023\/11\/Hedera-helix-Little-Witch-300x225.webp 300w, https:\/\/www.hedera-etc.com\/wp-content\/uploads\/2023\/11\/Hedera-helix-Little-Witch-900x675.webp 900w, https:\/\/www.hedera-etc.com\/wp-content\/uploads\/2023\/11\/Hedera-helix-Little-Witch-768x576.webp 768w, https:\/\/www.hedera-etc.com\/wp-content\/uploads\/2023\/11\/Hedera-helix-Little-Witch.webp 1024w\" sizes=\"(max-width: 300px) 100vw, 300px\" \/><\/div>\n\t\t<\/a>\n\t\t\t\t<div class=\"elementor-post__text\">\n\t\t\t\t<h3 class=\"elementor-post__title\">\n\t\t\t<a href=\"https:\/\/www.hedera-etc.com\/de\/product\/hedera-helix-little-witch\/\" target=\"&quot;_blank&quot;\">\n\t\t\t\t<em>Hedera helix<\/em> &lsquo;Little Witch&rsquo; &#8211; Zier-Efeu\t\t\t<\/a>\n\t\t<\/h3>\n\t\t\t\t<div class=\"elementor-post__excerpt\">\n\t\t\t<p>Originell gedrehtes, mittelgr\u00fcnes Blatt, das sich bei K\u00e4lte dunkler f\u00e4rbt.<\/p> <p>Lobi so tief, dass sie fast bis zum Stiel reichen, h\u00e4ufig mit\t\t<\/div>\n\t\t\n\t\t<a class=\"elementor-post__read-more\" href=\"https:\/\/www.hedera-etc.com\/de\/product\/hedera-helix-little-witch\/\" aria-label=\"Mehr \u00fcber &lt;em&gt;Hedera helix&lt;\/em&gt; &lsquo;Little Witch&rsquo; &#8211; Lierre d&rsquo;ornement\" tabindex=\"-1\" target=\"_blank\">\n\t\t\tWeiterlesen \u00bb\t\t<\/a>\n\n\t\t\t\t<\/div>\n\t\t\t\t<\/article>\n\t\t\t\t<article class=\"elementor-post elementor-grid-item post-2226 product type-product status-publish has-post-thumbnail product_cat-lierre entry has-media  instock purchasable product-type-variable has-default-attributes has-product-nav col span_1_of_4 owp-content-center item-entry owp-thumbs-layout-horizontal owp-btn-normal owp-tabs-layout-section has-no-thumbnails\">\n\t\t\t\t<a class=\"elementor-post__thumbnail__link\" href=\"https:\/\/www.hedera-etc.com\/de\/product\/hedera-helix-green-man\/\" tabindex=\"-1\" target=\"&quot;_blank&quot;\">\n\t\t\t<div class=\"elementor-post__thumbnail\"><img loading=\"lazy\" decoding=\"async\" width=\"300\" height=\"225\" src=\"https:\/\/www.hedera-etc.com\/wp-content\/uploads\/2023\/11\/Hedera-helix-Green-Man-300x225.webp\" class=\"attachment-medium size-medium wp-image-2227\" alt=\"Hedera helix &#039;Green Man&#039;\" srcset=\"https:\/\/www.hedera-etc.com\/wp-content\/uploads\/2023\/11\/Hedera-helix-Green-Man-300x225.webp 300w, https:\/\/www.hedera-etc.com\/wp-content\/uploads\/2023\/11\/Hedera-helix-Green-Man-900x675.webp 900w, https:\/\/www.hedera-etc.com\/wp-content\/uploads\/2023\/11\/Hedera-helix-Green-Man-768x576.webp 768w, https:\/\/www.hedera-etc.com\/wp-content\/uploads\/2023\/11\/Hedera-helix-Green-Man.webp 1024w\" sizes=\"(max-width: 300px) 100vw, 300px\" \/><\/div>\n\t\t<\/a>\n\t\t\t\t<div class=\"elementor-post__text\">\n\t\t\t\t<h3 class=\"elementor-post__title\">\n\t\t\t<a href=\"https:\/\/www.hedera-etc.com\/de\/product\/hedera-helix-green-man\/\" target=\"&quot;_blank&quot;\">\n\t\t\t\t<em>Hedera helix<\/em> &lsquo;Green Man&rsquo; &#8211; Zier-Efeu\t\t\t<\/a>\n\t\t<\/h3>\n\t\t\t\t<div class=\"elementor-post__excerpt\">\n\t\t\t<p>Weist gr\u00fcne Bl\u00e4tter mit drei Hauptlappen und mehreren Mini-Nebenlappen auf.<\/p> <p>Dickes Blatt mit nach unten gebogener Blattspreite\t\t<\/div>\n\t\t\n\t\t<a class=\"elementor-post__read-more\" href=\"https:\/\/www.hedera-etc.com\/de\/product\/hedera-helix-green-man\/\" aria-label=\"Mehr \u00fcber &lt;em&gt;Hedera helix&lt;\/em&gt; &lsquo;Green Man&rsquo; &#8211; Lierre d&rsquo;ornement\" tabindex=\"-1\" target=\"_blank\">\n\t\t\tWeiterlesen \u00bb\t\t<\/a>\n\n\t\t\t\t<\/div>\n\t\t\t\t<\/article>\n\t\t\t\t<article class=\"elementor-post elementor-grid-item post-3680 product type-product status-publish has-post-thumbnail product_cat-lierre entry has-media last instock purchasable product-type-variable has-default-attributes has-product-nav col span_1_of_4 owp-content-center item-entry owp-thumbs-layout-horizontal owp-btn-normal owp-tabs-layout-section\">\n\t\t\t\t<a class=\"elementor-post__thumbnail__link\" href=\"https:\/\/www.hedera-etc.com\/de\/product\/hedera-helix-frivolite-frise\/\" tabindex=\"-1\" target=\"&quot;_blank&quot;\">\n\t\t\t<div class=\"elementor-post__thumbnail\"><img loading=\"lazy\" decoding=\"async\" width=\"300\" height=\"225\" src=\"https:\/\/www.hedera-etc.com\/wp-content\/uploads\/2024\/01\/Hedera-helix-Frise-300x225.webp\" class=\"attachment-medium size-medium wp-image-3685\" alt=\"Hedera helix &#039;Frivolit\u00e9 Fris\u00e9&#039;\" srcset=\"https:\/\/www.hedera-etc.com\/wp-content\/uploads\/2024\/01\/Hedera-helix-Frise-300x225.webp 300w, https:\/\/www.hedera-etc.com\/wp-content\/uploads\/2024\/01\/Hedera-helix-Frise-900x675.webp 900w, https:\/\/www.hedera-etc.com\/wp-content\/uploads\/2024\/01\/Hedera-helix-Frise-768x576.webp 768w, https:\/\/www.hedera-etc.com\/wp-content\/uploads\/2024\/01\/Hedera-helix-Frise.webp 1024w\" sizes=\"(max-width: 300px) 100vw, 300px\" \/><\/div>\n\t\t<\/a>\n\t\t\t\t<div class=\"elementor-post__text\">\n\t\t\t\t<h3 class=\"elementor-post__title\">\n\t\t\t<a href=\"https:\/\/www.hedera-etc.com\/de\/product\/hedera-helix-frivolite-frise\/\" target=\"&quot;_blank&quot;\">\n\t\t\t\t<em>Hedera helix<\/em> &lsquo;Frivolit\u00e9 Fris\u00e9&rsquo; &#8211; Zier-Efeu\t\t\t<\/a>\n\t\t<\/h3>\n\t\t\t\t<div class=\"elementor-post__excerpt\">\n\t\t\t<p>Efeu, der aus \u2018Ivalace\u2019 hervorgegangen ist. Etwas helleres Laub mit sch\u00f6nen, malvenget\u00f6nten, gekr\u00e4uselten Ausl\u00e4ufern.<\/p> <p>Gr\u00fcnes Blatt\t\t<\/div>\n\t\t\n\t\t<a class=\"elementor-post__read-more\" href=\"https:\/\/www.hedera-etc.com\/de\/product\/hedera-helix-frivolite-frise\/\" aria-label=\"Mehr \u00fcber &lt;em&gt;Hedera helix&lt;\/em&gt; &lsquo;Frivolit\u00e9 Fris\u00e9&rsquo; &#8211; Lierre d&rsquo;ornement\" tabindex=\"-1\" target=\"_blank\">\n\t\t\tWeiterlesen \u00bb\t\t<\/a>\n\n\t\t\t\t<\/div>\n\t\t\t\t<\/article>\n\t\t\t\t<article class=\"elementor-post elementor-grid-item post-2069 product type-product status-publish has-post-thumbnail product_cat-lierre entry has-media first instock purchasable product-type-variable has-default-attributes has-product-nav col span_1_of_4 owp-content-center item-entry owp-thumbs-layout-horizontal owp-btn-normal owp-tabs-layout-section has-no-thumbnails\">\n\t\t\t\t<a class=\"elementor-post__thumbnail__link\" href=\"https:\/\/www.hedera-etc.com\/de\/product\/hedera-helix-chalice\/\" tabindex=\"-1\" target=\"&quot;_blank&quot;\">\n\t\t\t<div class=\"elementor-post__thumbnail\"><img loading=\"lazy\" decoding=\"async\" width=\"300\" height=\"225\" src=\"https:\/\/www.hedera-etc.com\/wp-content\/uploads\/2023\/11\/Hedera-helix-Chalice-300x225.webp\" class=\"attachment-medium size-medium wp-image-2070\" alt=\"Hedera helix &#039;Chalice&#039;\" srcset=\"https:\/\/www.hedera-etc.com\/wp-content\/uploads\/2023\/11\/Hedera-helix-Chalice-300x225.webp 300w, https:\/\/www.hedera-etc.com\/wp-content\/uploads\/2023\/11\/Hedera-helix-Chalice-768x576.webp 768w, https:\/\/www.hedera-etc.com\/wp-content\/uploads\/2023\/11\/Hedera-helix-Chalice.webp 839w\" sizes=\"(max-width: 300px) 100vw, 300px\" \/><\/div>\n\t\t<\/a>\n\t\t\t\t<div class=\"elementor-post__text\">\n\t\t\t\t<h3 class=\"elementor-post__title\">\n\t\t\t<a href=\"https:\/\/www.hedera-etc.com\/de\/product\/hedera-helix-chalice\/\" target=\"&quot;_blank&quot;\">\n\t\t\t\t<em>Hedera helix<\/em> &lsquo;Chalice&rsquo; &#8211; Zier-Efeu\t\t\t<\/a>\n\t\t<\/h3>\n\t\t\t\t<div class=\"elementor-post__excerpt\">\n\t\t\t<p>Langsam wachsende Efeupflanze. Bl\u00e4tter, unregelm\u00e4\u00dfig geformt und gekr\u00fcmmt, aus 5 bis 7 Lappen mit gewellten R\u00e4ndern bestehend, gl\u00e4nzend\t\t<\/div>\n\t\t\n\t\t<a class=\"elementor-post__read-more\" href=\"https:\/\/www.hedera-etc.com\/de\/product\/hedera-helix-chalice\/\" aria-label=\"Mehr \u00fcber &lt;em&gt;Hedera helix&lt;\/em&gt; &lsquo;Chalice&rsquo; &#8211; Lierre d&rsquo;ornement\" tabindex=\"-1\" target=\"_blank\">\n\t\t\tWeiterlesen \u00bb\t\t<\/a>\n\n\t\t\t\t<\/div>\n\t\t\t\t<\/article>\n\t\t\t\t<article class=\"elementor-post elementor-grid-item post-2079 product type-product status-publish has-post-thumbnail product_cat-lierre entry has-media  instock purchasable product-type-variable has-default-attributes has-product-nav col span_1_of_4 owp-content-center item-entry owp-thumbs-layout-horizontal owp-btn-normal owp-tabs-layout-section\">\n\t\t\t\t<a class=\"elementor-post__thumbnail__link\" href=\"https:\/\/www.hedera-etc.com\/de\/product\/hedera-helix-crispa\/\" tabindex=\"-1\" target=\"&quot;_blank&quot;\">\n\t\t\t<div class=\"elementor-post__thumbnail\"><img loading=\"lazy\" decoding=\"async\" width=\"300\" height=\"209\" src=\"https:\/\/www.hedera-etc.com\/wp-content\/uploads\/2023\/11\/Hedera-helix-Crispa_2-300x209.webp\" class=\"attachment-medium size-medium wp-image-15278\" alt=\"\" srcset=\"https:\/\/www.hedera-etc.com\/wp-content\/uploads\/2023\/11\/Hedera-helix-Crispa_2-300x209.webp 300w, https:\/\/www.hedera-etc.com\/wp-content\/uploads\/2023\/11\/Hedera-helix-Crispa_2-900x627.webp 900w, https:\/\/www.hedera-etc.com\/wp-content\/uploads\/2023\/11\/Hedera-helix-Crispa_2-768x535.webp 768w, https:\/\/www.hedera-etc.com\/wp-content\/uploads\/2023\/11\/Hedera-helix-Crispa_2.webp 969w\" sizes=\"(max-width: 300px) 100vw, 300px\" \/><\/div>\n\t\t<\/a>\n\t\t\t\t<div class=\"elementor-post__text\">\n\t\t\t\t<h3 class=\"elementor-post__title\">\n\t\t\t<a href=\"https:\/\/www.hedera-etc.com\/de\/product\/hedera-helix-crispa\/\" target=\"&quot;_blank&quot;\">\n\t\t\t\t<em>Hedera helix<\/em> &lsquo;Crispa&rsquo; &#8211; Zier-Efeu\t\t\t<\/a>\n\t\t<\/h3>\n\t\t\t\t<div class=\"elementor-post__excerpt\">\n\t\t\t<p>Lierre compact qui ressemble \u00e0 &lsquo;Parsley Crested&rsquo;. Mais les feuilles sont plus grandes et plus plates, moins crisp\u00e9es et moins\t\t<\/div>\n\t\t\n\t\t<a class=\"elementor-post__read-more\" href=\"https:\/\/www.hedera-etc.com\/de\/product\/hedera-helix-crispa\/\" aria-label=\"Mehr \u00fcber &lt;em&gt;Hedera helix&lt;\/em&gt; &lsquo;Crispa&rsquo; &#8211; Lierre d&rsquo;ornement\" tabindex=\"-1\" target=\"_blank\">\n\t\t\tWeiterlesen \u00bb\t\t<\/a>\n\n\t\t\t\t<\/div>\n\t\t\t\t<\/article>\n\t\t\t\t<article class=\"elementor-post elementor-grid-item post-2092 product type-product status-publish has-post-thumbnail product_cat-lierre entry has-media  instock purchasable product-type-variable has-default-attributes has-product-nav col span_1_of_4 owp-content-center item-entry owp-thumbs-layout-horizontal owp-btn-normal owp-tabs-layout-section has-no-thumbnails\">\n\t\t\t\t<a class=\"elementor-post__thumbnail__link\" href=\"https:\/\/www.hedera-etc.com\/de\/product\/hedera-helix-finger-froth\/\" tabindex=\"-1\" target=\"&quot;_blank&quot;\">\n\t\t\t<div class=\"elementor-post__thumbnail\"><img loading=\"lazy\" decoding=\"async\" width=\"300\" height=\"199\" src=\"https:\/\/www.hedera-etc.com\/wp-content\/uploads\/2023\/11\/Hedera-helix-Finger-Froth-300x199.webp\" class=\"attachment-medium size-medium wp-image-2093\" alt=\"Hedera helix &#039;Finger Froth&#039;\" srcset=\"https:\/\/www.hedera-etc.com\/wp-content\/uploads\/2023\/11\/Hedera-helix-Finger-Froth-300x199.webp 300w, https:\/\/www.hedera-etc.com\/wp-content\/uploads\/2023\/11\/Hedera-helix-Finger-Froth-768x510.webp 768w, https:\/\/www.hedera-etc.com\/wp-content\/uploads\/2023\/11\/Hedera-helix-Finger-Froth.webp 800w\" sizes=\"(max-width: 300px) 100vw, 300px\" \/><\/div>\n\t\t<\/a>\n\t\t\t\t<div class=\"elementor-post__text\">\n\t\t\t\t<h3 class=\"elementor-post__title\">\n\t\t\t<a href=\"https:\/\/www.hedera-etc.com\/de\/product\/hedera-helix-finger-froth\/\" target=\"&quot;_blank&quot;\">\n\t\t\t\t<em>Hedera helix<\/em> &lsquo;Finger Froth&rsquo; &#8211; Zier-Efeu\t\t\t<\/a>\n\t\t<\/h3>\n\t\t\t\t<div class=\"elementor-post__excerpt\">\n\t\t\t<p>Dunkelgr\u00fcne, ledrige Bl\u00e4tter mit gewellten R\u00e4ndern, die aus 5 fingerartigen, spitzen Lappen bestehen.<\/p> <p>Limbus gefurcht durch\t\t<\/div>\n\t\t\n\t\t<a class=\"elementor-post__read-more\" href=\"https:\/\/www.hedera-etc.com\/de\/product\/hedera-helix-finger-froth\/\" aria-label=\"Mehr \u00fcber &lt;em&gt;Hedera helix&lt;\/em&gt; &lsquo;Finger Froth&rsquo; &#8211; Lierre d&rsquo;ornement\" tabindex=\"-1\" target=\"_blank\">\n\t\t\tWeiterlesen \u00bb\t\t<\/a>\n\n\t\t\t\t<\/div>\n\t\t\t\t<\/article>\n\t\t\t\t<article class=\"elementor-post elementor-grid-item post-2120 product type-product status-publish has-post-thumbnail product_cat-lierre entry has-media last instock purchasable product-type-variable has-default-attributes has-product-nav col span_1_of_4 owp-content-center item-entry owp-thumbs-layout-horizontal owp-btn-normal owp-tabs-layout-section\">\n\t\t\t\t<a class=\"elementor-post__thumbnail__link\" href=\"https:\/\/www.hedera-etc.com\/de\/product\/hedera-helix-miss-maroc\/\" tabindex=\"-1\" target=\"&quot;_blank&quot;\">\n\t\t\t<div class=\"elementor-post__thumbnail\"><img loading=\"lazy\" decoding=\"async\" width=\"300\" height=\"225\" src=\"https:\/\/www.hedera-etc.com\/wp-content\/uploads\/2023\/11\/Hedera-helix-Miss-Maroc-300x225.webp\" class=\"attachment-medium size-medium wp-image-2121\" alt=\"Hedera helix &#039;Miss Maroc&#039;\" srcset=\"https:\/\/www.hedera-etc.com\/wp-content\/uploads\/2023\/11\/Hedera-helix-Miss-Maroc-300x225.webp 300w, https:\/\/www.hedera-etc.com\/wp-content\/uploads\/2023\/11\/Hedera-helix-Miss-Maroc-900x675.webp 900w, https:\/\/www.hedera-etc.com\/wp-content\/uploads\/2023\/11\/Hedera-helix-Miss-Maroc-768x576.webp 768w, https:\/\/www.hedera-etc.com\/wp-content\/uploads\/2023\/11\/Hedera-helix-Miss-Maroc.webp 1024w\" sizes=\"(max-width: 300px) 100vw, 300px\" \/><\/div>\n\t\t<\/a>\n\t\t\t\t<div class=\"elementor-post__text\">\n\t\t\t\t<h3 class=\"elementor-post__title\">\n\t\t\t<a href=\"https:\/\/www.hedera-etc.com\/de\/product\/hedera-helix-miss-maroc\/\" target=\"&quot;_blank&quot;\">\n\t\t\t\t<em>Hedera helix<\/em> &lsquo;Miss Maroc&rsquo; &#8211; Zier-Efeu\t\t\t<\/a>\n\t\t<\/h3>\n\t\t\t\t<div class=\"elementor-post__excerpt\">\n\t\t\t<p>Bei dieser Sorte ist alles schief!<\/p> <p>Bl\u00e4tter alle unterschiedlich, der Rand der Blattspreite ist wellig und nach unten gebogen.\t\t<\/div>\n\t\t\n\t\t<a class=\"elementor-post__read-more\" href=\"https:\/\/www.hedera-etc.com\/de\/product\/hedera-helix-miss-maroc\/\" aria-label=\"Mehr \u00fcber &lt;em&gt;Hedera helix&lt;\/em&gt; &lsquo;Miss Maroc&rsquo; &#8211; Lierre d&rsquo;ornement\" tabindex=\"-1\" target=\"_blank\">\n\t\t\tWeiterlesen \u00bb\t\t<\/a>\n\n\t\t\t\t<\/div>\n\t\t\t\t<\/article>\n\t\t\t\t<article class=\"elementor-post elementor-grid-item post-2134 product type-product status-publish has-post-thumbnail product_cat-lierre entry has-media first instock purchasable product-type-variable has-default-attributes has-product-nav col span_1_of_4 owp-content-center item-entry owp-thumbs-layout-horizontal owp-btn-normal owp-tabs-layout-section\">\n\t\t\t\t<a class=\"elementor-post__thumbnail__link\" href=\"https:\/\/www.hedera-etc.com\/de\/product\/hedera-helix-pink-n-curly\/\" tabindex=\"-1\" target=\"&quot;_blank&quot;\">\n\t\t\t<div class=\"elementor-post__thumbnail\"><img loading=\"lazy\" decoding=\"async\" width=\"300\" height=\"225\" src=\"https:\/\/www.hedera-etc.com\/wp-content\/uploads\/2023\/11\/Hedera-helix-Pink-and-Curly-300x225.webp\" class=\"attachment-medium size-medium wp-image-2135\" alt=\"Hedera helix &#039;Pink &#039;n Curly&#039;\" srcset=\"https:\/\/www.hedera-etc.com\/wp-content\/uploads\/2023\/11\/Hedera-helix-Pink-and-Curly-300x225.webp 300w, https:\/\/www.hedera-etc.com\/wp-content\/uploads\/2023\/11\/Hedera-helix-Pink-and-Curly-768x576.webp 768w, https:\/\/www.hedera-etc.com\/wp-content\/uploads\/2023\/11\/Hedera-helix-Pink-and-Curly.webp 839w\" sizes=\"(max-width: 300px) 100vw, 300px\" \/><\/div>\n\t\t<\/a>\n\t\t\t\t<div class=\"elementor-post__text\">\n\t\t\t\t<h3 class=\"elementor-post__title\">\n\t\t\t<a href=\"https:\/\/www.hedera-etc.com\/de\/product\/hedera-helix-pink-n-curly\/\" target=\"&quot;_blank&quot;\">\n\t\t\t\t<em>Hedera helix<\/em> &lsquo;Pink &lsquo;n Curly&rsquo; &#8211; Zier-Efeu\t\t\t<\/a>\n\t\t<\/h3>\n\t\t\t\t<div class=\"elementor-post__excerpt\">\n\t\t\t<p>Au\u00dfergew\u00f6hnlich gelockte Bl\u00e4tter, wellige und zerzauste R\u00e4nder, die im Sommer oft unterseits rosa gef\u00e4rbt sind.<\/p> <p>Blattspreiten getragen von\t\t<\/div>\n\t\t\n\t\t<a class=\"elementor-post__read-more\" href=\"https:\/\/www.hedera-etc.com\/de\/product\/hedera-helix-pink-n-curly\/\" aria-label=\"Mehr \u00fcber &lt;em&gt;Hedera helix&lt;\/em&gt; &lsquo;Pink &lsquo;n Curly&rsquo; &#8211; Lierre d&rsquo;ornement\" tabindex=\"-1\" target=\"_blank\">\n\t\t\tWeiterlesen \u00bb\t\t<\/a>\n\n\t\t\t\t<\/div>\n\t\t\t\t<\/article>\n\t\t\t\t<article class=\"elementor-post elementor-grid-item post-2177 product type-product status-publish has-post-thumbnail product_cat-lierre entry has-media  instock purchasable product-type-variable has-default-attributes has-product-nav col span_1_of_4 owp-content-center item-entry owp-thumbs-layout-horizontal owp-btn-normal owp-tabs-layout-section\">\n\t\t\t\t<a class=\"elementor-post__thumbnail__link\" href=\"https:\/\/www.hedera-etc.com\/de\/product\/hedera-helix-sea-breeze\/\" tabindex=\"-1\" target=\"&quot;_blank&quot;\">\n\t\t\t<div class=\"elementor-post__thumbnail\"><img loading=\"lazy\" decoding=\"async\" width=\"300\" height=\"225\" src=\"https:\/\/www.hedera-etc.com\/wp-content\/uploads\/2023\/11\/Hedera-helix-Sea-Breeze-300x225.webp\" class=\"attachment-medium size-medium wp-image-2178\" alt=\"Hedera helix &#039;Sea Breeze&#039;\" srcset=\"https:\/\/www.hedera-etc.com\/wp-content\/uploads\/2023\/11\/Hedera-helix-Sea-Breeze-300x225.webp 300w, https:\/\/www.hedera-etc.com\/wp-content\/uploads\/2023\/11\/Hedera-helix-Sea-Breeze-900x675.webp 900w, https:\/\/www.hedera-etc.com\/wp-content\/uploads\/2023\/11\/Hedera-helix-Sea-Breeze-768x576.webp 768w, https:\/\/www.hedera-etc.com\/wp-content\/uploads\/2023\/11\/Hedera-helix-Sea-Breeze.webp 1024w\" sizes=\"(max-width: 300px) 100vw, 300px\" \/><\/div>\n\t\t<\/a>\n\t\t\t\t<div class=\"elementor-post__text\">\n\t\t\t\t<h3 class=\"elementor-post__title\">\n\t\t\t<a href=\"https:\/\/www.hedera-etc.com\/de\/product\/hedera-helix-sea-breeze\/\" target=\"&quot;_blank&quot;\">\n\t\t\t\t<em>Hedera helix<\/em> &lsquo;Sea Breeze&rsquo; &#8211; Zier-Efeu\t\t\t<\/a>\n\t\t<\/h3>\n\t\t\t\t<div class=\"elementor-post__excerpt\">\n\t\t\t<p>H\u00fcbsche Sorte mit atypischem Laub und kompaktem Aussehen.<\/p> <p>Das Laub ist zusammengekr\u00fcmmt, gewellt und mit gr\u00fcnen Flecken auf einem Hintergrund bespritzt\t\t<\/div>\n\t\t\n\t\t<a class=\"elementor-post__read-more\" href=\"https:\/\/www.hedera-etc.com\/de\/product\/hedera-helix-sea-breeze\/\" aria-label=\"Mehr \u00fcber &lt;em&gt;Hedera helix&lt;\/em&gt; &lsquo;Sea Breeze&rsquo; &#8211; Lierre d&rsquo;ornement\" tabindex=\"-1\" target=\"_blank\">\n\t\t\tWeiterlesen \u00bb\t\t<\/a>\n\n\t\t\t\t<\/div>\n\t\t\t\t<\/article>\n\t\t\t\t<article class=\"elementor-post elementor-grid-item post-2192 product type-product status-publish has-post-thumbnail product_cat-lierre entry has-media  instock purchasable product-type-variable has-default-attributes has-product-nav col span_1_of_4 owp-content-center item-entry owp-thumbs-layout-horizontal owp-btn-normal owp-tabs-layout-section\">\n\t\t\t\t<a class=\"elementor-post__thumbnail__link\" href=\"https:\/\/www.hedera-etc.com\/de\/product\/hedera-helix-new-ripples\/\" tabindex=\"-1\" target=\"&quot;_blank&quot;\">\n\t\t\t<div class=\"elementor-post__thumbnail\"><img loading=\"lazy\" decoding=\"async\" width=\"300\" height=\"225\" src=\"https:\/\/www.hedera-etc.com\/wp-content\/uploads\/2023\/11\/Hedera-helix-New-Ripple-300x225.webp\" class=\"attachment-medium size-medium wp-image-2193\" alt=\"Hedera helix &#039;New Ripples&#039;\" srcset=\"https:\/\/www.hedera-etc.com\/wp-content\/uploads\/2023\/11\/Hedera-helix-New-Ripple-300x225.webp 300w, https:\/\/www.hedera-etc.com\/wp-content\/uploads\/2023\/11\/Hedera-helix-New-Ripple-900x675.webp 900w, https:\/\/www.hedera-etc.com\/wp-content\/uploads\/2023\/11\/Hedera-helix-New-Ripple-768x576.webp 768w, https:\/\/www.hedera-etc.com\/wp-content\/uploads\/2023\/11\/Hedera-helix-New-Ripple.webp 1024w\" sizes=\"(max-width: 300px) 100vw, 300px\" \/><\/div>\n\t\t<\/a>\n\t\t\t\t<div class=\"elementor-post__text\">\n\t\t\t\t<h3 class=\"elementor-post__title\">\n\t\t\t<a href=\"https:\/\/www.hedera-etc.com\/de\/product\/hedera-helix-new-ripples\/\" target=\"&quot;_blank&quot;\">\n\t\t\t\t<em>Hedera helix<\/em> &lsquo;New Ripples&rsquo; &#8211; Zier-Efeu\t\t\t<\/a>\n\t\t<\/h3>\n\t\t\t\t<div class=\"elementor-post__excerpt\">\n\t\t\t<p>Kompakte Sorte mit sch\u00f6nen, gewellten, hellgr\u00fcnen Bl\u00e4ttern, das ganze Jahr \u00fcber.<\/p> <p>Blattspreite, sehr gl\u00e4nzend, aus 5 Lappen bestehend.\t\t<\/div>\n\t\t\n\t\t<a class=\"elementor-post__read-more\" href=\"https:\/\/www.hedera-etc.com\/de\/product\/hedera-helix-new-ripples\/\" aria-label=\"Mehr \u00fcber &lt;em&gt;Hedera helix&lt;\/em&gt; &lsquo;New Ripples&rsquo; &#8211; Lierre d&rsquo;ornement\" tabindex=\"-1\" target=\"_blank\">\n\t\t\tWeiterlesen \u00bb\t\t<\/a>\n\n\t\t\t\t<\/div>\n\t\t\t\t<\/article>\n\t\t\t\t<article class=\"elementor-post elementor-grid-item post-1918 product type-product status-publish has-post-thumbnail product_cat-lierre entry has-media last instock purchasable product-type-variable has-default-attributes has-product-nav col span_1_of_4 owp-content-center item-entry owp-thumbs-layout-horizontal owp-btn-normal owp-tabs-layout-section has-no-thumbnails\">\n\t\t\t\t<a class=\"elementor-post__thumbnail__link\" href=\"https:\/\/www.hedera-etc.com\/de\/product\/hedera-helix-cristo\/\" tabindex=\"-1\" target=\"&quot;_blank&quot;\">\n\t\t\t<div class=\"elementor-post__thumbnail\"><img loading=\"lazy\" decoding=\"async\" width=\"300\" height=\"225\" src=\"https:\/\/www.hedera-etc.com\/wp-content\/uploads\/2023\/11\/Hedera-helix-Touch-Of-Class-fasciation-300x225.webp\" class=\"attachment-medium size-medium wp-image-1919\" alt=\"Hedera helix &#039;Cristo&#039;\" srcset=\"https:\/\/www.hedera-etc.com\/wp-content\/uploads\/2023\/11\/Hedera-helix-Touch-Of-Class-fasciation-300x225.webp 300w, https:\/\/www.hedera-etc.com\/wp-content\/uploads\/2023\/11\/Hedera-helix-Touch-Of-Class-fasciation-900x675.webp 900w, https:\/\/www.hedera-etc.com\/wp-content\/uploads\/2023\/11\/Hedera-helix-Touch-Of-Class-fasciation-768x576.webp 768w, https:\/\/www.hedera-etc.com\/wp-content\/uploads\/2023\/11\/Hedera-helix-Touch-Of-Class-fasciation.webp 1024w\" sizes=\"(max-width: 300px) 100vw, 300px\" \/><\/div>\n\t\t<\/a>\n\t\t\t\t<div class=\"elementor-post__text\">\n\t\t\t\t<h3 class=\"elementor-post__title\">\n\t\t\t<a href=\"https:\/\/www.hedera-etc.com\/de\/product\/hedera-helix-cristo\/\" target=\"&quot;_blank&quot;\">\n\t\t\t\t<em>Hedera helix<\/em> &lsquo;Cristo&rsquo; &#8211; Zier-Efeu\t\t\t<\/a>\n\t\t<\/h3>\n\t\t\t\t<div class=\"elementor-post__excerpt\">\n\t\t\t<p>Efeu mit einer kompakten Form. Bl\u00e4tter in sich selbst eingerollt. Manchmal mit Ausw\u00fcchsen am Blattrand.<\/p> <p>Ergebnis\t\t<\/div>\n\t\t\n\t\t<a class=\"elementor-post__read-more\" href=\"https:\/\/www.hedera-etc.com\/de\/product\/hedera-helix-cristo\/\" aria-label=\"Mehr \u00fcber &lt;em&gt;Hedera helix&lt;\/em&gt; &lsquo;Cristo&rsquo; &#8211; Lierre d&rsquo;ornement\" tabindex=\"-1\" target=\"_blank\">\n\t\t\tWeiterlesen \u00bb\t\t<\/a>\n\n\t\t\t\t<\/div>\n\t\t\t\t<\/article>\n\t\t\t\t<article class=\"elementor-post elementor-grid-item post-2007 product type-product status-publish has-post-thumbnail product_cat-lierre entry has-media first instock purchasable product-type-variable has-default-attributes has-product-nav col span_1_of_4 owp-content-center item-entry owp-thumbs-layout-horizontal owp-btn-normal owp-tabs-layout-section\">\n\t\t\t\t<a class=\"elementor-post__thumbnail__link\" href=\"https:\/\/www.hedera-etc.com\/de\/product\/hedera-helix-boskoop\/\" tabindex=\"-1\" target=\"&quot;_blank&quot;\">\n\t\t\t<div class=\"elementor-post__thumbnail\"><img loading=\"lazy\" decoding=\"async\" width=\"300\" height=\"225\" src=\"https:\/\/www.hedera-etc.com\/wp-content\/uploads\/2023\/11\/Hedera-helix-Boskoop-300x225.webp\" class=\"attachment-medium size-medium wp-image-2008\" alt=\"Hedera helix &#039;Boskoop&#039;\" srcset=\"https:\/\/www.hedera-etc.com\/wp-content\/uploads\/2023\/11\/Hedera-helix-Boskoop-300x225.webp 300w, https:\/\/www.hedera-etc.com\/wp-content\/uploads\/2023\/11\/Hedera-helix-Boskoop-768x576.webp 768w, https:\/\/www.hedera-etc.com\/wp-content\/uploads\/2023\/11\/Hedera-helix-Boskoop.webp 839w\" sizes=\"(max-width: 300px) 100vw, 300px\" \/><\/div>\n\t\t<\/a>\n\t\t\t\t<div class=\"elementor-post__text\">\n\t\t\t\t<h3 class=\"elementor-post__title\">\n\t\t\t<a href=\"https:\/\/www.hedera-etc.com\/de\/product\/hedera-helix-boskoop\/\" target=\"&quot;_blank&quot;\">\n\t\t\t\t<em>Hedera helix<\/em> &lsquo;Boskoop&rsquo; &#8211; Zier-Efeu\t\t\t<\/a>\n\t\t<\/h3>\n\t\t\t\t<div class=\"elementor-post__excerpt\">\n\t\t\t<p>Kompakter Efeu mit dunkelgr\u00fcnen, gut gerippten und gl\u00e4nzenden Bl\u00e4ttern. Der Blattrand ist gut gewellt, manchmal mit\t\t<\/div>\n\t\t\n\t\t<a class=\"elementor-post__read-more\" href=\"https:\/\/www.hedera-etc.com\/de\/product\/hedera-helix-boskoop\/\" aria-label=\"Mehr \u00fcber &lt;em&gt;Hedera helix&lt;\/em&gt; &lsquo;Boskoop&rsquo; &#8211; Lierre d&rsquo;ornement\" tabindex=\"-1\" target=\"_blank\">\n\t\t\tWeiterlesen \u00bb\t\t<\/a>\n\n\t\t\t\t<\/div>\n\t\t\t\t<\/article>\n\t\t\t\t<article class=\"elementor-post elementor-grid-item post-1612 product type-product status-publish has-post-thumbnail product_cat-lierre entry has-media  instock purchasable product-type-variable has-default-attributes has-product-nav col span_1_of_4 owp-content-center item-entry owp-thumbs-layout-horizontal owp-btn-normal owp-tabs-layout-section\">\n\t\t\t\t<a class=\"elementor-post__thumbnail__link\" href=\"https:\/\/www.hedera-etc.com\/de\/product\/hedera-helix-ustler\/\" tabindex=\"-1\" target=\"&quot;_blank&quot;\">\n\t\t\t<div class=\"elementor-post__thumbnail\"><img loading=\"lazy\" decoding=\"async\" width=\"300\" height=\"225\" src=\"https:\/\/www.hedera-etc.com\/wp-content\/uploads\/2023\/11\/Hedera-helix-Uslter_2-300x225.webp\" class=\"attachment-medium size-medium wp-image-1614\" alt=\"Hedera helix &#039;Ustler&#039;\" srcset=\"https:\/\/www.hedera-etc.com\/wp-content\/uploads\/2023\/11\/Hedera-helix-Uslter_2-300x225.webp 300w, https:\/\/www.hedera-etc.com\/wp-content\/uploads\/2023\/11\/Hedera-helix-Uslter_2-900x675.webp 900w, https:\/\/www.hedera-etc.com\/wp-content\/uploads\/2023\/11\/Hedera-helix-Uslter_2-768x576.webp 768w, https:\/\/www.hedera-etc.com\/wp-content\/uploads\/2023\/11\/Hedera-helix-Uslter_2.webp 1024w\" sizes=\"(max-width: 300px) 100vw, 300px\" \/><\/div>\n\t\t<\/a>\n\t\t\t\t<div class=\"elementor-post__text\">\n\t\t\t\t<h3 class=\"elementor-post__title\">\n\t\t\t<a href=\"https:\/\/www.hedera-etc.com\/de\/product\/hedera-helix-ustler\/\" target=\"&quot;_blank&quot;\">\n\t\t\t\t<em>Hedera helix<\/em> &lsquo;Ustler&rsquo;- Zier-Efeu\t\t\t<\/a>\n\t\t<\/h3>\n\t\t\t\t<div class=\"elementor-post__excerpt\">\n\t\t\t<p>Steht der Sorte \u2018Boskoop\u2019 nahe. Der einzige Unterschied besteht in den Bl\u00e4ttern, die nicht so stark gewellt sind.<\/p> <p>St\u00e4ngel wachsen in\t\t<\/div>\n\t\t\n\t\t<a class=\"elementor-post__read-more\" href=\"https:\/\/www.hedera-etc.com\/de\/product\/hedera-helix-ustler\/\" aria-label=\"Mehr \u00fcber &lt;em&gt;Hedera helix&lt;\/em&gt; &lsquo;Ustler&rsquo;- Lierre d&rsquo;ornement\" tabindex=\"-1\" target=\"_blank\">\n\t\t\tWeiterlesen \u00bb\t\t<\/a>\n\n\t\t\t\t<\/div>\n\t\t\t\t<\/article>\n\t\t\t\t<article class=\"elementor-post elementor-grid-item post-1617 product type-product status-publish has-post-thumbnail product_cat-lierre entry has-media  instock purchasable product-type-variable has-default-attributes has-product-nav col span_1_of_4 owp-content-center item-entry owp-thumbs-layout-horizontal owp-btn-normal owp-tabs-layout-section has-no-thumbnails\">\n\t\t\t\t<a class=\"elementor-post__thumbnail__link\" href=\"https:\/\/www.hedera-etc.com\/de\/product\/hedera-helix-victoria\/\" tabindex=\"-1\" target=\"&quot;_blank&quot;\">\n\t\t\t<div class=\"elementor-post__thumbnail\"><img loading=\"lazy\" decoding=\"async\" width=\"300\" height=\"225\" src=\"https:\/\/www.hedera-etc.com\/wp-content\/uploads\/2023\/11\/Hedera-helix-Victoria-300x225.webp\" class=\"attachment-medium size-medium wp-image-1618\" alt=\"Hedera helix &#039;Victoria&#039;\" srcset=\"https:\/\/www.hedera-etc.com\/wp-content\/uploads\/2023\/11\/Hedera-helix-Victoria-300x225.webp 300w, https:\/\/www.hedera-etc.com\/wp-content\/uploads\/2023\/11\/Hedera-helix-Victoria-768x575.webp 768w, https:\/\/www.hedera-etc.com\/wp-content\/uploads\/2023\/11\/Hedera-helix-Victoria.webp 800w\" sizes=\"(max-width: 300px) 100vw, 300px\" \/><\/div>\n\t\t<\/a>\n\t\t\t\t<div class=\"elementor-post__text\">\n\t\t\t\t<h3 class=\"elementor-post__title\">\n\t\t\t<a href=\"https:\/\/www.hedera-etc.com\/de\/product\/hedera-helix-victoria\/\" target=\"&quot;_blank&quot;\">\n\t\t\t\t<em>Hedera helix<\/em> &lsquo;Victoria&rsquo;- Zier-Efeu\t\t\t<\/a>\n\t\t<\/h3>\n\t\t\t\t<div class=\"elementor-post__excerpt\">\n\t\t\t<p>Efeu, der nur wenig verzweigt ist. Lange St\u00e4ngel mit gr\u00fcnen, f\u00fcnflappigen, nach vorne gerichteten Bl\u00e4ttern.<\/p> <p>Blatt von 7 x 6\t\t<\/div>\n\t\t\n\t\t<a class=\"elementor-post__read-more\" href=\"https:\/\/www.hedera-etc.com\/de\/product\/hedera-helix-victoria\/\" aria-label=\"Mehr \u00fcber &lt;em&gt;Hedera helix&lt;\/em&gt; &lsquo;Victoria&rsquo;- Lierre d&rsquo;ornement\" tabindex=\"-1\" target=\"_blank\">\n\t\t\tWeiterlesen \u00bb\t\t<\/a>\n\n\t\t\t\t<\/div>\n\t\t\t\t<\/article>\n\t\t\t\t<article class=\"elementor-post elementor-grid-item post-1635 product type-product status-publish has-post-thumbnail product_cat-lierre entry has-media last instock purchasable product-type-variable has-default-attributes has-product-nav col span_1_of_4 owp-content-center item-entry owp-thumbs-layout-horizontal owp-btn-normal owp-tabs-layout-section\">\n\t\t\t\t<a class=\"elementor-post__thumbnail__link\" href=\"https:\/\/www.hedera-etc.com\/de\/product\/hedera-helix-wellenspiel\/\" tabindex=\"-1\" target=\"&quot;_blank&quot;\">\n\t\t\t<div class=\"elementor-post__thumbnail\"><img loading=\"lazy\" decoding=\"async\" width=\"300\" height=\"225\" src=\"https:\/\/www.hedera-etc.com\/wp-content\/uploads\/2023\/11\/Hedera-helix-Wellenspiel-300x225.webp\" class=\"attachment-medium size-medium wp-image-1636\" alt=\"Hedera helix &#039;Wellenspiel&#039;\" srcset=\"https:\/\/www.hedera-etc.com\/wp-content\/uploads\/2023\/11\/Hedera-helix-Wellenspiel-300x225.webp 300w, https:\/\/www.hedera-etc.com\/wp-content\/uploads\/2023\/11\/Hedera-helix-Wellenspiel-768x576.webp 768w, https:\/\/www.hedera-etc.com\/wp-content\/uploads\/2023\/11\/Hedera-helix-Wellenspiel.webp 839w\" sizes=\"(max-width: 300px) 100vw, 300px\" \/><\/div>\n\t\t<\/a>\n\t\t\t\t<div class=\"elementor-post__text\">\n\t\t\t\t<h3 class=\"elementor-post__title\">\n\t\t\t<a href=\"https:\/\/www.hedera-etc.com\/de\/product\/hedera-helix-wellenspiel\/\" target=\"&quot;_blank&quot;\">\n\t\t\t\t<em>Hedera helix<\/em> &lsquo;Wellenspiel&rsquo;- Zier-Efeu\t\t\t<\/a>\n\t\t<\/h3>\n\t\t\t\t<div class=\"elementor-post__excerpt\">\n\t\t\t<p>Bl\u00e4tter mit drei nach vorne gerichteten Lappen, die oft gedreht sind, wobei der Blattrand gewellt ist.<\/p> <p>Seitenlappen bedecken manchmal\t\t<\/div>\n\t\t\n\t\t<a class=\"elementor-post__read-more\" href=\"https:\/\/www.hedera-etc.com\/de\/product\/hedera-helix-wellenspiel\/\" aria-label=\"Mehr \u00fcber &lt;em&gt;Hedera helix&lt;\/em&gt; &lsquo;Wellenspiel&rsquo;- Lierre d&rsquo;ornement\" tabindex=\"-1\" target=\"_blank\">\n\t\t\tWeiterlesen \u00bb\t\t<\/a>\n\n\t\t\t\t<\/div>\n\t\t\t\t<\/article>\n\t\t\t\t<article class=\"elementor-post elementor-grid-item post-1668 product type-product status-publish has-post-thumbnail product_cat-lierre entry has-media first instock purchasable product-type-variable has-default-attributes has-product-nav col span_1_of_4 owp-content-center item-entry owp-thumbs-layout-horizontal owp-btn-normal owp-tabs-layout-section has-no-thumbnails\">\n\t\t\t\t<a class=\"elementor-post__thumbnail__link\" href=\"https:\/\/www.hedera-etc.com\/de\/product\/hedera-helix-williamsiana\/\" tabindex=\"-1\" target=\"&quot;_blank&quot;\">\n\t\t\t<div class=\"elementor-post__thumbnail\"><img loading=\"lazy\" decoding=\"async\" width=\"300\" height=\"219\" src=\"https:\/\/www.hedera-etc.com\/wp-content\/uploads\/2023\/11\/Hedera-helix-Williamsiana-300x219.webp\" class=\"attachment-medium size-medium wp-image-13985\" alt=\"Hedera helix &#039;Williamsiana&#039;\" srcset=\"https:\/\/www.hedera-etc.com\/wp-content\/uploads\/2023\/11\/Hedera-helix-Williamsiana-300x219.webp 300w, https:\/\/www.hedera-etc.com\/wp-content\/uploads\/2023\/11\/Hedera-helix-Williamsiana-900x657.webp 900w, https:\/\/www.hedera-etc.com\/wp-content\/uploads\/2023\/11\/Hedera-helix-Williamsiana-768x561.webp 768w, https:\/\/www.hedera-etc.com\/wp-content\/uploads\/2023\/11\/Hedera-helix-Williamsiana.webp 924w\" sizes=\"(max-width: 300px) 100vw, 300px\" \/><\/div>\n\t\t<\/a>\n\t\t\t\t<div class=\"elementor-post__text\">\n\t\t\t\t<h3 class=\"elementor-post__title\">\n\t\t\t<a href=\"https:\/\/www.hedera-etc.com\/de\/product\/hedera-helix-williamsiana\/\" target=\"&quot;_blank&quot;\">\n\t\t\t\t<em>Hedera helix<\/em> &lsquo;Williamsiana&rsquo;- Zier-Efeu\t\t\t<\/a>\n\t\t<\/h3>\n\t\t\t\t<div class=\"elementor-post__excerpt\">\n\t\t\t<p>Besonders interessant wegen seines gewellten Laubes. Eher als Bodendecker zu verwenden, ist er auch in gro\u00dfen T\u00f6pfen und in\t\t<\/div>\n\t\t\n\t\t<a class=\"elementor-post__read-more\" href=\"https:\/\/www.hedera-etc.com\/de\/product\/hedera-helix-williamsiana\/\" aria-label=\"Mehr \u00fcber &lt;em&gt;Hedera helix&lt;\/em&gt; &lsquo;Williamsiana&rsquo;- Lierre d&rsquo;ornement\" tabindex=\"-1\" target=\"_blank\">\n\t\t\tWeiterlesen \u00bb\t\t<\/a>\n\n\t\t\t\t<\/div>\n\t\t\t\t<\/article>\n\t\t\t\t<article class=\"elementor-post elementor-grid-item post-1427 product type-product status-publish has-post-thumbnail product_cat-lierre entry has-media  instock purchasable product-type-variable has-default-attributes has-product-nav col span_1_of_4 owp-content-center item-entry owp-thumbs-layout-horizontal owp-btn-normal owp-tabs-layout-section\">\n\t\t\t\t<a class=\"elementor-post__thumbnail__link\" href=\"https:\/\/www.hedera-etc.com\/de\/product\/hedera-helix-small-deal\/\" tabindex=\"-1\" target=\"&quot;_blank&quot;\">\n\t\t\t<div class=\"elementor-post__thumbnail\"><img loading=\"lazy\" decoding=\"async\" width=\"300\" height=\"240\" src=\"https:\/\/www.hedera-etc.com\/wp-content\/uploads\/2023\/11\/Hedera-helix-Small-Deal-300x240.webp\" class=\"attachment-medium size-medium wp-image-1428\" alt=\"Hedera helix &#039;Small Deal&#039;\" srcset=\"https:\/\/www.hedera-etc.com\/wp-content\/uploads\/2023\/11\/Hedera-helix-Small-Deal-300x240.webp 300w, https:\/\/www.hedera-etc.com\/wp-content\/uploads\/2023\/11\/Hedera-helix-Small-Deal-768x614.webp 768w, https:\/\/www.hedera-etc.com\/wp-content\/uploads\/2023\/11\/Hedera-helix-Small-Deal.webp 787w\" sizes=\"(max-width: 300px) 100vw, 300px\" \/><\/div>\n\t\t<\/a>\n\t\t\t\t<div class=\"elementor-post__text\">\n\t\t\t\t<h3 class=\"elementor-post__title\">\n\t\t\t<a href=\"https:\/\/www.hedera-etc.com\/de\/product\/hedera-helix-small-deal\/\" target=\"&quot;_blank&quot;\">\n\t\t\t\t<em>Hedera helix<\/em> &lsquo;Small Deal&rsquo; &#8211; Zier-Efeu\t\t\t<\/a>\n\t\t<\/h3>\n\t\t\t\t<div class=\"elementor-post__excerpt\">\n\t\t\t<p>Fasziensorte, die keine zwei identischen Bl\u00e4tter hat. Die Bl\u00e4tter k\u00f6nnen 5-11 Lappen haben und 4-4 cm lang sein.\t\t<\/div>\n\t\t\n\t\t<a class=\"elementor-post__read-more\" href=\"https:\/\/www.hedera-etc.com\/de\/product\/hedera-helix-small-deal\/\" aria-label=\"Mehr \u00fcber &lt;em&gt;Hedera helix&lt;\/em&gt; &lsquo;Small Deal&rsquo; &#8211; Lierre d&rsquo;ornement\" tabindex=\"-1\" target=\"_blank\">\n\t\t\tWeiterlesen \u00bb\t\t<\/a>\n\n\t\t\t\t<\/div>\n\t\t\t\t<\/article>\n\t\t\t\t<article class=\"elementor-post elementor-grid-item post-1464 product type-product status-publish has-post-thumbnail product_cat-lierre entry has-media  instock purchasable product-type-variable has-default-attributes has-product-nav col span_1_of_4 owp-content-center item-entry owp-thumbs-layout-horizontal owp-btn-normal owp-tabs-layout-section\">\n\t\t\t\t<a class=\"elementor-post__thumbnail__link\" href=\"https:\/\/www.hedera-etc.com\/de\/product\/hedera-helix-spectre\/\" tabindex=\"-1\" target=\"&quot;_blank&quot;\">\n\t\t\t<div class=\"elementor-post__thumbnail\"><img loading=\"lazy\" decoding=\"async\" width=\"300\" height=\"225\" src=\"https:\/\/www.hedera-etc.com\/wp-content\/uploads\/2023\/11\/Hedera-helix-Spectre_2-300x225.webp\" class=\"attachment-medium size-medium wp-image-1465\" alt=\"Hedera helix &#039;Spectre&#039;\" srcset=\"https:\/\/www.hedera-etc.com\/wp-content\/uploads\/2023\/11\/Hedera-helix-Spectre_2-300x225.webp 300w, https:\/\/www.hedera-etc.com\/wp-content\/uploads\/2023\/11\/Hedera-helix-Spectre_2-900x675.webp 900w, https:\/\/www.hedera-etc.com\/wp-content\/uploads\/2023\/11\/Hedera-helix-Spectre_2-768x576.webp 768w, https:\/\/www.hedera-etc.com\/wp-content\/uploads\/2023\/11\/Hedera-helix-Spectre_2.webp 1024w\" sizes=\"(max-width: 300px) 100vw, 300px\" \/><\/div>\n\t\t<\/a>\n\t\t\t\t<div class=\"elementor-post__text\">\n\t\t\t\t<h3 class=\"elementor-post__title\">\n\t\t\t<a href=\"https:\/\/www.hedera-etc.com\/de\/product\/hedera-helix-spectre\/\" target=\"&quot;_blank&quot;\">\n\t\t\t\t<em>Hedera helix<\/em> &lsquo;Spectre&rsquo; &#8211; Zier-Efeu\t\t\t<\/a>\n\t\t<\/h3>\n\t\t\t\t<div class=\"elementor-post__excerpt\">\n\t\t\t<p>Bodendecker mit 3- bis 5-lappigem Laub, das einen spitz zulaufenden, leicht gescheuerten Mittellappen aufweist.<\/p> <p>Neue Triebe mit\t\t<\/div>\n\t\t\n\t\t<a class=\"elementor-post__read-more\" href=\"https:\/\/www.hedera-etc.com\/de\/product\/hedera-helix-spectre\/\" aria-label=\"Mehr \u00fcber &lt;em&gt;Hedera helix&lt;\/em&gt; &lsquo;Spectre&rsquo; &#8211; Lierre d&rsquo;ornement\" tabindex=\"-1\" target=\"_blank\">\n\t\t\tWeiterlesen \u00bb\t\t<\/a>\n\n\t\t\t\t<\/div>\n\t\t\t\t<\/article>\n\t\t\t\t<article class=\"elementor-post elementor-grid-item post-1494 product type-product status-publish has-post-thumbnail product_cat-lierre entry has-media last instock purchasable product-type-variable has-default-attributes has-product-nav col span_1_of_4 owp-content-center item-entry owp-thumbs-layout-horizontal owp-btn-normal owp-tabs-layout-section\">\n\t\t\t\t<a class=\"elementor-post__thumbnail__link\" href=\"https:\/\/www.hedera-etc.com\/de\/product\/hedera-helix-steven\/\" tabindex=\"-1\" target=\"&quot;_blank&quot;\">\n\t\t\t<div class=\"elementor-post__thumbnail\"><img loading=\"lazy\" decoding=\"async\" width=\"300\" height=\"225\" src=\"https:\/\/www.hedera-etc.com\/wp-content\/uploads\/2023\/11\/Hedera-helix-Steven-1-300x225.webp\" class=\"attachment-medium size-medium wp-image-14102\" alt=\"Hedera helix &#039;Steven&#039;\" srcset=\"https:\/\/www.hedera-etc.com\/wp-content\/uploads\/2023\/11\/Hedera-helix-Steven-1-300x225.webp 300w, https:\/\/www.hedera-etc.com\/wp-content\/uploads\/2023\/11\/Hedera-helix-Steven-1-900x675.webp 900w, https:\/\/www.hedera-etc.com\/wp-content\/uploads\/2023\/11\/Hedera-helix-Steven-1-1024x768.webp 1024w, https:\/\/www.hedera-etc.com\/wp-content\/uploads\/2023\/11\/Hedera-helix-Steven-1-768x576.webp 768w, https:\/\/www.hedera-etc.com\/wp-content\/uploads\/2023\/11\/Hedera-helix-Steven-1-1536x1152.webp 1536w, https:\/\/www.hedera-etc.com\/wp-content\/uploads\/2023\/11\/Hedera-helix-Steven-1-1320x990.webp 1320w, https:\/\/www.hedera-etc.com\/wp-content\/uploads\/2023\/11\/Hedera-helix-Steven-1.webp 1600w\" sizes=\"(max-width: 300px) 100vw, 300px\" \/><\/div>\n\t\t<\/a>\n\t\t\t\t<div class=\"elementor-post__text\">\n\t\t\t\t<h3 class=\"elementor-post__title\">\n\t\t\t<a href=\"https:\/\/www.hedera-etc.com\/de\/product\/hedera-helix-steven\/\" target=\"&quot;_blank&quot;\">\n\t\t\t\t<em>Hedera helix<\/em> &lsquo;Steven&rsquo; &#8211; Zier-Efeu\t\t\t<\/a>\n\t\t<\/h3>\n\t\t\t\t<div class=\"elementor-post__excerpt\">\n\t\t\t<p>Kurz wachsende Pflanze mit dicken, wenig verzweigten St\u00e4ngeln, die gewellte, am Rand gekr\u00e4uselte Bl\u00e4tter tragen.<\/p> <p>Auf\t\t<\/div>\n\t\t\n\t\t<a class=\"elementor-post__read-more\" href=\"https:\/\/www.hedera-etc.com\/de\/product\/hedera-helix-steven\/\" aria-label=\"Mehr \u00fcber &lt;em&gt;Hedera helix&lt;\/em&gt; &lsquo;Steven&rsquo; &#8211; Lierre d&rsquo;ornement\" tabindex=\"-1\" target=\"_blank\">\n\t\t\tWeiterlesen \u00bb\t\t<\/a>\n\n\t\t\t\t<\/div>\n\t\t\t\t<\/article>\n\t\t\t\t<article class=\"elementor-post elementor-grid-item post-1500 product type-product status-publish has-post-thumbnail product_cat-lierre entry has-media first instock purchasable product-type-variable has-default-attributes has-product-nav col span_1_of_4 owp-content-center item-entry owp-thumbs-layout-horizontal owp-btn-normal owp-tabs-layout-section has-no-thumbnails\">\n\t\t\t\t<a class=\"elementor-post__thumbnail__link\" href=\"https:\/\/www.hedera-etc.com\/de\/product\/hedera-helix-stuttgart\/\" tabindex=\"-1\" target=\"&quot;_blank&quot;\">\n\t\t\t<div class=\"elementor-post__thumbnail\"><img loading=\"lazy\" decoding=\"async\" width=\"300\" height=\"240\" src=\"https:\/\/www.hedera-etc.com\/wp-content\/uploads\/2023\/11\/Hedera-helix-Stuttgart-300x240.webp\" class=\"attachment-medium size-medium wp-image-1501\" alt=\"Hedera helix &#039;Stuttgart&#039;\" srcset=\"https:\/\/www.hedera-etc.com\/wp-content\/uploads\/2023\/11\/Hedera-helix-Stuttgart-300x240.webp 300w, https:\/\/www.hedera-etc.com\/wp-content\/uploads\/2023\/11\/Hedera-helix-Stuttgart-768x613.webp 768w, https:\/\/www.hedera-etc.com\/wp-content\/uploads\/2023\/11\/Hedera-helix-Stuttgart.webp 800w\" sizes=\"(max-width: 300px) 100vw, 300px\" \/><\/div>\n\t\t<\/a>\n\t\t\t\t<div class=\"elementor-post__text\">\n\t\t\t\t<h3 class=\"elementor-post__title\">\n\t\t\t<a href=\"https:\/\/www.hedera-etc.com\/de\/product\/hedera-helix-stuttgart\/\" target=\"&quot;_blank&quot;\">\n\t\t\t\t<em>Hedera helix<\/em> &lsquo;Stuttgart&rsquo; &#8211; Zier-Efeu\t\t\t<\/a>\n\t\t<\/h3>\n\t\t\t\t<div class=\"elementor-post__excerpt\">\n\t\t\t<p>Aus \u201dIvalace\u2019 hervorgegangene Sorte mit sehr dichtem und gedrungenem Wuchs.<\/p> <p>Bl\u00e4tter sind doppelt so gro\u00df. Gut verzweigte St\u00e4ngel mit\t\t<\/div>\n\t\t\n\t\t<a class=\"elementor-post__read-more\" href=\"https:\/\/www.hedera-etc.com\/de\/product\/hedera-helix-stuttgart\/\" aria-label=\"Mehr \u00fcber &lt;em&gt;Hedera helix&lt;\/em&gt; &lsquo;Stuttgart&rsquo; &#8211; Lierre d&rsquo;ornement\" tabindex=\"-1\" target=\"_blank\">\n\t\t\tWeiterlesen \u00bb\t\t<\/a>\n\n\t\t\t\t<\/div>\n\t\t\t\t<\/article>\n\t\t\t\t<article class=\"elementor-post elementor-grid-item post-1520 product type-product status-publish has-post-thumbnail product_cat-lierre entry has-media  instock purchasable product-type-variable has-default-attributes has-product-nav col span_1_of_4 owp-content-center item-entry owp-thumbs-layout-horizontal owp-btn-normal owp-tabs-layout-section\">\n\t\t\t\t<a class=\"elementor-post__thumbnail__link\" href=\"https:\/\/www.hedera-etc.com\/de\/product\/hedera-helix-tango\/\" tabindex=\"-1\" target=\"&quot;_blank&quot;\">\n\t\t\t<div class=\"elementor-post__thumbnail\"><img loading=\"lazy\" decoding=\"async\" width=\"300\" height=\"225\" src=\"https:\/\/www.hedera-etc.com\/wp-content\/uploads\/2023\/11\/Hedera-helix-Tango_2-1-300x225.webp\" class=\"attachment-medium size-medium wp-image-13276\" alt=\"Hedera helix &#039;Tango&#039;\" srcset=\"https:\/\/www.hedera-etc.com\/wp-content\/uploads\/2023\/11\/Hedera-helix-Tango_2-1-300x225.webp 300w, https:\/\/www.hedera-etc.com\/wp-content\/uploads\/2023\/11\/Hedera-helix-Tango_2-1-900x675.webp 900w, https:\/\/www.hedera-etc.com\/wp-content\/uploads\/2023\/11\/Hedera-helix-Tango_2-1-1024x768.webp 1024w, https:\/\/www.hedera-etc.com\/wp-content\/uploads\/2023\/11\/Hedera-helix-Tango_2-1-768x576.webp 768w, https:\/\/www.hedera-etc.com\/wp-content\/uploads\/2023\/11\/Hedera-helix-Tango_2-1-1536x1152.webp 1536w, https:\/\/www.hedera-etc.com\/wp-content\/uploads\/2023\/11\/Hedera-helix-Tango_2-1-1320x990.webp 1320w, https:\/\/www.hedera-etc.com\/wp-content\/uploads\/2023\/11\/Hedera-helix-Tango_2-1.webp 1600w\" sizes=\"(max-width: 300px) 100vw, 300px\" \/><\/div>\n\t\t<\/a>\n\t\t\t\t<div class=\"elementor-post__text\">\n\t\t\t\t<h3 class=\"elementor-post__title\">\n\t\t\t<a href=\"https:\/\/www.hedera-etc.com\/de\/product\/hedera-helix-tango\/\" target=\"&quot;_blank&quot;\">\n\t\t\t\t<em>Hedera helix<\/em> &lsquo;Tango&rsquo; &#8211; Zier-Efeu\t\t\t<\/a>\n\t\t<\/h3>\n\t\t\t\t<div class=\"elementor-post__excerpt\">\n\t\t\t<p>Sorte, die \u2018Parasol\u2019 \u00e4hnelt. Aber k\u00fcrzere Internodien, gedrungenere Pflanze und etwas st\u00e4rker verzweigt.<\/p> <p>Bl\u00e4tter, in Form\t\t<\/div>\n\t\t\n\t\t<a class=\"elementor-post__read-more\" href=\"https:\/\/www.hedera-etc.com\/de\/product\/hedera-helix-tango\/\" aria-label=\"Mehr \u00fcber &lt;em&gt;Hedera helix&lt;\/em&gt; &lsquo;Tango&rsquo; &#8211; Lierre d&rsquo;ornement\" tabindex=\"-1\" target=\"_blank\">\n\t\t\tWeiterlesen \u00bb\t\t<\/a>\n\n\t\t\t\t<\/div>\n\t\t\t\t<\/article>\n\t\t\t\t<\/div>\n\t\t\t\t\t<span class=\"e-load-more-spinner\">\n\t\t\t\t<i aria-hidden=\"true\" class=\"fas fa-spinner\"><\/i>\t\t\t<\/span>\n\t\t\n\t\t\t\t<div class=\"e-load-more-anchor\" data-page=\"1\" data-max-page=\"3\" data-next-page=\"https:\/\/www.hedera-etc.com\/de\/wp-json\/wp\/v2\/pages\/5583\/page\/2\/\"><\/div>\n\t\t\t\t<div class=\"e-load-more-message\"><\/div>\n\t\t\t\t\t\t<\/div>\n\t\t\t\t<\/div>\n\t\t\t\t\t<\/div>\n\t\t\t\t<\/div>\n\t\t\t\t<\/div>","protected":false},"excerpt":{"rendered":"<p>Le lierre \u00e0 feuillage fris\u00e9 ou ondul\u00e9 ne laisse jamais indiff\u00e9rent. Chaque vari\u00e9t\u00e9 rivalise d&rsquo;originalit\u00e9. Nous vous proposons ici environ 70 esp\u00e8ces de lierre \u00e0 feuillage ondul\u00e9 ou fris\u00e9 Leur esth\u00e9tique singuli\u00e8re les destine tout particuli\u00e8rement aux plantations en jardini\u00e8res ou en pot\u00e9es. Ils trouvent \u00e9galement souvent leur place en lierre d&rsquo;appartement.<\/p>","protected":false},"author":2,"featured_media":0,"parent":0,"menu_order":0,"comment_status":"closed","ping_status":"closed","template":"","meta":{"_acf_changed":false,"ocean_post_layout":"","ocean_both_sidebars_style":"","ocean_both_sidebars_content_width":0,"ocean_both_sidebars_sidebars_width":0,"ocean_sidebar":"","ocean_second_sidebar":"","ocean_disable_margins":"enable","ocean_add_body_class":"","ocean_shortcode_before_top_bar":"","ocean_shortcode_after_top_bar":"","ocean_shortcode_before_header":"","ocean_shortcode_after_header":"","ocean_has_shortcode":"","ocean_shortcode_after_title":"","ocean_shortcode_before_footer_widgets":"","ocean_shortcode_after_footer_widgets":"","ocean_shortcode_before_footer_bottom":"","ocean_shortcode_after_footer_bottom":"","ocean_display_top_bar":"default","ocean_display_header":"default","ocean_header_style":"","ocean_center_header_left_menu":"","ocean_custom_header_template":"","ocean_custom_logo":0,"ocean_custom_retina_logo":0,"ocean_custom_logo_max_width":0,"ocean_custom_logo_tablet_max_width":0,"ocean_custom_logo_mobile_max_width":0,"ocean_custom_logo_max_height":0,"ocean_custom_logo_tablet_max_height":0,"ocean_custom_logo_mobile_max_height":0,"ocean_header_custom_menu":"","ocean_menu_typo_font_family":"","ocean_menu_typo_font_subset":"","ocean_menu_typo_font_size":0,"ocean_menu_typo_font_size_tablet":0,"ocean_menu_typo_font_size_mobile":0,"ocean_menu_typo_font_size_unit":"px","ocean_menu_typo_font_weight":"","ocean_menu_typo_font_weight_tablet":"","ocean_menu_typo_font_weight_mobile":"","ocean_menu_typo_transform":"","ocean_menu_typo_transform_tablet":"","ocean_menu_typo_transform_mobile":"","ocean_menu_typo_line_height":0,"ocean_menu_typo_line_height_tablet":0,"ocean_menu_typo_line_height_mobile":0,"ocean_menu_typo_line_height_unit":"","ocean_menu_typo_spacing":0,"ocean_menu_typo_spacing_tablet":0,"ocean_menu_typo_spacing_mobile":0,"ocean_menu_typo_spacing_unit":"","ocean_menu_link_color":"","ocean_menu_link_color_hover":"","ocean_menu_link_color_active":"","ocean_menu_link_background":"","ocean_menu_link_hover_background":"","ocean_menu_link_active_background":"","ocean_menu_social_links_bg":"","ocean_menu_social_hover_links_bg":"","ocean_menu_social_links_color":"","ocean_menu_social_hover_links_color":"","ocean_disable_title":"default","ocean_disable_heading":"default","ocean_post_title":"","ocean_post_subheading":"","ocean_post_title_style":"","ocean_post_title_background_color":"","ocean_post_title_background":0,"ocean_post_title_bg_image_position":"","ocean_post_title_bg_image_attachment":"","ocean_post_title_bg_image_repeat":"","ocean_post_title_bg_image_size":"","ocean_post_title_height":0,"ocean_post_title_bg_overlay":0.5,"ocean_post_title_bg_overlay_color":"","ocean_disable_breadcrumbs":"default","ocean_breadcrumbs_color":"","ocean_breadcrumbs_separator_color":"","ocean_breadcrumbs_links_color":"","ocean_breadcrumbs_links_hover_color":"","ocean_display_footer_widgets":"default","ocean_display_footer_bottom":"default","ocean_custom_footer_template":"","footnotes":""},"class_list":["post-5583","page","type-page","status-publish","hentry","entry","has-media","has-product-nav","col","span_1_of_4","owp-content-center","item-entry","owp-thumbs-layout-horizontal","owp-btn-normal","owp-tabs-layout-section"],"acf":[],"jetpack_sharing_enabled":true,"_links":{"self":[{"href":"https:\/\/www.hedera-etc.com\/de\/wp-json\/wp\/v2\/pages\/5583","targetHints":{"allow":["GET"]}}],"collection":[{"href":"https:\/\/www.hedera-etc.com\/de\/wp-json\/wp\/v2\/pages"}],"about":[{"href":"https:\/\/www.hedera-etc.com\/de\/wp-json\/wp\/v2\/types\/page"}],"author":[{"embeddable":true,"href":"https:\/\/www.hedera-etc.com\/de\/wp-json\/wp\/v2\/users\/2"}],"replies":[{"embeddable":true,"href":"https:\/\/www.hedera-etc.com\/de\/wp-json\/wp\/v2\/comments?post=5583"}],"version-history":[{"count":3,"href":"https:\/\/www.hedera-etc.com\/de\/wp-json\/wp\/v2\/pages\/5583\/revisions"}],"predecessor-version":[{"id":12248,"href":"https:\/\/www.hedera-etc.com\/de\/wp-json\/wp\/v2\/pages\/5583\/revisions\/12248"}],"wp:attachment":[{"href":"https:\/\/www.hedera-etc.com\/de\/wp-json\/wp\/v2\/media?parent=5583"}],"curies":[{"name":"wp","href":"https:\/\/api.w.org\/{rel}","templated":true}]}}