{"id":5672,"date":"2024-04-28T21:48:50","date_gmt":"2024-04-28T19:48:50","guid":{"rendered":"https:\/\/www.hedera-etc.com\/?page_id=5672"},"modified":"2025-11-16T09:48:42","modified_gmt":"2025-11-16T08:48:42","slug":"efeu-mit-kompaktem-wuchs","status":"publish","type":"page","link":"https:\/\/www.hedera-etc.com\/de\/lierre-a-port-compact\/","title":{"rendered":"Efeu mit kompaktem Wuchs"},"content":{"rendered":"<div data-elementor-type=\"wp-page\" data-elementor-id=\"5672\" class=\"elementor elementor-5672\" data-elementor-post-type=\"page\">\n\t\t\t\t<div class=\"elementor-element elementor-element-e9317a6 e-flex e-con-boxed e-con e-parent\" data-id=\"e9317a6\" data-element_type=\"container\">\n\t\t\t\t\t<div class=\"e-con-inner\">\n\t\t\t\t<div class=\"elementor-element elementor-element-0b98e62 elementor-widget elementor-widget-image\" data-id=\"0b98e62\" data-element_type=\"widget\" data-widget_type=\"image.default\">\n\t\t\t\t<div class=\"elementor-widget-container\">\n\t\t\t\t\t\t\t\t\t\t\t\t\t\t\t<img decoding=\"async\" src=\"https:\/\/www.hedera-etc.com\/wp-content\/uploads\/elementor\/thumbs\/compact-rljuqarce1pqsjvyeixoqngp24wy8jci7skheflnkw.webp\" title=\"kompakt\" alt=\"Efeu mit kompaktem Wuchs\" loading=\"lazy\" \/>\t\t\t\t\t\t\t\t\t\t\t\t\t\t\t<\/div>\n\t\t\t\t<\/div>\n\t\t\t\t\t<\/div>\n\t\t\t\t<\/div>\n\t\t<div class=\"elementor-element elementor-element-c5f0651 e-flex e-con-boxed e-con e-parent\" data-id=\"c5f0651\" data-element_type=\"container\">\n\t\t\t\t\t<div class=\"e-con-inner\">\n\t\t\t\t<div class=\"elementor-element elementor-element-1609d76 elementor-widget elementor-widget-text-editor\" data-id=\"1609d76\" data-element_type=\"widget\" data-widget_type=\"text-editor.default\">\n\t\t\t\t<div class=\"elementor-widget-container\">\n\t\t\t\t\t\t\t\t\t<p>Efeu mit kompaktem Wuchs ist genau das Richtige f\u00fcr alle, die die wuchernde Seite von Efeu f\u00fcrchten. Bei dieser Art von Efeu besteht keine Gefahr, dass er \u00fcberm\u00e4\u00dfig ausufert.\u00a0<\/p><p>In der Sammlung finden Sie \u00fcber 120 davon.<\/p><p>Diese Efeuarten eignen sich besonders gut f\u00fcr T\u00f6pfe, Blumenk\u00e4sten, Beete oder Steing\u00e4rten.<\/p>\t\t\t\t\t\t\t\t<\/div>\n\t\t\t\t<\/div>\n\t\t\t\t\t<\/div>\n\t\t\t\t<\/div>\n\t\t<div class=\"elementor-element elementor-element-491a162 e-flex e-con-boxed e-con e-parent\" data-id=\"491a162\" data-element_type=\"container\">\n\t\t\t\t\t<div class=\"e-con-inner\">\n\t\t\t\t<div class=\"elementor-element elementor-element-81b0b8e elementor-grid-3 elementor-grid-tablet-2 elementor-grid-mobile-1 elementor-posts--thumbnail-top elementor-widget elementor-widget-posts\" data-id=\"81b0b8e\" data-element_type=\"widget\" data-settings=\"{&quot;pagination_type&quot;:&quot;load_more_infinite_scroll&quot;,&quot;classic_columns&quot;:&quot;3&quot;,&quot;classic_columns_tablet&quot;:&quot;2&quot;,&quot;classic_columns_mobile&quot;:&quot;1&quot;,&quot;classic_row_gap&quot;:{&quot;unit&quot;:&quot;px&quot;,&quot;size&quot;:35,&quot;sizes&quot;:[]},&quot;classic_row_gap_tablet&quot;:{&quot;unit&quot;:&quot;px&quot;,&quot;size&quot;:&quot;&quot;,&quot;sizes&quot;:[]},&quot;classic_row_gap_mobile&quot;:{&quot;unit&quot;:&quot;px&quot;,&quot;size&quot;:&quot;&quot;,&quot;sizes&quot;:[]},&quot;load_more_spinner&quot;:{&quot;value&quot;:&quot;fas fa-spinner&quot;,&quot;library&quot;:&quot;fa-solid&quot;}}\" data-widget_type=\"posts.classic\">\n\t\t\t\t<div class=\"elementor-widget-container\">\n\t\t\t\t\t\t\t<div class=\"elementor-posts-container elementor-posts elementor-posts--skin-classic elementor-grid\">\n\t\t\t\t<article class=\"elementor-post elementor-grid-item post-22 product type-product status-publish has-post-thumbnail product_cat-lierre entry has-media first instock purchasable product-type-variable has-default-attributes has-product-nav col span_1_of_4 owp-content-center item-entry owp-thumbs-layout-horizontal owp-btn-normal owp-tabs-layout-section\">\n\t\t\t\t<a class=\"elementor-post__thumbnail__link\" href=\"https:\/\/www.hedera-etc.com\/de\/product\/hedera-helix-alt-heidelberg\/\" tabindex=\"-1\" target=\"&quot;_blank&quot;\">\n\t\t\t<div class=\"elementor-post__thumbnail\"><img fetchpriority=\"high\" decoding=\"async\" width=\"300\" height=\"239\" src=\"https:\/\/www.hedera-etc.com\/wp-content\/uploads\/2023\/10\/Hedera-helix-Alt-Heidelberg-300x239.webp\" class=\"attachment-medium size-medium wp-image-11948\" alt=\"Hedera helix &#039;Alt Heidelberg&#039;\" srcset=\"https:\/\/www.hedera-etc.com\/wp-content\/uploads\/2023\/10\/Hedera-helix-Alt-Heidelberg-300x239.webp 300w, https:\/\/www.hedera-etc.com\/wp-content\/uploads\/2023\/10\/Hedera-helix-Alt-Heidelberg-768x613.webp 768w, https:\/\/www.hedera-etc.com\/wp-content\/uploads\/2023\/10\/Hedera-helix-Alt-Heidelberg.webp 900w\" sizes=\"(max-width: 300px) 100vw, 300px\" \/><\/div>\n\t\t<\/a>\n\t\t\t\t<div class=\"elementor-post__text\">\n\t\t\t\t<h3 class=\"elementor-post__title\">\n\t\t\t<a href=\"https:\/\/www.hedera-etc.com\/de\/product\/hedera-helix-alt-heidelberg\/\" target=\"&quot;_blank&quot;\">\n\t\t\t\t<em>Hedera helix<\/em> &lsquo;Alt Heidelberg&rsquo; &#8211; Zier-Efeu\t\t\t<\/a>\n\t\t<\/h3>\n\t\t\t\t<div class=\"elementor-post__excerpt\">\n\t\t\t<p>Bildet sch\u00f6ne Faszien, die ihm einen ganz besonderen kompakten Charakter verleihen.<\/p> <p>Unterscheidet sich durch seine Bl\u00e4tter erheblich von anderen Efeuarten\t\t<\/div>\n\t\t\n\t\t<a class=\"elementor-post__read-more\" href=\"https:\/\/www.hedera-etc.com\/de\/product\/hedera-helix-alt-heidelberg\/\" aria-label=\"Mehr \u00fcber &lt;em&gt;Hedera helix&lt;\/em&gt; &lsquo;Alt Heidelberg&rsquo; &#8211; Lierre d&rsquo;ornement\" tabindex=\"-1\" target=\"_blank\">\n\t\t\tWeiterlesen \u00bb\t\t<\/a>\n\n\t\t\t\t<\/div>\n\t\t\t\t<\/article>\n\t\t\t\t<article class=\"elementor-post elementor-grid-item post-47 product type-product status-publish has-post-thumbnail product_cat-lierre entry has-media  instock purchasable product-type-variable has-default-attributes has-product-nav col span_1_of_4 owp-content-center item-entry owp-thumbs-layout-horizontal owp-btn-normal owp-tabs-layout-section\">\n\t\t\t\t<a class=\"elementor-post__thumbnail__link\" href=\"https:\/\/www.hedera-etc.com\/de\/product\/hedera-helix-ambrosia\/\" tabindex=\"-1\" target=\"&quot;_blank&quot;\">\n\t\t\t<div class=\"elementor-post__thumbnail\"><img decoding=\"async\" width=\"300\" height=\"225\" src=\"https:\/\/www.hedera-etc.com\/wp-content\/uploads\/2023\/10\/Hedera-helix-Ambrosia-300x225.webp\" class=\"attachment-medium size-medium wp-image-15014\" alt=\"Hedera helix &#039;Ambrosia&#039;\" srcset=\"https:\/\/www.hedera-etc.com\/wp-content\/uploads\/2023\/10\/Hedera-helix-Ambrosia-300x225.webp 300w, https:\/\/www.hedera-etc.com\/wp-content\/uploads\/2023\/10\/Hedera-helix-Ambrosia-768x576.webp 768w, https:\/\/www.hedera-etc.com\/wp-content\/uploads\/2023\/10\/Hedera-helix-Ambrosia.webp 900w\" sizes=\"(max-width: 300px) 100vw, 300px\" \/><\/div>\n\t\t<\/a>\n\t\t\t\t<div class=\"elementor-post__text\">\n\t\t\t\t<h3 class=\"elementor-post__title\">\n\t\t\t<a href=\"https:\/\/www.hedera-etc.com\/de\/product\/hedera-helix-ambrosia\/\" target=\"&quot;_blank&quot;\">\n\t\t\t\t<em>Hedera helix<\/em> &lsquo;Ambrosia&rsquo; &#8211; Zier-Efeu\t\t\t<\/a>\n\t\t<\/h3>\n\t\t\t\t<div class=\"elementor-post__excerpt\">\n\t\t\t<p>Kompakter, halberigierter Efeu.<\/p> <p>Weist sch\u00f6ne, mittelgro\u00dfe Bl\u00e4tter auf, die stark gekr\u00e4uselt sind und dicht beieinander stehen und sich gegenseitig \u00fcberlappen. Blattspreite\t\t<\/div>\n\t\t\n\t\t<a class=\"elementor-post__read-more\" href=\"https:\/\/www.hedera-etc.com\/de\/product\/hedera-helix-ambrosia\/\" aria-label=\"Mehr \u00fcber &lt;em&gt;Hedera helix&lt;\/em&gt; &lsquo;Ambrosia&rsquo; &#8211; Lierre d&rsquo;ornement\" tabindex=\"-1\" target=\"_blank\">\n\t\t\tWeiterlesen \u00bb\t\t<\/a>\n\n\t\t\t\t<\/div>\n\t\t\t\t<\/article>\n\t\t\t\t<article class=\"elementor-post elementor-grid-item post-93 product type-product status-publish has-post-thumbnail product_cat-lierre entry has-media  outofstock product-type-variable has-default-attributes has-product-nav col span_1_of_4 owp-content-center item-entry owp-thumbs-layout-horizontal owp-btn-normal owp-tabs-layout-section\">\n\t\t\t\t<a class=\"elementor-post__thumbnail__link\" href=\"https:\/\/www.hedera-etc.com\/de\/product\/hedera-hibernica-angularis-aurea\/\" tabindex=\"-1\" target=\"&quot;_blank&quot;\">\n\t\t\t<div class=\"elementor-post__thumbnail\"><img decoding=\"async\" width=\"300\" height=\"224\" src=\"https:\/\/www.hedera-etc.com\/wp-content\/uploads\/2023\/10\/Hedera-hibernica-Angularis-Aurea-1-300x224.webp\" class=\"attachment-medium size-medium wp-image-11879\" alt=\"Hedera hibernica &#039;Angularis Aurea&#039;\" srcset=\"https:\/\/www.hedera-etc.com\/wp-content\/uploads\/2023\/10\/Hedera-hibernica-Angularis-Aurea-1-300x224.webp 300w, https:\/\/www.hedera-etc.com\/wp-content\/uploads\/2023\/10\/Hedera-hibernica-Angularis-Aurea-1-768x574.webp 768w, https:\/\/www.hedera-etc.com\/wp-content\/uploads\/2023\/10\/Hedera-hibernica-Angularis-Aurea-1.webp 900w\" sizes=\"(max-width: 300px) 100vw, 300px\" \/><\/div>\n\t\t<\/a>\n\t\t\t\t<div class=\"elementor-post__text\">\n\t\t\t\t<h3 class=\"elementor-post__title\">\n\t\t\t<a href=\"https:\/\/www.hedera-etc.com\/de\/product\/hedera-hibernica-angularis-aurea\/\" target=\"&quot;_blank&quot;\">\n\t\t\t\t<em>Hedera hibernica<\/em> \u2018Angularis Aurea\u2019 \u2013 Buntbl\u00e4ttriger Irisches Efeu\t\t\t<\/a>\n\t\t<\/h3>\n\t\t\t\t<div class=\"elementor-post__excerpt\">\n\t\t\t<p>Ein origineller, kr\u00e4ftiger Kletterer, der eine alte Mauer oder einen Baumstamm zum Leuchten bringen kann.<\/p> <p>Keulen, drei an der Zahl, eckig, von denen\t\t<\/div>\n\t\t\n\t\t<a class=\"elementor-post__read-more\" href=\"https:\/\/www.hedera-etc.com\/de\/product\/hedera-hibernica-angularis-aurea\/\" aria-label=\"Mehr \u00fcber &lt;em&gt;Hedera hibernica&lt;\/em&gt; &lsquo;Angularis Aurea&rsquo; &#8211; Lierre d&rsquo;Irlande panach\u00e9\" tabindex=\"-1\" target=\"_blank\">\n\t\t\tWeiterlesen \u00bb\t\t<\/a>\n\n\t\t\t\t<\/div>\n\t\t\t\t<\/article>\n\t\t\t\t<article class=\"elementor-post elementor-grid-item post-99 product type-product status-publish has-post-thumbnail product_cat-lierre entry has-media last instock purchasable product-type-variable has-default-attributes has-product-nav col span_1_of_4 owp-content-center item-entry owp-thumbs-layout-horizontal owp-btn-normal owp-tabs-layout-section\">\n\t\t\t\t<a class=\"elementor-post__thumbnail__link\" href=\"https:\/\/www.hedera-etc.com\/de\/product\/hedera-helix-anita\/\" tabindex=\"-1\" target=\"&quot;_blank&quot;\">\n\t\t\t<div class=\"elementor-post__thumbnail\"><img loading=\"lazy\" decoding=\"async\" width=\"300\" height=\"225\" src=\"https:\/\/www.hedera-etc.com\/wp-content\/uploads\/2023\/10\/Hedera-helix-Anita_2-300x225.webp\" class=\"attachment-medium size-medium wp-image-102\" alt=\"Hedera helix &#039;Anita&#039;\" srcset=\"https:\/\/www.hedera-etc.com\/wp-content\/uploads\/2023\/10\/Hedera-helix-Anita_2-300x225.webp 300w, https:\/\/www.hedera-etc.com\/wp-content\/uploads\/2023\/10\/Hedera-helix-Anita_2-900x675.webp 900w, https:\/\/www.hedera-etc.com\/wp-content\/uploads\/2023\/10\/Hedera-helix-Anita_2-768x576.webp 768w, https:\/\/www.hedera-etc.com\/wp-content\/uploads\/2023\/10\/Hedera-helix-Anita_2.webp 1024w\" sizes=\"(max-width: 300px) 100vw, 300px\" \/><\/div>\n\t\t<\/a>\n\t\t\t\t<div class=\"elementor-post__text\">\n\t\t\t\t<h3 class=\"elementor-post__title\">\n\t\t\t<a href=\"https:\/\/www.hedera-etc.com\/de\/product\/hedera-helix-anita\/\" target=\"&quot;_blank&quot;\">\n\t\t\t\t<em>Hedera helix<\/em> &lsquo;Anita&rsquo; &#8211; Zier-Efeu\t\t\t<\/a>\n\t\t<\/h3>\n\t\t\t\t<div class=\"elementor-post__excerpt\">\n\t\t\t<p>Efeu, dem es mit seinen kleinen, pfeilkopfartigen Bl\u00e4ttern nicht an Originalit\u00e4t mangelt.<\/p> <p>Meist bestehend aus 3 bis 5\t\t<\/div>\n\t\t\n\t\t<a class=\"elementor-post__read-more\" href=\"https:\/\/www.hedera-etc.com\/de\/product\/hedera-helix-anita\/\" aria-label=\"Mehr \u00fcber &lt;em&gt;Hedera helix&lt;\/em&gt; &lsquo;Anita&rsquo; &#8211; Lierre d&rsquo;ornement\" tabindex=\"-1\" target=\"_blank\">\n\t\t\tWeiterlesen \u00bb\t\t<\/a>\n\n\t\t\t\t<\/div>\n\t\t\t\t<\/article>\n\t\t\t\t<article class=\"elementor-post elementor-grid-item post-106 product type-product status-publish has-post-thumbnail product_cat-lierre entry has-media first instock purchasable product-type-variable has-default-attributes has-product-nav col span_1_of_4 owp-content-center item-entry owp-thumbs-layout-horizontal owp-btn-normal owp-tabs-layout-section\">\n\t\t\t\t<a class=\"elementor-post__thumbnail__link\" href=\"https:\/\/www.hedera-etc.com\/de\/product\/hedera-helix-anne-marie\/\" tabindex=\"-1\" target=\"&quot;_blank&quot;\">\n\t\t\t<div class=\"elementor-post__thumbnail\"><img loading=\"lazy\" decoding=\"async\" width=\"300\" height=\"225\" src=\"https:\/\/www.hedera-etc.com\/wp-content\/uploads\/2023\/10\/Hedera-helix-Anne-Marie-300x225.webp\" class=\"attachment-medium size-medium wp-image-107\" alt=\"Hedera helix &#039;Anne-Marie&#039;\" srcset=\"https:\/\/www.hedera-etc.com\/wp-content\/uploads\/2023\/10\/Hedera-helix-Anne-Marie-300x225.webp 300w, https:\/\/www.hedera-etc.com\/wp-content\/uploads\/2023\/10\/Hedera-helix-Anne-Marie-900x675.webp 900w, https:\/\/www.hedera-etc.com\/wp-content\/uploads\/2023\/10\/Hedera-helix-Anne-Marie-768x576.webp 768w, https:\/\/www.hedera-etc.com\/wp-content\/uploads\/2023\/10\/Hedera-helix-Anne-Marie.webp 1024w\" sizes=\"(max-width: 300px) 100vw, 300px\" \/><\/div>\n\t\t<\/a>\n\t\t\t\t<div class=\"elementor-post__text\">\n\t\t\t\t<h3 class=\"elementor-post__title\">\n\t\t\t<a href=\"https:\/\/www.hedera-etc.com\/de\/product\/hedera-helix-anne-marie\/\" target=\"&quot;_blank&quot;\">\n\t\t\t\t<em>Hedera helix<\/em> &lsquo;Anne-Marie&rsquo; &#8211; Zier-Efeu\t\t\t<\/a>\n\t\t<\/h3>\n\t\t\t\t<div class=\"elementor-post__excerpt\">\n\t\t\t<p>Eher kletternder Efeu mit mittlerer Wuchsst\u00e4rke.<\/p> <p>Jugendbl\u00e4tter bestehend aus 3 bis 5 Lappen, die an der Spitze abgerundet sind, erwachsene Bl\u00e4tter in\t\t<\/div>\n\t\t\n\t\t<a class=\"elementor-post__read-more\" href=\"https:\/\/www.hedera-etc.com\/de\/product\/hedera-helix-anne-marie\/\" aria-label=\"Mehr \u00fcber &lt;em&gt;Hedera helix&lt;\/em&gt; &lsquo;Anne-Marie&rsquo; &#8211; lierre d&rsquo;ornement\" tabindex=\"-1\" target=\"_blank\">\n\t\t\tWeiterlesen \u00bb\t\t<\/a>\n\n\t\t\t\t<\/div>\n\t\t\t\t<\/article>\n\t\t\t\t<article class=\"elementor-post elementor-grid-item post-111 product type-product status-publish has-post-thumbnail product_cat-lierre entry has-media  outofstock product-type-variable has-product-nav col span_1_of_4 owp-content-center item-entry owp-thumbs-layout-horizontal owp-btn-normal owp-tabs-layout-section has-no-thumbnails\">\n\t\t\t\t<a class=\"elementor-post__thumbnail__link\" href=\"https:\/\/www.hedera-etc.com\/de\/product\/hedera-helix-arborescens\/\" tabindex=\"-1\" target=\"&quot;_blank&quot;\">\n\t\t\t<div class=\"elementor-post__thumbnail\"><img loading=\"lazy\" decoding=\"async\" width=\"300\" height=\"200\" src=\"https:\/\/www.hedera-etc.com\/wp-content\/uploads\/2023\/10\/Hedera-helix-Arborescens-300x200.webp\" class=\"attachment-medium size-medium wp-image-11850\" alt=\"Hedera helix &#039;Arborescens&#039;\" srcset=\"https:\/\/www.hedera-etc.com\/wp-content\/uploads\/2023\/10\/Hedera-helix-Arborescens-300x200.webp 300w, https:\/\/www.hedera-etc.com\/wp-content\/uploads\/2023\/10\/Hedera-helix-Arborescens-768x511.webp 768w, https:\/\/www.hedera-etc.com\/wp-content\/uploads\/2023\/10\/Hedera-helix-Arborescens.webp 900w\" sizes=\"(max-width: 300px) 100vw, 300px\" \/><\/div>\n\t\t<\/a>\n\t\t\t\t<div class=\"elementor-post__text\">\n\t\t\t\t<h3 class=\"elementor-post__title\">\n\t\t\t<a href=\"https:\/\/www.hedera-etc.com\/de\/product\/hedera-helix-arborescens\/\" target=\"&quot;_blank&quot;\">\n\t\t\t\t<em>Hedera helix<\/em> &lsquo;Arborescens&rsquo; &#8211; Ausgewachsener Efeu\t\t\t<\/a>\n\t\t<\/h3>\n\t\t\t\t<div class=\"elementor-post__excerpt\">\n\t\t\t<p>Ausgewachsene Form des Wald-Efeu oder Englischen Efeu.<\/p> <p>Bl\u00e4tter nicht gelappt. Gl\u00e4nzende dunkelgr\u00fcne Blattspreite. Aufrechte, gedrungene St\u00e4ngel.\t\t<\/div>\n\t\t\n\t\t<a class=\"elementor-post__read-more\" href=\"https:\/\/www.hedera-etc.com\/de\/product\/hedera-helix-arborescens\/\" aria-label=\"Mehr \u00fcber &lt;em&gt;Hedera helix&lt;\/em&gt; &lsquo;Arborescens&rsquo; &#8211; Lierre adulte\" tabindex=\"-1\" target=\"_blank\">\n\t\t\tWeiterlesen \u00bb\t\t<\/a>\n\n\t\t\t\t<\/div>\n\t\t\t\t<\/article>\n\t\t\t\t<article class=\"elementor-post elementor-grid-item post-123 product type-product status-publish has-post-thumbnail product_cat-lierre entry has-media  instock purchasable product-type-variable has-default-attributes has-product-nav col span_1_of_4 owp-content-center item-entry owp-thumbs-layout-horizontal owp-btn-normal owp-tabs-layout-section\">\n\t\t\t\t<a class=\"elementor-post__thumbnail__link\" href=\"https:\/\/www.hedera-etc.com\/de\/product\/hedera-helix-asterisk\/\" tabindex=\"-1\" target=\"&quot;_blank&quot;\">\n\t\t\t<div class=\"elementor-post__thumbnail\"><img loading=\"lazy\" decoding=\"async\" width=\"300\" height=\"225\" src=\"https:\/\/www.hedera-etc.com\/wp-content\/uploads\/2023\/10\/Hedera-helix-Asterisk_2-300x225.webp\" class=\"attachment-medium size-medium wp-image-14983\" alt=\"Hedera helix &#039;Asterisk&#039;\" srcset=\"https:\/\/www.hedera-etc.com\/wp-content\/uploads\/2023\/10\/Hedera-helix-Asterisk_2-300x225.webp 300w, https:\/\/www.hedera-etc.com\/wp-content\/uploads\/2023\/10\/Hedera-helix-Asterisk_2-900x675.webp 900w, https:\/\/www.hedera-etc.com\/wp-content\/uploads\/2023\/10\/Hedera-helix-Asterisk_2-1024x768.webp 1024w, https:\/\/www.hedera-etc.com\/wp-content\/uploads\/2023\/10\/Hedera-helix-Asterisk_2-768x576.webp 768w, https:\/\/www.hedera-etc.com\/wp-content\/uploads\/2023\/10\/Hedera-helix-Asterisk_2-1536x1152.webp 1536w, https:\/\/www.hedera-etc.com\/wp-content\/uploads\/2023\/10\/Hedera-helix-Asterisk_2-1320x990.webp 1320w, https:\/\/www.hedera-etc.com\/wp-content\/uploads\/2023\/10\/Hedera-helix-Asterisk_2.webp 1600w\" sizes=\"(max-width: 300px) 100vw, 300px\" \/><\/div>\n\t\t<\/a>\n\t\t\t\t<div class=\"elementor-post__text\">\n\t\t\t\t<h3 class=\"elementor-post__title\">\n\t\t\t<a href=\"https:\/\/www.hedera-etc.com\/de\/product\/hedera-helix-asterisk\/\" target=\"&quot;_blank&quot;\">\n\t\t\t\t<em>Hedera helix<\/em> &lsquo;Asterisk&rsquo; &#8211; Zier-Efeu\t\t\t<\/a>\n\t\t<\/h3>\n\t\t\t\t<div class=\"elementor-post__excerpt\">\n\t\t\t<p>Sehr interessante Sorte f\u00fcr die Begr\u00fcnung von Mauern.<\/p> <p>Bl\u00e4tter aus 5 bis 7 schmalen, spitzen, nach oben gebogenen Lappen bestehend\t\t<\/div>\n\t\t\n\t\t<a class=\"elementor-post__read-more\" href=\"https:\/\/www.hedera-etc.com\/de\/product\/hedera-helix-asterisk\/\" aria-label=\"Mehr \u00fcber &lt;em&gt;Hedera helix&lt;\/em&gt; &lsquo;Asterisk&rsquo; &#8211; Lierre d&rsquo;ornement\" tabindex=\"-1\" target=\"_blank\">\n\t\t\tWeiterlesen \u00bb\t\t<\/a>\n\n\t\t\t\t<\/div>\n\t\t\t\t<\/article>\n\t\t\t\t<article class=\"elementor-post elementor-grid-item post-129 product type-product status-publish has-post-thumbnail product_cat-lierre entry has-media last instock purchasable product-type-variable has-default-attributes has-product-nav col span_1_of_4 owp-content-center item-entry owp-thumbs-layout-horizontal owp-btn-normal owp-tabs-layout-section\">\n\t\t\t\t<a class=\"elementor-post__thumbnail__link\" href=\"https:\/\/www.hedera-etc.com\/de\/product\/hedera-helix-baccifer\/\" tabindex=\"-1\" target=\"&quot;_blank&quot;\">\n\t\t\t<div class=\"elementor-post__thumbnail\"><img loading=\"lazy\" decoding=\"async\" width=\"300\" height=\"199\" src=\"https:\/\/www.hedera-etc.com\/wp-content\/uploads\/2023\/10\/HEDERA-helix-Baccifer-300x199.webp\" class=\"attachment-medium size-medium wp-image-130\" alt=\"HEDERA helix &#039;Baccifer&#039;\" srcset=\"https:\/\/www.hedera-etc.com\/wp-content\/uploads\/2023\/10\/HEDERA-helix-Baccifer-300x199.webp 300w, https:\/\/www.hedera-etc.com\/wp-content\/uploads\/2023\/10\/HEDERA-helix-Baccifer-900x598.webp 900w, https:\/\/www.hedera-etc.com\/wp-content\/uploads\/2023\/10\/HEDERA-helix-Baccifer-768x510.webp 768w, https:\/\/www.hedera-etc.com\/wp-content\/uploads\/2023\/10\/HEDERA-helix-Baccifer.webp 947w\" sizes=\"(max-width: 300px) 100vw, 300px\" \/><\/div>\n\t\t<\/a>\n\t\t\t\t<div class=\"elementor-post__text\">\n\t\t\t\t<h3 class=\"elementor-post__title\">\n\t\t\t<a href=\"https:\/\/www.hedera-etc.com\/de\/product\/hedera-helix-baccifer\/\" target=\"&quot;_blank&quot;\">\n\t\t\t\t<em>Hedera helix<\/em> &lsquo;Baccifer&rsquo; &#8211; Zier-Efeu\t\t\t<\/a>\n\t\t<\/h3>\n\t\t\t\t<div class=\"elementor-post__excerpt\">\n\t\t\t<p>Untypisches Blatt mit charakteristischen 5 eckigen Lappen.<\/p> <p>Junge Triebe, die im Fr\u00fchling sch\u00f6ne Goldt\u00f6ne annehmen und sp\u00e4ter gr\u00fcn werden\t\t<\/div>\n\t\t\n\t\t<a class=\"elementor-post__read-more\" href=\"https:\/\/www.hedera-etc.com\/de\/product\/hedera-helix-baccifer\/\" aria-label=\"Mehr \u00fcber &lt;em&gt;Hedera helix&lt;\/em&gt; &lsquo;Baccifer&rsquo; &#8211; Lierre d&rsquo;ornement\" tabindex=\"-1\" target=\"_blank\">\n\t\t\tWeiterlesen \u00bb\t\t<\/a>\n\n\t\t\t\t<\/div>\n\t\t\t\t<\/article>\n\t\t\t\t<article class=\"elementor-post elementor-grid-item post-134 product type-product status-publish has-post-thumbnail product_cat-lierre entry has-media first instock purchasable product-type-variable has-default-attributes has-product-nav col span_1_of_4 owp-content-center item-entry owp-thumbs-layout-horizontal owp-btn-normal owp-tabs-layout-section\">\n\t\t\t\t<a class=\"elementor-post__thumbnail__link\" href=\"https:\/\/www.hedera-etc.com\/de\/product\/hedera-helix-baden-baden\/\" tabindex=\"-1\" target=\"&quot;_blank&quot;\">\n\t\t\t<div class=\"elementor-post__thumbnail\"><img loading=\"lazy\" decoding=\"async\" width=\"300\" height=\"199\" src=\"https:\/\/www.hedera-etc.com\/wp-content\/uploads\/2023\/10\/HEDERA-helix-Baden-Baden_3-300x199.webp\" class=\"attachment-medium size-medium wp-image-14972\" alt=\"HEDERA helix &#039;Baden Baden&#039;\" srcset=\"https:\/\/www.hedera-etc.com\/wp-content\/uploads\/2023\/10\/HEDERA-helix-Baden-Baden_3-300x199.webp 300w, https:\/\/www.hedera-etc.com\/wp-content\/uploads\/2023\/10\/HEDERA-helix-Baden-Baden_3-900x597.webp 900w, https:\/\/www.hedera-etc.com\/wp-content\/uploads\/2023\/10\/HEDERA-helix-Baden-Baden_3-768x509.webp 768w, https:\/\/www.hedera-etc.com\/wp-content\/uploads\/2023\/10\/HEDERA-helix-Baden-Baden_3.webp 920w\" sizes=\"(max-width: 300px) 100vw, 300px\" \/><\/div>\n\t\t<\/a>\n\t\t\t\t<div class=\"elementor-post__text\">\n\t\t\t\t<h3 class=\"elementor-post__title\">\n\t\t\t<a href=\"https:\/\/www.hedera-etc.com\/de\/product\/hedera-helix-baden-baden\/\" target=\"&quot;_blank&quot;\">\n\t\t\t\t<em>Hedera helix<\/em> &lsquo;Baden-Baden&rsquo; &#8211; Zier-Efeu\t\t\t<\/a>\n\t\t<\/h3>\n\t\t\t\t<div class=\"elementor-post__excerpt\">\n\t\t\t<p>Interessanter Efeu wegen seiner gro\u00dfen Widerstandsf\u00e4higkeit gegen Trockenheit und Sonne.<\/p> <p>Bl\u00e4tter, mittelgro\u00df, gebildet aus 3 bis\t\t<\/div>\n\t\t\n\t\t<a class=\"elementor-post__read-more\" href=\"https:\/\/www.hedera-etc.com\/de\/product\/hedera-helix-baden-baden\/\" aria-label=\"Mehr \u00fcber &lt;em&gt;Hedera helix&lt;\/em&gt; &lsquo;Baden-Baden&rsquo; &#8211; Lierre d&rsquo;ornement\" tabindex=\"-1\" target=\"_blank\">\n\t\t\tWeiterlesen \u00bb\t\t<\/a>\n\n\t\t\t\t<\/div>\n\t\t\t\t<\/article>\n\t\t\t\t<article class=\"elementor-post elementor-grid-item post-148 product type-product status-publish has-post-thumbnail product_cat-lierre entry has-media  outofstock product-type-variable has-default-attributes has-product-nav col span_1_of_4 owp-content-center item-entry owp-thumbs-layout-horizontal owp-btn-normal owp-tabs-layout-section has-no-thumbnails\">\n\t\t\t\t<a class=\"elementor-post__thumbnail__link\" href=\"https:\/\/www.hedera-etc.com\/de\/product\/hedera-helix-ballet\/\" tabindex=\"-1\" target=\"&quot;_blank&quot;\">\n\t\t\t<div class=\"elementor-post__thumbnail\"><img loading=\"lazy\" decoding=\"async\" width=\"300\" height=\"225\" src=\"https:\/\/www.hedera-etc.com\/wp-content\/uploads\/2023\/10\/HEDERA-helix-Ballett-300x225.webp\" class=\"attachment-medium size-medium wp-image-149\" alt=\"HEDERA helix &#039;Ballet&#039;\" srcset=\"https:\/\/www.hedera-etc.com\/wp-content\/uploads\/2023\/10\/HEDERA-helix-Ballett-300x225.webp 300w, https:\/\/www.hedera-etc.com\/wp-content\/uploads\/2023\/10\/HEDERA-helix-Ballett-900x675.webp 900w, https:\/\/www.hedera-etc.com\/wp-content\/uploads\/2023\/10\/HEDERA-helix-Ballett-768x576.webp 768w, https:\/\/www.hedera-etc.com\/wp-content\/uploads\/2023\/10\/HEDERA-helix-Ballett.webp 1024w\" sizes=\"(max-width: 300px) 100vw, 300px\" \/><\/div>\n\t\t<\/a>\n\t\t\t\t<div class=\"elementor-post__text\">\n\t\t\t\t<h3 class=\"elementor-post__title\">\n\t\t\t<a href=\"https:\/\/www.hedera-etc.com\/de\/product\/hedera-helix-ballet\/\" target=\"&quot;_blank&quot;\">\n\t\t\t\t<em>Hedera helix<\/em> &lsquo;Ballet&rsquo; &#8211; Zier-Efeu\t\t\t<\/a>\n\t\t<\/h3>\n\t\t\t\t<div class=\"elementor-post__excerpt\">\n\t\t\t<p>Sehr sch\u00f6ner bodendeckender Efeu mit erstaunlicher Winterf\u00e4rbung.<\/p> <p>Bl\u00e4tter, mittelgro\u00df, l\u00e4nglich, nicht gelappt, mit einer Spitze am\t\t<\/div>\n\t\t\n\t\t<a class=\"elementor-post__read-more\" href=\"https:\/\/www.hedera-etc.com\/de\/product\/hedera-helix-ballet\/\" aria-label=\"Mehr \u00fcber &lt;em&gt;Hedera helix&lt;\/em&gt; &lsquo;Ballet&rsquo; &#8211; Lierre d&rsquo;ornement\" tabindex=\"-1\" target=\"_blank\">\n\t\t\tWeiterlesen \u00bb\t\t<\/a>\n\n\t\t\t\t<\/div>\n\t\t\t\t<\/article>\n\t\t\t\t<article class=\"elementor-post elementor-grid-item post-258 product type-product status-publish has-post-thumbnail product_cat-lierre entry has-media  instock purchasable product-type-variable has-default-attributes has-product-nav col span_1_of_4 owp-content-center item-entry owp-thumbs-layout-horizontal owp-btn-normal owp-tabs-layout-section\">\n\t\t\t\t<a class=\"elementor-post__thumbnail__link\" href=\"https:\/\/www.hedera-etc.com\/de\/product\/hedera-helix-cyrano-de-bergerac\/\" tabindex=\"-1\" target=\"&quot;_blank&quot;\">\n\t\t\t<div class=\"elementor-post__thumbnail\"><img loading=\"lazy\" decoding=\"async\" width=\"300\" height=\"225\" src=\"https:\/\/www.hedera-etc.com\/wp-content\/uploads\/2023\/10\/Hedera-helix-Cyrano-De-Bergerac-300x225.webp\" class=\"attachment-medium size-medium wp-image-259\" alt=\"Hedera helix &#039;Cyrano De Bergerac&#039;\" srcset=\"https:\/\/www.hedera-etc.com\/wp-content\/uploads\/2023\/10\/Hedera-helix-Cyrano-De-Bergerac-300x225.webp 300w, https:\/\/www.hedera-etc.com\/wp-content\/uploads\/2023\/10\/Hedera-helix-Cyrano-De-Bergerac-768x575.webp 768w, https:\/\/www.hedera-etc.com\/wp-content\/uploads\/2023\/10\/Hedera-helix-Cyrano-De-Bergerac-600x449.jpg 600w, https:\/\/www.hedera-etc.com\/wp-content\/uploads\/2023\/10\/Hedera-helix-Cyrano-De-Bergerac.webp 800w\" sizes=\"(max-width: 300px) 100vw, 300px\" \/><\/div>\n\t\t<\/a>\n\t\t\t\t<div class=\"elementor-post__text\">\n\t\t\t\t<h3 class=\"elementor-post__title\">\n\t\t\t<a href=\"https:\/\/www.hedera-etc.com\/de\/product\/hedera-helix-cyrano-de-bergerac\/\" target=\"&quot;_blank&quot;\">\n\t\t\t\t<em>Hedera helix<\/em> &lsquo;Cyrano De Bergerac&rsquo; &#8211; Zier-Efeu\t\t\t<\/a>\n\t\t<\/h3>\n\t\t\t\t<div class=\"elementor-post__excerpt\">\n\t\t\t<p>Eine Sorte, die ihrem Namen angesichts der Form ihrer Bl\u00e4tter alle Ehre macht.<\/p> <p>Bl\u00e4tter manchmal aus 3 Lappen bestehend,\t\t<\/div>\n\t\t\n\t\t<a class=\"elementor-post__read-more\" href=\"https:\/\/www.hedera-etc.com\/de\/product\/hedera-helix-cyrano-de-bergerac\/\" aria-label=\"Mehr \u00fcber &lt;em&gt;Hedera helix&lt;\/em&gt; &lsquo;Cyrano De Bergerac&rsquo; &#8211; Lierre d&rsquo;ornement\" tabindex=\"-1\" target=\"_blank\">\n\t\t\tWeiterlesen \u00bb\t\t<\/a>\n\n\t\t\t\t<\/div>\n\t\t\t\t<\/article>\n\t\t\t\t<article class=\"elementor-post elementor-grid-item post-264 product type-product status-publish has-post-thumbnail product_cat-lierre entry has-media last instock purchasable product-type-variable has-default-attributes has-product-nav col span_1_of_4 owp-content-center item-entry owp-thumbs-layout-horizontal owp-btn-normal owp-tabs-layout-section\">\n\t\t\t\t<a class=\"elementor-post__thumbnail__link\" href=\"https:\/\/www.hedera-etc.com\/de\/product\/hedera-helix-direktor-badke\/\" tabindex=\"-1\" target=\"&quot;_blank&quot;\">\n\t\t\t<div class=\"elementor-post__thumbnail\"><img loading=\"lazy\" decoding=\"async\" width=\"300\" height=\"225\" src=\"https:\/\/www.hedera-etc.com\/wp-content\/uploads\/2023\/10\/Hedera-helix-Director-Badke-300x225.webp\" class=\"attachment-medium size-medium wp-image-265\" alt=\"Hedera helix &#039;Direktor Badke&#039;\" srcset=\"https:\/\/www.hedera-etc.com\/wp-content\/uploads\/2023\/10\/Hedera-helix-Director-Badke-300x225.webp 300w, https:\/\/www.hedera-etc.com\/wp-content\/uploads\/2023\/10\/Hedera-helix-Director-Badke-900x675.webp 900w, https:\/\/www.hedera-etc.com\/wp-content\/uploads\/2023\/10\/Hedera-helix-Director-Badke-768x576.webp 768w, https:\/\/www.hedera-etc.com\/wp-content\/uploads\/2023\/10\/Hedera-helix-Director-Badke.webp 1024w\" sizes=\"(max-width: 300px) 100vw, 300px\" \/><\/div>\n\t\t<\/a>\n\t\t\t\t<div class=\"elementor-post__text\">\n\t\t\t\t<h3 class=\"elementor-post__title\">\n\t\t\t<a href=\"https:\/\/www.hedera-etc.com\/de\/product\/hedera-helix-direktor-badke\/\" target=\"&quot;_blank&quot;\">\n\t\t\t\t<em>Hedera helix<\/em> &lsquo;Direktor Badke&rsquo; &#8211; Zier-Efeu\t\t\t<\/a>\n\t\t<\/h3>\n\t\t\t\t<div class=\"elementor-post__excerpt\">\n\t\t\t<p>Kompakter, sehr buschiger Efeu mit m\u00e4\u00dfigem Wachstum.<\/p> <p>Glattes, kleeblatt\u00e4hnliches, dreilappiges Blatt. Lappen rundlich und so flach, dass\t\t<\/div>\n\t\t\n\t\t<a class=\"elementor-post__read-more\" href=\"https:\/\/www.hedera-etc.com\/de\/product\/hedera-helix-direktor-badke\/\" aria-label=\"Mehr \u00fcber &lt;em&gt;Hedera helix&lt;\/em&gt; &lsquo;Direktor Badke&rsquo; &#8211; Lierre d&rsquo;ornement\" tabindex=\"-1\" target=\"_blank\">\n\t\t\tWeiterlesen \u00bb\t\t<\/a>\n\n\t\t\t\t<\/div>\n\t\t\t\t<\/article>\n\t\t\t\t<article class=\"elementor-post elementor-grid-item post-270 product type-product status-publish has-post-thumbnail product_cat-lierre entry has-media first instock purchasable product-type-variable has-default-attributes has-product-nav col span_1_of_4 owp-content-center item-entry owp-thumbs-layout-horizontal owp-btn-normal owp-tabs-layout-section\">\n\t\t\t\t<a class=\"elementor-post__thumbnail__link\" href=\"https:\/\/www.hedera-etc.com\/de\/product\/hedera-helix-elegantissima\/\" tabindex=\"-1\" target=\"&quot;_blank&quot;\">\n\t\t\t<div class=\"elementor-post__thumbnail\"><img loading=\"lazy\" decoding=\"async\" width=\"300\" height=\"225\" src=\"https:\/\/www.hedera-etc.com\/wp-content\/uploads\/2023\/10\/Hedera-helix-Elegantissima-1-300x225.webp\" class=\"attachment-medium size-medium wp-image-11922\" alt=\"Hedera helix &#039;Elegantissima&#039;\" srcset=\"https:\/\/www.hedera-etc.com\/wp-content\/uploads\/2023\/10\/Hedera-helix-Elegantissima-1-300x225.webp 300w, https:\/\/www.hedera-etc.com\/wp-content\/uploads\/2023\/10\/Hedera-helix-Elegantissima-1-900x674.webp 900w, https:\/\/www.hedera-etc.com\/wp-content\/uploads\/2023\/10\/Hedera-helix-Elegantissima-1-1024x767.webp 1024w, https:\/\/www.hedera-etc.com\/wp-content\/uploads\/2023\/10\/Hedera-helix-Elegantissima-1-768x576.webp 768w, https:\/\/www.hedera-etc.com\/wp-content\/uploads\/2023\/10\/Hedera-helix-Elegantissima-1-1536x1151.webp 1536w, https:\/\/www.hedera-etc.com\/wp-content\/uploads\/2023\/10\/Hedera-helix-Elegantissima-1-1320x989.webp 1320w, https:\/\/www.hedera-etc.com\/wp-content\/uploads\/2023\/10\/Hedera-helix-Elegantissima-1.webp 1600w\" sizes=\"(max-width: 300px) 100vw, 300px\" \/><\/div>\n\t\t<\/a>\n\t\t\t\t<div class=\"elementor-post__text\">\n\t\t\t\t<h3 class=\"elementor-post__title\">\n\t\t\t<a href=\"https:\/\/www.hedera-etc.com\/de\/product\/hedera-helix-elegantissima\/\" target=\"&quot;_blank&quot;\">\n\t\t\t\t<em>Hedera helix<\/em> &lsquo;Elegantissima&rsquo; &#8211; Zier-Efeu\t\t\t<\/a>\n\t\t<\/h3>\n\t\t\t\t<div class=\"elementor-post__excerpt\">\n\t\t\t<p>Sehr sch\u00f6ne Efeusorte mit kleinen, elegant panaschierten Bl\u00e4ttern.<\/p> <p>Bl\u00e4tter dreilappig oder dreieckig. Blattspreite graugr\u00fcn, breit cremewei\u00df gerandet\t\t<\/div>\n\t\t\n\t\t<a class=\"elementor-post__read-more\" href=\"https:\/\/www.hedera-etc.com\/de\/product\/hedera-helix-elegantissima\/\" aria-label=\"Mehr \u00fcber &lt;em&gt;Hedera helix&lt;\/em&gt; &lsquo;Elegantissima&rsquo; &#8211; Lierre d&rsquo;ornement\" tabindex=\"-1\" target=\"_blank\">\n\t\t\tWeiterlesen \u00bb\t\t<\/a>\n\n\t\t\t\t<\/div>\n\t\t\t\t<\/article>\n\t\t\t\t<article class=\"elementor-post elementor-grid-item post-275 product type-product status-publish has-post-thumbnail product_cat-lierre entry has-media  instock purchasable product-type-variable has-default-attributes has-product-nav col span_1_of_4 owp-content-center item-entry owp-thumbs-layout-horizontal owp-btn-normal owp-tabs-layout-section has-no-thumbnails\">\n\t\t\t\t<a class=\"elementor-post__thumbnail__link\" href=\"https:\/\/www.hedera-etc.com\/de\/product\/hedera-helix-evergold\/\" tabindex=\"-1\" target=\"&quot;_blank&quot;\">\n\t\t\t<div class=\"elementor-post__thumbnail\"><img loading=\"lazy\" decoding=\"async\" width=\"300\" height=\"225\" src=\"https:\/\/www.hedera-etc.com\/wp-content\/uploads\/2023\/10\/Hedera-helix-Evergold-300x225.webp\" class=\"attachment-medium size-medium wp-image-276\" alt=\"Hedera helix &#039;Evergold&#039;\" srcset=\"https:\/\/www.hedera-etc.com\/wp-content\/uploads\/2023\/10\/Hedera-helix-Evergold-300x225.webp 300w, https:\/\/www.hedera-etc.com\/wp-content\/uploads\/2023\/10\/Hedera-helix-Evergold-768x575.webp 768w, https:\/\/www.hedera-etc.com\/wp-content\/uploads\/2023\/10\/Hedera-helix-Evergold-600x449.jpg 600w, https:\/\/www.hedera-etc.com\/wp-content\/uploads\/2023\/10\/Hedera-helix-Evergold.webp 800w\" sizes=\"(max-width: 300px) 100vw, 300px\" \/><\/div>\n\t\t<\/a>\n\t\t\t\t<div class=\"elementor-post__text\">\n\t\t\t\t<h3 class=\"elementor-post__title\">\n\t\t\t<a href=\"https:\/\/www.hedera-etc.com\/de\/product\/hedera-helix-evergold\/\" target=\"&quot;_blank&quot;\">\n\t\t\t\t<em>Hedera helix<\/em> &lsquo;Evergold&rsquo; &#8211; Zier-Efeu\t\t\t<\/a>\n\t\t<\/h3>\n\t\t\t\t<div class=\"elementor-post__excerpt\">\n\t\t\t<p>H\u00fcbsches, gelb panaschiertes Laub, das als Bodendecker immer eine gute Wirkung erzielt.<\/p> <p>Bl\u00e4tter, recht klein, bestehend aus 3 bis\t\t<\/div>\n\t\t\n\t\t<a class=\"elementor-post__read-more\" href=\"https:\/\/www.hedera-etc.com\/de\/product\/hedera-helix-evergold\/\" aria-label=\"Mehr \u00fcber &lt;em&gt;Hedera helix&lt;\/em&gt; &lsquo;Evergold&rsquo; &#8211; Lierre d&rsquo;ornement\" tabindex=\"-1\" target=\"_blank\">\n\t\t\tWeiterlesen \u00bb\t\t<\/a>\n\n\t\t\t\t<\/div>\n\t\t\t\t<\/article>\n\t\t\t\t<article class=\"elementor-post elementor-grid-item post-284 product type-product status-publish has-post-thumbnail product_cat-lierre entry has-media  instock purchasable product-type-variable has-default-attributes has-product-nav col span_1_of_4 owp-content-center item-entry owp-thumbs-layout-horizontal owp-btn-normal owp-tabs-layout-section\">\n\t\t\t\t<a class=\"elementor-post__thumbnail__link\" href=\"https:\/\/www.hedera-etc.com\/de\/product\/hedera-helix-fleur-de-lys\/\" tabindex=\"-1\" target=\"&quot;_blank&quot;\">\n\t\t\t<div class=\"elementor-post__thumbnail\"><img loading=\"lazy\" decoding=\"async\" width=\"300\" height=\"198\" src=\"https:\/\/www.hedera-etc.com\/wp-content\/uploads\/2023\/10\/Hedera-helix-Fleur-De-Lys_3-300x198.webp\" class=\"attachment-medium size-medium wp-image-14884\" alt=\"Hedera helix &#039;Fleur De Lys&#039;\" srcset=\"https:\/\/www.hedera-etc.com\/wp-content\/uploads\/2023\/10\/Hedera-helix-Fleur-De-Lys_3-300x198.webp 300w, https:\/\/www.hedera-etc.com\/wp-content\/uploads\/2023\/10\/Hedera-helix-Fleur-De-Lys_3-900x594.webp 900w, https:\/\/www.hedera-etc.com\/wp-content\/uploads\/2023\/10\/Hedera-helix-Fleur-De-Lys_3-768x507.webp 768w, https:\/\/www.hedera-etc.com\/wp-content\/uploads\/2023\/10\/Hedera-helix-Fleur-De-Lys_3.webp 1022w\" sizes=\"(max-width: 300px) 100vw, 300px\" \/><\/div>\n\t\t<\/a>\n\t\t\t\t<div class=\"elementor-post__text\">\n\t\t\t\t<h3 class=\"elementor-post__title\">\n\t\t\t<a href=\"https:\/\/www.hedera-etc.com\/de\/product\/hedera-helix-fleur-de-lys\/\" target=\"&quot;_blank&quot;\">\n\t\t\t\t<em>Hedera helix<\/em> &lsquo;Fleur De Lys&rsquo; &#8211; Zier-Efeu\t\t\t<\/a>\n\t\t<\/h3>\n\t\t\t\t<div class=\"elementor-post__excerpt\">\n\t\t\t<p>Kr\u00e4ftige Kletterpflanze.<\/p> <p>Bl\u00e4tter tief in 3 bis 5 Lappen gegliedert, die oft fast bis zur Mittelrippe abgeschnitten sind. Grundst\u00e4ndige Lappen divergierend,\t\t<\/div>\n\t\t\n\t\t<a class=\"elementor-post__read-more\" href=\"https:\/\/www.hedera-etc.com\/de\/product\/hedera-helix-fleur-de-lys\/\" aria-label=\"Mehr \u00fcber &lt;em&gt;Hedera helix&lt;\/em&gt; &lsquo;Fleur De Lys&rsquo; &#8211; Lierre d&rsquo;ornement\" tabindex=\"-1\" target=\"_blank\">\n\t\t\tWeiterlesen \u00bb\t\t<\/a>\n\n\t\t\t\t<\/div>\n\t\t\t\t<\/article>\n\t\t\t\t<article class=\"elementor-post elementor-grid-item post-289 product type-product status-publish has-post-thumbnail product_cat-lierre entry has-media last instock purchasable product-type-variable has-default-attributes has-product-nav col span_1_of_4 owp-content-center item-entry owp-thumbs-layout-horizontal owp-btn-normal owp-tabs-layout-section\">\n\t\t\t\t<a class=\"elementor-post__thumbnail__link\" href=\"https:\/\/www.hedera-etc.com\/de\/product\/hedera-helix-bredon\/\" tabindex=\"-1\" target=\"&quot;_blank&quot;\">\n\t\t\t<div class=\"elementor-post__thumbnail\"><img loading=\"lazy\" decoding=\"async\" width=\"300\" height=\"225\" src=\"https:\/\/www.hedera-etc.com\/wp-content\/uploads\/2023\/10\/Hedera-helix-Bredon_2-300x225.webp\" class=\"attachment-medium size-medium wp-image-11919\" alt=\"Hedera helix &#039;Bredon&#039;\" srcset=\"https:\/\/www.hedera-etc.com\/wp-content\/uploads\/2023\/10\/Hedera-helix-Bredon_2-300x225.webp 300w, https:\/\/www.hedera-etc.com\/wp-content\/uploads\/2023\/10\/Hedera-helix-Bredon_2-900x674.webp 900w, https:\/\/www.hedera-etc.com\/wp-content\/uploads\/2023\/10\/Hedera-helix-Bredon_2-1024x767.webp 1024w, https:\/\/www.hedera-etc.com\/wp-content\/uploads\/2023\/10\/Hedera-helix-Bredon_2-768x576.webp 768w, https:\/\/www.hedera-etc.com\/wp-content\/uploads\/2023\/10\/Hedera-helix-Bredon_2-1536x1151.webp 1536w, https:\/\/www.hedera-etc.com\/wp-content\/uploads\/2023\/10\/Hedera-helix-Bredon_2-1320x989.webp 1320w, https:\/\/www.hedera-etc.com\/wp-content\/uploads\/2023\/10\/Hedera-helix-Bredon_2.webp 1600w\" sizes=\"(max-width: 300px) 100vw, 300px\" \/><\/div>\n\t\t<\/a>\n\t\t\t\t<div class=\"elementor-post__text\">\n\t\t\t\t<h3 class=\"elementor-post__title\">\n\t\t\t<a href=\"https:\/\/www.hedera-etc.com\/de\/product\/hedera-helix-bredon\/\" target=\"&quot;_blank&quot;\">\n\t\t\t\t<em>Hedera helix<\/em> &lsquo;Bredon&rsquo; &#8211; Zier-Efeu\t\t\t<\/a>\n\t\t<\/h3>\n\t\t\t\t<div class=\"elementor-post__excerpt\">\n\t\t\t<p>Sorte mit Zwergform und langsamem Wachstum.<\/p> <p>Gl\u00e4nzend dunkelgr\u00fcne, leicht gebogene Bl\u00e4tter mit 3 bis 5 Lappen.\t\t<\/div>\n\t\t\n\t\t<a class=\"elementor-post__read-more\" href=\"https:\/\/www.hedera-etc.com\/de\/product\/hedera-helix-bredon\/\" aria-label=\"Mehr \u00fcber &lt;em&gt;Hedera helix&lt;\/em&gt; &lsquo;Bredon&rsquo; &#8211; Lierre d&rsquo;ornement\" tabindex=\"-1\" target=\"_blank\">\n\t\t\tWeiterlesen \u00bb\t\t<\/a>\n\n\t\t\t\t<\/div>\n\t\t\t\t<\/article>\n\t\t\t\t<article class=\"elementor-post elementor-grid-item post-293 product type-product status-publish has-post-thumbnail product_cat-lierre entry has-media first instock purchasable product-type-variable has-default-attributes has-product-nav col span_1_of_4 owp-content-center item-entry owp-thumbs-layout-horizontal owp-btn-normal owp-tabs-layout-section\">\n\t\t\t\t<a class=\"elementor-post__thumbnail__link\" href=\"https:\/\/www.hedera-etc.com\/de\/product\/hedera-helix-brigette\/\" tabindex=\"-1\" target=\"&quot;_blank&quot;\">\n\t\t\t<div class=\"elementor-post__thumbnail\"><img loading=\"lazy\" decoding=\"async\" width=\"300\" height=\"225\" src=\"https:\/\/www.hedera-etc.com\/wp-content\/uploads\/2023\/10\/Hedera-helix-Brigette-300x225.webp\" class=\"attachment-medium size-medium wp-image-294\" alt=\"Hedera helix &#039;Brigette&#039;\" srcset=\"https:\/\/www.hedera-etc.com\/wp-content\/uploads\/2023\/10\/Hedera-helix-Brigette-300x225.webp 300w, https:\/\/www.hedera-etc.com\/wp-content\/uploads\/2023\/10\/Hedera-helix-Brigette-900x675.webp 900w, https:\/\/www.hedera-etc.com\/wp-content\/uploads\/2023\/10\/Hedera-helix-Brigette-768x576.webp 768w, https:\/\/www.hedera-etc.com\/wp-content\/uploads\/2023\/10\/Hedera-helix-Brigette.webp 1024w\" sizes=\"(max-width: 300px) 100vw, 300px\" \/><\/div>\n\t\t<\/a>\n\t\t\t\t<div class=\"elementor-post__text\">\n\t\t\t\t<h3 class=\"elementor-post__title\">\n\t\t\t<a href=\"https:\/\/www.hedera-etc.com\/de\/product\/hedera-helix-brigette\/\" target=\"&quot;_blank&quot;\">\n\t\t\t\t<em>Hedera helix<\/em> &lsquo;Brigette&rsquo; &#8211; Zier-Efeu\t\t\t<\/a>\n\t\t<\/h3>\n\t\t\t\t<div class=\"elementor-post__excerpt\">\n\t\t\t<p>Guter bodendeckender Efeu mit gro\u00dfen Bl\u00e4ttern.<\/p> <p>Bl\u00e4tter bestehen aus 3 bis 5 welligen Lappen. Blattspreite gr\u00fcn bis dunkelgr\u00fcn. Basis\t\t<\/div>\n\t\t\n\t\t<a class=\"elementor-post__read-more\" href=\"https:\/\/www.hedera-etc.com\/de\/product\/hedera-helix-brigette\/\" aria-label=\"Mehr \u00fcber &lt;em&gt;Hedera helix&lt;\/em&gt; &lsquo;Brigette&rsquo; &#8211; Lierre d&rsquo;ornement\" tabindex=\"-1\" target=\"_blank\">\n\t\t\tWeiterlesen \u00bb\t\t<\/a>\n\n\t\t\t\t<\/div>\n\t\t\t\t<\/article>\n\t\t\t\t<article class=\"elementor-post elementor-grid-item post-305 product type-product status-publish has-post-thumbnail product_cat-lierre entry has-media  instock purchasable product-type-variable has-default-attributes has-product-nav col span_1_of_4 owp-content-center item-entry owp-thumbs-layout-horizontal owp-btn-normal owp-tabs-layout-section\">\n\t\t\t\t<a class=\"elementor-post__thumbnail__link\" href=\"https:\/\/www.hedera-etc.com\/de\/product\/hedera-helix-brightstone\/\" tabindex=\"-1\" target=\"&quot;_blank&quot;\">\n\t\t\t<div class=\"elementor-post__thumbnail\"><img loading=\"lazy\" decoding=\"async\" width=\"300\" height=\"236\" src=\"https:\/\/www.hedera-etc.com\/wp-content\/uploads\/2023\/10\/Hedera-helix-Brightstone_3-300x236.webp\" class=\"attachment-medium size-medium wp-image-14870\" alt=\"Hedera helix &#039;Brightstone&#039;\" srcset=\"https:\/\/www.hedera-etc.com\/wp-content\/uploads\/2023\/10\/Hedera-helix-Brightstone_3-300x236.webp 300w, https:\/\/www.hedera-etc.com\/wp-content\/uploads\/2023\/10\/Hedera-helix-Brightstone_3-768x605.webp 768w, https:\/\/www.hedera-etc.com\/wp-content\/uploads\/2023\/10\/Hedera-helix-Brightstone_3.webp 857w\" sizes=\"(max-width: 300px) 100vw, 300px\" \/><\/div>\n\t\t<\/a>\n\t\t\t\t<div class=\"elementor-post__text\">\n\t\t\t\t<h3 class=\"elementor-post__title\">\n\t\t\t<a href=\"https:\/\/www.hedera-etc.com\/de\/product\/hedera-helix-brightstone\/\" target=\"&quot;_blank&quot;\">\n\t\t\t\t<em>Hedera helix<\/em> &lsquo;Brightstone&rsquo; &#8211; Zier-Efeu\t\t\t<\/a>\n\t\t<\/h3>\n\t\t\t\t<div class=\"elementor-post__excerpt\">\n\t\t\t<p>Geh\u00f6rt zu den panaschierten Efeuarten, die man in die Sonne stellen sollte.<\/p> <p>Blatt besteht aus 3 bis 5 Lappen. Rand leicht\t\t<\/div>\n\t\t\n\t\t<a class=\"elementor-post__read-more\" href=\"https:\/\/www.hedera-etc.com\/de\/product\/hedera-helix-brightstone\/\" aria-label=\"Mehr \u00fcber &lt;em&gt;Hedera helix&lt;\/em&gt; &lsquo;Brightstone&rsquo; &#8211; Lierre d&rsquo;ornement\" tabindex=\"-1\" target=\"_blank\">\n\t\t\tWeiterlesen \u00bb\t\t<\/a>\n\n\t\t\t\t<\/div>\n\t\t\t\t<\/article>\n\t\t\t\t<article class=\"elementor-post elementor-grid-item post-310 product type-product status-publish has-post-thumbnail product_cat-lierre entry has-media  instock purchasable product-type-variable has-default-attributes has-product-nav col span_1_of_4 owp-content-center item-entry owp-thumbs-layout-horizontal owp-btn-normal owp-tabs-layout-section has-no-thumbnails\">\n\t\t\t\t<a class=\"elementor-post__thumbnail__link\" href=\"https:\/\/www.hedera-etc.com\/de\/product\/hedera-helix-brimstone\/\" tabindex=\"-1\" target=\"&quot;_blank&quot;\">\n\t\t\t<div class=\"elementor-post__thumbnail\"><img loading=\"lazy\" decoding=\"async\" width=\"300\" height=\"198\" src=\"https:\/\/www.hedera-etc.com\/wp-content\/uploads\/2023\/10\/Hedera-helix-Brimstone-300x198.webp\" class=\"attachment-medium size-medium wp-image-311\" alt=\"Hedera helix &#039;Brimstone&#039;\" srcset=\"https:\/\/www.hedera-etc.com\/wp-content\/uploads\/2023\/10\/Hedera-helix-Brimstone-300x198.webp 300w, https:\/\/www.hedera-etc.com\/wp-content\/uploads\/2023\/10\/Hedera-helix-Brimstone-900x594.webp 900w, https:\/\/www.hedera-etc.com\/wp-content\/uploads\/2023\/10\/Hedera-helix-Brimstone-768x507.webp 768w, https:\/\/www.hedera-etc.com\/wp-content\/uploads\/2023\/10\/Hedera-helix-Brimstone.webp 953w\" sizes=\"(max-width: 300px) 100vw, 300px\" \/><\/div>\n\t\t<\/a>\n\t\t\t\t<div class=\"elementor-post__text\">\n\t\t\t\t<h3 class=\"elementor-post__title\">\n\t\t\t<a href=\"https:\/\/www.hedera-etc.com\/de\/product\/hedera-helix-brimstone\/\" target=\"&quot;_blank&quot;\">\n\t\t\t\t<em>Hedera helix<\/em> &lsquo;Brimstone&rsquo; &#8211; Zier-Efeu\t\t\t<\/a>\n\t\t<\/h3>\n\t\t\t\t<div class=\"elementor-post__excerpt\">\n\t\t\t<p>Weist mittelgro\u00dfe, gebogene und panaschierte Bl\u00e4tter auf.<\/p> <p>Die Bl\u00e4tter sind herzf\u00f6rmig und bestehen aus drei rekurrierenden, gewellten Lappen. Blattspreite\t\t<\/div>\n\t\t\n\t\t<a class=\"elementor-post__read-more\" href=\"https:\/\/www.hedera-etc.com\/de\/product\/hedera-helix-brimstone\/\" aria-label=\"Mehr \u00fcber &lt;em&gt;Hedera helix&lt;\/em&gt; &lsquo;Brimstone&rsquo; &#8211; Lierre d&rsquo;ornement\" tabindex=\"-1\" target=\"_blank\">\n\t\t\tWeiterlesen \u00bb\t\t<\/a>\n\n\t\t\t\t<\/div>\n\t\t\t\t<\/article>\n\t\t\t\t<article class=\"elementor-post elementor-grid-item post-314 product type-product status-publish has-post-thumbnail product_cat-lierre entry has-media last instock purchasable product-type-variable has-default-attributes has-product-nav col span_1_of_4 owp-content-center item-entry owp-thumbs-layout-horizontal owp-btn-normal owp-tabs-layout-section\">\n\t\t\t\t<a class=\"elementor-post__thumbnail__link\" href=\"https:\/\/www.hedera-etc.com\/de\/product\/hedera-helix-cheap-thrills\/\" tabindex=\"-1\" target=\"&quot;_blank&quot;\">\n\t\t\t<div class=\"elementor-post__thumbnail\"><img loading=\"lazy\" decoding=\"async\" width=\"300\" height=\"225\" src=\"https:\/\/www.hedera-etc.com\/wp-content\/uploads\/2023\/10\/Hedera-helix-Cheap-Thrills-300x225.webp\" class=\"attachment-medium size-medium wp-image-315\" alt=\"Hedera helix &#039;Cheap Thrills&#039;\" srcset=\"https:\/\/www.hedera-etc.com\/wp-content\/uploads\/2023\/10\/Hedera-helix-Cheap-Thrills-300x225.webp 300w, https:\/\/www.hedera-etc.com\/wp-content\/uploads\/2023\/10\/Hedera-helix-Cheap-Thrills-900x675.webp 900w, https:\/\/www.hedera-etc.com\/wp-content\/uploads\/2023\/10\/Hedera-helix-Cheap-Thrills-768x576.webp 768w, https:\/\/www.hedera-etc.com\/wp-content\/uploads\/2023\/10\/Hedera-helix-Cheap-Thrills.webp 1024w\" sizes=\"(max-width: 300px) 100vw, 300px\" \/><\/div>\n\t\t<\/a>\n\t\t\t\t<div class=\"elementor-post__text\">\n\t\t\t\t<h3 class=\"elementor-post__title\">\n\t\t\t<a href=\"https:\/\/www.hedera-etc.com\/de\/product\/hedera-helix-cheap-thrills\/\" target=\"&quot;_blank&quot;\">\n\t\t\t\t<em>Hedera helix<\/em> &lsquo;Cheap Thrills&rsquo; &#8211; Zier-Efeu\t\t\t<\/a>\n\t\t<\/h3>\n\t\t\t\t<div class=\"elementor-post__excerpt\">\n\t\t\t<p>Weist eine kompakte Strauchform auf.<\/p> <p>Die Bl\u00e4tter werden durch eine Fasciation vergr\u00f6\u00dfert, die die Gr\u00f6\u00dfe der Bl\u00e4tter erh\u00f6ht, um sehr\t\t<\/div>\n\t\t\n\t\t<a class=\"elementor-post__read-more\" href=\"https:\/\/www.hedera-etc.com\/de\/product\/hedera-helix-cheap-thrills\/\" aria-label=\"Mehr \u00fcber &lt;em&gt;Hedera helix&lt;\/em&gt; &lsquo;Cheap Thrills&rsquo; &#8211; Lierre d&rsquo;ornement\" tabindex=\"-1\" target=\"_blank\">\n\t\t\tWeiterlesen \u00bb\t\t<\/a>\n\n\t\t\t\t<\/div>\n\t\t\t\t<\/article>\n\t\t\t\t<article class=\"elementor-post elementor-grid-item post-319 product type-product status-publish has-post-thumbnail product_cat-lierre entry has-media first instock purchasable product-type-variable has-default-attributes has-product-nav col span_1_of_4 owp-content-center item-entry owp-thumbs-layout-horizontal owp-btn-normal owp-tabs-layout-section\">\n\t\t\t\t<a class=\"elementor-post__thumbnail__link\" href=\"https:\/\/www.hedera-etc.com\/de\/product\/hedera-helix-cockle-shell\/\" tabindex=\"-1\" target=\"&quot;_blank&quot;\">\n\t\t\t<div class=\"elementor-post__thumbnail\"><img loading=\"lazy\" decoding=\"async\" width=\"300\" height=\"225\" src=\"https:\/\/www.hedera-etc.com\/wp-content\/uploads\/2023\/10\/Hedera-helix-Cockle-Shell-1-300x225.webp\" class=\"attachment-medium size-medium wp-image-14859\" alt=\"Hedera helix &#039;Cockle Shell&#039;\" srcset=\"https:\/\/www.hedera-etc.com\/wp-content\/uploads\/2023\/10\/Hedera-helix-Cockle-Shell-1-300x225.webp 300w, https:\/\/www.hedera-etc.com\/wp-content\/uploads\/2023\/10\/Hedera-helix-Cockle-Shell-1-900x675.webp 900w, https:\/\/www.hedera-etc.com\/wp-content\/uploads\/2023\/10\/Hedera-helix-Cockle-Shell-1-1024x768.webp 1024w, https:\/\/www.hedera-etc.com\/wp-content\/uploads\/2023\/10\/Hedera-helix-Cockle-Shell-1-768x576.webp 768w, https:\/\/www.hedera-etc.com\/wp-content\/uploads\/2023\/10\/Hedera-helix-Cockle-Shell-1-1536x1152.webp 1536w, https:\/\/www.hedera-etc.com\/wp-content\/uploads\/2023\/10\/Hedera-helix-Cockle-Shell-1-1320x990.webp 1320w, https:\/\/www.hedera-etc.com\/wp-content\/uploads\/2023\/10\/Hedera-helix-Cockle-Shell-1.webp 1600w\" sizes=\"(max-width: 300px) 100vw, 300px\" \/><\/div>\n\t\t<\/a>\n\t\t\t\t<div class=\"elementor-post__text\">\n\t\t\t\t<h3 class=\"elementor-post__title\">\n\t\t\t<a href=\"https:\/\/www.hedera-etc.com\/de\/product\/hedera-helix-cockle-shell\/\" target=\"&quot;_blank&quot;\">\n\t\t\t\t<em>Hedera helix<\/em> &lsquo;Cockle Shell&rsquo; &#8211; Zier-Efeu\t\t\t<\/a>\n\t\t<\/h3>\n\t\t\t\t<div class=\"elementor-post__excerpt\">\n\t\t\t<p>Bodendeckersorte mit hohem dekorativem Wert.<\/p> <p>Dicke, dunkelgr\u00fcne, muschelf\u00f6rmige Bl\u00e4tter. Blattspreite f\u00e4cherf\u00f6rmig angeordnet. Reduzierte Lappen\t\t<\/div>\n\t\t\n\t\t<a class=\"elementor-post__read-more\" href=\"https:\/\/www.hedera-etc.com\/de\/product\/hedera-helix-cockle-shell\/\" aria-label=\"Mehr \u00fcber &lt;em&gt;Hedera helix&lt;\/em&gt; &lsquo;Cockle Shell&rsquo; &#8211; Lierre d&rsquo;ornement\" tabindex=\"-1\" target=\"_blank\">\n\t\t\tWeiterlesen \u00bb\t\t<\/a>\n\n\t\t\t\t<\/div>\n\t\t\t\t<\/article>\n\t\t\t\t<article class=\"elementor-post elementor-grid-item post-324 product type-product status-publish has-post-thumbnail product_cat-lierre entry has-media  instock purchasable product-type-variable has-default-attributes has-product-nav col span_1_of_4 owp-content-center item-entry owp-thumbs-layout-horizontal owp-btn-normal owp-tabs-layout-section\">\n\t\t\t\t<a class=\"elementor-post__thumbnail__link\" href=\"https:\/\/www.hedera-etc.com\/de\/product\/hedera-helix-congesta\/\" tabindex=\"-1\" target=\"&quot;_blank&quot;\">\n\t\t\t<div class=\"elementor-post__thumbnail\"><img loading=\"lazy\" decoding=\"async\" width=\"300\" height=\"225\" src=\"https:\/\/www.hedera-etc.com\/wp-content\/uploads\/2023\/10\/Hedera-helix-Congesta_4-300x225.webp\" class=\"attachment-medium size-medium wp-image-14853\" alt=\"Hedera helix &#039;Congesta&#039;\" srcset=\"https:\/\/www.hedera-etc.com\/wp-content\/uploads\/2023\/10\/Hedera-helix-Congesta_4-300x225.webp 300w, https:\/\/www.hedera-etc.com\/wp-content\/uploads\/2023\/10\/Hedera-helix-Congesta_4-900x676.webp 900w, https:\/\/www.hedera-etc.com\/wp-content\/uploads\/2023\/10\/Hedera-helix-Congesta_4-1024x769.webp 1024w, https:\/\/www.hedera-etc.com\/wp-content\/uploads\/2023\/10\/Hedera-helix-Congesta_4-768x577.webp 768w, https:\/\/www.hedera-etc.com\/wp-content\/uploads\/2023\/10\/Hedera-helix-Congesta_4-1320x991.webp 1320w, https:\/\/www.hedera-etc.com\/wp-content\/uploads\/2023\/10\/Hedera-helix-Congesta_4.webp 1364w\" sizes=\"(max-width: 300px) 100vw, 300px\" \/><\/div>\n\t\t<\/a>\n\t\t\t\t<div class=\"elementor-post__text\">\n\t\t\t\t<h3 class=\"elementor-post__title\">\n\t\t\t<a href=\"https:\/\/www.hedera-etc.com\/de\/product\/hedera-helix-congesta\/\" target=\"&quot;_blank&quot;\">\n\t\t\t\t<em>Hedera helix<\/em> &lsquo;Congesta&rsquo; &#8211; Zier-Efeu\t\t\t<\/a>\n\t\t<\/h3>\n\t\t\t\t<div class=\"elementor-post__excerpt\">\n\t\t\t<p>Weist eine sehr originelle und dekorative Strauchform auf.<\/p> <p>Aufrechte, dicke St\u00e4ngel. Bl\u00e4tter in einer Spalte auf jeder Seite von\t\t<\/div>\n\t\t\n\t\t<a class=\"elementor-post__read-more\" href=\"https:\/\/www.hedera-etc.com\/de\/product\/hedera-helix-congesta\/\" aria-label=\"Mehr \u00fcber &lt;em&gt;Hedera helix&lt;\/em&gt; &lsquo;Congesta&rsquo; &#8211; Lierre d&rsquo;ornement\" tabindex=\"-1\" target=\"_blank\">\n\t\t\tWeiterlesen \u00bb\t\t<\/a>\n\n\t\t\t\t<\/div>\n\t\t\t\t<\/article>\n\t\t\t\t<article class=\"elementor-post elementor-grid-item post-337 product type-product status-publish has-post-thumbnail product_cat-lierre entry has-media  outofstock product-type-variable has-default-attributes has-product-nav col span_1_of_4 owp-content-center item-entry owp-thumbs-layout-horizontal owp-btn-normal owp-tabs-layout-section has-no-thumbnails\">\n\t\t\t\t<a class=\"elementor-post__thumbnail__link\" href=\"https:\/\/www.hedera-etc.com\/de\/product\/hedera-hibernica-deltoidea-arborescens\/\" tabindex=\"-1\" target=\"&quot;_blank&quot;\">\n\t\t\t<div class=\"elementor-post__thumbnail\"><img loading=\"lazy\" decoding=\"async\" width=\"300\" height=\"225\" src=\"https:\/\/www.hedera-etc.com\/wp-content\/uploads\/2023\/10\/Hedera-helix-Deltoidea-Arborescens_2-300x225.webp\" class=\"attachment-medium size-medium wp-image-14848\" alt=\"Hedera helix &#039;Deltoidea Arborescens&#039;\" srcset=\"https:\/\/www.hedera-etc.com\/wp-content\/uploads\/2023\/10\/Hedera-helix-Deltoidea-Arborescens_2-300x225.webp 300w, https:\/\/www.hedera-etc.com\/wp-content\/uploads\/2023\/10\/Hedera-helix-Deltoidea-Arborescens_2-900x676.webp 900w, https:\/\/www.hedera-etc.com\/wp-content\/uploads\/2023\/10\/Hedera-helix-Deltoidea-Arborescens_2-1024x769.webp 1024w, https:\/\/www.hedera-etc.com\/wp-content\/uploads\/2023\/10\/Hedera-helix-Deltoidea-Arborescens_2-768x577.webp 768w, https:\/\/www.hedera-etc.com\/wp-content\/uploads\/2023\/10\/Hedera-helix-Deltoidea-Arborescens_2.webp 1148w\" sizes=\"(max-width: 300px) 100vw, 300px\" \/><\/div>\n\t\t<\/a>\n\t\t\t\t<div class=\"elementor-post__text\">\n\t\t\t\t<h3 class=\"elementor-post__title\">\n\t\t\t<a href=\"https:\/\/www.hedera-etc.com\/de\/product\/hedera-hibernica-deltoidea-arborescens\/\" target=\"&quot;_blank&quot;\">\n\t\t\t\t<em>Hedera hibernica<\/em> &lsquo;Deltoidea Arborescens&rsquo; &#8211; Ausgewachsener Efeu\t\t\t<\/a>\n\t\t<\/h3>\n\t\t\t\t<div class=\"elementor-post__excerpt\">\n\t\t\t<p>Efeu im Erwachsenenstadium.<\/p> <p>Bl\u00e4tter, nicht gelappt, herzf\u00f6rmig, von dunkelgr\u00fcner Farbe. Junge Bl\u00e4tter sind hellgr\u00fcn. St\u00e4ngel dick und ziemlich\t\t<\/div>\n\t\t\n\t\t<a class=\"elementor-post__read-more\" href=\"https:\/\/www.hedera-etc.com\/de\/product\/hedera-hibernica-deltoidea-arborescens\/\" aria-label=\"Mehr \u00fcber &lt;em&gt;Hedera hibernica&lt;\/em&gt; &lsquo;Deltoidea Arborescens&rsquo; &#8211; Lierre adulte\" tabindex=\"-1\" target=\"_blank\">\n\t\t\tWeiterlesen \u00bb\t\t<\/a>\n\n\t\t\t\t<\/div>\n\t\t\t\t<\/article>\n\t\t\t\t<article class=\"elementor-post elementor-grid-item post-341 product type-product status-publish has-post-thumbnail product_cat-lierre entry has-media last instock purchasable product-type-variable has-default-attributes has-product-nav col span_1_of_4 owp-content-center item-entry owp-thumbs-layout-horizontal owp-btn-normal owp-tabs-layout-section\">\n\t\t\t\t<a class=\"elementor-post__thumbnail__link\" href=\"https:\/\/www.hedera-etc.com\/de\/product\/hedera-helix-erecta\/\" tabindex=\"-1\" target=\"&quot;_blank&quot;\">\n\t\t\t<div class=\"elementor-post__thumbnail\"><img loading=\"lazy\" decoding=\"async\" width=\"300\" height=\"225\" src=\"https:\/\/www.hedera-etc.com\/wp-content\/uploads\/2023\/10\/Hedera-helix-Erecta_2-300x225.webp\" class=\"attachment-medium size-medium wp-image-10835\" alt=\"Hedera helix &#039;Erecta&#039;\" srcset=\"https:\/\/www.hedera-etc.com\/wp-content\/uploads\/2023\/10\/Hedera-helix-Erecta_2-300x225.webp 300w, https:\/\/www.hedera-etc.com\/wp-content\/uploads\/2023\/10\/Hedera-helix-Erecta_2-900x676.webp 900w, https:\/\/www.hedera-etc.com\/wp-content\/uploads\/2023\/10\/Hedera-helix-Erecta_2-1024x769.webp 1024w, https:\/\/www.hedera-etc.com\/wp-content\/uploads\/2023\/10\/Hedera-helix-Erecta_2-768x576.webp 768w, https:\/\/www.hedera-etc.com\/wp-content\/uploads\/2023\/10\/Hedera-helix-Erecta_2-1536x1153.webp 1536w, https:\/\/www.hedera-etc.com\/wp-content\/uploads\/2023\/10\/Hedera-helix-Erecta_2-1320x991.webp 1320w, https:\/\/www.hedera-etc.com\/wp-content\/uploads\/2023\/10\/Hedera-helix-Erecta_2.webp 1600w\" sizes=\"(max-width: 300px) 100vw, 300px\" \/><\/div>\n\t\t<\/a>\n\t\t\t\t<div class=\"elementor-post__text\">\n\t\t\t\t<h3 class=\"elementor-post__title\">\n\t\t\t<a href=\"https:\/\/www.hedera-etc.com\/de\/product\/hedera-helix-erecta\/\" target=\"&quot;_blank&quot;\">\n\t\t\t\t<em>Hedera helix<\/em> &lsquo;Erecta&rsquo; &#8211; Zier-Efeu\t\t\t<\/a>\n\t\t<\/h3>\n\t\t\t\t<div class=\"elementor-post__excerpt\">\n\t\t\t<p>Le lierre, Hedera helix &lsquo;Erecta&rsquo; se distingue par son port original : les tiges sont dress\u00e9es \u00e0 la verticale. Feuilles\t\t<\/div>\n\t\t\n\t\t<a class=\"elementor-post__read-more\" href=\"https:\/\/www.hedera-etc.com\/de\/product\/hedera-helix-erecta\/\" aria-label=\"Mehr \u00fcber &lt;em&gt;Hedera helix&lt;\/em&gt; &lsquo;Erecta&rsquo; &#8211; Lierre d&rsquo;ornement\" tabindex=\"-1\" target=\"_blank\">\n\t\t\tWeiterlesen \u00bb\t\t<\/a>\n\n\t\t\t\t<\/div>\n\t\t\t\t<\/article>\n\t\t\t\t<article class=\"elementor-post elementor-grid-item post-346 product type-product status-publish has-post-thumbnail product_cat-lierre entry has-media first instock purchasable product-type-variable has-default-attributes has-product-nav col span_1_of_4 owp-content-center item-entry owp-thumbs-layout-horizontal owp-btn-normal owp-tabs-layout-section has-no-thumbnails\">\n\t\t\t\t<a class=\"elementor-post__thumbnail__link\" href=\"https:\/\/www.hedera-etc.com\/de\/product\/hedera-helix-humpty-dumpty\/\" tabindex=\"-1\" target=\"&quot;_blank&quot;\">\n\t\t\t<div class=\"elementor-post__thumbnail\"><img loading=\"lazy\" decoding=\"async\" width=\"300\" height=\"225\" src=\"https:\/\/www.hedera-etc.com\/wp-content\/uploads\/2023\/10\/Hedera-helix-Humpty-Dumpty_2-300x225.webp\" class=\"attachment-medium size-medium wp-image-14837\" alt=\"Hedera helix &#039;Humpty Dumpty&#039;\" srcset=\"https:\/\/www.hedera-etc.com\/wp-content\/uploads\/2023\/10\/Hedera-helix-Humpty-Dumpty_2-300x225.webp 300w, https:\/\/www.hedera-etc.com\/wp-content\/uploads\/2023\/10\/Hedera-helix-Humpty-Dumpty_2-900x675.webp 900w, https:\/\/www.hedera-etc.com\/wp-content\/uploads\/2023\/10\/Hedera-helix-Humpty-Dumpty_2-768x576.webp 768w, https:\/\/www.hedera-etc.com\/wp-content\/uploads\/2023\/10\/Hedera-helix-Humpty-Dumpty_2.webp 944w\" sizes=\"(max-width: 300px) 100vw, 300px\" \/><\/div>\n\t\t<\/a>\n\t\t\t\t<div class=\"elementor-post__text\">\n\t\t\t\t<h3 class=\"elementor-post__title\">\n\t\t\t<a href=\"https:\/\/www.hedera-etc.com\/de\/product\/hedera-helix-humpty-dumpty\/\" target=\"&quot;_blank&quot;\">\n\t\t\t\t<em>Hedera helix<\/em> &lsquo;Humpty Dumpty&rsquo; &#8211; Zier-Efeu\t\t\t<\/a>\n\t\t<\/h3>\n\t\t\t\t<div class=\"elementor-post__excerpt\">\n\t\t\t<p>Ausgewachsene Form des Efeus <em>Hedera helix<\/em> \u2018Erecta\u2019.<\/p> <p>Bl\u00e4tter, gl\u00e4nzend gr\u00fcn, die um die aufrechten St\u00e4ngel herum angeordnet sind und wie eine\t\t<\/div>\n\t\t\n\t\t<a class=\"elementor-post__read-more\" href=\"https:\/\/www.hedera-etc.com\/de\/product\/hedera-helix-humpty-dumpty\/\" aria-label=\"Mehr \u00fcber &lt;em&gt;Hedera helix&lt;\/em&gt; &lsquo;Humpty Dumpty&rsquo; &#8211; Lierre d&rsquo;ornement\" tabindex=\"-1\" target=\"_blank\">\n\t\t\tWeiterlesen \u00bb\t\t<\/a>\n\n\t\t\t\t<\/div>\n\t\t\t\t<\/article>\n\t\t\t\t<article class=\"elementor-post elementor-grid-item post-351 product type-product status-publish has-post-thumbnail product_cat-lierre entry has-media  instock purchasable product-type-variable has-default-attributes has-product-nav col span_1_of_4 owp-content-center item-entry owp-thumbs-layout-horizontal owp-btn-normal owp-tabs-layout-section\">\n\t\t\t\t<a class=\"elementor-post__thumbnail__link\" href=\"https:\/\/www.hedera-etc.com\/de\/product\/hedera-helix-kaleidoscope\/\" tabindex=\"-1\" target=\"&quot;_blank&quot;\">\n\t\t\t<div class=\"elementor-post__thumbnail\"><img loading=\"lazy\" decoding=\"async\" width=\"300\" height=\"225\" src=\"https:\/\/www.hedera-etc.com\/wp-content\/uploads\/2023\/10\/Hedera-helix-Kaleidoscope-300x225.webp\" class=\"attachment-medium size-medium wp-image-352\" alt=\"Hedera helix &#039;Kaleidoscope&#039;\" srcset=\"https:\/\/www.hedera-etc.com\/wp-content\/uploads\/2023\/10\/Hedera-helix-Kaleidoscope-300x225.webp 300w, https:\/\/www.hedera-etc.com\/wp-content\/uploads\/2023\/10\/Hedera-helix-Kaleidoscope-900x675.webp 900w, https:\/\/www.hedera-etc.com\/wp-content\/uploads\/2023\/10\/Hedera-helix-Kaleidoscope-768x576.webp 768w, https:\/\/www.hedera-etc.com\/wp-content\/uploads\/2023\/10\/Hedera-helix-Kaleidoscope.webp 1024w\" sizes=\"(max-width: 300px) 100vw, 300px\" \/><\/div>\n\t\t<\/a>\n\t\t\t\t<div class=\"elementor-post__text\">\n\t\t\t\t<h3 class=\"elementor-post__title\">\n\t\t\t<a href=\"https:\/\/www.hedera-etc.com\/de\/product\/hedera-helix-kaleidoscope\/\" target=\"&quot;_blank&quot;\">\n\t\t\t\t<em>Hedera helix<\/em> &lsquo;Kaleidoscope&rsquo; &#8211; Zier-Efeu\t\t\t<\/a>\n\t\t<\/h3>\n\t\t\t\t<div class=\"elementor-post__excerpt\">\n\t\t\t<p>Eine sehr originelle, panaschierte Sorte mit f\u00e4cherf\u00f6rmigen, gepr\u00e4gten Bl\u00e4ttern.<\/p> <p>Besteht aus drei bis f\u00fcnf spitzen, nach vorne gerichteten Lappen,\t\t<\/div>\n\t\t\n\t\t<a class=\"elementor-post__read-more\" href=\"https:\/\/www.hedera-etc.com\/de\/product\/hedera-helix-kaleidoscope\/\" aria-label=\"Mehr \u00fcber &lt;em&gt;Hedera helix&lt;\/em&gt; &lsquo;Kaleidoscope&rsquo; &#8211; Lierre d&rsquo;ornement\" tabindex=\"-1\" target=\"_blank\">\n\t\t\tWeiterlesen \u00bb\t\t<\/a>\n\n\t\t\t\t<\/div>\n\t\t\t\t<\/article>\n\t\t\t\t<article class=\"elementor-post elementor-grid-item post-356 product type-product status-publish has-post-thumbnail product_cat-lierre entry has-media  instock purchasable product-type-variable has-default-attributes has-product-nav col span_1_of_4 owp-content-center item-entry owp-thumbs-layout-horizontal owp-btn-normal owp-tabs-layout-section\">\n\t\t\t\t<a class=\"elementor-post__thumbnail__link\" href=\"https:\/\/www.hedera-etc.com\/de\/product\/hedera-helix-medusa\/\" tabindex=\"-1\" target=\"&quot;_blank&quot;\">\n\t\t\t<div class=\"elementor-post__thumbnail\"><img loading=\"lazy\" decoding=\"async\" width=\"300\" height=\"225\" src=\"https:\/\/www.hedera-etc.com\/wp-content\/uploads\/2023\/10\/Hedera-helix-Medusa-300x225.webp\" class=\"attachment-medium size-medium wp-image-357\" alt=\"Hedera helix &#039;Medusa&#039;\" srcset=\"https:\/\/www.hedera-etc.com\/wp-content\/uploads\/2023\/10\/Hedera-helix-Medusa-300x225.webp 300w, https:\/\/www.hedera-etc.com\/wp-content\/uploads\/2023\/10\/Hedera-helix-Medusa-900x675.webp 900w, https:\/\/www.hedera-etc.com\/wp-content\/uploads\/2023\/10\/Hedera-helix-Medusa-768x576.webp 768w, https:\/\/www.hedera-etc.com\/wp-content\/uploads\/2023\/10\/Hedera-helix-Medusa.webp 1024w\" sizes=\"(max-width: 300px) 100vw, 300px\" \/><\/div>\n\t\t<\/a>\n\t\t\t\t<div class=\"elementor-post__text\">\n\t\t\t\t<h3 class=\"elementor-post__title\">\n\t\t\t<a href=\"https:\/\/www.hedera-etc.com\/de\/product\/hedera-helix-medusa\/\" target=\"&quot;_blank&quot;\">\n\t\t\t\t<em>Hedera helix<\/em> &lsquo;Medusa&rsquo; &#8211; Zier-Efeu\t\t\t<\/a>\n\t\t<\/h3>\n\t\t\t\t<div class=\"elementor-post__excerpt\">\n\t\t\t<p>Ungew\u00f6hnlicher, kristallisierter, gro\u00dfbl\u00e4ttriger Efeu.<\/p> <p>Wuchs eher strauchartig. Steife, dicke St\u00e4ngel, die an der Spitze faszikuliert sind. Bl\u00e4tter, f\u00e4cherf\u00f6rmig, zusammengesetzt\t\t<\/div>\n\t\t\n\t\t<a class=\"elementor-post__read-more\" href=\"https:\/\/www.hedera-etc.com\/de\/product\/hedera-helix-medusa\/\" aria-label=\"Mehr \u00fcber &lt;em&gt;Hedera helix&lt;\/em&gt; &lsquo;Medusa&rsquo; &#8211; Lierre d&rsquo;ornement\" tabindex=\"-1\" target=\"_blank\">\n\t\t\tWeiterlesen \u00bb\t\t<\/a>\n\n\t\t\t\t<\/div>\n\t\t\t\t<\/article>\n\t\t\t\t<article class=\"elementor-post elementor-grid-item post-364 product type-product status-publish has-post-thumbnail product_cat-lierre entry has-media last instock purchasable product-type-variable has-default-attributes has-product-nav col span_1_of_4 owp-content-center item-entry owp-thumbs-layout-horizontal owp-btn-normal owp-tabs-layout-section\">\n\t\t\t\t<a class=\"elementor-post__thumbnail__link\" href=\"https:\/\/www.hedera-etc.com\/de\/product\/hedera-helix-parasol\/\" tabindex=\"-1\" target=\"&quot;_blank&quot;\">\n\t\t\t<div class=\"elementor-post__thumbnail\"><img loading=\"lazy\" decoding=\"async\" width=\"300\" height=\"199\" src=\"https:\/\/www.hedera-etc.com\/wp-content\/uploads\/2023\/10\/Hedera-helix-Parasol-300x199.webp\" class=\"attachment-medium size-medium wp-image-365\" alt=\"Hedera helix &#039;Parasol&#039;\" srcset=\"https:\/\/www.hedera-etc.com\/wp-content\/uploads\/2023\/10\/Hedera-helix-Parasol-300x199.webp 300w, https:\/\/www.hedera-etc.com\/wp-content\/uploads\/2023\/10\/Hedera-helix-Parasol-768x510.webp 768w, https:\/\/www.hedera-etc.com\/wp-content\/uploads\/2023\/10\/Hedera-helix-Parasol-600x398.jpg 600w, https:\/\/www.hedera-etc.com\/wp-content\/uploads\/2023\/10\/Hedera-helix-Parasol.webp 800w\" sizes=\"(max-width: 300px) 100vw, 300px\" \/><\/div>\n\t\t<\/a>\n\t\t\t\t<div class=\"elementor-post__text\">\n\t\t\t\t<h3 class=\"elementor-post__title\">\n\t\t\t<a href=\"https:\/\/www.hedera-etc.com\/de\/product\/hedera-helix-parasol\/\" target=\"&quot;_blank&quot;\">\n\t\t\t\t<em>Hedera helix<\/em> &lsquo;Parasol&rsquo; &#8211; Zier-Efeu\t\t\t<\/a>\n\t\t<\/h3>\n\t\t\t\t<div class=\"elementor-post__excerpt\">\n\t\t\t<p>Sorte mit strauchigem und kompaktem Wuchs.<\/p> <p>Die Bl\u00e4tter sind wellig-gekr\u00e4uselt und am Rand der Blattspreite gescheuert. Die Blattstiele sind lang, so dass sie wie eine\t\t<\/div>\n\t\t\n\t\t<a class=\"elementor-post__read-more\" href=\"https:\/\/www.hedera-etc.com\/de\/product\/hedera-helix-parasol\/\" aria-label=\"Mehr \u00fcber &lt;em&gt;Hedera helix&lt;\/em&gt; &lsquo;Parasol&rsquo; &#8211; Lierre d&rsquo;ornement\" tabindex=\"-1\" target=\"_blank\">\n\t\t\tWeiterlesen \u00bb\t\t<\/a>\n\n\t\t\t\t<\/div>\n\t\t\t\t<\/article>\n\t\t\t\t<article class=\"elementor-post elementor-grid-item post-370 product type-product status-publish has-post-thumbnail product_cat-lierre entry has-media first outofstock product-type-variable has-default-attributes has-product-nav col span_1_of_4 owp-content-center item-entry owp-thumbs-layout-horizontal owp-btn-normal owp-tabs-layout-section\">\n\t\t\t\t<a class=\"elementor-post__thumbnail__link\" href=\"https:\/\/www.hedera-etc.com\/de\/product\/hedera-helix-pegasus\/\" tabindex=\"-1\" target=\"&quot;_blank&quot;\">\n\t\t\t<div class=\"elementor-post__thumbnail\"><img loading=\"lazy\" decoding=\"async\" width=\"300\" height=\"225\" src=\"https:\/\/www.hedera-etc.com\/wp-content\/uploads\/2023\/10\/Hedera-helix-Pegasus-300x225.webp\" class=\"attachment-medium size-medium wp-image-371\" alt=\"Hedera helix &#039;Pegasus&#039;\" srcset=\"https:\/\/www.hedera-etc.com\/wp-content\/uploads\/2023\/10\/Hedera-helix-Pegasus-300x225.webp 300w, https:\/\/www.hedera-etc.com\/wp-content\/uploads\/2023\/10\/Hedera-helix-Pegasus-768x576.webp 768w, https:\/\/www.hedera-etc.com\/wp-content\/uploads\/2023\/10\/Hedera-helix-Pegasus-600x450.jpg 600w, https:\/\/www.hedera-etc.com\/wp-content\/uploads\/2023\/10\/Hedera-helix-Pegasus.webp 839w\" sizes=\"(max-width: 300px) 100vw, 300px\" \/><\/div>\n\t\t<\/a>\n\t\t\t\t<div class=\"elementor-post__text\">\n\t\t\t\t<h3 class=\"elementor-post__title\">\n\t\t\t<a href=\"https:\/\/www.hedera-etc.com\/de\/product\/hedera-helix-pegasus\/\" target=\"&quot;_blank&quot;\">\n\t\t\t\t<em>Hedera helix<\/em> &lsquo;Pegasus&rsquo; &#8211; Zier-Efeu\t\t\t<\/a>\n\t\t<\/h3>\n\t\t\t\t<div class=\"elementor-post__excerpt\">\n\t\t\t<p>Sehr sch\u00f6ner f\u00e4cherf\u00f6rmiger Efeu.<\/p> <p>St\u00e4ngel dick, deutlich faszialisiert und aufrecht. Bl\u00e4tter bestehen aus 5 bis 7 Lappen, die nach oben zeigen.\t\t<\/div>\n\t\t\n\t\t<a class=\"elementor-post__read-more\" href=\"https:\/\/www.hedera-etc.com\/de\/product\/hedera-helix-pegasus\/\" aria-label=\"Mehr \u00fcber &lt;em&gt;Hedera helix&lt;\/em&gt; &lsquo;Pegasus&rsquo; &#8211; Lierre d&rsquo;ornement\" tabindex=\"-1\" target=\"_blank\">\n\t\t\tWeiterlesen \u00bb\t\t<\/a>\n\n\t\t\t\t<\/div>\n\t\t\t\t<\/article>\n\t\t\t\t<article class=\"elementor-post elementor-grid-item post-152 product type-product status-publish has-post-thumbnail product_cat-lierre entry has-media  instock purchasable product-type-variable has-default-attributes has-product-nav col span_1_of_4 owp-content-center item-entry owp-thumbs-layout-horizontal owp-btn-normal owp-tabs-layout-section has-no-thumbnails\">\n\t\t\t\t<a class=\"elementor-post__thumbnail__link\" href=\"https:\/\/www.hedera-etc.com\/de\/product\/hedera-helix-baltica\/\" tabindex=\"-1\" target=\"&quot;_blank&quot;\">\n\t\t\t<div class=\"elementor-post__thumbnail\"><img loading=\"lazy\" decoding=\"async\" width=\"300\" height=\"235\" src=\"https:\/\/www.hedera-etc.com\/wp-content\/uploads\/2023\/10\/Hedera-helix-Baltica-300x235.webp\" class=\"attachment-medium size-medium wp-image-14964\" alt=\"Hedera helix &#039;Baltica&#039;\" srcset=\"https:\/\/www.hedera-etc.com\/wp-content\/uploads\/2023\/10\/Hedera-helix-Baltica-300x235.webp 300w, https:\/\/www.hedera-etc.com\/wp-content\/uploads\/2023\/10\/Hedera-helix-Baltica-768x602.webp 768w, https:\/\/www.hedera-etc.com\/wp-content\/uploads\/2023\/10\/Hedera-helix-Baltica.webp 800w\" sizes=\"(max-width: 300px) 100vw, 300px\" \/><\/div>\n\t\t<\/a>\n\t\t\t\t<div class=\"elementor-post__text\">\n\t\t\t\t<h3 class=\"elementor-post__title\">\n\t\t\t<a href=\"https:\/\/www.hedera-etc.com\/de\/product\/hedera-helix-baltica\/\" target=\"&quot;_blank&quot;\">\n\t\t\t\t<em>Hedera helix<\/em> &lsquo;Baltica&rsquo; &#8211; Zier-Efeu\t\t\t<\/a>\n\t\t<\/h3>\n\t\t\t\t<div class=\"elementor-post__excerpt\">\n\t\t\t<p>Zweifellos die k\u00e4ltebest\u00e4ndigste Efeusorte. Vertr\u00e4gt auch gro\u00dfe Hitze.<\/p> <p>Dunkelgr\u00fcne Bl\u00e4tter, durchzogen\t\t<\/div>\n\t\t\n\t\t<a class=\"elementor-post__read-more\" href=\"https:\/\/www.hedera-etc.com\/de\/product\/hedera-helix-baltica\/\" aria-label=\"Mehr \u00fcber &lt;em&gt;Hedera helix&lt;\/em&gt; &lsquo;Baltica&rsquo; &#8211; Lierre d&rsquo;ornement\" tabindex=\"-1\" target=\"_blank\">\n\t\t\tWeiterlesen \u00bb\t\t<\/a>\n\n\t\t\t\t<\/div>\n\t\t\t\t<\/article>\n\t\t\t\t<article class=\"elementor-post elementor-grid-item post-167 product type-product status-publish has-post-thumbnail product_cat-lierre entry has-media  instock purchasable product-type-variable has-default-attributes has-product-nav col span_1_of_4 owp-content-center item-entry owp-thumbs-layout-horizontal owp-btn-normal owp-tabs-layout-section\">\n\t\t\t\t<a class=\"elementor-post__thumbnail__link\" href=\"https:\/\/www.hedera-etc.com\/de\/product\/hedera-helix-bettina\/\" tabindex=\"-1\" target=\"&quot;_blank&quot;\">\n\t\t\t<div class=\"elementor-post__thumbnail\"><img loading=\"lazy\" decoding=\"async\" width=\"300\" height=\"225\" src=\"https:\/\/www.hedera-etc.com\/wp-content\/uploads\/2023\/10\/Hedera-helix-Bettina-300x225.webp\" class=\"attachment-medium size-medium wp-image-168\" alt=\"Hedera helix &#039;Bettina&#039;\" srcset=\"https:\/\/www.hedera-etc.com\/wp-content\/uploads\/2023\/10\/Hedera-helix-Bettina-300x225.webp 300w, https:\/\/www.hedera-etc.com\/wp-content\/uploads\/2023\/10\/Hedera-helix-Bettina-768x575.webp 768w, https:\/\/www.hedera-etc.com\/wp-content\/uploads\/2023\/10\/Hedera-helix-Bettina-600x449.jpg 600w, https:\/\/www.hedera-etc.com\/wp-content\/uploads\/2023\/10\/Hedera-helix-Bettina.webp 800w\" sizes=\"(max-width: 300px) 100vw, 300px\" \/><\/div>\n\t\t<\/a>\n\t\t\t\t<div class=\"elementor-post__text\">\n\t\t\t\t<h3 class=\"elementor-post__title\">\n\t\t\t<a href=\"https:\/\/www.hedera-etc.com\/de\/product\/hedera-helix-bettina\/\" target=\"&quot;_blank&quot;\">\n\t\t\t\t<em>Hedera helix<\/em> &lsquo;Bettina&rsquo; &#8211; Zier-Efeu\t\t\t<\/a>\n\t\t<\/h3>\n\t\t\t\t<div class=\"elementor-post__excerpt\">\n\t\t\t<p>Einer der anmutigsten Efeu mit wei\u00dfem Rand, die es gibt.<\/p> <p>Breite, rekurrierende Bl\u00e4tter, oft asymmetrisch, leicht gewellt an den\t\t<\/div>\n\t\t\n\t\t<a class=\"elementor-post__read-more\" href=\"https:\/\/www.hedera-etc.com\/de\/product\/hedera-helix-bettina\/\" aria-label=\"Mehr \u00fcber &lt;em&gt;Hedera helix&lt;\/em&gt; &lsquo;Bettina&rsquo; &#8211; Lierre d&rsquo;ornement\" tabindex=\"-1\" target=\"_blank\">\n\t\t\tWeiterlesen \u00bb\t\t<\/a>\n\n\t\t\t\t<\/div>\n\t\t\t\t<\/article>\n\t\t\t\t<article class=\"elementor-post elementor-grid-item post-173 product type-product status-publish has-post-thumbnail product_cat-lierre entry has-media last instock purchasable product-type-variable has-default-attributes has-product-nav col span_1_of_4 owp-content-center item-entry owp-thumbs-layout-horizontal owp-btn-normal owp-tabs-layout-section has-no-thumbnails\">\n\t\t\t\t<a class=\"elementor-post__thumbnail__link\" href=\"https:\/\/www.hedera-etc.com\/de\/product\/hedera-helix-big-deal\/\" tabindex=\"-1\" target=\"&quot;_blank&quot;\">\n\t\t\t<div class=\"elementor-post__thumbnail\"><img loading=\"lazy\" decoding=\"async\" width=\"300\" height=\"225\" src=\"https:\/\/www.hedera-etc.com\/wp-content\/uploads\/2023\/10\/Hedera-helix-Big-Deal_2_2-300x225.webp\" class=\"attachment-medium size-medium wp-image-14956\" alt=\"Hedera helix &#039;Big Deal&#039;\" srcset=\"https:\/\/www.hedera-etc.com\/wp-content\/uploads\/2023\/10\/Hedera-helix-Big-Deal_2_2-300x225.webp 300w, https:\/\/www.hedera-etc.com\/wp-content\/uploads\/2023\/10\/Hedera-helix-Big-Deal_2_2-900x674.webp 900w, https:\/\/www.hedera-etc.com\/wp-content\/uploads\/2023\/10\/Hedera-helix-Big-Deal_2_2-768x575.webp 768w, https:\/\/www.hedera-etc.com\/wp-content\/uploads\/2023\/10\/Hedera-helix-Big-Deal_2_2.webp 902w\" sizes=\"(max-width: 300px) 100vw, 300px\" \/><\/div>\n\t\t<\/a>\n\t\t\t\t<div class=\"elementor-post__text\">\n\t\t\t\t<h3 class=\"elementor-post__title\">\n\t\t\t<a href=\"https:\/\/www.hedera-etc.com\/de\/product\/hedera-helix-big-deal\/\" target=\"&quot;_blank&quot;\">\n\t\t\t\t<em>Hedera helix<\/em> &lsquo;Big Deal&rsquo; &#8211; Zier-Efeu\t\t\t<\/a>\n\t\t<\/h3>\n\t\t\t\t<div class=\"elementor-post__excerpt\">\n\t\t\t<p>Eine Sorte mit atypischen Bl\u00e4ttern, die an Geranium erinnern. Urspr\u00fcnglich auch als \u201cGeranium-Efeu\u201d bezeichnet.<\/p> <p>Fast rundes Blatt ohne Lappen,\t\t<\/div>\n\t\t\n\t\t<a class=\"elementor-post__read-more\" href=\"https:\/\/www.hedera-etc.com\/de\/product\/hedera-helix-big-deal\/\" aria-label=\"Mehr \u00fcber &lt;em&gt;Hedera helix&lt;\/em&gt; &lsquo;Big Deal&rsquo; &#8211; Lierre d&rsquo;ornement\" tabindex=\"-1\" target=\"_blank\">\n\t\t\tWeiterlesen \u00bb\t\t<\/a>\n\n\t\t\t\t<\/div>\n\t\t\t\t<\/article>\n\t\t\t\t<article class=\"elementor-post elementor-grid-item post-178 product type-product status-publish has-post-thumbnail product_cat-lierre entry has-media first instock purchasable product-type-variable has-default-attributes has-product-nav col span_1_of_4 owp-content-center item-entry owp-thumbs-layout-horizontal owp-btn-normal owp-tabs-layout-section has-no-thumbnails\">\n\t\t\t\t<a class=\"elementor-post__thumbnail__link\" href=\"https:\/\/www.hedera-etc.com\/de\/product\/hedera-helix-bill-archer-mutation\/\" tabindex=\"-1\" target=\"&quot;_blank&quot;\">\n\t\t\t<div class=\"elementor-post__thumbnail\"><img loading=\"lazy\" decoding=\"async\" width=\"300\" height=\"225\" src=\"https:\/\/www.hedera-etc.com\/wp-content\/uploads\/2023\/10\/Hedera-helix-Bill-Archer-Mutation-300x225.webp\" class=\"attachment-medium size-medium wp-image-179\" alt=\"Hedera helix &#039;Bill Archer&#039; Ver\u00e4nderung&#039;\" srcset=\"https:\/\/www.hedera-etc.com\/wp-content\/uploads\/2023\/10\/Hedera-helix-Bill-Archer-Mutation-300x225.webp 300w, https:\/\/www.hedera-etc.com\/wp-content\/uploads\/2023\/10\/Hedera-helix-Bill-Archer-Mutation-900x675.webp 900w, https:\/\/www.hedera-etc.com\/wp-content\/uploads\/2023\/10\/Hedera-helix-Bill-Archer-Mutation-768x576.webp 768w, https:\/\/www.hedera-etc.com\/wp-content\/uploads\/2023\/10\/Hedera-helix-Bill-Archer-Mutation.webp 1024w\" sizes=\"(max-width: 300px) 100vw, 300px\" \/><\/div>\n\t\t<\/a>\n\t\t\t\t<div class=\"elementor-post__text\">\n\t\t\t\t<h3 class=\"elementor-post__title\">\n\t\t\t<a href=\"https:\/\/www.hedera-etc.com\/de\/product\/hedera-helix-bill-archer-mutation\/\" target=\"&quot;_blank&quot;\">\n\t\t\t\t<em>Hedera helix<\/em> &lsquo;Bill Archer&rsquo; Ver\u00e4nderung &#8211; Zier-Efeu\t\t\t<\/a>\n\t\t<\/h3>\n\t\t\t\t<div class=\"elementor-post__excerpt\">\n\t\t\t<p>Sehr origineller Efeu mit sehr schmalen, d\u00fcnnen Bl\u00e4ttern.<\/p> <p>Ungelappte, linear angeordnete, dunkelgr\u00fcne Bl\u00e4tter mit einer Nervatur\t\t<\/div>\n\t\t\n\t\t<a class=\"elementor-post__read-more\" href=\"https:\/\/www.hedera-etc.com\/de\/product\/hedera-helix-bill-archer-mutation\/\" aria-label=\"Mehr \u00fcber &lt;em&gt;Hedera helix&lt;\/em&gt; &lsquo;Bill Archer&rsquo; mutation &#8211; Lierre d&rsquo;ornement\" tabindex=\"-1\" target=\"_blank\">\n\t\t\tWeiterlesen \u00bb\t\t<\/a>\n\n\t\t\t\t<\/div>\n\t\t\t\t<\/article>\n\t\t\t\t<article class=\"elementor-post elementor-grid-item post-182 product type-product status-publish has-post-thumbnail product_cat-lierre entry has-media  instock purchasable product-type-variable has-default-attributes has-product-nav col span_1_of_4 owp-content-center item-entry owp-thumbs-layout-horizontal owp-btn-normal owp-tabs-layout-section has-no-thumbnails\">\n\t\t\t\t<a class=\"elementor-post__thumbnail__link\" href=\"https:\/\/www.hedera-etc.com\/de\/product\/hedera-helix-bill-archer\/\" tabindex=\"-1\" target=\"&quot;_blank&quot;\">\n\t\t\t<div class=\"elementor-post__thumbnail\"><img loading=\"lazy\" decoding=\"async\" width=\"300\" height=\"225\" src=\"https:\/\/www.hedera-etc.com\/wp-content\/uploads\/2023\/10\/Hedera-helix-Bill-Archer-300x225.webp\" class=\"attachment-medium size-medium wp-image-183\" alt=\"Hedera helix &#039;Bill Archer&#039;\" srcset=\"https:\/\/www.hedera-etc.com\/wp-content\/uploads\/2023\/10\/Hedera-helix-Bill-Archer-300x225.webp 300w, https:\/\/www.hedera-etc.com\/wp-content\/uploads\/2023\/10\/Hedera-helix-Bill-Archer-900x675.webp 900w, https:\/\/www.hedera-etc.com\/wp-content\/uploads\/2023\/10\/Hedera-helix-Bill-Archer-768x576.webp 768w, https:\/\/www.hedera-etc.com\/wp-content\/uploads\/2023\/10\/Hedera-helix-Bill-Archer.webp 1024w\" sizes=\"(max-width: 300px) 100vw, 300px\" \/><\/div>\n\t\t<\/a>\n\t\t\t\t<div class=\"elementor-post__text\">\n\t\t\t\t<h3 class=\"elementor-post__title\">\n\t\t\t<a href=\"https:\/\/www.hedera-etc.com\/de\/product\/hedera-helix-bill-archer\/\" target=\"&quot;_blank&quot;\">\n\t\t\t\t<em>Hedera helix<\/em> &lsquo;Bill Archer&rsquo; &#8211; Zier-Efeu\t\t\t<\/a>\n\t\t<\/h3>\n\t\t\t\t<div class=\"elementor-post__excerpt\">\n\t\t\t<p>Feinbl\u00e4ttrige Sorte, die f\u00fcr Efeu untypisch ist.<\/p> <p>Bl\u00e4tter linealisch, nicht gelappt, an den R\u00e4ndern ges\u00e4gt und leicht gez\u00e4hnt. Blattspreite\t\t<\/div>\n\t\t\n\t\t<a class=\"elementor-post__read-more\" href=\"https:\/\/www.hedera-etc.com\/de\/product\/hedera-helix-bill-archer\/\" aria-label=\"Mehr \u00fcber &lt;em&gt;Hedera helix&lt;\/em&gt; &lsquo;Bill Archer&rsquo; &#8211; Lierre d&rsquo;ornement\" tabindex=\"-1\" target=\"_blank\">\n\t\t\tWeiterlesen \u00bb\t\t<\/a>\n\n\t\t\t\t<\/div>\n\t\t\t\t<\/article>\n\t\t\t\t<article class=\"elementor-post elementor-grid-item post-186 product type-product status-publish has-post-thumbnail product_cat-lierre entry has-media  instock purchasable product-type-variable has-default-attributes has-product-nav col span_1_of_4 owp-content-center item-entry owp-thumbs-layout-horizontal owp-btn-normal owp-tabs-layout-section has-no-thumbnails\">\n\t\t\t\t<a class=\"elementor-post__thumbnail__link\" href=\"https:\/\/www.hedera-etc.com\/de\/product\/hedera-helix-bizar\/\" tabindex=\"-1\" target=\"&quot;_blank&quot;\">\n\t\t\t<div class=\"elementor-post__thumbnail\"><img loading=\"lazy\" decoding=\"async\" width=\"300\" height=\"225\" src=\"https:\/\/www.hedera-etc.com\/wp-content\/uploads\/2023\/10\/Hedera-helix-Bizar-300x225.webp\" class=\"attachment-medium size-medium wp-image-187\" alt=\"Hedera helix &#039;Bizar&#039;\" srcset=\"https:\/\/www.hedera-etc.com\/wp-content\/uploads\/2023\/10\/Hedera-helix-Bizar-300x225.webp 300w, https:\/\/www.hedera-etc.com\/wp-content\/uploads\/2023\/10\/Hedera-helix-Bizar-900x675.webp 900w, https:\/\/www.hedera-etc.com\/wp-content\/uploads\/2023\/10\/Hedera-helix-Bizar-768x576.webp 768w, https:\/\/www.hedera-etc.com\/wp-content\/uploads\/2023\/10\/Hedera-helix-Bizar.webp 1024w\" sizes=\"(max-width: 300px) 100vw, 300px\" \/><\/div>\n\t\t<\/a>\n\t\t\t\t<div class=\"elementor-post__text\">\n\t\t\t\t<h3 class=\"elementor-post__title\">\n\t\t\t<a href=\"https:\/\/www.hedera-etc.com\/de\/product\/hedera-helix-bizar\/\" target=\"&quot;_blank&quot;\">\n\t\t\t\t<em>Hedera helix<\/em> &lsquo;Bizar&rsquo; &#8211; Zier-Efeu\t\t\t<\/a>\n\t\t<\/h3>\n\t\t\t\t<div class=\"elementor-post__excerpt\">\n\t\t\t<p>Klon aus \u2018Triton\u2019, der von einem baskisch-spanischen Freund beobachtet und an mich weitergegeben wurde. Bizar bedeutet Bart auf\t\t<\/div>\n\t\t\n\t\t<a class=\"elementor-post__read-more\" href=\"https:\/\/www.hedera-etc.com\/de\/product\/hedera-helix-bizar\/\" aria-label=\"Mehr \u00fcber &lt;em&gt;Hedera helix&lt;\/em&gt; &lsquo;Bizar&rsquo; &#8211; Lierre d&rsquo;ornement\" tabindex=\"-1\" target=\"_blank\">\n\t\t\tWeiterlesen \u00bb\t\t<\/a>\n\n\t\t\t\t<\/div>\n\t\t\t\t<\/article>\n\t\t\t\t<article class=\"elementor-post elementor-grid-item post-192 product type-product status-publish has-post-thumbnail product_cat-lierre entry has-media last instock purchasable product-type-variable has-default-attributes has-product-nav col span_1_of_4 owp-content-center item-entry owp-thumbs-layout-horizontal owp-btn-normal owp-tabs-layout-section\">\n\t\t\t\t<a class=\"elementor-post__thumbnail__link\" href=\"https:\/\/www.hedera-etc.com\/de\/product\/hedera-helix-blue-moon\/\" tabindex=\"-1\" target=\"&quot;_blank&quot;\">\n\t\t\t<div class=\"elementor-post__thumbnail\"><img loading=\"lazy\" decoding=\"async\" width=\"300\" height=\"225\" src=\"https:\/\/www.hedera-etc.com\/wp-content\/uploads\/2023\/10\/Hedera-helix-Blue-Moon_2-300x225.webp\" class=\"attachment-medium size-medium wp-image-193\" alt=\"Hedera helix &#039;Blue Moon&#039;\" srcset=\"https:\/\/www.hedera-etc.com\/wp-content\/uploads\/2023\/10\/Hedera-helix-Blue-Moon_2-300x225.webp 300w, https:\/\/www.hedera-etc.com\/wp-content\/uploads\/2023\/10\/Hedera-helix-Blue-Moon_2-768x576.webp 768w, https:\/\/www.hedera-etc.com\/wp-content\/uploads\/2023\/10\/Hedera-helix-Blue-Moon_2-600x450.jpg 600w, https:\/\/www.hedera-etc.com\/wp-content\/uploads\/2023\/10\/Hedera-helix-Blue-Moon_2.webp 839w\" sizes=\"(max-width: 300px) 100vw, 300px\" \/><\/div>\n\t\t<\/a>\n\t\t\t\t<div class=\"elementor-post__text\">\n\t\t\t\t<h3 class=\"elementor-post__title\">\n\t\t\t<a href=\"https:\/\/www.hedera-etc.com\/de\/product\/hedera-helix-blue-moon\/\" target=\"&quot;_blank&quot;\">\n\t\t\t\t<em>Hedera helix<\/em> &lsquo;Blue Moon&rsquo; &#8211; Zier-Efeu\t\t\t<\/a>\n\t\t<\/h3>\n\t\t\t\t<div class=\"elementor-post__excerpt\">\n\t\t\t<p>Hat seinen Namen von der recht ungew\u00f6hnlichen F\u00e4rbung seiner Bl\u00e4tter.<\/p> <p>Bl\u00e4tter dicht am St\u00e4ngel angeordnet. L\u00e4ngliche Bl\u00e4tter mit\t\t<\/div>\n\t\t\n\t\t<a class=\"elementor-post__read-more\" href=\"https:\/\/www.hedera-etc.com\/de\/product\/hedera-helix-blue-moon\/\" aria-label=\"Mehr \u00fcber &lt;em&gt;Hedera helix&lt;\/em&gt; &lsquo;Blue Moon&rsquo; &#8211; Lierre d&rsquo;ornement\" tabindex=\"-1\" target=\"_blank\">\n\t\t\tWeiterlesen \u00bb\t\t<\/a>\n\n\t\t\t\t<\/div>\n\t\t\t\t<\/article>\n\t\t\t\t<article class=\"elementor-post elementor-grid-item post-197 product type-product status-publish has-post-thumbnail product_cat-lierre entry has-media first instock purchasable product-type-variable has-default-attributes has-product-nav col span_1_of_4 owp-content-center item-entry owp-thumbs-layout-horizontal owp-btn-normal owp-tabs-layout-section has-no-thumbnails\">\n\t\t\t\t<a class=\"elementor-post__thumbnail__link\" href=\"https:\/\/www.hedera-etc.com\/de\/product\/hedera-helix-bodil\/\" tabindex=\"-1\" target=\"&quot;_blank&quot;\">\n\t\t\t<div class=\"elementor-post__thumbnail\"><img loading=\"lazy\" decoding=\"async\" width=\"300\" height=\"224\" src=\"https:\/\/www.hedera-etc.com\/wp-content\/uploads\/2023\/10\/Hedera-helix-Bodil_2-300x224.webp\" class=\"attachment-medium size-medium wp-image-14939\" alt=\"Hedera helix &#039;Bodil&#039;\" srcset=\"https:\/\/www.hedera-etc.com\/wp-content\/uploads\/2023\/10\/Hedera-helix-Bodil_2-300x224.webp 300w, https:\/\/www.hedera-etc.com\/wp-content\/uploads\/2023\/10\/Hedera-helix-Bodil_2-900x673.webp 900w, https:\/\/www.hedera-etc.com\/wp-content\/uploads\/2023\/10\/Hedera-helix-Bodil_2-768x574.webp 768w, https:\/\/www.hedera-etc.com\/wp-content\/uploads\/2023\/10\/Hedera-helix-Bodil_2.webp 920w\" sizes=\"(max-width: 300px) 100vw, 300px\" \/><\/div>\n\t\t<\/a>\n\t\t\t\t<div class=\"elementor-post__text\">\n\t\t\t\t<h3 class=\"elementor-post__title\">\n\t\t\t<a href=\"https:\/\/www.hedera-etc.com\/de\/product\/hedera-helix-bodil\/\" target=\"&quot;_blank&quot;\">\n\t\t\t\t<em>Hedera helix<\/em> &lsquo;Bodil&rsquo; &#8211; Zier-Efeu\t\t\t<\/a>\n\t\t<\/h3>\n\t\t\t\t<div class=\"elementor-post__excerpt\">\n\t\t\t<p>Kr\u00e4ftige einj\u00e4hrige Triebe.<\/p> <p>Die Bl\u00e4tter sind recht klein und bestehen aus 3 bis 5 spitzen Lappen. Die Blattbasis ist herzf\u00f6rmig. Gr\u00fcne Blattspreite\t\t<\/div>\n\t\t\n\t\t<a class=\"elementor-post__read-more\" href=\"https:\/\/www.hedera-etc.com\/de\/product\/hedera-helix-bodil\/\" aria-label=\"Mehr \u00fcber &lt;em&gt;Hedera helix&lt;\/em&gt; &lsquo;Bodil&rsquo; &#8211; Lierre d&rsquo;ornement\" tabindex=\"-1\" target=\"_blank\">\n\t\t\tWeiterlesen \u00bb\t\t<\/a>\n\n\t\t\t\t<\/div>\n\t\t\t\t<\/article>\n\t\t\t\t<article class=\"elementor-post elementor-grid-item post-201 product type-product status-publish has-post-thumbnail product_cat-lierre entry has-media  instock purchasable product-type-variable has-default-attributes has-product-nav col span_1_of_4 owp-content-center item-entry owp-thumbs-layout-horizontal owp-btn-normal owp-tabs-layout-section\">\n\t\t\t\t<a class=\"elementor-post__thumbnail__link\" href=\"https:\/\/www.hedera-etc.com\/de\/product\/hedera-helix-buttercup\/\" tabindex=\"-1\" target=\"&quot;_blank&quot;\">\n\t\t\t<div class=\"elementor-post__thumbnail\"><img loading=\"lazy\" decoding=\"async\" width=\"300\" height=\"225\" src=\"https:\/\/www.hedera-etc.com\/wp-content\/uploads\/2023\/10\/Hedera-helix-Buttercup-300x225.webp\" class=\"attachment-medium size-medium wp-image-202\" alt=\"Hedera helix &#039;Buttercup&#039;\" srcset=\"https:\/\/www.hedera-etc.com\/wp-content\/uploads\/2023\/10\/Hedera-helix-Buttercup-300x225.webp 300w, https:\/\/www.hedera-etc.com\/wp-content\/uploads\/2023\/10\/Hedera-helix-Buttercup-900x675.webp 900w, https:\/\/www.hedera-etc.com\/wp-content\/uploads\/2023\/10\/Hedera-helix-Buttercup-768x576.webp 768w, https:\/\/www.hedera-etc.com\/wp-content\/uploads\/2023\/10\/Hedera-helix-Buttercup.webp 1024w\" sizes=\"(max-width: 300px) 100vw, 300px\" \/><\/div>\n\t\t<\/a>\n\t\t\t\t<div class=\"elementor-post__text\">\n\t\t\t\t<h3 class=\"elementor-post__title\">\n\t\t\t<a href=\"https:\/\/www.hedera-etc.com\/de\/product\/hedera-helix-buttercup\/\" target=\"&quot;_blank&quot;\">\n\t\t\t\t<em>Hedera helix<\/em> &lsquo;Buttercup&rsquo; &#8211; Zier-Efeu\t\t\t<\/a>\n\t\t<\/h3>\n\t\t\t\t<div class=\"elementor-post__excerpt\">\n\t\t\t<p>Efeu mit attraktiven, kleinen bis mittelgro\u00dfen Bl\u00e4ttern, die goldgelb sind, wenn sie in voller Sonne angebaut werden.<\/p> <p>Zusammengesetzte Bl\u00e4tter\t\t<\/div>\n\t\t\n\t\t<a class=\"elementor-post__read-more\" href=\"https:\/\/www.hedera-etc.com\/de\/product\/hedera-helix-buttercup\/\" aria-label=\"Mehr \u00fcber &lt;em&gt;Hedera helix&lt;\/em&gt; \u2018Buttercup\u2019 \u2013 Zier-Efeu\" tabindex=\"-1\" target=\"_blank\">\n\t\t\tWeiterlesen \u00bb\t\t<\/a>\n\n\t\t\t\t<\/div>\n\t\t\t\t<\/article>\n\t\t\t\t<article class=\"elementor-post elementor-grid-item post-206 product type-product status-publish has-post-thumbnail product_cat-lierre entry has-media  instock purchasable product-type-variable has-default-attributes has-product-nav col span_1_of_4 owp-content-center item-entry owp-thumbs-layout-horizontal owp-btn-normal owp-tabs-layout-section\">\n\t\t\t\t<a class=\"elementor-post__thumbnail__link\" href=\"https:\/\/www.hedera-etc.com\/de\/product\/hedera-helix-caecilia\/\" tabindex=\"-1\" target=\"&quot;_blank&quot;\">\n\t\t\t<div class=\"elementor-post__thumbnail\"><img loading=\"lazy\" decoding=\"async\" width=\"300\" height=\"225\" src=\"https:\/\/www.hedera-etc.com\/wp-content\/uploads\/2023\/10\/Hedera-helix-Caecilia-300x225.webp\" class=\"attachment-medium size-medium wp-image-207\" alt=\"Hedera helix &#039;Caecilia&#039;\" srcset=\"https:\/\/www.hedera-etc.com\/wp-content\/uploads\/2023\/10\/Hedera-helix-Caecilia-300x225.webp 300w, https:\/\/www.hedera-etc.com\/wp-content\/uploads\/2023\/10\/Hedera-helix-Caecilia-768x576.webp 768w, https:\/\/www.hedera-etc.com\/wp-content\/uploads\/2023\/10\/Hedera-helix-Caecilia-600x450.jpg 600w, https:\/\/www.hedera-etc.com\/wp-content\/uploads\/2023\/10\/Hedera-helix-Caecilia.webp 839w\" sizes=\"(max-width: 300px) 100vw, 300px\" \/><\/div>\n\t\t<\/a>\n\t\t\t\t<div class=\"elementor-post__text\">\n\t\t\t\t<h3 class=\"elementor-post__title\">\n\t\t\t<a href=\"https:\/\/www.hedera-etc.com\/de\/product\/hedera-helix-caecilia\/\" target=\"&quot;_blank&quot;\">\n\t\t\t\t<em>Hedera helix<\/em> &lsquo;Caecilia&rsquo; &#8211; Zier-Efeu\t\t\t<\/a>\n\t\t<\/h3>\n\t\t\t\t<div class=\"elementor-post__excerpt\">\n\t\t\t<p>Sorte mit gro\u00dfen, zerknitterten Bl\u00e4ttern und unregelm\u00e4\u00dfiger Panaschierung.<\/p> <p>Bl\u00e4tter stark gewellt, aus 3 bis 5 Lappen bestehend mehr oder weniger\t\t<\/div>\n\t\t\n\t\t<a class=\"elementor-post__read-more\" href=\"https:\/\/www.hedera-etc.com\/de\/product\/hedera-helix-caecilia\/\" aria-label=\"Mehr \u00fcber &lt;em&gt;Hedera helix&lt;\/em&gt; &lsquo;Caecilia&rsquo; &#8211; Lierre d&rsquo;ornement\" tabindex=\"-1\" target=\"_blank\">\n\t\t\tWeiterlesen \u00bb\t\t<\/a>\n\n\t\t\t\t<\/div>\n\t\t\t\t<\/article>\n\t\t\t\t<article class=\"elementor-post elementor-grid-item post-221 product type-product status-publish has-post-thumbnail product_cat-lierre entry has-media last instock purchasable product-type-variable has-default-attributes has-product-nav col span_1_of_4 owp-content-center item-entry owp-thumbs-layout-horizontal owp-btn-normal owp-tabs-layout-section\">\n\t\t\t\t<a class=\"elementor-post__thumbnail__link\" href=\"https:\/\/www.hedera-etc.com\/de\/product\/hedera-helix-cathedral-wall\/\" tabindex=\"-1\" target=\"&quot;_blank&quot;\">\n\t\t\t<div class=\"elementor-post__thumbnail\"><img loading=\"lazy\" decoding=\"async\" width=\"300\" height=\"225\" src=\"https:\/\/www.hedera-etc.com\/wp-content\/uploads\/2023\/10\/Hedera-helix-Cathedral-Wall-300x225.webp\" class=\"attachment-medium size-medium wp-image-222\" alt=\"Hedera helix &#039;Cathedral Wall&#039;\" srcset=\"https:\/\/www.hedera-etc.com\/wp-content\/uploads\/2023\/10\/Hedera-helix-Cathedral-Wall-300x225.webp 300w, https:\/\/www.hedera-etc.com\/wp-content\/uploads\/2023\/10\/Hedera-helix-Cathedral-Wall-900x675.webp 900w, https:\/\/www.hedera-etc.com\/wp-content\/uploads\/2023\/10\/Hedera-helix-Cathedral-Wall-768x576.webp 768w, https:\/\/www.hedera-etc.com\/wp-content\/uploads\/2023\/10\/Hedera-helix-Cathedral-Wall.webp 1024w\" sizes=\"(max-width: 300px) 100vw, 300px\" \/><\/div>\n\t\t<\/a>\n\t\t\t\t<div class=\"elementor-post__text\">\n\t\t\t\t<h3 class=\"elementor-post__title\">\n\t\t\t<a href=\"https:\/\/www.hedera-etc.com\/de\/product\/hedera-helix-cathedral-wall\/\" target=\"&quot;_blank&quot;\">\n\t\t\t\t<em>Hedera helix<\/em> &lsquo;Cathedral Wall&rsquo; &#8211; Zier-Efeu\t\t\t<\/a>\n\t\t<\/h3>\n\t\t\t\t<div class=\"elementor-post__excerpt\">\n\t\t\t<p>Zuverl\u00e4ssiger und sicherer Kultivar mit gleichm\u00e4\u00dfigem Laub.<\/p> <p>Bl\u00e4tter aus 5 Lappen gebildet, die flach und mehr oder weniger abgerundet sind,\t\t<\/div>\n\t\t\n\t\t<a class=\"elementor-post__read-more\" href=\"https:\/\/www.hedera-etc.com\/de\/product\/hedera-helix-cathedral-wall\/\" aria-label=\"Mehr \u00fcber &lt;em&gt;Hedera helix&lt;\/em&gt; &lsquo;Cathedral Wall&rsquo; &#8211; Lierre d&rsquo;ornement\" tabindex=\"-1\" target=\"_blank\">\n\t\t\tWeiterlesen \u00bb\t\t<\/a>\n\n\t\t\t\t<\/div>\n\t\t\t\t<\/article>\n\t\t\t\t<article class=\"elementor-post elementor-grid-item post-227 product type-product status-publish has-post-thumbnail product_cat-lierre entry has-media first instock purchasable product-type-variable has-default-attributes has-product-nav col span_1_of_4 owp-content-center item-entry owp-thumbs-layout-horizontal owp-btn-normal owp-tabs-layout-section has-no-thumbnails\">\n\t\t\t\t<a class=\"elementor-post__thumbnail__link\" href=\"https:\/\/www.hedera-etc.com\/de\/product\/hedera-helix-cavendishii-semi-arborescent\/\" tabindex=\"-1\" target=\"&quot;_blank&quot;\">\n\t\t\t<div class=\"elementor-post__thumbnail\"><img loading=\"lazy\" decoding=\"async\" width=\"225\" height=\"300\" src=\"https:\/\/www.hedera-etc.com\/wp-content\/uploads\/2023\/10\/Hedera-helix-Cavendishii_2-225x300.webp\" class=\"attachment-medium size-medium wp-image-10208\" alt=\"Hedera helix &#039;Cavendishii Halbhoch&#039;\" srcset=\"https:\/\/www.hedera-etc.com\/wp-content\/uploads\/2023\/10\/Hedera-helix-Cavendishii_2-225x300.webp 225w, https:\/\/www.hedera-etc.com\/wp-content\/uploads\/2023\/10\/Hedera-helix-Cavendishii_2-900x1200.webp 900w, https:\/\/www.hedera-etc.com\/wp-content\/uploads\/2023\/10\/Hedera-helix-Cavendishii_2-768x1024.webp 768w, https:\/\/www.hedera-etc.com\/wp-content\/uploads\/2023\/10\/Hedera-helix-Cavendishii_2-1152x1536.webp 1152w, https:\/\/www.hedera-etc.com\/wp-content\/uploads\/2023\/10\/Hedera-helix-Cavendishii_2.webp 1200w\" sizes=\"(max-width: 225px) 100vw, 225px\" \/><\/div>\n\t\t<\/a>\n\t\t\t\t<div class=\"elementor-post__text\">\n\t\t\t\t<h3 class=\"elementor-post__title\">\n\t\t\t<a href=\"https:\/\/www.hedera-etc.com\/de\/product\/hedera-helix-cavendishii-semi-arborescent\/\" target=\"&quot;_blank&quot;\">\n\t\t\t\t<em>Hedera helix<\/em> &lsquo;Cavendishii Halbhoch&rsquo;\t\t\t<\/a>\n\t\t<\/h3>\n\t\t\t\t<div class=\"elementor-post__excerpt\">\n\t\t\t<p>Dickes, gelb panaschiertes Laub auf ziemlich steifen Stielen.<\/p> <p>Dreieckige bis dreilappige Bl\u00e4tter. Die Sinusbl\u00e4tter sind flach. Blattbasis\t\t<\/div>\n\t\t\n\t\t<a class=\"elementor-post__read-more\" href=\"https:\/\/www.hedera-etc.com\/de\/product\/hedera-helix-cavendishii-semi-arborescent\/\" aria-label=\"Mehr \u00fcber &lt;em&gt;Hedera helix&lt;\/em&gt; &lsquo;Cavendishii Semi Arborescent&rsquo;\" tabindex=\"-1\" target=\"_blank\">\n\t\t\tWeiterlesen \u00bb\t\t<\/a>\n\n\t\t\t\t<\/div>\n\t\t\t\t<\/article>\n\t\t\t\t<article class=\"elementor-post elementor-grid-item post-231 product type-product status-publish has-post-thumbnail product_cat-lierre entry has-media  instock purchasable product-type-variable has-default-attributes has-product-nav col span_1_of_4 owp-content-center item-entry owp-thumbs-layout-horizontal owp-btn-normal owp-tabs-layout-section\">\n\t\t\t\t<a class=\"elementor-post__thumbnail__link\" href=\"https:\/\/www.hedera-etc.com\/de\/product\/hedera-helix-chester\/\" tabindex=\"-1\" target=\"&quot;_blank&quot;\">\n\t\t\t<div class=\"elementor-post__thumbnail\"><img loading=\"lazy\" decoding=\"async\" width=\"300\" height=\"240\" src=\"https:\/\/www.hedera-etc.com\/wp-content\/uploads\/2023\/10\/Hedera-helix-Chester-300x240.webp\" class=\"attachment-medium size-medium wp-image-232\" alt=\"Hedera helix &#039;Chester&#039;\" srcset=\"https:\/\/www.hedera-etc.com\/wp-content\/uploads\/2023\/10\/Hedera-helix-Chester-300x240.webp 300w, https:\/\/www.hedera-etc.com\/wp-content\/uploads\/2023\/10\/Hedera-helix-Chester-768x613.webp 768w, https:\/\/www.hedera-etc.com\/wp-content\/uploads\/2023\/10\/Hedera-helix-Chester-600x479.jpg 600w, https:\/\/www.hedera-etc.com\/wp-content\/uploads\/2023\/10\/Hedera-helix-Chester.webp 800w\" sizes=\"(max-width: 300px) 100vw, 300px\" \/><\/div>\n\t\t<\/a>\n\t\t\t\t<div class=\"elementor-post__text\">\n\t\t\t\t<h3 class=\"elementor-post__title\">\n\t\t\t<a href=\"https:\/\/www.hedera-etc.com\/de\/product\/hedera-helix-chester\/\" target=\"&quot;_blank&quot;\">\n\t\t\t\t<em>Hedera helix<\/em> &lsquo;Chester&rsquo; &#8211; Zier-Efeu\t\t\t<\/a>\n\t\t<\/h3>\n\t\t\t\t<div class=\"elementor-post__excerpt\">\n\t\t\t<p>Wundersch\u00f6ne Topfpflanze.<\/p> <p>Bl\u00e4tter etwas dreieckig oder dreilappig mit abgerundeten Spitzen. Basis der Bl\u00e4tter herzf\u00f6rmig. Gr\u00fcne Blattspreite\t\t<\/div>\n\t\t\n\t\t<a class=\"elementor-post__read-more\" href=\"https:\/\/www.hedera-etc.com\/de\/product\/hedera-helix-chester\/\" aria-label=\"Mehr \u00fcber &lt;em&gt;Hedera helix&lt;\/em&gt; &lsquo;Chester&rsquo; &#8211; Lierre d&rsquo;ornement\" tabindex=\"-1\" target=\"_blank\">\n\t\t\tWeiterlesen \u00bb\t\t<\/a>\n\n\t\t\t\t<\/div>\n\t\t\t\t<\/article>\n\t\t\t\t<article class=\"elementor-post elementor-grid-item post-237 product type-product status-publish has-post-thumbnail product_cat-lierre entry has-media  instock purchasable product-type-variable has-default-attributes has-product-nav col span_1_of_4 owp-content-center item-entry owp-thumbs-layout-horizontal owp-btn-normal owp-tabs-layout-section\">\n\t\t\t\t<a class=\"elementor-post__thumbnail__link\" href=\"https:\/\/www.hedera-etc.com\/de\/product\/hedera-helix-chicago\/\" tabindex=\"-1\" target=\"&quot;_blank&quot;\">\n\t\t\t<div class=\"elementor-post__thumbnail\"><img loading=\"lazy\" decoding=\"async\" width=\"300\" height=\"225\" src=\"https:\/\/www.hedera-etc.com\/wp-content\/uploads\/2023\/10\/Hedera-helix-Chicago-300x225.webp\" class=\"attachment-medium size-medium wp-image-14916\" alt=\"Hedera helix &#039;Chicago&#039;\" srcset=\"https:\/\/www.hedera-etc.com\/wp-content\/uploads\/2023\/10\/Hedera-helix-Chicago-300x225.webp 300w, https:\/\/www.hedera-etc.com\/wp-content\/uploads\/2023\/10\/Hedera-helix-Chicago-768x576.webp 768w, https:\/\/www.hedera-etc.com\/wp-content\/uploads\/2023\/10\/Hedera-helix-Chicago.webp 900w\" sizes=\"(max-width: 300px) 100vw, 300px\" \/><\/div>\n\t\t<\/a>\n\t\t\t\t<div class=\"elementor-post__text\">\n\t\t\t\t<h3 class=\"elementor-post__title\">\n\t\t\t<a href=\"https:\/\/www.hedera-etc.com\/de\/product\/hedera-helix-chicago\/\" target=\"&quot;_blank&quot;\">\n\t\t\t\t<em>Hedera helix<\/em> &lsquo;Chicago&rsquo; &#8211; Zier-Efeu\t\t\t<\/a>\n\t\t<\/h3>\n\t\t\t\t<div class=\"elementor-post__excerpt\">\n\t\t\t<p>Klassisches Efeublatt, aber dank der weicheren Zweige produziert diese in H\u00e4ngekultur gez\u00fcchtete Sorte immer eine sch\u00f6ne\t\t<\/div>\n\t\t\n\t\t<a class=\"elementor-post__read-more\" href=\"https:\/\/www.hedera-etc.com\/de\/product\/hedera-helix-chicago\/\" aria-label=\"Mehr \u00fcber &lt;em&gt;Hedera helix&lt;\/em&gt; &lsquo;Chicago&rsquo; &#8211; Lierre d&rsquo;ornement\" tabindex=\"-1\" target=\"_blank\">\n\t\t\tWeiterlesen \u00bb\t\t<\/a>\n\n\t\t\t\t<\/div>\n\t\t\t\t<\/article>\n\t\t\t\t<article class=\"elementor-post elementor-grid-item post-243 product type-product status-publish has-post-thumbnail product_cat-lierre entry has-media last instock purchasable product-type-variable has-default-attributes has-product-nav col span_1_of_4 owp-content-center item-entry owp-thumbs-layout-horizontal owp-btn-normal owp-tabs-layout-section\">\n\t\t\t\t<a class=\"elementor-post__thumbnail__link\" href=\"https:\/\/www.hedera-etc.com\/de\/product\/hedera-helix-colin\/\" tabindex=\"-1\" target=\"&quot;_blank&quot;\">\n\t\t\t<div class=\"elementor-post__thumbnail\"><img loading=\"lazy\" decoding=\"async\" width=\"300\" height=\"225\" src=\"https:\/\/www.hedera-etc.com\/wp-content\/uploads\/2023\/10\/Hedera-helix-Colin-300x225.webp\" class=\"attachment-medium size-medium wp-image-244\" alt=\"Hedera helix &#039;Colin&#039;\" srcset=\"https:\/\/www.hedera-etc.com\/wp-content\/uploads\/2023\/10\/Hedera-helix-Colin-300x225.webp 300w, https:\/\/www.hedera-etc.com\/wp-content\/uploads\/2023\/10\/Hedera-helix-Colin-900x675.webp 900w, https:\/\/www.hedera-etc.com\/wp-content\/uploads\/2023\/10\/Hedera-helix-Colin-768x576.webp 768w, https:\/\/www.hedera-etc.com\/wp-content\/uploads\/2023\/10\/Hedera-helix-Colin.webp 1024w\" sizes=\"(max-width: 300px) 100vw, 300px\" \/><\/div>\n\t\t<\/a>\n\t\t\t\t<div class=\"elementor-post__text\">\n\t\t\t\t<h3 class=\"elementor-post__title\">\n\t\t\t<a href=\"https:\/\/www.hedera-etc.com\/de\/product\/hedera-helix-colin\/\" target=\"&quot;_blank&quot;\">\n\t\t\t\t<em>Hedera helix<\/em> &lsquo;Colin&rsquo; &#8211; Zier-Efeu\t\t\t<\/a>\n\t\t<\/h3>\n\t\t\t\t<div class=\"elementor-post__excerpt\">\n\t\t\t<p>Kr\u00e4ftiger kletternder Efeu.<\/p> <p>Bl\u00e4tter ziemlich klein und aus 5 bis 7 spitzen Lappen bestehend, wie in sich zusammengerollt mit den\t\t<\/div>\n\t\t\n\t\t<a class=\"elementor-post__read-more\" href=\"https:\/\/www.hedera-etc.com\/de\/product\/hedera-helix-colin\/\" aria-label=\"Mehr \u00fcber &lt;em&gt;Hedera helix&lt;\/em&gt; &lsquo;Colin&rsquo; &#8211; Lierre d&rsquo;ornement\" tabindex=\"-1\" target=\"_blank\">\n\t\t\tWeiterlesen \u00bb\t\t<\/a>\n\n\t\t\t\t<\/div>\n\t\t\t\t<\/article>\n\t\t\t\t<article class=\"elementor-post elementor-grid-item post-248 product type-product status-publish has-post-thumbnail product_cat-lierre entry has-media first instock purchasable product-type-variable has-default-attributes has-product-nav col span_1_of_4 owp-content-center item-entry owp-thumbs-layout-horizontal owp-btn-normal owp-tabs-layout-section has-no-thumbnails\">\n\t\t\t\t<a class=\"elementor-post__thumbnail__link\" href=\"https:\/\/www.hedera-etc.com\/de\/product\/hedera-helix-cora\/\" tabindex=\"-1\" target=\"&quot;_blank&quot;\">\n\t\t\t<div class=\"elementor-post__thumbnail\"><img loading=\"lazy\" decoding=\"async\" width=\"300\" height=\"225\" src=\"https:\/\/www.hedera-etc.com\/wp-content\/uploads\/2023\/10\/Hedera-helix-Cora-300x225.webp\" class=\"attachment-medium size-medium wp-image-249\" alt=\"Hedera helix &#039;Cora&#039;\" srcset=\"https:\/\/www.hedera-etc.com\/wp-content\/uploads\/2023\/10\/Hedera-helix-Cora-300x225.webp 300w, https:\/\/www.hedera-etc.com\/wp-content\/uploads\/2023\/10\/Hedera-helix-Cora-900x675.webp 900w, https:\/\/www.hedera-etc.com\/wp-content\/uploads\/2023\/10\/Hedera-helix-Cora-768x576.webp 768w, https:\/\/www.hedera-etc.com\/wp-content\/uploads\/2023\/10\/Hedera-helix-Cora.webp 1024w\" sizes=\"(max-width: 300px) 100vw, 300px\" \/><\/div>\n\t\t<\/a>\n\t\t\t\t<div class=\"elementor-post__text\">\n\t\t\t\t<h3 class=\"elementor-post__title\">\n\t\t\t<a href=\"https:\/\/www.hedera-etc.com\/de\/product\/hedera-helix-cora\/\" target=\"&quot;_blank&quot;\">\n\t\t\t\t<em>Hedera helix<\/em> &lsquo;Cora&rsquo; &#8211; Zier-Efeu\t\t\t<\/a>\n\t\t<\/h3>\n\t\t\t\t<div class=\"elementor-post__excerpt\">\n\t\t\t<p>Sehr w\u00fcchsige Sorte mit mittelgro\u00dfen, dunkelgr\u00fcnen Bl\u00e4ttern.<\/p> <p>Das Blatt besteht aus drei bis f\u00fcnf abgerundeten, fast getrennten Lappen. Mittlerer Lappen\t\t<\/div>\n\t\t\n\t\t<a class=\"elementor-post__read-more\" href=\"https:\/\/www.hedera-etc.com\/de\/product\/hedera-helix-cora\/\" aria-label=\"Mehr \u00fcber &lt;em&gt;Hedera helix&lt;\/em&gt; &lsquo;Cora&rsquo; &#8211; Lierre d&rsquo;ornement\" tabindex=\"-1\" target=\"_blank\">\n\t\t\tWeiterlesen \u00bb\t\t<\/a>\n\n\t\t\t\t<\/div>\n\t\t\t\t<\/article>\n\t\t\t\t<article class=\"elementor-post elementor-grid-item post-252 product type-product status-publish has-post-thumbnail product_cat-lierre entry has-media  instock purchasable product-type-variable has-default-attributes has-product-nav col span_1_of_4 owp-content-center item-entry owp-thumbs-layout-horizontal owp-btn-normal owp-tabs-layout-section\">\n\t\t\t\t<a class=\"elementor-post__thumbnail__link\" href=\"https:\/\/www.hedera-etc.com\/de\/product\/hedera-helix-corrugata\/\" tabindex=\"-1\" target=\"&quot;_blank&quot;\">\n\t\t\t<div class=\"elementor-post__thumbnail\"><img loading=\"lazy\" decoding=\"async\" width=\"300\" height=\"225\" src=\"https:\/\/www.hedera-etc.com\/wp-content\/uploads\/2023\/10\/Hedera-helix-Corrugata_2-300x225.webp\" class=\"attachment-medium size-medium wp-image-253\" alt=\"Hedera helix &#039;Corrugata&#039;\" srcset=\"https:\/\/www.hedera-etc.com\/wp-content\/uploads\/2023\/10\/Hedera-helix-Corrugata_2-300x225.webp 300w, https:\/\/www.hedera-etc.com\/wp-content\/uploads\/2023\/10\/Hedera-helix-Corrugata_2-768x576.webp 768w, https:\/\/www.hedera-etc.com\/wp-content\/uploads\/2023\/10\/Hedera-helix-Corrugata_2-600x450.jpg 600w, https:\/\/www.hedera-etc.com\/wp-content\/uploads\/2023\/10\/Hedera-helix-Corrugata_2.webp 839w\" sizes=\"(max-width: 300px) 100vw, 300px\" \/><\/div>\n\t\t<\/a>\n\t\t\t\t<div class=\"elementor-post__text\">\n\t\t\t\t<h3 class=\"elementor-post__title\">\n\t\t\t<a href=\"https:\/\/www.hedera-etc.com\/de\/product\/hedera-helix-corrugata\/\" target=\"&quot;_blank&quot;\">\n\t\t\t\t<em>Hedera helix<\/em> &lsquo;Corrugata&rsquo; &#8211; Zier-Efeu\t\t\t<\/a>\n\t\t<\/h3>\n\t\t\t\t<div class=\"elementor-post__excerpt\">\n\t\t\t<p>Kletterpflanze mit atypischen Bl\u00e4ttern, die sich im Winter gelb verf\u00e4rben.<\/p> <p>Bl\u00e4tter bestehen aus 5 gleich gro\u00dfen Lappen, wenig\t\t<\/div>\n\t\t\n\t\t<a class=\"elementor-post__read-more\" href=\"https:\/\/www.hedera-etc.com\/de\/product\/hedera-helix-corrugata\/\" aria-label=\"Mehr \u00fcber &lt;em&gt;Hedera helix&lt;\/em&gt; &lsquo;Corrugata&rsquo; &#8211; Lierre d&rsquo;ornement\" tabindex=\"-1\" target=\"_blank\">\n\t\t\tWeiterlesen \u00bb\t\t<\/a>\n\n\t\t\t\t<\/div>\n\t\t\t\t<\/article>\n\t\t\t\t<article class=\"elementor-post elementor-grid-item post-512 product type-product status-publish has-post-thumbnail product_cat-lierre entry has-media  instock purchasable product-type-variable has-default-attributes has-product-nav col span_1_of_4 owp-content-center item-entry owp-thumbs-layout-horizontal owp-btn-normal owp-tabs-layout-section\">\n\t\t\t\t<a class=\"elementor-post__thumbnail__link\" href=\"https:\/\/www.hedera-etc.com\/de\/product\/hedera-helix-carolina-crinckle\/\" tabindex=\"-1\" target=\"&quot;_blank&quot;\">\n\t\t\t<div class=\"elementor-post__thumbnail\"><img loading=\"lazy\" decoding=\"async\" width=\"300\" height=\"232\" src=\"https:\/\/www.hedera-etc.com\/wp-content\/uploads\/2023\/10\/Hedera-helix-Carolina-Crinckle-300x232.webp\" class=\"attachment-medium size-medium wp-image-513\" alt=\"Hedera helix &#039;Carolina Crinckle&#039;\" srcset=\"https:\/\/www.hedera-etc.com\/wp-content\/uploads\/2023\/10\/Hedera-helix-Carolina-Crinckle-300x232.webp 300w, https:\/\/www.hedera-etc.com\/wp-content\/uploads\/2023\/10\/Hedera-helix-Carolina-Crinckle-768x593.webp 768w, https:\/\/www.hedera-etc.com\/wp-content\/uploads\/2023\/10\/Hedera-helix-Carolina-Crinckle.webp 815w\" sizes=\"(max-width: 300px) 100vw, 300px\" \/><\/div>\n\t\t<\/a>\n\t\t\t\t<div class=\"elementor-post__text\">\n\t\t\t\t<h3 class=\"elementor-post__title\">\n\t\t\t<a href=\"https:\/\/www.hedera-etc.com\/de\/product\/hedera-helix-carolina-crinckle\/\" target=\"&quot;_blank&quot;\">\n\t\t\t\t<em>Hedera helix<\/em> &lsquo;Carolina Crinckle&rsquo; &#8211; Zier-Efeu\t\t\t<\/a>\n\t\t<\/h3>\n\t\t\t\t<div class=\"elementor-post__excerpt\">\n\t\t\t<p>Hat seinen Namen von seiner Herkunft aus South Carolina.<\/p> <p>Bl\u00e4tter, f\u00e4cherf\u00f6rmig, tief geteilt und leicht gewellt auf den\t\t<\/div>\n\t\t\n\t\t<a class=\"elementor-post__read-more\" href=\"https:\/\/www.hedera-etc.com\/de\/product\/hedera-helix-carolina-crinckle\/\" aria-label=\"Mehr \u00fcber &lt;em&gt;Hedera helix&lt;\/em&gt; &lsquo;Carolina Crinckle&rsquo; &#8211; Lierre d&rsquo;ornement\" tabindex=\"-1\" target=\"_blank\">\n\t\t\tWeiterlesen \u00bb\t\t<\/a>\n\n\t\t\t\t<\/div>\n\t\t\t\t<\/article>\n\t\t\t\t<article class=\"elementor-post elementor-grid-item post-519 product type-product status-publish has-post-thumbnail product_cat-lierre entry has-media last instock purchasable product-type-variable has-default-attributes has-product-nav col span_1_of_4 owp-content-center item-entry owp-thumbs-layout-horizontal owp-btn-normal owp-tabs-layout-section has-no-thumbnails\">\n\t\t\t\t<a class=\"elementor-post__thumbnail__link\" href=\"https:\/\/www.hedera-etc.com\/de\/product\/hedera-helix-ceridwen\/\" tabindex=\"-1\" target=\"&quot;_blank&quot;\">\n\t\t\t<div class=\"elementor-post__thumbnail\"><img loading=\"lazy\" decoding=\"async\" width=\"300\" height=\"197\" src=\"https:\/\/www.hedera-etc.com\/wp-content\/uploads\/2023\/10\/Hedera-helix-Ceridwen-300x197.webp\" class=\"attachment-medium size-medium wp-image-520\" alt=\"Hedera helix &#039;Ceridwen&#039;\" srcset=\"https:\/\/www.hedera-etc.com\/wp-content\/uploads\/2023\/10\/Hedera-helix-Ceridwen-300x197.webp 300w, https:\/\/www.hedera-etc.com\/wp-content\/uploads\/2023\/10\/Hedera-helix-Ceridwen-900x590.webp 900w, https:\/\/www.hedera-etc.com\/wp-content\/uploads\/2023\/10\/Hedera-helix-Ceridwen-768x504.webp 768w, https:\/\/www.hedera-etc.com\/wp-content\/uploads\/2023\/10\/Hedera-helix-Ceridwen.webp 1009w\" sizes=\"(max-width: 300px) 100vw, 300px\" \/><\/div>\n\t\t<\/a>\n\t\t\t\t<div class=\"elementor-post__text\">\n\t\t\t\t<h3 class=\"elementor-post__title\">\n\t\t\t<a href=\"https:\/\/www.hedera-etc.com\/de\/product\/hedera-helix-ceridwen\/\" target=\"&quot;_blank&quot;\">\n\t\t\t\t<em>Hedera helix<\/em> &lsquo;Ceridwen&rsquo; &#8211; Zier-Efeu\t\t\t<\/a>\n\t\t<\/h3>\n\t\t\t\t<div class=\"elementor-post__excerpt\">\n\t\t\t<p>Porte bien son, was auf Walisisch \u2018h\u00fcbsch\u2019 bedeutet.<\/p> <p>Sch\u00f6ne gr\u00fcn und grau gefleckte Bl\u00e4tter mit mehr Rand\t\t<\/div>\n\t\t\n\t\t<a class=\"elementor-post__read-more\" href=\"https:\/\/www.hedera-etc.com\/de\/product\/hedera-helix-ceridwen\/\" aria-label=\"Mehr \u00fcber &lt;em&gt;Hedera helix&lt;\/em&gt; &lsquo;Ceridwen&rsquo; &#8211; Lierre d&rsquo;ornement\" tabindex=\"-1\" target=\"_blank\">\n\t\t\tWeiterlesen \u00bb\t\t<\/a>\n\n\t\t\t\t<\/div>\n\t\t\t\t<\/article>\n\t\t\t\t<article class=\"elementor-post elementor-grid-item post-525 product type-product status-publish has-post-thumbnail product_cat-lierre entry has-media first instock purchasable product-type-variable has-default-attributes has-product-nav col span_1_of_4 owp-content-center item-entry owp-thumbs-layout-horizontal owp-btn-normal owp-tabs-layout-section\">\n\t\t\t\t<a class=\"elementor-post__thumbnail__link\" href=\"https:\/\/www.hedera-etc.com\/de\/product\/hedera-helix-chelthenam-blizzard\/\" tabindex=\"-1\" target=\"&quot;_blank&quot;\">\n\t\t\t<div class=\"elementor-post__thumbnail\"><img loading=\"lazy\" decoding=\"async\" width=\"300\" height=\"225\" src=\"https:\/\/www.hedera-etc.com\/wp-content\/uploads\/2023\/10\/Hedera-helix-Chelthenam-Blizzard-1-300x225.webp\" class=\"attachment-medium size-medium wp-image-10449\" alt=\"Hedera helix &#039;Chelthenam Blizzard&#039;\" srcset=\"https:\/\/www.hedera-etc.com\/wp-content\/uploads\/2023\/10\/Hedera-helix-Chelthenam-Blizzard-1-300x225.webp 300w, https:\/\/www.hedera-etc.com\/wp-content\/uploads\/2023\/10\/Hedera-helix-Chelthenam-Blizzard-1-900x675.webp 900w, https:\/\/www.hedera-etc.com\/wp-content\/uploads\/2023\/10\/Hedera-helix-Chelthenam-Blizzard-1-1024x768.webp 1024w, https:\/\/www.hedera-etc.com\/wp-content\/uploads\/2023\/10\/Hedera-helix-Chelthenam-Blizzard-1-768x576.webp 768w, https:\/\/www.hedera-etc.com\/wp-content\/uploads\/2023\/10\/Hedera-helix-Chelthenam-Blizzard-1-1536x1152.webp 1536w, https:\/\/www.hedera-etc.com\/wp-content\/uploads\/2023\/10\/Hedera-helix-Chelthenam-Blizzard-1-1320x990.webp 1320w, https:\/\/www.hedera-etc.com\/wp-content\/uploads\/2023\/10\/Hedera-helix-Chelthenam-Blizzard-1.webp 1600w\" sizes=\"(max-width: 300px) 100vw, 300px\" \/><\/div>\n\t\t<\/a>\n\t\t\t\t<div class=\"elementor-post__text\">\n\t\t\t\t<h3 class=\"elementor-post__title\">\n\t\t\t<a href=\"https:\/\/www.hedera-etc.com\/de\/product\/hedera-helix-chelthenam-blizzard\/\" target=\"&quot;_blank&quot;\">\n\t\t\t\t<em>Hedera helix<\/em> &lsquo;Chelthenam Blizzard&rsquo; &#8211; Zier-Efeu\t\t\t<\/a>\n\t\t<\/h3>\n\t\t\t\t<div class=\"elementor-post__excerpt\">\n\t\t\t<p>Geh\u00f6rt zu jenen Efeuarten, die nicht Gefahr laufen, Ihren Garten zu \u00fcberwuchern, sondern ihn geschmackvoll schm\u00fccken.<\/p> <p>D\u00fcnne Stiele,\t\t<\/div>\n\t\t\n\t\t<a class=\"elementor-post__read-more\" href=\"https:\/\/www.hedera-etc.com\/de\/product\/hedera-helix-chelthenam-blizzard\/\" aria-label=\"Mehr \u00fcber &lt;em&gt;Hedera helix&lt;\/em&gt; &lsquo;Chelthenam Blizzard&rsquo; &#8211; Lierre d&rsquo;ornement\" tabindex=\"-1\" target=\"_blank\">\n\t\t\tWeiterlesen \u00bb\t\t<\/a>\n\n\t\t\t\t<\/div>\n\t\t\t\t<\/article>\n\t\t\t\t<article class=\"elementor-post elementor-grid-item post-531 product type-product status-publish has-post-thumbnail product_cat-lierre entry has-media  instock purchasable product-type-variable has-default-attributes has-product-nav col span_1_of_4 owp-content-center item-entry owp-thumbs-layout-horizontal owp-btn-normal owp-tabs-layout-section\">\n\t\t\t\t<a class=\"elementor-post__thumbnail__link\" href=\"https:\/\/www.hedera-etc.com\/de\/product\/hedera-helix-cleeve\/\" tabindex=\"-1\" target=\"&quot;_blank&quot;\">\n\t\t\t<div class=\"elementor-post__thumbnail\"><img loading=\"lazy\" decoding=\"async\" width=\"300\" height=\"225\" src=\"https:\/\/www.hedera-etc.com\/wp-content\/uploads\/2023\/10\/Hedera-helix-Cleeve-300x225.webp\" class=\"attachment-medium size-medium wp-image-532\" alt=\"Hedera helix &#039;Cleeve&#039;\" srcset=\"https:\/\/www.hedera-etc.com\/wp-content\/uploads\/2023\/10\/Hedera-helix-Cleeve-300x225.webp 300w, https:\/\/www.hedera-etc.com\/wp-content\/uploads\/2023\/10\/Hedera-helix-Cleeve-900x675.webp 900w, https:\/\/www.hedera-etc.com\/wp-content\/uploads\/2023\/10\/Hedera-helix-Cleeve-768x576.webp 768w, https:\/\/www.hedera-etc.com\/wp-content\/uploads\/2023\/10\/Hedera-helix-Cleeve.webp 1024w\" sizes=\"(max-width: 300px) 100vw, 300px\" \/><\/div>\n\t\t<\/a>\n\t\t\t\t<div class=\"elementor-post__text\">\n\t\t\t\t<h3 class=\"elementor-post__title\">\n\t\t\t<a href=\"https:\/\/www.hedera-etc.com\/de\/product\/hedera-helix-cleeve\/\" target=\"&quot;_blank&quot;\">\n\t\t\t\t<em>Hedera helix<\/em> &lsquo;Cleeve&rsquo; &#8211; Zier-Efeu\t\t\t<\/a>\n\t\t<\/h3>\n\t\t\t\t<div class=\"elementor-post__excerpt\">\n\t\t\t<p>Atypische Sorte mit dicken Bl\u00e4ttern.<\/p> <p>Mittelgro\u00dfe, dreilappige Bl\u00e4tter, die so flach sind, dass sie aussehen, als w\u00e4ren sie aus einem St\u00fcck.\t\t<\/div>\n\t\t\n\t\t<a class=\"elementor-post__read-more\" href=\"https:\/\/www.hedera-etc.com\/de\/product\/hedera-helix-cleeve\/\" aria-label=\"Mehr \u00fcber &lt;em&gt;Hedera helix&lt;\/em&gt; &lsquo;Cleeve&rsquo; &#8211; Lierre d&rsquo;ornement\" tabindex=\"-1\" target=\"_blank\">\n\t\t\tWeiterlesen \u00bb\t\t<\/a>\n\n\t\t\t\t<\/div>\n\t\t\t\t<\/article>\n\t\t\t\t<article class=\"elementor-post elementor-grid-item post-536 product type-product status-publish has-post-thumbnail product_cat-lierre entry has-media  outofstock product-type-variable has-default-attributes has-product-nav col span_1_of_4 owp-content-center item-entry owp-thumbs-layout-horizontal owp-btn-normal owp-tabs-layout-section\">\n\t\t\t\t<a class=\"elementor-post__thumbnail__link\" href=\"https:\/\/www.hedera-etc.com\/de\/product\/hedera-helix-conglomerata\/\" tabindex=\"-1\" target=\"&quot;_blank&quot;\">\n\t\t\t<div class=\"elementor-post__thumbnail\"><img loading=\"lazy\" decoding=\"async\" width=\"300\" height=\"243\" src=\"https:\/\/www.hedera-etc.com\/wp-content\/uploads\/2023\/10\/Hedera-helix-Conglomerata-300x243.webp\" class=\"attachment-medium size-medium wp-image-537\" alt=\"Hedera helix &#039;Conglomerata&#039;\" srcset=\"https:\/\/www.hedera-etc.com\/wp-content\/uploads\/2023\/10\/Hedera-helix-Conglomerata-300x243.webp 300w, https:\/\/www.hedera-etc.com\/wp-content\/uploads\/2023\/10\/Hedera-helix-Conglomerata-900x729.webp 900w, https:\/\/www.hedera-etc.com\/wp-content\/uploads\/2023\/10\/Hedera-helix-Conglomerata-768x622.webp 768w, https:\/\/www.hedera-etc.com\/wp-content\/uploads\/2023\/10\/Hedera-helix-Conglomerata.webp 1024w\" sizes=\"(max-width: 300px) 100vw, 300px\" \/><\/div>\n\t\t<\/a>\n\t\t\t\t<div class=\"elementor-post__text\">\n\t\t\t\t<h3 class=\"elementor-post__title\">\n\t\t\t<a href=\"https:\/\/www.hedera-etc.com\/de\/product\/hedera-helix-conglomerata\/\" target=\"&quot;_blank&quot;\">\n\t\t\t\t<em>Hedera helix<\/em> &lsquo;Conglomerata&rsquo; &#8211; Zier-Efeu\t\t\t<\/a>\n\t\t<\/h3>\n\t\t\t\t<div class=\"elementor-post__excerpt\">\n\t\t\t<p>V\u00f6llig urspr\u00fcngliche Form des Efeus.<\/p> <p>Bl\u00e4tter am Grund umfassend, auf beiden Seiten des St\u00e4ngels ineinandergreifend in\t\t<\/div>\n\t\t\n\t\t<a class=\"elementor-post__read-more\" href=\"https:\/\/www.hedera-etc.com\/de\/product\/hedera-helix-conglomerata\/\" aria-label=\"Mehr \u00fcber &lt;em&gt;Hedera helix&lt;\/em&gt; &lsquo;Conglomerata&rsquo; &#8211; Lierre d&rsquo;ornement\" tabindex=\"-1\" target=\"_blank\">\n\t\t\tWeiterlesen \u00bb\t\t<\/a>\n\n\t\t\t\t<\/div>\n\t\t\t\t<\/article>\n\t\t\t\t<article class=\"elementor-post elementor-grid-item post-543 product type-product status-publish has-post-thumbnail product_cat-lierre entry has-media last instock purchasable product-type-variable has-default-attributes has-product-nav col span_1_of_4 owp-content-center item-entry owp-thumbs-layout-horizontal owp-btn-normal owp-tabs-layout-section\">\n\t\t\t\t<a class=\"elementor-post__thumbnail__link\" href=\"https:\/\/www.hedera-etc.com\/de\/product\/hedera-helix-cross-stitch\/\" tabindex=\"-1\" target=\"&quot;_blank&quot;\">\n\t\t\t<div class=\"elementor-post__thumbnail\"><img loading=\"lazy\" decoding=\"async\" width=\"300\" height=\"225\" src=\"https:\/\/www.hedera-etc.com\/wp-content\/uploads\/2023\/10\/Hedera-helix-Cross-Switch-300x225.webp\" class=\"attachment-medium size-medium wp-image-544\" alt=\"Hedera helix &#039;Cross Stitch&#039;\" srcset=\"https:\/\/www.hedera-etc.com\/wp-content\/uploads\/2023\/10\/Hedera-helix-Cross-Switch-300x225.webp 300w, https:\/\/www.hedera-etc.com\/wp-content\/uploads\/2023\/10\/Hedera-helix-Cross-Switch-900x675.webp 900w, https:\/\/www.hedera-etc.com\/wp-content\/uploads\/2023\/10\/Hedera-helix-Cross-Switch-768x576.webp 768w, https:\/\/www.hedera-etc.com\/wp-content\/uploads\/2023\/10\/Hedera-helix-Cross-Switch.webp 1024w\" sizes=\"(max-width: 300px) 100vw, 300px\" \/><\/div>\n\t\t<\/a>\n\t\t\t\t<div class=\"elementor-post__text\">\n\t\t\t\t<h3 class=\"elementor-post__title\">\n\t\t\t<a href=\"https:\/\/www.hedera-etc.com\/de\/product\/hedera-helix-cross-stitch\/\" target=\"&quot;_blank&quot;\">\n\t\t\t\t<em>Hedera helix<\/em> &lsquo;Cross Stitch&rsquo; &#8211; Zier-Efeu\t\t\t<\/a>\n\t\t<\/h3>\n\t\t\t\t<div class=\"elementor-post__excerpt\">\n\t\t\t<p>Sorte mit kleinem Wuchs und sehr atypischem Laub.<\/p> <p>Bl\u00e4tter, die aus 3 bis 5 Lappen bestehen, deren Sinus\t\t<\/div>\n\t\t\n\t\t<a class=\"elementor-post__read-more\" href=\"https:\/\/www.hedera-etc.com\/de\/product\/hedera-helix-cross-stitch\/\" aria-label=\"Mehr \u00fcber &lt;em&gt;Hedera helix&lt;\/em&gt; &lsquo;Cross Stitch&rsquo; &#8211; Lierre d&rsquo;ornement\" tabindex=\"-1\" target=\"_blank\">\n\t\t\tWeiterlesen \u00bb\t\t<\/a>\n\n\t\t\t\t<\/div>\n\t\t\t\t<\/article>\n\t\t\t\t<article class=\"elementor-post elementor-grid-item post-548 product type-product status-publish has-post-thumbnail product_cat-lierre entry has-media first instock purchasable product-type-variable has-default-attributes has-product-nav col span_1_of_4 owp-content-center item-entry owp-thumbs-layout-horizontal owp-btn-normal owp-tabs-layout-section\">\n\t\t\t\t<a class=\"elementor-post__thumbnail__link\" href=\"https:\/\/www.hedera-etc.com\/de\/product\/hedera-helix-curvaceous\/\" tabindex=\"-1\" target=\"&quot;_blank&quot;\">\n\t\t\t<div class=\"elementor-post__thumbnail\"><img loading=\"lazy\" decoding=\"async\" width=\"300\" height=\"225\" src=\"https:\/\/www.hedera-etc.com\/wp-content\/uploads\/2023\/10\/Hedera-helix-Curvaceus-300x225.webp\" class=\"attachment-medium size-medium wp-image-549\" alt=\"Hedera helix &#039;Curvaceous&#039;\" srcset=\"https:\/\/www.hedera-etc.com\/wp-content\/uploads\/2023\/10\/Hedera-helix-Curvaceus-300x225.webp 300w, https:\/\/www.hedera-etc.com\/wp-content\/uploads\/2023\/10\/Hedera-helix-Curvaceus-900x675.webp 900w, https:\/\/www.hedera-etc.com\/wp-content\/uploads\/2023\/10\/Hedera-helix-Curvaceus-768x576.webp 768w, https:\/\/www.hedera-etc.com\/wp-content\/uploads\/2023\/10\/Hedera-helix-Curvaceus.webp 1024w\" sizes=\"(max-width: 300px) 100vw, 300px\" \/><\/div>\n\t\t<\/a>\n\t\t\t\t<div class=\"elementor-post__text\">\n\t\t\t\t<h3 class=\"elementor-post__title\">\n\t\t\t<a href=\"https:\/\/www.hedera-etc.com\/de\/product\/hedera-helix-curvaceous\/\" target=\"&quot;_blank&quot;\">\n\t\t\t\t<em>Hedera helix<\/em> &lsquo;Curvaceous&rsquo; &#8211; Zier-Efeu\t\t\t<\/a>\n\t\t<\/h3>\n\t\t\t\t<div class=\"elementor-post__excerpt\">\n\t\t\t<p>Bemerkenswert wegen seiner Farben, wobei die winterliche rote Umrandung ihn noch mehr sublimiert.<\/p> <p>Bl\u00e4tter aus 3 bis 5 wenig gelappten Lappen gebildet\t\t<\/div>\n\t\t\n\t\t<a class=\"elementor-post__read-more\" href=\"https:\/\/www.hedera-etc.com\/de\/product\/hedera-helix-curvaceous\/\" aria-label=\"Mehr \u00fcber &lt;em&gt;Hedera helix&lt;\/em&gt; &lsquo;Curvaceous&rsquo; &#8211; Lierre d&rsquo;ornement\" tabindex=\"-1\" target=\"_blank\">\n\t\t\tWeiterlesen \u00bb\t\t<\/a>\n\n\t\t\t\t<\/div>\n\t\t\t\t<\/article>\n\t\t\t\t<article class=\"elementor-post elementor-grid-item post-554 product type-product status-publish has-post-thumbnail product_cat-lierre entry has-media  instock purchasable product-type-variable has-default-attributes has-product-nav col span_1_of_4 owp-content-center item-entry owp-thumbs-layout-horizontal owp-btn-normal owp-tabs-layout-section\">\n\t\t\t\t<a class=\"elementor-post__thumbnail__link\" href=\"https:\/\/www.hedera-etc.com\/de\/product\/hedera-helix-dead-again\/\" tabindex=\"-1\" target=\"&quot;_blank&quot;\">\n\t\t\t<div class=\"elementor-post__thumbnail\"><img loading=\"lazy\" decoding=\"async\" width=\"300\" height=\"225\" src=\"https:\/\/www.hedera-etc.com\/wp-content\/uploads\/2023\/10\/Hedera-helix-Dead-Again-1-300x225.webp\" class=\"attachment-medium size-medium wp-image-14681\" alt=\"Hedera helix &#039;Dead Again&#039;\" srcset=\"https:\/\/www.hedera-etc.com\/wp-content\/uploads\/2023\/10\/Hedera-helix-Dead-Again-1-300x225.webp 300w, https:\/\/www.hedera-etc.com\/wp-content\/uploads\/2023\/10\/Hedera-helix-Dead-Again-1-900x675.webp 900w, https:\/\/www.hedera-etc.com\/wp-content\/uploads\/2023\/10\/Hedera-helix-Dead-Again-1-1024x768.webp 1024w, https:\/\/www.hedera-etc.com\/wp-content\/uploads\/2023\/10\/Hedera-helix-Dead-Again-1-768x576.webp 768w, https:\/\/www.hedera-etc.com\/wp-content\/uploads\/2023\/10\/Hedera-helix-Dead-Again-1-1536x1152.webp 1536w, https:\/\/www.hedera-etc.com\/wp-content\/uploads\/2023\/10\/Hedera-helix-Dead-Again-1-1320x990.webp 1320w, https:\/\/www.hedera-etc.com\/wp-content\/uploads\/2023\/10\/Hedera-helix-Dead-Again-1.webp 1600w\" sizes=\"(max-width: 300px) 100vw, 300px\" \/><\/div>\n\t\t<\/a>\n\t\t\t\t<div class=\"elementor-post__text\">\n\t\t\t\t<h3 class=\"elementor-post__title\">\n\t\t\t<a href=\"https:\/\/www.hedera-etc.com\/de\/product\/hedera-helix-dead-again\/\" target=\"&quot;_blank&quot;\">\n\t\t\t\t<em>Hedera helix<\/em> &lsquo;Dead again&rsquo; &#8211; Zier-Efeu\t\t\t<\/a>\n\t\t<\/h3>\n\t\t\t\t<div class=\"elementor-post__excerpt\">\n\t\t\t<p>So benannt nach dem Aussehen der schrumpeligen, braunen Blattr\u00e4nder, die an ein vertrocknetes Blatt erinnern.<\/p>\t\t<\/div>\n\t\t\n\t\t<a class=\"elementor-post__read-more\" href=\"https:\/\/www.hedera-etc.com\/de\/product\/hedera-helix-dead-again\/\" aria-label=\"Mehr \u00fcber &lt;em&gt;Hedera helix&lt;\/em&gt; &lsquo;Dead again&rsquo; &#8211; Lierre d&rsquo;ornement\" tabindex=\"-1\" target=\"_blank\">\n\t\t\tWeiterlesen \u00bb\t\t<\/a>\n\n\t\t\t\t<\/div>\n\t\t\t\t<\/article>\n\t\t\t\t<article class=\"elementor-post elementor-grid-item post-561 product type-product status-publish has-post-thumbnail product_cat-lierre entry has-media  instock purchasable product-type-variable has-default-attributes has-product-nav col span_1_of_4 owp-content-center item-entry owp-thumbs-layout-horizontal owp-btn-normal owp-tabs-layout-section\">\n\t\t\t\t<a class=\"elementor-post__thumbnail__link\" href=\"https:\/\/www.hedera-etc.com\/de\/product\/hedera-helix-dedos\/\" tabindex=\"-1\" target=\"&quot;_blank&quot;\">\n\t\t\t<div class=\"elementor-post__thumbnail\"><img loading=\"lazy\" decoding=\"async\" width=\"300\" height=\"225\" src=\"https:\/\/www.hedera-etc.com\/wp-content\/uploads\/2023\/10\/Hedera-helix-Dedos-300x225.webp\" class=\"attachment-medium size-medium wp-image-13232\" alt=\"Hedera helix &#039;Dedos&#039;\" srcset=\"https:\/\/www.hedera-etc.com\/wp-content\/uploads\/2023\/10\/Hedera-helix-Dedos-300x225.webp 300w, https:\/\/www.hedera-etc.com\/wp-content\/uploads\/2023\/10\/Hedera-helix-Dedos-900x675.webp 900w, https:\/\/www.hedera-etc.com\/wp-content\/uploads\/2023\/10\/Hedera-helix-Dedos-768x576.webp 768w, https:\/\/www.hedera-etc.com\/wp-content\/uploads\/2023\/10\/Hedera-helix-Dedos.webp 1024w\" sizes=\"(max-width: 300px) 100vw, 300px\" \/><\/div>\n\t\t<\/a>\n\t\t\t\t<div class=\"elementor-post__text\">\n\t\t\t\t<h3 class=\"elementor-post__title\">\n\t\t\t<a href=\"https:\/\/www.hedera-etc.com\/de\/product\/hedera-helix-dedos\/\" target=\"&quot;_blank&quot;\">\n\t\t\t\t<em>Hedera helix<\/em> &lsquo;Dedos&rsquo; &#8211; Zier-Efeu\t\t\t<\/a>\n\t\t<\/h3>\n\t\t\t\t<div class=\"elementor-post__excerpt\">\n\t\t\t<p>Stark verzweigte Pflanze mit buschigem Wuchs. Braungr\u00fcne Triebe mit kurzen Internodien.<\/p> <p>Bl\u00e4tter bestehend aus 5 bis 7\t\t<\/div>\n\t\t\n\t\t<a class=\"elementor-post__read-more\" href=\"https:\/\/www.hedera-etc.com\/de\/product\/hedera-helix-dedos\/\" aria-label=\"Mehr \u00fcber &lt;em&gt;Hedera helix&lt;\/em&gt; &lsquo;Dedos&rsquo; &#8211; Lierre d&rsquo;ornement\" tabindex=\"-1\" target=\"_blank\">\n\t\t\tWeiterlesen \u00bb\t\t<\/a>\n\n\t\t\t\t<\/div>\n\t\t\t\t<\/article>\n\t\t\t\t<article class=\"elementor-post elementor-grid-item post-574 product type-product status-publish has-post-thumbnail product_cat-lierre entry has-media last instock purchasable product-type-variable has-default-attributes has-product-nav col span_1_of_4 owp-content-center item-entry owp-thumbs-layout-horizontal owp-btn-normal owp-tabs-layout-section\">\n\t\t\t\t<a class=\"elementor-post__thumbnail__link\" href=\"https:\/\/www.hedera-etc.com\/de\/product\/hedera-helix-denmark\/\" tabindex=\"-1\" target=\"&quot;_blank&quot;\">\n\t\t\t<div class=\"elementor-post__thumbnail\"><img loading=\"lazy\" decoding=\"async\" width=\"300\" height=\"225\" src=\"https:\/\/www.hedera-etc.com\/wp-content\/uploads\/2023\/10\/Hedera-helix-Denmark-300x225.webp\" class=\"attachment-medium size-medium wp-image-575\" alt=\"Hedera helix &#039;Denmark&#039;\" srcset=\"https:\/\/www.hedera-etc.com\/wp-content\/uploads\/2023\/10\/Hedera-helix-Denmark-300x225.webp 300w, https:\/\/www.hedera-etc.com\/wp-content\/uploads\/2023\/10\/Hedera-helix-Denmark-900x675.webp 900w, https:\/\/www.hedera-etc.com\/wp-content\/uploads\/2023\/10\/Hedera-helix-Denmark-768x576.webp 768w, https:\/\/www.hedera-etc.com\/wp-content\/uploads\/2023\/10\/Hedera-helix-Denmark.webp 1024w\" sizes=\"(max-width: 300px) 100vw, 300px\" \/><\/div>\n\t\t<\/a>\n\t\t\t\t<div class=\"elementor-post__text\">\n\t\t\t\t<h3 class=\"elementor-post__title\">\n\t\t\t<a href=\"https:\/\/www.hedera-etc.com\/de\/product\/hedera-helix-denmark\/\" target=\"&quot;_blank&quot;\">\n\t\t\t\t<em>Hedera helix<\/em> &lsquo;Denmark&rsquo; &#8211; Zier-Efeu\t\t\t<\/a>\n\t\t<\/h3>\n\t\t\t\t<div class=\"elementor-post__excerpt\">\n\t\t\t<p>Panaschierter Efeu, der schnell und kompakt w\u00e4chst.<\/p> <p>Mittelgr\u00fcne bis graugr\u00fcne Bl\u00e4tter mit cremewei\u00dfen R\u00e4ndern. Besteht aus 3\t\t<\/div>\n\t\t\n\t\t<a class=\"elementor-post__read-more\" href=\"https:\/\/www.hedera-etc.com\/de\/product\/hedera-helix-denmark\/\" aria-label=\"Mehr \u00fcber &lt;em&gt;Hedera helix&lt;\/em&gt; &lsquo;Denmark&rsquo; &#8211; Lierre d&rsquo;ornement\" tabindex=\"-1\" target=\"_blank\">\n\t\t\tWeiterlesen \u00bb\t\t<\/a>\n\n\t\t\t\t<\/div>\n\t\t\t\t<\/article>\n\t\t\t\t<article class=\"elementor-post elementor-grid-item post-376 product type-product status-publish has-post-thumbnail product_cat-lierre entry has-media first instock purchasable product-type-variable has-default-attributes has-product-nav col span_1_of_4 owp-content-center item-entry owp-thumbs-layout-horizontal owp-btn-normal owp-tabs-layout-section\">\n\t\t\t\t<a class=\"elementor-post__thumbnail__link\" href=\"https:\/\/www.hedera-etc.com\/de\/product\/hedera-helix-peppermint-adulte\/\" tabindex=\"-1\" target=\"&quot;_blank&quot;\">\n\t\t\t<div class=\"elementor-post__thumbnail\"><img loading=\"lazy\" decoding=\"async\" width=\"300\" height=\"225\" src=\"https:\/\/www.hedera-etc.com\/wp-content\/uploads\/2023\/11\/Hedera-helix-Peppermint-300x225.webp\" class=\"attachment-medium size-medium wp-image-2149\" alt=\"Hedera helix &#039;Peppermint&#039;\" srcset=\"https:\/\/www.hedera-etc.com\/wp-content\/uploads\/2023\/11\/Hedera-helix-Peppermint-300x225.webp 300w, https:\/\/www.hedera-etc.com\/wp-content\/uploads\/2023\/11\/Hedera-helix-Peppermint-900x675.webp 900w, https:\/\/www.hedera-etc.com\/wp-content\/uploads\/2023\/11\/Hedera-helix-Peppermint-768x576.webp 768w, https:\/\/www.hedera-etc.com\/wp-content\/uploads\/2023\/11\/Hedera-helix-Peppermint.webp 1024w\" sizes=\"(max-width: 300px) 100vw, 300px\" \/><\/div>\n\t\t<\/a>\n\t\t\t\t<div class=\"elementor-post__text\">\n\t\t\t\t<h3 class=\"elementor-post__title\">\n\t\t\t<a href=\"https:\/\/www.hedera-etc.com\/de\/product\/hedera-helix-peppermint-adulte\/\" target=\"&quot;_blank&quot;\">\n\t\t\t\t<em>Hedera helix<\/em> &lsquo;Peppermint&rsquo; ausgewachsener\t\t\t<\/a>\n\t\t<\/h3>\n\t\t\t\t<div class=\"elementor-post__excerpt\">\n\t\t\t<p>Weist ein wundersch\u00f6nes, dickes, panaschiertes Laub auf.<\/p> <p>Bl\u00e4tter, ungelappt oder dreilappig, gl\u00e4nzend dunkelgr\u00fcn, mit cremefarbenen Streifen und\t\t<\/div>\n\t\t\n\t\t<a class=\"elementor-post__read-more\" href=\"https:\/\/www.hedera-etc.com\/de\/product\/hedera-helix-peppermint-adulte\/\" aria-label=\"Mehr \u00fcber &lt;em&gt;Hedera helix&lt;\/em&gt; &lsquo;Peppermint&rsquo; adulte\" tabindex=\"-1\" target=\"_blank\">\n\t\t\tWeiterlesen \u00bb\t\t<\/a>\n\n\t\t\t\t<\/div>\n\t\t\t\t<\/article>\n\t\t\t\t<article class=\"elementor-post elementor-grid-item post-381 product type-product status-publish has-post-thumbnail product_cat-lierre entry has-media  instock purchasable product-type-variable has-default-attributes has-product-nav col span_1_of_4 owp-content-center item-entry owp-thumbs-layout-horizontal owp-btn-normal owp-tabs-layout-section has-no-thumbnails\">\n\t\t\t\t<a class=\"elementor-post__thumbnail__link\" href=\"https:\/\/www.hedera-etc.com\/de\/product\/hedera-helix-pittsburgh\/\" tabindex=\"-1\" target=\"&quot;_blank&quot;\">\n\t\t\t<div class=\"elementor-post__thumbnail\"><img loading=\"lazy\" decoding=\"async\" width=\"300\" height=\"225\" src=\"https:\/\/www.hedera-etc.com\/wp-content\/uploads\/2023\/10\/Hedera-helix-Pittsburgh-300x225.webp\" class=\"attachment-medium size-medium wp-image-382\" alt=\"Hedera helix &#039;Pittsburgh&#039;\" srcset=\"https:\/\/www.hedera-etc.com\/wp-content\/uploads\/2023\/10\/Hedera-helix-Pittsburgh-300x225.webp 300w, https:\/\/www.hedera-etc.com\/wp-content\/uploads\/2023\/10\/Hedera-helix-Pittsburgh-900x675.webp 900w, https:\/\/www.hedera-etc.com\/wp-content\/uploads\/2023\/10\/Hedera-helix-Pittsburgh-768x576.webp 768w, https:\/\/www.hedera-etc.com\/wp-content\/uploads\/2023\/10\/Hedera-helix-Pittsburgh.webp 1024w\" sizes=\"(max-width: 300px) 100vw, 300px\" \/><\/div>\n\t\t<\/a>\n\t\t\t\t<div class=\"elementor-post__text\">\n\t\t\t\t<h3 class=\"elementor-post__title\">\n\t\t\t<a href=\"https:\/\/www.hedera-etc.com\/de\/product\/hedera-helix-pittsburgh\/\" target=\"&quot;_blank&quot;\">\n\t\t\t\t<em>Hedera helix<\/em> &lsquo;Pittsburgh&rsquo; &#8211; Zier-Efeu\t\t\t<\/a>\n\t\t<\/h3>\n\t\t\t\t<div class=\"elementor-post__excerpt\">\n\t\t\t<p><strong><em>Hedera helix<\/em> \u2018Pittsburgh\u2019<\/strong> ist der Vater von sehr vielen verzweigten Kultivaren.<\/p> <p>Blatt mit dem Aussehen eines typischen Efeus mit 3 bis\t\t<\/div>\n\t\t\n\t\t<a class=\"elementor-post__read-more\" href=\"https:\/\/www.hedera-etc.com\/de\/product\/hedera-helix-pittsburgh\/\" aria-label=\"Mehr \u00fcber &lt;em&gt;Hedera helix&lt;\/em&gt; &lsquo;Pittsburgh&rsquo; &#8211; Lierre d&rsquo;ornement\" tabindex=\"-1\" target=\"_blank\">\n\t\t\tWeiterlesen \u00bb\t\t<\/a>\n\n\t\t\t\t<\/div>\n\t\t\t\t<\/article>\n\t\t\t\t<article class=\"elementor-post elementor-grid-item post-388 product type-product status-publish has-post-thumbnail product_cat-lierre entry has-media  instock purchasable product-type-variable has-default-attributes has-product-nav col span_1_of_4 owp-content-center item-entry owp-thumbs-layout-horizontal owp-btn-normal owp-tabs-layout-section\">\n\t\t\t\t<a class=\"elementor-post__thumbnail__link\" href=\"https:\/\/www.hedera-etc.com\/de\/product\/hedera-helix-very-merry\/\" tabindex=\"-1\" target=\"&quot;_blank&quot;\">\n\t\t\t<div class=\"elementor-post__thumbnail\"><img loading=\"lazy\" decoding=\"async\" width=\"300\" height=\"225\" src=\"https:\/\/www.hedera-etc.com\/wp-content\/uploads\/2023\/10\/Hedera-helix-Verry-Merry-300x225.webp\" class=\"attachment-medium size-medium wp-image-389\" alt=\"Hedera helix &#039;Very Merry&#039;\" srcset=\"https:\/\/www.hedera-etc.com\/wp-content\/uploads\/2023\/10\/Hedera-helix-Verry-Merry-300x225.webp 300w, https:\/\/www.hedera-etc.com\/wp-content\/uploads\/2023\/10\/Hedera-helix-Verry-Merry-768x576.webp 768w, https:\/\/www.hedera-etc.com\/wp-content\/uploads\/2023\/10\/Hedera-helix-Verry-Merry-600x450.jpg 600w, https:\/\/www.hedera-etc.com\/wp-content\/uploads\/2023\/10\/Hedera-helix-Verry-Merry.webp 839w\" sizes=\"(max-width: 300px) 100vw, 300px\" \/><\/div>\n\t\t<\/a>\n\t\t\t\t<div class=\"elementor-post__text\">\n\t\t\t\t<h3 class=\"elementor-post__title\">\n\t\t\t<a href=\"https:\/\/www.hedera-etc.com\/de\/product\/hedera-helix-very-merry\/\" target=\"&quot;_blank&quot;\">\n\t\t\t\t<em>Hedera helix<\/em> &lsquo;Very Merry&rsquo; &#8211; Zier-Efeu\t\t\t<\/a>\n\t\t<\/h3>\n\t\t\t\t<div class=\"elementor-post__excerpt\">\n\t\t\t<p>Kompakte, strauchartige Sorte mit eher bescheidener Entwicklung.<\/p> <p>Bl\u00e4tter, hellgr\u00fcn, klein, verkehrt eif\u00f6rmig oder elliptisch. Sehen aus wie ein L\u00f6ffel oder\t\t<\/div>\n\t\t\n\t\t<a class=\"elementor-post__read-more\" href=\"https:\/\/www.hedera-etc.com\/de\/product\/hedera-helix-very-merry\/\" aria-label=\"Mehr \u00fcber &lt;em&gt;Hedera helix&lt;\/em&gt; &lsquo;Very Merry&rsquo; &#8211; Lierre d&rsquo;ornement\" tabindex=\"-1\" target=\"_blank\">\n\t\t\tWeiterlesen \u00bb\t\t<\/a>\n\n\t\t\t\t<\/div>\n\t\t\t\t<\/article>\n\t\t\t\t<article class=\"elementor-post elementor-grid-item post-399 product type-product status-publish has-post-thumbnail product_cat-lierre entry has-media last outofstock product-type-variable has-product-nav col span_1_of_4 owp-content-center item-entry owp-thumbs-layout-horizontal owp-btn-normal owp-tabs-layout-section has-no-thumbnails\">\n\t\t\t\t<a class=\"elementor-post__thumbnail__link\" href=\"https:\/\/www.hedera-etc.com\/de\/product\/hedera-nepalensis-suzanne-adulte\/\" tabindex=\"-1\" target=\"&quot;_blank&quot;\">\n\t\t\t<div class=\"elementor-post__thumbnail\"><img loading=\"lazy\" decoding=\"async\" width=\"285\" height=\"300\" src=\"https:\/\/www.hedera-etc.com\/wp-content\/uploads\/2023\/10\/Hedera-nepalensis-suzanne-adulte-285x300.webp\" class=\"attachment-medium size-medium wp-image-400\" alt=\"Hedera nepalensis &#039;Suzanne&#039; ausgewachsener\" srcset=\"https:\/\/www.hedera-etc.com\/wp-content\/uploads\/2023\/10\/Hedera-nepalensis-suzanne-adulte-285x300.webp 285w, https:\/\/www.hedera-etc.com\/wp-content\/uploads\/2023\/10\/Hedera-nepalensis-suzanne-adulte.webp 597w\" sizes=\"(max-width: 285px) 100vw, 285px\" \/><\/div>\n\t\t<\/a>\n\t\t\t\t<div class=\"elementor-post__text\">\n\t\t\t\t<h3 class=\"elementor-post__title\">\n\t\t\t<a href=\"https:\/\/www.hedera-etc.com\/de\/product\/hedera-nepalensis-suzanne-adulte\/\" target=\"&quot;_blank&quot;\">\n\t\t\t\t<em>Hedera nepalensis<\/em> &lsquo;Suzanne&rsquo; ausgewachsener\t\t\t<\/a>\n\t\t<\/h3>\n\t\t\t\t<div class=\"elementor-post__excerpt\">\n\t\t\t<p>Ausgewachsener Efeu, der besonders wegen seiner Bl\u00fctenst\u00e4nde interessant ist.<\/p> <p>Bl\u00e4tter, dunkelgr\u00fcn, elliptisch, ohne Lappen nat\u00fcrlich wie die allermeisten\t\t<\/div>\n\t\t\n\t\t<a class=\"elementor-post__read-more\" href=\"https:\/\/www.hedera-etc.com\/de\/product\/hedera-nepalensis-suzanne-adulte\/\" aria-label=\"Mehr \u00fcber &lt;em&gt;Hedera nepalensis&lt;\/em&gt; &lsquo;Suzanne&rsquo; adulte\" tabindex=\"-1\" target=\"_blank\">\n\t\t\tWeiterlesen \u00bb\t\t<\/a>\n\n\t\t\t\t<\/div>\n\t\t\t\t<\/article>\n\t\t\t\t<article class=\"elementor-post elementor-grid-item post-406 product type-product status-publish has-post-thumbnail product_cat-lierre entry has-media first instock purchasable product-type-variable has-default-attributes has-product-nav col span_1_of_4 owp-content-center item-entry owp-thumbs-layout-horizontal owp-btn-normal owp-tabs-layout-section\">\n\t\t\t\t<a class=\"elementor-post__thumbnail__link\" href=\"https:\/\/www.hedera-etc.com\/de\/product\/hedera-helix-palmata-adulte\/\" tabindex=\"-1\" target=\"&quot;_blank&quot;\">\n\t\t\t<div class=\"elementor-post__thumbnail\"><img loading=\"lazy\" decoding=\"async\" width=\"300\" height=\"225\" src=\"https:\/\/www.hedera-etc.com\/wp-content\/uploads\/2023\/10\/Hedera-helix-\u2018Palmata-Adulte_2-300x225.webp\" class=\"attachment-medium size-medium wp-image-14801\" alt=\"Hedera helix \u2018Palmata Adult\u2019_3\" srcset=\"https:\/\/www.hedera-etc.com\/wp-content\/uploads\/2023\/10\/Hedera-helix-\u2018Palmata-Adulte_2-300x225.webp 300w, https:\/\/www.hedera-etc.com\/wp-content\/uploads\/2023\/10\/Hedera-helix-\u2018Palmata-Adulte_2-768x576.webp 768w, https:\/\/www.hedera-etc.com\/wp-content\/uploads\/2023\/10\/Hedera-helix-\u2018Palmata-Adulte_2.webp 900w\" sizes=\"(max-width: 300px) 100vw, 300px\" \/><\/div>\n\t\t<\/a>\n\t\t\t\t<div class=\"elementor-post__text\">\n\t\t\t\t<h3 class=\"elementor-post__title\">\n\t\t\t<a href=\"https:\/\/www.hedera-etc.com\/de\/product\/hedera-helix-palmata-adulte\/\" target=\"&quot;_blank&quot;\">\n\t\t\t\t<em>Hedera helix<\/em> &lsquo;Palmata&rsquo; ausgewachsener\t\t\t<\/a>\n\t\t<\/h3>\n\t\t\t\t<div class=\"elementor-post__excerpt\">\n\t\t\t<p><strong><em>Hedera helix<\/em> \u2018Palmata\u2019 (Palme)\u2019<\/strong>, Hier in der Erwachsenenform.<\/p> <p>Bl\u00e4tter, nicht gelappt, in einem l\u00e4nglichen F\u00e4cher. Dunkelgr\u00fcne Blattspreite, durchzogen von\t\t<\/div>\n\t\t\n\t\t<a class=\"elementor-post__read-more\" href=\"https:\/\/www.hedera-etc.com\/de\/product\/hedera-helix-palmata-adulte\/\" aria-label=\"Mehr \u00fcber &lt;em&gt;Hedera helix&lt;\/em&gt; &lsquo;Palmata&rsquo; adulte\" tabindex=\"-1\" target=\"_blank\">\n\t\t\tWeiterlesen \u00bb\t\t<\/a>\n\n\t\t\t\t<\/div>\n\t\t\t\t<\/article>\n\t\t\t\t<article class=\"elementor-post elementor-grid-item post-409 product type-product status-publish has-post-thumbnail product_cat-lierre entry has-media  instock purchasable product-type-variable has-default-attributes has-product-nav col span_1_of_4 owp-content-center item-entry owp-thumbs-layout-horizontal owp-btn-normal owp-tabs-layout-section\">\n\t\t\t\t<a class=\"elementor-post__thumbnail__link\" href=\"https:\/\/www.hedera-etc.com\/de\/product\/hedera-helix-butterfly\/\" tabindex=\"-1\" target=\"&quot;_blank&quot;\">\n\t\t\t<div class=\"elementor-post__thumbnail\"><img loading=\"lazy\" decoding=\"async\" width=\"300\" height=\"225\" src=\"https:\/\/www.hedera-etc.com\/wp-content\/uploads\/2023\/10\/Hedera-helix-Butterfly-300x225.webp\" class=\"attachment-medium size-medium wp-image-14794\" alt=\"Hedera helix &#039;Butterfly&#039;\" srcset=\"https:\/\/www.hedera-etc.com\/wp-content\/uploads\/2023\/10\/Hedera-helix-Butterfly-300x225.webp 300w, https:\/\/www.hedera-etc.com\/wp-content\/uploads\/2023\/10\/Hedera-helix-Butterfly-768x576.webp 768w, https:\/\/www.hedera-etc.com\/wp-content\/uploads\/2023\/10\/Hedera-helix-Butterfly.webp 900w\" sizes=\"(max-width: 300px) 100vw, 300px\" \/><\/div>\n\t\t<\/a>\n\t\t\t\t<div class=\"elementor-post__text\">\n\t\t\t\t<h3 class=\"elementor-post__title\">\n\t\t\t<a href=\"https:\/\/www.hedera-etc.com\/de\/product\/hedera-helix-butterfly\/\" target=\"&quot;_blank&quot;\">\n\t\t\t\t<em>Hedera helix<\/em> &lsquo;Butterfly&rsquo; &#8211; Zier-Efeu\t\t\t<\/a>\n\t\t<\/h3>\n\t\t\t\t<div class=\"elementor-post__excerpt\">\n\t\t\t<p>Miniatur-Efeu mit kleinen, panaschierten Bl\u00e4ttern.<\/p> <p>Aus 0 bis 3 spitzen, nach vorne gerichteten Lappen gebildet. Dunkelgr\u00fcne Blattspreite\t\t<\/div>\n\t\t\n\t\t<a class=\"elementor-post__read-more\" href=\"https:\/\/www.hedera-etc.com\/de\/product\/hedera-helix-butterfly\/\" aria-label=\"Mehr \u00fcber &lt;em&gt;Hedera helix&lt;\/em&gt; &lsquo;Butterfly&rsquo; &#8211; Lierre d&rsquo;ornement\" tabindex=\"-1\" target=\"_blank\">\n\t\t\tWeiterlesen \u00bb\t\t<\/a>\n\n\t\t\t\t<\/div>\n\t\t\t\t<\/article>\n\t\t\t\t<article class=\"elementor-post elementor-grid-item post-415 product type-product status-publish has-post-thumbnail product_cat-lierre entry has-media  instock product-type-variable has-default-attributes has-product-nav col span_1_of_4 owp-content-center item-entry owp-thumbs-layout-horizontal owp-btn-normal owp-tabs-layout-section\">\n\t\t\t\t<a class=\"elementor-post__thumbnail__link\" href=\"https:\/\/www.hedera-etc.com\/de\/product\/hedera-helix-can-can\/\" tabindex=\"-1\" target=\"&quot;_blank&quot;\">\n\t\t\t<div class=\"elementor-post__thumbnail\"><img loading=\"lazy\" decoding=\"async\" width=\"300\" height=\"225\" src=\"https:\/\/www.hedera-etc.com\/wp-content\/uploads\/2023\/10\/Hedera-helix-Can-Can-300x225.webp\" class=\"attachment-medium size-medium wp-image-416\" alt=\"Hedera helix &#039;Can Can&#039;\" srcset=\"https:\/\/www.hedera-etc.com\/wp-content\/uploads\/2023\/10\/Hedera-helix-Can-Can-300x225.webp 300w, https:\/\/www.hedera-etc.com\/wp-content\/uploads\/2023\/10\/Hedera-helix-Can-Can-900x675.webp 900w, https:\/\/www.hedera-etc.com\/wp-content\/uploads\/2023\/10\/Hedera-helix-Can-Can-768x576.webp 768w, https:\/\/www.hedera-etc.com\/wp-content\/uploads\/2023\/10\/Hedera-helix-Can-Can.webp 1024w\" sizes=\"(max-width: 300px) 100vw, 300px\" \/><\/div>\n\t\t<\/a>\n\t\t\t\t<div class=\"elementor-post__text\">\n\t\t\t\t<h3 class=\"elementor-post__title\">\n\t\t\t<a href=\"https:\/\/www.hedera-etc.com\/de\/product\/hedera-helix-can-can\/\" target=\"&quot;_blank&quot;\">\n\t\t\t\t<em>Hedera helix<\/em> &lsquo;Can Can&rsquo; &#8211; Zier-Efeu\t\t\t<\/a>\n\t\t<\/h3>\n\t\t\t\t<div class=\"elementor-post__excerpt\">\n\t\t\t<p>Scheint Petticoats zu tragen, \u00e4hnlich wie die M\u00e4dchen beim French Cancan.<\/p> <p>Dicke St\u00e4ngel, manchmal unf\u00f6rmig und\/oder faszienartig. Bl\u00e4tter scheinen\t\t<\/div>\n\t\t\n\t\t<a class=\"elementor-post__read-more\" href=\"https:\/\/www.hedera-etc.com\/de\/product\/hedera-helix-can-can\/\" aria-label=\"Mehr \u00fcber &lt;em&gt;Hedera helix&lt;\/em&gt; &lsquo;Can Can&rsquo; &#8211; Lierre d&rsquo;ornement\" tabindex=\"-1\" target=\"_blank\">\n\t\t\tWeiterlesen \u00bb\t\t<\/a>\n\n\t\t\t\t<\/div>\n\t\t\t\t<\/article>\n\t\t\t\t<article class=\"elementor-post elementor-grid-item post-421 product type-product status-publish has-post-thumbnail product_cat-lierre entry has-media last instock purchasable product-type-variable has-default-attributes has-product-nav col span_1_of_4 owp-content-center item-entry owp-thumbs-layout-horizontal owp-btn-normal owp-tabs-layout-section has-no-thumbnails\">\n\t\t\t\t<a class=\"elementor-post__thumbnail__link\" href=\"https:\/\/www.hedera-etc.com\/de\/product\/hedera-helix-celebrity\/\" tabindex=\"-1\" target=\"&quot;_blank&quot;\">\n\t\t\t<div class=\"elementor-post__thumbnail\"><img loading=\"lazy\" decoding=\"async\" width=\"221\" height=\"300\" src=\"https:\/\/www.hedera-etc.com\/wp-content\/uploads\/2023\/10\/Hedera-helix-Celebrity-221x300.webp\" class=\"attachment-medium size-medium wp-image-422\" alt=\"Hedera helix &#039;Celebrity&#039;\" srcset=\"https:\/\/www.hedera-etc.com\/wp-content\/uploads\/2023\/10\/Hedera-helix-Celebrity-221x300.webp 221w, https:\/\/www.hedera-etc.com\/wp-content\/uploads\/2023\/10\/Hedera-helix-Celebrity.webp 463w\" sizes=\"(max-width: 221px) 100vw, 221px\" \/><\/div>\n\t\t<\/a>\n\t\t\t\t<div class=\"elementor-post__text\">\n\t\t\t\t<h3 class=\"elementor-post__title\">\n\t\t\t<a href=\"https:\/\/www.hedera-etc.com\/de\/product\/hedera-helix-celebrity\/\" target=\"&quot;_blank&quot;\">\n\t\t\t\t<em>Hedera helix<\/em> &lsquo;Celebrity&rsquo; &#8211; Zier-Efeu\t\t\t<\/a>\n\t\t<\/h3>\n\t\t\t\t<div class=\"elementor-post__excerpt\">\n\t\t\t<p>Klassisch geformte Bl\u00e4tter, die jedoch anmutig panaschiert sind.<\/p> <p>Besteht aus 3 Lappen, die abgerundet sind, mit einem etwas spitzeren Endlappen.\t\t<\/div>\n\t\t\n\t\t<a class=\"elementor-post__read-more\" href=\"https:\/\/www.hedera-etc.com\/de\/product\/hedera-helix-celebrity\/\" aria-label=\"Mehr \u00fcber &lt;em&gt;Hedera helix&lt;\/em&gt; &lsquo;Celebrity&rsquo; &#8211; Lierre d&rsquo;ornement\" tabindex=\"-1\" target=\"_blank\">\n\t\t\tWeiterlesen \u00bb\t\t<\/a>\n\n\t\t\t\t<\/div>\n\t\t\t\t<\/article>\n\t\t\t\t<article class=\"elementor-post elementor-grid-item post-426 product type-product status-publish has-post-thumbnail product_cat-lierre entry has-media first outofstock product-type-variable has-default-attributes has-product-nav col span_1_of_4 owp-content-center item-entry owp-thumbs-layout-horizontal owp-btn-normal owp-tabs-layout-section has-no-thumbnails\">\n\t\t\t\t<a class=\"elementor-post__thumbnail__link\" href=\"https:\/\/www.hedera-etc.com\/de\/product\/hedera-helix-classy-lassie\/\" tabindex=\"-1\" target=\"&quot;_blank&quot;\">\n\t\t\t<div class=\"elementor-post__thumbnail\"><img loading=\"lazy\" decoding=\"async\" width=\"300\" height=\"225\" src=\"https:\/\/www.hedera-etc.com\/wp-content\/uploads\/2023\/10\/Hedera-helix-Classy-Lassie_2-300x225.webp\" class=\"attachment-medium size-medium wp-image-14783\" alt=\"Hedera helix &#039;Classy Lassie&#039;\" srcset=\"https:\/\/www.hedera-etc.com\/wp-content\/uploads\/2023\/10\/Hedera-helix-Classy-Lassie_2-300x225.webp 300w, https:\/\/www.hedera-etc.com\/wp-content\/uploads\/2023\/10\/Hedera-helix-Classy-Lassie_2-768x576.webp 768w, https:\/\/www.hedera-etc.com\/wp-content\/uploads\/2023\/10\/Hedera-helix-Classy-Lassie_2.webp 900w\" sizes=\"(max-width: 300px) 100vw, 300px\" \/><\/div>\n\t\t<\/a>\n\t\t\t\t<div class=\"elementor-post__text\">\n\t\t\t\t<h3 class=\"elementor-post__title\">\n\t\t\t<a href=\"https:\/\/www.hedera-etc.com\/de\/product\/hedera-helix-classy-lassie\/\" target=\"&quot;_blank&quot;\">\n\t\t\t\t<em>Hedera helix<\/em> &lsquo;Classy Lassie&rsquo; &#8211; Zier-Efeu\t\t\t<\/a>\n\t\t<\/h3>\n\t\t\t\t<div class=\"elementor-post__excerpt\">\n\t\t\t<p>Eine sehr h\u00fcbsche panaschierte Sorte, die garantiert alle Blicke auf sich zieht.<\/p> <p>Bl\u00e4tter bestehen aus 3 bis 5 flachen Lappen\t\t<\/div>\n\t\t\n\t\t<a class=\"elementor-post__read-more\" href=\"https:\/\/www.hedera-etc.com\/de\/product\/hedera-helix-classy-lassie\/\" aria-label=\"Mehr \u00fcber &lt;em&gt;Hedera helix&lt;\/em&gt; &lsquo;Classy Lassie&rsquo; &#8211; Lierre d&rsquo;ornement\" tabindex=\"-1\" target=\"_blank\">\n\t\t\tWeiterlesen \u00bb\t\t<\/a>\n\n\t\t\t\t<\/div>\n\t\t\t\t<\/article>\n\t\t\t\t<article class=\"elementor-post elementor-grid-item post-431 product type-product status-publish has-post-thumbnail product_cat-lierre entry has-media  instock purchasable product-type-variable has-default-attributes has-product-nav col span_1_of_4 owp-content-center item-entry owp-thumbs-layout-horizontal owp-btn-normal owp-tabs-layout-section\">\n\t\t\t\t<a class=\"elementor-post__thumbnail__link\" href=\"https:\/\/www.hedera-etc.com\/de\/product\/hedera-helix-clotted-cream\/\" tabindex=\"-1\" target=\"&quot;_blank&quot;\">\n\t\t\t<div class=\"elementor-post__thumbnail\"><img loading=\"lazy\" decoding=\"async\" width=\"300\" height=\"225\" src=\"https:\/\/www.hedera-etc.com\/wp-content\/uploads\/2023\/10\/Hedera-helix-Clotted-Cream-300x225.webp\" class=\"attachment-medium size-medium wp-image-432\" alt=\"Hedera helix &#039;Clotted Cream&#039;\" srcset=\"https:\/\/www.hedera-etc.com\/wp-content\/uploads\/2023\/10\/Hedera-helix-Clotted-Cream-300x225.webp 300w, https:\/\/www.hedera-etc.com\/wp-content\/uploads\/2023\/10\/Hedera-helix-Clotted-Cream-900x675.webp 900w, https:\/\/www.hedera-etc.com\/wp-content\/uploads\/2023\/10\/Hedera-helix-Clotted-Cream-768x576.webp 768w, https:\/\/www.hedera-etc.com\/wp-content\/uploads\/2023\/10\/Hedera-helix-Clotted-Cream.webp 1024w\" sizes=\"(max-width: 300px) 100vw, 300px\" \/><\/div>\n\t\t<\/a>\n\t\t\t\t<div class=\"elementor-post__text\">\n\t\t\t\t<h3 class=\"elementor-post__title\">\n\t\t\t<a href=\"https:\/\/www.hedera-etc.com\/de\/product\/hedera-helix-clotted-cream\/\" target=\"&quot;_blank&quot;\">\n\t\t\t\t<em>Hedera helix<\/em> &lsquo;Clotted Cream&rsquo; &#8211; Zier-Efeu\t\t\t<\/a>\n\t\t<\/h3>\n\t\t\t\t<div class=\"elementor-post__excerpt\">\n\t\t\t<p>Wundersch\u00f6ner, gewellter Efeu, der jedoch heikel zu kultivieren ist.<\/p> <p>Die Bl\u00e4tter sind mittelgro\u00df, bestehen aus 5 Lappen und sind h\u00fcbsch cremefarben gerandet. In\t\t<\/div>\n\t\t\n\t\t<a class=\"elementor-post__read-more\" href=\"https:\/\/www.hedera-etc.com\/de\/product\/hedera-helix-clotted-cream\/\" aria-label=\"Mehr \u00fcber &lt;em&gt;Hedera helix&lt;\/em&gt; &lsquo;Clotted Cream&rsquo; &#8211; Lierre d&rsquo;ornement\" tabindex=\"-1\" target=\"_blank\">\n\t\t\tWeiterlesen \u00bb\t\t<\/a>\n\n\t\t\t\t<\/div>\n\t\t\t\t<\/article>\n\t\t\t\t<article class=\"elementor-post elementor-grid-item post-437 product type-product status-publish has-post-thumbnail product_cat-lierre entry has-media  instock purchasable product-type-variable has-default-attributes has-product-nav col span_1_of_4 owp-content-center item-entry owp-thumbs-layout-horizontal owp-btn-normal owp-tabs-layout-section\">\n\t\t\t\t<a class=\"elementor-post__thumbnail__link\" href=\"https:\/\/www.hedera-etc.com\/de\/product\/hedera-helix-anne-borch\/\" tabindex=\"-1\" target=\"&quot;_blank&quot;\">\n\t\t\t<div class=\"elementor-post__thumbnail\"><img loading=\"lazy\" decoding=\"async\" width=\"300\" height=\"225\" src=\"https:\/\/www.hedera-etc.com\/wp-content\/uploads\/2023\/10\/Hedera-helix-Anne-Borch-300x225.webp\" class=\"attachment-medium size-medium wp-image-438\" alt=\"Hedera helix &#039;Anne Borch&#039;\" srcset=\"https:\/\/www.hedera-etc.com\/wp-content\/uploads\/2023\/10\/Hedera-helix-Anne-Borch-300x225.webp 300w, https:\/\/www.hedera-etc.com\/wp-content\/uploads\/2023\/10\/Hedera-helix-Anne-Borch-900x675.webp 900w, https:\/\/www.hedera-etc.com\/wp-content\/uploads\/2023\/10\/Hedera-helix-Anne-Borch-768x576.webp 768w, https:\/\/www.hedera-etc.com\/wp-content\/uploads\/2023\/10\/Hedera-helix-Anne-Borch.webp 1024w\" sizes=\"(max-width: 300px) 100vw, 300px\" \/><\/div>\n\t\t<\/a>\n\t\t\t\t<div class=\"elementor-post__text\">\n\t\t\t\t<h3 class=\"elementor-post__title\">\n\t\t\t<a href=\"https:\/\/www.hedera-etc.com\/de\/product\/hedera-helix-anne-borch\/\" target=\"&quot;_blank&quot;\">\n\t\t\t\t<em>Hedera helix<\/em> &lsquo;Anne Borch&rsquo; &#8211; Zier-Efeu\t\t\t<\/a>\n\t\t<\/h3>\n\t\t\t\t<div class=\"elementor-post__excerpt\">\n\t\t\t<p>Sieht aus wie <em>Hedera helix<\/em> \u2018Anne Marie\u2019, mit kleinerem Laub.<\/p> <p>Bl\u00e4tter bestehen aus 3 bis 5 Lappen an der\t\t<\/div>\n\t\t\n\t\t<a class=\"elementor-post__read-more\" href=\"https:\/\/www.hedera-etc.com\/de\/product\/hedera-helix-anne-borch\/\" aria-label=\"Mehr \u00fcber &lt;em&gt;Hedera helix&lt;\/em&gt; &lsquo;Anne Borch&rsquo; &#8211; Lierre d&rsquo;ornement\" tabindex=\"-1\" target=\"_blank\">\n\t\t\tWeiterlesen \u00bb\t\t<\/a>\n\n\t\t\t\t<\/div>\n\t\t\t\t<\/article>\n\t\t\t\t<article class=\"elementor-post elementor-grid-item post-443 product type-product status-publish has-post-thumbnail product_cat-lierre entry has-media last instock purchasable product-type-variable has-default-attributes has-product-nav col span_1_of_4 owp-content-center item-entry owp-thumbs-layout-horizontal owp-btn-normal owp-tabs-layout-section has-no-thumbnails\">\n\t\t\t\t<a class=\"elementor-post__thumbnail__link\" href=\"https:\/\/www.hedera-etc.com\/de\/product\/hedera-helix-appaloosa\/\" tabindex=\"-1\" target=\"&quot;_blank&quot;\">\n\t\t\t<div class=\"elementor-post__thumbnail\"><img loading=\"lazy\" decoding=\"async\" width=\"300\" height=\"225\" src=\"https:\/\/www.hedera-etc.com\/wp-content\/uploads\/2023\/10\/Hedera-helix-Appaloosa-300x225.webp\" class=\"attachment-medium size-medium wp-image-444\" alt=\"Hedera helix &#039;Appaloosa&#039;\" srcset=\"https:\/\/www.hedera-etc.com\/wp-content\/uploads\/2023\/10\/Hedera-helix-Appaloosa-300x225.webp 300w, https:\/\/www.hedera-etc.com\/wp-content\/uploads\/2023\/10\/Hedera-helix-Appaloosa-768x576.webp 768w, https:\/\/www.hedera-etc.com\/wp-content\/uploads\/2023\/10\/Hedera-helix-Appaloosa-600x450.jpg 600w, https:\/\/www.hedera-etc.com\/wp-content\/uploads\/2023\/10\/Hedera-helix-Appaloosa.webp 839w\" sizes=\"(max-width: 300px) 100vw, 300px\" \/><\/div>\n\t\t<\/a>\n\t\t\t\t<div class=\"elementor-post__text\">\n\t\t\t\t<h3 class=\"elementor-post__title\">\n\t\t\t<a href=\"https:\/\/www.hedera-etc.com\/de\/product\/hedera-helix-appaloosa\/\" target=\"&quot;_blank&quot;\">\n\t\t\t\t<em>Hedera helix<\/em> &lsquo;Appaloosa&rsquo; &#8211; Zier-Efeu\t\t\t<\/a>\n\t\t<\/h3>\n\t\t\t\t<div class=\"elementor-post__excerpt\">\n\t\t\t<p>Bekommt im Winter hellere Halos, die an das Fell dieser Pferderasse erinnern, daher der Name.<\/p> <p>Gekr\u00e4uselte Bl\u00e4tter\t\t<\/div>\n\t\t\n\t\t<a class=\"elementor-post__read-more\" href=\"https:\/\/www.hedera-etc.com\/de\/product\/hedera-helix-appaloosa\/\" aria-label=\"Mehr \u00fcber &lt;em&gt;Hedera helix&lt;\/em&gt; &lsquo;Appaloosa&rsquo; &#8211; Lierre d&rsquo;ornement\" tabindex=\"-1\" target=\"_blank\">\n\t\t\tWeiterlesen \u00bb\t\t<\/a>\n\n\t\t\t\t<\/div>\n\t\t\t\t<\/article>\n\t\t\t\t<article class=\"elementor-post elementor-grid-item post-448 product type-product status-publish has-post-thumbnail product_cat-lierre entry has-media first instock purchasable product-type-variable has-default-attributes has-product-nav col span_1_of_4 owp-content-center item-entry owp-thumbs-layout-horizontal owp-btn-normal owp-tabs-layout-section\">\n\t\t\t\t<a class=\"elementor-post__thumbnail__link\" href=\"https:\/\/www.hedera-etc.com\/de\/product\/hedera-helix-armel\/\" tabindex=\"-1\" target=\"&quot;_blank&quot;\">\n\t\t\t<div class=\"elementor-post__thumbnail\"><img loading=\"lazy\" decoding=\"async\" width=\"300\" height=\"224\" src=\"https:\/\/www.hedera-etc.com\/wp-content\/uploads\/2023\/10\/Hedera-helix-Armel_2_2-300x224.webp\" class=\"attachment-medium size-medium wp-image-12295\" alt=\"Hedera helix &#039;Armel&#039;\" srcset=\"https:\/\/www.hedera-etc.com\/wp-content\/uploads\/2023\/10\/Hedera-helix-Armel_2_2-300x224.webp 300w, https:\/\/www.hedera-etc.com\/wp-content\/uploads\/2023\/10\/Hedera-helix-Armel_2_2-900x673.webp 900w, https:\/\/www.hedera-etc.com\/wp-content\/uploads\/2023\/10\/Hedera-helix-Armel_2_2-1024x765.webp 1024w, https:\/\/www.hedera-etc.com\/wp-content\/uploads\/2023\/10\/Hedera-helix-Armel_2_2-768x574.webp 768w, https:\/\/www.hedera-etc.com\/wp-content\/uploads\/2023\/10\/Hedera-helix-Armel_2_2-1536x1148.webp 1536w, https:\/\/www.hedera-etc.com\/wp-content\/uploads\/2023\/10\/Hedera-helix-Armel_2_2-1320x987.webp 1320w, https:\/\/www.hedera-etc.com\/wp-content\/uploads\/2023\/10\/Hedera-helix-Armel_2_2.webp 1600w\" sizes=\"(max-width: 300px) 100vw, 300px\" \/><\/div>\n\t\t<\/a>\n\t\t\t\t<div class=\"elementor-post__text\">\n\t\t\t\t<h3 class=\"elementor-post__title\">\n\t\t\t<a href=\"https:\/\/www.hedera-etc.com\/de\/product\/hedera-helix-armel\/\" target=\"&quot;_blank&quot;\">\n\t\t\t\t<em>Hedera helix<\/em> &lsquo;Armel&rsquo; &#8211; Zier-Efeu\t\t\t<\/a>\n\t\t<\/h3>\n\t\t\t\t<div class=\"elementor-post__excerpt\">\n\t\t\t<p>Klon, der in der Natur geerntet wurde. Wahrscheinlich einer der farbenpr\u00e4chtigsten Klone, die es gibt teuer <em>Hedera helix<\/em>. Er nimmt ,\t\t<\/div>\n\t\t\n\t\t<a class=\"elementor-post__read-more\" href=\"https:\/\/www.hedera-etc.com\/de\/product\/hedera-helix-armel\/\" aria-label=\"Mehr \u00fcber &lt;em&gt;Hedera helix&lt;\/em&gt; &lsquo;Armel&rsquo; &#8211; Lierre d&rsquo;ornement\" tabindex=\"-1\" target=\"_blank\">\n\t\t\tWeiterlesen \u00bb\t\t<\/a>\n\n\t\t\t\t<\/div>\n\t\t\t\t<\/article>\n\t\t\t\t<article class=\"elementor-post elementor-grid-item post-456 product type-product status-publish has-post-thumbnail product_cat-lierre entry has-media  instock purchasable product-type-variable has-default-attributes has-product-nav col span_1_of_4 owp-content-center item-entry owp-thumbs-layout-horizontal owp-btn-normal owp-tabs-layout-section\">\n\t\t\t\t<a class=\"elementor-post__thumbnail__link\" href=\"https:\/\/www.hedera-etc.com\/de\/product\/hedera-helix-arran\/\" tabindex=\"-1\" target=\"&quot;_blank&quot;\">\n\t\t\t<div class=\"elementor-post__thumbnail\"><img loading=\"lazy\" decoding=\"async\" width=\"300\" height=\"225\" src=\"https:\/\/www.hedera-etc.com\/wp-content\/uploads\/2023\/10\/Hedera-helix-Arran-300x225.webp\" class=\"attachment-medium size-medium wp-image-457\" alt=\"Hedera helix &#039;Arran&#039;\" srcset=\"https:\/\/www.hedera-etc.com\/wp-content\/uploads\/2023\/10\/Hedera-helix-Arran-300x225.webp 300w, https:\/\/www.hedera-etc.com\/wp-content\/uploads\/2023\/10\/Hedera-helix-Arran-900x675.webp 900w, https:\/\/www.hedera-etc.com\/wp-content\/uploads\/2023\/10\/Hedera-helix-Arran-768x576.webp 768w, https:\/\/www.hedera-etc.com\/wp-content\/uploads\/2023\/10\/Hedera-helix-Arran.webp 1024w\" sizes=\"(max-width: 300px) 100vw, 300px\" \/><\/div>\n\t\t<\/a>\n\t\t\t\t<div class=\"elementor-post__text\">\n\t\t\t\t<h3 class=\"elementor-post__title\">\n\t\t\t<a href=\"https:\/\/www.hedera-etc.com\/de\/product\/hedera-helix-arran\/\" target=\"&quot;_blank&quot;\">\n\t\t\t\t<em>Hedera helix<\/em> &lsquo;Arran&rsquo; &#8211; Zier-Efeu\t\t\t<\/a>\n\t\t<\/h3>\n\t\t\t\t<div class=\"elementor-post__excerpt\">\n\t\t\t<p>Aufgrund seiner geografischen Herkunft einer der winterh\u00e4rtesten Efeuarten.<\/p> <p>Bl\u00e4tter, eher klein, dreilappig mit einem Endlappen\t\t<\/div>\n\t\t\n\t\t<a class=\"elementor-post__read-more\" href=\"https:\/\/www.hedera-etc.com\/de\/product\/hedera-helix-arran\/\" aria-label=\"Mehr \u00fcber &lt;em&gt;Hedera helix&lt;\/em&gt; &lsquo;Arran&rsquo; &#8211; Lierre d&rsquo;ornement\" tabindex=\"-1\" target=\"_blank\">\n\t\t\tWeiterlesen \u00bb\t\t<\/a>\n\n\t\t\t\t<\/div>\n\t\t\t\t<\/article>\n\t\t\t\t<article class=\"elementor-post elementor-grid-item post-461 product type-product status-publish has-post-thumbnail product_cat-lierre entry has-media  instock purchasable product-type-variable has-default-attributes has-product-nav col span_1_of_4 owp-content-center item-entry owp-thumbs-layout-horizontal owp-btn-normal owp-tabs-layout-section\">\n\t\t\t\t<a class=\"elementor-post__thumbnail__link\" href=\"https:\/\/www.hedera-etc.com\/de\/product\/hedera-helix-aureovariegata\/\" tabindex=\"-1\" target=\"&quot;_blank&quot;\">\n\t\t\t<div class=\"elementor-post__thumbnail\"><img loading=\"lazy\" decoding=\"async\" width=\"300\" height=\"225\" src=\"https:\/\/www.hedera-etc.com\/wp-content\/uploads\/2023\/10\/Hedera-helix-Aureovariegata-2-300x225.webp\" class=\"attachment-medium size-medium wp-image-15210\" alt=\"Hedera helix &#039;Aureovariegata&#039;-2\" srcset=\"https:\/\/www.hedera-etc.com\/wp-content\/uploads\/2023\/10\/Hedera-helix-Aureovariegata-2-300x225.webp 300w, https:\/\/www.hedera-etc.com\/wp-content\/uploads\/2023\/10\/Hedera-helix-Aureovariegata-2-900x675.webp 900w, https:\/\/www.hedera-etc.com\/wp-content\/uploads\/2023\/10\/Hedera-helix-Aureovariegata-2-768x576.webp 768w, https:\/\/www.hedera-etc.com\/wp-content\/uploads\/2023\/10\/Hedera-helix-Aureovariegata-2.webp 1024w\" sizes=\"(max-width: 300px) 100vw, 300px\" \/><\/div>\n\t\t<\/a>\n\t\t\t\t<div class=\"elementor-post__text\">\n\t\t\t\t<h3 class=\"elementor-post__title\">\n\t\t\t<a href=\"https:\/\/www.hedera-etc.com\/de\/product\/hedera-helix-aureovariegata\/\" target=\"&quot;_blank&quot;\">\n\t\t\t\t<em>Hedera helix<\/em> &lsquo;Aureovariegata&rsquo; &#8211; Zier-Efeu\t\t\t<\/a>\n\t\t<\/h3>\n\t\t\t\t<div class=\"elementor-post__excerpt\">\n\t\t\t<p>Einer der \u00e4ltesten bekannten panaschierten Efeu, der bereits um 1770 in England beschrieben wurde.<\/p> <p>Ziemlich kleine Bl\u00e4tter, die entweder dreilappig oder deltoid sind,\t\t<\/div>\n\t\t\n\t\t<a class=\"elementor-post__read-more\" href=\"https:\/\/www.hedera-etc.com\/de\/product\/hedera-helix-aureovariegata\/\" aria-label=\"Mehr \u00fcber &lt;em&gt;Hedera helix&lt;\/em&gt; &lsquo;Aureovariegata&rsquo; &#8211; Lierre d&rsquo;ornement\" tabindex=\"-1\" target=\"_blank\">\n\t\t\tWeiterlesen \u00bb\t\t<\/a>\n\n\t\t\t\t<\/div>\n\t\t\t\t<\/article>\n\t\t\t\t<article class=\"elementor-post elementor-grid-item post-468 product type-product status-publish has-post-thumbnail product_cat-lierre entry has-media last instock purchasable product-type-variable has-default-attributes has-product-nav col span_1_of_4 owp-content-center item-entry owp-thumbs-layout-horizontal owp-btn-normal owp-tabs-layout-section\">\n\t\t\t\t<a class=\"elementor-post__thumbnail__link\" href=\"https:\/\/www.hedera-etc.com\/de\/product\/hedera-helix-avon\/\" tabindex=\"-1\" target=\"&quot;_blank&quot;\">\n\t\t\t<div class=\"elementor-post__thumbnail\"><img loading=\"lazy\" decoding=\"async\" width=\"300\" height=\"225\" src=\"https:\/\/www.hedera-etc.com\/wp-content\/uploads\/2023\/10\/Hedera-helix-Avon-300x225.webp\" class=\"attachment-medium size-medium wp-image-469\" alt=\"Hedera helix &#039;Avon&#039;\" srcset=\"https:\/\/www.hedera-etc.com\/wp-content\/uploads\/2023\/10\/Hedera-helix-Avon-300x225.webp 300w, https:\/\/www.hedera-etc.com\/wp-content\/uploads\/2023\/10\/Hedera-helix-Avon-900x675.webp 900w, https:\/\/www.hedera-etc.com\/wp-content\/uploads\/2023\/10\/Hedera-helix-Avon-768x576.webp 768w, https:\/\/www.hedera-etc.com\/wp-content\/uploads\/2023\/10\/Hedera-helix-Avon.webp 1024w\" sizes=\"(max-width: 300px) 100vw, 300px\" \/><\/div>\n\t\t<\/a>\n\t\t\t\t<div class=\"elementor-post__text\">\n\t\t\t\t<h3 class=\"elementor-post__title\">\n\t\t\t<a href=\"https:\/\/www.hedera-etc.com\/de\/product\/hedera-helix-avon\/\" target=\"&quot;_blank&quot;\">\n\t\t\t\t<em>Hedera helix<\/em> &lsquo;Avon&rsquo; &#8211; Zier-Efeu\t\t\t<\/a>\n\t\t<\/h3>\n\t\t\t\t<div class=\"elementor-post__excerpt\">\n\t\t\t<p>Geh\u00f6rt zu den schnell wachsenden Efeuarten, die sich in der Sonne wohlf\u00fchlen.<\/p> <p>Bl\u00e4tter, mittelgro\u00df, bestehend aus 3\t\t<\/div>\n\t\t\n\t\t<a class=\"elementor-post__read-more\" href=\"https:\/\/www.hedera-etc.com\/de\/product\/hedera-helix-avon\/\" aria-label=\"Mehr \u00fcber &lt;em&gt;Hedera helix&lt;\/em&gt; &lsquo;Avon&rsquo; &#8211; Lierre d&rsquo;ornement\" tabindex=\"-1\" target=\"_blank\">\n\t\t\tWeiterlesen \u00bb\t\t<\/a>\n\n\t\t\t\t<\/div>\n\t\t\t\t<\/article>\n\t\t\t\t<article class=\"elementor-post elementor-grid-item post-477 product type-product status-publish has-post-thumbnail product_cat-lierre entry has-media first outofstock product-type-variable has-default-attributes has-product-nav col span_1_of_4 owp-content-center item-entry owp-thumbs-layout-horizontal owp-btn-normal owp-tabs-layout-section has-no-thumbnails\">\n\t\t\t\t<a class=\"elementor-post__thumbnail__link\" href=\"https:\/\/www.hedera-etc.com\/de\/product\/hedera-helix-baby-gold-dust-mutation\/\" tabindex=\"-1\" target=\"&quot;_blank&quot;\">\n\t\t\t<div class=\"elementor-post__thumbnail\"><img loading=\"lazy\" decoding=\"async\" width=\"300\" height=\"225\" src=\"https:\/\/www.hedera-etc.com\/wp-content\/uploads\/2023\/10\/Hedera-helix-\u2018Baby-Gold-Dust-Mutation-300x225.webp\" class=\"attachment-medium size-medium wp-image-3664\" alt=\"Hedera helix &#039;Baby Gold Dust&#039; Ver\u00e4nderung\" srcset=\"https:\/\/www.hedera-etc.com\/wp-content\/uploads\/2023\/10\/Hedera-helix-\u2018Baby-Gold-Dust-Mutation-300x225.webp 300w, https:\/\/www.hedera-etc.com\/wp-content\/uploads\/2023\/10\/Hedera-helix-\u2018Baby-Gold-Dust-Mutation-900x675.webp 900w, https:\/\/www.hedera-etc.com\/wp-content\/uploads\/2023\/10\/Hedera-helix-\u2018Baby-Gold-Dust-Mutation-768x576.webp 768w, https:\/\/www.hedera-etc.com\/wp-content\/uploads\/2023\/10\/Hedera-helix-\u2018Baby-Gold-Dust-Mutation.webp 1024w\" sizes=\"(max-width: 300px) 100vw, 300px\" \/><\/div>\n\t\t<\/a>\n\t\t\t\t<div class=\"elementor-post__text\">\n\t\t\t\t<h3 class=\"elementor-post__title\">\n\t\t\t<a href=\"https:\/\/www.hedera-etc.com\/de\/product\/hedera-helix-baby-gold-dust-mutation\/\" target=\"&quot;_blank&quot;\">\n\t\t\t\t<em>Hedera helix<\/em> &lsquo;Baby Gold Dust&rsquo; Ver\u00e4nderung &#8211; Zier-Efeu\t\t\t<\/a>\n\t\t<\/h3>\n\t\t\t\t<div class=\"elementor-post__excerpt\">\n\t\t\t<p>Mutation von \u2018Baby Gold Dust\u2019, die in unserer G\u00e4rtnerei aufgetreten ist.<\/p> <p>Die Bl\u00e4tter sind manchmal nicht gelappt, manchmal dreilappig. In der ersten\t\t<\/div>\n\t\t\n\t\t<a class=\"elementor-post__read-more\" href=\"https:\/\/www.hedera-etc.com\/de\/product\/hedera-helix-baby-gold-dust-mutation\/\" aria-label=\"Mehr \u00fcber &lt;em&gt;Hedera helix&lt;\/em&gt; &lsquo;Baby Gold Dust&rsquo; mutation &#8211; Lierre d&rsquo;ornement\" tabindex=\"-1\" target=\"_blank\">\n\t\t\tWeiterlesen \u00bb\t\t<\/a>\n\n\t\t\t\t<\/div>\n\t\t\t\t<\/article>\n\t\t\t\t<article class=\"elementor-post elementor-grid-item post-481 product type-product status-publish has-post-thumbnail product_cat-lierre entry has-media  instock purchasable product-type-variable has-default-attributes has-product-nav col span_1_of_4 owp-content-center item-entry owp-thumbs-layout-horizontal owp-btn-normal owp-tabs-layout-section\">\n\t\t\t\t<a class=\"elementor-post__thumbnail__link\" href=\"https:\/\/www.hedera-etc.com\/de\/product\/hedera-hibernica-big-shot\/\" tabindex=\"-1\" target=\"&quot;_blank&quot;\">\n\t\t\t<div class=\"elementor-post__thumbnail\"><img loading=\"lazy\" decoding=\"async\" width=\"300\" height=\"225\" src=\"https:\/\/www.hedera-etc.com\/wp-content\/uploads\/2023\/10\/Hedera-helix-Big-Shot_3-300x225.webp\" class=\"attachment-medium size-medium wp-image-489\" alt=\"Hedera hibernica &#039;Big Shot&#039;\" srcset=\"https:\/\/www.hedera-etc.com\/wp-content\/uploads\/2023\/10\/Hedera-helix-Big-Shot_3-300x225.webp 300w, https:\/\/www.hedera-etc.com\/wp-content\/uploads\/2023\/10\/Hedera-helix-Big-Shot_3-900x675.webp 900w, https:\/\/www.hedera-etc.com\/wp-content\/uploads\/2023\/10\/Hedera-helix-Big-Shot_3-1024x768.webp 1024w, https:\/\/www.hedera-etc.com\/wp-content\/uploads\/2023\/10\/Hedera-helix-Big-Shot_3-768x576.webp 768w, https:\/\/www.hedera-etc.com\/wp-content\/uploads\/2023\/10\/Hedera-helix-Big-Shot_3.webp 1200w\" sizes=\"(max-width: 300px) 100vw, 300px\" \/><\/div>\n\t\t<\/a>\n\t\t\t\t<div class=\"elementor-post__text\">\n\t\t\t\t<h3 class=\"elementor-post__title\">\n\t\t\t<a href=\"https:\/\/www.hedera-etc.com\/de\/product\/hedera-hibernica-big-shot\/\" target=\"&quot;_blank&quot;\">\n\t\t\t\t<em>Hedera hibernica<\/em> &lsquo;Big Shot&rsquo; &#8211; Zier-Efeu\t\t\t<\/a>\n\t\t<\/h3>\n\t\t\t\t<div class=\"elementor-post__excerpt\">\n\t\t\t<p>Besonders kr\u00e4ftiger Efeu, vergleichbar mit dem Efeu aus Kolchis.<\/p> <p>Herzf\u00f6rmiges Blatt, das aber auch eine ovale Form haben kann,\t\t<\/div>\n\t\t\n\t\t<a class=\"elementor-post__read-more\" href=\"https:\/\/www.hedera-etc.com\/de\/product\/hedera-hibernica-big-shot\/\" aria-label=\"Mehr \u00fcber &lt;em&gt;Hedera hibernica&lt;\/em&gt; &lsquo;Big Shot&rsquo; &#8211; Lierre d&rsquo;ornement\" tabindex=\"-1\" target=\"_blank\">\n\t\t\tWeiterlesen \u00bb\t\t<\/a>\n\n\t\t\t\t<\/div>\n\t\t\t\t<\/article>\n\t\t\t\t<article class=\"elementor-post elementor-grid-item post-492 product type-product status-publish has-post-thumbnail product_cat-lierre entry has-media  instock purchasable product-type-variable has-default-attributes has-product-nav col span_1_of_4 owp-content-center item-entry owp-thumbs-layout-horizontal owp-btn-normal owp-tabs-layout-section has-no-thumbnails\">\n\t\t\t\t<a class=\"elementor-post__thumbnail__link\" href=\"https:\/\/www.hedera-etc.com\/de\/product\/hedera-algeriensis-bowless-ox-heart-adulte\/\" tabindex=\"-1\" target=\"&quot;_blank&quot;\">\n\t\t\t<div class=\"elementor-post__thumbnail\"><img loading=\"lazy\" decoding=\"async\" width=\"300\" height=\"225\" src=\"https:\/\/www.hedera-etc.com\/wp-content\/uploads\/2023\/10\/Hedera-algeriensis-Bowles-Ox-Heart-adulte-300x225.webp\" class=\"attachment-medium size-medium wp-image-3663\" alt=\"Hedera algeriensis &#039;Bowles&#039;s Ox Heart&#039; ausgewachsener\" srcset=\"https:\/\/www.hedera-etc.com\/wp-content\/uploads\/2023\/10\/Hedera-algeriensis-Bowles-Ox-Heart-adulte-300x225.webp 300w, https:\/\/www.hedera-etc.com\/wp-content\/uploads\/2023\/10\/Hedera-algeriensis-Bowles-Ox-Heart-adulte-900x675.webp 900w, https:\/\/www.hedera-etc.com\/wp-content\/uploads\/2023\/10\/Hedera-algeriensis-Bowles-Ox-Heart-adulte-768x576.webp 768w, https:\/\/www.hedera-etc.com\/wp-content\/uploads\/2023\/10\/Hedera-algeriensis-Bowles-Ox-Heart-adulte.webp 1024w\" sizes=\"(max-width: 300px) 100vw, 300px\" \/><\/div>\n\t\t<\/a>\n\t\t\t\t<div class=\"elementor-post__text\">\n\t\t\t\t<h3 class=\"elementor-post__title\">\n\t\t\t<a href=\"https:\/\/www.hedera-etc.com\/de\/product\/hedera-algeriensis-bowless-ox-heart-adulte\/\" target=\"&quot;_blank&quot;\">\n\t\t\t\t<em>Hedera algeriensis<\/em> &lsquo;Bowles&rsquo;s Ox Heart&rsquo; &#8211; Ausgewachsener Efeu\t\t\t<\/a>\n\t\t<\/h3>\n\t\t\t\t<div class=\"elementor-post__excerpt\">\n\t\t\t<p>Nimmt nach dem Aufstellen viel Platz im Garten ein.<\/p> <p>Ungelappte, sehr breite Bl\u00e4tter, sicherlich eine der gr\u00f6\u00dften\t\t<\/div>\n\t\t\n\t\t<a class=\"elementor-post__read-more\" href=\"https:\/\/www.hedera-etc.com\/de\/product\/hedera-algeriensis-bowless-ox-heart-adulte\/\" aria-label=\"Mehr \u00fcber &lt;em&gt;Hedera algeriensis&lt;\/em&gt; &lsquo;Bowles&rsquo;s Ox Heart&rsquo; &#8211; Lierre adulte\" tabindex=\"-1\" target=\"_blank\">\n\t\t\tWeiterlesen \u00bb\t\t<\/a>\n\n\t\t\t\t<\/div>\n\t\t\t\t<\/article>\n\t\t\t\t<article class=\"elementor-post elementor-grid-item post-495 product type-product status-publish has-post-thumbnail product_cat-lierre entry has-media last instock purchasable product-type-variable has-default-attributes has-product-nav col span_1_of_4 owp-content-center item-entry owp-thumbs-layout-horizontal owp-btn-normal owp-tabs-layout-section has-no-thumbnails\">\n\t\t\t\t<a class=\"elementor-post__thumbnail__link\" href=\"https:\/\/www.hedera-etc.com\/de\/product\/hedera-helix-brahms\/\" tabindex=\"-1\" target=\"&quot;_blank&quot;\">\n\t\t\t<div class=\"elementor-post__thumbnail\"><img loading=\"lazy\" decoding=\"async\" width=\"300\" height=\"224\" src=\"https:\/\/www.hedera-etc.com\/wp-content\/uploads\/2023\/10\/Hedera-helix-Brahms-300x224.webp\" class=\"attachment-medium size-medium wp-image-496\" alt=\"Hedera helix &#039;Brahms&#039;\" srcset=\"https:\/\/www.hedera-etc.com\/wp-content\/uploads\/2023\/10\/Hedera-helix-Brahms-300x224.webp 300w, https:\/\/www.hedera-etc.com\/wp-content\/uploads\/2023\/10\/Hedera-helix-Brahms-768x574.webp 768w, https:\/\/www.hedera-etc.com\/wp-content\/uploads\/2023\/10\/Hedera-helix-Brahms.webp 900w\" sizes=\"(max-width: 300px) 100vw, 300px\" \/><\/div>\n\t\t<\/a>\n\t\t\t\t<div class=\"elementor-post__text\">\n\t\t\t\t<h3 class=\"elementor-post__title\">\n\t\t\t<a href=\"https:\/\/www.hedera-etc.com\/de\/product\/hedera-helix-brahms\/\" target=\"&quot;_blank&quot;\">\n\t\t\t\t<em>Hedera helix<\/em> &lsquo;Brahms&rsquo; &#8211; Zier-Efeu\t\t\t<\/a>\n\t\t<\/h3>\n\t\t\t\t<div class=\"elementor-post__excerpt\">\n\t\t\t<p>Weist ein absolut harmonisches Erscheinungsbild auf, daher wahrscheinlich auch der Name ...<\/p> <p>Sch\u00f6ne Sorte mit breiten gr\u00fcnen Bl\u00e4ttern, mit 5\t\t<\/div>\n\t\t\n\t\t<a class=\"elementor-post__read-more\" href=\"https:\/\/www.hedera-etc.com\/de\/product\/hedera-helix-brahms\/\" aria-label=\"Mehr \u00fcber &lt;em&gt;Hedera helix&lt;\/em&gt; &lsquo;Brahms&rsquo; &#8211; Lierre d&rsquo;ornement\" tabindex=\"-1\" target=\"_blank\">\n\t\t\tWeiterlesen \u00bb\t\t<\/a>\n\n\t\t\t\t<\/div>\n\t\t\t\t<\/article>\n\t\t\t\t<article class=\"elementor-post elementor-grid-item post-499 product type-product status-publish has-post-thumbnail product_cat-lierre entry has-media first instock purchasable product-type-variable has-default-attributes has-product-nav col span_1_of_4 owp-content-center item-entry owp-thumbs-layout-horizontal owp-btn-normal owp-tabs-layout-section has-no-thumbnails\">\n\t\t\t\t<a class=\"elementor-post__thumbnail__link\" href=\"https:\/\/www.hedera-etc.com\/de\/product\/hedera-helix-brokamp\/\" tabindex=\"-1\" target=\"&quot;_blank&quot;\">\n\t\t\t<div class=\"elementor-post__thumbnail\"><img loading=\"lazy\" decoding=\"async\" width=\"300\" height=\"218\" src=\"https:\/\/www.hedera-etc.com\/wp-content\/uploads\/2023\/10\/Hedera-helix-Brokamp_2-300x218.webp\" class=\"attachment-medium size-medium wp-image-14729\" alt=\"Hedera helix &#039;Brokamp&#039;\" srcset=\"https:\/\/www.hedera-etc.com\/wp-content\/uploads\/2023\/10\/Hedera-helix-Brokamp_2-300x218.webp 300w, https:\/\/www.hedera-etc.com\/wp-content\/uploads\/2023\/10\/Hedera-helix-Brokamp_2-900x655.webp 900w, https:\/\/www.hedera-etc.com\/wp-content\/uploads\/2023\/10\/Hedera-helix-Brokamp_2-768x559.webp 768w, https:\/\/www.hedera-etc.com\/wp-content\/uploads\/2023\/10\/Hedera-helix-Brokamp_2.webp 970w\" sizes=\"(max-width: 300px) 100vw, 300px\" \/><\/div>\n\t\t<\/a>\n\t\t\t\t<div class=\"elementor-post__text\">\n\t\t\t\t<h3 class=\"elementor-post__title\">\n\t\t\t<a href=\"https:\/\/www.hedera-etc.com\/de\/product\/hedera-helix-brokamp\/\" target=\"&quot;_blank&quot;\">\n\t\t\t\t<em>Hedera helix<\/em> &lsquo;Brokamp&rsquo; &#8211; Zier-Efeu\t\t\t<\/a>\n\t\t<\/h3>\n\t\t\t\t<div class=\"elementor-post__excerpt\">\n\t\t\t<p>Bl\u00e4tter, die in ihrer Form an Weiden erinnern.<\/p> <p>lanzettlich bis oval, an der Spitze mehr oder weniger spitz, einige schmal, andere\t\t<\/div>\n\t\t\n\t\t<a class=\"elementor-post__read-more\" href=\"https:\/\/www.hedera-etc.com\/de\/product\/hedera-helix-brokamp\/\" aria-label=\"Mehr \u00fcber &lt;em&gt;Hedera helix&lt;\/em&gt; &lsquo;Brokamp&rsquo; &#8211; Lierre d&rsquo;ornement\" tabindex=\"-1\" target=\"_blank\">\n\t\t\tWeiterlesen \u00bb\t\t<\/a>\n\n\t\t\t\t<\/div>\n\t\t\t\t<\/article>\n\t\t\t\t<article class=\"elementor-post elementor-grid-item post-504 product type-product status-publish has-post-thumbnail product_cat-lierre entry has-media  instock purchasable product-type-variable has-default-attributes has-product-nav col span_1_of_4 owp-content-center item-entry owp-thumbs-layout-horizontal owp-btn-normal owp-tabs-layout-section has-no-thumbnails\">\n\t\t\t\t<a class=\"elementor-post__thumbnail__link\" href=\"https:\/\/www.hedera-etc.com\/de\/product\/hedera-helix-caenwoodiana-aurea\/\" tabindex=\"-1\" target=\"&quot;_blank&quot;\">\n\t\t\t<div class=\"elementor-post__thumbnail\"><img loading=\"lazy\" decoding=\"async\" width=\"300\" height=\"226\" src=\"https:\/\/www.hedera-etc.com\/wp-content\/uploads\/2023\/10\/Hedera-helix-Caenwoodiana-Aurea_2-300x226.webp\" class=\"attachment-medium size-medium wp-image-14731\" alt=\"Hedera helix &#039;Caenwoodiana Aurea&#039;\" srcset=\"https:\/\/www.hedera-etc.com\/wp-content\/uploads\/2023\/10\/Hedera-helix-Caenwoodiana-Aurea_2-300x226.webp 300w, https:\/\/www.hedera-etc.com\/wp-content\/uploads\/2023\/10\/Hedera-helix-Caenwoodiana-Aurea_2-900x677.webp 900w, https:\/\/www.hedera-etc.com\/wp-content\/uploads\/2023\/10\/Hedera-helix-Caenwoodiana-Aurea_2-1024x770.webp 1024w, https:\/\/www.hedera-etc.com\/wp-content\/uploads\/2023\/10\/Hedera-helix-Caenwoodiana-Aurea_2-768x578.webp 768w, https:\/\/www.hedera-etc.com\/wp-content\/uploads\/2023\/10\/Hedera-helix-Caenwoodiana-Aurea_2.webp 1258w\" sizes=\"(max-width: 300px) 100vw, 300px\" \/><\/div>\n\t\t<\/a>\n\t\t\t\t<div class=\"elementor-post__text\">\n\t\t\t\t<h3 class=\"elementor-post__title\">\n\t\t\t<a href=\"https:\/\/www.hedera-etc.com\/de\/product\/hedera-helix-caenwoodiana-aurea\/\" target=\"&quot;_blank&quot;\">\n\t\t\t\t<em>Hedera helix<\/em> &lsquo;Caenwoodiana Aurea&rsquo; &#8211; Zier-Efeu\t\t\t<\/a>\n\t\t<\/h3>\n\t\t\t\t<div class=\"elementor-post__excerpt\">\n\t\t\t<p>Kletternder Efeu mit langen Stielen.<\/p> <p>Bl\u00e4tter, mittelgro\u00df, aus 5 schmalen Lappen bestehend, gelb gefleckt, dann in eine\t\t<\/div>\n\t\t\n\t\t<a class=\"elementor-post__read-more\" href=\"https:\/\/www.hedera-etc.com\/de\/product\/hedera-helix-caenwoodiana-aurea\/\" aria-label=\"Mehr \u00fcber &lt;em&gt;Hedera helix&lt;\/em&gt; \u2018Caenwoodiana Aurea\u2019 \u2013 Zier-Efeu\" tabindex=\"-1\" target=\"_blank\">\n\t\t\tWeiterlesen \u00bb\t\t<\/a>\n\n\t\t\t\t<\/div>\n\t\t\t\t<\/article>\n\t\t\t\t<article class=\"elementor-post elementor-grid-item post-508 product type-product status-publish has-post-thumbnail product_cat-lierre entry has-media  instock purchasable product-type-variable has-default-attributes has-product-nav col span_1_of_4 owp-content-center item-entry owp-thumbs-layout-horizontal owp-btn-normal owp-tabs-layout-section\">\n\t\t\t\t<a class=\"elementor-post__thumbnail__link\" href=\"https:\/\/www.hedera-etc.com\/de\/product\/hedera-helix-california-gold\/\" tabindex=\"-1\" target=\"&quot;_blank&quot;\">\n\t\t\t<div class=\"elementor-post__thumbnail\"><img loading=\"lazy\" decoding=\"async\" width=\"300\" height=\"225\" src=\"https:\/\/www.hedera-etc.com\/wp-content\/uploads\/2023\/10\/Hedera-helix-California-Gold-300x225.webp\" class=\"attachment-medium size-medium wp-image-509\" alt=\"Hedera helix &#039;California Gold&#039;\" srcset=\"https:\/\/www.hedera-etc.com\/wp-content\/uploads\/2023\/10\/Hedera-helix-California-Gold-300x225.webp 300w, https:\/\/www.hedera-etc.com\/wp-content\/uploads\/2023\/10\/Hedera-helix-California-Gold-900x675.webp 900w, https:\/\/www.hedera-etc.com\/wp-content\/uploads\/2023\/10\/Hedera-helix-California-Gold-768x576.webp 768w, https:\/\/www.hedera-etc.com\/wp-content\/uploads\/2023\/10\/Hedera-helix-California-Gold.webp 1024w\" sizes=\"(max-width: 300px) 100vw, 300px\" \/><\/div>\n\t\t<\/a>\n\t\t\t\t<div class=\"elementor-post__text\">\n\t\t\t\t<h3 class=\"elementor-post__title\">\n\t\t\t<a href=\"https:\/\/www.hedera-etc.com\/de\/product\/hedera-helix-california-gold\/\" target=\"&quot;_blank&quot;\">\n\t\t\t\t<em>Hedera helix<\/em> &lsquo;California Gold&rsquo; &#8211; Zier-Efeu\t\t\t<\/a>\n\t\t<\/h3>\n\t\t\t\t<div class=\"elementor-post__excerpt\">\n\t\t\t<p>Erfreut uns besonders mit der Farbe seiner jungen Triebe.<\/p> <p>St\u00e4ngel, dick, gut verzweigt, mit kurzen Internodien, tragen\t\t<\/div>\n\t\t\n\t\t<a class=\"elementor-post__read-more\" href=\"https:\/\/www.hedera-etc.com\/de\/product\/hedera-helix-california-gold\/\" aria-label=\"Mehr \u00fcber &lt;em&gt;Hedera helix&lt;\/em&gt; &lsquo;California Gold&rsquo; &#8211; Lierre d&rsquo;ornement\" tabindex=\"-1\" target=\"_blank\">\n\t\t\tWeiterlesen \u00bb\t\t<\/a>\n\n\t\t\t\t<\/div>\n\t\t\t\t<\/article>\n\t\t\t\t<article class=\"elementor-post elementor-grid-item post-579 product type-product status-publish has-post-thumbnail product_cat-lierre entry has-media last instock purchasable product-type-variable has-default-attributes has-product-nav col span_1_of_4 owp-content-center item-entry owp-thumbs-layout-horizontal owp-btn-normal owp-tabs-layout-section\">\n\t\t\t\t<a class=\"elementor-post__thumbnail__link\" href=\"https:\/\/www.hedera-etc.com\/de\/product\/hedera-helix-dicke-von-stauss\/\" tabindex=\"-1\" target=\"&quot;_blank&quot;\">\n\t\t\t<div class=\"elementor-post__thumbnail\"><img loading=\"lazy\" decoding=\"async\" width=\"300\" height=\"225\" src=\"https:\/\/www.hedera-etc.com\/wp-content\/uploads\/2023\/10\/Hedera-helix-Dicke-Von-Strauss-300x225.webp\" class=\"attachment-medium size-medium wp-image-580\" alt=\"Hedera helix &#039;Dicke von Stauss&#039;\" srcset=\"https:\/\/www.hedera-etc.com\/wp-content\/uploads\/2023\/10\/Hedera-helix-Dicke-Von-Strauss-300x225.webp 300w, https:\/\/www.hedera-etc.com\/wp-content\/uploads\/2023\/10\/Hedera-helix-Dicke-Von-Strauss-900x675.webp 900w, https:\/\/www.hedera-etc.com\/wp-content\/uploads\/2023\/10\/Hedera-helix-Dicke-Von-Strauss-768x576.webp 768w, https:\/\/www.hedera-etc.com\/wp-content\/uploads\/2023\/10\/Hedera-helix-Dicke-Von-Strauss.webp 1024w\" sizes=\"(max-width: 300px) 100vw, 300px\" \/><\/div>\n\t\t<\/a>\n\t\t\t\t<div class=\"elementor-post__text\">\n\t\t\t\t<h3 class=\"elementor-post__title\">\n\t\t\t<a href=\"https:\/\/www.hedera-etc.com\/de\/product\/hedera-helix-dicke-von-stauss\/\" target=\"&quot;_blank&quot;\">\n\t\t\t\t<em>Hedera helix<\/em> &lsquo;Dicke von Stauss&rsquo; &#8211; Zier-Efeu\t\t\t<\/a>\n\t\t<\/h3>\n\t\t\t\t<div class=\"elementor-post__excerpt\">\n\t\t\t<p>Entstanden aus einer Verfeinerung der Sorte \u2018Stuttgart\u2019. Sehr dichter, fast senkrechter Wuchs.<\/p> <p>Bl\u00e4tter von mittlerer Gr\u00f6\u00dfe. Junge hellgr\u00fcne Bl\u00e4tter\t\t<\/div>\n\t\t\n\t\t<a class=\"elementor-post__read-more\" href=\"https:\/\/www.hedera-etc.com\/de\/product\/hedera-helix-dicke-von-stauss\/\" aria-label=\"Mehr \u00fcber &lt;em&gt;Hedera helix&lt;\/em&gt; &lsquo;Dicke von Stauss&rsquo; &#8211; Lierre d&rsquo;ornement\" tabindex=\"-1\" target=\"_blank\">\n\t\t\tWeiterlesen \u00bb\t\t<\/a>\n\n\t\t\t\t<\/div>\n\t\t\t\t<\/article>\n\t\t\t\t<article class=\"elementor-post elementor-grid-item post-585 product type-product status-publish has-post-thumbnail product_cat-lierre entry has-media first instock purchasable product-type-variable has-default-attributes has-product-nav col span_1_of_4 owp-content-center item-entry owp-thumbs-layout-horizontal owp-btn-normal owp-tabs-layout-section\">\n\t\t\t\t<a class=\"elementor-post__thumbnail__link\" href=\"https:\/\/www.hedera-etc.com\/de\/product\/hedera-helix-donir\/\" tabindex=\"-1\" target=\"&quot;_blank&quot;\">\n\t\t\t<div class=\"elementor-post__thumbnail\"><img loading=\"lazy\" decoding=\"async\" width=\"300\" height=\"225\" src=\"https:\/\/www.hedera-etc.com\/wp-content\/uploads\/2023\/10\/Hedera-helix-Donir_2-300x225.webp\" class=\"attachment-medium size-medium wp-image-586\" alt=\"Hedera helix &#039;Donir&#039;\" srcset=\"https:\/\/www.hedera-etc.com\/wp-content\/uploads\/2023\/10\/Hedera-helix-Donir_2-300x225.webp 300w, https:\/\/www.hedera-etc.com\/wp-content\/uploads\/2023\/10\/Hedera-helix-Donir_2-768x576.webp 768w, https:\/\/www.hedera-etc.com\/wp-content\/uploads\/2023\/10\/Hedera-helix-Donir_2.webp 839w\" sizes=\"(max-width: 300px) 100vw, 300px\" \/><\/div>\n\t\t<\/a>\n\t\t\t\t<div class=\"elementor-post__text\">\n\t\t\t\t<h3 class=\"elementor-post__title\">\n\t\t\t<a href=\"https:\/\/www.hedera-etc.com\/de\/product\/hedera-helix-donir\/\" target=\"&quot;_blank&quot;\">\n\t\t\t\t<em>Hedera helix<\/em> &lsquo;Donir&rsquo; &#8211; Zier-Efeu\t\t\t<\/a>\n\t\t<\/h3>\n\t\t\t\t<div class=\"elementor-post__excerpt\">\n\t\t\t<p>Sehr kr\u00e4ftiger Efeu mit wundersch\u00f6n gerippten Bl\u00e4ttern.<\/p> <p>Das Laub ist herzf\u00f6rmig. Dunkelgr\u00fcne Blattfarbe, die von silbergr\u00fcnen Adern gepr\u00e4gt ist.\t\t<\/div>\n\t\t\n\t\t<a class=\"elementor-post__read-more\" href=\"https:\/\/www.hedera-etc.com\/de\/product\/hedera-helix-donir\/\" aria-label=\"Mehr \u00fcber &lt;em&gt;Hedera helix&lt;\/em&gt; &lsquo;Donir&rsquo; &#8211; Lierre d&rsquo;ornement\" tabindex=\"-1\" target=\"_blank\">\n\t\t\tWeiterlesen \u00bb\t\t<\/a>\n\n\t\t\t\t<\/div>\n\t\t\t\t<\/article>\n\t\t\t\t<article class=\"elementor-post elementor-grid-item post-595 product type-product status-publish has-post-thumbnail product_cat-lierre entry has-media  instock purchasable product-type-variable has-default-attributes has-product-nav col span_1_of_4 owp-content-center item-entry owp-thumbs-layout-horizontal owp-btn-normal owp-tabs-layout-section\">\n\t\t\t\t<a class=\"elementor-post__thumbnail__link\" href=\"https:\/\/www.hedera-etc.com\/de\/product\/hedera-helix-dragon-claw\/\" tabindex=\"-1\" target=\"&quot;_blank&quot;\">\n\t\t\t<div class=\"elementor-post__thumbnail\"><img loading=\"lazy\" decoding=\"async\" width=\"300\" height=\"225\" src=\"https:\/\/www.hedera-etc.com\/wp-content\/uploads\/2023\/10\/Hedera-helix-Dragon-Claw-300x225.webp\" class=\"attachment-medium size-medium wp-image-596\" alt=\"Hedera helix &#039;Dragon Claw&#039;\" srcset=\"https:\/\/www.hedera-etc.com\/wp-content\/uploads\/2023\/10\/Hedera-helix-Dragon-Claw-300x225.webp 300w, https:\/\/www.hedera-etc.com\/wp-content\/uploads\/2023\/10\/Hedera-helix-Dragon-Claw-900x675.webp 900w, https:\/\/www.hedera-etc.com\/wp-content\/uploads\/2023\/10\/Hedera-helix-Dragon-Claw-768x576.webp 768w, https:\/\/www.hedera-etc.com\/wp-content\/uploads\/2023\/10\/Hedera-helix-Dragon-Claw.webp 1024w\" sizes=\"(max-width: 300px) 100vw, 300px\" \/><\/div>\n\t\t<\/a>\n\t\t\t\t<div class=\"elementor-post__text\">\n\t\t\t\t<h3 class=\"elementor-post__title\">\n\t\t\t<a href=\"https:\/\/www.hedera-etc.com\/de\/product\/hedera-helix-dragon-claw\/\" target=\"&quot;_blank&quot;\">\n\t\t\t\t<em>Hedera helix<\/em> &lsquo;Dragon Claw&rsquo; &#8211; Zier-Efeu\t\t\t<\/a>\n\t\t<\/h3>\n\t\t\t\t<div class=\"elementor-post__excerpt\">\n\t\t\t<p>Weist breite, stark gewellte Bl\u00e4tter mit langen Stielen auf.<\/p> <p>Blatt besteht aus 5 spitzen, rekurrierenden und gedrehten Lappen.\t\t<\/div>\n\t\t\n\t\t<a class=\"elementor-post__read-more\" href=\"https:\/\/www.hedera-etc.com\/de\/product\/hedera-helix-dragon-claw\/\" aria-label=\"Mehr \u00fcber &lt;em&gt;Hedera helix&lt;\/em&gt; &lsquo;Dragon Claw&rsquo; &#8211; Lierre d&rsquo;ornement\" tabindex=\"-1\" target=\"_blank\">\n\t\t\tWeiterlesen \u00bb\t\t<\/a>\n\n\t\t\t\t<\/div>\n\t\t\t\t<\/article>\n\t\t\t\t<article class=\"elementor-post elementor-grid-item post-602 product type-product status-publish has-post-thumbnail product_cat-lierre entry has-media  instock purchasable product-type-variable has-default-attributes has-product-nav col span_1_of_4 owp-content-center item-entry owp-thumbs-layout-horizontal owp-btn-normal owp-tabs-layout-section\">\n\t\t\t\t<a class=\"elementor-post__thumbnail__link\" href=\"https:\/\/www.hedera-etc.com\/de\/product\/hedera-helix-dyinnii\/\" tabindex=\"-1\" target=\"&quot;_blank&quot;\">\n\t\t\t<div class=\"elementor-post__thumbnail\"><img loading=\"lazy\" decoding=\"async\" width=\"300\" height=\"225\" src=\"https:\/\/www.hedera-etc.com\/wp-content\/uploads\/2023\/10\/Hedera-helix-Dyinni_2-300x225.webp\" class=\"attachment-medium size-medium wp-image-14657\" alt=\"Hedera helix &#039;Dyinni&#039;\" srcset=\"https:\/\/www.hedera-etc.com\/wp-content\/uploads\/2023\/10\/Hedera-helix-Dyinni_2-300x225.webp 300w, https:\/\/www.hedera-etc.com\/wp-content\/uploads\/2023\/10\/Hedera-helix-Dyinni_2-768x576.webp 768w, https:\/\/www.hedera-etc.com\/wp-content\/uploads\/2023\/10\/Hedera-helix-Dyinni_2.webp 900w\" sizes=\"(max-width: 300px) 100vw, 300px\" \/><\/div>\n\t\t<\/a>\n\t\t\t\t<div class=\"elementor-post__text\">\n\t\t\t\t<h3 class=\"elementor-post__title\">\n\t\t\t<a href=\"https:\/\/www.hedera-etc.com\/de\/product\/hedera-helix-dyinnii\/\" target=\"&quot;_blank&quot;\">\n\t\t\t\t<em>Hedera helix<\/em> &lsquo;Dyinnii&rsquo; &#8211; Zier-Efeu\t\t\t<\/a>\n\t\t<\/h3>\n\t\t\t\t<div class=\"elementor-post__excerpt\">\n\t\t\t<p>Lange, kr\u00e4ftige St\u00e4ngel, die mit Miniaturbl\u00e4ttern besetzt sind.<\/p> <p>Das Blatt besteht aus drei nach vorne gerichteten Lappen. Mittlerer Blattlappen zwei\t\t<\/div>\n\t\t\n\t\t<a class=\"elementor-post__read-more\" href=\"https:\/\/www.hedera-etc.com\/de\/product\/hedera-helix-dyinnii\/\" aria-label=\"Mehr \u00fcber &lt;em&gt;Hedera helix&lt;\/em&gt; &lsquo;Dyinnii&rsquo; &#8211; Lierre d&rsquo;ornement\" tabindex=\"-1\" target=\"_blank\">\n\t\t\tWeiterlesen \u00bb\t\t<\/a>\n\n\t\t\t\t<\/div>\n\t\t\t\t<\/article>\n\t\t\t\t<article class=\"elementor-post elementor-grid-item post-609 product type-product status-publish has-post-thumbnail product_cat-lierre entry has-media last instock purchasable product-type-variable has-default-attributes has-product-nav col span_1_of_4 owp-content-center item-entry owp-thumbs-layout-horizontal owp-btn-normal owp-tabs-layout-section\">\n\t\t\t\t<a class=\"elementor-post__thumbnail__link\" href=\"https:\/\/www.hedera-etc.com\/de\/product\/hedera-helix-dwarf-knight\/\" tabindex=\"-1\" target=\"&quot;_blank&quot;\">\n\t\t\t<div class=\"elementor-post__thumbnail\"><img loading=\"lazy\" decoding=\"async\" width=\"300\" height=\"225\" src=\"https:\/\/www.hedera-etc.com\/wp-content\/uploads\/2023\/10\/Hedera-helix-Dwarf-Knight-300x225.webp\" class=\"attachment-medium size-medium wp-image-610\" alt=\"Hedera helix &#039;Dwarf Knight&#039;\" srcset=\"https:\/\/www.hedera-etc.com\/wp-content\/uploads\/2023\/10\/Hedera-helix-Dwarf-Knight-300x225.webp 300w, https:\/\/www.hedera-etc.com\/wp-content\/uploads\/2023\/10\/Hedera-helix-Dwarf-Knight-900x675.webp 900w, https:\/\/www.hedera-etc.com\/wp-content\/uploads\/2023\/10\/Hedera-helix-Dwarf-Knight-768x576.webp 768w, https:\/\/www.hedera-etc.com\/wp-content\/uploads\/2023\/10\/Hedera-helix-Dwarf-Knight.webp 1024w\" sizes=\"(max-width: 300px) 100vw, 300px\" \/><\/div>\n\t\t<\/a>\n\t\t\t\t<div class=\"elementor-post__text\">\n\t\t\t\t<h3 class=\"elementor-post__title\">\n\t\t\t<a href=\"https:\/\/www.hedera-etc.com\/de\/product\/hedera-helix-dwarf-knight\/\" target=\"&quot;_blank&quot;\">\n\t\t\t\t<em>Hedera helix<\/em> &lsquo;Dwarf Knight&rsquo; &#8211; Zier-Efeu\t\t\t<\/a>\n\t\t<\/h3>\n\t\t\t\t<div class=\"elementor-post__excerpt\">\n\t\t\t<p>Urspr\u00fcnglicher Efeu, der einen kleinen H\u00fcgel bildet, der wie Basilikum aussieht.<\/p> <p>Ungelappte, lanzettliche Bl\u00e4tter in Form eines umgekehrten Kelches.\t\t<\/div>\n\t\t\n\t\t<a class=\"elementor-post__read-more\" href=\"https:\/\/www.hedera-etc.com\/de\/product\/hedera-helix-dwarf-knight\/\" aria-label=\"Mehr \u00fcber &lt;em&gt;Hedera helix&lt;\/em&gt; &lsquo;Dwarf Knight&rsquo; &#8211; Lierre d&rsquo;ornement\" tabindex=\"-1\" target=\"_blank\">\n\t\t\tWeiterlesen \u00bb\t\t<\/a>\n\n\t\t\t\t<\/div>\n\t\t\t\t<\/article>\n\t\t\t\t<article class=\"elementor-post elementor-grid-item post-616 product type-product status-publish has-post-thumbnail product_cat-lierre entry has-media first instock purchasable product-type-variable has-default-attributes has-product-nav col span_1_of_4 owp-content-center item-entry owp-thumbs-layout-horizontal owp-btn-normal owp-tabs-layout-section\">\n\t\t\t\t<a class=\"elementor-post__thumbnail__link\" href=\"https:\/\/www.hedera-etc.com\/de\/product\/hedera-helix-elfenbein\/\" tabindex=\"-1\" target=\"&quot;_blank&quot;\">\n\t\t\t<div class=\"elementor-post__thumbnail\"><img loading=\"lazy\" decoding=\"async\" width=\"300\" height=\"226\" src=\"https:\/\/www.hedera-etc.com\/wp-content\/uploads\/2023\/10\/Hedera-helix-Elfenbein_3-300x226.webp\" class=\"attachment-medium size-medium wp-image-11814\" alt=\"Hedera helix &#039;Elfenbein&#039;\" srcset=\"https:\/\/www.hedera-etc.com\/wp-content\/uploads\/2023\/10\/Hedera-helix-Elfenbein_3-300x226.webp 300w, https:\/\/www.hedera-etc.com\/wp-content\/uploads\/2023\/10\/Hedera-helix-Elfenbein_3-900x677.webp 900w, https:\/\/www.hedera-etc.com\/wp-content\/uploads\/2023\/10\/Hedera-helix-Elfenbein_3-1024x770.webp 1024w, https:\/\/www.hedera-etc.com\/wp-content\/uploads\/2023\/10\/Hedera-helix-Elfenbein_3-768x577.webp 768w, https:\/\/www.hedera-etc.com\/wp-content\/uploads\/2023\/10\/Hedera-helix-Elfenbein_3-1536x1155.webp 1536w, https:\/\/www.hedera-etc.com\/wp-content\/uploads\/2023\/10\/Hedera-helix-Elfenbein_3-1320x992.webp 1320w, https:\/\/www.hedera-etc.com\/wp-content\/uploads\/2023\/10\/Hedera-helix-Elfenbein_3.webp 1600w\" sizes=\"(max-width: 300px) 100vw, 300px\" \/><\/div>\n\t\t<\/a>\n\t\t\t\t<div class=\"elementor-post__text\">\n\t\t\t\t<h3 class=\"elementor-post__title\">\n\t\t\t<a href=\"https:\/\/www.hedera-etc.com\/de\/product\/hedera-helix-elfenbein\/\" target=\"&quot;_blank&quot;\">\n\t\t\t\t<em>Hedera helix<\/em> &lsquo;Elfenbein&rsquo; &#8211; Zier-Efeu\t\t\t<\/a>\n\t\t<\/h3>\n\t\t\t\t<div class=\"elementor-post__excerpt\">\n\t\t\t<p>Weist h\u00fcbsche Bl\u00e4tter mit gekr\u00e4uselten R\u00e4ndern auf.<\/p> <p>Bl\u00e4tter mal rundlich, mal aus 3 bis 5 Lappen bestehend. Graugr\u00fcne Blattspreite\t\t<\/div>\n\t\t\n\t\t<a class=\"elementor-post__read-more\" href=\"https:\/\/www.hedera-etc.com\/de\/product\/hedera-helix-elfenbein\/\" aria-label=\"Mehr \u00fcber &lt;em&gt;Hedera helix&lt;\/em&gt; &lsquo;Elfenbein&rsquo; &#8211; Lierre d&rsquo;ornement\" tabindex=\"-1\" target=\"_blank\">\n\t\t\tWeiterlesen \u00bb\t\t<\/a>\n\n\t\t\t\t<\/div>\n\t\t\t\t<\/article>\n\t\t\t\t<article class=\"elementor-post elementor-grid-item post-622 product type-product status-publish has-post-thumbnail product_cat-lierre entry has-media  instock purchasable product-type-variable has-default-attributes has-product-nav col span_1_of_4 owp-content-center item-entry owp-thumbs-layout-horizontal owp-btn-normal owp-tabs-layout-section has-no-thumbnails\">\n\t\t\t\t<a class=\"elementor-post__thumbnail__link\" href=\"https:\/\/www.hedera-etc.com\/de\/product\/hedera-helix-emerald-globe\/\" tabindex=\"-1\" target=\"&quot;_blank&quot;\">\n\t\t\t<div class=\"elementor-post__thumbnail\"><img loading=\"lazy\" decoding=\"async\" width=\"300\" height=\"225\" src=\"https:\/\/www.hedera-etc.com\/wp-content\/uploads\/2023\/10\/Hedera-helix-Emerald-Globe-300x225.webp\" class=\"attachment-medium size-medium wp-image-623\" alt=\"Hedera helix &#039;Emerald Globe&#039;\" srcset=\"https:\/\/www.hedera-etc.com\/wp-content\/uploads\/2023\/10\/Hedera-helix-Emerald-Globe-300x225.webp 300w, https:\/\/www.hedera-etc.com\/wp-content\/uploads\/2023\/10\/Hedera-helix-Emerald-Globe-768x576.webp 768w, https:\/\/www.hedera-etc.com\/wp-content\/uploads\/2023\/10\/Hedera-helix-Emerald-Globe.webp 839w\" sizes=\"(max-width: 300px) 100vw, 300px\" \/><\/div>\n\t\t<\/a>\n\t\t\t\t<div class=\"elementor-post__text\">\n\t\t\t\t<h3 class=\"elementor-post__title\">\n\t\t\t<a href=\"https:\/\/www.hedera-etc.com\/de\/product\/hedera-helix-emerald-globe\/\" target=\"&quot;_blank&quot;\">\n\t\t\t\t<em>Hedera helix<\/em> &lsquo;Emerald Globe&rsquo; &#8211; Zier-Efeu\t\t\t<\/a>\n\t\t<\/h3>\n\t\t\t\t<div class=\"elementor-post__excerpt\">\n\t\t\t<p>Bildet einen kompakten, halb aufrechten oder gestuften Busch.<\/p> <p>Dicke, gut verzweigte und faszienartige St\u00e4ngel. Asymmetrische Bl\u00e4tter, die aus drei Lappen bestehen.\t\t<\/div>\n\t\t\n\t\t<a class=\"elementor-post__read-more\" href=\"https:\/\/www.hedera-etc.com\/de\/product\/hedera-helix-emerald-globe\/\" aria-label=\"Mehr \u00fcber &lt;em&gt;Hedera helix&lt;\/em&gt; &lsquo;Emerald Globe&rsquo; &#8211; Lierre d&rsquo;ornement\" tabindex=\"-1\" target=\"_blank\">\n\t\t\tWeiterlesen \u00bb\t\t<\/a>\n\n\t\t\t\t<\/div>\n\t\t\t\t<\/article>\n\t\t\t\t<article class=\"elementor-post elementor-grid-item post-626 product type-product status-publish has-post-thumbnail product_cat-lierre entry has-media  instock purchasable product-type-variable has-default-attributes has-product-nav col span_1_of_4 owp-content-center item-entry owp-thumbs-layout-horizontal owp-btn-normal owp-tabs-layout-section\">\n\t\t\t\t<a class=\"elementor-post__thumbnail__link\" href=\"https:\/\/www.hedera-etc.com\/de\/product\/hedera-helix-eva\/\" tabindex=\"-1\" target=\"&quot;_blank&quot;\">\n\t\t\t<div class=\"elementor-post__thumbnail\"><img loading=\"lazy\" decoding=\"async\" width=\"300\" height=\"225\" src=\"https:\/\/www.hedera-etc.com\/wp-content\/uploads\/2023\/10\/Hedera-helix-Eva-300x225.webp\" class=\"attachment-medium size-medium wp-image-627\" alt=\"Hedera helix &#039;Eva&#039;\" srcset=\"https:\/\/www.hedera-etc.com\/wp-content\/uploads\/2023\/10\/Hedera-helix-Eva-300x225.webp 300w, https:\/\/www.hedera-etc.com\/wp-content\/uploads\/2023\/10\/Hedera-helix-Eva-768x576.webp 768w, https:\/\/www.hedera-etc.com\/wp-content\/uploads\/2023\/10\/Hedera-helix-Eva.webp 800w\" sizes=\"(max-width: 300px) 100vw, 300px\" \/><\/div>\n\t\t<\/a>\n\t\t\t\t<div class=\"elementor-post__text\">\n\t\t\t\t<h3 class=\"elementor-post__title\">\n\t\t\t<a href=\"https:\/\/www.hedera-etc.com\/de\/product\/hedera-helix-eva\/\" target=\"&quot;_blank&quot;\">\n\t\t\t\t<em>Hedera helix<\/em> &lsquo;Eva&rsquo; &#8211; Zier-Efeu\t\t\t<\/a>\n\t\t<\/h3>\n\t\t\t\t<div class=\"elementor-post__excerpt\">\n\t\t\t<p>Bodendeckender oder kletternder, panaschierter Efeu mit einer kompakten, verzweigten Form.<\/p> <p>Bl\u00e4tter bestehen aus 3 spitzen Lappen, manchmal auch aus 5 Lappen\t\t<\/div>\n\t\t\n\t\t<a class=\"elementor-post__read-more\" href=\"https:\/\/www.hedera-etc.com\/de\/product\/hedera-helix-eva\/\" aria-label=\"Mehr \u00fcber &lt;em&gt;Hedera helix&lt;\/em&gt; &lsquo;Eva&rsquo; &#8211; Lierre d&rsquo;ornement\" tabindex=\"-1\" target=\"_blank\">\n\t\t\tWeiterlesen \u00bb\t\t<\/a>\n\n\t\t\t\t<\/div>\n\t\t\t\t<\/article>\n\t\t\t\t<article class=\"elementor-post elementor-grid-item post-632 product type-product status-publish has-post-thumbnail product_cat-lierre entry has-media last instock purchasable product-type-variable has-default-attributes has-product-nav col span_1_of_4 owp-content-center item-entry owp-thumbs-layout-horizontal owp-btn-normal owp-tabs-layout-section\">\n\t\t\t\t<a class=\"elementor-post__thumbnail__link\" href=\"https:\/\/www.hedera-etc.com\/de\/product\/hedera-helix-evergreen\/\" tabindex=\"-1\" target=\"&quot;_blank&quot;\">\n\t\t\t<div class=\"elementor-post__thumbnail\"><img loading=\"lazy\" decoding=\"async\" width=\"300\" height=\"225\" src=\"https:\/\/www.hedera-etc.com\/wp-content\/uploads\/2023\/10\/Hedera-helix-Evergreen-300x225.webp\" class=\"attachment-medium size-medium wp-image-633\" alt=\"Hedera helix &#039;Evergreen&#039;\" srcset=\"https:\/\/www.hedera-etc.com\/wp-content\/uploads\/2023\/10\/Hedera-helix-Evergreen-300x225.webp 300w, https:\/\/www.hedera-etc.com\/wp-content\/uploads\/2023\/10\/Hedera-helix-Evergreen-768x576.webp 768w, https:\/\/www.hedera-etc.com\/wp-content\/uploads\/2023\/10\/Hedera-helix-Evergreen.webp 800w\" sizes=\"(max-width: 300px) 100vw, 300px\" \/><\/div>\n\t\t<\/a>\n\t\t\t\t<div class=\"elementor-post__text\">\n\t\t\t\t<h3 class=\"elementor-post__title\">\n\t\t\t<a href=\"https:\/\/www.hedera-etc.com\/de\/product\/hedera-helix-evergreen\/\" target=\"&quot;_blank&quot;\">\n\t\t\t\t<em>Hedera helix<\/em> &lsquo;Evergreen&rsquo; &#8211; Zier-Efeu\t\t\t<\/a>\n\t\t<\/h3>\n\t\t\t\t<div class=\"elementor-post__excerpt\">\n\t\t\t<p>Sehr h\u00fcbscher Bodendecker mit feinen, spitz zulaufenden Bl\u00e4ttern.<\/p> <p>Bl\u00e4tter meist ungelappt, linealisch oder manchmal dreilappig. Laub\t\t<\/div>\n\t\t\n\t\t<a class=\"elementor-post__read-more\" href=\"https:\/\/www.hedera-etc.com\/de\/product\/hedera-helix-evergreen\/\" aria-label=\"Mehr \u00fcber &lt;em&gt;Hedera helix&lt;\/em&gt; &lsquo;Evergreen&rsquo; &#8211; Lierre d&rsquo;ornement\" tabindex=\"-1\" target=\"_blank\">\n\t\t\tWeiterlesen \u00bb\t\t<\/a>\n\n\t\t\t\t<\/div>\n\t\t\t\t<\/article>\n\t\t\t\t<article class=\"elementor-post elementor-grid-item post-638 product type-product status-publish has-post-thumbnail product_cat-lierre entry has-media first instock purchasable product-type-variable has-default-attributes has-product-nav col span_1_of_4 owp-content-center item-entry owp-thumbs-layout-horizontal owp-btn-normal owp-tabs-layout-section\">\n\t\t\t\t<a class=\"elementor-post__thumbnail__link\" href=\"https:\/\/www.hedera-etc.com\/de\/product\/hedera-helix-fandango\/\" tabindex=\"-1\" target=\"&quot;_blank&quot;\">\n\t\t\t<div class=\"elementor-post__thumbnail\"><img loading=\"lazy\" decoding=\"async\" width=\"300\" height=\"225\" src=\"https:\/\/www.hedera-etc.com\/wp-content\/uploads\/2023\/10\/Hedera-helix-Fandango-300x225.webp\" class=\"attachment-medium size-medium wp-image-639\" alt=\"Hedera helix &#039;Fandango&#039;\" srcset=\"https:\/\/www.hedera-etc.com\/wp-content\/uploads\/2023\/10\/Hedera-helix-Fandango-300x225.webp 300w, https:\/\/www.hedera-etc.com\/wp-content\/uploads\/2023\/10\/Hedera-helix-Fandango-900x675.webp 900w, https:\/\/www.hedera-etc.com\/wp-content\/uploads\/2023\/10\/Hedera-helix-Fandango-768x576.webp 768w, https:\/\/www.hedera-etc.com\/wp-content\/uploads\/2023\/10\/Hedera-helix-Fandango.webp 1024w\" sizes=\"(max-width: 300px) 100vw, 300px\" \/><\/div>\n\t\t<\/a>\n\t\t\t\t<div class=\"elementor-post__text\">\n\t\t\t\t<h3 class=\"elementor-post__title\">\n\t\t\t<a href=\"https:\/\/www.hedera-etc.com\/de\/product\/hedera-helix-fandango\/\" target=\"&quot;_blank&quot;\">\n\t\t\t\t<em>Hedera helix<\/em> &lsquo;Fandango&rsquo; &#8211; Zier-Efeu\t\t\t<\/a>\n\t\t<\/h3>\n\t\t\t\t<div class=\"elementor-post__excerpt\">\n\t\t\t<p>Bodendeckersorte mit guter Verzweigung.<\/p> <p>Blatt mit f\u00fcnf oder sieben spitzen, nach vorn gerichteten Lappen. Endlappen zwei\t\t<\/div>\n\t\t\n\t\t<a class=\"elementor-post__read-more\" href=\"https:\/\/www.hedera-etc.com\/de\/product\/hedera-helix-fandango\/\" aria-label=\"Mehr \u00fcber &lt;em&gt;Hedera helix&lt;\/em&gt; &lsquo;Fandango&rsquo; &#8211; Lierre d&rsquo;ornement\" tabindex=\"-1\" target=\"_blank\">\n\t\t\tWeiterlesen \u00bb\t\t<\/a>\n\n\t\t\t\t<\/div>\n\t\t\t\t<\/article>\n\t\t\t\t<article class=\"elementor-post elementor-grid-item post-645 product type-product status-publish has-post-thumbnail product_cat-lierre entry has-media  instock purchasable product-type-variable has-default-attributes has-product-nav col span_1_of_4 owp-content-center item-entry owp-thumbs-layout-horizontal owp-btn-normal owp-tabs-layout-section\">\n\t\t\t\t<a class=\"elementor-post__thumbnail__link\" href=\"https:\/\/www.hedera-etc.com\/de\/product\/hedera-helix-fantasia\/\" tabindex=\"-1\" target=\"&quot;_blank&quot;\">\n\t\t\t<div class=\"elementor-post__thumbnail\"><img loading=\"lazy\" decoding=\"async\" width=\"300\" height=\"225\" src=\"https:\/\/www.hedera-etc.com\/wp-content\/uploads\/2023\/10\/Hedera-helix-Fantasia-300x225.webp\" class=\"attachment-medium size-medium wp-image-646\" alt=\"Hedera helix &#039;Fantasia&#039;\" srcset=\"https:\/\/www.hedera-etc.com\/wp-content\/uploads\/2023\/10\/Hedera-helix-Fantasia-300x225.webp 300w, https:\/\/www.hedera-etc.com\/wp-content\/uploads\/2023\/10\/Hedera-helix-Fantasia-768x576.webp 768w, https:\/\/www.hedera-etc.com\/wp-content\/uploads\/2023\/10\/Hedera-helix-Fantasia.webp 839w\" sizes=\"(max-width: 300px) 100vw, 300px\" \/><\/div>\n\t\t<\/a>\n\t\t\t\t<div class=\"elementor-post__text\">\n\t\t\t\t<h3 class=\"elementor-post__title\">\n\t\t\t<a href=\"https:\/\/www.hedera-etc.com\/de\/product\/hedera-helix-fantasia\/\" target=\"&quot;_blank&quot;\">\n\t\t\t\t<em>Hedera helix<\/em> &lsquo;Fantasia&rsquo; &#8211; Zier-Efeu\t\t\t<\/a>\n\t\t<\/h3>\n\t\t\t\t<div class=\"elementor-post__excerpt\">\n\t\t\t<p>Eleganter Efeu mit subtiler Panaschierung.<\/p> <p>Bl\u00e4tter bestehen aus 3 bis 5 deutlich ausgepr\u00e4gten Lappen . Blattbasis herzf\u00f6rmig.\t\t<\/div>\n\t\t\n\t\t<a class=\"elementor-post__read-more\" href=\"https:\/\/www.hedera-etc.com\/de\/product\/hedera-helix-fantasia\/\" aria-label=\"Mehr \u00fcber &lt;em&gt;Hedera helix&lt;\/em&gt; &lsquo;Fantasia&rsquo; &#8211; Lierre d&rsquo;ornement\" tabindex=\"-1\" target=\"_blank\">\n\t\t\tWeiterlesen \u00bb\t\t<\/a>\n\n\t\t\t\t<\/div>\n\t\t\t\t<\/article>\n\t\t\t\t<article class=\"elementor-post elementor-grid-item post-652 product type-product status-publish has-post-thumbnail product_cat-lierre entry has-media  instock purchasable product-type-variable has-default-attributes has-product-nav col span_1_of_4 owp-content-center item-entry owp-thumbs-layout-horizontal owp-btn-normal owp-tabs-layout-section\">\n\t\t\t\t<a class=\"elementor-post__thumbnail__link\" href=\"https:\/\/www.hedera-etc.com\/de\/product\/hedera-helix-filigran\/\" tabindex=\"-1\" target=\"&quot;_blank&quot;\">\n\t\t\t<div class=\"elementor-post__thumbnail\"><img loading=\"lazy\" decoding=\"async\" width=\"300\" height=\"225\" src=\"https:\/\/www.hedera-etc.com\/wp-content\/uploads\/2023\/10\/Hedera-helix-Filigran-300x225.webp\" class=\"attachment-medium size-medium wp-image-653\" alt=\"Hedera helix &#039;Filigran&#039;\" srcset=\"https:\/\/www.hedera-etc.com\/wp-content\/uploads\/2023\/10\/Hedera-helix-Filigran-300x225.webp 300w, https:\/\/www.hedera-etc.com\/wp-content\/uploads\/2023\/10\/Hedera-helix-Filigran-768x575.webp 768w, https:\/\/www.hedera-etc.com\/wp-content\/uploads\/2023\/10\/Hedera-helix-Filigran.webp 800w\" sizes=\"(max-width: 300px) 100vw, 300px\" \/><\/div>\n\t\t<\/a>\n\t\t\t\t<div class=\"elementor-post__text\">\n\t\t\t\t<h3 class=\"elementor-post__title\">\n\t\t\t<a href=\"https:\/\/www.hedera-etc.com\/de\/product\/hedera-helix-filigran\/\" target=\"&quot;_blank&quot;\">\n\t\t\t\t<em>Hedera helix<\/em> &lsquo;Filigran&rsquo; &#8211; Zier-Efeu\t\t\t<\/a>\n\t\t<\/h3>\n\t\t\t\t<div class=\"elementor-post__excerpt\">\n\t\t\t<p>Sehr origineller Efeu, der in gewisser Weise der krausen Petersilie \u00e4hnelt.<\/p> <p>Gr\u00fcne Bl\u00e4tter, stark gefaltet und runzelig, bestehend aus\t\t<\/div>\n\t\t\n\t\t<a class=\"elementor-post__read-more\" href=\"https:\/\/www.hedera-etc.com\/de\/product\/hedera-helix-filigran\/\" aria-label=\"Mehr \u00fcber &lt;em&gt;Hedera helix&lt;\/em&gt; &lsquo;Filigran&rsquo; &#8211; Lierre d&rsquo;ornement\" tabindex=\"-1\" target=\"_blank\">\n\t\t\tWeiterlesen \u00bb\t\t<\/a>\n\n\t\t\t\t<\/div>\n\t\t\t\t<\/article>\n\t\t\t\t<article class=\"elementor-post elementor-grid-item post-657 product type-product status-publish has-post-thumbnail product_cat-lierre entry has-media last instock purchasable product-type-variable has-default-attributes has-product-nav col span_1_of_4 owp-content-center item-entry owp-thumbs-layout-horizontal owp-btn-normal owp-tabs-layout-section\">\n\t\t\t\t<a class=\"elementor-post__thumbnail__link\" href=\"https:\/\/www.hedera-etc.com\/de\/product\/hedera-helix-forking-hell\/\" tabindex=\"-1\" target=\"&quot;_blank&quot;\">\n\t\t\t<div class=\"elementor-post__thumbnail\"><img loading=\"lazy\" decoding=\"async\" width=\"300\" height=\"225\" src=\"https:\/\/www.hedera-etc.com\/wp-content\/uploads\/2023\/10\/Hedera-helix-Forking-hell-300x225.webp\" class=\"attachment-medium size-medium wp-image-658\" alt=\"Hedera helix &#039;Forking hell&#039;\" srcset=\"https:\/\/www.hedera-etc.com\/wp-content\/uploads\/2023\/10\/Hedera-helix-Forking-hell-300x225.webp 300w, https:\/\/www.hedera-etc.com\/wp-content\/uploads\/2023\/10\/Hedera-helix-Forking-hell-900x675.webp 900w, https:\/\/www.hedera-etc.com\/wp-content\/uploads\/2023\/10\/Hedera-helix-Forking-hell-768x576.webp 768w, https:\/\/www.hedera-etc.com\/wp-content\/uploads\/2023\/10\/Hedera-helix-Forking-hell.webp 1024w\" sizes=\"(max-width: 300px) 100vw, 300px\" \/><\/div>\n\t\t<\/a>\n\t\t\t\t<div class=\"elementor-post__text\">\n\t\t\t\t<h3 class=\"elementor-post__title\">\n\t\t\t<a href=\"https:\/\/www.hedera-etc.com\/de\/product\/hedera-helix-forking-hell\/\" target=\"&quot;_blank&quot;\">\n\t\t\t\t<em>Hedera helix<\/em> &lsquo;Forking hell&rsquo; &#8211; Zier-Efeu\t\t\t<\/a>\n\t\t<\/h3>\n\t\t\t\t<div class=\"elementor-post__excerpt\">\n\t\t\t<p>F\u00e4llt durch seine sch\u00f6ne silberne Maserung auf.<\/p> <p>Dunkelgr\u00fcne Bl\u00e4tter, wodurch die Blattnerven gut zur Geltung kommen. Zusammengesetzte Blattspreite\t\t<\/div>\n\t\t\n\t\t<a class=\"elementor-post__read-more\" href=\"https:\/\/www.hedera-etc.com\/de\/product\/hedera-helix-forking-hell\/\" aria-label=\"Mehr \u00fcber &lt;em&gt;Hedera helix&lt;\/em&gt; &lsquo;Forking hell&rsquo; &#8211; Lierre d&rsquo;ornement\" tabindex=\"-1\" target=\"_blank\">\n\t\t\tWeiterlesen \u00bb\t\t<\/a>\n\n\t\t\t\t<\/div>\n\t\t\t\t<\/article>\n\t\t\t\t<article class=\"elementor-post elementor-grid-item post-662 product type-product status-publish has-post-thumbnail product_cat-lierre entry has-media first instock purchasable product-type-variable has-default-attributes has-product-nav col span_1_of_4 owp-content-center item-entry owp-thumbs-layout-horizontal owp-btn-normal owp-tabs-layout-section\">\n\t\t\t\t<a class=\"elementor-post__thumbnail__link\" href=\"https:\/\/www.hedera-etc.com\/de\/product\/hedera-helix-francis\/\" tabindex=\"-1\" target=\"&quot;_blank&quot;\">\n\t\t\t<div class=\"elementor-post__thumbnail\"><img loading=\"lazy\" decoding=\"async\" width=\"300\" height=\"225\" src=\"https:\/\/www.hedera-etc.com\/wp-content\/uploads\/2023\/10\/Hedera-helix-Francis-300x225.webp\" class=\"attachment-medium size-medium wp-image-663\" alt=\"Hedera helix &#039;Francis&#039;\" srcset=\"https:\/\/www.hedera-etc.com\/wp-content\/uploads\/2023\/10\/Hedera-helix-Francis-300x225.webp 300w, https:\/\/www.hedera-etc.com\/wp-content\/uploads\/2023\/10\/Hedera-helix-Francis-900x675.webp 900w, https:\/\/www.hedera-etc.com\/wp-content\/uploads\/2023\/10\/Hedera-helix-Francis-768x576.webp 768w, https:\/\/www.hedera-etc.com\/wp-content\/uploads\/2023\/10\/Hedera-helix-Francis.webp 1024w\" sizes=\"(max-width: 300px) 100vw, 300px\" \/><\/div>\n\t\t<\/a>\n\t\t\t\t<div class=\"elementor-post__text\">\n\t\t\t\t<h3 class=\"elementor-post__title\">\n\t\t\t<a href=\"https:\/\/www.hedera-etc.com\/de\/product\/hedera-helix-francis\/\" target=\"&quot;_blank&quot;\">\n\t\t\t\t<em>Hedera helix<\/em> &lsquo;Francis&rsquo; &#8211; Zier-Efeu\t\t\t<\/a>\n\t\t<\/h3>\n\t\t\t\t<div class=\"elementor-post__excerpt\">\n\t\t\t<p>Efeu mit kompaktem Wuchs und guter Selbstverzweigung.<\/p> <p>6-7 cm gro\u00dfe Bl\u00e4tter mit einer erhabenen, markanten Maserung. Besteht aus 5\t\t<\/div>\n\t\t\n\t\t<a class=\"elementor-post__read-more\" href=\"https:\/\/www.hedera-etc.com\/de\/product\/hedera-helix-francis\/\" aria-label=\"Mehr \u00fcber &lt;em&gt;Hedera helix&lt;\/em&gt; &lsquo;Francis&rsquo; &#8211; Lierre d&rsquo;ornement\" tabindex=\"-1\" target=\"_blank\">\n\t\t\tWeiterlesen \u00bb\t\t<\/a>\n\n\t\t\t\t<\/div>\n\t\t\t\t<\/article>\n\t\t\t\t<article class=\"elementor-post elementor-grid-item post-667 product type-product status-publish has-post-thumbnail product_cat-lierre entry has-media  instock purchasable product-type-variable has-default-attributes has-product-nav col span_1_of_4 owp-content-center item-entry owp-thumbs-layout-horizontal owp-btn-normal owp-tabs-layout-section\">\n\t\t\t\t<a class=\"elementor-post__thumbnail__link\" href=\"https:\/\/www.hedera-etc.com\/de\/product\/hedera-helix-frizzle\/\" tabindex=\"-1\" target=\"&quot;_blank&quot;\">\n\t\t\t<div class=\"elementor-post__thumbnail\"><img loading=\"lazy\" decoding=\"async\" width=\"300\" height=\"225\" src=\"https:\/\/www.hedera-etc.com\/wp-content\/uploads\/2023\/10\/Hedera-helix-Frizzle_2-300x225.webp\" class=\"attachment-medium size-medium wp-image-668\" alt=\"Hedera helix &#039;Frizzle&#039;\" srcset=\"https:\/\/www.hedera-etc.com\/wp-content\/uploads\/2023\/10\/Hedera-helix-Frizzle_2-300x225.webp 300w, https:\/\/www.hedera-etc.com\/wp-content\/uploads\/2023\/10\/Hedera-helix-Frizzle_2-900x675.webp 900w, https:\/\/www.hedera-etc.com\/wp-content\/uploads\/2023\/10\/Hedera-helix-Frizzle_2-768x576.webp 768w, https:\/\/www.hedera-etc.com\/wp-content\/uploads\/2023\/10\/Hedera-helix-Frizzle_2.webp 1024w\" sizes=\"(max-width: 300px) 100vw, 300px\" \/><\/div>\n\t\t<\/a>\n\t\t\t\t<div class=\"elementor-post__text\">\n\t\t\t\t<h3 class=\"elementor-post__title\">\n\t\t\t<a href=\"https:\/\/www.hedera-etc.com\/de\/product\/hedera-helix-frizzle\/\" target=\"&quot;_blank&quot;\">\n\t\t\t\t<em>Hedera helix<\/em> &lsquo;Frizzle&rsquo; &#8211; Zier-Efeu\t\t\t<\/a>\n\t\t<\/h3>\n\t\t\t\t<div class=\"elementor-post__excerpt\">\n\t\t\t<p>Schnell wachsender Efeu mit interessanten gekr\u00e4uselten Bl\u00e4ttern.<\/p> <p>Bl\u00e4tter entweder ungelappt oder grob dreilappig. R\u00e4nder zerknittert oder kristallisiert. Basis\t\t<\/div>\n\t\t\n\t\t<a class=\"elementor-post__read-more\" href=\"https:\/\/www.hedera-etc.com\/de\/product\/hedera-helix-frizzle\/\" aria-label=\"Mehr \u00fcber &lt;em&gt;Hedera helix&lt;\/em&gt; &lsquo;Frizzle&rsquo; &#8211; Lierre d&rsquo;ornement\" tabindex=\"-1\" target=\"_blank\">\n\t\t\tWeiterlesen \u00bb\t\t<\/a>\n\n\t\t\t\t<\/div>\n\t\t\t\t<\/article>\n\t\t\t\t<article class=\"elementor-post elementor-grid-item post-672 product type-product status-publish has-post-thumbnail product_cat-lierre entry has-media  instock purchasable product-type-variable has-default-attributes has-product-nav col span_1_of_4 owp-content-center item-entry owp-thumbs-layout-horizontal owp-btn-normal owp-tabs-layout-section\">\n\t\t\t\t<a class=\"elementor-post__thumbnail__link\" href=\"https:\/\/www.hedera-etc.com\/de\/product\/hedera-helix-frodo\/\" tabindex=\"-1\" target=\"&quot;_blank&quot;\">\n\t\t\t<div class=\"elementor-post__thumbnail\"><img loading=\"lazy\" decoding=\"async\" width=\"300\" height=\"226\" src=\"https:\/\/www.hedera-etc.com\/wp-content\/uploads\/2023\/10\/Hedera-helix-Frodo_3-300x226.webp\" class=\"attachment-medium size-medium wp-image-14607\" alt=\"Hedera helix &#039;Frodo&#039;\" srcset=\"https:\/\/www.hedera-etc.com\/wp-content\/uploads\/2023\/10\/Hedera-helix-Frodo_3-300x226.webp 300w, https:\/\/www.hedera-etc.com\/wp-content\/uploads\/2023\/10\/Hedera-helix-Frodo_3-768x577.webp 768w, https:\/\/www.hedera-etc.com\/wp-content\/uploads\/2023\/10\/Hedera-helix-Frodo_3.webp 898w\" sizes=\"(max-width: 300px) 100vw, 300px\" \/><\/div>\n\t\t<\/a>\n\t\t\t\t<div class=\"elementor-post__text\">\n\t\t\t\t<h3 class=\"elementor-post__title\">\n\t\t\t<a href=\"https:\/\/www.hedera-etc.com\/de\/product\/hedera-helix-frodo\/\" target=\"&quot;_blank&quot;\">\n\t\t\t\t<em>Hedera helix<\/em> &lsquo;Frodo&rsquo; &#8211; Zier-Efeu\t\t\t<\/a>\n\t\t<\/h3>\n\t\t\t\t<div class=\"elementor-post__excerpt\">\n\t\t\t<p>Zeichnet sich durch steife, dicke St\u00e4ngel aus.<\/p> <p>Ungelappte, dreieckige bis herzf\u00f6rmige Bl\u00e4tter. Junge Triebe hellgr\u00fcn\t\t<\/div>\n\t\t\n\t\t<a class=\"elementor-post__read-more\" href=\"https:\/\/www.hedera-etc.com\/de\/product\/hedera-helix-frodo\/\" aria-label=\"Mehr \u00fcber &lt;em&gt;Hedera helix&lt;\/em&gt; &lsquo;Frodo&rsquo; &#8211; Lierre d&rsquo;ornement\" tabindex=\"-1\" target=\"_blank\">\n\t\t\tWeiterlesen \u00bb\t\t<\/a>\n\n\t\t\t\t<\/div>\n\t\t\t\t<\/article>\n\t\t\t\t<article class=\"elementor-post elementor-grid-item post-677 product type-product status-publish has-post-thumbnail product_cat-lierre entry has-media last instock purchasable product-type-variable has-default-attributes has-product-nav col span_1_of_4 owp-content-center item-entry owp-thumbs-layout-horizontal owp-btn-normal owp-tabs-layout-section\">\n\t\t\t\t<a class=\"elementor-post__thumbnail__link\" href=\"https:\/\/www.hedera-etc.com\/de\/product\/hedera-helix-frosty\/\" tabindex=\"-1\" target=\"&quot;_blank&quot;\">\n\t\t\t<div class=\"elementor-post__thumbnail\"><img loading=\"lazy\" decoding=\"async\" width=\"300\" height=\"225\" src=\"https:\/\/www.hedera-etc.com\/wp-content\/uploads\/2023\/10\/Hedera-helix-Frosty-300x225.webp\" class=\"attachment-medium size-medium wp-image-678\" alt=\"Hedera helix &#039;Frosty&#039;\" srcset=\"https:\/\/www.hedera-etc.com\/wp-content\/uploads\/2023\/10\/Hedera-helix-Frosty-300x225.webp 300w, https:\/\/www.hedera-etc.com\/wp-content\/uploads\/2023\/10\/Hedera-helix-Frosty-768x576.webp 768w, https:\/\/www.hedera-etc.com\/wp-content\/uploads\/2023\/10\/Hedera-helix-Frosty.webp 839w\" sizes=\"(max-width: 300px) 100vw, 300px\" \/><\/div>\n\t\t<\/a>\n\t\t\t\t<div class=\"elementor-post__text\">\n\t\t\t\t<h3 class=\"elementor-post__title\">\n\t\t\t<a href=\"https:\/\/www.hedera-etc.com\/de\/product\/hedera-helix-frosty\/\" target=\"&quot;_blank&quot;\">\n\t\t\t\t<em>Hedera helix<\/em> &lsquo;Frosty&rsquo; &#8211; Zier-Efeu\t\t\t<\/a>\n\t\t<\/h3>\n\t\t\t\t<div class=\"elementor-post__excerpt\">\n\t\t\t<p>Kleiner Bodendecker mit Miniaturbl\u00e4ttern, die mehr oder weniger sternf\u00f6rmig sind.<\/p> <p>Junge Triebe wei\u00df besprenkelt, \u00e4ltere Bl\u00e4tter olivgr\u00fcn. Blattspreite\t\t<\/div>\n\t\t\n\t\t<a class=\"elementor-post__read-more\" href=\"https:\/\/www.hedera-etc.com\/de\/product\/hedera-helix-frosty\/\" aria-label=\"Mehr \u00fcber &lt;em&gt;Hedera helix&lt;\/em&gt; &lsquo;Frosty&rsquo; &#8211; Lierre d&rsquo;ornement\" tabindex=\"-1\" target=\"_blank\">\n\t\t\tWeiterlesen \u00bb\t\t<\/a>\n\n\t\t\t\t<\/div>\n\t\t\t\t<\/article>\n\t\t\t\t<article class=\"elementor-post elementor-grid-item post-683 product type-product status-publish has-post-thumbnail product_cat-lierre entry has-media first instock purchasable product-type-variable has-default-attributes has-product-nav col span_1_of_4 owp-content-center item-entry owp-thumbs-layout-horizontal owp-btn-normal owp-tabs-layout-section has-no-thumbnails\">\n\t\t\t\t<a class=\"elementor-post__thumbnail__link\" href=\"https:\/\/www.hedera-etc.com\/de\/product\/hedera-helix-garland\/\" tabindex=\"-1\" target=\"&quot;_blank&quot;\">\n\t\t\t<div class=\"elementor-post__thumbnail\"><img loading=\"lazy\" decoding=\"async\" width=\"300\" height=\"218\" src=\"https:\/\/www.hedera-etc.com\/wp-content\/uploads\/2023\/10\/Hedera-helix-Garland-300x218.webp\" class=\"attachment-medium size-medium wp-image-14599\" alt=\"Hedera helix &#039;Garland&#039;\" srcset=\"https:\/\/www.hedera-etc.com\/wp-content\/uploads\/2023\/10\/Hedera-helix-Garland-300x218.webp 300w, https:\/\/www.hedera-etc.com\/wp-content\/uploads\/2023\/10\/Hedera-helix-Garland-900x653.webp 900w, https:\/\/www.hedera-etc.com\/wp-content\/uploads\/2023\/10\/Hedera-helix-Garland-768x557.webp 768w, https:\/\/www.hedera-etc.com\/wp-content\/uploads\/2023\/10\/Hedera-helix-Garland.webp 931w\" sizes=\"(max-width: 300px) 100vw, 300px\" \/><\/div>\n\t\t<\/a>\n\t\t\t\t<div class=\"elementor-post__text\">\n\t\t\t\t<h3 class=\"elementor-post__title\">\n\t\t\t<a href=\"https:\/\/www.hedera-etc.com\/de\/product\/hedera-helix-garland\/\" target=\"&quot;_blank&quot;\">\n\t\t\t\t<em>Hedera helix<\/em> &lsquo;Garland&rsquo; &#8211; Zier-Efeu\t\t\t<\/a>\n\t\t<\/h3>\n\t\t\t\t<div class=\"elementor-post__excerpt\">\n\t\t\t<p>Eleganter, aber vielseitiger Efeu. Typischste Form der Bl\u00e4tter: die des Drachen. Man findet aber auch\t\t<\/div>\n\t\t\n\t\t<a class=\"elementor-post__read-more\" href=\"https:\/\/www.hedera-etc.com\/de\/product\/hedera-helix-garland\/\" aria-label=\"Mehr \u00fcber &lt;em&gt;Hedera helix&lt;\/em&gt; &lsquo;Garland&rsquo; &#8211; Lierre d&rsquo;ornement\" tabindex=\"-1\" target=\"_blank\">\n\t\t\tWeiterlesen \u00bb\t\t<\/a>\n\n\t\t\t\t<\/div>\n\t\t\t\t<\/article>\n\t\t\t\t<article class=\"elementor-post elementor-grid-item post-687 product type-product status-publish has-post-thumbnail product_cat-lierre entry has-media  instock purchasable product-type-variable has-default-attributes has-product-nav col span_1_of_4 owp-content-center item-entry owp-thumbs-layout-horizontal owp-btn-normal owp-tabs-layout-section\">\n\t\t\t\t<a class=\"elementor-post__thumbnail__link\" href=\"https:\/\/www.hedera-etc.com\/de\/product\/hedera-helix-gavotte\/\" tabindex=\"-1\" target=\"&quot;_blank&quot;\">\n\t\t\t<div class=\"elementor-post__thumbnail\"><img loading=\"lazy\" decoding=\"async\" width=\"300\" height=\"225\" src=\"https:\/\/www.hedera-etc.com\/wp-content\/uploads\/2023\/10\/Hedera-helix-Gavotte-1-300x225.webp\" class=\"attachment-medium size-medium wp-image-12745\" alt=\"Hedera helix &#039;Gavotte&#039;\" srcset=\"https:\/\/www.hedera-etc.com\/wp-content\/uploads\/2023\/10\/Hedera-helix-Gavotte-1-300x225.webp 300w, https:\/\/www.hedera-etc.com\/wp-content\/uploads\/2023\/10\/Hedera-helix-Gavotte-1-900x675.webp 900w, https:\/\/www.hedera-etc.com\/wp-content\/uploads\/2023\/10\/Hedera-helix-Gavotte-1-1024x768.webp 1024w, https:\/\/www.hedera-etc.com\/wp-content\/uploads\/2023\/10\/Hedera-helix-Gavotte-1-768x576.webp 768w, https:\/\/www.hedera-etc.com\/wp-content\/uploads\/2023\/10\/Hedera-helix-Gavotte-1-1536x1152.webp 1536w, https:\/\/www.hedera-etc.com\/wp-content\/uploads\/2023\/10\/Hedera-helix-Gavotte-1.webp 1920w, https:\/\/www.hedera-etc.com\/wp-content\/uploads\/2023\/10\/Hedera-helix-Gavotte-1-1320x990.webp 1320w\" sizes=\"(max-width: 300px) 100vw, 300px\" \/><\/div>\n\t\t<\/a>\n\t\t\t\t<div class=\"elementor-post__text\">\n\t\t\t\t<h3 class=\"elementor-post__title\">\n\t\t\t<a href=\"https:\/\/www.hedera-etc.com\/de\/product\/hedera-helix-gavotte\/\" target=\"&quot;_blank&quot;\">\n\t\t\t\t<em>Hedera helix<\/em> &lsquo;Gavotte&rsquo; &#8211; Zier-Efeu\t\t\t<\/a>\n\t\t<\/h3>\n\t\t\t\t<div class=\"elementor-post__excerpt\">\n\t\t\t<p>Schwach verzweigte, langsam wachsende, gedrungene Sorte.<\/p> <p>Hellgr\u00fcne Bl\u00e4tter im Fr\u00fchling, die sich im Sommer dunkelgr\u00fcn f\u00e4rben. Ovale Bl\u00e4tter,\t\t<\/div>\n\t\t\n\t\t<a class=\"elementor-post__read-more\" href=\"https:\/\/www.hedera-etc.com\/de\/product\/hedera-helix-gavotte\/\" aria-label=\"Mehr \u00fcber &lt;em&gt;Hedera helix&lt;\/em&gt; &lsquo;Gavotte&rsquo; &#8211; Lierre d&rsquo;ornement\" tabindex=\"-1\" target=\"_blank\">\n\t\t\tWeiterlesen \u00bb\t\t<\/a>\n\n\t\t\t\t<\/div>\n\t\t\t\t<\/article>\n\t\t\t\t<article class=\"elementor-post elementor-grid-item post-692 product type-product status-publish has-post-thumbnail product_cat-lierre entry has-media  instock purchasable product-type-variable has-default-attributes has-product-nav col span_1_of_4 owp-content-center item-entry owp-thumbs-layout-horizontal owp-btn-normal owp-tabs-layout-section\">\n\t\t\t\t<a class=\"elementor-post__thumbnail__link\" href=\"https:\/\/www.hedera-etc.com\/de\/product\/hedera-helix-gertrud-stauss\/\" tabindex=\"-1\" target=\"&quot;_blank&quot;\">\n\t\t\t<div class=\"elementor-post__thumbnail\"><img loading=\"lazy\" decoding=\"async\" width=\"300\" height=\"240\" src=\"https:\/\/www.hedera-etc.com\/wp-content\/uploads\/2023\/10\/Hedera-helix-Gertrud-Strauss-300x240.webp\" class=\"attachment-medium size-medium wp-image-693\" alt=\"Hedera helix &#039;Gertrud Stauss&#039;\" srcset=\"https:\/\/www.hedera-etc.com\/wp-content\/uploads\/2023\/10\/Hedera-helix-Gertrud-Strauss-300x240.webp 300w, https:\/\/www.hedera-etc.com\/wp-content\/uploads\/2023\/10\/Hedera-helix-Gertrud-Strauss-768x613.webp 768w, https:\/\/www.hedera-etc.com\/wp-content\/uploads\/2023\/10\/Hedera-helix-Gertrud-Strauss.webp 800w\" sizes=\"(max-width: 300px) 100vw, 300px\" \/><\/div>\n\t\t<\/a>\n\t\t\t\t<div class=\"elementor-post__text\">\n\t\t\t\t<h3 class=\"elementor-post__title\">\n\t\t\t<a href=\"https:\/\/www.hedera-etc.com\/de\/product\/hedera-helix-gertrud-stauss\/\" target=\"&quot;_blank&quot;\">\n\t\t\t\t<em>Hedera helix<\/em> &lsquo;Gertrud Stauss&rsquo; &#8211; Zier-Efeu\t\t\t<\/a>\n\t\t<\/h3>\n\t\t\t\t<div class=\"elementor-post__excerpt\">\n\t\t\t<p>H\u00fcbsche, kompakte, sich selbst verzweigende Sorte mit mittelgro\u00dfen, elegant gelappten, panaschierten Bl\u00e4ttern.<\/p> <p>Blattspreite aus 3 bis 5 Lappen bestehend\t\t<\/div>\n\t\t\n\t\t<a class=\"elementor-post__read-more\" href=\"https:\/\/www.hedera-etc.com\/de\/product\/hedera-helix-gertrud-stauss\/\" aria-label=\"Mehr \u00fcber &lt;em&gt;Hedera helix&lt;\/em&gt; &lsquo;Gertrud Stauss&rsquo; &#8211; Lierre d&rsquo;ornement\" tabindex=\"-1\" target=\"_blank\">\n\t\t\tWeiterlesen \u00bb\t\t<\/a>\n\n\t\t\t\t<\/div>\n\t\t\t\t<\/article>\n\t\t\t\t<article class=\"elementor-post elementor-grid-item post-698 product type-product status-publish has-post-thumbnail product_cat-lierre entry has-media last instock purchasable product-type-variable has-default-attributes has-product-nav col span_1_of_4 owp-content-center item-entry owp-thumbs-layout-horizontal owp-btn-normal owp-tabs-layout-section\">\n\t\t\t\t<a class=\"elementor-post__thumbnail__link\" href=\"https:\/\/www.hedera-etc.com\/de\/product\/hedera-helix-gilded-hawke\/\" tabindex=\"-1\" target=\"&quot;_blank&quot;\">\n\t\t\t<div class=\"elementor-post__thumbnail\"><img loading=\"lazy\" decoding=\"async\" width=\"300\" height=\"225\" src=\"https:\/\/www.hedera-etc.com\/wp-content\/uploads\/2023\/10\/Hedera-helix-Gilded-Hawke-1-300x225.webp\" class=\"attachment-medium size-medium wp-image-13766\" alt=\"Hedera helix &#039;Gilded Hawke&#039;\" srcset=\"https:\/\/www.hedera-etc.com\/wp-content\/uploads\/2023\/10\/Hedera-helix-Gilded-Hawke-1-300x225.webp 300w, https:\/\/www.hedera-etc.com\/wp-content\/uploads\/2023\/10\/Hedera-helix-Gilded-Hawke-1-900x675.webp 900w, https:\/\/www.hedera-etc.com\/wp-content\/uploads\/2023\/10\/Hedera-helix-Gilded-Hawke-1-1024x768.webp 1024w, https:\/\/www.hedera-etc.com\/wp-content\/uploads\/2023\/10\/Hedera-helix-Gilded-Hawke-1-768x576.webp 768w, https:\/\/www.hedera-etc.com\/wp-content\/uploads\/2023\/10\/Hedera-helix-Gilded-Hawke-1-1536x1152.webp 1536w, https:\/\/www.hedera-etc.com\/wp-content\/uploads\/2023\/10\/Hedera-helix-Gilded-Hawke-1-1320x990.webp 1320w, https:\/\/www.hedera-etc.com\/wp-content\/uploads\/2023\/10\/Hedera-helix-Gilded-Hawke-1.webp 1600w\" sizes=\"(max-width: 300px) 100vw, 300px\" \/><\/div>\n\t\t<\/a>\n\t\t\t\t<div class=\"elementor-post__text\">\n\t\t\t\t<h3 class=\"elementor-post__title\">\n\t\t\t<a href=\"https:\/\/www.hedera-etc.com\/de\/product\/hedera-helix-gilded-hawke\/\" target=\"&quot;_blank&quot;\">\n\t\t\t\t<em>Hedera helix<\/em> &lsquo;Gilded Hawke&rsquo; &#8211; Zier-Efeu\t\t\t<\/a>\n\t\t<\/h3>\n\t\t\t\t<div class=\"elementor-post__excerpt\">\n\t\t\t<p>Sch\u00f6ne, leuchtend panaschierte, gut gelappte Bl\u00e4tter, die von steifen, aufrechten Stielen getragen werden.<\/p> <p>Blattspreite gebildet aus 3 bis 5\t\t<\/div>\n\t\t\n\t\t<a class=\"elementor-post__read-more\" href=\"https:\/\/www.hedera-etc.com\/de\/product\/hedera-helix-gilded-hawke\/\" aria-label=\"Mehr \u00fcber &lt;em&gt;Hedera helix&lt;\/em&gt; &lsquo;Gilded Hawke&rsquo; &#8211; Lierre d&rsquo;ornement\" tabindex=\"-1\" target=\"_blank\">\n\t\t\tWeiterlesen \u00bb\t\t<\/a>\n\n\t\t\t\t<\/div>\n\t\t\t\t<\/article>\n\t\t\t\t<article class=\"elementor-post elementor-grid-item post-702 product type-product status-publish has-post-thumbnail product_cat-lierre entry has-media first instock purchasable product-type-variable has-default-attributes has-product-nav col span_1_of_4 owp-content-center item-entry owp-thumbs-layout-horizontal owp-btn-normal owp-tabs-layout-section has-no-thumbnails\">\n\t\t\t\t<a class=\"elementor-post__thumbnail__link\" href=\"https:\/\/www.hedera-etc.com\/de\/product\/hedera-helix-glacier\/\" tabindex=\"-1\" target=\"&quot;_blank&quot;\">\n\t\t\t<div class=\"elementor-post__thumbnail\"><img loading=\"lazy\" decoding=\"async\" width=\"300\" height=\"199\" src=\"https:\/\/www.hedera-etc.com\/wp-content\/uploads\/2023\/10\/Hedera-helix-Glacier-300x199.webp\" class=\"attachment-medium size-medium wp-image-703\" alt=\"Hedera helix &#039;Glacier&#039;\" srcset=\"https:\/\/www.hedera-etc.com\/wp-content\/uploads\/2023\/10\/Hedera-helix-Glacier-300x199.webp 300w, https:\/\/www.hedera-etc.com\/wp-content\/uploads\/2023\/10\/Hedera-helix-Glacier-900x598.webp 900w, https:\/\/www.hedera-etc.com\/wp-content\/uploads\/2023\/10\/Hedera-helix-Glacier-768x510.webp 768w, https:\/\/www.hedera-etc.com\/wp-content\/uploads\/2023\/10\/Hedera-helix-Glacier.webp 947w\" sizes=\"(max-width: 300px) 100vw, 300px\" \/><\/div>\n\t\t<\/a>\n\t\t\t\t<div class=\"elementor-post__text\">\n\t\t\t\t<h3 class=\"elementor-post__title\">\n\t\t\t<a href=\"https:\/\/www.hedera-etc.com\/de\/product\/hedera-helix-glacier\/\" target=\"&quot;_blank&quot;\">\n\t\t\t\t<em>Hedera helix<\/em> &lsquo;Glacier&rsquo; &#8211; Zier-Efeu\t\t\t<\/a>\n\t\t<\/h3>\n\t\t\t\t<div class=\"elementor-post__excerpt\">\n\t\t\t<p>Eine verzweigte Art mit kr\u00e4ftigen Trieben, die zu den ersten weit verbreiteten panaschierten Efeusorten geh\u00f6rte.<\/p> <p>Blatt, mittelgro\u00df,\t\t<\/div>\n\t\t\n\t\t<a class=\"elementor-post__read-more\" href=\"https:\/\/www.hedera-etc.com\/de\/product\/hedera-helix-glacier\/\" aria-label=\"Mehr \u00fcber &lt;em&gt;Hedera helix&lt;\/em&gt; &lsquo;Glacier&rsquo; &#8211; Lierre d&rsquo;ornement\" tabindex=\"-1\" target=\"_blank\">\n\t\t\tWeiterlesen \u00bb\t\t<\/a>\n\n\t\t\t\t<\/div>\n\t\t\t\t<\/article>\n\t\t\t\t<article class=\"elementor-post elementor-grid-item post-709 product type-product status-publish has-post-thumbnail product_cat-lierre entry has-media  instock purchasable product-type-variable has-default-attributes has-product-nav col span_1_of_4 owp-content-center item-entry owp-thumbs-layout-horizontal owp-btn-normal owp-tabs-layout-section\">\n\t\t\t\t<a class=\"elementor-post__thumbnail__link\" href=\"https:\/\/www.hedera-etc.com\/de\/product\/hedera-helix-goldcraft\/\" tabindex=\"-1\" target=\"&quot;_blank&quot;\">\n\t\t\t<div class=\"elementor-post__thumbnail\"><img loading=\"lazy\" decoding=\"async\" width=\"300\" height=\"199\" src=\"https:\/\/www.hedera-etc.com\/wp-content\/uploads\/2023\/10\/Hedera-helix-Golcraft-300x199.webp\" class=\"attachment-medium size-medium wp-image-710\" alt=\"Hedera helix &#039;Goldcraft&#039;\" srcset=\"https:\/\/www.hedera-etc.com\/wp-content\/uploads\/2023\/10\/Hedera-helix-Golcraft-300x199.webp 300w, https:\/\/www.hedera-etc.com\/wp-content\/uploads\/2023\/10\/Hedera-helix-Golcraft-768x510.webp 768w, https:\/\/www.hedera-etc.com\/wp-content\/uploads\/2023\/10\/Hedera-helix-Golcraft.webp 800w\" sizes=\"(max-width: 300px) 100vw, 300px\" \/><\/div>\n\t\t<\/a>\n\t\t\t\t<div class=\"elementor-post__text\">\n\t\t\t\t<h3 class=\"elementor-post__title\">\n\t\t\t<a href=\"https:\/\/www.hedera-etc.com\/de\/product\/hedera-helix-goldcraft\/\" target=\"&quot;_blank&quot;\">\n\t\t\t\t<em>Hedera helix<\/em> &lsquo;Goldcraft&rsquo; &#8211; Zier-Efeu\t\t\t<\/a>\n\t\t<\/h3>\n\t\t\t\t<div class=\"elementor-post__excerpt\">\n\t\t\t<p>Bodendeckersorte, die schnell, aber kurz w\u00e4chst und einen niedrigen Teppich mit einer sch\u00f6nen, sehr subtilen Farbe bildet.<\/p> <p>Blatt bestehend aus drei\t\t<\/div>\n\t\t\n\t\t<a class=\"elementor-post__read-more\" href=\"https:\/\/www.hedera-etc.com\/de\/product\/hedera-helix-goldcraft\/\" aria-label=\"Mehr \u00fcber &lt;em&gt;Hedera helix&lt;\/em&gt; &lsquo;Goldcraft&rsquo; &#8211; Lierre d&rsquo;ornement\" tabindex=\"-1\" target=\"_blank\">\n\t\t\tWeiterlesen \u00bb\t\t<\/a>\n\n\t\t\t\t<\/div>\n\t\t\t\t<\/article>\n\t\t\t\t<article class=\"elementor-post elementor-grid-item post-714 product type-product status-publish has-post-thumbnail product_cat-lierre entry has-media  instock purchasable product-type-variable has-default-attributes has-product-nav col span_1_of_4 owp-content-center item-entry owp-thumbs-layout-horizontal owp-btn-normal owp-tabs-layout-section\">\n\t\t\t\t<a class=\"elementor-post__thumbnail__link\" href=\"https:\/\/www.hedera-etc.com\/de\/product\/hedera-helix-goldheart\/\" tabindex=\"-1\" target=\"&quot;_blank&quot;\">\n\t\t\t<div class=\"elementor-post__thumbnail\"><img loading=\"lazy\" decoding=\"async\" width=\"300\" height=\"225\" src=\"https:\/\/www.hedera-etc.com\/wp-content\/uploads\/2023\/10\/Hedera-helix-Goldheart-300x225.webp\" class=\"attachment-medium size-medium wp-image-715\" alt=\"Hedera helix &#039;Goldheart&#039;\" srcset=\"https:\/\/www.hedera-etc.com\/wp-content\/uploads\/2023\/10\/Hedera-helix-Goldheart-300x225.webp 300w, https:\/\/www.hedera-etc.com\/wp-content\/uploads\/2023\/10\/Hedera-helix-Goldheart-768x575.webp 768w, https:\/\/www.hedera-etc.com\/wp-content\/uploads\/2023\/10\/Hedera-helix-Goldheart.webp 800w\" sizes=\"(max-width: 300px) 100vw, 300px\" \/><\/div>\n\t\t<\/a>\n\t\t\t\t<div class=\"elementor-post__text\">\n\t\t\t\t<h3 class=\"elementor-post__title\">\n\t\t\t<a href=\"https:\/\/www.hedera-etc.com\/de\/product\/hedera-helix-goldheart\/\" target=\"&quot;_blank&quot;\">\n\t\t\t\t<em>Hedera helix<\/em> &lsquo;Goldheart&rsquo; &#8211; Zier-Efeu\t\t\t<\/a>\n\t\t<\/h3>\n\t\t\t\t<div class=\"elementor-post__excerpt\">\n\t\t\t<p>Auch unter seinem fr\u00fcheren Namen \u2018Oro di Bogliasco\u2019 bekannt. Kletterpflanze mit relativ dicken Stielen.<\/p> <p>Junge Triebe rosarot, kurze Internodien, Bl\u00e4tter\t\t<\/div>\n\t\t\n\t\t<a class=\"elementor-post__read-more\" href=\"https:\/\/www.hedera-etc.com\/de\/product\/hedera-helix-goldheart\/\" aria-label=\"Mehr \u00fcber &lt;em&gt;Hedera helix&lt;\/em&gt; &lsquo;Goldheart&rsquo; &#8211; Lierre d&rsquo;ornement\" tabindex=\"-1\" target=\"_blank\">\n\t\t\tWeiterlesen \u00bb\t\t<\/a>\n\n\t\t\t\t<\/div>\n\t\t\t\t<\/article>\n\t\t\t\t<article class=\"elementor-post elementor-grid-item post-719 product type-product status-publish has-post-thumbnail product_cat-lierre entry has-media last instock purchasable product-type-variable has-default-attributes has-product-nav col span_1_of_4 owp-content-center item-entry owp-thumbs-layout-horizontal owp-btn-normal owp-tabs-layout-section\">\n\t\t\t\t<a class=\"elementor-post__thumbnail__link\" href=\"https:\/\/www.hedera-etc.com\/de\/product\/hedera-helix-goldstern\/\" tabindex=\"-1\" target=\"&quot;_blank&quot;\">\n\t\t\t<div class=\"elementor-post__thumbnail\"><img loading=\"lazy\" decoding=\"async\" width=\"300\" height=\"225\" src=\"https:\/\/www.hedera-etc.com\/wp-content\/uploads\/2023\/10\/Hedera-helix-Goldstern_3-300x225.webp\" class=\"attachment-medium size-medium wp-image-14576\" alt=\"Hedera helix &#039;Goldstern&#039;\" srcset=\"https:\/\/www.hedera-etc.com\/wp-content\/uploads\/2023\/10\/Hedera-helix-Goldstern_3-300x225.webp 300w, https:\/\/www.hedera-etc.com\/wp-content\/uploads\/2023\/10\/Hedera-helix-Goldstern_3-900x676.webp 900w, https:\/\/www.hedera-etc.com\/wp-content\/uploads\/2023\/10\/Hedera-helix-Goldstern_3-1024x769.webp 1024w, https:\/\/www.hedera-etc.com\/wp-content\/uploads\/2023\/10\/Hedera-helix-Goldstern_3-768x577.webp 768w, https:\/\/www.hedera-etc.com\/wp-content\/uploads\/2023\/10\/Hedera-helix-Goldstern_3.webp 1151w\" sizes=\"(max-width: 300px) 100vw, 300px\" \/><\/div>\n\t\t<\/a>\n\t\t\t\t<div class=\"elementor-post__text\">\n\t\t\t\t<h3 class=\"elementor-post__title\">\n\t\t\t<a href=\"https:\/\/www.hedera-etc.com\/de\/product\/hedera-helix-goldstern\/\" target=\"&quot;_blank&quot;\">\n\t\t\t\t<em>Hedera helix<\/em> &lsquo;Goldstern&rsquo; &#8211; Zier-Efeu\t\t\t<\/a>\n\t\t<\/h3>\n\t\t\t\t<div class=\"elementor-post__excerpt\">\n\t\t\t<p>Efeu mit gelbgr\u00fcnem Laub, das von einem effektvollen olivgr\u00fcnen Fleck gefurcht wird.<\/p> <p>Blatt besteht aus 5 Lappen\t\t<\/div>\n\t\t\n\t\t<a class=\"elementor-post__read-more\" href=\"https:\/\/www.hedera-etc.com\/de\/product\/hedera-helix-goldstern\/\" aria-label=\"Mehr \u00fcber &lt;em&gt;Hedera helix&lt;\/em&gt; \u2018Goldstern\u2019 \u2013 Zier-Efeu\" tabindex=\"-1\" target=\"_blank\">\n\t\t\tWeiterlesen \u00bb\t\t<\/a>\n\n\t\t\t\t<\/div>\n\t\t\t\t<\/article>\n\t\t\t\t<article class=\"elementor-post elementor-grid-item post-725 product type-product status-publish has-post-thumbnail product_cat-lierre entry has-media first instock purchasable product-type-variable has-default-attributes has-product-nav col span_1_of_4 owp-content-center item-entry owp-thumbs-layout-horizontal owp-btn-normal owp-tabs-layout-section has-no-thumbnails\">\n\t\t\t\t<a class=\"elementor-post__thumbnail__link\" href=\"https:\/\/www.hedera-etc.com\/de\/product\/hedera-helix-dapple-yellow\/\" tabindex=\"-1\" target=\"&quot;_blank&quot;\">\n\t\t\t<div class=\"elementor-post__thumbnail\"><img loading=\"lazy\" decoding=\"async\" width=\"300\" height=\"225\" src=\"https:\/\/www.hedera-etc.com\/wp-content\/uploads\/2023\/10\/Hedera-helix-Dapple-Yellow-300x225.webp\" class=\"attachment-medium size-medium wp-image-16806\" alt=\"Hedera helix &#039;Dapple Yellow&#039;\" srcset=\"https:\/\/www.hedera-etc.com\/wp-content\/uploads\/2023\/10\/Hedera-helix-Dapple-Yellow-300x225.webp 300w, https:\/\/www.hedera-etc.com\/wp-content\/uploads\/2023\/10\/Hedera-helix-Dapple-Yellow-900x675.webp 900w, https:\/\/www.hedera-etc.com\/wp-content\/uploads\/2023\/10\/Hedera-helix-Dapple-Yellow-768x576.webp 768w, https:\/\/www.hedera-etc.com\/wp-content\/uploads\/2023\/10\/Hedera-helix-Dapple-Yellow.webp 1024w\" sizes=\"(max-width: 300px) 100vw, 300px\" \/><\/div>\n\t\t<\/a>\n\t\t\t\t<div class=\"elementor-post__text\">\n\t\t\t\t<h3 class=\"elementor-post__title\">\n\t\t\t<a href=\"https:\/\/www.hedera-etc.com\/de\/product\/hedera-helix-dapple-yellow\/\" target=\"&quot;_blank&quot;\">\n\t\t\t\t<em>Hedera helix<\/em> &lsquo;Dapple Yellow&rsquo; &#8211; Zier-Efeu\t\t\t<\/a>\n\t\t<\/h3>\n\t\t\t\t<div class=\"elementor-post__excerpt\">\n\t\t\t<p>Clone au feuillage plus large que &lsquo;Goldstern&rsquo;, la feuille est moins lob\u00e9e.<br \/> Die Marmorierung bleibt unver\u00e4ndert.<\/p>\t\t<\/div>\n\t\t\n\t\t<a class=\"elementor-post__read-more\" href=\"https:\/\/www.hedera-etc.com\/de\/product\/hedera-helix-dapple-yellow\/\" aria-label=\"Mehr \u00fcber *Hedera helix* \u2018Dapple Yellow\u2019 \u2013 Zier-Efeu\" tabindex=\"-1\" target=\"_blank\">\n\t\t\tWeiterlesen \u00bb\t\t<\/a>\n\n\t\t\t\t<\/div>\n\t\t\t\t<\/article>\n\t\t\t\t<article class=\"elementor-post elementor-grid-item post-729 product type-product status-publish has-post-thumbnail product_cat-lierre entry has-media  instock purchasable product-type-variable has-default-attributes has-product-nav col span_1_of_4 owp-content-center item-entry owp-thumbs-layout-horizontal owp-btn-normal owp-tabs-layout-section has-no-thumbnails\">\n\t\t\t\t<a class=\"elementor-post__thumbnail__link\" href=\"https:\/\/www.hedera-etc.com\/de\/product\/hedera-helix-gold-dust\/\" tabindex=\"-1\" target=\"&quot;_blank&quot;\">\n\t\t\t<div class=\"elementor-post__thumbnail\"><img loading=\"lazy\" decoding=\"async\" width=\"300\" height=\"225\" src=\"https:\/\/www.hedera-etc.com\/wp-content\/uploads\/2023\/10\/Hedera-helix-Gold-dust_2-300x225.webp\" class=\"attachment-medium size-medium wp-image-14568\" alt=\"Hedera helix &#039;Gold dust&#039;\" srcset=\"https:\/\/www.hedera-etc.com\/wp-content\/uploads\/2023\/10\/Hedera-helix-Gold-dust_2-300x225.webp 300w, https:\/\/www.hedera-etc.com\/wp-content\/uploads\/2023\/10\/Hedera-helix-Gold-dust_2-900x675.webp 900w, https:\/\/www.hedera-etc.com\/wp-content\/uploads\/2023\/10\/Hedera-helix-Gold-dust_2-1024x768.webp 1024w, https:\/\/www.hedera-etc.com\/wp-content\/uploads\/2023\/10\/Hedera-helix-Gold-dust_2-768x576.webp 768w, https:\/\/www.hedera-etc.com\/wp-content\/uploads\/2023\/10\/Hedera-helix-Gold-dust_2.webp 1108w\" sizes=\"(max-width: 300px) 100vw, 300px\" \/><\/div>\n\t\t<\/a>\n\t\t\t\t<div class=\"elementor-post__text\">\n\t\t\t\t<h3 class=\"elementor-post__title\">\n\t\t\t<a href=\"https:\/\/www.hedera-etc.com\/de\/product\/hedera-helix-gold-dust\/\" target=\"&quot;_blank&quot;\">\n\t\t\t\t<em>Hedera helix<\/em> &lsquo;Gold Dust&rsquo; &#8211; Zier-Efeu\t\t\t<\/a>\n\t\t<\/h3>\n\t\t\t\t<div class=\"elementor-post__excerpt\">\n\t\t\t<p>Bodendecker, die kurze, zart panaschierte Teppiche bilden.<\/p> <p>Gelbgr\u00fcne Bl\u00e4tter mit dunkelgr\u00fcnen Flecken. Mittelgro\u00dfe, leicht gebogene Bl\u00e4tter,\t\t<\/div>\n\t\t\n\t\t<a class=\"elementor-post__read-more\" href=\"https:\/\/www.hedera-etc.com\/de\/product\/hedera-helix-gold-dust\/\" aria-label=\"Mehr \u00fcber &lt;em&gt;Hedera helix&lt;\/em&gt; &lsquo;Gold Dust&rsquo; &#8211; Lierre d&rsquo;ornement\" tabindex=\"-1\" target=\"_blank\">\n\t\t\tWeiterlesen \u00bb\t\t<\/a>\n\n\t\t\t\t<\/div>\n\t\t\t\t<\/article>\n\t\t\t\t<article class=\"elementor-post elementor-grid-item post-733 product type-product status-publish has-post-thumbnail product_cat-lierre entry has-media  instock purchasable product-type-variable has-default-attributes has-product-nav col span_1_of_4 owp-content-center item-entry owp-thumbs-layout-horizontal owp-btn-normal owp-tabs-layout-section\">\n\t\t\t\t<a class=\"elementor-post__thumbnail__link\" href=\"https:\/\/www.hedera-etc.com\/de\/product\/hedera-helix-golden-carpet\/\" tabindex=\"-1\" target=\"&quot;_blank&quot;\">\n\t\t\t<div class=\"elementor-post__thumbnail\"><img loading=\"lazy\" decoding=\"async\" width=\"300\" height=\"225\" src=\"https:\/\/www.hedera-etc.com\/wp-content\/uploads\/2023\/10\/Hedera-helix-Golden-Carpet-300x225.webp\" class=\"attachment-medium size-medium wp-image-734\" alt=\"Hedera helix &#039;Golden Carpet&#039;\" srcset=\"https:\/\/www.hedera-etc.com\/wp-content\/uploads\/2023\/10\/Hedera-helix-Golden-Carpet-300x225.webp 300w, https:\/\/www.hedera-etc.com\/wp-content\/uploads\/2023\/10\/Hedera-helix-Golden-Carpet-900x675.webp 900w, https:\/\/www.hedera-etc.com\/wp-content\/uploads\/2023\/10\/Hedera-helix-Golden-Carpet-768x576.webp 768w, https:\/\/www.hedera-etc.com\/wp-content\/uploads\/2023\/10\/Hedera-helix-Golden-Carpet.webp 1024w\" sizes=\"(max-width: 300px) 100vw, 300px\" \/><\/div>\n\t\t<\/a>\n\t\t\t\t<div class=\"elementor-post__text\">\n\t\t\t\t<h3 class=\"elementor-post__title\">\n\t\t\t<a href=\"https:\/\/www.hedera-etc.com\/de\/product\/hedera-helix-golden-carpet\/\" target=\"&quot;_blank&quot;\">\n\t\t\t\t<em>Hedera helix<\/em> &lsquo;Golden Carpet&rsquo; &#8211; Zier-Efeu\t\t\t<\/a>\n\t\t<\/h3>\n\t\t\t\t<div class=\"elementor-post__excerpt\">\n\t\t\t<p>Zier-Efeu, der seinem Namen alle Ehre macht (Goldteppich).<\/p> <p>Bl\u00e4tter bestehen aus 3 bis 5 Lappen, die etwas stumpf und\t\t<\/div>\n\t\t\n\t\t<a class=\"elementor-post__read-more\" href=\"https:\/\/www.hedera-etc.com\/de\/product\/hedera-helix-golden-carpet\/\" aria-label=\"Mehr \u00fcber Hedera helix \u2018Golden Carpet\u2019 \u2013 Zier-Efeu\" tabindex=\"-1\" target=\"_blank\">\n\t\t\tWeiterlesen \u00bb\t\t<\/a>\n\n\t\t\t\t<\/div>\n\t\t\t\t<\/article>\n\t\t\t\t<article class=\"elementor-post elementor-grid-item post-739 product type-product status-publish has-post-thumbnail product_cat-lierre entry has-media last instock purchasable product-type-variable has-default-attributes has-product-nav col span_1_of_4 owp-content-center item-entry owp-thumbs-layout-horizontal owp-btn-normal owp-tabs-layout-section has-no-thumbnails\">\n\t\t\t\t<a class=\"elementor-post__thumbnail__link\" href=\"https:\/\/www.hedera-etc.com\/de\/product\/hedera-helix-golden-fleece\/\" tabindex=\"-1\" target=\"&quot;_blank&quot;\">\n\t\t\t<div class=\"elementor-post__thumbnail\"><img loading=\"lazy\" decoding=\"async\" width=\"300\" height=\"225\" src=\"https:\/\/www.hedera-etc.com\/wp-content\/uploads\/2023\/10\/Hedera-helix-Golden-Fleece-300x225.webp\" class=\"attachment-medium size-medium wp-image-740\" alt=\"Hedera helix &#039;Golden Fleece&#039;\" srcset=\"https:\/\/www.hedera-etc.com\/wp-content\/uploads\/2023\/10\/Hedera-helix-Golden-Fleece-300x225.webp 300w, https:\/\/www.hedera-etc.com\/wp-content\/uploads\/2023\/10\/Hedera-helix-Golden-Fleece-900x675.webp 900w, https:\/\/www.hedera-etc.com\/wp-content\/uploads\/2023\/10\/Hedera-helix-Golden-Fleece-768x576.webp 768w, https:\/\/www.hedera-etc.com\/wp-content\/uploads\/2023\/10\/Hedera-helix-Golden-Fleece.webp 1024w\" sizes=\"(max-width: 300px) 100vw, 300px\" \/><\/div>\n\t\t<\/a>\n\t\t\t\t<div class=\"elementor-post__text\">\n\t\t\t\t<h3 class=\"elementor-post__title\">\n\t\t\t<a href=\"https:\/\/www.hedera-etc.com\/de\/product\/hedera-helix-golden-fleece\/\" target=\"&quot;_blank&quot;\">\n\t\t\t\t<em>Hedera helix<\/em> &lsquo;Golden Fleece&rsquo; &#8211; Zier-Efeu\t\t\t<\/a>\n\t\t<\/h3>\n\t\t\t\t<div class=\"elementor-post__excerpt\">\n\t\t\t<p>Gute Kletterpflanze mit kr\u00e4ftigen Trieben.<\/p> <p>St\u00e4ngel tragen mittelgro\u00dfe Bl\u00e4tter mit 3 Lappen, wobei der mittlere Lappen mehr\t\t<\/div>\n\t\t\n\t\t<a class=\"elementor-post__read-more\" href=\"https:\/\/www.hedera-etc.com\/de\/product\/hedera-helix-golden-fleece\/\" aria-label=\"Mehr \u00fcber *Hedera helix* \u2018Golden Fleece\u2019 \u2013 Zier-Efeu\" tabindex=\"-1\" target=\"_blank\">\n\t\t\tWeiterlesen \u00bb\t\t<\/a>\n\n\t\t\t\t<\/div>\n\t\t\t\t<\/article>\n\t\t\t\t<article class=\"elementor-post elementor-grid-item post-743 product type-product status-publish has-post-thumbnail product_cat-lierre entry has-media first instock purchasable product-type-variable has-default-attributes has-product-nav col span_1_of_4 owp-content-center item-entry owp-thumbs-layout-horizontal owp-btn-normal owp-tabs-layout-section has-no-thumbnails\">\n\t\t\t\t<a class=\"elementor-post__thumbnail__link\" href=\"https:\/\/www.hedera-etc.com\/de\/product\/hedera-helix-golden-girl\/\" tabindex=\"-1\" target=\"&quot;_blank&quot;\">\n\t\t\t<div class=\"elementor-post__thumbnail\"><img loading=\"lazy\" decoding=\"async\" width=\"300\" height=\"225\" src=\"https:\/\/www.hedera-etc.com\/wp-content\/uploads\/2023\/10\/Hedera-helix-Golden-Girl-300x225.webp\" class=\"attachment-medium size-medium wp-image-744\" alt=\"Hedera helix &#039;Golden Girl&#039;\" srcset=\"https:\/\/www.hedera-etc.com\/wp-content\/uploads\/2023\/10\/Hedera-helix-Golden-Girl-300x225.webp 300w, https:\/\/www.hedera-etc.com\/wp-content\/uploads\/2023\/10\/Hedera-helix-Golden-Girl-768x576.webp 768w, https:\/\/www.hedera-etc.com\/wp-content\/uploads\/2023\/10\/Hedera-helix-Golden-Girl.webp 839w\" sizes=\"(max-width: 300px) 100vw, 300px\" \/><\/div>\n\t\t<\/a>\n\t\t\t\t<div class=\"elementor-post__text\">\n\t\t\t\t<h3 class=\"elementor-post__title\">\n\t\t\t<a href=\"https:\/\/www.hedera-etc.com\/de\/product\/hedera-helix-golden-girl\/\" target=\"&quot;_blank&quot;\">\n\t\t\t\t<em>Hedera helix<\/em> &lsquo;Golden Girl&rsquo; &#8211; Zier-Efeu\t\t\t<\/a>\n\t\t<\/h3>\n\t\t\t\t<div class=\"elementor-post__excerpt\">\n\t\t\t<p>Sehr attraktiver, panaschierter Efeu, der schnell w\u00e4chst und mittelgro\u00df wird.<\/p> <p>Bl\u00e4tter bestehend aus 5 gut abgerundeten Lappen mit einem\t\t<\/div>\n\t\t\n\t\t<a class=\"elementor-post__read-more\" href=\"https:\/\/www.hedera-etc.com\/de\/product\/hedera-helix-golden-girl\/\" aria-label=\"Mehr \u00fcber &lt;em&gt;Hedera helix&lt;\/em&gt; &lsquo;Golden Girl&rsquo; &#8211; Lierre d&rsquo;ornement\" tabindex=\"-1\" target=\"_blank\">\n\t\t\tWeiterlesen \u00bb\t\t<\/a>\n\n\t\t\t\t<\/div>\n\t\t\t\t<\/article>\n\t\t\t\t<article class=\"elementor-post elementor-grid-item post-748 product type-product status-publish has-post-thumbnail product_cat-lierre entry has-media  instock purchasable product-type-variable has-default-attributes has-product-nav col span_1_of_4 owp-content-center item-entry owp-thumbs-layout-horizontal owp-btn-normal owp-tabs-layout-section\">\n\t\t\t\t<a class=\"elementor-post__thumbnail__link\" href=\"https:\/\/www.hedera-etc.com\/de\/product\/hedera-helix-golden-ingot\/\" tabindex=\"-1\" target=\"&quot;_blank&quot;\">\n\t\t\t<div class=\"elementor-post__thumbnail\"><img loading=\"lazy\" decoding=\"async\" width=\"300\" height=\"225\" src=\"https:\/\/www.hedera-etc.com\/wp-content\/uploads\/2023\/10\/Hedera-helix-Golden-Ingot-300x225.webp\" class=\"attachment-medium size-medium wp-image-14555\" alt=\"Hedera helix &#039;Golden Ingot&#039;\" srcset=\"https:\/\/www.hedera-etc.com\/wp-content\/uploads\/2023\/10\/Hedera-helix-Golden-Ingot-300x225.webp 300w, https:\/\/www.hedera-etc.com\/wp-content\/uploads\/2023\/10\/Hedera-helix-Golden-Ingot-768x576.webp 768w, https:\/\/www.hedera-etc.com\/wp-content\/uploads\/2023\/10\/Hedera-helix-Golden-Ingot.webp 900w\" sizes=\"(max-width: 300px) 100vw, 300px\" \/><\/div>\n\t\t<\/a>\n\t\t\t\t<div class=\"elementor-post__text\">\n\t\t\t\t<h3 class=\"elementor-post__title\">\n\t\t\t<a href=\"https:\/\/www.hedera-etc.com\/de\/product\/hedera-helix-golden-ingot\/\" target=\"&quot;_blank&quot;\">\n\t\t\t\t<em>Hedera helix<\/em> &lsquo;Golden Ingot&rsquo; &#8211; Zier-Efeu\t\t\t<\/a>\n\t\t<\/h3>\n\t\t\t\t<div class=\"elementor-post__excerpt\">\n\t\t\t<p>Sehr sch\u00f6ne Sorte, die zu Recht ausgezeichnet wurde.<\/p> <p>Bl\u00e4tter bestehen aus 3 bis 5 flachen Lappen. Blattansatz\t\t<\/div>\n\t\t\n\t\t<a class=\"elementor-post__read-more\" href=\"https:\/\/www.hedera-etc.com\/de\/product\/hedera-helix-golden-ingot\/\" aria-label=\"Mehr \u00fcber &lt;em&gt;Hedera helix&lt;\/em&gt; &lsquo;Golden Ingot&rsquo; &#8211; Lierre d&rsquo;ornement\" tabindex=\"-1\" target=\"_blank\">\n\t\t\tWeiterlesen \u00bb\t\t<\/a>\n\n\t\t\t\t<\/div>\n\t\t\t\t<\/article>\n\t\t\t\t<article class=\"elementor-post elementor-grid-item post-775 product type-product status-publish has-post-thumbnail product_cat-lierre entry has-media  instock purchasable product-type-variable has-default-attributes has-product-nav col span_1_of_4 owp-content-center item-entry owp-thumbs-layout-horizontal owp-btn-normal owp-tabs-layout-section\">\n\t\t\t\t<a class=\"elementor-post__thumbnail__link\" href=\"https:\/\/www.hedera-etc.com\/de\/product\/hedera-helix-hahns-variegated\/\" tabindex=\"-1\" target=\"&quot;_blank&quot;\">\n\t\t\t<div class=\"elementor-post__thumbnail\"><img loading=\"lazy\" decoding=\"async\" width=\"300\" height=\"225\" src=\"https:\/\/www.hedera-etc.com\/wp-content\/uploads\/2023\/10\/Hedera-helix-Hahns-Variegated-300x225.webp\" class=\"attachment-medium size-medium wp-image-776\" alt=\"Hedera helix &#039;Hahn&#039;s Variegated&#039;\" srcset=\"https:\/\/www.hedera-etc.com\/wp-content\/uploads\/2023\/10\/Hedera-helix-Hahns-Variegated-300x225.webp 300w, https:\/\/www.hedera-etc.com\/wp-content\/uploads\/2023\/10\/Hedera-helix-Hahns-Variegated-900x675.webp 900w, https:\/\/www.hedera-etc.com\/wp-content\/uploads\/2023\/10\/Hedera-helix-Hahns-Variegated-768x576.webp 768w, https:\/\/www.hedera-etc.com\/wp-content\/uploads\/2023\/10\/Hedera-helix-Hahns-Variegated.webp 1024w\" sizes=\"(max-width: 300px) 100vw, 300px\" \/><\/div>\n\t\t<\/a>\n\t\t\t\t<div class=\"elementor-post__text\">\n\t\t\t\t<h3 class=\"elementor-post__title\">\n\t\t\t<a href=\"https:\/\/www.hedera-etc.com\/de\/product\/hedera-helix-hahns-variegated\/\" target=\"&quot;_blank&quot;\">\n\t\t\t\t<em>Hedera helix<\/em> &lsquo;Hahn&rsquo;s Variegated&rsquo; &#8211; Zier-Efeu\t\t\t<\/a>\n\t\t<\/h3>\n\t\t\t\t<div class=\"elementor-post__excerpt\">\n\t\t\t<div class=\"elementor-element elementor-element-29bb15d4 elementor-widget elementor-widget-text-editor\" data-id=\"29bb15d4\" data-element_type=\"widget\" data-widget_type=\"text-editor.default\"> <div class=\"elementor-widget-container\"> <p>\u00c4hnliches Laub wie \u2018Glacier\u2019, gr\u00f6\u00dferes Blatt und\t\t<\/div>\n\t\t\n\t\t<a class=\"elementor-post__read-more\" href=\"https:\/\/www.hedera-etc.com\/de\/product\/hedera-helix-hahns-variegated\/\" aria-label=\"Mehr \u00fcber &lt;em&gt;Hedera helix&lt;\/em&gt; &lsquo;Hahn&rsquo;s Variegated&rsquo; &#8211; Lierre d&rsquo;ornement\" tabindex=\"-1\" target=\"_blank\">\n\t\t\tWeiterlesen \u00bb\t\t<\/a>\n\n\t\t\t\t<\/div>\n\t\t\t\t<\/article>.\n\t\t\t\t<article class=\"elementor-post elementor-grid-item post-780 product type-product status-publish has-post-thumbnail product_cat-lierre entry has-media last instock purchasable product-type-variable has-default-attributes has-product-nav col span_1_of_4 owp-content-center item-entry owp-thumbs-layout-horizontal owp-btn-normal owp-tabs-layout-section\">\n\t\t\t\t<a class=\"elementor-post__thumbnail__link\" href=\"https:\/\/www.hedera-etc.com\/de\/product\/hedera-helix-halebob\/\" tabindex=\"-1\" target=\"&quot;_blank&quot;\">\n\t\t\t<div class=\"elementor-post__thumbnail\"><img loading=\"lazy\" decoding=\"async\" width=\"300\" height=\"199\" src=\"https:\/\/www.hedera-etc.com\/wp-content\/uploads\/2023\/10\/Hedera-helix-Halebob-300x199.webp\" class=\"attachment-medium size-medium wp-image-781\" alt=\"Hedera helix &#039;Halebob&#039;\" srcset=\"https:\/\/www.hedera-etc.com\/wp-content\/uploads\/2023\/10\/Hedera-helix-Halebob-300x199.webp 300w, https:\/\/www.hedera-etc.com\/wp-content\/uploads\/2023\/10\/Hedera-helix-Halebob-900x598.webp 900w, https:\/\/www.hedera-etc.com\/wp-content\/uploads\/2023\/10\/Hedera-helix-Halebob-768x510.webp 768w, https:\/\/www.hedera-etc.com\/wp-content\/uploads\/2023\/10\/Hedera-helix-Halebob.webp 947w\" sizes=\"(max-width: 300px) 100vw, 300px\" \/><\/div>\n\t\t<\/a>\n\t\t\t\t<div class=\"elementor-post__text\">\n\t\t\t\t<h3 class=\"elementor-post__title\">\n\t\t\t<a href=\"https:\/\/www.hedera-etc.com\/de\/product\/hedera-helix-halebob\/\" target=\"&quot;_blank&quot;\">\n\t\t\t\t<em>Hedera helix<\/em> &lsquo;Halebob&rsquo; &#8211; Zier-Efeu\t\t\t<\/a>\n\t\t<\/h3>\n\t\t\t\t<div class=\"elementor-post__excerpt\">\n\t\t\t<p>Sehr attraktives Laub in gelben und gr\u00fcnen Lackfarben.<\/p> <p>Blatt besteht aus 5 Lappen, die gut gewellt oder sogar gepr\u00e4gt sind auf\t\t<\/div>\n\t\t\n\t\t<a class=\"elementor-post__read-more\" href=\"https:\/\/www.hedera-etc.com\/de\/product\/hedera-helix-halebob\/\" aria-label=\"Mehr \u00fcber &lt;em&gt;Hedera helix&lt;\/em&gt; &lsquo;Halebob&rsquo; &#8211; Lierre d&rsquo;ornement\" tabindex=\"-1\" target=\"_blank\">\n\t\t\tWeiterlesen \u00bb\t\t<\/a>\n\n\t\t\t\t<\/div>\n\t\t\t\t<\/article>\n\t\t\t\t<article class=\"elementor-post elementor-grid-item post-785 product type-product status-publish has-post-thumbnail product_cat-lierre entry has-media first instock purchasable product-type-variable has-default-attributes has-product-nav col span_1_of_4 owp-content-center item-entry owp-thumbs-layout-horizontal owp-btn-normal owp-tabs-layout-section has-no-thumbnails\">\n\t\t\t\t<a class=\"elementor-post__thumbnail__link\" href=\"https:\/\/www.hedera-etc.com\/de\/product\/hedera-helix-hanna\/\" tabindex=\"-1\" target=\"&quot;_blank&quot;\">\n\t\t\t<div class=\"elementor-post__thumbnail\"><img loading=\"lazy\" decoding=\"async\" width=\"300\" height=\"225\" src=\"https:\/\/www.hedera-etc.com\/wp-content\/uploads\/2023\/10\/Hedera-helix-Hanna-300x225.webp\" class=\"attachment-medium size-medium wp-image-786\" alt=\"Hedera helix &#039;Hanna&#039;\" srcset=\"https:\/\/www.hedera-etc.com\/wp-content\/uploads\/2023\/10\/Hedera-helix-Hanna-300x225.webp 300w, https:\/\/www.hedera-etc.com\/wp-content\/uploads\/2023\/10\/Hedera-helix-Hanna-768x575.webp 768w, https:\/\/www.hedera-etc.com\/wp-content\/uploads\/2023\/10\/Hedera-helix-Hanna.webp 800w\" sizes=\"(max-width: 300px) 100vw, 300px\" \/><\/div>\n\t\t<\/a>\n\t\t\t\t<div class=\"elementor-post__text\">\n\t\t\t\t<h3 class=\"elementor-post__title\">\n\t\t\t<a href=\"https:\/\/www.hedera-etc.com\/de\/product\/hedera-helix-hanna\/\" target=\"&quot;_blank&quot;\">\n\t\t\t\t<em>Hedera helix<\/em> &lsquo;Hanna&rsquo; &#8211; Zier-Efeu\t\t\t<\/a>\n\t\t<\/h3>\n\t\t\t\t<div class=\"elementor-post__excerpt\">\n\t\t\t<p>Geh\u00f6rt zu den bodendeckenden Efeuarten, die die Sonne lieben.<\/p> <p>Bl\u00e4tter aus 3 bis 5 Lappen, die sich zusammenziehen\t\t<\/div>\n\t\t\n\t\t<a class=\"elementor-post__read-more\" href=\"https:\/\/www.hedera-etc.com\/de\/product\/hedera-helix-hanna\/\" aria-label=\"Mehr \u00fcber &lt;em&gt;Hedera helix&lt;\/em&gt; \u2018Hanna\u2019 \u2013 Zier-Efeu\" tabindex=\"-1\" target=\"_blank\">\n\t\t\tWeiterlesen \u00bb\t\t<\/a>\n\n\t\t\t\t<\/div>\n\t\t\t\t<\/article>\n\t\t\t\t<article class=\"elementor-post elementor-grid-item post-791 product type-product status-publish has-post-thumbnail product_cat-lierre entry has-media  instock purchasable product-type-variable has-default-attributes has-product-nav col span_1_of_4 owp-content-center item-entry owp-thumbs-layout-horizontal owp-btn-normal owp-tabs-layout-section\">\n\t\t\t\t<a class=\"elementor-post__thumbnail__link\" href=\"https:\/\/www.hedera-etc.com\/de\/product\/hedera-helix-hazel\/\" tabindex=\"-1\" target=\"&quot;_blank&quot;\">\n\t\t\t<div class=\"elementor-post__thumbnail\"><img loading=\"lazy\" decoding=\"async\" width=\"300\" height=\"225\" src=\"https:\/\/www.hedera-etc.com\/wp-content\/uploads\/2023\/10\/Hedera-helix-Hazel-300x225.webp\" class=\"attachment-medium size-medium wp-image-792\" alt=\"Hedera helix &#039;Hazel&#039;\" srcset=\"https:\/\/www.hedera-etc.com\/wp-content\/uploads\/2023\/10\/Hedera-helix-Hazel-300x225.webp 300w, https:\/\/www.hedera-etc.com\/wp-content\/uploads\/2023\/10\/Hedera-helix-Hazel-900x675.webp 900w, https:\/\/www.hedera-etc.com\/wp-content\/uploads\/2023\/10\/Hedera-helix-Hazel-768x576.webp 768w, https:\/\/www.hedera-etc.com\/wp-content\/uploads\/2023\/10\/Hedera-helix-Hazel.webp 1024w\" sizes=\"(max-width: 300px) 100vw, 300px\" \/><\/div>\n\t\t<\/a>\n\t\t\t\t<div class=\"elementor-post__text\">\n\t\t\t\t<h3 class=\"elementor-post__title\">\n\t\t\t<a href=\"https:\/\/www.hedera-etc.com\/de\/product\/hedera-helix-hazel\/\" target=\"&quot;_blank&quot;\">\n\t\t\t\t<em>Hedera helix<\/em> &lsquo;Hazel&rsquo; &#8211; Zier-Efeu\t\t\t<\/a>\n\t\t<\/h3>\n\t\t\t\t<div class=\"elementor-post__excerpt\">\n\t\t\t<p>Kompakte Sorte mit Bl\u00e4ttern, die einen hervorstehenden Mittellappen haben.<\/p> <p>Blatt, das in der Regel aus drei Lappen besteht, die flach und wenig ausgepr\u00e4gt sind.\t\t<\/div>\n\t\t\n\t\t<a class=\"elementor-post__read-more\" href=\"https:\/\/www.hedera-etc.com\/de\/product\/hedera-helix-hazel\/\" aria-label=\"Mehr \u00fcber &lt;em&gt;Hedera helix&lt;\/em&gt; &lsquo;Hazel&rsquo; &#8211; Lierre d&rsquo;ornement\" tabindex=\"-1\" target=\"_blank\">\n\t\t\tWeiterlesen \u00bb\t\t<\/a>\n\n\t\t\t\t<\/div>\n\t\t\t\t<\/article>\n\t\t\t\t<article class=\"elementor-post elementor-grid-item post-796 product type-product status-publish has-post-thumbnail product_cat-lierre entry has-media  instock purchasable product-type-variable has-default-attributes has-product-nav col span_1_of_4 owp-content-center item-entry owp-thumbs-layout-horizontal owp-btn-normal owp-tabs-layout-section\">\n\t\t\t\t<a class=\"elementor-post__thumbnail__link\" href=\"https:\/\/www.hedera-etc.com\/de\/product\/hedera-helix-hedge-hog\/\" tabindex=\"-1\" target=\"&quot;_blank&quot;\">\n\t\t\t<div class=\"elementor-post__thumbnail\"><img loading=\"lazy\" decoding=\"async\" width=\"300\" height=\"225\" src=\"https:\/\/www.hedera-etc.com\/wp-content\/uploads\/2023\/10\/Hedera-helix-Hedge-Hog-300x225.webp\" class=\"attachment-medium size-medium wp-image-14532\" alt=\"Hedera helix &#039;Hedge Hog&#039;\" srcset=\"https:\/\/www.hedera-etc.com\/wp-content\/uploads\/2023\/10\/Hedera-helix-Hedge-Hog-300x225.webp 300w, https:\/\/www.hedera-etc.com\/wp-content\/uploads\/2023\/10\/Hedera-helix-Hedge-Hog-900x674.webp 900w, https:\/\/www.hedera-etc.com\/wp-content\/uploads\/2023\/10\/Hedera-helix-Hedge-Hog-768x575.webp 768w, https:\/\/www.hedera-etc.com\/wp-content\/uploads\/2023\/10\/Hedera-helix-Hedge-Hog.webp 1021w\" sizes=\"(max-width: 300px) 100vw, 300px\" \/><\/div>\n\t\t<\/a>\n\t\t\t\t<div class=\"elementor-post__text\">\n\t\t\t\t<h3 class=\"elementor-post__title\">\n\t\t\t<a href=\"https:\/\/www.hedera-etc.com\/de\/product\/hedera-helix-hedge-hog\/\" target=\"&quot;_blank&quot;\">\n\t\t\t\t<em>Hedera helix<\/em> &lsquo;Hedge Hog&rsquo; &#8211; Zier-Efeu\t\t\t<\/a>\n\t\t<\/h3>\n\t\t\t\t<div class=\"elementor-post__excerpt\">\n\t\t\t<p>Kleinw\u00fcchsige Sorte mit halbstrauchigem Wuchs, verzweigt und wenig verzweigt.<\/p> <p>Bl\u00e4tter, Miniatur, von unregelm\u00e4\u00dfiger L\u00e4nge, oft verformt, ungleichm\u00e4\u00dfig\t\t<\/div>\n\t\t\n\t\t<a class=\"elementor-post__read-more\" href=\"https:\/\/www.hedera-etc.com\/de\/product\/hedera-helix-hedge-hog\/\" aria-label=\"Mehr \u00fcber &lt;em&gt;Hedera helix&lt;\/em&gt; &lsquo;Hedge Hog&rsquo; &#8211; Lierre d&rsquo;ornement\" tabindex=\"-1\" target=\"_blank\">\n\t\t\tWeiterlesen \u00bb\t\t<\/a>\n\n\t\t\t\t<\/div>\n\t\t\t\t<\/article>\n\t\t\t\t<article class=\"elementor-post elementor-grid-item post-801 product type-product status-publish has-post-thumbnail product_cat-lierre entry has-media last outofstock product-type-variable has-default-attributes has-product-nav col span_1_of_4 owp-content-center item-entry owp-thumbs-layout-horizontal owp-btn-normal owp-tabs-layout-section\">\n\t\t\t\t<a class=\"elementor-post__thumbnail__link\" href=\"https:\/\/www.hedera-etc.com\/de\/product\/hedera-helix-helena\/\" tabindex=\"-1\" target=\"&quot;_blank&quot;\">\n\t\t\t<div class=\"elementor-post__thumbnail\"><img loading=\"lazy\" decoding=\"async\" width=\"300\" height=\"225\" src=\"https:\/\/www.hedera-etc.com\/wp-content\/uploads\/2023\/10\/Hedera-helix-Helena_3-300x225.webp\" class=\"attachment-medium size-medium wp-image-11335\" alt=\"Hedera helix &#039;Helena&#039;\" srcset=\"https:\/\/www.hedera-etc.com\/wp-content\/uploads\/2023\/10\/Hedera-helix-Helena_3-300x225.webp 300w, https:\/\/www.hedera-etc.com\/wp-content\/uploads\/2023\/10\/Hedera-helix-Helena_3-900x675.webp 900w, https:\/\/www.hedera-etc.com\/wp-content\/uploads\/2023\/10\/Hedera-helix-Helena_3-1024x768.webp 1024w, https:\/\/www.hedera-etc.com\/wp-content\/uploads\/2023\/10\/Hedera-helix-Helena_3-768x576.webp 768w, https:\/\/www.hedera-etc.com\/wp-content\/uploads\/2023\/10\/Hedera-helix-Helena_3-1536x1152.webp 1536w, https:\/\/www.hedera-etc.com\/wp-content\/uploads\/2023\/10\/Hedera-helix-Helena_3-1320x990.webp 1320w, https:\/\/www.hedera-etc.com\/wp-content\/uploads\/2023\/10\/Hedera-helix-Helena_3.webp 1600w\" sizes=\"(max-width: 300px) 100vw, 300px\" \/><\/div>\n\t\t<\/a>\n\t\t\t\t<div class=\"elementor-post__text\">\n\t\t\t\t<h3 class=\"elementor-post__title\">\n\t\t\t<a href=\"https:\/\/www.hedera-etc.com\/de\/product\/hedera-helix-helena\/\" target=\"&quot;_blank&quot;\">\n\t\t\t\t<em>Hedera helix<\/em> &lsquo;Helena&rsquo; &#8211; Zier-Efeu\t\t\t<\/a>\n\t\t<\/h3>\n\t\t\t\t<div class=\"elementor-post__excerpt\">\n\t\t\t<p>Sehr elegant mit Bl\u00e4ttern mit einem sch\u00f6nen Kontrast in der Panaschierung.<\/p> <p>Bl\u00e4tter bestehen aus 5 sternf\u00f6rmigen Lappen oder\t\t<\/div>\n\t\t\n\t\t<a class=\"elementor-post__read-more\" href=\"https:\/\/www.hedera-etc.com\/de\/product\/hedera-helix-helena\/\" aria-label=\"Mehr \u00fcber &lt;em&gt;Hedera helix&lt;\/em&gt; &lsquo;Helena&rsquo; &#8211; Lierre d&rsquo;ornement\" tabindex=\"-1\" target=\"_blank\">\n\t\t\tWeiterlesen \u00bb\t\t<\/a>\n\n\t\t\t\t<\/div>\n\t\t\t\t<\/article>\n\t\t\t\t<article class=\"elementor-post elementor-grid-item post-806 product type-product status-publish has-post-thumbnail product_cat-lierre entry has-media first instock purchasable product-type-variable has-default-attributes has-product-nav col span_1_of_4 owp-content-center item-entry owp-thumbs-layout-horizontal owp-btn-normal owp-tabs-layout-section\">\n\t\t\t\t<a class=\"elementor-post__thumbnail__link\" href=\"https:\/\/www.hedera-etc.com\/de\/product\/hedera-helix-helvetica\/\" tabindex=\"-1\" target=\"&quot;_blank&quot;\">\n\t\t\t<div class=\"elementor-post__thumbnail\"><img loading=\"lazy\" decoding=\"async\" width=\"300\" height=\"199\" src=\"https:\/\/www.hedera-etc.com\/wp-content\/uploads\/2023\/10\/Hedera-helix-Helvetica-300x199.webp\" class=\"attachment-medium size-medium wp-image-807\" alt=\"Hedera helix &#039;Helvetica&#039;\" srcset=\"https:\/\/www.hedera-etc.com\/wp-content\/uploads\/2023\/10\/Hedera-helix-Helvetica-300x199.webp 300w, https:\/\/www.hedera-etc.com\/wp-content\/uploads\/2023\/10\/Hedera-helix-Helvetica-900x598.webp 900w, https:\/\/www.hedera-etc.com\/wp-content\/uploads\/2023\/10\/Hedera-helix-Helvetica-768x510.webp 768w, https:\/\/www.hedera-etc.com\/wp-content\/uploads\/2023\/10\/Hedera-helix-Helvetica.webp 947w\" sizes=\"(max-width: 300px) 100vw, 300px\" \/><\/div>\n\t\t<\/a>\n\t\t\t\t<div class=\"elementor-post__text\">\n\t\t\t\t<h3 class=\"elementor-post__title\">\n\t\t\t<a href=\"https:\/\/www.hedera-etc.com\/de\/product\/hedera-helix-helvetica\/\" target=\"&quot;_blank&quot;\">\n\t\t\t\t<em>Hedera helix<\/em> &lsquo;Helvetica&rsquo; &#8211; Zier-Efeu\t\t\t<\/a>\n\t\t<\/h3>\n\t\t\t\t<div class=\"elementor-post__excerpt\">\n\t\t\t<p>Winterharte, kr\u00e4ftige, verzweigte Kletterpflanze.<br \/> Die Triebe und Blattstiele sind violett-gr\u00fcn, das Blatt in Form von\t\t<\/div>\n\t\t\n\t\t<a class=\"elementor-post__read-more\" href=\"https:\/\/www.hedera-etc.com\/de\/product\/hedera-helix-helvetica\/\" aria-label=\"Mehr \u00fcber &lt;em&gt;Hedera helix&lt;\/em&gt; &lsquo;Helvetica&rsquo; &#8211; Lierre d&rsquo;ornement\" tabindex=\"-1\" target=\"_blank\">\n\t\t\tWeiterlesen \u00bb\t\t<\/a>\n\n\t\t\t\t<\/div>\n\t\t\t\t<\/article>\n\t\t\t\t<article class=\"elementor-post elementor-grid-item post-813 product type-product status-publish has-post-thumbnail product_cat-lierre entry has-media  instock purchasable product-type-variable has-default-attributes has-product-nav col span_1_of_4 owp-content-center item-entry owp-thumbs-layout-horizontal owp-btn-normal owp-tabs-layout-section\">\n\t\t\t\t<a class=\"elementor-post__thumbnail__link\" href=\"https:\/\/www.hedera-etc.com\/de\/product\/hedera-helix-heron\/\" tabindex=\"-1\" target=\"&quot;_blank&quot;\">\n\t\t\t<div class=\"elementor-post__thumbnail\"><img loading=\"lazy\" decoding=\"async\" width=\"204\" height=\"300\" src=\"https:\/\/www.hedera-etc.com\/wp-content\/uploads\/2023\/10\/Hedera-helix-Heron-204x300.webp\" class=\"attachment-medium size-medium wp-image-814\" alt=\"Hedera helix &#039;Heron&#039;\" srcset=\"https:\/\/www.hedera-etc.com\/wp-content\/uploads\/2023\/10\/Hedera-helix-Heron-204x300.webp 204w, https:\/\/www.hedera-etc.com\/wp-content\/uploads\/2023\/10\/Hedera-helix-Heron.webp 427w\" sizes=\"(max-width: 204px) 100vw, 204px\" \/><\/div>\n\t\t<\/a>\n\t\t\t\t<div class=\"elementor-post__text\">\n\t\t\t\t<h3 class=\"elementor-post__title\">\n\t\t\t<a href=\"https:\/\/www.hedera-etc.com\/de\/product\/hedera-helix-heron\/\" target=\"&quot;_blank&quot;\">\n\t\t\t\t<em>Hedera helix<\/em> &lsquo;Heron&rsquo; &#8211; Zier-Efeu\t\t\t<\/a>\n\t\t<\/h3>\n\t\t\t\t<div class=\"elementor-post__excerpt\">\n\t\t\t<p>Wirklich atypisch mit ihren kleinen Bl\u00e4ttern, die wie Stacheldraht angeordnet sind.<\/p> <p>Blattspreite aus 5 sehr schmalen Lappen bestehend,\t\t<\/div>\n\t\t\n\t\t<a class=\"elementor-post__read-more\" href=\"https:\/\/www.hedera-etc.com\/de\/product\/hedera-helix-heron\/\" aria-label=\"Mehr \u00fcber &lt;em&gt;Hedera helix&lt;\/em&gt; &lsquo;Heron&rsquo; &#8211; Lierre d&rsquo;ornement\" tabindex=\"-1\" target=\"_blank\">\n\t\t\tWeiterlesen \u00bb\t\t<\/a>\n\n\t\t\t\t<\/div>\n\t\t\t\t<\/article>\n\t\t\t\t<article class=\"elementor-post elementor-grid-item post-818 product type-product status-publish has-post-thumbnail product_cat-lierre entry has-media  instock purchasable product-type-variable has-default-attributes has-product-nav col span_1_of_4 owp-content-center item-entry owp-thumbs-layout-horizontal owp-btn-normal owp-tabs-layout-section\">\n\t\t\t\t<a class=\"elementor-post__thumbnail__link\" href=\"https:\/\/www.hedera-etc.com\/de\/product\/hedera-helix-hester\/\" tabindex=\"-1\" target=\"&quot;_blank&quot;\">\n\t\t\t<div class=\"elementor-post__thumbnail\"><img loading=\"lazy\" decoding=\"async\" width=\"300\" height=\"225\" src=\"https:\/\/www.hedera-etc.com\/wp-content\/uploads\/2023\/10\/Hedera-helix-Hester_2-300x225.webp\" class=\"attachment-medium size-medium wp-image-819\" alt=\"Hedera helix &#039;Hester&#039;\" srcset=\"https:\/\/www.hedera-etc.com\/wp-content\/uploads\/2023\/10\/Hedera-helix-Hester_2-300x225.webp 300w, https:\/\/www.hedera-etc.com\/wp-content\/uploads\/2023\/10\/Hedera-helix-Hester_2-768x575.webp 768w, https:\/\/www.hedera-etc.com\/wp-content\/uploads\/2023\/10\/Hedera-helix-Hester_2.webp 800w\" sizes=\"(max-width: 300px) 100vw, 300px\" \/><\/div>\n\t\t<\/a>\n\t\t\t\t<div class=\"elementor-post__text\">\n\t\t\t\t<h3 class=\"elementor-post__title\">\n\t\t\t<a href=\"https:\/\/www.hedera-etc.com\/de\/product\/hedera-helix-hester\/\" target=\"&quot;_blank&quot;\">\n\t\t\t\t<em>Hedera helix<\/em> &lsquo;Hester&rsquo; &#8211; Zier-Efeu\t\t\t<\/a>\n\t\t<\/h3>\n\t\t\t\t<div class=\"elementor-post__excerpt\">\n\t\t\t<p>Ungew\u00f6hnliche Sorte mit langen linearen oder lanzettlichen Bl\u00e4ttern.<\/p> <p>Meist ungelappt, aber manchmal findet man auch Bl\u00e4tter\t\t<\/div>\n\t\t\n\t\t<a class=\"elementor-post__read-more\" href=\"https:\/\/www.hedera-etc.com\/de\/product\/hedera-helix-hester\/\" aria-label=\"Mehr \u00fcber &lt;em&gt;Hedera helix&lt;\/em&gt; &lsquo;Hester&rsquo; &#8211; Lierre d&rsquo;ornement\" tabindex=\"-1\" target=\"_blank\">\n\t\t\tWeiterlesen \u00bb\t\t<\/a>\n\n\t\t\t\t<\/div>\n\t\t\t\t<\/article>\n\t\t\t\t<article class=\"elementor-post elementor-grid-item post-823 product type-product status-publish has-post-thumbnail product_cat-lierre entry has-media last instock purchasable product-type-variable has-default-attributes has-product-nav col span_1_of_4 owp-content-center item-entry owp-thumbs-layout-horizontal owp-btn-normal owp-tabs-layout-section has-no-thumbnails\">\n\t\t\t\t<a class=\"elementor-post__thumbnail__link\" href=\"https:\/\/www.hedera-etc.com\/de\/product\/hedera-helix-hullavington\/\" tabindex=\"-1\" target=\"&quot;_blank&quot;\">\n\t\t\t<div class=\"elementor-post__thumbnail\"><img loading=\"lazy\" decoding=\"async\" width=\"300\" height=\"225\" src=\"https:\/\/www.hedera-etc.com\/wp-content\/uploads\/2023\/10\/Hedera-helix-Hullavington-300x225.webp\" class=\"attachment-medium size-medium wp-image-824\" alt=\"Hedera helix &#039;Hullavington&#039;\" srcset=\"https:\/\/www.hedera-etc.com\/wp-content\/uploads\/2023\/10\/Hedera-helix-Hullavington-300x225.webp 300w, https:\/\/www.hedera-etc.com\/wp-content\/uploads\/2023\/10\/Hedera-helix-Hullavington-900x675.webp 900w, https:\/\/www.hedera-etc.com\/wp-content\/uploads\/2023\/10\/Hedera-helix-Hullavington-768x576.webp 768w, https:\/\/www.hedera-etc.com\/wp-content\/uploads\/2023\/10\/Hedera-helix-Hullavington.webp 1024w\" sizes=\"(max-width: 300px) 100vw, 300px\" \/><\/div>\n\t\t<\/a>\n\t\t\t\t<div class=\"elementor-post__text\">\n\t\t\t\t<h3 class=\"elementor-post__title\">\n\t\t\t<a href=\"https:\/\/www.hedera-etc.com\/de\/product\/hedera-helix-hullavington\/\" target=\"&quot;_blank&quot;\">\n\t\t\t\t<em>Hedera helix<\/em> &lsquo;Hullavington&rsquo; &#8211; Zier-Efeu\t\t\t<\/a>\n\t\t<\/h3>\n\t\t\t\t<div class=\"elementor-post__excerpt\">\n\t\t\t<p>Starke St\u00e4ngel, die ein dickes, hellgelbes Laub tragen, das sich bei Reife gr\u00fcn f\u00e4rbt. Einige Bl\u00e4tter weisen an der Spitze einen gr\u00fcnen Fleck auf.\t\t<\/div>\n\t\t\n\t\t<a class=\"elementor-post__read-more\" href=\"https:\/\/www.hedera-etc.com\/de\/product\/hedera-helix-hullavington\/\" aria-label=\"Mehr \u00fcber &lt;em&gt;Hedera helix&lt;\/em&gt; &lsquo;Hullavington&rsquo; &#8211; Lierre d&rsquo;ornement\" tabindex=\"-1\" target=\"_blank\">\n\t\t\tWeiterlesen \u00bb\t\t<\/a>\n\n\t\t\t\t<\/div>\n\t\t\t\t<\/article>\n\t\t\t\t<article class=\"elementor-post elementor-grid-item post-827 product type-product status-publish has-post-thumbnail product_cat-lierre entry has-media first instock purchasable product-type-variable has-default-attributes has-product-nav col span_1_of_4 owp-content-center item-entry owp-thumbs-layout-horizontal owp-btn-normal owp-tabs-layout-section\">\n\t\t\t\t<a class=\"elementor-post__thumbnail__link\" href=\"https:\/\/www.hedera-etc.com\/de\/product\/hedera-helix-innuendo\/\" tabindex=\"-1\" target=\"&quot;_blank&quot;\">\n\t\t\t<div class=\"elementor-post__thumbnail\"><img loading=\"lazy\" decoding=\"async\" width=\"300\" height=\"225\" src=\"https:\/\/www.hedera-etc.com\/wp-content\/uploads\/2023\/10\/Hedera-helix-Innuendo-300x225.webp\" class=\"attachment-medium size-medium wp-image-828\" alt=\"Hedera helix &#039;Innuendo&#039;\" srcset=\"https:\/\/www.hedera-etc.com\/wp-content\/uploads\/2023\/10\/Hedera-helix-Innuendo-300x225.webp 300w, https:\/\/www.hedera-etc.com\/wp-content\/uploads\/2023\/10\/Hedera-helix-Innuendo-900x675.webp 900w, https:\/\/www.hedera-etc.com\/wp-content\/uploads\/2023\/10\/Hedera-helix-Innuendo-768x576.webp 768w, https:\/\/www.hedera-etc.com\/wp-content\/uploads\/2023\/10\/Hedera-helix-Innuendo.webp 1024w\" sizes=\"(max-width: 300px) 100vw, 300px\" \/><\/div>\n\t\t<\/a>\n\t\t\t\t<div class=\"elementor-post__text\">\n\t\t\t\t<h3 class=\"elementor-post__title\">\n\t\t\t<a href=\"https:\/\/www.hedera-etc.com\/de\/product\/hedera-helix-innuendo\/\" target=\"&quot;_blank&quot;\">\n\t\t\t\t<em>Hedera helix<\/em> &lsquo;Innuendo&rsquo; &#8211; Zier-Efeu\t\t\t<\/a>\n\t\t<\/h3>\n\t\t\t\t<div class=\"elementor-post__excerpt\">\n\t\t\t<p>Bildet einen kompakten B\u00fcschel aus verzweigten \u00c4sten.<\/p> <p>Bl\u00e4tter, dunkelgr\u00fcn, aus 3 Lappen bestehend, am Rand eingerollt und zart\t\t<\/div>\n\t\t\n\t\t<a class=\"elementor-post__read-more\" href=\"https:\/\/www.hedera-etc.com\/de\/product\/hedera-helix-innuendo\/\" aria-label=\"Mehr \u00fcber &lt;em&gt;Hedera helix&lt;\/em&gt; &lsquo;Innuendo&rsquo; &#8211; Lierre d&rsquo;ornement\" tabindex=\"-1\" target=\"_blank\">\n\t\t\tWeiterlesen \u00bb\t\t<\/a>\n\n\t\t\t\t<\/div>\n\t\t\t\t<\/article>\n\t\t\t\t<article class=\"elementor-post elementor-grid-item post-833 product type-product status-publish has-post-thumbnail product_cat-lierre entry has-media  instock purchasable product-type-variable has-default-attributes has-product-nav col span_1_of_4 owp-content-center item-entry owp-thumbs-layout-horizontal owp-btn-normal owp-tabs-layout-section\">\n\t\t\t\t<a class=\"elementor-post__thumbnail__link\" href=\"https:\/\/www.hedera-etc.com\/de\/product\/hedera-helix-irish-lace\/\" tabindex=\"-1\" target=\"&quot;_blank&quot;\">\n\t\t\t<div class=\"elementor-post__thumbnail\"><img loading=\"lazy\" decoding=\"async\" width=\"300\" height=\"257\" src=\"https:\/\/www.hedera-etc.com\/wp-content\/uploads\/2023\/10\/Hedera-helix-Irish-Lace-1-300x257.webp\" class=\"attachment-medium size-medium wp-image-15284\" alt=\"Hedera helix &#039;Irish Lace&#039;\" srcset=\"https:\/\/www.hedera-etc.com\/wp-content\/uploads\/2023\/10\/Hedera-helix-Irish-Lace-1-300x257.webp 300w, https:\/\/www.hedera-etc.com\/wp-content\/uploads\/2023\/10\/Hedera-helix-Irish-Lace-1.webp 394w\" sizes=\"(max-width: 300px) 100vw, 300px\" \/><\/div>\n\t\t<\/a>\n\t\t\t\t<div class=\"elementor-post__text\">\n\t\t\t\t<h3 class=\"elementor-post__title\">\n\t\t\t<a href=\"https:\/\/www.hedera-etc.com\/de\/product\/hedera-helix-irish-lace\/\" target=\"&quot;_blank&quot;\">\n\t\t\t\t<em>Hedera helix<\/em> &lsquo;Irish Lace&rsquo; &#8211; Zier-Efeu\t\t\t<\/a>\n\t\t<\/h3>\n\t\t\t\t<div class=\"elementor-post__excerpt\">\n\t\t\t<p>Efeu mit dunkelgr\u00fcnen, vogelbeinartigen Bl\u00e4ttern.<\/p> <p>Besteht aus 3 bis 5 Lappen. Mittlerer Lappen deutlich l\u00e4nger\t\t<\/div>\n\t\t\n\t\t<a class=\"elementor-post__read-more\" href=\"https:\/\/www.hedera-etc.com\/de\/product\/hedera-helix-irish-lace\/\" aria-label=\"Mehr \u00fcber &lt;em&gt;Hedera helix&lt;\/em&gt; &lsquo;Irish Lace&rsquo; &#8211; Lierre d&rsquo;ornement\" tabindex=\"-1\" target=\"_blank\">\n\t\t\tWeiterlesen \u00bb\t\t<\/a>\n\n\t\t\t\t<\/div>\n\t\t\t\t<\/article>\n\t\t\t\t<article class=\"elementor-post elementor-grid-item post-838 product type-product status-publish has-post-thumbnail product_cat-lierre entry has-media  instock purchasable product-type-variable has-default-attributes has-product-nav col span_1_of_4 owp-content-center item-entry owp-thumbs-layout-horizontal owp-btn-normal owp-tabs-layout-section\">\n\t\t\t\t<a class=\"elementor-post__thumbnail__link\" href=\"https:\/\/www.hedera-etc.com\/de\/product\/hedera-helix-ivalace\/\" tabindex=\"-1\" target=\"&quot;_blank&quot;\">\n\t\t\t<div class=\"elementor-post__thumbnail\"><img loading=\"lazy\" decoding=\"async\" width=\"300\" height=\"225\" src=\"https:\/\/www.hedera-etc.com\/wp-content\/uploads\/2023\/10\/Hedera-helix-Ivalace-300x225.webp\" class=\"attachment-medium size-medium wp-image-839\" alt=\"Hedera helix &#039;Ivalace&#039;\" srcset=\"https:\/\/www.hedera-etc.com\/wp-content\/uploads\/2023\/10\/Hedera-helix-Ivalace-300x225.webp 300w, https:\/\/www.hedera-etc.com\/wp-content\/uploads\/2023\/10\/Hedera-helix-Ivalace-900x675.webp 900w, https:\/\/www.hedera-etc.com\/wp-content\/uploads\/2023\/10\/Hedera-helix-Ivalace-768x576.webp 768w, https:\/\/www.hedera-etc.com\/wp-content\/uploads\/2023\/10\/Hedera-helix-Ivalace.webp 1024w\" sizes=\"(max-width: 300px) 100vw, 300px\" \/><\/div>\n\t\t<\/a>\n\t\t\t\t<div class=\"elementor-post__text\">\n\t\t\t\t<h3 class=\"elementor-post__title\">\n\t\t\t<a href=\"https:\/\/www.hedera-etc.com\/de\/product\/hedera-helix-ivalace\/\" target=\"&quot;_blank&quot;\">\n\t\t\t\t<em>Hedera helix<\/em> &lsquo;Ivalace&rsquo; &#8211; Zier-Efeu\t\t\t<\/a>\n\t\t<\/h3>\n\t\t\t\t<div class=\"elementor-post__excerpt\">\n\t\t\t<p>Efeu, der mit seinem Aussehen wie fein gearbeitete Spitze immer noch sehr beliebt ist.<\/p> <p>Bl\u00e4tter, bestehend aus 5 Lappen, gewellt\t\t<\/div>\n\t\t\n\t\t<a class=\"elementor-post__read-more\" href=\"https:\/\/www.hedera-etc.com\/de\/product\/hedera-helix-ivalace\/\" aria-label=\"Mehr \u00fcber &lt;em&gt;Hedera helix&lt;\/em&gt; &lsquo;Ivalace&rsquo; &#8211; Lierre d&rsquo;ornement\" tabindex=\"-1\" target=\"_blank\">\n\t\t\tWeiterlesen \u00bb\t\t<\/a>\n\n\t\t\t\t<\/div>\n\t\t\t\t<\/article>\n\t\t\t\t<article class=\"elementor-post elementor-grid-item post-845 product type-product status-publish has-post-thumbnail product_cat-lierre entry has-media last instock purchasable product-type-variable has-default-attributes has-product-nav col span_1_of_4 owp-content-center item-entry owp-thumbs-layout-horizontal owp-btn-normal owp-tabs-layout-section has-no-thumbnails\">\n\t\t\t\t<a class=\"elementor-post__thumbnail__link\" href=\"https:\/\/www.hedera-etc.com\/de\/product\/hedera-helix-new-look\/\" tabindex=\"-1\" target=\"&quot;_blank&quot;\">\n\t\t\t<div class=\"elementor-post__thumbnail\"><img loading=\"lazy\" decoding=\"async\" width=\"300\" height=\"225\" src=\"https:\/\/www.hedera-etc.com\/wp-content\/uploads\/2023\/10\/Hedera-helix-Ivalace-Mutation-300x225.webp\" class=\"attachment-medium size-medium wp-image-846\" alt=\"Hedera helix &#039;New Look&#039; Ver\u00e4nderung\" srcset=\"https:\/\/www.hedera-etc.com\/wp-content\/uploads\/2023\/10\/Hedera-helix-Ivalace-Mutation-300x225.webp 300w, https:\/\/www.hedera-etc.com\/wp-content\/uploads\/2023\/10\/Hedera-helix-Ivalace-Mutation-900x675.webp 900w, https:\/\/www.hedera-etc.com\/wp-content\/uploads\/2023\/10\/Hedera-helix-Ivalace-Mutation-768x576.webp 768w, https:\/\/www.hedera-etc.com\/wp-content\/uploads\/2023\/10\/Hedera-helix-Ivalace-Mutation.webp 1024w\" sizes=\"(max-width: 300px) 100vw, 300px\" \/><\/div>\n\t\t<\/a>\n\t\t\t\t<div class=\"elementor-post__text\">\n\t\t\t\t<h3 class=\"elementor-post__title\">\n\t\t\t<a href=\"https:\/\/www.hedera-etc.com\/de\/product\/hedera-helix-new-look\/\" target=\"&quot;_blank&quot;\">\n\t\t\t\t<em>Hedera helix<\/em> &lsquo;New Look&rsquo; &#8211; Zier-Efeu\t\t\t<\/a>\n\t\t<\/h3>\n\t\t\t\t<div class=\"elementor-post__excerpt\">\n\t\t\t<p><b><i>M<\/i><\/b>Sie unterscheidet sich deutlich vom Typus, da die Lappen nach vorne hin zusammengewachsen sind und so die Form eines \"K\u00e4figs\" bilden.\t\t<\/div>\n\t\t\n\t\t<a class=\"elementor-post__read-more\" href=\"https:\/\/www.hedera-etc.com\/de\/product\/hedera-helix-new-look\/\" aria-label=\"Mehr \u00fcber &lt;em&gt;Hedera helix&lt;\/em&gt; &lsquo;New Look&rsquo; &#8211; Lierre d&rsquo;ornement\" tabindex=\"-1\" target=\"_blank\">\n\t\t\tWeiterlesen \u00bb\t\t<\/a>\n\n\t\t\t\t<\/div>\n\t\t\t\t<\/article>\n\t\t\t\t<article class=\"elementor-post elementor-grid-item post-849 product type-product status-publish has-post-thumbnail product_cat-lierre entry has-media first instock purchasable product-type-variable has-default-attributes has-product-nav col span_1_of_4 owp-content-center item-entry owp-thumbs-layout-horizontal owp-btn-normal owp-tabs-layout-section\">\n\t\t\t\t<a class=\"elementor-post__thumbnail__link\" href=\"https:\/\/www.hedera-etc.com\/de\/product\/hedera-helix-jack-frost\/\" tabindex=\"-1\" target=\"&quot;_blank&quot;\">\n\t\t\t<div class=\"elementor-post__thumbnail\"><img loading=\"lazy\" decoding=\"async\" width=\"300\" height=\"225\" src=\"https:\/\/www.hedera-etc.com\/wp-content\/uploads\/2023\/10\/Hedera-helix-Jack-Frost-300x225.webp\" class=\"attachment-medium size-medium wp-image-850\" alt=\"Hedera helix &#039;Jack Frost&#039;\" srcset=\"https:\/\/www.hedera-etc.com\/wp-content\/uploads\/2023\/10\/Hedera-helix-Jack-Frost-300x225.webp 300w, https:\/\/www.hedera-etc.com\/wp-content\/uploads\/2023\/10\/Hedera-helix-Jack-Frost-900x675.webp 900w, https:\/\/www.hedera-etc.com\/wp-content\/uploads\/2023\/10\/Hedera-helix-Jack-Frost-768x576.webp 768w, https:\/\/www.hedera-etc.com\/wp-content\/uploads\/2023\/10\/Hedera-helix-Jack-Frost.webp 1024w\" sizes=\"(max-width: 300px) 100vw, 300px\" \/><\/div>\n\t\t<\/a>\n\t\t\t\t<div class=\"elementor-post__text\">\n\t\t\t\t<h3 class=\"elementor-post__title\">\n\t\t\t<a href=\"https:\/\/www.hedera-etc.com\/de\/product\/hedera-helix-jack-frost\/\" target=\"&quot;_blank&quot;\">\n\t\t\t\t<em>Hedera helix<\/em> &lsquo;Jack Frost&rsquo; &#8211; Zier-Efeu\t\t\t<\/a>\n\t\t<\/h3>\n\t\t\t\t<div class=\"elementor-post__excerpt\">\n\t\t\t<p>Eine besonders attraktive Sorte im Garten mit breiten, leicht zerknitterten Bl\u00e4ttern und einer gr\u00fcn-grauen Farbe.<\/p> <p>Blattspreite bestehend aus 3\t\t<\/div>\n\t\t\n\t\t<a class=\"elementor-post__read-more\" href=\"https:\/\/www.hedera-etc.com\/de\/product\/hedera-helix-jack-frost\/\" aria-label=\"Mehr \u00fcber &lt;em&gt;Hedera helix&lt;\/em&gt; &lsquo;Jack Frost&rsquo; &#8211; Lierre d&rsquo;ornement\" tabindex=\"-1\" target=\"_blank\">\n\t\t\tWeiterlesen \u00bb\t\t<\/a>\n\n\t\t\t\t<\/div>\n\t\t\t\t<\/article>\n\t\t\t\t<article class=\"elementor-post elementor-grid-item post-854 product type-product status-publish has-post-thumbnail product_cat-lierre entry has-media  instock purchasable product-type-variable has-default-attributes has-product-nav col span_1_of_4 owp-content-center item-entry owp-thumbs-layout-horizontal owp-btn-normal owp-tabs-layout-section\">\n\t\t\t\t<a class=\"elementor-post__thumbnail__link\" href=\"https:\/\/www.hedera-etc.com\/de\/product\/hedera-helix-jake\/\" tabindex=\"-1\" target=\"&quot;_blank&quot;\">\n\t\t\t<div class=\"elementor-post__thumbnail\"><img loading=\"lazy\" decoding=\"async\" width=\"300\" height=\"225\" src=\"https:\/\/www.hedera-etc.com\/wp-content\/uploads\/2023\/10\/Hedera-helix-Jake-300x225.webp\" class=\"attachment-medium size-medium wp-image-14492\" alt=\"Hedera helix &#039;Jake&#039;\" srcset=\"https:\/\/www.hedera-etc.com\/wp-content\/uploads\/2023\/10\/Hedera-helix-Jake-300x225.webp 300w, https:\/\/www.hedera-etc.com\/wp-content\/uploads\/2023\/10\/Hedera-helix-Jake-768x576.webp 768w, https:\/\/www.hedera-etc.com\/wp-content\/uploads\/2023\/10\/Hedera-helix-Jake.webp 900w\" sizes=\"(max-width: 300px) 100vw, 300px\" \/><\/div>\n\t\t<\/a>\n\t\t\t\t<div class=\"elementor-post__text\">\n\t\t\t\t<h3 class=\"elementor-post__title\">\n\t\t\t<a href=\"https:\/\/www.hedera-etc.com\/de\/product\/hedera-helix-jake\/\" target=\"&quot;_blank&quot;\">\n\t\t\t\t<em>Hedera helix<\/em> &lsquo;Jake&rsquo; &#8211; Zier-Efeu\t\t\t<\/a>\n\t\t<\/h3>\n\t\t\t\t<div class=\"elementor-post__excerpt\">\n\t\t\t<p>Sehr kompakter buschiger Wuchs und gute Selbstverzweigung.<\/p> <p>Blatt aus drei stark abgerundeten Lappen mit einer Basis in Form von\t\t<\/div>\n\t\t\n\t\t<a class=\"elementor-post__read-more\" href=\"https:\/\/www.hedera-etc.com\/de\/product\/hedera-helix-jake\/\" aria-label=\"Mehr \u00fcber &lt;em&gt;Hedera helix&lt;\/em&gt; \u2018Jake\u2019 \u2013 Zier-Efeu\" tabindex=\"-1\" target=\"_blank\">\n\t\t\tWeiterlesen \u00bb\t\t<\/a>\n\n\t\t\t\t<\/div>\n\t\t\t\t<\/article>\n\t\t\t\t<article class=\"elementor-post elementor-grid-item post-859 product type-product status-publish has-post-thumbnail product_cat-lierre entry has-media  instock purchasable product-type-variable has-default-attributes has-product-nav col span_1_of_4 owp-content-center item-entry owp-thumbs-layout-horizontal owp-btn-normal owp-tabs-layout-section\">\n\t\t\t\t<a class=\"elementor-post__thumbnail__link\" href=\"https:\/\/www.hedera-etc.com\/de\/product\/hedera-helix-jasper\/\" tabindex=\"-1\" target=\"&quot;_blank&quot;\">\n\t\t\t<div class=\"elementor-post__thumbnail\"><img loading=\"lazy\" decoding=\"async\" width=\"300\" height=\"225\" src=\"https:\/\/www.hedera-etc.com\/wp-content\/uploads\/2023\/10\/Hedera-helix-Jasper-300x225.webp\" class=\"attachment-medium size-medium wp-image-860\" alt=\"Hedera helix &#039;Jasper&#039;\" srcset=\"https:\/\/www.hedera-etc.com\/wp-content\/uploads\/2023\/10\/Hedera-helix-Jasper-300x225.webp 300w, https:\/\/www.hedera-etc.com\/wp-content\/uploads\/2023\/10\/Hedera-helix-Jasper-768x576.webp 768w, https:\/\/www.hedera-etc.com\/wp-content\/uploads\/2023\/10\/Hedera-helix-Jasper.webp 839w\" sizes=\"(max-width: 300px) 100vw, 300px\" \/><\/div>\n\t\t<\/a>\n\t\t\t\t<div class=\"elementor-post__text\">\n\t\t\t\t<h3 class=\"elementor-post__title\">\n\t\t\t<a href=\"https:\/\/www.hedera-etc.com\/de\/product\/hedera-helix-jasper\/\" target=\"&quot;_blank&quot;\">\n\t\t\t\t<em>Hedera helix<\/em> &lsquo;Jasper&rsquo; &#8211; Zier-Efeu\t\t\t<\/a>\n\t\t<\/h3>\n\t\t\t\t<div class=\"elementor-post__excerpt\">\n\t\t\t<p>Sehr kr\u00e4ftige, verzweigte Kletterpflanze mit mittelgro\u00dfen, in sich gerollten Bl\u00e4ttern.<\/p> <p>Blatt, das aus 5 Lappen besteht. Lappen von\t\t<\/div>\n\t\t\n\t\t<a class=\"elementor-post__read-more\" href=\"https:\/\/www.hedera-etc.com\/de\/product\/hedera-helix-jasper\/\" aria-label=\"Mehr \u00fcber &lt;em&gt;Hedera helix&lt;\/em&gt; &lsquo;Jasper&rsquo; &#8211; Lierre d&rsquo;ornement\" tabindex=\"-1\" target=\"_blank\">\n\t\t\tWeiterlesen \u00bb\t\t<\/a>\n\n\t\t\t\t<\/div>\n\t\t\t\t<\/article>\n\t\t\t\t<article class=\"elementor-post elementor-grid-item post-865 product type-product status-publish has-post-thumbnail product_cat-lierre entry has-media last instock purchasable product-type-variable has-default-attributes has-product-nav col span_1_of_4 owp-content-center item-entry owp-thumbs-layout-horizontal owp-btn-normal owp-tabs-layout-section\">\n\t\t\t\t<a class=\"elementor-post__thumbnail__link\" href=\"https:\/\/www.hedera-etc.com\/de\/product\/hedera-helix-jersey-doris\/\" tabindex=\"-1\" target=\"&quot;_blank&quot;\">\n\t\t\t<div class=\"elementor-post__thumbnail\"><img loading=\"lazy\" decoding=\"async\" width=\"300\" height=\"225\" src=\"https:\/\/www.hedera-etc.com\/wp-content\/uploads\/2023\/10\/Hedera-helix-Jersey-Doris-300x225.webp\" class=\"attachment-medium size-medium wp-image-866\" alt=\"Hedera helix &#039;Jersey Doris&#039;\" srcset=\"https:\/\/www.hedera-etc.com\/wp-content\/uploads\/2023\/10\/Hedera-helix-Jersey-Doris-300x225.webp 300w, https:\/\/www.hedera-etc.com\/wp-content\/uploads\/2023\/10\/Hedera-helix-Jersey-Doris-768x575.webp 768w, https:\/\/www.hedera-etc.com\/wp-content\/uploads\/2023\/10\/Hedera-helix-Jersey-Doris.webp 800w\" sizes=\"(max-width: 300px) 100vw, 300px\" \/><\/div>\n\t\t<\/a>\n\t\t\t\t<div class=\"elementor-post__text\">\n\t\t\t\t<h3 class=\"elementor-post__title\">\n\t\t\t<a href=\"https:\/\/www.hedera-etc.com\/de\/product\/hedera-helix-jersey-doris\/\" target=\"&quot;_blank&quot;\">\n\t\t\t\t<em>Hedera helix<\/em> &lsquo;Jersey Doris&rsquo; &#8211; Zier-Efeu\t\t\t<\/a>\n\t\t<\/h3>\n\t\t\t\t<div class=\"elementor-post__excerpt\">\n\t\t\t<p>Junges, wei\u00dfes Laub im Fr\u00fchling, besonders in sonniger Ostlage.<\/p> <p>Bl\u00e4tter, die bei Reife wieder gr\u00fcn werden und aus 5 Lappen bestehen\t\t<\/div>\n\t\t\n\t\t<a class=\"elementor-post__read-more\" href=\"https:\/\/www.hedera-etc.com\/de\/product\/hedera-helix-jersey-doris\/\" aria-label=\"Mehr \u00fcber &lt;em&gt;Hedera helix&lt;\/em&gt; &lsquo;Jersey Doris&rsquo; &#8211; Lierre d&rsquo;ornement\" tabindex=\"-1\" target=\"_blank\">\n\t\t\tWeiterlesen \u00bb\t\t<\/a>\n\n\t\t\t\t<\/div>\n\t\t\t\t<\/article>\n\t\t\t\t<article class=\"elementor-post elementor-grid-item post-871 product type-product status-publish has-post-thumbnail product_cat-lierre entry has-media first instock purchasable product-type-variable has-default-attributes has-product-nav col span_1_of_4 owp-content-center item-entry owp-thumbs-layout-horizontal owp-btn-normal owp-tabs-layout-section\">\n\t\t\t\t<a class=\"elementor-post__thumbnail__link\" href=\"https:\/\/www.hedera-etc.com\/de\/product\/hedera-helix-kappeln\/\" tabindex=\"-1\" target=\"&quot;_blank&quot;\">\n\t\t\t<div class=\"elementor-post__thumbnail\"><img loading=\"lazy\" decoding=\"async\" width=\"300\" height=\"201\" src=\"https:\/\/www.hedera-etc.com\/wp-content\/uploads\/2023\/10\/Hedera-helix-Kappeln-300x201.webp\" class=\"attachment-medium size-medium wp-image-872\" alt=\"Hedera helix &#039;Kappeln&#039;\" srcset=\"https:\/\/www.hedera-etc.com\/wp-content\/uploads\/2023\/10\/Hedera-helix-Kappeln-300x201.webp 300w, https:\/\/www.hedera-etc.com\/wp-content\/uploads\/2023\/10\/Hedera-helix-Kappeln-900x602.webp 900w, https:\/\/www.hedera-etc.com\/wp-content\/uploads\/2023\/10\/Hedera-helix-Kappeln-768x514.webp 768w, https:\/\/www.hedera-etc.com\/wp-content\/uploads\/2023\/10\/Hedera-helix-Kappeln.webp 940w\" sizes=\"(max-width: 300px) 100vw, 300px\" \/><\/div>\n\t\t<\/a>\n\t\t\t\t<div class=\"elementor-post__text\">\n\t\t\t\t<h3 class=\"elementor-post__title\">\n\t\t\t<a href=\"https:\/\/www.hedera-etc.com\/de\/product\/hedera-helix-kappeln\/\" target=\"&quot;_blank&quot;\">\n\t\t\t\t<em>Hedera helix<\/em> &lsquo;Kappeln&rsquo; &#8211; Zier-Efeu\t\t\t<\/a>\n\t\t<\/h3>\n\t\t\t\t<div class=\"elementor-post__excerpt\">\n\t\t\t<p>Kletternd, stark wachsend, wenig verzweigt, mit Trieben von etwa 1,50 m pro Jahr.<\/p> <p>Dunkel stumpfgr\u00fcne, lanzettliche, abgerundete Bl\u00e4tter\t\t<\/div>\n\t\t\n\t\t<a class=\"elementor-post__read-more\" href=\"https:\/\/www.hedera-etc.com\/de\/product\/hedera-helix-kappeln\/\" aria-label=\"Mehr \u00fcber &lt;em&gt;Hedera helix&lt;\/em&gt; &lsquo;Kappeln&rsquo; &#8211; Lierre d&rsquo;ornement\" tabindex=\"-1\" target=\"_blank\">\n\t\t\tWeiterlesen \u00bb\t\t<\/a>\n\n\t\t\t\t<\/div>\n\t\t\t\t<\/article>\n\t\t\t\t<article class=\"elementor-post elementor-grid-item post-877 product type-product status-publish has-post-thumbnail product_cat-lierre entry has-media  outofstock product-type-variable has-default-attributes has-product-nav col span_1_of_4 owp-content-center item-entry owp-thumbs-layout-horizontal owp-btn-normal owp-tabs-layout-section\">\n\t\t\t\t<a class=\"elementor-post__thumbnail__link\" href=\"https:\/\/www.hedera-etc.com\/de\/product\/hedera-helix-kevin\/\" tabindex=\"-1\" target=\"&quot;_blank&quot;\">\n\t\t\t<div class=\"elementor-post__thumbnail\"><img loading=\"lazy\" decoding=\"async\" width=\"300\" height=\"225\" src=\"https:\/\/www.hedera-etc.com\/wp-content\/uploads\/2023\/10\/Hedera-helix-Kevin_3-300x225.webp\" class=\"attachment-medium size-medium wp-image-12277\" alt=\"Hedera helix &#039;Kevin&#039;\" srcset=\"https:\/\/www.hedera-etc.com\/wp-content\/uploads\/2023\/10\/Hedera-helix-Kevin_3-300x225.webp 300w, https:\/\/www.hedera-etc.com\/wp-content\/uploads\/2023\/10\/Hedera-helix-Kevin_3-900x675.webp 900w, https:\/\/www.hedera-etc.com\/wp-content\/uploads\/2023\/10\/Hedera-helix-Kevin_3-1024x768.webp 1024w, https:\/\/www.hedera-etc.com\/wp-content\/uploads\/2023\/10\/Hedera-helix-Kevin_3-768x576.webp 768w, https:\/\/www.hedera-etc.com\/wp-content\/uploads\/2023\/10\/Hedera-helix-Kevin_3-1536x1152.webp 1536w, https:\/\/www.hedera-etc.com\/wp-content\/uploads\/2023\/10\/Hedera-helix-Kevin_3-1320x990.webp 1320w, https:\/\/www.hedera-etc.com\/wp-content\/uploads\/2023\/10\/Hedera-helix-Kevin_3.webp 1600w\" sizes=\"(max-width: 300px) 100vw, 300px\" \/><\/div>\n\t\t<\/a>\n\t\t\t\t<div class=\"elementor-post__text\">\n\t\t\t\t<h3 class=\"elementor-post__title\">\n\t\t\t<a href=\"https:\/\/www.hedera-etc.com\/de\/product\/hedera-helix-kevin\/\" target=\"&quot;_blank&quot;\">\n\t\t\t\t<em>Hedera helix<\/em> &lsquo;Kevin&rsquo; &#8211; Zier-Efeu\t\t\t<\/a>\n\t\t<\/h3>\n\t\t\t\t<div class=\"elementor-post__excerpt\">\n\t\t\t<p>Atypische, kr\u00e4ftige Sorte.<\/p> <p>Mittelgro\u00dfe, unregelm\u00e4\u00dfig gelappte Bl\u00e4tter mit einer gekr\u00e4uselten Oberfl\u00e4che, die an den R\u00e4ndern gedreht ist und ein\t\t<\/div>\n\t\t\n\t\t<a class=\"elementor-post__read-more\" href=\"https:\/\/www.hedera-etc.com\/de\/product\/hedera-helix-kevin\/\" aria-label=\"Mehr \u00fcber &lt;em&gt;Hedera helix&lt;\/em&gt; &lsquo;Kevin&rsquo; &#8211; Lierre d&rsquo;ornement\" tabindex=\"-1\" target=\"_blank\">\n\t\t\tWeiterlesen \u00bb\t\t<\/a>\n\n\t\t\t\t<\/div>\n\t\t\t\t<\/article>\n\t\t\t\t<article class=\"elementor-post elementor-grid-item post-884 product type-product status-publish has-post-thumbnail product_cat-lierre entry has-media  instock purchasable product-type-variable has-default-attributes has-product-nav col span_1_of_4 owp-content-center item-entry owp-thumbs-layout-horizontal owp-btn-normal owp-tabs-layout-section has-no-thumbnails\">\n\t\t\t\t<a class=\"elementor-post__thumbnail__link\" href=\"https:\/\/www.hedera-etc.com\/de\/product\/hedera-helix-kirsten\/\" tabindex=\"-1\" target=\"&quot;_blank&quot;\">\n\t\t\t<div class=\"elementor-post__thumbnail\"><img loading=\"lazy\" decoding=\"async\" width=\"300\" height=\"225\" src=\"https:\/\/www.hedera-etc.com\/wp-content\/uploads\/2023\/10\/Hedera-helix-Kirsten-300x225.webp\" class=\"attachment-medium size-medium wp-image-885\" alt=\"Hedera helix &#039;Kirsten&#039;\" srcset=\"https:\/\/www.hedera-etc.com\/wp-content\/uploads\/2023\/10\/Hedera-helix-Kirsten-300x225.webp 300w, https:\/\/www.hedera-etc.com\/wp-content\/uploads\/2023\/10\/Hedera-helix-Kirsten-900x675.webp 900w, https:\/\/www.hedera-etc.com\/wp-content\/uploads\/2023\/10\/Hedera-helix-Kirsten-768x576.webp 768w, https:\/\/www.hedera-etc.com\/wp-content\/uploads\/2023\/10\/Hedera-helix-Kirsten.webp 1024w\" sizes=\"(max-width: 300px) 100vw, 300px\" \/><\/div>\n\t\t<\/a>\n\t\t\t\t<div class=\"elementor-post__text\">\n\t\t\t\t<h3 class=\"elementor-post__title\">\n\t\t\t<a href=\"https:\/\/www.hedera-etc.com\/de\/product\/hedera-helix-kirsten\/\" target=\"&quot;_blank&quot;\">\n\t\t\t\t<em>Hedera helix<\/em> &lsquo;Kirsten&rsquo; &#8211; Zier-Efeu\t\t\t<\/a>\n\t\t<\/h3>\n\t\t\t\t<div class=\"elementor-post__excerpt\">\n\t\t\t<p>Meist einlappiges Blatt (manchmal aber auch 2 oder 3), dessen Rand gescheuert und zur Mitte hin eingerollt ist.<\/p>\t\t<\/div>\n\t\t\n\t\t<a class=\"elementor-post__read-more\" href=\"https:\/\/www.hedera-etc.com\/de\/product\/hedera-helix-kirsten\/\" aria-label=\"Mehr \u00fcber &lt;em&gt;Hedera helix&lt;\/em&gt; &lsquo;Kirsten&rsquo; &#8211; Lierre d&rsquo;ornement\" tabindex=\"-1\" target=\"_blank\">\n\t\t\tWeiterlesen \u00bb\t\t<\/a>\n\n\t\t\t\t<\/div>\n\t\t\t\t<\/article>\n\t\t\t\t<article class=\"elementor-post elementor-grid-item post-888 product type-product status-publish has-post-thumbnail product_cat-lierre entry has-media last instock purchasable product-type-variable has-default-attributes has-product-nav col span_1_of_4 owp-content-center item-entry owp-thumbs-layout-horizontal owp-btn-normal owp-tabs-layout-section has-no-thumbnails\">\n\t\t\t\t<a class=\"elementor-post__thumbnail__link\" href=\"https:\/\/www.hedera-etc.com\/de\/product\/hedera-helix-klaus-friedrich\/\" tabindex=\"-1\" target=\"&quot;_blank&quot;\">\n\t\t\t<div class=\"elementor-post__thumbnail\"><img loading=\"lazy\" decoding=\"async\" width=\"300\" height=\"199\" src=\"https:\/\/www.hedera-etc.com\/wp-content\/uploads\/2023\/10\/Hedera-helix-Klaus-Friedrich-300x199.webp\" class=\"attachment-medium size-medium wp-image-889\" alt=\"Hedera helix &#039;Klaus Friedrich&#039;\" srcset=\"https:\/\/www.hedera-etc.com\/wp-content\/uploads\/2023\/10\/Hedera-helix-Klaus-Friedrich-300x199.webp 300w, https:\/\/www.hedera-etc.com\/wp-content\/uploads\/2023\/10\/Hedera-helix-Klaus-Friedrich-768x510.webp 768w, https:\/\/www.hedera-etc.com\/wp-content\/uploads\/2023\/10\/Hedera-helix-Klaus-Friedrich.webp 800w\" sizes=\"(max-width: 300px) 100vw, 300px\" \/><\/div>\n\t\t<\/a>\n\t\t\t\t<div class=\"elementor-post__text\">\n\t\t\t\t<h3 class=\"elementor-post__title\">\n\t\t\t<a href=\"https:\/\/www.hedera-etc.com\/de\/product\/hedera-helix-klaus-friedrich\/\" target=\"&quot;_blank&quot;\">\n\t\t\t\t<em>Hedera helix<\/em> &lsquo;Klaus Friedrich&rsquo; &#8211; Zier-Efeu\t\t\t<\/a>\n\t\t<\/h3>\n\t\t\t\t<div class=\"elementor-post__excerpt\">\n\t\t\t<p>Sorte mit feinem lanzettlichem Laub, sehr elegant als Topfpflanze.<\/p> <p>Bl\u00e4tter nicht gelappt oder dreilappig, an der Basis und am Rand gerundet\t\t<\/div>\n\t\t\n\t\t<a class=\"elementor-post__read-more\" href=\"https:\/\/www.hedera-etc.com\/de\/product\/hedera-helix-klaus-friedrich\/\" aria-label=\"Mehr \u00fcber &lt;em&gt;Hedera helix&lt;\/em&gt; &lsquo;Klaus Friedrich&rsquo; &#8211; Lierre d&rsquo;ornement\" tabindex=\"-1\" target=\"_blank\">\n\t\t\tWeiterlesen \u00bb\t\t<\/a>\n\n\t\t\t\t<\/div>\n\t\t\t\t<\/article>\n\t\t\t\t<article class=\"elementor-post elementor-grid-item post-892 product type-product status-publish has-post-thumbnail product_cat-lierre entry has-media first instock purchasable product-type-variable has-default-attributes has-product-nav col span_1_of_4 owp-content-center item-entry owp-thumbs-layout-horizontal owp-btn-normal owp-tabs-layout-section\">\n\t\t\t\t<a class=\"elementor-post__thumbnail__link\" href=\"https:\/\/www.hedera-etc.com\/de\/product\/hedera-helix-knulch\/\" tabindex=\"-1\" target=\"&quot;_blank&quot;\">\n\t\t\t<div class=\"elementor-post__thumbnail\"><img loading=\"lazy\" decoding=\"async\" width=\"300\" height=\"225\" src=\"https:\/\/www.hedera-etc.com\/wp-content\/uploads\/2023\/10\/Hedera-helix-Knulch-300x225.webp\" class=\"attachment-medium size-medium wp-image-893\" alt=\"Hedera helix &#039;Knulch&#039;\" srcset=\"https:\/\/www.hedera-etc.com\/wp-content\/uploads\/2023\/10\/Hedera-helix-Knulch-300x225.webp 300w, https:\/\/www.hedera-etc.com\/wp-content\/uploads\/2023\/10\/Hedera-helix-Knulch-768x576.webp 768w, https:\/\/www.hedera-etc.com\/wp-content\/uploads\/2023\/10\/Hedera-helix-Knulch.webp 839w\" sizes=\"(max-width: 300px) 100vw, 300px\" \/><\/div>\n\t\t<\/a>\n\t\t\t\t<div class=\"elementor-post__text\">\n\t\t\t\t<h3 class=\"elementor-post__title\">\n\t\t\t<a href=\"https:\/\/www.hedera-etc.com\/de\/product\/hedera-helix-knulch\/\" target=\"&quot;_blank&quot;\">\n\t\t\t\t<em>Hedera helix<\/em> &lsquo;Kn\u00fclch&rsquo; &#8211; Zier-Efeu\t\t\t<\/a>\n\t\t<\/h3>\n\t\t\t\t<div class=\"elementor-post__excerpt\">\n\t\t\t<p>Interessant wegen seiner atypischen Bl\u00e4tter. Fast runde, konkave Bl\u00e4tter, die mehr oder weniger gepr\u00e4gt sind.<\/p> <p>Blattfarbe hellgr\u00fcn, gr\u00fcn\t\t<\/div>\n\t\t\n\t\t<a class=\"elementor-post__read-more\" href=\"https:\/\/www.hedera-etc.com\/de\/product\/hedera-helix-knulch\/\" aria-label=\"Mehr \u00fcber &lt;em&gt;Hedera helix&lt;\/em&gt; &lsquo;Kn\u00fclch&rsquo; &#8211; Lierre d&rsquo;ornement\" tabindex=\"-1\" target=\"_blank\">\n\t\t\tWeiterlesen \u00bb\t\t<\/a>\n\n\t\t\t\t<\/div>\n\t\t\t\t<\/article>\n\t\t\t\t<article class=\"elementor-post elementor-grid-item post-898 product type-product status-publish has-post-thumbnail product_cat-lierre entry has-media  instock purchasable product-type-variable has-default-attributes has-product-nav col span_1_of_4 owp-content-center item-entry owp-thumbs-layout-horizontal owp-btn-normal owp-tabs-layout-section\">\n\t\t\t\t<a class=\"elementor-post__thumbnail__link\" href=\"https:\/\/www.hedera-etc.com\/de\/product\/hedera-helix-kobby\/\" tabindex=\"-1\" target=\"&quot;_blank&quot;\">\n\t\t\t<div class=\"elementor-post__thumbnail\"><img loading=\"lazy\" decoding=\"async\" width=\"300\" height=\"199\" src=\"https:\/\/www.hedera-etc.com\/wp-content\/uploads\/2023\/10\/Hedera-helix-Kobby-300x199.webp\" class=\"attachment-medium size-medium wp-image-901\" alt=\"HEDERA helix &#039;Kobby&#039;\" srcset=\"https:\/\/www.hedera-etc.com\/wp-content\/uploads\/2023\/10\/Hedera-helix-Kobby-300x199.webp 300w, https:\/\/www.hedera-etc.com\/wp-content\/uploads\/2023\/10\/Hedera-helix-Kobby-768x510.webp 768w, https:\/\/www.hedera-etc.com\/wp-content\/uploads\/2023\/10\/Hedera-helix-Kobby.webp 800w\" sizes=\"(max-width: 300px) 100vw, 300px\" \/><\/div>\n\t\t<\/a>\n\t\t\t\t<div class=\"elementor-post__text\">\n\t\t\t\t<h3 class=\"elementor-post__title\">\n\t\t\t<a href=\"https:\/\/www.hedera-etc.com\/de\/product\/hedera-helix-kobby\/\" target=\"&quot;_blank&quot;\">\n\t\t\t\t<em>Hedera helix<\/em> &lsquo;Kobby&rsquo; &#8211; Zier-Efeu\t\t\t<\/a>\n\t\t<\/h3>\n\t\t\t\t<div class=\"elementor-post__excerpt\">\n\t\t\t<p>Stark wachsender Efeu, der lange St\u00e4ngel bildet.<\/p> <p>Fingerf\u00f6rmige Bl\u00e4tter mit 3 Lappen, der Endlappen\t\t<\/div>\n\t\t\n\t\t<a class=\"elementor-post__read-more\" href=\"https:\/\/www.hedera-etc.com\/de\/product\/hedera-helix-kobby\/\" aria-label=\"Mehr \u00fcber &lt;em&gt;Hedera helix&lt;\/em&gt; &lsquo;Kobby&rsquo; &#8211; Lierre d&rsquo;ornement\" tabindex=\"-1\" target=\"_blank\">\n\t\t\tWeiterlesen \u00bb\t\t<\/a>\n\n\t\t\t\t<\/div>\n\t\t\t\t<\/article>\n\t\t\t\t<article class=\"elementor-post elementor-grid-item post-904 product type-product status-publish has-post-thumbnail product_cat-lierre entry has-media  instock purchasable product-type-variable has-default-attributes has-product-nav col span_1_of_4 owp-content-center item-entry owp-thumbs-layout-horizontal owp-btn-normal owp-tabs-layout-section has-no-thumbnails\">\n\t\t\t\t<a class=\"elementor-post__thumbnail__link\" href=\"https:\/\/www.hedera-etc.com\/de\/product\/hedera-helix-kolibri\/\" tabindex=\"-1\" target=\"&quot;_blank&quot;\">\n\t\t\t<div class=\"elementor-post__thumbnail\"><img loading=\"lazy\" decoding=\"async\" width=\"300\" height=\"225\" src=\"https:\/\/www.hedera-etc.com\/wp-content\/uploads\/2023\/10\/Hedera-helix-Kolibri-Willy-300x225.webp\" class=\"attachment-medium size-medium wp-image-905\" alt=\"Hedera helix &#039;Kolibri Willy&#039;\" srcset=\"https:\/\/www.hedera-etc.com\/wp-content\/uploads\/2023\/10\/Hedera-helix-Kolibri-Willy-300x225.webp 300w, https:\/\/www.hedera-etc.com\/wp-content\/uploads\/2023\/10\/Hedera-helix-Kolibri-Willy-768x576.webp 768w, https:\/\/www.hedera-etc.com\/wp-content\/uploads\/2023\/10\/Hedera-helix-Kolibri-Willy.webp 785w\" sizes=\"(max-width: 300px) 100vw, 300px\" \/><\/div>\n\t\t<\/a>\n\t\t\t\t<div class=\"elementor-post__text\">\n\t\t\t\t<h3 class=\"elementor-post__title\">\n\t\t\t<a href=\"https:\/\/www.hedera-etc.com\/de\/product\/hedera-helix-kolibri\/\" target=\"&quot;_blank&quot;\">\n\t\t\t\t<em>Hedera helix<\/em> &lsquo;Kolibri&rsquo; &#8211; Zier-Efeu\t\t\t<\/a>\n\t\t<\/h3>\n\t\t\t\t<div class=\"elementor-post__excerpt\">\n\t\t\t<p>Leuchtende Panaschierungen, die immer eine gro\u00dfe Wirkung haben.<\/p> <p>Die Bl\u00e4tter bestehen aus 3 bis 5 Lappen mit flachen Nebenh\u00f6hlen. Gr\u00fcne Blattspreite\t\t<\/div>\n\t\t\n\t\t<a class=\"elementor-post__read-more\" href=\"https:\/\/www.hedera-etc.com\/de\/product\/hedera-helix-kolibri\/\" aria-label=\"Mehr \u00fcber &lt;em&gt;Hedera helix&lt;\/em&gt; &lsquo;Kolibri&rsquo; &#8211; Lierre d&rsquo;ornement\" tabindex=\"-1\" target=\"_blank\">\n\t\t\tWeiterlesen \u00bb\t\t<\/a>\n\n\t\t\t\t<\/div>\n\t\t\t\t<\/article>\n\t\t\t\t<article class=\"elementor-post elementor-grid-item post-910 product type-product status-publish has-post-thumbnail product_cat-lierre entry has-media last instock purchasable product-type-variable has-default-attributes has-product-nav col span_1_of_4 owp-content-center item-entry owp-thumbs-layout-horizontal owp-btn-normal owp-tabs-layout-section\">\n\t\t\t\t<a class=\"elementor-post__thumbnail__link\" href=\"https:\/\/www.hedera-etc.com\/de\/product\/hedera-helix-lalla-rookh\/\" tabindex=\"-1\" target=\"&quot;_blank&quot;\">\n\t\t\t<div class=\"elementor-post__thumbnail\"><img loading=\"lazy\" decoding=\"async\" width=\"300\" height=\"225\" src=\"https:\/\/www.hedera-etc.com\/wp-content\/uploads\/2023\/10\/Hedera-helix-Lalla-Rokh-300x225.webp\" class=\"attachment-medium size-medium wp-image-911\" alt=\"Hedera helix &#039;Lalla Rokh&#039;\" srcset=\"https:\/\/www.hedera-etc.com\/wp-content\/uploads\/2023\/10\/Hedera-helix-Lalla-Rokh-300x225.webp 300w, https:\/\/www.hedera-etc.com\/wp-content\/uploads\/2023\/10\/Hedera-helix-Lalla-Rokh-900x675.webp 900w, https:\/\/www.hedera-etc.com\/wp-content\/uploads\/2023\/10\/Hedera-helix-Lalla-Rokh-768x576.webp 768w, https:\/\/www.hedera-etc.com\/wp-content\/uploads\/2023\/10\/Hedera-helix-Lalla-Rokh.webp 1024w\" sizes=\"(max-width: 300px) 100vw, 300px\" \/><\/div>\n\t\t<\/a>\n\t\t\t\t<div class=\"elementor-post__text\">\n\t\t\t\t<h3 class=\"elementor-post__title\">\n\t\t\t<a href=\"https:\/\/www.hedera-etc.com\/de\/product\/hedera-helix-lalla-rookh\/\" target=\"&quot;_blank&quot;\">\n\t\t\t\t<em>Hedera helix<\/em> &lsquo;Lalla Rookh&rsquo; &#8211; Zier-Efeu\t\t\t<\/a>\n\t\t<\/h3>\n\t\t\t\t<div class=\"elementor-post__excerpt\">\n\t\t\t<p>Zeichnet sich durch seine gewellten, tief eingeschnittenen und gez\u00e4hnten Bl\u00e4tter aus.<\/p> <p>Dickes, hell- bis mittelgr\u00fcnes Laub. Farbe des Laubs\t\t<\/div>\n\t\t\n\t\t<a class=\"elementor-post__read-more\" href=\"https:\/\/www.hedera-etc.com\/de\/product\/hedera-helix-lalla-rookh\/\" aria-label=\"Mehr \u00fcber &lt;em&gt;Hedera helix&lt;\/em&gt; &lsquo;Lalla Rookh&rsquo; &#8211; Lierre d&rsquo;ornement\" tabindex=\"-1\" target=\"_blank\">\n\t\t\tWeiterlesen \u00bb\t\t<\/a>\n\n\t\t\t\t<\/div>\n\t\t\t\t<\/article>\n\t\t\t\t<article class=\"elementor-post elementor-grid-item post-916 product type-product status-publish has-post-thumbnail product_cat-lierre entry has-media first instock purchasable product-type-variable has-default-attributes has-product-nav col span_1_of_4 owp-content-center item-entry owp-thumbs-layout-horizontal owp-btn-normal owp-tabs-layout-section\">\n\t\t\t\t<a class=\"elementor-post__thumbnail__link\" href=\"https:\/\/www.hedera-etc.com\/de\/product\/hedera-helix-latina\/\" tabindex=\"-1\" target=\"&quot;_blank&quot;\">\n\t\t\t<div class=\"elementor-post__thumbnail\"><img loading=\"lazy\" decoding=\"async\" width=\"300\" height=\"225\" src=\"https:\/\/www.hedera-etc.com\/wp-content\/uploads\/2023\/10\/Hedera-helix-Latina_3-300x225.webp\" class=\"attachment-medium size-medium wp-image-14455\" alt=\"Hedera helix &#039;Latina&#039;\" srcset=\"https:\/\/www.hedera-etc.com\/wp-content\/uploads\/2023\/10\/Hedera-helix-Latina_3-300x225.webp 300w, https:\/\/www.hedera-etc.com\/wp-content\/uploads\/2023\/10\/Hedera-helix-Latina_3-900x674.webp 900w, https:\/\/www.hedera-etc.com\/wp-content\/uploads\/2023\/10\/Hedera-helix-Latina_3-1024x767.webp 1024w, https:\/\/www.hedera-etc.com\/wp-content\/uploads\/2023\/10\/Hedera-helix-Latina_3-768x575.webp 768w, https:\/\/www.hedera-etc.com\/wp-content\/uploads\/2023\/10\/Hedera-helix-Latina_3-1536x1150.webp 1536w, https:\/\/www.hedera-etc.com\/wp-content\/uploads\/2023\/10\/Hedera-helix-Latina_3-1320x989.webp 1320w, https:\/\/www.hedera-etc.com\/wp-content\/uploads\/2023\/10\/Hedera-helix-Latina_3.webp 1900w\" sizes=\"(max-width: 300px) 100vw, 300px\" \/><\/div>\n\t\t<\/a>\n\t\t\t\t<div class=\"elementor-post__text\">\n\t\t\t\t<h3 class=\"elementor-post__title\">\n\t\t\t<a href=\"https:\/\/www.hedera-etc.com\/de\/product\/hedera-helix-latina\/\" target=\"&quot;_blank&quot;\">\n\t\t\t\t<em>Hedera helix<\/em> &lsquo;Latina&rsquo; &#8211; Zier-Efeu\t\t\t<\/a>\n\t\t<\/h3>\n\t\t\t\t<div class=\"elementor-post__excerpt\">\n\t\t\t<p>Wundersch\u00f6ne, sehr helle und kontrastreiche Panaschierung.<\/p> <p>Bl\u00e4tter, die eine mehr oder weniger dreieckige Form aufweisen. Die Blattspreite ist dunkelgr\u00fcn gefleckt.\t\t<\/div>\n\t\t\n\t\t<a class=\"elementor-post__read-more\" href=\"https:\/\/www.hedera-etc.com\/de\/product\/hedera-helix-latina\/\" aria-label=\"Mehr \u00fcber &lt;em&gt;Hedera helix&lt;\/em&gt; &lsquo;Latina&rsquo; &#8211; Lierre d&rsquo;ornement\" tabindex=\"-1\" target=\"_blank\">\n\t\t\tWeiterlesen \u00bb\t\t<\/a>\n\n\t\t\t\t<\/div>\n\t\t\t\t<\/article>\n\t\t\t\t<article class=\"elementor-post elementor-grid-item post-922 product type-product status-publish has-post-thumbnail product_cat-lierre entry has-media  instock purchasable product-type-variable has-default-attributes has-product-nav col span_1_of_4 owp-content-center item-entry owp-thumbs-layout-horizontal owp-btn-normal owp-tabs-layout-section\">\n\t\t\t\t<a class=\"elementor-post__thumbnail__link\" href=\"https:\/\/www.hedera-etc.com\/de\/product\/hedera-helix-lee-silver\/\" tabindex=\"-1\" target=\"&quot;_blank&quot;\">\n\t\t\t<div class=\"elementor-post__thumbnail\"><img loading=\"lazy\" decoding=\"async\" width=\"300\" height=\"225\" src=\"https:\/\/www.hedera-etc.com\/wp-content\/uploads\/2023\/10\/Hedera-helix-Lee-silver-300x225.webp\" class=\"attachment-medium size-medium wp-image-923\" alt=\"Hedera helix &#039;Lee silver&#039;\" srcset=\"https:\/\/www.hedera-etc.com\/wp-content\/uploads\/2023\/10\/Hedera-helix-Lee-silver-300x225.webp 300w, https:\/\/www.hedera-etc.com\/wp-content\/uploads\/2023\/10\/Hedera-helix-Lee-silver-900x675.webp 900w, https:\/\/www.hedera-etc.com\/wp-content\/uploads\/2023\/10\/Hedera-helix-Lee-silver-768x576.webp 768w, https:\/\/www.hedera-etc.com\/wp-content\/uploads\/2023\/10\/Hedera-helix-Lee-silver.webp 1024w\" sizes=\"(max-width: 300px) 100vw, 300px\" \/><\/div>\n\t\t<\/a>\n\t\t\t\t<div class=\"elementor-post__text\">\n\t\t\t\t<h3 class=\"elementor-post__title\">\n\t\t\t<a href=\"https:\/\/www.hedera-etc.com\/de\/product\/hedera-helix-lee-silver\/\" target=\"&quot;_blank&quot;\">\n\t\t\t\t<em>Hedera helix<\/em> &lsquo;Lee silver&rsquo; &#8211; Zier-Efeu\t\t\t<\/a>\n\t\t<\/h3>\n\t\t\t\t<div class=\"elementor-post__excerpt\">\n\t\t\t<p>Efeu, der mit seinen kleinen silbernen Bl\u00e4ttern sehr charmant wirkt.<\/p> <p>Graugr\u00fcn und olivgr\u00fcn get\u00f6nte Bl\u00e4tter\t\t<\/div>\n\t\t\n\t\t<a class=\"elementor-post__read-more\" href=\"https:\/\/www.hedera-etc.com\/de\/product\/hedera-helix-lee-silver\/\" aria-label=\"Mehr \u00fcber &lt;em&gt;Hedera helix&lt;\/em&gt; &lsquo;Lee silver&rsquo; &#8211; Lierre d&rsquo;ornement\" tabindex=\"-1\" target=\"_blank\">\n\t\t\tWeiterlesen \u00bb\t\t<\/a>\n\n\t\t\t\t<\/div>\n\t\t\t\t<\/article>\n\t\t\t\t<article class=\"elementor-post elementor-grid-item post-928 product type-product status-publish has-post-thumbnail product_cat-lierre entry has-media  instock purchasable product-type-variable has-default-attributes has-product-nav col span_1_of_4 owp-content-center item-entry owp-thumbs-layout-horizontal owp-btn-normal owp-tabs-layout-section\">\n\t\t\t\t<a class=\"elementor-post__thumbnail__link\" href=\"https:\/\/www.hedera-etc.com\/de\/product\/hedera-helix-lemon-swirl\/\" tabindex=\"-1\" target=\"&quot;_blank&quot;\">\n\t\t\t<div class=\"elementor-post__thumbnail\"><img loading=\"lazy\" decoding=\"async\" width=\"300\" height=\"225\" src=\"https:\/\/www.hedera-etc.com\/wp-content\/uploads\/2023\/10\/Hedera-helix-Lemon-Swirl-300x225.webp\" class=\"attachment-medium size-medium wp-image-929\" alt=\"Hedera helix &#039;Lemon Swirl&#039;\" srcset=\"https:\/\/www.hedera-etc.com\/wp-content\/uploads\/2023\/10\/Hedera-helix-Lemon-Swirl-300x225.webp 300w, https:\/\/www.hedera-etc.com\/wp-content\/uploads\/2023\/10\/Hedera-helix-Lemon-Swirl-900x675.webp 900w, https:\/\/www.hedera-etc.com\/wp-content\/uploads\/2023\/10\/Hedera-helix-Lemon-Swirl-768x576.webp 768w, https:\/\/www.hedera-etc.com\/wp-content\/uploads\/2023\/10\/Hedera-helix-Lemon-Swirl.webp 1024w\" sizes=\"(max-width: 300px) 100vw, 300px\" \/><\/div>\n\t\t<\/a>\n\t\t\t\t<div class=\"elementor-post__text\">\n\t\t\t\t<h3 class=\"elementor-post__title\">\n\t\t\t<a href=\"https:\/\/www.hedera-etc.com\/de\/product\/hedera-helix-lemon-swirl\/\" target=\"&quot;_blank&quot;\">\n\t\t\t\t<em>Hedera helix<\/em> &lsquo;Lemon Swirl&rsquo; &#8211; Zier-Efeu\t\t\t<\/a>\n\t\t<\/h3>\n\t\t\t\t<div class=\"elementor-post__excerpt\">\n\t\t\t<p>Kompakte Sorte mit breiten, gewellten Bl\u00e4ttern.<\/p> <p>Junge Triebe cremewei\u00df, zitronengelb oder gr\u00fcn mit cremefarbenen Punktierungen. F\u00e4rbung\t\t<\/div>\n\t\t\n\t\t<a class=\"elementor-post__read-more\" href=\"https:\/\/www.hedera-etc.com\/de\/product\/hedera-helix-lemon-swirl\/\" aria-label=\"Mehr \u00fcber *Hedera helix* \u2018Lemon Swirl\u2019 \u2013 Zier-Efeu\" tabindex=\"-1\" target=\"_blank\">\n\t\t\tWeiterlesen \u00bb\t\t<\/a>\n\n\t\t\t\t<\/div>\n\t\t\t\t<\/article>\n\t\t\t\t<article class=\"elementor-post elementor-grid-item post-933 product type-product status-publish has-post-thumbnail product_cat-lierre entry has-media last instock purchasable product-type-variable has-default-attributes has-product-nav col span_1_of_4 owp-content-center item-entry owp-thumbs-layout-horizontal owp-btn-normal owp-tabs-layout-section\">\n\t\t\t\t<a class=\"elementor-post__thumbnail__link\" href=\"https:\/\/www.hedera-etc.com\/de\/product\/hedera-helix-leo-swicegood\/\" tabindex=\"-1\" target=\"&quot;_blank&quot;\">\n\t\t\t<div class=\"elementor-post__thumbnail\"><img loading=\"lazy\" decoding=\"async\" width=\"300\" height=\"225\" src=\"https:\/\/www.hedera-etc.com\/wp-content\/uploads\/2023\/10\/Hedera-helix-Leo-Swicegood_3-300x225.webp\" class=\"attachment-medium size-medium wp-image-11926\" alt=\"Hedera helix &#039;Leo Swicegood&#039;\" srcset=\"https:\/\/www.hedera-etc.com\/wp-content\/uploads\/2023\/10\/Hedera-helix-Leo-Swicegood_3-300x225.webp 300w, https:\/\/www.hedera-etc.com\/wp-content\/uploads\/2023\/10\/Hedera-helix-Leo-Swicegood_3-900x675.webp 900w, https:\/\/www.hedera-etc.com\/wp-content\/uploads\/2023\/10\/Hedera-helix-Leo-Swicegood_3-1024x768.webp 1024w, https:\/\/www.hedera-etc.com\/wp-content\/uploads\/2023\/10\/Hedera-helix-Leo-Swicegood_3-768x576.webp 768w, https:\/\/www.hedera-etc.com\/wp-content\/uploads\/2023\/10\/Hedera-helix-Leo-Swicegood_3-1536x1152.webp 1536w, https:\/\/www.hedera-etc.com\/wp-content\/uploads\/2023\/10\/Hedera-helix-Leo-Swicegood_3-1320x990.webp 1320w, https:\/\/www.hedera-etc.com\/wp-content\/uploads\/2023\/10\/Hedera-helix-Leo-Swicegood_3.webp 1600w\" sizes=\"(max-width: 300px) 100vw, 300px\" \/><\/div>\n\t\t<\/a>\n\t\t\t\t<div class=\"elementor-post__text\">\n\t\t\t\t<h3 class=\"elementor-post__title\">\n\t\t\t<a href=\"https:\/\/www.hedera-etc.com\/de\/product\/hedera-helix-leo-swicegood\/\" target=\"&quot;_blank&quot;\">\n\t\t\t\t<em>Hedera helix<\/em> &lsquo;Leo Swicegood&rsquo; &#8211; Zier-Efeu\t\t\t<\/a>\n\t\t<\/h3>\n\t\t\t\t<div class=\"elementor-post__excerpt\">\n\t\t\t<p>Kleiner Bodendecker mit linearen oder lanzettlichen Bl\u00e4ttern, die an der Basis keilf\u00f6rmig und an der Spitze spitz sind.<\/p> <p>Mittelgr\u00fcne bis gr\u00fcne Blattspreite\t\t<\/div>\n\t\t\n\t\t<a class=\"elementor-post__read-more\" href=\"https:\/\/www.hedera-etc.com\/de\/product\/hedera-helix-leo-swicegood\/\" aria-label=\"Mehr \u00fcber &lt;em&gt;Hedera helix&lt;\/em&gt; &lsquo;Leo Swicegood&rsquo; &#8211; Lierre d&rsquo;ornement\" tabindex=\"-1\" target=\"_blank\">\n\t\t\tWeiterlesen \u00bb\t\t<\/a>\n\n\t\t\t\t<\/div>\n\t\t\t\t<\/article>\n\t\t\t\t<article class=\"elementor-post elementor-grid-item post-941 product type-product status-publish has-post-thumbnail product_cat-lierre entry has-media first instock purchasable product-type-variable has-default-attributes has-product-nav col span_1_of_4 owp-content-center item-entry owp-thumbs-layout-horizontal owp-btn-normal owp-tabs-layout-section\">\n\t\t\t\t<a class=\"elementor-post__thumbnail__link\" href=\"https:\/\/www.hedera-etc.com\/de\/product\/hedera-helix-lilliput\/\" tabindex=\"-1\" target=\"&quot;_blank&quot;\">\n\t\t\t<div class=\"elementor-post__thumbnail\"><img loading=\"lazy\" decoding=\"async\" width=\"300\" height=\"225\" src=\"https:\/\/www.hedera-etc.com\/wp-content\/uploads\/2023\/10\/Hedera-helix-Lilliput_2-300x225.webp\" class=\"attachment-medium size-medium wp-image-943\" alt=\"\" srcset=\"https:\/\/www.hedera-etc.com\/wp-content\/uploads\/2023\/10\/Hedera-helix-Lilliput_2-300x225.webp 300w, https:\/\/www.hedera-etc.com\/wp-content\/uploads\/2023\/10\/Hedera-helix-Lilliput_2-900x675.webp 900w, https:\/\/www.hedera-etc.com\/wp-content\/uploads\/2023\/10\/Hedera-helix-Lilliput_2-768x576.webp 768w, https:\/\/www.hedera-etc.com\/wp-content\/uploads\/2023\/10\/Hedera-helix-Lilliput_2.webp 1024w\" sizes=\"(max-width: 300px) 100vw, 300px\" \/><\/div>\n\t\t<\/a>\n\t\t\t\t<div class=\"elementor-post__text\">\n\t\t\t\t<h3 class=\"elementor-post__title\">\n\t\t\t<a href=\"https:\/\/www.hedera-etc.com\/de\/product\/hedera-helix-lilliput\/\" target=\"&quot;_blank&quot;\">\n\t\t\t\t<em>Hedera helix<\/em> &lsquo;Lilliput&rsquo; &#8211; Zier-Efeu\t\t\t<\/a>\n\t\t<\/h3>\n\t\t\t\t<div class=\"elementor-post__excerpt\">\n\t\t\t<p>Zeichnet sich durch Miniaturbl\u00e4tter aus, die asymmetrisch und gedreht oder sogar gefaltet sind. Blattstiel, der sich auf bizarre Weise um den Stiel windet.<\/p>\t\t<\/div>\n\t\t\n\t\t<a class=\"elementor-post__read-more\" href=\"https:\/\/www.hedera-etc.com\/de\/product\/hedera-helix-lilliput\/\" aria-label=\"Mehr \u00fcber &lt;em&gt;Hedera helix&lt;\/em&gt; &lsquo;Lilliput&rsquo; &#8211; Lierre d&rsquo;ornement\" tabindex=\"-1\" target=\"_blank\">\n\t\t\tWeiterlesen \u00bb\t\t<\/a>\n\n\t\t\t\t<\/div>\n\t\t\t\t<\/article>\n\t\t\t\t<article class=\"elementor-post elementor-grid-item post-754 product type-product status-publish has-post-thumbnail product_cat-lierre entry has-media  instock purchasable product-type-variable has-default-attributes has-product-nav col span_1_of_4 owp-content-center item-entry owp-thumbs-layout-horizontal owp-btn-normal owp-tabs-layout-section has-no-thumbnails\">\n\t\t\t\t<a class=\"elementor-post__thumbnail__link\" href=\"https:\/\/www.hedera-etc.com\/de\/product\/hedera-helix-golden-starlight\/\" tabindex=\"-1\" target=\"&quot;_blank&quot;\">\n\t\t\t<div class=\"elementor-post__thumbnail\"><img loading=\"lazy\" decoding=\"async\" width=\"300\" height=\"225\" src=\"https:\/\/www.hedera-etc.com\/wp-content\/uploads\/2023\/10\/Hedera-helix-Golden-Starlight-300x225.webp\" class=\"attachment-medium size-medium wp-image-755\" alt=\"Hedera helix &#039;Golden Starlight&#039;\" srcset=\"https:\/\/www.hedera-etc.com\/wp-content\/uploads\/2023\/10\/Hedera-helix-Golden-Starlight-300x225.webp 300w, https:\/\/www.hedera-etc.com\/wp-content\/uploads\/2023\/10\/Hedera-helix-Golden-Starlight-768x576.webp 768w, https:\/\/www.hedera-etc.com\/wp-content\/uploads\/2023\/10\/Hedera-helix-Golden-Starlight.webp 839w\" sizes=\"(max-width: 300px) 100vw, 300px\" \/><\/div>\n\t\t<\/a>\n\t\t\t\t<div class=\"elementor-post__text\">\n\t\t\t\t<h3 class=\"elementor-post__title\">\n\t\t\t<a href=\"https:\/\/www.hedera-etc.com\/de\/product\/hedera-helix-golden-starlight\/\" target=\"&quot;_blank&quot;\">\n\t\t\t\t<em>Hedera helix<\/em> &lsquo;Golden Starlight&rsquo; &#8211; Zier-Efeu\t\t\t<\/a>\n\t\t<\/h3>\n\t\t\t\t<div class=\"elementor-post__excerpt\">\n\t\t\t<p>Leuchtender Efeu. Bl\u00e4tter bestehen aus 3 bis 7 l\u00e4nglichen, schmalen und spitzen Lappen. Blattspreite gr\u00fcn und grau mit gelbem Rand.\t\t<\/div>\n\t\t\n\t\t<a class=\"elementor-post__read-more\" href=\"https:\/\/www.hedera-etc.com\/de\/product\/hedera-helix-golden-starlight\/\" aria-label=\"Mehr \u00fcber &lt;em&gt;Hedera helix&lt;\/em&gt; &lsquo;Golden Starlight&rsquo; &#8211; Lierre d&rsquo;ornement\" tabindex=\"-1\" target=\"_blank\">\n\t\t\tWeiterlesen \u00bb\t\t<\/a>\n\n\t\t\t\t<\/div>\n\t\t\t\t<\/article>\n\t\t\t\t<article class=\"elementor-post elementor-grid-item post-760 product type-product status-publish has-post-thumbnail product_cat-lierre entry has-media  instock purchasable product-type-variable has-default-attributes has-product-nav col span_1_of_4 owp-content-center item-entry owp-thumbs-layout-horizontal owp-btn-normal owp-tabs-layout-section\">\n\t\t\t\t<a class=\"elementor-post__thumbnail__link\" href=\"https:\/\/www.hedera-etc.com\/de\/product\/hedera-helix-goldfinch\/\" tabindex=\"-1\" target=\"&quot;_blank&quot;\">\n\t\t\t<div class=\"elementor-post__thumbnail\"><img loading=\"lazy\" decoding=\"async\" width=\"265\" height=\"300\" src=\"https:\/\/www.hedera-etc.com\/wp-content\/uploads\/2023\/10\/Hedera-helix-Goldfinch-265x300.webp\" class=\"attachment-medium size-medium wp-image-761\" alt=\"Hedera helix &#039;Goldfinch&#039;\" srcset=\"https:\/\/www.hedera-etc.com\/wp-content\/uploads\/2023\/10\/Hedera-helix-Goldfinch-265x300.webp 265w, https:\/\/www.hedera-etc.com\/wp-content\/uploads\/2023\/10\/Hedera-helix-Goldfinch.webp 632w\" sizes=\"(max-width: 265px) 100vw, 265px\" \/><\/div>\n\t\t<\/a>\n\t\t\t\t<div class=\"elementor-post__text\">\n\t\t\t\t<h3 class=\"elementor-post__title\">\n\t\t\t<a href=\"https:\/\/www.hedera-etc.com\/de\/product\/hedera-helix-goldfinch\/\" target=\"&quot;_blank&quot;\">\n\t\t\t\t<em>Hedera helix<\/em> &lsquo;Goldfinch&rsquo; &#8211; Zier-Efeu\t\t\t<\/a>\n\t\t<\/h3>\n\t\t\t\t<div class=\"elementor-post__excerpt\">\n\t\t\t<p>Wundersch\u00f6ne, goldgelbe Sorte mit kleinen Bl\u00e4ttern.<\/p> <p>Blatt besteht aus meist 3, manchmal 5 Lappen. Mittellappen mehr\t\t<\/div>\n\t\t\n\t\t<a class=\"elementor-post__read-more\" href=\"https:\/\/www.hedera-etc.com\/de\/product\/hedera-helix-goldfinch\/\" aria-label=\"Mehr \u00fcber *Hedera helix* \u2018Goldfinch\u2019 \u2013 Zier-Efeu\" tabindex=\"-1\" target=\"_blank\">\n\t\t\tWeiterlesen \u00bb\t\t<\/a>\n\n\t\t\t\t<\/div>\n\t\t\t\t<\/article>\n\t\t\t\t<article class=\"elementor-post elementor-grid-item post-765 product type-product status-publish has-post-thumbnail product_cat-lierre entry has-media last instock purchasable product-type-variable has-default-attributes has-product-nav col span_1_of_4 owp-content-center item-entry owp-thumbs-layout-horizontal owp-btn-normal owp-tabs-layout-section\">\n\t\t\t\t<a class=\"elementor-post__thumbnail__link\" href=\"https:\/\/www.hedera-etc.com\/de\/product\/hedera-helix-goldfinger\/\" tabindex=\"-1\" target=\"&quot;_blank&quot;\">\n\t\t\t<div class=\"elementor-post__thumbnail\"><img loading=\"lazy\" decoding=\"async\" width=\"300\" height=\"225\" src=\"https:\/\/www.hedera-etc.com\/wp-content\/uploads\/2023\/10\/Hedera-helix-Goldfinger_3-300x225.webp\" class=\"attachment-medium size-medium wp-image-15433\" alt=\"Hedera helix &#039;Goldfinger&#039;\" srcset=\"https:\/\/www.hedera-etc.com\/wp-content\/uploads\/2023\/10\/Hedera-helix-Goldfinger_3-300x225.webp 300w, https:\/\/www.hedera-etc.com\/wp-content\/uploads\/2023\/10\/Hedera-helix-Goldfinger_3-900x675.webp 900w, https:\/\/www.hedera-etc.com\/wp-content\/uploads\/2023\/10\/Hedera-helix-Goldfinger_3-1024x768.webp 1024w, https:\/\/www.hedera-etc.com\/wp-content\/uploads\/2023\/10\/Hedera-helix-Goldfinger_3-768x576.webp 768w, https:\/\/www.hedera-etc.com\/wp-content\/uploads\/2023\/10\/Hedera-helix-Goldfinger_3-1536x1152.webp 1536w, https:\/\/www.hedera-etc.com\/wp-content\/uploads\/2023\/10\/Hedera-helix-Goldfinger_3-1320x990.webp 1320w, https:\/\/www.hedera-etc.com\/wp-content\/uploads\/2023\/10\/Hedera-helix-Goldfinger_3.webp 1600w\" sizes=\"(max-width: 300px) 100vw, 300px\" \/><\/div>\n\t\t<\/a>\n\t\t\t\t<div class=\"elementor-post__text\">\n\t\t\t\t<h3 class=\"elementor-post__title\">\n\t\t\t<a href=\"https:\/\/www.hedera-etc.com\/de\/product\/hedera-helix-goldfinger\/\" target=\"&quot;_blank&quot;\">\n\t\t\t\t<em>Hedera helix<\/em> &lsquo;Goldfinger&rsquo; &#8211; Zier-Efeu\t\t\t<\/a>\n\t\t<\/h3>\n\t\t\t\t<div class=\"elementor-post__excerpt\">\n\t\t\t<p>Sternf\u00f6rmiges, fast das ganze Jahr \u00fcber goldfarbenes Laub.<\/p> <p>Bl\u00e4tter bestehen aus 3 bis 5 schmalen Lappen und\t\t<\/div>\n\t\t\n\t\t<a class=\"elementor-post__read-more\" href=\"https:\/\/www.hedera-etc.com\/de\/product\/hedera-helix-goldfinger\/\" aria-label=\"Mehr \u00fcber *Hedera helix* \u2018Goldfinger\u2019 \u2013 Zier-Efeu\" tabindex=\"-1\" target=\"_blank\">\n\t\t\tWeiterlesen \u00bb\t\t<\/a>\n\n\t\t\t\t<\/div>\n\t\t\t\t<\/article>\n\t\t\t\t<article class=\"elementor-post elementor-grid-item post-1028 product type-product status-publish has-post-thumbnail product_cat-lierre entry has-media first instock purchasable product-type-variable has-default-attributes has-product-nav col span_1_of_4 owp-content-center item-entry owp-thumbs-layout-horizontal owp-btn-normal owp-tabs-layout-section\">\n\t\t\t\t<a class=\"elementor-post__thumbnail__link\" href=\"https:\/\/www.hedera-etc.com\/de\/product\/hedera-helix-maygold\/\" tabindex=\"-1\" target=\"&quot;_blank&quot;\">\n\t\t\t<div class=\"elementor-post__thumbnail\"><img loading=\"lazy\" decoding=\"async\" width=\"300\" height=\"225\" src=\"https:\/\/www.hedera-etc.com\/wp-content\/uploads\/2023\/10\/Hedera-helix-Maygold-300x225.webp\" class=\"attachment-medium size-medium wp-image-1029\" alt=\"Hedera helix &#039;Maygold&#039;\" srcset=\"https:\/\/www.hedera-etc.com\/wp-content\/uploads\/2023\/10\/Hedera-helix-Maygold-300x225.webp 300w, https:\/\/www.hedera-etc.com\/wp-content\/uploads\/2023\/10\/Hedera-helix-Maygold-900x675.webp 900w, https:\/\/www.hedera-etc.com\/wp-content\/uploads\/2023\/10\/Hedera-helix-Maygold-768x576.webp 768w, https:\/\/www.hedera-etc.com\/wp-content\/uploads\/2023\/10\/Hedera-helix-Maygold.webp 1024w\" sizes=\"(max-width: 300px) 100vw, 300px\" \/><\/div>\n\t\t<\/a>\n\t\t\t\t<div class=\"elementor-post__text\">\n\t\t\t\t<h3 class=\"elementor-post__title\">\n\t\t\t<a href=\"https:\/\/www.hedera-etc.com\/de\/product\/hedera-helix-maygold\/\" target=\"&quot;_blank&quot;\">\n\t\t\t\t<em>Hedera helix<\/em> &lsquo;Maygold&rsquo; &#8211; Zier-Efeu\t\t\t<\/a>\n\t\t<\/h3>\n\t\t\t\t<div class=\"elementor-post__excerpt\">\n\t\t\t<p>Hellgr\u00fcnes, gl\u00e4nzendes, sch\u00fcsself\u00f6rmiges Laub. Junge Triebe gelblich-gr\u00fcn.<\/p> <p>Bl\u00e4tter bestehen aus 3 bis 5 Lappen, breit\t\t<\/div>\n\t\t\n\t\t<a class=\"elementor-post__read-more\" href=\"https:\/\/www.hedera-etc.com\/de\/product\/hedera-helix-maygold\/\" aria-label=\"Mehr \u00fcber &lt;em&gt;Hedera helix&lt;\/em&gt; \u2018Maygold\u2019 \u2013 Zier-Efeu\" tabindex=\"-1\" target=\"_blank\">\n\t\t\tWeiterlesen \u00bb\t\t<\/a>\n\n\t\t\t\t<\/div>\n\t\t\t\t<\/article>\n\t\t\t\t<article class=\"elementor-post elementor-grid-item post-1036 product type-product status-publish has-post-thumbnail product_cat-lierre entry has-media  instock purchasable product-type-variable has-default-attributes has-product-nav col span_1_of_4 owp-content-center item-entry owp-thumbs-layout-horizontal owp-btn-normal owp-tabs-layout-section\">\n\t\t\t\t<a class=\"elementor-post__thumbnail__link\" href=\"https:\/\/www.hedera-etc.com\/de\/product\/hedera-helix-melanie\/\" tabindex=\"-1\" target=\"&quot;_blank&quot;\">\n\t\t\t<div class=\"elementor-post__thumbnail\"><img loading=\"lazy\" decoding=\"async\" width=\"300\" height=\"225\" src=\"https:\/\/www.hedera-etc.com\/wp-content\/uploads\/2023\/10\/Hedera-helix-Melanie-300x225.webp\" class=\"attachment-medium size-medium wp-image-1037\" alt=\"Hedera helix &#039;Melanie&#039;\" srcset=\"https:\/\/www.hedera-etc.com\/wp-content\/uploads\/2023\/10\/Hedera-helix-Melanie-300x225.webp 300w, https:\/\/www.hedera-etc.com\/wp-content\/uploads\/2023\/10\/Hedera-helix-Melanie-768x576.webp 768w, https:\/\/www.hedera-etc.com\/wp-content\/uploads\/2023\/10\/Hedera-helix-Melanie.webp 839w\" sizes=\"(max-width: 300px) 100vw, 300px\" \/><\/div>\n\t\t<\/a>\n\t\t\t\t<div class=\"elementor-post__text\">\n\t\t\t\t<h3 class=\"elementor-post__title\">\n\t\t\t<a href=\"https:\/\/www.hedera-etc.com\/de\/product\/hedera-helix-melanie\/\" target=\"&quot;_blank&quot;\">\n\t\t\t\t<em>Hedera helix<\/em> &lsquo;Melanie&rsquo; &#8211; Zier-Efeu\t\t\t<\/a>\n\t\t<\/h3>\n\t\t\t\t<div class=\"elementor-post__excerpt\">\n\t\t\t<p>Sehr origineller Efeu mit einem Blatt, dessen Rand gewellt und gekr\u00e4uselt ist und manchmal fast eine Kugel bildet.<\/p> <p>Gl\u00e4nzend gr\u00fcne Blattspreite am\t\t<\/div>\n\t\t\n\t\t<a class=\"elementor-post__read-more\" href=\"https:\/\/www.hedera-etc.com\/de\/product\/hedera-helix-melanie\/\" aria-label=\"Mehr \u00fcber &lt;em&gt;Hedera helix&lt;\/em&gt; &lsquo;Melanie&rsquo; &#8211; Lierre d&rsquo;ornement\" tabindex=\"-1\" target=\"_blank\">\n\t\t\tWeiterlesen \u00bb\t\t<\/a>\n\n\t\t\t\t<\/div>\n\t\t\t\t<\/article>\n\t\t\t\t<article class=\"elementor-post elementor-grid-item post-1041 product type-product status-publish has-post-thumbnail product_cat-lierre entry has-media  instock purchasable product-type-variable has-default-attributes has-product-nav col span_1_of_4 owp-content-center item-entry owp-thumbs-layout-horizontal owp-btn-normal owp-tabs-layout-section\">\n\t\t\t\t<a class=\"elementor-post__thumbnail__link\" href=\"https:\/\/www.hedera-etc.com\/de\/product\/hedera-helix-micro-kolibri\/\" tabindex=\"-1\" target=\"&quot;_blank&quot;\">\n\t\t\t<div class=\"elementor-post__thumbnail\"><img loading=\"lazy\" decoding=\"async\" width=\"300\" height=\"226\" src=\"https:\/\/www.hedera-etc.com\/wp-content\/uploads\/2023\/10\/Hedera-helix-Micro-Kolibri_2-1-300x226.webp\" class=\"attachment-medium size-medium wp-image-11331\" alt=\"Hedera helix &#039;Micro Kolibri&#039;\" srcset=\"https:\/\/www.hedera-etc.com\/wp-content\/uploads\/2023\/10\/Hedera-helix-Micro-Kolibri_2-1-300x226.webp 300w, https:\/\/www.hedera-etc.com\/wp-content\/uploads\/2023\/10\/Hedera-helix-Micro-Kolibri_2-1-900x677.webp 900w, https:\/\/www.hedera-etc.com\/wp-content\/uploads\/2023\/10\/Hedera-helix-Micro-Kolibri_2-1-1024x770.webp 1024w, https:\/\/www.hedera-etc.com\/wp-content\/uploads\/2023\/10\/Hedera-helix-Micro-Kolibri_2-1-768x577.webp 768w, https:\/\/www.hedera-etc.com\/wp-content\/uploads\/2023\/10\/Hedera-helix-Micro-Kolibri_2-1-1536x1155.webp 1536w, https:\/\/www.hedera-etc.com\/wp-content\/uploads\/2023\/10\/Hedera-helix-Micro-Kolibri_2-1-1320x992.webp 1320w, https:\/\/www.hedera-etc.com\/wp-content\/uploads\/2023\/10\/Hedera-helix-Micro-Kolibri_2-1.webp 1600w\" sizes=\"(max-width: 300px) 100vw, 300px\" \/><\/div>\n\t\t<\/a>\n\t\t\t\t<div class=\"elementor-post__text\">\n\t\t\t\t<h3 class=\"elementor-post__title\">\n\t\t\t<a href=\"https:\/\/www.hedera-etc.com\/de\/product\/hedera-helix-micro-kolibri\/\" target=\"&quot;_blank&quot;\">\n\t\t\t\t<em>Hedera helix<\/em> &lsquo;Micro Kolibri&rsquo; &#8211; Zier-Efeu\t\t\t<\/a>\n\t\t<\/h3>\n\t\t\t\t<div class=\"elementor-post__excerpt\">\n\t\t\t<p>H\u00fcbscher Efeu mit panaschierten Bl\u00e4ttern, die sich im Winter rosa f\u00e4rben.<\/p> <p>Unregelm\u00e4\u00dfig geformt, mit 3 schmalen Lappen.\t\t<\/div>\n\t\t\n\t\t<a class=\"elementor-post__read-more\" href=\"https:\/\/www.hedera-etc.com\/de\/product\/hedera-helix-micro-kolibri\/\" aria-label=\"Mehr \u00fcber &lt;em&gt;Hedera helix&lt;\/em&gt; &lsquo;Micro Kolibri&rsquo; &#8211; Lierre d&rsquo;ornement\" tabindex=\"-1\" target=\"_blank\">\n\t\t\tWeiterlesen \u00bb\t\t<\/a>\n\n\t\t\t\t<\/div>\n\t\t\t\t<\/article>\n\t\t\t\t<article class=\"elementor-post elementor-grid-item post-1046 product type-product status-publish has-post-thumbnail product_cat-lierre entry has-media last instock purchasable product-type-variable has-default-attributes has-product-nav col span_1_of_4 owp-content-center item-entry owp-thumbs-layout-horizontal owp-btn-normal owp-tabs-layout-section\">\n\t\t\t\t<a class=\"elementor-post__thumbnail__link\" href=\"https:\/\/www.hedera-etc.com\/de\/product\/hedera-helix-midget\/\" tabindex=\"-1\" target=\"&quot;_blank&quot;\">\n\t\t\t<div class=\"elementor-post__thumbnail\"><img loading=\"lazy\" decoding=\"async\" width=\"300\" height=\"225\" src=\"https:\/\/www.hedera-etc.com\/wp-content\/uploads\/2023\/10\/Hedera-helix-Midget-300x225.webp\" class=\"attachment-medium size-medium wp-image-14384\" alt=\"Hedera helix &#039;Midget&#039;\" srcset=\"https:\/\/www.hedera-etc.com\/wp-content\/uploads\/2023\/10\/Hedera-helix-Midget-300x225.webp 300w, https:\/\/www.hedera-etc.com\/wp-content\/uploads\/2023\/10\/Hedera-helix-Midget-900x675.webp 900w, https:\/\/www.hedera-etc.com\/wp-content\/uploads\/2023\/10\/Hedera-helix-Midget-1024x768.webp 1024w, https:\/\/www.hedera-etc.com\/wp-content\/uploads\/2023\/10\/Hedera-helix-Midget-768x576.webp 768w, https:\/\/www.hedera-etc.com\/wp-content\/uploads\/2023\/10\/Hedera-helix-Midget.webp 1200w\" sizes=\"(max-width: 300px) 100vw, 300px\" \/><\/div>\n\t\t<\/a>\n\t\t\t\t<div class=\"elementor-post__text\">\n\t\t\t\t<h3 class=\"elementor-post__title\">\n\t\t\t<a href=\"https:\/\/www.hedera-etc.com\/de\/product\/hedera-helix-midget\/\" target=\"&quot;_blank&quot;\">\n\t\t\t\t<em>Hedera helix<\/em> &lsquo;Midget&rsquo; &#8211; Zier-Efeu\t\t\t<\/a>\n\t\t<\/h3>\n\t\t\t\t<div class=\"elementor-post__excerpt\">\n\t\t\t<p>Efeu mit stark verzweigten Zweigen, die kleine gr\u00fcne Bl\u00e4tter tragen, die aus 3 bis 5 sehr spitzen Lappen bestehen.<\/p> <p>Mittellappen\t\t<\/div>\n\t\t\n\t\t<a class=\"elementor-post__read-more\" href=\"https:\/\/www.hedera-etc.com\/de\/product\/hedera-helix-midget\/\" aria-label=\"Mehr \u00fcber &lt;em&gt;Hedera helix&lt;\/em&gt; &lsquo;Midget&rsquo; &#8211; Lierre d&rsquo;ornement\" tabindex=\"-1\" target=\"_blank\">\n\t\t\tWeiterlesen \u00bb\t\t<\/a>\n\n\t\t\t\t<\/div>\n\t\t\t\t<\/article>\n\t\t\t\t<article class=\"elementor-post elementor-grid-item post-1051 product type-product status-publish has-post-thumbnail product_cat-lierre entry has-media first instock purchasable product-type-variable has-default-attributes has-product-nav col span_1_of_4 owp-content-center item-entry owp-thumbs-layout-horizontal owp-btn-normal owp-tabs-layout-section\">\n\t\t\t\t<a class=\"elementor-post__thumbnail__link\" href=\"https:\/\/www.hedera-etc.com\/de\/product\/hedera-helix-minicoup\/\" tabindex=\"-1\" target=\"&quot;_blank&quot;\">\n\t\t\t<div class=\"elementor-post__thumbnail\"><img loading=\"lazy\" decoding=\"async\" width=\"300\" height=\"225\" src=\"https:\/\/www.hedera-etc.com\/wp-content\/uploads\/2023\/10\/Hedera-helix-Minicoup-300x225.webp\" class=\"attachment-medium size-medium wp-image-1052\" alt=\"Hedera helix &#039;Minicoup&#039;\" srcset=\"https:\/\/www.hedera-etc.com\/wp-content\/uploads\/2023\/10\/Hedera-helix-Minicoup-300x225.webp 300w, https:\/\/www.hedera-etc.com\/wp-content\/uploads\/2023\/10\/Hedera-helix-Minicoup-900x675.webp 900w, https:\/\/www.hedera-etc.com\/wp-content\/uploads\/2023\/10\/Hedera-helix-Minicoup-768x576.webp 768w, https:\/\/www.hedera-etc.com\/wp-content\/uploads\/2023\/10\/Hedera-helix-Minicoup.webp 1024w\" sizes=\"(max-width: 300px) 100vw, 300px\" \/><\/div>\n\t\t<\/a>\n\t\t\t\t<div class=\"elementor-post__text\">\n\t\t\t\t<h3 class=\"elementor-post__title\">\n\t\t\t<a href=\"https:\/\/www.hedera-etc.com\/de\/product\/hedera-helix-minicoup\/\" target=\"&quot;_blank&quot;\">\n\t\t\t\t<em>Hedera helix<\/em> &lsquo;Minicoup&rsquo; &#8211; Zier-Efeu\t\t\t<\/a>\n\t\t<\/h3>\n\t\t\t\t<div class=\"elementor-post__excerpt\">\n\t\t\t<p>Stark verzweigter Efeu mit langen St\u00e4ngeln, die reichlich mit kleinen, vogelbeinartigen Bl\u00e4ttern besetzt sind.<\/p> <p>Bl\u00e4tter bestehen aus 3 Lappen, der\t\t<\/div>\n\t\t\n\t\t<a class=\"elementor-post__read-more\" href=\"https:\/\/www.hedera-etc.com\/de\/product\/hedera-helix-minicoup\/\" aria-label=\"Mehr \u00fcber &lt;em&gt;Hedera helix&lt;\/em&gt; &lsquo;Minicoup&rsquo; &#8211; Lierre d&rsquo;ornement\" tabindex=\"-1\" target=\"_blank\">\n\t\t\tWeiterlesen \u00bb\t\t<\/a>\n\n\t\t\t\t<\/div>\n\t\t\t\t<\/article>\n\t\t\t\t<article class=\"elementor-post elementor-grid-item post-1058 product type-product status-publish has-post-thumbnail product_cat-lierre entry has-media  instock purchasable product-type-variable has-default-attributes has-product-nav col span_1_of_4 owp-content-center item-entry owp-thumbs-layout-horizontal owp-btn-normal owp-tabs-layout-section has-no-thumbnails\">\n\t\t\t\t<a class=\"elementor-post__thumbnail__link\" href=\"https:\/\/www.hedera-etc.com\/de\/product\/hedera-helix-minima-variegata\/\" tabindex=\"-1\" target=\"&quot;_blank&quot;\">\n\t\t\t<div class=\"elementor-post__thumbnail\"><img loading=\"lazy\" decoding=\"async\" width=\"300\" height=\"225\" src=\"https:\/\/www.hedera-etc.com\/wp-content\/uploads\/2023\/10\/Hedera-helix-Minima-Variegata-300x225.webp\" class=\"attachment-medium size-medium wp-image-1059\" alt=\"Hedera helix &#039;Minima Variegata&#039;\" srcset=\"https:\/\/www.hedera-etc.com\/wp-content\/uploads\/2023\/10\/Hedera-helix-Minima-Variegata-300x225.webp 300w, https:\/\/www.hedera-etc.com\/wp-content\/uploads\/2023\/10\/Hedera-helix-Minima-Variegata-900x675.webp 900w, https:\/\/www.hedera-etc.com\/wp-content\/uploads\/2023\/10\/Hedera-helix-Minima-Variegata-768x576.webp 768w, https:\/\/www.hedera-etc.com\/wp-content\/uploads\/2023\/10\/Hedera-helix-Minima-Variegata.webp 1024w\" sizes=\"(max-width: 300px) 100vw, 300px\" \/><\/div>\n\t\t<\/a>\n\t\t\t\t<div class=\"elementor-post__text\">\n\t\t\t\t<h3 class=\"elementor-post__title\">\n\t\t\t<a href=\"https:\/\/www.hedera-etc.com\/de\/product\/hedera-helix-minima-variegata\/\" target=\"&quot;_blank&quot;\">\n\t\t\t\t<em>Hedera helix<\/em> &lsquo;Minima Variegata&rsquo; &#8211; Zier-Efeu\t\t\t<\/a>\n\t\t<\/h3>\n\t\t\t\t<div class=\"elementor-post__excerpt\">\n\t\t\t<p>Eine F\u00fclle von kleinen panaschierten Bl\u00e4ttern mit dem sch\u00f6nsten Effekt.<\/p> <p>Blattspreite sowohl hellgr\u00fcn als auch graugr\u00fcn und dunkelgr\u00fcn\t\t<\/div>\n\t\t\n\t\t<a class=\"elementor-post__read-more\" href=\"https:\/\/www.hedera-etc.com\/de\/product\/hedera-helix-minima-variegata\/\" aria-label=\"Mehr \u00fcber &lt;em&gt;Hedera helix&lt;\/em&gt; &lsquo;Minima Variegata&rsquo; &#8211; Lierre d&rsquo;ornement\" tabindex=\"-1\" target=\"_blank\">\n\t\t\tWeiterlesen \u00bb\t\t<\/a>\n\n\t\t\t\t<\/div>\n\t\t\t\t<\/article>\n\t\t\t\t<article class=\"elementor-post elementor-grid-item post-1064 product type-product status-publish has-post-thumbnail product_cat-lierre entry has-media  instock purchasable product-type-variable has-default-attributes has-product-nav col span_1_of_4 owp-content-center item-entry owp-thumbs-layout-horizontal owp-btn-normal owp-tabs-layout-section has-no-thumbnails\">\n\t\t\t\t<a class=\"elementor-post__thumbnail__link\" href=\"https:\/\/www.hedera-etc.com\/de\/product\/hedera-helix-mini-heron\/\" tabindex=\"-1\" target=\"&quot;_blank&quot;\">\n\t\t\t<div class=\"elementor-post__thumbnail\"><img loading=\"lazy\" decoding=\"async\" width=\"300\" height=\"225\" src=\"https:\/\/www.hedera-etc.com\/wp-content\/uploads\/2023\/10\/Hedera-helix-Mini-Heron_2-300x225.webp\" class=\"attachment-medium size-medium wp-image-14361\" alt=\"Hedera helix &#039;Mini Heron&#039;\" srcset=\"https:\/\/www.hedera-etc.com\/wp-content\/uploads\/2023\/10\/Hedera-helix-Mini-Heron_2-300x225.webp 300w, https:\/\/www.hedera-etc.com\/wp-content\/uploads\/2023\/10\/Hedera-helix-Mini-Heron_2-768x576.webp 768w, https:\/\/www.hedera-etc.com\/wp-content\/uploads\/2023\/10\/Hedera-helix-Mini-Heron_2.webp 900w\" sizes=\"(max-width: 300px) 100vw, 300px\" \/><\/div>\n\t\t<\/a>\n\t\t\t\t<div class=\"elementor-post__text\">\n\t\t\t\t<h3 class=\"elementor-post__title\">\n\t\t\t<a href=\"https:\/\/www.hedera-etc.com\/de\/product\/hedera-helix-mini-heron\/\" target=\"&quot;_blank&quot;\">\n\t\t\t\t<em>Hedera helix<\/em> &lsquo;Mini Heron&rsquo; &#8211; Zier-Efeu\t\t\t<\/a>\n\t\t<\/h3>\n\t\t\t\t<div class=\"elementor-post__excerpt\">\n\t\t\t<p>Tief eingeschnittenes, variabel geformtes Blattwerk vom Typ \u201cVogelbein\u2019.<\/p> <p>Bl\u00e4tter bestehen meist aus 5 Lappen. Mittelgr\u00fcne Blattspreite,\t\t<\/div>\n\t\t\n\t\t<a class=\"elementor-post__read-more\" href=\"https:\/\/www.hedera-etc.com\/de\/product\/hedera-helix-mini-heron\/\" aria-label=\"Mehr \u00fcber &lt;em&gt;Hedera helix&lt;\/em&gt; &lsquo;Mini Heron&rsquo; &#8211; Lierre d&rsquo;ornement\" tabindex=\"-1\" target=\"_blank\">\n\t\t\tWeiterlesen \u00bb\t\t<\/a>\n\n\t\t\t\t<\/div>\n\t\t\t\t<\/article>\n\t\t\t\t<article class=\"elementor-post elementor-grid-item post-1070 product type-product status-publish has-post-thumbnail product_cat-lierre entry has-media last instock purchasable product-type-variable has-default-attributes has-product-nav col span_1_of_4 owp-content-center item-entry owp-thumbs-layout-horizontal owp-btn-normal owp-tabs-layout-section\">\n\t\t\t\t<a class=\"elementor-post__thumbnail__link\" href=\"https:\/\/www.hedera-etc.com\/de\/product\/hedera-helix-minor-marmorata\/\" tabindex=\"-1\" target=\"&quot;_blank&quot;\">\n\t\t\t<div class=\"elementor-post__thumbnail\"><img loading=\"lazy\" decoding=\"async\" width=\"300\" height=\"225\" src=\"https:\/\/www.hedera-etc.com\/wp-content\/uploads\/2023\/10\/Hedera-helix-Minor-Marmorata-300x225.webp\" class=\"attachment-medium size-medium wp-image-1071\" alt=\"Hedera helix &#039;Minor Marmorata&#039;\" srcset=\"https:\/\/www.hedera-etc.com\/wp-content\/uploads\/2023\/10\/Hedera-helix-Minor-Marmorata-300x225.webp 300w, https:\/\/www.hedera-etc.com\/wp-content\/uploads\/2023\/10\/Hedera-helix-Minor-Marmorata-768x576.webp 768w, https:\/\/www.hedera-etc.com\/wp-content\/uploads\/2023\/10\/Hedera-helix-Minor-Marmorata.webp 784w\" sizes=\"(max-width: 300px) 100vw, 300px\" \/><\/div>\n\t\t<\/a>\n\t\t\t\t<div class=\"elementor-post__text\">\n\t\t\t\t<h3 class=\"elementor-post__title\">\n\t\t\t<a href=\"https:\/\/www.hedera-etc.com\/de\/product\/hedera-helix-minor-marmorata\/\" target=\"&quot;_blank&quot;\">\n\t\t\t\t<em>Hedera helix<\/em> &lsquo;Minor Marmorata&rsquo; &#8211; Zier-Efeu\t\t\t<\/a>\n\t\t<\/h3>\n\t\t\t\t<div class=\"elementor-post__excerpt\">\n\t\t\t<p>Sch\u00f6ne, dicke, dunkelgr\u00fcne Bl\u00e4tter, die mit cremewei\u00dfen Sprenkeln besprenkelt sind. \u00c4ltere Bl\u00e4tter sind wei\u00df gefleckt oder ganz gr\u00fcn.<\/p> <p>Blatt eher\t\t<\/div>\n\t\t\n\t\t<a class=\"elementor-post__read-more\" href=\"https:\/\/www.hedera-etc.com\/de\/product\/hedera-helix-minor-marmorata\/\" aria-label=\"Mehr \u00fcber &lt;em&gt;Hedera helix&lt;\/em&gt; &lsquo;Minor Marmorata&rsquo; &#8211; Lierre d&rsquo;ornement\" tabindex=\"-1\" target=\"_blank\">\n\t\t\tWeiterlesen \u00bb\t\t<\/a>\n\n\t\t\t\t<\/div>\n\t\t\t\t<\/article>\n\t\t\t\t<article class=\"elementor-post elementor-grid-item post-1077 product type-product status-publish has-post-thumbnail product_cat-lierre entry has-media first instock purchasable product-type-variable has-default-attributes has-product-nav col span_1_of_4 owp-content-center item-entry owp-thumbs-layout-horizontal owp-btn-normal owp-tabs-layout-section has-no-thumbnails\">\n\t\t\t\t<a class=\"elementor-post__thumbnail__link\" href=\"https:\/\/www.hedera-etc.com\/de\/product\/hedera-helix-minty\/\" tabindex=\"-1\" target=\"&quot;_blank&quot;\">\n\t\t\t<div class=\"elementor-post__thumbnail\"><img loading=\"lazy\" decoding=\"async\" width=\"300\" height=\"225\" src=\"https:\/\/www.hedera-etc.com\/wp-content\/uploads\/2023\/10\/Hedera-helix-Minty-300x225.webp\" class=\"attachment-medium size-medium wp-image-1078\" alt=\"Hedera helix &#039;Minty&#039;\" srcset=\"https:\/\/www.hedera-etc.com\/wp-content\/uploads\/2023\/10\/Hedera-helix-Minty-300x225.webp 300w, https:\/\/www.hedera-etc.com\/wp-content\/uploads\/2023\/10\/Hedera-helix-Minty-768x576.webp 768w, https:\/\/www.hedera-etc.com\/wp-content\/uploads\/2023\/10\/Hedera-helix-Minty.webp 839w\" sizes=\"(max-width: 300px) 100vw, 300px\" \/><\/div>\n\t\t<\/a>\n\t\t\t\t<div class=\"elementor-post__text\">\n\t\t\t\t<h3 class=\"elementor-post__title\">\n\t\t\t<a href=\"https:\/\/www.hedera-etc.com\/de\/product\/hedera-helix-minty\/\" target=\"&quot;_blank&quot;\">\n\t\t\t\t<em>Hedera helix<\/em> &lsquo;Minty&rsquo; &#8211; Zier-Efeu\t\t\t<\/a>\n\t\t<\/h3>\n\t\t\t\t<div class=\"elementor-post__excerpt\">\n\t\t\t<p>Efeu, der unweigerlich mit seiner subtilen Panaschierung in Abstufungen von Minzgr\u00fcn, Zitronengr\u00fcn bis hin zu Creme verf\u00fchrt. Hellgr\u00fcne R\u00e4nder\t\t<\/div>\n\t\t\n\t\t<a class=\"elementor-post__read-more\" href=\"https:\/\/www.hedera-etc.com\/de\/product\/hedera-helix-minty\/\" aria-label=\"Mehr \u00fcber &lt;em&gt;Hedera helix&lt;\/em&gt; &lsquo;Minty&rsquo; &#8211; Lierre d&rsquo;ornement\" tabindex=\"-1\" target=\"_blank\">\n\t\t\tWeiterlesen \u00bb\t\t<\/a>\n\n\t\t\t\t<\/div>\n\t\t\t\t<\/article>\n\t\t\t\t<article class=\"elementor-post elementor-grid-item post-1082 product type-product status-publish has-post-thumbnail product_cat-lierre entry has-media  instock purchasable product-type-variable has-default-attributes has-product-nav col span_1_of_4 owp-content-center item-entry owp-thumbs-layout-horizontal owp-btn-normal owp-tabs-layout-section has-no-thumbnails\">\n\t\t\t\t<a class=\"elementor-post__thumbnail__link\" href=\"https:\/\/www.hedera-etc.com\/de\/product\/hedera-helix-miss-mirror\/\" tabindex=\"-1\" target=\"&quot;_blank&quot;\">\n\t\t\t<div class=\"elementor-post__thumbnail\"><img loading=\"lazy\" decoding=\"async\" width=\"300\" height=\"225\" src=\"https:\/\/www.hedera-etc.com\/wp-content\/uploads\/2023\/10\/Hedera-helix-Miss-Mirror-300x225.webp\" class=\"attachment-medium size-medium wp-image-1083\" alt=\"Hedera helix &#039;Miss Mirror&#039;\" srcset=\"https:\/\/www.hedera-etc.com\/wp-content\/uploads\/2023\/10\/Hedera-helix-Miss-Mirror-300x225.webp 300w, https:\/\/www.hedera-etc.com\/wp-content\/uploads\/2023\/10\/Hedera-helix-Miss-Mirror-900x675.webp 900w, https:\/\/www.hedera-etc.com\/wp-content\/uploads\/2023\/10\/Hedera-helix-Miss-Mirror-768x576.webp 768w, https:\/\/www.hedera-etc.com\/wp-content\/uploads\/2023\/10\/Hedera-helix-Miss-Mirror.webp 1024w\" sizes=\"(max-width: 300px) 100vw, 300px\" \/><\/div>\n\t\t<\/a>\n\t\t\t\t<div class=\"elementor-post__text\">\n\t\t\t\t<h3 class=\"elementor-post__title\">\n\t\t\t<a href=\"https:\/\/www.hedera-etc.com\/de\/product\/hedera-helix-miss-mirror\/\" target=\"&quot;_blank&quot;\">\n\t\t\t\t<em>Hedera helix<\/em> &lsquo;Miss Mirror&rsquo; &#8211; Zier-Efeu\t\t\t<\/a>\n\t\t<\/h3>\n\t\t\t\t<div class=\"elementor-post__excerpt\">\n\t\t\t<p>Bl\u00e4tter insgesamt sternf\u00f6rmig, bestehend aus 5 asymmetrischen, spitzen, zur\u00fcckgeschlagenen Lappen. Endlappen etwas verl\u00e4ngert. Rand von\t\t<\/div>\n\t\t\n\t\t<a class=\"elementor-post__read-more\" href=\"https:\/\/www.hedera-etc.com\/de\/product\/hedera-helix-miss-mirror\/\" aria-label=\"Mehr \u00fcber &lt;em&gt;Hedera helix&lt;\/em&gt; &lsquo;Miss Mirror&rsquo; &#8211; Lierre d&rsquo;ornement\" tabindex=\"-1\" target=\"_blank\">\n\t\t\tWeiterlesen \u00bb\t\t<\/a>\n\n\t\t\t\t<\/div>\n\t\t\t\t<\/article>\n\t\t\t\t<article class=\"elementor-post elementor-grid-item post-1088 product type-product status-publish has-post-thumbnail product_cat-lierre entry has-media  instock purchasable product-type-variable has-default-attributes has-product-nav col span_1_of_4 owp-content-center item-entry owp-thumbs-layout-horizontal owp-btn-normal owp-tabs-layout-section\">\n\t\t\t\t<a class=\"elementor-post__thumbnail__link\" href=\"https:\/\/www.hedera-etc.com\/de\/product\/hedera-helix-misty\/\" tabindex=\"-1\" target=\"&quot;_blank&quot;\">\n\t\t\t<div class=\"elementor-post__thumbnail\"><img loading=\"lazy\" decoding=\"async\" width=\"300\" height=\"225\" src=\"https:\/\/www.hedera-etc.com\/wp-content\/uploads\/2023\/10\/Hedera-helix-Misty-1-scaled-300x225.webp\" class=\"attachment-medium size-medium wp-image-9751\" alt=\"Hedera helix &#039;Misty&#039;\" srcset=\"https:\/\/www.hedera-etc.com\/wp-content\/uploads\/2023\/10\/Hedera-helix-Misty-1-scaled-300x225.webp 300w, https:\/\/www.hedera-etc.com\/wp-content\/uploads\/2023\/10\/Hedera-helix-Misty-1-scaled-900x674.webp 900w, https:\/\/www.hedera-etc.com\/wp-content\/uploads\/2023\/10\/Hedera-helix-Misty-1-1024x767.webp 1024w, https:\/\/www.hedera-etc.com\/wp-content\/uploads\/2023\/10\/Hedera-helix-Misty-1-768x575.webp 768w, https:\/\/www.hedera-etc.com\/wp-content\/uploads\/2023\/10\/Hedera-helix-Misty-1-1536x1150.webp 1536w, https:\/\/www.hedera-etc.com\/wp-content\/uploads\/2023\/10\/Hedera-helix-Misty-1-scaled.webp 1920w, https:\/\/www.hedera-etc.com\/wp-content\/uploads\/2023\/10\/Hedera-helix-Misty-1-1320x988.webp 1320w\" sizes=\"(max-width: 300px) 100vw, 300px\" \/><\/div>\n\t\t<\/a>\n\t\t\t\t<div class=\"elementor-post__text\">\n\t\t\t\t<h3 class=\"elementor-post__title\">\n\t\t\t<a href=\"https:\/\/www.hedera-etc.com\/de\/product\/hedera-helix-misty\/\" target=\"&quot;_blank&quot;\">\n\t\t\t\t<em>Hedera helix<\/em> &lsquo;Misty&rsquo; &#8211; Zier-Efeu\t\t\t<\/a>\n\t\t<\/h3>\n\t\t\t\t<div class=\"elementor-post__excerpt\">\n\t\t\t<p>Zarte, kleine, spitze Bl\u00e4tter, die in der Mitte in verschiedenen Grau- und Gr\u00fcnt\u00f6nen gef\u00e4rbt sind und wei\u00df gerandet und gerippt sind.\t\t<\/div>\n\t\t\n\t\t<a class=\"elementor-post__read-more\" href=\"https:\/\/www.hedera-etc.com\/de\/product\/hedera-helix-misty\/\" aria-label=\"Mehr \u00fcber &lt;em&gt;Hedera helix&lt;\/em&gt; &lsquo;Misty&rsquo; &#8211; Lierre d&rsquo;ornement\" tabindex=\"-1\" target=\"_blank\">\n\t\t\tWeiterlesen \u00bb\t\t<\/a>\n\n\t\t\t\t<\/div>\n\t\t\t\t<\/article>\n\t\t\t\t<article class=\"elementor-post elementor-grid-item post-1095 product type-product status-publish has-post-thumbnail product_cat-lierre entry has-media last instock purchasable product-type-variable has-default-attributes has-product-nav col span_1_of_4 owp-content-center item-entry owp-thumbs-layout-horizontal owp-btn-normal owp-tabs-layout-section has-no-thumbnails\">\n\t\t\t\t<a class=\"elementor-post__thumbnail__link\" href=\"https:\/\/www.hedera-etc.com\/de\/product\/hedera-helix-monica\/\" tabindex=\"-1\" target=\"&quot;_blank&quot;\">\n\t\t\t<div class=\"elementor-post__thumbnail\"><img loading=\"lazy\" decoding=\"async\" width=\"300\" height=\"225\" src=\"https:\/\/www.hedera-etc.com\/wp-content\/uploads\/2023\/10\/Hedera-helix-Monica-300x225.webp\" class=\"attachment-medium size-medium wp-image-1096\" alt=\"Hedera helix &#039;Monica&#039;\" srcset=\"https:\/\/www.hedera-etc.com\/wp-content\/uploads\/2023\/10\/Hedera-helix-Monica-300x225.webp 300w, https:\/\/www.hedera-etc.com\/wp-content\/uploads\/2023\/10\/Hedera-helix-Monica-768x576.webp 768w, https:\/\/www.hedera-etc.com\/wp-content\/uploads\/2023\/10\/Hedera-helix-Monica.webp 839w\" sizes=\"(max-width: 300px) 100vw, 300px\" \/><\/div>\n\t\t<\/a>\n\t\t\t\t<div class=\"elementor-post__text\">\n\t\t\t\t<h3 class=\"elementor-post__title\">\n\t\t\t<a href=\"https:\/\/www.hedera-etc.com\/de\/product\/hedera-helix-monica\/\" target=\"&quot;_blank&quot;\">\n\t\t\t\t<em>Hedera helix<\/em> &lsquo;Monica&rsquo; &#8211; Zier-Efeu\t\t\t<\/a>\n\t\t<\/h3>\n\t\t\t\t<div class=\"elementor-post__excerpt\">\n\t\t\t<p>Sehr attraktiver Efeu mit breiten, buttergelben Blattr\u00e4ndern auf einem frischgr\u00fcnen Hintergrund, der sich ins Cremefarbene entwickelt.\t\t<\/div>\n\t\t\n\t\t<a class=\"elementor-post__read-more\" href=\"https:\/\/www.hedera-etc.com\/de\/product\/hedera-helix-monica\/\" aria-label=\"Mehr \u00fcber &lt;em&gt;Hedera helix&lt;\/em&gt; &lsquo;Monica&rsquo; &#8211; Lierre d&rsquo;ornement\" tabindex=\"-1\" target=\"_blank\">\n\t\t\tWeiterlesen \u00bb\t\t<\/a>\n\n\t\t\t\t<\/div>\n\t\t\t\t<\/article>\n\t\t\t\t<article class=\"elementor-post elementor-grid-item post-1099 product type-product status-publish has-post-thumbnail product_cat-lierre entry has-media first instock purchasable product-type-variable has-default-attributes has-product-nav col span_1_of_4 owp-content-center item-entry owp-thumbs-layout-horizontal owp-btn-normal owp-tabs-layout-section has-no-thumbnails\">\n\t\t\t\t<a class=\"elementor-post__thumbnail__link\" href=\"https:\/\/www.hedera-etc.com\/de\/product\/hedera-helix-moonbeam\/\" tabindex=\"-1\" target=\"&quot;_blank&quot;\">\n\t\t\t<div class=\"elementor-post__thumbnail\"><img loading=\"lazy\" decoding=\"async\" width=\"300\" height=\"225\" src=\"https:\/\/www.hedera-etc.com\/wp-content\/uploads\/2023\/10\/GetterResourceImage-1-300x225.webp\" class=\"attachment-medium size-medium wp-image-1100\" alt=\"Hedera helix &#039;Moonbeam&#039;\" srcset=\"https:\/\/www.hedera-etc.com\/wp-content\/uploads\/2023\/10\/GetterResourceImage-1-300x225.webp 300w, https:\/\/www.hedera-etc.com\/wp-content\/uploads\/2023\/10\/GetterResourceImage-1-768x576.webp 768w, https:\/\/www.hedera-etc.com\/wp-content\/uploads\/2023\/10\/GetterResourceImage-1.webp 839w\" sizes=\"(max-width: 300px) 100vw, 300px\" \/><\/div>\n\t\t<\/a>\n\t\t\t\t<div class=\"elementor-post__text\">\n\t\t\t\t<h3 class=\"elementor-post__title\">\n\t\t\t<a href=\"https:\/\/www.hedera-etc.com\/de\/product\/hedera-helix-moonbeam\/\" target=\"&quot;_blank&quot;\">\n\t\t\t\t<em>Hedera helix<\/em> &lsquo;Moonbeam&rsquo; &#8211; Zier-Efeu\t\t\t<\/a>\n\t\t<\/h3>\n\t\t\t\t<div class=\"elementor-post__excerpt\">\n\t\t\t<p>Sorte, die beim Fr\u00fchlingserwachen den Gartenteil, in dem sie steht, zum Leuchten bringt.<\/p> <p>Bl\u00e4tter bestehend aus 3 bis\t\t<\/div>\n\t\t\n\t\t<a class=\"elementor-post__read-more\" href=\"https:\/\/www.hedera-etc.com\/de\/product\/hedera-helix-moonbeam\/\" aria-label=\"Mehr \u00fcber Hedera helix \u2018Moonbeam\u2019 \u2013 Zier-Efeu\" tabindex=\"-1\" target=\"_blank\">\n\t\t\tWeiterlesen \u00bb\t\t<\/a>\n\n\t\t\t\t<\/div>\n\t\t\t\t<\/article>\n\t\t\t\t<article class=\"elementor-post elementor-grid-item post-1104 product type-product status-publish has-post-thumbnail product_cat-lierre entry has-media  instock purchasable product-type-variable has-default-attributes has-product-nav col span_1_of_4 owp-content-center item-entry owp-thumbs-layout-horizontal owp-btn-normal owp-tabs-layout-section\">\n\t\t\t\t<a class=\"elementor-post__thumbnail__link\" href=\"https:\/\/www.hedera-etc.com\/de\/product\/hedera-helix-mount-vernon\/\" tabindex=\"-1\" target=\"&quot;_blank&quot;\">\n\t\t\t<div class=\"elementor-post__thumbnail\"><img loading=\"lazy\" decoding=\"async\" width=\"300\" height=\"225\" src=\"https:\/\/www.hedera-etc.com\/wp-content\/uploads\/2023\/10\/Hedera-helix-Mount-Vernon-300x225.webp\" class=\"attachment-medium size-medium wp-image-1105\" alt=\"Hedera helix &#039;Mount Vernon&#039;\" srcset=\"https:\/\/www.hedera-etc.com\/wp-content\/uploads\/2023\/10\/Hedera-helix-Mount-Vernon-300x225.webp 300w, https:\/\/www.hedera-etc.com\/wp-content\/uploads\/2023\/10\/Hedera-helix-Mount-Vernon-900x675.webp 900w, https:\/\/www.hedera-etc.com\/wp-content\/uploads\/2023\/10\/Hedera-helix-Mount-Vernon-768x576.webp 768w, https:\/\/www.hedera-etc.com\/wp-content\/uploads\/2023\/10\/Hedera-helix-Mount-Vernon.webp 1024w\" sizes=\"(max-width: 300px) 100vw, 300px\" \/><\/div>\n\t\t<\/a>\n\t\t\t\t<div class=\"elementor-post__text\">\n\t\t\t\t<h3 class=\"elementor-post__title\">\n\t\t\t<a href=\"https:\/\/www.hedera-etc.com\/de\/product\/hedera-helix-mount-vernon\/\" target=\"&quot;_blank&quot;\">\n\t\t\t\t<em>Hedera helix<\/em> &lsquo;Mount Vernon&rsquo; &#8211; Zier-Efeu\t\t\t<\/a>\n\t\t<\/h3>\n\t\t\t\t<div class=\"elementor-post__excerpt\">\n\t\t\t<p>Eine dem Typus nahe stehende Sorte, die sich in der kalten Jahreszeit durch ihre h\u00fcbsche Milchkaffee-F\u00e4rbung auszeichnet.<\/p> <p>Gedrungene Pflanze, wenig\t\t<\/div>\n\t\t\n\t\t<a class=\"elementor-post__read-more\" href=\"https:\/\/www.hedera-etc.com\/de\/product\/hedera-helix-mount-vernon\/\" aria-label=\"Mehr \u00fcber &lt;em&gt;Hedera helix&lt;\/em&gt; &lsquo;Mount Vernon&rsquo; &#8211; Lierre d&rsquo;ornement\" tabindex=\"-1\" target=\"_blank\">\n\t\t\tWeiterlesen \u00bb\t\t<\/a>\n\n\t\t\t\t<\/div>\n\t\t\t\t<\/article>\n\t\t\t\t<article class=\"elementor-post elementor-grid-item post-1111 product type-product status-publish has-post-thumbnail product_cat-lierre entry has-media  instock purchasable product-type-variable has-default-attributes has-product-nav col span_1_of_4 owp-content-center item-entry owp-thumbs-layout-horizontal owp-btn-normal owp-tabs-layout-section\">\n\t\t\t\t<a class=\"elementor-post__thumbnail__link\" href=\"https:\/\/www.hedera-etc.com\/de\/product\/hedera-helix-needlepoint\/\" tabindex=\"-1\" target=\"&quot;_blank&quot;\">\n\t\t\t<div class=\"elementor-post__thumbnail\"><img loading=\"lazy\" decoding=\"async\" width=\"300\" height=\"225\" src=\"https:\/\/www.hedera-etc.com\/wp-content\/uploads\/2023\/10\/Hedera-helix-Needlepoint-300x225.webp\" class=\"attachment-medium size-medium wp-image-1112\" alt=\"Hedera helix &#039;Needlepoint&#039;\" srcset=\"https:\/\/www.hedera-etc.com\/wp-content\/uploads\/2023\/10\/Hedera-helix-Needlepoint-300x225.webp 300w, https:\/\/www.hedera-etc.com\/wp-content\/uploads\/2023\/10\/Hedera-helix-Needlepoint-768x576.webp 768w, https:\/\/www.hedera-etc.com\/wp-content\/uploads\/2023\/10\/Hedera-helix-Needlepoint.webp 800w\" sizes=\"(max-width: 300px) 100vw, 300px\" \/><\/div>\n\t\t<\/a>\n\t\t\t\t<div class=\"elementor-post__text\">\n\t\t\t\t<h3 class=\"elementor-post__title\">\n\t\t\t<a href=\"https:\/\/www.hedera-etc.com\/de\/product\/hedera-helix-needlepoint\/\" target=\"&quot;_blank&quot;\">\n\t\t\t\t<em>Hedera helix<\/em> &lsquo;Needlepoint&rsquo; &#8211; Zier-Efeu\t\t\t<\/a>\n\t\t<\/h3>\n\t\t\t\t<div class=\"elementor-post__excerpt\">\n\t\t\t<p>Stark verzweigter Efeu mit d\u00fcnnen St\u00e4ngeln tr\u00e4gt viele kleine Bl\u00e4tter mit drei schmalen, spitzen Lappen.<\/p> <p>Verbleibende Bl\u00e4tter\t\t<\/div>\n\t\t\n\t\t<a class=\"elementor-post__read-more\" href=\"https:\/\/www.hedera-etc.com\/de\/product\/hedera-helix-needlepoint\/\" aria-label=\"Mehr \u00fcber &lt;em&gt;Hedera helix&lt;\/em&gt; &lsquo;Needlepoint&rsquo; &#8211; Lierre d&rsquo;ornement\" tabindex=\"-1\" target=\"_blank\">\n\t\t\tWeiterlesen \u00bb\t\t<\/a>\n\n\t\t\t\t<\/div>\n\t\t\t\t<\/article>\n\t\t\t\t<article class=\"elementor-post elementor-grid-item post-949 product type-product status-publish has-post-thumbnail product_cat-lierre entry has-media last instock purchasable product-type-variable has-default-attributes has-product-nav col span_1_of_4 owp-content-center item-entry owp-thumbs-layout-horizontal owp-btn-normal owp-tabs-layout-section\">\n\t\t\t\t<a class=\"elementor-post__thumbnail__link\" href=\"https:\/\/www.hedera-etc.com\/de\/product\/hedera-helix-little-diamond\/\" tabindex=\"-1\" target=\"&quot;_blank&quot;\">\n\t\t\t<div class=\"elementor-post__thumbnail\"><img loading=\"lazy\" decoding=\"async\" width=\"300\" height=\"225\" src=\"https:\/\/www.hedera-etc.com\/wp-content\/uploads\/2023\/10\/Hedera-helix-Little-Diamond-1-300x225.webp\" class=\"attachment-medium size-medium wp-image-10451\" alt=\"Hedera helix &#039;Little Diamond&#039;\" srcset=\"https:\/\/www.hedera-etc.com\/wp-content\/uploads\/2023\/10\/Hedera-helix-Little-Diamond-1-300x225.webp 300w, https:\/\/www.hedera-etc.com\/wp-content\/uploads\/2023\/10\/Hedera-helix-Little-Diamond-1-900x675.webp 900w, https:\/\/www.hedera-etc.com\/wp-content\/uploads\/2023\/10\/Hedera-helix-Little-Diamond-1-1024x768.webp 1024w, https:\/\/www.hedera-etc.com\/wp-content\/uploads\/2023\/10\/Hedera-helix-Little-Diamond-1-768x576.webp 768w, https:\/\/www.hedera-etc.com\/wp-content\/uploads\/2023\/10\/Hedera-helix-Little-Diamond-1-1536x1152.webp 1536w, https:\/\/www.hedera-etc.com\/wp-content\/uploads\/2023\/10\/Hedera-helix-Little-Diamond-1-1320x990.webp 1320w, https:\/\/www.hedera-etc.com\/wp-content\/uploads\/2023\/10\/Hedera-helix-Little-Diamond-1.webp 1600w\" sizes=\"(max-width: 300px) 100vw, 300px\" \/><\/div>\n\t\t<\/a>\n\t\t\t\t<div class=\"elementor-post__text\">\n\t\t\t\t<h3 class=\"elementor-post__title\">\n\t\t\t<a href=\"https:\/\/www.hedera-etc.com\/de\/product\/hedera-helix-little-diamond\/\" target=\"&quot;_blank&quot;\">\n\t\t\t\t<em>Hedera helix<\/em> &lsquo;Little Diamond&rsquo; &#8211; Zier-Efeu\t\t\t<\/a>\n\t\t<\/h3>\n\t\t\t\t<div class=\"elementor-post__excerpt\">\n\t\t\t<p>Bodendecker mit kleinen, rautenf\u00f6rmigen Bl\u00e4ttern. Dichtes, kompaktes Laub mit einem sch\u00f6nen silbrigen Licht.<\/p> <p>Das Blatt ist rhomboedrisch geformt. Blattspreite\t\t<\/div>\n\t\t\n\t\t<a class=\"elementor-post__read-more\" href=\"https:\/\/www.hedera-etc.com\/de\/product\/hedera-helix-little-diamond\/\" aria-label=\"Mehr \u00fcber &lt;em&gt;Hedera helix&lt;\/em&gt; &lsquo;Little Diamond&rsquo; &#8211; Lierre d&rsquo;ornement\" tabindex=\"-1\" target=\"_blank\">\n\t\t\tWeiterlesen \u00bb\t\t<\/a>\n\n\t\t\t\t<\/div>\n\t\t\t\t<\/article>\n\t\t\t\t<article class=\"elementor-post elementor-grid-item post-954 product type-product status-publish has-post-thumbnail product_cat-lierre entry has-media first instock purchasable product-type-variable has-default-attributes has-product-nav col span_1_of_4 owp-content-center item-entry owp-thumbs-layout-horizontal owp-btn-normal owp-tabs-layout-section\">\n\t\t\t\t<a class=\"elementor-post__thumbnail__link\" href=\"https:\/\/www.hedera-etc.com\/de\/product\/hedera-helix-little-luzii\/\" tabindex=\"-1\" target=\"&quot;_blank&quot;\">\n\t\t\t<div class=\"elementor-post__thumbnail\"><img loading=\"lazy\" decoding=\"async\" width=\"300\" height=\"224\" src=\"https:\/\/www.hedera-etc.com\/wp-content\/uploads\/2023\/10\/Hedera-helix-Luzii_4-300x224.webp\" class=\"attachment-medium size-medium wp-image-12274\" alt=\"Hedera helix &#039;Little Luzii&#039;\" srcset=\"https:\/\/www.hedera-etc.com\/wp-content\/uploads\/2023\/10\/Hedera-helix-Luzii_4-300x224.webp 300w, https:\/\/www.hedera-etc.com\/wp-content\/uploads\/2023\/10\/Hedera-helix-Luzii_4-900x673.webp 900w, https:\/\/www.hedera-etc.com\/wp-content\/uploads\/2023\/10\/Hedera-helix-Luzii_4-1024x765.webp 1024w, https:\/\/www.hedera-etc.com\/wp-content\/uploads\/2023\/10\/Hedera-helix-Luzii_4-768x574.webp 768w, https:\/\/www.hedera-etc.com\/wp-content\/uploads\/2023\/10\/Hedera-helix-Luzii_4-1536x1148.webp 1536w, https:\/\/www.hedera-etc.com\/wp-content\/uploads\/2023\/10\/Hedera-helix-Luzii_4-1320x987.webp 1320w, https:\/\/www.hedera-etc.com\/wp-content\/uploads\/2023\/10\/Hedera-helix-Luzii_4.webp 1600w\" sizes=\"(max-width: 300px) 100vw, 300px\" \/><\/div>\n\t\t<\/a>\n\t\t\t\t<div class=\"elementor-post__text\">\n\t\t\t\t<h3 class=\"elementor-post__title\">\n\t\t\t<a href=\"https:\/\/www.hedera-etc.com\/de\/product\/hedera-helix-little-luzii\/\" target=\"&quot;_blank&quot;\">\n\t\t\t\t<em>Hedera helix<\/em> &lsquo;Little Luzii&rsquo; &#8211; Zier-Efeu\t\t\t<\/a>\n\t\t<\/h3>\n\t\t\t\t<div class=\"elementor-post__excerpt\">\n\t\t\t<p>Sieht sehr \u00e4hnlich aus wie <a href=\"https:\/\/www.hedera-etc.com\/de\/product\/hedera-helix-luzii\/\" target=\"_blank\" rel=\"noopener\">Hedera helix \u2018Luzii<\/a>\u2018, aber in kompakterer Form.<\/p> <p>Kleinere Bl\u00e4tter, gr\u00fcn punktiert und\t\t<\/div>\n\t\t\n\t\t<a class=\"elementor-post__read-more\" href=\"https:\/\/www.hedera-etc.com\/de\/product\/hedera-helix-little-luzii\/\" aria-label=\"Mehr \u00fcber &lt;em&gt;Hedera helix&lt;\/em&gt; &lsquo;Little Luzii&rsquo; &#8211; Lierre d&rsquo;ornement\" tabindex=\"-1\" target=\"_blank\">\n\t\t\tWeiterlesen \u00bb\t\t<\/a>\n\n\t\t\t\t<\/div>\n\t\t\t\t<\/article>\n\t\t\t\t<article class=\"elementor-post elementor-grid-item post-959 product type-product status-publish has-post-thumbnail product_cat-lierre entry has-media  instock purchasable product-type-variable has-default-attributes has-product-nav col span_1_of_4 owp-content-center item-entry owp-thumbs-layout-horizontal owp-btn-normal owp-tabs-layout-section has-no-thumbnails\">\n\t\t\t\t<a class=\"elementor-post__thumbnail__link\" href=\"https:\/\/www.hedera-etc.com\/de\/product\/hedera-helix-liz\/\" tabindex=\"-1\" target=\"&quot;_blank&quot;\">\n\t\t\t<div class=\"elementor-post__thumbnail\"><img loading=\"lazy\" decoding=\"async\" width=\"274\" height=\"300\" src=\"https:\/\/www.hedera-etc.com\/wp-content\/uploads\/2023\/10\/Hedera-helix-Liz-274x300.webp\" class=\"attachment-medium size-medium wp-image-960\" alt=\"Hedera helix &#039;Liz&#039;\" srcset=\"https:\/\/www.hedera-etc.com\/wp-content\/uploads\/2023\/10\/Hedera-helix-Liz-274x300.webp 274w, https:\/\/www.hedera-etc.com\/wp-content\/uploads\/2023\/10\/Hedera-helix-Liz.webp 731w\" sizes=\"(max-width: 274px) 100vw, 274px\" \/><\/div>\n\t\t<\/a>\n\t\t\t\t<div class=\"elementor-post__text\">\n\t\t\t\t<h3 class=\"elementor-post__title\">\n\t\t\t<a href=\"https:\/\/www.hedera-etc.com\/de\/product\/hedera-helix-liz\/\" target=\"&quot;_blank&quot;\">\n\t\t\t\t<em>Hedera helix<\/em> &lsquo;Liz&rsquo; &#8211; Zier-Efeu\t\t\t<\/a>\n\t\t<\/h3>\n\t\t\t\t<div class=\"elementor-post__excerpt\">\n\t\t\t<p>Eine wenig verzweigte Sorte, die lange St\u00e4ngel mit eher schmalen, aus drei Lappen bestehenden Bl\u00e4ttern ausbildet.<\/p> <p>Limbus besprenkelt mit\t\t<\/div>\n\t\t\n\t\t<a class=\"elementor-post__read-more\" href=\"https:\/\/www.hedera-etc.com\/de\/product\/hedera-helix-liz\/\" aria-label=\"Mehr \u00fcber &lt;em&gt;Hedera helix&lt;\/em&gt; &lsquo;Liz&rsquo; &#8211; Lierre d&rsquo;ornement\" tabindex=\"-1\" target=\"_blank\">\n\t\t\tWeiterlesen \u00bb\t\t<\/a>\n\n\t\t\t\t<\/div>\n\t\t\t\t<\/article>\n\t\t\t\t<article class=\"elementor-post elementor-grid-item post-963 product type-product status-publish has-post-thumbnail product_cat-lierre entry has-media  instock purchasable product-type-variable has-default-attributes has-product-nav col span_1_of_4 owp-content-center item-entry owp-thumbs-layout-horizontal owp-btn-normal owp-tabs-layout-section\">\n\t\t\t\t<a class=\"elementor-post__thumbnail__link\" href=\"https:\/\/www.hedera-etc.com\/de\/product\/hedera-helix-lullingen\/\" tabindex=\"-1\" target=\"&quot;_blank&quot;\">\n\t\t\t<div class=\"elementor-post__thumbnail\"><img loading=\"lazy\" decoding=\"async\" width=\"300\" height=\"225\" src=\"https:\/\/www.hedera-etc.com\/wp-content\/uploads\/2023\/10\/Hedera-helix-Lullingen_2-1-300x225.webp\" class=\"attachment-medium size-medium wp-image-10020\" alt=\"Hedera helix &#039;Lullingen&#039;\" srcset=\"https:\/\/www.hedera-etc.com\/wp-content\/uploads\/2023\/10\/Hedera-helix-Lullingen_2-1-300x225.webp 300w, https:\/\/www.hedera-etc.com\/wp-content\/uploads\/2023\/10\/Hedera-helix-Lullingen_2-1-900x675.webp 900w, https:\/\/www.hedera-etc.com\/wp-content\/uploads\/2023\/10\/Hedera-helix-Lullingen_2-1-1024x768.webp 1024w, https:\/\/www.hedera-etc.com\/wp-content\/uploads\/2023\/10\/Hedera-helix-Lullingen_2-1-768x576.webp 768w, https:\/\/www.hedera-etc.com\/wp-content\/uploads\/2023\/10\/Hedera-helix-Lullingen_2-1-1536x1152.webp 1536w, https:\/\/www.hedera-etc.com\/wp-content\/uploads\/2023\/10\/Hedera-helix-Lullingen_2-1-1320x990.webp 1320w, https:\/\/www.hedera-etc.com\/wp-content\/uploads\/2023\/10\/Hedera-helix-Lullingen_2-1.webp 1600w\" sizes=\"(max-width: 300px) 100vw, 300px\" \/><\/div>\n\t\t<\/a>\n\t\t\t\t<div class=\"elementor-post__text\">\n\t\t\t\t<h3 class=\"elementor-post__title\">\n\t\t\t<a href=\"https:\/\/www.hedera-etc.com\/de\/product\/hedera-helix-lullingen\/\" target=\"&quot;_blank&quot;\">\n\t\t\t\t<em>Hedera helix<\/em> &lsquo;Lullingen&rsquo; &#8211; Zier-Efeu\t\t\t<\/a>\n\t\t<\/h3>\n\t\t\t\t<div class=\"elementor-post__excerpt\">\n\t\t\t<p>Hat die Besonderheit, dass die Lappen \u00e4hnlich gro\u00df sind, 5 an der Zahl, mit stumpfer Spitze und grob gez\u00e4hnt.<\/p>\t\t<\/div>\n\t\t\n\t\t<a class=\"elementor-post__read-more\" href=\"https:\/\/www.hedera-etc.com\/de\/product\/hedera-helix-lullingen\/\" aria-label=\"Mehr \u00fcber &lt;em&gt;Hedera helix&lt;\/em&gt; &lsquo;Lullingen&rsquo; &#8211; Lierre d&rsquo;ornement\" tabindex=\"-1\" target=\"_blank\">\n\t\t\tWeiterlesen \u00bb\t\t<\/a>\n\n\t\t\t\t<\/div>\n\t\t\t\t<\/article>\n\t\t\t\t<article class=\"elementor-post elementor-grid-item post-968 product type-product status-publish has-post-thumbnail product_cat-lierre entry has-media last instock purchasable product-type-variable has-default-attributes has-product-nav col span_1_of_4 owp-content-center item-entry owp-thumbs-layout-horizontal owp-btn-normal owp-tabs-layout-section has-no-thumbnails\">\n\t\t\t\t<a class=\"elementor-post__thumbnail__link\" href=\"https:\/\/www.hedera-etc.com\/de\/product\/hedera-helix-luminor\/\" tabindex=\"-1\" target=\"&quot;_blank&quot;\">\n\t\t\t<div class=\"elementor-post__thumbnail\"><img loading=\"lazy\" decoding=\"async\" width=\"300\" height=\"199\" src=\"https:\/\/www.hedera-etc.com\/wp-content\/uploads\/2023\/10\/Hedera-helix-Luminor-300x199.webp\" class=\"attachment-medium size-medium wp-image-969\" alt=\"Hedera helix &#039;Luminor&#039;\" srcset=\"https:\/\/www.hedera-etc.com\/wp-content\/uploads\/2023\/10\/Hedera-helix-Luminor-300x199.webp 300w, https:\/\/www.hedera-etc.com\/wp-content\/uploads\/2023\/10\/Hedera-helix-Luminor-900x598.webp 900w, https:\/\/www.hedera-etc.com\/wp-content\/uploads\/2023\/10\/Hedera-helix-Luminor-768x510.webp 768w, https:\/\/www.hedera-etc.com\/wp-content\/uploads\/2023\/10\/Hedera-helix-Luminor.webp 947w\" sizes=\"(max-width: 300px) 100vw, 300px\" \/><\/div>\n\t\t<\/a>\n\t\t\t\t<div class=\"elementor-post__text\">\n\t\t\t\t<h3 class=\"elementor-post__title\">\n\t\t\t<a href=\"https:\/\/www.hedera-etc.com\/de\/product\/hedera-helix-luminor\/\" target=\"&quot;_blank&quot;\">\n\t\t\t\t<em>Hedera helix<\/em> &lsquo;Luminor&rsquo; &#8211; Zier-Efeu\t\t\t<\/a>\n\t\t<\/h3>\n\t\t\t\t<div class=\"elementor-post__excerpt\">\n\t\t\t<p>Eine Sorte, die ihren Namen verdient, da ihre Anwesenheit den Garten erhellt.<\/p> <p>Hellgr\u00fcnes Winterlaub, das feine Adern durchscheinen l\u00e4sst\t\t<\/div>\n\t\t\n\t\t<a class=\"elementor-post__read-more\" href=\"https:\/\/www.hedera-etc.com\/de\/product\/hedera-helix-luminor\/\" aria-label=\"Mehr \u00fcber *Hedera helix* \u2018Luminor\u2019 \u2013 Zier-Efeu\" tabindex=\"-1\" target=\"_blank\">\n\t\t\tWeiterlesen \u00bb\t\t<\/a>\n\n\t\t\t\t<\/div>\n\t\t\t\t<\/article>\n\t\t\t\t<article class=\"elementor-post elementor-grid-item post-973 product type-product status-publish has-post-thumbnail product_cat-lierre entry has-media first instock purchasable product-type-variable has-default-attributes has-product-nav col span_1_of_4 owp-content-center item-entry owp-thumbs-layout-horizontal owp-btn-normal owp-tabs-layout-section\">\n\t\t\t\t<a class=\"elementor-post__thumbnail__link\" href=\"https:\/\/www.hedera-etc.com\/de\/product\/hedera-helix-luzii\/\" tabindex=\"-1\" target=\"&quot;_blank&quot;\">\n\t\t\t<div class=\"elementor-post__thumbnail\"><img loading=\"lazy\" decoding=\"async\" width=\"300\" height=\"225\" src=\"https:\/\/www.hedera-etc.com\/wp-content\/uploads\/2023\/10\/Hedera-helix-Luzii-300x225.webp\" class=\"attachment-medium size-medium wp-image-974\" alt=\"Hedera helix &#039;Luzii&#039;\" srcset=\"https:\/\/www.hedera-etc.com\/wp-content\/uploads\/2023\/10\/Hedera-helix-Luzii-300x225.webp 300w, https:\/\/www.hedera-etc.com\/wp-content\/uploads\/2023\/10\/Hedera-helix-Luzii-768x575.webp 768w, https:\/\/www.hedera-etc.com\/wp-content\/uploads\/2023\/10\/Hedera-helix-Luzii.webp 800w\" sizes=\"(max-width: 300px) 100vw, 300px\" \/><\/div>\n\t\t<\/a>\n\t\t\t\t<div class=\"elementor-post__text\">\n\t\t\t\t<h3 class=\"elementor-post__title\">\n\t\t\t<a href=\"https:\/\/www.hedera-etc.com\/de\/product\/hedera-helix-luzii\/\" target=\"&quot;_blank&quot;\">\n\t\t\t\t<em>Hedera helix<\/em> &lsquo;Luzii&rsquo; &#8211; Zier-Efeu\t\t\t<\/a>\n\t\t<\/h3>\n\t\t\t\t<div class=\"elementor-post__excerpt\">\n\t\t\t<p>Sehr kr\u00e4ftig, einj\u00e4hrige Triebe bis zu einem Meter lang, ziemlich verzweigt.<\/p> <p>Das Laub ist grau-gr\u00fcn-gelb gefleckt und\t\t<\/div>\n\t\t\n\t\t<a class=\"elementor-post__read-more\" href=\"https:\/\/www.hedera-etc.com\/de\/product\/hedera-helix-luzii\/\" aria-label=\"Mehr \u00fcber &lt;em&gt;Hedera helix&lt;\/em&gt; &lsquo;Luzii&rsquo; &#8211; Lierre d&rsquo;ornement\" tabindex=\"-1\" target=\"_blank\">\n\t\t\tWeiterlesen \u00bb\t\t<\/a>\n\n\t\t\t\t<\/div>\n\t\t\t\t<\/article>\n\t\t\t\t<article class=\"elementor-post elementor-grid-item post-979 product type-product status-publish has-post-thumbnail product_cat-lierre entry has-media  instock purchasable product-type-variable has-default-attributes has-product-nav col span_1_of_4 owp-content-center item-entry owp-thumbs-layout-horizontal owp-btn-normal owp-tabs-layout-section has-no-thumbnails\">\n\t\t\t\t<a class=\"elementor-post__thumbnail__link\" href=\"https:\/\/www.hedera-etc.com\/de\/product\/hedera-helix-magic\/\" tabindex=\"-1\" target=\"&quot;_blank&quot;\">\n\t\t\t<div class=\"elementor-post__thumbnail\"><img loading=\"lazy\" decoding=\"async\" width=\"300\" height=\"225\" src=\"https:\/\/www.hedera-etc.com\/wp-content\/uploads\/2023\/10\/Hedera-helix-Magic-300x225.webp\" class=\"attachment-medium size-medium wp-image-982\" alt=\"Hedera helix &#039;Magic&#039;\" srcset=\"https:\/\/www.hedera-etc.com\/wp-content\/uploads\/2023\/10\/Hedera-helix-Magic-300x225.webp 300w, https:\/\/www.hedera-etc.com\/wp-content\/uploads\/2023\/10\/Hedera-helix-Magic-900x675.webp 900w, https:\/\/www.hedera-etc.com\/wp-content\/uploads\/2023\/10\/Hedera-helix-Magic-768x576.webp 768w, https:\/\/www.hedera-etc.com\/wp-content\/uploads\/2023\/10\/Hedera-helix-Magic.webp 1024w\" sizes=\"(max-width: 300px) 100vw, 300px\" \/><\/div>\n\t\t<\/a>\n\t\t\t\t<div class=\"elementor-post__text\">\n\t\t\t\t<h3 class=\"elementor-post__title\">\n\t\t\t<a href=\"https:\/\/www.hedera-etc.com\/de\/product\/hedera-helix-magic\/\" target=\"&quot;_blank&quot;\">\n\t\t\t\t<em>Hedera helix<\/em> &lsquo;Magic&rsquo; &#8211; Zier-Efeu\t\t\t<\/a>\n\t\t<\/h3>\n\t\t\t\t<div class=\"elementor-post__excerpt\">\n\t\t\t<p>F\u00e4llt durch sein dunkelgr\u00fcnes Laub auf, das sch\u00f6ne graue Adern erkennen l\u00e4sst. Junge Triebe sind hellgr\u00fcn bis gelb.<\/p> <p>Bl\u00e4tter,\t\t<\/div>\n\t\t\n\t\t<a class=\"elementor-post__read-more\" href=\"https:\/\/www.hedera-etc.com\/de\/product\/hedera-helix-magic\/\" aria-label=\"Mehr \u00fcber *Hedera helix* \u2018Magic\u2019 \u2013 Zier-Efeu\" tabindex=\"-1\" target=\"_blank\">\n\t\t\tWeiterlesen \u00bb\t\t<\/a>\n\n\t\t\t\t<\/div>\n\t\t\t\t<\/article>\n\t\t\t\t<article class=\"elementor-post elementor-grid-item post-983 product type-product status-publish has-post-thumbnail product_cat-lierre entry has-media  instock purchasable product-type-variable has-default-attributes has-product-nav col span_1_of_4 owp-content-center item-entry owp-thumbs-layout-horizontal owp-btn-normal owp-tabs-layout-section\">\n\t\t\t\t<a class=\"elementor-post__thumbnail__link\" href=\"https:\/\/www.hedera-etc.com\/de\/product\/hedera-helix-malvern\/\" tabindex=\"-1\" target=\"&quot;_blank&quot;\">\n\t\t\t<div class=\"elementor-post__thumbnail\"><img loading=\"lazy\" decoding=\"async\" width=\"300\" height=\"225\" src=\"https:\/\/www.hedera-etc.com\/wp-content\/uploads\/2023\/10\/Hedera-helix-Malvern_3-300x225.webp\" class=\"attachment-medium size-medium wp-image-14416\" alt=\"Hedera helix &#039;Malvern&#039;\" srcset=\"https:\/\/www.hedera-etc.com\/wp-content\/uploads\/2023\/10\/Hedera-helix-Malvern_3-300x225.webp 300w, https:\/\/www.hedera-etc.com\/wp-content\/uploads\/2023\/10\/Hedera-helix-Malvern_3-768x576.webp 768w, https:\/\/www.hedera-etc.com\/wp-content\/uploads\/2023\/10\/Hedera-helix-Malvern_3.webp 900w\" sizes=\"(max-width: 300px) 100vw, 300px\" \/><\/div>\n\t\t<\/a>\n\t\t\t\t<div class=\"elementor-post__text\">\n\t\t\t\t<h3 class=\"elementor-post__title\">\n\t\t\t<a href=\"https:\/\/www.hedera-etc.com\/de\/product\/hedera-helix-malvern\/\" target=\"&quot;_blank&quot;\">\n\t\t\t\t<em>Hedera helix<\/em> &lsquo;Malvern&rsquo; &#8211; Zier-Efeu\t\t\t<\/a>\n\t\t<\/h3>\n\t\t\t\t<div class=\"elementor-post__excerpt\">\n\t\t\t<p>Verdankt seine Hauptattraktion seiner extremen Behaarung.<\/p> <p>Bl\u00e4tter bestehen aus 3 bis 5 spitzen Lappen. Blattrand\t\t<\/div>\n\t\t\n\t\t<a class=\"elementor-post__read-more\" href=\"https:\/\/www.hedera-etc.com\/de\/product\/hedera-helix-malvern\/\" aria-label=\"Mehr \u00fcber &lt;em&gt;Hedera helix&lt;\/em&gt; &lsquo;Malvern&rsquo; &#8211; Lierre d&rsquo;ornement\" tabindex=\"-1\" target=\"_blank\">\n\t\t\tWeiterlesen \u00bb\t\t<\/a>\n\n\t\t\t\t<\/div>\n\t\t\t\t<\/article>\n\t\t\t\t<article class=\"elementor-post elementor-grid-item post-989 product type-product status-publish has-post-thumbnail product_cat-lierre entry has-media last instock purchasable product-type-variable has-default-attributes has-product-nav col span_1_of_4 owp-content-center item-entry owp-thumbs-layout-horizontal owp-btn-normal owp-tabs-layout-section\">\n\t\t\t\t<a class=\"elementor-post__thumbnail__link\" href=\"https:\/\/www.hedera-etc.com\/de\/product\/hedera-helix-mandas-crested\/\" tabindex=\"-1\" target=\"&quot;_blank&quot;\">\n\t\t\t<div class=\"elementor-post__thumbnail\"><img loading=\"lazy\" decoding=\"async\" width=\"300\" height=\"225\" src=\"https:\/\/www.hedera-etc.com\/wp-content\/uploads\/2023\/10\/Hedera-helix-Mandas-Crested-300x225.webp\" class=\"attachment-medium size-medium wp-image-990\" alt=\"Hedera helix &#039;Manda&#039;s Crested&#039;\" srcset=\"https:\/\/www.hedera-etc.com\/wp-content\/uploads\/2023\/10\/Hedera-helix-Mandas-Crested-300x225.webp 300w, https:\/\/www.hedera-etc.com\/wp-content\/uploads\/2023\/10\/Hedera-helix-Mandas-Crested-768x576.webp 768w, https:\/\/www.hedera-etc.com\/wp-content\/uploads\/2023\/10\/Hedera-helix-Mandas-Crested.webp 839w\" sizes=\"(max-width: 300px) 100vw, 300px\" \/><\/div>\n\t\t<\/a>\n\t\t\t\t<div class=\"elementor-post__text\">\n\t\t\t\t<h3 class=\"elementor-post__title\">\n\t\t\t<a href=\"https:\/\/www.hedera-etc.com\/de\/product\/hedera-helix-mandas-crested\/\" target=\"&quot;_blank&quot;\">\n\t\t\t\t<em>Hedera helix<\/em> &lsquo;Manda&rsquo;s Crested&rsquo; &#8211; Zier-Efeu\t\t\t<\/a>\n\t\t<\/h3>\n\t\t\t\t<div class=\"elementor-post__excerpt\">\n\t\t\t<p>Selbstbefruchtend mit recht kurzen Internodien und stark rekursiv-welligem, f\u00fcnflappigem Laub.<\/p> <p>Stiel des Blattes scheint\t\t<\/div>\n\t\t\n\t\t<a class=\"elementor-post__read-more\" href=\"https:\/\/www.hedera-etc.com\/de\/product\/hedera-helix-mandas-crested\/\" aria-label=\"Mehr \u00fcber &lt;em&gt;Hedera helix&lt;\/em&gt; &lsquo;Manda&rsquo;s Crested&rsquo; &#8211; Lierre d&rsquo;ornement\" tabindex=\"-1\" target=\"_blank\">\n\t\t\tWeiterlesen \u00bb\t\t<\/a>\n\n\t\t\t\t<\/div>\n\t\t\t\t<\/article>\n\t\t\t\t<article class=\"elementor-post elementor-grid-item post-994 product type-product status-publish has-post-thumbnail product_cat-lierre entry has-media first instock purchasable product-type-variable has-default-attributes has-product-nav col span_1_of_4 owp-content-center item-entry owp-thumbs-layout-horizontal owp-btn-normal owp-tabs-layout-section\">\n\t\t\t\t<a class=\"elementor-post__thumbnail__link\" href=\"https:\/\/www.hedera-etc.com\/de\/product\/hedera-helix-mandas-fringette\/\" tabindex=\"-1\" target=\"&quot;_blank&quot;\">\n\t\t\t<div class=\"elementor-post__thumbnail\"><img loading=\"lazy\" decoding=\"async\" width=\"300\" height=\"225\" src=\"https:\/\/www.hedera-etc.com\/wp-content\/uploads\/2023\/10\/Hedera-helix-Mandas-Fringette-300x225.webp\" class=\"attachment-medium size-medium wp-image-995\" alt=\"Hedera helix &#039;Manda&#039;s Fringette&#039;\" srcset=\"https:\/\/www.hedera-etc.com\/wp-content\/uploads\/2023\/10\/Hedera-helix-Mandas-Fringette-300x225.webp 300w, https:\/\/www.hedera-etc.com\/wp-content\/uploads\/2023\/10\/Hedera-helix-Mandas-Fringette-900x675.webp 900w, https:\/\/www.hedera-etc.com\/wp-content\/uploads\/2023\/10\/Hedera-helix-Mandas-Fringette-768x576.webp 768w, https:\/\/www.hedera-etc.com\/wp-content\/uploads\/2023\/10\/Hedera-helix-Mandas-Fringette.webp 1024w\" sizes=\"(max-width: 300px) 100vw, 300px\" \/><\/div>\n\t\t<\/a>\n\t\t\t\t<div class=\"elementor-post__text\">\n\t\t\t\t<h3 class=\"elementor-post__title\">\n\t\t\t<a href=\"https:\/\/www.hedera-etc.com\/de\/product\/hedera-helix-mandas-fringette\/\" target=\"&quot;_blank&quot;\">\n\t\t\t\t<em>Hedera helix<\/em> &lsquo;Manda&rsquo;s Fringette&rsquo; &#8211; Zier-Efeu\t\t\t<\/a>\n\t\t<\/h3>\n\t\t\t\t<div class=\"elementor-post__excerpt\">\n\t\t\t<p>Sehr sch\u00f6ner Bodendecker, der in gro\u00dfen Massen eine sehr gute Wirkung hat. Die Bl\u00e4tter sind nach vorne gerichtet und zeigen ihre 3 Lappen, die f\u00fcr die\t\t<\/div>\n\t\t\n\t\t<a class=\"elementor-post__read-more\" href=\"https:\/\/www.hedera-etc.com\/de\/product\/hedera-helix-mandas-fringette\/\" aria-label=\"Mehr \u00fcber &lt;em&gt;Hedera helix&lt;\/em&gt; &lsquo;Manda&rsquo;s Fringette&rsquo; &#8211; Lierre d&rsquo;ornement\" tabindex=\"-1\" target=\"_blank\">\n\t\t\tWeiterlesen \u00bb\t\t<\/a>\n\n\t\t\t\t<\/div>\n\t\t\t\t<\/article>\n\t\t\t\t<article class=\"elementor-post elementor-grid-item post-1001 product type-product status-publish has-post-thumbnail product_cat-lierre entry has-media  instock purchasable product-type-variable has-default-attributes has-product-nav col span_1_of_4 owp-content-center item-entry owp-thumbs-layout-horizontal owp-btn-normal owp-tabs-layout-section\">\n\t\t\t\t<a class=\"elementor-post__thumbnail__link\" href=\"https:\/\/www.hedera-etc.com\/de\/product\/hedera-helix-maple-leaf\/\" tabindex=\"-1\" target=\"&quot;_blank&quot;\">\n\t\t\t<div class=\"elementor-post__thumbnail\"><img loading=\"lazy\" decoding=\"async\" width=\"300\" height=\"240\" src=\"https:\/\/www.hedera-etc.com\/wp-content\/uploads\/2023\/10\/Hedera-helix-Mapple-Leaf-300x240.webp\" class=\"attachment-medium size-medium wp-image-1002\" alt=\"Hedera helix &#039;Mapple Leaf&#039;\" srcset=\"https:\/\/www.hedera-etc.com\/wp-content\/uploads\/2023\/10\/Hedera-helix-Mapple-Leaf-300x240.webp 300w, https:\/\/www.hedera-etc.com\/wp-content\/uploads\/2023\/10\/Hedera-helix-Mapple-Leaf-768x614.webp 768w, https:\/\/www.hedera-etc.com\/wp-content\/uploads\/2023\/10\/Hedera-helix-Mapple-Leaf.webp 787w\" sizes=\"(max-width: 300px) 100vw, 300px\" \/><\/div>\n\t\t<\/a>\n\t\t\t\t<div class=\"elementor-post__text\">\n\t\t\t\t<h3 class=\"elementor-post__title\">\n\t\t\t<a href=\"https:\/\/www.hedera-etc.com\/de\/product\/hedera-helix-maple-leaf\/\" target=\"&quot;_blank&quot;\">\n\t\t\t\t<em>Hedera helix<\/em> &lsquo;Maple Leaf&rsquo; &#8211; Zier-Efeu\t\t\t<\/a>\n\t\t<\/h3>\n\t\t\t\t<div class=\"elementor-post__excerpt\">\n\t\t\t<p>Bl\u00e4tter, die Ahornbl\u00e4ttern \u00e4hneln, bestehend aus f\u00fcnf schmalen, langen, gez\u00e4hnten Lappen mit einem deutlichen Mittellappen\t\t<\/div>\n\t\t\n\t\t<a class=\"elementor-post__read-more\" href=\"https:\/\/www.hedera-etc.com\/de\/product\/hedera-helix-maple-leaf\/\" aria-label=\"Mehr \u00fcber &lt;em&gt;Hedera helix&lt;\/em&gt; &lsquo;Maple Leaf&rsquo; &#8211; Lierre d&rsquo;ornement\" tabindex=\"-1\" target=\"_blank\">\n\t\t\tWeiterlesen \u00bb\t\t<\/a>\n\n\t\t\t\t<\/div>\n\t\t\t\t<\/article>\n\t\t\t\t<article class=\"elementor-post elementor-grid-item post-1006 product type-product status-publish has-post-thumbnail product_cat-lierre entry has-media  instock purchasable product-type-variable has-default-attributes has-product-nav col span_1_of_4 owp-content-center item-entry owp-thumbs-layout-horizontal owp-btn-normal owp-tabs-layout-section\">\n\t\t\t\t<a class=\"elementor-post__thumbnail__link\" href=\"https:\/\/www.hedera-etc.com\/de\/product\/hedera-helix-marie-luise\/\" tabindex=\"-1\" target=\"&quot;_blank&quot;\">\n\t\t\t<div class=\"elementor-post__thumbnail\"><img loading=\"lazy\" decoding=\"async\" width=\"300\" height=\"225\" src=\"https:\/\/www.hedera-etc.com\/wp-content\/uploads\/2023\/10\/Hedera-helix-Marie-Luise_2_2-300x225.webp\" class=\"attachment-medium size-medium wp-image-14406\" alt=\"Hedera helix &#039;Marie Luise&#039;\" srcset=\"https:\/\/www.hedera-etc.com\/wp-content\/uploads\/2023\/10\/Hedera-helix-Marie-Luise_2_2-300x225.webp 300w, https:\/\/www.hedera-etc.com\/wp-content\/uploads\/2023\/10\/Hedera-helix-Marie-Luise_2_2-768x576.webp 768w, https:\/\/www.hedera-etc.com\/wp-content\/uploads\/2023\/10\/Hedera-helix-Marie-Luise_2_2.webp 900w\" sizes=\"(max-width: 300px) 100vw, 300px\" \/><\/div>\n\t\t<\/a>\n\t\t\t\t<div class=\"elementor-post__text\">\n\t\t\t\t<h3 class=\"elementor-post__title\">\n\t\t\t<a href=\"https:\/\/www.hedera-etc.com\/de\/product\/hedera-helix-marie-luise\/\" target=\"&quot;_blank&quot;\">\n\t\t\t\t<em>Hedera helix<\/em> &lsquo;Marie-Luise&rsquo; &#8211; Zier-Efeu\t\t\t<\/a>\n\t\t<\/h3>\n\t\t\t\t<div class=\"elementor-post__excerpt\">\n\t\t\t<p>Junge Triebe violett. Stiel gr\u00fcn, aber an der Basis purpurrot.<\/p> <p>Dunkelgr\u00fcne Bl\u00e4tter mit hellgr\u00fcnen Adern, sehr leuchtend, zusammengesetzt\t\t<\/div>\n\t\t\n\t\t<a class=\"elementor-post__read-more\" href=\"https:\/\/www.hedera-etc.com\/de\/product\/hedera-helix-marie-luise\/\" aria-label=\"Mehr \u00fcber &lt;em&gt;Hedera helix&lt;\/em&gt; &lsquo;Marie-Luise&rsquo; &#8211; Lierre d&rsquo;ornement\" tabindex=\"-1\" target=\"_blank\">\n\t\t\tWeiterlesen \u00bb\t\t<\/a>\n\n\t\t\t\t<\/div>\n\t\t\t\t<\/article>\n\t\t\t\t<article class=\"elementor-post elementor-grid-item post-1012 product type-product status-publish has-post-thumbnail product_cat-lierre entry has-media last instock purchasable product-type-variable has-default-attributes has-product-nav col span_1_of_4 owp-content-center item-entry owp-thumbs-layout-horizontal owp-btn-normal owp-tabs-layout-section has-no-thumbnails\">\n\t\t\t\t<a class=\"elementor-post__thumbnail__link\" href=\"https:\/\/www.hedera-etc.com\/de\/product\/hedera-helix-mario\/\" tabindex=\"-1\" target=\"&quot;_blank&quot;\">\n\t\t\t<div class=\"elementor-post__thumbnail\"><img loading=\"lazy\" decoding=\"async\" width=\"300\" height=\"225\" src=\"https:\/\/www.hedera-etc.com\/wp-content\/uploads\/2023\/10\/Hedera-helix-Mario-300x225.webp\" class=\"attachment-medium size-medium wp-image-1013\" alt=\"Hedera helix &#039;Mario&#039;\" srcset=\"https:\/\/www.hedera-etc.com\/wp-content\/uploads\/2023\/10\/Hedera-helix-Mario-300x225.webp 300w, https:\/\/www.hedera-etc.com\/wp-content\/uploads\/2023\/10\/Hedera-helix-Mario-900x675.webp 900w, https:\/\/www.hedera-etc.com\/wp-content\/uploads\/2023\/10\/Hedera-helix-Mario-768x576.webp 768w, https:\/\/www.hedera-etc.com\/wp-content\/uploads\/2023\/10\/Hedera-helix-Mario.webp 1024w\" sizes=\"(max-width: 300px) 100vw, 300px\" \/><\/div>\n\t\t<\/a>\n\t\t\t\t<div class=\"elementor-post__text\">\n\t\t\t\t<h3 class=\"elementor-post__title\">\n\t\t\t<a href=\"https:\/\/www.hedera-etc.com\/de\/product\/hedera-helix-mario\/\" target=\"&quot;_blank&quot;\">\n\t\t\t\t<em>Hedera helix<\/em> &lsquo;Mario&rsquo; &#8211; Zier-Efeu\t\t\t<\/a>\n\t\t<\/h3>\n\t\t\t\t<div class=\"elementor-post__excerpt\">\n\t\t\t<p>Kr\u00e4ftiger Efeu mit sehr dicken St\u00e4ngeln, die breite Bl\u00e4tter tragen.<\/p> <p>Gl\u00e4nzendes, dunkelgr\u00fcnes Laub mit stark gewellten R\u00e4ndern\t\t<\/div>\n\t\t\n\t\t<a class=\"elementor-post__read-more\" href=\"https:\/\/www.hedera-etc.com\/de\/product\/hedera-helix-mario\/\" aria-label=\"Mehr \u00fcber &lt;em&gt;Hedera helix&lt;\/em&gt; &lsquo;Mario&rsquo; &#8211; Lierre d&rsquo;ornement\" tabindex=\"-1\" target=\"_blank\">\n\t\t\tWeiterlesen \u00bb\t\t<\/a>\n\n\t\t\t\t<\/div>\n\t\t\t\t<\/article>\n\t\t\t\t<article class=\"elementor-post elementor-grid-item post-1017 product type-product status-publish has-post-thumbnail product_cat-lierre entry has-media first instock purchasable product-type-variable has-default-attributes has-product-nav col span_1_of_4 owp-content-center item-entry owp-thumbs-layout-horizontal owp-btn-normal owp-tabs-layout-section\">\n\t\t\t\t<a class=\"elementor-post__thumbnail__link\" href=\"https:\/\/www.hedera-etc.com\/de\/product\/hedera-helix-mariposa\/\" tabindex=\"-1\" target=\"&quot;_blank&quot;\">\n\t\t\t<div class=\"elementor-post__thumbnail\"><img loading=\"lazy\" decoding=\"async\" width=\"300\" height=\"225\" src=\"https:\/\/www.hedera-etc.com\/wp-content\/uploads\/2023\/10\/Hedera-helix-Mariposa_2_3-300x225.webp\" class=\"attachment-medium size-medium wp-image-9747\" alt=\"Hedera helix &#039;Mariposa&#039;\" srcset=\"https:\/\/www.hedera-etc.com\/wp-content\/uploads\/2023\/10\/Hedera-helix-Mariposa_2_3-300x225.webp 300w, https:\/\/www.hedera-etc.com\/wp-content\/uploads\/2023\/10\/Hedera-helix-Mariposa_2_3-900x675.webp 900w, https:\/\/www.hedera-etc.com\/wp-content\/uploads\/2023\/10\/Hedera-helix-Mariposa_2_3-1024x768.webp 1024w, https:\/\/www.hedera-etc.com\/wp-content\/uploads\/2023\/10\/Hedera-helix-Mariposa_2_3-768x576.webp 768w, https:\/\/www.hedera-etc.com\/wp-content\/uploads\/2023\/10\/Hedera-helix-Mariposa_2_3-1536x1152.webp 1536w, https:\/\/www.hedera-etc.com\/wp-content\/uploads\/2023\/10\/Hedera-helix-Mariposa_2_3-1320x990.webp 1320w, https:\/\/www.hedera-etc.com\/wp-content\/uploads\/2023\/10\/Hedera-helix-Mariposa_2_3.webp 1600w\" sizes=\"(max-width: 300px) 100vw, 300px\" \/><\/div>\n\t\t<\/a>\n\t\t\t\t<div class=\"elementor-post__text\">\n\t\t\t\t<h3 class=\"elementor-post__title\">\n\t\t\t<a href=\"https:\/\/www.hedera-etc.com\/de\/product\/hedera-helix-mariposa\/\" target=\"&quot;_blank&quot;\">\n\t\t\t\t<em>Hedera helix<\/em> &lsquo;Mariposa&rsquo; &#8211; Zier-Efeu\t\t\t<\/a>\n\t\t<\/h3>\n\t\t\t\t<div class=\"elementor-post__excerpt\">\n\t\t\t<p>Sorte mit atypischen Bl\u00e4ttern. Endlappen ist manchmal tief in zwei Teile geteilt, was dem Blatt das Aussehen verleiht\t\t<\/div>\n\t\t\n\t\t<a class=\"elementor-post__read-more\" href=\"https:\/\/www.hedera-etc.com\/de\/product\/hedera-helix-mariposa\/\" aria-label=\"Mehr \u00fcber &lt;em&gt;Hedera helix&lt;\/em&gt; &lsquo;Mariposa&rsquo; &#8211; Lierre d&rsquo;ornement\" tabindex=\"-1\" target=\"_blank\">\n\t\t\tWeiterlesen \u00bb\t\t<\/a>\n\n\t\t\t\t<\/div>\n\t\t\t\t<\/article>\n\t\t\t\t<article class=\"elementor-post elementor-grid-item post-1022 product type-product status-publish has-post-thumbnail product_cat-lierre entry has-media  instock purchasable product-type-variable has-default-attributes has-product-nav col span_1_of_4 owp-content-center item-entry owp-thumbs-layout-horizontal owp-btn-normal owp-tabs-layout-section\">\n\t\t\t\t<a class=\"elementor-post__thumbnail__link\" href=\"https:\/\/www.hedera-etc.com\/de\/product\/hedera-helix-mathilde\/\" tabindex=\"-1\" target=\"&quot;_blank&quot;\">\n\t\t\t<div class=\"elementor-post__thumbnail\"><img loading=\"lazy\" decoding=\"async\" width=\"300\" height=\"225\" src=\"https:\/\/www.hedera-etc.com\/wp-content\/uploads\/2023\/10\/Hedera-helix-Mathilde-300x225.webp\" class=\"attachment-medium size-medium wp-image-1023\" alt=\"Hedera helix &#039;Mathilde&#039;\" srcset=\"https:\/\/www.hedera-etc.com\/wp-content\/uploads\/2023\/10\/Hedera-helix-Mathilde-300x225.webp 300w, https:\/\/www.hedera-etc.com\/wp-content\/uploads\/2023\/10\/Hedera-helix-Mathilde-768x575.webp 768w, https:\/\/www.hedera-etc.com\/wp-content\/uploads\/2023\/10\/Hedera-helix-Mathilde.webp 800w\" sizes=\"(max-width: 300px) 100vw, 300px\" \/><\/div>\n\t\t<\/a>\n\t\t\t\t<div class=\"elementor-post__text\">\n\t\t\t\t<h3 class=\"elementor-post__title\">\n\t\t\t<a href=\"https:\/\/www.hedera-etc.com\/de\/product\/hedera-helix-mathilde\/\" target=\"&quot;_blank&quot;\">\n\t\t\t\t<em>Hedera helix<\/em> &lsquo;Mathilde&rsquo; &#8211; Zier-Efeu\t\t\t<\/a>\n\t\t<\/h3>\n\t\t\t\t<div class=\"elementor-post__excerpt\">\n\t\t\t<p>Bl\u00e4tter mit 3 bis 5 spitzen Lappen. Blattspreite mittelgr\u00fcn, graugr\u00fcn gefleckt und cremefarben gerandet.<\/p> <p>Panaschierung auf\t\t<\/div>\n\t\t\n\t\t<a class=\"elementor-post__read-more\" href=\"https:\/\/www.hedera-etc.com\/de\/product\/hedera-helix-mathilde\/\" aria-label=\"Mehr \u00fcber &lt;em&gt;Hedera helix&lt;\/em&gt; &lsquo;Mathilde&rsquo; &#8211; Lierre d&rsquo;ornement\" tabindex=\"-1\" target=\"_blank\">\n\t\t\tWeiterlesen \u00bb\t\t<\/a>\n\n\t\t\t\t<\/div>\n\t\t\t\t<\/article>\n\t\t\t\t<article class=\"elementor-post elementor-grid-item post-1283 product type-product status-publish has-post-thumbnail product_cat-lierre entry has-media  instock purchasable product-type-variable has-default-attributes has-product-nav col span_1_of_4 owp-content-center item-entry owp-thumbs-layout-horizontal owp-btn-normal owp-tabs-layout-section\">\n\t\t\t\t<a class=\"elementor-post__thumbnail__link\" href=\"https:\/\/www.hedera-etc.com\/de\/product\/hedera-helix-ritterkreuz\/\" tabindex=\"-1\" target=\"&quot;_blank&quot;\">\n\t\t\t<div class=\"elementor-post__thumbnail\"><img loading=\"lazy\" decoding=\"async\" width=\"300\" height=\"240\" src=\"https:\/\/www.hedera-etc.com\/wp-content\/uploads\/2023\/11\/Hedera-helix-Ritterkreuz-300x240.webp\" class=\"attachment-medium size-medium wp-image-1284\" alt=\"Hedera helix &#039;Ritterkreuz&#039;\" srcset=\"https:\/\/www.hedera-etc.com\/wp-content\/uploads\/2023\/11\/Hedera-helix-Ritterkreuz-300x240.webp 300w, https:\/\/www.hedera-etc.com\/wp-content\/uploads\/2023\/11\/Hedera-helix-Ritterkreuz-768x614.webp 768w, https:\/\/www.hedera-etc.com\/wp-content\/uploads\/2023\/11\/Hedera-helix-Ritterkreuz.webp 787w\" sizes=\"(max-width: 300px) 100vw, 300px\" \/><\/div>\n\t\t<\/a>\n\t\t\t\t<div class=\"elementor-post__text\">\n\t\t\t\t<h3 class=\"elementor-post__title\">\n\t\t\t<a href=\"https:\/\/www.hedera-etc.com\/de\/product\/hedera-helix-ritterkreuz\/\" target=\"&quot;_blank&quot;\">\n\t\t\t\t<em>Hedera helix<\/em> &lsquo;Ritterkreuz&rsquo; &#8211; Zier-Efeu\t\t\t<\/a>\n\t\t<\/h3>\n\t\t\t\t<div class=\"elementor-post__excerpt\">\n\t\t\t<p>Besondere Grafik mit einem Blatt mit spitzen Lappen, die ein wenig an das Malteserkreuz erinnern. Endlappen fast rhomboedrisch.<\/p> <p>Limbus\t\t<\/div>\n\t\t\n\t\t<a class=\"elementor-post__read-more\" href=\"https:\/\/www.hedera-etc.com\/de\/product\/hedera-helix-ritterkreuz\/\" aria-label=\"Mehr \u00fcber &lt;em&gt;Hedera helix&lt;\/em&gt; &lsquo;Ritterkreuz&rsquo; &#8211; Lierre d&rsquo;ornement\" tabindex=\"-1\" target=\"_blank\">\n\t\t\tWeiterlesen \u00bb\t\t<\/a>\n\n\t\t\t\t<\/div>\n\t\t\t\t<\/article>\n\t\t\t\t<article class=\"elementor-post elementor-grid-item post-1289 product type-product status-publish has-post-thumbnail product_cat-lierre entry has-media last instock purchasable product-type-variable has-default-attributes has-product-nav col span_1_of_4 owp-content-center item-entry owp-thumbs-layout-horizontal owp-btn-normal owp-tabs-layout-section has-no-thumbnails\">\n\t\t\t\t<a class=\"elementor-post__thumbnail__link\" href=\"https:\/\/www.hedera-etc.com\/de\/product\/hedera-helix-rochester\/\" tabindex=\"-1\" target=\"&quot;_blank&quot;\">\n\t\t\t<div class=\"elementor-post__thumbnail\"><img loading=\"lazy\" decoding=\"async\" width=\"300\" height=\"225\" src=\"https:\/\/www.hedera-etc.com\/wp-content\/uploads\/2023\/11\/Hedera-helix-Rochester-300x225.webp\" class=\"attachment-medium size-medium wp-image-1291\" alt=\"Hedera helix &#039;Rochester&#039;\" srcset=\"https:\/\/www.hedera-etc.com\/wp-content\/uploads\/2023\/11\/Hedera-helix-Rochester-300x225.webp 300w, https:\/\/www.hedera-etc.com\/wp-content\/uploads\/2023\/11\/Hedera-helix-Rochester-900x675.webp 900w, https:\/\/www.hedera-etc.com\/wp-content\/uploads\/2023\/11\/Hedera-helix-Rochester-768x576.webp 768w, https:\/\/www.hedera-etc.com\/wp-content\/uploads\/2023\/11\/Hedera-helix-Rochester.webp 1024w\" sizes=\"(max-width: 300px) 100vw, 300px\" \/><\/div>\n\t\t<\/a>\n\t\t\t\t<div class=\"elementor-post__text\">\n\t\t\t\t<h3 class=\"elementor-post__title\">\n\t\t\t<a href=\"https:\/\/www.hedera-etc.com\/de\/product\/hedera-helix-rochester\/\" target=\"&quot;_blank&quot;\">\n\t\t\t\t<em>Hedera helix<\/em> &lsquo;Rochester&rsquo; &#8211; Zier-Efeu\t\t\t<\/a>\n\t\t<\/h3>\n\t\t\t\t<div class=\"elementor-post__excerpt\">\n\t\t\t<p>Kompakter, sich selbst verzweigender Efeu mit eher niederem Wuchs.<\/p> <p>Bl\u00e4tter, klein, aus 3 Lappen bestehend, wobei die seitlichen Lappen nach oben zeigen.\t\t<\/div>\n\t\t\n\t\t<a class=\"elementor-post__read-more\" href=\"https:\/\/www.hedera-etc.com\/de\/product\/hedera-helix-rochester\/\" aria-label=\"Mehr \u00fcber &lt;em&gt;Hedera helix&lt;\/em&gt; &lsquo;Rochester&rsquo; &#8211; Lierre d&rsquo;ornement\" tabindex=\"-1\" target=\"_blank\">\n\t\t\tWeiterlesen \u00bb\t\t<\/a>\n\n\t\t\t\t<\/div>\n\t\t\t\t<\/article>\n\t\t\t\t<article class=\"elementor-post elementor-grid-item post-1296 product type-product status-publish has-post-thumbnail product_cat-lierre entry has-media first instock purchasable product-type-variable has-default-attributes has-product-nav col span_1_of_4 owp-content-center item-entry owp-thumbs-layout-horizontal owp-btn-normal owp-tabs-layout-section\">\n\t\t\t\t<a class=\"elementor-post__thumbnail__link\" href=\"https:\/\/www.hedera-etc.com\/de\/product\/hedera-helix-romanze\/\" tabindex=\"-1\" target=\"&quot;_blank&quot;\">\n\t\t\t<div class=\"elementor-post__thumbnail\"><img loading=\"lazy\" decoding=\"async\" width=\"300\" height=\"225\" src=\"https:\/\/www.hedera-etc.com\/wp-content\/uploads\/2023\/11\/Hedera-helix-Romanze_2-300x225.webp\" class=\"attachment-medium size-medium wp-image-1297\" alt=\"Hedera helix &#039;Romanze&#039;\" srcset=\"https:\/\/www.hedera-etc.com\/wp-content\/uploads\/2023\/11\/Hedera-helix-Romanze_2-300x225.webp 300w, https:\/\/www.hedera-etc.com\/wp-content\/uploads\/2023\/11\/Hedera-helix-Romanze_2-900x675.webp 900w, https:\/\/www.hedera-etc.com\/wp-content\/uploads\/2023\/11\/Hedera-helix-Romanze_2-768x576.webp 768w, https:\/\/www.hedera-etc.com\/wp-content\/uploads\/2023\/11\/Hedera-helix-Romanze_2.webp 1024w\" sizes=\"(max-width: 300px) 100vw, 300px\" \/><\/div>\n\t\t<\/a>\n\t\t\t\t<div class=\"elementor-post__text\">\n\t\t\t\t<h3 class=\"elementor-post__title\">\n\t\t\t<a href=\"https:\/\/www.hedera-etc.com\/de\/product\/hedera-helix-romanze\/\" target=\"&quot;_blank&quot;\">\n\t\t\t\t<em>Hedera helix<\/em> &lsquo;Romanze&rsquo; &#8211; Zier-Efeu\t\t\t<\/a>\n\t\t<\/h3>\n\t\t\t\t<div class=\"elementor-post__excerpt\">\n\t\t\t<p>Blassgr\u00fcnes bis dunkelgr\u00fcnes marmoriertes Laub. Gewellte und gelockte Bl\u00e4tter.<\/p> <p>St\u00e4ngel wenig verzweigt, mit kurzen Internodien. Wuchs eher\t\t<\/div>\n\t\t\n\t\t<a class=\"elementor-post__read-more\" href=\"https:\/\/www.hedera-etc.com\/de\/product\/hedera-helix-romanze\/\" aria-label=\"Mehr \u00fcber &lt;em&gt;Hedera helix&lt;\/em&gt; &lsquo;Romanze&rsquo; &#8211; Lierre d&rsquo;ornement\" tabindex=\"-1\" target=\"_blank\">\n\t\t\tWeiterlesen \u00bb\t\t<\/a>\n\n\t\t\t\t<\/div>\n\t\t\t\t<\/article>\n\t\t\t\t<article class=\"elementor-post elementor-grid-item post-1303 product type-product status-publish has-post-thumbnail product_cat-lierre entry has-media  instock purchasable product-type-variable has-default-attributes has-product-nav col span_1_of_4 owp-content-center item-entry owp-thumbs-layout-horizontal owp-btn-normal owp-tabs-layout-section has-no-thumbnails\">\n\t\t\t\t<a class=\"elementor-post__thumbnail__link\" href=\"https:\/\/www.hedera-etc.com\/de\/product\/hedera-helix-rouge-hivernal\/\" tabindex=\"-1\" target=\"&quot;_blank&quot;\">\n\t\t\t<div class=\"elementor-post__thumbnail\"><img loading=\"lazy\" decoding=\"async\" width=\"300\" height=\"230\" src=\"https:\/\/www.hedera-etc.com\/wp-content\/uploads\/2023\/11\/Hedera-helix-Rouge-Hivernal-300x230.webp\" class=\"attachment-medium size-medium wp-image-1304\" alt=\"Hedera helix &#039;Rouge Hivernal&#039;\" srcset=\"https:\/\/www.hedera-etc.com\/wp-content\/uploads\/2023\/11\/Hedera-helix-Rouge-Hivernal-300x230.webp 300w, https:\/\/www.hedera-etc.com\/wp-content\/uploads\/2023\/11\/Hedera-helix-Rouge-Hivernal-768x589.webp 768w, https:\/\/www.hedera-etc.com\/wp-content\/uploads\/2023\/11\/Hedera-helix-Rouge-Hivernal.webp 800w\" sizes=\"(max-width: 300px) 100vw, 300px\" \/><\/div>\n\t\t<\/a>\n\t\t\t\t<div class=\"elementor-post__text\">\n\t\t\t\t<h3 class=\"elementor-post__title\">\n\t\t\t<a href=\"https:\/\/www.hedera-etc.com\/de\/product\/hedera-helix-rouge-hivernal\/\" target=\"&quot;_blank&quot;\">\n\t\t\t\t<em>Hedera helix<\/em> &lsquo;Rouge Hivernal&rsquo; &#8211; Zier-Efeu\t\t\t<\/a>\n\t\t<\/h3>\n\t\t\t\t<div class=\"elementor-post__excerpt\">\n\t\t\t<p>Selektion nahe der Typusart, deren spezifisches Interesse aus der sch\u00f6nen bronzefarbenen F\u00e4rbung der Bl\u00e4tter im Winter bei Wetter resultiert\t\t<\/div>\n\t\t\n\t\t<a class=\"elementor-post__read-more\" href=\"https:\/\/www.hedera-etc.com\/de\/product\/hedera-helix-rouge-hivernal\/\" aria-label=\"Mehr \u00fcber &lt;em&gt;Hedera helix&lt;\/em&gt; &lsquo;Rouge Hivernal&rsquo; &#8211; Lierre d&rsquo;ornement\" tabindex=\"-1\" target=\"_blank\">\n\t\t\tWeiterlesen \u00bb\t\t<\/a>\n\n\t\t\t\t<\/div>\n\t\t\t\t<\/article>\n\t\t\t\t<article class=\"elementor-post elementor-grid-item post-1308 product type-product status-publish has-post-thumbnail product_cat-lierre entry has-media  instock purchasable product-type-variable has-default-attributes has-product-nav col span_1_of_4 owp-content-center item-entry owp-thumbs-layout-horizontal owp-btn-normal owp-tabs-layout-section\">\n\t\t\t\t<a class=\"elementor-post__thumbnail__link\" href=\"https:\/\/www.hedera-etc.com\/de\/product\/hedera-helix-rusche\/\" tabindex=\"-1\" target=\"&quot;_blank&quot;\">\n\t\t\t<div class=\"elementor-post__thumbnail\"><img loading=\"lazy\" decoding=\"async\" width=\"300\" height=\"225\" src=\"https:\/\/www.hedera-etc.com\/wp-content\/uploads\/2023\/11\/Hedera-helix-Rusche_2-300x225.webp\" class=\"attachment-medium size-medium wp-image-1309\" alt=\"Hedera helix &#039;Rusche&#039;\" srcset=\"https:\/\/www.hedera-etc.com\/wp-content\/uploads\/2023\/11\/Hedera-helix-Rusche_2-300x225.webp 300w, https:\/\/www.hedera-etc.com\/wp-content\/uploads\/2023\/11\/Hedera-helix-Rusche_2-900x675.webp 900w, https:\/\/www.hedera-etc.com\/wp-content\/uploads\/2023\/11\/Hedera-helix-Rusche_2-768x576.webp 768w, https:\/\/www.hedera-etc.com\/wp-content\/uploads\/2023\/11\/Hedera-helix-Rusche_2.webp 1024w\" sizes=\"(max-width: 300px) 100vw, 300px\" \/><\/div>\n\t\t<\/a>\n\t\t\t\t<div class=\"elementor-post__text\">\n\t\t\t\t<h3 class=\"elementor-post__title\">\n\t\t\t<a href=\"https:\/\/www.hedera-etc.com\/de\/product\/hedera-helix-rusche\/\" target=\"&quot;_blank&quot;\">\n\t\t\t\t<em>Hedera helix<\/em> &lsquo;R\u00fcsche&rsquo; &#8211; Zier-Efeu\t\t\t<\/a>\n\t\t<\/h3>\n\t\t\t\t<div class=\"elementor-post__excerpt\">\n\t\t\t<p>Kr\u00e4ftiger Efeu, der schnell w\u00e4chst.<\/p> <p>Blatt besteht meist aus 3 bis 5 asymmetrischen, stark gewellten, fast in sich gekehrten Lappen.\t\t<\/div>\n\t\t\n\t\t<a class=\"elementor-post__read-more\" href=\"https:\/\/www.hedera-etc.com\/de\/product\/hedera-helix-rusche\/\" aria-label=\"Mehr \u00fcber &lt;em&gt;Hedera helix&lt;\/em&gt; &lsquo;R\u00fcsche&rsquo; &#8211; Lierre d&rsquo;ornement\" tabindex=\"-1\" target=\"_blank\">\n\t\t\tWeiterlesen \u00bb\t\t<\/a>\n\n\t\t\t\t<\/div>\n\t\t\t\t<\/article>\n\t\t\t\t<article class=\"elementor-post elementor-grid-item post-1313 product type-product status-publish has-post-thumbnail product_cat-lierre entry has-media last instock purchasable product-type-variable has-default-attributes has-product-nav col span_1_of_4 owp-content-center item-entry owp-thumbs-layout-horizontal owp-btn-normal owp-tabs-layout-section\">\n\t\t\t\t<a class=\"elementor-post__thumbnail__link\" href=\"https:\/\/www.hedera-etc.com\/de\/product\/hedera-helix-russells-gold\/\" tabindex=\"-1\" target=\"&quot;_blank&quot;\">\n\t\t\t<div class=\"elementor-post__thumbnail\"><img loading=\"lazy\" decoding=\"async\" width=\"300\" height=\"225\" src=\"https:\/\/www.hedera-etc.com\/wp-content\/uploads\/2023\/11\/Hedera-helix-Russels-Gold-300x225.webp\" class=\"attachment-medium size-medium wp-image-14221\" alt=\"Hedera helix &#039;Russell&#039;s Gold&#039;\" srcset=\"https:\/\/www.hedera-etc.com\/wp-content\/uploads\/2023\/11\/Hedera-helix-Russels-Gold-300x225.webp 300w, https:\/\/www.hedera-etc.com\/wp-content\/uploads\/2023\/11\/Hedera-helix-Russels-Gold-900x674.webp 900w, https:\/\/www.hedera-etc.com\/wp-content\/uploads\/2023\/11\/Hedera-helix-Russels-Gold-768x575.webp 768w, https:\/\/www.hedera-etc.com\/wp-content\/uploads\/2023\/11\/Hedera-helix-Russels-Gold.webp 902w\" sizes=\"(max-width: 300px) 100vw, 300px\" \/><\/div>\n\t\t<\/a>\n\t\t\t\t<div class=\"elementor-post__text\">\n\t\t\t\t<h3 class=\"elementor-post__title\">\n\t\t\t<a href=\"https:\/\/www.hedera-etc.com\/de\/product\/hedera-helix-russells-gold\/\" target=\"&quot;_blank&quot;\">\n\t\t\t\t<em>Hedera helix<\/em> &lsquo;Russell&rsquo;s Gold&rsquo; &#8211; Zier-Efeu\t\t\t<\/a>\n\t\t<\/h3>\n\t\t\t\t<div class=\"elementor-post__excerpt\">\n\t\t\t<p>Interessant f\u00fcr seine jungen goldgelben bis hellgelben Triebe, die sich bei Reife dunkelgr\u00fcn f\u00e4rben.<\/p> <p>\u00c4hnlich wie \u2018Buttercup\u2019, mit\t\t<\/div>\n\t\t\n\t\t<a class=\"elementor-post__read-more\" href=\"https:\/\/www.hedera-etc.com\/de\/product\/hedera-helix-russells-gold\/\" aria-label=\"Mehr \u00fcber Hedera helix \u2018Russell\u2019s Gold\u2019 \u2013 Zier-Efeu\" tabindex=\"-1\" target=\"_blank\">\n\t\t\tWeiterlesen \u00bb\t\t<\/a>\n\n\t\t\t\t<\/div>\n\t\t\t\t<\/article>\n\t\t\t\t<article class=\"elementor-post elementor-grid-item post-1319 product type-product status-publish has-post-thumbnail product_cat-lierre entry has-media first instock purchasable product-type-variable has-default-attributes has-product-nav col span_1_of_4 owp-content-center item-entry owp-thumbs-layout-horizontal owp-btn-normal owp-tabs-layout-section\">\n\t\t\t\t<a class=\"elementor-post__thumbnail__link\" href=\"https:\/\/www.hedera-etc.com\/de\/product\/hedera-helix-sabine\/\" tabindex=\"-1\" target=\"&quot;_blank&quot;\">\n\t\t\t<div class=\"elementor-post__thumbnail\"><img loading=\"lazy\" decoding=\"async\" width=\"300\" height=\"224\" src=\"https:\/\/www.hedera-etc.com\/wp-content\/uploads\/2023\/11\/Hedera-helix-Sabine-300x224.webp\" class=\"attachment-medium size-medium wp-image-1320\" alt=\"Hedera helix &#039;Sabine&#039;\" srcset=\"https:\/\/www.hedera-etc.com\/wp-content\/uploads\/2023\/11\/Hedera-helix-Sabine-300x224.webp 300w, https:\/\/www.hedera-etc.com\/wp-content\/uploads\/2023\/11\/Hedera-helix-Sabine-768x574.webp 768w, https:\/\/www.hedera-etc.com\/wp-content\/uploads\/2023\/11\/Hedera-helix-Sabine.webp 800w\" sizes=\"(max-width: 300px) 100vw, 300px\" \/><\/div>\n\t\t<\/a>\n\t\t\t\t<div class=\"elementor-post__text\">\n\t\t\t\t<h3 class=\"elementor-post__title\">\n\t\t\t<a href=\"https:\/\/www.hedera-etc.com\/de\/product\/hedera-helix-sabine\/\" target=\"&quot;_blank&quot;\">\n\t\t\t\t<em>Hedera helix<\/em> &lsquo;Sabine&rsquo; &#8211; Zier-Efeu\t\t\t<\/a>\n\t\t<\/h3>\n\t\t\t\t<div class=\"elementor-post__excerpt\">\n\t\t\t<p>Polymorphe, mittelgr\u00fcne, gl\u00e4nzende Bl\u00e4tter.<\/p> <p>Bl\u00e4tter bestehen aus 3, 5 oder 7 Lappen, die f\u00e4cherf\u00f6rmig angeordnet, gewellt und nach oben gebogen sind.\t\t<\/div>\n\t\t\n\t\t<a class=\"elementor-post__read-more\" href=\"https:\/\/www.hedera-etc.com\/de\/product\/hedera-helix-sabine\/\" aria-label=\"Mehr \u00fcber &lt;em&gt;Hedera helix&lt;\/em&gt; &lsquo;Sabine&rsquo; &#8211; Lierre d&rsquo;ornement\" tabindex=\"-1\" target=\"_blank\">\n\t\t\tWeiterlesen \u00bb\t\t<\/a>\n\n\t\t\t\t<\/div>\n\t\t\t\t<\/article>\n\t\t\t\t<article class=\"elementor-post elementor-grid-item post-1116 product type-product status-publish has-post-thumbnail product_cat-lierre entry has-media  instock purchasable product-type-variable has-default-attributes has-product-nav col span_1_of_4 owp-content-center item-entry owp-thumbs-layout-horizontal owp-btn-normal owp-tabs-layout-section\">\n\t\t\t\t<a class=\"elementor-post__thumbnail__link\" href=\"https:\/\/www.hedera-etc.com\/de\/product\/hedera-helix-nena\/\" tabindex=\"-1\" target=\"&quot;_blank&quot;\">\n\t\t\t<div class=\"elementor-post__thumbnail\"><img loading=\"lazy\" decoding=\"async\" width=\"300\" height=\"225\" src=\"https:\/\/www.hedera-etc.com\/wp-content\/uploads\/2023\/10\/Hedera-helix-Nena_2-300x225.webp\" class=\"attachment-medium size-medium wp-image-1117\" alt=\"Hedera helix &#039;Nena&#039;\" srcset=\"https:\/\/www.hedera-etc.com\/wp-content\/uploads\/2023\/10\/Hedera-helix-Nena_2-300x225.webp 300w, https:\/\/www.hedera-etc.com\/wp-content\/uploads\/2023\/10\/Hedera-helix-Nena_2-768x575.webp 768w, https:\/\/www.hedera-etc.com\/wp-content\/uploads\/2023\/10\/Hedera-helix-Nena_2.webp 800w\" sizes=\"(max-width: 300px) 100vw, 300px\" \/><\/div>\n\t\t<\/a>\n\t\t\t\t<div class=\"elementor-post__text\">\n\t\t\t\t<h3 class=\"elementor-post__title\">\n\t\t\t<a href=\"https:\/\/www.hedera-etc.com\/de\/product\/hedera-helix-nena\/\" target=\"&quot;_blank&quot;\">\n\t\t\t\t<em>Hedera helix<\/em> &lsquo;Nena&rsquo; &#8211; Zier-Efeu\t\t\t<\/a>\n\t\t<\/h3>\n\t\t\t\t<div class=\"elementor-post__excerpt\">\n\t\t\t<p>F\u00e4cherf\u00f6rmige Bl\u00e4tter, die haupts\u00e4chlich aus 5 Lappen bestehen, zu denen manchmal noch 2 zus\u00e4tzliche Ohrlappen hinzukommen. R\u00f6tliche Blattstiele oft abgeflacht.<\/p> <p>Limbus\t\t<\/div>\n\t\t\n\t\t<a class=\"elementor-post__read-more\" href=\"https:\/\/www.hedera-etc.com\/de\/product\/hedera-helix-nena\/\" aria-label=\"Mehr \u00fcber &lt;em&gt;Hedera helix&lt;\/em&gt; &lsquo;Nena&rsquo; &#8211; Lierre d&rsquo;ornement\" tabindex=\"-1\" target=\"_blank\">\n\t\t\tWeiterlesen \u00bb\t\t<\/a>\n\n\t\t\t\t<\/div>\n\t\t\t\t<\/article>\n\t\t\t\t<article class=\"elementor-post elementor-grid-item post-1122 product type-product status-publish has-post-thumbnail product_cat-lierre entry has-media  instock purchasable product-type-variable has-default-attributes has-product-nav col span_1_of_4 owp-content-center item-entry owp-thumbs-layout-horizontal owp-btn-normal owp-tabs-layout-section\">\n\t\t\t\t<a class=\"elementor-post__thumbnail__link\" href=\"https:\/\/www.hedera-etc.com\/de\/product\/hedera-helix-nugget\/\" tabindex=\"-1\" target=\"&quot;_blank&quot;\">\n\t\t\t<div class=\"elementor-post__thumbnail\"><img loading=\"lazy\" decoding=\"async\" width=\"300\" height=\"288\" src=\"https:\/\/www.hedera-etc.com\/wp-content\/uploads\/2023\/10\/Hedera-helix-Nugget-300x288.webp\" class=\"attachment-medium size-medium wp-image-1123\" alt=\"Hedera helix &#039;Nugget&#039;\" srcset=\"https:\/\/www.hedera-etc.com\/wp-content\/uploads\/2023\/10\/Hedera-helix-Nugget-300x288.webp 300w, https:\/\/www.hedera-etc.com\/wp-content\/uploads\/2023\/10\/Hedera-helix-Nugget.webp 655w\" sizes=\"(max-width: 300px) 100vw, 300px\" \/><\/div>\n\t\t<\/a>\n\t\t\t\t<div class=\"elementor-post__text\">\n\t\t\t\t<h3 class=\"elementor-post__title\">\n\t\t\t<a href=\"https:\/\/www.hedera-etc.com\/de\/product\/hedera-helix-nugget\/\" target=\"&quot;_blank&quot;\">\n\t\t\t\t<em>Hedera helix<\/em> &lsquo;Nugget&rsquo; &#8211; Zier-Efeu\t\t\t<\/a>\n\t\t<\/h3>\n\t\t\t\t<div class=\"elementor-post__excerpt\">\n\t\t\t<p>Kletternder, wenig verzweigter Efeu mit kleinen, d\u00fcnnen, dreilappigen Bl\u00e4ttern, die in der Mitte des Blattes einen hellgelben Fleck tragen.\t\t<\/div>\n\t\t\n\t\t<a class=\"elementor-post__read-more\" href=\"https:\/\/www.hedera-etc.com\/de\/product\/hedera-helix-nugget\/\" aria-label=\"Mehr \u00fcber &lt;em&gt;Hedera helix&lt;\/em&gt; &lsquo;Nugget&rsquo; &#8211; Lierre d&rsquo;ornement\" tabindex=\"-1\" target=\"_blank\">\n\t\t\tWeiterlesen \u00bb\t\t<\/a>\n\n\t\t\t\t<\/div>\n\t\t\t\t<\/article>\n\t\t\t\t<article class=\"elementor-post elementor-grid-item post-1127 product type-product status-publish has-post-thumbnail product_cat-lierre entry has-media last instock purchasable product-type-variable has-default-attributes has-product-nav col span_1_of_4 owp-content-center item-entry owp-thumbs-layout-horizontal owp-btn-normal owp-tabs-layout-section\">\n\t\t\t\t<a class=\"elementor-post__thumbnail__link\" href=\"https:\/\/www.hedera-etc.com\/de\/product\/hedera-helix-obelix\/\" tabindex=\"-1\" target=\"&quot;_blank&quot;\">\n\t\t\t<div class=\"elementor-post__thumbnail\"><img loading=\"lazy\" decoding=\"async\" width=\"300\" height=\"225\" src=\"https:\/\/www.hedera-etc.com\/wp-content\/uploads\/2023\/10\/Hedera-helix-Obelix-300x225.webp\" class=\"attachment-medium size-medium wp-image-1128\" alt=\"Hedera helix &#039;Obelix&#039;\" srcset=\"https:\/\/www.hedera-etc.com\/wp-content\/uploads\/2023\/10\/Hedera-helix-Obelix-300x225.webp 300w, https:\/\/www.hedera-etc.com\/wp-content\/uploads\/2023\/10\/Hedera-helix-Obelix-768x575.webp 768w, https:\/\/www.hedera-etc.com\/wp-content\/uploads\/2023\/10\/Hedera-helix-Obelix.jpg 800w\" sizes=\"(max-width: 300px) 100vw, 300px\" \/><\/div>\n\t\t<\/a>\n\t\t\t\t<div class=\"elementor-post__text\">\n\t\t\t\t<h3 class=\"elementor-post__title\">\n\t\t\t<a href=\"https:\/\/www.hedera-etc.com\/de\/product\/hedera-helix-obelix\/\" target=\"&quot;_blank&quot;\">\n\t\t\t\t<em>Hedera helix<\/em> &lsquo;Obelix&rsquo; &#8211; Zier-Efeu\t\t\t<\/a>\n\t\t<\/h3>\n\t\t\t\t<div class=\"elementor-post__excerpt\">\n\t\t\t<p>Ziemlich imposantes Laub mit gut sichtbaren, erhabenen Adern.<\/p> <p>Hell- bis mittelgr\u00fcne, gedrehte, spitz zulaufende Lobi\t\t<\/div>\n\t\t\n\t\t<a class=\"elementor-post__read-more\" href=\"https:\/\/www.hedera-etc.com\/de\/product\/hedera-helix-obelix\/\" aria-label=\"Mehr \u00fcber &lt;em&gt;Hedera helix&lt;\/em&gt; &lsquo;Obelix&rsquo; &#8211; Lierre d&rsquo;ornement\" tabindex=\"-1\" target=\"_blank\">\n\t\t\tWeiterlesen \u00bb\t\t<\/a>\n\n\t\t\t\t<\/div>\n\t\t\t\t<\/article>\n\t\t\t\t<article class=\"elementor-post elementor-grid-item post-1134 product type-product status-publish has-post-thumbnail product_cat-lierre entry has-media first instock purchasable product-type-variable has-default-attributes has-product-nav col span_1_of_4 owp-content-center item-entry owp-thumbs-layout-horizontal owp-btn-normal owp-tabs-layout-section\">\n\t\t\t\t<a class=\"elementor-post__thumbnail__link\" href=\"https:\/\/www.hedera-etc.com\/de\/product\/hedera-helix-odin\/\" tabindex=\"-1\" target=\"&quot;_blank&quot;\">\n\t\t\t<div class=\"elementor-post__thumbnail\"><img loading=\"lazy\" decoding=\"async\" width=\"300\" height=\"225\" src=\"https:\/\/www.hedera-etc.com\/wp-content\/uploads\/2023\/10\/Hedera-helix-Odin_2-300x225.webp\" class=\"attachment-medium size-medium wp-image-1135\" alt=\"Hedera helix &#039;Odin&#039;\" srcset=\"https:\/\/www.hedera-etc.com\/wp-content\/uploads\/2023\/10\/Hedera-helix-Odin_2-300x225.webp 300w, https:\/\/www.hedera-etc.com\/wp-content\/uploads\/2023\/10\/Hedera-helix-Odin_2-900x675.webp 900w, https:\/\/www.hedera-etc.com\/wp-content\/uploads\/2023\/10\/Hedera-helix-Odin_2-768x576.webp 768w, https:\/\/www.hedera-etc.com\/wp-content\/uploads\/2023\/10\/Hedera-helix-Odin_2.webp 1024w\" sizes=\"(max-width: 300px) 100vw, 300px\" \/><\/div>\n\t\t<\/a>\n\t\t\t\t<div class=\"elementor-post__text\">\n\t\t\t\t<h3 class=\"elementor-post__title\">\n\t\t\t<a href=\"https:\/\/www.hedera-etc.com\/de\/product\/hedera-helix-odin\/\" target=\"&quot;_blank&quot;\">\n\t\t\t\t<em>Hedera helix<\/em> &lsquo;Odin&rsquo; &#8211; Zier-Efeu\t\t\t<\/a>\n\t\t<\/h3>\n\t\t\t\t<div class=\"elementor-post__excerpt\">\n\t\t\t<p>Asymmetrisches Laub mit wenig ausgepr\u00e4gten Lappen.<\/p> <p>Gl\u00e4nzend gr\u00fcne Blattspreite mit einer leichten cremefarbenen Panaschierung, die ihr eine zus\u00e4tzliche Seele verleiht.<\/p>\t\t<\/div>\n\t\t\n\t\t<a class=\"elementor-post__read-more\" href=\"https:\/\/www.hedera-etc.com\/de\/product\/hedera-helix-odin\/\" aria-label=\"Mehr \u00fcber &lt;em&gt;Hedera helix&lt;\/em&gt; &lsquo;Odin&rsquo; &#8211; Lierre d&rsquo;ornement\" tabindex=\"-1\" target=\"_blank\">\n\t\t\tWeiterlesen \u00bb\t\t<\/a>\n\n\t\t\t\t<\/div>\n\t\t\t\t<\/article>\n\t\t\t\t<article class=\"elementor-post elementor-grid-item post-1141 product type-product status-publish has-post-thumbnail product_cat-lierre entry has-media  instock purchasable product-type-variable has-default-attributes has-product-nav col span_1_of_4 owp-content-center item-entry owp-thumbs-layout-horizontal owp-btn-normal owp-tabs-layout-section\">\n\t\t\t\t<a class=\"elementor-post__thumbnail__link\" href=\"https:\/\/www.hedera-etc.com\/de\/product\/hedera-helix-olive-rose\/\" tabindex=\"-1\" target=\"&quot;_blank&quot;\">\n\t\t\t<div class=\"elementor-post__thumbnail\"><img loading=\"lazy\" decoding=\"async\" width=\"300\" height=\"225\" src=\"https:\/\/www.hedera-etc.com\/wp-content\/uploads\/2023\/10\/Hedera-helix-Olive-rose-300x225.webp\" class=\"attachment-medium size-medium wp-image-1142\" alt=\"Hedera helix &#039;Olive rose&#039;\" srcset=\"https:\/\/www.hedera-etc.com\/wp-content\/uploads\/2023\/10\/Hedera-helix-Olive-rose-300x225.webp 300w, https:\/\/www.hedera-etc.com\/wp-content\/uploads\/2023\/10\/Hedera-helix-Olive-rose-900x675.webp 900w, https:\/\/www.hedera-etc.com\/wp-content\/uploads\/2023\/10\/Hedera-helix-Olive-rose-768x576.webp 768w, https:\/\/www.hedera-etc.com\/wp-content\/uploads\/2023\/10\/Hedera-helix-Olive-rose.webp 1024w\" sizes=\"(max-width: 300px) 100vw, 300px\" \/><\/div>\n\t\t<\/a>\n\t\t\t\t<div class=\"elementor-post__text\">\n\t\t\t\t<h3 class=\"elementor-post__title\">\n\t\t\t<a href=\"https:\/\/www.hedera-etc.com\/de\/product\/hedera-helix-olive-rose\/\" target=\"&quot;_blank&quot;\">\n\t\t\t\t<em>Hedera helix<\/em> &lsquo;Olive rose&rsquo; &#8211; Zier-Efeu\t\t\t<\/a>\n\t\t<\/h3>\n\t\t\t\t<div class=\"elementor-post__excerpt\">\n\t\t\t<p>Die Bl\u00e4tter bestehen aus 3 abgerundeten Lappen, sind ziemlich imposant, mehr oder weniger gepr\u00e4gt und haben einen sehr sch\u00f6nen Effekt. Dunkelolivgr\u00fcne Blattspreite\t\t<\/div>\n\t\t\n\t\t<a class=\"elementor-post__read-more\" href=\"https:\/\/www.hedera-etc.com\/de\/product\/hedera-helix-olive-rose\/\" aria-label=\"Mehr \u00fcber &lt;em&gt;Hedera helix&lt;\/em&gt; &lsquo;Olive rose&rsquo; &#8211; Lierre d&rsquo;ornement\" tabindex=\"-1\" target=\"_blank\">\n\t\t\tWeiterlesen \u00bb\t\t<\/a>\n\n\t\t\t\t<\/div>\n\t\t\t\t<\/article>\n\t\t\t\t<article class=\"elementor-post elementor-grid-item post-1146 product type-product status-publish has-post-thumbnail product_cat-lierre entry has-media  instock purchasable product-type-variable has-default-attributes has-product-nav col span_1_of_4 owp-content-center item-entry owp-thumbs-layout-horizontal owp-btn-normal owp-tabs-layout-section has-no-thumbnails\">\n\t\t\t\t<a class=\"elementor-post__thumbnail__link\" href=\"https:\/\/www.hedera-etc.com\/de\/product\/hedera-helix-ovata\/\" tabindex=\"-1\" target=\"&quot;_blank&quot;\">\n\t\t\t<div class=\"elementor-post__thumbnail\"><img loading=\"lazy\" decoding=\"async\" width=\"273\" height=\"300\" src=\"https:\/\/www.hedera-etc.com\/wp-content\/uploads\/2023\/10\/Hedera-helix-Ovata-273x300.webp\" class=\"attachment-medium size-medium wp-image-1147\" alt=\"Hedera helix &#039;Ovata&#039;\" srcset=\"https:\/\/www.hedera-etc.com\/wp-content\/uploads\/2023\/10\/Hedera-helix-Ovata-273x300.webp 273w, https:\/\/www.hedera-etc.com\/wp-content\/uploads\/2023\/10\/Hedera-helix-Ovata.webp 545w\" sizes=\"(max-width: 273px) 100vw, 273px\" \/><\/div>\n\t\t<\/a>\n\t\t\t\t<div class=\"elementor-post__text\">\n\t\t\t\t<h3 class=\"elementor-post__title\">\n\t\t\t<a href=\"https:\/\/www.hedera-etc.com\/de\/product\/hedera-helix-ovata\/\" target=\"&quot;_blank&quot;\">\n\t\t\t\t<em>Hedera helix<\/em> &lsquo;Ovata&rsquo; &#8211; Zier-Efeu\t\t\t<\/a>\n\t\t<\/h3>\n\t\t\t\t<div class=\"elementor-post__excerpt\">\n\t\t\t<p>Petites feuilles en forme de c\u0153ur vert fonc\u00e9. Tiges raides. Tout comme une version r\u00e9duite de Hedera hibernica \u2018&lt;a href=&quot;https:\/\/www.hedera-etc.com\/product\/hedera-hibernica-deltoidea\/&quot;\t\t<\/div>\n\t\t\n\t\t<a class=\"elementor-post__read-more\" href=\"https:\/\/www.hedera-etc.com\/de\/product\/hedera-helix-ovata\/\" aria-label=\"Mehr \u00fcber &lt;em&gt;Hedera helix&lt;\/em&gt; &lsquo;Ovata&rsquo; &#8211; Lierre d&rsquo;ornement\" tabindex=\"-1\" target=\"_blank\">\n\t\t\tWeiterlesen \u00bb\t\t<\/a>\n\n\t\t\t\t<\/div>\n\t\t\t\t<\/article>\n\t\t\t\t<article class=\"elementor-post elementor-grid-item post-1152 product type-product status-publish has-post-thumbnail product_cat-lierre entry has-media last instock purchasable product-type-variable has-default-attributes has-product-nav col span_1_of_4 owp-content-center item-entry owp-thumbs-layout-horizontal owp-btn-normal owp-tabs-layout-section\">\n\t\t\t\t<a class=\"elementor-post__thumbnail__link\" href=\"https:\/\/www.hedera-etc.com\/de\/product\/hedera-helix-palmata\/\" tabindex=\"-1\" target=\"&quot;_blank&quot;\">\n\t\t\t<div class=\"elementor-post__thumbnail\"><img loading=\"lazy\" decoding=\"async\" width=\"300\" height=\"225\" src=\"https:\/\/www.hedera-etc.com\/wp-content\/uploads\/2023\/10\/Hedera-helix-Palmata-300x225.webp\" class=\"attachment-medium size-medium wp-image-1153\" alt=\"Hedera helix &#039;Palmata&#039;\" srcset=\"https:\/\/www.hedera-etc.com\/wp-content\/uploads\/2023\/10\/Hedera-helix-Palmata-300x225.webp 300w, https:\/\/www.hedera-etc.com\/wp-content\/uploads\/2023\/10\/Hedera-helix-Palmata-768x576.webp 768w, https:\/\/www.hedera-etc.com\/wp-content\/uploads\/2023\/10\/Hedera-helix-Palmata.webp 839w\" sizes=\"(max-width: 300px) 100vw, 300px\" \/><\/div>\n\t\t<\/a>\n\t\t\t\t<div class=\"elementor-post__text\">\n\t\t\t\t<h3 class=\"elementor-post__title\">\n\t\t\t<a href=\"https:\/\/www.hedera-etc.com\/de\/product\/hedera-helix-palmata\/\" target=\"&quot;_blank&quot;\">\n\t\t\t\t<em>Hedera helix<\/em> &lsquo;Palmata&rsquo; &#8211; Zier-Efeu\t\t\t<\/a>\n\t\t<\/h3>\n\t\t\t\t<div class=\"elementor-post__excerpt\">\n\t\t\t<p>Die Bl\u00e4tter sind f\u00e4cherf\u00f6rmig angeordnet. Bl\u00e4tter bestehen aus 3 bis 5 Lappen mit keilf\u00f6rmigen Umrissen. Matt dunkelgr\u00fcne, gut gerippte Blattspreite, die sich\t\t<\/div>\n\t\t\n\t\t<a class=\"elementor-post__read-more\" href=\"https:\/\/www.hedera-etc.com\/de\/product\/hedera-helix-palmata\/\" aria-label=\"Mehr \u00fcber &lt;em&gt;Hedera helix&lt;\/em&gt; &lsquo;Palmata&rsquo; &#8211; Lierre d&rsquo;ornement\" tabindex=\"-1\" target=\"_blank\">\n\t\t\tWeiterlesen \u00bb\t\t<\/a>\n\n\t\t\t\t<\/div>\n\t\t\t\t<\/article>\n\t\t\t\t<article class=\"elementor-post elementor-grid-item post-1157 product type-product status-publish has-post-thumbnail product_cat-lierre entry has-media first instock purchasable product-type-variable has-default-attributes has-product-nav col span_1_of_4 owp-content-center item-entry owp-thumbs-layout-horizontal owp-btn-normal owp-tabs-layout-section\">\n\t\t\t\t<a class=\"elementor-post__thumbnail__link\" href=\"https:\/\/www.hedera-etc.com\/de\/product\/hedera-helix-pamela\/\" tabindex=\"-1\" target=\"&quot;_blank&quot;\">\n\t\t\t<div class=\"elementor-post__thumbnail\"><img loading=\"lazy\" decoding=\"async\" width=\"300\" height=\"251\" src=\"https:\/\/www.hedera-etc.com\/wp-content\/uploads\/2023\/10\/Hedera-helix-Pamela-300x251.webp\" class=\"attachment-medium size-medium wp-image-1158\" alt=\"Hedera helix &#039;Pamela&#039;\" srcset=\"https:\/\/www.hedera-etc.com\/wp-content\/uploads\/2023\/10\/Hedera-helix-Pamela-300x251.webp 300w, https:\/\/www.hedera-etc.com\/wp-content\/uploads\/2023\/10\/Hedera-helix-Pamela-768x642.webp 768w, https:\/\/www.hedera-etc.com\/wp-content\/uploads\/2023\/10\/Hedera-helix-Pamela.webp 842w\" sizes=\"(max-width: 300px) 100vw, 300px\" \/><\/div>\n\t\t<\/a>\n\t\t\t\t<div class=\"elementor-post__text\">\n\t\t\t\t<h3 class=\"elementor-post__title\">\n\t\t\t<a href=\"https:\/\/www.hedera-etc.com\/de\/product\/hedera-helix-pamela\/\" target=\"&quot;_blank&quot;\">\n\t\t\t\t<em>Hedera helix<\/em> &lsquo;Pamela&rsquo; &#8211; Zier-Efeu\t\t\t<\/a>\n\t\t<\/h3>\n\t\t\t\t<div class=\"elementor-post__excerpt\">\n\t\t\t<p>Jugendliches Blatt herzf\u00f6rmig, mit kleinen Spitzen an den Enden der Lappen, Reife Bl\u00e4tter 3-lappig.<\/p> <p>Leuchtend gelblich-gr\u00fcne Blattspreite\t\t<\/div>\n\t\t\n\t\t<a class=\"elementor-post__read-more\" href=\"https:\/\/www.hedera-etc.com\/de\/product\/hedera-helix-pamela\/\" aria-label=\"Mehr \u00fcber &lt;em&gt;Hedera helix&lt;\/em&gt; &lsquo;Pamela&rsquo; &#8211; Lierre d&rsquo;ornement\" tabindex=\"-1\" target=\"_blank\">\n\t\t\tWeiterlesen \u00bb\t\t<\/a>\n\n\t\t\t\t<\/div>\n\t\t\t\t<\/article>\n\t\t\t\t<article class=\"elementor-post elementor-grid-item post-1163 product type-product status-publish has-post-thumbnail product_cat-lierre entry has-media  instock purchasable product-type-variable has-default-attributes has-product-nav col span_1_of_4 owp-content-center item-entry owp-thumbs-layout-horizontal owp-btn-normal owp-tabs-layout-section\">\n\t\t\t\t<a class=\"elementor-post__thumbnail__link\" href=\"https:\/\/www.hedera-etc.com\/de\/product\/hedera-helix-paper-doll\/\" tabindex=\"-1\" target=\"&quot;_blank&quot;\">\n\t\t\t<div class=\"elementor-post__thumbnail\"><img loading=\"lazy\" decoding=\"async\" width=\"300\" height=\"225\" src=\"https:\/\/www.hedera-etc.com\/wp-content\/uploads\/2023\/10\/Hedera-helix-Paper-Doll-300x225.webp\" class=\"attachment-medium size-medium wp-image-1164\" alt=\"Hedera helix &#039;Paper Doll&#039;\" srcset=\"https:\/\/www.hedera-etc.com\/wp-content\/uploads\/2023\/10\/Hedera-helix-Paper-Doll-300x225.webp 300w, https:\/\/www.hedera-etc.com\/wp-content\/uploads\/2023\/10\/Hedera-helix-Paper-Doll-768x575.webp 768w, https:\/\/www.hedera-etc.com\/wp-content\/uploads\/2023\/10\/Hedera-helix-Paper-Doll.webp 800w\" sizes=\"(max-width: 300px) 100vw, 300px\" \/><\/div>\n\t\t<\/a>\n\t\t\t\t<div class=\"elementor-post__text\">\n\t\t\t\t<h3 class=\"elementor-post__title\">\n\t\t\t<a href=\"https:\/\/www.hedera-etc.com\/de\/product\/hedera-helix-paper-doll\/\" target=\"&quot;_blank&quot;\">\n\t\t\t\t<em>Hedera helix<\/em> &lsquo;Paper Doll&rsquo; &#8211; Zier-Efeu\t\t\t<\/a>\n\t\t<\/h3>\n\t\t\t\t<div class=\"elementor-post__excerpt\">\n\t\t\t<p>Asymmetrische Bl\u00e4tter, die in der Ferne grau aussehen und den Eindruck erwecken, sehr d\u00fcnn wie Zigarettenpapier zu sein. Wenig verzweigt, sehr kr\u00e4ftig, Triebe\t\t<\/div>\n\t\t\n\t\t<a class=\"elementor-post__read-more\" href=\"https:\/\/www.hedera-etc.com\/de\/product\/hedera-helix-paper-doll\/\" aria-label=\"Mehr \u00fcber &lt;em&gt;Hedera helix&lt;\/em&gt; &lsquo;Paper Doll&rsquo; &#8211; Lierre d&rsquo;ornement\" tabindex=\"-1\" target=\"_blank\">\n\t\t\tWeiterlesen \u00bb\t\t<\/a>\n\n\t\t\t\t<\/div>\n\t\t\t\t<\/article>\n\t\t\t\t<article class=\"elementor-post elementor-grid-item post-1169 product type-product status-publish has-post-thumbnail product_cat-lierre entry has-media  instock purchasable product-type-variable has-default-attributes has-product-nav col span_1_of_4 owp-content-center item-entry owp-thumbs-layout-horizontal owp-btn-normal owp-tabs-layout-section\">\n\t\t\t\t<a class=\"elementor-post__thumbnail__link\" href=\"https:\/\/www.hedera-etc.com\/de\/product\/hedera-helix-parsley-crested\/\" tabindex=\"-1\" target=\"&quot;_blank&quot;\">\n\t\t\t<div class=\"elementor-post__thumbnail\"><img loading=\"lazy\" decoding=\"async\" width=\"300\" height=\"196\" src=\"https:\/\/www.hedera-etc.com\/wp-content\/uploads\/2023\/10\/Hedera-helix-Parsley-Crested_4-300x196.webp\" class=\"attachment-medium size-medium wp-image-14290\" alt=\"Hedera helix &#039;Parsley Crested&#039;\" srcset=\"https:\/\/www.hedera-etc.com\/wp-content\/uploads\/2023\/10\/Hedera-helix-Parsley-Crested_4-300x196.webp 300w, https:\/\/www.hedera-etc.com\/wp-content\/uploads\/2023\/10\/Hedera-helix-Parsley-Crested_4-900x588.webp 900w, https:\/\/www.hedera-etc.com\/wp-content\/uploads\/2023\/10\/Hedera-helix-Parsley-Crested_4-1024x669.webp 1024w, https:\/\/www.hedera-etc.com\/wp-content\/uploads\/2023\/10\/Hedera-helix-Parsley-Crested_4-768x502.webp 768w, https:\/\/www.hedera-etc.com\/wp-content\/uploads\/2023\/10\/Hedera-helix-Parsley-Crested_4.webp 1033w\" sizes=\"(max-width: 300px) 100vw, 300px\" \/><\/div>\n\t\t<\/a>\n\t\t\t\t<div class=\"elementor-post__text\">\n\t\t\t\t<h3 class=\"elementor-post__title\">\n\t\t\t<a href=\"https:\/\/www.hedera-etc.com\/de\/product\/hedera-helix-parsley-crested\/\" target=\"&quot;_blank&quot;\">\n\t\t\t\t<em>Hedera helix<\/em> &lsquo;Parsley Crested&rsquo; &#8211; Zier-Efeu\t\t\t<\/a>\n\t\t<\/h3>\n\t\t\t\t<div class=\"elementor-post__excerpt\">\n\t\t\t<p>Sehr dekorativer Efeu mit fast runden Bl\u00e4ttern, die an den R\u00e4ndern gewellt und gekr\u00e4uselt sind, ein wenig wie Petersilie.<\/p> <p>Limbus\t\t<\/div>\n\t\t\n\t\t<a class=\"elementor-post__read-more\" href=\"https:\/\/www.hedera-etc.com\/de\/product\/hedera-helix-parsley-crested\/\" aria-label=\"Mehr \u00fcber &lt;em&gt;Hedera helix&lt;\/em&gt; &lsquo;Parsley Crested&rsquo; &#8211; Lierre d&rsquo;ornement\" tabindex=\"-1\" target=\"_blank\">\n\t\t\tWeiterlesen \u00bb\t\t<\/a>\n\n\t\t\t\t<\/div>\n\t\t\t\t<\/article>\n\t\t\t\t<article class=\"elementor-post elementor-grid-item post-1175 product type-product status-publish has-post-thumbnail product_cat-lierre entry has-media last instock purchasable product-type-variable has-default-attributes has-product-nav col span_1_of_4 owp-content-center item-entry owp-thumbs-layout-horizontal owp-btn-normal owp-tabs-layout-section\">\n\t\t\t\t<a class=\"elementor-post__thumbnail__link\" href=\"https:\/\/www.hedera-etc.com\/de\/product\/hedera-helix-patent-leather\/\" tabindex=\"-1\" target=\"&quot;_blank&quot;\">\n\t\t\t<div class=\"elementor-post__thumbnail\"><img loading=\"lazy\" decoding=\"async\" width=\"300\" height=\"225\" src=\"https:\/\/www.hedera-etc.com\/wp-content\/uploads\/2023\/11\/Hedera-helix-Patent-Leather_2-300x225.webp\" class=\"attachment-medium size-medium wp-image-14287\" alt=\"Hedera helix &#039;Patent Leather&#039;\" srcset=\"https:\/\/www.hedera-etc.com\/wp-content\/uploads\/2023\/11\/Hedera-helix-Patent-Leather_2-300x225.webp 300w, https:\/\/www.hedera-etc.com\/wp-content\/uploads\/2023\/11\/Hedera-helix-Patent-Leather_2-900x675.webp 900w, https:\/\/www.hedera-etc.com\/wp-content\/uploads\/2023\/11\/Hedera-helix-Patent-Leather_2-768x576.webp 768w, https:\/\/www.hedera-etc.com\/wp-content\/uploads\/2023\/11\/Hedera-helix-Patent-Leather_2.webp 1024w\" sizes=\"(max-width: 300px) 100vw, 300px\" \/><\/div>\n\t\t<\/a>\n\t\t\t\t<div class=\"elementor-post__text\">\n\t\t\t\t<h3 class=\"elementor-post__title\">\n\t\t\t<a href=\"https:\/\/www.hedera-etc.com\/de\/product\/hedera-helix-patent-leather\/\" target=\"&quot;_blank&quot;\">\n\t\t\t\t<em>Hedera helix<\/em> &lsquo;Patent Leather&rsquo; &#8211; Zier-Efeu\t\t\t<\/a>\n\t\t<\/h3>\n\t\t\t\t<div class=\"elementor-post__excerpt\">\n\t\t\t<p>Kleine, gl\u00e4nzende, zerknitterte, sch\u00fcsself\u00f6rmige Bl\u00e4tter.<\/p> <p>Neue Bl\u00e4tter cremegelb mit gr\u00fcnen Adern, werden gr\u00fcner\t\t<\/div>\n\t\t\n\t\t<a class=\"elementor-post__read-more\" href=\"https:\/\/www.hedera-etc.com\/de\/product\/hedera-helix-patent-leather\/\" aria-label=\"Mehr \u00fcber *Hedera helix* \u2018Patent Leather\u2019 \u2013 Zier-Efeu\" tabindex=\"-1\" target=\"_blank\">\n\t\t\tWeiterlesen \u00bb\t\t<\/a>\n\n\t\t\t\t<\/div>\n\t\t\t\t<\/article>\n\t\t\t\t<article class=\"elementor-post elementor-grid-item post-1181 product type-product status-publish has-post-thumbnail product_cat-lierre entry has-media first instock purchasable product-type-variable has-default-attributes has-product-nav col span_1_of_4 owp-content-center item-entry owp-thumbs-layout-horizontal owp-btn-normal owp-tabs-layout-section has-no-thumbnails\">\n\t\t\t\t<a class=\"elementor-post__thumbnail__link\" href=\"https:\/\/www.hedera-etc.com\/de\/product\/hedera-helix-pedata\/\" tabindex=\"-1\" target=\"&quot;_blank&quot;\">\n\t\t\t<div class=\"elementor-post__thumbnail\"><img loading=\"lazy\" decoding=\"async\" width=\"300\" height=\"199\" src=\"https:\/\/www.hedera-etc.com\/wp-content\/uploads\/2023\/11\/Hedera-helix-Pedata-300x199.webp\" class=\"attachment-medium size-medium wp-image-1182\" alt=\"Hedera helix &#039;Pedata&#039;\" srcset=\"https:\/\/www.hedera-etc.com\/wp-content\/uploads\/2023\/11\/Hedera-helix-Pedata-300x199.webp 300w, https:\/\/www.hedera-etc.com\/wp-content\/uploads\/2023\/11\/Hedera-helix-Pedata-900x598.webp 900w, https:\/\/www.hedera-etc.com\/wp-content\/uploads\/2023\/11\/Hedera-helix-Pedata-768x510.webp 768w, https:\/\/www.hedera-etc.com\/wp-content\/uploads\/2023\/11\/Hedera-helix-Pedata.webp 947w\" sizes=\"(max-width: 300px) 100vw, 300px\" \/><\/div>\n\t\t<\/a>\n\t\t\t\t<div class=\"elementor-post__text\">\n\t\t\t\t<h3 class=\"elementor-post__title\">\n\t\t\t<a href=\"https:\/\/www.hedera-etc.com\/de\/product\/hedera-helix-pedata\/\" target=\"&quot;_blank&quot;\">\n\t\t\t\t<em>Hedera helix<\/em> &lsquo;Pedata&rsquo; &#8211; Zier-Efeu\t\t\t<\/a>\n\t\t<\/h3>\n\t\t\t\t<div class=\"elementor-post__excerpt\">\n\t\t\t<p>Sorte, die ein gutes Beispiel f\u00fcr Efeu mit vogelbeinf\u00f6rmigen Bl\u00e4ttern ist.<\/p> <p>Bl\u00e4tter bestehen aus 5 schmalen Lappen, diejenigen\t\t<\/div>\n\t\t\n\t\t<a class=\"elementor-post__read-more\" href=\"https:\/\/www.hedera-etc.com\/de\/product\/hedera-helix-pedata\/\" aria-label=\"Mehr \u00fcber &lt;em&gt;Hedera helix&lt;\/em&gt; &lsquo;Pedata&rsquo; &#8211; Lierre d&rsquo;ornement\" tabindex=\"-1\" target=\"_blank\">\n\t\t\tWeiterlesen \u00bb\t\t<\/a>\n\n\t\t\t\t<\/div>\n\t\t\t\t<\/article>\n\t\t\t\t<article class=\"elementor-post elementor-grid-item post-1186 product type-product status-publish has-post-thumbnail product_cat-lierre entry has-media  instock purchasable product-type-variable has-default-attributes has-product-nav col span_1_of_4 owp-content-center item-entry owp-thumbs-layout-horizontal owp-btn-normal owp-tabs-layout-section\">\n\t\t\t\t<a class=\"elementor-post__thumbnail__link\" href=\"https:\/\/www.hedera-etc.com\/de\/product\/hedera-helix-peeveecee\/\" tabindex=\"-1\" target=\"&quot;_blank&quot;\">\n\t\t\t<div class=\"elementor-post__thumbnail\"><img loading=\"lazy\" decoding=\"async\" width=\"300\" height=\"225\" src=\"https:\/\/www.hedera-etc.com\/wp-content\/uploads\/2023\/11\/Hedera-helix-Peeveecee-300x225.webp\" class=\"attachment-medium size-medium wp-image-1187\" alt=\"Hedera helix &#039;Peeveecee&#039;\" srcset=\"https:\/\/www.hedera-etc.com\/wp-content\/uploads\/2023\/11\/Hedera-helix-Peeveecee-300x225.webp 300w, https:\/\/www.hedera-etc.com\/wp-content\/uploads\/2023\/11\/Hedera-helix-Peeveecee-768x575.webp 768w, https:\/\/www.hedera-etc.com\/wp-content\/uploads\/2023\/11\/Hedera-helix-Peeveecee.webp 800w\" sizes=\"(max-width: 300px) 100vw, 300px\" \/><\/div>\n\t\t<\/a>\n\t\t\t\t<div class=\"elementor-post__text\">\n\t\t\t\t<h3 class=\"elementor-post__title\">\n\t\t\t<a href=\"https:\/\/www.hedera-etc.com\/de\/product\/hedera-helix-peeveecee\/\" target=\"&quot;_blank&quot;\">\n\t\t\t\t<em>Hedera helix<\/em> &lsquo;Peeveecee&rsquo; &#8211; Zier-Efeu\t\t\t<\/a>\n\t\t<\/h3>\n\t\t\t\t<div class=\"elementor-post__excerpt\">\n\t\t\t<div class=\"row\"> <div class=\"col-sm-7\"> <div id=\"bloc-info\"> <div class=\"txt-desc\"> <p>Dunkelgr\u00fcne, gl\u00e4nzende Bl\u00e4tter mit einer leicht eingerollten Blattspreite.<\/p> <p>Rippen gut\t\t<\/div>\n\t\t\n\t\t<a class=\"elementor-post__read-more\" href=\"https:\/\/www.hedera-etc.com\/de\/product\/hedera-helix-peeveecee\/\" aria-label=\"Mehr \u00fcber &lt;em&gt;Hedera helix&lt;\/em&gt; &lsquo;Peeveecee&rsquo; &#8211; Lierre d&rsquo;ornement\" tabindex=\"-1\" target=\"_blank\">\n\t\t\tWeiterlesen \u00bb\t\t<\/a>\n\n\t\t\t\t<\/div>\n\t\t\t\t<\/article>.\n\t\t\t\t<article class=\"elementor-post elementor-grid-item post-1191 product type-product status-publish has-post-thumbnail product_cat-lierre entry has-media  instock purchasable product-type-variable has-default-attributes has-product-nav col span_1_of_4 owp-content-center item-entry owp-thumbs-layout-horizontal owp-btn-normal owp-tabs-layout-section\">\n\t\t\t\t<a class=\"elementor-post__thumbnail__link\" href=\"https:\/\/www.hedera-etc.com\/de\/product\/hedera-helix-perkeo\/\" tabindex=\"-1\" target=\"&quot;_blank&quot;\">\n\t\t\t<div class=\"elementor-post__thumbnail\"><img loading=\"lazy\" decoding=\"async\" width=\"300\" height=\"225\" src=\"https:\/\/www.hedera-etc.com\/wp-content\/uploads\/2023\/11\/Hedera-helix-Perkeo-300x225.webp\" class=\"attachment-medium size-medium wp-image-1192\" alt=\"Hedera helix &#039;Perkeo&#039;\" srcset=\"https:\/\/www.hedera-etc.com\/wp-content\/uploads\/2023\/11\/Hedera-helix-Perkeo-300x225.webp 300w, https:\/\/www.hedera-etc.com\/wp-content\/uploads\/2023\/11\/Hedera-helix-Perkeo-900x675.webp 900w, https:\/\/www.hedera-etc.com\/wp-content\/uploads\/2023\/11\/Hedera-helix-Perkeo-768x576.webp 768w, https:\/\/www.hedera-etc.com\/wp-content\/uploads\/2023\/11\/Hedera-helix-Perkeo.webp 1024w\" sizes=\"(max-width: 300px) 100vw, 300px\" \/><\/div>\n\t\t<\/a>\n\t\t\t\t<div class=\"elementor-post__text\">\n\t\t\t\t<h3 class=\"elementor-post__title\">\n\t\t\t<a href=\"https:\/\/www.hedera-etc.com\/de\/product\/hedera-helix-perkeo\/\" target=\"&quot;_blank&quot;\">\n\t\t\t\t<em>Hedera helix<\/em> &lsquo;Perkeo&rsquo; &#8211; Zier-Efeu\t\t\t<\/a>\n\t\t<\/h3>\n\t\t\t\t<div class=\"elementor-post__excerpt\">\n\t\t\t<p>Interessante Kuriosit\u00e4t als Bodendecker. Becherf\u00f6rmige Bl\u00e4tter, die wie Ohren aussehen.<\/p> <p>Hellgr\u00fcne Bl\u00e4tter, geschnitten mit Stielen und\t\t<\/div>\n\t\t\n\t\t<a class=\"elementor-post__read-more\" href=\"https:\/\/www.hedera-etc.com\/de\/product\/hedera-helix-perkeo\/\" aria-label=\"Mehr \u00fcber &lt;em&gt;Hedera helix&lt;\/em&gt; &lsquo;Perkeo&rsquo; &#8211; Lierre d&rsquo;ornement\" tabindex=\"-1\" target=\"_blank\">\n\t\t\tWeiterlesen \u00bb\t\t<\/a>\n\n\t\t\t\t<\/div>\n\t\t\t\t<\/article>\n\t\t\t\t<article class=\"elementor-post elementor-grid-item post-1197 product type-product status-publish has-post-thumbnail product_cat-lierre entry has-media last instock purchasable product-type-variable has-default-attributes has-product-nav col span_1_of_4 owp-content-center item-entry owp-thumbs-layout-horizontal owp-btn-normal owp-tabs-layout-section\">\n\t\t\t\t<a class=\"elementor-post__thumbnail__link\" href=\"https:\/\/www.hedera-etc.com\/de\/product\/hedera-helix-perle\/\" tabindex=\"-1\" target=\"&quot;_blank&quot;\">\n\t\t\t<div class=\"elementor-post__thumbnail\"><img loading=\"lazy\" decoding=\"async\" width=\"300\" height=\"225\" src=\"https:\/\/www.hedera-etc.com\/wp-content\/uploads\/2023\/11\/Hedera-helix-Perle-300x225.webp\" class=\"attachment-medium size-medium wp-image-1198\" alt=\"Hedera helix &#039;Perle&#039;\" srcset=\"https:\/\/www.hedera-etc.com\/wp-content\/uploads\/2023\/11\/Hedera-helix-Perle-300x225.webp 300w, https:\/\/www.hedera-etc.com\/wp-content\/uploads\/2023\/11\/Hedera-helix-Perle-768x576.webp 768w, https:\/\/www.hedera-etc.com\/wp-content\/uploads\/2023\/11\/Hedera-helix-Perle.webp 839w\" sizes=\"(max-width: 300px) 100vw, 300px\" \/><\/div>\n\t\t<\/a>\n\t\t\t\t<div class=\"elementor-post__text\">\n\t\t\t\t<h3 class=\"elementor-post__title\">\n\t\t\t<a href=\"https:\/\/www.hedera-etc.com\/de\/product\/hedera-helix-perle\/\" target=\"&quot;_blank&quot;\">\n\t\t\t\t<em>Hedera helix<\/em> &lsquo;Perle&rsquo; &#8211; Zier-Efeu\t\t\t<\/a>\n\t\t<\/h3>\n\t\t\t\t<div class=\"elementor-post__excerpt\">\n\t\t\t<p>Bl\u00e4tter entweder ungelappt oder dreilappig, fast rundlich, an den R\u00e4ndern gescheitelt und manchmal unf\u00f6rmig.<\/p> <p>Blattspreite, gr\u00fcn oder graugr\u00fcn am\t\t<\/div>\n\t\t\n\t\t<a class=\"elementor-post__read-more\" href=\"https:\/\/www.hedera-etc.com\/de\/product\/hedera-helix-perle\/\" aria-label=\"Mehr \u00fcber &lt;em&gt;Hedera helix&lt;\/em&gt; &lsquo;Perle&rsquo; &#8211; Lierre d&rsquo;ornement\" tabindex=\"-1\" target=\"_blank\">\n\t\t\tWeiterlesen \u00bb\t\t<\/a>\n\n\t\t\t\t<\/div>\n\t\t\t\t<\/article>\n\t\t\t\t<article class=\"elementor-post elementor-grid-item post-1209 product type-product status-publish has-post-thumbnail product_cat-lierre entry has-media first instock purchasable product-type-variable has-default-attributes has-product-nav col span_1_of_4 owp-content-center item-entry owp-thumbs-layout-horizontal owp-btn-normal owp-tabs-layout-section has-no-thumbnails\">\n\t\t\t\t<a class=\"elementor-post__thumbnail__link\" href=\"https:\/\/www.hedera-etc.com\/de\/product\/hedera-helix-peter-pan\/\" tabindex=\"-1\" target=\"&quot;_blank&quot;\">\n\t\t\t<div class=\"elementor-post__thumbnail\"><img loading=\"lazy\" decoding=\"async\" width=\"300\" height=\"190\" src=\"https:\/\/www.hedera-etc.com\/wp-content\/uploads\/2023\/11\/Hedera-helix-Peter-Pan-300x190.webp\" class=\"attachment-medium size-medium wp-image-14279\" alt=\"Hedera helix &#039;Peter Pan&#039;\" srcset=\"https:\/\/www.hedera-etc.com\/wp-content\/uploads\/2023\/11\/Hedera-helix-Peter-Pan-300x190.webp 300w, https:\/\/www.hedera-etc.com\/wp-content\/uploads\/2023\/11\/Hedera-helix-Peter-Pan-900x570.webp 900w, https:\/\/www.hedera-etc.com\/wp-content\/uploads\/2023\/11\/Hedera-helix-Peter-Pan-1024x649.webp 1024w, https:\/\/www.hedera-etc.com\/wp-content\/uploads\/2023\/11\/Hedera-helix-Peter-Pan-768x487.webp 768w, https:\/\/www.hedera-etc.com\/wp-content\/uploads\/2023\/11\/Hedera-helix-Peter-Pan.webp 1065w\" sizes=\"(max-width: 300px) 100vw, 300px\" \/><\/div>\n\t\t<\/a>\n\t\t\t\t<div class=\"elementor-post__text\">\n\t\t\t\t<h3 class=\"elementor-post__title\">\n\t\t\t<a href=\"https:\/\/www.hedera-etc.com\/de\/product\/hedera-helix-peter-pan\/\" target=\"&quot;_blank&quot;\">\n\t\t\t\t<em>Hedera helix<\/em> &lsquo;Peter Pan&rsquo; &#8211; Zier-Efeu\t\t\t<\/a>\n\t\t<\/h3>\n\t\t\t\t<div class=\"elementor-post__excerpt\">\n\t\t\t<p>Winzige, gr\u00fcne, fast runde, schalenf\u00f6rmige Bl\u00e4tter, die nach unten gerichtet sind, oder manchmal nach oben auf den\t\t<\/div>\n\t\t\n\t\t<a class=\"elementor-post__read-more\" href=\"https:\/\/www.hedera-etc.com\/de\/product\/hedera-helix-peter-pan\/\" aria-label=\"Mehr \u00fcber &lt;em&gt;Hedera helix&lt;\/em&gt; &lsquo;Peter Pan&rsquo; &#8211; Lierre d&rsquo;ornement\" tabindex=\"-1\" target=\"_blank\">\n\t\t\tWeiterlesen \u00bb\t\t<\/a>\n\n\t\t\t\t<\/div>\n\t\t\t\t<\/article>\n\t\t\t\t<article class=\"elementor-post elementor-grid-item post-1215 product type-product status-publish has-post-thumbnail product_cat-lierre entry has-media  instock purchasable product-type-variable has-default-attributes has-product-nav col span_1_of_4 owp-content-center item-entry owp-thumbs-layout-horizontal owp-btn-normal owp-tabs-layout-section\">\n\t\t\t\t<a class=\"elementor-post__thumbnail__link\" href=\"https:\/\/www.hedera-etc.com\/de\/product\/hedera-helix-peter-q-rose\/\" tabindex=\"-1\" target=\"&quot;_blank&quot;\">\n\t\t\t<div class=\"elementor-post__thumbnail\"><img loading=\"lazy\" decoding=\"async\" width=\"300\" height=\"225\" src=\"https:\/\/www.hedera-etc.com\/wp-content\/uploads\/2023\/11\/helix-Peter-Q-Rose-300x225.webp\" class=\"attachment-medium size-medium wp-image-1216\" alt=\"Hedera helix &#039;Peter Q Rose&#039;\" srcset=\"https:\/\/www.hedera-etc.com\/wp-content\/uploads\/2023\/11\/helix-Peter-Q-Rose-300x225.webp 300w, https:\/\/www.hedera-etc.com\/wp-content\/uploads\/2023\/11\/helix-Peter-Q-Rose-900x675.webp 900w, https:\/\/www.hedera-etc.com\/wp-content\/uploads\/2023\/11\/helix-Peter-Q-Rose-768x576.webp 768w, https:\/\/www.hedera-etc.com\/wp-content\/uploads\/2023\/11\/helix-Peter-Q-Rose.webp 1024w\" sizes=\"(max-width: 300px) 100vw, 300px\" \/><\/div>\n\t\t<\/a>\n\t\t\t\t<div class=\"elementor-post__text\">\n\t\t\t\t<h3 class=\"elementor-post__title\">\n\t\t\t<a href=\"https:\/\/www.hedera-etc.com\/de\/product\/hedera-helix-peter-q-rose\/\" target=\"&quot;_blank&quot;\">\n\t\t\t\t<em>Hedera helix<\/em> &lsquo;Peter Q Rose&rsquo; &#8211; Zier-Efeu\t\t\t<\/a>\n\t\t<\/h3>\n\t\t\t\t<div class=\"elementor-post__excerpt\">\n\t\t\t<p>Gelbgr\u00fcne Bl\u00e4tter in hellen Lagen, aber gr\u00fcn, wenn er im Schatten steht.<\/p> <p>Besteht aus f\u00fcnf Lappen. R\u00e4nder gekr\u00e4uselt, gewellt, wie sein\t\t<\/div>\n\t\t\n\t\t<a class=\"elementor-post__read-more\" href=\"https:\/\/www.hedera-etc.com\/de\/product\/hedera-helix-peter-q-rose\/\" aria-label=\"Mehr \u00fcber *Hedera helix* \u2018Peter Q Rose\u2019 \u2013 Zier-Efeu\" tabindex=\"-1\" target=\"_blank\">\n\t\t\tWeiterlesen \u00bb\t\t<\/a>\n\n\t\t\t\t<\/div>\n\t\t\t\t<\/article>\n\t\t\t\t<article class=\"elementor-post elementor-grid-item post-1222 product type-product status-publish has-post-thumbnail product_cat-lierre entry has-media  instock purchasable product-type-variable has-default-attributes has-product-nav col span_1_of_4 owp-content-center item-entry owp-thumbs-layout-horizontal owp-btn-normal owp-tabs-layout-section\">\n\t\t\t\t<a class=\"elementor-post__thumbnail__link\" href=\"https:\/\/www.hedera-etc.com\/de\/product\/hedera-helix-philosophe\/\" tabindex=\"-1\" target=\"&quot;_blank&quot;\">\n\t\t\t<div class=\"elementor-post__thumbnail\"><img loading=\"lazy\" decoding=\"async\" width=\"300\" height=\"225\" src=\"https:\/\/www.hedera-etc.com\/wp-content\/uploads\/2023\/11\/Hedera-helix-Philosophe-300x225.webp\" class=\"attachment-medium size-medium wp-image-1223\" alt=\"Hedera helix &#039;Philosophe&#039;\" srcset=\"https:\/\/www.hedera-etc.com\/wp-content\/uploads\/2023\/11\/Hedera-helix-Philosophe-300x225.webp 300w, https:\/\/www.hedera-etc.com\/wp-content\/uploads\/2023\/11\/Hedera-helix-Philosophe-900x675.webp 900w, https:\/\/www.hedera-etc.com\/wp-content\/uploads\/2023\/11\/Hedera-helix-Philosophe-768x576.webp 768w, https:\/\/www.hedera-etc.com\/wp-content\/uploads\/2023\/11\/Hedera-helix-Philosophe.webp 1024w\" sizes=\"(max-width: 300px) 100vw, 300px\" \/><\/div>\n\t\t<\/a>\n\t\t\t\t<div class=\"elementor-post__text\">\n\t\t\t\t<h3 class=\"elementor-post__title\">\n\t\t\t<a href=\"https:\/\/www.hedera-etc.com\/de\/product\/hedera-helix-philosophe\/\" target=\"&quot;_blank&quot;\">\n\t\t\t\t<em>Hedera helix<\/em> &lsquo;Philosophe&rsquo; &#8211; Zier-Efeu\t\t\t<\/a>\n\t\t<\/h3>\n\t\t\t\t<div class=\"elementor-post__excerpt\">\n\t\t\t<p>Stark verzweigter Efeu, der langsam w\u00e4chst.<\/p> <p>Bl\u00e4tter dreilappig, wobei der mittlere Lappen viel st\u00e4rker entwickelt ist. Stark ausgepr\u00e4gte Adern\t\t<\/div>\n\t\t\n\t\t<a class=\"elementor-post__read-more\" href=\"https:\/\/www.hedera-etc.com\/de\/product\/hedera-helix-philosophe\/\" aria-label=\"Mehr \u00fcber &lt;em&gt;Hedera helix&lt;\/em&gt; &lsquo;Philosophe&rsquo; &#8211; Lierre d&rsquo;ornement\" tabindex=\"-1\" target=\"_blank\">\n\t\t\tWeiterlesen \u00bb\t\t<\/a>\n\n\t\t\t\t<\/div>\n\t\t\t\t<\/article>\n\t\t\t\t<article class=\"elementor-post elementor-grid-item post-1228 product type-product status-publish has-post-thumbnail product_cat-lierre entry has-media last instock purchasable product-type-variable has-default-attributes has-product-nav col span_1_of_4 owp-content-center item-entry owp-thumbs-layout-horizontal owp-btn-normal owp-tabs-layout-section has-no-thumbnails\">\n\t\t\t\t<a class=\"elementor-post__thumbnail__link\" href=\"https:\/\/www.hedera-etc.com\/de\/product\/hedera-helix-pin-oak\/\" tabindex=\"-1\" target=\"&quot;_blank&quot;\">\n\t\t\t<div class=\"elementor-post__thumbnail\"><img loading=\"lazy\" decoding=\"async\" width=\"300\" height=\"225\" src=\"https:\/\/www.hedera-etc.com\/wp-content\/uploads\/2023\/11\/Hedera-helix-Pink-Oak-300x225.webp\" class=\"attachment-medium size-medium wp-image-1229\" alt=\"Hedera helix &#039;Pin Oak&#039;\" srcset=\"https:\/\/www.hedera-etc.com\/wp-content\/uploads\/2023\/11\/Hedera-helix-Pink-Oak-300x225.webp 300w, https:\/\/www.hedera-etc.com\/wp-content\/uploads\/2023\/11\/Hedera-helix-Pink-Oak-900x675.webp 900w, https:\/\/www.hedera-etc.com\/wp-content\/uploads\/2023\/11\/Hedera-helix-Pink-Oak-768x576.webp 768w, https:\/\/www.hedera-etc.com\/wp-content\/uploads\/2023\/11\/Hedera-helix-Pink-Oak.webp 1024w\" sizes=\"(max-width: 300px) 100vw, 300px\" \/><\/div>\n\t\t<\/a>\n\t\t\t\t<div class=\"elementor-post__text\">\n\t\t\t\t<h3 class=\"elementor-post__title\">\n\t\t\t<a href=\"https:\/\/www.hedera-etc.com\/de\/product\/hedera-helix-pin-oak\/\" target=\"&quot;_blank&quot;\">\n\t\t\t\t<em>Hedera helix<\/em> &lsquo;Pin Oak&rsquo; &#8211; Zier-Efeu\t\t\t<\/a>\n\t\t<\/h3>\n\t\t\t\t<div class=\"elementor-post__excerpt\">\n\t\t\t<p>Kleine Bl\u00e4tter, die aus 3 Lappen mit abgerundeter Spitze bestehen.<\/p> <p>Mittellappen doppelt so lang wie die Seitenlappen. Blattspreite\t\t<\/div>\n\t\t\n\t\t<a class=\"elementor-post__read-more\" href=\"https:\/\/www.hedera-etc.com\/de\/product\/hedera-helix-pin-oak\/\" aria-label=\"Mehr \u00fcber &lt;em&gt;Hedera helix&lt;\/em&gt; &lsquo;Pin Oak&rsquo; &#8211; Lierre d&rsquo;ornement\" tabindex=\"-1\" target=\"_blank\">\n\t\t\tWeiterlesen \u00bb\t\t<\/a>\n\n\t\t\t\t<\/div>\n\t\t\t\t<\/article>\n\t\t\t\t<article class=\"elementor-post elementor-grid-item post-1232 product type-product status-publish has-post-thumbnail product_cat-lierre entry has-media first instock purchasable product-type-variable has-default-attributes has-product-nav col span_1_of_4 owp-content-center item-entry owp-thumbs-layout-horizontal owp-btn-normal owp-tabs-layout-section\">\n\t\t\t\t<a class=\"elementor-post__thumbnail__link\" href=\"https:\/\/www.hedera-etc.com\/de\/product\/hedera-helix-pirouette\/\" tabindex=\"-1\" target=\"&quot;_blank&quot;\">\n\t\t\t<div class=\"elementor-post__thumbnail\"><img loading=\"lazy\" decoding=\"async\" width=\"300\" height=\"225\" src=\"https:\/\/www.hedera-etc.com\/wp-content\/uploads\/2023\/11\/Hedera-helix-Pirouette-300x225.webp\" class=\"attachment-medium size-medium wp-image-1233\" alt=\"Hedera helix &#039;Pirouette&#039;\" srcset=\"https:\/\/www.hedera-etc.com\/wp-content\/uploads\/2023\/11\/Hedera-helix-Pirouette-300x225.webp 300w, https:\/\/www.hedera-etc.com\/wp-content\/uploads\/2023\/11\/Hedera-helix-Pirouette-768x575.webp 768w, https:\/\/www.hedera-etc.com\/wp-content\/uploads\/2023\/11\/Hedera-helix-Pirouette.webp 800w\" sizes=\"(max-width: 300px) 100vw, 300px\" \/><\/div>\n\t\t<\/a>\n\t\t\t\t<div class=\"elementor-post__text\">\n\t\t\t\t<h3 class=\"elementor-post__title\">\n\t\t\t<a href=\"https:\/\/www.hedera-etc.com\/de\/product\/hedera-helix-pirouette\/\" target=\"&quot;_blank&quot;\">\n\t\t\t\t<em>Hedera helix<\/em> &lsquo;Pirouette&rsquo; &#8211; Zier-Efeu\t\t\t<\/a>\n\t\t<\/h3>\n\t\t\t\t<div class=\"elementor-post__excerpt\">\n\t\t\t<p>Eine sehr originelle Sorte, die ihren Namen zu Recht tr\u00e4gt. Bl\u00e4tter mit tief eingeschnittenen Lappen, die an der Basis wie eingeklemmt wirken,\t\t<\/div>\n\t\t\n\t\t<a class=\"elementor-post__read-more\" href=\"https:\/\/www.hedera-etc.com\/de\/product\/hedera-helix-pirouette\/\" aria-label=\"Mehr \u00fcber &lt;em&gt;Hedera helix&lt;\/em&gt; &lsquo;Pirouette&rsquo; &#8211; Lierre d&rsquo;ornement\" tabindex=\"-1\" target=\"_blank\">\n\t\t\tWeiterlesen \u00bb\t\t<\/a>\n\n\t\t\t\t<\/div>\n\t\t\t\t<\/article>\n\t\t\t\t<article class=\"elementor-post elementor-grid-item post-1238 product type-product status-publish has-post-thumbnail product_cat-lierre entry has-media  instock purchasable product-type-variable has-default-attributes has-product-nav col span_1_of_4 owp-content-center item-entry owp-thumbs-layout-horizontal owp-btn-normal owp-tabs-layout-section has-no-thumbnails\">\n\t\t\t\t<a class=\"elementor-post__thumbnail__link\" href=\"https:\/\/www.hedera-etc.com\/de\/product\/hedera-helix-pittsburgh-variegated\/\" tabindex=\"-1\" target=\"&quot;_blank&quot;\">\n\t\t\t<div class=\"elementor-post__thumbnail\"><img loading=\"lazy\" decoding=\"async\" width=\"300\" height=\"225\" src=\"https:\/\/www.hedera-etc.com\/wp-content\/uploads\/2023\/11\/Hedera-helix-Pittsburgh-Variegata-300x225.webp\" class=\"attachment-medium size-medium wp-image-1239\" alt=\"Hedera helix &#039;Pittsburgh Variegata&#039;\" srcset=\"https:\/\/www.hedera-etc.com\/wp-content\/uploads\/2023\/11\/Hedera-helix-Pittsburgh-Variegata-300x225.webp 300w, https:\/\/www.hedera-etc.com\/wp-content\/uploads\/2023\/11\/Hedera-helix-Pittsburgh-Variegata-900x675.webp 900w, https:\/\/www.hedera-etc.com\/wp-content\/uploads\/2023\/11\/Hedera-helix-Pittsburgh-Variegata-768x576.webp 768w, https:\/\/www.hedera-etc.com\/wp-content\/uploads\/2023\/11\/Hedera-helix-Pittsburgh-Variegata.webp 1024w\" sizes=\"(max-width: 300px) 100vw, 300px\" \/><\/div>\n\t\t<\/a>\n\t\t\t\t<div class=\"elementor-post__text\">\n\t\t\t\t<h3 class=\"elementor-post__title\">\n\t\t\t<a href=\"https:\/\/www.hedera-etc.com\/de\/product\/hedera-helix-pittsburgh-variegated\/\" target=\"&quot;_blank&quot;\">\n\t\t\t\t<em>Hedera helix<\/em> &lsquo;Pittsburgh Variegated&rsquo; &#8211; Zier-Efeu\t\t\t<\/a>\n\t\t<\/h3>\n\t\t\t\t<div class=\"elementor-post__excerpt\">\n\t\t\t<p>Panaschierte Form von \u2018.\u2018<a href=\"https:\/\/www.hedera-etc.com\/de\/product\/hedera-helix-pittsburgh\/\" target=\"_blank\" rel=\"noopener\">Pittsburgh<\/a>\u2018. Die Merkmale ihres Verwandten sind jedoch viel weniger ausgepr\u00e4gt. Breitere Wuchsform\t\t<\/div>\n\t\t\n\t\t<a class=\"elementor-post__read-more\" href=\"https:\/\/www.hedera-etc.com\/de\/product\/hedera-helix-pittsburgh-variegated\/\" aria-label=\"Mehr \u00fcber &lt;em&gt;Hedera helix&lt;\/em&gt; &lsquo;Pittsburgh Variegated&rsquo; &#8211; Lierre d&rsquo;ornement\" tabindex=\"-1\" target=\"_blank\">\n\t\t\tWeiterlesen \u00bb\t\t<\/a>\n\n\t\t\t\t<\/div>\n\t\t\t\t<\/article>\n\t\t\t\t<article class=\"elementor-post elementor-grid-item post-1245 product type-product status-publish has-post-thumbnail product_cat-lierre entry has-media  instock purchasable product-type-variable has-default-attributes has-product-nav col span_1_of_4 owp-content-center item-entry owp-thumbs-layout-horizontal owp-btn-normal owp-tabs-layout-section\">\n\t\t\t\t<a class=\"elementor-post__thumbnail__link\" href=\"https:\/\/www.hedera-etc.com\/de\/product\/hedera-helix-pixie\/\" tabindex=\"-1\" target=\"&quot;_blank&quot;\">\n\t\t\t<div class=\"elementor-post__thumbnail\"><img loading=\"lazy\" decoding=\"async\" width=\"300\" height=\"225\" src=\"https:\/\/www.hedera-etc.com\/wp-content\/uploads\/2023\/11\/Hedera-helix-Pixie-300x225.webp\" class=\"attachment-medium size-medium wp-image-1246\" alt=\"Hedera helix &#039;Pixie&#039;\" srcset=\"https:\/\/www.hedera-etc.com\/wp-content\/uploads\/2023\/11\/Hedera-helix-Pixie-300x225.webp 300w, https:\/\/www.hedera-etc.com\/wp-content\/uploads\/2023\/11\/Hedera-helix-Pixie-900x675.webp 900w, https:\/\/www.hedera-etc.com\/wp-content\/uploads\/2023\/11\/Hedera-helix-Pixie-768x576.webp 768w, https:\/\/www.hedera-etc.com\/wp-content\/uploads\/2023\/11\/Hedera-helix-Pixie.webp 1024w\" sizes=\"(max-width: 300px) 100vw, 300px\" \/><\/div>\n\t\t<\/a>\n\t\t\t\t<div class=\"elementor-post__text\">\n\t\t\t\t<h3 class=\"elementor-post__title\">\n\t\t\t<a href=\"https:\/\/www.hedera-etc.com\/de\/product\/hedera-helix-pixie\/\" target=\"&quot;_blank&quot;\">\n\t\t\t\t<em>Hedera helix<\/em> &lsquo;Pixie&rsquo; &#8211; Zier-Efeu\t\t\t<\/a>\n\t\t<\/h3>\n\t\t\t\t<div class=\"elementor-post__excerpt\">\n\t\t\t<p>Kompakter Efeu mit einzigartigen Bl\u00e4ttern, der als Bodendecker f\u00fcr kleine Fl\u00e4chen verwendet werden kann.<\/p> <p>Bl\u00e4tter, so gro\u00df wie eine M\u00fcnze von\t\t<\/div>\n\t\t\n\t\t<a class=\"elementor-post__read-more\" href=\"https:\/\/www.hedera-etc.com\/de\/product\/hedera-helix-pixie\/\" aria-label=\"Mehr \u00fcber &lt;em&gt;Hedera helix&lt;\/em&gt; &lsquo;Pixie&rsquo; &#8211; Lierre d&rsquo;ornement\" tabindex=\"-1\" target=\"_blank\">\n\t\t\tWeiterlesen \u00bb\t\t<\/a>\n\n\t\t\t\t<\/div>\n\t\t\t\t<\/article>\n\t\t\t\t<article class=\"elementor-post elementor-grid-item post-1251 product type-product status-publish has-post-thumbnail product_cat-lierre entry has-media last instock purchasable product-type-variable has-default-attributes has-product-nav col span_1_of_4 owp-content-center item-entry owp-thumbs-layout-horizontal owp-btn-normal owp-tabs-layout-section has-no-thumbnails\">\n\t\t\t\t<a class=\"elementor-post__thumbnail__link\" href=\"https:\/\/www.hedera-etc.com\/de\/product\/hedera-helix-ralf\/\" tabindex=\"-1\" target=\"&quot;_blank&quot;\">\n\t\t\t<div class=\"elementor-post__thumbnail\"><img loading=\"lazy\" decoding=\"async\" width=\"300\" height=\"217\" src=\"https:\/\/www.hedera-etc.com\/wp-content\/uploads\/2023\/11\/Hedera-helix-Ralf-300x217.webp\" class=\"attachment-medium size-medium wp-image-14257\" alt=\"Hedera helix &#039;Ralf&#039;\" srcset=\"https:\/\/www.hedera-etc.com\/wp-content\/uploads\/2023\/11\/Hedera-helix-Ralf-300x217.webp 300w, https:\/\/www.hedera-etc.com\/wp-content\/uploads\/2023\/11\/Hedera-helix-Ralf-900x650.webp 900w, https:\/\/www.hedera-etc.com\/wp-content\/uploads\/2023\/11\/Hedera-helix-Ralf-768x554.webp 768w, https:\/\/www.hedera-etc.com\/wp-content\/uploads\/2023\/11\/Hedera-helix-Ralf.webp 935w\" sizes=\"(max-width: 300px) 100vw, 300px\" \/><\/div>\n\t\t<\/a>\n\t\t\t\t<div class=\"elementor-post__text\">\n\t\t\t\t<h3 class=\"elementor-post__title\">\n\t\t\t<a href=\"https:\/\/www.hedera-etc.com\/de\/product\/hedera-helix-ralf\/\" target=\"&quot;_blank&quot;\">\n\t\t\t\t<em>Hedera helix<\/em> &lsquo;Ralf&rsquo; &#8211; Zier-Efeu\t\t\t<\/a>\n\t\t<\/h3>\n\t\t\t\t<div class=\"elementor-post__excerpt\">\n\t\t\t<p>Ziemlich \u00e4hnliche Sorte wie \u2018.\u2018<a href=\"https:\/\/www.hedera-etc.com\/de\/product\/hedera-helix-perkeo\/\" target=\"_blank\" rel=\"noopener\">Perkeo<\/a>\u2018, wobei ihr Laub jedoch heller ist.<\/p> <p>Bl\u00e4tter herzf\u00f6rmig oder aus 3 zusammengesetzt\t\t<\/div>\n\t\t\n\t\t<a class=\"elementor-post__read-more\" href=\"https:\/\/www.hedera-etc.com\/de\/product\/hedera-helix-ralf\/\" aria-label=\"Mehr \u00fcber &lt;em&gt;Hedera helix&lt;\/em&gt; \u2018Ralf\u2019 \u2013 Zier-Efeu\" tabindex=\"-1\" target=\"_blank\">\n\t\t\tWeiterlesen \u00bb\t\t<\/a>\n\n\t\t\t\t<\/div>\n\t\t\t\t<\/article>\n\t\t\t\t<article class=\"elementor-post elementor-grid-item post-1255 product type-product status-publish has-post-thumbnail product_cat-lierre entry has-media first instock purchasable product-type-variable has-default-attributes has-product-nav col span_1_of_4 owp-content-center item-entry owp-thumbs-layout-horizontal owp-btn-normal owp-tabs-layout-section\">\n\t\t\t\t<a class=\"elementor-post__thumbnail__link\" href=\"https:\/\/www.hedera-etc.com\/de\/product\/hedera-helix-rauschgold\/\" tabindex=\"-1\" target=\"&quot;_blank&quot;\">\n\t\t\t<div class=\"elementor-post__thumbnail\"><img loading=\"lazy\" decoding=\"async\" width=\"300\" height=\"225\" src=\"https:\/\/www.hedera-etc.com\/wp-content\/uploads\/2023\/11\/Hedera-helix-Rauschgold-300x225.webp\" class=\"attachment-medium size-medium wp-image-1256\" alt=\"Hedera helix &#039;Rauschgold&#039;\" srcset=\"https:\/\/www.hedera-etc.com\/wp-content\/uploads\/2023\/11\/Hedera-helix-Rauschgold-300x225.webp 300w, https:\/\/www.hedera-etc.com\/wp-content\/uploads\/2023\/11\/Hedera-helix-Rauschgold-768x575.webp 768w, https:\/\/www.hedera-etc.com\/wp-content\/uploads\/2023\/11\/Hedera-helix-Rauschgold.webp 800w\" sizes=\"(max-width: 300px) 100vw, 300px\" \/><\/div>\n\t\t<\/a>\n\t\t\t\t<div class=\"elementor-post__text\">\n\t\t\t\t<h3 class=\"elementor-post__title\">\n\t\t\t<a href=\"https:\/\/www.hedera-etc.com\/de\/product\/hedera-helix-rauschgold\/\" target=\"&quot;_blank&quot;\">\n\t\t\t\t<em>Hedera helix<\/em> &lsquo;Rauschgold&rsquo; &#8211; Zier-Efeu\t\t\t<\/a>\n\t\t<\/h3>\n\t\t\t\t<div class=\"elementor-post__excerpt\">\n\t\t\t<p>Sorte mit Laub, das dem vollen Licht standh\u00e4lt, ohne dass das Laub besch\u00e4digt wird.<\/p> <p>Bl\u00e4tter, die aus 5 Lappen bestehen, oder\t\t<\/div>\n\t\t\n\t\t<a class=\"elementor-post__read-more\" href=\"https:\/\/www.hedera-etc.com\/de\/product\/hedera-helix-rauschgold\/\" aria-label=\"Mehr \u00fcber *Hedera helix* \u2018Rauschgold\u2019 \u2013 Zier-Efeu\" tabindex=\"-1\" target=\"_blank\">\n\t\t\tWeiterlesen \u00bb\t\t<\/a>\n\n\t\t\t\t<\/div>\n\t\t\t\t<\/article>\n\t\t\t\t<article class=\"elementor-post elementor-grid-item post-1260 product type-product status-publish has-post-thumbnail product_cat-lierre entry has-media  outofstock product-type-variable has-default-attributes has-product-nav col span_1_of_4 owp-content-center item-entry owp-thumbs-layout-horizontal owp-btn-normal owp-tabs-layout-section\">\n\t\t\t\t<a class=\"elementor-post__thumbnail__link\" href=\"https:\/\/www.hedera-etc.com\/de\/product\/hedera-helix-reef-shell\/\" tabindex=\"-1\" target=\"&quot;_blank&quot;\">\n\t\t\t<div class=\"elementor-post__thumbnail\"><img loading=\"lazy\" decoding=\"async\" width=\"300\" height=\"225\" src=\"https:\/\/www.hedera-etc.com\/wp-content\/uploads\/2023\/11\/Hedera-helix-Reef-Shell-300x225.webp\" class=\"attachment-medium size-medium wp-image-1261\" alt=\"Hedera helix &#039;Reef Shell&#039;\" srcset=\"https:\/\/www.hedera-etc.com\/wp-content\/uploads\/2023\/11\/Hedera-helix-Reef-Shell-300x225.webp 300w, https:\/\/www.hedera-etc.com\/wp-content\/uploads\/2023\/11\/Hedera-helix-Reef-Shell-768x576.webp 768w, https:\/\/www.hedera-etc.com\/wp-content\/uploads\/2023\/11\/Hedera-helix-Reef-Shell.webp 839w\" sizes=\"(max-width: 300px) 100vw, 300px\" \/><\/div>\n\t\t<\/a>\n\t\t\t\t<div class=\"elementor-post__text\">\n\t\t\t\t<h3 class=\"elementor-post__title\">\n\t\t\t<a href=\"https:\/\/www.hedera-etc.com\/de\/product\/hedera-helix-reef-shell\/\" target=\"&quot;_blank&quot;\">\n\t\t\t\t<em>Hedera helix<\/em> &lsquo;Reef Shell&rsquo; &#8211; Zier-Efeu\t\t\t<\/a>\n\t\t<\/h3>\n\t\t\t\t<div class=\"elementor-post__excerpt\">\n\t\t\t<p>Eine sehr originelle Sorte mit ovalen, umgekehrt muschelf\u00f6rmigen Bl\u00e4ttern, die kaum gelappt sind, aber mit\t\t<\/div>\n\t\t\n\t\t<a class=\"elementor-post__read-more\" href=\"https:\/\/www.hedera-etc.com\/de\/product\/hedera-helix-reef-shell\/\" aria-label=\"Mehr \u00fcber &lt;em&gt;Hedera helix&lt;\/em&gt; &lsquo;Reef Shell&rsquo; &#8211; Lierre d&rsquo;ornement\" tabindex=\"-1\" target=\"_blank\">\n\t\t\tWeiterlesen \u00bb\t\t<\/a>\n\n\t\t\t\t<\/div>\n\t\t\t\t<\/article>\n\t\t\t\t<article class=\"elementor-post elementor-grid-item post-1267 product type-product status-publish has-post-thumbnail product_cat-lierre entry has-media  instock purchasable product-type-variable has-default-attributes has-product-nav col span_1_of_4 owp-content-center item-entry owp-thumbs-layout-horizontal owp-btn-normal owp-tabs-layout-section\">\n\t\t\t\t<a class=\"elementor-post__thumbnail__link\" href=\"https:\/\/www.hedera-etc.com\/de\/product\/hedera-helix-renton-gold\/\" tabindex=\"-1\" target=\"&quot;_blank&quot;\">\n\t\t\t<div class=\"elementor-post__thumbnail\"><img loading=\"lazy\" decoding=\"async\" width=\"300\" height=\"225\" src=\"https:\/\/www.hedera-etc.com\/wp-content\/uploads\/2023\/11\/Hedera-helix-Renton-gold-300x225.webp\" class=\"attachment-medium size-medium wp-image-14249\" alt=\"Hedera helix &#039;Renton gold&#039;\" srcset=\"https:\/\/www.hedera-etc.com\/wp-content\/uploads\/2023\/11\/Hedera-helix-Renton-gold-300x225.webp 300w, https:\/\/www.hedera-etc.com\/wp-content\/uploads\/2023\/11\/Hedera-helix-Renton-gold-768x576.webp 768w, https:\/\/www.hedera-etc.com\/wp-content\/uploads\/2023\/11\/Hedera-helix-Renton-gold.webp 900w\" sizes=\"(max-width: 300px) 100vw, 300px\" \/><\/div>\n\t\t<\/a>\n\t\t\t\t<div class=\"elementor-post__text\">\n\t\t\t\t<h3 class=\"elementor-post__title\">\n\t\t\t<a href=\"https:\/\/www.hedera-etc.com\/de\/product\/hedera-helix-renton-gold\/\" target=\"&quot;_blank&quot;\">\n\t\t\t\t<em>Hedera helix<\/em> &lsquo;Renton gold&rsquo; &#8211; Zier-Efeu\t\t\t<\/a>\n\t\t<\/h3>\n\t\t\t\t<div class=\"elementor-post__excerpt\">\n\t\t\t<p>Efeu mit kleinen, d\u00fcnnen, aus 3 bis 5 Lappen bestehenden Bl\u00e4ttern an wenig verzweigten St\u00e4ngeln.<\/p> <p>Junge Bl\u00e4tter gr\u00fcn\t\t<\/div>\n\t\t\n\t\t<a class=\"elementor-post__read-more\" href=\"https:\/\/www.hedera-etc.com\/de\/product\/hedera-helix-renton-gold\/\" aria-label=\"Mehr \u00fcber *Hedera helix* \u2018Renton gold\u2019 \u2013 Zier-Efeu\" tabindex=\"-1\" target=\"_blank\">\n\t\t\tWeiterlesen \u00bb\t\t<\/a>\n\n\t\t\t\t<\/div>\n\t\t\t\t<\/article>\n\t\t\t\t<article class=\"elementor-post elementor-grid-item post-1272 product type-product status-publish has-post-thumbnail product_cat-lierre entry has-media last outofstock product-type-variable has-product-nav col span_1_of_4 owp-content-center item-entry owp-thumbs-layout-horizontal owp-btn-normal owp-tabs-layout-section\">\n\t\t\t\t<a class=\"elementor-post__thumbnail__link\" href=\"https:\/\/www.hedera-etc.com\/de\/product\/hedera-helix-rheingold\/\" tabindex=\"-1\" target=\"&quot;_blank&quot;\">\n\t\t\t<div class=\"elementor-post__thumbnail\"><img loading=\"lazy\" decoding=\"async\" width=\"300\" height=\"225\" src=\"https:\/\/www.hedera-etc.com\/wp-content\/uploads\/2023\/11\/Hedera-helix-Rheingold-300x225.webp\" class=\"attachment-medium size-medium wp-image-1273\" alt=\"Hedera helix &#039;Rheingold&#039;\" srcset=\"https:\/\/www.hedera-etc.com\/wp-content\/uploads\/2023\/11\/Hedera-helix-Rheingold-300x225.webp 300w, https:\/\/www.hedera-etc.com\/wp-content\/uploads\/2023\/11\/Hedera-helix-Rheingold-900x675.webp 900w, https:\/\/www.hedera-etc.com\/wp-content\/uploads\/2023\/11\/Hedera-helix-Rheingold-768x576.webp 768w, https:\/\/www.hedera-etc.com\/wp-content\/uploads\/2023\/11\/Hedera-helix-Rheingold.webp 1024w\" sizes=\"(max-width: 300px) 100vw, 300px\" \/><\/div>\n\t\t<\/a>\n\t\t\t\t<div class=\"elementor-post__text\">\n\t\t\t\t<h3 class=\"elementor-post__title\">\n\t\t\t<a href=\"https:\/\/www.hedera-etc.com\/de\/product\/hedera-helix-rheingold\/\" target=\"&quot;_blank&quot;\">\n\t\t\t\t<em>Hedera helix<\/em> &lsquo;Rheingold&rsquo; &#8211; Zier-Efeu\t\t\t<\/a>\n\t\t<\/h3>\n\t\t\t\t<div class=\"elementor-post__excerpt\">\n\t\t\t<p>Leicht gewellte Bl\u00e4tter mit einer sehr vielf\u00e4ltigen Panaschierung.<\/p> <p>Blattspreite von dunkelgr\u00fcn bis grau mit hellgelben R\u00e4ndern\t\t<\/div>\n\t\t\n\t\t<a class=\"elementor-post__read-more\" href=\"https:\/\/www.hedera-etc.com\/de\/product\/hedera-helix-rheingold\/\" aria-label=\"Mehr \u00fcber &lt;em&gt;Hedera helix&lt;\/em&gt; &lsquo;Rheingold&rsquo; &#8211; Lierre d&rsquo;ornement\" tabindex=\"-1\" target=\"_blank\">\n\t\t\tWeiterlesen \u00bb\t\t<\/a>\n\n\t\t\t\t<\/div>\n\t\t\t\t<\/article>\n\t\t\t\t<article class=\"elementor-post elementor-grid-item post-1277 product type-product status-publish has-post-thumbnail product_cat-lierre entry has-media first instock purchasable product-type-variable has-default-attributes has-product-nav col span_1_of_4 owp-content-center item-entry owp-thumbs-layout-horizontal owp-btn-normal owp-tabs-layout-section has-no-thumbnails\">\n\t\t\t\t<a class=\"elementor-post__thumbnail__link\" href=\"https:\/\/www.hedera-etc.com\/de\/product\/hedera-helix-golden-curl\/\" tabindex=\"-1\" target=\"&quot;_blank&quot;\">\n\t\t\t<div class=\"elementor-post__thumbnail\"><img loading=\"lazy\" decoding=\"async\" width=\"300\" height=\"225\" src=\"https:\/\/www.hedera-etc.com\/wp-content\/uploads\/2023\/11\/Hedera-helix-Richard-John-300x225.webp\" class=\"attachment-medium size-medium wp-image-1278\" alt=\"Hedera helix &#039;Golden Curl&#039;\" srcset=\"https:\/\/www.hedera-etc.com\/wp-content\/uploads\/2023\/11\/Hedera-helix-Richard-John-300x225.webp 300w, https:\/\/www.hedera-etc.com\/wp-content\/uploads\/2023\/11\/Hedera-helix-Richard-John-768x576.webp 768w, https:\/\/www.hedera-etc.com\/wp-content\/uploads\/2023\/11\/Hedera-helix-Richard-John.webp 839w\" sizes=\"(max-width: 300px) 100vw, 300px\" \/><\/div>\n\t\t<\/a>\n\t\t\t\t<div class=\"elementor-post__text\">\n\t\t\t\t<h3 class=\"elementor-post__title\">\n\t\t\t<a href=\"https:\/\/www.hedera-etc.com\/de\/product\/hedera-helix-golden-curl\/\" target=\"&quot;_blank&quot;\">\n\t\t\t\t<em>Hedera helix<\/em> &lsquo;Golden Curl&rsquo;\t\t\t<\/a>\n\t\t<\/h3>\n\t\t\t\t<div class=\"elementor-post__excerpt\">\n\t\t\t<p>Spektakul\u00e4res, leicht gekr\u00e4useltes, hellgr\u00fcn und grau gesprenkeltes Blatt mit einem gelben Rand und einem gr\u00fcnen Rand oder\t\t<\/div>\n\t\t\n\t\t<a class=\"elementor-post__read-more\" href=\"https:\/\/www.hedera-etc.com\/de\/product\/hedera-helix-golden-curl\/\" aria-label=\"Mehr \u00fcber &lt;em&gt;Hedera helix&lt;\/em&gt; &lsquo;Golden Curl&rsquo;\" tabindex=\"-1\" target=\"_blank\">\n\t\t\tWeiterlesen \u00bb\t\t<\/a>\n\n\t\t\t\t<\/div>\n\t\t\t\t<\/article>\n\t\t\t\t<article class=\"elementor-post elementor-grid-item post-1325 product type-product status-publish has-post-thumbnail product_cat-lierre entry has-media  instock purchasable product-type-variable has-default-attributes has-product-nav col span_1_of_4 owp-content-center item-entry owp-thumbs-layout-horizontal owp-btn-normal owp-tabs-layout-section\">\n\t\t\t\t<a class=\"elementor-post__thumbnail__link\" href=\"https:\/\/www.hedera-etc.com\/de\/product\/hedera-helix-sagittaefolia\/\" tabindex=\"-1\" target=\"&quot;_blank&quot;\">\n\t\t\t<div class=\"elementor-post__thumbnail\"><img loading=\"lazy\" decoding=\"async\" width=\"300\" height=\"228\" src=\"https:\/\/www.hedera-etc.com\/wp-content\/uploads\/2023\/11\/Hedera-helix-Sagittaefolia-300x228.webp\" class=\"attachment-medium size-medium wp-image-14216\" alt=\"Hedera helix &#039;Sagittaefolia&#039;\" srcset=\"https:\/\/www.hedera-etc.com\/wp-content\/uploads\/2023\/11\/Hedera-helix-Sagittaefolia-300x228.webp 300w, https:\/\/www.hedera-etc.com\/wp-content\/uploads\/2023\/11\/Hedera-helix-Sagittaefolia-768x584.webp 768w, https:\/\/www.hedera-etc.com\/wp-content\/uploads\/2023\/11\/Hedera-helix-Sagittaefolia.webp 888w\" sizes=\"(max-width: 300px) 100vw, 300px\" \/><\/div>\n\t\t<\/a>\n\t\t\t\t<div class=\"elementor-post__text\">\n\t\t\t\t<h3 class=\"elementor-post__title\">\n\t\t\t<a href=\"https:\/\/www.hedera-etc.com\/de\/product\/hedera-helix-sagittaefolia\/\" target=\"&quot;_blank&quot;\">\n\t\t\t\t<em>Hedera helix<\/em> &lsquo;Sagittaefolia&rsquo; &#8211; Zier-Efeu\t\t\t<\/a>\n\t\t<\/h3>\n\t\t\t\t<div class=\"elementor-post__excerpt\">\n\t\t\t<p>Winterharter, kr\u00e4ftiger Efeu, der als Bodendecker oder als Kletterpflanze verwendet werden kann, wenn eine St\u00fctze vorhanden ist. Eisenf\u00f6rmig eingeschnittenes Laub von\t\t<\/div>\n\t\t\n\t\t<a class=\"elementor-post__read-more\" href=\"https:\/\/www.hedera-etc.com\/de\/product\/hedera-helix-sagittaefolia\/\" aria-label=\"Mehr \u00fcber &lt;em&gt;Hedera helix&lt;\/em&gt; &lsquo;Sagittaefolia&rsquo; &#8211; Lierre d&rsquo;ornement\" tabindex=\"-1\" target=\"_blank\">\n\t\t\tWeiterlesen \u00bb\t\t<\/a>\n\n\t\t\t\t<\/div>\n\t\t\t\t<\/article>\n\t\t\t\t<article class=\"elementor-post elementor-grid-item post-1329 product type-product status-publish has-post-thumbnail product_cat-lierre entry has-media  instock purchasable product-type-variable has-default-attributes has-product-nav col span_1_of_4 owp-content-center item-entry owp-thumbs-layout-horizontal owp-btn-normal owp-tabs-layout-section has-no-thumbnails\">\n\t\t\t\t<a class=\"elementor-post__thumbnail__link\" href=\"https:\/\/www.hedera-etc.com\/de\/product\/hedera-helix-mini-sagittaefolia\/\" tabindex=\"-1\" target=\"&quot;_blank&quot;\">\n\t\t\t<div class=\"elementor-post__thumbnail\"><img loading=\"lazy\" decoding=\"async\" width=\"300\" height=\"225\" src=\"https:\/\/www.hedera-etc.com\/wp-content\/uploads\/2023\/11\/Hedera-helix-Mini-Sagittaefolia-300x225.webp\" class=\"attachment-medium size-medium wp-image-15336\" alt=\"Hedera helix &#039;Mini Sagittaefolia&#039;\" srcset=\"https:\/\/www.hedera-etc.com\/wp-content\/uploads\/2023\/11\/Hedera-helix-Mini-Sagittaefolia-300x225.webp 300w, https:\/\/www.hedera-etc.com\/wp-content\/uploads\/2023\/11\/Hedera-helix-Mini-Sagittaefolia-900x675.webp 900w, https:\/\/www.hedera-etc.com\/wp-content\/uploads\/2023\/11\/Hedera-helix-Mini-Sagittaefolia-768x576.webp 768w, https:\/\/www.hedera-etc.com\/wp-content\/uploads\/2023\/11\/Hedera-helix-Mini-Sagittaefolia.webp 1024w\" sizes=\"(max-width: 300px) 100vw, 300px\" \/><\/div>\n\t\t<\/a>\n\t\t\t\t<div class=\"elementor-post__text\">\n\t\t\t\t<h3 class=\"elementor-post__title\">\n\t\t\t<a href=\"https:\/\/www.hedera-etc.com\/de\/product\/hedera-helix-mini-sagittaefolia\/\" target=\"&quot;_blank&quot;\">\n\t\t\t\t<em>Hedera helix<\/em> &lsquo;Mini Sagittaefolia&rsquo; &#8211; Zier-Efeu\t\t\t<\/a>\n\t\t<\/h3>\n\t\t\t\t<div class=\"elementor-post__excerpt\">\n\t\t\t<p>Von Olivier Arcelus ausgew\u00e4hlte Mutation, die in seiner G\u00e4rtnerei aufgetreten ist.<\/p> <p>Im Vergleich zu seinem Elternteil, Bl\u00e4tter mit reduzierter Gr\u00f6\u00dfe 2\t\t<\/div>\n\t\t\n\t\t<a class=\"elementor-post__read-more\" href=\"https:\/\/www.hedera-etc.com\/de\/product\/hedera-helix-mini-sagittaefolia\/\" aria-label=\"Mehr \u00fcber &lt;em&gt;Hedera helix&lt;\/em&gt; &lsquo;Mini Sagittaefolia&rsquo; &#8211; Lierre d&rsquo;ornement\" tabindex=\"-1\" target=\"_blank\">\n\t\t\tWeiterlesen \u00bb\t\t<\/a>\n\n\t\t\t\t<\/div>\n\t\t\t\t<\/article>\n\t\t\t\t<article class=\"elementor-post elementor-grid-item post-1333 product type-product status-publish has-post-thumbnail product_cat-lierre entry has-media last instock purchasable product-type-variable has-default-attributes has-product-nav col span_1_of_4 owp-content-center item-entry owp-thumbs-layout-horizontal owp-btn-normal owp-tabs-layout-section has-no-thumbnails\">\n\t\t\t\t<a class=\"elementor-post__thumbnail__link\" href=\"https:\/\/www.hedera-etc.com\/de\/product\/hedera-helix-delta\/\" tabindex=\"-1\" target=\"&quot;_blank&quot;\">\n\t\t\t<div class=\"elementor-post__thumbnail\"><img loading=\"lazy\" decoding=\"async\" width=\"300\" height=\"225\" src=\"https:\/\/www.hedera-etc.com\/wp-content\/uploads\/2023\/11\/Hedera-helix-Delta-300x225.webp\" class=\"attachment-medium size-medium wp-image-1334\" alt=\"Hedera helix &#039;Delta&#039;\" srcset=\"https:\/\/www.hedera-etc.com\/wp-content\/uploads\/2023\/11\/Hedera-helix-Delta-300x225.webp 300w, https:\/\/www.hedera-etc.com\/wp-content\/uploads\/2023\/11\/Hedera-helix-Delta-900x675.webp 900w, https:\/\/www.hedera-etc.com\/wp-content\/uploads\/2023\/11\/Hedera-helix-Delta-768x576.webp 768w, https:\/\/www.hedera-etc.com\/wp-content\/uploads\/2023\/11\/Hedera-helix-Delta.webp 1024w\" sizes=\"(max-width: 300px) 100vw, 300px\" \/><\/div>\n\t\t<\/a>\n\t\t\t\t<div class=\"elementor-post__text\">\n\t\t\t\t<h3 class=\"elementor-post__title\">\n\t\t\t<a href=\"https:\/\/www.hedera-etc.com\/de\/product\/hedera-helix-delta\/\" target=\"&quot;_blank&quot;\">\n\t\t\t\t<em>Hedera helix<\/em> &lsquo;Delta&rsquo; &#8211; Zier-Efeu\t\t\t<\/a>\n\t\t<\/h3>\n\t\t\t\t<div class=\"elementor-post__excerpt\">\n\t\t\t<p>Gedrungener Bodendecker-Efeu mit gro\u00dfen, dreilappigen Bl\u00e4ttern, die breiter als lang sind.<\/p> <p>St\u00e4ngel stark verzweigt, mit kurzen Internodien. Blattspreite am\t\t<\/div>\n\t\t\n\t\t<a class=\"elementor-post__read-more\" href=\"https:\/\/www.hedera-etc.com\/de\/product\/hedera-helix-delta\/\" aria-label=\"Mehr \u00fcber &lt;em&gt;Hedera helix&lt;\/em&gt; &lsquo;Delta&rsquo; &#8211; Lierre d&rsquo;ornement\" tabindex=\"-1\" target=\"_blank\">\n\t\t\tWeiterlesen \u00bb\t\t<\/a>\n\n\t\t\t\t<\/div>\n\t\t\t\t<\/article>\n\t\t\t\t<article class=\"elementor-post elementor-grid-item post-1344 product type-product status-publish has-post-thumbnail product_cat-lierre entry has-media first instock purchasable product-type-variable has-default-attributes has-product-nav col span_1_of_4 owp-content-center item-entry owp-thumbs-layout-horizontal owp-btn-normal owp-tabs-layout-section\">\n\t\t\t\t<a class=\"elementor-post__thumbnail__link\" href=\"https:\/\/www.hedera-etc.com\/de\/product\/hedera-helix-sally\/\" tabindex=\"-1\" target=\"&quot;_blank&quot;\">\n\t\t\t<div class=\"elementor-post__thumbnail\"><img loading=\"lazy\" decoding=\"async\" width=\"300\" height=\"224\" src=\"https:\/\/www.hedera-etc.com\/wp-content\/uploads\/2023\/11\/Hedera-helix-Sally-300x224.webp\" class=\"attachment-medium size-medium wp-image-1345\" alt=\"Hedera helix &#039;Sally&#039;\" srcset=\"https:\/\/www.hedera-etc.com\/wp-content\/uploads\/2023\/11\/Hedera-helix-Sally-300x224.webp 300w, https:\/\/www.hedera-etc.com\/wp-content\/uploads\/2023\/11\/Hedera-helix-Sally-768x574.webp 768w, https:\/\/www.hedera-etc.com\/wp-content\/uploads\/2023\/11\/Hedera-helix-Sally.webp 800w\" sizes=\"(max-width: 300px) 100vw, 300px\" \/><\/div>\n\t\t<\/a>\n\t\t\t\t<div class=\"elementor-post__text\">\n\t\t\t\t<h3 class=\"elementor-post__title\">\n\t\t\t<a href=\"https:\/\/www.hedera-etc.com\/de\/product\/hedera-helix-sally\/\" target=\"&quot;_blank&quot;\">\n\t\t\t\t<em>Hedera helix<\/em> &lsquo;Sally&rsquo; &#8211; Zier-Efeu\t\t\t<\/a>\n\t\t<\/h3>\n\t\t\t\t<div class=\"elementor-post__excerpt\">\n\t\t\t<p>Zitronenfarbene Bl\u00e4tter mit mittelgr\u00fcnen Flecken und Sprenkeln, wenn sie jung sind, werden sie sp\u00e4ter gr\u00fcn.<\/p> <p>Kompakter Wuchs, kurze Internodien.<\/p> <p>Vermeiden\t\t<\/div>\n\t\t\n\t\t<a class=\"elementor-post__read-more\" href=\"https:\/\/www.hedera-etc.com\/de\/product\/hedera-helix-sally\/\" aria-label=\"Mehr \u00fcber &lt;em&gt;Hedera helix&lt;\/em&gt; &lsquo;Sally&rsquo; &#8211; Lierre d&rsquo;ornement\" tabindex=\"-1\" target=\"_blank\">\n\t\t\tWeiterlesen \u00bb\t\t<\/a>\n\n\t\t\t\t<\/div>\n\t\t\t\t<\/article>\n\t\t\t\t<article class=\"elementor-post elementor-grid-item post-1351 product type-product status-publish has-post-thumbnail product_cat-lierre entry has-media  instock purchasable product-type-variable has-default-attributes has-product-nav col span_1_of_4 owp-content-center item-entry owp-thumbs-layout-horizontal owp-btn-normal owp-tabs-layout-section has-no-thumbnails\">\n\t\t\t\t<a class=\"elementor-post__thumbnail__link\" href=\"https:\/\/www.hedera-etc.com\/de\/product\/hedera-helix-sarah\/\" tabindex=\"-1\" target=\"&quot;_blank&quot;\">\n\t\t\t<div class=\"elementor-post__thumbnail\"><img loading=\"lazy\" decoding=\"async\" width=\"300\" height=\"225\" src=\"https:\/\/www.hedera-etc.com\/wp-content\/uploads\/2023\/11\/Hedera-helix-Sara-300x225.webp\" class=\"attachment-medium size-medium wp-image-1352\" alt=\"Hedera helix &#039;Sarah&#039;\" srcset=\"https:\/\/www.hedera-etc.com\/wp-content\/uploads\/2023\/11\/Hedera-helix-Sara-300x225.webp 300w, https:\/\/www.hedera-etc.com\/wp-content\/uploads\/2023\/11\/Hedera-helix-Sara-900x675.webp 900w, https:\/\/www.hedera-etc.com\/wp-content\/uploads\/2023\/11\/Hedera-helix-Sara-768x576.webp 768w, https:\/\/www.hedera-etc.com\/wp-content\/uploads\/2023\/11\/Hedera-helix-Sara.webp 1024w\" sizes=\"(max-width: 300px) 100vw, 300px\" \/><\/div>\n\t\t<\/a>\n\t\t\t\t<div class=\"elementor-post__text\">\n\t\t\t\t<h3 class=\"elementor-post__title\">\n\t\t\t<a href=\"https:\/\/www.hedera-etc.com\/de\/product\/hedera-helix-sarah\/\" target=\"&quot;_blank&quot;\">\n\t\t\t\t<em>Hedera helix<\/em> &lsquo;Sarah&rsquo; &#8211; Zier-Efeu\t\t\t<\/a>\n\t\t<\/h3>\n\t\t\t\t<div class=\"elementor-post__excerpt\">\n\t\t\t<p>Efeu, der \u2018Glacier\u2019 \u00e4hnelt, aber breitere Bl\u00e4tter und k\u00fcrzere Internodien hat.<\/p> <p>Bl\u00e4tter zusammengesetzt aus 3\t\t<\/div>\n\t\t\n\t\t<a class=\"elementor-post__read-more\" href=\"https:\/\/www.hedera-etc.com\/de\/product\/hedera-helix-sarah\/\" aria-label=\"Mehr \u00fcber &lt;em&gt;Hedera helix&lt;\/em&gt; &lsquo;Sarah&rsquo; &#8211; Lierre d&rsquo;ornement\" tabindex=\"-1\" target=\"_blank\">\n\t\t\tWeiterlesen \u00bb\t\t<\/a>\n\n\t\t\t\t<\/div>\n\t\t\t\t<\/article>\n\t\t\t\t<article class=\"elementor-post elementor-grid-item post-1357 product type-product status-publish has-post-thumbnail product_cat-lierre entry has-media  instock purchasable product-type-variable has-default-attributes has-product-nav col span_1_of_4 owp-content-center item-entry owp-thumbs-layout-horizontal owp-btn-normal owp-tabs-layout-section\">\n\t\t\t\t<a class=\"elementor-post__thumbnail__link\" href=\"https:\/\/www.hedera-etc.com\/de\/product\/hedera-helix-schaefer-three\/\" tabindex=\"-1\" target=\"&quot;_blank&quot;\">\n\t\t\t<div class=\"elementor-post__thumbnail\"><img loading=\"lazy\" decoding=\"async\" width=\"300\" height=\"240\" src=\"https:\/\/www.hedera-etc.com\/wp-content\/uploads\/2023\/11\/Hedera-helix-Schaeffer-Three-300x240.webp\" class=\"attachment-medium size-medium wp-image-1358\" alt=\"Hedera helix &#039;Schaefer Three&#039;\" srcset=\"https:\/\/www.hedera-etc.com\/wp-content\/uploads\/2023\/11\/Hedera-helix-Schaeffer-Three-300x240.webp 300w, https:\/\/www.hedera-etc.com\/wp-content\/uploads\/2023\/11\/Hedera-helix-Schaeffer-Three-768x613.webp 768w, https:\/\/www.hedera-etc.com\/wp-content\/uploads\/2023\/11\/Hedera-helix-Schaeffer-Three.webp 800w\" sizes=\"(max-width: 300px) 100vw, 300px\" \/><\/div>\n\t\t<\/a>\n\t\t\t\t<div class=\"elementor-post__text\">\n\t\t\t\t<h3 class=\"elementor-post__title\">\n\t\t\t<a href=\"https:\/\/www.hedera-etc.com\/de\/product\/hedera-helix-schaefer-three\/\" target=\"&quot;_blank&quot;\">\n\t\t\t\t<em>Hedera helix<\/em> &lsquo;Schaefer Three&rsquo; &#8211; Zier-Efeu\t\t\t<\/a>\n\t\t<\/h3>\n\t\t\t\t<div class=\"elementor-post__excerpt\">\n\t\t\t<p>Mittelstarker, kletternder oder bodenbedeckender Efeu mit gl\u00e4nzenden, drei- oder f\u00fcnflappigen Bl\u00e4ttern.<\/p> <p>Panaschiertes Blatt mit Nuancen von\t\t<\/div>\n\t\t\n\t\t<a class=\"elementor-post__read-more\" href=\"https:\/\/www.hedera-etc.com\/de\/product\/hedera-helix-schaefer-three\/\" aria-label=\"Mehr \u00fcber &lt;em&gt;Hedera helix&lt;\/em&gt; &lsquo;Schaefer Three&rsquo; &#8211; Lierre d&rsquo;ornement\" tabindex=\"-1\" target=\"_blank\">\n\t\t\tWeiterlesen \u00bb\t\t<\/a>\n\n\t\t\t\t<\/div>\n\t\t\t\t<\/article>\n\t\t\t\t<article class=\"elementor-post elementor-grid-item post-1363 product type-product status-publish has-post-thumbnail product_cat-lierre entry has-media last instock purchasable product-type-variable has-default-attributes has-product-nav col span_1_of_4 owp-content-center item-entry owp-thumbs-layout-horizontal owp-btn-normal owp-tabs-layout-section\">\n\t\t\t\t<a class=\"elementor-post__thumbnail__link\" href=\"https:\/\/www.hedera-etc.com\/de\/product\/hedera-hibernica-scutifolia\/\" tabindex=\"-1\" target=\"&quot;_blank&quot;\">\n\t\t\t<div class=\"elementor-post__thumbnail\"><img loading=\"lazy\" decoding=\"async\" width=\"300\" height=\"224\" src=\"https:\/\/www.hedera-etc.com\/wp-content\/uploads\/2023\/11\/Hedera-helix-Scutifolia-300x224.webp\" class=\"attachment-medium size-medium wp-image-1364\" alt=\"Hedera hibernica &#039;Scutifolia&#039;\" srcset=\"https:\/\/www.hedera-etc.com\/wp-content\/uploads\/2023\/11\/Hedera-helix-Scutifolia-300x224.webp 300w, https:\/\/www.hedera-etc.com\/wp-content\/uploads\/2023\/11\/Hedera-helix-Scutifolia-768x574.webp 768w, https:\/\/www.hedera-etc.com\/wp-content\/uploads\/2023\/11\/Hedera-helix-Scutifolia.webp 800w\" sizes=\"(max-width: 300px) 100vw, 300px\" \/><\/div>\n\t\t<\/a>\n\t\t\t\t<div class=\"elementor-post__text\">\n\t\t\t\t<h3 class=\"elementor-post__title\">\n\t\t\t<a href=\"https:\/\/www.hedera-etc.com\/de\/product\/hedera-hibernica-scutifolia\/\" target=\"&quot;_blank&quot;\">\n\t\t\t\t<em>Hedera hibernica<\/em> &lsquo;Scutifolia&rsquo; &#8211; Zier-Efeu\t\t\t<\/a>\n\t\t<\/h3>\n\t\t\t\t<div class=\"elementor-post__excerpt\">\n\t\t\t<p>Dreieckiges Blatt, \u00e4hnlich wie \u2018Deltoidea\u2019, aber d\u00fcnnere St\u00e4ngel und Blattspreite, Blattspreite gl\u00e4nzender, Adern gr\u00fcn statt grau, Lappen\t\t<\/div>\n\t\t\n\t\t<a class=\"elementor-post__read-more\" href=\"https:\/\/www.hedera-etc.com\/de\/product\/hedera-hibernica-scutifolia\/\" aria-label=\"Mehr \u00fcber &lt;em&gt;Hedera hibernica&lt;\/em&gt; &lsquo;Scutifolia&rsquo; &#8211; Lierre d&rsquo;ornement\" tabindex=\"-1\" target=\"_blank\">\n\t\t\tWeiterlesen \u00bb\t\t<\/a>\n\n\t\t\t\t<\/div>\n\t\t\t\t<\/article>\n\t\t\t\t<article class=\"elementor-post elementor-grid-item post-1368 product type-product status-publish has-post-thumbnail product_cat-lierre entry has-media first instock purchasable product-type-variable has-default-attributes has-product-nav col span_1_of_4 owp-content-center item-entry owp-thumbs-layout-horizontal owp-btn-normal owp-tabs-layout-section\">\n\t\t\t\t<a class=\"elementor-post__thumbnail__link\" href=\"https:\/\/www.hedera-etc.com\/de\/product\/hedera-helix-sepia\/\" tabindex=\"-1\" target=\"&quot;_blank&quot;\">\n\t\t\t<div class=\"elementor-post__thumbnail\"><img loading=\"lazy\" decoding=\"async\" width=\"300\" height=\"225\" src=\"https:\/\/www.hedera-etc.com\/wp-content\/uploads\/2023\/11\/Hedera-helix-Sepia-300x225.webp\" class=\"attachment-medium size-medium wp-image-1369\" alt=\"Hedera helix &#039;Sepia&#039;\" srcset=\"https:\/\/www.hedera-etc.com\/wp-content\/uploads\/2023\/11\/Hedera-helix-Sepia-300x225.webp 300w, https:\/\/www.hedera-etc.com\/wp-content\/uploads\/2023\/11\/Hedera-helix-Sepia-768x575.webp 768w, https:\/\/www.hedera-etc.com\/wp-content\/uploads\/2023\/11\/Hedera-helix-Sepia.webp 800w\" sizes=\"(max-width: 300px) 100vw, 300px\" \/><\/div>\n\t\t<\/a>\n\t\t\t\t<div class=\"elementor-post__text\">\n\t\t\t\t<h3 class=\"elementor-post__title\">\n\t\t\t<a href=\"https:\/\/www.hedera-etc.com\/de\/product\/hedera-helix-sepia\/\" target=\"&quot;_blank&quot;\">\n\t\t\t\t<em>Hedera helix<\/em> &lsquo;Sepia&rsquo; &#8211; Zier-Efeu\t\t\t<\/a>\n\t\t<\/h3>\n\t\t\t\t<div class=\"elementor-post__excerpt\">\n\t\t\t<p>Gute Verzweigung, aber schwaches Wachstum der Jahrestriebe.<\/p> <p>Blatt meist ungelappt und ausnahmsweise dreilappig mit\t\t<\/div>\n\t\t\n\t\t<a class=\"elementor-post__read-more\" href=\"https:\/\/www.hedera-etc.com\/de\/product\/hedera-helix-sepia\/\" aria-label=\"Mehr \u00fcber &lt;em&gt;Hedera helix&lt;\/em&gt; &lsquo;Sepia&rsquo; &#8211; Lierre d&rsquo;ornement\" tabindex=\"-1\" target=\"_blank\">\n\t\t\tWeiterlesen \u00bb\t\t<\/a>\n\n\t\t\t\t<\/div>\n\t\t\t\t<\/article>\n\t\t\t\t<article class=\"elementor-post elementor-grid-item post-1376 product type-product status-publish has-post-thumbnail product_cat-lierre entry has-media  instock purchasable product-type-variable has-default-attributes has-product-nav col span_1_of_4 owp-content-center item-entry owp-thumbs-layout-horizontal owp-btn-normal owp-tabs-layout-section\">\n\t\t\t\t<a class=\"elementor-post__thumbnail__link\" href=\"https:\/\/www.hedera-etc.com\/de\/product\/hedera-helix-serenade\/\" tabindex=\"-1\" target=\"&quot;_blank&quot;\">\n\t\t\t<div class=\"elementor-post__thumbnail\"><img loading=\"lazy\" decoding=\"async\" width=\"300\" height=\"224\" src=\"https:\/\/www.hedera-etc.com\/wp-content\/uploads\/2023\/11\/Hedera-helix-Serenade-300x224.webp\" class=\"attachment-medium size-medium wp-image-1377\" alt=\"Hedera helix &#039;Serenade&#039;\" srcset=\"https:\/\/www.hedera-etc.com\/wp-content\/uploads\/2023\/11\/Hedera-helix-Serenade-300x224.webp 300w, https:\/\/www.hedera-etc.com\/wp-content\/uploads\/2023\/11\/Hedera-helix-Serenade-768x574.webp 768w, https:\/\/www.hedera-etc.com\/wp-content\/uploads\/2023\/11\/Hedera-helix-Serenade.webp 800w\" sizes=\"(max-width: 300px) 100vw, 300px\" \/><\/div>\n\t\t<\/a>\n\t\t\t\t<div class=\"elementor-post__text\">\n\t\t\t\t<h3 class=\"elementor-post__title\">\n\t\t\t<a href=\"https:\/\/www.hedera-etc.com\/de\/product\/hedera-helix-serenade\/\" target=\"&quot;_blank&quot;\">\n\t\t\t\t<em>Hedera helix<\/em> &lsquo;Serenade&rsquo; &#8211; Zier-Efeu\t\t\t<\/a>\n\t\t<\/h3>\n\t\t\t\t<div class=\"elementor-post__excerpt\">\n\t\t\t<p>Eine Sorte mit kompaktem Wuchs und schnellem Wachstum.<\/p> <p>Ein eher kleines Blatt, das aus 5 Lappen mit leicht abgerundeten Enden besteht. Blattspreite\t\t<\/div>\n\t\t\n\t\t<a class=\"elementor-post__read-more\" href=\"https:\/\/www.hedera-etc.com\/de\/product\/hedera-helix-serenade\/\" aria-label=\"Mehr \u00fcber &lt;em&gt;Hedera helix&lt;\/em&gt; &lsquo;Serenade&rsquo; &#8211; Lierre d&rsquo;ornement\" tabindex=\"-1\" target=\"_blank\">\n\t\t\tWeiterlesen \u00bb\t\t<\/a>\n\n\t\t\t\t<\/div>\n\t\t\t\t<\/article>\n\t\t\t\t<article class=\"elementor-post elementor-grid-item post-1383 product type-product status-publish has-post-thumbnail product_cat-lierre entry has-media  instock purchasable product-type-variable has-default-attributes has-product-nav col span_1_of_4 owp-content-center item-entry owp-thumbs-layout-horizontal owp-btn-normal owp-tabs-layout-section has-no-thumbnails\">\n\t\t\t\t<a class=\"elementor-post__thumbnail__link\" href=\"https:\/\/www.hedera-etc.com\/de\/product\/hedera-helix-shamrock\/\" tabindex=\"-1\" target=\"&quot;_blank&quot;\">\n\t\t\t<div class=\"elementor-post__thumbnail\"><img loading=\"lazy\" decoding=\"async\" width=\"300\" height=\"240\" src=\"https:\/\/www.hedera-etc.com\/wp-content\/uploads\/2023\/11\/Hedera-helix-Shamrock-300x240.webp\" class=\"attachment-medium size-medium wp-image-1384\" alt=\"Hedera helix &#039;Shamrock&#039;\" srcset=\"https:\/\/www.hedera-etc.com\/wp-content\/uploads\/2023\/11\/Hedera-helix-Shamrock-300x240.webp 300w, https:\/\/www.hedera-etc.com\/wp-content\/uploads\/2023\/11\/Hedera-helix-Shamrock-768x614.webp 768w, https:\/\/www.hedera-etc.com\/wp-content\/uploads\/2023\/11\/Hedera-helix-Shamrock.webp 787w\" sizes=\"(max-width: 300px) 100vw, 300px\" \/><\/div>\n\t\t<\/a>\n\t\t\t\t<div class=\"elementor-post__text\">\n\t\t\t\t<h3 class=\"elementor-post__title\">\n\t\t\t<a href=\"https:\/\/www.hedera-etc.com\/de\/product\/hedera-helix-shamrock\/\" target=\"&quot;_blank&quot;\">\n\t\t\t\t<em>Hedera helix<\/em> &lsquo;Shamrock&rsquo; &#8211; Zier-Efeu\t\t\t<\/a>\n\t\t<\/h3>\n\t\t\t\t<div class=\"elementor-post__excerpt\">\n\t\t\t<p>Kleine, 2 x 3 cm gro\u00dfe Bl\u00e4tter mit drei abgerundeten Lappen, wobei die beiden seitlichen sich \u00fcber den Lappen legen.\t\t<\/div>\n\t\t\n\t\t<a class=\"elementor-post__read-more\" href=\"https:\/\/www.hedera-etc.com\/de\/product\/hedera-helix-shamrock\/\" aria-label=\"Mehr \u00fcber &lt;em&gt;Hedera helix&lt;\/em&gt; &lsquo;Shamrock&rsquo; &#8211; Lierre d&rsquo;ornement\" tabindex=\"-1\" target=\"_blank\">\n\t\t\tWeiterlesen \u00bb\t\t<\/a>\n\n\t\t\t\t<\/div>\n\t\t\t\t<\/article>\n\t\t\t\t<article class=\"elementor-post elementor-grid-item post-1390 product type-product status-publish has-post-thumbnail product_cat-lierre entry has-media last instock purchasable product-type-variable has-default-attributes has-product-nav col span_1_of_4 owp-content-center item-entry owp-thumbs-layout-horizontal owp-btn-normal owp-tabs-layout-section\">\n\t\t\t\t<a class=\"elementor-post__thumbnail__link\" href=\"https:\/\/www.hedera-etc.com\/de\/product\/hedera-helix-shannon\/\" tabindex=\"-1\" target=\"&quot;_blank&quot;\">\n\t\t\t<div class=\"elementor-post__thumbnail\"><img loading=\"lazy\" decoding=\"async\" width=\"300\" height=\"225\" src=\"https:\/\/www.hedera-etc.com\/wp-content\/uploads\/2023\/11\/Hedera-helix-Shannon-300x225.webp\" class=\"attachment-medium size-medium wp-image-1391\" alt=\"Hedera helix &#039;Shannon&#039;\" srcset=\"https:\/\/www.hedera-etc.com\/wp-content\/uploads\/2023\/11\/Hedera-helix-Shannon-300x225.webp 300w, https:\/\/www.hedera-etc.com\/wp-content\/uploads\/2023\/11\/Hedera-helix-Shannon-768x576.webp 768w, https:\/\/www.hedera-etc.com\/wp-content\/uploads\/2023\/11\/Hedera-helix-Shannon.webp 839w\" sizes=\"(max-width: 300px) 100vw, 300px\" \/><\/div>\n\t\t<\/a>\n\t\t\t\t<div class=\"elementor-post__text\">\n\t\t\t\t<h3 class=\"elementor-post__title\">\n\t\t\t<a href=\"https:\/\/www.hedera-etc.com\/de\/product\/hedera-helix-shannon\/\" target=\"&quot;_blank&quot;\">\n\t\t\t\t<em>Hedera helix<\/em> &lsquo;Shannon&rsquo; &#8211; Zier-Efeu\t\t\t<\/a>\n\t\t<\/h3>\n\t\t\t\t<div class=\"elementor-post__excerpt\">\n\t\t\t<p>Das Blatt besteht aus 3 bis 5 Lappen, die so tief geteilt sind, dass man sie f\u00fcr Fiederbl\u00e4ttchen halten k\u00f6nnte. Basis der\t\t<\/div>\n\t\t\n\t\t<a class=\"elementor-post__read-more\" href=\"https:\/\/www.hedera-etc.com\/de\/product\/hedera-helix-shannon\/\" aria-label=\"Mehr \u00fcber &lt;em&gt;Hedera helix&lt;\/em&gt; &lsquo;Shannon&rsquo; &#8211; Lierre d&rsquo;ornement\" tabindex=\"-1\" target=\"_blank\">\n\t\t\tWeiterlesen \u00bb\t\t<\/a>\n\n\t\t\t\t<\/div>\n\t\t\t\t<\/article>\n\t\t\t\t<article class=\"elementor-post elementor-grid-item post-1396 product type-product status-publish has-post-thumbnail product_cat-lierre entry has-media first instock purchasable product-type-variable has-default-attributes has-product-nav col span_1_of_4 owp-content-center item-entry owp-thumbs-layout-horizontal owp-btn-normal owp-tabs-layout-section\">\n\t\t\t\t<a class=\"elementor-post__thumbnail__link\" href=\"https:\/\/www.hedera-etc.com\/de\/product\/hedera-x-soroksarensis-silbermowe\/\" tabindex=\"-1\" target=\"&quot;_blank&quot;\">\n\t\t\t<div class=\"elementor-post__thumbnail\"><img loading=\"lazy\" decoding=\"async\" width=\"300\" height=\"200\" src=\"https:\/\/www.hedera-etc.com\/wp-content\/uploads\/2023\/11\/Hedera-x-soroksarensis-Silbermove-300x200.webp\" class=\"attachment-medium size-medium wp-image-14172\" alt=\"Hedera x soroksarensis &#039;Silberm\u00f6we&#039;\" srcset=\"https:\/\/www.hedera-etc.com\/wp-content\/uploads\/2023\/11\/Hedera-x-soroksarensis-Silbermove-300x200.webp 300w, https:\/\/www.hedera-etc.com\/wp-content\/uploads\/2023\/11\/Hedera-x-soroksarensis-Silbermove-900x599.webp 900w, https:\/\/www.hedera-etc.com\/wp-content\/uploads\/2023\/11\/Hedera-x-soroksarensis-Silbermove-768x511.webp 768w, https:\/\/www.hedera-etc.com\/wp-content\/uploads\/2023\/11\/Hedera-x-soroksarensis-Silbermove.webp 1015w\" sizes=\"(max-width: 300px) 100vw, 300px\" \/><\/div>\n\t\t<\/a>\n\t\t\t\t<div class=\"elementor-post__text\">\n\t\t\t\t<h3 class=\"elementor-post__title\">\n\t\t\t<a href=\"https:\/\/www.hedera-etc.com\/de\/product\/hedera-x-soroksarensis-silbermowe\/\" target=\"&quot;_blank&quot;\">\n\t\t\t\t<em>Hedera x<\/em> soroksarensis &lsquo;Silberm\u00f6we&rsquo; &#8211; Zier-Efeu\t\t\t<\/a>\n\t\t<\/h3>\n\t\t\t\t<div class=\"elementor-post__excerpt\">\n\t\t\t<p>Breite, dreieckige Bl\u00e4tter mit 3 wenig ausgepr\u00e4gten Lappen.<\/p> <p>Hellgr\u00fcne, silbergrau und wei\u00df gefleckte Blattspreite mit\t\t<\/div>\n\t\t\n\t\t<a class=\"elementor-post__read-more\" href=\"https:\/\/www.hedera-etc.com\/de\/product\/hedera-x-soroksarensis-silbermowe\/\" aria-label=\"Mehr \u00fcber &lt;em&gt;Hedera x&lt;\/em&gt; soroksarensis \u2018Silberm\u00f6we\u2019 \u2013 Zier-Efeu\" tabindex=\"-1\" target=\"_blank\">\n\t\t\tWeiterlesen \u00bb\t\t<\/a>\n\n\t\t\t\t<\/div>\n\t\t\t\t<\/article>\n\t\t\t\t<article class=\"elementor-post elementor-grid-item post-1401 product type-product status-publish has-post-thumbnail product_cat-lierre entry has-media  instock purchasable product-type-variable has-default-attributes has-product-nav col span_1_of_4 owp-content-center item-entry owp-thumbs-layout-horizontal owp-btn-normal owp-tabs-layout-section\">\n\t\t\t\t<a class=\"elementor-post__thumbnail__link\" href=\"https:\/\/www.hedera-etc.com\/de\/product\/hedera-helix-silver-butterflies\/\" tabindex=\"-1\" target=\"&quot;_blank&quot;\">\n\t\t\t<div class=\"elementor-post__thumbnail\"><img loading=\"lazy\" decoding=\"async\" width=\"300\" height=\"225\" src=\"https:\/\/www.hedera-etc.com\/wp-content\/uploads\/2023\/11\/Hedera-helix-Silver-Butterfly-300x225.webp\" class=\"attachment-medium size-medium wp-image-1404\" alt=\"Hedera helix &#039;Silver Butterfly&#039;\" srcset=\"https:\/\/www.hedera-etc.com\/wp-content\/uploads\/2023\/11\/Hedera-helix-Silver-Butterfly-300x225.webp 300w, https:\/\/www.hedera-etc.com\/wp-content\/uploads\/2023\/11\/Hedera-helix-Silver-Butterfly-768x575.webp 768w, https:\/\/www.hedera-etc.com\/wp-content\/uploads\/2023\/11\/Hedera-helix-Silver-Butterfly.webp 800w\" sizes=\"(max-width: 300px) 100vw, 300px\" \/><\/div>\n\t\t<\/a>\n\t\t\t\t<div class=\"elementor-post__text\">\n\t\t\t\t<h3 class=\"elementor-post__title\">\n\t\t\t<a href=\"https:\/\/www.hedera-etc.com\/de\/product\/hedera-helix-silver-butterflies\/\" target=\"&quot;_blank&quot;\">\n\t\t\t\t<em>Hedera helix<\/em> &lsquo;Silver Butterflies&rsquo; &#8211; Zier-Efeu\t\t\t<\/a>\n\t\t<\/h3>\n\t\t\t\t<div class=\"elementor-post__excerpt\">\n\t\t\t<p>Kletternd, stark verzweigt, aber mit einem blattarmen Aussehen, da die Internodien lang sind.<\/p> <p>Asymmetrische Bl\u00e4tter, die aus 3 bis 5 Lappen bestehen\t\t<\/div>\n\t\t\n\t\t<a class=\"elementor-post__read-more\" href=\"https:\/\/www.hedera-etc.com\/de\/product\/hedera-helix-silver-butterflies\/\" aria-label=\"Mehr \u00fcber &lt;em&gt;Hedera helix&lt;\/em&gt; &lsquo;Silver Butterflies&rsquo; &#8211; Lierre d&rsquo;ornement\" tabindex=\"-1\" target=\"_blank\">\n\t\t\tWeiterlesen \u00bb\t\t<\/a>\n\n\t\t\t\t<\/div>\n\t\t\t\t<\/article>\n\t\t\t\t<article class=\"elementor-post elementor-grid-item post-1410 product type-product status-publish has-post-thumbnail product_cat-lierre entry has-media  instock purchasable product-type-variable has-default-attributes has-product-nav col span_1_of_4 owp-content-center item-entry owp-thumbs-layout-horizontal owp-btn-normal owp-tabs-layout-section\">\n\t\t\t\t<a class=\"elementor-post__thumbnail__link\" href=\"https:\/\/www.hedera-etc.com\/de\/product\/hedera-helix-silver-emblem\/\" tabindex=\"-1\" target=\"&quot;_blank&quot;\">\n\t\t\t<div class=\"elementor-post__thumbnail\"><img loading=\"lazy\" decoding=\"async\" width=\"300\" height=\"225\" src=\"https:\/\/www.hedera-etc.com\/wp-content\/uploads\/2023\/11\/Hedera-helix-Silver-Emblem-300x225.webp\" class=\"attachment-medium size-medium wp-image-1411\" alt=\"Hedera helix &#039;Silver Emblem&#039;\" srcset=\"https:\/\/www.hedera-etc.com\/wp-content\/uploads\/2023\/11\/Hedera-helix-Silver-Emblem-300x225.webp 300w, https:\/\/www.hedera-etc.com\/wp-content\/uploads\/2023\/11\/Hedera-helix-Silver-Emblem-768x576.webp 768w, https:\/\/www.hedera-etc.com\/wp-content\/uploads\/2023\/11\/Hedera-helix-Silver-Emblem.webp 839w\" sizes=\"(max-width: 300px) 100vw, 300px\" \/><\/div>\n\t\t<\/a>\n\t\t\t\t<div class=\"elementor-post__text\">\n\t\t\t\t<h3 class=\"elementor-post__title\">\n\t\t\t<a href=\"https:\/\/www.hedera-etc.com\/de\/product\/hedera-helix-silver-emblem\/\" target=\"&quot;_blank&quot;\">\n\t\t\t\t<em>Hedera helix<\/em> &lsquo;Silver Emblem&rsquo; &#8211; Zier-Efeu\t\t\t<\/a>\n\t\t<\/h3>\n\t\t\t\t<div class=\"elementor-post__excerpt\">\n\t\t\t<p>Wenig verzweigte Sorte. Lange St\u00e4ngel mit langen Internodien, die dicke, dreilappige, manchmal auch f\u00fcnflappige Bl\u00e4tter tragen, von 3\t\t<\/div>\n\t\t\n\t\t<a class=\"elementor-post__read-more\" href=\"https:\/\/www.hedera-etc.com\/de\/product\/hedera-helix-silver-emblem\/\" aria-label=\"Mehr \u00fcber &lt;em&gt;Hedera helix&lt;\/em&gt; &lsquo;Silver Emblem&rsquo; &#8211; Lierre d&rsquo;ornement\" tabindex=\"-1\" target=\"_blank\">\n\t\t\tWeiterlesen \u00bb\t\t<\/a>\n\n\t\t\t\t<\/div>\n\t\t\t\t<\/article>\n\t\t\t\t<article class=\"elementor-post elementor-grid-item post-1415 product type-product status-publish has-post-thumbnail product_cat-lierre entry has-media last instock purchasable product-type-variable has-default-attributes has-product-nav col span_1_of_4 owp-content-center item-entry owp-thumbs-layout-horizontal owp-btn-normal owp-tabs-layout-section has-no-thumbnails\">\n\t\t\t\t<a class=\"elementor-post__thumbnail__link\" href=\"https:\/\/www.hedera-etc.com\/de\/product\/hedera-helix-silver-ferney\/\" tabindex=\"-1\" target=\"&quot;_blank&quot;\">\n\t\t\t<div class=\"elementor-post__thumbnail\"><img loading=\"lazy\" decoding=\"async\" width=\"300\" height=\"225\" src=\"https:\/\/www.hedera-etc.com\/wp-content\/uploads\/2023\/11\/Hedera-helix-Silver-Ferney-300x225.webp\" class=\"attachment-medium size-medium wp-image-1416\" alt=\"Hedera helix &#039;Silver Ferney&#039;\" srcset=\"https:\/\/www.hedera-etc.com\/wp-content\/uploads\/2023\/11\/Hedera-helix-Silver-Ferney-300x225.webp 300w, https:\/\/www.hedera-etc.com\/wp-content\/uploads\/2023\/11\/Hedera-helix-Silver-Ferney-768x575.webp 768w, https:\/\/www.hedera-etc.com\/wp-content\/uploads\/2023\/11\/Hedera-helix-Silver-Ferney.webp 800w\" sizes=\"(max-width: 300px) 100vw, 300px\" \/><\/div>\n\t\t<\/a>\n\t\t\t\t<div class=\"elementor-post__text\">\n\t\t\t\t<h3 class=\"elementor-post__title\">\n\t\t\t<a href=\"https:\/\/www.hedera-etc.com\/de\/product\/hedera-helix-silver-ferney\/\" target=\"&quot;_blank&quot;\">\n\t\t\t\t<em>Hedera helix<\/em> &lsquo;Silver Ferney&rsquo; &#8211; Zier-Efeu\t\t\t<\/a>\n\t\t<\/h3>\n\t\t\t\t<div class=\"elementor-post__excerpt\">\n\t\t\t<p>Kompakter, dichter, gut verzweigter Busch, der kleine, silbrig aussehende Bl\u00e4tter tr\u00e4gt.<\/p> <p>Besteht aus 3 bis 5 spitzen Lappen. Gr\u00fcne Blattspreite\t\t<\/div>\n\t\t\n\t\t<a class=\"elementor-post__read-more\" href=\"https:\/\/www.hedera-etc.com\/de\/product\/hedera-helix-silver-ferney\/\" aria-label=\"Mehr \u00fcber &lt;em&gt;Hedera helix&lt;\/em&gt; &lsquo;Silver Ferney&rsquo; &#8211; Lierre d&rsquo;ornement\" tabindex=\"-1\" target=\"_blank\">\n\t\t\tWeiterlesen \u00bb\t\t<\/a>\n\n\t\t\t\t<\/div>\n\t\t\t\t<\/article>\n\t\t\t\t<article class=\"elementor-post elementor-grid-item post-1422 product type-product status-publish has-post-thumbnail product_cat-lierre entry has-media first instock purchasable product-type-variable has-default-attributes has-product-nav col span_1_of_4 owp-content-center item-entry owp-thumbs-layout-horizontal owp-btn-normal owp-tabs-layout-section has-no-thumbnails\">\n\t\t\t\t<a class=\"elementor-post__thumbnail__link\" href=\"https:\/\/www.hedera-etc.com\/de\/product\/hedera-helix-silver-queen\/\" tabindex=\"-1\" target=\"&quot;_blank&quot;\">\n\t\t\t<div class=\"elementor-post__thumbnail\"><img loading=\"lazy\" decoding=\"async\" width=\"300\" height=\"225\" src=\"https:\/\/www.hedera-etc.com\/wp-content\/uploads\/2023\/11\/Hedera-helix-Silver-Queen-300x225.webp\" class=\"attachment-medium size-medium wp-image-15286\" alt=\"Hedera helix &#039;Silver Queen&#039;\" srcset=\"https:\/\/www.hedera-etc.com\/wp-content\/uploads\/2023\/11\/Hedera-helix-Silver-Queen-300x225.webp 300w, https:\/\/www.hedera-etc.com\/wp-content\/uploads\/2023\/11\/Hedera-helix-Silver-Queen-900x674.webp 900w, https:\/\/www.hedera-etc.com\/wp-content\/uploads\/2023\/11\/Hedera-helix-Silver-Queen-768x575.webp 768w, https:\/\/www.hedera-etc.com\/wp-content\/uploads\/2023\/11\/Hedera-helix-Silver-Queen.webp 902w\" sizes=\"(max-width: 300px) 100vw, 300px\" \/><\/div>\n\t\t<\/a>\n\t\t\t\t<div class=\"elementor-post__text\">\n\t\t\t\t<h3 class=\"elementor-post__title\">\n\t\t\t<a href=\"https:\/\/www.hedera-etc.com\/de\/product\/hedera-helix-silver-queen\/\" target=\"&quot;_blank&quot;\">\n\t\t\t\t<em>Hedera helix<\/em> &lsquo;Silver Queen&rsquo; &#8211; Zier-Efeu\t\t\t<\/a>\n\t\t<\/h3>\n\t\t\t\t<div class=\"elementor-post__excerpt\">\n\t\t\t<p>Graugr\u00fcne Bl\u00e4tter mit cremewei\u00dfen R\u00e4ndern.<\/p> <p>Bl\u00e4tter bestehen aus 3 Lappen. Die Basis ist herzf\u00f6rmig. Laub f\u00e4rbt sich rosa\t\t<\/div>\n\t\t\n\t\t<a class=\"elementor-post__read-more\" href=\"https:\/\/www.hedera-etc.com\/de\/product\/hedera-helix-silver-queen\/\" aria-label=\"Mehr \u00fcber &lt;em&gt;Hedera helix&lt;\/em&gt; &lsquo;Silver Queen&rsquo; &#8211; Lierre d&rsquo;ornement\" tabindex=\"-1\" target=\"_blank\">\n\t\t\tWeiterlesen \u00bb\t\t<\/a>\n\n\t\t\t\t<\/div>\n\t\t\t\t<\/article>\n\t\t\t\t<article class=\"elementor-post elementor-grid-item post-1427 product type-product status-publish has-post-thumbnail product_cat-lierre entry has-media  instock purchasable product-type-variable has-default-attributes has-product-nav col span_1_of_4 owp-content-center item-entry owp-thumbs-layout-horizontal owp-btn-normal owp-tabs-layout-section\">\n\t\t\t\t<a class=\"elementor-post__thumbnail__link\" href=\"https:\/\/www.hedera-etc.com\/de\/product\/hedera-helix-small-deal\/\" tabindex=\"-1\" target=\"&quot;_blank&quot;\">\n\t\t\t<div class=\"elementor-post__thumbnail\"><img loading=\"lazy\" decoding=\"async\" width=\"300\" height=\"240\" src=\"https:\/\/www.hedera-etc.com\/wp-content\/uploads\/2023\/11\/Hedera-helix-Small-Deal-300x240.webp\" class=\"attachment-medium size-medium wp-image-1428\" alt=\"Hedera helix &#039;Small Deal&#039;\" srcset=\"https:\/\/www.hedera-etc.com\/wp-content\/uploads\/2023\/11\/Hedera-helix-Small-Deal-300x240.webp 300w, https:\/\/www.hedera-etc.com\/wp-content\/uploads\/2023\/11\/Hedera-helix-Small-Deal-768x614.webp 768w, https:\/\/www.hedera-etc.com\/wp-content\/uploads\/2023\/11\/Hedera-helix-Small-Deal.webp 787w\" sizes=\"(max-width: 300px) 100vw, 300px\" \/><\/div>\n\t\t<\/a>\n\t\t\t\t<div class=\"elementor-post__text\">\n\t\t\t\t<h3 class=\"elementor-post__title\">\n\t\t\t<a href=\"https:\/\/www.hedera-etc.com\/de\/product\/hedera-helix-small-deal\/\" target=\"&quot;_blank&quot;\">\n\t\t\t\t<em>Hedera helix<\/em> &lsquo;Small Deal&rsquo; &#8211; Zier-Efeu\t\t\t<\/a>\n\t\t<\/h3>\n\t\t\t\t<div class=\"elementor-post__excerpt\">\n\t\t\t<p>Fasziensorte, die keine zwei identischen Bl\u00e4tter hat. Die Bl\u00e4tter k\u00f6nnen 5-11 Lappen haben und 4-4 cm lang sein.\t\t<\/div>\n\t\t\n\t\t<a class=\"elementor-post__read-more\" href=\"https:\/\/www.hedera-etc.com\/de\/product\/hedera-helix-small-deal\/\" aria-label=\"Mehr \u00fcber &lt;em&gt;Hedera helix&lt;\/em&gt; &lsquo;Small Deal&rsquo; &#8211; Lierre d&rsquo;ornement\" tabindex=\"-1\" target=\"_blank\">\n\t\t\tWeiterlesen \u00bb\t\t<\/a>\n\n\t\t\t\t<\/div>\n\t\t\t\t<\/article>\n\t\t\t\t<article class=\"elementor-post elementor-grid-item post-1432 product type-product status-publish has-post-thumbnail product_cat-lierre entry has-media  instock purchasable product-type-variable has-default-attributes has-product-nav col span_1_of_4 owp-content-center item-entry owp-thumbs-layout-horizontal owp-btn-normal owp-tabs-layout-section\">\n\t\t\t\t<a class=\"elementor-post__thumbnail__link\" href=\"https:\/\/www.hedera-etc.com\/de\/product\/hedera-helix-smaryll\/\" tabindex=\"-1\" target=\"&quot;_blank&quot;\">\n\t\t\t<div class=\"elementor-post__thumbnail\"><img loading=\"lazy\" decoding=\"async\" width=\"300\" height=\"226\" src=\"https:\/\/www.hedera-etc.com\/wp-content\/uploads\/2023\/11\/Hedera-helix-Smaryll-300x226.webp\" class=\"attachment-medium size-medium wp-image-14148\" alt=\"Hedera helix &#039;Smaryll&#039;\" srcset=\"https:\/\/www.hedera-etc.com\/wp-content\/uploads\/2023\/11\/Hedera-helix-Smaryll-300x226.webp 300w, https:\/\/www.hedera-etc.com\/wp-content\/uploads\/2023\/11\/Hedera-helix-Smaryll-768x579.webp 768w, https:\/\/www.hedera-etc.com\/wp-content\/uploads\/2023\/11\/Hedera-helix-Smaryll.webp 895w\" sizes=\"(max-width: 300px) 100vw, 300px\" \/><\/div>\n\t\t<\/a>\n\t\t\t\t<div class=\"elementor-post__text\">\n\t\t\t\t<h3 class=\"elementor-post__title\">\n\t\t\t<a href=\"https:\/\/www.hedera-etc.com\/de\/product\/hedera-helix-smaryll\/\" target=\"&quot;_blank&quot;\">\n\t\t\t\t<em>Hedera helix<\/em> &lsquo;Smaryll&rsquo; &#8211; Zier-Efeu\t\t\t<\/a>\n\t\t<\/h3>\n\t\t\t\t<div class=\"elementor-post__excerpt\">\n\t\t\t<p>Gedrungene Sorte mit mittel- bis hellgr\u00fcnem Laub.<\/p> <p>Bl\u00e4tter bestehen aus 3 deutlichen Lappen, die ziemlich breit sind. Basis le\t\t<\/div>\n\t\t\n\t\t<a class=\"elementor-post__read-more\" href=\"https:\/\/www.hedera-etc.com\/de\/product\/hedera-helix-smaryll\/\" aria-label=\"Mehr \u00fcber &lt;em&gt;Hedera helix&lt;\/em&gt; &lsquo;Smaryll&rsquo; &#8211; Lierre d&rsquo;ornement\" tabindex=\"-1\" target=\"_blank\">\n\t\t\tWeiterlesen \u00bb\t\t<\/a>\n\n\t\t\t\t<\/div>\n\t\t\t\t<\/article>\n\t\t\t\t<article class=\"elementor-post elementor-grid-item post-1437 product type-product status-publish has-post-thumbnail product_cat-lierre entry has-media last instock purchasable product-type-variable has-default-attributes has-product-nav col span_1_of_4 owp-content-center item-entry owp-thumbs-layout-horizontal owp-btn-normal owp-tabs-layout-section\">\n\t\t\t\t<a class=\"elementor-post__thumbnail__link\" href=\"https:\/\/www.hedera-etc.com\/de\/product\/hedera-helix-smithii\/\" tabindex=\"-1\" target=\"&quot;_blank&quot;\">\n\t\t\t<div class=\"elementor-post__thumbnail\"><img loading=\"lazy\" decoding=\"async\" width=\"300\" height=\"225\" src=\"https:\/\/www.hedera-etc.com\/wp-content\/uploads\/2023\/11\/Hedera-helix-Smithii_2-300x225.webp\" class=\"attachment-medium size-medium wp-image-1438\" alt=\"Hedera helix &#039;Smithii&#039;\" srcset=\"https:\/\/www.hedera-etc.com\/wp-content\/uploads\/2023\/11\/Hedera-helix-Smithii_2-300x225.webp 300w, https:\/\/www.hedera-etc.com\/wp-content\/uploads\/2023\/11\/Hedera-helix-Smithii_2-768x575.webp 768w, https:\/\/www.hedera-etc.com\/wp-content\/uploads\/2023\/11\/Hedera-helix-Smithii_2.webp 800w\" sizes=\"(max-width: 300px) 100vw, 300px\" \/><\/div>\n\t\t<\/a>\n\t\t\t\t<div class=\"elementor-post__text\">\n\t\t\t\t<h3 class=\"elementor-post__title\">\n\t\t\t<a href=\"https:\/\/www.hedera-etc.com\/de\/product\/hedera-helix-smithii\/\" target=\"&quot;_blank&quot;\">\n\t\t\t\t<em>Hedera helix<\/em> &lsquo;Smithii&rsquo; &#8211; Zier-Efeu\t\t\t<\/a>\n\t\t<\/h3>\n\t\t\t\t<div class=\"elementor-post__excerpt\">\n\t\t\t<p>Sorte, die in Form und Trieben \u2018Baccifer\u2019 \u00e4hnlich ist. Nur das juvenile Laub weist einen Unterschied auf, indem es\t\t<\/div>\n\t\t\n\t\t<a class=\"elementor-post__read-more\" href=\"https:\/\/www.hedera-etc.com\/de\/product\/hedera-helix-smithii\/\" aria-label=\"Mehr \u00fcber &lt;em&gt;Hedera helix&lt;\/em&gt; &lsquo;Smithii&rsquo; &#8211; Lierre d&rsquo;ornement\" tabindex=\"-1\" target=\"_blank\">\n\t\t\tWeiterlesen \u00bb\t\t<\/a>\n\n\t\t\t\t<\/div>\n\t\t\t\t<\/article>\n\t\t\t\t<article class=\"elementor-post elementor-grid-item post-1444 product type-product status-publish has-post-thumbnail product_cat-lierre entry has-media first instock purchasable product-type-variable has-default-attributes has-product-nav col span_1_of_4 owp-content-center item-entry owp-thumbs-layout-horizontal owp-btn-normal owp-tabs-layout-section has-no-thumbnails\">\n\t\t\t\t<a class=\"elementor-post__thumbnail__link\" href=\"https:\/\/www.hedera-etc.com\/de\/product\/hedera-helix-sonja\/\" tabindex=\"-1\" target=\"&quot;_blank&quot;\">\n\t\t\t<div class=\"elementor-post__thumbnail\"><img loading=\"lazy\" decoding=\"async\" width=\"300\" height=\"200\" src=\"https:\/\/www.hedera-etc.com\/wp-content\/uploads\/2023\/11\/Hedera-helix-Sonja-300x200.webp\" class=\"attachment-medium size-medium wp-image-1445\" alt=\"Hedera helix &#039;Sonja&#039;\" srcset=\"https:\/\/www.hedera-etc.com\/wp-content\/uploads\/2023\/11\/Hedera-helix-Sonja-300x200.webp 300w, https:\/\/www.hedera-etc.com\/wp-content\/uploads\/2023\/11\/Hedera-helix-Sonja-768x511.webp 768w, https:\/\/www.hedera-etc.com\/wp-content\/uploads\/2023\/11\/Hedera-helix-Sonja.webp 800w\" sizes=\"(max-width: 300px) 100vw, 300px\" \/><\/div>\n\t\t<\/a>\n\t\t\t\t<div class=\"elementor-post__text\">\n\t\t\t\t<h3 class=\"elementor-post__title\">\n\t\t\t<a href=\"https:\/\/www.hedera-etc.com\/de\/product\/hedera-helix-sonja\/\" target=\"&quot;_blank&quot;\">\n\t\t\t\t<em>Hedera helix<\/em> &lsquo;Sonja&rsquo; &#8211; Zier-Efeu\t\t\t<\/a>\n\t\t<\/h3>\n\t\t\t\t<div class=\"elementor-post__excerpt\">\n\t\t\t<p>Eine wenig verzweigte Sorte. St\u00e4ngel tragen sch\u00f6ne siebenlappige Bl\u00e4tter, die f\u00e4cherf\u00f6rmig angeordnet sind.<\/p> <p>Bl\u00e4tter von 5 bis 7 cm\t\t<\/div>\n\t\t\n\t\t<a class=\"elementor-post__read-more\" href=\"https:\/\/www.hedera-etc.com\/de\/product\/hedera-helix-sonja\/\" aria-label=\"Mehr \u00fcber &lt;em&gt;Hedera helix&lt;\/em&gt; &lsquo;Sonja&rsquo; &#8211; Lierre d&rsquo;ornement\" tabindex=\"-1\" target=\"_blank\">\n\t\t\tWeiterlesen \u00bb\t\t<\/a>\n\n\t\t\t\t<\/div>\n\t\t\t\t<\/article>\n\t\t\t\t<article class=\"elementor-post elementor-grid-item post-1448 product type-product status-publish has-post-thumbnail product_cat-lierre entry has-media  instock purchasable product-type-variable has-default-attributes has-product-nav col span_1_of_4 owp-content-center item-entry owp-thumbs-layout-horizontal owp-btn-normal owp-tabs-layout-section\">\n\t\t\t\t<a class=\"elementor-post__thumbnail__link\" href=\"https:\/\/www.hedera-etc.com\/de\/product\/hedera-helix-sophien\/\" tabindex=\"-1\" target=\"&quot;_blank&quot;\">\n\t\t\t<div class=\"elementor-post__thumbnail\"><img loading=\"lazy\" decoding=\"async\" width=\"300\" height=\"225\" src=\"https:\/\/www.hedera-etc.com\/wp-content\/uploads\/2023\/11\/Hedera-helix-Sophien-300x225.webp\" class=\"attachment-medium size-medium wp-image-1449\" alt=\"Hedera helix &#039;Sophien&#039;\" srcset=\"https:\/\/www.hedera-etc.com\/wp-content\/uploads\/2023\/11\/Hedera-helix-Sophien-300x225.webp 300w, https:\/\/www.hedera-etc.com\/wp-content\/uploads\/2023\/11\/Hedera-helix-Sophien-900x675.webp 900w, https:\/\/www.hedera-etc.com\/wp-content\/uploads\/2023\/11\/Hedera-helix-Sophien-768x576.webp 768w, https:\/\/www.hedera-etc.com\/wp-content\/uploads\/2023\/11\/Hedera-helix-Sophien.webp 1024w\" sizes=\"(max-width: 300px) 100vw, 300px\" \/><\/div>\n\t\t<\/a>\n\t\t\t\t<div class=\"elementor-post__text\">\n\t\t\t\t<h3 class=\"elementor-post__title\">\n\t\t\t<a href=\"https:\/\/www.hedera-etc.com\/de\/product\/hedera-helix-sophien\/\" target=\"&quot;_blank&quot;\">\n\t\t\t\t<em>Hedera helix<\/em> &lsquo;Sophien&rsquo; &#8211; Zier-Efeu\t\t\t<\/a>\n\t\t<\/h3>\n\t\t\t\t<div class=\"elementor-post__excerpt\">\n\t\t\t<p>Hell- bis mittelgr\u00fcne Bl\u00e4tter mit sch\u00f6nen, auff\u00e4lligen Maserungen.<\/p> <p>Gl\u00e4nzendes, eingerolltes Blatt, das vom apikalen Lappen aus gescheitelt ist. In\t\t<\/div>\n\t\t\n\t\t<a class=\"elementor-post__read-more\" href=\"https:\/\/www.hedera-etc.com\/de\/product\/hedera-helix-sophien\/\" aria-label=\"Mehr \u00fcber &lt;em&gt;Hedera helix&lt;\/em&gt; &lsquo;Sophien&rsquo; &#8211; Lierre d&rsquo;ornement\" tabindex=\"-1\" target=\"_blank\">\n\t\t\tWeiterlesen \u00bb\t\t<\/a>\n\n\t\t\t\t<\/div>\n\t\t\t\t<\/article>\n\t\t\t\t<article class=\"elementor-post elementor-grid-item post-1454 product type-product status-publish has-post-thumbnail product_cat-lierre entry has-media  instock purchasable product-type-variable has-default-attributes has-product-nav col span_1_of_4 owp-content-center item-entry owp-thumbs-layout-horizontal owp-btn-normal owp-tabs-layout-section has-no-thumbnails\">\n\t\t\t\t<a class=\"elementor-post__thumbnail__link\" href=\"https:\/\/www.hedera-etc.com\/de\/product\/hedera-helix-spear-point\/\" tabindex=\"-1\" target=\"&quot;_blank&quot;\">\n\t\t\t<div class=\"elementor-post__thumbnail\"><img loading=\"lazy\" decoding=\"async\" width=\"300\" height=\"232\" src=\"https:\/\/www.hedera-etc.com\/wp-content\/uploads\/2023\/11\/Hedera-helix-Spear-Point-300x232.webp\" class=\"attachment-medium size-medium wp-image-14135\" alt=\"Hedera helix &#039;Spear Point&#039;\" srcset=\"https:\/\/www.hedera-etc.com\/wp-content\/uploads\/2023\/11\/Hedera-helix-Spear-Point-300x232.webp 300w, https:\/\/www.hedera-etc.com\/wp-content\/uploads\/2023\/11\/Hedera-helix-Spear-Point-768x594.webp 768w, https:\/\/www.hedera-etc.com\/wp-content\/uploads\/2023\/11\/Hedera-helix-Spear-Point.webp 872w\" sizes=\"(max-width: 300px) 100vw, 300px\" \/><\/div>\n\t\t<\/a>\n\t\t\t\t<div class=\"elementor-post__text\">\n\t\t\t\t<h3 class=\"elementor-post__title\">\n\t\t\t<a href=\"https:\/\/www.hedera-etc.com\/de\/product\/hedera-helix-spear-point\/\" target=\"&quot;_blank&quot;\">\n\t\t\t\t<em>Hedera helix<\/em> &lsquo;Spear Point&rsquo; &#8211; Zier-Efeu\t\t\t<\/a>\n\t\t<\/h3>\n\t\t\t\t<div class=\"elementor-post__excerpt\">\n\t\t\t<p>Kompakte, verzweigte Sorte mit langsamen Trieben.<\/p> <p>Bl\u00e4tter mit 3 Lappen, die gestreckt und scharfkantig erscheinen, wobei die Seitenlappen bisweilen\t\t<\/div>\n\t\t\n\t\t<a class=\"elementor-post__read-more\" href=\"https:\/\/www.hedera-etc.com\/de\/product\/hedera-helix-spear-point\/\" aria-label=\"Mehr \u00fcber &lt;em&gt;Hedera helix&lt;\/em&gt; &lsquo;Spear Point&rsquo; &#8211; Lierre d&rsquo;ornement\" tabindex=\"-1\" target=\"_blank\">\n\t\t\tWeiterlesen \u00bb\t\t<\/a>\n\n\t\t\t\t<\/div>\n\t\t\t\t<\/article>\n\t\t\t\t<article class=\"elementor-post elementor-grid-item post-1458 product type-product status-publish has-post-thumbnail product_cat-lierre entry has-media last instock purchasable product-type-variable has-default-attributes has-product-nav col span_1_of_4 owp-content-center item-entry owp-thumbs-layout-horizontal owp-btn-normal owp-tabs-layout-section\">\n\t\t\t\t<a class=\"elementor-post__thumbnail__link\" href=\"https:\/\/www.hedera-etc.com\/de\/product\/hedera-helix-chrysophylla-spectabilis-aurea\/\" tabindex=\"-1\" target=\"&quot;_blank&quot;\">\n\t\t\t<div class=\"elementor-post__thumbnail\"><img loading=\"lazy\" decoding=\"async\" width=\"300\" height=\"199\" src=\"https:\/\/www.hedera-etc.com\/wp-content\/uploads\/2023\/11\/Hedera-helix-Chrysophylla-Spectabilis-Aurea-300x199.webp\" class=\"attachment-medium size-medium wp-image-1459\" alt=\"Hedera helix &#039;Chrysophylla&#039; (&#039;Spectabilis Aurea&#039;)\" srcset=\"https:\/\/www.hedera-etc.com\/wp-content\/uploads\/2023\/11\/Hedera-helix-Chrysophylla-Spectabilis-Aurea-300x199.webp 300w, https:\/\/www.hedera-etc.com\/wp-content\/uploads\/2023\/11\/Hedera-helix-Chrysophylla-Spectabilis-Aurea-900x598.webp 900w, https:\/\/www.hedera-etc.com\/wp-content\/uploads\/2023\/11\/Hedera-helix-Chrysophylla-Spectabilis-Aurea-768x510.webp 768w, https:\/\/www.hedera-etc.com\/wp-content\/uploads\/2023\/11\/Hedera-helix-Chrysophylla-Spectabilis-Aurea.webp 947w\" sizes=\"(max-width: 300px) 100vw, 300px\" \/><\/div>\n\t\t<\/a>\n\t\t\t\t<div class=\"elementor-post__text\">\n\t\t\t\t<h3 class=\"elementor-post__title\">\n\t\t\t<a href=\"https:\/\/www.hedera-etc.com\/de\/product\/hedera-helix-chrysophylla-spectabilis-aurea\/\" target=\"&quot;_blank&quot;\">\n\t\t\t\t<em>Hedera helix<\/em> &lsquo;Chrysophylla&rsquo; (&lsquo;Spectabilis Aurea&rsquo;) &#8211; Zier-Efeu\t\t\t<\/a>\n\t\t<\/h3>\n\t\t\t\t<div class=\"elementor-post__excerpt\">\n\t\t\t<p>Schnell wachsender Efeu mit robustem Wuchs. Bl\u00e4tter mit starken gelben Flecken in der N\u00e4he der R\u00e4nder sowie\t\t<\/div>\n\t\t\n\t\t<a class=\"elementor-post__read-more\" href=\"https:\/\/www.hedera-etc.com\/de\/product\/hedera-helix-chrysophylla-spectabilis-aurea\/\" aria-label=\"Mehr \u00fcber &lt;em&gt;Hedera helix&lt;\/em&gt; &lsquo;Chrysophylla&rsquo; (&lsquo;Spectabilis Aurea&rsquo;) &#8211; Lierre d&rsquo;ornement\" tabindex=\"-1\" target=\"_blank\">\n\t\t\tWeiterlesen \u00bb\t\t<\/a>\n\n\t\t\t\t<\/div>\n\t\t\t\t<\/article>\n\t\t\t\t<article class=\"elementor-post elementor-grid-item post-1464 product type-product status-publish has-post-thumbnail product_cat-lierre entry has-media first instock purchasable product-type-variable has-default-attributes has-product-nav col span_1_of_4 owp-content-center item-entry owp-thumbs-layout-horizontal owp-btn-normal owp-tabs-layout-section\">\n\t\t\t\t<a class=\"elementor-post__thumbnail__link\" href=\"https:\/\/www.hedera-etc.com\/de\/product\/hedera-helix-spectre\/\" tabindex=\"-1\" target=\"&quot;_blank&quot;\">\n\t\t\t<div class=\"elementor-post__thumbnail\"><img loading=\"lazy\" decoding=\"async\" width=\"300\" height=\"225\" src=\"https:\/\/www.hedera-etc.com\/wp-content\/uploads\/2023\/11\/Hedera-helix-Spectre_2-300x225.webp\" class=\"attachment-medium size-medium wp-image-1465\" alt=\"Hedera helix &#039;Spectre&#039;\" srcset=\"https:\/\/www.hedera-etc.com\/wp-content\/uploads\/2023\/11\/Hedera-helix-Spectre_2-300x225.webp 300w, https:\/\/www.hedera-etc.com\/wp-content\/uploads\/2023\/11\/Hedera-helix-Spectre_2-900x675.webp 900w, https:\/\/www.hedera-etc.com\/wp-content\/uploads\/2023\/11\/Hedera-helix-Spectre_2-768x576.webp 768w, https:\/\/www.hedera-etc.com\/wp-content\/uploads\/2023\/11\/Hedera-helix-Spectre_2.webp 1024w\" sizes=\"(max-width: 300px) 100vw, 300px\" \/><\/div>\n\t\t<\/a>\n\t\t\t\t<div class=\"elementor-post__text\">\n\t\t\t\t<h3 class=\"elementor-post__title\">\n\t\t\t<a href=\"https:\/\/www.hedera-etc.com\/de\/product\/hedera-helix-spectre\/\" target=\"&quot;_blank&quot;\">\n\t\t\t\t<em>Hedera helix<\/em> &lsquo;Spectre&rsquo; &#8211; Zier-Efeu\t\t\t<\/a>\n\t\t<\/h3>\n\t\t\t\t<div class=\"elementor-post__excerpt\">\n\t\t\t<p>Bodendecker mit 3- bis 5-lappigem Laub, das einen spitz zulaufenden, leicht gescheuerten Mittellappen aufweist.<\/p> <p>Neue Triebe mit\t\t<\/div>\n\t\t\n\t\t<a class=\"elementor-post__read-more\" href=\"https:\/\/www.hedera-etc.com\/de\/product\/hedera-helix-spectre\/\" aria-label=\"Mehr \u00fcber &lt;em&gt;Hedera helix&lt;\/em&gt; &lsquo;Spectre&rsquo; &#8211; Lierre d&rsquo;ornement\" tabindex=\"-1\" target=\"_blank\">\n\t\t\tWeiterlesen \u00bb\t\t<\/a>\n\n\t\t\t\t<\/div>\n\t\t\t\t<\/article>\n\t\t\t\t<article class=\"elementor-post elementor-grid-item post-1470 product type-product status-publish has-post-thumbnail product_cat-lierre entry has-media  instock purchasable product-type-variable has-default-attributes has-product-nav col span_1_of_4 owp-content-center item-entry owp-thumbs-layout-horizontal owp-btn-normal owp-tabs-layout-section has-no-thumbnails\">\n\t\t\t\t<a class=\"elementor-post__thumbnail__link\" href=\"https:\/\/www.hedera-etc.com\/de\/product\/hedera-helix-spinosa\/\" tabindex=\"-1\" target=\"&quot;_blank&quot;\">\n\t\t\t<div class=\"elementor-post__thumbnail\"><img loading=\"lazy\" decoding=\"async\" width=\"300\" height=\"225\" src=\"https:\/\/www.hedera-etc.com\/wp-content\/uploads\/2023\/11\/Hedera-helix-Spinosa-300x225.webp\" class=\"attachment-medium size-medium wp-image-1471\" alt=\"Hedera helix &#039;Spinosa&#039;\" srcset=\"https:\/\/www.hedera-etc.com\/wp-content\/uploads\/2023\/11\/Hedera-helix-Spinosa-300x225.webp 300w, https:\/\/www.hedera-etc.com\/wp-content\/uploads\/2023\/11\/Hedera-helix-Spinosa-900x675.webp 900w, https:\/\/www.hedera-etc.com\/wp-content\/uploads\/2023\/11\/Hedera-helix-Spinosa-768x576.webp 768w, https:\/\/www.hedera-etc.com\/wp-content\/uploads\/2023\/11\/Hedera-helix-Spinosa.webp 1024w\" sizes=\"(max-width: 300px) 100vw, 300px\" \/><\/div>\n\t\t<\/a>\n\t\t\t\t<div class=\"elementor-post__text\">\n\t\t\t\t<h3 class=\"elementor-post__title\">\n\t\t\t<a href=\"https:\/\/www.hedera-etc.com\/de\/product\/hedera-helix-spinosa\/\" target=\"&quot;_blank&quot;\">\n\t\t\t\t<em>Hedera helix<\/em> &lsquo;Spinosa&rsquo; &#8211; Zier-Efeu\t\t\t<\/a>\n\t\t<\/h3>\n\t\t\t\t<div class=\"elementor-post__excerpt\">\n\t\t\t<p>Halb zwergig-halb strauchig, gut verzweigt. St\u00e4ngel violettgr\u00fcn, oft sehr dick, manchmal abgeflacht und in der N\u00e4he des Knotens aufgebl\u00e4ht.\t\t<\/div>\n\t\t\n\t\t<a class=\"elementor-post__read-more\" href=\"https:\/\/www.hedera-etc.com\/de\/product\/hedera-helix-spinosa\/\" aria-label=\"Mehr \u00fcber &lt;em&gt;Hedera helix&lt;\/em&gt; &lsquo;Spinosa&rsquo; &#8211; Lierre d&rsquo;ornement\" tabindex=\"-1\" target=\"_blank\">\n\t\t\tWeiterlesen \u00bb\t\t<\/a>\n\n\t\t\t\t<\/div>\n\t\t\t\t<\/article>\n\t\t\t\t<article class=\"elementor-post elementor-grid-item post-1475 product type-product status-publish has-post-thumbnail product_cat-lierre entry has-media  instock purchasable product-type-variable has-default-attributes has-product-nav col span_1_of_4 owp-content-center item-entry owp-thumbs-layout-horizontal owp-btn-normal owp-tabs-layout-section\">\n\t\t\t\t<a class=\"elementor-post__thumbnail__link\" href=\"https:\/\/www.hedera-etc.com\/de\/product\/hedera-helix-star\/\" tabindex=\"-1\" target=\"&quot;_blank&quot;\">\n\t\t\t<div class=\"elementor-post__thumbnail\"><img loading=\"lazy\" decoding=\"async\" width=\"300\" height=\"225\" src=\"https:\/\/www.hedera-etc.com\/wp-content\/uploads\/2023\/11\/Hedera-helix-Star-300x225.webp\" class=\"attachment-medium size-medium wp-image-14117\" alt=\"Hedera helix &#039;Star&#039;\" srcset=\"https:\/\/www.hedera-etc.com\/wp-content\/uploads\/2023\/11\/Hedera-helix-Star-300x225.webp 300w, https:\/\/www.hedera-etc.com\/wp-content\/uploads\/2023\/11\/Hedera-helix-Star-768x576.webp 768w, https:\/\/www.hedera-etc.com\/wp-content\/uploads\/2023\/11\/Hedera-helix-Star.webp 900w\" sizes=\"(max-width: 300px) 100vw, 300px\" \/><\/div>\n\t\t<\/a>\n\t\t\t\t<div class=\"elementor-post__text\">\n\t\t\t\t<h3 class=\"elementor-post__title\">\n\t\t\t<a href=\"https:\/\/www.hedera-etc.com\/de\/product\/hedera-helix-star\/\" target=\"&quot;_blank&quot;\">\n\t\t\t\t<em>Hedera helix<\/em> &lsquo;Star&rsquo; &#8211; Zier-Efeu\t\t\t<\/a>\n\t\t<\/h3>\n\t\t\t\t<div class=\"elementor-post__excerpt\">\n\t\t\t<p>Kr\u00e4ftige, verzweigte Pflanze, die gro\u00dfe Massen an hellgr\u00fcnem Laub bildet.<\/p> <p>Sagittales Blatt, das aus 5 Lappen besteht, wobei der mittlere Lappen\t\t<\/div>\n\t\t\n\t\t<a class=\"elementor-post__read-more\" href=\"https:\/\/www.hedera-etc.com\/de\/product\/hedera-helix-star\/\" aria-label=\"Mehr \u00fcber &lt;em&gt;Hedera helix&lt;\/em&gt; &lsquo;Star&rsquo; &#8211; Lierre d&rsquo;ornement\" tabindex=\"-1\" target=\"_blank\">\n\t\t\tWeiterlesen \u00bb\t\t<\/a>\n\n\t\t\t\t<\/div>\n\t\t\t\t<\/article>\n\t\t\t\t<article class=\"elementor-post elementor-grid-item post-1482 product type-product status-publish has-post-thumbnail product_cat-lierre entry has-media last instock purchasable product-type-variable has-default-attributes has-product-nav col span_1_of_4 owp-content-center item-entry owp-thumbs-layout-horizontal owp-btn-normal owp-tabs-layout-section has-no-thumbnails\">\n\t\t\t\t<a class=\"elementor-post__thumbnail__link\" href=\"https:\/\/www.hedera-etc.com\/de\/product\/hedera-helix-stella\/\" tabindex=\"-1\" target=\"&quot;_blank&quot;\">\n\t\t\t<div class=\"elementor-post__thumbnail\"><img loading=\"lazy\" decoding=\"async\" width=\"300\" height=\"229\" src=\"https:\/\/www.hedera-etc.com\/wp-content\/uploads\/2023\/11\/Hedera-helix-Stella-300x229.webp\" class=\"attachment-medium size-medium wp-image-1483\" alt=\"Hedera helix &#039;Stella&#039;\" srcset=\"https:\/\/www.hedera-etc.com\/wp-content\/uploads\/2023\/11\/Hedera-helix-Stella-300x229.webp 300w, https:\/\/www.hedera-etc.com\/wp-content\/uploads\/2023\/11\/Hedera-helix-Stella-768x586.webp 768w, https:\/\/www.hedera-etc.com\/wp-content\/uploads\/2023\/11\/Hedera-helix-Stella.webp 829w\" sizes=\"(max-width: 300px) 100vw, 300px\" \/><\/div>\n\t\t<\/a>\n\t\t\t\t<div class=\"elementor-post__text\">\n\t\t\t\t<h3 class=\"elementor-post__title\">\n\t\t\t<a href=\"https:\/\/www.hedera-etc.com\/de\/product\/hedera-helix-stella\/\" target=\"&quot;_blank&quot;\">\n\t\t\t\t<em>Hedera helix<\/em> &lsquo;Stella&rsquo; &#8211; Zier-Efeu\t\t\t<\/a>\n\t\t<\/h3>\n\t\t\t\t<div class=\"elementor-post__excerpt\">\n\t\t\t<p>Eine verzweigte, wenig verzweigte Pflanze mit St\u00e4ngeln mit recht kurzen Internodien.<\/p> <p>Dunkelgr\u00fcne Bl\u00e4tter mit einem schmalen, langen Lappen\t\t<\/div>\n\t\t\n\t\t<a class=\"elementor-post__read-more\" href=\"https:\/\/www.hedera-etc.com\/de\/product\/hedera-helix-stella\/\" aria-label=\"Mehr \u00fcber &lt;em&gt;Hedera helix&lt;\/em&gt; &lsquo;Stella&rsquo; &#8211; Lierre d&rsquo;ornement\" tabindex=\"-1\" target=\"_blank\">\n\t\t\tWeiterlesen \u00bb\t\t<\/a>\n\n\t\t\t\t<\/div>\n\t\t\t\t<\/article>\n\t\t\t\t<article class=\"elementor-post elementor-grid-item post-1494 product type-product status-publish has-post-thumbnail product_cat-lierre entry has-media first instock purchasable product-type-variable has-default-attributes has-product-nav col span_1_of_4 owp-content-center item-entry owp-thumbs-layout-horizontal owp-btn-normal owp-tabs-layout-section\">\n\t\t\t\t<a class=\"elementor-post__thumbnail__link\" href=\"https:\/\/www.hedera-etc.com\/de\/product\/hedera-helix-steven\/\" tabindex=\"-1\" target=\"&quot;_blank&quot;\">\n\t\t\t<div class=\"elementor-post__thumbnail\"><img loading=\"lazy\" decoding=\"async\" width=\"300\" height=\"225\" src=\"https:\/\/www.hedera-etc.com\/wp-content\/uploads\/2023\/11\/Hedera-helix-Steven-1-300x225.webp\" class=\"attachment-medium size-medium wp-image-14102\" alt=\"Hedera helix &#039;Steven&#039;\" srcset=\"https:\/\/www.hedera-etc.com\/wp-content\/uploads\/2023\/11\/Hedera-helix-Steven-1-300x225.webp 300w, https:\/\/www.hedera-etc.com\/wp-content\/uploads\/2023\/11\/Hedera-helix-Steven-1-900x675.webp 900w, https:\/\/www.hedera-etc.com\/wp-content\/uploads\/2023\/11\/Hedera-helix-Steven-1-1024x768.webp 1024w, https:\/\/www.hedera-etc.com\/wp-content\/uploads\/2023\/11\/Hedera-helix-Steven-1-768x576.webp 768w, https:\/\/www.hedera-etc.com\/wp-content\/uploads\/2023\/11\/Hedera-helix-Steven-1-1536x1152.webp 1536w, https:\/\/www.hedera-etc.com\/wp-content\/uploads\/2023\/11\/Hedera-helix-Steven-1-1320x990.webp 1320w, https:\/\/www.hedera-etc.com\/wp-content\/uploads\/2023\/11\/Hedera-helix-Steven-1.webp 1600w\" sizes=\"(max-width: 300px) 100vw, 300px\" \/><\/div>\n\t\t<\/a>\n\t\t\t\t<div class=\"elementor-post__text\">\n\t\t\t\t<h3 class=\"elementor-post__title\">\n\t\t\t<a href=\"https:\/\/www.hedera-etc.com\/de\/product\/hedera-helix-steven\/\" target=\"&quot;_blank&quot;\">\n\t\t\t\t<em>Hedera helix<\/em> &lsquo;Steven&rsquo; &#8211; Zier-Efeu\t\t\t<\/a>\n\t\t<\/h3>\n\t\t\t\t<div class=\"elementor-post__excerpt\">\n\t\t\t<p>Kurz wachsende Pflanze mit dicken, wenig verzweigten St\u00e4ngeln, die gewellte, am Rand gekr\u00e4uselte Bl\u00e4tter tragen.<\/p> <p>Auf\t\t<\/div>\n\t\t\n\t\t<a class=\"elementor-post__read-more\" href=\"https:\/\/www.hedera-etc.com\/de\/product\/hedera-helix-steven\/\" aria-label=\"Mehr \u00fcber &lt;em&gt;Hedera helix&lt;\/em&gt; &lsquo;Steven&rsquo; &#8211; Lierre d&rsquo;ornement\" tabindex=\"-1\" target=\"_blank\">\n\t\t\tWeiterlesen \u00bb\t\t<\/a>\n\n\t\t\t\t<\/div>\n\t\t\t\t<\/article>\n\t\t\t\t<article class=\"elementor-post elementor-grid-item post-1500 product type-product status-publish has-post-thumbnail product_cat-lierre entry has-media  instock purchasable product-type-variable has-default-attributes has-product-nav col span_1_of_4 owp-content-center item-entry owp-thumbs-layout-horizontal owp-btn-normal owp-tabs-layout-section has-no-thumbnails\">\n\t\t\t\t<a class=\"elementor-post__thumbnail__link\" href=\"https:\/\/www.hedera-etc.com\/de\/product\/hedera-helix-stuttgart\/\" tabindex=\"-1\" target=\"&quot;_blank&quot;\">\n\t\t\t<div class=\"elementor-post__thumbnail\"><img loading=\"lazy\" decoding=\"async\" width=\"300\" height=\"240\" src=\"https:\/\/www.hedera-etc.com\/wp-content\/uploads\/2023\/11\/Hedera-helix-Stuttgart-300x240.webp\" class=\"attachment-medium size-medium wp-image-1501\" alt=\"Hedera helix &#039;Stuttgart&#039;\" srcset=\"https:\/\/www.hedera-etc.com\/wp-content\/uploads\/2023\/11\/Hedera-helix-Stuttgart-300x240.webp 300w, https:\/\/www.hedera-etc.com\/wp-content\/uploads\/2023\/11\/Hedera-helix-Stuttgart-768x613.webp 768w, https:\/\/www.hedera-etc.com\/wp-content\/uploads\/2023\/11\/Hedera-helix-Stuttgart.webp 800w\" sizes=\"(max-width: 300px) 100vw, 300px\" \/><\/div>\n\t\t<\/a>\n\t\t\t\t<div class=\"elementor-post__text\">\n\t\t\t\t<h3 class=\"elementor-post__title\">\n\t\t\t<a href=\"https:\/\/www.hedera-etc.com\/de\/product\/hedera-helix-stuttgart\/\" target=\"&quot;_blank&quot;\">\n\t\t\t\t<em>Hedera helix<\/em> &lsquo;Stuttgart&rsquo; &#8211; Zier-Efeu\t\t\t<\/a>\n\t\t<\/h3>\n\t\t\t\t<div class=\"elementor-post__excerpt\">\n\t\t\t<p>Aus \u201dIvalace\u2019 hervorgegangene Sorte mit sehr dichtem und gedrungenem Wuchs.<\/p> <p>Bl\u00e4tter sind doppelt so gro\u00df. Gut verzweigte St\u00e4ngel mit\t\t<\/div>\n\t\t\n\t\t<a class=\"elementor-post__read-more\" href=\"https:\/\/www.hedera-etc.com\/de\/product\/hedera-helix-stuttgart\/\" aria-label=\"Mehr \u00fcber &lt;em&gt;Hedera helix&lt;\/em&gt; &lsquo;Stuttgart&rsquo; &#8211; Lierre d&rsquo;ornement\" tabindex=\"-1\" target=\"_blank\">\n\t\t\tWeiterlesen \u00bb\t\t<\/a>\n\n\t\t\t\t<\/div>\n\t\t\t\t<\/article>\n\t\t\t\t<article class=\"elementor-post elementor-grid-item post-1505 product type-product status-publish has-post-thumbnail product_cat-lierre entry has-media  outofstock product-type-variable has-default-attributes has-product-nav col span_1_of_4 owp-content-center item-entry owp-thumbs-layout-horizontal owp-btn-normal owp-tabs-layout-section has-no-thumbnails\">\n\t\t\t\t<a class=\"elementor-post__thumbnail__link\" href=\"https:\/\/www.hedera-etc.com\/de\/product\/hedera-rhombea-submarginata-arborescens\/\" tabindex=\"-1\" target=\"&quot;_blank&quot;\">\n\t\t\t<div class=\"elementor-post__thumbnail\"><img loading=\"lazy\" decoding=\"async\" width=\"300\" height=\"225\" src=\"https:\/\/www.hedera-etc.com\/wp-content\/uploads\/2023\/11\/Hedera-rhombea-Submarginata-Arborescens-300x225.webp\" class=\"attachment-medium size-medium wp-image-18450\" alt=\"Hedera rhombea &#039;Submarginata Arborescens&#039;\" srcset=\"https:\/\/www.hedera-etc.com\/wp-content\/uploads\/2023\/11\/Hedera-rhombea-Submarginata-Arborescens-300x225.webp 300w, https:\/\/www.hedera-etc.com\/wp-content\/uploads\/2023\/11\/Hedera-rhombea-Submarginata-Arborescens-1024x768.webp 1024w, https:\/\/www.hedera-etc.com\/wp-content\/uploads\/2023\/11\/Hedera-rhombea-Submarginata-Arborescens-768x576.webp 768w, https:\/\/www.hedera-etc.com\/wp-content\/uploads\/2023\/11\/Hedera-rhombea-Submarginata-Arborescens-1536x1152.webp 1536w, https:\/\/www.hedera-etc.com\/wp-content\/uploads\/2023\/11\/Hedera-rhombea-Submarginata-Arborescens-16x12.webp 16w, https:\/\/www.hedera-etc.com\/wp-content\/uploads\/2023\/11\/Hedera-rhombea-Submarginata-Arborescens-1320x990.webp 1320w, https:\/\/www.hedera-etc.com\/wp-content\/uploads\/2023\/11\/Hedera-rhombea-Submarginata-Arborescens-900x675.webp 900w, https:\/\/www.hedera-etc.com\/wp-content\/uploads\/2023\/11\/Hedera-rhombea-Submarginata-Arborescens.webp 1920w\" sizes=\"(max-width: 300px) 100vw, 300px\" \/><\/div>\n\t\t<\/a>\n\t\t\t\t<div class=\"elementor-post__text\">\n\t\t\t\t<h3 class=\"elementor-post__title\">\n\t\t\t<a href=\"https:\/\/www.hedera-etc.com\/de\/product\/hedera-rhombea-submarginata-arborescens\/\" target=\"&quot;_blank&quot;\">\n\t\t\t\t<em>Hedera rhombea<\/em> &lsquo;Submarginata Arborescens&rsquo; &#8211; Japanischer Efeu\t\t\t<\/a>\n\t\t<\/h3>\n\t\t\t\t<div class=\"elementor-post__excerpt\">\n\t\t\t<p>Langsam wachsender Efeu. St\u00e4ngel tragen asymmetrische Bl\u00e4tter, die dunkelgr\u00fcn und graugr\u00fcn marmoriert sind.<\/p> <p>Bildet einen kleinen\t\t<\/div>\n\t\t\n\t\t<a class=\"elementor-post__read-more\" href=\"https:\/\/www.hedera-etc.com\/de\/product\/hedera-rhombea-submarginata-arborescens\/\" aria-label=\"Mehr \u00fcber &lt;em&gt;Hedera rhombea&lt;\/em&gt; \u2018Submarginata Arborescens\u2019 \u2013 Japanische Efeu\" tabindex=\"-1\" target=\"_blank\">\n\t\t\tWeiterlesen \u00bb\t\t<\/a>\n\n\t\t\t\t<\/div>\n\t\t\t\t<\/article>\n\t\t\t\t<article class=\"elementor-post elementor-grid-item post-1510 product type-product status-publish has-post-thumbnail product_cat-lierre entry has-media last instock purchasable product-type-variable has-default-attributes has-product-nav col span_1_of_4 owp-content-center item-entry owp-thumbs-layout-horizontal owp-btn-normal owp-tabs-layout-section\">\n\t\t\t\t<a class=\"elementor-post__thumbnail__link\" href=\"https:\/\/www.hedera-etc.com\/de\/product\/hedera-helix-sunrise\/\" tabindex=\"-1\" target=\"&quot;_blank&quot;\">\n\t\t\t<div class=\"elementor-post__thumbnail\"><img loading=\"lazy\" decoding=\"async\" width=\"300\" height=\"225\" src=\"https:\/\/www.hedera-etc.com\/wp-content\/uploads\/2023\/11\/Hedera-helix-Sunrise-300x225.webp\" class=\"attachment-medium size-medium wp-image-1511\" alt=\"Hedera helix &#039;Sunrise&#039;\" srcset=\"https:\/\/www.hedera-etc.com\/wp-content\/uploads\/2023\/11\/Hedera-helix-Sunrise-300x225.webp 300w, https:\/\/www.hedera-etc.com\/wp-content\/uploads\/2023\/11\/Hedera-helix-Sunrise-768x576.webp 768w, https:\/\/www.hedera-etc.com\/wp-content\/uploads\/2023\/11\/Hedera-helix-Sunrise.webp 839w\" sizes=\"(max-width: 300px) 100vw, 300px\" \/><\/div>\n\t\t<\/a>\n\t\t\t\t<div class=\"elementor-post__text\">\n\t\t\t\t<h3 class=\"elementor-post__title\">\n\t\t\t<a href=\"https:\/\/www.hedera-etc.com\/de\/product\/hedera-helix-sunrise\/\" target=\"&quot;_blank&quot;\">\n\t\t\t\t<em>Hedera helix<\/em> &lsquo;Sunrise&rsquo; &#8211; Zier-Efeu\t\t\t<\/a>\n\t\t<\/h3>\n\t\t\t\t<div class=\"elementor-post__excerpt\">\n\t\t\t<p>Traditionelles Efeublatt, aber goldgelb. Sehr wuchsfreudig, ziemlich verzweigt, \u00e4hnelt sehr \u2018Buttercup\u2019, ist aber viel leichter zu kultivieren.\t\t<\/div>\n\t\t\n\t\t<a class=\"elementor-post__read-more\" href=\"https:\/\/www.hedera-etc.com\/de\/product\/hedera-helix-sunrise\/\" aria-label=\"Mehr \u00fcber *Hedera helix* \u2018Sunrise\u2019 \u2013 Zier-Efeu\" tabindex=\"-1\" target=\"_blank\">\n\t\t\tWeiterlesen \u00bb\t\t<\/a>\n\n\t\t\t\t<\/div>\n\t\t\t\t<\/article>\n\t\t\t\t<article class=\"elementor-post elementor-grid-item post-1516 product type-product status-publish has-post-thumbnail product_cat-lierre entry has-media first instock purchasable product-type-variable has-default-attributes has-product-nav col span_1_of_4 owp-content-center item-entry owp-thumbs-layout-horizontal owp-btn-normal owp-tabs-layout-section has-no-thumbnails\">\n\t\t\t\t<a class=\"elementor-post__thumbnail__link\" href=\"https:\/\/www.hedera-etc.com\/de\/product\/hedera-helix-susanne\/\" tabindex=\"-1\" target=\"&quot;_blank&quot;\">\n\t\t\t<div class=\"elementor-post__thumbnail\"><img loading=\"lazy\" decoding=\"async\" width=\"300\" height=\"225\" src=\"https:\/\/www.hedera-etc.com\/wp-content\/uploads\/2023\/11\/Hedera-helix-Susanne-300x225.webp\" class=\"attachment-medium size-medium wp-image-1517\" alt=\"Hedera helix &#039;Susanne&#039;\" srcset=\"https:\/\/www.hedera-etc.com\/wp-content\/uploads\/2023\/11\/Hedera-helix-Susanne-300x225.webp 300w, https:\/\/www.hedera-etc.com\/wp-content\/uploads\/2023\/11\/Hedera-helix-Susanne-900x675.webp 900w, https:\/\/www.hedera-etc.com\/wp-content\/uploads\/2023\/11\/Hedera-helix-Susanne-768x576.webp 768w, https:\/\/www.hedera-etc.com\/wp-content\/uploads\/2023\/11\/Hedera-helix-Susanne.webp 1024w\" sizes=\"(max-width: 300px) 100vw, 300px\" \/><\/div>\n\t\t<\/a>\n\t\t\t\t<div class=\"elementor-post__text\">\n\t\t\t\t<h3 class=\"elementor-post__title\">\n\t\t\t<a href=\"https:\/\/www.hedera-etc.com\/de\/product\/hedera-helix-susanne\/\" target=\"&quot;_blank&quot;\">\n\t\t\t\t<em>Hedera helix<\/em> &lsquo;Susanne&rsquo; &#8211; Zier-Efeu\t\t\t<\/a>\n\t\t<\/h3>\n\t\t\t\t<div class=\"elementor-post__excerpt\">\n\t\t\t<p>Breites, panaschiertes Blatt, das aus 3 bis 5 eher abgerundeten Lappen besteht. Blattbasis herzf\u00f6rmig.<\/p> <p>Unregelm\u00e4\u00dfig marginalisierte Bl\u00e4tter\t\t<\/div>\n\t\t\n\t\t<a class=\"elementor-post__read-more\" href=\"https:\/\/www.hedera-etc.com\/de\/product\/hedera-helix-susanne\/\" aria-label=\"Mehr \u00fcber &lt;em&gt;Hedera helix&lt;\/em&gt; &lsquo;Susanne&rsquo; &#8211; Lierre d&rsquo;ornement\" tabindex=\"-1\" target=\"_blank\">\n\t\t\tWeiterlesen \u00bb\t\t<\/a>\n\n\t\t\t\t<\/div>\n\t\t\t\t<\/article>\n\t\t\t\t<article class=\"elementor-post elementor-grid-item post-1520 product type-product status-publish has-post-thumbnail product_cat-lierre entry has-media  instock purchasable product-type-variable has-default-attributes has-product-nav col span_1_of_4 owp-content-center item-entry owp-thumbs-layout-horizontal owp-btn-normal owp-tabs-layout-section\">\n\t\t\t\t<a class=\"elementor-post__thumbnail__link\" href=\"https:\/\/www.hedera-etc.com\/de\/product\/hedera-helix-tango\/\" tabindex=\"-1\" target=\"&quot;_blank&quot;\">\n\t\t\t<div class=\"elementor-post__thumbnail\"><img loading=\"lazy\" decoding=\"async\" width=\"300\" height=\"225\" src=\"https:\/\/www.hedera-etc.com\/wp-content\/uploads\/2023\/11\/Hedera-helix-Tango_2-1-300x225.webp\" class=\"attachment-medium size-medium wp-image-13276\" alt=\"Hedera helix &#039;Tango&#039;\" srcset=\"https:\/\/www.hedera-etc.com\/wp-content\/uploads\/2023\/11\/Hedera-helix-Tango_2-1-300x225.webp 300w, https:\/\/www.hedera-etc.com\/wp-content\/uploads\/2023\/11\/Hedera-helix-Tango_2-1-900x675.webp 900w, https:\/\/www.hedera-etc.com\/wp-content\/uploads\/2023\/11\/Hedera-helix-Tango_2-1-1024x768.webp 1024w, https:\/\/www.hedera-etc.com\/wp-content\/uploads\/2023\/11\/Hedera-helix-Tango_2-1-768x576.webp 768w, https:\/\/www.hedera-etc.com\/wp-content\/uploads\/2023\/11\/Hedera-helix-Tango_2-1-1536x1152.webp 1536w, https:\/\/www.hedera-etc.com\/wp-content\/uploads\/2023\/11\/Hedera-helix-Tango_2-1-1320x990.webp 1320w, https:\/\/www.hedera-etc.com\/wp-content\/uploads\/2023\/11\/Hedera-helix-Tango_2-1.webp 1600w\" sizes=\"(max-width: 300px) 100vw, 300px\" \/><\/div>\n\t\t<\/a>\n\t\t\t\t<div class=\"elementor-post__text\">\n\t\t\t\t<h3 class=\"elementor-post__title\">\n\t\t\t<a href=\"https:\/\/www.hedera-etc.com\/de\/product\/hedera-helix-tango\/\" target=\"&quot;_blank&quot;\">\n\t\t\t\t<em>Hedera helix<\/em> &lsquo;Tango&rsquo; &#8211; Zier-Efeu\t\t\t<\/a>\n\t\t<\/h3>\n\t\t\t\t<div class=\"elementor-post__excerpt\">\n\t\t\t<p>Sorte, die \u2018Parasol\u2019 \u00e4hnelt. Aber k\u00fcrzere Internodien, gedrungenere Pflanze und etwas st\u00e4rker verzweigt.<\/p> <p>Bl\u00e4tter, in Form\t\t<\/div>\n\t\t\n\t\t<a class=\"elementor-post__read-more\" href=\"https:\/\/www.hedera-etc.com\/de\/product\/hedera-helix-tango\/\" aria-label=\"Mehr \u00fcber &lt;em&gt;Hedera helix&lt;\/em&gt; &lsquo;Tango&rsquo; &#8211; Lierre d&rsquo;ornement\" tabindex=\"-1\" target=\"_blank\">\n\t\t\tWeiterlesen \u00bb\t\t<\/a>\n\n\t\t\t\t<\/div>\n\t\t\t\t<\/article>\n\t\t\t\t<article class=\"elementor-post elementor-grid-item post-1525 product type-product status-publish has-post-thumbnail product_cat-lierre entry has-media  instock purchasable product-type-variable has-default-attributes has-product-nav col span_1_of_4 owp-content-center item-entry owp-thumbs-layout-horizontal owp-btn-normal owp-tabs-layout-section has-no-thumbnails\">\n\t\t\t\t<a class=\"elementor-post__thumbnail__link\" href=\"https:\/\/www.hedera-etc.com\/de\/product\/hedera-helix-tanja-arborescent\/\" tabindex=\"-1\" target=\"&quot;_blank&quot;\">\n\t\t\t<div class=\"elementor-post__thumbnail\"><img loading=\"lazy\" decoding=\"async\" width=\"300\" height=\"225\" src=\"https:\/\/www.hedera-etc.com\/wp-content\/uploads\/2023\/11\/Hedera-helix-Tanja-Arborescent-300x225.webp\" class=\"attachment-medium size-medium wp-image-1526\" alt=\"Hedera helix &#039;Tanja&#039; Arborescent\" srcset=\"https:\/\/www.hedera-etc.com\/wp-content\/uploads\/2023\/11\/Hedera-helix-Tanja-Arborescent-300x225.webp 300w, https:\/\/www.hedera-etc.com\/wp-content\/uploads\/2023\/11\/Hedera-helix-Tanja-Arborescent-900x675.webp 900w, https:\/\/www.hedera-etc.com\/wp-content\/uploads\/2023\/11\/Hedera-helix-Tanja-Arborescent-768x576.webp 768w, https:\/\/www.hedera-etc.com\/wp-content\/uploads\/2023\/11\/Hedera-helix-Tanja-Arborescent.webp 1024w\" sizes=\"(max-width: 300px) 100vw, 300px\" \/><\/div>\n\t\t<\/a>\n\t\t\t\t<div class=\"elementor-post__text\">\n\t\t\t\t<h3 class=\"elementor-post__title\">\n\t\t\t<a href=\"https:\/\/www.hedera-etc.com\/de\/product\/hedera-helix-tanja-arborescent\/\" target=\"&quot;_blank&quot;\">\n\t\t\t\t<em>Hedera helix<\/em> &lsquo;Tanja&rsquo; Arborescent &#8211; Zier-Efeu\t\t\t<\/a>\n\t\t<\/h3>\n\t\t\t\t<div class=\"elementor-post__excerpt\">\n\t\t\t<p>Forme arbustive de &lsquo;Tanja&rsquo;, vari\u00e9t\u00e9 r\u00e9colt\u00e9e dans le Caucase.<\/p> <p>Ungelappte, hell- bis mittelgr\u00fcne Bl\u00e4tter von\t\t<\/div>\n\t\t\n\t\t<a class=\"elementor-post__read-more\" href=\"https:\/\/www.hedera-etc.com\/de\/product\/hedera-helix-tanja-arborescent\/\" aria-label=\"Mehr \u00fcber &lt;em&gt;Hedera helix&lt;\/em&gt; &lsquo;Tanja&rsquo; Arborescent &#8211; Lierre d&rsquo;ornement\" tabindex=\"-1\" target=\"_blank\">\n\t\t\tWeiterlesen \u00bb\t\t<\/a>\n\n\t\t\t\t<\/div>\n\t\t\t\t<\/article>\n\t\t\t\t<article class=\"elementor-post elementor-grid-item post-1529 product type-product status-publish has-post-thumbnail product_cat-lierre entry has-media last instock purchasable product-type-variable has-default-attributes has-product-nav col span_1_of_4 owp-content-center item-entry owp-thumbs-layout-horizontal owp-btn-normal owp-tabs-layout-section\">\n\t\t\t\t<a class=\"elementor-post__thumbnail__link\" href=\"https:\/\/www.hedera-etc.com\/de\/product\/hedera-helix-teardrop\/\" tabindex=\"-1\" target=\"&quot;_blank&quot;\">\n\t\t\t<div class=\"elementor-post__thumbnail\"><img loading=\"lazy\" decoding=\"async\" width=\"300\" height=\"240\" src=\"https:\/\/www.hedera-etc.com\/wp-content\/uploads\/2023\/11\/Hedera-helix-Teardrop-300x240.webp\" class=\"attachment-medium size-medium wp-image-1530\" alt=\"Hedera helix &#039;Teardrop&#039;\" srcset=\"https:\/\/www.hedera-etc.com\/wp-content\/uploads\/2023\/11\/Hedera-helix-Teardrop-300x240.webp 300w, https:\/\/www.hedera-etc.com\/wp-content\/uploads\/2023\/11\/Hedera-helix-Teardrop-768x614.webp 768w, https:\/\/www.hedera-etc.com\/wp-content\/uploads\/2023\/11\/Hedera-helix-Teardrop.webp 787w\" sizes=\"(max-width: 300px) 100vw, 300px\" \/><\/div>\n\t\t<\/a>\n\t\t\t\t<div class=\"elementor-post__text\">\n\t\t\t\t<h3 class=\"elementor-post__title\">\n\t\t\t<a href=\"https:\/\/www.hedera-etc.com\/de\/product\/hedera-helix-teardrop\/\" target=\"&quot;_blank&quot;\">\n\t\t\t\t<em>Hedera helix<\/em> &lsquo;Teardrop&rsquo; &#8211; Zier-Efeu\t\t\t<\/a>\n\t\t<\/h3>\n\t\t\t\t<div class=\"elementor-post__excerpt\">\n\t\t\t<p>Gl\u00e4nzende, dunkelgr\u00fcne, herzf\u00f6rmige Bl\u00e4tter an steifen Stielen. Gleichm\u00e4\u00dfiges, nicht gelapptes Laub. \u00c4hnelt einer\t\t<\/div>\n\t\t\n\t\t<a class=\"elementor-post__read-more\" href=\"https:\/\/www.hedera-etc.com\/de\/product\/hedera-helix-teardrop\/\" aria-label=\"Mehr \u00fcber &lt;em&gt;Hedera helix&lt;\/em&gt; &lsquo;Teardrop&rsquo; &#8211; Lierre d&rsquo;ornement\" tabindex=\"-1\" target=\"_blank\">\n\t\t\tWeiterlesen \u00bb\t\t<\/a>\n\n\t\t\t\t<\/div>\n\t\t\t\t<\/article>\n\t\t\t\t<article class=\"elementor-post elementor-grid-item post-1535 product type-product status-publish has-post-thumbnail product_cat-lierre entry has-media first instock purchasable product-type-variable has-default-attributes has-product-nav col span_1_of_4 owp-content-center item-entry owp-thumbs-layout-horizontal owp-btn-normal owp-tabs-layout-section\">\n\t\t\t\t<a class=\"elementor-post__thumbnail__link\" href=\"https:\/\/www.hedera-etc.com\/de\/product\/hedera-helix-telecurl\/\" tabindex=\"-1\" target=\"&quot;_blank&quot;\">\n\t\t\t<div class=\"elementor-post__thumbnail\"><img loading=\"lazy\" decoding=\"async\" width=\"300\" height=\"225\" src=\"https:\/\/www.hedera-etc.com\/wp-content\/uploads\/2023\/11\/Hedera-helix-Telecurl-300x225.webp\" class=\"attachment-medium size-medium wp-image-1536\" alt=\"Hedera helix &#039;Telecurl&#039;\" srcset=\"https:\/\/www.hedera-etc.com\/wp-content\/uploads\/2023\/11\/Hedera-helix-Telecurl-300x225.webp 300w, https:\/\/www.hedera-etc.com\/wp-content\/uploads\/2023\/11\/Hedera-helix-Telecurl-768x576.webp 768w, https:\/\/www.hedera-etc.com\/wp-content\/uploads\/2023\/11\/Hedera-helix-Telecurl.webp 839w\" sizes=\"(max-width: 300px) 100vw, 300px\" \/><\/div>\n\t\t<\/a>\n\t\t\t\t<div class=\"elementor-post__text\">\n\t\t\t\t<h3 class=\"elementor-post__title\">\n\t\t\t<a href=\"https:\/\/www.hedera-etc.com\/de\/product\/hedera-helix-telecurl\/\" target=\"&quot;_blank&quot;\">\n\t\t\t\t<em>Hedera helix<\/em> &lsquo;Telecurl&rsquo; &#8211; Zier-Efeu\t\t\t<\/a>\n\t\t<\/h3>\n\t\t\t\t<div class=\"elementor-post__excerpt\">\n\t\t\t<p>Sorte mit kleinen, gr\u00fcnen, gelappten Bl\u00e4ttern, die zwischen den Lappen gelockt, verdreht oder gefaltet sind.<\/p> <p>Im Laufe der Zeit\t\t<\/div>\n\t\t\n\t\t<a class=\"elementor-post__read-more\" href=\"https:\/\/www.hedera-etc.com\/de\/product\/hedera-helix-telecurl\/\" aria-label=\"Mehr \u00fcber &lt;em&gt;Hedera helix&lt;\/em&gt; &lsquo;Telecurl&rsquo; &#8211; Lierre d&rsquo;ornement\" tabindex=\"-1\" target=\"_blank\">\n\t\t\tWeiterlesen \u00bb\t\t<\/a>\n\n\t\t\t\t<\/div>\n\t\t\t\t<\/article>\n\t\t\t\t<article class=\"elementor-post elementor-grid-item post-1542 product type-product status-publish has-post-thumbnail product_cat-lierre entry has-media  instock purchasable product-type-variable has-default-attributes has-product-nav col span_1_of_4 owp-content-center item-entry owp-thumbs-layout-horizontal owp-btn-normal owp-tabs-layout-section\">\n\t\t\t\t<a class=\"elementor-post__thumbnail__link\" href=\"https:\/\/www.hedera-etc.com\/de\/product\/hedera-helix-temptation\/\" tabindex=\"-1\" target=\"&quot;_blank&quot;\">\n\t\t\t<div class=\"elementor-post__thumbnail\"><img loading=\"lazy\" decoding=\"async\" width=\"300\" height=\"225\" src=\"https:\/\/www.hedera-etc.com\/wp-content\/uploads\/2023\/11\/Hedera-helix-Temptation-300x225.webp\" class=\"attachment-medium size-medium wp-image-1543\" alt=\"Hedera helix &#039;Temptation&#039;\" srcset=\"https:\/\/www.hedera-etc.com\/wp-content\/uploads\/2023\/11\/Hedera-helix-Temptation-300x225.webp 300w, https:\/\/www.hedera-etc.com\/wp-content\/uploads\/2023\/11\/Hedera-helix-Temptation-768x575.webp 768w, https:\/\/www.hedera-etc.com\/wp-content\/uploads\/2023\/11\/Hedera-helix-Temptation.webp 800w\" sizes=\"(max-width: 300px) 100vw, 300px\" \/><\/div>\n\t\t<\/a>\n\t\t\t\t<div class=\"elementor-post__text\">\n\t\t\t\t<h3 class=\"elementor-post__title\">\n\t\t\t<a href=\"https:\/\/www.hedera-etc.com\/de\/product\/hedera-helix-temptation\/\" target=\"&quot;_blank&quot;\">\n\t\t\t\t<em>Hedera helix<\/em> &lsquo;Temptation&rsquo; &#8211; Zier-Efeu\t\t\t<\/a>\n\t\t<\/h3>\n\t\t\t\t<div class=\"elementor-post__excerpt\">\n\t\t\t<p>Kleinbl\u00e4ttriger Efeu mit 5 bis 7 nach vorne gerichteten Lappen. Mittlerer Lappen oft zweigeteilt.<\/p> <p>Limbus\t\t<\/div>\n\t\t\n\t\t<a class=\"elementor-post__read-more\" href=\"https:\/\/www.hedera-etc.com\/de\/product\/hedera-helix-temptation\/\" aria-label=\"Mehr \u00fcber &lt;em&gt;Hedera helix&lt;\/em&gt; &lsquo;Temptation&rsquo; &#8211; Lierre d&rsquo;ornement\" tabindex=\"-1\" target=\"_blank\">\n\t\t\tWeiterlesen \u00bb\t\t<\/a>\n\n\t\t\t\t<\/div>\n\t\t\t\t<\/article>\n\t\t\t\t<article class=\"elementor-post elementor-grid-item post-1549 product type-product status-publish has-post-thumbnail product_cat-lierre entry has-media  instock purchasable product-type-variable has-default-attributes has-product-nav col span_1_of_4 owp-content-center item-entry owp-thumbs-layout-horizontal owp-btn-normal owp-tabs-layout-section\">\n\t\t\t\t<a class=\"elementor-post__thumbnail__link\" href=\"https:\/\/www.hedera-etc.com\/de\/product\/hedera-helix-teneriffe\/\" tabindex=\"-1\" target=\"&quot;_blank&quot;\">\n\t\t\t<div class=\"elementor-post__thumbnail\"><img loading=\"lazy\" decoding=\"async\" width=\"300\" height=\"200\" src=\"https:\/\/www.hedera-etc.com\/wp-content\/uploads\/2023\/11\/Hedera-helix-Teneriffe-1-300x200.webp\" class=\"attachment-medium size-medium wp-image-15254\" alt=\"Hedera helix &#039;Teneriffe&#039;\" srcset=\"https:\/\/www.hedera-etc.com\/wp-content\/uploads\/2023\/11\/Hedera-helix-Teneriffe-1-300x200.webp 300w, https:\/\/www.hedera-etc.com\/wp-content\/uploads\/2023\/11\/Hedera-helix-Teneriffe-1-900x600.webp 900w, https:\/\/www.hedera-etc.com\/wp-content\/uploads\/2023\/11\/Hedera-helix-Teneriffe-1-1024x683.webp 1024w, https:\/\/www.hedera-etc.com\/wp-content\/uploads\/2023\/11\/Hedera-helix-Teneriffe-1-768x512.webp 768w, https:\/\/www.hedera-etc.com\/wp-content\/uploads\/2023\/11\/Hedera-helix-Teneriffe-1-1536x1024.webp 1536w, https:\/\/www.hedera-etc.com\/wp-content\/uploads\/2023\/11\/Hedera-helix-Teneriffe-1-1320x880.webp 1320w, https:\/\/www.hedera-etc.com\/wp-content\/uploads\/2023\/11\/Hedera-helix-Teneriffe-1.webp 1600w\" sizes=\"(max-width: 300px) 100vw, 300px\" \/><\/div>\n\t\t<\/a>\n\t\t\t\t<div class=\"elementor-post__text\">\n\t\t\t\t<h3 class=\"elementor-post__title\">\n\t\t\t<a href=\"https:\/\/www.hedera-etc.com\/de\/product\/hedera-helix-teneriffe\/\" target=\"&quot;_blank&quot;\">\n\t\t\t\t<em>Hedera helix<\/em> &lsquo;Teneriffe&rsquo;- Zier-Efeu\t\t\t<\/a>\n\t\t<\/h3>\n\t\t\t\t<div class=\"elementor-post__excerpt\">\n\t\t\t<p>Eine mittelgro\u00dfe, eher kletternde Pflanze, die zahlreiche Verzweigungen tr\u00e4gt.<\/p> <p>Bl\u00e4tter 3-lappig, selten 5. Grundfarbe\t\t<\/div>\n\t\t\n\t\t<a class=\"elementor-post__read-more\" href=\"https:\/\/www.hedera-etc.com\/de\/product\/hedera-helix-teneriffe\/\" aria-label=\"Mehr \u00fcber &lt;em&gt;Hedera helix&lt;\/em&gt; &lsquo;Teneriffe&rsquo;- Lierre d&rsquo;ornement\" tabindex=\"-1\" target=\"_blank\">\n\t\t\tWeiterlesen \u00bb\t\t<\/a>\n\n\t\t\t\t<\/div>\n\t\t\t\t<\/article>\n\t\t\t\t<article class=\"elementor-post elementor-grid-item post-1553 product type-product status-publish has-post-thumbnail product_cat-lierre entry has-media last instock purchasable product-type-variable has-default-attributes has-product-nav col span_1_of_4 owp-content-center item-entry owp-thumbs-layout-horizontal owp-btn-normal owp-tabs-layout-section\">\n\t\t\t\t<a class=\"elementor-post__thumbnail__link\" href=\"https:\/\/www.hedera-etc.com\/de\/product\/hedera-helix-tiger-eyes\/\" tabindex=\"-1\" target=\"&quot;_blank&quot;\">\n\t\t\t<div class=\"elementor-post__thumbnail\"><img loading=\"lazy\" decoding=\"async\" width=\"300\" height=\"225\" src=\"https:\/\/www.hedera-etc.com\/wp-content\/uploads\/2023\/11\/Hedera-helix-Tigers-Eyes-300x225.webp\" class=\"attachment-medium size-medium wp-image-1554\" alt=\"Hedera helix &#039;Tiger Eyes&#039;\" srcset=\"https:\/\/www.hedera-etc.com\/wp-content\/uploads\/2023\/11\/Hedera-helix-Tigers-Eyes-300x225.webp 300w, https:\/\/www.hedera-etc.com\/wp-content\/uploads\/2023\/11\/Hedera-helix-Tigers-Eyes-900x675.webp 900w, https:\/\/www.hedera-etc.com\/wp-content\/uploads\/2023\/11\/Hedera-helix-Tigers-Eyes-768x576.webp 768w, https:\/\/www.hedera-etc.com\/wp-content\/uploads\/2023\/11\/Hedera-helix-Tigers-Eyes.webp 1024w\" sizes=\"(max-width: 300px) 100vw, 300px\" \/><\/div>\n\t\t<\/a>\n\t\t\t\t<div class=\"elementor-post__text\">\n\t\t\t\t<h3 class=\"elementor-post__title\">\n\t\t\t<a href=\"https:\/\/www.hedera-etc.com\/de\/product\/hedera-helix-tiger-eyes\/\" target=\"&quot;_blank&quot;\">\n\t\t\t\t<em>Hedera helix<\/em> &lsquo;Tiger Eyes&rsquo;- Zier-Efeu\t\t\t<\/a>\n\t\t<\/h3>\n\t\t\t\t<div class=\"elementor-post__excerpt\">\n\t\t\t<p>Sagittalbl\u00e4tter mit 5 Lappen und einem mehr oder weniger sichtbaren hellgr\u00fcnen bis gelbgr\u00fcnen Mittelfleck. Mittlerer Lappen\t\t<\/div>\n\t\t\n\t\t<a class=\"elementor-post__read-more\" href=\"https:\/\/www.hedera-etc.com\/de\/product\/hedera-helix-tiger-eyes\/\" aria-label=\"Mehr \u00fcber &lt;em&gt;Hedera helix&lt;\/em&gt; &lsquo;Tiger Eyes&rsquo;- Lierre d&rsquo;ornement\" tabindex=\"-1\" target=\"_blank\">\n\t\t\tWeiterlesen \u00bb\t\t<\/a>\n\n\t\t\t\t<\/div>\n\t\t\t\t<\/article>\n\t\t\t\t<article class=\"elementor-post elementor-grid-item post-1557 product type-product status-publish has-post-thumbnail product_cat-lierre entry has-media first instock purchasable product-type-variable has-default-attributes has-product-nav col span_1_of_4 owp-content-center item-entry owp-thumbs-layout-horizontal owp-btn-normal owp-tabs-layout-section\">\n\t\t\t\t<a class=\"elementor-post__thumbnail__link\" href=\"https:\/\/www.hedera-etc.com\/de\/product\/hedera-helix-touch-of-class\/\" tabindex=\"-1\" target=\"&quot;_blank&quot;\">\n\t\t\t<div class=\"elementor-post__thumbnail\"><img loading=\"lazy\" decoding=\"async\" width=\"300\" height=\"225\" src=\"https:\/\/www.hedera-etc.com\/wp-content\/uploads\/2023\/11\/Hedera-helix-Touch-of-class_2-300x225.webp\" class=\"attachment-medium size-medium wp-image-1558\" alt=\"Hedera helix &#039;Touch of class&#039;\" srcset=\"https:\/\/www.hedera-etc.com\/wp-content\/uploads\/2023\/11\/Hedera-helix-Touch-of-class_2-300x225.webp 300w, https:\/\/www.hedera-etc.com\/wp-content\/uploads\/2023\/11\/Hedera-helix-Touch-of-class_2-900x675.webp 900w, https:\/\/www.hedera-etc.com\/wp-content\/uploads\/2023\/11\/Hedera-helix-Touch-of-class_2-768x576.webp 768w, https:\/\/www.hedera-etc.com\/wp-content\/uploads\/2023\/11\/Hedera-helix-Touch-of-class_2.webp 1024w\" sizes=\"(max-width: 300px) 100vw, 300px\" \/><\/div>\n\t\t<\/a>\n\t\t\t\t<div class=\"elementor-post__text\">\n\t\t\t\t<h3 class=\"elementor-post__title\">\n\t\t\t<a href=\"https:\/\/www.hedera-etc.com\/de\/product\/hedera-helix-touch-of-class\/\" target=\"&quot;_blank&quot;\">\n\t\t\t\t<em>Hedera helix<\/em> &lsquo;Touch of class&rsquo;- Zier-Efeu\t\t\t<\/a>\n\t\t<\/h3>\n\t\t\t\t<div class=\"elementor-post__excerpt\">\n\t\t\t<p>Smaragdgr\u00fcnes, an den R\u00e4ndern gescheuertes und unregelm\u00e4\u00dfig gewelltes Laub.<\/p> <p>Bl\u00e4tter, so gro\u00df wie eine 1-Euro-M\u00fcnze, unver\u00e4nderlich\t\t<\/div>\n\t\t\n\t\t<a class=\"elementor-post__read-more\" href=\"https:\/\/www.hedera-etc.com\/de\/product\/hedera-helix-touch-of-class\/\" aria-label=\"Mehr \u00fcber &lt;em&gt;Hedera helix&lt;\/em&gt; &lsquo;Touch of class&rsquo;- Lierre d&rsquo;ornement\" tabindex=\"-1\" target=\"_blank\">\n\t\t\tWeiterlesen \u00bb\t\t<\/a>\n\n\t\t\t\t<\/div>\n\t\t\t\t<\/article>\n\t\t\t\t<article class=\"elementor-post elementor-grid-item post-1562 product type-product status-publish has-post-thumbnail product_cat-lierre entry has-media  instock purchasable product-type-variable has-default-attributes has-product-nav col span_1_of_4 owp-content-center item-entry owp-thumbs-layout-horizontal owp-btn-normal owp-tabs-layout-section has-no-thumbnails\">\n\t\t\t\t<a class=\"elementor-post__thumbnail__link\" href=\"https:\/\/www.hedera-etc.com\/de\/product\/hedera-helix-bonzy\/\" tabindex=\"-1\" target=\"&quot;_blank&quot;\">\n\t\t\t<div class=\"elementor-post__thumbnail\"><img loading=\"lazy\" decoding=\"async\" width=\"300\" height=\"225\" src=\"https:\/\/www.hedera-etc.com\/wp-content\/uploads\/2023\/11\/Hedera-helix-Touch-Of-Class-Mutation-300x225.webp\" class=\"attachment-medium size-medium wp-image-1563\" alt=\"Hedera helix &#039;Bonzy&#039;\" srcset=\"https:\/\/www.hedera-etc.com\/wp-content\/uploads\/2023\/11\/Hedera-helix-Touch-Of-Class-Mutation-300x225.webp 300w, https:\/\/www.hedera-etc.com\/wp-content\/uploads\/2023\/11\/Hedera-helix-Touch-Of-Class-Mutation-768x576.webp 768w, https:\/\/www.hedera-etc.com\/wp-content\/uploads\/2023\/11\/Hedera-helix-Touch-Of-Class-Mutation.webp 819w\" sizes=\"(max-width: 300px) 100vw, 300px\" \/><\/div>\n\t\t<\/a>\n\t\t\t\t<div class=\"elementor-post__text\">\n\t\t\t\t<h3 class=\"elementor-post__title\">\n\t\t\t<a href=\"https:\/\/www.hedera-etc.com\/de\/product\/hedera-helix-bonzy\/\" target=\"&quot;_blank&quot;\">\n\t\t\t\t<em>Hedera helix<\/em> &lsquo;Bonzy&rsquo; &#8211; Zier-Efeu\t\t\t<\/a>\n\t\t<\/h3>\n\t\t\t\t<div class=\"elementor-post__excerpt\">\n\t\t\t<p>Faszienklon von \u2018Touch of Class\u2019. Verdrehte \u00c4ste und verkrampfte Bl\u00e4tter.<\/p> <p>Wenn die \u00c4ste \u00e4lter werden, verlieren sie ihre Bl\u00e4tter,\t\t<\/div>\n\t\t\n\t\t<a class=\"elementor-post__read-more\" href=\"https:\/\/www.hedera-etc.com\/de\/product\/hedera-helix-bonzy\/\" aria-label=\"Mehr \u00fcber &lt;em&gt;Hedera helix&lt;\/em&gt; &lsquo;Bonzy&rsquo; &#8211; Lierre d&rsquo;ornement\" tabindex=\"-1\" target=\"_blank\">\n\t\t\tWeiterlesen \u00bb\t\t<\/a>\n\n\t\t\t\t<\/div>\n\t\t\t\t<\/article>\n\t\t\t\t<article class=\"elementor-post elementor-grid-item post-1566 product type-product status-publish has-post-thumbnail product_cat-lierre entry has-media  instock purchasable product-type-variable has-default-attributes has-product-nav col span_1_of_4 owp-content-center item-entry owp-thumbs-layout-horizontal owp-btn-normal owp-tabs-layout-section\">\n\t\t\t\t<a class=\"elementor-post__thumbnail__link\" href=\"https:\/\/www.hedera-etc.com\/de\/product\/hedera-helix-tristram\/\" tabindex=\"-1\" target=\"&quot;_blank&quot;\">\n\t\t\t<div class=\"elementor-post__thumbnail\"><img loading=\"lazy\" decoding=\"async\" width=\"300\" height=\"225\" src=\"https:\/\/www.hedera-etc.com\/wp-content\/uploads\/2023\/11\/Hedera-helix-Tristram-300x225.webp\" class=\"attachment-medium size-medium wp-image-14064\" alt=\"Hedera helix &#039;Tristram&#039;\" srcset=\"https:\/\/www.hedera-etc.com\/wp-content\/uploads\/2023\/11\/Hedera-helix-Tristram-300x225.webp 300w, https:\/\/www.hedera-etc.com\/wp-content\/uploads\/2023\/11\/Hedera-helix-Tristram-900x674.webp 900w, https:\/\/www.hedera-etc.com\/wp-content\/uploads\/2023\/11\/Hedera-helix-Tristram-768x575.webp 768w, https:\/\/www.hedera-etc.com\/wp-content\/uploads\/2023\/11\/Hedera-helix-Tristram.webp 1022w\" sizes=\"(max-width: 300px) 100vw, 300px\" \/><\/div>\n\t\t<\/a>\n\t\t\t\t<div class=\"elementor-post__text\">\n\t\t\t\t<h3 class=\"elementor-post__title\">\n\t\t\t<a href=\"https:\/\/www.hedera-etc.com\/de\/product\/hedera-helix-tristram\/\" target=\"&quot;_blank&quot;\">\n\t\t\t\t<em>Hedera helix<\/em> &lsquo;Tristram&rsquo;- Zier-Efeu\t\t\t<\/a>\n\t\t<\/h3>\n\t\t\t\t<div class=\"elementor-post__excerpt\">\n\t\t\t<p>Gedrungene Pflanze, die einen H\u00fcgel aus kurzen oder mittelgro\u00dfen, eher d\u00fcnnen, stark verzweigten St\u00e4ngeln mit kurzen Internodien bildet.<\/p> <p>Gr\u00fcnes Laub\t\t<\/div>\n\t\t\n\t\t<a class=\"elementor-post__read-more\" href=\"https:\/\/www.hedera-etc.com\/de\/product\/hedera-helix-tristram\/\" aria-label=\"Mehr \u00fcber &lt;em&gt;Hedera helix&lt;\/em&gt; &lsquo;Tristram&rsquo;- Lierre d&rsquo;ornement\" tabindex=\"-1\" target=\"_blank\">\n\t\t\tWeiterlesen \u00bb\t\t<\/a>\n\n\t\t\t\t<\/div>\n\t\t\t\t<\/article>\n\t\t\t\t<article class=\"elementor-post elementor-grid-item post-1571 product type-product status-publish has-post-thumbnail product_cat-lierre entry has-media last instock purchasable product-type-variable has-default-attributes has-product-nav col span_1_of_4 owp-content-center item-entry owp-thumbs-layout-horizontal owp-btn-normal owp-tabs-layout-section has-no-thumbnails\">\n\t\t\t\t<a class=\"elementor-post__thumbnail__link\" href=\"https:\/\/www.hedera-etc.com\/de\/product\/hedera-helix-triton\/\" tabindex=\"-1\" target=\"&quot;_blank&quot;\">\n\t\t\t<div class=\"elementor-post__thumbnail\"><img loading=\"lazy\" decoding=\"async\" width=\"300\" height=\"184\" src=\"https:\/\/www.hedera-etc.com\/wp-content\/uploads\/2023\/11\/Hedera-helix-Triton-300x184.webp\" class=\"attachment-medium size-medium wp-image-13307\" alt=\"Hedera helix &#039;Triton&#039;\" srcset=\"https:\/\/www.hedera-etc.com\/wp-content\/uploads\/2023\/11\/Hedera-helix-Triton-300x184.webp 300w, https:\/\/www.hedera-etc.com\/wp-content\/uploads\/2023\/11\/Hedera-helix-Triton-900x551.webp 900w, https:\/\/www.hedera-etc.com\/wp-content\/uploads\/2023\/11\/Hedera-helix-Triton-1024x627.webp 1024w, https:\/\/www.hedera-etc.com\/wp-content\/uploads\/2023\/11\/Hedera-helix-Triton-768x470.webp 768w, https:\/\/www.hedera-etc.com\/wp-content\/uploads\/2023\/11\/Hedera-helix-Triton.webp 1102w\" sizes=\"(max-width: 300px) 100vw, 300px\" \/><\/div>\n\t\t<\/a>\n\t\t\t\t<div class=\"elementor-post__text\">\n\t\t\t\t<h3 class=\"elementor-post__title\">\n\t\t\t<a href=\"https:\/\/www.hedera-etc.com\/de\/product\/hedera-helix-triton\/\" target=\"&quot;_blank&quot;\">\n\t\t\t\t<em>Hedera helix<\/em> &lsquo;Triton&rsquo;- Zier-Efeu\t\t\t<\/a>\n\t\t<\/h3>\n\t\t\t\t<div class=\"elementor-post__excerpt\">\n\t\t\t<p>Bizarre Sorte, die kleine, dunkel mattgr\u00fcne, stark eingeschnittene Bl\u00e4tter tr\u00e4gt.<\/p> <p>Bl\u00e4tter bestehen aus 5 d\u00fcnnen, spitzen, nach oben gerichteten Lappen\t\t<\/div>\n\t\t\n\t\t<a class=\"elementor-post__read-more\" href=\"https:\/\/www.hedera-etc.com\/de\/product\/hedera-helix-triton\/\" aria-label=\"Mehr \u00fcber &lt;em&gt;Hedera helix&lt;\/em&gt; &lsquo;Triton&rsquo;- Lierre d&rsquo;ornement\" tabindex=\"-1\" target=\"_blank\">\n\t\t\tWeiterlesen \u00bb\t\t<\/a>\n\n\t\t\t\t<\/div>\n\t\t\t\t<\/article>\n\t\t\t\t<article class=\"elementor-post elementor-grid-item post-1576 product type-product status-publish has-post-thumbnail product_cat-lierre entry has-media first instock purchasable product-type-variable has-default-attributes has-product-nav col span_1_of_4 owp-content-center item-entry owp-thumbs-layout-horizontal owp-btn-normal owp-tabs-layout-section\">\n\t\t\t\t<a class=\"elementor-post__thumbnail__link\" href=\"https:\/\/www.hedera-etc.com\/de\/product\/hedera-helix-troll\/\" tabindex=\"-1\" target=\"&quot;_blank&quot;\">\n\t\t\t<div class=\"elementor-post__thumbnail\"><img loading=\"lazy\" decoding=\"async\" width=\"300\" height=\"203\" src=\"https:\/\/www.hedera-etc.com\/wp-content\/uploads\/2023\/11\/Hedera-helix-Troll-300x203.webp\" class=\"attachment-medium size-medium wp-image-1577\" alt=\"Hedera helix &#039;Troll&#039;\" srcset=\"https:\/\/www.hedera-etc.com\/wp-content\/uploads\/2023\/11\/Hedera-helix-Troll-300x203.webp 300w, https:\/\/www.hedera-etc.com\/wp-content\/uploads\/2023\/11\/Hedera-helix-Troll-768x519.webp 768w, https:\/\/www.hedera-etc.com\/wp-content\/uploads\/2023\/11\/Hedera-helix-Troll.webp 800w\" sizes=\"(max-width: 300px) 100vw, 300px\" \/><\/div>\n\t\t<\/a>\n\t\t\t\t<div class=\"elementor-post__text\">\n\t\t\t\t<h3 class=\"elementor-post__title\">\n\t\t\t<a href=\"https:\/\/www.hedera-etc.com\/de\/product\/hedera-helix-troll\/\" target=\"&quot;_blank&quot;\">\n\t\t\t\t<em>Hedera helix<\/em> &lsquo;Troll&rsquo;- Zier-Efeu original\t\t\t<\/a>\n\t\t<\/h3>\n\t\t\t\t<div class=\"elementor-post__excerpt\">\n\t\t\t<p>Miniatur-Efeu, \u00e4hnelt \u2018Triton\u2019 in kleinerer Form, die Internodien sind k\u00fcrzer, die Bl\u00e4tter weniger lang. Hellgr\u00fcne Blattspreite\t\t<\/div>\n\t\t\n\t\t<a class=\"elementor-post__read-more\" href=\"https:\/\/www.hedera-etc.com\/de\/product\/hedera-helix-troll\/\" aria-label=\"Mehr \u00fcber &lt;em&gt;Hedera helix&lt;\/em&gt; &lsquo;Troll&rsquo;- Lierre d&rsquo;ornement original\" tabindex=\"-1\" target=\"_blank\">\n\t\t\tWeiterlesen \u00bb\t\t<\/a>\n\n\t\t\t\t<\/div>\n\t\t\t\t<\/article>\n\t\t\t\t<article class=\"elementor-post elementor-grid-item post-1583 product type-product status-publish has-post-thumbnail product_cat-lierre entry has-media  instock purchasable product-type-variable has-default-attributes has-product-nav col span_1_of_4 owp-content-center item-entry owp-thumbs-layout-horizontal owp-btn-normal owp-tabs-layout-section\">\n\t\t\t\t<a class=\"elementor-post__thumbnail__link\" href=\"https:\/\/www.hedera-etc.com\/de\/product\/hedera-helix-trustee\/\" tabindex=\"-1\" target=\"&quot;_blank&quot;\">\n\t\t\t<div class=\"elementor-post__thumbnail\"><img loading=\"lazy\" decoding=\"async\" width=\"300\" height=\"199\" src=\"https:\/\/www.hedera-etc.com\/wp-content\/uploads\/2023\/11\/Hedera-helix-Trustee-300x199.webp\" class=\"attachment-medium size-medium wp-image-15289\" alt=\"Hedera helix &#039;Trustee&#039;\" srcset=\"https:\/\/www.hedera-etc.com\/wp-content\/uploads\/2023\/11\/Hedera-helix-Trustee-300x199.webp 300w, https:\/\/www.hedera-etc.com\/wp-content\/uploads\/2023\/11\/Hedera-helix-Trustee-900x597.webp 900w, https:\/\/www.hedera-etc.com\/wp-content\/uploads\/2023\/11\/Hedera-helix-Trustee-1024x679.webp 1024w, https:\/\/www.hedera-etc.com\/wp-content\/uploads\/2023\/11\/Hedera-helix-Trustee-768x510.webp 768w, https:\/\/www.hedera-etc.com\/wp-content\/uploads\/2023\/11\/Hedera-helix-Trustee.webp 1153w\" sizes=\"(max-width: 300px) 100vw, 300px\" \/><\/div>\n\t\t<\/a>\n\t\t\t\t<div class=\"elementor-post__text\">\n\t\t\t\t<h3 class=\"elementor-post__title\">\n\t\t\t<a href=\"https:\/\/www.hedera-etc.com\/de\/product\/hedera-helix-trustee\/\" target=\"&quot;_blank&quot;\">\n\t\t\t\t<em>Hedera helix<\/em> &lsquo;Trustee&rsquo;- Zier-Efeu\t\t\t<\/a>\n\t\t<\/h3>\n\t\t\t\t<div class=\"elementor-post__excerpt\">\n\t\t\t<p>Kletternder Efeu oder kr\u00e4ftiger Bodendecker, der lange, verzweigte St\u00e4ngel mit 5-7 cm auseinander liegenden Internodien hervorbringt.<\/p> <p>Gr\u00fcnes Laub\t\t<\/div>\n\t\t\n\t\t<a class=\"elementor-post__read-more\" href=\"https:\/\/www.hedera-etc.com\/de\/product\/hedera-helix-trustee\/\" aria-label=\"Mehr \u00fcber &lt;em&gt;Hedera helix&lt;\/em&gt; &lsquo;Trustee&rsquo;- Lierre d&rsquo;ornement\" tabindex=\"-1\" target=\"_blank\">\n\t\t\tWeiterlesen \u00bb\t\t<\/a>\n\n\t\t\t\t<\/div>\n\t\t\t\t<\/article>\n\t\t\t\t<article class=\"elementor-post elementor-grid-item post-1589 product type-product status-publish has-post-thumbnail product_cat-lierre entry has-media  instock purchasable product-type-variable has-default-attributes has-product-nav col span_1_of_4 owp-content-center item-entry owp-thumbs-layout-horizontal owp-btn-normal owp-tabs-layout-section\">\n\t\t\t\t<a class=\"elementor-post__thumbnail__link\" href=\"https:\/\/www.hedera-etc.com\/de\/product\/hedera-helix-tussie-mussie\/\" tabindex=\"-1\" target=\"&quot;_blank&quot;\">\n\t\t\t<div class=\"elementor-post__thumbnail\"><img loading=\"lazy\" decoding=\"async\" width=\"300\" height=\"239\" src=\"https:\/\/www.hedera-etc.com\/wp-content\/uploads\/2023\/11\/Hedera-helix-Tussie-Mussie-300x239.webp\" class=\"attachment-medium size-medium wp-image-14053\" alt=\"Hedera helix &#039;Tussie Mussie&#039;\" srcset=\"https:\/\/www.hedera-etc.com\/wp-content\/uploads\/2023\/11\/Hedera-helix-Tussie-Mussie-300x239.webp 300w, https:\/\/www.hedera-etc.com\/wp-content\/uploads\/2023\/11\/Hedera-helix-Tussie-Mussie-768x611.webp 768w, https:\/\/www.hedera-etc.com\/wp-content\/uploads\/2023\/11\/Hedera-helix-Tussie-Mussie.webp 849w\" sizes=\"(max-width: 300px) 100vw, 300px\" \/><\/div>\n\t\t<\/a>\n\t\t\t\t<div class=\"elementor-post__text\">\n\t\t\t\t<h3 class=\"elementor-post__title\">\n\t\t\t<a href=\"https:\/\/www.hedera-etc.com\/de\/product\/hedera-helix-tussie-mussie\/\" target=\"&quot;_blank&quot;\">\n\t\t\t\t<em>Hedera helix<\/em> &lsquo;Tussie Mussie&rsquo;- Zier-Efeu\t\t\t<\/a>\n\t\t<\/h3>\n\t\t\t\t<div class=\"elementor-post__excerpt\">\n\t\t\t<p>Kompakte, verzweigte Sorte. Bl\u00e4tter mit 3 deutlichen Lappen, abgerundet, manchmal fast wie Fiederbl\u00e4ttchen, deren Oberfl\u00e4che gepr\u00e4gt ist.\t\t<\/div>\n\t\t\n\t\t<a class=\"elementor-post__read-more\" href=\"https:\/\/www.hedera-etc.com\/de\/product\/hedera-helix-tussie-mussie\/\" aria-label=\"Mehr \u00fcber &lt;em&gt;Hedera helix&lt;\/em&gt; &lsquo;Tussie Mussie&rsquo;- Lierre d&rsquo;ornement\" tabindex=\"-1\" target=\"_blank\">\n\t\t\tWeiterlesen \u00bb\t\t<\/a>\n\n\t\t\t\t<\/div>\n\t\t\t\t<\/article>\n\t\t\t\t<article class=\"elementor-post elementor-grid-item post-1595 product type-product status-publish has-post-thumbnail product_cat-lierre entry has-media last instock purchasable product-type-variable has-default-attributes has-product-nav col span_1_of_4 owp-content-center item-entry owp-thumbs-layout-horizontal owp-btn-normal owp-tabs-layout-section\">\n\t\t\t\t<a class=\"elementor-post__thumbnail__link\" href=\"https:\/\/www.hedera-etc.com\/de\/product\/hedera-helix-twilight\/\" tabindex=\"-1\" target=\"&quot;_blank&quot;\">\n\t\t\t<div class=\"elementor-post__thumbnail\"><img loading=\"lazy\" decoding=\"async\" width=\"300\" height=\"225\" src=\"https:\/\/www.hedera-etc.com\/wp-content\/uploads\/2023\/11\/Hedera-helix-Twilight-300x225.webp\" class=\"attachment-medium size-medium wp-image-15290\" alt=\"Hedera helix &#039;Twilight&#039;\" srcset=\"https:\/\/www.hedera-etc.com\/wp-content\/uploads\/2023\/11\/Hedera-helix-Twilight-300x225.webp 300w, https:\/\/www.hedera-etc.com\/wp-content\/uploads\/2023\/11\/Hedera-helix-Twilight-900x674.webp 900w, https:\/\/www.hedera-etc.com\/wp-content\/uploads\/2023\/11\/Hedera-helix-Twilight-768x575.webp 768w, https:\/\/www.hedera-etc.com\/wp-content\/uploads\/2023\/11\/Hedera-helix-Twilight.webp 902w\" sizes=\"(max-width: 300px) 100vw, 300px\" \/><\/div>\n\t\t<\/a>\n\t\t\t\t<div class=\"elementor-post__text\">\n\t\t\t\t<h3 class=\"elementor-post__title\">\n\t\t\t<a href=\"https:\/\/www.hedera-etc.com\/de\/product\/hedera-helix-twilight\/\" target=\"&quot;_blank&quot;\">\n\t\t\t\t<em>Hedera helix<\/em> &lsquo;Twilight&rsquo;- Zier-Efeu\t\t\t<\/a>\n\t\t<\/h3>\n\t\t\t\t<div class=\"elementor-post__excerpt\">\n\t\t\t<p>Sieht sehr \u00e4hnlich aus wie <em>Hedera helix<\/em> \u2018Needlepoint\u2019, aber mit panaschiertem Laub.<\/p> <p>Wei\u00dfe bis hellgelbe Bl\u00e4tter, die mit winzigen Flecken gesprenkelt sind\t\t<\/div>\n\t\t\n\t\t<a class=\"elementor-post__read-more\" href=\"https:\/\/www.hedera-etc.com\/de\/product\/hedera-helix-twilight\/\" aria-label=\"Mehr \u00fcber &lt;em&gt;Hedera helix&lt;\/em&gt; &lsquo;Twilight&rsquo;- Lierre d&rsquo;ornement\" tabindex=\"-1\" target=\"_blank\">\n\t\t\tWeiterlesen \u00bb\t\t<\/a>\n\n\t\t\t\t<\/div>\n\t\t\t\t<\/article>\n\t\t\t\t<article class=\"elementor-post elementor-grid-item post-1601 product type-product status-publish has-post-thumbnail product_cat-lierre entry has-media first instock purchasable product-type-variable has-default-attributes has-product-nav col span_1_of_4 owp-content-center item-entry owp-thumbs-layout-horizontal owp-btn-normal owp-tabs-layout-section\">\n\t\t\t\t<a class=\"elementor-post__thumbnail__link\" href=\"https:\/\/www.hedera-etc.com\/de\/product\/hedera-helix-typ-von-helensburgh\/\" tabindex=\"-1\" target=\"&quot;_blank&quot;\">\n\t\t\t<div class=\"elementor-post__thumbnail\"><img loading=\"lazy\" decoding=\"async\" width=\"300\" height=\"225\" src=\"https:\/\/www.hedera-etc.com\/wp-content\/uploads\/2023\/11\/Hedera-helix-Typ-Von-Helensburgh_3-300x225.webp\" class=\"attachment-medium size-medium wp-image-18135\" alt=\"Hedera helix &#039;Typ Von Helensburgh&#039;\" srcset=\"https:\/\/www.hedera-etc.com\/wp-content\/uploads\/2023\/11\/Hedera-helix-Typ-Von-Helensburgh_3-300x225.webp 300w, https:\/\/www.hedera-etc.com\/wp-content\/uploads\/2023\/11\/Hedera-helix-Typ-Von-Helensburgh_3-900x675.webp 900w, https:\/\/www.hedera-etc.com\/wp-content\/uploads\/2023\/11\/Hedera-helix-Typ-Von-Helensburgh_3-1024x768.webp 1024w, https:\/\/www.hedera-etc.com\/wp-content\/uploads\/2023\/11\/Hedera-helix-Typ-Von-Helensburgh_3-768x576.webp 768w, https:\/\/www.hedera-etc.com\/wp-content\/uploads\/2023\/11\/Hedera-helix-Typ-Von-Helensburgh_3-1536x1152.webp 1536w, https:\/\/www.hedera-etc.com\/wp-content\/uploads\/2023\/11\/Hedera-helix-Typ-Von-Helensburgh_3-1320x990.webp 1320w, https:\/\/www.hedera-etc.com\/wp-content\/uploads\/2023\/11\/Hedera-helix-Typ-Von-Helensburgh_3.webp 1600w\" sizes=\"(max-width: 300px) 100vw, 300px\" \/><\/div>\n\t\t<\/a>\n\t\t\t\t<div class=\"elementor-post__text\">\n\t\t\t\t<h3 class=\"elementor-post__title\">\n\t\t\t<a href=\"https:\/\/www.hedera-etc.com\/de\/product\/hedera-helix-typ-von-helensburgh\/\" target=\"&quot;_blank&quot;\">\n\t\t\t\t<em>Hedera helix<\/em> &lsquo;Typ Von Helensburgh&rsquo;\t\t\t<\/a>\n\t\t<\/h3>\n\t\t\t\t<div class=\"elementor-post__excerpt\">\n\t\t\t<p>Eine Selektion, die dem Typus \u00e4hnlich ist, sich aber durch ihre kleinen, 1,5 bis 2,5 cm langen Bl\u00e4tter von ihm unterscheidet.<\/p> <p>St\u00e4ngel wenig verzweigt. Zwischenknoten,\t\t<\/div>\n\t\t\n\t\t<a class=\"elementor-post__read-more\" href=\"https:\/\/www.hedera-etc.com\/de\/product\/hedera-helix-typ-von-helensburgh\/\" aria-label=\"Mehr \u00fcber &lt;em&gt;Hedera helix&lt;\/em&gt; &lsquo;Typ Von Helensburgh&rsquo;\" tabindex=\"-1\" target=\"_blank\">\n\t\t\tWeiterlesen \u00bb\t\t<\/a>\n\n\t\t\t\t<\/div>\n\t\t\t\t<\/article>\n\t\t\t\t<article class=\"elementor-post elementor-grid-item post-1607 product type-product status-publish has-post-thumbnail product_cat-lierre entry has-media  instock purchasable product-type-variable has-default-attributes has-product-nav col span_1_of_4 owp-content-center item-entry owp-thumbs-layout-horizontal owp-btn-normal owp-tabs-layout-section has-no-thumbnails\">\n\t\t\t\t<a class=\"elementor-post__thumbnail__link\" href=\"https:\/\/www.hedera-etc.com\/de\/product\/hedera-helix-ursula\/\" tabindex=\"-1\" target=\"&quot;_blank&quot;\">\n\t\t\t<div class=\"elementor-post__thumbnail\"><img loading=\"lazy\" decoding=\"async\" width=\"300\" height=\"225\" src=\"https:\/\/www.hedera-etc.com\/wp-content\/uploads\/2023\/11\/Hedera-helix-Ursula-300x225.webp\" class=\"attachment-medium size-medium wp-image-1608\" alt=\"Hedera helix &#039;Ursula&#039;\" srcset=\"https:\/\/www.hedera-etc.com\/wp-content\/uploads\/2023\/11\/Hedera-helix-Ursula-300x225.webp 300w, https:\/\/www.hedera-etc.com\/wp-content\/uploads\/2023\/11\/Hedera-helix-Ursula-768x575.webp 768w, https:\/\/www.hedera-etc.com\/wp-content\/uploads\/2023\/11\/Hedera-helix-Ursula.webp 800w\" sizes=\"(max-width: 300px) 100vw, 300px\" \/><\/div>\n\t\t<\/a>\n\t\t\t\t<div class=\"elementor-post__text\">\n\t\t\t\t<h3 class=\"elementor-post__title\">\n\t\t\t<a href=\"https:\/\/www.hedera-etc.com\/de\/product\/hedera-helix-ursula\/\" target=\"&quot;_blank&quot;\">\n\t\t\t\t<em>Hedera helix<\/em> &lsquo;Ursula&rsquo;- Zier-Efeu\t\t\t<\/a>\n\t\t<\/h3>\n\t\t\t\t<div class=\"elementor-post__excerpt\">\n\t\t\t<p>Kr\u00e4ftiger, verzweigter Efeu. St\u00e4ngel tragen gro\u00dfe Bl\u00e4tter mit drei l\u00e4nglichen Lappen, wobei die Seitenlappen manchmal den Lappen \u00fcberlappen.\t\t<\/div>\n\t\t\n\t\t<a class=\"elementor-post__read-more\" href=\"https:\/\/www.hedera-etc.com\/de\/product\/hedera-helix-ursula\/\" aria-label=\"Mehr \u00fcber &lt;em&gt;Hedera helix&lt;\/em&gt; &lsquo;Ursula&rsquo;- Lierre d&rsquo;ornement\" tabindex=\"-1\" target=\"_blank\">\n\t\t\tWeiterlesen \u00bb\t\t<\/a>\n\n\t\t\t\t<\/div>\n\t\t\t\t<\/article>\n\t\t\t\t<article class=\"elementor-post elementor-grid-item post-1612 product type-product status-publish has-post-thumbnail product_cat-lierre entry has-media  instock purchasable product-type-variable has-default-attributes has-product-nav col span_1_of_4 owp-content-center item-entry owp-thumbs-layout-horizontal owp-btn-normal owp-tabs-layout-section\">\n\t\t\t\t<a class=\"elementor-post__thumbnail__link\" href=\"https:\/\/www.hedera-etc.com\/de\/product\/hedera-helix-ustler\/\" tabindex=\"-1\" target=\"&quot;_blank&quot;\">\n\t\t\t<div class=\"elementor-post__thumbnail\"><img loading=\"lazy\" decoding=\"async\" width=\"300\" height=\"225\" src=\"https:\/\/www.hedera-etc.com\/wp-content\/uploads\/2023\/11\/Hedera-helix-Uslter_2-300x225.webp\" class=\"attachment-medium size-medium wp-image-1614\" alt=\"Hedera helix &#039;Ustler&#039;\" srcset=\"https:\/\/www.hedera-etc.com\/wp-content\/uploads\/2023\/11\/Hedera-helix-Uslter_2-300x225.webp 300w, https:\/\/www.hedera-etc.com\/wp-content\/uploads\/2023\/11\/Hedera-helix-Uslter_2-900x675.webp 900w, https:\/\/www.hedera-etc.com\/wp-content\/uploads\/2023\/11\/Hedera-helix-Uslter_2-768x576.webp 768w, https:\/\/www.hedera-etc.com\/wp-content\/uploads\/2023\/11\/Hedera-helix-Uslter_2.webp 1024w\" sizes=\"(max-width: 300px) 100vw, 300px\" \/><\/div>\n\t\t<\/a>\n\t\t\t\t<div class=\"elementor-post__text\">\n\t\t\t\t<h3 class=\"elementor-post__title\">\n\t\t\t<a href=\"https:\/\/www.hedera-etc.com\/de\/product\/hedera-helix-ustler\/\" target=\"&quot;_blank&quot;\">\n\t\t\t\t<em>Hedera helix<\/em> &lsquo;Ustler&rsquo;- Zier-Efeu\t\t\t<\/a>\n\t\t<\/h3>\n\t\t\t\t<div class=\"elementor-post__excerpt\">\n\t\t\t<p>Steht der Sorte \u2018Boskoop\u2019 nahe. Der einzige Unterschied besteht in den Bl\u00e4ttern, die nicht so stark gewellt sind.<\/p> <p>St\u00e4ngel wachsen in\t\t<\/div>\n\t\t\n\t\t<a class=\"elementor-post__read-more\" href=\"https:\/\/www.hedera-etc.com\/de\/product\/hedera-helix-ustler\/\" aria-label=\"Mehr \u00fcber &lt;em&gt;Hedera helix&lt;\/em&gt; &lsquo;Ustler&rsquo;- Lierre d&rsquo;ornement\" tabindex=\"-1\" target=\"_blank\">\n\t\t\tWeiterlesen \u00bb\t\t<\/a>\n\n\t\t\t\t<\/div>\n\t\t\t\t<\/article>\n\t\t\t\t<article class=\"elementor-post elementor-grid-item post-1617 product type-product status-publish has-post-thumbnail product_cat-lierre entry has-media last instock purchasable product-type-variable has-default-attributes has-product-nav col span_1_of_4 owp-content-center item-entry owp-thumbs-layout-horizontal owp-btn-normal owp-tabs-layout-section has-no-thumbnails\">\n\t\t\t\t<a class=\"elementor-post__thumbnail__link\" href=\"https:\/\/www.hedera-etc.com\/de\/product\/hedera-helix-victoria\/\" tabindex=\"-1\" target=\"&quot;_blank&quot;\">\n\t\t\t<div class=\"elementor-post__thumbnail\"><img loading=\"lazy\" decoding=\"async\" width=\"300\" height=\"225\" src=\"https:\/\/www.hedera-etc.com\/wp-content\/uploads\/2023\/11\/Hedera-helix-Victoria-300x225.webp\" class=\"attachment-medium size-medium wp-image-1618\" alt=\"Hedera helix &#039;Victoria&#039;\" srcset=\"https:\/\/www.hedera-etc.com\/wp-content\/uploads\/2023\/11\/Hedera-helix-Victoria-300x225.webp 300w, https:\/\/www.hedera-etc.com\/wp-content\/uploads\/2023\/11\/Hedera-helix-Victoria-768x575.webp 768w, https:\/\/www.hedera-etc.com\/wp-content\/uploads\/2023\/11\/Hedera-helix-Victoria.webp 800w\" sizes=\"(max-width: 300px) 100vw, 300px\" \/><\/div>\n\t\t<\/a>\n\t\t\t\t<div class=\"elementor-post__text\">\n\t\t\t\t<h3 class=\"elementor-post__title\">\n\t\t\t<a href=\"https:\/\/www.hedera-etc.com\/de\/product\/hedera-helix-victoria\/\" target=\"&quot;_blank&quot;\">\n\t\t\t\t<em>Hedera helix<\/em> &lsquo;Victoria&rsquo;- Zier-Efeu\t\t\t<\/a>\n\t\t<\/h3>\n\t\t\t\t<div class=\"elementor-post__excerpt\">\n\t\t\t<p>Efeu, der nur wenig verzweigt ist. Lange St\u00e4ngel mit gr\u00fcnen, f\u00fcnflappigen, nach vorne gerichteten Bl\u00e4ttern.<\/p> <p>Blatt von 7 x 6\t\t<\/div>\n\t\t\n\t\t<a class=\"elementor-post__read-more\" href=\"https:\/\/www.hedera-etc.com\/de\/product\/hedera-helix-victoria\/\" aria-label=\"Mehr \u00fcber &lt;em&gt;Hedera helix&lt;\/em&gt; &lsquo;Victoria&rsquo;- Lierre d&rsquo;ornement\" tabindex=\"-1\" target=\"_blank\">\n\t\t\tWeiterlesen \u00bb\t\t<\/a>\n\n\t\t\t\t<\/div>\n\t\t\t\t<\/article>\n\t\t\t\t<article class=\"elementor-post elementor-grid-item post-1621 product type-product status-publish has-post-thumbnail product_cat-lierre entry has-media first instock purchasable product-type-variable has-default-attributes has-product-nav col span_1_of_4 owp-content-center item-entry owp-thumbs-layout-horizontal owp-btn-normal owp-tabs-layout-section\">\n\t\t\t\t<a class=\"elementor-post__thumbnail__link\" href=\"https:\/\/www.hedera-etc.com\/de\/product\/hedera-helix-vitis\/\" tabindex=\"-1\" target=\"&quot;_blank&quot;\">\n\t\t\t<div class=\"elementor-post__thumbnail\"><img loading=\"lazy\" decoding=\"async\" width=\"300\" height=\"225\" src=\"https:\/\/www.hedera-etc.com\/wp-content\/uploads\/2023\/11\/Hedera-helix-Vitis_2-300x225.webp\" class=\"attachment-medium size-medium wp-image-14022\" alt=\"Hedera helix &#039;Vitis&#039;\" srcset=\"https:\/\/www.hedera-etc.com\/wp-content\/uploads\/2023\/11\/Hedera-helix-Vitis_2-300x225.webp 300w, https:\/\/www.hedera-etc.com\/wp-content\/uploads\/2023\/11\/Hedera-helix-Vitis_2-900x675.webp 900w, https:\/\/www.hedera-etc.com\/wp-content\/uploads\/2023\/11\/Hedera-helix-Vitis_2-768x576.webp 768w, https:\/\/www.hedera-etc.com\/wp-content\/uploads\/2023\/11\/Hedera-helix-Vitis_2.webp 1024w\" sizes=\"(max-width: 300px) 100vw, 300px\" \/><\/div>\n\t\t<\/a>\n\t\t\t\t<div class=\"elementor-post__text\">\n\t\t\t\t<h3 class=\"elementor-post__title\">\n\t\t\t<a href=\"https:\/\/www.hedera-etc.com\/de\/product\/hedera-helix-vitis\/\" target=\"&quot;_blank&quot;\">\n\t\t\t\t<em>Hedera helix<\/em> &lsquo;Vitis&rsquo;- Zier-Efeu\t\t\t<\/a>\n\t\t<\/h3>\n\t\t\t\t<div class=\"elementor-post__excerpt\">\n\t\t\t<p>Bl\u00e4tter, die ein wenig den Weinbl\u00e4ttern \u00e4hneln, nur kleiner. Lappen spitz und nach unten gebogen.<\/p>\t\t<\/div>\n\t\t\n\t\t<a class=\"elementor-post__read-more\" href=\"https:\/\/www.hedera-etc.com\/de\/product\/hedera-helix-vitis\/\" aria-label=\"Mehr \u00fcber &lt;em&gt;Hedera helix&lt;\/em&gt; &lsquo;Vitis&rsquo;- Lierre d&rsquo;ornement\" tabindex=\"-1\" target=\"_blank\">\n\t\t\tWeiterlesen \u00bb\t\t<\/a>\n\n\t\t\t\t<\/div>\n\t\t\t\t<\/article>\n\t\t\t\t<article class=\"elementor-post elementor-grid-item post-1626 product type-product status-publish has-post-thumbnail product_cat-lierre entry has-media  instock purchasable product-type-variable has-default-attributes has-product-nav col span_1_of_4 owp-content-center item-entry owp-thumbs-layout-horizontal owp-btn-normal owp-tabs-layout-section\">\n\t\t\t\t<a class=\"elementor-post__thumbnail__link\" href=\"https:\/\/www.hedera-etc.com\/de\/product\/hedera-helix-waabs\/\" tabindex=\"-1\" target=\"&quot;_blank&quot;\">\n\t\t\t<div class=\"elementor-post__thumbnail\"><img loading=\"lazy\" decoding=\"async\" width=\"300\" height=\"242\" src=\"https:\/\/www.hedera-etc.com\/wp-content\/uploads\/2023\/11\/Hedera-helix-Waabs-300x242.webp\" class=\"attachment-medium size-medium wp-image-1627\" alt=\"Hedera helix &#039;Waabs&#039;\" srcset=\"https:\/\/www.hedera-etc.com\/wp-content\/uploads\/2023\/11\/Hedera-helix-Waabs-300x242.webp 300w, https:\/\/www.hedera-etc.com\/wp-content\/uploads\/2023\/11\/Hedera-helix-Waabs-768x619.webp 768w, https:\/\/www.hedera-etc.com\/wp-content\/uploads\/2023\/11\/Hedera-helix-Waabs.webp 800w\" sizes=\"(max-width: 300px) 100vw, 300px\" \/><\/div>\n\t\t<\/a>\n\t\t\t\t<div class=\"elementor-post__text\">\n\t\t\t\t<h3 class=\"elementor-post__title\">\n\t\t\t<a href=\"https:\/\/www.hedera-etc.com\/de\/product\/hedera-helix-waabs\/\" target=\"&quot;_blank&quot;\">\n\t\t\t\t<em>Hedera helix<\/em> &lsquo;Waabs&rsquo;- Zier-Efeu\t\t\t<\/a>\n\t\t<\/h3>\n\t\t\t\t<div class=\"elementor-post__excerpt\">\n\t\t\t<p>Eine dem Typus \u00e4hnliche Sorte, die relativ wenig Bl\u00e4tter produziert und dem Tr\u00e4germaterial mehr Transparenz verleiht.<\/p> <p>Dunkelgr\u00fcne Bl\u00e4tter\t\t<\/div>\n\t\t\n\t\t<a class=\"elementor-post__read-more\" href=\"https:\/\/www.hedera-etc.com\/de\/product\/hedera-helix-waabs\/\" aria-label=\"Mehr \u00fcber &lt;em&gt;Hedera helix&lt;\/em&gt; &lsquo;Waabs&rsquo;- Lierre d&rsquo;ornement\" tabindex=\"-1\" target=\"_blank\">\n\t\t\tWeiterlesen \u00bb\t\t<\/a>\n\n\t\t\t\t<\/div>\n\t\t\t\t<\/article>\n\t\t\t\t<article class=\"elementor-post elementor-grid-item post-1631 product type-product status-publish has-post-thumbnail product_cat-lierre entry has-media  instock purchasable product-type-variable has-default-attributes has-product-nav col span_1_of_4 owp-content-center item-entry owp-thumbs-layout-horizontal owp-btn-normal owp-tabs-layout-section\">\n\t\t\t\t<a class=\"elementor-post__thumbnail__link\" href=\"https:\/\/www.hedera-etc.com\/de\/product\/hedera-helix-waccamaw\/\" tabindex=\"-1\" target=\"&quot;_blank&quot;\">\n\t\t\t<div class=\"elementor-post__thumbnail\"><img loading=\"lazy\" decoding=\"async\" width=\"300\" height=\"225\" src=\"https:\/\/www.hedera-etc.com\/wp-content\/uploads\/2023\/11\/Hedera-helix-Waccamaw-1-300x225.webp\" class=\"attachment-medium size-medium wp-image-14013\" alt=\"Hedera helix &#039;Waccamaw\" srcset=\"https:\/\/www.hedera-etc.com\/wp-content\/uploads\/2023\/11\/Hedera-helix-Waccamaw-1-300x225.webp 300w, https:\/\/www.hedera-etc.com\/wp-content\/uploads\/2023\/11\/Hedera-helix-Waccamaw-1-900x674.webp 900w, https:\/\/www.hedera-etc.com\/wp-content\/uploads\/2023\/11\/Hedera-helix-Waccamaw-1-1024x767.webp 1024w, https:\/\/www.hedera-etc.com\/wp-content\/uploads\/2023\/11\/Hedera-helix-Waccamaw-1-768x576.webp 768w, https:\/\/www.hedera-etc.com\/wp-content\/uploads\/2023\/11\/Hedera-helix-Waccamaw-1.webp 1313w\" sizes=\"(max-width: 300px) 100vw, 300px\" \/><\/div>\n\t\t<\/a>\n\t\t\t\t<div class=\"elementor-post__text\">\n\t\t\t\t<h3 class=\"elementor-post__title\">\n\t\t\t<a href=\"https:\/\/www.hedera-etc.com\/de\/product\/hedera-helix-waccamaw\/\" target=\"&quot;_blank&quot;\">\n\t\t\t\t<em>Hedera helix<\/em> &lsquo;Waccamaw&rsquo; &#8211; Zier-Efeu\t\t\t<\/a>\n\t\t<\/h3>\n\t\t\t\t<div class=\"elementor-post__excerpt\">\n\t\t\t<p>Bl\u00e4tter mit 3 wenig ausgepr\u00e4gten Lappen, Spitze abgerundet.<\/p> <p>Dunkelgr\u00fcne Bl\u00e4tter, die in der Mitte einen gelbgr\u00fcnen Fleck zeigen.\t\t<\/div>\n\t\t\n\t\t<a class=\"elementor-post__read-more\" href=\"https:\/\/www.hedera-etc.com\/de\/product\/hedera-helix-waccamaw\/\" aria-label=\"Mehr \u00fcber &lt;em&gt;Hedera helix&lt;\/em&gt; &lsquo;Waccamaw&rsquo; &#8211; Lierre d&rsquo;ornement\" tabindex=\"-1\" target=\"_blank\">\n\t\t\tWeiterlesen \u00bb\t\t<\/a>\n\n\t\t\t\t<\/div>\n\t\t\t\t<\/article>\n\t\t\t\t<article class=\"elementor-post elementor-grid-item post-1635 product type-product status-publish has-post-thumbnail product_cat-lierre entry has-media last instock purchasable product-type-variable has-default-attributes has-product-nav col span_1_of_4 owp-content-center item-entry owp-thumbs-layout-horizontal owp-btn-normal owp-tabs-layout-section\">\n\t\t\t\t<a class=\"elementor-post__thumbnail__link\" href=\"https:\/\/www.hedera-etc.com\/de\/product\/hedera-helix-wellenspiel\/\" tabindex=\"-1\" target=\"&quot;_blank&quot;\">\n\t\t\t<div class=\"elementor-post__thumbnail\"><img loading=\"lazy\" decoding=\"async\" width=\"300\" height=\"225\" src=\"https:\/\/www.hedera-etc.com\/wp-content\/uploads\/2023\/11\/Hedera-helix-Wellenspiel-300x225.webp\" class=\"attachment-medium size-medium wp-image-1636\" alt=\"Hedera helix &#039;Wellenspiel&#039;\" srcset=\"https:\/\/www.hedera-etc.com\/wp-content\/uploads\/2023\/11\/Hedera-helix-Wellenspiel-300x225.webp 300w, https:\/\/www.hedera-etc.com\/wp-content\/uploads\/2023\/11\/Hedera-helix-Wellenspiel-768x576.webp 768w, https:\/\/www.hedera-etc.com\/wp-content\/uploads\/2023\/11\/Hedera-helix-Wellenspiel.webp 839w\" sizes=\"(max-width: 300px) 100vw, 300px\" \/><\/div>\n\t\t<\/a>\n\t\t\t\t<div class=\"elementor-post__text\">\n\t\t\t\t<h3 class=\"elementor-post__title\">\n\t\t\t<a href=\"https:\/\/www.hedera-etc.com\/de\/product\/hedera-helix-wellenspiel\/\" target=\"&quot;_blank&quot;\">\n\t\t\t\t<em>Hedera helix<\/em> &lsquo;Wellenspiel&rsquo;- Zier-Efeu\t\t\t<\/a>\n\t\t<\/h3>\n\t\t\t\t<div class=\"elementor-post__excerpt\">\n\t\t\t<p>Bl\u00e4tter mit drei nach vorne gerichteten Lappen, die oft gedreht sind, wobei der Blattrand gewellt ist.<\/p> <p>Seitenlappen bedecken manchmal\t\t<\/div>\n\t\t\n\t\t<a class=\"elementor-post__read-more\" href=\"https:\/\/www.hedera-etc.com\/de\/product\/hedera-helix-wellenspiel\/\" aria-label=\"Mehr \u00fcber &lt;em&gt;Hedera helix&lt;\/em&gt; &lsquo;Wellenspiel&rsquo;- Lierre d&rsquo;ornement\" tabindex=\"-1\" target=\"_blank\">\n\t\t\tWeiterlesen \u00bb\t\t<\/a>\n\n\t\t\t\t<\/div>\n\t\t\t\t<\/article>\n\t\t\t\t<article class=\"elementor-post elementor-grid-item post-1643 product type-product status-publish has-post-thumbnail product_cat-lierre entry has-media first instock purchasable product-type-variable has-default-attributes has-product-nav col span_1_of_4 owp-content-center item-entry owp-thumbs-layout-horizontal owp-btn-normal owp-tabs-layout-section\">\n\t\t\t\t<a class=\"elementor-post__thumbnail__link\" href=\"https:\/\/www.hedera-etc.com\/de\/product\/hedera-helix-whitehall\/\" tabindex=\"-1\" target=\"&quot;_blank&quot;\">\n\t\t\t<div class=\"elementor-post__thumbnail\"><img loading=\"lazy\" decoding=\"async\" width=\"300\" height=\"225\" src=\"https:\/\/www.hedera-etc.com\/wp-content\/uploads\/2023\/11\/Hedera-helix-Whitehall_2-300x225.webp\" class=\"attachment-medium size-medium wp-image-14002\" alt=\"Hedera helix &#039;Whitehall&#039;\" srcset=\"https:\/\/www.hedera-etc.com\/wp-content\/uploads\/2023\/11\/Hedera-helix-Whitehall_2-300x225.webp 300w, https:\/\/www.hedera-etc.com\/wp-content\/uploads\/2023\/11\/Hedera-helix-Whitehall_2-900x675.webp 900w, https:\/\/www.hedera-etc.com\/wp-content\/uploads\/2023\/11\/Hedera-helix-Whitehall_2-768x576.webp 768w, https:\/\/www.hedera-etc.com\/wp-content\/uploads\/2023\/11\/Hedera-helix-Whitehall_2.webp 1024w\" sizes=\"(max-width: 300px) 100vw, 300px\" \/><\/div>\n\t\t<\/a>\n\t\t\t\t<div class=\"elementor-post__text\">\n\t\t\t\t<h3 class=\"elementor-post__title\">\n\t\t\t<a href=\"https:\/\/www.hedera-etc.com\/de\/product\/hedera-helix-whitehall\/\" target=\"&quot;_blank&quot;\">\n\t\t\t\t<em>Hedera helix<\/em> &lsquo;Whitehall&rsquo;- Zier-Efeu\t\t\t<\/a>\n\t\t<\/h3>\n\t\t\t\t<div class=\"elementor-post__excerpt\">\n\t\t\t<p>Eine gedrungene Pflanze. Zahlreiche St\u00e4ngel mit polymorphen mittelgr\u00fcnen Bl\u00e4ttern, manchmal ohne Lappen, manchmal mit 3 Lappen.<\/p> <p>Die kleinen Lappen\t\t<\/div>\n\t\t\n\t\t<a class=\"elementor-post__read-more\" href=\"https:\/\/www.hedera-etc.com\/de\/product\/hedera-helix-whitehall\/\" aria-label=\"Mehr \u00fcber &lt;em&gt;Hedera helix&lt;\/em&gt; &lsquo;Whitehall&rsquo;- Lierre d&rsquo;ornement\" tabindex=\"-1\" target=\"_blank\">\n\t\t\tWeiterlesen \u00bb\t\t<\/a>\n\n\t\t\t\t<\/div>\n\t\t\t\t<\/article>\n\t\t\t\t<article class=\"elementor-post elementor-grid-item post-1649 product type-product status-publish has-post-thumbnail product_cat-lierre entry has-media  instock purchasable product-type-variable has-default-attributes has-product-nav col span_1_of_4 owp-content-center item-entry owp-thumbs-layout-horizontal owp-btn-normal owp-tabs-layout-section\">\n\t\t\t\t<a class=\"elementor-post__thumbnail__link\" href=\"https:\/\/www.hedera-etc.com\/de\/product\/hedera-helix-white-ripple\/\" tabindex=\"-1\" target=\"&quot;_blank&quot;\">\n\t\t\t<div class=\"elementor-post__thumbnail\"><img loading=\"lazy\" decoding=\"async\" width=\"300\" height=\"225\" src=\"https:\/\/www.hedera-etc.com\/wp-content\/uploads\/2023\/11\/Hedera-helix-White-ripple-300x225.webp\" class=\"attachment-medium size-medium wp-image-1650\" alt=\"Hedera helix &#039;White ripple&#039;\" srcset=\"https:\/\/www.hedera-etc.com\/wp-content\/uploads\/2023\/11\/Hedera-helix-White-ripple-300x225.webp 300w, https:\/\/www.hedera-etc.com\/wp-content\/uploads\/2023\/11\/Hedera-helix-White-ripple-900x675.webp 900w, https:\/\/www.hedera-etc.com\/wp-content\/uploads\/2023\/11\/Hedera-helix-White-ripple-768x576.webp 768w, https:\/\/www.hedera-etc.com\/wp-content\/uploads\/2023\/11\/Hedera-helix-White-ripple.webp 1024w\" sizes=\"(max-width: 300px) 100vw, 300px\" \/><\/div>\n\t\t<\/a>\n\t\t\t\t<div class=\"elementor-post__text\">\n\t\t\t\t<h3 class=\"elementor-post__title\">\n\t\t\t<a href=\"https:\/\/www.hedera-etc.com\/de\/product\/hedera-helix-white-ripple\/\" target=\"&quot;_blank&quot;\">\n\t\t\t\t<em>Hedera helix<\/em> &lsquo;White Ripple&rsquo;- Zier-Efeu\t\t\t<\/a>\n\t\t<\/h3>\n\t\t\t\t<div class=\"elementor-post__excerpt\">\n\t\t\t<p>Gedrungene, wenig verzweigte, langsam wachsende Sorte.<\/p> <p>Kleine, gezackte Bl\u00e4tter, die aus 5 bis 7 spitzen, nach vorne gerichteten Lappen bestehen.<\/p>\t\t<\/div>\n\t\t\n\t\t<a class=\"elementor-post__read-more\" href=\"https:\/\/www.hedera-etc.com\/de\/product\/hedera-helix-white-ripple\/\" aria-label=\"Mehr \u00fcber &lt;em&gt;Hedera helix&lt;\/em&gt; &lsquo;White Ripple&rsquo;- Lierre d&rsquo;ornement\" tabindex=\"-1\" target=\"_blank\">\n\t\t\tWeiterlesen \u00bb\t\t<\/a>\n\n\t\t\t\t<\/div>\n\t\t\t\t<\/article>\n\t\t\t\t<article class=\"elementor-post elementor-grid-item post-1655 product type-product status-publish has-post-thumbnail product_cat-lierre entry has-media  instock purchasable product-type-variable has-default-attributes has-product-nav col span_1_of_4 owp-content-center item-entry owp-thumbs-layout-horizontal owp-btn-normal owp-tabs-layout-section\">\n\t\t\t\t<a class=\"elementor-post__thumbnail__link\" href=\"https:\/\/www.hedera-etc.com\/de\/product\/hedera-helix-white-wonder\/\" tabindex=\"-1\" target=\"&quot;_blank&quot;\">\n\t\t\t<div class=\"elementor-post__thumbnail\"><img loading=\"lazy\" decoding=\"async\" width=\"300\" height=\"225\" src=\"https:\/\/www.hedera-etc.com\/wp-content\/uploads\/2023\/11\/Hedera-helix-White-Wonder-300x225.webp\" class=\"attachment-medium size-medium wp-image-1661\" alt=\"Hedera helix &#039;White Wonder&#039;\" srcset=\"https:\/\/www.hedera-etc.com\/wp-content\/uploads\/2023\/11\/Hedera-helix-White-Wonder-300x225.webp 300w, https:\/\/www.hedera-etc.com\/wp-content\/uploads\/2023\/11\/Hedera-helix-White-Wonder-768x575.webp 768w, https:\/\/www.hedera-etc.com\/wp-content\/uploads\/2023\/11\/Hedera-helix-White-Wonder.webp 800w\" sizes=\"(max-width: 300px) 100vw, 300px\" \/><\/div>\n\t\t<\/a>\n\t\t\t\t<div class=\"elementor-post__text\">\n\t\t\t\t<h3 class=\"elementor-post__title\">\n\t\t\t<a href=\"https:\/\/www.hedera-etc.com\/de\/product\/hedera-helix-white-wonder\/\" target=\"&quot;_blank&quot;\">\n\t\t\t\t<em>Hedera helix<\/em> &lsquo;White Wonder&rsquo;- Zier-Efeu\t\t\t<\/a>\n\t\t<\/h3>\n\t\t\t\t<div class=\"elementor-post__excerpt\">\n\t\t\t<p>Forme panach\u00e9e de &lsquo;Wonder&rsquo;, plus poussant, moins branchu.<\/p> <p>Ein kompakter Kultivar. Bl\u00e4tter bestehen aus 3 Lappen. Blattspreite mit gr\u00fcnen Flecken\t\t<\/div>\n\t\t\n\t\t<a class=\"elementor-post__read-more\" href=\"https:\/\/www.hedera-etc.com\/de\/product\/hedera-helix-white-wonder\/\" aria-label=\"Mehr \u00fcber &lt;em&gt;Hedera helix&lt;\/em&gt; &lsquo;White Wonder&rsquo;- Lierre d&rsquo;ornement\" tabindex=\"-1\" target=\"_blank\">\n\t\t\tWeiterlesen \u00bb\t\t<\/a>\n\n\t\t\t\t<\/div>\n\t\t\t\t<\/article>\n\t\t\t\t<article class=\"elementor-post elementor-grid-item post-1662 product type-product status-publish has-post-thumbnail product_cat-lierre entry has-media last instock purchasable product-type-variable has-default-attributes has-product-nav col span_1_of_4 owp-content-center item-entry owp-thumbs-layout-horizontal owp-btn-normal owp-tabs-layout-section\">\n\t\t\t\t<a class=\"elementor-post__thumbnail__link\" href=\"https:\/\/www.hedera-etc.com\/de\/product\/hedera-helix-william-kennedy\/\" tabindex=\"-1\" target=\"&quot;_blank&quot;\">\n\t\t\t<div class=\"elementor-post__thumbnail\"><img loading=\"lazy\" decoding=\"async\" width=\"300\" height=\"225\" src=\"https:\/\/www.hedera-etc.com\/wp-content\/uploads\/2023\/11\/Hedera-helix-\u2018William-Kennedy-300x225.webp\" class=\"attachment-medium size-medium wp-image-13990\" alt=\"Hedera helix \u2018William Kennedy\u2019 (Efeu)\u2019\" srcset=\"https:\/\/www.hedera-etc.com\/wp-content\/uploads\/2023\/11\/Hedera-helix-\u2018William-Kennedy-300x225.webp 300w, https:\/\/www.hedera-etc.com\/wp-content\/uploads\/2023\/11\/Hedera-helix-\u2018William-Kennedy-900x675.webp 900w, https:\/\/www.hedera-etc.com\/wp-content\/uploads\/2023\/11\/Hedera-helix-\u2018William-Kennedy-1024x768.webp 1024w, https:\/\/www.hedera-etc.com\/wp-content\/uploads\/2023\/11\/Hedera-helix-\u2018William-Kennedy-768x576.webp 768w, https:\/\/www.hedera-etc.com\/wp-content\/uploads\/2023\/11\/Hedera-helix-\u2018William-Kennedy-1536x1152.webp 1536w, https:\/\/www.hedera-etc.com\/wp-content\/uploads\/2023\/11\/Hedera-helix-\u2018William-Kennedy-1320x990.webp 1320w, https:\/\/www.hedera-etc.com\/wp-content\/uploads\/2023\/11\/Hedera-helix-\u2018William-Kennedy.webp 1600w\" sizes=\"(max-width: 300px) 100vw, 300px\" \/><\/div>\n\t\t<\/a>\n\t\t\t\t<div class=\"elementor-post__text\">\n\t\t\t\t<h3 class=\"elementor-post__title\">\n\t\t\t<a href=\"https:\/\/www.hedera-etc.com\/de\/product\/hedera-helix-william-kennedy\/\" target=\"&quot;_blank&quot;\">\n\t\t\t\t<em>Hedera helix<\/em> &lsquo;William Kennedy&rsquo;- Zier-Efeu\t\t\t<\/a>\n\t\t<\/h3>\n\t\t\t\t<div class=\"elementor-post__excerpt\">\n\t\t\t<p>Raffinierter Bodendecker mit dem sch\u00f6nsten Effekt f\u00fcr mittlere bis gro\u00dfe Fl\u00e4chen.<\/p> <p>Sehr verzweigter und stark ver\u00e4stelter Efeu. Kurze Internodien.\t\t<\/div>\n\t\t\n\t\t<a class=\"elementor-post__read-more\" href=\"https:\/\/www.hedera-etc.com\/de\/product\/hedera-helix-william-kennedy\/\" aria-label=\"Mehr \u00fcber &lt;em&gt;Hedera helix&lt;\/em&gt; &lsquo;William Kennedy&rsquo;- Lierre d&rsquo;ornement\" tabindex=\"-1\" target=\"_blank\">\n\t\t\tWeiterlesen \u00bb\t\t<\/a>\n\n\t\t\t\t<\/div>\n\t\t\t\t<\/article>\n\t\t\t\t<article class=\"elementor-post elementor-grid-item post-1668 product type-product status-publish has-post-thumbnail product_cat-lierre entry has-media first instock purchasable product-type-variable has-default-attributes has-product-nav col span_1_of_4 owp-content-center item-entry owp-thumbs-layout-horizontal owp-btn-normal owp-tabs-layout-section has-no-thumbnails\">\n\t\t\t\t<a class=\"elementor-post__thumbnail__link\" href=\"https:\/\/www.hedera-etc.com\/de\/product\/hedera-helix-williamsiana\/\" tabindex=\"-1\" target=\"&quot;_blank&quot;\">\n\t\t\t<div class=\"elementor-post__thumbnail\"><img loading=\"lazy\" decoding=\"async\" width=\"300\" height=\"219\" src=\"https:\/\/www.hedera-etc.com\/wp-content\/uploads\/2023\/11\/Hedera-helix-Williamsiana-300x219.webp\" class=\"attachment-medium size-medium wp-image-13985\" alt=\"Hedera helix &#039;Williamsiana&#039;\" srcset=\"https:\/\/www.hedera-etc.com\/wp-content\/uploads\/2023\/11\/Hedera-helix-Williamsiana-300x219.webp 300w, https:\/\/www.hedera-etc.com\/wp-content\/uploads\/2023\/11\/Hedera-helix-Williamsiana-900x657.webp 900w, https:\/\/www.hedera-etc.com\/wp-content\/uploads\/2023\/11\/Hedera-helix-Williamsiana-768x561.webp 768w, https:\/\/www.hedera-etc.com\/wp-content\/uploads\/2023\/11\/Hedera-helix-Williamsiana.webp 924w\" sizes=\"(max-width: 300px) 100vw, 300px\" \/><\/div>\n\t\t<\/a>\n\t\t\t\t<div class=\"elementor-post__text\">\n\t\t\t\t<h3 class=\"elementor-post__title\">\n\t\t\t<a href=\"https:\/\/www.hedera-etc.com\/de\/product\/hedera-helix-williamsiana\/\" target=\"&quot;_blank&quot;\">\n\t\t\t\t<em>Hedera helix<\/em> &lsquo;Williamsiana&rsquo;- Zier-Efeu\t\t\t<\/a>\n\t\t<\/h3>\n\t\t\t\t<div class=\"elementor-post__excerpt\">\n\t\t\t<p>Besonders interessant wegen seines gewellten Laubes. Eher als Bodendecker zu verwenden, ist er auch in gro\u00dfen T\u00f6pfen und in\t\t<\/div>\n\t\t\n\t\t<a class=\"elementor-post__read-more\" href=\"https:\/\/www.hedera-etc.com\/de\/product\/hedera-helix-williamsiana\/\" aria-label=\"Mehr \u00fcber &lt;em&gt;Hedera helix&lt;\/em&gt; &lsquo;Williamsiana&rsquo;- Lierre d&rsquo;ornement\" tabindex=\"-1\" target=\"_blank\">\n\t\t\tWeiterlesen \u00bb\t\t<\/a>\n\n\t\t\t\t<\/div>\n\t\t\t\t<\/article>\n\t\t\t\t<article class=\"elementor-post elementor-grid-item post-1676 product type-product status-publish has-post-thumbnail product_cat-lierre entry has-media  instock purchasable product-type-variable has-default-attributes has-product-nav col span_1_of_4 owp-content-center item-entry owp-thumbs-layout-horizontal owp-btn-normal owp-tabs-layout-section\">\n\t\t\t\t<a class=\"elementor-post__thumbnail__link\" href=\"https:\/\/www.hedera-etc.com\/de\/product\/hedera-x-soroksarensis-woerneri\/\" tabindex=\"-1\" target=\"&quot;_blank&quot;\">\n\t\t\t<div class=\"elementor-post__thumbnail\"><img loading=\"lazy\" decoding=\"async\" width=\"300\" height=\"199\" src=\"https:\/\/www.hedera-etc.com\/wp-content\/uploads\/2023\/11\/Hedera-x-soroksarensis-Woerneri-300x199.webp\" class=\"attachment-medium size-medium wp-image-1677\" alt=\"Hedera x soroksarensis &#039;Woerneri&#039;\" srcset=\"https:\/\/www.hedera-etc.com\/wp-content\/uploads\/2023\/11\/Hedera-x-soroksarensis-Woerneri-300x199.webp 300w, https:\/\/www.hedera-etc.com\/wp-content\/uploads\/2023\/11\/Hedera-x-soroksarensis-Woerneri-900x598.webp 900w, https:\/\/www.hedera-etc.com\/wp-content\/uploads\/2023\/11\/Hedera-x-soroksarensis-Woerneri-768x510.webp 768w, https:\/\/www.hedera-etc.com\/wp-content\/uploads\/2023\/11\/Hedera-x-soroksarensis-Woerneri.webp 947w\" sizes=\"(max-width: 300px) 100vw, 300px\" \/><\/div>\n\t\t<\/a>\n\t\t\t\t<div class=\"elementor-post__text\">\n\t\t\t\t<h3 class=\"elementor-post__title\">\n\t\t\t<a href=\"https:\/\/www.hedera-etc.com\/de\/product\/hedera-x-soroksarensis-woerneri\/\" target=\"&quot;_blank&quot;\">\n\t\t\t\t<em>Hedera x<\/em> soroksarensis &lsquo;Woerneri&rsquo;- Zier-Efeu\t\t\t<\/a>\n\t\t<\/h3>\n\t\t\t\t<div class=\"elementor-post__excerpt\">\n\t\t\t<p>W\u00e4chst kr\u00e4ftig und schnell, ideal als Bodendecker. Sie ist wenig verzweigt und treibt lange, steife St\u00e4ngel aus.<\/p> <p>Gro\u00dfe Bl\u00e4tter\t\t<\/div>\n\t\t\n\t\t<a class=\"elementor-post__read-more\" href=\"https:\/\/www.hedera-etc.com\/de\/product\/hedera-x-soroksarensis-woerneri\/\" aria-label=\"Mehr \u00fcber &lt;em&gt;Hedera x&lt;\/em&gt; soroksarensis \u2018Woerneri\u2019\" tabindex=\"-1\" target=\"_blank\">\n\t\t\tWeiterlesen \u00bb\t\t<\/a>\n\n\t\t\t\t<\/div>\n\t\t\t\t<\/article>\n\t\t\t\t<article class=\"elementor-post elementor-grid-item post-1681 product type-product status-publish has-post-thumbnail product_cat-lierre entry has-media  instock purchasable product-type-variable has-default-attributes has-product-nav col span_1_of_4 owp-content-center item-entry owp-thumbs-layout-horizontal owp-btn-normal owp-tabs-layout-section has-no-thumbnails\">\n\t\t\t\t<a class=\"elementor-post__thumbnail__link\" href=\"https:\/\/www.hedera-etc.com\/de\/product\/hedera-helix-yellow-mist\/\" tabindex=\"-1\" target=\"&quot;_blank&quot;\">\n\t\t\t<div class=\"elementor-post__thumbnail\"><img loading=\"lazy\" decoding=\"async\" width=\"300\" height=\"222\" src=\"https:\/\/www.hedera-etc.com\/wp-content\/uploads\/2023\/11\/Hedera-helix-Yellow-Mist-300x222.webp\" class=\"attachment-medium size-medium wp-image-13975\" alt=\"Hedera helix &#039;Yellow Mist&#039;\" srcset=\"https:\/\/www.hedera-etc.com\/wp-content\/uploads\/2023\/11\/Hedera-helix-Yellow-Mist-300x222.webp 300w, https:\/\/www.hedera-etc.com\/wp-content\/uploads\/2023\/11\/Hedera-helix-Yellow-Mist-900x667.webp 900w, https:\/\/www.hedera-etc.com\/wp-content\/uploads\/2023\/11\/Hedera-helix-Yellow-Mist-768x569.webp 768w, https:\/\/www.hedera-etc.com\/wp-content\/uploads\/2023\/11\/Hedera-helix-Yellow-Mist.webp 911w\" sizes=\"(max-width: 300px) 100vw, 300px\" \/><\/div>\n\t\t<\/a>\n\t\t\t\t<div class=\"elementor-post__text\">\n\t\t\t\t<h3 class=\"elementor-post__title\">\n\t\t\t<a href=\"https:\/\/www.hedera-etc.com\/de\/product\/hedera-helix-yellow-mist\/\" target=\"&quot;_blank&quot;\">\n\t\t\t\t<em>Hedera helix<\/em> &lsquo;Yellow Mist&rsquo;- Zier-Efeu\t\t\t<\/a>\n\t\t<\/h3>\n\t\t\t\t<div class=\"elementor-post__excerpt\">\n\t\t\t<p>Wenig verzweigter Efeu mit roten St\u00e4ngeln, die breite Bl\u00e4tter mit gelbgr\u00fcnem Mittelfleck tragen.<\/p> <p>Bestehend aus 3 bis 5\t\t<\/div>\n\t\t\n\t\t<a class=\"elementor-post__read-more\" href=\"https:\/\/www.hedera-etc.com\/de\/product\/hedera-helix-yellow-mist\/\" aria-label=\"Mehr \u00fcber &lt;em&gt;Hedera helix&lt;\/em&gt; &lsquo;Yellow Mist&rsquo;- Lierre d&rsquo;ornement\" tabindex=\"-1\" target=\"_blank\">\n\t\t\tWeiterlesen \u00bb\t\t<\/a>\n\n\t\t\t\t<\/div>\n\t\t\t\t<\/article>\n\t\t\t\t<article class=\"elementor-post elementor-grid-item post-1685 product type-product status-publish has-post-thumbnail product_cat-lierre entry has-media last outofstock product-type-variable has-default-attributes has-product-nav col span_1_of_4 owp-content-center item-entry owp-thumbs-layout-horizontal owp-btn-normal owp-tabs-layout-section\">\n\t\t\t\t<a class=\"elementor-post__thumbnail__link\" href=\"https:\/\/www.hedera-etc.com\/de\/product\/hedera-helix-pepite\/\" tabindex=\"-1\" target=\"&quot;_blank&quot;\">\n\t\t\t<div class=\"elementor-post__thumbnail\"><img loading=\"lazy\" decoding=\"async\" width=\"300\" height=\"225\" src=\"https:\/\/www.hedera-etc.com\/wp-content\/uploads\/2023\/11\/Hedera-helix-Yellow-Ripple-Mutation-300x225.webp\" class=\"attachment-medium size-medium wp-image-1686\" alt=\"Hedera helix &#039;P\u00e9pite&#039;\" srcset=\"https:\/\/www.hedera-etc.com\/wp-content\/uploads\/2023\/11\/Hedera-helix-Yellow-Ripple-Mutation-300x225.webp 300w, https:\/\/www.hedera-etc.com\/wp-content\/uploads\/2023\/11\/Hedera-helix-Yellow-Ripple-Mutation-900x675.webp 900w, https:\/\/www.hedera-etc.com\/wp-content\/uploads\/2023\/11\/Hedera-helix-Yellow-Ripple-Mutation-768x576.webp 768w, https:\/\/www.hedera-etc.com\/wp-content\/uploads\/2023\/11\/Hedera-helix-Yellow-Ripple-Mutation.webp 918w\" sizes=\"(max-width: 300px) 100vw, 300px\" \/><\/div>\n\t\t<\/a>\n\t\t\t\t<div class=\"elementor-post__text\">\n\t\t\t\t<h3 class=\"elementor-post__title\">\n\t\t\t<a href=\"https:\/\/www.hedera-etc.com\/de\/product\/hedera-helix-pepite\/\" target=\"&quot;_blank&quot;\">\n\t\t\t\t<em>Hedera helix<\/em> &lsquo;P\u00e9pite&rsquo; &#8211; Zier-Efeu\t\t\t<\/a>\n\t\t<\/h3>\n\t\t\t\t<div class=\"elementor-post__excerpt\">\n\t\t\t<p>Eine verzweigte Sorte. St\u00e4ngel tragen sch\u00f6ne, f\u00fcnflappige Bl\u00e4tter und bilden dicke Teppiche.<\/p> <p>Scheuernder Blattrand und\t\t<\/div>\n\t\t\n\t\t<a class=\"elementor-post__read-more\" href=\"https:\/\/www.hedera-etc.com\/de\/product\/hedera-helix-pepite\/\" aria-label=\"Mehr \u00fcber *Hedera helix* \u2018P\u00e9pite\u2019 \u2013 Zier-Efeu\" tabindex=\"-1\" target=\"_blank\">\n\t\t\tWeiterlesen \u00bb\t\t<\/a>\n\n\t\t\t\t<\/div>\n\t\t\t\t<\/article>\n\t\t\t\t<article class=\"elementor-post elementor-grid-item post-1690 product type-product status-publish has-post-thumbnail product_cat-lierre entry has-media first instock purchasable product-type-variable has-default-attributes has-product-nav col span_1_of_4 owp-content-center item-entry owp-thumbs-layout-horizontal owp-btn-normal owp-tabs-layout-section\">\n\t\t\t\t<a class=\"elementor-post__thumbnail__link\" href=\"https:\/\/www.hedera-etc.com\/de\/product\/hedera-helix-yumin\/\" tabindex=\"-1\" target=\"&quot;_blank&quot;\">\n\t\t\t<div class=\"elementor-post__thumbnail\"><img loading=\"lazy\" decoding=\"async\" width=\"300\" height=\"225\" src=\"https:\/\/www.hedera-etc.com\/wp-content\/uploads\/2023\/11\/Hedera-helix-Yumin-300x225.webp\" class=\"attachment-medium size-medium wp-image-15291\" alt=\"Hedera helix &#039;Yumin&#039;\" srcset=\"https:\/\/www.hedera-etc.com\/wp-content\/uploads\/2023\/11\/Hedera-helix-Yumin-300x225.webp 300w, https:\/\/www.hedera-etc.com\/wp-content\/uploads\/2023\/11\/Hedera-helix-Yumin-768x576.webp 768w, https:\/\/www.hedera-etc.com\/wp-content\/uploads\/2023\/11\/Hedera-helix-Yumin.webp 900w\" sizes=\"(max-width: 300px) 100vw, 300px\" \/><\/div>\n\t\t<\/a>\n\t\t\t\t<div class=\"elementor-post__text\">\n\t\t\t\t<h3 class=\"elementor-post__title\">\n\t\t\t<a href=\"https:\/\/www.hedera-etc.com\/de\/product\/hedera-helix-yumin\/\" target=\"&quot;_blank&quot;\">\n\t\t\t\t<em>Hedera helix<\/em> &lsquo;Yumin&rsquo;- Zier-Efeu\t\t\t<\/a>\n\t\t<\/h3>\n\t\t\t\t<div class=\"elementor-post__excerpt\">\n\t\t\t<p>Gedrungene Pflanze mit gut verzweigten St\u00e4ngeln. Bl\u00e4tter dreilappig, wobei das mittlere hervortritt. Lappen an der Basis manchmal gut gerundet und\t\t<\/div>\n\t\t\n\t\t<a class=\"elementor-post__read-more\" href=\"https:\/\/www.hedera-etc.com\/de\/product\/hedera-helix-yumin\/\" aria-label=\"Mehr \u00fcber &lt;em&gt;Hedera helix&lt;\/em&gt; &lsquo;Yumin&rsquo;- Lierre d&rsquo;ornement\" tabindex=\"-1\" target=\"_blank\">\n\t\t\tWeiterlesen \u00bb\t\t<\/a>\n\n\t\t\t\t<\/div>\n\t\t\t\t<\/article>\n\t\t\t\t<article class=\"elementor-post elementor-grid-item post-1696 product type-product status-publish has-post-thumbnail product_cat-lierre entry has-media  instock purchasable product-type-variable has-default-attributes has-product-nav col span_1_of_4 owp-content-center item-entry owp-thumbs-layout-horizontal owp-btn-normal owp-tabs-layout-section\">\n\t\t\t\t<a class=\"elementor-post__thumbnail__link\" href=\"https:\/\/www.hedera-etc.com\/de\/product\/hedera-helix-zebra\/\" tabindex=\"-1\" target=\"&quot;_blank&quot;\">\n\t\t\t<div class=\"elementor-post__thumbnail\"><img loading=\"lazy\" decoding=\"async\" width=\"300\" height=\"225\" src=\"https:\/\/www.hedera-etc.com\/wp-content\/uploads\/2023\/11\/Hedera-helix-Zebra_3-300x225.webp\" class=\"attachment-medium size-medium wp-image-12270\" alt=\"Hedera helix &#039;Zebra&#039;\" srcset=\"https:\/\/www.hedera-etc.com\/wp-content\/uploads\/2023\/11\/Hedera-helix-Zebra_3-300x225.webp 300w, https:\/\/www.hedera-etc.com\/wp-content\/uploads\/2023\/11\/Hedera-helix-Zebra_3-900x675.webp 900w, https:\/\/www.hedera-etc.com\/wp-content\/uploads\/2023\/11\/Hedera-helix-Zebra_3-1024x768.webp 1024w, https:\/\/www.hedera-etc.com\/wp-content\/uploads\/2023\/11\/Hedera-helix-Zebra_3-768x576.webp 768w, https:\/\/www.hedera-etc.com\/wp-content\/uploads\/2023\/11\/Hedera-helix-Zebra_3-1536x1152.webp 1536w, https:\/\/www.hedera-etc.com\/wp-content\/uploads\/2023\/11\/Hedera-helix-Zebra_3-1320x990.webp 1320w, https:\/\/www.hedera-etc.com\/wp-content\/uploads\/2023\/11\/Hedera-helix-Zebra_3.webp 1600w\" sizes=\"(max-width: 300px) 100vw, 300px\" \/><\/div>\n\t\t<\/a>\n\t\t\t\t<div class=\"elementor-post__text\">\n\t\t\t\t<h3 class=\"elementor-post__title\">\n\t\t\t<a href=\"https:\/\/www.hedera-etc.com\/de\/product\/hedera-helix-zebra\/\" target=\"&quot;_blank&quot;\">\n\t\t\t\t<em>Hedera helix<\/em> &lsquo;Zebra&rsquo; &#8211; Zier-Efeu\t\t\t<\/a>\n\t\t<\/h3>\n\t\t\t\t<div class=\"elementor-post__excerpt\">\n\t\t\t<p>F\u00e4cher- oder sch\u00fcsself\u00f6rmige, mehr oder weniger gestreifte Bl\u00e4tter, die aus 3 bis 5 Lappen bestehen. Gr\u00fcne Blattspreite\t\t<\/div>\n\t\t\n\t\t<a class=\"elementor-post__read-more\" href=\"https:\/\/www.hedera-etc.com\/de\/product\/hedera-helix-zebra\/\" aria-label=\"Mehr \u00fcber &lt;em&gt;Hedera helix&lt;\/em&gt; &lsquo;Zebra&rsquo; &#8211; Lierre d&rsquo;ornement\" tabindex=\"-1\" target=\"_blank\">\n\t\t\tWeiterlesen \u00bb\t\t<\/a>\n\n\t\t\t\t<\/div>\n\t\t\t\t<\/article>\n\t\t\t\t<article class=\"elementor-post elementor-grid-item post-1701 product type-product status-publish has-post-thumbnail product_cat-lierre entry has-media  instock purchasable product-type-variable has-default-attributes has-product-nav col span_1_of_4 owp-content-center item-entry owp-thumbs-layout-horizontal owp-btn-normal owp-tabs-layout-section has-no-thumbnails\">\n\t\t\t\t<a class=\"elementor-post__thumbnail__link\" href=\"https:\/\/www.hedera-etc.com\/de\/product\/hedera-azorica\/\" tabindex=\"-1\" target=\"&quot;_blank&quot;\">\n\t\t\t<div class=\"elementor-post__thumbnail\"><img loading=\"lazy\" decoding=\"async\" width=\"300\" height=\"225\" src=\"https:\/\/www.hedera-etc.com\/wp-content\/uploads\/2023\/11\/Hedera-azorica-300x225.webp\" class=\"attachment-medium size-medium wp-image-13959\" alt=\"Hedera azorica\" srcset=\"https:\/\/www.hedera-etc.com\/wp-content\/uploads\/2023\/11\/Hedera-azorica-300x225.webp 300w, https:\/\/www.hedera-etc.com\/wp-content\/uploads\/2023\/11\/Hedera-azorica-900x675.webp 900w, https:\/\/www.hedera-etc.com\/wp-content\/uploads\/2023\/11\/Hedera-azorica-768x576.webp 768w, https:\/\/www.hedera-etc.com\/wp-content\/uploads\/2023\/11\/Hedera-azorica.webp 1024w\" sizes=\"(max-width: 300px) 100vw, 300px\" \/><\/div>\n\t\t<\/a>\n\t\t\t\t<div class=\"elementor-post__text\">\n\t\t\t\t<h3 class=\"elementor-post__title\">\n\t\t\t<a href=\"https:\/\/www.hedera-etc.com\/de\/product\/hedera-azorica\/\" target=\"&quot;_blank&quot;\">\n\t\t\t\t<em>Hedera azorica<\/em> - Efeu von den Azoren\t\t\t<\/a>\n\t\t<\/h3>\n\t\t\t\t<div class=\"elementor-post__excerpt\">\n\t\t\t<p>Bl\u00e4tter 10 x 11 cm, einfach und wechselst\u00e4ndig, handf\u00f6rmig und gestielt mit einem ganzen Rand. Mittelgr\u00fcne Blattspreite, leicht\t\t<\/div>\n\t\t\n\t\t<a class=\"elementor-post__read-more\" href=\"https:\/\/www.hedera-etc.com\/de\/product\/hedera-azorica\/\" aria-label=\"Mehr \u00fcber &lt;em&gt;Hedera azorica&lt;\/em&gt; &#8211; Lierre des A\u00e7ores\" tabindex=\"-1\" target=\"_blank\">\n\t\t\tWeiterlesen \u00bb\t\t<\/a>\n\n\t\t\t\t<\/div>\n\t\t\t\t<\/article>\n\t\t\t\t<article class=\"elementor-post elementor-grid-item post-1796 product type-product status-publish has-post-thumbnail product_cat-lierre entry has-media last instock purchasable product-type-variable has-default-attributes has-product-nav col span_1_of_4 owp-content-center item-entry owp-thumbs-layout-horizontal owp-btn-normal owp-tabs-layout-section\">\n\t\t\t\t<a class=\"elementor-post__thumbnail__link\" href=\"https:\/\/www.hedera-etc.com\/de\/product\/hedera-hibernica-digitata\/\" tabindex=\"-1\" target=\"&quot;_blank&quot;\">\n\t\t\t<div class=\"elementor-post__thumbnail\"><img loading=\"lazy\" decoding=\"async\" width=\"300\" height=\"225\" src=\"https:\/\/www.hedera-etc.com\/wp-content\/uploads\/2023\/11\/Hedera-hibernica-Digitata_2-1-300x225.webp\" class=\"attachment-medium size-medium wp-image-13876\" alt=\"Hedera hibernica &#039;Digitata&#039;\" srcset=\"https:\/\/www.hedera-etc.com\/wp-content\/uploads\/2023\/11\/Hedera-hibernica-Digitata_2-1-300x225.webp 300w, https:\/\/www.hedera-etc.com\/wp-content\/uploads\/2023\/11\/Hedera-hibernica-Digitata_2-1-900x675.webp 900w, https:\/\/www.hedera-etc.com\/wp-content\/uploads\/2023\/11\/Hedera-hibernica-Digitata_2-1-1024x768.webp 1024w, https:\/\/www.hedera-etc.com\/wp-content\/uploads\/2023\/11\/Hedera-hibernica-Digitata_2-1-768x576.webp 768w, https:\/\/www.hedera-etc.com\/wp-content\/uploads\/2023\/11\/Hedera-hibernica-Digitata_2-1-1536x1152.webp 1536w, https:\/\/www.hedera-etc.com\/wp-content\/uploads\/2023\/11\/Hedera-hibernica-Digitata_2-1-1320x990.webp 1320w, https:\/\/www.hedera-etc.com\/wp-content\/uploads\/2023\/11\/Hedera-hibernica-Digitata_2-1.webp 1600w\" sizes=\"(max-width: 300px) 100vw, 300px\" \/><\/div>\n\t\t<\/a>\n\t\t\t\t<div class=\"elementor-post__text\">\n\t\t\t\t<h3 class=\"elementor-post__title\">\n\t\t\t<a href=\"https:\/\/www.hedera-etc.com\/de\/product\/hedera-hibernica-digitata\/\" target=\"&quot;_blank&quot;\">\n\t\t\t\t<em>Hedera hibernica<\/em> &lsquo;Digitata&rsquo; &#8211; Irisches Efeu\t\t\t<\/a>\n\t\t<\/h3>\n\t\t\t\t<div class=\"elementor-post__excerpt\">\n\t\t\t<p>Efeu mit kleinen Bl\u00e4ttern, die in der Regel aus f\u00fcnf Lappen bestehen, die oft unterschiedlich sind, einige sind zahnartig, daher der Name.<\/p> <p>Langsames Wachstum,\t\t<\/div>\n\t\t\n\t\t<a class=\"elementor-post__read-more\" href=\"https:\/\/www.hedera-etc.com\/de\/product\/hedera-hibernica-digitata\/\" aria-label=\"Mehr \u00fcber &lt;em&gt;Hedera hibernica&lt;\/em&gt; &lsquo;Digitata&rsquo; &#8211; Lierre d&rsquo;Irlande\" tabindex=\"-1\" target=\"_blank\">\n\t\t\tWeiterlesen \u00bb\t\t<\/a>\n\n\t\t\t\t<\/div>\n\t\t\t\t<\/article>\n\t\t\t\t<article class=\"elementor-post elementor-grid-item post-1803 product type-product status-publish has-post-thumbnail product_cat-lierre entry has-media first instock purchasable product-type-variable has-default-attributes has-product-nav col span_1_of_4 owp-content-center item-entry owp-thumbs-layout-horizontal owp-btn-normal owp-tabs-layout-section\">\n\t\t\t\t<a class=\"elementor-post__thumbnail__link\" href=\"https:\/\/www.hedera-etc.com\/de\/product\/hedera-hibernica-ebony\/\" tabindex=\"-1\" target=\"&quot;_blank&quot;\">\n\t\t\t<div class=\"elementor-post__thumbnail\"><img loading=\"lazy\" decoding=\"async\" width=\"300\" height=\"225\" src=\"https:\/\/www.hedera-etc.com\/wp-content\/uploads\/2023\/11\/Hedera-hibernica-Ebony-300x225.webp\" class=\"attachment-medium size-medium wp-image-1804\" alt=\"Hedera hibernica &#039;Ebony&#039; - Irisches Efeu\" srcset=\"https:\/\/www.hedera-etc.com\/wp-content\/uploads\/2023\/11\/Hedera-hibernica-Ebony-300x225.webp 300w, https:\/\/www.hedera-etc.com\/wp-content\/uploads\/2023\/11\/Hedera-hibernica-Ebony-768x576.webp 768w, https:\/\/www.hedera-etc.com\/wp-content\/uploads\/2023\/11\/Hedera-hibernica-Ebony.webp 839w\" sizes=\"(max-width: 300px) 100vw, 300px\" \/><\/div>\n\t\t<\/a>\n\t\t\t\t<div class=\"elementor-post__text\">\n\t\t\t\t<h3 class=\"elementor-post__title\">\n\t\t\t<a href=\"https:\/\/www.hedera-etc.com\/de\/product\/hedera-hibernica-ebony\/\" target=\"&quot;_blank&quot;\">\n\t\t\t\t<em>Hedera hibernica<\/em> &lsquo;Ebony&rsquo; &#8211; Irisches Efeu\t\t\t<\/a>\n\t\t<\/h3>\n\t\t\t\t<div class=\"elementor-post__excerpt\">\n\t\t\t<p>Bl\u00e4tter mit spitzeren Lappen als bei der Typusart, breit, mehr oder weniger stark verdornt, mit einer leichten Wellung an den\t\t<\/div>\n\t\t\n\t\t<a class=\"elementor-post__read-more\" href=\"https:\/\/www.hedera-etc.com\/de\/product\/hedera-hibernica-ebony\/\" aria-label=\"Mehr \u00fcber &lt;em&gt;Hedera hibernica&lt;\/em&gt; &lsquo;Ebony&rsquo; &#8211; Lierre d&rsquo;Irlande\" tabindex=\"-1\" target=\"_blank\">\n\t\t\tWeiterlesen \u00bb\t\t<\/a>\n\n\t\t\t\t<\/div>\n\t\t\t\t<\/article>\n\t\t\t\t<article class=\"elementor-post elementor-grid-item post-1809 product type-product status-publish has-post-thumbnail product_cat-lierre entry has-media  instock purchasable product-type-variable has-default-attributes has-product-nav col span_1_of_4 owp-content-center item-entry owp-thumbs-layout-horizontal owp-btn-normal owp-tabs-layout-section\">\n\t\t\t\t<a class=\"elementor-post__thumbnail__link\" href=\"https:\/\/www.hedera-etc.com\/de\/product\/hedera-hibernica-glengariff\/\" tabindex=\"-1\" target=\"&quot;_blank&quot;\">\n\t\t\t<div class=\"elementor-post__thumbnail\"><img loading=\"lazy\" decoding=\"async\" width=\"300\" height=\"225\" src=\"https:\/\/www.hedera-etc.com\/wp-content\/uploads\/2023\/11\/Hedera-hibernica-Glengariff-300x225.webp\" class=\"attachment-medium size-medium wp-image-1810\" alt=\"Hedera hibernica &#039;Glengariff&#039;\" srcset=\"https:\/\/www.hedera-etc.com\/wp-content\/uploads\/2023\/11\/Hedera-hibernica-Glengariff-300x225.webp 300w, https:\/\/www.hedera-etc.com\/wp-content\/uploads\/2023\/11\/Hedera-hibernica-Glengariff-768x575.webp 768w, https:\/\/www.hedera-etc.com\/wp-content\/uploads\/2023\/11\/Hedera-hibernica-Glengariff.webp 800w\" sizes=\"(max-width: 300px) 100vw, 300px\" \/><\/div>\n\t\t<\/a>\n\t\t\t\t<div class=\"elementor-post__text\">\n\t\t\t\t<h3 class=\"elementor-post__title\">\n\t\t\t<a href=\"https:\/\/www.hedera-etc.com\/de\/product\/hedera-hibernica-glengariff\/\" target=\"&quot;_blank&quot;\">\n\t\t\t\t<em>Hedera hibernica<\/em> &lsquo;Glengariff&rsquo; &#8211; Irisches Efeu\t\t\t<\/a>\n\t\t<\/h3>\n\t\t\t\t<div class=\"elementor-post__excerpt\">\n\t\t\t<p>Irischer Efeu, der sich durch seine stark ausgepr\u00e4gten, hellgr\u00fcnen, erhabenen Adern auf der Oberfl\u00e4che der gl\u00e4nzend gr\u00fcnen Bl\u00e4tter auszeichnet.<\/p> <p>Diese\t\t<\/div>\n\t\t\n\t\t<a class=\"elementor-post__read-more\" href=\"https:\/\/www.hedera-etc.com\/de\/product\/hedera-hibernica-glengariff\/\" aria-label=\"Mehr \u00fcber &lt;em&gt;Hedera hibernica&lt;\/em&gt; &lsquo;Glengariff&rsquo; &#8211; Lierre d&rsquo;Irlande\" tabindex=\"-1\" target=\"_blank\">\n\t\t\tWeiterlesen \u00bb\t\t<\/a>\n\n\t\t\t\t<\/div>\n\t\t\t\t<\/article>\n\t\t\t\t<article class=\"elementor-post elementor-grid-item post-1814 product type-product status-publish has-post-thumbnail product_cat-lierre entry has-media  instock purchasable product-type-variable has-default-attributes has-product-nav col span_1_of_4 owp-content-center item-entry owp-thumbs-layout-horizontal owp-btn-normal owp-tabs-layout-section\">\n\t\t\t\t<a class=\"elementor-post__thumbnail__link\" href=\"https:\/\/www.hedera-etc.com\/de\/product\/hedera-hibernica-hamilton\/\" tabindex=\"-1\" target=\"&quot;_blank&quot;\">\n\t\t\t<div class=\"elementor-post__thumbnail\"><img loading=\"lazy\" decoding=\"async\" width=\"300\" height=\"199\" src=\"https:\/\/www.hedera-etc.com\/wp-content\/uploads\/2023\/11\/Hedera-hibernica-Hamilton-300x199.webp\" class=\"attachment-medium size-medium wp-image-1815\" alt=\"Hedera hibernica &#039;Hamilton&#039;\" srcset=\"https:\/\/www.hedera-etc.com\/wp-content\/uploads\/2023\/11\/Hedera-hibernica-Hamilton-300x199.webp 300w, https:\/\/www.hedera-etc.com\/wp-content\/uploads\/2023\/11\/Hedera-hibernica-Hamilton-768x510.webp 768w, https:\/\/www.hedera-etc.com\/wp-content\/uploads\/2023\/11\/Hedera-hibernica-Hamilton.webp 800w\" sizes=\"(max-width: 300px) 100vw, 300px\" \/><\/div>\n\t\t<\/a>\n\t\t\t\t<div class=\"elementor-post__text\">\n\t\t\t\t<h3 class=\"elementor-post__title\">\n\t\t\t<a href=\"https:\/\/www.hedera-etc.com\/de\/product\/hedera-hibernica-hamilton\/\" target=\"&quot;_blank&quot;\">\n\t\t\t\t<em>Hedera hibernica<\/em> &lsquo;Hamilton&rsquo; &#8211; Irisches Efeu\t\t\t<\/a>\n\t\t<\/h3>\n\t\t\t\t<div class=\"elementor-post__excerpt\">\n\t\t\t<p>Kleineres Laub als die Typusart. Bl\u00e4tter mit 5 spitz zulaufenden Lappen, die gut voneinander abgesetzt sind. Lappen von\t\t<\/div>\n\t\t\n\t\t<a class=\"elementor-post__read-more\" href=\"https:\/\/www.hedera-etc.com\/de\/product\/hedera-hibernica-hamilton\/\" aria-label=\"Mehr \u00fcber &lt;em&gt;Hedera hibernica&lt;\/em&gt; &lsquo;Hamilton&rsquo; &#8211; Lierre d&rsquo;Irlande\" tabindex=\"-1\" target=\"_blank\">\n\t\t\tWeiterlesen \u00bb\t\t<\/a>\n\n\t\t\t\t<\/div>\n\t\t\t\t<\/article>\n\t\t\t\t<article class=\"elementor-post elementor-grid-item post-1820 product type-product status-publish has-post-thumbnail product_cat-lierre entry has-media last instock purchasable product-type-variable has-default-attributes has-product-nav col span_1_of_4 owp-content-center item-entry owp-thumbs-layout-horizontal owp-btn-normal owp-tabs-layout-section\">\n\t\t\t\t<a class=\"elementor-post__thumbnail__link\" href=\"https:\/\/www.hedera-etc.com\/de\/product\/hedera-hibernica-maculata\/\" tabindex=\"-1\" target=\"&quot;_blank&quot;\">\n\t\t\t<div class=\"elementor-post__thumbnail\"><img loading=\"lazy\" decoding=\"async\" width=\"300\" height=\"225\" src=\"https:\/\/www.hedera-etc.com\/wp-content\/uploads\/2023\/11\/Hedera-hibernica-Maculata_3-1-300x225.webp\" class=\"attachment-medium size-medium wp-image-9740\" alt=\"Hedera hibernica &#039;Maculata&#039;\" srcset=\"https:\/\/www.hedera-etc.com\/wp-content\/uploads\/2023\/11\/Hedera-hibernica-Maculata_3-1-300x225.webp 300w, https:\/\/www.hedera-etc.com\/wp-content\/uploads\/2023\/11\/Hedera-hibernica-Maculata_3-1-900x675.webp 900w, https:\/\/www.hedera-etc.com\/wp-content\/uploads\/2023\/11\/Hedera-hibernica-Maculata_3-1-1024x768.webp 1024w, https:\/\/www.hedera-etc.com\/wp-content\/uploads\/2023\/11\/Hedera-hibernica-Maculata_3-1-768x576.webp 768w, https:\/\/www.hedera-etc.com\/wp-content\/uploads\/2023\/11\/Hedera-hibernica-Maculata_3-1-1536x1152.webp 1536w, https:\/\/www.hedera-etc.com\/wp-content\/uploads\/2023\/11\/Hedera-hibernica-Maculata_3-1-1320x990.webp 1320w, https:\/\/www.hedera-etc.com\/wp-content\/uploads\/2023\/11\/Hedera-hibernica-Maculata_3-1.webp 1600w\" sizes=\"(max-width: 300px) 100vw, 300px\" \/><\/div>\n\t\t<\/a>\n\t\t\t\t<div class=\"elementor-post__text\">\n\t\t\t\t<h3 class=\"elementor-post__title\">\n\t\t\t<a href=\"https:\/\/www.hedera-etc.com\/de\/product\/hedera-hibernica-maculata\/\" target=\"&quot;_blank&quot;\">\n\t\t\t\t<em>Hedera hibernica<\/em> &lsquo;Maculata&rsquo; &#8211; Irisches Efeu\t\t\t<\/a>\n\t\t<\/h3>\n\t\t\t\t<div class=\"elementor-post__excerpt\">\n\t\t\t<p>Kr\u00e4ftige Kletterpflanze mit sehr dunklen, gl\u00e4nzenden Bl\u00e4ttern. Gr\u00fcne Blattspreite mit gr\u00e4ulichen oder cremewei\u00dfen Sprenkeln.<\/p> <p>Seine Panaschierung zeigt sich\t\t<\/div>\n\t\t\n\t\t<a class=\"elementor-post__read-more\" href=\"https:\/\/www.hedera-etc.com\/de\/product\/hedera-hibernica-maculata\/\" aria-label=\"Mehr \u00fcber &lt;em&gt;Hedera hibernica&lt;\/em&gt; &lsquo;Maculata&rsquo; &#8211; Lierre d&rsquo;Irlande\" tabindex=\"-1\" target=\"_blank\">\n\t\t\tWeiterlesen \u00bb\t\t<\/a>\n\n\t\t\t\t<\/div>\n\t\t\t\t<\/article>\n\t\t\t\t<article class=\"elementor-post elementor-grid-item post-1826 product type-product status-publish has-post-thumbnail product_cat-lierre entry has-media first instock purchasable product-type-variable has-default-attributes has-product-nav col span_1_of_4 owp-content-center item-entry owp-thumbs-layout-horizontal owp-btn-normal owp-tabs-layout-section\">\n\t\t\t\t<a class=\"elementor-post__thumbnail__link\" href=\"https:\/\/www.hedera-etc.com\/de\/product\/hedera-hibernica-rona\/\" tabindex=\"-1\" target=\"&quot;_blank&quot;\">\n\t\t\t<div class=\"elementor-post__thumbnail\"><img loading=\"lazy\" decoding=\"async\" width=\"300\" height=\"225\" src=\"https:\/\/www.hedera-etc.com\/wp-content\/uploads\/2023\/11\/Hedera-hibernica-Rona-300x225.webp\" class=\"attachment-medium size-medium wp-image-1827\" alt=\"Hedera hibernica &#039;Rona&#039; - Irisches Efeu\" srcset=\"https:\/\/www.hedera-etc.com\/wp-content\/uploads\/2023\/11\/Hedera-hibernica-Rona-300x225.webp 300w, https:\/\/www.hedera-etc.com\/wp-content\/uploads\/2023\/11\/Hedera-hibernica-Rona-768x575.webp 768w, https:\/\/www.hedera-etc.com\/wp-content\/uploads\/2023\/11\/Hedera-hibernica-Rona.webp 800w\" sizes=\"(max-width: 300px) 100vw, 300px\" \/><\/div>\n\t\t<\/a>\n\t\t\t\t<div class=\"elementor-post__text\">\n\t\t\t\t<h3 class=\"elementor-post__title\">\n\t\t\t<a href=\"https:\/\/www.hedera-etc.com\/de\/product\/hedera-hibernica-rona\/\" target=\"&quot;_blank&quot;\">\n\t\t\t\t<em>Hedera hibernica<\/em> &lsquo;Rona&rsquo; &#8211; Irisches Efeu\t\t\t<\/a>\n\t\t<\/h3>\n\t\t\t\t<div class=\"elementor-post__excerpt\">\n\t\t\t<p>Die Bl\u00e4tter sind ebenso breit wie lang und bestehen aus 5 Lappen. Die Blattspreite ist auf gelbem Grund gr\u00fcn gepunktet. Manchmal ist die\t\t<\/div>\n\t\t\n\t\t<a class=\"elementor-post__read-more\" href=\"https:\/\/www.hedera-etc.com\/de\/product\/hedera-hibernica-rona\/\" aria-label=\"Mehr \u00fcber &lt;em&gt;Hedera hibernica&lt;\/em&gt; &lsquo;Rona&rsquo; &#8211; Lierre d&rsquo;Irlande\" tabindex=\"-1\" target=\"_blank\">\n\t\t\tWeiterlesen \u00bb\t\t<\/a>\n\n\t\t\t\t<\/div>\n\t\t\t\t<\/article>\n\t\t\t\t<article class=\"elementor-post elementor-grid-item post-1835 product type-product status-publish has-post-thumbnail product_cat-lierre entry has-media  instock purchasable product-type-variable has-default-attributes has-product-nav col span_1_of_4 owp-content-center item-entry owp-thumbs-layout-horizontal owp-btn-normal owp-tabs-layout-section\">\n\t\t\t\t<a class=\"elementor-post__thumbnail__link\" href=\"https:\/\/www.hedera-etc.com\/de\/product\/hedera-hibernica-sark\/\" tabindex=\"-1\" target=\"&quot;_blank&quot;\">\n\t\t\t<div class=\"elementor-post__thumbnail\"><img loading=\"lazy\" decoding=\"async\" width=\"300\" height=\"225\" src=\"https:\/\/www.hedera-etc.com\/wp-content\/uploads\/2023\/11\/Hedera-hibernica-Sark-2-300x225.webp\" class=\"attachment-medium size-medium wp-image-18472\" alt=\"Hedera hibernica &#039;Sark&#039;\" srcset=\"https:\/\/www.hedera-etc.com\/wp-content\/uploads\/2023\/11\/Hedera-hibernica-Sark-2-300x225.webp 300w, https:\/\/www.hedera-etc.com\/wp-content\/uploads\/2023\/11\/Hedera-hibernica-Sark-2-768x576.webp 768w, https:\/\/www.hedera-etc.com\/wp-content\/uploads\/2023\/11\/Hedera-hibernica-Sark-2-16x12.webp 16w, https:\/\/www.hedera-etc.com\/wp-content\/uploads\/2023\/11\/Hedera-hibernica-Sark-2-900x675.webp 900w, https:\/\/www.hedera-etc.com\/wp-content\/uploads\/2023\/11\/Hedera-hibernica-Sark-2.webp 1024w\" sizes=\"(max-width: 300px) 100vw, 300px\" \/><\/div>\n\t\t<\/a>\n\t\t\t\t<div class=\"elementor-post__text\">\n\t\t\t\t<h3 class=\"elementor-post__title\">\n\t\t\t<a href=\"https:\/\/www.hedera-etc.com\/de\/product\/hedera-hibernica-sark\/\" target=\"&quot;_blank&quot;\">\n\t\t\t\t<em>Hedera hibernica<\/em> &lsquo;Sark&rsquo; &#8211; Irisches Efeu\t\t\t<\/a>\n\t\t<\/h3>\n\t\t\t\t<div class=\"elementor-post__excerpt\">\n\t\t\t<p>Gl\u00e4nzendes, herzf\u00f6rmiges, dunkelgr\u00fcnes Laub, das sich je nach Jahreszeit ver\u00e4ndert. Die St\u00e4ngel sind weich, dick\t\t<\/div>\n\t\t\n\t\t<a class=\"elementor-post__read-more\" href=\"https:\/\/www.hedera-etc.com\/de\/product\/hedera-hibernica-sark\/\" aria-label=\"Mehr \u00fcber &lt;em&gt;Hedera hibernica&lt;\/em&gt; &lsquo;Sark&rsquo; &#8211; Lierre d&rsquo;Irlande\" tabindex=\"-1\" target=\"_blank\">\n\t\t\tWeiterlesen \u00bb\t\t<\/a>\n\n\t\t\t\t<\/div>\n\t\t\t\t<\/article>\n\t\t\t\t<article class=\"elementor-post elementor-grid-item post-1841 product type-product status-publish has-post-thumbnail product_cat-lierre entry has-media  instock purchasable product-type-variable has-default-attributes has-product-nav col span_1_of_4 owp-content-center item-entry owp-thumbs-layout-horizontal owp-btn-normal owp-tabs-layout-section\">\n\t\t\t\t<a class=\"elementor-post__thumbnail__link\" href=\"https:\/\/www.hedera-etc.com\/de\/product\/hedera-hibernica-sulphurea\/\" tabindex=\"-1\" target=\"&quot;_blank&quot;\">\n\t\t\t<div class=\"elementor-post__thumbnail\"><img loading=\"lazy\" decoding=\"async\" width=\"300\" height=\"225\" src=\"https:\/\/www.hedera-etc.com\/wp-content\/uploads\/2023\/11\/Hedera-hibernica-Sulphurea-300x225.webp\" class=\"attachment-medium size-medium wp-image-1842\" alt=\"Hedera hibernica &#039;Sulphurea&#039;\" srcset=\"https:\/\/www.hedera-etc.com\/wp-content\/uploads\/2023\/11\/Hedera-hibernica-Sulphurea-300x225.webp 300w, https:\/\/www.hedera-etc.com\/wp-content\/uploads\/2023\/11\/Hedera-hibernica-Sulphurea-900x675.webp 900w, https:\/\/www.hedera-etc.com\/wp-content\/uploads\/2023\/11\/Hedera-hibernica-Sulphurea-768x576.webp 768w, https:\/\/www.hedera-etc.com\/wp-content\/uploads\/2023\/11\/Hedera-hibernica-Sulphurea.webp 1024w\" sizes=\"(max-width: 300px) 100vw, 300px\" \/><\/div>\n\t\t<\/a>\n\t\t\t\t<div class=\"elementor-post__text\">\n\t\t\t\t<h3 class=\"elementor-post__title\">\n\t\t\t<a href=\"https:\/\/www.hedera-etc.com\/de\/product\/hedera-hibernica-sulphurea\/\" target=\"&quot;_blank&quot;\">\n\t\t\t\t<em>Hedera hibernica<\/em> &lsquo;Sulphurea&rsquo; &#8211; Irisches Efeu\t\t\t<\/a>\n\t\t<\/h3>\n\t\t\t\t<div class=\"elementor-post__excerpt\">\n\t\t\t<p>Asymmetrisches Blatt, manchmal rund, manchmal gelappt mit leicht gewelltem Rand.<\/p> <p>Breites Blatt, hellgr\u00fcn und gr\u00fcngrau marmoriert mit\t\t<\/div>\n\t\t\n\t\t<a class=\"elementor-post__read-more\" href=\"https:\/\/www.hedera-etc.com\/de\/product\/hedera-hibernica-sulphurea\/\" aria-label=\"Mehr \u00fcber &lt;em&gt;Hedera hibernica&lt;\/em&gt; &lsquo;Sulphurea&rsquo; &#8211; Lierre d&rsquo;Irlande\" tabindex=\"-1\" target=\"_blank\">\n\t\t\tWeiterlesen \u00bb\t\t<\/a>\n\n\t\t\t\t<\/div>\n\t\t\t\t<\/article>\n\t\t\t\t<article class=\"elementor-post elementor-grid-item post-1848 product type-product status-publish has-post-thumbnail product_cat-lierre entry has-media last instock purchasable product-type-variable has-default-attributes has-product-nav col span_1_of_4 owp-content-center item-entry owp-thumbs-layout-horizontal owp-btn-normal owp-tabs-layout-section has-no-thumbnails\">\n\t\t\t\t<a class=\"elementor-post__thumbnail__link\" href=\"https:\/\/www.hedera-etc.com\/de\/product\/hedera-hibernica-tesselata\/\" tabindex=\"-1\" target=\"&quot;_blank&quot;\">\n\t\t\t<div class=\"elementor-post__thumbnail\"><img loading=\"lazy\" decoding=\"async\" width=\"300\" height=\"225\" src=\"https:\/\/www.hedera-etc.com\/wp-content\/uploads\/2023\/11\/Hedera-hibernica-Tesselata-300x225.webp\" class=\"attachment-medium size-medium wp-image-1849\" alt=\"Hedera hibernica &#039;Tesselata&#039;\" srcset=\"https:\/\/www.hedera-etc.com\/wp-content\/uploads\/2023\/11\/Hedera-hibernica-Tesselata-300x225.webp 300w, https:\/\/www.hedera-etc.com\/wp-content\/uploads\/2023\/11\/Hedera-hibernica-Tesselata-768x575.webp 768w, https:\/\/www.hedera-etc.com\/wp-content\/uploads\/2023\/11\/Hedera-hibernica-Tesselata.webp 800w\" sizes=\"(max-width: 300px) 100vw, 300px\" \/><\/div>\n\t\t<\/a>\n\t\t\t\t<div class=\"elementor-post__text\">\n\t\t\t\t<h3 class=\"elementor-post__title\">\n\t\t\t<a href=\"https:\/\/www.hedera-etc.com\/de\/product\/hedera-hibernica-tesselata\/\" target=\"&quot;_blank&quot;\">\n\t\t\t\t<em>Hedera hibernica<\/em> &lsquo;Tesselata&rsquo; &#8211; Irisches Efeu\t\t\t<\/a>\n\t\t<\/h3>\n\t\t\t\t<div class=\"elementor-post__excerpt\">\n\t\t\t<p>Kr\u00e4ftige Sorte mit kleinem, graugr\u00fcnem Laub, das von wei\u00dfen Adern durchzogen ist.<\/p> <p>Im Fr\u00fchling leuchtet das Laub in einem hellen Gelb, das\t\t<\/div>\n\t\t\n\t\t<a class=\"elementor-post__read-more\" href=\"https:\/\/www.hedera-etc.com\/de\/product\/hedera-hibernica-tesselata\/\" aria-label=\"Mehr \u00fcber &lt;em&gt;Hedera hibernica&lt;\/em&gt; &lsquo;Tesselata&rsquo; &#8211; Lierre d&rsquo;Irlande\" tabindex=\"-1\" target=\"_blank\">\n\t\t\tWeiterlesen \u00bb\t\t<\/a>\n\n\t\t\t\t<\/div>\n\t\t\t\t<\/article>\n\t\t\t\t<article class=\"elementor-post elementor-grid-item post-1853 product type-product status-publish has-post-thumbnail product_cat-lierre entry has-media first instock purchasable product-type-variable has-default-attributes has-product-nav col span_1_of_4 owp-content-center item-entry owp-thumbs-layout-horizontal owp-btn-normal owp-tabs-layout-section\">\n\t\t\t\t<a class=\"elementor-post__thumbnail__link\" href=\"https:\/\/www.hedera-etc.com\/de\/product\/hedera-hibernica-vert-clair\/\" tabindex=\"-1\" target=\"&quot;_blank&quot;\">\n\t\t\t<div class=\"elementor-post__thumbnail\"><img loading=\"lazy\" decoding=\"async\" width=\"300\" height=\"225\" src=\"https:\/\/www.hedera-etc.com\/wp-content\/uploads\/2023\/11\/Hedera-hibernica-Vert-Clair-300x225.webp\" class=\"attachment-medium size-medium wp-image-1854\" alt=\"Hedera hibernica &#039;Vert Clair&#039;\" srcset=\"https:\/\/www.hedera-etc.com\/wp-content\/uploads\/2023\/11\/Hedera-hibernica-Vert-Clair-300x225.webp 300w, https:\/\/www.hedera-etc.com\/wp-content\/uploads\/2023\/11\/Hedera-hibernica-Vert-Clair-900x675.webp 900w, https:\/\/www.hedera-etc.com\/wp-content\/uploads\/2023\/11\/Hedera-hibernica-Vert-Clair-768x576.webp 768w, https:\/\/www.hedera-etc.com\/wp-content\/uploads\/2023\/11\/Hedera-hibernica-Vert-Clair.webp 1024w\" sizes=\"(max-width: 300px) 100vw, 300px\" \/><\/div>\n\t\t<\/a>\n\t\t\t\t<div class=\"elementor-post__text\">\n\t\t\t\t<h3 class=\"elementor-post__title\">\n\t\t\t<a href=\"https:\/\/www.hedera-etc.com\/de\/product\/hedera-hibernica-vert-clair\/\" target=\"&quot;_blank&quot;\">\n\t\t\t\t<em>Hedera hibernica<\/em> &lsquo;Vert Clair&rsquo; &#8211; Irisches Efeu\t\t\t<\/a>\n\t\t<\/h3>\n\t\t\t\t<div class=\"elementor-post__excerpt\">\n\t\t\t<p>Irischer Efeu, eine Sorte, die dem Typus nahe kommt. Sch\u00f6ne r\u00f6tliche Marmorierung im Winter, sehr effektvoll.<\/p> <p>Kr\u00e4ftig, mattgr\u00fcne Bl\u00e4tter mit\t\t<\/div>\n\t\t\n\t\t<a class=\"elementor-post__read-more\" href=\"https:\/\/www.hedera-etc.com\/de\/product\/hedera-hibernica-vert-clair\/\" aria-label=\"Mehr \u00fcber &lt;em&gt;Hedera hibernica&lt;\/em&gt; &lsquo;Vert Clair&rsquo; &#8211; Lierre d&rsquo;Irlande\" tabindex=\"-1\" target=\"_blank\">\n\t\t\tWeiterlesen \u00bb\t\t<\/a>\n\n\t\t\t\t<\/div>\n\t\t\t\t<\/article>\n\t\t\t\t<article class=\"elementor-post elementor-grid-item post-1710 product type-product status-publish has-post-thumbnail product_cat-lierre entry has-media  instock purchasable product-type-variable has-default-attributes has-product-nav col span_1_of_4 owp-content-center item-entry owp-thumbs-layout-horizontal owp-btn-normal owp-tabs-layout-section\">\n\t\t\t\t<a class=\"elementor-post__thumbnail__link\" href=\"https:\/\/www.hedera-etc.com\/de\/product\/hedera-colchica-dendroides\/\" tabindex=\"-1\" target=\"&quot;_blank&quot;\">\n\t\t\t<div class=\"elementor-post__thumbnail\"><img loading=\"lazy\" decoding=\"async\" width=\"300\" height=\"225\" src=\"https:\/\/www.hedera-etc.com\/wp-content\/uploads\/2023\/11\/Hedera-colchica-Dendroides-300x225.webp\" class=\"attachment-medium size-medium wp-image-1711\" alt=\"Hedera colchica &#039;Dendroides&#039;\" srcset=\"https:\/\/www.hedera-etc.com\/wp-content\/uploads\/2023\/11\/Hedera-colchica-Dendroides-300x225.webp 300w, https:\/\/www.hedera-etc.com\/wp-content\/uploads\/2023\/11\/Hedera-colchica-Dendroides-900x675.webp 900w, https:\/\/www.hedera-etc.com\/wp-content\/uploads\/2023\/11\/Hedera-colchica-Dendroides-768x576.webp 768w, https:\/\/www.hedera-etc.com\/wp-content\/uploads\/2023\/11\/Hedera-colchica-Dendroides.webp 1024w\" sizes=\"(max-width: 300px) 100vw, 300px\" \/><\/div>\n\t\t<\/a>\n\t\t\t\t<div class=\"elementor-post__text\">\n\t\t\t\t<h3 class=\"elementor-post__title\">\n\t\t\t<a href=\"https:\/\/www.hedera-etc.com\/de\/product\/hedera-colchica-dendroides\/\" target=\"&quot;_blank&quot;\">\n\t\t\t\t<em>Hedera colchica<\/em> &lsquo;Dendroides&rsquo; &#8211; Kaukasischer Efeu\t\t\t<\/a>\n\t\t<\/h3>\n\t\t\t\t<div class=\"elementor-post__excerpt\">\n\t\t\t<p>Dunkelgr\u00fcne, gl\u00e4nzende Bl\u00e4tter, die abgerundet oder spitz sein k\u00f6nnen. R\u00e4nder oft unterseitig gebogen.<\/p> <p>Efeu mittelgro\u00dfes Wachstum bis\t\t<\/div>\n\t\t\n\t\t<a class=\"elementor-post__read-more\" href=\"https:\/\/www.hedera-etc.com\/de\/product\/hedera-colchica-dendroides\/\" aria-label=\"Mehr \u00fcber &lt;em&gt;Hedera colchica&lt;\/em&gt; &lsquo;Dendroides&rsquo; &#8211; Lierre du Caucase\" tabindex=\"-1\" target=\"_blank\">\n\t\t\tWeiterlesen \u00bb\t\t<\/a>\n\n\t\t\t\t<\/div>\n\t\t\t\t<\/article>\n\t\t\t\t<article class=\"elementor-post elementor-grid-item post-1716 product type-product status-publish has-post-thumbnail product_cat-lierre entry has-media  instock purchasable product-type-variable has-default-attributes has-product-nav col span_1_of_4 owp-content-center item-entry owp-thumbs-layout-horizontal owp-btn-normal owp-tabs-layout-section\">\n\t\t\t\t<a class=\"elementor-post__thumbnail__link\" href=\"https:\/\/www.hedera-etc.com\/de\/product\/hedera-colchica-dentata\/\" tabindex=\"-1\" target=\"&quot;_blank&quot;\">\n\t\t\t<div class=\"elementor-post__thumbnail\"><img loading=\"lazy\" decoding=\"async\" width=\"300\" height=\"225\" src=\"https:\/\/www.hedera-etc.com\/wp-content\/uploads\/2023\/11\/Hedera-colchica-Dentata_3_2-300x225.webp\" class=\"attachment-medium size-medium wp-image-17146\" alt=\"Hedera colchica &#039;Dentata&#039;\" srcset=\"https:\/\/www.hedera-etc.com\/wp-content\/uploads\/2023\/11\/Hedera-colchica-Dentata_3_2-300x225.webp 300w, https:\/\/www.hedera-etc.com\/wp-content\/uploads\/2023\/11\/Hedera-colchica-Dentata_3_2-900x675.webp 900w, https:\/\/www.hedera-etc.com\/wp-content\/uploads\/2023\/11\/Hedera-colchica-Dentata_3_2-1024x768.webp 1024w, https:\/\/www.hedera-etc.com\/wp-content\/uploads\/2023\/11\/Hedera-colchica-Dentata_3_2-768x576.webp 768w, https:\/\/www.hedera-etc.com\/wp-content\/uploads\/2023\/11\/Hedera-colchica-Dentata_3_2-1536x1152.webp 1536w, https:\/\/www.hedera-etc.com\/wp-content\/uploads\/2023\/11\/Hedera-colchica-Dentata_3_2-1320x990.webp 1320w, https:\/\/www.hedera-etc.com\/wp-content\/uploads\/2023\/11\/Hedera-colchica-Dentata_3_2.webp 1600w\" sizes=\"(max-width: 300px) 100vw, 300px\" \/><\/div>\n\t\t<\/a>\n\t\t\t\t<div class=\"elementor-post__text\">\n\t\t\t\t<h3 class=\"elementor-post__title\">\n\t\t\t<a href=\"https:\/\/www.hedera-etc.com\/de\/product\/hedera-colchica-dentata\/\" target=\"&quot;_blank&quot;\">\n\t\t\t\t<em>Hedera colchica<\/em> &lsquo;Dentata&rsquo; &#8211; Kaukasischer Efeu\t\t\t<\/a>\n\t\t<\/h3>\n\t\t\t\t<div class=\"elementor-post__excerpt\">\n\t\t\t<p>Gr\u00f6\u00dfte Bl\u00e4tter der Gattung <em>Hedera. <\/em>Sie k\u00f6nnen bis zu 25 cm lang werden. Laub, ungelappt oder dreilappig,\t\t<\/div>\n\t\t\n\t\t<a class=\"elementor-post__read-more\" href=\"https:\/\/www.hedera-etc.com\/de\/product\/hedera-colchica-dentata\/\" aria-label=\"Mehr \u00fcber &lt;em&gt;Hedera colchica&lt;\/em&gt; &lsquo;Dentata&rsquo; &#8211; Lierre du Caucase\" tabindex=\"-1\" target=\"_blank\">\n\t\t\tWeiterlesen \u00bb\t\t<\/a>\n\n\t\t\t\t<\/div>\n\t\t\t\t<\/article>\n\t\t\t\t<article class=\"elementor-post elementor-grid-item post-1723 product type-product status-publish has-post-thumbnail product_cat-lierre entry has-media last outofstock product-type-variable has-default-attributes has-product-nav col span_1_of_4 owp-content-center item-entry owp-thumbs-layout-horizontal owp-btn-normal owp-tabs-layout-section\">\n\t\t\t\t<a class=\"elementor-post__thumbnail__link\" href=\"https:\/\/www.hedera-etc.com\/de\/product\/hedera-colchica-dentata-variegata\/\" tabindex=\"-1\" target=\"&quot;_blank&quot;\">\n\t\t\t<div class=\"elementor-post__thumbnail\"><img loading=\"lazy\" decoding=\"async\" width=\"300\" height=\"225\" src=\"https:\/\/www.hedera-etc.com\/wp-content\/uploads\/2023\/11\/Hedera-colchica-Dentata-Variegata-300x225.webp\" class=\"attachment-medium size-medium wp-image-15276\" alt=\"\" srcset=\"https:\/\/www.hedera-etc.com\/wp-content\/uploads\/2023\/11\/Hedera-colchica-Dentata-Variegata-300x225.webp 300w, https:\/\/www.hedera-etc.com\/wp-content\/uploads\/2023\/11\/Hedera-colchica-Dentata-Variegata-768x576.webp 768w, https:\/\/www.hedera-etc.com\/wp-content\/uploads\/2023\/11\/Hedera-colchica-Dentata-Variegata.webp 900w\" sizes=\"(max-width: 300px) 100vw, 300px\" \/><\/div>\n\t\t<\/a>\n\t\t\t\t<div class=\"elementor-post__text\">\n\t\t\t\t<h3 class=\"elementor-post__title\">\n\t\t\t<a href=\"https:\/\/www.hedera-etc.com\/de\/product\/hedera-colchica-dentata-variegata\/\" target=\"&quot;_blank&quot;\">\n\t\t\t\t<em>Hedera colchica<\/em> &lsquo;Dentata Variegata&rsquo; &#8211; Kaukasischer Efeu\t\t\t<\/a>\n\t\t<\/h3>\n\t\t\t\t<div class=\"elementor-post__excerpt\">\n\t\t\t<p>Besonders attraktiver Efeu mit breiten, panaschierten, ledrigen und spitzen Bl\u00e4ttern, die elegant herabh\u00e4ngen. Breite R\u00e4nder, cremefarben oder\t\t<\/div>\n\t\t\n\t\t<a class=\"elementor-post__read-more\" href=\"https:\/\/www.hedera-etc.com\/de\/product\/hedera-colchica-dentata-variegata\/\" aria-label=\"Mehr \u00fcber &lt;em&gt;Hedera colchica&lt;\/em&gt; &lsquo;Dentata Variegata&rsquo; &#8211; Lierre du Caucase\" tabindex=\"-1\" target=\"_blank\">\n\t\t\tWeiterlesen \u00bb\t\t<\/a>\n\n\t\t\t\t<\/div>\n\t\t\t\t<\/article>\n\t\t\t\t<article class=\"elementor-post elementor-grid-item post-1728 product type-product status-publish has-post-thumbnail product_cat-lierre entry has-media first instock purchasable product-type-variable has-default-attributes has-product-nav col span_1_of_4 owp-content-center item-entry owp-thumbs-layout-horizontal owp-btn-normal owp-tabs-layout-section\">\n\t\t\t\t<a class=\"elementor-post__thumbnail__link\" href=\"https:\/\/www.hedera-etc.com\/de\/product\/hedera-colchica-dentata-sulphur-heart\/\" tabindex=\"-1\" target=\"&quot;_blank&quot;\">\n\t\t\t<div class=\"elementor-post__thumbnail\"><img loading=\"lazy\" decoding=\"async\" width=\"300\" height=\"225\" src=\"https:\/\/www.hedera-etc.com\/wp-content\/uploads\/2023\/11\/Hedera-colchica-Dentata-Sulphur-Heart-300x225.webp\" class=\"attachment-medium size-medium wp-image-13939\" alt=\"Hedera colchica &#039;Dentata Sulphur Heart&#039;\" srcset=\"https:\/\/www.hedera-etc.com\/wp-content\/uploads\/2023\/11\/Hedera-colchica-Dentata-Sulphur-Heart-300x225.webp 300w, https:\/\/www.hedera-etc.com\/wp-content\/uploads\/2023\/11\/Hedera-colchica-Dentata-Sulphur-Heart-900x675.webp 900w, https:\/\/www.hedera-etc.com\/wp-content\/uploads\/2023\/11\/Hedera-colchica-Dentata-Sulphur-Heart-768x576.webp 768w, https:\/\/www.hedera-etc.com\/wp-content\/uploads\/2023\/11\/Hedera-colchica-Dentata-Sulphur-Heart.webp 1024w\" sizes=\"(max-width: 300px) 100vw, 300px\" \/><\/div>\n\t\t<\/a>\n\t\t\t\t<div class=\"elementor-post__text\">\n\t\t\t\t<h3 class=\"elementor-post__title\">\n\t\t\t<a href=\"https:\/\/www.hedera-etc.com\/de\/product\/hedera-colchica-dentata-sulphur-heart\/\" target=\"&quot;_blank&quot;\">\n\t\t\t\t<em>Hedera colchica<\/em> &lsquo;Dentata Sulphur Heart&rsquo; &#8211; Kaukasischer Efeu\t\t\t<\/a>\n\t\t<\/h3>\n\t\t\t\t<div class=\"elementor-post__excerpt\">\n\t\t\t<p>Gro\u00dfe, herzf\u00f6rmige, kaum dreilappige Bl\u00e4tter mit einem fein gez\u00e4hnten Rand. Die Panaschierung in der Mitte des Blattes ist unregelm\u00e4\u00dfig und\t\t<\/div>\n\t\t\n\t\t<a class=\"elementor-post__read-more\" href=\"https:\/\/www.hedera-etc.com\/de\/product\/hedera-colchica-dentata-sulphur-heart\/\" aria-label=\"Mehr \u00fcber &lt;em&gt;Hedera colchica&lt;\/em&gt; &lsquo;Dentata Sulphur Heart&rsquo; &#8211; Lierre du Caucase\" tabindex=\"-1\" target=\"_blank\">\n\t\t\tWeiterlesen \u00bb\t\t<\/a>\n\n\t\t\t\t<\/div>\n\t\t\t\t<\/article>\n\t\t\t\t<article class=\"elementor-post elementor-grid-item post-1734 product type-product status-publish has-post-thumbnail product_cat-lierre entry has-media  instock purchasable product-type-variable has-default-attributes has-product-nav col span_1_of_4 owp-content-center item-entry owp-thumbs-layout-horizontal owp-btn-normal owp-tabs-layout-section\">\n\t\t\t\t<a class=\"elementor-post__thumbnail__link\" href=\"https:\/\/www.hedera-etc.com\/de\/product\/hedera-colchica-georgian\/\" tabindex=\"-1\" target=\"&quot;_blank&quot;\">\n\t\t\t<div class=\"elementor-post__thumbnail\"><img loading=\"lazy\" decoding=\"async\" width=\"300\" height=\"225\" src=\"https:\/\/www.hedera-etc.com\/wp-content\/uploads\/2023\/11\/Hedera-colchica-Georgian_2-300x225.webp\" class=\"attachment-medium size-medium wp-image-17148\" alt=\"Hedera colchica &#039;Georgian&#039;\" srcset=\"https:\/\/www.hedera-etc.com\/wp-content\/uploads\/2023\/11\/Hedera-colchica-Georgian_2-300x225.webp 300w, https:\/\/www.hedera-etc.com\/wp-content\/uploads\/2023\/11\/Hedera-colchica-Georgian_2-900x675.webp 900w, https:\/\/www.hedera-etc.com\/wp-content\/uploads\/2023\/11\/Hedera-colchica-Georgian_2-1024x768.webp 1024w, https:\/\/www.hedera-etc.com\/wp-content\/uploads\/2023\/11\/Hedera-colchica-Georgian_2-768x576.webp 768w, https:\/\/www.hedera-etc.com\/wp-content\/uploads\/2023\/11\/Hedera-colchica-Georgian_2-1536x1152.webp 1536w, https:\/\/www.hedera-etc.com\/wp-content\/uploads\/2023\/11\/Hedera-colchica-Georgian_2-1320x990.webp 1320w, https:\/\/www.hedera-etc.com\/wp-content\/uploads\/2023\/11\/Hedera-colchica-Georgian_2.webp 1600w\" sizes=\"(max-width: 300px) 100vw, 300px\" \/><\/div>\n\t\t<\/a>\n\t\t\t\t<div class=\"elementor-post__text\">\n\t\t\t\t<h3 class=\"elementor-post__title\">\n\t\t\t<a href=\"https:\/\/www.hedera-etc.com\/de\/product\/hedera-colchica-georgian\/\" target=\"&quot;_blank&quot;\">\n\t\t\t\t<em>Hedera colchica<\/em> &lsquo;Georgian&rsquo; &#8211; Kaukasischer Efeu\t\t\t<\/a>\n\t\t<\/h3>\n\t\t\t\t<div class=\"elementor-post__excerpt\">\n\t\t\t<p>Attraktiver Efeu mit schmalen, dunkelgr\u00fcnen, gl\u00e4nzenden und spitzen Bl\u00e4ttern, die aus 0 bis 3 Lappen bestehen.<\/p> <p>Blattansatz leicht\t\t<\/div>\n\t\t\n\t\t<a class=\"elementor-post__read-more\" href=\"https:\/\/www.hedera-etc.com\/de\/product\/hedera-colchica-georgian\/\" aria-label=\"Mehr \u00fcber &lt;em&gt;Hedera colchica&lt;\/em&gt; &lsquo;Georgian&rsquo; &#8211; Lierre du Caucase\" tabindex=\"-1\" target=\"_blank\">\n\t\t\tWeiterlesen \u00bb\t\t<\/a>\n\n\t\t\t\t<\/div>\n\t\t\t\t<\/article>\n\t\t\t\t<article class=\"elementor-post elementor-grid-item post-1739 product type-product status-publish has-post-thumbnail product_cat-lierre entry has-media  instock purchasable product-type-variable has-default-attributes has-product-nav col span_1_of_4 owp-content-center item-entry owp-thumbs-layout-horizontal owp-btn-normal owp-tabs-layout-section\">\n\t\t\t\t<a class=\"elementor-post__thumbnail__link\" href=\"https:\/\/www.hedera-etc.com\/de\/product\/hedera-colchica-my-heart\/\" tabindex=\"-1\" target=\"&quot;_blank&quot;\">\n\t\t\t<div class=\"elementor-post__thumbnail\"><img loading=\"lazy\" decoding=\"async\" width=\"300\" height=\"224\" src=\"https:\/\/www.hedera-etc.com\/wp-content\/uploads\/2023\/11\/Hedera-colchica-My-Heart-300x224.webp\" class=\"attachment-medium size-medium wp-image-13924\" alt=\"Hedera colchica &#039;My Heart&#039;\" srcset=\"https:\/\/www.hedera-etc.com\/wp-content\/uploads\/2023\/11\/Hedera-colchica-My-Heart-300x225.webp 300w, https:\/\/www.hedera-etc.com\/wp-content\/uploads\/2023\/11\/Hedera-colchica-My-Heart-900x673.webp 900w, https:\/\/www.hedera-etc.com\/wp-content\/uploads\/2023\/11\/Hedera-colchica-My-Heart-768x574.webp 768w, https:\/\/www.hedera-etc.com\/wp-content\/uploads\/2023\/11\/Hedera-colchica-My-Heart.webp 903w\" sizes=\"(max-width: 300px) 100vw, 300px\" \/><\/div>\n\t\t<\/a>\n\t\t\t\t<div class=\"elementor-post__text\">\n\t\t\t\t<h3 class=\"elementor-post__title\">\n\t\t\t<a href=\"https:\/\/www.hedera-etc.com\/de\/product\/hedera-colchica-my-heart\/\" target=\"&quot;_blank&quot;\">\n\t\t\t\t<em>Hedera colchica<\/em> &lsquo;My Heart&rsquo; &#8211; Kaukasischer Efeu\t\t\t<\/a>\n\t\t<\/h3>\n\t\t\t\t<div class=\"elementor-post__excerpt\">\n\t\t\t<p>Perfektes herzf\u00f6rmiges Blatt. Mittel- bis dunkelgr\u00fcne Blattspreite.<\/p> <p>St\u00e4ngel und Blattstiele rot. St\u00e4ngel sehr wenig verzweigt, mit Internodien\t\t<\/div>\n\t\t\n\t\t<a class=\"elementor-post__read-more\" href=\"https:\/\/www.hedera-etc.com\/de\/product\/hedera-colchica-my-heart\/\" aria-label=\"Mehr \u00fcber &lt;em&gt;Hedera colchica&lt;\/em&gt; &lsquo;My Heart&rsquo; &#8211; Lierre du Caucase\" tabindex=\"-1\" target=\"_blank\">\n\t\t\tWeiterlesen \u00bb\t\t<\/a>\n\n\t\t\t\t<\/div>\n\t\t\t\t<\/article>\n\t\t\t\t<article class=\"elementor-post elementor-grid-item post-1747 product type-product status-publish has-post-thumbnail product_cat-lierre entry has-media last instock purchasable product-type-variable has-default-attributes has-product-nav col span_1_of_4 owp-content-center item-entry owp-thumbs-layout-horizontal owp-btn-normal owp-tabs-layout-section\">\n\t\t\t\t<a class=\"elementor-post__thumbnail__link\" href=\"https:\/\/www.hedera-etc.com\/de\/product\/hedera-colchica-slow-dwarf\/\" tabindex=\"-1\" target=\"&quot;_blank&quot;\">\n\t\t\t<div class=\"elementor-post__thumbnail\"><img loading=\"lazy\" decoding=\"async\" width=\"300\" height=\"225\" src=\"https:\/\/www.hedera-etc.com\/wp-content\/uploads\/2023\/11\/Hedera-colchica-Slow-Dwarf-300x225.webp\" class=\"attachment-medium size-medium wp-image-1748\" alt=\"Hedera colchica &#039;Slow Dwarf&#039;\" srcset=\"https:\/\/www.hedera-etc.com\/wp-content\/uploads\/2023\/11\/Hedera-colchica-Slow-Dwarf-300x225.webp 300w, https:\/\/www.hedera-etc.com\/wp-content\/uploads\/2023\/11\/Hedera-colchica-Slow-Dwarf-900x675.webp 900w, https:\/\/www.hedera-etc.com\/wp-content\/uploads\/2023\/11\/Hedera-colchica-Slow-Dwarf-768x576.webp 768w, https:\/\/www.hedera-etc.com\/wp-content\/uploads\/2023\/11\/Hedera-colchica-Slow-Dwarf.webp 1024w\" sizes=\"(max-width: 300px) 100vw, 300px\" \/><\/div>\n\t\t<\/a>\n\t\t\t\t<div class=\"elementor-post__text\">\n\t\t\t\t<h3 class=\"elementor-post__title\">\n\t\t\t<a href=\"https:\/\/www.hedera-etc.com\/de\/product\/hedera-colchica-slow-dwarf\/\" target=\"&quot;_blank&quot;\">\n\t\t\t\t<em>Hedera colchica<\/em> &lsquo;Slow Dwarf&rsquo; &#8211; Kaukasischer Efeu\t\t\t<\/a>\n\t\t<\/h3>\n\t\t\t\t<div class=\"elementor-post__excerpt\">\n\t\t\t<div class=\"row\"> <div class=\"col-sm-7\"> <div id=\"bloc-info\"> <div class=\"txt-desc\"> <p>Efeu mit langsamer und bescheidener Entwicklung.<\/p> <p>Kleine, dicke, deltoide, ungelappte Bl\u00e4tter.\t\t<\/div>\n\t\t\n\t\t<a class=\"elementor-post__read-more\" href=\"https:\/\/www.hedera-etc.com\/de\/product\/hedera-colchica-slow-dwarf\/\" aria-label=\"Mehr \u00fcber &lt;em&gt;Hedera colchica&lt;\/em&gt; &lsquo;Slow Dwarf&rsquo; &#8211; Lierre du Caucase\" tabindex=\"-1\" target=\"_blank\">\n\t\t\tWeiterlesen \u00bb\t\t<\/a>\n\n\t\t\t\t<\/div>\n\t\t\t\t<\/article>.\n\t\t\t\t<article class=\"elementor-post elementor-grid-item post-1754 product type-product status-publish has-post-thumbnail product_cat-lierre entry has-media first instock purchasable product-type-variable has-default-attributes has-product-nav col span_1_of_4 owp-content-center item-entry owp-thumbs-layout-horizontal owp-btn-normal owp-tabs-layout-section\">\n\t\t\t\t<a class=\"elementor-post__thumbnail__link\" href=\"https:\/\/www.hedera-etc.com\/de\/product\/hedera-hibernica-albany\/\" tabindex=\"-1\" target=\"&quot;_blank&quot;\">\n\t\t\t<div class=\"elementor-post__thumbnail\"><img loading=\"lazy\" decoding=\"async\" width=\"300\" height=\"225\" src=\"https:\/\/www.hedera-etc.com\/wp-content\/uploads\/2023\/11\/Hedera-hibernica-Albany-300x225.webp\" class=\"attachment-medium size-medium wp-image-13914\" alt=\"Hedera hibernica &#039;Albany&#039;\" srcset=\"https:\/\/www.hedera-etc.com\/wp-content\/uploads\/2023\/11\/Hedera-hibernica-Albany-300x225.webp 300w, https:\/\/www.hedera-etc.com\/wp-content\/uploads\/2023\/11\/Hedera-hibernica-Albany-768x576.webp 768w, https:\/\/www.hedera-etc.com\/wp-content\/uploads\/2023\/11\/Hedera-hibernica-Albany.webp 900w\" sizes=\"(max-width: 300px) 100vw, 300px\" \/><\/div>\n\t\t<\/a>\n\t\t\t\t<div class=\"elementor-post__text\">\n\t\t\t\t<h3 class=\"elementor-post__title\">\n\t\t\t<a href=\"https:\/\/www.hedera-etc.com\/de\/product\/hedera-hibernica-albany\/\" target=\"&quot;_blank&quot;\">\n\t\t\t\t<em>Hedera hibernica<\/em> &lsquo;Albany&rsquo; &#8211; Irisches Efeu\t\t\t<\/a>\n\t\t<\/h3>\n\t\t\t\t<div class=\"elementor-post__excerpt\">\n\t\t\t<p>Kompakter Efeu mit m\u00e4\u00dfigem Wachstum. St\u00e4ngel und Blattstiele sind oft dick und faszieniert und tragen breite, asymmetrische, dunkelgr\u00fcne bis hellgr\u00fcne Bl\u00e4tter.\t\t<\/div>\n\t\t\n\t\t<a class=\"elementor-post__read-more\" href=\"https:\/\/www.hedera-etc.com\/de\/product\/hedera-hibernica-albany\/\" aria-label=\"Mehr \u00fcber &lt;em&gt;Hedera hibernica&lt;\/em&gt; &lsquo;Albany&rsquo; &#8211; Lierre d&rsquo;Irlande\" tabindex=\"-1\" target=\"_blank\">\n\t\t\tWeiterlesen \u00bb\t\t<\/a>\n\n\t\t\t\t<\/div>\n\t\t\t\t<\/article>\n\t\t\t\t<article class=\"elementor-post elementor-grid-item post-1760 product type-product status-publish has-post-thumbnail product_cat-lierre entry has-media  instock purchasable product-type-variable has-default-attributes has-product-nav col span_1_of_4 owp-content-center item-entry owp-thumbs-layout-horizontal owp-btn-normal owp-tabs-layout-section\">\n\t\t\t\t<a class=\"elementor-post__thumbnail__link\" href=\"https:\/\/www.hedera-etc.com\/de\/product\/hedera-iberica-aracena\/\" tabindex=\"-1\" target=\"&quot;_blank&quot;\">\n\t\t\t<div class=\"elementor-post__thumbnail\"><img loading=\"lazy\" decoding=\"async\" width=\"300\" height=\"225\" src=\"https:\/\/www.hedera-etc.com\/wp-content\/uploads\/2023\/11\/Hedera-iberica-Aracena-300x225.webp\" class=\"attachment-medium size-medium wp-image-1761\" alt=\"Hedera iberica &#039;Aracena&#039;\" srcset=\"https:\/\/www.hedera-etc.com\/wp-content\/uploads\/2023\/11\/Hedera-iberica-Aracena-300x225.webp 300w, https:\/\/www.hedera-etc.com\/wp-content\/uploads\/2023\/11\/Hedera-iberica-Aracena-768x576.webp 768w, https:\/\/www.hedera-etc.com\/wp-content\/uploads\/2023\/11\/Hedera-iberica-Aracena.webp 839w\" sizes=\"(max-width: 300px) 100vw, 300px\" \/><\/div>\n\t\t<\/a>\n\t\t\t\t<div class=\"elementor-post__text\">\n\t\t\t\t<h3 class=\"elementor-post__title\">\n\t\t\t<a href=\"https:\/\/www.hedera-etc.com\/de\/product\/hedera-iberica-aracena\/\" target=\"&quot;_blank&quot;\">\n\t\t\t\t<em>Hedera iberica<\/em> &lsquo;Aracena&rsquo; &#8211; Spanischer Efeu\t\t\t<\/a>\n\t\t<\/h3>\n\t\t\t\t<div class=\"elementor-post__excerpt\">\n\t\t\t<div class=\"row\"> <div class=\"col-sm-7\"> <div id=\"bloc-info\"> <div class=\"txt-desc\"> <p>Kr\u00e4ftiger Efeu mit dreilappigen oder kaum gelappten Bl\u00e4ttern und einer Basis.\t\t<\/div>\n\t\t\n\t\t<a class=\"elementor-post__read-more\" href=\"https:\/\/www.hedera-etc.com\/de\/product\/hedera-iberica-aracena\/\" aria-label=\"Mehr \u00fcber &lt;em&gt;Hedera iberica&lt;\/em&gt; &lsquo;Aracena&rsquo; &#8211; Lierre d&rsquo;Espagne\" tabindex=\"-1\" target=\"_blank\">\n\t\t\tWeiterlesen \u00bb\t\t<\/a>\n\n\t\t\t\t<\/div>\n\t\t\t\t<\/article>.\n\t\t\t\t<article class=\"elementor-post elementor-grid-item post-1765 product type-product status-publish has-post-thumbnail product_cat-lierre entry has-media  instock purchasable product-type-variable has-default-attributes has-product-nav col span_1_of_4 owp-content-center item-entry owp-thumbs-layout-horizontal owp-btn-normal owp-tabs-layout-section\">\n\t\t\t\t<a class=\"elementor-post__thumbnail__link\" href=\"https:\/\/www.hedera-etc.com\/de\/product\/hedera-hibernica-arco\/\" tabindex=\"-1\" target=\"&quot;_blank&quot;\">\n\t\t\t<div class=\"elementor-post__thumbnail\"><img loading=\"lazy\" decoding=\"async\" width=\"300\" height=\"225\" src=\"https:\/\/www.hedera-etc.com\/wp-content\/uploads\/2023\/11\/Hedera-hibernica-Arco-300x225.webp\" class=\"attachment-medium size-medium wp-image-1766\" alt=\"Hedera hibernica &#039;Arco&#039;\" srcset=\"https:\/\/www.hedera-etc.com\/wp-content\/uploads\/2023\/11\/Hedera-hibernica-Arco-300x225.webp 300w, https:\/\/www.hedera-etc.com\/wp-content\/uploads\/2023\/11\/Hedera-hibernica-Arco-768x575.webp 768w, https:\/\/www.hedera-etc.com\/wp-content\/uploads\/2023\/11\/Hedera-hibernica-Arco.webp 800w\" sizes=\"(max-width: 300px) 100vw, 300px\" \/><\/div>\n\t\t<\/a>\n\t\t\t\t<div class=\"elementor-post__text\">\n\t\t\t\t<h3 class=\"elementor-post__title\">\n\t\t\t<a href=\"https:\/\/www.hedera-etc.com\/de\/product\/hedera-hibernica-arco\/\" target=\"&quot;_blank&quot;\">\n\t\t\t\t<em>Hedera hibernica<\/em> &lsquo;Arco&rsquo; &#8211; Irisches Efeu\t\t\t<\/a>\n\t\t<\/h3>\n\t\t\t\t<div class=\"elementor-post__excerpt\">\n\t\t\t<p>Hellgr\u00fcne Bl\u00e4tter, weniger dick als der Typ, die im Winter sch\u00f6ne bronzefarbene T\u00f6ne annehmen.<\/p> <p>Breite Bl\u00e4tter mit\t\t<\/div>\n\t\t\n\t\t<a class=\"elementor-post__read-more\" href=\"https:\/\/www.hedera-etc.com\/de\/product\/hedera-hibernica-arco\/\" aria-label=\"Mehr \u00fcber &lt;em&gt;Hedera hibernica&lt;\/em&gt; &lsquo;Arco&rsquo; &#8211; Lierre d&rsquo;Irlande\" tabindex=\"-1\" target=\"_blank\">\n\t\t\tWeiterlesen \u00bb\t\t<\/a>\n\n\t\t\t\t<\/div>\n\t\t\t\t<\/article>\n\t\t\t\t<article class=\"elementor-post elementor-grid-item post-1770 product type-product status-publish has-post-thumbnail product_cat-lierre entry has-media last instock purchasable product-type-variable has-default-attributes has-product-nav col span_1_of_4 owp-content-center item-entry owp-thumbs-layout-horizontal owp-btn-normal owp-tabs-layout-section has-no-thumbnails\">\n\t\t\t\t<a class=\"elementor-post__thumbnail__link\" href=\"https:\/\/www.hedera-etc.com\/de\/product\/hedera-iberica-aracena-semi-arborescent\/\" tabindex=\"-1\" target=\"&quot;_blank&quot;\">\n\t\t\t<div class=\"elementor-post__thumbnail\"><img loading=\"lazy\" decoding=\"async\" width=\"300\" height=\"225\" src=\"https:\/\/www.hedera-etc.com\/wp-content\/uploads\/2023\/11\/Hedera-iberica-\u2018Aracena-semi-arborescent-300x225.webp\" class=\"attachment-medium size-medium wp-image-3670\" alt=\"Hedera iberica &#039;Aracena&#039; halbbaumf\u00f6rmig\" srcset=\"https:\/\/www.hedera-etc.com\/wp-content\/uploads\/2023\/11\/Hedera-iberica-\u2018Aracena-semi-arborescent-300x225.webp 300w, https:\/\/www.hedera-etc.com\/wp-content\/uploads\/2023\/11\/Hedera-iberica-\u2018Aracena-semi-arborescent-900x675.webp 900w, https:\/\/www.hedera-etc.com\/wp-content\/uploads\/2023\/11\/Hedera-iberica-\u2018Aracena-semi-arborescent-768x576.webp 768w, https:\/\/www.hedera-etc.com\/wp-content\/uploads\/2023\/11\/Hedera-iberica-\u2018Aracena-semi-arborescent.webp 1024w\" sizes=\"(max-width: 300px) 100vw, 300px\" \/><\/div>\n\t\t<\/a>\n\t\t\t\t<div class=\"elementor-post__text\">\n\t\t\t\t<h3 class=\"elementor-post__title\">\n\t\t\t<a href=\"https:\/\/www.hedera-etc.com\/de\/product\/hedera-iberica-aracena-semi-arborescent\/\" target=\"&quot;_blank&quot;\">\n\t\t\t\t<em>Hedera iberica<\/em> &lsquo;Aracena&rsquo; halbbaumf\u00f6rmig\t\t\t<\/a>\n\t\t<\/h3>\n\t\t\t\t<div class=\"elementor-post__excerpt\">\n\t\t\t<p>Efeu, der sowohl aus jugendlichen Zweigen besteht, die das Aussehen von <a href=\"https:\/\/www.hedera-etc.com\/de\/product\/hedera-iberica-aracena\/\" target=\"_blank\" rel=\"noopener\">Efeu \u2018Aracena\u2019, <\/a>und von\t\t<\/div>\n\t\t\n\t\t<a class=\"elementor-post__read-more\" href=\"https:\/\/www.hedera-etc.com\/de\/product\/hedera-iberica-aracena-semi-arborescent\/\" aria-label=\"Mehr \u00fcber &lt;em&gt;Hedera iberica&lt;\/em&gt; &lsquo;Aracena&rsquo; semi-arborescent\" tabindex=\"-1\" target=\"_blank\">\n\t\t\tWeiterlesen \u00bb\t\t<\/a>\n\n\t\t\t\t<\/div>\n\t\t\t\t<\/article>\n\t\t\t\t<article class=\"elementor-post elementor-grid-item post-1773 product type-product status-publish has-post-thumbnail product_cat-lierre entry has-media first instock purchasable product-type-variable has-default-attributes has-product-nav col span_1_of_4 owp-content-center item-entry owp-thumbs-layout-horizontal owp-btn-normal owp-tabs-layout-section\">\n\t\t\t\t<a class=\"elementor-post__thumbnail__link\" href=\"https:\/\/www.hedera-etc.com\/de\/product\/hedera-hibernica-betty-allen\/\" tabindex=\"-1\" target=\"&quot;_blank&quot;\">\n\t\t\t<div class=\"elementor-post__thumbnail\"><img loading=\"lazy\" decoding=\"async\" width=\"300\" height=\"224\" src=\"https:\/\/www.hedera-etc.com\/wp-content\/uploads\/2023\/11\/Hedera-helix-Betty-Allen_4-300x224.webp\" class=\"attachment-medium size-medium wp-image-12283\" alt=\"Hedera hibernica &#039;Betty Allen&#039;\" srcset=\"https:\/\/www.hedera-etc.com\/wp-content\/uploads\/2023\/11\/Hedera-helix-Betty-Allen_4-300x224.webp 300w, https:\/\/www.hedera-etc.com\/wp-content\/uploads\/2023\/11\/Hedera-helix-Betty-Allen_4-900x673.webp 900w, https:\/\/www.hedera-etc.com\/wp-content\/uploads\/2023\/11\/Hedera-helix-Betty-Allen_4-1024x766.webp 1024w, https:\/\/www.hedera-etc.com\/wp-content\/uploads\/2023\/11\/Hedera-helix-Betty-Allen_4-768x575.webp 768w, https:\/\/www.hedera-etc.com\/wp-content\/uploads\/2023\/11\/Hedera-helix-Betty-Allen_4-1536x1149.webp 1536w, https:\/\/www.hedera-etc.com\/wp-content\/uploads\/2023\/11\/Hedera-helix-Betty-Allen_4-1320x988.webp 1320w, https:\/\/www.hedera-etc.com\/wp-content\/uploads\/2023\/11\/Hedera-helix-Betty-Allen_4.webp 1600w\" sizes=\"(max-width: 300px) 100vw, 300px\" \/><\/div>\n\t\t<\/a>\n\t\t\t\t<div class=\"elementor-post__text\">\n\t\t\t\t<h3 class=\"elementor-post__title\">\n\t\t\t<a href=\"https:\/\/www.hedera-etc.com\/de\/product\/hedera-hibernica-betty-allen\/\" target=\"&quot;_blank&quot;\">\n\t\t\t\t<em>Hedera hibernica<\/em> &lsquo;Betty Allen&rsquo; &#8211; Irisches Efeu\t\t\t<\/a>\n\t\t<\/h3>\n\t\t\t\t<div class=\"elementor-post__excerpt\">\n\t\t\t<p>Ein sehr attraktiver Efeu mit gl\u00e4nzenden, dunkelgr\u00fcnen Bl\u00e4ttern. Das Blatt besteht aus 3 spitzen Lappen, die nach vorne zeigen, der\t\t<\/div>\n\t\t\n\t\t<a class=\"elementor-post__read-more\" href=\"https:\/\/www.hedera-etc.com\/de\/product\/hedera-hibernica-betty-allen\/\" aria-label=\"Mehr \u00fcber &lt;em&gt;Hedera hibernica&lt;\/em&gt; &lsquo;Betty Allen&rsquo; &#8211; Lierre d&rsquo;Irlande\" tabindex=\"-1\" target=\"_blank\">\n\t\t\tWeiterlesen \u00bb\t\t<\/a>\n\n\t\t\t\t<\/div>\n\t\t\t\t<\/article>\n\t\t\t\t<article class=\"elementor-post elementor-grid-item post-1778 product type-product status-publish has-post-thumbnail product_cat-lierre entry has-media  instock purchasable product-type-variable has-default-attributes has-product-nav col span_1_of_4 owp-content-center item-entry owp-thumbs-layout-horizontal owp-btn-normal owp-tabs-layout-section\">\n\t\t\t\t<a class=\"elementor-post__thumbnail__link\" href=\"https:\/\/www.hedera-etc.com\/de\/product\/hedera-hibernica-china-plate\/\" tabindex=\"-1\" target=\"&quot;_blank&quot;\">\n\t\t\t<div class=\"elementor-post__thumbnail\"><img loading=\"lazy\" decoding=\"async\" width=\"300\" height=\"225\" src=\"https:\/\/www.hedera-etc.com\/wp-content\/uploads\/2023\/11\/Hedera-hibernica-China-Plate_3-300x225.webp\" class=\"attachment-medium size-medium wp-image-8859\" alt=\"Hedera hibernica &#039;China Plate&#039;\" srcset=\"https:\/\/www.hedera-etc.com\/wp-content\/uploads\/2023\/11\/Hedera-hibernica-China-Plate_3-300x225.webp 300w, https:\/\/www.hedera-etc.com\/wp-content\/uploads\/2023\/11\/Hedera-hibernica-China-Plate_3-900x675.webp 900w, https:\/\/www.hedera-etc.com\/wp-content\/uploads\/2023\/11\/Hedera-hibernica-China-Plate_3-1024x768.webp 1024w, https:\/\/www.hedera-etc.com\/wp-content\/uploads\/2023\/11\/Hedera-hibernica-China-Plate_3-768x576.webp 768w, https:\/\/www.hedera-etc.com\/wp-content\/uploads\/2023\/11\/Hedera-hibernica-China-Plate_3-1536x1152.webp 1536w, https:\/\/www.hedera-etc.com\/wp-content\/uploads\/2023\/11\/Hedera-hibernica-China-Plate_3-1320x990.webp 1320w, https:\/\/www.hedera-etc.com\/wp-content\/uploads\/2023\/11\/Hedera-hibernica-China-Plate_3.webp 1600w\" sizes=\"(max-width: 300px) 100vw, 300px\" \/><\/div>\n\t\t<\/a>\n\t\t\t\t<div class=\"elementor-post__text\">\n\t\t\t\t<h3 class=\"elementor-post__title\">\n\t\t\t<a href=\"https:\/\/www.hedera-etc.com\/de\/product\/hedera-hibernica-china-plate\/\" target=\"&quot;_blank&quot;\">\n\t\t\t\t<em>Hedera hibernica<\/em> &lsquo;China Plate&rsquo; &#8211; Irisches Efeu\t\t\t<\/a>\n\t\t<\/h3>\n\t\t\t\t<div class=\"elementor-post__excerpt\">\n\t\t\t<p>Breite, gebogene, dunkelgr\u00fcne, gl\u00e4nzende Bl\u00e4tter mit dem sch\u00f6nsten Effekt. Das Blatt besteht aus 3 bis 5 Lappen, die mehr oder weniger lang sind.\t\t<\/div>\n\t\t\n\t\t<a class=\"elementor-post__read-more\" href=\"https:\/\/www.hedera-etc.com\/de\/product\/hedera-hibernica-china-plate\/\" aria-label=\"Mehr \u00fcber &lt;em&gt;Hedera hibernica&lt;\/em&gt; &lsquo;China Plate&rsquo; &#8211; Lierre d&rsquo;Irlande\" tabindex=\"-1\" target=\"_blank\">\n\t\t\tWeiterlesen \u00bb\t\t<\/a>\n\n\t\t\t\t<\/div>\n\t\t\t\t<\/article>\n\t\t\t\t<article class=\"elementor-post elementor-grid-item post-1784 product type-product status-publish has-post-thumbnail product_cat-lierre entry has-media  instock purchasable product-type-variable has-default-attributes has-product-nav col span_1_of_4 owp-content-center item-entry owp-thumbs-layout-horizontal owp-btn-normal owp-tabs-layout-section\">\n\t\t\t\t<a class=\"elementor-post__thumbnail__link\" href=\"https:\/\/www.hedera-etc.com\/de\/product\/hedera-hibernica-deltoidea\/\" tabindex=\"-1\" target=\"&quot;_blank&quot;\">\n\t\t\t<div class=\"elementor-post__thumbnail\"><img loading=\"lazy\" decoding=\"async\" width=\"300\" height=\"225\" src=\"https:\/\/www.hedera-etc.com\/wp-content\/uploads\/2023\/11\/Hedera-hibernica-Deltoidea-300x225.webp\" class=\"attachment-medium size-medium wp-image-1785\" alt=\"Hedera hibernica &#039;Deltoidea&#039;\" srcset=\"https:\/\/www.hedera-etc.com\/wp-content\/uploads\/2023\/11\/Hedera-hibernica-Deltoidea-300x225.webp 300w, https:\/\/www.hedera-etc.com\/wp-content\/uploads\/2023\/11\/Hedera-hibernica-Deltoidea-900x675.webp 900w, https:\/\/www.hedera-etc.com\/wp-content\/uploads\/2023\/11\/Hedera-hibernica-Deltoidea-768x576.webp 768w, https:\/\/www.hedera-etc.com\/wp-content\/uploads\/2023\/11\/Hedera-hibernica-Deltoidea.webp 1024w\" sizes=\"(max-width: 300px) 100vw, 300px\" \/><\/div>\n\t\t<\/a>\n\t\t\t\t<div class=\"elementor-post__text\">\n\t\t\t\t<h3 class=\"elementor-post__title\">\n\t\t\t<a href=\"https:\/\/www.hedera-etc.com\/de\/product\/hedera-hibernica-deltoidea\/\" target=\"&quot;_blank&quot;\">\n\t\t\t\t<em>Hedera hibernica<\/em> &lsquo;Deltoidea&rsquo; &#8211; Irisches Efeu\t\t\t<\/a>\n\t\t<\/h3>\n\t\t\t\t<div class=\"elementor-post__excerpt\">\n\t\t\t<p>Bl\u00e4tter dick, herzf\u00f6rmig, manchmal fast dreieckig.<\/p> <p>Besteht aus 3 kleinen, gut abgerundeten Lappen, wobei die 2 Lappen an der Basis sich\t\t<\/div>\n\t\t\n\t\t<a class=\"elementor-post__read-more\" href=\"https:\/\/www.hedera-etc.com\/de\/product\/hedera-hibernica-deltoidea\/\" aria-label=\"Mehr \u00fcber &lt;em&gt;Hedera hibernica&lt;\/em&gt; &lsquo;Deltoidea&rsquo; &#8211; Lierre d&rsquo;Irlande\" tabindex=\"-1\" target=\"_blank\">\n\t\t\tWeiterlesen \u00bb\t\t<\/a>\n\n\t\t\t\t<\/div>\n\t\t\t\t<\/article>\n\t\t\t\t<article class=\"elementor-post elementor-grid-item post-1790 product type-product status-publish has-post-thumbnail product_cat-lierre entry has-media last instock purchasable product-type-variable has-default-attributes has-product-nav col span_1_of_4 owp-content-center item-entry owp-thumbs-layout-horizontal owp-btn-normal owp-tabs-layout-section\">\n\t\t\t\t<a class=\"elementor-post__thumbnail__link\" href=\"https:\/\/www.hedera-etc.com\/de\/product\/hedera-hibernica-dealbata\/\" tabindex=\"-1\" target=\"&quot;_blank&quot;\">\n\t\t\t<div class=\"elementor-post__thumbnail\"><img loading=\"lazy\" decoding=\"async\" width=\"300\" height=\"225\" src=\"https:\/\/www.hedera-etc.com\/wp-content\/uploads\/2023\/11\/Hedera-hibernica-Dealbata-300x225.webp\" class=\"attachment-medium size-medium wp-image-1791\" alt=\"Hedera hibernica &#039;Dealbata&#039;\" srcset=\"https:\/\/www.hedera-etc.com\/wp-content\/uploads\/2023\/11\/Hedera-hibernica-Dealbata-300x225.webp 300w, https:\/\/www.hedera-etc.com\/wp-content\/uploads\/2023\/11\/Hedera-hibernica-Dealbata-768x576.webp 768w, https:\/\/www.hedera-etc.com\/wp-content\/uploads\/2023\/11\/Hedera-hibernica-Dealbata.webp 839w\" sizes=\"(max-width: 300px) 100vw, 300px\" \/><\/div>\n\t\t<\/a>\n\t\t\t\t<div class=\"elementor-post__text\">\n\t\t\t\t<h3 class=\"elementor-post__title\">\n\t\t\t<a href=\"https:\/\/www.hedera-etc.com\/de\/product\/hedera-hibernica-dealbata\/\" target=\"&quot;_blank&quot;\">\n\t\t\t\t<em>Hedera hibernica<\/em> &lsquo;Dealbata&rsquo; &#8211; Irisches Efeu\t\t\t<\/a>\n\t\t<\/h3>\n\t\t\t\t<div class=\"elementor-post__excerpt\">\n\t\t\t<p>Kleine, panaschierte Bl\u00e4tter mit dreieckigem Aussehen. Dunkelgr\u00fcne Blattspreite, die an den neuen Bl\u00e4ttern wei\u00df oder cremefarben besprenkelt ist. Panaschierung mehr\t\t<\/div>\n\t\t\n\t\t<a class=\"elementor-post__read-more\" href=\"https:\/\/www.hedera-etc.com\/de\/product\/hedera-hibernica-dealbata\/\" aria-label=\"Mehr \u00fcber &lt;em&gt;Hedera hibernica&lt;\/em&gt; &lsquo;Dealbata&rsquo; &#8211; Lierre d&rsquo;Irlande\" tabindex=\"-1\" target=\"_blank\">\n\t\t\tWeiterlesen \u00bb\t\t<\/a>\n\n\t\t\t\t<\/div>\n\t\t\t\t<\/article>\n\t\t\t\t<\/div>\n\t\t\t\t\t<span class=\"e-load-more-spinner\">\n\t\t\t\t<i aria-hidden=\"true\" class=\"fas fa-spinner\"><\/i>\t\t\t<\/span>\n\t\t\n\t\t\t\t<div class=\"e-load-more-anchor\" data-page=\"1\" data-max-page=\"2\" data-next-page=\"https:\/\/www.hedera-etc.com\/de\/wp-json\/wp\/v2\/pages\/5672\/page\/2\/\"><\/div>\n\t\t\t\t<div class=\"e-load-more-message\"><\/div>\n\t\t\t\t\t\t<\/div>\n\t\t\t\t<\/div>\n\t\t\t\t\t<\/div>\n\t\t\t\t<\/div>\n\t\t\t\t<\/div>","protected":false},"excerpt":{"rendered":"<p>Le lierre \u00e0 port compact est tout indiqu\u00e9 pour ceux qui craignent le c\u00f4t\u00e9 envahissant du lierre. Avec ce type de lierre, aucun risque de d\u00e9bordement excessif.\u00a0 Vous en trouverez plus de 120 dans la collection. Ces lierres conviennent tout particuli\u00e8rement pour les pot\u00e9es, les jardini\u00e8res, les massifs ou les rocailles.<\/p>","protected":false},"author":2,"featured_media":0,"parent":0,"menu_order":0,"comment_status":"closed","ping_status":"closed","template":"","meta":{"_acf_changed":false,"ocean_post_layout":"","ocean_both_sidebars_style":"","ocean_both_sidebars_content_width":0,"ocean_both_sidebars_sidebars_width":0,"ocean_sidebar":"","ocean_second_sidebar":"","ocean_disable_margins":"enable","ocean_add_body_class":"","ocean_shortcode_before_top_bar":"","ocean_shortcode_after_top_bar":"","ocean_shortcode_before_header":"","ocean_shortcode_after_header":"","ocean_has_shortcode":"","ocean_shortcode_after_title":"","ocean_shortcode_before_footer_widgets":"","ocean_shortcode_after_footer_widgets":"","ocean_shortcode_before_footer_bottom":"","ocean_shortcode_after_footer_bottom":"","ocean_display_top_bar":"default","ocean_display_header":"default","ocean_header_style":"","ocean_center_header_left_menu":"","ocean_custom_header_template":"","ocean_custom_logo":0,"ocean_custom_retina_logo":0,"ocean_custom_logo_max_width":0,"ocean_custom_logo_tablet_max_width":0,"ocean_custom_logo_mobile_max_width":0,"ocean_custom_logo_max_height":0,"ocean_custom_logo_tablet_max_height":0,"ocean_custom_logo_mobile_max_height":0,"ocean_header_custom_menu":"","ocean_menu_typo_font_family":"","ocean_menu_typo_font_subset":"","ocean_menu_typo_font_size":0,"ocean_menu_typo_font_size_tablet":0,"ocean_menu_typo_font_size_mobile":0,"ocean_menu_typo_font_size_unit":"px","ocean_menu_typo_font_weight":"","ocean_menu_typo_font_weight_tablet":"","ocean_menu_typo_font_weight_mobile":"","ocean_menu_typo_transform":"","ocean_menu_typo_transform_tablet":"","ocean_menu_typo_transform_mobile":"","ocean_menu_typo_line_height":0,"ocean_menu_typo_line_height_tablet":0,"ocean_menu_typo_line_height_mobile":0,"ocean_menu_typo_line_height_unit":"","ocean_menu_typo_spacing":0,"ocean_menu_typo_spacing_tablet":0,"ocean_menu_typo_spacing_mobile":0,"ocean_menu_typo_spacing_unit":"","ocean_menu_link_color":"","ocean_menu_link_color_hover":"","ocean_menu_link_color_active":"","ocean_menu_link_background":"","ocean_menu_link_hover_background":"","ocean_menu_link_active_background":"","ocean_menu_social_links_bg":"","ocean_menu_social_hover_links_bg":"","ocean_menu_social_links_color":"","ocean_menu_social_hover_links_color":"","ocean_disable_title":"default","ocean_disable_heading":"default","ocean_post_title":"","ocean_post_subheading":"","ocean_post_title_style":"","ocean_post_title_background_color":"","ocean_post_title_background":0,"ocean_post_title_bg_image_position":"","ocean_post_title_bg_image_attachment":"","ocean_post_title_bg_image_repeat":"","ocean_post_title_bg_image_size":"","ocean_post_title_height":0,"ocean_post_title_bg_overlay":0.5,"ocean_post_title_bg_overlay_color":"","ocean_disable_breadcrumbs":"default","ocean_breadcrumbs_color":"","ocean_breadcrumbs_separator_color":"","ocean_breadcrumbs_links_color":"","ocean_breadcrumbs_links_hover_color":"","ocean_display_footer_widgets":"default","ocean_display_footer_bottom":"default","ocean_custom_footer_template":"","footnotes":""},"class_list":["post-5672","page","type-page","status-publish","hentry","entry","has-media","has-product-nav","col","span_1_of_4","owp-content-center","item-entry","owp-thumbs-layout-horizontal","owp-btn-normal","owp-tabs-layout-section"],"acf":[],"jetpack_sharing_enabled":true,"_links":{"self":[{"href":"https:\/\/www.hedera-etc.com\/de\/wp-json\/wp\/v2\/pages\/5672","targetHints":{"allow":["GET"]}}],"collection":[{"href":"https:\/\/www.hedera-etc.com\/de\/wp-json\/wp\/v2\/pages"}],"about":[{"href":"https:\/\/www.hedera-etc.com\/de\/wp-json\/wp\/v2\/types\/page"}],"author":[{"embeddable":true,"href":"https:\/\/www.hedera-etc.com\/de\/wp-json\/wp\/v2\/users\/2"}],"replies":[{"embeddable":true,"href":"https:\/\/www.hedera-etc.com\/de\/wp-json\/wp\/v2\/comments?post=5672"}],"version-history":[{"count":4,"href":"https:\/\/www.hedera-etc.com\/de\/wp-json\/wp\/v2\/pages\/5672\/revisions"}],"predecessor-version":[{"id":16464,"href":"https:\/\/www.hedera-etc.com\/de\/wp-json\/wp\/v2\/pages\/5672\/revisions\/16464"}],"wp:attachment":[{"href":"https:\/\/www.hedera-etc.com\/de\/wp-json\/wp\/v2\/media?parent=5672"}],"curies":[{"name":"wp","href":"https:\/\/api.w.org\/{rel}","templated":true}]}}