{"id":5696,"date":"2024-04-29T07:35:49","date_gmt":"2024-04-29T05:35:49","guid":{"rendered":"https:\/\/www.hedera-etc.com\/?page_id=5696"},"modified":"2025-11-16T09:46:40","modified_gmt":"2025-11-16T08:46:40","slug":"lierre-pour-la-mi-ombre","status":"publish","type":"page","link":"https:\/\/www.hedera-etc.com\/de\/lierre-pour-la-mi-ombre\/","title":{"rendered":"Efeu f\u00fcr den Halbschatten"},"content":{"rendered":"<div data-elementor-type=\"wp-page\" data-elementor-id=\"5696\" class=\"elementor elementor-5696\" data-elementor-post-type=\"page\">\n\t\t\t\t<div class=\"elementor-element elementor-element-e9317a6 e-flex e-con-boxed e-con e-parent\" data-id=\"e9317a6\" data-element_type=\"container\">\n\t\t\t\t\t<div class=\"e-con-inner\">\n\t\t\t\t<div class=\"elementor-element elementor-element-0b98e62 elementor-widget elementor-widget-image\" data-id=\"0b98e62\" data-element_type=\"widget\" data-widget_type=\"image.default\">\n\t\t\t\t<div class=\"elementor-widget-container\">\n\t\t\t\t\t\t\t\t\t\t\t\t\t\t\t<img decoding=\"async\" src=\"https:\/\/www.hedera-etc.com\/wp-content\/uploads\/elementor\/thumbs\/mi-ombre-rljuq9ti77oggxxbk0j265p8gr1l0u8rvnwzx5n1r4.webp\" title=\"Halbschatten\" alt=\"Efeu f\u00fcr den Halbschatten\" loading=\"lazy\" \/>\t\t\t\t\t\t\t\t\t\t\t\t\t\t\t<\/div>\n\t\t\t\t<\/div>\n\t\t\t\t\t<\/div>\n\t\t\t\t<\/div>\n\t\t<div class=\"elementor-element elementor-element-c5f0651 e-flex e-con-boxed e-con e-parent\" data-id=\"c5f0651\" data-element_type=\"container\">\n\t\t\t\t\t<div class=\"e-con-inner\">\n\t\t\t\t<div class=\"elementor-element elementor-element-1609d76 elementor-widget elementor-widget-text-editor\" data-id=\"1609d76\" data-element_type=\"widget\" data-widget_type=\"text-editor.default\">\n\t\t\t\t<div class=\"elementor-widget-container\">\n\t\t\t\t\t\t\t\t\t<p>Nahezu alle Efeuarten k\u00f6nnten sich f\u00fcr den Halbschatten eignen. Wir haben hier \u00fcber 250 von ihnen ausgew\u00e4hlt, die ausdr\u00fccklich f\u00fcr diesen Standort empfohlen werden. Sie k\u00f6nnen aber auch andere Efeuarten, die nicht auf dieser Liste stehen, problemlos in den Halbschatten setzen. Beachten Sie, dass Halbschatten entweder bedeuten kann, dass Sie weniger als 6 Stunden am Tag der Sonne ausgesetzt sind oder dass Sie gefilterter Sonne ausgesetzt sind. Was Sie auf jeden Fall vermeiden sollten, ist die Exposition gegen\u00fcber brennender Sonne.<\/p><p>Wenn Sie k\u00f6nnen, w\u00e4hlen Sie einen Platz in der Morgensonne und im Schatten am Nachmittag, d. h. eine Ostlage.<\/p>\t\t\t\t\t\t\t\t<\/div>\n\t\t\t\t<\/div>\n\t\t\t\t\t<\/div>\n\t\t\t\t<\/div>\n\t\t<div class=\"elementor-element elementor-element-491a162 e-flex e-con-boxed e-con e-parent\" data-id=\"491a162\" data-element_type=\"container\">\n\t\t\t\t\t<div class=\"e-con-inner\">\n\t\t\t\t<div class=\"elementor-element elementor-element-81b0b8e elementor-grid-3 elementor-grid-tablet-2 elementor-grid-mobile-1 elementor-posts--thumbnail-top elementor-widget elementor-widget-posts\" data-id=\"81b0b8e\" data-element_type=\"widget\" data-settings=\"{&quot;pagination_type&quot;:&quot;load_more_infinite_scroll&quot;,&quot;classic_columns&quot;:&quot;3&quot;,&quot;classic_columns_tablet&quot;:&quot;2&quot;,&quot;classic_columns_mobile&quot;:&quot;1&quot;,&quot;classic_row_gap&quot;:{&quot;unit&quot;:&quot;px&quot;,&quot;size&quot;:35,&quot;sizes&quot;:[]},&quot;classic_row_gap_tablet&quot;:{&quot;unit&quot;:&quot;px&quot;,&quot;size&quot;:&quot;&quot;,&quot;sizes&quot;:[]},&quot;classic_row_gap_mobile&quot;:{&quot;unit&quot;:&quot;px&quot;,&quot;size&quot;:&quot;&quot;,&quot;sizes&quot;:[]},&quot;load_more_spinner&quot;:{&quot;value&quot;:&quot;fas fa-spinner&quot;,&quot;library&quot;:&quot;fa-solid&quot;}}\" data-widget_type=\"posts.classic\">\n\t\t\t\t<div class=\"elementor-widget-container\">\n\t\t\t\t\t\t\t<div class=\"elementor-posts-container elementor-posts elementor-posts--skin-classic elementor-grid\">\n\t\t\t\t<article class=\"elementor-post elementor-grid-item post-17908 product type-product status-publish has-post-thumbnail product_cat-lierre entry has-media first instock shipping-taxable purchasable product-type-variable has-default-attributes has-product-nav col span_1_of_4 owp-content-center item-entry owp-thumbs-layout-horizontal owp-btn-normal owp-tabs-layout-section\">\n\t\t\t\t<a class=\"elementor-post__thumbnail__link\" href=\"https:\/\/www.hedera-etc.com\/de\/product\/x-fatshedera-lizei\/\" tabindex=\"-1\" target=\"&quot;_blank&quot;\">\n\t\t\t<div class=\"elementor-post__thumbnail\"><img fetchpriority=\"high\" decoding=\"async\" width=\"300\" height=\"225\" src=\"https:\/\/www.hedera-etc.com\/wp-content\/uploads\/2025\/12\/x-Fatshedera-lizei-300x225.webp\" class=\"attachment-medium size-medium wp-image-17910\" alt=\"x Fatshedera lizei\" srcset=\"https:\/\/www.hedera-etc.com\/wp-content\/uploads\/2025\/12\/x-Fatshedera-lizei-300x225.webp 300w, https:\/\/www.hedera-etc.com\/wp-content\/uploads\/2025\/12\/x-Fatshedera-lizei-900x675.webp 900w, https:\/\/www.hedera-etc.com\/wp-content\/uploads\/2025\/12\/x-Fatshedera-lizei-1024x768.webp 1024w, https:\/\/www.hedera-etc.com\/wp-content\/uploads\/2025\/12\/x-Fatshedera-lizei-768x576.webp 768w, https:\/\/www.hedera-etc.com\/wp-content\/uploads\/2025\/12\/x-Fatshedera-lizei-1536x1152.webp 1536w, https:\/\/www.hedera-etc.com\/wp-content\/uploads\/2025\/12\/x-Fatshedera-lizei-1320x990.webp 1320w, https:\/\/www.hedera-etc.com\/wp-content\/uploads\/2025\/12\/x-Fatshedera-lizei.webp 1600w\" sizes=\"(max-width: 300px) 100vw, 300px\" \/><\/div>\n\t\t<\/a>\n\t\t\t\t<div class=\"elementor-post__text\">\n\t\t\t\t<h3 class=\"elementor-post__title\">\n\t\t\t<a href=\"https:\/\/www.hedera-etc.com\/de\/product\/x-fatshedera-lizei\/\" target=\"&quot;_blank&quot;\">\n\t\t\t\tx Fatshedera lizei\t\t\t<\/a>\n\t\t<\/h3>\n\t\t\t\t<div class=\"elementor-post__excerpt\">\n\t\t\t<p>Kleiner Strauch, der aus einer Kreuzung zwischen einer Fatsia und einer Hedera hibernica entstanden ist. Breite, handf\u00f6rmige Bl\u00e4tter, die sehr grafisch sind.<\/p> <p>Blattspreite bestehend aus\t\t<\/div>\n\t\t\n\t\t<a class=\"elementor-post__read-more\" href=\"https:\/\/www.hedera-etc.com\/de\/product\/x-fatshedera-lizei\/\" aria-label=\"Fatshedera lizei ist eine Zimmerpflanze. Sie ist eine Kreuzung aus der Efeutute (Hedera helix) und der Aralie (Fatsia japonica). Fatshedera lizei ist eine pflegeleichte Pflanze, die sowohl im Halbschatten als auch in voller Sonne gedeihen kann. Sie bevorzugt eine gut durchl\u00e4ssige Erde und regelm\u00e4\u00dfiges Gie\u00dfen. Die Pflanze kann als Kletter- oder H\u00e4ngepflanze kultiviert werden.\" tabindex=\"-1\" target=\"_blank\">\n\t\t\tWeiterlesen \u00bb\t\t<\/a>\n\n\t\t\t\t<\/div>\n\t\t\t\t<\/article>\n\t\t\t\t<article class=\"elementor-post elementor-grid-item post-4432 product type-product status-publish has-post-thumbnail product_cat-lierre entry has-media  instock shipping-taxable purchasable product-type-variable has-default-attributes has-product-nav col span_1_of_4 owp-content-center item-entry owp-thumbs-layout-horizontal owp-btn-normal owp-tabs-layout-section\">\n\t\t\t\t<a class=\"elementor-post__thumbnail__link\" href=\"https:\/\/www.hedera-etc.com\/de\/product\/glechoma-hederacea-lierre-terrestre\/\" tabindex=\"-1\" target=\"&quot;_blank&quot;\">\n\t\t\t<div class=\"elementor-post__thumbnail\"><img decoding=\"async\" width=\"300\" height=\"225\" src=\"https:\/\/www.hedera-etc.com\/wp-content\/uploads\/2024\/04\/Glechoma-hederacea_5-300x225.webp\" class=\"attachment-medium size-medium wp-image-13392\" alt=\"Glechoma hederacea - Erd-Efeu\" srcset=\"https:\/\/www.hedera-etc.com\/wp-content\/uploads\/2024\/04\/Glechoma-hederacea_5-300x225.webp 300w, https:\/\/www.hedera-etc.com\/wp-content\/uploads\/2024\/04\/Glechoma-hederacea_5-900x675.webp 900w, https:\/\/www.hedera-etc.com\/wp-content\/uploads\/2024\/04\/Glechoma-hederacea_5-1024x768.webp 1024w, https:\/\/www.hedera-etc.com\/wp-content\/uploads\/2024\/04\/Glechoma-hederacea_5-768x576.webp 768w, https:\/\/www.hedera-etc.com\/wp-content\/uploads\/2024\/04\/Glechoma-hederacea_5-1536x1152.webp 1536w, https:\/\/www.hedera-etc.com\/wp-content\/uploads\/2024\/04\/Glechoma-hederacea_5-1320x990.webp 1320w, https:\/\/www.hedera-etc.com\/wp-content\/uploads\/2024\/04\/Glechoma-hederacea_5.webp 1600w\" sizes=\"(max-width: 300px) 100vw, 300px\" \/><\/div>\n\t\t<\/a>\n\t\t\t\t<div class=\"elementor-post__text\">\n\t\t\t\t<h3 class=\"elementor-post__title\">\n\t\t\t<a href=\"https:\/\/www.hedera-etc.com\/de\/product\/glechoma-hederacea-lierre-terrestre\/\" target=\"&quot;_blank&quot;\">\n\t\t\t\tTerrestrischer Efeu - Glechoma hederacea\t\t\t<\/a>\n\t\t<\/h3>\n\t\t\t\t<div class=\"elementor-post__excerpt\">\n\t\t\t<p>Der Efeu, Glechoma hederacea, ist eine essbare Pflanze, die besonders im Fr\u00fchling interessant ist, wenn die jungen Bl\u00e4tter zart sind. K\u00f6stlich\t\t<\/div>\n\t\t\n\t\t<a class=\"elementor-post__read-more\" href=\"https:\/\/www.hedera-etc.com\/de\/product\/glechoma-hederacea-lierre-terrestre\/\" aria-label=\"Mehr \u00fcber Lierre terrestre \u2013 Glechoma hederacea\" tabindex=\"-1\" target=\"_blank\">\n\t\t\tWeiterlesen \u00bb\t\t<\/a>\n\n\t\t\t\t<\/div>\n\t\t\t\t<\/article>\n\t\t\t\t<article class=\"elementor-post elementor-grid-item post-1676 product type-product status-publish has-post-thumbnail product_cat-lierre entry has-media  instock purchasable product-type-variable has-default-attributes has-product-nav col span_1_of_4 owp-content-center item-entry owp-thumbs-layout-horizontal owp-btn-normal owp-tabs-layout-section\">\n\t\t\t\t<a class=\"elementor-post__thumbnail__link\" href=\"https:\/\/www.hedera-etc.com\/de\/product\/hedera-x-soroksarensis-woerneri\/\" tabindex=\"-1\" target=\"&quot;_blank&quot;\">\n\t\t\t<div class=\"elementor-post__thumbnail\"><img decoding=\"async\" width=\"300\" height=\"199\" src=\"https:\/\/www.hedera-etc.com\/wp-content\/uploads\/2023\/11\/Hedera-x-soroksarensis-Woerneri-300x199.webp\" class=\"attachment-medium size-medium wp-image-1677\" alt=\"Hedera x soroksarensis &#039;Woerneri&#039;\" srcset=\"https:\/\/www.hedera-etc.com\/wp-content\/uploads\/2023\/11\/Hedera-x-soroksarensis-Woerneri-300x199.webp 300w, https:\/\/www.hedera-etc.com\/wp-content\/uploads\/2023\/11\/Hedera-x-soroksarensis-Woerneri-900x598.webp 900w, https:\/\/www.hedera-etc.com\/wp-content\/uploads\/2023\/11\/Hedera-x-soroksarensis-Woerneri-768x510.webp 768w, https:\/\/www.hedera-etc.com\/wp-content\/uploads\/2023\/11\/Hedera-x-soroksarensis-Woerneri.webp 947w\" sizes=\"(max-width: 300px) 100vw, 300px\" \/><\/div>\n\t\t<\/a>\n\t\t\t\t<div class=\"elementor-post__text\">\n\t\t\t\t<h3 class=\"elementor-post__title\">\n\t\t\t<a href=\"https:\/\/www.hedera-etc.com\/de\/product\/hedera-x-soroksarensis-woerneri\/\" target=\"&quot;_blank&quot;\">\n\t\t\t\t<em>Hedera x<\/em> soroksarensis &lsquo;Woerneri&rsquo;- Zier-Efeu\t\t\t<\/a>\n\t\t<\/h3>\n\t\t\t\t<div class=\"elementor-post__excerpt\">\n\t\t\t<p>W\u00e4chst kr\u00e4ftig und schnell, ideal als Bodendecker. Sie ist wenig verzweigt und treibt lange, steife St\u00e4ngel aus.<\/p> <p>Gro\u00dfe Bl\u00e4tter\t\t<\/div>\n\t\t\n\t\t<a class=\"elementor-post__read-more\" href=\"https:\/\/www.hedera-etc.com\/de\/product\/hedera-x-soroksarensis-woerneri\/\" aria-label=\"Mehr \u00fcber &lt;em&gt;Hedera x&lt;\/em&gt; soroksarensis \u2018Woerneri\u2019\" tabindex=\"-1\" target=\"_blank\">\n\t\t\tWeiterlesen \u00bb\t\t<\/a>\n\n\t\t\t\t<\/div>\n\t\t\t\t<\/article>\n\t\t\t\t<article class=\"elementor-post elementor-grid-item post-1396 product type-product status-publish has-post-thumbnail product_cat-lierre entry has-media last instock purchasable product-type-variable has-default-attributes has-product-nav col span_1_of_4 owp-content-center item-entry owp-thumbs-layout-horizontal owp-btn-normal owp-tabs-layout-section\">\n\t\t\t\t<a class=\"elementor-post__thumbnail__link\" href=\"https:\/\/www.hedera-etc.com\/de\/product\/hedera-x-soroksarensis-silbermowe\/\" tabindex=\"-1\" target=\"&quot;_blank&quot;\">\n\t\t\t<div class=\"elementor-post__thumbnail\"><img loading=\"lazy\" decoding=\"async\" width=\"300\" height=\"200\" src=\"https:\/\/www.hedera-etc.com\/wp-content\/uploads\/2023\/11\/Hedera-x-soroksarensis-Silbermove-300x200.webp\" class=\"attachment-medium size-medium wp-image-14172\" alt=\"Hedera x soroksarensis &#039;Silberm\u00f6we&#039;\" srcset=\"https:\/\/www.hedera-etc.com\/wp-content\/uploads\/2023\/11\/Hedera-x-soroksarensis-Silbermove-300x200.webp 300w, https:\/\/www.hedera-etc.com\/wp-content\/uploads\/2023\/11\/Hedera-x-soroksarensis-Silbermove-900x599.webp 900w, https:\/\/www.hedera-etc.com\/wp-content\/uploads\/2023\/11\/Hedera-x-soroksarensis-Silbermove-768x511.webp 768w, https:\/\/www.hedera-etc.com\/wp-content\/uploads\/2023\/11\/Hedera-x-soroksarensis-Silbermove.webp 1015w\" sizes=\"(max-width: 300px) 100vw, 300px\" \/><\/div>\n\t\t<\/a>\n\t\t\t\t<div class=\"elementor-post__text\">\n\t\t\t\t<h3 class=\"elementor-post__title\">\n\t\t\t<a href=\"https:\/\/www.hedera-etc.com\/de\/product\/hedera-x-soroksarensis-silbermowe\/\" target=\"&quot;_blank&quot;\">\n\t\t\t\t<em>Hedera x<\/em> soroksarensis &lsquo;Silberm\u00f6we&rsquo; &#8211; Zier-Efeu\t\t\t<\/a>\n\t\t<\/h3>\n\t\t\t\t<div class=\"elementor-post__excerpt\">\n\t\t\t<p>Breite, dreieckige Bl\u00e4tter mit 3 wenig ausgepr\u00e4gten Lappen.<\/p> <p>Hellgr\u00fcne, silbergrau und wei\u00df gefleckte Blattspreite mit\t\t<\/div>\n\t\t\n\t\t<a class=\"elementor-post__read-more\" href=\"https:\/\/www.hedera-etc.com\/de\/product\/hedera-x-soroksarensis-silbermowe\/\" aria-label=\"Mehr \u00fcber &lt;em&gt;Hedera x&lt;\/em&gt; soroksarensis \u2018Silberm\u00f6we\u2019 \u2013 Zier-Efeu\" tabindex=\"-1\" target=\"_blank\">\n\t\t\tWeiterlesen \u00bb\t\t<\/a>\n\n\t\t\t\t<\/div>\n\t\t\t\t<\/article>\n\t\t\t\t<article class=\"elementor-post elementor-grid-item post-1912 product type-product status-publish has-post-thumbnail product_cat-lierre entry has-media first instock purchasable product-type-variable has-default-attributes has-product-nav col span_1_of_4 owp-content-center item-entry owp-thumbs-layout-horizontal owp-btn-normal owp-tabs-layout-section\">\n\t\t\t\t<a class=\"elementor-post__thumbnail__link\" href=\"https:\/\/www.hedera-etc.com\/de\/product\/hedera-rhombea-variegata\/\" tabindex=\"-1\" target=\"&quot;_blank&quot;\">\n\t\t\t<div class=\"elementor-post__thumbnail\"><img loading=\"lazy\" decoding=\"async\" width=\"300\" height=\"224\" src=\"https:\/\/www.hedera-etc.com\/wp-content\/uploads\/2023\/11\/Hedera-rhombea-Variegata-300x224.webp\" class=\"attachment-medium size-medium wp-image-1913\" alt=\"Hedera rhombea &#039;Variegata&#039;\" srcset=\"https:\/\/www.hedera-etc.com\/wp-content\/uploads\/2023\/11\/Hedera-rhombea-Variegata-300x224.webp 300w, https:\/\/www.hedera-etc.com\/wp-content\/uploads\/2023\/11\/Hedera-rhombea-Variegata-768x574.webp 768w, https:\/\/www.hedera-etc.com\/wp-content\/uploads\/2023\/11\/Hedera-rhombea-Variegata.webp 800w\" sizes=\"(max-width: 300px) 100vw, 300px\" \/><\/div>\n\t\t<\/a>\n\t\t\t\t<div class=\"elementor-post__text\">\n\t\t\t\t<h3 class=\"elementor-post__title\">\n\t\t\t<a href=\"https:\/\/www.hedera-etc.com\/de\/product\/hedera-rhombea-variegata\/\" target=\"&quot;_blank&quot;\">\n\t\t\t\t<em>Hedera rhombea<\/em> &lsquo;Variegata&rsquo; &#8211; Japanischer Efeu\t\t\t<\/a>\n\t\t<\/h3>\n\t\t\t\t<div class=\"elementor-post__excerpt\">\n\t\t\t<p>Kleine, dreieckige oder dreilappige Bl\u00e4tter, die in der Mitte graugr\u00fcn sind und einen schmalen wei\u00dfen Rand haben. Lappen abgerundet.<\/p> <p>Im Winter ist der wei\u00dfe Rand\t\t<\/div>\n\t\t\n\t\t<a class=\"elementor-post__read-more\" href=\"https:\/\/www.hedera-etc.com\/de\/product\/hedera-rhombea-variegata\/\" aria-label=\"Mehr \u00fcber &lt;em&gt;Hedera rhombea&lt;\/em&gt; \u2018Variegata\u2019 \u2013 Japanische Efeu\" tabindex=\"-1\" target=\"_blank\">\n\t\t\tWeiterlesen \u00bb\t\t<\/a>\n\n\t\t\t\t<\/div>\n\t\t\t\t<\/article>\n\t\t\t\t<article class=\"elementor-post elementor-grid-item post-17894 product type-product status-publish has-post-thumbnail product_cat-lierre entry has-media  instock purchasable product-type-variable has-default-attributes has-product-nav col span_1_of_4 owp-content-center item-entry owp-thumbs-layout-horizontal owp-btn-normal owp-tabs-layout-section\">\n\t\t\t\t<a class=\"elementor-post__thumbnail__link\" href=\"https:\/\/www.hedera-etc.com\/de\/product\/hedera-rhombea-submarginata\/\" tabindex=\"-1\" target=\"&quot;_blank&quot;\">\n\t\t\t<div class=\"elementor-post__thumbnail\"><img loading=\"lazy\" decoding=\"async\" width=\"300\" height=\"225\" src=\"https:\/\/www.hedera-etc.com\/wp-content\/uploads\/2025\/12\/Submarginata_Birkerhof_Parz99_Zaun09-20131211-300x225.webp\" class=\"attachment-medium size-medium wp-image-17898\" alt=\"Hedera rhombea &#039;Submarginata&#039;\" srcset=\"https:\/\/www.hedera-etc.com\/wp-content\/uploads\/2025\/12\/Submarginata_Birkerhof_Parz99_Zaun09-20131211-300x225.webp 300w, https:\/\/www.hedera-etc.com\/wp-content\/uploads\/2025\/12\/Submarginata_Birkerhof_Parz99_Zaun09-20131211-900x675.webp 900w, https:\/\/www.hedera-etc.com\/wp-content\/uploads\/2025\/12\/Submarginata_Birkerhof_Parz99_Zaun09-20131211-1024x768.webp 1024w, https:\/\/www.hedera-etc.com\/wp-content\/uploads\/2025\/12\/Submarginata_Birkerhof_Parz99_Zaun09-20131211-768x576.webp 768w, https:\/\/www.hedera-etc.com\/wp-content\/uploads\/2025\/12\/Submarginata_Birkerhof_Parz99_Zaun09-20131211-1536x1152.webp 1536w, https:\/\/www.hedera-etc.com\/wp-content\/uploads\/2025\/12\/Submarginata_Birkerhof_Parz99_Zaun09-20131211.webp 1920w, https:\/\/www.hedera-etc.com\/wp-content\/uploads\/2025\/12\/Submarginata_Birkerhof_Parz99_Zaun09-20131211-1320x990.webp 1320w\" sizes=\"(max-width: 300px) 100vw, 300px\" \/><\/div>\n\t\t<\/a>\n\t\t\t\t<div class=\"elementor-post__text\">\n\t\t\t\t<h3 class=\"elementor-post__title\">\n\t\t\t<a href=\"https:\/\/www.hedera-etc.com\/de\/product\/hedera-rhombea-submarginata\/\" target=\"&quot;_blank&quot;\">\n\t\t\t\t<em>Hedera rhombea<\/em> &lsquo;Submarginata&rsquo; &#8211; Japanischer Efeu\t\t\t<\/a>\n\t\t<\/h3>\n\t\t\t\t<div class=\"elementor-post__excerpt\">\n\t\t\t<p>Japanischer Efeu mit fast runden oder l\u00e4nglichen, spitzen Bl\u00e4ttern<\/p> <p>Blattspreite in der Mitte blaugrau-gr\u00fcn und mehr gef\u00e4rbt\t\t<\/div>\n\t\t\n\t\t<a class=\"elementor-post__read-more\" href=\"https:\/\/www.hedera-etc.com\/de\/product\/hedera-rhombea-submarginata\/\" aria-label=\"Mehr \u00fcber *Hedera rhombea* \u2018Submarginata\u2019 \u2013 Japanische Efeutute\" tabindex=\"-1\" target=\"_blank\">\n\t\t\tWeiterlesen \u00bb\t\t<\/a>\n\n\t\t\t\t<\/div>\n\t\t\t\t<\/article>\n\t\t\t\t<article class=\"elementor-post elementor-grid-item post-1505 product type-product status-publish has-post-thumbnail product_cat-lierre entry has-media  outofstock product-type-variable has-default-attributes has-product-nav col span_1_of_4 owp-content-center item-entry owp-thumbs-layout-horizontal owp-btn-normal owp-tabs-layout-section has-no-thumbnails\">\n\t\t\t\t<a class=\"elementor-post__thumbnail__link\" href=\"https:\/\/www.hedera-etc.com\/de\/product\/hedera-rhombea-submarginata-arborescens\/\" tabindex=\"-1\" target=\"&quot;_blank&quot;\">\n\t\t\t<div class=\"elementor-post__thumbnail\"><img loading=\"lazy\" decoding=\"async\" width=\"300\" height=\"225\" src=\"https:\/\/www.hedera-etc.com\/wp-content\/uploads\/2023\/11\/Hedera-rhombea-Submarginata-Arborescens-300x225.webp\" class=\"attachment-medium size-medium wp-image-18450\" alt=\"Hedera rhombea &#039;Submarginata Arborescens&#039;\" srcset=\"https:\/\/www.hedera-etc.com\/wp-content\/uploads\/2023\/11\/Hedera-rhombea-Submarginata-Arborescens-300x225.webp 300w, https:\/\/www.hedera-etc.com\/wp-content\/uploads\/2023\/11\/Hedera-rhombea-Submarginata-Arborescens-1024x768.webp 1024w, https:\/\/www.hedera-etc.com\/wp-content\/uploads\/2023\/11\/Hedera-rhombea-Submarginata-Arborescens-768x576.webp 768w, https:\/\/www.hedera-etc.com\/wp-content\/uploads\/2023\/11\/Hedera-rhombea-Submarginata-Arborescens-1536x1152.webp 1536w, https:\/\/www.hedera-etc.com\/wp-content\/uploads\/2023\/11\/Hedera-rhombea-Submarginata-Arborescens-16x12.webp 16w, https:\/\/www.hedera-etc.com\/wp-content\/uploads\/2023\/11\/Hedera-rhombea-Submarginata-Arborescens-1320x990.webp 1320w, https:\/\/www.hedera-etc.com\/wp-content\/uploads\/2023\/11\/Hedera-rhombea-Submarginata-Arborescens-900x675.webp 900w, https:\/\/www.hedera-etc.com\/wp-content\/uploads\/2023\/11\/Hedera-rhombea-Submarginata-Arborescens.webp 1920w\" sizes=\"(max-width: 300px) 100vw, 300px\" \/><\/div>\n\t\t<\/a>\n\t\t\t\t<div class=\"elementor-post__text\">\n\t\t\t\t<h3 class=\"elementor-post__title\">\n\t\t\t<a href=\"https:\/\/www.hedera-etc.com\/de\/product\/hedera-rhombea-submarginata-arborescens\/\" target=\"&quot;_blank&quot;\">\n\t\t\t\t<em>Hedera rhombea<\/em> &lsquo;Submarginata Arborescens&rsquo; &#8211; Japanischer Efeu\t\t\t<\/a>\n\t\t<\/h3>\n\t\t\t\t<div class=\"elementor-post__excerpt\">\n\t\t\t<p>Langsam wachsender Efeu. St\u00e4ngel tragen asymmetrische Bl\u00e4tter, die dunkelgr\u00fcn und graugr\u00fcn marmoriert sind.<\/p> <p>Bildet einen kleinen\t\t<\/div>\n\t\t\n\t\t<a class=\"elementor-post__read-more\" href=\"https:\/\/www.hedera-etc.com\/de\/product\/hedera-rhombea-submarginata-arborescens\/\" aria-label=\"Mehr \u00fcber &lt;em&gt;Hedera rhombea&lt;\/em&gt; \u2018Submarginata Arborescens\u2019 \u2013 Japanische Efeu\" tabindex=\"-1\" target=\"_blank\">\n\t\t\tWeiterlesen \u00bb\t\t<\/a>\n\n\t\t\t\t<\/div>\n\t\t\t\t<\/article>\n\t\t\t\t<article class=\"elementor-post elementor-grid-item post-1907 product type-product status-publish has-post-thumbnail product_cat-lierre entry has-media last outofstock product-type-variable has-default-attributes has-product-nav col span_1_of_4 owp-content-center item-entry owp-thumbs-layout-horizontal owp-btn-normal owp-tabs-layout-section\">\n\t\t\t\t<a class=\"elementor-post__thumbnail__link\" href=\"https:\/\/www.hedera-etc.com\/de\/product\/hedera-rhombea-pierot\/\" tabindex=\"-1\" target=\"&quot;_blank&quot;\">\n\t\t\t<div class=\"elementor-post__thumbnail\"><img loading=\"lazy\" decoding=\"async\" width=\"300\" height=\"224\" src=\"https:\/\/www.hedera-etc.com\/wp-content\/uploads\/2023\/11\/Hedera-rhombea-Pierrot-300x224.webp\" class=\"attachment-medium size-medium wp-image-1908\" alt=\"Hedera rhombea &#039;Pierot&#039; - Japanischer Efeu\" srcset=\"https:\/\/www.hedera-etc.com\/wp-content\/uploads\/2023\/11\/Hedera-rhombea-Pierrot-300x224.webp 300w, https:\/\/www.hedera-etc.com\/wp-content\/uploads\/2023\/11\/Hedera-rhombea-Pierrot-768x574.webp 768w, https:\/\/www.hedera-etc.com\/wp-content\/uploads\/2023\/11\/Hedera-rhombea-Pierrot.webp 800w\" sizes=\"(max-width: 300px) 100vw, 300px\" \/><\/div>\n\t\t<\/a>\n\t\t\t\t<div class=\"elementor-post__text\">\n\t\t\t\t<h3 class=\"elementor-post__title\">\n\t\t\t<a href=\"https:\/\/www.hedera-etc.com\/de\/product\/hedera-rhombea-pierot\/\" target=\"&quot;_blank&quot;\">\n\t\t\t\t<em>Hedera rhombea<\/em> &lsquo;Pierot&rsquo; &#8211; Japanischer Efeu\t\t\t<\/a>\n\t\t<\/h3>\n\t\t\t\t<div class=\"elementor-post__excerpt\">\n\t\t\t<p>Kleinw\u00fcchsiger Efeu mit dunkelgr\u00fcnen, papierd\u00fcnnen Bl\u00e4ttern. Im Winter unter kalten Bedingungen sind sie\t\t<\/div>\n\t\t\n\t\t<a class=\"elementor-post__read-more\" href=\"https:\/\/www.hedera-etc.com\/de\/product\/hedera-rhombea-pierot\/\" aria-label=\"Mehr \u00fcber *Hedera rhombea* \u2018Pierot\u2019 \u2013 Japanischer Efeu\" tabindex=\"-1\" target=\"_blank\">\n\t\t\tWeiterlesen \u00bb\t\t<\/a>\n\n\t\t\t\t<\/div>\n\t\t\t\t<\/article>\n\t\t\t\t<article class=\"elementor-post elementor-grid-item post-4570 product type-product status-publish has-post-thumbnail product_cat-lierre entry has-media first outofstock shipping-taxable product-type-variable has-default-attributes has-product-nav col span_1_of_4 owp-content-center item-entry owp-thumbs-layout-horizontal owp-btn-normal owp-tabs-layout-section\">\n\t\t\t\t<a class=\"elementor-post__thumbnail__link\" href=\"https:\/\/www.hedera-etc.com\/de\/product\/hedera-rhombea\/\" tabindex=\"-1\" target=\"&quot;_blank&quot;\">\n\t\t\t<div class=\"elementor-post__thumbnail\"><img loading=\"lazy\" decoding=\"async\" width=\"300\" height=\"225\" src=\"https:\/\/www.hedera-etc.com\/wp-content\/uploads\/2024\/04\/Hedera-rhombea-1-300x225.webp\" class=\"attachment-medium size-medium wp-image-4735\" alt=\"Hedera rhombea\" srcset=\"https:\/\/www.hedera-etc.com\/wp-content\/uploads\/2024\/04\/Hedera-rhombea-1-300x225.webp 300w, https:\/\/www.hedera-etc.com\/wp-content\/uploads\/2024\/04\/Hedera-rhombea-1-900x675.webp 900w, https:\/\/www.hedera-etc.com\/wp-content\/uploads\/2024\/04\/Hedera-rhombea-1-1024x768.webp 1024w, https:\/\/www.hedera-etc.com\/wp-content\/uploads\/2024\/04\/Hedera-rhombea-1-768x576.webp 768w, https:\/\/www.hedera-etc.com\/wp-content\/uploads\/2024\/04\/Hedera-rhombea-1-1536x1152.webp 1536w, https:\/\/www.hedera-etc.com\/wp-content\/uploads\/2024\/04\/Hedera-rhombea-1-1320x990.webp 1320w, https:\/\/www.hedera-etc.com\/wp-content\/uploads\/2024\/04\/Hedera-rhombea-1.webp 1600w\" sizes=\"(max-width: 300px) 100vw, 300px\" \/><\/div>\n\t\t<\/a>\n\t\t\t\t<div class=\"elementor-post__text\">\n\t\t\t\t<h3 class=\"elementor-post__title\">\n\t\t\t<a href=\"https:\/\/www.hedera-etc.com\/de\/product\/hedera-rhombea\/\" target=\"&quot;_blank&quot;\">\n\t\t\t\t<em>Hedera rhombea<\/em> - Japanischer Efeu\t\t\t<\/a>\n\t\t<\/h3>\n\t\t\t\t<div class=\"elementor-post__excerpt\">\n\t\t\t<p>Feine, zarte, matte Bl\u00e4tter mit zartgr\u00fcnen oder silbrigen Adern.<\/p> <p>Bl\u00e4tter in rhombischer Form, d. h. eine Form von\t\t<\/div>\n\t\t\n\t\t<a class=\"elementor-post__read-more\" href=\"https:\/\/www.hedera-etc.com\/de\/product\/hedera-rhombea\/\" aria-label=\"Mehr \u00fcber *Hedera rhombea* \u2013 Japanische Efeutute\" tabindex=\"-1\" target=\"_blank\">\n\t\t\tWeiterlesen \u00bb\t\t<\/a>\n\n\t\t\t\t<\/div>\n\t\t\t\t<\/article>\n\t\t\t\t<article class=\"elementor-post elementor-grid-item post-1901 product type-product status-publish has-post-thumbnail product_cat-lierre entry has-media  instock purchasable product-type-variable has-default-attributes has-product-nav col span_1_of_4 owp-content-center item-entry owp-thumbs-layout-horizontal owp-btn-normal owp-tabs-layout-section\">\n\t\t\t\t<a class=\"elementor-post__thumbnail__link\" href=\"https:\/\/www.hedera-etc.com\/de\/product\/hedera-pastuchovii-lagodekhi\/\" tabindex=\"-1\" target=\"&quot;_blank&quot;\">\n\t\t\t<div class=\"elementor-post__thumbnail\"><img loading=\"lazy\" decoding=\"async\" width=\"300\" height=\"225\" src=\"https:\/\/www.hedera-etc.com\/wp-content\/uploads\/2023\/11\/Hedera-pastuchovii-Lagodeckhi-300x225.webp\" class=\"attachment-medium size-medium wp-image-1902\" alt=\"Hedera pastuchovii &#039;Lagodekhi&#039;\" srcset=\"https:\/\/www.hedera-etc.com\/wp-content\/uploads\/2023\/11\/Hedera-pastuchovii-Lagodeckhi-300x225.webp 300w, https:\/\/www.hedera-etc.com\/wp-content\/uploads\/2023\/11\/Hedera-pastuchovii-Lagodeckhi-768x575.webp 768w, https:\/\/www.hedera-etc.com\/wp-content\/uploads\/2023\/11\/Hedera-pastuchovii-Lagodeckhi.webp 800w\" sizes=\"(max-width: 300px) 100vw, 300px\" \/><\/div>\n\t\t<\/a>\n\t\t\t\t<div class=\"elementor-post__text\">\n\t\t\t\t<h3 class=\"elementor-post__title\">\n\t\t\t<a href=\"https:\/\/www.hedera-etc.com\/de\/product\/hedera-pastuchovii-lagodekhi\/\" target=\"&quot;_blank&quot;\">\n\t\t\t\t<em>Hedera pastuchovii<\/em> &lsquo;Lagodekhi&rsquo; &#8211; Iranischer Efeu\t\t\t<\/a>\n\t\t<\/h3>\n\t\t\t\t<div class=\"elementor-post__excerpt\">\n\t\t\t<p>Gl\u00e4nzendes, wenig ge\u00e4dertes Blatt mit 3 Lappen, von denen der mittlere deutlich gr\u00f6\u00dfer ist.<\/p> <p>Leichte r\u00f6tliche T\u00f6nung durch\t\t<\/div>\n\t\t\n\t\t<a class=\"elementor-post__read-more\" href=\"https:\/\/www.hedera-etc.com\/de\/product\/hedera-pastuchovii-lagodekhi\/\" aria-label=\"Mehr \u00fcber *Hedera pastuchovii* \u2018Lagodekhi\u2019 \u2013 Lierre d\u2019Iran\" tabindex=\"-1\" target=\"_blank\">\n\t\t\tWeiterlesen \u00bb\t\t<\/a>\n\n\t\t\t\t<\/div>\n\t\t\t\t<\/article>\n\t\t\t\t<article class=\"elementor-post elementor-grid-item post-1896 product type-product status-publish has-post-thumbnail product_cat-lierre entry has-media  instock purchasable product-type-variable has-default-attributes has-product-nav col span_1_of_4 owp-content-center item-entry owp-thumbs-layout-horizontal owp-btn-normal owp-tabs-layout-section\">\n\t\t\t\t<a class=\"elementor-post__thumbnail__link\" href=\"https:\/\/www.hedera-etc.com\/de\/product\/hedera-pastuchovii-ann-ala\/\" tabindex=\"-1\" target=\"&quot;_blank&quot;\">\n\t\t\t<div class=\"elementor-post__thumbnail\"><img loading=\"lazy\" decoding=\"async\" width=\"300\" height=\"225\" src=\"https:\/\/www.hedera-etc.com\/wp-content\/uploads\/2023\/11\/Hedera-pastuchovii-Ann-Ala-300x225.webp\" class=\"attachment-medium size-medium wp-image-1897\" alt=\"Hedera pastuchovii &#039;Ann Ala&#039;\" srcset=\"https:\/\/www.hedera-etc.com\/wp-content\/uploads\/2023\/11\/Hedera-pastuchovii-Ann-Ala-300x225.webp 300w, https:\/\/www.hedera-etc.com\/wp-content\/uploads\/2023\/11\/Hedera-pastuchovii-Ann-Ala-768x576.webp 768w, https:\/\/www.hedera-etc.com\/wp-content\/uploads\/2023\/11\/Hedera-pastuchovii-Ann-Ala.webp 839w\" sizes=\"(max-width: 300px) 100vw, 300px\" \/><\/div>\n\t\t<\/a>\n\t\t\t\t<div class=\"elementor-post__text\">\n\t\t\t\t<h3 class=\"elementor-post__title\">\n\t\t\t<a href=\"https:\/\/www.hedera-etc.com\/de\/product\/hedera-pastuchovii-ann-ala\/\" target=\"&quot;_blank&quot;\">\n\t\t\t\t<em>Hedera pastuchovii<\/em> &lsquo;Ann Ala&rsquo; &#8211; Iranischer Efeu\t\t\t<\/a>\n\t\t<\/h3>\n\t\t\t\t<div class=\"elementor-post__excerpt\">\n\t\t\t<p>Kletterpflanze mit wenig \u00c4sten und Verzweigungen.<\/p> <p>Ge\u00e4dertes, graugr\u00fcnes, gl\u00e4nzendes Laub, das im Winter eine sch\u00f6ne purpurne Farbe annimmt.<\/p>\t\t<\/div>\n\t\t\n\t\t<a class=\"elementor-post__read-more\" href=\"https:\/\/www.hedera-etc.com\/de\/product\/hedera-pastuchovii-ann-ala\/\" aria-label=\"Mehr \u00fcber *Hedera pastuchovii* \u2018Ann Ala\u2019 \u2013 Lierre d\u2019Iran\" tabindex=\"-1\" target=\"_blank\">\n\t\t\tWeiterlesen \u00bb\t\t<\/a>\n\n\t\t\t\t<\/div>\n\t\t\t\t<\/article>\n\t\t\t\t<article class=\"elementor-post elementor-grid-item post-3671 product type-product status-publish has-post-thumbnail product_cat-lierre entry has-media last instock purchasable product-type-variable has-default-attributes has-product-nav col span_1_of_4 owp-content-center item-entry owp-thumbs-layout-horizontal owp-btn-normal owp-tabs-layout-section has-no-thumbnails\">\n\t\t\t\t<a class=\"elementor-post__thumbnail__link\" href=\"https:\/\/www.hedera-etc.com\/de\/product\/hedera-pastuchovii\/\" tabindex=\"-1\" target=\"&quot;_blank&quot;\">\n\t\t\t<div class=\"elementor-post__thumbnail\"><img loading=\"lazy\" decoding=\"async\" width=\"300\" height=\"300\" src=\"https:\/\/www.hedera-etc.com\/wp-content\/uploads\/2023\/12\/Hedera-pastuchovii-300x300.webp\" class=\"attachment-medium size-medium wp-image-13494\" alt=\"Hedera pastuchovii\" srcset=\"https:\/\/www.hedera-etc.com\/wp-content\/uploads\/2023\/12\/Hedera-pastuchovii-300x300.webp 300w, https:\/\/www.hedera-etc.com\/wp-content\/uploads\/2023\/12\/Hedera-pastuchovii-200x200.webp 200w, https:\/\/www.hedera-etc.com\/wp-content\/uploads\/2023\/12\/Hedera-pastuchovii-150x150.webp 150w, https:\/\/www.hedera-etc.com\/wp-content\/uploads\/2023\/12\/Hedera-pastuchovii-768x768.webp 768w, https:\/\/www.hedera-etc.com\/wp-content\/uploads\/2023\/12\/Hedera-pastuchovii-600x600.webp 600w, https:\/\/www.hedera-etc.com\/wp-content\/uploads\/2023\/12\/Hedera-pastuchovii.webp 800w\" sizes=\"(max-width: 300px) 100vw, 300px\" \/><\/div>\n\t\t<\/a>\n\t\t\t\t<div class=\"elementor-post__text\">\n\t\t\t\t<h3 class=\"elementor-post__title\">\n\t\t\t<a href=\"https:\/\/www.hedera-etc.com\/de\/product\/hedera-pastuchovii\/\" target=\"&quot;_blank&quot;\">\n\t\t\t\t<em>Hedera pastuchovii<\/em> - Efeu aus dem Iran\t\t\t<\/a>\n\t\t<\/h3>\n\t\t\t\t<div class=\"elementor-post__excerpt\">\n\t\t\t<p>Urspr\u00fcngliche Form mit leicht ge\u00e4dertem, marmoriertem Laub ebenso wie Hedera cypria, die eine Unterart von pastuchovii ist.<\/p> <p>Bl\u00e4tter von\t\t<\/div>\n\t\t\n\t\t<a class=\"elementor-post__read-more\" href=\"https:\/\/www.hedera-etc.com\/de\/product\/hedera-pastuchovii\/\" aria-label=\"Mehr \u00fcber *Hedera pastuchovii* \u2013 Lierre d\u2019Iran\" tabindex=\"-1\" target=\"_blank\">\n\t\t\tWeiterlesen \u00bb\t\t<\/a>\n\n\t\t\t\t<\/div>\n\t\t\t\t<\/article>\n\t\t\t\t<\/div>\n\t\t\t\t\t<span class=\"e-load-more-spinner\">\n\t\t\t\t<i aria-hidden=\"true\" class=\"fas fa-spinner\"><\/i>\t\t\t<\/span>\n\t\t\n\t\t\t\t<div class=\"e-load-more-anchor\" data-page=\"1\" data-max-page=\"41\" data-next-page=\"https:\/\/www.hedera-etc.com\/de\/wp-json\/wp\/v2\/pages\/5696\/page\/2\/\"><\/div>\n\t\t\t\t<div class=\"e-load-more-message\"><\/div>\n\t\t\t\t\t\t<\/div>\n\t\t\t\t<\/div>\n\t\t\t\t\t<\/div>\n\t\t\t\t<\/div>\n\t\t\t\t<\/div>","protected":false},"excerpt":{"rendered":"<p>Quasiment tous les lierres pourraient convenir pour la mi-ombre. Nous en avons s\u00e9lectionn\u00e9 ici plus de 250 parmi ceux qui sont explicitement recommand\u00e9s pour cette exposition. Mais vous pouvez sans probl\u00e8me y placer d&rsquo;autres lierres ne figurant pas dans cette liste. Notez que mi-ombre peut signifier soit exposition au soleil moins de 6 heures dans [&hellip;]<\/p>\n","protected":false},"author":2,"featured_media":0,"parent":0,"menu_order":0,"comment_status":"closed","ping_status":"closed","template":"","meta":{"_acf_changed":false,"ocean_post_layout":"","ocean_both_sidebars_style":"","ocean_both_sidebars_content_width":0,"ocean_both_sidebars_sidebars_width":0,"ocean_sidebar":"","ocean_second_sidebar":"","ocean_disable_margins":"enable","ocean_add_body_class":"","ocean_shortcode_before_top_bar":"","ocean_shortcode_after_top_bar":"","ocean_shortcode_before_header":"","ocean_shortcode_after_header":"","ocean_has_shortcode":"","ocean_shortcode_after_title":"","ocean_shortcode_before_footer_widgets":"","ocean_shortcode_after_footer_widgets":"","ocean_shortcode_before_footer_bottom":"","ocean_shortcode_after_footer_bottom":"","ocean_display_top_bar":"default","ocean_display_header":"default","ocean_header_style":"","ocean_center_header_left_menu":"","ocean_custom_header_template":"","ocean_custom_logo":0,"ocean_custom_retina_logo":0,"ocean_custom_logo_max_width":0,"ocean_custom_logo_tablet_max_width":0,"ocean_custom_logo_mobile_max_width":0,"ocean_custom_logo_max_height":0,"ocean_custom_logo_tablet_max_height":0,"ocean_custom_logo_mobile_max_height":0,"ocean_header_custom_menu":"","ocean_menu_typo_font_family":"","ocean_menu_typo_font_subset":"","ocean_menu_typo_font_size":0,"ocean_menu_typo_font_size_tablet":0,"ocean_menu_typo_font_size_mobile":0,"ocean_menu_typo_font_size_unit":"px","ocean_menu_typo_font_weight":"","ocean_menu_typo_font_weight_tablet":"","ocean_menu_typo_font_weight_mobile":"","ocean_menu_typo_transform":"","ocean_menu_typo_transform_tablet":"","ocean_menu_typo_transform_mobile":"","ocean_menu_typo_line_height":0,"ocean_menu_typo_line_height_tablet":0,"ocean_menu_typo_line_height_mobile":0,"ocean_menu_typo_line_height_unit":"","ocean_menu_typo_spacing":0,"ocean_menu_typo_spacing_tablet":0,"ocean_menu_typo_spacing_mobile":0,"ocean_menu_typo_spacing_unit":"","ocean_menu_link_color":"","ocean_menu_link_color_hover":"","ocean_menu_link_color_active":"","ocean_menu_link_background":"","ocean_menu_link_hover_background":"","ocean_menu_link_active_background":"","ocean_menu_social_links_bg":"","ocean_menu_social_hover_links_bg":"","ocean_menu_social_links_color":"","ocean_menu_social_hover_links_color":"","ocean_disable_title":"default","ocean_disable_heading":"default","ocean_post_title":"","ocean_post_subheading":"","ocean_post_title_style":"","ocean_post_title_background_color":"","ocean_post_title_background":0,"ocean_post_title_bg_image_position":"","ocean_post_title_bg_image_attachment":"","ocean_post_title_bg_image_repeat":"","ocean_post_title_bg_image_size":"","ocean_post_title_height":0,"ocean_post_title_bg_overlay":0.5,"ocean_post_title_bg_overlay_color":"","ocean_disable_breadcrumbs":"default","ocean_breadcrumbs_color":"","ocean_breadcrumbs_separator_color":"","ocean_breadcrumbs_links_color":"","ocean_breadcrumbs_links_hover_color":"","ocean_display_footer_widgets":"default","ocean_display_footer_bottom":"default","ocean_custom_footer_template":"","footnotes":""},"class_list":["post-5696","page","type-page","status-publish","hentry","entry","has-media","has-product-nav","col","span_1_of_4","owp-content-center","item-entry","owp-thumbs-layout-horizontal","owp-btn-normal","owp-tabs-layout-section","has-no-thumbnails"],"acf":[],"jetpack_sharing_enabled":true,"_links":{"self":[{"href":"https:\/\/www.hedera-etc.com\/de\/wp-json\/wp\/v2\/pages\/5696","targetHints":{"allow":["GET"]}}],"collection":[{"href":"https:\/\/www.hedera-etc.com\/de\/wp-json\/wp\/v2\/pages"}],"about":[{"href":"https:\/\/www.hedera-etc.com\/de\/wp-json\/wp\/v2\/types\/page"}],"author":[{"embeddable":true,"href":"https:\/\/www.hedera-etc.com\/de\/wp-json\/wp\/v2\/users\/2"}],"replies":[{"embeddable":true,"href":"https:\/\/www.hedera-etc.com\/de\/wp-json\/wp\/v2\/comments?post=5696"}],"version-history":[{"count":4,"href":"https:\/\/www.hedera-etc.com\/de\/wp-json\/wp\/v2\/pages\/5696\/revisions"}],"predecessor-version":[{"id":16462,"href":"https:\/\/www.hedera-etc.com\/de\/wp-json\/wp\/v2\/pages\/5696\/revisions\/16462"}],"wp:attachment":[{"href":"https:\/\/www.hedera-etc.com\/de\/wp-json\/wp\/v2\/media?parent=5696"}],"curies":[{"name":"wp","href":"https:\/\/api.w.org\/{rel}","templated":true}]}}