{"id":1191,"date":"2023-11-01T07:34:51","date_gmt":"2023-11-01T06:34:51","guid":{"rendered":"https:\/\/www.hedera-etc.com\/?post_type=product&#038;p=1191"},"modified":"2026-04-28T07:09:27","modified_gmt":"2026-04-28T05:09:27","slug":"hedera-helix-perkeo","status":"publish","type":"product","link":"https:\/\/www.hedera-etc.com\/de\/product\/hedera-helix-perkeo\/","title":{"rendered":"<em>Hedera helix<\/em> &lsquo;Perkeo&rsquo; &#8211; Zier-Efeu"},"content":{"rendered":"<div data-elementor-type=\"product-post\" data-elementor-id=\"1191\" class=\"elementor elementor-1191\" data-elementor-post-type=\"product\">\n\t\t\t\t<div class=\"elementor-element elementor-element-2777d19 e-flex e-con-boxed e-con e-parent\" data-id=\"2777d19\" data-element_type=\"container\">\n\t\t\t\t\t<div class=\"e-con-inner\">\n\t\t\t\t<div class=\"elementor-element elementor-element-d65aa4d elementor-widget elementor-widget-text-editor\" data-id=\"d65aa4d\" data-element_type=\"widget\" data-widget_type=\"text-editor.default\">\n\t\t\t\t<div class=\"elementor-widget-container\">\n\t\t\t\t\t\t\t\t\t<h2><span style=\"color: #f0ffed;\">Der Zier-Efeu\u00a0 &#8211; Hedera helix &lsquo;Perkeo&rsquo;<\/span><\/h2>\t\t\t\t\t\t\t\t<\/div>\n\t\t\t\t<\/div>\n\t\t\t\t\t<\/div>\n\t\t\t\t<\/div>\n\t\t<div class=\"elementor-element elementor-element-3c977727 e-flex e-con-boxed e-con e-parent\" data-id=\"3c977727\" data-element_type=\"container\">\n\t\t\t\t\t<div class=\"e-con-inner\">\n\t\t<div class=\"elementor-element elementor-element-3c410c1e e-flex e-con-boxed e-con e-child\" data-id=\"3c410c1e\" data-element_type=\"container\">\n\t\t\t\t\t<div class=\"e-con-inner\">\n\t\t\t\t<div class=\"elementor-element elementor-element-41d28993 elementor-widget elementor-widget-heading\" data-id=\"41d28993\" data-element_type=\"widget\" data-widget_type=\"heading.default\">\n\t\t\t\t<div class=\"elementor-widget-container\">\n\t\t\t\t\t<h2 class=\"elementor-heading-title elementor-size-default\">Zusammenfassend<\/h2>\t\t\t\t<\/div>\n\t\t\t\t<\/div>\n\t\t\t\t<div class=\"elementor-element elementor-element-d71959d elementor-widget elementor-widget-text-editor\" data-id=\"d71959d\" data-element_type=\"widget\" data-widget_type=\"text-editor.default\">\n\t\t\t\t<div class=\"elementor-widget-container\">\n\t\t\t\t\t\t\t\t\t<p>Zier-Efeu, <strong><em>Hedera helix<\/em> &lsquo;Perkeo&rsquo;<\/strong>, Sie breitet ihre St\u00e4ngel dicht \u00fcber dem Boden aus, die Bl\u00e4tter sehen im Querschnitt wie Ohren aus.<\/p><p>Hellgr\u00fcne Bl\u00e4tter, geschnitten mit roten Stielen und Adern, buschiger Wuchs. Sch\u00f6ne Winterfarben.<\/p><p>Die charakteristischen Bl\u00e4tter bleiben auf trockenen und armen B\u00f6den bestehen, in g\u00fcnstigeren Lagen zeigen kr\u00e4ftige Triebe dreilappige Bl\u00e4tter.<\/p>\t\t\t\t\t\t\t\t<\/div>\n\t\t\t\t<\/div>\n\t\t\t\t<div class=\"elementor-element elementor-element-2a88c5e elementor-headline--style-highlight elementor-widget elementor-widget-animated-headline\" data-id=\"2a88c5e\" data-element_type=\"widget\" data-settings=\"{&quot;highlighted_text&quot;:&quot;un original&quot;,&quot;headline_style&quot;:&quot;highlight&quot;,&quot;marker&quot;:&quot;circle&quot;,&quot;loop&quot;:&quot;yes&quot;,&quot;highlight_animation_duration&quot;:1200,&quot;highlight_iteration_delay&quot;:8000}\" data-widget_type=\"animated-headline.default\">\n\t\t\t\t<div class=\"elementor-widget-container\">\n\t\t\t\t\t\t\t<h2 class=\"elementor-headline\">\n\t\t\t\t\t<span class=\"elementor-headline-plain-text elementor-headline-text-wrapper\">Le lierre, Hedera helix 'Perkeo', <\/span>\n\t\t\t\t<span class=\"elementor-headline-dynamic-wrapper elementor-headline-text-wrapper\">\n\t\t\t\t\t<span class=\"elementor-headline-dynamic-text elementor-headline-text-active\">ein Original<\/span>\n\t\t\t\t<\/span>\n\t\t\t\t<\/h2>\n\t\t\t\t\t\t<\/div>\n\t\t\t\t<\/div>\n\t\t\t\t<div class=\"elementor-element elementor-element-4e20e66 elementor-widget elementor-widget-text-editor\" data-id=\"4e20e66\" data-element_type=\"widget\" data-widget_type=\"text-editor.default\">\n\t\t\t\t<div class=\"elementor-widget-container\">\n\t\t\t\t\t\t\t\t\t<h3>Zun\u00e4chst einmal das Laub<\/h3><p>Die allermeisten Efeuarten haben ein Laub, das in 3, 5 oder 7 Lappen gegliedert ist. Aber <i>Hedera helix<\/i> &lsquo;Perkeo&rsquo; fait exception, avec ses feuilles presque rondes. C&rsquo;est une caract\u00e9ristique plut\u00f4t rare chez les lierres. Mais ce n&rsquo;est pas tout. La plupart des feuilles de lierre sont plates. Mais pas chez &lsquo;Perkeo&rsquo;, dont les feuilles sont incurv\u00e9es, gaufr\u00e9es ou bossel\u00e9es. Certains y voient comme des oreilles. Mais soyez rassur\u00e9, elles ne vous \u00e9coutent pas ! Toujours est-il que &lsquo;Perkeo&rsquo; ne manque pas de charme avec son feuillage vert tendre au printemps et qui prend de belles couleurs hivernales un peu orang\u00e9es. Il est encore plus joli quand ressortent les nervures rouges qui le sillonnent.<\/p><h3>Aber auch das Verhalten<\/h3><div>Wie Sie vielleicht schon oft festgestellt haben, wollen Efeupflanzen nur eines: klettern. Diese Schattenpflanzen krabbeln so lange, bis sie einen Baum, eine Mauer oder einen Pfosten finden - kurz gesagt, eine St\u00fctze, dank der sie endlich etwas mehr Licht bekommen k\u00f6nnen. Auch dort, <em>Hedera helix<\/em> &lsquo;Perkeo&rsquo; fait exception. Il forme une touffe \u00e9paisse, de type buisson, mais ne cherche pas particuli\u00e8rement \u00e0 escalader. A ce titre, il constitue un excellent choix pour ceux qui cherchent un couvre-sol qui ne parte pas \u00e0 l&rsquo;assaut des arbres, m\u00eame si lierre ne nuit pas aux arbres sur lesquels il grimpe.<\/div><div>\u00a0<\/div><h3>Und seine Gen\u00fcgsamkeit<\/h3><p>Les lierres, le plus souvent, se plaisent dans les sous-bois, l\u00e0 o\u00f9 la terre est riche en humus r\u00e9sultant de la d\u00e9composition des branchages et des feuilles des arbres. &lsquo;Perkeo&rsquo; ne d\u00e9teste pas ce genre de situation. Mais il va alors se comporter comme un lierre ordinaire avec des feuilles lob\u00e9es, perdant son originalit\u00e9. A l&rsquo;inverse, c&rsquo;est en terrain pauvre et m\u00eame sec qu&rsquo;il sera le mieux typ\u00e9, avec ses feuilles et son port si original.<\/p><p>Efeu, <em>Hedera helix<\/em> &lsquo;Perkeo&rsquo;, vous apportera la preuve qu&rsquo;il existe une grande diversit\u00e9 chez les lierres et qu&rsquo;on peut cr\u00e9er des d\u00e9cors originaux et permanents en choisissant bien parmi la gamme tr\u00e8s riche de ports diff\u00e9rents, de feuillages diff\u00e9rents, de couleurs diff\u00e9rentes, de comportements diff\u00e9rents &#8230;<\/p><p>Un autre lierre ayant quasiment les m\u00eames caract\u00e9ristiques que &lsquo;Perkeo&rsquo; : <a href=\"https:\/\/www.hedera-etc.com\/de\/product\/hedera-helix-ralf\/\" target=\"_blank\" rel=\"noopener\"><i>Hedera helix<\/i> &lsquo;Ralf&rsquo;<\/a>. Sachez d&rsquo;ailleurs que le lierre &lsquo;Perkeo&rsquo; est une Ver\u00e4nderung de &lsquo;Ralf&rsquo;.<\/p>\t\t\t\t\t\t\t\t<\/div>\n\t\t\t\t<\/div>\n\t\t\t\t<div class=\"elementor-element elementor-element-3b7ecfa6 elementor-widget elementor-widget-heading\" data-id=\"3b7ecfa6\" data-element_type=\"widget\" data-widget_type=\"heading.default\">\n\t\t\t\t<div class=\"elementor-widget-container\">\n\t\t\t\t\t<h2 class=\"elementor-heading-title elementor-size-default\">Geschichte<\/h2>\t\t\t\t<\/div>\n\t\t\t\t<\/div>\n\t\t\t\t<div class=\"elementor-element elementor-element-5c37b8b9 elementor-widget elementor-widget-text-editor\" data-id=\"5c37b8b9\" data-element_type=\"widget\" data-widget_type=\"text-editor.default\">\n\t\t\t\t<div class=\"elementor-widget-container\">\n\t\t\t\t\t\t\t\t\t<p>Diese Sorte wurde 1980 von Ingobert Heieck im Kloster Neuburf, Deutschland, entdeckt.<\/p>\t\t\t\t\t\t\t\t<\/div>\n\t\t\t\t<\/div>\n\t\t\t\t<div class=\"elementor-element elementor-element-7a4f3510 elementor-widget elementor-widget-heading\" data-id=\"7a4f3510\" data-element_type=\"widget\" data-widget_type=\"heading.default\">\n\t\t\t\t<div class=\"elementor-widget-container\">\n\t\t\t\t\t<h2 class=\"elementor-heading-title elementor-size-default\">Detailansicht - Hedera helix 'Perkeo'<\/h2>\t\t\t\t<\/div>\n\t\t\t\t<\/div>\n\t\t\t\t<div class=\"elementor-element elementor-element-24f82d27 elementor-widget elementor-widget-text-editor\" data-id=\"24f82d27\" data-element_type=\"widget\" data-widget_type=\"text-editor.default\">\n\t\t\t\t<div class=\"elementor-widget-container\">\n\t\t\t\t\t\t\t\t\t<h3>Botanische Informationen<\/h3>\n<ul>\n<li>Familie: Araliaceae<\/li>\n<li>Gattung : <em><strong>Hedera<\/strong><\/em><\/li>\n<li>Art : <em>helix<\/em><\/li>\n<li>Anbauen : &lsquo;Perkeo&rsquo;<\/li>\n<li>Pierot-Klassifikation: Efeu Neugierde, herzf\u00f6rmiger Efeu<\/li>\n<li>Blattstadium: juvenil<\/li>\n<li>Herkunft der Art: Europa, von Spanien bis Norwegen, aber kaum an der Atlantikk\u00fcste.<\/li>\n<li>Herkunft der Sorte: Mutation von &lsquo;Ralf&rsquo;, d\u00e9couvert en 1980 par Hingobert Heieck, au monast\u00e8re de Neuburg, Allemagne.<\/li>\n<\/ul>\n<h3>&nbsp;<\/h3>\n<h3>Beschreibung von Hedera helix &lsquo;Perkeo&rsquo;<\/h3>\n<ul>\n<li>Hafen: halb aufgerichtet<\/li>\n<li>Anzahl der Lappen: in der Regel ungelappt<\/li>\n<li>L\u00e4nge des Blattes: 7 cm<\/li>\n<li>Breite des Blattes: 6 cm<\/li>\n<li>Blattfarbe: mittelgr\u00fcn<\/li>\n<li>Farbvariante: junge Bl\u00e4tter gelblich-gr\u00fcn, nimmt im Winter rosafarbene T\u00f6ne an<\/li>\n<li>Farbe der Rippen: r\u00f6tlich<\/li>\n<li>Farbe Stiel und Blattstiel: gr\u00fcnliches Purpurrot<\/li>\n<li>Verzweigungen: ziemlich verzweigt<\/li>\n<li>Haare: sternf\u00f6rmig, 3 bis 5 Arme<\/li>\n<\/ul>\n<h3>&nbsp;<\/h3>\n<h3>Tipps zu Pflanzung, Anbau und Pflege f\u00fcr Hedera helix &lsquo;Perkeo&rsquo;<\/h3>\n<ul>\n<li>Standort: Schatten, Halbschatten, Sonne<\/li>\n<li>Winterh\u00e4rte: -8\u00b0C<\/li>\n<li>Bodenfeuchtigkeit: frischer Boden<\/li>\n<li>PH-Wert des Bodens: neutral oder kalkhaltig<\/li>\n<li>Bodenart: alle<\/li>\n<li>Bodenreichtum: gew\u00f6hnlich oder humos<\/li>\n<li>Verwendung: Bodendecker, Steingarten, T\u00f6pfe, Blumenk\u00e4sten, Bonsai<\/li>\n<li>Entwicklung: bescheiden, langsam<\/li>\n<li>Beschneiden: einmal im Jahr<\/li>\n<li>Sch\u00e4dlinge: sehr selten (Rote Spinne, Schildl\u00e4use)<\/li>\n<li>Krankheiten: sehr selten (Flecken auf den Bl\u00e4ttern)<\/li>\n<\/ul>\t\t\t\t\t\t\t\t<\/div>\n\t\t\t\t<\/div>\n\t\t\t\t\t<\/div>\n\t\t\t\t<\/div>\n\t\t\t\t\t<\/div>\n\t\t\t\t<\/div>\n\t\t<div class=\"elementor-element elementor-element-4e2f05ec e-flex e-con-boxed e-con e-parent\" data-id=\"4e2f05ec\" data-element_type=\"container\">\n\t\t\t\t\t<div class=\"e-con-inner\">\n\t\t\t\t<div class=\"elementor-element elementor-element-d8456ed elementor-widget elementor-widget-image\" data-id=\"d8456ed\" data-element_type=\"widget\" data-widget_type=\"image.default\">\n\t\t\t\t<div class=\"elementor-widget-container\">\n\t\t\t\t\t\t\t\t\t\t\t\t\t\t\t<img fetchpriority=\"high\" decoding=\"async\" width=\"1024\" height=\"146\" src=\"https:\/\/www.hedera-etc.com\/wp-content\/uploads\/2023\/10\/guirlande-1024x146.webp\" class=\"attachment-large size-large wp-image-116\" alt=\"La boutique du lierre - Efeu-Girlande\" srcset=\"https:\/\/www.hedera-etc.com\/wp-content\/uploads\/2023\/10\/guirlande-1024x146.webp 1024w, https:\/\/www.hedera-etc.com\/wp-content\/uploads\/2023\/10\/guirlande-900x129.webp 900w, https:\/\/www.hedera-etc.com\/wp-content\/uploads\/2023\/10\/guirlande-300x43.webp 300w, https:\/\/www.hedera-etc.com\/wp-content\/uploads\/2023\/10\/guirlande-768x110.webp 768w, https:\/\/www.hedera-etc.com\/wp-content\/uploads\/2023\/10\/guirlande.webp 1126w\" sizes=\"(max-width: 1024px) 100vw, 1024px\" \/>\t\t\t\t\t\t\t\t\t\t\t\t\t\t\t<\/div>\n\t\t\t\t<\/div>\n\t\t\t\t<div class=\"elementor-element elementor-element-7e8a3319 elementor-widget elementor-widget-text-editor\" data-id=\"7e8a3319\" data-element_type=\"widget\" data-widget_type=\"text-editor.default\">\n\t\t\t\t<div class=\"elementor-widget-container\">\n\t\t\t\t\t\t\t\t\t<h3 style=\"text-align: center;\"><span style=\"color: #008000;\">Efeu in der Literatur<\/span><\/h3><blockquote><p style=\"text-align: center;\"><span style=\"color: #993366;\">\u201cDie mit Efeu bewachsenen W\u00e4nde fl\u00fcsterten vergessene Geheimnisse, die vom Wind geschaukelt wurden.<\/span><span style=\"color: #993366;\">\u201d<\/span><\/p><\/blockquote><h5 style=\"text-align: right;\"><strong>F. Scott Fitzgerald<\/strong>, <em>Der Fremde vor der T\u00fcr<\/em><\/h5>\t\t\t\t\t\t\t\t<\/div>\n\t\t\t\t<\/div>\n\t\t\t\t\t<\/div>\n\t\t\t\t<\/div>\n\t\t\t\t<\/div>","protected":false},"excerpt":{"rendered":"<p>Interessante Kuriosit\u00e4t als Bodendecker. Becherf\u00f6rmige Bl\u00e4tter, die wie Ohren aussehen.<\/p>\n<p>Hellgr\u00fcne Bl\u00e4tter, geschnitten mit roten Stielen und Adern, buschiger Wuchs. Sch\u00f6ne Winterfarben.<\/p>\n<p>Charakteristisch ist sein immergr\u00fcnes Laub auf trockenen und kargen B\u00f6den.<\/p>","protected":false},"featured_media":1192,"comment_status":"open","ping_status":"closed","template":"","meta":{"_acf_changed":false,"ocean_post_layout":"","ocean_both_sidebars_style":"","ocean_both_sidebars_content_width":0,"ocean_both_sidebars_sidebars_width":0,"ocean_sidebar":"0","ocean_second_sidebar":"0","ocean_disable_margins":"enable","ocean_add_body_class":"","ocean_shortcode_before_top_bar":"","ocean_shortcode_after_top_bar":"","ocean_shortcode_before_header":"","ocean_shortcode_after_header":"","ocean_has_shortcode":"","ocean_shortcode_after_title":"","ocean_shortcode_before_footer_widgets":"","ocean_shortcode_after_footer_widgets":"","ocean_shortcode_before_footer_bottom":"","ocean_shortcode_after_footer_bottom":"","ocean_display_top_bar":"default","ocean_display_header":"default","ocean_header_style":"","ocean_center_header_left_menu":"0","ocean_custom_header_template":"0","ocean_custom_logo":0,"ocean_custom_retina_logo":0,"ocean_custom_logo_max_width":0,"ocean_custom_logo_tablet_max_width":0,"ocean_custom_logo_mobile_max_width":0,"ocean_custom_logo_max_height":0,"ocean_custom_logo_tablet_max_height":0,"ocean_custom_logo_mobile_max_height":0,"ocean_header_custom_menu":"0","ocean_menu_typo_font_family":"0","ocean_menu_typo_font_subset":"","ocean_menu_typo_font_size":0,"ocean_menu_typo_font_size_tablet":0,"ocean_menu_typo_font_size_mobile":0,"ocean_menu_typo_font_size_unit":"px","ocean_menu_typo_font_weight":"","ocean_menu_typo_font_weight_tablet":"","ocean_menu_typo_font_weight_mobile":"","ocean_menu_typo_transform":"","ocean_menu_typo_transform_tablet":"","ocean_menu_typo_transform_mobile":"","ocean_menu_typo_line_height":0,"ocean_menu_typo_line_height_tablet":0,"ocean_menu_typo_line_height_mobile":0,"ocean_menu_typo_line_height_unit":"","ocean_menu_typo_spacing":0,"ocean_menu_typo_spacing_tablet":0,"ocean_menu_typo_spacing_mobile":0,"ocean_menu_typo_spacing_unit":"","ocean_menu_link_color":"","ocean_menu_link_color_hover":"","ocean_menu_link_color_active":"","ocean_menu_link_background":"","ocean_menu_link_hover_background":"","ocean_menu_link_active_background":"","ocean_menu_social_links_bg":"","ocean_menu_social_hover_links_bg":"","ocean_menu_social_links_color":"","ocean_menu_social_hover_links_color":"","ocean_disable_title":"default","ocean_disable_heading":"default","ocean_post_title":"","ocean_post_subheading":"","ocean_post_title_style":"","ocean_post_title_background_color":"","ocean_post_title_background":0,"ocean_post_title_bg_image_position":"","ocean_post_title_bg_image_attachment":"","ocean_post_title_bg_image_repeat":"","ocean_post_title_bg_image_size":"","ocean_post_title_height":0,"ocean_post_title_bg_overlay":0.5,"ocean_post_title_bg_overlay_color":"","ocean_disable_breadcrumbs":"default","ocean_breadcrumbs_color":"","ocean_breadcrumbs_separator_color":"","ocean_breadcrumbs_links_color":"","ocean_breadcrumbs_links_hover_color":"","ocean_display_footer_widgets":"default","ocean_display_footer_bottom":"default","ocean_custom_footer_template":"0"},"product_brand":[],"product_cat":[134],"product_tag":[],"class_list":{"0":"post-1191","1":"product","2":"type-product","3":"status-publish","4":"has-post-thumbnail","6":"product_cat-lierre","8":"entry","9":"has-media","11":"first","12":"instock","13":"purchasable","14":"product-type-variable","15":"has-default-attributes","16":"has-product-nav","17":"col","18":"span_1_of_4","19":"owp-content-center","20":"item-entry","21":"owp-thumbs-layout-horizontal","22":"owp-btn-normal","23":"owp-tabs-layout-section"},"acf":[],"jetpack_sharing_enabled":true,"_links":{"self":[{"href":"https:\/\/www.hedera-etc.com\/de\/wp-json\/wp\/v2\/product\/1191","targetHints":{"allow":["GET"]}}],"collection":[{"href":"https:\/\/www.hedera-etc.com\/de\/wp-json\/wp\/v2\/product"}],"about":[{"href":"https:\/\/www.hedera-etc.com\/de\/wp-json\/wp\/v2\/types\/product"}],"replies":[{"embeddable":true,"href":"https:\/\/www.hedera-etc.com\/de\/wp-json\/wp\/v2\/comments?post=1191"}],"version-history":[{"count":5,"href":"https:\/\/www.hedera-etc.com\/de\/wp-json\/wp\/v2\/product\/1191\/revisions"}],"predecessor-version":[{"id":18492,"href":"https:\/\/www.hedera-etc.com\/de\/wp-json\/wp\/v2\/product\/1191\/revisions\/18492"}],"wp:featuredmedia":[{"embeddable":true,"href":"https:\/\/www.hedera-etc.com\/de\/wp-json\/wp\/v2\/media\/1192"}],"wp:attachment":[{"href":"https:\/\/www.hedera-etc.com\/de\/wp-json\/wp\/v2\/media?parent=1191"}],"wp:term":[{"taxonomy":"product_brand","embeddable":true,"href":"https:\/\/www.hedera-etc.com\/de\/wp-json\/wp\/v2\/product_brand?post=1191"},{"taxonomy":"product_cat","embeddable":true,"href":"https:\/\/www.hedera-etc.com\/de\/wp-json\/wp\/v2\/product_cat?post=1191"},{"taxonomy":"product_tag","embeddable":true,"href":"https:\/\/www.hedera-etc.com\/de\/wp-json\/wp\/v2\/product_tag?post=1191"}],"curies":[{"name":"wp","href":"https:\/\/api.w.org\/{rel}","templated":true}]}}