{"id":1549,"date":"2023-11-05T07:34:21","date_gmt":"2023-11-05T06:34:21","guid":{"rendered":"https:\/\/www.hedera-etc.com\/?post_type=product&#038;p=1549"},"modified":"2026-04-29T07:09:31","modified_gmt":"2026-04-29T05:09:31","slug":"hedera-helix-teneriffe","status":"publish","type":"product","link":"https:\/\/www.hedera-etc.com\/de\/product\/hedera-helix-teneriffe\/","title":{"rendered":"<em>Hedera helix<\/em> &lsquo;Teneriffe&rsquo;- Zier-Efeu"},"content":{"rendered":"<div data-elementor-type=\"product-post\" data-elementor-id=\"1549\" class=\"elementor elementor-1549\" data-elementor-post-type=\"product\">\n\t\t\t\t<div class=\"elementor-element elementor-element-5e1281b8 e-con-full e-flex e-con e-child\" data-id=\"5e1281b8\" data-element_type=\"container\">\n\t\t\t\t<div class=\"elementor-element elementor-element-78869b94 elementor-widget elementor-widget-text-editor\" data-id=\"78869b94\" data-element_type=\"widget\" data-widget_type=\"text-editor.default\">\n\t\t\t\t<div class=\"elementor-widget-container\">\n\t\t\t\t\t\t\t\t\t<h2><span style=\"color: #f0ffed;\">Der Zier-Efeu\u00a0 &#8211; Hedera helix &lsquo;Teneriffe&rsquo;<\/span><\/h2>\t\t\t\t\t\t\t\t<\/div>\n\t\t\t\t<\/div>\n\t\t\t\t<\/div>\n\t\t<div class=\"elementor-element elementor-element-36cdb8c7 e-flex e-con-boxed e-con e-parent\" data-id=\"36cdb8c7\" data-element_type=\"container\">\n\t\t\t\t\t<div class=\"e-con-inner\">\n\t\t<div class=\"elementor-element elementor-element-714d38af e-flex e-con-boxed e-con e-child\" data-id=\"714d38af\" data-element_type=\"container\">\n\t\t\t\t\t<div class=\"e-con-inner\">\n\t\t\t\t<div class=\"elementor-element elementor-element-6ee6248c elementor-widget elementor-widget-heading\" data-id=\"6ee6248c\" data-element_type=\"widget\" data-widget_type=\"heading.default\">\n\t\t\t\t<div class=\"elementor-widget-container\">\n\t\t\t\t\t<h2 class=\"elementor-heading-title elementor-size-default\">Zusammenfassend<\/h2>\t\t\t\t<\/div>\n\t\t\t\t<\/div>\n\t\t\t\t<div class=\"elementor-element elementor-element-5a5720c9 elementor-widget elementor-widget-text-editor\" data-id=\"5a5720c9\" data-element_type=\"widget\" data-widget_type=\"text-editor.default\">\n\t\t\t\t<div class=\"elementor-widget-container\">\n\t\t\t\t\t\t\t\t\t<p>Zier-Efeu, <strong><em>Hedera helix<\/em> &lsquo;Teneriffe&rsquo;<\/strong>, Die Pflanze ist eine mittelgro\u00dfe, eher kletternde Pflanze mit vielen Verzweigungen.<\/p><p>Die Bl\u00e4tter haben \u00fcberwiegend 3 Lappen, selten 5. Ihre Gr\u00f6\u00dfe betr\u00e4gt meist 2 x 3,5 cm. Einige vereinzelte Bl\u00e4tter sind etwas gr\u00f6\u00dfer. Die Grundfarbe der Bl\u00e4tter ist dunkelgr\u00fcn und cremefarben bis graugr\u00fcn. Die Menge an gr\u00fcner Farbe auf den Bl\u00e4ttern variiert stark, einige Bl\u00e4tter sind mit gro\u00dfen Flecken in Kombination mit Gr\u00fcn- und Graut\u00f6nen bedeckt, andere sind halb gr\u00fcn oder fast vollst\u00e4ndig cremefarben.<\/p><p>Die Bl\u00e4tter sind im Schatten eher hellgelb, und in diesen Bereichen bilden sich kleine gr\u00fcne Punkte, sie erscheinen auf fast allen Bl\u00e4ttern von \u2018Teneriffa\u2019. Sie sind rund oder fast rund und messen selten mehr als einen Millimeter im Durchmesser. Dies ist gleichzeitig das Merkmal der Sorte.<\/p><p>\u00a0Bei kaltem Wetter kann die R\u00fcckseite des Blattes manchmal rosa gef\u00e4rbt sein.<\/p><p><span style=\"color: #ff0000;\"><strong>Diese Sorte wurde 2014 von der Amerikanischen Efeugesellschaft zum \u00abEfeu des Jahres\u00bb gew\u00e4hlt.<\/strong><\/span><\/p>\t\t\t\t\t\t\t\t<\/div>\n\t\t\t\t<\/div>\n\t\t\t\t<div class=\"elementor-element elementor-element-43cb07b5 elementor-widget elementor-widget-heading\" data-id=\"43cb07b5\" data-element_type=\"widget\" data-widget_type=\"heading.default\">\n\t\t\t\t<div class=\"elementor-widget-container\">\n\t\t\t\t\t<h2 class=\"elementor-heading-title elementor-size-default\">Geschichte<\/h2>\t\t\t\t<\/div>\n\t\t\t\t<\/div>\n\t\t\t\t<div class=\"elementor-element elementor-element-7f729483 elementor-widget elementor-widget-text-editor\" data-id=\"7f729483\" data-element_type=\"widget\" data-widget_type=\"text-editor.default\">\n\t\t\t\t<div class=\"elementor-widget-container\">\n\t\t\t\t\t\t\t\t\t<p>Ce cultivar est d\u00e9j\u00e0 list\u00e9 dans le catalogue de la p\u00e9pini\u00e8re Haage &amp; Schmidt en 1862, sous le nom de Microphylla Picta&rsquo;. Il a \u00e9t\u00e9 d\u00e9crit et nomm\u00e9 &lsquo;Teneriffe\u00a0\u00bb par Gr\u00fcber en 1983. On le trouve naturalis\u00e9 en Espagne et dans l&rsquo;ile de Teneriffe, A\u00e7ores.<\/p>\t\t\t\t\t\t\t\t<\/div>\n\t\t\t\t<\/div>\n\t\t\t\t<div class=\"elementor-element elementor-element-7a405334 elementor-widget elementor-widget-heading\" data-id=\"7a405334\" data-element_type=\"widget\" data-widget_type=\"heading.default\">\n\t\t\t\t<div class=\"elementor-widget-container\">\n\t\t\t\t\t<h2 class=\"elementor-heading-title elementor-size-default\">Technisches Datenblatt - Hedera helix 'Teneriffe'<\/h2>\t\t\t\t<\/div>\n\t\t\t\t<\/div>\n\t\t\t\t<div class=\"elementor-element elementor-element-647e1d30 elementor-widget elementor-widget-text-editor\" data-id=\"647e1d30\" data-element_type=\"widget\" data-widget_type=\"text-editor.default\">\n\t\t\t\t<div class=\"elementor-widget-container\">\n\t\t\t\t\t\t\t\t\t<h3>Botanische Informationen<\/h3><ul><li>Familie: Araliaceae<\/li><li>Gattung : <em><strong>Hedera<\/strong><\/em><\/li><li>Art : <em>helix<\/em><\/li><li>Anbauen : &lsquo;Teneriffe&rsquo;<\/li><li>Pierot-Klassifikation: Efeu-Typ<\/li><li>Blattstadium: juvenil<\/li><li>Herkunft der Art: Europa, von Spanien bis Norwegen, jedoch kaum an der Atlantikk\u00fcste.<\/li><li>Ursprung der Sorte: eingeb\u00fcrgert in Spanien und auf der Insel Teneriffa<\/li><\/ul><h3>\u00a0<\/h3><h3>Beschreibung von Hedera helix &lsquo;Teneriffe&rsquo;<\/h3><ul><li>Wuchs: ausgebreitet, verstreut<\/li><li>Anzahl der Lappen: in der Regel 3 bis 5 Lappen<\/li><li>L\u00e4nge des Blattes: 3,5 cm<\/li><li>Breite des Blattes: 2 cm<\/li><li>Blattfarbe: cremefarben mit gr\u00fcnen Flecken<\/li><li>Farbe der Rippen: cremefarben<\/li><li>Farbe Stiel und Blattstiel: gr\u00fcnlich-purpur oder braun<\/li><li>Haare: sternf\u00f6rmig, 3 bis 5 Arme<\/li><\/ul><h3>\u00a0<\/h3><h3>Tipps zu Pflanzung, Anbau und Pflege f\u00fcr Hedera helix &lsquo;Teneriffe&rsquo;<\/h3><ul><li>Standort: Sonne, Halbschatten<\/li><li>Winterh\u00e4rte: -15\u00b0C<\/li><li>Bodenfeuchtigkeit: frischer Boden<\/li><li>PH-Wert des Bodens: neutral oder kalkhaltig<\/li><li>Bodenart: alle<\/li><li>Bodenreichtum: gew\u00f6hnlich oder humos<\/li><li>Verwendung: Kletterpflanze, Steingarten, Topiari, T\u00f6pfe, Blumenk\u00e4sten, Zimmerpflanze<\/li><li>Entwicklung: m\u00e4\u00dfig, langsam<\/li><li>Beschneiden: einmal im Jahr<\/li><li>Sch\u00e4dlinge: sehr selten (Rote Spinne, Schildl\u00e4use)<\/li><li>Krankheiten: sehr selten (Flecken auf den Bl\u00e4ttern)<\/li><\/ul>\t\t\t\t\t\t\t\t<\/div>\n\t\t\t\t<\/div>\n\t\t\t\t\t<\/div>\n\t\t\t\t<\/div>\n\t\t\t\t\t<\/div>\n\t\t\t\t<\/div>\n\t\t<div class=\"elementor-element elementor-element-494244 e-flex e-con-boxed e-con e-parent\" data-id=\"494244\" data-element_type=\"container\">\n\t\t\t\t\t<div class=\"e-con-inner\">\n\t\t\t\t<div class=\"elementor-element elementor-element-20ce4fd1 elementor-widget elementor-widget-image\" data-id=\"20ce4fd1\" data-element_type=\"widget\" data-widget_type=\"image.default\">\n\t\t\t\t<div class=\"elementor-widget-container\">\n\t\t\t\t\t\t\t\t\t\t\t\t\t\t\t<img fetchpriority=\"high\" decoding=\"async\" width=\"1024\" height=\"146\" src=\"https:\/\/www.hedera-etc.com\/wp-content\/uploads\/2023\/10\/guirlande-1024x146.webp\" class=\"attachment-large size-large wp-image-116\" alt=\"La boutique du lierre - Efeu-Girlande\" srcset=\"https:\/\/www.hedera-etc.com\/wp-content\/uploads\/2023\/10\/guirlande-1024x146.webp 1024w, https:\/\/www.hedera-etc.com\/wp-content\/uploads\/2023\/10\/guirlande-900x129.webp 900w, https:\/\/www.hedera-etc.com\/wp-content\/uploads\/2023\/10\/guirlande-300x43.webp 300w, https:\/\/www.hedera-etc.com\/wp-content\/uploads\/2023\/10\/guirlande-768x110.webp 768w, https:\/\/www.hedera-etc.com\/wp-content\/uploads\/2023\/10\/guirlande.webp 1126w\" sizes=\"(max-width: 1024px) 100vw, 1024px\" \/>\t\t\t\t\t\t\t\t\t\t\t\t\t\t\t<\/div>\n\t\t\t\t<\/div>\n\t\t\t\t<div class=\"elementor-element elementor-element-77977208 elementor-widget elementor-widget-text-editor\" data-id=\"77977208\" data-element_type=\"widget\" data-widget_type=\"text-editor.default\">\n\t\t\t\t<div class=\"elementor-widget-container\">\n\t\t\t\t\t\t\t\t\t<h3 style=\"text-align: center;\"><span style=\"color: #008000;\">Efeu in der Literatur<\/span><\/h3><blockquote><p style=\"text-align: center;\"><span style=\"color: #993366;\">\u201cDer Efeu sch\u00fctzt das Grab wie ein treuer Freund, der die Erinnerung an die Toten nie verl\u00e4sst.<\/span><span style=\"color: #993366;\">\u201d<\/span><\/p><\/blockquote><h5 style=\"text-align: right;\">Chateaubriand, Ren\u00e9<\/h5>\t\t\t\t\t\t\t\t<\/div>\n\t\t\t\t<\/div>\n\t\t\t\t\t<\/div>\n\t\t\t\t<\/div>\n\t\t\t\t<\/div>","protected":false},"excerpt":{"rendered":"<p>Eine mittelgro\u00dfe, eher kletternde Pflanze, die zahlreiche Verzweigungen tr\u00e4gt.<\/p>\n<p>Bl\u00e4tter sind dreilappig, selten f\u00fcnflappig. Grundfarbe der Bl\u00e4tter dunkelgr\u00fcn und cremefarben bis graugr\u00fcn. Die Menge an gr\u00fcner Farbe auf den Bl\u00e4ttern variiert stark, einige Bl\u00e4tter sind mit gro\u00dfen Flecken in Kombination mit Gr\u00fcn- und Graut\u00f6nen bedeckt, andere sind halb gr\u00fcn oder fast ganz cremefarben.<\/p>\n<p>Bl\u00e4tter eher hellgelb im Schatten, und in diesen Bereichen bilden sich kleine gr\u00fcne Punkte, sie erscheinen auf fast allen Bl\u00e4ttern von \u2018Teneriffa\u2019. Sie sind rund oder fast rund und messen selten mehr als einen Millimeter im Durchmesser. Dies ist gleichzeitig das Merkmal der Sorte.<\/p>\n<p>Bei kaltem Wetter Blattunterseite manchmal rosa gef\u00e4rbt.<\/p>\n<p><span style=\"color: #ff0000;\"><strong>Diese Sorte wurde 2014 von der Amerikanischen Efeugesellschaft zum \u00abEfeu des Jahres\u00bb gew\u00e4hlt.<\/strong><\/span><\/p>","protected":false},"featured_media":15254,"comment_status":"open","ping_status":"closed","template":"","meta":{"_acf_changed":false,"ocean_post_layout":"","ocean_both_sidebars_style":"","ocean_both_sidebars_content_width":0,"ocean_both_sidebars_sidebars_width":0,"ocean_sidebar":"0","ocean_second_sidebar":"0","ocean_disable_margins":"enable","ocean_add_body_class":"","ocean_shortcode_before_top_bar":"","ocean_shortcode_after_top_bar":"","ocean_shortcode_before_header":"","ocean_shortcode_after_header":"","ocean_has_shortcode":"","ocean_shortcode_after_title":"","ocean_shortcode_before_footer_widgets":"","ocean_shortcode_after_footer_widgets":"","ocean_shortcode_before_footer_bottom":"","ocean_shortcode_after_footer_bottom":"","ocean_display_top_bar":"default","ocean_display_header":"default","ocean_header_style":"","ocean_center_header_left_menu":"0","ocean_custom_header_template":"0","ocean_custom_logo":0,"ocean_custom_retina_logo":0,"ocean_custom_logo_max_width":0,"ocean_custom_logo_tablet_max_width":0,"ocean_custom_logo_mobile_max_width":0,"ocean_custom_logo_max_height":0,"ocean_custom_logo_tablet_max_height":0,"ocean_custom_logo_mobile_max_height":0,"ocean_header_custom_menu":"0","ocean_menu_typo_font_family":"0","ocean_menu_typo_font_subset":"","ocean_menu_typo_font_size":0,"ocean_menu_typo_font_size_tablet":0,"ocean_menu_typo_font_size_mobile":0,"ocean_menu_typo_font_size_unit":"px","ocean_menu_typo_font_weight":"","ocean_menu_typo_font_weight_tablet":"","ocean_menu_typo_font_weight_mobile":"","ocean_menu_typo_transform":"","ocean_menu_typo_transform_tablet":"","ocean_menu_typo_transform_mobile":"","ocean_menu_typo_line_height":0,"ocean_menu_typo_line_height_tablet":0,"ocean_menu_typo_line_height_mobile":0,"ocean_menu_typo_line_height_unit":"","ocean_menu_typo_spacing":0,"ocean_menu_typo_spacing_tablet":0,"ocean_menu_typo_spacing_mobile":0,"ocean_menu_typo_spacing_unit":"","ocean_menu_link_color":"","ocean_menu_link_color_hover":"","ocean_menu_link_color_active":"","ocean_menu_link_background":"","ocean_menu_link_hover_background":"","ocean_menu_link_active_background":"","ocean_menu_social_links_bg":"","ocean_menu_social_hover_links_bg":"","ocean_menu_social_links_color":"","ocean_menu_social_hover_links_color":"","ocean_disable_title":"default","ocean_disable_heading":"default","ocean_post_title":"","ocean_post_subheading":"","ocean_post_title_style":"","ocean_post_title_background_color":"","ocean_post_title_background":0,"ocean_post_title_bg_image_position":"","ocean_post_title_bg_image_attachment":"","ocean_post_title_bg_image_repeat":"","ocean_post_title_bg_image_size":"","ocean_post_title_height":0,"ocean_post_title_bg_overlay":0.5,"ocean_post_title_bg_overlay_color":"","ocean_disable_breadcrumbs":"default","ocean_breadcrumbs_color":"","ocean_breadcrumbs_separator_color":"","ocean_breadcrumbs_links_color":"","ocean_breadcrumbs_links_hover_color":"","ocean_display_footer_widgets":"default","ocean_display_footer_bottom":"default","ocean_custom_footer_template":"0"},"product_brand":[],"product_cat":[134],"product_tag":[],"class_list":{"0":"post-1549","1":"product","2":"type-product","3":"status-publish","4":"has-post-thumbnail","6":"product_cat-lierre","8":"entry","9":"has-media","11":"first","12":"instock","13":"purchasable","14":"product-type-variable","15":"has-default-attributes","16":"has-product-nav","17":"col","18":"span_1_of_4","19":"owp-content-center","20":"item-entry","21":"owp-thumbs-layout-horizontal","22":"owp-btn-normal","23":"owp-tabs-layout-section"},"acf":[],"jetpack_sharing_enabled":true,"_links":{"self":[{"href":"https:\/\/www.hedera-etc.com\/de\/wp-json\/wp\/v2\/product\/1549","targetHints":{"allow":["GET"]}}],"collection":[{"href":"https:\/\/www.hedera-etc.com\/de\/wp-json\/wp\/v2\/product"}],"about":[{"href":"https:\/\/www.hedera-etc.com\/de\/wp-json\/wp\/v2\/types\/product"}],"replies":[{"embeddable":true,"href":"https:\/\/www.hedera-etc.com\/de\/wp-json\/wp\/v2\/comments?post=1549"}],"version-history":[{"count":3,"href":"https:\/\/www.hedera-etc.com\/de\/wp-json\/wp\/v2\/product\/1549\/revisions"}],"predecessor-version":[{"id":14076,"href":"https:\/\/www.hedera-etc.com\/de\/wp-json\/wp\/v2\/product\/1549\/revisions\/14076"}],"wp:featuredmedia":[{"embeddable":true,"href":"https:\/\/www.hedera-etc.com\/de\/wp-json\/wp\/v2\/media\/15254"}],"wp:attachment":[{"href":"https:\/\/www.hedera-etc.com\/de\/wp-json\/wp\/v2\/media?parent=1549"}],"wp:term":[{"taxonomy":"product_brand","embeddable":true,"href":"https:\/\/www.hedera-etc.com\/de\/wp-json\/wp\/v2\/product_brand?post=1549"},{"taxonomy":"product_cat","embeddable":true,"href":"https:\/\/www.hedera-etc.com\/de\/wp-json\/wp\/v2\/product_cat?post=1549"},{"taxonomy":"product_tag","embeddable":true,"href":"https:\/\/www.hedera-etc.com\/de\/wp-json\/wp\/v2\/product_tag?post=1549"}],"curies":[{"name":"wp","href":"https:\/\/api.w.org\/{rel}","templated":true}]}}