{"id":1760,"date":"2023-11-08T20:42:48","date_gmt":"2023-11-08T19:42:48","guid":{"rendered":"https:\/\/www.hedera-etc.com\/?post_type=product&#038;p=1760"},"modified":"2026-04-28T07:09:24","modified_gmt":"2026-04-28T05:09:24","slug":"hedera-iberica-aracena","status":"publish","type":"product","link":"https:\/\/www.hedera-etc.com\/de\/product\/hedera-iberica-aracena\/","title":{"rendered":"<em>Hedera iberica<\/em> &lsquo;Aracena&rsquo; &#8211; Spanischer Efeu"},"content":{"rendered":"<div data-elementor-type=\"product-post\" data-elementor-id=\"1760\" class=\"elementor elementor-1760\" data-elementor-post-type=\"product\">\n\t\t\t\t<div class=\"elementor-element elementor-element-3a9a9202 e-con-full e-flex e-con e-child\" data-id=\"3a9a9202\" data-element_type=\"container\">\n\t\t\t\t<div class=\"elementor-element elementor-element-1dde766d elementor-widget elementor-widget-text-editor\" data-id=\"1dde766d\" data-element_type=\"widget\" data-widget_type=\"text-editor.default\">\n\t\t\t\t<div class=\"elementor-widget-container\">\n\t\t\t\t\t\t\t\t\t<h2><span style=\"color: #f0ffed;\">Le lierre d&rsquo;Espagne\u00a0 &#8211; Hedera iberica &lsquo;Aracena&rsquo;<\/span><\/h2>\t\t\t\t\t\t\t\t<\/div>\n\t\t\t\t<\/div>\n\t\t\t\t<\/div>\n\t\t<div class=\"elementor-element elementor-element-31b82c23 e-flex e-con-boxed e-con e-parent\" data-id=\"31b82c23\" data-element_type=\"container\">\n\t\t\t\t\t<div class=\"e-con-inner\">\n\t\t<div class=\"elementor-element elementor-element-36893a06 e-flex e-con-boxed e-con e-child\" data-id=\"36893a06\" data-element_type=\"container\">\n\t\t\t\t\t<div class=\"e-con-inner\">\n\t\t\t\t<div class=\"elementor-element elementor-element-dec269c elementor-widget elementor-widget-heading\" data-id=\"dec269c\" data-element_type=\"widget\" data-widget_type=\"heading.default\">\n\t\t\t\t<div class=\"elementor-widget-container\">\n\t\t\t\t\t<h2 class=\"elementor-heading-title elementor-size-default\">Zusammenfassend<\/h2>\t\t\t\t<\/div>\n\t\t\t\t<\/div>\n\t\t\t\t<div class=\"elementor-element elementor-element-72022000 elementor-widget elementor-widget-text-editor\" data-id=\"72022000\" data-element_type=\"widget\" data-widget_type=\"text-editor.default\">\n\t\t\t\t<div class=\"elementor-widget-container\">\n\t\t\t\t\t\t\t\t\t<p>Spanischer Efeu, <strong><em>Hedera iberica<\/em> &lsquo;Aracena&rsquo;<\/strong>, ist ein kr\u00e4ftiger Efeu mit dreilappigen oder kaum gelappten Bl\u00e4ttern, die oft eine herzf\u00f6rmige Basis haben. Die Blattspreite ist dunkel bordeauxrot, wird mit zunehmender Entwicklung matt dunkelgr\u00fcn und ist bei kaltem Wetter zart braun gef\u00e4rbt. Die Adern werden mit zunehmendem Alter oft silbriger.<\/p>\n<p>Die St\u00e4ngel sind gut verzweigt und haben kurze Internodien.<\/p>\n<p>Dies ist ein Efeu, der f\u00fcr gro\u00dfe Fl\u00e4chen verwendet werden sollte, sowohl in der Sonne als auch im Schatten.<\/p>\t\t\t\t\t\t\t\t<\/div>\n\t\t\t\t<\/div>\n\t\t\t\t<div class=\"elementor-element elementor-element-3c46837e elementor-widget elementor-widget-heading\" data-id=\"3c46837e\" data-element_type=\"widget\" data-widget_type=\"heading.default\">\n\t\t\t\t<div class=\"elementor-widget-container\">\n\t\t\t\t\t<h2 class=\"elementor-heading-title elementor-size-default\">Geschichte<\/h2>\t\t\t\t<\/div>\n\t\t\t\t<\/div>\n\t\t\t\t<div class=\"elementor-element elementor-element-5e8953cf elementor-widget elementor-widget-text-editor\" data-id=\"5e8953cf\" data-element_type=\"widget\" data-widget_type=\"text-editor.default\">\n\t\t\t\t<div class=\"elementor-widget-container\">\n\t\t\t\t\t\t\t\t\t<p>Diese Sorte wurde 1977 von Dorian und Bill Roxburgh in Aracena, Provinz Huelva, Spanien, entdeckt. Lange Zeit galt sie als Kultivar von <em>Hedera hibernica<\/em>.<\/p>\t\t\t\t\t\t\t\t<\/div>\n\t\t\t\t<\/div>\n\t\t\t\t<div class=\"elementor-element elementor-element-10fbb926 elementor-widget elementor-widget-heading\" data-id=\"10fbb926\" data-element_type=\"widget\" data-widget_type=\"heading.default\">\n\t\t\t\t<div class=\"elementor-widget-container\">\n\t\t\t\t\t<h2 class=\"elementor-heading-title elementor-size-default\">Technisches Datenblatt - Hedera iberica 'Aracena'<\/h2>\t\t\t\t<\/div>\n\t\t\t\t<\/div>\n\t\t\t\t<div class=\"elementor-element elementor-element-7ed6164f elementor-widget elementor-widget-text-editor\" data-id=\"7ed6164f\" data-element_type=\"widget\" data-widget_type=\"text-editor.default\">\n\t\t\t\t<div class=\"elementor-widget-container\">\n\t\t\t\t\t\t\t\t\t<h3>Botanische Informationen<\/h3><ul><li>Familie: Araliaceae<\/li><li>Gattung : <em><strong>Hedera<\/strong><\/em><\/li><li>Art : <em>iberica<\/em><\/li><li>Anbauen : &lsquo;Aracena&rsquo;<\/li><li>Synonym : &lsquo;Grunpfeil&rsquo;<\/li><li>Pierot-Klassifikation: Herzf\u00f6rmiger Efeu<\/li><li>Blattstadium: juvenil<\/li><li>Herkunft der Art: Spanien und Portugal<\/li><li>Ursprung der Sorte: Gefunden in Aracena, Provinz Huelva, Spanien, im Jahr 1977 von D. und B. Roxburgh<\/li><\/ul><h3>\u00a0<\/h3><h3>Beschreibung von Hedera iberica &lsquo;Aracena&rsquo;<\/h3><ul><li>Habitus: ausgebreitet, breit<\/li><li>Anzahl der Blattlappen: in der Regel 3 Lappen<\/li><li>L\u00e4nge des Blattes: 3 cm<\/li><li>Breite des Blattes: 5 cm<\/li><li>Blattfarbe: dunkelgr\u00fcn<\/li><li>Farbvarianten: junge Bl\u00e4tter bordeauxrot, im Winter braune Bl\u00e4tter<\/li><li>Farbe der Rippen: silbrig<\/li><li>St\u00e4ngel: gut verzweigt<\/li><li>Farbe Stiel und Blattstiel: r\u00f6tlich-braun<\/li><li>Haare: schuppig, 13 kurze Verzweigungen<\/li><\/ul><h3>\u00a0<\/h3><h3>Tipps zu Pflanzung, Anbau und Pflege f\u00fcr Hedera iberica &lsquo;Aracena&rsquo;<\/h3><ul><li>Standort: Schatten, Halbschatten, Sonne<\/li><li>Winterh\u00e4rte: -15\u00b0C<\/li><li>Bodenfeuchtigkeit: frischer Boden<\/li><li>PH-Wert des Bodens: neutral oder kalkhaltig oder sauer<\/li><li>Bodenart: alle<\/li><li>Bodenreichtum: gew\u00f6hnlich oder humos<\/li><li>Verwendung: Bodendecker, Kletterer, H\u00e4ngeampel, T\u00f6pfe, Blumenk\u00e4sten<\/li><li>Entwicklung: schnell, kr\u00e4ftig<\/li><li>Beschneiden: einmal im Jahr<\/li><li>Sch\u00e4dlinge: sehr selten (Rote Spinne, Schildl\u00e4use)<\/li><li>Krankheiten: sehr selten (Flecken auf den Bl\u00e4ttern)<\/li><\/ul>\t\t\t\t\t\t\t\t<\/div>\n\t\t\t\t<\/div>\n\t\t\t\t\t<\/div>\n\t\t\t\t<\/div>\n\t\t\t\t\t<\/div>\n\t\t\t\t<\/div>\n\t\t<div class=\"elementor-element elementor-element-36b12efa e-flex e-con-boxed e-con e-parent\" data-id=\"36b12efa\" data-element_type=\"container\">\n\t\t\t\t\t<div class=\"e-con-inner\">\n\t\t<div class=\"elementor-element elementor-element-7d675b28 e-flex e-con-boxed e-con e-child\" data-id=\"7d675b28\" data-element_type=\"container\" data-settings=\"{&quot;background_background&quot;:&quot;classic&quot;,&quot;shape_divider_top&quot;:&quot;mountains&quot;}\">\n\t\t\t\t\t<div class=\"e-con-inner\">\n\t\t\t\t<div class=\"elementor-shape elementor-shape-top\" data-negative=\"false\">\n\t\t\t<svg xmlns=\"http:\/\/www.w3.org\/2000\/svg\" viewbox=\"0 0 1000 100\" preserveaspectratio=\"none\">\n\t<path class=\"elementor-shape-fill\" opacity=\"0.33\" d=\"M473,67.3c-203.9,88.3-263.1-34-320.3,0C66,119.1,0,59.7,0,59.7V0h1000v59.7 c0,0-62.1,26.1-94.9,29.3c-32.8,3.3-62.8-12.3-75.8-22.1C806,49.6,745.3,8.7,694.9,4.7S492.4,59,473,67.3z\"\/>\n\t<path class=\"elementor-shape-fill\" opacity=\"0.66\" d=\"M734,67.3c-45.5,0-77.2-23.2-129.1-39.1c-28.6-8.7-150.3-10.1-254,39.1 s-91.7-34.4-149.2,0C115.7,118.3,0,39.8,0,39.8V0h1000v36.5c0,0-28.2-18.5-92.1-18.5C810.2,18.1,775.7,67.3,734,67.3z\"\/>\n\t<path class=\"elementor-shape-fill\" d=\"M766.1,28.9c-200-57.5-266,65.5-395.1,19.5C242,1.8,242,5.4,184.8,20.6C128,35.8,132.3,44.9,89.9,52.5C28.6,63.7,0,0,0,0 h1000c0,0-9.9,40.9-83.6,48.1S829.6,47,766.1,28.9z\"\/>\n<\/svg>\t\t<\/div>\n\t\t\t\t<div class=\"elementor-element elementor-element-75d32aea elementor-widget__width-initial elementor-widget elementor-widget-image\" data-id=\"75d32aea\" data-element_type=\"widget\" data-widget_type=\"image.default\">\n\t\t\t\t<div class=\"elementor-widget-container\">\n\t\t\t\t\t\t\t\t\t\t\t\t\t\t\t<img fetchpriority=\"high\" decoding=\"async\" width=\"300\" height=\"180\" src=\"https:\/\/www.hedera-etc.com\/wp-content\/uploads\/2024\/11\/vecteezy_simplicity-ivy-freehand-drawing_13643730_206-300x180.webp\" class=\"attachment-medium size-medium wp-image-10573\" alt=\"\" srcset=\"https:\/\/www.hedera-etc.com\/wp-content\/uploads\/2024\/11\/vecteezy_simplicity-ivy-freehand-drawing_13643730_206-300x180.webp 300w, https:\/\/www.hedera-etc.com\/wp-content\/uploads\/2024\/11\/vecteezy_simplicity-ivy-freehand-drawing_13643730_206-900x540.webp 900w, https:\/\/www.hedera-etc.com\/wp-content\/uploads\/2024\/11\/vecteezy_simplicity-ivy-freehand-drawing_13643730_206-1024x614.webp 1024w, https:\/\/www.hedera-etc.com\/wp-content\/uploads\/2024\/11\/vecteezy_simplicity-ivy-freehand-drawing_13643730_206-768x461.webp 768w, https:\/\/www.hedera-etc.com\/wp-content\/uploads\/2024\/11\/vecteezy_simplicity-ivy-freehand-drawing_13643730_206-1536x921.webp 1536w, https:\/\/www.hedera-etc.com\/wp-content\/uploads\/2024\/11\/vecteezy_simplicity-ivy-freehand-drawing_13643730_206.webp 1920w, https:\/\/www.hedera-etc.com\/wp-content\/uploads\/2024\/11\/vecteezy_simplicity-ivy-freehand-drawing_13643730_206-1320x791.webp 1320w\" sizes=\"(max-width: 300px) 100vw, 300px\" \/>\t\t\t\t\t\t\t\t\t\t\t\t\t\t\t<\/div>\n\t\t\t\t<\/div>\n\t\t\t\t<div class=\"elementor-element elementor-element-6b49bf5c elementor-widget elementor-widget-heading\" data-id=\"6b49bf5c\" data-element_type=\"widget\" data-widget_type=\"heading.default\">\n\t\t\t\t<div class=\"elementor-widget-container\">\n\t\t\t\t\t<h2 class=\"elementor-heading-title elementor-size-default\">Eine Seite aus meiner kleinen Enzyklop\u00e4die des Efeus<\/h2>\t\t\t\t<\/div>\n\t\t\t\t<\/div>\n\t\t\t\t\t<\/div>\n\t\t\t\t<\/div>\n\t\t\t\t<div class=\"elementor-element elementor-element-e706c75 elementor-widget elementor-widget-menu-anchor\" data-id=\"e706c75\" data-element_type=\"widget\" data-widget_type=\"menu-anchor.default\">\n\t\t\t\t<div class=\"elementor-widget-container\">\n\t\t\t\t\t\t\t<div class=\"elementor-menu-anchor\" id=\"necrose\"><\/div>\n\t\t\t\t\t\t<\/div>\n\t\t\t\t<\/div>\n\t\t\t\t<div class=\"elementor-element elementor-element-017d868 elementor-widget elementor-widget-global elementor-global-8803 elementor-widget-text-editor\" data-id=\"017d868\" data-element_type=\"widget\" data-widget_type=\"text-editor.default\">\n\t\t\t\t<div class=\"elementor-widget-container\">\n\t\t\t\t\t\t\t\t\t<h3><span style=\"color: #008000;\">Alles \u00fcber die Gesundheit meiner Efeupflanzen<\/span><\/h3><h2><span style=\"color: #008000;\">Sind alle Nekrosen des Efeus auf Krankheiten zur\u00fcckzuf\u00fchren?<\/span><\/h2><p>Efeu ist eine selten kranke Pflanze. Gelegentlich k\u00f6nnen jedoch Nekrosen auf den Bl\u00e4ttern auftreten. Diese m\u00fcssen nicht unbedingt auf Krankheiten zur\u00fcckzuf\u00fchren sein. Nekrosen, die sich durch das Absterben von Pflanzengewebe \u00e4u\u00dfern, k\u00f6nnen n\u00e4mlich mehrere nicht krankheitsbedingte Ursachen haben. Hier sind einige Gr\u00fcnde, die nicht auf Krankheiten zur\u00fcckzuf\u00fchren sind und Nekrosen an Efeu verursachen k\u00f6nnen:<\/p><ul><li><strong>D\u00fcrre<\/strong> : Wassermangel kann dazu f\u00fchren, dass das Blattgewebe austrocknet und abstirbt, vor allem an den R\u00e4ndern und Spitzen.<\/li><li><strong>\u00dcbersch\u00fcssiges Wasser<\/strong> : Stehendes Wasser um die Wurzeln herum kann zu Sauerstoffmangel f\u00fchren, was zum Absterben der Wurzeln und in der Folge zu Blattnekrosen f\u00fchrt.<\/li><li><strong>Pl\u00f6tzliche Temperatur\u00e4nderungen<\/strong> : Sp\u00e4tfrost oder Hitzeeinwirkung k\u00f6nnen Nekrosen verursachen, vor allem an den empfindlicheren neuen Trieben.<\/li><li><strong>Sonnenbrand<\/strong> : Pl\u00f6tzliche intensive Sonneneinstrahlung, vor allem nach einer Schattenperiode, kann zu Sonnenbrand auf den Bl\u00e4ttern f\u00fchren, der nekrotische Flecken verursacht.<\/li><li><strong>N\u00e4hrstoffmangel<\/strong> : Ein Mangel an bestimmten N\u00e4hrstoffen wie Kalium oder Magnesium kann zu Nekrosen auf den Bl\u00e4ttern f\u00fchren.<\/li><li><strong>\u00dcbersch\u00fcssiger D\u00fcnger<\/strong> : Zu viel D\u00fcnger, insbesondere salzreicher D\u00fcnger, kann zu Wurzelverbrennungen f\u00fchren, die eine Blattnekrose zur Folge haben.<\/li><li><strong>Saugende Insekten<\/strong> : Insekten wie Blattl\u00e4use, Schildl\u00e4use oder Spinnmilben k\u00f6nnen Nekrosen verursachen, indem sie den Saft aus den Bl\u00e4ttern saugen, was zu abgestorbenen Stellen auf den Bl\u00e4ttern f\u00fchrt.<\/li><li><strong>Alterung der Bl\u00e4tter<\/strong> : Wie alle Pflanzen altern auch die Bl\u00e4tter des Efeus auf nat\u00fcrliche Weise und sterben schlie\u00dflich ab. Die altersbedingten Nekrosen sind in der Regel gleichm\u00e4\u00dfig und beginnen oft mit den untersten oder \u00e4ltesten Bl\u00e4ttern.<\/li><\/ul><p>Daher ist es wichtig, die Symptome genau zu beobachten und die gesamten Anbaubedingungen zu ber\u00fccksichtigen, um die genaue Ursache der Nekrosen zu ermitteln.<\/p><p>\u00a0<\/p>\t\t\t\t\t\t\t\t<\/div>\n\t\t\t\t<\/div>\n\t\t\t\t<div class=\"elementor-element elementor-element-57d0e0f2 elementor-widget elementor-widget-image\" data-id=\"57d0e0f2\" data-element_type=\"widget\" data-widget_type=\"image.default\">\n\t\t\t\t<div class=\"elementor-widget-container\">\n\t\t\t\t\t\t\t\t\t\t\t\t\t\t\t<img decoding=\"async\" width=\"1024\" height=\"146\" src=\"https:\/\/www.hedera-etc.com\/wp-content\/uploads\/2023\/10\/guirlande-1024x146.webp\" class=\"attachment-large size-large wp-image-116\" alt=\"La boutique du lierre - Efeu-Girlande\" srcset=\"https:\/\/www.hedera-etc.com\/wp-content\/uploads\/2023\/10\/guirlande-1024x146.webp 1024w, https:\/\/www.hedera-etc.com\/wp-content\/uploads\/2023\/10\/guirlande-900x129.webp 900w, https:\/\/www.hedera-etc.com\/wp-content\/uploads\/2023\/10\/guirlande-300x43.webp 300w, https:\/\/www.hedera-etc.com\/wp-content\/uploads\/2023\/10\/guirlande-768x110.webp 768w, https:\/\/www.hedera-etc.com\/wp-content\/uploads\/2023\/10\/guirlande.webp 1126w\" sizes=\"(max-width: 1024px) 100vw, 1024px\" \/>\t\t\t\t\t\t\t\t\t\t\t\t\t\t\t<\/div>\n\t\t\t\t<\/div>\n\t\t\t\t<div class=\"elementor-element elementor-element-41645bcb elementor-widget elementor-widget-text-editor\" data-id=\"41645bcb\" data-element_type=\"widget\" data-widget_type=\"text-editor.default\">\n\t\t\t\t<div class=\"elementor-widget-container\">\n\t\t\t\t\t\t\t\t\t<h3 style=\"text-align: center;\"><span style=\"color: #008000;\">Efeu in der Literatur<\/span><\/h3><blockquote><p style=\"text-align: center;\"><span style=\"color: #993366;\">\u201cDas alte, mit Efeu bewachsene Schloss wirkte wie ein lebendiges Wesen, das mit dem umliegenden Wald verschmolz.<\/span><span style=\"color: #993366;\">\u201d<\/span><\/p><\/blockquote><h5 style=\"text-align: right;\"><strong>E.M. Forster<\/strong>, <em>Howard's End<\/em><\/h5>\t\t\t\t\t\t\t\t<\/div>\n\t\t\t\t<\/div>\n\t\t\t\t\t<\/div>\n\t\t\t\t<\/div>\n\t\t\t\t<\/div>","protected":false},"excerpt":{"rendered":"<div class=\"row\">\n<div class=\"col-sm-7\">\n<div id=\"bloc-info\">\n<div class=\"txt-desc\">\n<p>Kr\u00e4ftiger Efeu mit dreilappigen oder kaum gelappten Bl\u00e4ttern, deren Basis oft herzf\u00f6rmig ist. Blattspreite dunkel bordeauxrot, die sich im Laufe der Entwicklung matt dunkelgr\u00fcn f\u00e4rbt und bei kaltem Wetter zart braun gef\u00e4rbt ist. Adern mit zunehmendem Alter oft silbriger werdend.<\/p>\n<p>Gut verzweigte St\u00e4ngel mit kurzen Internodien.<\/p>\n<p>Efeu, der f\u00fcr gro\u00dfe Fl\u00e4chen sowohl in der Sonne als auch im Schatten verwendet werden sollte.<\/p>\n<\/div>\n<\/div>\n<\/div>\n<\/div>\n<div class=\"row\"><\/div>","protected":false},"featured_media":1761,"comment_status":"open","ping_status":"closed","template":"","meta":{"_acf_changed":false,"ocean_post_layout":"","ocean_both_sidebars_style":"","ocean_both_sidebars_content_width":0,"ocean_both_sidebars_sidebars_width":0,"ocean_sidebar":"0","ocean_second_sidebar":"0","ocean_disable_margins":"enable","ocean_add_body_class":"","ocean_shortcode_before_top_bar":"","ocean_shortcode_after_top_bar":"","ocean_shortcode_before_header":"","ocean_shortcode_after_header":"","ocean_has_shortcode":"","ocean_shortcode_after_title":"","ocean_shortcode_before_footer_widgets":"","ocean_shortcode_after_footer_widgets":"","ocean_shortcode_before_footer_bottom":"","ocean_shortcode_after_footer_bottom":"","ocean_display_top_bar":"default","ocean_display_header":"default","ocean_header_style":"","ocean_center_header_left_menu":"0","ocean_custom_header_template":"0","ocean_custom_logo":0,"ocean_custom_retina_logo":0,"ocean_custom_logo_max_width":0,"ocean_custom_logo_tablet_max_width":0,"ocean_custom_logo_mobile_max_width":0,"ocean_custom_logo_max_height":0,"ocean_custom_logo_tablet_max_height":0,"ocean_custom_logo_mobile_max_height":0,"ocean_header_custom_menu":"0","ocean_menu_typo_font_family":"0","ocean_menu_typo_font_subset":"","ocean_menu_typo_font_size":0,"ocean_menu_typo_font_size_tablet":0,"ocean_menu_typo_font_size_mobile":0,"ocean_menu_typo_font_size_unit":"px","ocean_menu_typo_font_weight":"","ocean_menu_typo_font_weight_tablet":"","ocean_menu_typo_font_weight_mobile":"","ocean_menu_typo_transform":"","ocean_menu_typo_transform_tablet":"","ocean_menu_typo_transform_mobile":"","ocean_menu_typo_line_height":0,"ocean_menu_typo_line_height_tablet":0,"ocean_menu_typo_line_height_mobile":0,"ocean_menu_typo_line_height_unit":"","ocean_menu_typo_spacing":0,"ocean_menu_typo_spacing_tablet":0,"ocean_menu_typo_spacing_mobile":0,"ocean_menu_typo_spacing_unit":"","ocean_menu_link_color":"","ocean_menu_link_color_hover":"","ocean_menu_link_color_active":"","ocean_menu_link_background":"","ocean_menu_link_hover_background":"","ocean_menu_link_active_background":"","ocean_menu_social_links_bg":"","ocean_menu_social_hover_links_bg":"","ocean_menu_social_links_color":"","ocean_menu_social_hover_links_color":"","ocean_disable_title":"default","ocean_disable_heading":"default","ocean_post_title":"","ocean_post_subheading":"","ocean_post_title_style":"","ocean_post_title_background_color":"","ocean_post_title_background":0,"ocean_post_title_bg_image_position":"","ocean_post_title_bg_image_attachment":"","ocean_post_title_bg_image_repeat":"","ocean_post_title_bg_image_size":"","ocean_post_title_height":0,"ocean_post_title_bg_overlay":0.5,"ocean_post_title_bg_overlay_color":"","ocean_disable_breadcrumbs":"default","ocean_breadcrumbs_color":"","ocean_breadcrumbs_separator_color":"","ocean_breadcrumbs_links_color":"","ocean_breadcrumbs_links_hover_color":"","ocean_display_footer_widgets":"default","ocean_display_footer_bottom":"default","ocean_custom_footer_template":"0"},"product_brand":[],"product_cat":[134],"product_tag":[],"class_list":{"0":"post-1760","1":"product","2":"type-product","3":"status-publish","4":"has-post-thumbnail","6":"product_cat-lierre","8":"entry","9":"has-media","11":"first","12":"instock","13":"purchasable","14":"product-type-variable","15":"has-default-attributes","16":"has-product-nav","17":"col","18":"span_1_of_4","19":"owp-content-center","20":"item-entry","21":"owp-thumbs-layout-horizontal","22":"owp-btn-normal","23":"owp-tabs-layout-section"},"acf":[],"jetpack_sharing_enabled":true,"_links":{"self":[{"href":"https:\/\/www.hedera-etc.com\/de\/wp-json\/wp\/v2\/product\/1760","targetHints":{"allow":["GET"]}}],"collection":[{"href":"https:\/\/www.hedera-etc.com\/de\/wp-json\/wp\/v2\/product"}],"about":[{"href":"https:\/\/www.hedera-etc.com\/de\/wp-json\/wp\/v2\/types\/product"}],"replies":[{"embeddable":true,"href":"https:\/\/www.hedera-etc.com\/de\/wp-json\/wp\/v2\/comments?post=1760"}],"version-history":[{"count":4,"href":"https:\/\/www.hedera-etc.com\/de\/wp-json\/wp\/v2\/product\/1760\/revisions"}],"predecessor-version":[{"id":15502,"href":"https:\/\/www.hedera-etc.com\/de\/wp-json\/wp\/v2\/product\/1760\/revisions\/15502"}],"wp:featuredmedia":[{"embeddable":true,"href":"https:\/\/www.hedera-etc.com\/de\/wp-json\/wp\/v2\/media\/1761"}],"wp:attachment":[{"href":"https:\/\/www.hedera-etc.com\/de\/wp-json\/wp\/v2\/media?parent=1760"}],"wp:term":[{"taxonomy":"product_brand","embeddable":true,"href":"https:\/\/www.hedera-etc.com\/de\/wp-json\/wp\/v2\/product_brand?post=1760"},{"taxonomy":"product_cat","embeddable":true,"href":"https:\/\/www.hedera-etc.com\/de\/wp-json\/wp\/v2\/product_cat?post=1760"},{"taxonomy":"product_tag","embeddable":true,"href":"https:\/\/www.hedera-etc.com\/de\/wp-json\/wp\/v2\/product_tag?post=1760"}],"curies":[{"name":"wp","href":"https:\/\/api.w.org\/{rel}","templated":true}]}}