{"id":1790,"date":"2023-11-09T19:43:15","date_gmt":"2023-11-09T18:43:15","guid":{"rendered":"https:\/\/www.hedera-etc.com\/?post_type=product&#038;p=1790"},"modified":"2026-04-29T07:09:30","modified_gmt":"2026-04-29T05:09:30","slug":"hedera-hibernica-dealbata","status":"publish","type":"product","link":"https:\/\/www.hedera-etc.com\/de\/product\/hedera-hibernica-dealbata\/","title":{"rendered":"<em>Hedera hibernica<\/em> &lsquo;Dealbata&rsquo; &#8211; Irisches Efeu"},"content":{"rendered":"<div data-elementor-type=\"product-post\" data-elementor-id=\"1790\" class=\"elementor elementor-1790\" data-elementor-post-type=\"product\">\n\t\t\t\t<div class=\"elementor-element elementor-element-4f5940f2 e-con-full e-flex e-con e-child\" data-id=\"4f5940f2\" data-element_type=\"container\">\n\t\t\t\t<div class=\"elementor-element elementor-element-586f5a2c elementor-widget elementor-widget-text-editor\" data-id=\"586f5a2c\" data-element_type=\"widget\" data-widget_type=\"text-editor.default\">\n\t\t\t\t<div class=\"elementor-widget-container\">\n\t\t\t\t\t\t\t\t\t<h2><span style=\"color: #f0ffed;\">Le Irisches Efeu\u00a0 &#8211; Hedera hibernica &lsquo;Dealbata&rsquo;<\/span><\/h2>\t\t\t\t\t\t\t\t<\/div>\n\t\t\t\t<\/div>\n\t\t\t\t<\/div>\n\t\t<div class=\"elementor-element elementor-element-3a48cb39 e-flex e-con-boxed e-con e-parent\" data-id=\"3a48cb39\" data-element_type=\"container\">\n\t\t\t\t\t<div class=\"e-con-inner\">\n\t\t<div class=\"elementor-element elementor-element-5d45fc8a e-flex e-con-boxed e-con e-child\" data-id=\"5d45fc8a\" data-element_type=\"container\">\n\t\t\t\t\t<div class=\"e-con-inner\">\n\t\t\t\t<div class=\"elementor-element elementor-element-53d872e0 elementor-widget elementor-widget-heading\" data-id=\"53d872e0\" data-element_type=\"widget\" data-widget_type=\"heading.default\">\n\t\t\t\t<div class=\"elementor-widget-container\">\n\t\t\t\t\t<h2 class=\"elementor-heading-title elementor-size-default\">Zusammenfassend<\/h2>\t\t\t\t<\/div>\n\t\t\t\t<\/div>\n\t\t\t\t<div class=\"elementor-element elementor-element-32bdbd54 elementor-widget elementor-widget-text-editor\" data-id=\"32bdbd54\" data-element_type=\"widget\" data-widget_type=\"text-editor.default\">\n\t\t\t\t<div class=\"elementor-widget-container\">\n\t\t\t\t\t\t\t\t\t<p>Der Efeu aus Irland, <strong><em>Hedera hibernica<\/em> &lsquo;Dealbata&rsquo;<\/strong>, Die Bl\u00e4tter sind klein, dreieckig und panaschiert.<\/p><p>Die Blattspreite ist dunkelgr\u00fcn und wird bei neuen Bl\u00e4ttern wei\u00df oder cremefarben besprenkelt. Die Panaschierung befindet sich oft an der Spitze eines Lappens und wird zur Blattmitte hin schw\u00e4cher. Sie ist st\u00e4rker ausgepr\u00e4gt, wenn dieser Efeu auf magerem Boden und in der Sonne w\u00e4chst. Der cremewei\u00dfe Bereich wird bei trockenem und kaltem Wetter rosa. Die ausgewachsenen Bl\u00e4tter werden vollst\u00e4ndig gr\u00fcn. Die St\u00e4ngel sind rosa-rot. Die Internodien sind recht lang. Die Pflanze ist gut verzweigt.<\/p><p>Dies ist ein interessanter Efeu f\u00fcr T\u00f6pfe wegen seiner langen, \u00fcberh\u00e4ngenden St\u00e4ngel.<\/p>\t\t\t\t\t\t\t\t<\/div>\n\t\t\t\t<\/div>\n\t\t\t\t<div class=\"elementor-element elementor-element-76288102 elementor-widget elementor-widget-heading\" data-id=\"76288102\" data-element_type=\"widget\" data-widget_type=\"heading.default\">\n\t\t\t\t<div class=\"elementor-widget-container\">\n\t\t\t\t\t<h2 class=\"elementor-heading-title elementor-size-default\">Geschichte<\/h2>\t\t\t\t<\/div>\n\t\t\t\t<\/div>\n\t\t\t\t<div class=\"elementor-element elementor-element-54d011d4 elementor-widget elementor-widget-text-editor\" data-id=\"54d011d4\" data-element_type=\"widget\" data-widget_type=\"text-editor.default\">\n\t\t\t\t<div class=\"elementor-widget-container\">\n\t\t\t\t\t\t\t\t\t<p>Dieser Efeu wurde in freier Wildbahn im Osten des Snowdonien-Massivs, Wales, Gro\u00dfbritannien, entdeckt. Er wurde 1872 von Hibbert beschrieben. Lange Zeit wurde er als Teil der Art <em>Hedera helix<\/em>, anstelle von <em>Hedera hibernica<\/em>. Pourtant, d\u00e8s 1912, Tobler le consid\u00e9rait comme un hibernica. Cette classification a \u00e9t\u00e9 confirm\u00e9e r\u00e9cemment par le comptage des chromosomes. Par ailleurs, un cultivar portant le nom de &lsquo;Howardii&rsquo;, ou &lsquo;Howardiana&rsquo;, diffus\u00e9 \u00e0 partir des ann\u00e9es 1920, s&rsquo;est r\u00e9v\u00e9l\u00e9 \u00eatre en r\u00e9alit\u00e9 le &lsquo;Dealbata&rsquo;.<\/p>\t\t\t\t\t\t\t\t<\/div>\n\t\t\t\t<\/div>\n\t\t\t\t<div class=\"elementor-element elementor-element-1f33ac03 elementor-widget elementor-widget-heading\" data-id=\"1f33ac03\" data-element_type=\"widget\" data-widget_type=\"heading.default\">\n\t\t\t\t<div class=\"elementor-widget-container\">\n\t\t\t\t\t<h2 class=\"elementor-heading-title elementor-size-default\">Technisches Datenblatt - Hedera hibernica 'Dealbata'<\/h2>\t\t\t\t<\/div>\n\t\t\t\t<\/div>\n\t\t\t\t<div class=\"elementor-element elementor-element-419b4b7 elementor-widget elementor-widget-text-editor\" data-id=\"419b4b7\" data-element_type=\"widget\" data-widget_type=\"text-editor.default\">\n\t\t\t\t<div class=\"elementor-widget-container\">\n\t\t\t\t\t\t\t\t\t<h3>Botanische Informationen<\/h3><ul><li>Familie: Araliaceae<\/li><li>Gattung : <em><strong>Hedera<\/strong><\/em><\/li><li>Art : <em>hibernica<\/em><\/li><li>Anbauen : &lsquo;Dealbata&rsquo;<\/li><li>Pierot-Klassifikation: Efeu-Typ, panaschierter Efeu<\/li><li>Blattstadium: juvenil<\/li><li>Herkunft der Art: Europa, an der Atlantikk\u00fcste von Portugal bis Schottland<\/li><li>Ursprung des Kultivars: 1872 in Wales entdeckt<\/li><\/ul><h3>\u00a0<\/h3><h3>Beschreibung von Hedera hibernica &lsquo;Dealbata&rsquo;<\/h3><ul><li>Wuchs: ausgebreitet, verstreut<\/li><li>Anzahl der Blattlappen: in der Regel 3 Lappen<\/li><li>L\u00e4nge des Blattes: 5 cm<\/li><li>Breite des Blattes: 6 cm<\/li><li>Blattfarbe: hellgr\u00fcn<\/li><li>Farbe der Blattrippen: dunkelgr\u00fcn, bei neuen Bl\u00e4ttern wei\u00df oder cremefarben gesprenkelt<\/li><li>Farbvariante: Die Panaschierungen werden bei trockenem und kaltem Wetter rosa.<\/li><li>Farbe Stiel und Blattstiel: rosa-rot<\/li><li>Haare: stellar, klein<\/li><\/ul><h3>\u00a0<\/h3><h3>Tipps zu Pflanzung, Anbau und Pflege f\u00fcr Hedera hibernica &lsquo;Dealbata&rsquo;<\/h3><ul><li>Exposition: Sonne<\/li><li>Winterh\u00e4rte: -15\u00b0C<\/li><li>Bodenfeuchtigkeit: frischer Boden<\/li><li>PH-Wert des Bodens: neutral oder kalkhaltig oder sauer<\/li><li>Bodenart: alle<\/li><li>Bodenreichtum: gew\u00f6hnlich oder humos<\/li><li>Verwendung: Bodendecker, Kletterer, T\u00f6pfe, Blumenk\u00e4sten, H\u00e4ngeampeln<\/li><li>Entwicklung: schnell<\/li><li>Beschneiden: einmal im Jahr<\/li><li>Sch\u00e4dlinge: sehr selten (Rote Spinne, Schildl\u00e4use)<\/li><li>Krankheiten: sehr selten (Flecken auf den Bl\u00e4ttern)<\/li><\/ul>\t\t\t\t\t\t\t\t<\/div>\n\t\t\t\t<\/div>\n\t\t\t\t\t<\/div>\n\t\t\t\t<\/div>\n\t\t\t\t\t<\/div>\n\t\t\t\t<\/div>\n\t\t<div class=\"elementor-element elementor-element-3c037355 e-flex e-con-boxed e-con e-parent\" data-id=\"3c037355\" data-element_type=\"container\">\n\t\t\t\t\t<div class=\"e-con-inner\">\n\t\t<div class=\"elementor-element elementor-element-1affbcd4 e-flex e-con-boxed e-con e-child\" data-id=\"1affbcd4\" data-element_type=\"container\" data-settings=\"{&quot;background_background&quot;:&quot;classic&quot;,&quot;shape_divider_top&quot;:&quot;mountains&quot;}\">\n\t\t\t\t\t<div class=\"e-con-inner\">\n\t\t\t\t<div class=\"elementor-shape elementor-shape-top\" data-negative=\"false\">\n\t\t\t<svg xmlns=\"http:\/\/www.w3.org\/2000\/svg\" viewbox=\"0 0 1000 100\" preserveaspectratio=\"none\">\n\t<path class=\"elementor-shape-fill\" opacity=\"0.33\" d=\"M473,67.3c-203.9,88.3-263.1-34-320.3,0C66,119.1,0,59.7,0,59.7V0h1000v59.7 c0,0-62.1,26.1-94.9,29.3c-32.8,3.3-62.8-12.3-75.8-22.1C806,49.6,745.3,8.7,694.9,4.7S492.4,59,473,67.3z\"\/>\n\t<path class=\"elementor-shape-fill\" opacity=\"0.66\" d=\"M734,67.3c-45.5,0-77.2-23.2-129.1-39.1c-28.6-8.7-150.3-10.1-254,39.1 s-91.7-34.4-149.2,0C115.7,118.3,0,39.8,0,39.8V0h1000v36.5c0,0-28.2-18.5-92.1-18.5C810.2,18.1,775.7,67.3,734,67.3z\"\/>\n\t<path class=\"elementor-shape-fill\" d=\"M766.1,28.9c-200-57.5-266,65.5-395.1,19.5C242,1.8,242,5.4,184.8,20.6C128,35.8,132.3,44.9,89.9,52.5C28.6,63.7,0,0,0,0 h1000c0,0-9.9,40.9-83.6,48.1S829.6,47,766.1,28.9z\"\/>\n<\/svg>\t\t<\/div>\n\t\t\t\t<div class=\"elementor-element elementor-element-3bdf6949 elementor-widget__width-initial elementor-widget elementor-widget-image\" data-id=\"3bdf6949\" data-element_type=\"widget\" data-widget_type=\"image.default\">\n\t\t\t\t<div class=\"elementor-widget-container\">\n\t\t\t\t\t\t\t\t\t\t\t\t\t\t\t<img fetchpriority=\"high\" decoding=\"async\" width=\"300\" height=\"180\" src=\"https:\/\/www.hedera-etc.com\/wp-content\/uploads\/2024\/11\/vecteezy_simplicity-ivy-freehand-drawing_13643730_206-300x180.webp\" class=\"attachment-medium size-medium wp-image-10573\" alt=\"\" srcset=\"https:\/\/www.hedera-etc.com\/wp-content\/uploads\/2024\/11\/vecteezy_simplicity-ivy-freehand-drawing_13643730_206-300x180.webp 300w, https:\/\/www.hedera-etc.com\/wp-content\/uploads\/2024\/11\/vecteezy_simplicity-ivy-freehand-drawing_13643730_206-900x540.webp 900w, https:\/\/www.hedera-etc.com\/wp-content\/uploads\/2024\/11\/vecteezy_simplicity-ivy-freehand-drawing_13643730_206-1024x614.webp 1024w, https:\/\/www.hedera-etc.com\/wp-content\/uploads\/2024\/11\/vecteezy_simplicity-ivy-freehand-drawing_13643730_206-768x461.webp 768w, https:\/\/www.hedera-etc.com\/wp-content\/uploads\/2024\/11\/vecteezy_simplicity-ivy-freehand-drawing_13643730_206-1536x921.webp 1536w, https:\/\/www.hedera-etc.com\/wp-content\/uploads\/2024\/11\/vecteezy_simplicity-ivy-freehand-drawing_13643730_206.webp 1920w, https:\/\/www.hedera-etc.com\/wp-content\/uploads\/2024\/11\/vecteezy_simplicity-ivy-freehand-drawing_13643730_206-1320x791.webp 1320w\" sizes=\"(max-width: 300px) 100vw, 300px\" \/>\t\t\t\t\t\t\t\t\t\t\t\t\t\t\t<\/div>\n\t\t\t\t<\/div>\n\t\t\t\t<div class=\"elementor-element elementor-element-71b5a311 elementor-widget elementor-widget-heading\" data-id=\"71b5a311\" data-element_type=\"widget\" data-widget_type=\"heading.default\">\n\t\t\t\t<div class=\"elementor-widget-container\">\n\t\t\t\t\t<h2 class=\"elementor-heading-title elementor-size-default\">Eine Seite aus meiner kleinen Enzyklop\u00e4die des Efeus<\/h2>\t\t\t\t<\/div>\n\t\t\t\t<\/div>\n\t\t\t\t\t<\/div>\n\t\t\t\t<\/div>\n\t\t\t\t<div class=\"elementor-element elementor-element-36e3fc0 elementor-widget elementor-widget-menu-anchor\" data-id=\"36e3fc0\" data-element_type=\"widget\" data-widget_type=\"menu-anchor.default\">\n\t\t\t\t<div class=\"elementor-widget-container\">\n\t\t\t\t\t\t\t<div class=\"elementor-menu-anchor\" id=\"anthracnose\"><\/div>\n\t\t\t\t\t\t<\/div>\n\t\t\t\t<\/div>\n\t\t\t\t<div class=\"elementor-element elementor-element-b05bf26 elementor-widget elementor-widget-global elementor-global-8731 elementor-widget-text-editor\" data-id=\"b05bf26\" data-element_type=\"widget\" data-widget_type=\"text-editor.default\">\n\t\t\t\t<div class=\"elementor-widget-container\">\n\t\t\t\t\t\t\t\t\t<h3><span style=\"color: #008000;\">Alles \u00fcber die Gesundheit meiner Efeupflanzen<\/span><\/h3><h2><span style=\"color: #008000;\">Anthracnose des Efeus<\/span><\/h2><p>Efeu wird so gut wie nie krank, vor allem, wenn er im Freien und an vertikalen St\u00fctzen kultiviert wird. In Innenr\u00e4umen oder als Bodendecker k\u00f6nnen aufgrund der Feuchtigkeit manchmal Krankheiten auftreten, wie z. B. die Efeu-Anthracnose.<\/p><p><strong>Ursachen<\/strong> :<\/p><p>Diese Krankheit wird durch einen Pilz (<em>Colletotrichum trichellum<\/em>), der sich unter zu feuchten Anbaubedingungen entwickelt. Er tritt besonders im Herbst an jungen Trieben auf.<\/p><p><strong>Symptome<\/strong> :<\/p><p>Die Symptome \u00e4u\u00dfern sich in braunen Flecken mit einem Durchmesser von 1 cm. Diese vergr\u00f6\u00dfern sich nach und nach und das gesamte Blatt wird zerst\u00f6rt.<\/p><p><b>Behandlung <\/b>:<\/p><p>Vorbeugend sollten Sie es vermeiden, die Bl\u00e4tter zu befeuchten. Schneiden Sie infizierte Teile zur\u00fcck und entfernen Sie sie, verbessern Sie die Luftzirkulation um die Pflanzen und wenden Sie ggf. spezielle Fungizide an.<\/p><p><img decoding=\"async\" class=\"size-medium wp-image-8730 aligncenter\" src=\"https:\/\/www.hedera-etc.com\/wp-content\/uploads\/2024\/08\/Anthracnose-235x300.jpg\" alt=\"Anthracnose des Efeus\" width=\"235\" height=\"300\" \/><\/p>\t\t\t\t\t\t\t\t<\/div>\n\t\t\t\t<\/div>\n\t\t\t\t<div class=\"elementor-element elementor-element-49b1d1c6 elementor-widget elementor-widget-image\" data-id=\"49b1d1c6\" data-element_type=\"widget\" data-widget_type=\"image.default\">\n\t\t\t\t<div class=\"elementor-widget-container\">\n\t\t\t\t\t\t\t\t\t\t\t\t\t\t\t<img decoding=\"async\" width=\"1024\" height=\"146\" src=\"https:\/\/www.hedera-etc.com\/wp-content\/uploads\/2023\/10\/guirlande-1024x146.webp\" class=\"attachment-large size-large wp-image-116\" alt=\"La boutique du lierre - Efeu-Girlande\" srcset=\"https:\/\/www.hedera-etc.com\/wp-content\/uploads\/2023\/10\/guirlande-1024x146.webp 1024w, https:\/\/www.hedera-etc.com\/wp-content\/uploads\/2023\/10\/guirlande-900x129.webp 900w, https:\/\/www.hedera-etc.com\/wp-content\/uploads\/2023\/10\/guirlande-300x43.webp 300w, https:\/\/www.hedera-etc.com\/wp-content\/uploads\/2023\/10\/guirlande-768x110.webp 768w, https:\/\/www.hedera-etc.com\/wp-content\/uploads\/2023\/10\/guirlande.webp 1126w\" sizes=\"(max-width: 1024px) 100vw, 1024px\" \/>\t\t\t\t\t\t\t\t\t\t\t\t\t\t\t<\/div>\n\t\t\t\t<\/div>\n\t\t\t\t<div class=\"elementor-element elementor-element-2c38c6fa elementor-widget elementor-widget-text-editor\" data-id=\"2c38c6fa\" data-element_type=\"widget\" data-widget_type=\"text-editor.default\">\n\t\t\t\t<div class=\"elementor-widget-container\">\n\t\t\t\t\t\t\t\t\t<h3 style=\"text-align: center;\"><span style=\"color: #008000;\">Efeu in der Literatur<\/span><\/h3><blockquote><p style=\"text-align: center;\"><span style=\"color: #993366;\">\u201cIm Helldunkel der Abendd\u00e4mmerung sah der Efeu an der Wand fast schwarz aus.\u00bb<\/span><\/p><\/blockquote><h5 style=\"text-align: right;\">Truman Capote, \u00abFr\u00fchst\u00fcck bei Tiffany\u00bb.\u00bb<\/h5>\t\t\t\t\t\t\t\t<\/div>\n\t\t\t\t<\/div>\n\t\t\t\t\t<\/div>\n\t\t\t\t<\/div>\n\t\t\t\t<\/div>","protected":false},"excerpt":{"rendered":"<p>Kleine, panaschierte Bl\u00e4tter mit dreieckigem Aussehen. Dunkelgr\u00fcne Blattspreite, die an den neuen Bl\u00e4ttern wei\u00df oder cremefarben besprenkelt ist. Die Panaschierung ist st\u00e4rker ausgepr\u00e4gt, wenn dieser Efeu auf armen B\u00f6den und in der Sonne w\u00e4chst.<\/p>\n<p>St\u00e4ngel rosa-rot. Zwischen den Internodien ziemlich lang. Pflanze gut verzweigt.<\/p>\n<p>Efeu, der wegen seiner langen, \u00fcberh\u00e4ngenden St\u00e4ngel interessant f\u00fcr T\u00f6pfe oder Ampeln ist.<\/p>","protected":false},"featured_media":1791,"comment_status":"open","ping_status":"closed","template":"","meta":{"_acf_changed":false,"ocean_post_layout":"","ocean_both_sidebars_style":"","ocean_both_sidebars_content_width":0,"ocean_both_sidebars_sidebars_width":0,"ocean_sidebar":"0","ocean_second_sidebar":"0","ocean_disable_margins":"enable","ocean_add_body_class":"","ocean_shortcode_before_top_bar":"","ocean_shortcode_after_top_bar":"","ocean_shortcode_before_header":"","ocean_shortcode_after_header":"","ocean_has_shortcode":"","ocean_shortcode_after_title":"","ocean_shortcode_before_footer_widgets":"","ocean_shortcode_after_footer_widgets":"","ocean_shortcode_before_footer_bottom":"","ocean_shortcode_after_footer_bottom":"","ocean_display_top_bar":"default","ocean_display_header":"default","ocean_header_style":"","ocean_center_header_left_menu":"0","ocean_custom_header_template":"0","ocean_custom_logo":0,"ocean_custom_retina_logo":0,"ocean_custom_logo_max_width":0,"ocean_custom_logo_tablet_max_width":0,"ocean_custom_logo_mobile_max_width":0,"ocean_custom_logo_max_height":0,"ocean_custom_logo_tablet_max_height":0,"ocean_custom_logo_mobile_max_height":0,"ocean_header_custom_menu":"0","ocean_menu_typo_font_family":"0","ocean_menu_typo_font_subset":"","ocean_menu_typo_font_size":0,"ocean_menu_typo_font_size_tablet":0,"ocean_menu_typo_font_size_mobile":0,"ocean_menu_typo_font_size_unit":"px","ocean_menu_typo_font_weight":"","ocean_menu_typo_font_weight_tablet":"","ocean_menu_typo_font_weight_mobile":"","ocean_menu_typo_transform":"","ocean_menu_typo_transform_tablet":"","ocean_menu_typo_transform_mobile":"","ocean_menu_typo_line_height":0,"ocean_menu_typo_line_height_tablet":0,"ocean_menu_typo_line_height_mobile":0,"ocean_menu_typo_line_height_unit":"","ocean_menu_typo_spacing":0,"ocean_menu_typo_spacing_tablet":0,"ocean_menu_typo_spacing_mobile":0,"ocean_menu_typo_spacing_unit":"","ocean_menu_link_color":"","ocean_menu_link_color_hover":"","ocean_menu_link_color_active":"","ocean_menu_link_background":"","ocean_menu_link_hover_background":"","ocean_menu_link_active_background":"","ocean_menu_social_links_bg":"","ocean_menu_social_hover_links_bg":"","ocean_menu_social_links_color":"","ocean_menu_social_hover_links_color":"","ocean_disable_title":"default","ocean_disable_heading":"default","ocean_post_title":"","ocean_post_subheading":"","ocean_post_title_style":"","ocean_post_title_background_color":"","ocean_post_title_background":0,"ocean_post_title_bg_image_position":"","ocean_post_title_bg_image_attachment":"","ocean_post_title_bg_image_repeat":"","ocean_post_title_bg_image_size":"","ocean_post_title_height":0,"ocean_post_title_bg_overlay":0.5,"ocean_post_title_bg_overlay_color":"","ocean_disable_breadcrumbs":"default","ocean_breadcrumbs_color":"","ocean_breadcrumbs_separator_color":"","ocean_breadcrumbs_links_color":"","ocean_breadcrumbs_links_hover_color":"","ocean_display_footer_widgets":"default","ocean_display_footer_bottom":"default","ocean_custom_footer_template":"0"},"product_brand":[],"product_cat":[134],"product_tag":[],"class_list":{"0":"post-1790","1":"product","2":"type-product","3":"status-publish","4":"has-post-thumbnail","6":"product_cat-lierre","8":"entry","9":"has-media","11":"first","12":"instock","13":"purchasable","14":"product-type-variable","15":"has-default-attributes","16":"has-product-nav","17":"col","18":"span_1_of_4","19":"owp-content-center","20":"item-entry","21":"owp-thumbs-layout-horizontal","22":"owp-btn-normal","23":"owp-tabs-layout-section"},"acf":[],"jetpack_sharing_enabled":true,"_links":{"self":[{"href":"https:\/\/www.hedera-etc.com\/de\/wp-json\/wp\/v2\/product\/1790","targetHints":{"allow":["GET"]}}],"collection":[{"href":"https:\/\/www.hedera-etc.com\/de\/wp-json\/wp\/v2\/product"}],"about":[{"href":"https:\/\/www.hedera-etc.com\/de\/wp-json\/wp\/v2\/types\/product"}],"replies":[{"embeddable":true,"href":"https:\/\/www.hedera-etc.com\/de\/wp-json\/wp\/v2\/comments?post=1790"}],"version-history":[{"count":4,"href":"https:\/\/www.hedera-etc.com\/de\/wp-json\/wp\/v2\/product\/1790\/revisions"}],"predecessor-version":[{"id":16458,"href":"https:\/\/www.hedera-etc.com\/de\/wp-json\/wp\/v2\/product\/1790\/revisions\/16458"}],"wp:featuredmedia":[{"embeddable":true,"href":"https:\/\/www.hedera-etc.com\/de\/wp-json\/wp\/v2\/media\/1791"}],"wp:attachment":[{"href":"https:\/\/www.hedera-etc.com\/de\/wp-json\/wp\/v2\/media?parent=1790"}],"wp:term":[{"taxonomy":"product_brand","embeddable":true,"href":"https:\/\/www.hedera-etc.com\/de\/wp-json\/wp\/v2\/product_brand?post=1790"},{"taxonomy":"product_cat","embeddable":true,"href":"https:\/\/www.hedera-etc.com\/de\/wp-json\/wp\/v2\/product_cat?post=1790"},{"taxonomy":"product_tag","embeddable":true,"href":"https:\/\/www.hedera-etc.com\/de\/wp-json\/wp\/v2\/product_tag?post=1790"}],"curies":[{"name":"wp","href":"https:\/\/api.w.org\/{rel}","templated":true}]}}