{"id":1896,"date":"2023-11-10T19:51:24","date_gmt":"2023-11-10T18:51:24","guid":{"rendered":"https:\/\/www.hedera-etc.com\/?post_type=product&#038;p=1896"},"modified":"2026-04-29T07:09:29","modified_gmt":"2026-04-29T05:09:29","slug":"hedera-pastuchovii-ann-ala","status":"publish","type":"product","link":"https:\/\/www.hedera-etc.com\/de\/product\/hedera-pastuchovii-ann-ala\/","title":{"rendered":"<em>Hedera pastuchovii<\/em> &lsquo;Ann Ala&rsquo; &#8211; Iranischer Efeu"},"content":{"rendered":"\t\t<div data-elementor-type=\"product-post\" data-elementor-id=\"1896\" class=\"elementor elementor-1896\" data-elementor-post-type=\"product\">\n\t\t\t\t<div class=\"elementor-element elementor-element-62ebc7c0 e-con-full e-flex e-con e-child\" data-id=\"62ebc7c0\" data-element_type=\"container\">\n\t\t\t\t<div class=\"elementor-element elementor-element-98151a7 elementor-widget elementor-widget-text-editor\" data-id=\"98151a7\" data-element_type=\"widget\" data-widget_type=\"text-editor.default\">\n\t\t\t\t<div class=\"elementor-widget-container\">\n\t\t\t\t\t\t\t\t\t<h2 style=\"font-variant-ligatures: normal; font-variant-caps: normal; font-family: Spectral, sans-serif; font-style: normal;\"><span style=\"font-size: 30px; color: #f0ffed;\">Le lierre d&rsquo;Iran\u00a0 &#8211; Hedera pastuchovii &lsquo;Ann Ala&rsquo;<\/span><\/h2>\t\t\t\t\t\t\t\t<\/div>\n\t\t\t\t<\/div>\n\t\t\t\t<\/div>\n\t\t<div class=\"elementor-element elementor-element-3de3f0c e-flex e-con-boxed e-con e-parent\" data-id=\"3de3f0c\" data-element_type=\"container\">\n\t\t\t\t\t<div class=\"e-con-inner\">\n\t\t<div class=\"elementor-element elementor-element-3277f7b5 e-flex e-con-boxed e-con e-child\" data-id=\"3277f7b5\" data-element_type=\"container\">\n\t\t\t\t\t<div class=\"e-con-inner\">\n\t\t\t\t<div class=\"elementor-element elementor-element-291cc2dd elementor-widget elementor-widget-heading\" data-id=\"291cc2dd\" data-element_type=\"widget\" data-widget_type=\"heading.default\">\n\t\t\t\t<div class=\"elementor-widget-container\">\n\t\t\t\t\t<h2 class=\"elementor-heading-title elementor-size-default\">En r\u00e9sum\u00e9<\/h2>\t\t\t\t<\/div>\n\t\t\t\t<\/div>\n\t\t\t\t<div class=\"elementor-element elementor-element-17b03da7 elementor-widget elementor-widget-text-editor\" data-id=\"17b03da7\" data-element_type=\"widget\" data-widget_type=\"text-editor.default\">\n\t\t\t\t<div class=\"elementor-widget-container\">\n\t\t\t\t\t\t\t\t\t<p>Le lierre d&rsquo;Iran, <strong><em>Hedera pastuchovii<\/em> &lsquo;Ann Ala&rsquo;<\/strong>, est une plante grimpante peu branchue et peu ramifi\u00e9e.<\/p><p>Le feuillage caract\u00e9ristique est vein\u00e9, vert gris et luisant et prend de belles couleurs pourpres en hiver. La feuille dot\u00e9e d\u2019un lobe central d\u00e9mesur\u00e9 mesure 9 cm x 4 cm au stade adulte.<\/p><p>Tol\u00e9rante au sec, cette esp\u00e8ce pr\u00e9f\u00e8rera les zones ombr\u00e9es pour bien se d\u00e9velopper.<\/p><p><span style=\"color: #ff0000;\"><b>Cette vari\u00e9t\u00e9 de lierre fut r\u00e9compens\u00e9e par le Prix du M\u00e9rite du Jardin par la Royal Horticultural Society en 2012.<\/b><\/span><\/p>\t\t\t\t\t\t\t\t<\/div>\n\t\t\t\t<\/div>\n\t\t\t\t<div class=\"elementor-element elementor-element-6e2d1fc elementor-widget elementor-widget-heading\" data-id=\"6e2d1fc\" data-element_type=\"widget\" data-widget_type=\"heading.default\">\n\t\t\t\t<div class=\"elementor-widget-container\">\n\t\t\t\t\t<h2 class=\"elementor-heading-title elementor-size-default\">Historique<\/h2>\t\t\t\t<\/div>\n\t\t\t\t<\/div>\n\t\t\t\t<div class=\"elementor-element elementor-element-79d17ae elementor-widget elementor-widget-text-editor\" data-id=\"79d17ae\" data-element_type=\"widget\" data-widget_type=\"text-editor.default\">\n\t\t\t\t<div class=\"elementor-widget-container\">\n\t\t\t\t\t\t\t\t\t<p>Originaire du nord de l\u2019Iran dans une for\u00eat pr\u00e8s de Chalus. Ce cultivar est apparu la premi\u00e8re fois en 2003 dans le catalogue de la p\u00e9pini\u00e8re Fibrex, Royaume-Uni.<\/p>\t\t\t\t\t\t\t\t<\/div>\n\t\t\t\t<\/div>\n\t\t\t\t<div class=\"elementor-element elementor-element-602dff58 elementor-widget elementor-widget-heading\" data-id=\"602dff58\" data-element_type=\"widget\" data-widget_type=\"heading.default\">\n\t\t\t\t<div class=\"elementor-widget-container\">\n\t\t\t\t\t<h2 class=\"elementor-heading-title elementor-size-default\">Fiche technique - Lierre d'Iran 'Ann Ala'<\/h2>\t\t\t\t<\/div>\n\t\t\t\t<\/div>\n\t\t\t\t<div class=\"elementor-element elementor-element-6233fe5a elementor-widget elementor-widget-text-editor\" data-id=\"6233fe5a\" data-element_type=\"widget\" data-widget_type=\"text-editor.default\">\n\t\t\t\t<div class=\"elementor-widget-container\">\n\t\t\t\t\t\t\t\t\t<h3>Informations botaniques<\/h3>\n<ul>\n<li>Famille : Araliac\u00e9es<\/li>\n<li>Genre : <em><strong>Hedera<\/strong><\/em><\/li>\n<li>Esp\u00e8ce : <em>pastuchovii<\/em><\/li>\n<li>Cultivar : &lsquo;Ann Ala&rsquo;<\/li>\n<li>Classification Pierot : lierre \u00e0 feuilles en pattes d&rsquo;oiseau, feuille en forme de coeur<\/li>\n<li>Stade feuillage : juv\u00e9nile<\/li>\n<li>Origine&nbsp; de l&rsquo;esp\u00e8ce : Caucase, Ouest de l&rsquo;Asie<\/li>\n<li>Origine du cultivar : trouv\u00e9e par Roy Lancaster dans les ann\u00e9es 1970 dans une for\u00eat pr\u00e8s de Chalus, Iran. Nomm\u00e9e en l&rsquo;honneur d&rsquo;une de ses amies d\u00e9c\u00e9d\u00e9e Ann Ala<\/li>\n<\/ul>\n<h3>&nbsp;<\/h3>\n<h3>Description de Hedera pastuchovii &lsquo;Ann Ala&rsquo;<\/h3>\n<ul>\n<li>Port : \u00e9tal\u00e9, \u00e9tendu<\/li>\n<li>Nombre de lobes : 0 \u00e0 3 lobes en g\u00e9n\u00e9ral<\/li>\n<li>Longueur de la feuille : 6.5 cm<\/li>\n<li>Largeur de la feuille : 4 cm<\/li>\n<li>Couleur de la feuille : vert gris, brillant<\/li>\n<li>Couleur des nervures : vert jaune<\/li>\n<li>Couleur tige et p\u00e9tiole : vert rouge\u00e2tre<\/li>\n<li>Poils : \u00e9cailleux, compos\u00e9s de 8 \u00e0 12 ramifications<\/li>\n<\/ul>\n<h3>&nbsp;<\/h3>\n<h3>Conseils plantation, culture et entretien de Hedera pastuchovii &lsquo;Ann Ala&rsquo;<\/h3>\n<ul>\n<li>Exposition : ombre, mi-ombre<\/li>\n<li>Rusticit\u00e9 : -15\u00b0C<\/li>\n<li>Humidit\u00e9 du sol : sol frais, mais tol\u00e9rante au sec<\/li>\n<li>PH du sol : tous<\/li>\n<li>Type de sol : tous<\/li>\n<li>Richesse du sol : ordinaire ou humif\u00e8re<\/li>\n<li>Utilisation : grimpant, suspension, pot\u00e9es, jardini\u00e8res, plante d&rsquo;appartement<\/li>\n<li>D\u00e9veloppement : rapide<\/li>\n<li>Taille : une fois par an<\/li>\n<li>Ravageurs : tr\u00e8s rares (araign\u00e9es rouges, cochenilles)<\/li>\n<li>Maladies : tr\u00e8s rares (taches sur les feuilles)<\/li>\n<\/ul>\t\t\t\t\t\t\t\t<\/div>\n\t\t\t\t<\/div>\n\t\t\t\t\t<\/div>\n\t\t\t\t<\/div>\n\t\t\t\t\t<\/div>\n\t\t\t\t<\/div>\n\t\t<div class=\"elementor-element elementor-element-3c74deee e-flex e-con-boxed e-con e-parent\" data-id=\"3c74deee\" data-element_type=\"container\">\n\t\t\t\t\t<div class=\"e-con-inner\">\n\t\t<div class=\"elementor-element elementor-element-4f6fa250 e-flex e-con-boxed e-con e-child\" data-id=\"4f6fa250\" data-element_type=\"container\" data-settings=\"{&quot;background_background&quot;:&quot;classic&quot;,&quot;shape_divider_top&quot;:&quot;mountains&quot;}\">\n\t\t\t\t\t<div class=\"e-con-inner\">\n\t\t\t\t<div class=\"elementor-shape elementor-shape-top\" data-negative=\"false\">\n\t\t\t<svg xmlns=\"http:\/\/www.w3.org\/2000\/svg\" viewBox=\"0 0 1000 100\" preserveAspectRatio=\"none\">\n\t<path class=\"elementor-shape-fill\" opacity=\"0.33\" d=\"M473,67.3c-203.9,88.3-263.1-34-320.3,0C66,119.1,0,59.7,0,59.7V0h1000v59.7 c0,0-62.1,26.1-94.9,29.3c-32.8,3.3-62.8-12.3-75.8-22.1C806,49.6,745.3,8.7,694.9,4.7S492.4,59,473,67.3z\"\/>\n\t<path class=\"elementor-shape-fill\" opacity=\"0.66\" d=\"M734,67.3c-45.5,0-77.2-23.2-129.1-39.1c-28.6-8.7-150.3-10.1-254,39.1 s-91.7-34.4-149.2,0C115.7,118.3,0,39.8,0,39.8V0h1000v36.5c0,0-28.2-18.5-92.1-18.5C810.2,18.1,775.7,67.3,734,67.3z\"\/>\n\t<path class=\"elementor-shape-fill\" d=\"M766.1,28.9c-200-57.5-266,65.5-395.1,19.5C242,1.8,242,5.4,184.8,20.6C128,35.8,132.3,44.9,89.9,52.5C28.6,63.7,0,0,0,0 h1000c0,0-9.9,40.9-83.6,48.1S829.6,47,766.1,28.9z\"\/>\n<\/svg>\t\t<\/div>\n\t\t\t\t<div class=\"elementor-element elementor-element-10159e79 elementor-widget__width-initial elementor-widget elementor-widget-image\" data-id=\"10159e79\" data-element_type=\"widget\" data-widget_type=\"image.default\">\n\t\t\t\t<div class=\"elementor-widget-container\">\n\t\t\t\t\t\t\t\t\t\t\t\t\t\t\t<img fetchpriority=\"high\" decoding=\"async\" width=\"300\" height=\"180\" src=\"https:\/\/www.hedera-etc.com\/wp-content\/uploads\/2024\/11\/vecteezy_simplicity-ivy-freehand-drawing_13643730_206-300x180.webp\" class=\"attachment-medium size-medium wp-image-10573\" alt=\"\" srcset=\"https:\/\/www.hedera-etc.com\/wp-content\/uploads\/2024\/11\/vecteezy_simplicity-ivy-freehand-drawing_13643730_206-300x180.webp 300w, https:\/\/www.hedera-etc.com\/wp-content\/uploads\/2024\/11\/vecteezy_simplicity-ivy-freehand-drawing_13643730_206-900x540.webp 900w, https:\/\/www.hedera-etc.com\/wp-content\/uploads\/2024\/11\/vecteezy_simplicity-ivy-freehand-drawing_13643730_206-1024x614.webp 1024w, https:\/\/www.hedera-etc.com\/wp-content\/uploads\/2024\/11\/vecteezy_simplicity-ivy-freehand-drawing_13643730_206-768x461.webp 768w, https:\/\/www.hedera-etc.com\/wp-content\/uploads\/2024\/11\/vecteezy_simplicity-ivy-freehand-drawing_13643730_206-1536x921.webp 1536w, https:\/\/www.hedera-etc.com\/wp-content\/uploads\/2024\/11\/vecteezy_simplicity-ivy-freehand-drawing_13643730_206.webp 1920w, https:\/\/www.hedera-etc.com\/wp-content\/uploads\/2024\/11\/vecteezy_simplicity-ivy-freehand-drawing_13643730_206-1320x791.webp 1320w\" sizes=\"(max-width: 300px) 100vw, 300px\" \/>\t\t\t\t\t\t\t\t\t\t\t\t\t\t\t<\/div>\n\t\t\t\t<\/div>\n\t\t\t\t<div class=\"elementor-element elementor-element-63ffaeb0 elementor-widget elementor-widget-heading\" data-id=\"63ffaeb0\" data-element_type=\"widget\" data-widget_type=\"heading.default\">\n\t\t\t\t<div class=\"elementor-widget-container\">\n\t\t\t\t\t<h2 class=\"elementor-heading-title elementor-size-default\">Une page de ma petite encyclop\u00e9die du lierre<\/h2>\t\t\t\t<\/div>\n\t\t\t\t<\/div>\n\t\t\t\t\t<\/div>\n\t\t\t\t<\/div>\n\t\t\t\t<div class=\"elementor-element elementor-element-200527b elementor-widget elementor-widget-menu-anchor\" data-id=\"200527b\" data-element_type=\"widget\" data-widget_type=\"menu-anchor.default\">\n\t\t\t\t<div class=\"elementor-widget-container\">\n\t\t\t\t\t\t\t<div class=\"elementor-menu-anchor\" id=\"substrat\"><\/div>\n\t\t\t\t\t\t<\/div>\n\t\t\t\t<\/div>\n\t\t\t\t<div class=\"elementor-element elementor-element-83ad0f1 elementor-widget elementor-widget-global elementor-global-8457 elementor-widget-text-editor\" data-id=\"83ad0f1\" data-element_type=\"widget\" data-widget_type=\"text-editor.default\">\n\t\t\t\t<div class=\"elementor-widget-container\">\n\t\t\t\t\t\t\t\t\t<p><span style=\"color: #008000;\">Toutes vos questions sur le lierre<\/span><\/p><h2><span style=\"color: #008000;\">Quel substrat pour le lierre ?<\/span><\/h2><div class=\"flex flex-grow flex-col max-w-full\"><div class=\"min-h-[20px] text-message flex w-full flex-col items-end gap-2 whitespace-pre-wrap break-words [.text-message+&amp;]:mt-5 overflow-x-auto\" dir=\"auto\" data-message-author-role=\"assistant\" data-message-id=\"a9ce9341-c84b-452d-83b3-388a470f9577\"><div class=\"flex w-full flex-col gap-1 empty:hidden first:pt-[3px]\"><div class=\"markdown prose w-full break-words dark:prose-invert dark\"><p>Tout d&rsquo;abord, soyez rassur\u00e9 : le lierre est une plante qui s&rsquo;accommode d&rsquo;une grande diversit\u00e9 de substrat.\u00a0<\/p><p>Si vous souhaitez lui cr\u00e9er les conditions id\u00e9ales de croissance, voici les caract\u00e9ristiques de substrat \u00e0 choisir pour le lierre :<\/p><ul><li><strong>un substrat draina<\/strong>nt : Le lierre pr\u00e9f\u00e8re un sol bien drain\u00e9. Les sols lourds et argileux qui retiennent trop d&rsquo;eau peuvent causer des probl\u00e8mes de pourriture des racines. Il est donc recommand\u00e9 d&rsquo;ajouter du sable ou du gravier pour am\u00e9liorer le drainage si le sol est trop compact.<\/li><li><strong>un substrat riche<\/strong> : Un sol riche en mati\u00e8re organique est b\u00e9n\u00e9fique pour le lierre. L&rsquo;ajout de compost ou de terreau peut am\u00e9liorer la fertilit\u00e9 du sol, fournissant les nutriments n\u00e9cessaires pour une croissance saine.<\/li><li><strong>un substrat frais<\/strong> : Le lierre aime les sols l\u00e9g\u00e8rement humides mais pas d\u00e9tremp\u00e9s. Il est important de garder le sol humide, surtout pendant la p\u00e9riode de croissance active, mais il est \u00e9galement essentiel d&rsquo;\u00e9viter les exc\u00e8s d&rsquo;eau.<\/li><\/ul><p>Pour la culture en pot, un terreau de bonne qualit\u00e9, additionn\u00e9 de perlite ou de sable pour le drainage et de compost pour la fertilit\u00e9 sera parfait.<\/p><\/div><\/div><\/div><\/div>\t\t\t\t\t\t\t\t<\/div>\n\t\t\t\t<\/div>\n\t\t\t\t<div class=\"elementor-element elementor-element-460f7b5e elementor-widget elementor-widget-image\" data-id=\"460f7b5e\" data-element_type=\"widget\" data-widget_type=\"image.default\">\n\t\t\t\t<div class=\"elementor-widget-container\">\n\t\t\t\t\t\t\t\t\t\t\t\t\t\t\t<img decoding=\"async\" width=\"1024\" height=\"146\" src=\"https:\/\/www.hedera-etc.com\/wp-content\/uploads\/2023\/10\/guirlande-1024x146.webp\" class=\"attachment-large size-large wp-image-116\" alt=\"La boutique du lierre - guirlande de lierre\" srcset=\"https:\/\/www.hedera-etc.com\/wp-content\/uploads\/2023\/10\/guirlande-1024x146.webp 1024w, https:\/\/www.hedera-etc.com\/wp-content\/uploads\/2023\/10\/guirlande-900x129.webp 900w, https:\/\/www.hedera-etc.com\/wp-content\/uploads\/2023\/10\/guirlande-300x43.webp 300w, https:\/\/www.hedera-etc.com\/wp-content\/uploads\/2023\/10\/guirlande-768x110.webp 768w, https:\/\/www.hedera-etc.com\/wp-content\/uploads\/2023\/10\/guirlande.webp 1126w\" sizes=\"(max-width: 1024px) 100vw, 1024px\" \/>\t\t\t\t\t\t\t\t\t\t\t\t\t\t\t<\/div>\n\t\t\t\t<\/div>\n\t\t\t\t<div class=\"elementor-element elementor-element-5675265a elementor-widget elementor-widget-text-editor\" data-id=\"5675265a\" data-element_type=\"widget\" data-widget_type=\"text-editor.default\">\n\t\t\t\t<div class=\"elementor-widget-container\">\n\t\t\t\t\t\t\t\t\t<h3 style=\"text-align: center;\"><span style=\"color: #008000;\">Le lierre dans la litt\u00e9rature<\/span><\/h3><blockquote><p style=\"text-align: center;\"><span style=\"color: #993366;\">\u201cLe lierre, comme une m\u00e9moire vivante, s\u2019accrochait aux vestiges du pass\u00e9.<\/span><span style=\"color: #993366;\">\u201d<\/span><\/p><\/blockquote><h5 style=\"text-align: right;\"><strong>Herman Melville<\/strong>, <em>Les Contes de la v\u00e9randa<\/em><\/h5>\t\t\t\t\t\t\t\t<\/div>\n\t\t\t\t<\/div>\n\t\t\t\t\t<\/div>\n\t\t\t\t<\/div>\n\t\t\t\t<\/div>\n\t\t","protected":false},"excerpt":{"rendered":"<p>Kletterpflanze mit wenig \u00c4sten und Verzweigungen.<\/p>\n<p>Ge\u00e4dertes, graugr\u00fcnes, gl\u00e4nzendes Laub, das im Winter eine sch\u00f6ne purpurne Farbe annimmt.<\/p>\n<p>Tolerant gegen\u00fcber Trockenheit. Bevorzugt schattige Bereiche, um gut zu gedeihen.<\/p>\n<p><span style=\"color: #ff0000;\"><b>Diese Efeusorte wurde 2012 von der Royal Horticultural Society mit dem Garden Merit Award ausgezeichnet.<\/b><\/span><\/p>","protected":false},"featured_media":1897,"comment_status":"open","ping_status":"closed","template":"","meta":{"_acf_changed":false,"ocean_post_layout":"","ocean_both_sidebars_style":"","ocean_both_sidebars_content_width":0,"ocean_both_sidebars_sidebars_width":0,"ocean_sidebar":"0","ocean_second_sidebar":"0","ocean_disable_margins":"enable","ocean_add_body_class":"","ocean_shortcode_before_top_bar":"","ocean_shortcode_after_top_bar":"","ocean_shortcode_before_header":"","ocean_shortcode_after_header":"","ocean_has_shortcode":"","ocean_shortcode_after_title":"","ocean_shortcode_before_footer_widgets":"","ocean_shortcode_after_footer_widgets":"","ocean_shortcode_before_footer_bottom":"","ocean_shortcode_after_footer_bottom":"","ocean_display_top_bar":"default","ocean_display_header":"default","ocean_header_style":"","ocean_center_header_left_menu":"0","ocean_custom_header_template":"0","ocean_custom_logo":0,"ocean_custom_retina_logo":0,"ocean_custom_logo_max_width":0,"ocean_custom_logo_tablet_max_width":0,"ocean_custom_logo_mobile_max_width":0,"ocean_custom_logo_max_height":0,"ocean_custom_logo_tablet_max_height":0,"ocean_custom_logo_mobile_max_height":0,"ocean_header_custom_menu":"0","ocean_menu_typo_font_family":"0","ocean_menu_typo_font_subset":"","ocean_menu_typo_font_size":0,"ocean_menu_typo_font_size_tablet":0,"ocean_menu_typo_font_size_mobile":0,"ocean_menu_typo_font_size_unit":"px","ocean_menu_typo_font_weight":"","ocean_menu_typo_font_weight_tablet":"","ocean_menu_typo_font_weight_mobile":"","ocean_menu_typo_transform":"","ocean_menu_typo_transform_tablet":"","ocean_menu_typo_transform_mobile":"","ocean_menu_typo_line_height":0,"ocean_menu_typo_line_height_tablet":0,"ocean_menu_typo_line_height_mobile":0,"ocean_menu_typo_line_height_unit":"","ocean_menu_typo_spacing":0,"ocean_menu_typo_spacing_tablet":0,"ocean_menu_typo_spacing_mobile":0,"ocean_menu_typo_spacing_unit":"","ocean_menu_link_color":"","ocean_menu_link_color_hover":"","ocean_menu_link_color_active":"","ocean_menu_link_background":"","ocean_menu_link_hover_background":"","ocean_menu_link_active_background":"","ocean_menu_social_links_bg":"","ocean_menu_social_hover_links_bg":"","ocean_menu_social_links_color":"","ocean_menu_social_hover_links_color":"","ocean_disable_title":"default","ocean_disable_heading":"default","ocean_post_title":"","ocean_post_subheading":"","ocean_post_title_style":"","ocean_post_title_background_color":"","ocean_post_title_background":0,"ocean_post_title_bg_image_position":"","ocean_post_title_bg_image_attachment":"","ocean_post_title_bg_image_repeat":"","ocean_post_title_bg_image_size":"","ocean_post_title_height":0,"ocean_post_title_bg_overlay":0.5,"ocean_post_title_bg_overlay_color":"","ocean_disable_breadcrumbs":"default","ocean_breadcrumbs_color":"","ocean_breadcrumbs_separator_color":"","ocean_breadcrumbs_links_color":"","ocean_breadcrumbs_links_hover_color":"","ocean_display_footer_widgets":"default","ocean_display_footer_bottom":"default","ocean_custom_footer_template":"0"},"product_brand":[],"product_cat":[134],"product_tag":[],"class_list":{"0":"post-1896","1":"product","2":"type-product","3":"status-publish","4":"has-post-thumbnail","6":"product_cat-lierre","8":"entry","9":"has-media","11":"first","12":"instock","13":"purchasable","14":"product-type-variable","15":"has-default-attributes","16":"has-product-nav","17":"col","18":"span_1_of_4","19":"owp-content-center","20":"item-entry","21":"owp-thumbs-layout-horizontal","22":"owp-btn-normal","23":"owp-tabs-layout-section"},"acf":[],"jetpack_sharing_enabled":true,"_links":{"self":[{"href":"https:\/\/www.hedera-etc.com\/de\/wp-json\/wp\/v2\/product\/1896","targetHints":{"allow":["GET"]}}],"collection":[{"href":"https:\/\/www.hedera-etc.com\/de\/wp-json\/wp\/v2\/product"}],"about":[{"href":"https:\/\/www.hedera-etc.com\/de\/wp-json\/wp\/v2\/types\/product"}],"replies":[{"embeddable":true,"href":"https:\/\/www.hedera-etc.com\/de\/wp-json\/wp\/v2\/comments?post=1896"}],"version-history":[{"count":3,"href":"https:\/\/www.hedera-etc.com\/de\/wp-json\/wp\/v2\/product\/1896\/revisions"}],"predecessor-version":[{"id":13795,"href":"https:\/\/www.hedera-etc.com\/de\/wp-json\/wp\/v2\/product\/1896\/revisions\/13795"}],"wp:featuredmedia":[{"embeddable":true,"href":"https:\/\/www.hedera-etc.com\/de\/wp-json\/wp\/v2\/media\/1897"}],"wp:attachment":[{"href":"https:\/\/www.hedera-etc.com\/de\/wp-json\/wp\/v2\/media?parent=1896"}],"wp:term":[{"taxonomy":"product_brand","embeddable":true,"href":"https:\/\/www.hedera-etc.com\/de\/wp-json\/wp\/v2\/product_brand?post=1896"},{"taxonomy":"product_cat","embeddable":true,"href":"https:\/\/www.hedera-etc.com\/de\/wp-json\/wp\/v2\/product_cat?post=1896"},{"taxonomy":"product_tag","embeddable":true,"href":"https:\/\/www.hedera-etc.com\/de\/wp-json\/wp\/v2\/product_tag?post=1896"}],"curies":[{"name":"wp","href":"https:\/\/api.w.org\/{rel}","templated":true}]}}