{"id":3654,"date":"2023-11-14T17:31:14","date_gmt":"2023-11-14T16:31:14","guid":{"rendered":"https:\/\/www.hedera-etc.com\/?post_type=product&#038;p=3654"},"modified":"2026-04-29T07:09:27","modified_gmt":"2026-04-29T05:09:27","slug":"hedera-hibernica-vitifolia","status":"publish","type":"product","link":"https:\/\/www.hedera-etc.com\/de\/product\/hedera-hibernica-vitifolia\/","title":{"rendered":"<em>Hedera hibernica<\/em> &lsquo;Vitifolia&rsquo; &#8211; Irisches Efeu"},"content":{"rendered":"<div data-elementor-type=\"product-post\" data-elementor-id=\"3654\" class=\"elementor elementor-3654\" data-elementor-post-type=\"product\">\n\t\t\t\t<div class=\"elementor-element elementor-element-eabb758 e-con-full e-flex e-con e-child\" data-id=\"eabb758\" data-element_type=\"container\">\n\t\t\t\t<div class=\"elementor-element elementor-element-648997bc elementor-widget elementor-widget-text-editor\" data-id=\"648997bc\" data-element_type=\"widget\" data-widget_type=\"text-editor.default\">\n\t\t\t\t<div class=\"elementor-widget-container\">\n\t\t\t\t\t\t\t\t\t<h2><span style=\"color: #f0ffed;\">Le Irisches Efeu\u00a0 &#8211; Hedera hibernica &lsquo;Vitifolia&rsquo;<\/span><\/h2>\t\t\t\t\t\t\t\t<\/div>\n\t\t\t\t<\/div>\n\t\t\t\t<\/div>\n\t\t<div class=\"elementor-element elementor-element-7043ffd5 e-flex e-con-boxed e-con e-parent\" data-id=\"7043ffd5\" data-element_type=\"container\">\n\t\t\t\t\t<div class=\"e-con-inner\">\n\t\t<div class=\"elementor-element elementor-element-448289b1 e-flex e-con-boxed e-con e-child\" data-id=\"448289b1\" data-element_type=\"container\">\n\t\t\t\t\t<div class=\"e-con-inner\">\n\t\t\t\t<div class=\"elementor-element elementor-element-8c1cb60 elementor-widget elementor-widget-heading\" data-id=\"8c1cb60\" data-element_type=\"widget\" data-widget_type=\"heading.default\">\n\t\t\t\t<div class=\"elementor-widget-container\">\n\t\t\t\t\t<h2 class=\"elementor-heading-title elementor-size-default\">Zusammenfassend<\/h2>\t\t\t\t<\/div>\n\t\t\t\t<\/div>\n\t\t\t\t<div class=\"elementor-element elementor-element-46b3d6ee elementor-widget elementor-widget-text-editor\" data-id=\"46b3d6ee\" data-element_type=\"widget\" data-widget_type=\"text-editor.default\">\n\t\t\t\t<div class=\"elementor-widget-container\">\n\t\t\t\t\t\t\t\t\t<p>Der Efeu aus Irland, <strong><em>Hedera hiberrnica<\/em> &lsquo;Vitifolia&rsquo;<\/strong>, Die Kletterpflanze ist ein ziemlich kr\u00e4ftiger, verzweigter Kletterer mit weinlaub\u00e4hnlichen Bl\u00e4ttern.<\/p><p>Die Bl\u00e4tter sind das ganze Jahr \u00fcber dunkelgr\u00fcn.<\/p><p>Im Schatten oder Halbschatten zu verwenden, da sie in sonnigen Lagen schnell Fr\u00fcchte bildet.<\/p>\t\t\t\t\t\t\t\t<\/div>\n\t\t\t\t<\/div>\n\t\t<div class=\"elementor-element elementor-element-770a447 e-flex e-con-boxed e-con e-child\" data-id=\"770a447\" data-element_type=\"container\">\n\t\t\t\t\t<div class=\"e-con-inner\">\n\t\t\t\t<div class=\"elementor-element elementor-element-07049d9 elementor-widget elementor-widget-heading\" data-id=\"07049d9\" data-element_type=\"widget\" data-widget_type=\"heading.default\">\n\t\t\t\t<div class=\"elementor-widget-container\">\n\t\t\t\t\t<h2 class=\"elementor-heading-title elementor-size-default\">Irischer Efeu<\/h2>\t\t\t\t<\/div>\n\t\t\t\t<\/div>\n\t\t\t\t<div class=\"elementor-element elementor-element-47af7b5 elementor-widget elementor-widget-text-editor\" data-id=\"47af7b5\" data-element_type=\"widget\" data-widget_type=\"text-editor.default\">\n\t\t\t\t<div class=\"elementor-widget-container\">\n\t\t\t\t\t\t\t\t\t<p>Efeu aus Irland, <em>Hedera hibernica<\/em>, Hedera helix sind Efeuarten, deren Bl\u00e4tter wesentlich gr\u00f6\u00dfer sind als die des Englischen Efeu (Hedera helix). Es sind kr\u00e4ftige Efeu mit langen Ranken, die man vor allem an der Atlantikk\u00fcste findet.\u00a0<\/p><p>Sie sind toleranter gegen\u00fcber sauren B\u00f6den als der klassische Efeu.<\/p><p>Ihre Bl\u00e4tter haben einen recht starken, fast harzigen Geruch.<\/p><p>Sie finden mehr als zwanzig <a href=\"https:\/\/www.hedera-etc.com\/de\/efeu-dirlande\/\" target=\"_blank\" rel=\"noopener\">Efeu aus Irland<\/a> in unserer Sammlung.<\/p>\t\t\t\t\t\t\t\t<\/div>\n\t\t\t\t<\/div>\n\t\t\t\t\t<\/div>\n\t\t\t\t<\/div>\n\t\t\t\t<div class=\"elementor-element elementor-element-1b1e8bb elementor-widget elementor-widget-heading\" data-id=\"1b1e8bb\" data-element_type=\"widget\" data-widget_type=\"heading.default\">\n\t\t\t\t<div class=\"elementor-widget-container\">\n\t\t\t\t\t<h2 class=\"elementor-heading-title elementor-size-default\">Technisches Datenblatt - Hedera hibernica 'Vitifolia'<\/h2>\t\t\t\t<\/div>\n\t\t\t\t<\/div>\n\t\t\t\t<div class=\"elementor-element elementor-element-2fc9fbc9 elementor-widget elementor-widget-text-editor\" data-id=\"2fc9fbc9\" data-element_type=\"widget\" data-widget_type=\"text-editor.default\">\n\t\t\t\t<div class=\"elementor-widget-container\">\n\t\t\t\t\t\t\t\t\t<h3>Botanische Informationen<\/h3>\n<ul>\n<li>Familie: Araliaceae<\/li>\n<li>Gattung : <em><strong>Hedera<\/strong><\/em><\/li>\n<li>Art : <em>hibernica<\/em><\/li>\n<li>Anbauen : &lsquo;Vitifolia&rsquo;<\/li>\n<li>Pierot-Klassifikation: Efeu-Typ<\/li>\n<li>Blattstadium: juvenil<\/li>\n<li>Herkunft der Art: Europa, an der Atlantikk\u00fcste.<\/li>\n<li>Ursprung des Kultivars: unbekannt<\/li>\n<\/ul>\n<h3>&nbsp;<\/h3>\n<h3>Beschreibung von Hedera hibernica &lsquo;Vitifolia&rsquo;<\/h3>\n<ul>\n<li>Wuchs: ausgebreitet, lianenartig<\/li>\n<li>Anzahl der Lappen: in der Regel 5 bis 7 Lappen<\/li>\n<li>L\u00e4nge des Blattes: 7 cm<\/li>\n<li>Breite des Blattes: 7 cm<\/li>\n<li>Blattfarbe: dunkelgr\u00fcn<\/li>\n<li>Farbe der Rippen: hellgr\u00fcn<\/li>\n<li>Blattform: weinblattartig<\/li>\n<li>St\u00e4ngel: verzweigt<\/li>\n<li>Farbe Stiel und Blattstiel: r\u00f6tlich-gr\u00fcn<\/li>\n<li>Haare: stellar, ziemlich klein, 4 bis 12 Arme<\/li>\n<\/ul>\n<h3>&nbsp;<\/h3>\n<h3>Tipps zu Pflanzung, Anbau und Pflege f\u00fcr Hedera hibernica &lsquo;Vitifolia&rsquo;<\/h3>\n<ul>\n<li>Standort: Schatten, Halbschatten<\/li>\n<li>Winterh\u00e4rte: -15\u00b0C<\/li>\n<li>Bodenfeuchtigkeit: frischer Boden<\/li>\n<li>PH-Wert des Bodens: sauer, neutral oder kalkhaltig<\/li>\n<li>Bodenart: alle<\/li>\n<li>Bodenreichtum: gew\u00f6hnlich oder humos<\/li>\n<li>Verwendung: Bodendecker, Kletterpflanze<\/li>\n<li>Entwicklung: kr\u00e4ftig<\/li>\n<li>Beschneiden: einmal im Jahr<\/li>\n<li>Sch\u00e4dlinge: sehr selten (Rote Spinne, Schildl\u00e4use)<\/li>\n<li>Krankheiten: sehr selten (Flecken auf den Bl\u00e4ttern)<\/li>\n<\/ul>\t\t\t\t\t\t\t\t<\/div>\n\t\t\t\t<\/div>\n\t\t\t\t\t<\/div>\n\t\t\t\t<\/div>\n\t\t\t\t\t<\/div>\n\t\t\t\t<\/div>\n\t\t<div class=\"elementor-element elementor-element-773e7734 e-flex e-con-boxed e-con e-parent\" data-id=\"773e7734\" data-element_type=\"container\">\n\t\t\t\t\t<div class=\"e-con-inner\">\n\t\t\t\t<div class=\"elementor-element elementor-element-28616206 elementor-widget elementor-widget-image\" data-id=\"28616206\" data-element_type=\"widget\" data-widget_type=\"image.default\">\n\t\t\t\t<div class=\"elementor-widget-container\">\n\t\t\t\t\t\t\t\t\t\t\t\t\t\t\t<img fetchpriority=\"high\" decoding=\"async\" width=\"1024\" height=\"146\" src=\"https:\/\/www.hedera-etc.com\/wp-content\/uploads\/2023\/10\/guirlande-1024x146.webp\" class=\"attachment-large size-large wp-image-116\" alt=\"La boutique du lierre - Efeu-Girlande\" srcset=\"https:\/\/www.hedera-etc.com\/wp-content\/uploads\/2023\/10\/guirlande-1024x146.webp 1024w, https:\/\/www.hedera-etc.com\/wp-content\/uploads\/2023\/10\/guirlande-900x129.webp 900w, https:\/\/www.hedera-etc.com\/wp-content\/uploads\/2023\/10\/guirlande-300x43.webp 300w, https:\/\/www.hedera-etc.com\/wp-content\/uploads\/2023\/10\/guirlande-768x110.webp 768w, https:\/\/www.hedera-etc.com\/wp-content\/uploads\/2023\/10\/guirlande.webp 1126w\" sizes=\"(max-width: 1024px) 100vw, 1024px\" \/>\t\t\t\t\t\t\t\t\t\t\t\t\t\t\t<\/div>\n\t\t\t\t<\/div>\n\t\t\t\t<div class=\"elementor-element elementor-element-2127ac17 elementor-widget elementor-widget-text-editor\" data-id=\"2127ac17\" data-element_type=\"widget\" data-widget_type=\"text-editor.default\">\n\t\t\t\t<div class=\"elementor-widget-container\">\n\t\t\t\t\t\t\t\t\t<h3 style=\"text-align: center;\"><span style=\"color: #008000;\">Efeu in der Literatur<\/span><\/h3><blockquote><p style=\"text-align: center;\"><span style=\"color: #993366;\">\u201cEfeu bedeckte die verst\u00fcmmelten Statuen, als wollte er ihre W\u00fcrde bewahren.<\/span><span style=\"color: #993366;\">\u201d<\/span><\/p><\/blockquote><h5 style=\"text-align: right;\">Chateaubriand, Die M\u00e4rtyrer<\/h5>\t\t\t\t\t\t\t\t<\/div>\n\t\t\t\t<\/div>\n\t\t\t\t\t<\/div>\n\t\t\t\t<\/div>\n\t\t\t\t<\/div>","protected":false},"excerpt":{"rendered":"<p>Ziemlich kr\u00e4ftige, verzweigte Kletterpflanze mit weinlaub\u00e4hnlichen Bl\u00e4ttern.<\/p>\n<p>Das ganze Jahr \u00fcber dunkelgr\u00fcne Bl\u00e4tter.<\/p>\n<p>Im Schatten oder Halbschatten zu verwenden, da sie in sonnigen Lagen schnell Fr\u00fcchte bildet.<\/p>","protected":false},"featured_media":3655,"comment_status":"open","ping_status":"closed","template":"","meta":{"_acf_changed":false,"ocean_post_layout":"","ocean_both_sidebars_style":"","ocean_both_sidebars_content_width":0,"ocean_both_sidebars_sidebars_width":0,"ocean_sidebar":"0","ocean_second_sidebar":"0","ocean_disable_margins":"enable","ocean_add_body_class":"","ocean_shortcode_before_top_bar":"","ocean_shortcode_after_top_bar":"","ocean_shortcode_before_header":"","ocean_shortcode_after_header":"","ocean_has_shortcode":"","ocean_shortcode_after_title":"","ocean_shortcode_before_footer_widgets":"","ocean_shortcode_after_footer_widgets":"","ocean_shortcode_before_footer_bottom":"","ocean_shortcode_after_footer_bottom":"","ocean_display_top_bar":"default","ocean_display_header":"default","ocean_header_style":"","ocean_center_header_left_menu":"0","ocean_custom_header_template":"0","ocean_custom_logo":0,"ocean_custom_retina_logo":0,"ocean_custom_logo_max_width":0,"ocean_custom_logo_tablet_max_width":0,"ocean_custom_logo_mobile_max_width":0,"ocean_custom_logo_max_height":0,"ocean_custom_logo_tablet_max_height":0,"ocean_custom_logo_mobile_max_height":0,"ocean_header_custom_menu":"0","ocean_menu_typo_font_family":"0","ocean_menu_typo_font_subset":"","ocean_menu_typo_font_size":0,"ocean_menu_typo_font_size_tablet":0,"ocean_menu_typo_font_size_mobile":0,"ocean_menu_typo_font_size_unit":"px","ocean_menu_typo_font_weight":"","ocean_menu_typo_font_weight_tablet":"","ocean_menu_typo_font_weight_mobile":"","ocean_menu_typo_transform":"","ocean_menu_typo_transform_tablet":"","ocean_menu_typo_transform_mobile":"","ocean_menu_typo_line_height":0,"ocean_menu_typo_line_height_tablet":0,"ocean_menu_typo_line_height_mobile":0,"ocean_menu_typo_line_height_unit":"","ocean_menu_typo_spacing":0,"ocean_menu_typo_spacing_tablet":0,"ocean_menu_typo_spacing_mobile":0,"ocean_menu_typo_spacing_unit":"","ocean_menu_link_color":"","ocean_menu_link_color_hover":"","ocean_menu_link_color_active":"","ocean_menu_link_background":"","ocean_menu_link_hover_background":"","ocean_menu_link_active_background":"","ocean_menu_social_links_bg":"","ocean_menu_social_hover_links_bg":"","ocean_menu_social_links_color":"","ocean_menu_social_hover_links_color":"","ocean_disable_title":"default","ocean_disable_heading":"default","ocean_post_title":"","ocean_post_subheading":"","ocean_post_title_style":"","ocean_post_title_background_color":"","ocean_post_title_background":0,"ocean_post_title_bg_image_position":"","ocean_post_title_bg_image_attachment":"","ocean_post_title_bg_image_repeat":"","ocean_post_title_bg_image_size":"","ocean_post_title_height":0,"ocean_post_title_bg_overlay":0.5,"ocean_post_title_bg_overlay_color":"","ocean_disable_breadcrumbs":"default","ocean_breadcrumbs_color":"","ocean_breadcrumbs_separator_color":"","ocean_breadcrumbs_links_color":"","ocean_breadcrumbs_links_hover_color":"","ocean_display_footer_widgets":"default","ocean_display_footer_bottom":"default","ocean_custom_footer_template":"0"},"product_brand":[],"product_cat":[134],"product_tag":[],"class_list":{"0":"post-3654","1":"product","2":"type-product","3":"status-publish","4":"has-post-thumbnail","6":"product_cat-lierre","8":"entry","9":"has-media","11":"first","12":"instock","13":"purchasable","14":"product-type-variable","15":"has-default-attributes","16":"has-product-nav","17":"col","18":"span_1_of_4","19":"owp-content-center","20":"item-entry","21":"owp-thumbs-layout-horizontal","22":"owp-btn-normal","23":"owp-tabs-layout-section"},"acf":[],"jetpack_sharing_enabled":true,"_links":{"self":[{"href":"https:\/\/www.hedera-etc.com\/de\/wp-json\/wp\/v2\/product\/3654","targetHints":{"allow":["GET"]}}],"collection":[{"href":"https:\/\/www.hedera-etc.com\/de\/wp-json\/wp\/v2\/product"}],"about":[{"href":"https:\/\/www.hedera-etc.com\/de\/wp-json\/wp\/v2\/types\/product"}],"replies":[{"embeddable":true,"href":"https:\/\/www.hedera-etc.com\/de\/wp-json\/wp\/v2\/comments?post=3654"}],"version-history":[{"count":3,"href":"https:\/\/www.hedera-etc.com\/de\/wp-json\/wp\/v2\/product\/3654\/revisions"}],"predecessor-version":[{"id":13502,"href":"https:\/\/www.hedera-etc.com\/de\/wp-json\/wp\/v2\/product\/3654\/revisions\/13502"}],"wp:featuredmedia":[{"embeddable":true,"href":"https:\/\/www.hedera-etc.com\/de\/wp-json\/wp\/v2\/media\/3655"}],"wp:attachment":[{"href":"https:\/\/www.hedera-etc.com\/de\/wp-json\/wp\/v2\/media?parent=3654"}],"wp:term":[{"taxonomy":"product_brand","embeddable":true,"href":"https:\/\/www.hedera-etc.com\/de\/wp-json\/wp\/v2\/product_brand?post=3654"},{"taxonomy":"product_cat","embeddable":true,"href":"https:\/\/www.hedera-etc.com\/de\/wp-json\/wp\/v2\/product_cat?post=3654"},{"taxonomy":"product_tag","embeddable":true,"href":"https:\/\/www.hedera-etc.com\/de\/wp-json\/wp\/v2\/product_tag?post=3654"}],"curies":[{"name":"wp","href":"https:\/\/api.w.org\/{rel}","templated":true}]}}