{"id":4432,"date":"2024-04-03T07:48:20","date_gmt":"2024-04-03T05:48:20","guid":{"rendered":"https:\/\/www.hedera-etc.com\/?post_type=product&#038;p=4432"},"modified":"2026-04-29T07:09:26","modified_gmt":"2026-04-29T05:09:26","slug":"glechoma-hederacea-erd-efeu","status":"publish","type":"product","link":"https:\/\/www.hedera-etc.com\/de\/product\/glechoma-hederacea-lierre-terrestre\/","title":{"rendered":"Terrestrischer Efeu - Glechoma hederacea"},"content":{"rendered":"<div data-elementor-type=\"product-post\" data-elementor-id=\"4432\" class=\"elementor elementor-4432\" data-elementor-post-type=\"product\">\n\t\t\t\t<div class=\"elementor-element elementor-element-9ef74f5 e-con-full e-flex e-con e-child\" data-id=\"9ef74f5\" data-element_type=\"container\">\n\t\t\t\t<div class=\"elementor-element elementor-element-4dc6f35d elementor-widget elementor-widget-text-editor\" data-id=\"4dc6f35d\" data-element_type=\"widget\" data-widget_type=\"text-editor.default\">\n\t\t\t\t<div class=\"elementor-widget-container\">\n\t\t\t\t\t\t\t\t\t<h2><span style=\"color: #f0ffed;\">Der Efeu der Erde - Glechoma hederacea<\/span><\/h2>\t\t\t\t\t\t\t\t<\/div>\n\t\t\t\t<\/div>\n\t\t\t\t<\/div>\n\t\t<div class=\"elementor-element elementor-element-febba01 e-flex e-con-boxed e-con e-parent\" data-id=\"febba01\" data-element_type=\"container\">\n\t\t\t\t\t<div class=\"e-con-inner\">\n\t\t\t\t<div class=\"elementor-element elementor-element-4a3f1de elementor-widget elementor-widget-heading\" data-id=\"4a3f1de\" data-element_type=\"widget\" data-widget_type=\"heading.default\">\n\t\t\t\t<div class=\"elementor-widget-container\">\n\t\t\t\t\t<h2 class=\"elementor-heading-title elementor-size-default\">Der blau bl\u00fchende Efeu<\/h2>\t\t\t\t<\/div>\n\t\t\t\t<\/div>\n\t\t\t\t<div class=\"elementor-element elementor-element-73b48ff elementor-widget elementor-widget-text-editor\" data-id=\"73b48ff\" data-element_type=\"widget\" data-widget_type=\"text-editor.default\">\n\t\t\t\t<div class=\"elementor-widget-container\">\n\t\t\t\t\t\t\t\t\t<p>Die <strong>Erd-Efeu<\/strong> ist ein interessanter Bodendecker, der sich im Schatten auf humusreichen B\u00f6den wohlf\u00fchlt.\u00a0<\/p><p>Das dunkelgr\u00fcne Laub ist an der Basis nierenf\u00f6rmig und zu den Enden hin herzf\u00f6rmig. Die Blattr\u00e4nder sind gezackt und oft mit einem feinen Flaum bedeckt. Die viereckigen St\u00e4ngel breiten sich auf dem Boden aus und bilden Rosetten, die Wurzeln schlagen. So wird die <strong>Erd-Efeu<\/strong> kann nach und nach gro\u00dfe Fl\u00e4chen einnehmen, wenn ihr der Boden und die Lage zusagen.<\/p><p>Die blaue oder rosafarbene Bl\u00fcte beginnt im Fr\u00fchling und kann sich bis in den Herbst erstrecken.<\/p>\t\t\t\t\t\t\t\t<\/div>\n\t\t\t\t<\/div>\n\t\t\t\t<div class=\"elementor-element elementor-element-ba847c5 elementor-widget elementor-widget-heading\" data-id=\"ba847c5\" data-element_type=\"widget\" data-widget_type=\"heading.default\">\n\t\t\t\t<div class=\"elementor-widget-container\">\n\t\t\t\t\t<h2 class=\"elementor-heading-title elementor-size-default\">Un lierre qui n'est pas un lierre<\/h2>\t\t\t\t<\/div>\n\t\t\t\t<\/div>\n\t\t\t\t<div class=\"elementor-element elementor-element-d387f48 elementor-widget elementor-widget-text-editor\" data-id=\"d387f48\" data-element_type=\"widget\" data-widget_type=\"text-editor.default\">\n\t\t\t\t<div class=\"elementor-widget-container\">\n\t\t\t\t\t\t\t\t\t<p>Der Name \u00ab\u00a0<strong>Erd-Efeu<\/strong>\u00a0\u00bb ist irref\u00fchrend. Botanisch gesehen ist diese Pflanze n\u00e4mlich in Wirklichkeit kein Efeu, auch wenn sie in Bezug auf das Verhalten am Boden \u00c4hnlichkeiten mit dem Efeu aufweist. Sie geh\u00f6rt nicht einmal zur selben Familie wie der Efeu. Die botanische Gattung des Efeus, <em>Hedera<\/em>, Die botanische Gattung des Efeus geh\u00f6rt zur Familie der Araliengew\u00e4chse (Araliaceae), <em>Glechoma<\/em>, Die Minze geh\u00f6rt zur Familie der Lippenbl\u00fctler (Lamiaceae). Es ist die gleiche Familie wie die Minze. Man findet sie \u00fcbrigens bei <b>Glechoma hederacea<\/b>&nbsp;den Duft der Minze, die viereckigen St\u00e4ngel und die Bl\u00fctezeit der Minze.<\/p>\t\t\t\t\t\t\t\t<\/div>\n\t\t\t\t<\/div>\n\t\t\t\t<div class=\"elementor-element elementor-element-e73be3e elementor-widget elementor-widget-heading\" data-id=\"e73be3e\" data-element_type=\"widget\" data-widget_type=\"heading.default\">\n\t\t\t\t<div class=\"elementor-widget-container\">\n\t\t\t\t\t<h2 class=\"elementor-heading-title elementor-size-default\">Kulinarisches und medizinisches Interesse<\/h2>\t\t\t\t<\/div>\n\t\t\t\t<\/div>\n\t\t\t\t<div class=\"elementor-element elementor-element-a50e738 elementor-widget elementor-widget-text-editor\" data-id=\"a50e738\" data-element_type=\"widget\" data-widget_type=\"text-editor.default\">\n\t\t\t\t<div class=\"elementor-widget-container\">\n\t\t\t\t\t\t\t\t\t<p>Auf der Unterseite der Bl\u00e4tter des<strong> Erd-Efeu<\/strong> befinden sich Dr\u00fcsen f\u00fcr \u00e4therische \u00d6le. Von dort aus <strong><em>Glechoma hederacea<\/em><\/strong> zieht seine kulinarische und medizinische Bedeutung.<\/p><p>Der Sternekoch Marc Veyrat hat das verstanden, als er diese Pflanze f\u00fcr die Zubereitung seiner Rotbarbe verwendete. Allgemeiner gesagt, k\u00f6nnen Sie Ihre Salate mit ein paar Bl\u00e4ttern von<i> <b>Glechoma hederacea<\/b>.<\/i> Sie kann eigentlich f\u00fcr die gleichen Zwecke wie ihre Verwandte, die Minze, verwendet werden.<\/p><p>Seine medizinischen Qualit\u00e4ten sind seit sehr langer Zeit bekannt. <strong><em>Glechoma hederacea<\/em><\/strong> wird z. B. zur Behandlung von Atemwegs- und Bronchialerkrankungen oder Nierenproblemen eingesetzt.<\/p>\t\t\t\t\t\t\t\t<\/div>\n\t\t\t\t<\/div>\n\t\t\t\t\t<\/div>\n\t\t\t\t<\/div>\n\t\t\t\t<\/div>","protected":false},"excerpt":{"rendered":"<p>Der Efeu, Glechoma hederacea, ist eine essbare Pflanze, die besonders im Fr\u00fchling interessant ist, wenn die jungen Bl\u00e4tter zart sind. K\u00f6stlicher Minzduft vermischt mit Zitrone.<\/p>\n<p>Eignet sich hervorragend als Beilage zu einem Salat oder zum Aromatisieren eines Aperitifs oder Cocktails.<\/p>\n<p>Diese Pflanze breitet sich wie der Efeu als Bodendecker aus und vermehrt sich wie die Erdbeere durch Ausl\u00e4ufer. Bl\u00fcht im Fr\u00fchjahr blau.<\/p>","protected":false},"featured_media":13392,"comment_status":"open","ping_status":"closed","template":"","meta":{"_acf_changed":false,"ocean_post_layout":"","ocean_both_sidebars_style":"","ocean_both_sidebars_content_width":0,"ocean_both_sidebars_sidebars_width":0,"ocean_sidebar":"0","ocean_second_sidebar":"0","ocean_disable_margins":"enable","ocean_add_body_class":"","ocean_shortcode_before_top_bar":"","ocean_shortcode_after_top_bar":"","ocean_shortcode_before_header":"","ocean_shortcode_after_header":"","ocean_has_shortcode":"","ocean_shortcode_after_title":"","ocean_shortcode_before_footer_widgets":"","ocean_shortcode_after_footer_widgets":"","ocean_shortcode_before_footer_bottom":"","ocean_shortcode_after_footer_bottom":"","ocean_display_top_bar":"default","ocean_display_header":"default","ocean_header_style":"","ocean_center_header_left_menu":"0","ocean_custom_header_template":"0","ocean_custom_logo":0,"ocean_custom_retina_logo":0,"ocean_custom_logo_max_width":0,"ocean_custom_logo_tablet_max_width":0,"ocean_custom_logo_mobile_max_width":0,"ocean_custom_logo_max_height":0,"ocean_custom_logo_tablet_max_height":0,"ocean_custom_logo_mobile_max_height":0,"ocean_header_custom_menu":"0","ocean_menu_typo_font_family":"0","ocean_menu_typo_font_subset":"","ocean_menu_typo_font_size":0,"ocean_menu_typo_font_size_tablet":0,"ocean_menu_typo_font_size_mobile":0,"ocean_menu_typo_font_size_unit":"px","ocean_menu_typo_font_weight":"","ocean_menu_typo_font_weight_tablet":"","ocean_menu_typo_font_weight_mobile":"","ocean_menu_typo_transform":"","ocean_menu_typo_transform_tablet":"","ocean_menu_typo_transform_mobile":"","ocean_menu_typo_line_height":0,"ocean_menu_typo_line_height_tablet":0,"ocean_menu_typo_line_height_mobile":0,"ocean_menu_typo_line_height_unit":"","ocean_menu_typo_spacing":0,"ocean_menu_typo_spacing_tablet":0,"ocean_menu_typo_spacing_mobile":0,"ocean_menu_typo_spacing_unit":"","ocean_menu_link_color":"","ocean_menu_link_color_hover":"","ocean_menu_link_color_active":"","ocean_menu_link_background":"","ocean_menu_link_hover_background":"","ocean_menu_link_active_background":"","ocean_menu_social_links_bg":"","ocean_menu_social_hover_links_bg":"","ocean_menu_social_links_color":"","ocean_menu_social_hover_links_color":"","ocean_disable_title":"default","ocean_disable_heading":"default","ocean_post_title":"","ocean_post_subheading":"","ocean_post_title_style":"","ocean_post_title_background_color":"","ocean_post_title_background":0,"ocean_post_title_bg_image_position":"","ocean_post_title_bg_image_attachment":"","ocean_post_title_bg_image_repeat":"","ocean_post_title_bg_image_size":"","ocean_post_title_height":0,"ocean_post_title_bg_overlay":0.5,"ocean_post_title_bg_overlay_color":"","ocean_disable_breadcrumbs":"default","ocean_breadcrumbs_color":"","ocean_breadcrumbs_separator_color":"","ocean_breadcrumbs_links_color":"","ocean_breadcrumbs_links_hover_color":"","ocean_display_footer_widgets":"default","ocean_display_footer_bottom":"default","ocean_custom_footer_template":"0"},"product_brand":[],"product_cat":[134],"product_tag":[],"class_list":{"0":"post-4432","1":"product","2":"type-product","3":"status-publish","4":"has-post-thumbnail","6":"product_cat-lierre","8":"entry","9":"has-media","11":"first","12":"instock","13":"shipping-taxable","14":"purchasable","15":"product-type-variable","16":"has-default-attributes","17":"has-product-nav","18":"col","19":"span_1_of_4","20":"owp-content-center","21":"item-entry","22":"owp-thumbs-layout-horizontal","23":"owp-btn-normal","24":"owp-tabs-layout-section"},"acf":[],"jetpack_sharing_enabled":true,"_links":{"self":[{"href":"https:\/\/www.hedera-etc.com\/de\/wp-json\/wp\/v2\/product\/4432","targetHints":{"allow":["GET"]}}],"collection":[{"href":"https:\/\/www.hedera-etc.com\/de\/wp-json\/wp\/v2\/product"}],"about":[{"href":"https:\/\/www.hedera-etc.com\/de\/wp-json\/wp\/v2\/types\/product"}],"replies":[{"embeddable":true,"href":"https:\/\/www.hedera-etc.com\/de\/wp-json\/wp\/v2\/comments?post=4432"}],"version-history":[{"count":3,"href":"https:\/\/www.hedera-etc.com\/de\/wp-json\/wp\/v2\/product\/4432\/revisions"}],"predecessor-version":[{"id":13396,"href":"https:\/\/www.hedera-etc.com\/de\/wp-json\/wp\/v2\/product\/4432\/revisions\/13396"}],"wp:featuredmedia":[{"embeddable":true,"href":"https:\/\/www.hedera-etc.com\/de\/wp-json\/wp\/v2\/media\/13392"}],"wp:attachment":[{"href":"https:\/\/www.hedera-etc.com\/de\/wp-json\/wp\/v2\/media?parent=4432"}],"wp:term":[{"taxonomy":"product_brand","embeddable":true,"href":"https:\/\/www.hedera-etc.com\/de\/wp-json\/wp\/v2\/product_brand?post=4432"},{"taxonomy":"product_cat","embeddable":true,"href":"https:\/\/www.hedera-etc.com\/de\/wp-json\/wp\/v2\/product_cat?post=4432"},{"taxonomy":"product_tag","embeddable":true,"href":"https:\/\/www.hedera-etc.com\/de\/wp-json\/wp\/v2\/product_tag?post=4432"}],"curies":[{"name":"wp","href":"https:\/\/api.w.org\/{rel}","templated":true}]}}