{"id":548,"date":"2023-10-28T21:22:12","date_gmt":"2023-10-28T19:22:12","guid":{"rendered":"https:\/\/www.hedera-etc.com\/?post_type=product&#038;p=548"},"modified":"2026-04-29T07:09:36","modified_gmt":"2026-04-29T05:09:36","slug":"hedera-helix-curvaceous","status":"publish","type":"product","link":"https:\/\/www.hedera-etc.com\/de\/product\/hedera-helix-curvaceous\/","title":{"rendered":"<em>Hedera helix<\/em> &lsquo;Curvaceous&rsquo; &#8211; Zier-Efeu"},"content":{"rendered":"<div data-elementor-type=\"product-post\" data-elementor-id=\"548\" class=\"elementor elementor-548\" data-elementor-post-type=\"product\">\n\t\t\t\t<div class=\"elementor-element elementor-element-54689042 e-con-full e-flex e-con e-child\" data-id=\"54689042\" data-element_type=\"container\">\n\t\t\t\t<div class=\"elementor-element elementor-element-4bc472b3 elementor-widget elementor-widget-text-editor\" data-id=\"4bc472b3\" data-element_type=\"widget\" data-widget_type=\"text-editor.default\">\n\t\t\t\t<div class=\"elementor-widget-container\">\n\t\t\t\t\t\t\t\t\t<h2><span style=\"color: #f0ffed;\">Der Zier-Efeu\u00a0 &#8211; Hedera helix &lsquo;Curvaceous&rsquo;<\/span><\/h2>\t\t\t\t\t\t\t\t<\/div>\n\t\t\t\t<\/div>\n\t\t\t\t<\/div>\n\t\t<div class=\"elementor-element elementor-element-489557a9 e-flex e-con-boxed e-con e-parent\" data-id=\"489557a9\" data-element_type=\"container\">\n\t\t\t\t\t<div class=\"e-con-inner\">\n\t\t<div class=\"elementor-element elementor-element-71ff743f e-flex e-con-boxed e-con e-child\" data-id=\"71ff743f\" data-element_type=\"container\">\n\t\t\t\t\t<div class=\"e-con-inner\">\n\t\t\t\t<div class=\"elementor-element elementor-element-484759d elementor-widget elementor-widget-heading\" data-id=\"484759d\" data-element_type=\"widget\" data-widget_type=\"heading.default\">\n\t\t\t\t<div class=\"elementor-widget-container\">\n\t\t\t\t\t<h2 class=\"elementor-heading-title elementor-size-default\">Zusammenfassend<\/h2>\t\t\t\t<\/div>\n\t\t\t\t<\/div>\n\t\t\t\t<div class=\"elementor-element elementor-element-187c0de5 elementor-widget elementor-widget-text-editor\" data-id=\"187c0de5\" data-element_type=\"widget\" data-widget_type=\"text-editor.default\">\n\t\t\t\t<div class=\"elementor-widget-container\">\n\t\t\t\t\t\t\t\t\t<p>Zier-Efeu, <strong><em>Hedera helix<\/em> &lsquo;Curvaceous&rsquo;<\/strong>, Die rote Winters\u00e4umung macht ihn noch sch\u00f6ner.<\/p><p>Die Bl\u00e4tter bestehen aus 3 bis 5 flachen, gewellten Lappen. Die Basis ist deutlich herzf\u00f6rmig. Der Apex ist oft nach innen gerollt. Die Blattspreite ist graugr\u00fcn gefleckt und cremewei\u00df gerandet. Im Winter, bei trockenem und kaltem Wetter, kann ein roter Rand erscheinen.<\/p><p>Dies ist ein Efeu, der eher als Kletterpflanze verwendet werden sollte. Er ist auch in gro\u00dfen T\u00f6pfen interessant. Sein Wachstum ist eher langsam. Er ist gut winterhart, f\u00fcrchtet aber anhaltende kalte Zugluft.<\/p>\t\t\t\t\t\t\t\t<\/div>\n\t\t\t\t<\/div>\n\t\t\t\t<div class=\"elementor-element elementor-element-1a58ffe7 elementor-widget elementor-widget-heading\" data-id=\"1a58ffe7\" data-element_type=\"widget\" data-widget_type=\"heading.default\">\n\t\t\t\t<div class=\"elementor-widget-container\">\n\t\t\t\t\t<h2 class=\"elementor-heading-title elementor-size-default\">Geschichte<\/h2>\t\t\t\t<\/div>\n\t\t\t\t<\/div>\n\t\t\t\t<div class=\"elementor-element elementor-element-2727730e elementor-widget elementor-widget-text-editor\" data-id=\"2727730e\" data-element_type=\"widget\" data-widget_type=\"text-editor.default\">\n\t\t\t\t<div class=\"elementor-widget-container\">\n\t\t\t\t\t\t\t\t\t<p>Ce cultivar fut d\u00e9couvert par Elise Everhardt, \u00e0 Catonsville, Maryland, Etats-Unis, en 1980. C&rsquo;est une Ver\u00e4nderung de &lsquo;Manda&rsquo;s Crested&rsquo;.<\/p>\t\t\t\t\t\t\t\t<\/div>\n\t\t\t\t<\/div>\n\t\t\t\t<div class=\"elementor-element elementor-element-4699bfe2 elementor-widget elementor-widget-heading\" data-id=\"4699bfe2\" data-element_type=\"widget\" data-widget_type=\"heading.default\">\n\t\t\t\t<div class=\"elementor-widget-container\">\n\t\t\t\t\t<h2 class=\"elementor-heading-title elementor-size-default\">Detailansicht - Hedera helix 'Curvaceous'<\/h2>\t\t\t\t<\/div>\n\t\t\t\t<\/div>\n\t\t\t\t<div class=\"elementor-element elementor-element-2dcd789b elementor-widget elementor-widget-text-editor\" data-id=\"2dcd789b\" data-element_type=\"widget\" data-widget_type=\"text-editor.default\">\n\t\t\t\t<div class=\"elementor-widget-container\">\n\t\t\t\t\t\t\t\t\t<h3>Botanische Informationen<\/h3><ul><li>Familie: Araliaceae<\/li><li>Gattung : <em><strong>Hedera<\/strong><\/em><\/li><li>Art : <em>helix<\/em><\/li><li>Anbauen : &lsquo;Curvaceous&rsquo;<\/li><li>Pierot-Klassifikation: Panaschierter Efeu, Efeu mit wellig-gekr\u00e4uselten Bl\u00e4ttern<\/li><li>Blattstadium: juvenil<\/li><li>Herkunft der Art: Europa, von Spanien bis Norwegen, jedoch kaum an der Atlantikk\u00fcste.<\/li><li>Ursprung der Sorte: 1980 von Elise Everhardt in Catonsville, Maryland, USA, entdeckt.<\/li><\/ul><h3>\u00a0<\/h3><h3>Beschreibung von Hedera helix &lsquo;Curvaceous&rsquo;<\/h3><ul><li>Wuchs: ausgebreitet bis halbaufrecht<\/li><li>Anzahl der Lappen: in der Regel 3 bis 5 Lappen<\/li><li>L\u00e4nge des Blattes: 5 cm<\/li><li>Breite des Blattes: 6 cm<\/li><li>Blattfarbe :\u00a0<span style=\"font-family: Roboto, sans-serif; font-size: 18px; font-style: normal; font-variant-ligatures: normal; font-variant-caps: normal; font-weight: 400; background-color: #f8f8f7;\">graugr\u00fcn und cremewei\u00df marginalisiert.<\/span><\/li><li><span style=\"font-family: Roboto, sans-serif; font-size: 18px; font-style: normal; font-variant-ligatures: normal; font-variant-caps: normal; font-weight: 400; background-color: #f8f8f7;\">Farbvariante: rote Umrandung im Winter bei trockenem und kaltem Wetter<\/span><\/li><li>Farbe der Rippen: cremefarben<\/li><li>Farbe Stiel und Blattstiel: gr\u00fcnlich-rot<\/li><li>Haare: sternf\u00f6rmig, 3 bis 5 Arme<\/li><\/ul><h3>\u00a0<\/h3><h3>Tipps zu Pflanzung, Anbau und Pflege f\u00fcr Hedera helix &lsquo;Curvaceous&rsquo;<\/h3><ul><li>Standort: Sonne, Halbschatten<\/li><li>Winterh\u00e4rte: -15\u00b0C<\/li><li>Bodenfeuchtigkeit: frischer Boden<\/li><li>PH-Wert des Bodens: neutral oder kalkhaltig<\/li><li>Bodenart: alle<\/li><li>Bodenreichtum: gew\u00f6hnlich oder humos<\/li><li>Verwendung: Bodendecker, Kletterer, T\u00f6pfe, Blumenk\u00e4sten, H\u00e4ngeampeln<\/li><li>Entwicklung: m\u00e4\u00dfig, langsam<\/li><li>Beschneiden: einmal im Jahr<\/li><li>Sch\u00e4dlinge: sehr selten (Rote Spinne, Schildl\u00e4use)<\/li><li>Krankheiten: sehr selten (Flecken auf den Bl\u00e4ttern)<\/li><\/ul>\t\t\t\t\t\t\t\t<\/div>\n\t\t\t\t<\/div>\n\t\t\t\t\t<\/div>\n\t\t\t\t<\/div>\n\t\t\t\t\t<\/div>\n\t\t\t\t<\/div>\n\t\t<div class=\"elementor-element elementor-element-12b7f018 e-flex e-con-boxed e-con e-parent\" data-id=\"12b7f018\" data-element_type=\"container\">\n\t\t\t\t\t<div class=\"e-con-inner\">\n\t\t\t\t<div class=\"elementor-element elementor-element-14ae776 elementor-widget elementor-widget-image\" data-id=\"14ae776\" data-element_type=\"widget\" data-widget_type=\"image.default\">\n\t\t\t\t<div class=\"elementor-widget-container\">\n\t\t\t\t\t\t\t\t\t\t\t\t\t\t\t<img fetchpriority=\"high\" decoding=\"async\" width=\"1024\" height=\"146\" src=\"https:\/\/www.hedera-etc.com\/wp-content\/uploads\/2023\/10\/guirlande-1024x146.webp\" class=\"attachment-large size-large wp-image-116\" alt=\"La boutique du lierre - Efeu-Girlande\" srcset=\"https:\/\/www.hedera-etc.com\/wp-content\/uploads\/2023\/10\/guirlande-1024x146.webp 1024w, https:\/\/www.hedera-etc.com\/wp-content\/uploads\/2023\/10\/guirlande-900x129.webp 900w, https:\/\/www.hedera-etc.com\/wp-content\/uploads\/2023\/10\/guirlande-300x43.webp 300w, https:\/\/www.hedera-etc.com\/wp-content\/uploads\/2023\/10\/guirlande-768x110.webp 768w, https:\/\/www.hedera-etc.com\/wp-content\/uploads\/2023\/10\/guirlande.webp 1126w\" sizes=\"(max-width: 1024px) 100vw, 1024px\" \/>\t\t\t\t\t\t\t\t\t\t\t\t\t\t\t<\/div>\n\t\t\t\t<\/div>\n\t\t\t\t<div class=\"elementor-element elementor-element-f3491d6 elementor-widget elementor-widget-text-editor\" data-id=\"f3491d6\" data-element_type=\"widget\" data-widget_type=\"text-editor.default\">\n\t\t\t\t<div class=\"elementor-widget-container\">\n\t\t\t\t\t\t\t\t\t<h3 style=\"text-align: center;\"><span style=\"color: #008000;\">Efeu in der Literatur<\/span><\/h3><blockquote><p style=\"text-align: center;\"><span style=\"color: #993366;\">\u201cDer Efeu verflechtet sich mit der Vergangenheit, eine pflanzliche Verbindung, die sich weigert, loszulassen.<\/span><span style=\"color: #993366;\">\u201d<\/span><\/p><\/blockquote><h5 style=\"text-align: right;\"><strong>Marcel Proust<\/strong>, <em>Auf der Suche nach der verlorenen Zeit<\/em><\/h5>\t\t\t\t\t\t\t\t<\/div>\n\t\t\t\t<\/div>\n\t\t\t\t\t<\/div>\n\t\t\t\t<\/div>\n\t\t\t\t<\/div>","protected":false},"excerpt":{"rendered":"<p>Bemerkenswert wegen seiner Farben, wobei die winterliche rote Umrandung ihn noch mehr sublimiert.<\/p>\n<p>Bl\u00e4tter aus 3 bis 5 flachen, gewellten Lappen gebildet. Basis deutlich herzf\u00f6rmig. Apex oft nach innen gerollt. Blattspreite graugr\u00fcn gefleckt und cremewei\u00df gerandet. Im Winter, bei trockenem und kaltem Wetter, kann ein roter Rand erscheinen.<\/p>\n<p>Efeu, der eher als Kletterpflanze zu verwenden ist. Interessant auch in gro\u00dfen T\u00f6pfen. W\u00e4chst eher langsam. Gut winterhart, scheut jedoch anhaltend kalte Zugluft.<\/p>","protected":false},"featured_media":549,"comment_status":"open","ping_status":"closed","template":"","meta":{"_acf_changed":false,"ocean_post_layout":"","ocean_both_sidebars_style":"","ocean_both_sidebars_content_width":0,"ocean_both_sidebars_sidebars_width":0,"ocean_sidebar":"0","ocean_second_sidebar":"0","ocean_disable_margins":"enable","ocean_add_body_class":"","ocean_shortcode_before_top_bar":"","ocean_shortcode_after_top_bar":"","ocean_shortcode_before_header":"","ocean_shortcode_after_header":"","ocean_has_shortcode":"","ocean_shortcode_after_title":"","ocean_shortcode_before_footer_widgets":"","ocean_shortcode_after_footer_widgets":"","ocean_shortcode_before_footer_bottom":"","ocean_shortcode_after_footer_bottom":"","ocean_display_top_bar":"default","ocean_display_header":"default","ocean_header_style":"","ocean_center_header_left_menu":"0","ocean_custom_header_template":"0","ocean_custom_logo":0,"ocean_custom_retina_logo":0,"ocean_custom_logo_max_width":0,"ocean_custom_logo_tablet_max_width":0,"ocean_custom_logo_mobile_max_width":0,"ocean_custom_logo_max_height":0,"ocean_custom_logo_tablet_max_height":0,"ocean_custom_logo_mobile_max_height":0,"ocean_header_custom_menu":"0","ocean_menu_typo_font_family":"0","ocean_menu_typo_font_subset":"","ocean_menu_typo_font_size":0,"ocean_menu_typo_font_size_tablet":0,"ocean_menu_typo_font_size_mobile":0,"ocean_menu_typo_font_size_unit":"px","ocean_menu_typo_font_weight":"","ocean_menu_typo_font_weight_tablet":"","ocean_menu_typo_font_weight_mobile":"","ocean_menu_typo_transform":"","ocean_menu_typo_transform_tablet":"","ocean_menu_typo_transform_mobile":"","ocean_menu_typo_line_height":0,"ocean_menu_typo_line_height_tablet":0,"ocean_menu_typo_line_height_mobile":0,"ocean_menu_typo_line_height_unit":"","ocean_menu_typo_spacing":0,"ocean_menu_typo_spacing_tablet":0,"ocean_menu_typo_spacing_mobile":0,"ocean_menu_typo_spacing_unit":"","ocean_menu_link_color":"","ocean_menu_link_color_hover":"","ocean_menu_link_color_active":"","ocean_menu_link_background":"","ocean_menu_link_hover_background":"","ocean_menu_link_active_background":"","ocean_menu_social_links_bg":"","ocean_menu_social_hover_links_bg":"","ocean_menu_social_links_color":"","ocean_menu_social_hover_links_color":"","ocean_disable_title":"default","ocean_disable_heading":"default","ocean_post_title":"","ocean_post_subheading":"","ocean_post_title_style":"","ocean_post_title_background_color":"","ocean_post_title_background":0,"ocean_post_title_bg_image_position":"","ocean_post_title_bg_image_attachment":"","ocean_post_title_bg_image_repeat":"","ocean_post_title_bg_image_size":"","ocean_post_title_height":0,"ocean_post_title_bg_overlay":0.5,"ocean_post_title_bg_overlay_color":"","ocean_disable_breadcrumbs":"default","ocean_breadcrumbs_color":"","ocean_breadcrumbs_separator_color":"","ocean_breadcrumbs_links_color":"","ocean_breadcrumbs_links_hover_color":"","ocean_display_footer_widgets":"default","ocean_display_footer_bottom":"default","ocean_custom_footer_template":"0"},"product_brand":[],"product_cat":[134],"product_tag":[],"class_list":{"0":"post-548","1":"product","2":"type-product","3":"status-publish","4":"has-post-thumbnail","6":"product_cat-lierre","8":"entry","9":"has-media","11":"first","12":"instock","13":"purchasable","14":"product-type-variable","15":"has-default-attributes","16":"has-product-nav","17":"col","18":"span_1_of_4","19":"owp-content-center","20":"item-entry","21":"owp-thumbs-layout-horizontal","22":"owp-btn-normal","23":"owp-tabs-layout-section"},"acf":[],"jetpack_sharing_enabled":true,"_links":{"self":[{"href":"https:\/\/www.hedera-etc.com\/de\/wp-json\/wp\/v2\/product\/548","targetHints":{"allow":["GET"]}}],"collection":[{"href":"https:\/\/www.hedera-etc.com\/de\/wp-json\/wp\/v2\/product"}],"about":[{"href":"https:\/\/www.hedera-etc.com\/de\/wp-json\/wp\/v2\/types\/product"}],"replies":[{"embeddable":true,"href":"https:\/\/www.hedera-etc.com\/de\/wp-json\/wp\/v2\/comments?post=548"}],"version-history":[{"count":3,"href":"https:\/\/www.hedera-etc.com\/de\/wp-json\/wp\/v2\/product\/548\/revisions"}],"predecessor-version":[{"id":14688,"href":"https:\/\/www.hedera-etc.com\/de\/wp-json\/wp\/v2\/product\/548\/revisions\/14688"}],"wp:featuredmedia":[{"embeddable":true,"href":"https:\/\/www.hedera-etc.com\/de\/wp-json\/wp\/v2\/media\/549"}],"wp:attachment":[{"href":"https:\/\/www.hedera-etc.com\/de\/wp-json\/wp\/v2\/media?parent=548"}],"wp:term":[{"taxonomy":"product_brand","embeddable":true,"href":"https:\/\/www.hedera-etc.com\/de\/wp-json\/wp\/v2\/product_brand?post=548"},{"taxonomy":"product_cat","embeddable":true,"href":"https:\/\/www.hedera-etc.com\/de\/wp-json\/wp\/v2\/product_cat?post=548"},{"taxonomy":"product_tag","embeddable":true,"href":"https:\/\/www.hedera-etc.com\/de\/wp-json\/wp\/v2\/product_tag?post=548"}],"curies":[{"name":"wp","href":"https:\/\/api.w.org\/{rel}","templated":true}]}}