{"id":602,"date":"2023-10-29T07:36:28","date_gmt":"2023-10-29T06:36:28","guid":{"rendered":"https:\/\/www.hedera-etc.com\/?post_type=product&#038;p=602"},"modified":"2026-05-01T07:09:51","modified_gmt":"2026-05-01T05:09:51","slug":"hedera-helix-dyinnii","status":"publish","type":"product","link":"https:\/\/www.hedera-etc.com\/de\/product\/hedera-helix-dyinnii\/","title":{"rendered":"<em>Hedera helix<\/em> &lsquo;Dyinnii&rsquo; &#8211; Zier-Efeu"},"content":{"rendered":"<div data-elementor-type=\"product-post\" data-elementor-id=\"602\" class=\"elementor elementor-602\" data-elementor-post-type=\"product\">\n\t\t\t\t<div class=\"elementor-element elementor-element-512cac1 e-con-full e-flex e-con e-child\" data-id=\"512cac1\" data-element_type=\"container\">\n\t\t\t\t<div class=\"elementor-element elementor-element-10e9b031 elementor-widget elementor-widget-text-editor\" data-id=\"10e9b031\" data-element_type=\"widget\" data-widget_type=\"text-editor.default\">\n\t\t\t\t<div class=\"elementor-widget-container\">\n\t\t\t\t\t\t\t\t\t<h2><span style=\"color: #f0ffed;\">Der Zier-Efeu\u00a0 &#8211; Hedera helix &lsquo;Dyinnii&rsquo;<\/span><\/h2>\t\t\t\t\t\t\t\t<\/div>\n\t\t\t\t<\/div>\n\t\t\t\t<\/div>\n\t\t<div class=\"elementor-element elementor-element-3195780e e-flex e-con-boxed e-con e-parent\" data-id=\"3195780e\" data-element_type=\"container\">\n\t\t\t\t\t<div class=\"e-con-inner\">\n\t\t<div class=\"elementor-element elementor-element-193db121 e-flex e-con-boxed e-con e-child\" data-id=\"193db121\" data-element_type=\"container\">\n\t\t\t\t\t<div class=\"e-con-inner\">\n\t\t\t\t<div class=\"elementor-element elementor-element-2e8e80f2 elementor-widget elementor-widget-heading\" data-id=\"2e8e80f2\" data-element_type=\"widget\" data-widget_type=\"heading.default\">\n\t\t\t\t<div class=\"elementor-widget-container\">\n\t\t\t\t\t<h2 class=\"elementor-heading-title elementor-size-default\">Zusammenfassend<\/h2>\t\t\t\t<\/div>\n\t\t\t\t<\/div>\n\t\t\t\t<div class=\"elementor-element elementor-element-72d9a8f elementor-widget elementor-widget-text-editor\" data-id=\"72d9a8f\" data-element_type=\"widget\" data-widget_type=\"text-editor.default\">\n\t\t\t\t<div class=\"elementor-widget-container\">\n\t\t\t\t\t\t\t\t\t<p>Zier-Efeu, <strong><em>Hedera helix<\/em> &lsquo;Dyinnii&rsquo;<\/strong>, Die Pflanze hat lange, kr\u00e4ftige St\u00e4ngel mit Miniaturbl\u00e4ttern.<\/p><p>Das Laub besteht aus drei Lappen, die nach vorne gerichtet sind. Der mittlere Lappen der Bl\u00e4tter ist doppelt so lang wie die anderen. Die Blattspreite ist mittelgr\u00fcn bis dunkelgr\u00fcn.<\/p><p>Dies ist ein Efeu, der eine sch\u00f6ne Blattdichte mit mittelgro\u00dfen Internodien aufweist. Er eignet sich gut in T\u00f6pfen als Gr\u00fcnpflanze oder in gesch\u00fctzten Bereichen als Bodendecker.<\/p>\t\t\t\t\t\t\t\t<\/div>\n\t\t\t\t<\/div>\n\t\t\t\t<div class=\"elementor-element elementor-element-2a8e2352 elementor-widget elementor-widget-heading\" data-id=\"2a8e2352\" data-element_type=\"widget\" data-widget_type=\"heading.default\">\n\t\t\t\t<div class=\"elementor-widget-container\">\n\t\t\t\t\t<h2 class=\"elementor-heading-title elementor-size-default\">Geschichte<\/h2>\t\t\t\t<\/div>\n\t\t\t\t<\/div>\n\t\t\t\t<div class=\"elementor-element elementor-element-64cc3f49 elementor-widget elementor-widget-text-editor\" data-id=\"64cc3f49\" data-element_type=\"widget\" data-widget_type=\"text-editor.default\">\n\t\t\t\t<div class=\"elementor-widget-container\">\n\t\t\t\t\t\t\t\t\t<p>Diese Sorte wurde 2005 von Cees van Ostaayen, Niederlande, entdeckt.<\/p>\t\t\t\t\t\t\t\t<\/div>\n\t\t\t\t<\/div>\n\t\t\t\t<div class=\"elementor-element elementor-element-6b5fee37 elementor-widget elementor-widget-heading\" data-id=\"6b5fee37\" data-element_type=\"widget\" data-widget_type=\"heading.default\">\n\t\t\t\t<div class=\"elementor-widget-container\">\n\t\t\t\t\t<h2 class=\"elementor-heading-title elementor-size-default\">Technisches Datenblatt - Hedera helix 'Dyinnii'<\/h2>\t\t\t\t<\/div>\n\t\t\t\t<\/div>\n\t\t\t\t<div class=\"elementor-element elementor-element-2b7038d8 elementor-widget elementor-widget-text-editor\" data-id=\"2b7038d8\" data-element_type=\"widget\" data-widget_type=\"text-editor.default\">\n\t\t\t\t<div class=\"elementor-widget-container\">\n\t\t\t\t\t\t\t\t\t<h3>Botanische Informationen<\/h3><ul><li>Familie: Araliaceae<\/li><li>Gattung : <em><strong>Hedera<\/strong><\/em><\/li><li>Art : <em>helix<\/em><\/li><li>Anbauen : &lsquo;Dyinnii&rsquo;<\/li><li>Pierot-Klassifikation: Herzf\u00f6rmiger Efeu<\/li><li>Blattstadium: juvenil<\/li><li>Herkunft der Art: Europa, von Spanien bis Norwegen, jedoch kaum an der Atlantikk\u00fcste.<\/li><li>Herkunft des Kultivars :\u00a0<span style=\"font-family: Roboto, sans-serif; font-size: 18px; font-style: normal; font-variant-ligatures: normal; font-variant-caps: normal; font-weight: 400; background-color: #f8f8f7;\">2005 von Cees van Ostaayen, Niederlande, entdeckt.<\/span><\/li><\/ul><h3>\u00a0<\/h3><h3>Beschreibung von Hedera helix &lsquo;Dyinnii&rsquo;<\/h3><ul><li>Wuchs: B\u00fcschel<\/li><li>Anzahl der Blattlappen: in der Regel 3 Lappen<\/li><li>L\u00e4nge des Blattes: 2 cm<\/li><li>Breite des Blattes: 2 cm<\/li><li>Blattfarbe: mittelgr\u00fcn bis dunkelgr\u00fcn<\/li><li>Farbe der Rippen: mittelgr\u00fcn<\/li><li>Farbe Stiel und Blattstiel: gr\u00fcn-violett<\/li><li>L\u00e4nge des Blattstiels: weniger als 1 cm<\/li><li>Verzweigungen: gut verzweigt<\/li><li>Zwischenknoten: 1 cm<\/li><li>Haare: sternf\u00f6rmig, 3 bis 5 Arme<\/li><\/ul><h3>\u00a0<\/h3><h3>Tipps zu Pflanzung, Anbau und Pflege f\u00fcr Hedera helix &lsquo;Dyinnii&rsquo;<\/h3><ul><li>Standort: Schatten, Halbschatten, Sonne<\/li><li>Winterh\u00e4rte: -15\u00b0C<\/li><li>Bodenfeuchtigkeit: frischer Boden<\/li><li>PH-Wert des Bodens: neutral oder kalkhaltig<\/li><li>Bodenart: alle<\/li><li>Bodenreichtum: gew\u00f6hnlich oder humos<\/li><li>Verwendung: Bodendecker, T\u00f6pfe, Blumenk\u00e4sten<\/li><li>Entwicklung: kr\u00e4ftig<\/li><li>Beschneiden: einmal im Jahr<\/li><li>Sch\u00e4dlinge: sehr selten (Rote Spinne, Schildl\u00e4use)<\/li><li>Krankheiten: sehr selten (Flecken auf den Bl\u00e4ttern)<\/li><\/ul>\t\t\t\t\t\t\t\t<\/div>\n\t\t\t\t<\/div>\n\t\t\t\t\t<\/div>\n\t\t\t\t<\/div>\n\t\t\t\t\t<\/div>\n\t\t\t\t<\/div>\n\t\t<div class=\"elementor-element elementor-element-ed4e205 e-flex e-con-boxed e-con e-parent\" data-id=\"ed4e205\" data-element_type=\"container\">\n\t\t\t\t\t<div class=\"e-con-inner\">\n\t\t\t\t<div class=\"elementor-element elementor-element-aa538b0 elementor-widget elementor-widget-image\" data-id=\"aa538b0\" data-element_type=\"widget\" data-widget_type=\"image.default\">\n\t\t\t\t<div class=\"elementor-widget-container\">\n\t\t\t\t\t\t\t\t\t\t\t\t\t\t\t<img fetchpriority=\"high\" decoding=\"async\" width=\"1024\" height=\"146\" src=\"https:\/\/www.hedera-etc.com\/wp-content\/uploads\/2023\/10\/guirlande-1024x146.webp\" class=\"attachment-large size-large wp-image-116\" alt=\"La boutique du lierre - Efeu-Girlande\" srcset=\"https:\/\/www.hedera-etc.com\/wp-content\/uploads\/2023\/10\/guirlande-1024x146.webp 1024w, https:\/\/www.hedera-etc.com\/wp-content\/uploads\/2023\/10\/guirlande-900x129.webp 900w, https:\/\/www.hedera-etc.com\/wp-content\/uploads\/2023\/10\/guirlande-300x43.webp 300w, https:\/\/www.hedera-etc.com\/wp-content\/uploads\/2023\/10\/guirlande-768x110.webp 768w, https:\/\/www.hedera-etc.com\/wp-content\/uploads\/2023\/10\/guirlande.webp 1126w\" sizes=\"(max-width: 1024px) 100vw, 1024px\" \/>\t\t\t\t\t\t\t\t\t\t\t\t\t\t\t<\/div>\n\t\t\t\t<\/div>\n\t\t\t\t<div class=\"elementor-element elementor-element-52e4b657 elementor-widget elementor-widget-text-editor\" data-id=\"52e4b657\" data-element_type=\"widget\" data-widget_type=\"text-editor.default\">\n\t\t\t\t<div class=\"elementor-widget-container\">\n\t\t\t\t\t\t\t\t\t<h3 style=\"text-align: center;\"><span style=\"color: #008000;\">Efeu in der Literatur<\/span><\/h3><blockquote><p style=\"text-align: center;\"><span style=\"color: #993366;\">\u201cDer Efeu schien ein lebendiges Bild auf die verwitterten W\u00e4nde zu malen.<\/span><span style=\"color: #993366;\">\u201d<\/span><\/p><\/blockquote><h5 style=\"text-align: right;\"><strong>D.H. Lawrence<\/strong>, <em>Liebhaber und S\u00f6hne<\/em><\/h5>\t\t\t\t\t\t\t\t<\/div>\n\t\t\t\t<\/div>\n\t\t\t\t\t<\/div>\n\t\t\t\t<\/div>\n\t\t\t\t<\/div>","protected":false},"excerpt":{"rendered":"<p>Lange, kr\u00e4ftige St\u00e4ngel, die mit Miniaturbl\u00e4ttern besetzt sind.<\/p>\n<p>Das Blatt besteht aus drei nach vorne gerichteten Lappen. Mittlerer Blattlappen doppelt so lang wie die anderen... Mittelgr\u00fcne bis dunkelgr\u00fcne Blattspreite.<\/p>\n<p>Efeu, der eine sch\u00f6ne Blattdichte mit mittelgro\u00dfen Internodien aufweist. Eignet sich gut in T\u00f6pfen als Gr\u00fcnpflanze oder in gesch\u00fctzten Gebieten als Bodendecker.<\/p>","protected":false},"featured_media":14657,"comment_status":"open","ping_status":"closed","template":"","meta":{"_acf_changed":false,"ocean_post_layout":"","ocean_both_sidebars_style":"","ocean_both_sidebars_content_width":0,"ocean_both_sidebars_sidebars_width":0,"ocean_sidebar":"0","ocean_second_sidebar":"0","ocean_disable_margins":"enable","ocean_add_body_class":"","ocean_shortcode_before_top_bar":"","ocean_shortcode_after_top_bar":"","ocean_shortcode_before_header":"","ocean_shortcode_after_header":"","ocean_has_shortcode":"","ocean_shortcode_after_title":"","ocean_shortcode_before_footer_widgets":"","ocean_shortcode_after_footer_widgets":"","ocean_shortcode_before_footer_bottom":"","ocean_shortcode_after_footer_bottom":"","ocean_display_top_bar":"default","ocean_display_header":"default","ocean_header_style":"","ocean_center_header_left_menu":"0","ocean_custom_header_template":"0","ocean_custom_logo":0,"ocean_custom_retina_logo":0,"ocean_custom_logo_max_width":0,"ocean_custom_logo_tablet_max_width":0,"ocean_custom_logo_mobile_max_width":0,"ocean_custom_logo_max_height":0,"ocean_custom_logo_tablet_max_height":0,"ocean_custom_logo_mobile_max_height":0,"ocean_header_custom_menu":"0","ocean_menu_typo_font_family":"0","ocean_menu_typo_font_subset":"","ocean_menu_typo_font_size":0,"ocean_menu_typo_font_size_tablet":0,"ocean_menu_typo_font_size_mobile":0,"ocean_menu_typo_font_size_unit":"px","ocean_menu_typo_font_weight":"","ocean_menu_typo_font_weight_tablet":"","ocean_menu_typo_font_weight_mobile":"","ocean_menu_typo_transform":"","ocean_menu_typo_transform_tablet":"","ocean_menu_typo_transform_mobile":"","ocean_menu_typo_line_height":0,"ocean_menu_typo_line_height_tablet":0,"ocean_menu_typo_line_height_mobile":0,"ocean_menu_typo_line_height_unit":"","ocean_menu_typo_spacing":0,"ocean_menu_typo_spacing_tablet":0,"ocean_menu_typo_spacing_mobile":0,"ocean_menu_typo_spacing_unit":"","ocean_menu_link_color":"","ocean_menu_link_color_hover":"","ocean_menu_link_color_active":"","ocean_menu_link_background":"","ocean_menu_link_hover_background":"","ocean_menu_link_active_background":"","ocean_menu_social_links_bg":"","ocean_menu_social_hover_links_bg":"","ocean_menu_social_links_color":"","ocean_menu_social_hover_links_color":"","ocean_disable_title":"default","ocean_disable_heading":"default","ocean_post_title":"","ocean_post_subheading":"","ocean_post_title_style":"","ocean_post_title_background_color":"","ocean_post_title_background":0,"ocean_post_title_bg_image_position":"","ocean_post_title_bg_image_attachment":"","ocean_post_title_bg_image_repeat":"","ocean_post_title_bg_image_size":"","ocean_post_title_height":0,"ocean_post_title_bg_overlay":0.5,"ocean_post_title_bg_overlay_color":"","ocean_disable_breadcrumbs":"default","ocean_breadcrumbs_color":"","ocean_breadcrumbs_separator_color":"","ocean_breadcrumbs_links_color":"","ocean_breadcrumbs_links_hover_color":"","ocean_display_footer_widgets":"default","ocean_display_footer_bottom":"default","ocean_custom_footer_template":"0"},"product_brand":[],"product_cat":[134],"product_tag":[],"class_list":{"0":"post-602","1":"product","2":"type-product","3":"status-publish","4":"has-post-thumbnail","6":"product_cat-lierre","8":"entry","9":"has-media","11":"first","12":"instock","13":"purchasable","14":"product-type-variable","15":"has-default-attributes","16":"has-product-nav","17":"col","18":"span_1_of_4","19":"owp-content-center","20":"item-entry","21":"owp-thumbs-layout-horizontal","22":"owp-btn-normal","23":"owp-tabs-layout-section"},"acf":[],"jetpack_sharing_enabled":true,"_links":{"self":[{"href":"https:\/\/www.hedera-etc.com\/de\/wp-json\/wp\/v2\/product\/602","targetHints":{"allow":["GET"]}}],"collection":[{"href":"https:\/\/www.hedera-etc.com\/de\/wp-json\/wp\/v2\/product"}],"about":[{"href":"https:\/\/www.hedera-etc.com\/de\/wp-json\/wp\/v2\/types\/product"}],"replies":[{"embeddable":true,"href":"https:\/\/www.hedera-etc.com\/de\/wp-json\/wp\/v2\/comments?post=602"}],"version-history":[{"count":3,"href":"https:\/\/www.hedera-etc.com\/de\/wp-json\/wp\/v2\/product\/602\/revisions"}],"predecessor-version":[{"id":14659,"href":"https:\/\/www.hedera-etc.com\/de\/wp-json\/wp\/v2\/product\/602\/revisions\/14659"}],"wp:featuredmedia":[{"embeddable":true,"href":"https:\/\/www.hedera-etc.com\/de\/wp-json\/wp\/v2\/media\/14657"}],"wp:attachment":[{"href":"https:\/\/www.hedera-etc.com\/de\/wp-json\/wp\/v2\/media?parent=602"}],"wp:term":[{"taxonomy":"product_brand","embeddable":true,"href":"https:\/\/www.hedera-etc.com\/de\/wp-json\/wp\/v2\/product_brand?post=602"},{"taxonomy":"product_cat","embeddable":true,"href":"https:\/\/www.hedera-etc.com\/de\/wp-json\/wp\/v2\/product_cat?post=602"},{"taxonomy":"product_tag","embeddable":true,"href":"https:\/\/www.hedera-etc.com\/de\/wp-json\/wp\/v2\/product_tag?post=602"}],"curies":[{"name":"wp","href":"https:\/\/api.w.org\/{rel}","templated":true}]}}