{"id":963,"date":"2023-10-30T21:58:52","date_gmt":"2023-10-30T20:58:52","guid":{"rendered":"https:\/\/www.hedera-etc.com\/?post_type=product&#038;p=963"},"modified":"2026-04-28T07:09:28","modified_gmt":"2026-04-28T05:09:28","slug":"hedera-helix-lullingen","status":"publish","type":"product","link":"https:\/\/www.hedera-etc.com\/de\/product\/hedera-helix-lullingen\/","title":{"rendered":"<em>Hedera helix<\/em> &lsquo;Lullingen&rsquo; &#8211; Zier-Efeu"},"content":{"rendered":"<div data-elementor-type=\"product-post\" data-elementor-id=\"963\" class=\"elementor elementor-963\" data-elementor-post-type=\"product\">\n\t\t\t\t<div class=\"elementor-element elementor-element-30f49766 e-con-full e-flex e-con e-child\" data-id=\"30f49766\" data-element_type=\"container\">\n\t\t\t\t<div class=\"elementor-element elementor-element-3c9d5df5 elementor-widget elementor-widget-text-editor\" data-id=\"3c9d5df5\" data-element_type=\"widget\" data-widget_type=\"text-editor.default\">\n\t\t\t\t<div class=\"elementor-widget-container\">\n\t\t\t\t\t\t\t\t\t<h2><span style=\"color: #f0ffed;\">Der Zier-Efeu\u00a0 &#8211; Hedera helix &lsquo;Lullingen&rsquo;<\/span><\/h2>\t\t\t\t\t\t\t\t<\/div>\n\t\t\t\t<\/div>\n\t\t\t\t<\/div>\n\t\t<div class=\"elementor-element elementor-element-b4c408 e-flex e-con-boxed e-con e-parent\" data-id=\"b4c408\" data-element_type=\"container\">\n\t\t\t\t\t<div class=\"e-con-inner\">\n\t\t<div class=\"elementor-element elementor-element-75719b69 e-flex e-con-boxed e-con e-child\" data-id=\"75719b69\" data-element_type=\"container\">\n\t\t\t\t\t<div class=\"e-con-inner\">\n\t\t\t\t<div class=\"elementor-element elementor-element-601e94e6 elementor-widget elementor-widget-heading\" data-id=\"601e94e6\" data-element_type=\"widget\" data-widget_type=\"heading.default\">\n\t\t\t\t<div class=\"elementor-widget-container\">\n\t\t\t\t\t<h2 class=\"elementor-heading-title elementor-size-default\">Zusammenfassend<\/h2>\t\t\t\t<\/div>\n\t\t\t\t<\/div>\n\t\t\t\t<div class=\"elementor-element elementor-element-18cf9439 elementor-widget elementor-widget-text-editor\" data-id=\"18cf9439\" data-element_type=\"widget\" data-widget_type=\"text-editor.default\">\n\t\t\t\t<div class=\"elementor-widget-container\">\n\t\t\t\t\t\t\t\t\t<p>Zier-Efeu, <strong><em>Hedera helix<\/em> &lsquo;Lullingen&rsquo;<\/strong>, Die Bl\u00fctezeit der Bl\u00fctezeit ist die Zeit der Bl\u00fcte. Sie sind f\u00fcnf an der Zahl, haben eine stumpfe Spitze und sind grob gezahnt.<\/p>\n<p>Die Blattspreite ist mattgr\u00fcn. Sie nimmt sch\u00f6ne Herbst- und Winterf\u00e4rbungen an.<\/p>\n<p>Sie ist eine kompakte Pflanze, die langsam w\u00e4chst und wenig verzweigt ist. Man kann sie als Bodendecker oder als Kletterpflanze verwenden.<\/p>\t\t\t\t\t\t\t\t<\/div>\n\t\t\t\t<\/div>\n\t\t\t\t<div class=\"elementor-element elementor-element-65c2caf3 elementor-widget elementor-widget-heading\" data-id=\"65c2caf3\" data-element_type=\"widget\" data-widget_type=\"heading.default\">\n\t\t\t\t<div class=\"elementor-widget-container\">\n\t\t\t\t\t<h2 class=\"elementor-heading-title elementor-size-default\">Geschichte<\/h2>\t\t\t\t<\/div>\n\t\t\t\t<\/div>\n\t\t\t\t<div class=\"elementor-element elementor-element-256877d0 elementor-widget elementor-widget-text-editor\" data-id=\"256877d0\" data-element_type=\"widget\" data-widget_type=\"text-editor.default\">\n\t\t\t\t<div class=\"elementor-widget-container\">\n\t\t\t\t\t\t\t\t\t<p>Diese Sorte wurde von Mario Hollmann von der Deutschen Efeugesellschaft auf einem Pflanzenmarkt in Lullingen entdeckt.<\/p>\t\t\t\t\t\t\t\t<\/div>\n\t\t\t\t<\/div>\n\t\t\t\t<div class=\"elementor-element elementor-element-6240492c elementor-widget elementor-widget-heading\" data-id=\"6240492c\" data-element_type=\"widget\" data-widget_type=\"heading.default\">\n\t\t\t\t<div class=\"elementor-widget-container\">\n\t\t\t\t\t<h2 class=\"elementor-heading-title elementor-size-default\">Technisches Datenblatt - Hedera helix 'Lullingen'<\/h2>\t\t\t\t<\/div>\n\t\t\t\t<\/div>\n\t\t\t\t<div class=\"elementor-element elementor-element-4d5510e6 elementor-widget elementor-widget-text-editor\" data-id=\"4d5510e6\" data-element_type=\"widget\" data-widget_type=\"text-editor.default\">\n\t\t\t\t<div class=\"elementor-widget-container\">\n\t\t\t\t\t\t\t\t\t<h3>Botanische Informationen<\/h3><ul><li>Familie: Araliaceae<\/li><li>Gattung : <em><strong>Hedera<\/strong><\/em><\/li><li>Art : <em>helix<\/em><\/li><li>Anbauen : &lsquo;Lullingen&rsquo;<\/li><li>Pierot-Klassifikation: Efeu mit wellig-gekr\u00e4uselten Bl\u00e4ttern<\/li><li>Blattstadium: juvenil<\/li><li>Herkunft der Art: Europa, von Spanien bis Norwegen, jedoch kaum an der Atlantikk\u00fcste.<\/li><li>Ursprung der Sorte: entdeckt von Mario Hollmann von der Deutschen Efeugesellschaft auf einem Pflanzenmarkt in Lullingen<\/li><\/ul><h3>\u00a0<\/h3><h3>Beschreibung von Hedera helix &lsquo;Lullingen&rsquo;<\/h3><ul><li>Port: kompakt<\/li><li>Anzahl der Lappen: in der Regel 5 Lappen<\/li><li>L\u00e4nge des Blattes: 5 cm<\/li><li>Breite des Blattes: 5 cm<\/li><li>Blattform: stark zerschnitten<\/li><li>Blattfarbe: mattgr\u00fcn<\/li><li>Farbe der Rippen: hellgr\u00fcn<\/li><li>Farbe Stiel und Blattstiel: Purpurgr\u00fcn<\/li><li>L\u00e4nge des Blattstiels: bis zu 7 cm<\/li><li>Verzweigungen: wenig verzweigt<\/li><li>Dicke der Matratze: wenig dick<\/li><li>Zwischenknoten: 5 cm<\/li><li>Haare: sternf\u00f6rmig, 3 bis 5 Arme<\/li><\/ul><h3>\u00a0<\/h3><h3>Tipps zu Pflanzung, Anbau und Pflege f\u00fcr Hedera helix &lsquo;Lullingen&rsquo;<\/h3><ul><li>Standort: Schatten, Halbschatten, Sonne<\/li><li>Winterh\u00e4rte: -15\u00b0C<\/li><li>Bodenfeuchtigkeit: frischer Boden<\/li><li>PH-Wert des Bodens: neutral oder kalkhaltig<\/li><li>Bodenart: alle<\/li><li>Bodenreichtum: gew\u00f6hnlich oder humos<\/li><li>Verwendung: Bodendecker, Kletterer, K\u00fcbel, Blumenk\u00e4sten<\/li><li>Entwicklung: langsam<\/li><li>Beschneiden: einmal im Jahr<\/li><li>Sch\u00e4dlinge: sehr selten (Rote Spinne, Schildl\u00e4use)<\/li><li>Krankheiten: sehr selten (Flecken auf den Bl\u00e4ttern)<\/li><\/ul>\t\t\t\t\t\t\t\t<\/div>\n\t\t\t\t<\/div>\n\t\t\t\t\t<\/div>\n\t\t\t\t<\/div>\n\t\t\t\t\t<\/div>\n\t\t\t\t<\/div>\n\t\t<div class=\"elementor-element elementor-element-16a6357c e-flex e-con-boxed e-con e-parent\" data-id=\"16a6357c\" data-element_type=\"container\">\n\t\t\t\t\t<div class=\"e-con-inner\">\n\t\t\t\t<div class=\"elementor-element elementor-element-71d5f0d9 elementor-widget elementor-widget-image\" data-id=\"71d5f0d9\" data-element_type=\"widget\" data-widget_type=\"image.default\">\n\t\t\t\t<div class=\"elementor-widget-container\">\n\t\t\t\t\t\t\t\t\t\t\t\t\t\t\t<img fetchpriority=\"high\" decoding=\"async\" width=\"1024\" height=\"146\" src=\"https:\/\/www.hedera-etc.com\/wp-content\/uploads\/2023\/10\/guirlande-1024x146.webp\" class=\"attachment-large size-large wp-image-116\" alt=\"La boutique du lierre - Efeu-Girlande\" srcset=\"https:\/\/www.hedera-etc.com\/wp-content\/uploads\/2023\/10\/guirlande-1024x146.webp 1024w, https:\/\/www.hedera-etc.com\/wp-content\/uploads\/2023\/10\/guirlande-900x129.webp 900w, https:\/\/www.hedera-etc.com\/wp-content\/uploads\/2023\/10\/guirlande-300x43.webp 300w, https:\/\/www.hedera-etc.com\/wp-content\/uploads\/2023\/10\/guirlande-768x110.webp 768w, https:\/\/www.hedera-etc.com\/wp-content\/uploads\/2023\/10\/guirlande.webp 1126w\" sizes=\"(max-width: 1024px) 100vw, 1024px\" \/>\t\t\t\t\t\t\t\t\t\t\t\t\t\t\t<\/div>\n\t\t\t\t<\/div>\n\t\t\t\t<div class=\"elementor-element elementor-element-2a1e9edb elementor-widget elementor-widget-text-editor\" data-id=\"2a1e9edb\" data-element_type=\"widget\" data-widget_type=\"text-editor.default\">\n\t\t\t\t<div class=\"elementor-widget-container\">\n\t\t\t\t\t\t\t\t\t<h3 style=\"text-align: center;\"><span style=\"color: #008000;\">Efeu in der Literatur<\/span><\/h3><blockquote><p style=\"text-align: center;\"><span style=\"color: #993366;\">\u201cDer tiefgr\u00fcne, hartn\u00e4ckige Efeu verdeckte die grauen Steine des Geb\u00e4udes fast vollst\u00e4ndig.\u00bb<\/span><\/p><\/blockquote><h5 style=\"text-align: right;\"><strong>Thomas Hardy<\/strong>, <em>Unter den B\u00e4umen<\/em><\/h5>\t\t\t\t\t\t\t\t<\/div>\n\t\t\t\t<\/div>\n\t\t\t\t\t<\/div>\n\t\t\t\t<\/div>\n\t\t\t\t<\/div>","protected":false},"excerpt":{"rendered":"<p>Hat die Besonderheit, dass die Lappen \u00e4hnlich gro\u00df sind, 5 an der Zahl, mit stumpfer Spitze und grob gez\u00e4hnt.<\/p>\n<p>Mattgr\u00fcne Blattspreite.<\/p>\n<p>Kompakte Pflanze, die langsam w\u00e4chst und wenig verzweigt ist. Als Bodendecker oder Kletterpflanze verwendbar.<\/p>","protected":false},"featured_media":10020,"comment_status":"open","ping_status":"closed","template":"","meta":{"_acf_changed":false,"ocean_post_layout":"","ocean_both_sidebars_style":"","ocean_both_sidebars_content_width":0,"ocean_both_sidebars_sidebars_width":0,"ocean_sidebar":"0","ocean_second_sidebar":"0","ocean_disable_margins":"enable","ocean_add_body_class":"","ocean_shortcode_before_top_bar":"","ocean_shortcode_after_top_bar":"","ocean_shortcode_before_header":"","ocean_shortcode_after_header":"","ocean_has_shortcode":"","ocean_shortcode_after_title":"","ocean_shortcode_before_footer_widgets":"","ocean_shortcode_after_footer_widgets":"","ocean_shortcode_before_footer_bottom":"","ocean_shortcode_after_footer_bottom":"","ocean_display_top_bar":"default","ocean_display_header":"default","ocean_header_style":"","ocean_center_header_left_menu":"0","ocean_custom_header_template":"0","ocean_custom_logo":0,"ocean_custom_retina_logo":0,"ocean_custom_logo_max_width":0,"ocean_custom_logo_tablet_max_width":0,"ocean_custom_logo_mobile_max_width":0,"ocean_custom_logo_max_height":0,"ocean_custom_logo_tablet_max_height":0,"ocean_custom_logo_mobile_max_height":0,"ocean_header_custom_menu":"0","ocean_menu_typo_font_family":"0","ocean_menu_typo_font_subset":"","ocean_menu_typo_font_size":0,"ocean_menu_typo_font_size_tablet":0,"ocean_menu_typo_font_size_mobile":0,"ocean_menu_typo_font_size_unit":"px","ocean_menu_typo_font_weight":"","ocean_menu_typo_font_weight_tablet":"","ocean_menu_typo_font_weight_mobile":"","ocean_menu_typo_transform":"","ocean_menu_typo_transform_tablet":"","ocean_menu_typo_transform_mobile":"","ocean_menu_typo_line_height":0,"ocean_menu_typo_line_height_tablet":0,"ocean_menu_typo_line_height_mobile":0,"ocean_menu_typo_line_height_unit":"","ocean_menu_typo_spacing":0,"ocean_menu_typo_spacing_tablet":0,"ocean_menu_typo_spacing_mobile":0,"ocean_menu_typo_spacing_unit":"","ocean_menu_link_color":"","ocean_menu_link_color_hover":"","ocean_menu_link_color_active":"","ocean_menu_link_background":"","ocean_menu_link_hover_background":"","ocean_menu_link_active_background":"","ocean_menu_social_links_bg":"","ocean_menu_social_hover_links_bg":"","ocean_menu_social_links_color":"","ocean_menu_social_hover_links_color":"","ocean_disable_title":"default","ocean_disable_heading":"default","ocean_post_title":"","ocean_post_subheading":"","ocean_post_title_style":"","ocean_post_title_background_color":"","ocean_post_title_background":0,"ocean_post_title_bg_image_position":"","ocean_post_title_bg_image_attachment":"","ocean_post_title_bg_image_repeat":"","ocean_post_title_bg_image_size":"","ocean_post_title_height":0,"ocean_post_title_bg_overlay":0.5,"ocean_post_title_bg_overlay_color":"","ocean_disable_breadcrumbs":"default","ocean_breadcrumbs_color":"","ocean_breadcrumbs_separator_color":"","ocean_breadcrumbs_links_color":"","ocean_breadcrumbs_links_hover_color":"","ocean_display_footer_widgets":"default","ocean_display_footer_bottom":"default","ocean_custom_footer_template":"0"},"product_brand":[],"product_cat":[134],"product_tag":[],"class_list":{"0":"post-963","1":"product","2":"type-product","3":"status-publish","4":"has-post-thumbnail","6":"product_cat-lierre","8":"entry","9":"has-media","11":"first","12":"instock","13":"purchasable","14":"product-type-variable","15":"has-default-attributes","16":"has-product-nav","17":"col","18":"span_1_of_4","19":"owp-content-center","20":"item-entry","21":"owp-thumbs-layout-horizontal","22":"owp-btn-normal","23":"owp-tabs-layout-section"},"acf":[],"jetpack_sharing_enabled":true,"_links":{"self":[{"href":"https:\/\/www.hedera-etc.com\/de\/wp-json\/wp\/v2\/product\/963","targetHints":{"allow":["GET"]}}],"collection":[{"href":"https:\/\/www.hedera-etc.com\/de\/wp-json\/wp\/v2\/product"}],"about":[{"href":"https:\/\/www.hedera-etc.com\/de\/wp-json\/wp\/v2\/types\/product"}],"replies":[{"embeddable":true,"href":"https:\/\/www.hedera-etc.com\/de\/wp-json\/wp\/v2\/comments?post=963"}],"version-history":[{"count":6,"href":"https:\/\/www.hedera-etc.com\/de\/wp-json\/wp\/v2\/product\/963\/revisions"}],"predecessor-version":[{"id":15422,"href":"https:\/\/www.hedera-etc.com\/de\/wp-json\/wp\/v2\/product\/963\/revisions\/15422"}],"wp:featuredmedia":[{"embeddable":true,"href":"https:\/\/www.hedera-etc.com\/de\/wp-json\/wp\/v2\/media\/10020"}],"wp:attachment":[{"href":"https:\/\/www.hedera-etc.com\/de\/wp-json\/wp\/v2\/media?parent=963"}],"wp:term":[{"taxonomy":"product_brand","embeddable":true,"href":"https:\/\/www.hedera-etc.com\/de\/wp-json\/wp\/v2\/product_brand?post=963"},{"taxonomy":"product_cat","embeddable":true,"href":"https:\/\/www.hedera-etc.com\/de\/wp-json\/wp\/v2\/product_cat?post=963"},{"taxonomy":"product_tag","embeddable":true,"href":"https:\/\/www.hedera-etc.com\/de\/wp-json\/wp\/v2\/product_tag?post=963"}],"curies":[{"name":"wp","href":"https:\/\/api.w.org\/{rel}","templated":true}]}}