{"id":4699,"date":"2024-04-13T22:43:34","date_gmt":"2024-04-13T20:43:34","guid":{"rendered":"https:\/\/www.hedera-etc.com\/?page_id=4699"},"modified":"2024-12-16T09:18:49","modified_gmt":"2024-12-16T08:18:49","slug":"lierre-a-feuillage-panache-jaune","status":"publish","type":"page","link":"https:\/\/www.hedera-etc.com\/it\/lierre-a-feuillage-panache-jaune\/","title":{"rendered":"Edera con fogliame giallo variegato"},"content":{"rendered":"<div data-elementor-type=\"wp-page\" data-elementor-id=\"4699\" class=\"elementor elementor-4699\" data-elementor-post-type=\"page\">\n\t\t\t\t<div class=\"elementor-element elementor-element-e9317a6 e-flex e-con-boxed e-con e-parent\" data-id=\"e9317a6\" data-element_type=\"container\">\n\t\t\t\t\t<div class=\"e-con-inner\">\n\t\t\t\t<div class=\"elementor-element elementor-element-0b98e62 elementor-widget elementor-widget-image\" data-id=\"0b98e62\" data-element_type=\"widget\" data-widget_type=\"image.default\">\n\t\t\t\t<div class=\"elementor-widget-container\">\n\t\t\t\t\t\t\t\t\t\t\t\t\t\t\t<img decoding=\"async\" src=\"https:\/\/www.hedera-etc.com\/wp-content\/uploads\/elementor\/thumbs\/Hedera-helix-Goldheart-rljuphmci6lusn2a4oc93cten6wklx4trscfiusuxs.webp\" title=\"Hedera helix \u2018Goldheart\u2019\" alt=\"Hedera helix &#039;Goldheart&#039;\" loading=\"lazy\" \/>\t\t\t\t\t\t\t\t\t\t\t\t\t\t\t<\/div>\n\t\t\t\t<\/div>\n\t\t\t\t\t<\/div>\n\t\t\t\t<\/div>\n\t\t<div class=\"elementor-element elementor-element-c5f0651 e-flex e-con-boxed e-con e-parent\" data-id=\"c5f0651\" data-element_type=\"container\">\n\t\t\t\t\t<div class=\"e-con-inner\">\n\t\t\t\t<div class=\"elementor-element elementor-element-1609d76 elementor-widget elementor-widget-text-editor\" data-id=\"1609d76\" data-element_type=\"widget\" data-widget_type=\"text-editor.default\">\n\t\t\t\t<div class=\"elementor-widget-container\">\n\t\t\t\t\t\t\t\t\t<p>Le Ivie con fogliame giallo variegato sono ottime per ravvivare un angolo buio del giardino. Ma alcune di esse hanno bisogno di sole o di luce per mantenere la loro variegatura gialla. Inoltre, a seconda della variet\u00e0, la variegatura gialla pu\u00f2 essere permanente o presente soprattutto in alcune stagioni.\u00a0<span style=\"font-family: Roboto, sans-serif; font-size: 23px; font-style: normal; font-variant-ligatures: normal; font-variant-caps: normal; font-weight: 400; color: var( --e-global-color-text );\">Verificate le informazioni riportate di seguito per essere sicuri di aver fatto la scelta giusta. Sono disponibili quasi 70 variet\u00e0 di edera gialla.<\/span><\/p>\t\t\t\t\t\t\t\t<\/div>\n\t\t\t\t<\/div>\n\t\t\t\t\t<\/div>\n\t\t\t\t<\/div>\n\t\t<div class=\"elementor-element elementor-element-491a162 e-flex e-con-boxed e-con e-parent\" data-id=\"491a162\" data-element_type=\"container\">\n\t\t\t\t\t<div class=\"e-con-inner\">\n\t\t\t\t<div class=\"elementor-element elementor-element-81b0b8e elementor-grid-3 elementor-grid-tablet-2 elementor-grid-mobile-1 elementor-posts--thumbnail-top elementor-widget elementor-widget-posts\" data-id=\"81b0b8e\" data-element_type=\"widget\" data-settings=\"{&quot;pagination_type&quot;:&quot;load_more_infinite_scroll&quot;,&quot;classic_columns&quot;:&quot;3&quot;,&quot;classic_columns_tablet&quot;:&quot;2&quot;,&quot;classic_columns_mobile&quot;:&quot;1&quot;,&quot;classic_row_gap&quot;:{&quot;unit&quot;:&quot;px&quot;,&quot;size&quot;:35,&quot;sizes&quot;:[]},&quot;classic_row_gap_tablet&quot;:{&quot;unit&quot;:&quot;px&quot;,&quot;size&quot;:&quot;&quot;,&quot;sizes&quot;:[]},&quot;classic_row_gap_mobile&quot;:{&quot;unit&quot;:&quot;px&quot;,&quot;size&quot;:&quot;&quot;,&quot;sizes&quot;:[]},&quot;load_more_spinner&quot;:{&quot;value&quot;:&quot;fas fa-spinner&quot;,&quot;library&quot;:&quot;fa-solid&quot;}}\" data-widget_type=\"posts.classic\">\n\t\t\t\t<div class=\"elementor-widget-container\">\n\t\t\t\t\t\t\t<div class=\"elementor-posts-container elementor-posts elementor-posts--skin-classic elementor-grid\">\n\t\t\t\t<article class=\"elementor-post elementor-grid-item post-17894 product type-product status-publish has-post-thumbnail product_cat-lierre entry has-media first instock purchasable product-type-variable has-default-attributes has-product-nav col span_1_of_4 owp-content-center item-entry owp-thumbs-layout-horizontal owp-btn-normal owp-tabs-layout-section\">\n\t\t\t\t<a class=\"elementor-post__thumbnail__link\" href=\"https:\/\/www.hedera-etc.com\/it\/product\/hedera-rhombea-submarginata\/\" tabindex=\"-1\" target=\"&quot;_blank&quot;\">\n\t\t\t<div class=\"elementor-post__thumbnail\"><img fetchpriority=\"high\" decoding=\"async\" width=\"300\" height=\"225\" src=\"https:\/\/www.hedera-etc.com\/wp-content\/uploads\/2025\/12\/Submarginata_Birkerhof_Parz99_Zaun09-20131211-300x225.webp\" class=\"attachment-medium size-medium wp-image-17898\" alt=\"Hedera rhombea &#039;Submarginata&#039;\" srcset=\"https:\/\/www.hedera-etc.com\/wp-content\/uploads\/2025\/12\/Submarginata_Birkerhof_Parz99_Zaun09-20131211-300x225.webp 300w, https:\/\/www.hedera-etc.com\/wp-content\/uploads\/2025\/12\/Submarginata_Birkerhof_Parz99_Zaun09-20131211-900x675.webp 900w, https:\/\/www.hedera-etc.com\/wp-content\/uploads\/2025\/12\/Submarginata_Birkerhof_Parz99_Zaun09-20131211-1024x768.webp 1024w, https:\/\/www.hedera-etc.com\/wp-content\/uploads\/2025\/12\/Submarginata_Birkerhof_Parz99_Zaun09-20131211-768x576.webp 768w, https:\/\/www.hedera-etc.com\/wp-content\/uploads\/2025\/12\/Submarginata_Birkerhof_Parz99_Zaun09-20131211-1536x1152.webp 1536w, https:\/\/www.hedera-etc.com\/wp-content\/uploads\/2025\/12\/Submarginata_Birkerhof_Parz99_Zaun09-20131211.webp 1920w, https:\/\/www.hedera-etc.com\/wp-content\/uploads\/2025\/12\/Submarginata_Birkerhof_Parz99_Zaun09-20131211-1320x990.webp 1320w\" sizes=\"(max-width: 300px) 100vw, 300px\" \/><\/div>\n\t\t<\/a>\n\t\t\t\t<div class=\"elementor-post__text\">\n\t\t\t\t<h3 class=\"elementor-post__title\">\n\t\t\t<a href=\"https:\/\/www.hedera-etc.com\/it\/product\/hedera-rhombea-submarginata\/\" target=\"&quot;_blank&quot;\">\n\t\t\t\t<em>Hedera rhombea<\/em> &lsquo;Submarginata&rsquo; &#8211; Edera giapponese\t\t\t<\/a>\n\t\t<\/h3>\n\t\t\t\t<div class=\"elementor-post__excerpt\">\n\t\t\t<p>Edera giapponese con foglie quasi rotonde o allungate, appuntite<\/p> <p>Lama di colore verde-grigio-bluastro al centro, pi\u00f9 fortemente colorata\t\t<\/div>\n\t\t\n\t\t<a class=\"elementor-post__read-more\" href=\"https:\/\/www.hedera-etc.com\/it\/product\/hedera-rhombea-submarginata\/\" aria-label=\"Leggi tutto &lt;em&gt;Hedera rhombea&lt;\/em&gt; &lsquo;Submarginata&rsquo; &#8211; Lierre du Japon\" tabindex=\"-1\" target=\"_blank\">\n\t\t\tPer saperne di pi\u00f9 \u00bb\t\t<\/a>\n\n\t\t\t\t<\/div>\n\t\t\t\t<\/article>\n\t\t\t\t<article class=\"elementor-post elementor-grid-item post-1505 product type-product status-publish has-post-thumbnail product_cat-lierre entry has-media  outofstock product-type-variable has-default-attributes has-product-nav col span_1_of_4 owp-content-center item-entry owp-thumbs-layout-horizontal owp-btn-normal owp-tabs-layout-section has-no-thumbnails\">\n\t\t\t\t<a class=\"elementor-post__thumbnail__link\" href=\"https:\/\/www.hedera-etc.com\/it\/product\/hedera-rhombea-submarginata-arborescens\/\" tabindex=\"-1\" target=\"&quot;_blank&quot;\">\n\t\t\t<div class=\"elementor-post__thumbnail\"><img decoding=\"async\" width=\"300\" height=\"225\" src=\"https:\/\/www.hedera-etc.com\/wp-content\/uploads\/2023\/11\/Hedera-rhombea-Submarginata-Arborescens-300x225.webp\" class=\"attachment-medium size-medium wp-image-18450\" alt=\"Hedera rhombea &#039;Submarginata Arborescens&#039;\" srcset=\"https:\/\/www.hedera-etc.com\/wp-content\/uploads\/2023\/11\/Hedera-rhombea-Submarginata-Arborescens-300x225.webp 300w, https:\/\/www.hedera-etc.com\/wp-content\/uploads\/2023\/11\/Hedera-rhombea-Submarginata-Arborescens-1024x768.webp 1024w, https:\/\/www.hedera-etc.com\/wp-content\/uploads\/2023\/11\/Hedera-rhombea-Submarginata-Arborescens-768x576.webp 768w, https:\/\/www.hedera-etc.com\/wp-content\/uploads\/2023\/11\/Hedera-rhombea-Submarginata-Arborescens-1536x1152.webp 1536w, https:\/\/www.hedera-etc.com\/wp-content\/uploads\/2023\/11\/Hedera-rhombea-Submarginata-Arborescens-16x12.webp 16w, https:\/\/www.hedera-etc.com\/wp-content\/uploads\/2023\/11\/Hedera-rhombea-Submarginata-Arborescens-1320x990.webp 1320w, https:\/\/www.hedera-etc.com\/wp-content\/uploads\/2023\/11\/Hedera-rhombea-Submarginata-Arborescens-900x675.webp 900w, https:\/\/www.hedera-etc.com\/wp-content\/uploads\/2023\/11\/Hedera-rhombea-Submarginata-Arborescens.webp 1920w\" sizes=\"(max-width: 300px) 100vw, 300px\" \/><\/div>\n\t\t<\/a>\n\t\t\t\t<div class=\"elementor-post__text\">\n\t\t\t\t<h3 class=\"elementor-post__title\">\n\t\t\t<a href=\"https:\/\/www.hedera-etc.com\/it\/product\/hedera-rhombea-submarginata-arborescens\/\" target=\"&quot;_blank&quot;\">\n\t\t\t\t<em>Hedera rhombea<\/em> &lsquo;Submarginata Arborescens&rsquo; &#8211; Edera giapponese\t\t\t<\/a>\n\t\t<\/h3>\n\t\t\t\t<div class=\"elementor-post__excerpt\">\n\t\t\t<p>Edera a crescita lenta. Gli steli portano foglie asimmetriche screziate di verde scuro e grigio-verde.<\/p> <p>Forma un piccolo\t\t<\/div>\n\t\t\n\t\t<a class=\"elementor-post__read-more\" href=\"https:\/\/www.hedera-etc.com\/it\/product\/hedera-rhombea-submarginata-arborescens\/\" aria-label=\"Leggi tutto *Hedera rhombea* \u2018Submarginata Arborescens\u2019 - Lierre du Japon\" tabindex=\"-1\" target=\"_blank\">\n\t\t\tPer saperne di pi\u00f9 \u00bb\t\t<\/a>\n\n\t\t\t\t<\/div>\n\t\t\t\t<\/article>\n\t\t\t\t<article class=\"elementor-post elementor-grid-item post-17800 product type-product status-publish has-post-thumbnail product_cat-lierre entry has-media  instock purchasable product-type-variable has-default-attributes has-product-nav col span_1_of_4 owp-content-center item-entry owp-thumbs-layout-horizontal owp-btn-normal owp-tabs-layout-section\">\n\t\t\t\t<a class=\"elementor-post__thumbnail__link\" href=\"https:\/\/www.hedera-etc.com\/it\/product\/hedera-rhombea-eastern-dawn\/\" tabindex=\"-1\" target=\"&quot;_blank&quot;\">\n\t\t\t<div class=\"elementor-post__thumbnail\"><img decoding=\"async\" width=\"300\" height=\"225\" src=\"https:\/\/www.hedera-etc.com\/wp-content\/uploads\/2025\/12\/Hedera-rhombea-Eastern-Dawn_3-300x225.webp\" class=\"attachment-medium size-medium wp-image-17805\" alt=\"Hedera rhombea &#039;Eastern Dawn&#039;\" srcset=\"https:\/\/www.hedera-etc.com\/wp-content\/uploads\/2025\/12\/Hedera-rhombea-Eastern-Dawn_3-300x225.webp 300w, https:\/\/www.hedera-etc.com\/wp-content\/uploads\/2025\/12\/Hedera-rhombea-Eastern-Dawn_3-900x676.webp 900w, https:\/\/www.hedera-etc.com\/wp-content\/uploads\/2025\/12\/Hedera-rhombea-Eastern-Dawn_3-1024x769.webp 1024w, https:\/\/www.hedera-etc.com\/wp-content\/uploads\/2025\/12\/Hedera-rhombea-Eastern-Dawn_3-768x576.webp 768w, https:\/\/www.hedera-etc.com\/wp-content\/uploads\/2025\/12\/Hedera-rhombea-Eastern-Dawn_3-1536x1153.webp 1536w, https:\/\/www.hedera-etc.com\/wp-content\/uploads\/2025\/12\/Hedera-rhombea-Eastern-Dawn_3-1320x991.webp 1320w, https:\/\/www.hedera-etc.com\/wp-content\/uploads\/2025\/12\/Hedera-rhombea-Eastern-Dawn_3.webp 1600w\" sizes=\"(max-width: 300px) 100vw, 300px\" \/><\/div>\n\t\t<\/a>\n\t\t\t\t<div class=\"elementor-post__text\">\n\t\t\t\t<h3 class=\"elementor-post__title\">\n\t\t\t<a href=\"https:\/\/www.hedera-etc.com\/it\/product\/hedera-rhombea-eastern-dawn\/\" target=\"&quot;_blank&quot;\">\n\t\t\t\t<em>Hedera rhombea<\/em> &lsquo;Eastern Dawn&rsquo; &#8211; Edera giapponese\t\t\t<\/a>\n\t\t<\/h3>\n\t\t\t\t<div class=\"elementor-post__excerpt\">\n\t\t\t<p>Edera giapponese con foglie spruzzate di giallo-verde e venate di giallo, soprattutto se posta alla luce del sole.<\/p> <p>La lama della foglia\t\t<\/div>\n\t\t\n\t\t<a class=\"elementor-post__read-more\" href=\"https:\/\/www.hedera-etc.com\/it\/product\/hedera-rhombea-eastern-dawn\/\" aria-label=\"Leggi tutto &lt;em&gt;Hedera rhombea&lt;\/em&gt; &lsquo;Eastern Dawn&rsquo; &#8211; Lierre du Japon\" tabindex=\"-1\" target=\"_blank\">\n\t\t\tPer saperne di pi\u00f9 \u00bb\t\t<\/a>\n\n\t\t\t\t<\/div>\n\t\t\t\t<\/article>\n\t\t\t\t<article class=\"elementor-post elementor-grid-item post-17865 product type-product status-publish has-post-thumbnail product_cat-lierre entry has-media last outofstock product-type-variable has-default-attributes has-product-nav col span_1_of_4 owp-content-center item-entry owp-thumbs-layout-horizontal owp-btn-normal owp-tabs-layout-section\">\n\t\t\t\t<a class=\"elementor-post__thumbnail__link\" href=\"https:\/\/www.hedera-etc.com\/it\/product\/hedera-maroccana-limalai\/\" tabindex=\"-1\" target=\"&quot;_blank&quot;\">\n\t\t\t<div class=\"elementor-post__thumbnail\"><img loading=\"lazy\" decoding=\"async\" width=\"300\" height=\"225\" src=\"https:\/\/www.hedera-etc.com\/wp-content\/uploads\/2025\/12\/Hedera-maroccana-Limalai-300x225.webp\" class=\"attachment-medium size-medium wp-image-17870\" alt=\"Hedera maroccana &#039;Limalai&#039;\" srcset=\"https:\/\/www.hedera-etc.com\/wp-content\/uploads\/2025\/12\/Hedera-maroccana-Limalai-300x225.webp 300w, https:\/\/www.hedera-etc.com\/wp-content\/uploads\/2025\/12\/Hedera-maroccana-Limalai-900x675.webp 900w, https:\/\/www.hedera-etc.com\/wp-content\/uploads\/2025\/12\/Hedera-maroccana-Limalai-1024x768.webp 1024w, https:\/\/www.hedera-etc.com\/wp-content\/uploads\/2025\/12\/Hedera-maroccana-Limalai-768x576.webp 768w, https:\/\/www.hedera-etc.com\/wp-content\/uploads\/2025\/12\/Hedera-maroccana-Limalai-1536x1152.webp 1536w, https:\/\/www.hedera-etc.com\/wp-content\/uploads\/2025\/12\/Hedera-maroccana-Limalai-1320x990.webp 1320w, https:\/\/www.hedera-etc.com\/wp-content\/uploads\/2025\/12\/Hedera-maroccana-Limalai.webp 1600w\" sizes=\"(max-width: 300px) 100vw, 300px\" \/><\/div>\n\t\t<\/a>\n\t\t\t\t<div class=\"elementor-post__text\">\n\t\t\t\t<h3 class=\"elementor-post__title\">\n\t\t\t<a href=\"https:\/\/www.hedera-etc.com\/it\/product\/hedera-maroccana-limalai\/\" target=\"&quot;_blank&quot;\">\n\t\t\t\t<em>Hedera maroccana<\/em> &lsquo;Limalai&rsquo; &#8211; Edera del Marocco\t\t\t<\/a>\n\t\t<\/h3>\n\t\t\t\t<div class=\"elementor-post__excerpt\">\n\t\t\t<p>Edera del Marocco in pieno sole, dove i contrasti tra le variegature sono pi\u00f9 accentuati.<\/p> <p>Centro della foglia verde scuro,\t\t<\/div>\n\t\t\n\t\t<a class=\"elementor-post__read-more\" href=\"https:\/\/www.hedera-etc.com\/it\/product\/hedera-maroccana-limalai\/\" aria-label=\"Leggi tutto &lt;em&gt;Hedera maroccana&lt;\/em&gt; &lsquo;Limalai&rsquo; &#8211; Lierre du Maroc\" tabindex=\"-1\" target=\"_blank\">\n\t\t\tPer saperne di pi\u00f9 \u00bb\t\t<\/a>\n\n\t\t\t\t<\/div>\n\t\t\t\t<\/article>\n\t\t\t\t<article class=\"elementor-post elementor-grid-item post-3789 product type-product status-publish has-post-thumbnail product_cat-lierre entry has-media first instock purchasable product-type-variable has-default-attributes has-product-nav col span_1_of_4 owp-content-center item-entry owp-thumbs-layout-horizontal owp-btn-normal owp-tabs-layout-section\">\n\t\t\t\t<a class=\"elementor-post__thumbnail__link\" href=\"https:\/\/www.hedera-etc.com\/it\/product\/hedera-maroccana-ederalai\/\" tabindex=\"-1\" target=\"&quot;_blank&quot;\">\n\t\t\t<div class=\"elementor-post__thumbnail\"><img loading=\"lazy\" decoding=\"async\" width=\"300\" height=\"225\" src=\"https:\/\/www.hedera-etc.com\/wp-content\/uploads\/2024\/01\/Hedera-marocana-Ederalai-300x225.webp\" class=\"attachment-medium size-medium wp-image-3790\" alt=\"Hedera maroccana &#039;Ederala\u00ef&#039; (Ederalai)&#039;\" srcset=\"https:\/\/www.hedera-etc.com\/wp-content\/uploads\/2024\/01\/Hedera-marocana-Ederalai-300x225.webp 300w, https:\/\/www.hedera-etc.com\/wp-content\/uploads\/2024\/01\/Hedera-marocana-Ederalai-900x675.webp 900w, https:\/\/www.hedera-etc.com\/wp-content\/uploads\/2024\/01\/Hedera-marocana-Ederalai-768x576.webp 768w, https:\/\/www.hedera-etc.com\/wp-content\/uploads\/2024\/01\/Hedera-marocana-Ederalai.webp 1024w\" sizes=\"(max-width: 300px) 100vw, 300px\" \/><\/div>\n\t\t<\/a>\n\t\t\t\t<div class=\"elementor-post__text\">\n\t\t\t\t<h3 class=\"elementor-post__title\">\n\t\t\t<a href=\"https:\/\/www.hedera-etc.com\/it\/product\/hedera-maroccana-ederalai\/\" target=\"&quot;_blank&quot;\">\n\t\t\t\t<em>Hedera maroccana<\/em> &lsquo;Ederalai&rsquo; &#8211; Edera del Marocco\t\t\t<\/a>\n\t\t<\/h3>\n\t\t\t\t<div class=\"elementor-post__excerpt\">\n\t\t\t<p>Una mutazione recente, scoperta da Inaki Garmendia in un giardino dei Paesi Baschi spagnoli. Ederalai\u2018 \u00e8 la concrezione di due parole\t\t<\/div>\n\t\t\n\t\t<a class=\"elementor-post__read-more\" href=\"https:\/\/www.hedera-etc.com\/it\/product\/hedera-maroccana-ederalai\/\" aria-label=\"Leggi tutto &lt;em&gt;Hedera maroccana&lt;\/em&gt; &lsquo;Ederalai&rsquo; &#8211; lierre du Maroc\" tabindex=\"-1\" target=\"_blank\">\n\t\t\tPer saperne di pi\u00f9 \u00bb\t\t<\/a>\n\n\t\t\t\t<\/div>\n\t\t\t\t<\/article>\n\t\t\t\t<article class=\"elementor-post elementor-grid-item post-3782 product type-product status-publish has-post-thumbnail product_cat-lierre entry has-media  instock product-type-variable has-default-attributes has-product-nav col span_1_of_4 owp-content-center item-entry owp-thumbs-layout-horizontal owp-btn-normal owp-tabs-layout-section\">\n\t\t\t\t<a class=\"elementor-post__thumbnail__link\" href=\"https:\/\/www.hedera-etc.com\/it\/product\/hedera-maroccana-alhaja\/\" tabindex=\"-1\" target=\"&quot;_blank&quot;\">\n\t\t\t<div class=\"elementor-post__thumbnail\"><img loading=\"lazy\" decoding=\"async\" width=\"300\" height=\"225\" src=\"https:\/\/www.hedera-etc.com\/wp-content\/uploads\/2024\/01\/Hedera-maroccana-Alhaja-300x225.webp\" class=\"attachment-medium size-medium wp-image-13130\" alt=\"Hedera maroccana &#039;Alhaja&#039;\" srcset=\"https:\/\/www.hedera-etc.com\/wp-content\/uploads\/2024\/01\/Hedera-maroccana-Alhaja-300x225.webp 300w, https:\/\/www.hedera-etc.com\/wp-content\/uploads\/2024\/01\/Hedera-maroccana-Alhaja-768x575.webp 768w, https:\/\/www.hedera-etc.com\/wp-content\/uploads\/2024\/01\/Hedera-maroccana-Alhaja.webp 900w\" sizes=\"(max-width: 300px) 100vw, 300px\" \/><\/div>\n\t\t<\/a>\n\t\t\t\t<div class=\"elementor-post__text\">\n\t\t\t\t<h3 class=\"elementor-post__title\">\n\t\t\t<a href=\"https:\/\/www.hedera-etc.com\/it\/product\/hedera-maroccana-alhaja\/\" target=\"&quot;_blank&quot;\">\n\t\t\t\t<em>Hedera maroccana<\/em> &lsquo;Alhaja&rsquo; &#8211; Edera del Marocco\t\t\t<\/a>\n\t\t<\/h3>\n\t\t\t\t<div class=\"elementor-post__excerpt\">\n\t\t\t<p>Una recente mutazione scoperta da I\u00f1aki Garmendia in un giardino dei Paesi Baschi spagnoli. \u201cAlhaja\u201d \u00e8 una parola spagnola di origine\t\t<\/div>\n\t\t\n\t\t<a class=\"elementor-post__read-more\" href=\"https:\/\/www.hedera-etc.com\/it\/product\/hedera-maroccana-alhaja\/\" aria-label=\"Leggi tutto &lt;em&gt;Hedera maroccana&lt;\/em&gt; &lsquo;Alhaja&rsquo; &#8211; Lierre du Maroc\" tabindex=\"-1\" target=\"_blank\">\n\t\t\tPer saperne di pi\u00f9 \u00bb\t\t<\/a>\n\n\t\t\t\t<\/div>\n\t\t\t\t<\/article>\n\t\t\t\t<article class=\"elementor-post elementor-grid-item post-1848 product type-product status-publish has-post-thumbnail product_cat-lierre entry has-media  instock purchasable product-type-variable has-default-attributes has-product-nav col span_1_of_4 owp-content-center item-entry owp-thumbs-layout-horizontal owp-btn-normal owp-tabs-layout-section has-no-thumbnails\">\n\t\t\t\t<a class=\"elementor-post__thumbnail__link\" href=\"https:\/\/www.hedera-etc.com\/it\/product\/hedera-hibernica-tesselata\/\" tabindex=\"-1\" target=\"&quot;_blank&quot;\">\n\t\t\t<div class=\"elementor-post__thumbnail\"><img loading=\"lazy\" decoding=\"async\" width=\"300\" height=\"225\" src=\"https:\/\/www.hedera-etc.com\/wp-content\/uploads\/2023\/11\/Hedera-hibernica-Tesselata-300x225.webp\" class=\"attachment-medium size-medium wp-image-1849\" alt=\"Hedera hibernica &#039;Tesselata&#039;\" srcset=\"https:\/\/www.hedera-etc.com\/wp-content\/uploads\/2023\/11\/Hedera-hibernica-Tesselata-300x225.webp 300w, https:\/\/www.hedera-etc.com\/wp-content\/uploads\/2023\/11\/Hedera-hibernica-Tesselata-768x575.webp 768w, https:\/\/www.hedera-etc.com\/wp-content\/uploads\/2023\/11\/Hedera-hibernica-Tesselata.webp 800w\" sizes=\"(max-width: 300px) 100vw, 300px\" \/><\/div>\n\t\t<\/a>\n\t\t\t\t<div class=\"elementor-post__text\">\n\t\t\t\t<h3 class=\"elementor-post__title\">\n\t\t\t<a href=\"https:\/\/www.hedera-etc.com\/it\/product\/hedera-hibernica-tesselata\/\" target=\"&quot;_blank&quot;\">\n\t\t\t\t<em>Hedera hibernica<\/em> &lsquo;Tesselata&rsquo; &#8211; Edera d'Irlanda\t\t\t<\/a>\n\t\t<\/h3>\n\t\t\t\t<div class=\"elementor-post__excerpt\">\n\t\t\t<p>Variet\u00e0 vigorosa con fogliame piccolo, grigio-verde con venature bianche.<\/p> <p>In primavera, il fogliame si illumina di un giallo pallido che\t\t<\/div>\n\t\t\n\t\t<a class=\"elementor-post__read-more\" href=\"https:\/\/www.hedera-etc.com\/it\/product\/hedera-hibernica-tesselata\/\" aria-label=\"Leggi tutto *Hedera hibernica* \u2018Tesselata\u2019 \u2013 L&#039;edera d&#039;Irlanda\" tabindex=\"-1\" target=\"_blank\">\n\t\t\tPer saperne di pi\u00f9 \u00bb\t\t<\/a>\n\n\t\t\t\t<\/div>\n\t\t\t\t<\/article>\n\t\t\t\t<article class=\"elementor-post elementor-grid-item post-17818 product type-product status-publish has-post-thumbnail product_cat-lierre entry has-media last instock purchasable product-type-variable has-default-attributes has-product-nav col span_1_of_4 owp-content-center item-entry owp-thumbs-layout-horizontal owp-btn-normal owp-tabs-layout-section\">\n\t\t\t\t<a class=\"elementor-post__thumbnail__link\" href=\"https:\/\/www.hedera-etc.com\/it\/product\/hedera-hibernica-sulphurea-adulte\/\" tabindex=\"-1\" target=\"&quot;_blank&quot;\">\n\t\t\t<div class=\"elementor-post__thumbnail\"><img loading=\"lazy\" decoding=\"async\" width=\"300\" height=\"225\" src=\"https:\/\/www.hedera-etc.com\/wp-content\/uploads\/2025\/12\/Hedera-hibernica-Sulphurea-adulte-300x225.webp\" class=\"attachment-medium size-medium wp-image-17823\" alt=\"Hedera hibernica &#039;Sulphurea&#039; adulta\" srcset=\"https:\/\/www.hedera-etc.com\/wp-content\/uploads\/2025\/12\/Hedera-hibernica-Sulphurea-adulte-300x225.webp 300w, https:\/\/www.hedera-etc.com\/wp-content\/uploads\/2025\/12\/Hedera-hibernica-Sulphurea-adulte-900x675.webp 900w, https:\/\/www.hedera-etc.com\/wp-content\/uploads\/2025\/12\/Hedera-hibernica-Sulphurea-adulte-1024x768.webp 1024w, https:\/\/www.hedera-etc.com\/wp-content\/uploads\/2025\/12\/Hedera-hibernica-Sulphurea-adulte-768x576.jpg 768w, https:\/\/www.hedera-etc.com\/wp-content\/uploads\/2025\/12\/Hedera-hibernica-Sulphurea-adulte-1536x1152.jpg 1536w, https:\/\/www.hedera-etc.com\/wp-content\/uploads\/2025\/12\/Hedera-hibernica-Sulphurea-adulte-1320x990.jpg 1320w, https:\/\/www.hedera-etc.com\/wp-content\/uploads\/2025\/12\/Hedera-hibernica-Sulphurea-adulte.webp 1600w\" sizes=\"(max-width: 300px) 100vw, 300px\" \/><\/div>\n\t\t<\/a>\n\t\t\t\t<div class=\"elementor-post__text\">\n\t\t\t\t<h3 class=\"elementor-post__title\">\n\t\t\t<a href=\"https:\/\/www.hedera-etc.com\/it\/product\/hedera-hibernica-sulphurea-adulte\/\" target=\"&quot;_blank&quot;\">\n\t\t\t\t<em>Hedera hibernica<\/em> &lsquo;Sulphurea&rsquo; adulta\t\t\t<\/a>\n\t\t<\/h3>\n\t\t\t\t<div class=\"elementor-post__excerpt\">\n\t\t\t<p>Edera arbustiva, foglie concave segnate da grandi macchie di colore verde chiaro o verde-giallo, in particolare sui margini.<\/p> <p>Lama quasi rotonda\t\t<\/div>\n\t\t\n\t\t<a class=\"elementor-post__read-more\" href=\"https:\/\/www.hedera-etc.com\/it\/product\/hedera-hibernica-sulphurea-adulte\/\" aria-label=\"Leggi tutto &lt;em&gt;Hedera hibernica&lt;\/em&gt; &lsquo;Sulphurea&rsquo; adulte\" tabindex=\"-1\" target=\"_blank\">\n\t\t\tPer saperne di pi\u00f9 \u00bb\t\t<\/a>\n\n\t\t\t\t<\/div>\n\t\t\t\t<\/article>\n\t\t\t\t<article class=\"elementor-post elementor-grid-item post-1841 product type-product status-publish has-post-thumbnail product_cat-lierre entry has-media first instock purchasable product-type-variable has-default-attributes has-product-nav col span_1_of_4 owp-content-center item-entry owp-thumbs-layout-horizontal owp-btn-normal owp-tabs-layout-section\">\n\t\t\t\t<a class=\"elementor-post__thumbnail__link\" href=\"https:\/\/www.hedera-etc.com\/it\/product\/hedera-hibernica-sulphurea\/\" tabindex=\"-1\" target=\"&quot;_blank&quot;\">\n\t\t\t<div class=\"elementor-post__thumbnail\"><img loading=\"lazy\" decoding=\"async\" width=\"300\" height=\"225\" src=\"https:\/\/www.hedera-etc.com\/wp-content\/uploads\/2023\/11\/Hedera-hibernica-Sulphurea-300x225.webp\" class=\"attachment-medium size-medium wp-image-1842\" alt=\"Hedera hibernica &#039;Sulphurea&#039; (Hedera hibernica &#039;Sulphurea&#039;)&#039;\" srcset=\"https:\/\/www.hedera-etc.com\/wp-content\/uploads\/2023\/11\/Hedera-hibernica-Sulphurea-300x225.webp 300w, https:\/\/www.hedera-etc.com\/wp-content\/uploads\/2023\/11\/Hedera-hibernica-Sulphurea-900x675.webp 900w, https:\/\/www.hedera-etc.com\/wp-content\/uploads\/2023\/11\/Hedera-hibernica-Sulphurea-768x576.webp 768w, https:\/\/www.hedera-etc.com\/wp-content\/uploads\/2023\/11\/Hedera-hibernica-Sulphurea.webp 1024w\" sizes=\"(max-width: 300px) 100vw, 300px\" \/><\/div>\n\t\t<\/a>\n\t\t\t\t<div class=\"elementor-post__text\">\n\t\t\t\t<h3 class=\"elementor-post__title\">\n\t\t\t<a href=\"https:\/\/www.hedera-etc.com\/it\/product\/hedera-hibernica-sulphurea\/\" target=\"&quot;_blank&quot;\">\n\t\t\t\t<em>Hedera hibernica<\/em> &lsquo;Sulphurea&rsquo; &#8211; Edera d'Irlanda\t\t\t<\/a>\n\t\t<\/h3>\n\t\t\t\t<div class=\"elementor-post__excerpt\">\n\t\t\t<p>Fogliame asimmetrico, a volte rotondo, a volte lobato con margini leggermente ondulati.<\/p> <p>Foglia grande, screziata di verde chiaro e grigio-verde con\t\t<\/div>\n\t\t\n\t\t<a class=\"elementor-post__read-more\" href=\"https:\/\/www.hedera-etc.com\/it\/product\/hedera-hibernica-sulphurea\/\" aria-label=\"Leggi tutto &lt;em&gt;Hedera hibernica&lt;\/em&gt; \u2018Sulphurea\u2019 \u2013 Edera d&#039;Irlanda\" tabindex=\"-1\" target=\"_blank\">\n\t\t\tPer saperne di pi\u00f9 \u00bb\t\t<\/a>\n\n\t\t\t\t<\/div>\n\t\t\t\t<\/article>\n\t\t\t\t<article class=\"elementor-post elementor-grid-item post-3649 product type-product status-publish has-post-thumbnail product_cat-lierre entry has-media  instock purchasable product-type-variable has-default-attributes has-product-nav col span_1_of_4 owp-content-center item-entry owp-thumbs-layout-horizontal owp-btn-normal owp-tabs-layout-section\">\n\t\t\t\t<a class=\"elementor-post__thumbnail__link\" href=\"https:\/\/www.hedera-etc.com\/it\/product\/hedera-hibernica-harlequin\/\" tabindex=\"-1\" target=\"&quot;_blank&quot;\">\n\t\t\t<div class=\"elementor-post__thumbnail\"><img loading=\"lazy\" decoding=\"async\" width=\"300\" height=\"225\" src=\"https:\/\/www.hedera-etc.com\/wp-content\/uploads\/2023\/11\/Hedera-hibernica-Harlequin_2-1-300x225.webp\" class=\"attachment-medium size-medium wp-image-12288\" alt=\"Hedera hibernica &#039;Harlequin&#039;\" srcset=\"https:\/\/www.hedera-etc.com\/wp-content\/uploads\/2023\/11\/Hedera-hibernica-Harlequin_2-1-300x225.webp 300w, https:\/\/www.hedera-etc.com\/wp-content\/uploads\/2023\/11\/Hedera-hibernica-Harlequin_2-1-900x675.webp 900w, https:\/\/www.hedera-etc.com\/wp-content\/uploads\/2023\/11\/Hedera-hibernica-Harlequin_2-1-1024x768.webp 1024w, https:\/\/www.hedera-etc.com\/wp-content\/uploads\/2023\/11\/Hedera-hibernica-Harlequin_2-1-768x576.webp 768w, https:\/\/www.hedera-etc.com\/wp-content\/uploads\/2023\/11\/Hedera-hibernica-Harlequin_2-1-1536x1152.webp 1536w, https:\/\/www.hedera-etc.com\/wp-content\/uploads\/2023\/11\/Hedera-hibernica-Harlequin_2-1-1320x990.webp 1320w, https:\/\/www.hedera-etc.com\/wp-content\/uploads\/2023\/11\/Hedera-hibernica-Harlequin_2-1.webp 1600w\" sizes=\"(max-width: 300px) 100vw, 300px\" \/><\/div>\n\t\t<\/a>\n\t\t\t\t<div class=\"elementor-post__text\">\n\t\t\t\t<h3 class=\"elementor-post__title\">\n\t\t\t<a href=\"https:\/\/www.hedera-etc.com\/it\/product\/hedera-hibernica-harlequin\/\" target=\"&quot;_blank&quot;\">\n\t\t\t\t<em>Hedera hibernica<\/em> &lsquo;Harlequin&rsquo; &#8211; Edera d'Irlanda\t\t\t<\/a>\n\t\t<\/h3>\n\t\t\t\t<div class=\"elementor-post__excerpt\">\n\t\t\t<p>Edera stranamente variegata.<\/p> <p>Il fogliame \u00e8 variegato, a volte spruzzato, a volte mezzo giallo. Alcune sono addirittura completamente verdi o color crema. In poche parole,\t\t<\/div>\n\t\t\n\t\t<a class=\"elementor-post__read-more\" href=\"https:\/\/www.hedera-etc.com\/it\/product\/hedera-hibernica-harlequin\/\" aria-label=\"Leggi tutto &lt;em&gt;Hedera hibernica&lt;\/em&gt; &lsquo;Harlequin&rsquo; &#8211; Lierre d&rsquo;Irlande\" tabindex=\"-1\" target=\"_blank\">\n\t\t\tPer saperne di pi\u00f9 \u00bb\t\t<\/a>\n\n\t\t\t\t<\/div>\n\t\t\t\t<\/article>\n\t\t\t\t<article class=\"elementor-post elementor-grid-item post-17659 product type-product status-publish has-post-thumbnail product_cat-lierre entry has-media  instock shipping-taxable purchasable product-type-variable has-default-attributes has-product-nav col span_1_of_4 owp-content-center item-entry owp-thumbs-layout-horizontal owp-btn-normal owp-tabs-layout-section\">\n\t\t\t\t<a class=\"elementor-post__thumbnail__link\" href=\"https:\/\/www.hedera-etc.com\/it\/product\/hedera-hibernica-atlanti\/\" tabindex=\"-1\" target=\"&quot;_blank&quot;\">\n\t\t\t<div class=\"elementor-post__thumbnail\"><img loading=\"lazy\" decoding=\"async\" width=\"300\" height=\"225\" src=\"https:\/\/www.hedera-etc.com\/wp-content\/uploads\/2025\/12\/Hedera-hibernica-Atlanti_2_1-300x225.webp\" class=\"attachment-medium size-medium wp-image-17662\" alt=\"Hedera hibernica &#039;Atlanti&#039;\" srcset=\"https:\/\/www.hedera-etc.com\/wp-content\/uploads\/2025\/12\/Hedera-hibernica-Atlanti_2_1-300x225.webp 300w, https:\/\/www.hedera-etc.com\/wp-content\/uploads\/2025\/12\/Hedera-hibernica-Atlanti_2_1-900x675.webp 900w, https:\/\/www.hedera-etc.com\/wp-content\/uploads\/2025\/12\/Hedera-hibernica-Atlanti_2_1-1024x768.webp 1024w, https:\/\/www.hedera-etc.com\/wp-content\/uploads\/2025\/12\/Hedera-hibernica-Atlanti_2_1-768x576.webp 768w, https:\/\/www.hedera-etc.com\/wp-content\/uploads\/2025\/12\/Hedera-hibernica-Atlanti_2_1-1536x1152.webp 1536w, https:\/\/www.hedera-etc.com\/wp-content\/uploads\/2025\/12\/Hedera-hibernica-Atlanti_2_1-1320x990.webp 1320w, https:\/\/www.hedera-etc.com\/wp-content\/uploads\/2025\/12\/Hedera-hibernica-Atlanti_2_1.webp 1600w\" sizes=\"(max-width: 300px) 100vw, 300px\" \/><\/div>\n\t\t<\/a>\n\t\t\t\t<div class=\"elementor-post__text\">\n\t\t\t\t<h3 class=\"elementor-post__title\">\n\t\t\t<a href=\"https:\/\/www.hedera-etc.com\/it\/product\/hedera-hibernica-atlanti\/\" target=\"&quot;_blank&quot;\">\n\t\t\t\t<em>Hedera hibernica<\/em> &lsquo;Atlanti&rsquo; &#8211; Edera d'Irlanda\t\t\t<\/a>\n\t\t<\/h3>\n\t\t\t\t<div class=\"elementor-post__excerpt\">\n\t\t\t<p>Edera irlandese con foglie delicatamente illuminate da macule chiare intorno alle venature.<\/p> <p>Lama formata da 3 lobi con seni piuttosto grandi\t\t<\/div>\n\t\t\n\t\t<a class=\"elementor-post__read-more\" href=\"https:\/\/www.hedera-etc.com\/it\/product\/hedera-hibernica-atlanti\/\" aria-label=\"Leggi tutto &lt;em&gt;Hedera hibernica&lt;\/em&gt; &lsquo;Atlanti&rsquo; &#8211; lierre d&rsquo;Irlande\" tabindex=\"-1\" target=\"_blank\">\n\t\t\tPer saperne di pi\u00f9 \u00bb\t\t<\/a>\n\n\t\t\t\t<\/div>\n\t\t\t\t<\/article>\n\t\t\t\t<article class=\"elementor-post elementor-grid-item post-93 product type-product status-publish has-post-thumbnail product_cat-lierre entry has-media last outofstock product-type-variable has-default-attributes has-product-nav col span_1_of_4 owp-content-center item-entry owp-thumbs-layout-horizontal owp-btn-normal owp-tabs-layout-section\">\n\t\t\t\t<a class=\"elementor-post__thumbnail__link\" href=\"https:\/\/www.hedera-etc.com\/it\/product\/hedera-hibernica-angularis-aurea\/\" tabindex=\"-1\" target=\"&quot;_blank&quot;\">\n\t\t\t<div class=\"elementor-post__thumbnail\"><img loading=\"lazy\" decoding=\"async\" width=\"300\" height=\"224\" src=\"https:\/\/www.hedera-etc.com\/wp-content\/uploads\/2023\/10\/Hedera-hibernica-Angularis-Aurea-1-300x224.webp\" class=\"attachment-medium size-medium wp-image-11879\" alt=\"Hedera hibernica &#039;Angularis Aurea&#039;\" srcset=\"https:\/\/www.hedera-etc.com\/wp-content\/uploads\/2023\/10\/Hedera-hibernica-Angularis-Aurea-1-300x224.webp 300w, https:\/\/www.hedera-etc.com\/wp-content\/uploads\/2023\/10\/Hedera-hibernica-Angularis-Aurea-1-768x574.webp 768w, https:\/\/www.hedera-etc.com\/wp-content\/uploads\/2023\/10\/Hedera-hibernica-Angularis-Aurea-1.webp 900w\" sizes=\"(max-width: 300px) 100vw, 300px\" \/><\/div>\n\t\t<\/a>\n\t\t\t\t<div class=\"elementor-post__text\">\n\t\t\t\t<h3 class=\"elementor-post__title\">\n\t\t\t<a href=\"https:\/\/www.hedera-etc.com\/it\/product\/hedera-hibernica-angularis-aurea\/\" target=\"&quot;_blank&quot;\">\n\t\t\t\t<em>Hedera hibernica<\/em> \u2018Angularis Aurea\u2019 \u2013 Edera irlandese variegata\t\t\t<\/a>\n\t\t<\/h3>\n\t\t\t\t<div class=\"elementor-post__excerpt\">\n\t\t\t<p>Un rampicante originale e vigoroso che ravviva un vecchio muro o un tronco d'albero.<\/p> <p>Lobi, in numero di tre, angolari da dove\t\t<\/div>\n\t\t\n\t\t<a class=\"elementor-post__read-more\" href=\"https:\/\/www.hedera-etc.com\/it\/product\/hedera-hibernica-angularis-aurea\/\" aria-label=\"Leggi tutto &lt;em&gt;Hedera hibernica&lt;\/em&gt; \u2018Angularis Aurea\u2019 \u2013 Edera d&#039;Irlanda variegata\" tabindex=\"-1\" target=\"_blank\">\n\t\t\tPer saperne di pi\u00f9 \u00bb\t\t<\/a>\n\n\t\t\t\t<\/div>\n\t\t\t\t<\/article>\n\t\t\t\t<article class=\"elementor-post elementor-grid-item post-1690 product type-product status-publish has-post-thumbnail product_cat-lierre entry has-media first instock purchasable product-type-variable has-default-attributes has-product-nav col span_1_of_4 owp-content-center item-entry owp-thumbs-layout-horizontal owp-btn-normal owp-tabs-layout-section\">\n\t\t\t\t<a class=\"elementor-post__thumbnail__link\" href=\"https:\/\/www.hedera-etc.com\/it\/product\/hedera-helix-yumin\/\" tabindex=\"-1\" target=\"&quot;_blank&quot;\">\n\t\t\t<div class=\"elementor-post__thumbnail\"><img loading=\"lazy\" decoding=\"async\" width=\"300\" height=\"225\" src=\"https:\/\/www.hedera-etc.com\/wp-content\/uploads\/2023\/11\/Hedera-helix-Yumin-300x225.webp\" class=\"attachment-medium size-medium wp-image-15291\" alt=\"Hedera helix &#039;Yumin&#039;\" srcset=\"https:\/\/www.hedera-etc.com\/wp-content\/uploads\/2023\/11\/Hedera-helix-Yumin-300x225.webp 300w, https:\/\/www.hedera-etc.com\/wp-content\/uploads\/2023\/11\/Hedera-helix-Yumin-768x576.webp 768w, https:\/\/www.hedera-etc.com\/wp-content\/uploads\/2023\/11\/Hedera-helix-Yumin.webp 900w\" sizes=\"(max-width: 300px) 100vw, 300px\" \/><\/div>\n\t\t<\/a>\n\t\t\t\t<div class=\"elementor-post__text\">\n\t\t\t\t<h3 class=\"elementor-post__title\">\n\t\t\t<a href=\"https:\/\/www.hedera-etc.com\/it\/product\/hedera-helix-yumin\/\" target=\"&quot;_blank&quot;\">\n\t\t\t\t<em>Hedera helix<\/em> &lsquo;Yumin&rsquo;- Edera ornamentale\t\t\t<\/a>\n\t\t<\/h3>\n\t\t\t\t<div class=\"elementor-post__excerpt\">\n\t\t\t<p>Pianta tozza con fusti ben ramificati. Foglie trilobate, con la parte centrale sporgente. Lobi a volte ben arrotondati alla base e\t\t<\/div>\n\t\t\n\t\t<a class=\"elementor-post__read-more\" href=\"https:\/\/www.hedera-etc.com\/it\/product\/hedera-helix-yumin\/\" aria-label=\"Leggere tutto &lt;em&gt;Hedera helix&lt;\/em&gt; \u2018Yumin\u2019 - Edera ornamentale\" tabindex=\"-1\" target=\"_blank\">\n\t\t\tPer saperne di pi\u00f9 \u00bb\t\t<\/a>\n\n\t\t\t\t<\/div>\n\t\t\t\t<\/article>\n\t\t\t\t<article class=\"elementor-post elementor-grid-item post-1681 product type-product status-publish has-post-thumbnail product_cat-lierre entry has-media  instock purchasable product-type-variable has-default-attributes has-product-nav col span_1_of_4 owp-content-center item-entry owp-thumbs-layout-horizontal owp-btn-normal owp-tabs-layout-section has-no-thumbnails\">\n\t\t\t\t<a class=\"elementor-post__thumbnail__link\" href=\"https:\/\/www.hedera-etc.com\/it\/product\/hedera-helix-yellow-mist\/\" tabindex=\"-1\" target=\"&quot;_blank&quot;\">\n\t\t\t<div class=\"elementor-post__thumbnail\"><img loading=\"lazy\" decoding=\"async\" width=\"300\" height=\"222\" src=\"https:\/\/www.hedera-etc.com\/wp-content\/uploads\/2023\/11\/Hedera-helix-Yellow-Mist-300x222.webp\" class=\"attachment-medium size-medium wp-image-13975\" alt=\"Hedera helix &#039;Yellow Mist&#039;\" srcset=\"https:\/\/www.hedera-etc.com\/wp-content\/uploads\/2023\/11\/Hedera-helix-Yellow-Mist-300x222.webp 300w, https:\/\/www.hedera-etc.com\/wp-content\/uploads\/2023\/11\/Hedera-helix-Yellow-Mist-900x667.webp 900w, https:\/\/www.hedera-etc.com\/wp-content\/uploads\/2023\/11\/Hedera-helix-Yellow-Mist-768x569.webp 768w, https:\/\/www.hedera-etc.com\/wp-content\/uploads\/2023\/11\/Hedera-helix-Yellow-Mist.webp 911w\" sizes=\"(max-width: 300px) 100vw, 300px\" \/><\/div>\n\t\t<\/a>\n\t\t\t\t<div class=\"elementor-post__text\">\n\t\t\t\t<h3 class=\"elementor-post__title\">\n\t\t\t<a href=\"https:\/\/www.hedera-etc.com\/it\/product\/hedera-helix-yellow-mist\/\" target=\"&quot;_blank&quot;\">\n\t\t\t\t<em>Hedera helix<\/em> &lsquo;Yellow Mist&rsquo;- Edera ornamentale\t\t\t<\/a>\n\t\t<\/h3>\n\t\t\t\t<div class=\"elementor-post__excerpt\">\n\t\t\t<p>Edera scarsamente ramificata con steli rossi che portano foglie larghe con una macula centrale giallo-verde.<\/p> <p>Composto da 3 a 5\t\t<\/div>\n\t\t\n\t\t<a class=\"elementor-post__read-more\" href=\"https:\/\/www.hedera-etc.com\/it\/product\/hedera-helix-yellow-mist\/\" aria-label=\"Leggi tutto &lt;em&gt;Hedera helix&lt;\/em&gt; \u2018Yellow Mist\u2019 - Edera ornamentale\" tabindex=\"-1\" target=\"_blank\">\n\t\t\tPer saperne di pi\u00f9 \u00bb\t\t<\/a>\n\n\t\t\t\t<\/div>\n\t\t\t\t<\/article>\n\t\t\t\t<article class=\"elementor-post elementor-grid-item post-2162 product type-product status-publish has-post-thumbnail product_cat-lierre entry has-media  instock purchasable product-type-variable has-default-attributes has-product-nav col span_1_of_4 owp-content-center item-entry owp-thumbs-layout-horizontal owp-btn-normal owp-tabs-layout-section has-no-thumbnails\">\n\t\t\t\t<a class=\"elementor-post__thumbnail__link\" href=\"https:\/\/www.hedera-etc.com\/it\/product\/hedera-helix-yellow-frisian\/\" tabindex=\"-1\" target=\"&quot;_blank&quot;\">\n\t\t\t<div class=\"elementor-post__thumbnail\"><img loading=\"lazy\" decoding=\"async\" width=\"300\" height=\"225\" src=\"https:\/\/www.hedera-etc.com\/wp-content\/uploads\/2023\/11\/Hedera-helix-Yellow-Frisian-300x225.webp\" class=\"attachment-medium size-medium wp-image-2163\" alt=\"Hedera helix &#039;Frisona gialla&#039;\" srcset=\"https:\/\/www.hedera-etc.com\/wp-content\/uploads\/2023\/11\/Hedera-helix-Yellow-Frisian-300x225.webp 300w, https:\/\/www.hedera-etc.com\/wp-content\/uploads\/2023\/11\/Hedera-helix-Yellow-Frisian-768x575.webp 768w, https:\/\/www.hedera-etc.com\/wp-content\/uploads\/2023\/11\/Hedera-helix-Yellow-Frisian.webp 800w\" sizes=\"(max-width: 300px) 100vw, 300px\" \/><\/div>\n\t\t<\/a>\n\t\t\t\t<div class=\"elementor-post__text\">\n\t\t\t\t<h3 class=\"elementor-post__title\">\n\t\t\t<a href=\"https:\/\/www.hedera-etc.com\/it\/product\/hedera-helix-yellow-frisian\/\" target=\"&quot;_blank&quot;\">\n\t\t\t\t<em>Hedera helix<\/em> &lsquo;Yellow Frisian&rsquo; &#8211; Edera ornamentale magnifique\t\t\t<\/a>\n\t\t<\/h3>\n\t\t\t\t<div class=\"elementor-post__excerpt\">\n\t\t\t<p>Il fogliame \u00e8 variegato, talvolta con ampie macchie di giallo o verde.<\/p> <p>Le foglie sono tra le pi\u00f9 larghe della specie.\t\t<\/div>\n\t\t\n\t\t<a class=\"elementor-post__read-more\" href=\"https:\/\/www.hedera-etc.com\/it\/product\/hedera-helix-yellow-frisian\/\" aria-label=\"Leggi tutto &lt;em&gt;Hedera helix&lt;\/em&gt; &lsquo;Yellow Frisian&rsquo; &#8211; Lierre d&rsquo;ornement magnifique\" tabindex=\"-1\" target=\"_blank\">\n\t\t\tPer saperne di pi\u00f9 \u00bb\t\t<\/a>\n\n\t\t\t\t<\/div>\n\t\t\t\t<\/article>\n\t\t\t\t<article class=\"elementor-post elementor-grid-item post-1631 product type-product status-publish has-post-thumbnail product_cat-lierre entry has-media last instock purchasable product-type-variable has-default-attributes has-product-nav col span_1_of_4 owp-content-center item-entry owp-thumbs-layout-horizontal owp-btn-normal owp-tabs-layout-section\">\n\t\t\t\t<a class=\"elementor-post__thumbnail__link\" href=\"https:\/\/www.hedera-etc.com\/it\/product\/hedera-helix-waccamaw\/\" tabindex=\"-1\" target=\"&quot;_blank&quot;\">\n\t\t\t<div class=\"elementor-post__thumbnail\"><img loading=\"lazy\" decoding=\"async\" width=\"300\" height=\"225\" src=\"https:\/\/www.hedera-etc.com\/wp-content\/uploads\/2023\/11\/Hedera-helix-Waccamaw-1-300x225.webp\" class=\"attachment-medium size-medium wp-image-14013\" alt=\"Hedera helix &#039;Waccamaw\" srcset=\"https:\/\/www.hedera-etc.com\/wp-content\/uploads\/2023\/11\/Hedera-helix-Waccamaw-1-300x225.webp 300w, https:\/\/www.hedera-etc.com\/wp-content\/uploads\/2023\/11\/Hedera-helix-Waccamaw-1-900x674.webp 900w, https:\/\/www.hedera-etc.com\/wp-content\/uploads\/2023\/11\/Hedera-helix-Waccamaw-1-1024x767.webp 1024w, https:\/\/www.hedera-etc.com\/wp-content\/uploads\/2023\/11\/Hedera-helix-Waccamaw-1-768x576.webp 768w, https:\/\/www.hedera-etc.com\/wp-content\/uploads\/2023\/11\/Hedera-helix-Waccamaw-1.webp 1313w\" sizes=\"(max-width: 300px) 100vw, 300px\" \/><\/div>\n\t\t<\/a>\n\t\t\t\t<div class=\"elementor-post__text\">\n\t\t\t\t<h3 class=\"elementor-post__title\">\n\t\t\t<a href=\"https:\/\/www.hedera-etc.com\/it\/product\/hedera-helix-waccamaw\/\" target=\"&quot;_blank&quot;\">\n\t\t\t\t<em>Hedera helix<\/em> &lsquo;Waccamaw&rsquo; &#8211; Edera ornamentale\t\t\t<\/a>\n\t\t<\/h3>\n\t\t\t\t<div class=\"elementor-post__excerpt\">\n\t\t\t<p>Foglie con 3 lobi leggermente pronunciati e punte arrotondate.<\/p> <p>Fogliame verde scuro con una macula giallo-verde al centro.\t\t<\/div>\n\t\t\n\t\t<a class=\"elementor-post__read-more\" href=\"https:\/\/www.hedera-etc.com\/it\/product\/hedera-helix-waccamaw\/\" aria-label=\"&lt;em&gt;Hedera helix&lt;\/em&gt; \u2018Waccamaw\u2019 \u2013 Edera ornamentale\" tabindex=\"-1\" target=\"_blank\">\n\t\t\tPer saperne di pi\u00f9 \u00bb\t\t<\/a>\n\n\t\t\t\t<\/div>\n\t\t\t\t<\/article>\n\t\t\t\t<article class=\"elementor-post elementor-grid-item post-1607 product type-product status-publish has-post-thumbnail product_cat-lierre entry has-media first instock purchasable product-type-variable has-default-attributes has-product-nav col span_1_of_4 owp-content-center item-entry owp-thumbs-layout-horizontal owp-btn-normal owp-tabs-layout-section has-no-thumbnails\">\n\t\t\t\t<a class=\"elementor-post__thumbnail__link\" href=\"https:\/\/www.hedera-etc.com\/it\/product\/hedera-helix-ursula\/\" tabindex=\"-1\" target=\"&quot;_blank&quot;\">\n\t\t\t<div class=\"elementor-post__thumbnail\"><img loading=\"lazy\" decoding=\"async\" width=\"300\" height=\"225\" src=\"https:\/\/www.hedera-etc.com\/wp-content\/uploads\/2023\/11\/Hedera-helix-Ursula-300x225.webp\" class=\"attachment-medium size-medium wp-image-1608\" alt=\"Hedera helix &#039;Ursula&#039;\" srcset=\"https:\/\/www.hedera-etc.com\/wp-content\/uploads\/2023\/11\/Hedera-helix-Ursula-300x225.webp 300w, https:\/\/www.hedera-etc.com\/wp-content\/uploads\/2023\/11\/Hedera-helix-Ursula-768x575.webp 768w, https:\/\/www.hedera-etc.com\/wp-content\/uploads\/2023\/11\/Hedera-helix-Ursula.webp 800w\" sizes=\"(max-width: 300px) 100vw, 300px\" \/><\/div>\n\t\t<\/a>\n\t\t\t\t<div class=\"elementor-post__text\">\n\t\t\t\t<h3 class=\"elementor-post__title\">\n\t\t\t<a href=\"https:\/\/www.hedera-etc.com\/it\/product\/hedera-helix-ursula\/\" target=\"&quot;_blank&quot;\">\n\t\t\t\t<em>Hedera helix<\/em> &lsquo;Ursula&rsquo;- Edera ornamentale\t\t\t<\/a>\n\t\t<\/h3>\n\t\t\t\t<div class=\"elementor-post__excerpt\">\n\t\t\t<p>Edera vigorosa e ramificata. Fusti che portano grandi foglie con 3 lobi allungati, con i lobi laterali che a volte si sovrappongono al lobo laterale.\t\t<\/div>\n\t\t\n\t\t<a class=\"elementor-post__read-more\" href=\"https:\/\/www.hedera-etc.com\/it\/product\/hedera-helix-ursula\/\" aria-label=\"Leggi tutto *Hedera helix* \u2018Ursula\u2019 - Lierre d&#039;ornement\" tabindex=\"-1\" target=\"_blank\">\n\t\t\tPer saperne di pi\u00f9 \u00bb\t\t<\/a>\n\n\t\t\t\t<\/div>\n\t\t\t\t<\/article>\n\t\t\t\t<article class=\"elementor-post elementor-grid-item post-6161 product type-product status-publish has-post-thumbnail product_cat-lierre entry has-media  outofstock shipping-taxable product-type-variable has-default-attributes has-product-nav col span_1_of_4 owp-content-center item-entry owp-thumbs-layout-horizontal owp-btn-normal owp-tabs-layout-section\">\n\t\t\t\t<a class=\"elementor-post__thumbnail__link\" href=\"https:\/\/www.hedera-etc.com\/it\/product\/hedera-helix-tricolor\/\" tabindex=\"-1\" target=\"&quot;_blank&quot;\">\n\t\t\t<div class=\"elementor-post__thumbnail\"><img loading=\"lazy\" decoding=\"async\" width=\"300\" height=\"225\" src=\"https:\/\/www.hedera-etc.com\/wp-content\/uploads\/2025\/10\/Hedera-helix-Tricolor_3-300x225.webp\" class=\"attachment-medium size-medium wp-image-15886\" alt=\"Hedera helix &#039;Tricolor&#039;\" srcset=\"https:\/\/www.hedera-etc.com\/wp-content\/uploads\/2025\/10\/Hedera-helix-Tricolor_3-300x225.webp 300w, https:\/\/www.hedera-etc.com\/wp-content\/uploads\/2025\/10\/Hedera-helix-Tricolor_3-900x675.webp 900w, https:\/\/www.hedera-etc.com\/wp-content\/uploads\/2025\/10\/Hedera-helix-Tricolor_3-1024x768.webp 1024w, https:\/\/www.hedera-etc.com\/wp-content\/uploads\/2025\/10\/Hedera-helix-Tricolor_3-768x576.webp 768w, https:\/\/www.hedera-etc.com\/wp-content\/uploads\/2025\/10\/Hedera-helix-Tricolor_3-1536x1152.webp 1536w, https:\/\/www.hedera-etc.com\/wp-content\/uploads\/2025\/10\/Hedera-helix-Tricolor_3-1320x990.webp 1320w, https:\/\/www.hedera-etc.com\/wp-content\/uploads\/2025\/10\/Hedera-helix-Tricolor_3.webp 1600w\" sizes=\"(max-width: 300px) 100vw, 300px\" \/><\/div>\n\t\t<\/a>\n\t\t\t\t<div class=\"elementor-post__text\">\n\t\t\t\t<h3 class=\"elementor-post__title\">\n\t\t\t<a href=\"https:\/\/www.hedera-etc.com\/it\/product\/hedera-helix-tricolor\/\" target=\"&quot;_blank&quot;\">\n\t\t\t\t<em>Hedera helix<\/em> &lsquo;Tricolor&rsquo; &#8211; Edera ornamentale\t\t\t<\/a>\n\t\t<\/h3>\n\t\t\t\t<div class=\"elementor-post__excerpt\">\n\t\t\t<p>Un'edera molto bella, fin troppo rara, con foglie triangolari leggermente lobate o addirittura non lobate.<\/p> <p>La lamina fogliare \u00e8 largamente macchiata\t\t<\/div>\n\t\t\n\t\t<a class=\"elementor-post__read-more\" href=\"https:\/\/www.hedera-etc.com\/it\/product\/hedera-helix-tricolor\/\" aria-label=\"Leggi tutto &lt;em&gt;Hedera helix&lt;\/em&gt; &lsquo;Tricolor&rsquo; &#8211; Lierre d&rsquo;ornement\" tabindex=\"-1\" target=\"_blank\">\n\t\t\tPer saperne di pi\u00f9 \u00bb\t\t<\/a>\n\n\t\t\t\t<\/div>\n\t\t\t\t<\/article>\n\t\t\t\t<article class=\"elementor-post elementor-grid-item post-3808 product type-product status-publish has-post-thumbnail product_cat-lierre entry has-media  instock purchasable product-type-variable has-default-attributes has-product-nav col span_1_of_4 owp-content-center item-entry owp-thumbs-layout-horizontal owp-btn-normal owp-tabs-layout-section\">\n\t\t\t\t<a class=\"elementor-post__thumbnail__link\" href=\"https:\/\/www.hedera-etc.com\/it\/product\/hedera-helix-touch-of-olive\/\" tabindex=\"-1\" target=\"&quot;_blank&quot;\">\n\t\t\t<div class=\"elementor-post__thumbnail\"><img loading=\"lazy\" decoding=\"async\" width=\"300\" height=\"225\" src=\"https:\/\/www.hedera-etc.com\/wp-content\/uploads\/2024\/01\/Hedera-helix-Mon-Premier-Mutation-300x225.webp\" class=\"attachment-medium size-medium wp-image-8076\" alt=\"Hedera helix &#039;Touch of Olive&#039;\" srcset=\"https:\/\/www.hedera-etc.com\/wp-content\/uploads\/2024\/01\/Hedera-helix-Mon-Premier-Mutation-300x225.webp 300w, https:\/\/www.hedera-etc.com\/wp-content\/uploads\/2024\/01\/Hedera-helix-Mon-Premier-Mutation-900x675.webp 900w, https:\/\/www.hedera-etc.com\/wp-content\/uploads\/2024\/01\/Hedera-helix-Mon-Premier-Mutation-768x576.webp 768w, https:\/\/www.hedera-etc.com\/wp-content\/uploads\/2024\/01\/Hedera-helix-Mon-Premier-Mutation.webp 1024w\" sizes=\"(max-width: 300px) 100vw, 300px\" \/><\/div>\n\t\t<\/a>\n\t\t\t\t<div class=\"elementor-post__text\">\n\t\t\t\t<h3 class=\"elementor-post__title\">\n\t\t\t<a href=\"https:\/\/www.hedera-etc.com\/it\/product\/hedera-helix-touch-of-olive\/\" target=\"&quot;_blank&quot;\">\n\t\t\t\t<em>Hedera helix<\/em> &lsquo;Touch of Olive&rsquo; &#8211; Edera ornamentale\t\t\t<\/a>\n\t\t<\/h3>\n\t\t\t\t<div class=\"elementor-post__excerpt\">\n\t\t\t<p>Edera ornamentale molto diversa dal suo genitore.<\/p> <p>Solo la variegatura la lega un po' alla sua origine, con qualche spruzzo di giallo.\t\t<\/div>\n\t\t\n\t\t<a class=\"elementor-post__read-more\" href=\"https:\/\/www.hedera-etc.com\/it\/product\/hedera-helix-touch-of-olive\/\" aria-label=\"Leggi tutto &lt;em&gt;Hedera helix&lt;\/em&gt; &lsquo;Touch of Olive&rsquo; &#8211; Lierre d&rsquo;ornement\" tabindex=\"-1\" target=\"_blank\">\n\t\t\tPer saperne di pi\u00f9 \u00bb\t\t<\/a>\n\n\t\t\t\t<\/div>\n\t\t\t\t<\/article>\n\t\t\t\t<article class=\"elementor-post elementor-grid-item post-2142 product type-product status-publish has-post-thumbnail product_cat-lierre entry has-media last outofstock product-type-variable has-default-attributes has-product-nav col span_1_of_4 owp-content-center item-entry owp-thumbs-layout-horizontal owp-btn-normal owp-tabs-layout-section\">\n\t\t\t\t<a class=\"elementor-post__thumbnail__link\" href=\"https:\/\/www.hedera-etc.com\/it\/product\/hedera-helix-topazolite\/\" tabindex=\"-1\" target=\"&quot;_blank&quot;\">\n\t\t\t<div class=\"elementor-post__thumbnail\"><img loading=\"lazy\" decoding=\"async\" width=\"300\" height=\"225\" src=\"https:\/\/www.hedera-etc.com\/wp-content\/uploads\/2023\/11\/Hedera-helix-Topazolite-300x225.webp\" class=\"attachment-medium size-medium wp-image-2143\" alt=\"Hedera helix &#039;Topazolite&#039;\" srcset=\"https:\/\/www.hedera-etc.com\/wp-content\/uploads\/2023\/11\/Hedera-helix-Topazolite-300x225.webp 300w, https:\/\/www.hedera-etc.com\/wp-content\/uploads\/2023\/11\/Hedera-helix-Topazolite-900x675.webp 900w, https:\/\/www.hedera-etc.com\/wp-content\/uploads\/2023\/11\/Hedera-helix-Topazolite-768x576.webp 768w, https:\/\/www.hedera-etc.com\/wp-content\/uploads\/2023\/11\/Hedera-helix-Topazolite.webp 1024w\" sizes=\"(max-width: 300px) 100vw, 300px\" \/><\/div>\n\t\t<\/a>\n\t\t\t\t<div class=\"elementor-post__text\">\n\t\t\t\t<h3 class=\"elementor-post__title\">\n\t\t\t<a href=\"https:\/\/www.hedera-etc.com\/it\/product\/hedera-helix-topazolite\/\" target=\"&quot;_blank&quot;\">\n\t\t\t\t<em>Hedera helix<\/em> &lsquo;Topazolite&rsquo; &#8211; Edera ornamentale\t\t\t<\/a>\n\t\t<\/h3>\n\t\t\t\t<div class=\"elementor-post__excerpt\">\n\t\t\t<p>Edera in miniatura variegata a crescita rapida.<\/p> <p>Piccole foglie screziate di giallo e verde, che in inverno assumono splendide sfumature rosa.<\/p>\t\t<\/div>\n\t\t\n\t\t<a class=\"elementor-post__read-more\" href=\"https:\/\/www.hedera-etc.com\/it\/product\/hedera-helix-topazolite\/\" aria-label=\"Leggi tutto &lt;em&gt;Hedera helix&lt;\/em&gt; &lsquo;Topazolite&rsquo; &#8211; Lierre d&rsquo;ornement\" tabindex=\"-1\" target=\"_blank\">\n\t\t\tPer saperne di pi\u00f9 \u00bb\t\t<\/a>\n\n\t\t\t\t<\/div>\n\t\t\t\t<\/article>\n\t\t\t\t<article class=\"elementor-post elementor-grid-item post-1553 product type-product status-publish has-post-thumbnail product_cat-lierre entry has-media first instock purchasable product-type-variable has-default-attributes has-product-nav col span_1_of_4 owp-content-center item-entry owp-thumbs-layout-horizontal owp-btn-normal owp-tabs-layout-section\">\n\t\t\t\t<a class=\"elementor-post__thumbnail__link\" href=\"https:\/\/www.hedera-etc.com\/it\/product\/hedera-helix-tiger-eyes\/\" tabindex=\"-1\" target=\"&quot;_blank&quot;\">\n\t\t\t<div class=\"elementor-post__thumbnail\"><img loading=\"lazy\" decoding=\"async\" width=\"300\" height=\"225\" src=\"https:\/\/www.hedera-etc.com\/wp-content\/uploads\/2023\/11\/Hedera-helix-Tigers-Eyes-300x225.webp\" class=\"attachment-medium size-medium wp-image-1554\" alt=\"Hedera helix &#039;Tiger Eyes&#039;\" srcset=\"https:\/\/www.hedera-etc.com\/wp-content\/uploads\/2023\/11\/Hedera-helix-Tigers-Eyes-300x225.webp 300w, https:\/\/www.hedera-etc.com\/wp-content\/uploads\/2023\/11\/Hedera-helix-Tigers-Eyes-900x675.webp 900w, https:\/\/www.hedera-etc.com\/wp-content\/uploads\/2023\/11\/Hedera-helix-Tigers-Eyes-768x576.webp 768w, https:\/\/www.hedera-etc.com\/wp-content\/uploads\/2023\/11\/Hedera-helix-Tigers-Eyes.webp 1024w\" sizes=\"(max-width: 300px) 100vw, 300px\" \/><\/div>\n\t\t<\/a>\n\t\t\t\t<div class=\"elementor-post__text\">\n\t\t\t\t<h3 class=\"elementor-post__title\">\n\t\t\t<a href=\"https:\/\/www.hedera-etc.com\/it\/product\/hedera-helix-tiger-eyes\/\" target=\"&quot;_blank&quot;\">\n\t\t\t\t<em>Hedera helix<\/em> &lsquo;Tiger Eyes&rsquo;- Edera ornamentale\t\t\t<\/a>\n\t\t<\/h3>\n\t\t\t\t<div class=\"elementor-post__excerpt\">\n\t\t\t<p>Foglie sagittate a 5 lobi, decorate con una macula centrale pi\u00f9 o meno visibile di colore da verde chiaro a giallo-verde. Lobo mediano\t\t<\/div>\n\t\t\n\t\t<a class=\"elementor-post__read-more\" href=\"https:\/\/www.hedera-etc.com\/it\/product\/hedera-helix-tiger-eyes\/\" aria-label=\"Leggi tutto Hedera helix \u2018Tiger Eyes\u2019 - Edera ornamentale\" tabindex=\"-1\" target=\"_blank\">\n\t\t\tPer saperne di pi\u00f9 \u00bb\t\t<\/a>\n\n\t\t\t\t<\/div>\n\t\t\t\t<\/article>\n\t\t\t\t<article class=\"elementor-post elementor-grid-item post-17325 product type-product status-publish has-post-thumbnail product_cat-lierre entry has-media  instock shipping-taxable purchasable product-type-variable has-default-attributes has-product-nav col span_1_of_4 owp-content-center item-entry owp-thumbs-layout-horizontal owp-btn-normal owp-tabs-layout-section\">\n\t\t\t\t<a class=\"elementor-post__thumbnail__link\" href=\"https:\/\/www.hedera-etc.com\/it\/product\/hedera-helix-theo\/\" tabindex=\"-1\" target=\"&quot;_blank&quot;\">\n\t\t\t<div class=\"elementor-post__thumbnail\"><img loading=\"lazy\" decoding=\"async\" width=\"300\" height=\"225\" src=\"https:\/\/www.hedera-etc.com\/wp-content\/uploads\/2025\/11\/Hedera-helix-Theo-300x225.webp\" class=\"attachment-medium size-medium wp-image-17328\" alt=\"Hedera helix &#039;Th\u00e9o&#039;\" srcset=\"https:\/\/www.hedera-etc.com\/wp-content\/uploads\/2025\/11\/Hedera-helix-Theo-300x225.webp 300w, https:\/\/www.hedera-etc.com\/wp-content\/uploads\/2025\/11\/Hedera-helix-Theo-900x675.webp 900w, https:\/\/www.hedera-etc.com\/wp-content\/uploads\/2025\/11\/Hedera-helix-Theo-1024x768.webp 1024w, https:\/\/www.hedera-etc.com\/wp-content\/uploads\/2025\/11\/Hedera-helix-Theo-768x576.webp 768w, https:\/\/www.hedera-etc.com\/wp-content\/uploads\/2025\/11\/Hedera-helix-Theo-1536x1152.webp 1536w, https:\/\/www.hedera-etc.com\/wp-content\/uploads\/2025\/11\/Hedera-helix-Theo-1320x990.webp 1320w, https:\/\/www.hedera-etc.com\/wp-content\/uploads\/2025\/11\/Hedera-helix-Theo.webp 1600w\" sizes=\"(max-width: 300px) 100vw, 300px\" \/><\/div>\n\t\t<\/a>\n\t\t\t\t<div class=\"elementor-post__text\">\n\t\t\t\t<h3 class=\"elementor-post__title\">\n\t\t\t<a href=\"https:\/\/www.hedera-etc.com\/it\/product\/hedera-helix-theo\/\" target=\"&quot;_blank&quot;\">\n\t\t\t\t<em>Hedera helix<\/em> &lsquo;Th\u00e9o&rsquo; &#8211; edera ornamentale\t\t\t<\/a>\n\t\t<\/h3>\n\t\t\t\t<div class=\"elementor-post__excerpt\">\n\t\t\t<p>Almeno tre tonalit\u00e0 di verde su questa foglia di edera, attraversata da venature argentate.<\/p> <p>Lama fogliare composta da 3\t\t<\/div>\n\t\t\n\t\t<a class=\"elementor-post__read-more\" href=\"https:\/\/www.hedera-etc.com\/it\/product\/hedera-helix-theo\/\" aria-label=\"Leggi tutto &lt;em&gt;Hedera helix&lt;\/em&gt; &lsquo;Th\u00e9o&rsquo; &#8211; lierre d&rsquo;ornement\" tabindex=\"-1\" target=\"_blank\">\n\t\t\tPer saperne di pi\u00f9 \u00bb\t\t<\/a>\n\n\t\t\t\t<\/div>\n\t\t\t\t<\/article>\n\t\t\t\t<article class=\"elementor-post elementor-grid-item post-1494 product type-product status-publish has-post-thumbnail product_cat-lierre entry has-media  instock purchasable product-type-variable has-default-attributes has-product-nav col span_1_of_4 owp-content-center item-entry owp-thumbs-layout-horizontal owp-btn-normal owp-tabs-layout-section\">\n\t\t\t\t<a class=\"elementor-post__thumbnail__link\" href=\"https:\/\/www.hedera-etc.com\/it\/product\/hedera-helix-steven\/\" tabindex=\"-1\" target=\"&quot;_blank&quot;\">\n\t\t\t<div class=\"elementor-post__thumbnail\"><img loading=\"lazy\" decoding=\"async\" width=\"300\" height=\"225\" src=\"https:\/\/www.hedera-etc.com\/wp-content\/uploads\/2023\/11\/Hedera-helix-Steven-1-300x225.webp\" class=\"attachment-medium size-medium wp-image-14102\" alt=\"Hedera helix &#039;Steven&#039;\" srcset=\"https:\/\/www.hedera-etc.com\/wp-content\/uploads\/2023\/11\/Hedera-helix-Steven-1-300x225.webp 300w, https:\/\/www.hedera-etc.com\/wp-content\/uploads\/2023\/11\/Hedera-helix-Steven-1-900x675.webp 900w, https:\/\/www.hedera-etc.com\/wp-content\/uploads\/2023\/11\/Hedera-helix-Steven-1-1024x768.webp 1024w, https:\/\/www.hedera-etc.com\/wp-content\/uploads\/2023\/11\/Hedera-helix-Steven-1-768x576.webp 768w, https:\/\/www.hedera-etc.com\/wp-content\/uploads\/2023\/11\/Hedera-helix-Steven-1-1536x1152.webp 1536w, https:\/\/www.hedera-etc.com\/wp-content\/uploads\/2023\/11\/Hedera-helix-Steven-1-1320x990.webp 1320w, https:\/\/www.hedera-etc.com\/wp-content\/uploads\/2023\/11\/Hedera-helix-Steven-1.webp 1600w\" sizes=\"(max-width: 300px) 100vw, 300px\" \/><\/div>\n\t\t<\/a>\n\t\t\t\t<div class=\"elementor-post__text\">\n\t\t\t\t<h3 class=\"elementor-post__title\">\n\t\t\t<a href=\"https:\/\/www.hedera-etc.com\/it\/product\/hedera-helix-steven\/\" target=\"&quot;_blank&quot;\">\n\t\t\t\t<em>Hedera helix<\/em> &lsquo;Steven&rsquo; &#8211; Edera ornamentale\t\t\t<\/a>\n\t\t<\/h3>\n\t\t\t\t<div class=\"elementor-post__excerpt\">\n\t\t\t<p>Pianta a crescita breve con fusti spessi e scarsamente ramificati e foglie ondulate e arricciate ai margini.<\/p> <p>Visita\t\t<\/div>\n\t\t\n\t\t<a class=\"elementor-post__read-more\" href=\"https:\/\/www.hedera-etc.com\/it\/product\/hedera-helix-steven\/\" aria-label=\"Leggi tutto _Hedera helix_ \u2018Steven\u2019 \u2013 Edera ornamentale\" tabindex=\"-1\" target=\"_blank\">\n\t\t\tPer saperne di pi\u00f9 \u00bb\t\t<\/a>\n\n\t\t\t\t<\/div>\n\t\t\t\t<\/article>\n\t\t\t\t<article class=\"elementor-post elementor-grid-item post-2173 product type-product status-publish has-post-thumbnail product_cat-lierre entry has-media last instock purchasable product-type-variable has-default-attributes has-product-nav col span_1_of_4 owp-content-center item-entry owp-thumbs-layout-horizontal owp-btn-normal owp-tabs-layout-section has-no-thumbnails\">\n\t\t\t\t<a class=\"elementor-post__thumbnail__link\" href=\"https:\/\/www.hedera-etc.com\/it\/product\/hedera-helix-sinclair-silverleaf\/\" tabindex=\"-1\" target=\"&quot;_blank&quot;\">\n\t\t\t<div class=\"elementor-post__thumbnail\"><img loading=\"lazy\" decoding=\"async\" width=\"300\" height=\"177\" src=\"https:\/\/www.hedera-etc.com\/wp-content\/uploads\/2023\/11\/Hedera-helix-Sinclair-Silverleaf-300x177.webp\" class=\"attachment-medium size-medium wp-image-13283\" alt=\"Hedera helix &#039;Sinclair Silverleaf&#039;\" srcset=\"https:\/\/www.hedera-etc.com\/wp-content\/uploads\/2023\/11\/Hedera-helix-Sinclair-Silverleaf-300x177.webp 300w, https:\/\/www.hedera-etc.com\/wp-content\/uploads\/2023\/11\/Hedera-helix-Sinclair-Silverleaf-900x532.webp 900w, https:\/\/www.hedera-etc.com\/wp-content\/uploads\/2023\/11\/Hedera-helix-Sinclair-Silverleaf-1024x606.webp 1024w, https:\/\/www.hedera-etc.com\/wp-content\/uploads\/2023\/11\/Hedera-helix-Sinclair-Silverleaf-768x454.webp 768w, https:\/\/www.hedera-etc.com\/wp-content\/uploads\/2023\/11\/Hedera-helix-Sinclair-Silverleaf.webp 1141w\" sizes=\"(max-width: 300px) 100vw, 300px\" \/><\/div>\n\t\t<\/a>\n\t\t\t\t<div class=\"elementor-post__text\">\n\t\t\t\t<h3 class=\"elementor-post__title\">\n\t\t\t<a href=\"https:\/\/www.hedera-etc.com\/it\/product\/hedera-helix-sinclair-silverleaf\/\" target=\"&quot;_blank&quot;\">\n\t\t\t\t<em>Hedera helix<\/em> &lsquo;Sinclair Silverleaf&rsquo; &#8211; Edera ornamentale\t\t\t<\/a>\n\t\t<\/h3>\n\t\t\t\t<div class=\"elementor-post__excerpt\">\n\t\t\t<p>Fogliame tipico dell'edera che, crescendo, produce un colore giallo chiaro sorprendentemente bello.<br \/>\t\t<\/div>\n\t\t\n\t\t<a class=\"elementor-post__read-more\" href=\"https:\/\/www.hedera-etc.com\/it\/product\/hedera-helix-sinclair-silverleaf\/\" aria-label=\"Leggi tutto &lt;em&gt;Hedera helix&lt;\/em&gt; &lsquo;Sinclair Silverleaf&rsquo; &#8211; Lierre d&rsquo;ornement\" tabindex=\"-1\" target=\"_blank\">\n\t\t\tPer saperne di pi\u00f9 \u00bb\t\t<\/a>\n\n\t\t\t\t<\/div>\n\t\t\t\t<\/article>\n\t\t\t\t<article class=\"elementor-post elementor-grid-item post-1376 product type-product status-publish has-post-thumbnail product_cat-lierre entry has-media first instock purchasable product-type-variable has-default-attributes has-product-nav col span_1_of_4 owp-content-center item-entry owp-thumbs-layout-horizontal owp-btn-normal owp-tabs-layout-section\">\n\t\t\t\t<a class=\"elementor-post__thumbnail__link\" href=\"https:\/\/www.hedera-etc.com\/it\/product\/hedera-helix-serenade\/\" tabindex=\"-1\" target=\"&quot;_blank&quot;\">\n\t\t\t<div class=\"elementor-post__thumbnail\"><img loading=\"lazy\" decoding=\"async\" width=\"300\" height=\"224\" src=\"https:\/\/www.hedera-etc.com\/wp-content\/uploads\/2023\/11\/Hedera-helix-Serenade-300x224.webp\" class=\"attachment-medium size-medium wp-image-1377\" alt=\"Hedera helix &#039;Serenade&#039;\" srcset=\"https:\/\/www.hedera-etc.com\/wp-content\/uploads\/2023\/11\/Hedera-helix-Serenade-300x224.webp 300w, https:\/\/www.hedera-etc.com\/wp-content\/uploads\/2023\/11\/Hedera-helix-Serenade-768x574.webp 768w, https:\/\/www.hedera-etc.com\/wp-content\/uploads\/2023\/11\/Hedera-helix-Serenade.webp 800w\" sizes=\"(max-width: 300px) 100vw, 300px\" \/><\/div>\n\t\t<\/a>\n\t\t\t\t<div class=\"elementor-post__text\">\n\t\t\t\t<h3 class=\"elementor-post__title\">\n\t\t\t<a href=\"https:\/\/www.hedera-etc.com\/it\/product\/hedera-helix-serenade\/\" target=\"&quot;_blank&quot;\">\n\t\t\t\t<em>Hedera helix<\/em> &lsquo;Serenade&rsquo; &#8211; Edera ornamentale\t\t\t<\/a>\n\t\t<\/h3>\n\t\t\t\t<div class=\"elementor-post__excerpt\">\n\t\t\t<p>Variet\u00e0 compatta e a crescita rapida.<\/p> <p>La foglia \u00e8 piuttosto piccola, composta da 5 lobi con punte leggermente arrotondate. Lama\t\t<\/div>\n\t\t\n\t\t<a class=\"elementor-post__read-more\" href=\"https:\/\/www.hedera-etc.com\/it\/product\/hedera-helix-serenade\/\" aria-label=\"Leggi tutto &lt;em&gt;Hedera helix&lt;\/em&gt; \u2018Serenade\u2019 \u2013 Edera ornamentale\" tabindex=\"-1\" target=\"_blank\">\n\t\t\tPer saperne di pi\u00f9 \u00bb\t\t<\/a>\n\n\t\t\t\t<\/div>\n\t\t\t\t<\/article>\n\t\t\t\t<article class=\"elementor-post elementor-grid-item post-1344 product type-product status-publish has-post-thumbnail product_cat-lierre entry has-media  instock purchasable product-type-variable has-default-attributes has-product-nav col span_1_of_4 owp-content-center item-entry owp-thumbs-layout-horizontal owp-btn-normal owp-tabs-layout-section\">\n\t\t\t\t<a class=\"elementor-post__thumbnail__link\" href=\"https:\/\/www.hedera-etc.com\/it\/product\/hedera-helix-sally\/\" tabindex=\"-1\" target=\"&quot;_blank&quot;\">\n\t\t\t<div class=\"elementor-post__thumbnail\"><img loading=\"lazy\" decoding=\"async\" width=\"300\" height=\"224\" src=\"https:\/\/www.hedera-etc.com\/wp-content\/uploads\/2023\/11\/Hedera-helix-Sally-300x224.webp\" class=\"attachment-medium size-medium wp-image-1345\" alt=\"Hedera helix &#039;Sally&#039;\" srcset=\"https:\/\/www.hedera-etc.com\/wp-content\/uploads\/2023\/11\/Hedera-helix-Sally-300x224.webp 300w, https:\/\/www.hedera-etc.com\/wp-content\/uploads\/2023\/11\/Hedera-helix-Sally-768x574.webp 768w, https:\/\/www.hedera-etc.com\/wp-content\/uploads\/2023\/11\/Hedera-helix-Sally.webp 800w\" sizes=\"(max-width: 300px) 100vw, 300px\" \/><\/div>\n\t\t<\/a>\n\t\t\t\t<div class=\"elementor-post__text\">\n\t\t\t\t<h3 class=\"elementor-post__title\">\n\t\t\t<a href=\"https:\/\/www.hedera-etc.com\/it\/product\/hedera-helix-sally\/\" target=\"&quot;_blank&quot;\">\n\t\t\t\t<em>Hedera helix<\/em> &lsquo;Sally&rsquo; &#8211; Edera ornamentale\t\t\t<\/a>\n\t\t<\/h3>\n\t\t\t\t<div class=\"elementor-post__excerpt\">\n\t\t\t<p>Foglie color limone, macchiate e spruzzate di verde medio da giovani, che poi diventano verdi.<\/p> <p>Portamento compatto, internodi corti.<\/p> <p>Evitare\t\t<\/div>\n\t\t\n\t\t<a class=\"elementor-post__read-more\" href=\"https:\/\/www.hedera-etc.com\/it\/product\/hedera-helix-sally\/\" aria-label=\"Leggi tutto &lt;em&gt;Hedera helix&lt;\/em&gt; \u2018Sally\u2019 \u2013 Edera ornamentale\" tabindex=\"-1\" target=\"_blank\">\n\t\t\tPer saperne di pi\u00f9 \u00bb\t\t<\/a>\n\n\t\t\t\t<\/div>\n\t\t\t\t<\/article>\n\t\t\t\t<article class=\"elementor-post elementor-grid-item post-2265 product type-product status-publish has-post-thumbnail product_cat-lierre entry has-media  instock purchasable product-type-variable has-default-attributes has-product-nav col span_1_of_4 owp-content-center item-entry owp-thumbs-layout-horizontal owp-btn-normal owp-tabs-layout-section\">\n\t\t\t\t<a class=\"elementor-post__thumbnail__link\" href=\"https:\/\/www.hedera-etc.com\/it\/product\/hedera-helix-ria\/\" tabindex=\"-1\" target=\"&quot;_blank&quot;\">\n\t\t\t<div class=\"elementor-post__thumbnail\"><img loading=\"lazy\" decoding=\"async\" width=\"300\" height=\"225\" src=\"https:\/\/www.hedera-etc.com\/wp-content\/uploads\/2023\/11\/Hedera-helix-Ria_2-300x225.webp\" class=\"attachment-medium size-medium wp-image-2266\" alt=\"Hedera helix &#039;Ria&#039;\" srcset=\"https:\/\/www.hedera-etc.com\/wp-content\/uploads\/2023\/11\/Hedera-helix-Ria_2-300x225.webp 300w, https:\/\/www.hedera-etc.com\/wp-content\/uploads\/2023\/11\/Hedera-helix-Ria_2-768x576.webp 768w, https:\/\/www.hedera-etc.com\/wp-content\/uploads\/2023\/11\/Hedera-helix-Ria_2.webp 839w\" sizes=\"(max-width: 300px) 100vw, 300px\" \/><\/div>\n\t\t<\/a>\n\t\t\t\t<div class=\"elementor-post__text\">\n\t\t\t\t<h3 class=\"elementor-post__title\">\n\t\t\t<a href=\"https:\/\/www.hedera-etc.com\/it\/product\/hedera-helix-ria\/\" target=\"&quot;_blank&quot;\">\n\t\t\t\t<em>Hedera helix<\/em> &lsquo;Ria&rsquo; &#8211; Edera ornamentale\t\t\t<\/a>\n\t\t<\/h3>\n\t\t\t\t<div class=\"elementor-post__excerpt\">\n\t\t\t<p>Variet\u00e0 tozza e a crescita lenta.<\/p> <p>Pianta leggermente ramificata, internodi distanziati, foglie verdi con margini gialli che formano piccoli tappeti.\t\t<\/div>\n\t\t\n\t\t<a class=\"elementor-post__read-more\" href=\"https:\/\/www.hedera-etc.com\/it\/product\/hedera-helix-ria\/\" aria-label=\"Leggi tutto &lt;em&gt;Hedera helix&lt;\/em&gt; &lsquo;Ria&rsquo; &#8211; Lierre d&rsquo;ornement\" tabindex=\"-1\" target=\"_blank\">\n\t\t\tPer saperne di pi\u00f9 \u00bb\t\t<\/a>\n\n\t\t\t\t<\/div>\n\t\t\t\t<\/article>\n\t\t\t\t<article class=\"elementor-post elementor-grid-item post-1272 product type-product status-publish has-post-thumbnail product_cat-lierre entry has-media last outofstock product-type-variable has-product-nav col span_1_of_4 owp-content-center item-entry owp-thumbs-layout-horizontal owp-btn-normal owp-tabs-layout-section\">\n\t\t\t\t<a class=\"elementor-post__thumbnail__link\" href=\"https:\/\/www.hedera-etc.com\/it\/product\/hedera-helix-rheingold\/\" tabindex=\"-1\" target=\"&quot;_blank&quot;\">\n\t\t\t<div class=\"elementor-post__thumbnail\"><img loading=\"lazy\" decoding=\"async\" width=\"300\" height=\"225\" src=\"https:\/\/www.hedera-etc.com\/wp-content\/uploads\/2023\/11\/Hedera-helix-Rheingold-300x225.webp\" class=\"attachment-medium size-medium wp-image-1273\" alt=\"Hedera helix &#039;Rheingold&#039;\" srcset=\"https:\/\/www.hedera-etc.com\/wp-content\/uploads\/2023\/11\/Hedera-helix-Rheingold-300x225.webp 300w, https:\/\/www.hedera-etc.com\/wp-content\/uploads\/2023\/11\/Hedera-helix-Rheingold-900x675.webp 900w, https:\/\/www.hedera-etc.com\/wp-content\/uploads\/2023\/11\/Hedera-helix-Rheingold-768x576.webp 768w, https:\/\/www.hedera-etc.com\/wp-content\/uploads\/2023\/11\/Hedera-helix-Rheingold.webp 1024w\" sizes=\"(max-width: 300px) 100vw, 300px\" \/><\/div>\n\t\t<\/a>\n\t\t\t\t<div class=\"elementor-post__text\">\n\t\t\t\t<h3 class=\"elementor-post__title\">\n\t\t\t<a href=\"https:\/\/www.hedera-etc.com\/it\/product\/hedera-helix-rheingold\/\" target=\"&quot;_blank&quot;\">\n\t\t\t\t<em>Hedera helix<\/em> &lsquo;Rheingold&rsquo; &#8211; Edera ornamentale\t\t\t<\/a>\n\t\t<\/h3>\n\t\t\t\t<div class=\"elementor-post__excerpt\">\n\t\t\t<p>Foglie leggermente ondulate con una variegatura molto varia.<\/p> <p>Lama verde scuro e grigia con margini giallo chiaro\t\t<\/div>\n\t\t\n\t\t<a class=\"elementor-post__read-more\" href=\"https:\/\/www.hedera-etc.com\/it\/product\/hedera-helix-rheingold\/\" aria-label=\"Leggi tutto *Hedera helix* \u2018Rheingold\u2019 \u2013 Edera ornamentale\" tabindex=\"-1\" target=\"_blank\">\n\t\t\tPer saperne di pi\u00f9 \u00bb\t\t<\/a>\n\n\t\t\t\t<\/div>\n\t\t\t\t<\/article>\n\t\t\t\t<article class=\"elementor-post elementor-grid-item post-1260 product type-product status-publish has-post-thumbnail product_cat-lierre entry has-media first outofstock product-type-variable has-default-attributes has-product-nav col span_1_of_4 owp-content-center item-entry owp-thumbs-layout-horizontal owp-btn-normal owp-tabs-layout-section\">\n\t\t\t\t<a class=\"elementor-post__thumbnail__link\" href=\"https:\/\/www.hedera-etc.com\/it\/product\/hedera-helix-reef-shell\/\" tabindex=\"-1\" target=\"&quot;_blank&quot;\">\n\t\t\t<div class=\"elementor-post__thumbnail\"><img loading=\"lazy\" decoding=\"async\" width=\"300\" height=\"225\" src=\"https:\/\/www.hedera-etc.com\/wp-content\/uploads\/2023\/11\/Hedera-helix-Reef-Shell-300x225.webp\" class=\"attachment-medium size-medium wp-image-1261\" alt=\"Hedera helix &#039;Reef Shell&#039;\" srcset=\"https:\/\/www.hedera-etc.com\/wp-content\/uploads\/2023\/11\/Hedera-helix-Reef-Shell-300x225.webp 300w, https:\/\/www.hedera-etc.com\/wp-content\/uploads\/2023\/11\/Hedera-helix-Reef-Shell-768x576.webp 768w, https:\/\/www.hedera-etc.com\/wp-content\/uploads\/2023\/11\/Hedera-helix-Reef-Shell.webp 839w\" sizes=\"(max-width: 300px) 100vw, 300px\" \/><\/div>\n\t\t<\/a>\n\t\t\t\t<div class=\"elementor-post__text\">\n\t\t\t\t<h3 class=\"elementor-post__title\">\n\t\t\t<a href=\"https:\/\/www.hedera-etc.com\/it\/product\/hedera-helix-reef-shell\/\" target=\"&quot;_blank&quot;\">\n\t\t\t\t<em>Hedera helix<\/em> &lsquo;Reef Shell&rsquo; &#8211; Edera ornamentale\t\t\t<\/a>\n\t\t<\/h3>\n\t\t\t\t<div class=\"elementor-post__excerpt\">\n\t\t\t<p>Una variet\u00e0 molto originale con foglie ovali a forma di conchiglia rovesciata, praticamente non lobate, ma dotate di\t\t<\/div>\n\t\t\n\t\t<a class=\"elementor-post__read-more\" href=\"https:\/\/www.hedera-etc.com\/it\/product\/hedera-helix-reef-shell\/\" aria-label=\"Leggi tutto &lt;em&gt;Hedera helix&lt;\/em&gt; \u2018Reef Shell\u2019 \u2013 Edera ornamentale\" tabindex=\"-1\" target=\"_blank\">\n\t\t\tPer saperne di pi\u00f9 \u00bb\t\t<\/a>\n\n\t\t\t\t<\/div>\n\t\t\t\t<\/article>\n\t\t\t\t<article class=\"elementor-post elementor-grid-item post-10130 product type-product status-publish has-post-thumbnail product_cat-lierre entry has-media  instock purchasable product-type-variable has-default-attributes has-product-nav col span_1_of_4 owp-content-center item-entry owp-thumbs-layout-horizontal owp-btn-normal owp-tabs-layout-section has-no-thumbnails\">\n\t\t\t\t<a class=\"elementor-post__thumbnail__link\" href=\"https:\/\/www.hedera-etc.com\/it\/product\/hedera-helix-peter\/\" tabindex=\"-1\" target=\"&quot;_blank&quot;\">\n\t\t\t<div class=\"elementor-post__thumbnail\"><img loading=\"lazy\" decoding=\"async\" width=\"300\" height=\"225\" src=\"https:\/\/www.hedera-etc.com\/wp-content\/uploads\/2023\/11\/Hedera-helix-Peter-300x225.webp\" class=\"attachment-medium size-medium wp-image-1205\" alt=\"Hedera helix &#039;Peter&#039;\" srcset=\"https:\/\/www.hedera-etc.com\/wp-content\/uploads\/2023\/11\/Hedera-helix-Peter-300x225.webp 300w, https:\/\/www.hedera-etc.com\/wp-content\/uploads\/2023\/11\/Hedera-helix-Peter-768x576.webp 768w, https:\/\/www.hedera-etc.com\/wp-content\/uploads\/2023\/11\/Hedera-helix-Peter.webp 839w\" sizes=\"(max-width: 300px) 100vw, 300px\" \/><\/div>\n\t\t<\/a>\n\t\t\t\t<div class=\"elementor-post__text\">\n\t\t\t\t<h3 class=\"elementor-post__title\">\n\t\t\t<a href=\"https:\/\/www.hedera-etc.com\/it\/product\/hedera-helix-peter\/\" target=\"&quot;_blank&quot;\">\n\t\t\t\t<em>Hedera helix<\/em> &lsquo;Peter&rsquo; &#8211; Edera ornamentale\t\t\t<\/a>\n\t\t<\/h3>\n\t\t\t\t<div class=\"elementor-post__excerpt\">\n\t\t\t<p>L'edera forma un tappeto denso e sottile. Fusti con internodi corti, che portano foglie trilobate con un lobo centrale allungato.<\/p>\t\t<\/div>\n\t\t\n\t\t<a class=\"elementor-post__read-more\" href=\"https:\/\/www.hedera-etc.com\/it\/product\/hedera-helix-peter\/\" aria-label=\"Leggi tutto &lt;em&gt;Hedera helix&lt;\/em&gt; &lsquo;Peter&rsquo; &#8211; Lierre d&rsquo;ornement\" tabindex=\"-1\" target=\"_blank\">\n\t\t\tPer saperne di pi\u00f9 \u00bb\t\t<\/a>\n\n\t\t\t\t<\/div>\n\t\t\t\t<\/article>\n\t\t\t\t<\/div>\n\t\t\t\t\t<span class=\"e-load-more-spinner\">\n\t\t\t\t<i aria-hidden=\"true\" class=\"fas fa-spinner\"><\/i>\t\t\t<\/span>\n\t\t\n\t\t\t\t<div class=\"e-load-more-anchor\" data-page=\"1\" data-max-page=\"3\" data-next-page=\"https:\/\/www.hedera-etc.com\/it\/wp-json\/wp\/v2\/pages\/4699\/page\/2\/\"><\/div>\n\t\t\t\t<div class=\"e-load-more-message\"><\/div>\n\t\t\t\t\t\t<\/div>\n\t\t\t\t<\/div>\n\t\t\t\t\t<\/div>\n\t\t\t\t<\/div>\n\t\t\t\t<\/div>","protected":false},"excerpt":{"rendered":"<p>Les lierres \u00e0 feuillage panach\u00e9 jaune sont tr\u00e8s int\u00e9ressants pour \u00e9clairer un coin sombre du jardin. Mais certains d&rsquo;entre eux ont besoin de soleil ou de lumi\u00e8re pour garder leur panachures jaunes. Par ailleurs, selon les vari\u00e9t\u00e9s, la panachure jaune peut \u00eatre permanente ou pr\u00e9sente principalement pendant certaines saisons.\u00a0V\u00e9rifiez bien ci-dessous les indications fournies afin [&hellip;]<\/p>\n","protected":false},"author":2,"featured_media":0,"parent":0,"menu_order":0,"comment_status":"closed","ping_status":"closed","template":"","meta":{"_acf_changed":false,"ocean_post_layout":"","ocean_both_sidebars_style":"","ocean_both_sidebars_content_width":0,"ocean_both_sidebars_sidebars_width":0,"ocean_sidebar":"","ocean_second_sidebar":"","ocean_disable_margins":"enable","ocean_add_body_class":"","ocean_shortcode_before_top_bar":"","ocean_shortcode_after_top_bar":"","ocean_shortcode_before_header":"","ocean_shortcode_after_header":"","ocean_has_shortcode":"","ocean_shortcode_after_title":"","ocean_shortcode_before_footer_widgets":"","ocean_shortcode_after_footer_widgets":"","ocean_shortcode_before_footer_bottom":"","ocean_shortcode_after_footer_bottom":"","ocean_display_top_bar":"default","ocean_display_header":"default","ocean_header_style":"","ocean_center_header_left_menu":"","ocean_custom_header_template":"","ocean_custom_logo":0,"ocean_custom_retina_logo":0,"ocean_custom_logo_max_width":0,"ocean_custom_logo_tablet_max_width":0,"ocean_custom_logo_mobile_max_width":0,"ocean_custom_logo_max_height":0,"ocean_custom_logo_tablet_max_height":0,"ocean_custom_logo_mobile_max_height":0,"ocean_header_custom_menu":"","ocean_menu_typo_font_family":"","ocean_menu_typo_font_subset":"","ocean_menu_typo_font_size":0,"ocean_menu_typo_font_size_tablet":0,"ocean_menu_typo_font_size_mobile":0,"ocean_menu_typo_font_size_unit":"px","ocean_menu_typo_font_weight":"","ocean_menu_typo_font_weight_tablet":"","ocean_menu_typo_font_weight_mobile":"","ocean_menu_typo_transform":"","ocean_menu_typo_transform_tablet":"","ocean_menu_typo_transform_mobile":"","ocean_menu_typo_line_height":0,"ocean_menu_typo_line_height_tablet":0,"ocean_menu_typo_line_height_mobile":0,"ocean_menu_typo_line_height_unit":"","ocean_menu_typo_spacing":0,"ocean_menu_typo_spacing_tablet":0,"ocean_menu_typo_spacing_mobile":0,"ocean_menu_typo_spacing_unit":"","ocean_menu_link_color":"","ocean_menu_link_color_hover":"","ocean_menu_link_color_active":"","ocean_menu_link_background":"","ocean_menu_link_hover_background":"","ocean_menu_link_active_background":"","ocean_menu_social_links_bg":"","ocean_menu_social_hover_links_bg":"","ocean_menu_social_links_color":"","ocean_menu_social_hover_links_color":"","ocean_disable_title":"default","ocean_disable_heading":"default","ocean_post_title":"","ocean_post_subheading":"","ocean_post_title_style":"","ocean_post_title_background_color":"","ocean_post_title_background":0,"ocean_post_title_bg_image_position":"","ocean_post_title_bg_image_attachment":"","ocean_post_title_bg_image_repeat":"","ocean_post_title_bg_image_size":"","ocean_post_title_height":0,"ocean_post_title_bg_overlay":0.5,"ocean_post_title_bg_overlay_color":"","ocean_disable_breadcrumbs":"default","ocean_breadcrumbs_color":"","ocean_breadcrumbs_separator_color":"","ocean_breadcrumbs_links_color":"","ocean_breadcrumbs_links_hover_color":"","ocean_display_footer_widgets":"default","ocean_display_footer_bottom":"default","ocean_custom_footer_template":"","footnotes":""},"class_list":["post-4699","page","type-page","status-publish","hentry","entry","has-media","has-product-nav","col","span_1_of_4","owp-content-center","item-entry","owp-thumbs-layout-horizontal","owp-btn-normal","owp-tabs-layout-section","has-no-thumbnails"],"acf":[],"jetpack_sharing_enabled":true,"_links":{"self":[{"href":"https:\/\/www.hedera-etc.com\/it\/wp-json\/wp\/v2\/pages\/4699","targetHints":{"allow":["GET"]}}],"collection":[{"href":"https:\/\/www.hedera-etc.com\/it\/wp-json\/wp\/v2\/pages"}],"about":[{"href":"https:\/\/www.hedera-etc.com\/it\/wp-json\/wp\/v2\/types\/page"}],"author":[{"embeddable":true,"href":"https:\/\/www.hedera-etc.com\/it\/wp-json\/wp\/v2\/users\/2"}],"replies":[{"embeddable":true,"href":"https:\/\/www.hedera-etc.com\/it\/wp-json\/wp\/v2\/comments?post=4699"}],"version-history":[{"count":3,"href":"https:\/\/www.hedera-etc.com\/it\/wp-json\/wp\/v2\/pages\/4699\/revisions"}],"predecessor-version":[{"id":12263,"href":"https:\/\/www.hedera-etc.com\/it\/wp-json\/wp\/v2\/pages\/4699\/revisions\/12263"}],"wp:attachment":[{"href":"https:\/\/www.hedera-etc.com\/it\/wp-json\/wp\/v2\/media?parent=4699"}],"curies":[{"name":"wp","href":"https:\/\/api.w.org\/{rel}","templated":true}]}}