{"id":5538,"date":"2024-04-27T20:45:40","date_gmt":"2024-04-27T18:45:40","guid":{"rendered":"https:\/\/www.hedera-etc.com\/?page_id=5538"},"modified":"2024-12-16T09:22:13","modified_gmt":"2024-12-16T08:22:13","slug":"lierre-a-feuillage-vert","status":"publish","type":"page","link":"https:\/\/www.hedera-etc.com\/it\/lierre-a-feuillage-vert\/","title":{"rendered":"Edera verde"},"content":{"rendered":"<div data-elementor-type=\"wp-page\" data-elementor-id=\"5538\" class=\"elementor elementor-5538\" data-elementor-post-type=\"page\">\n\t\t\t\t<div class=\"elementor-element elementor-element-e9317a6 e-flex e-con-boxed e-con e-parent\" data-id=\"e9317a6\" data-element_type=\"container\">\n\t\t\t\t\t<div class=\"e-con-inner\">\n\t\t\t\t<div class=\"elementor-element elementor-element-0b98e62 elementor-widget elementor-widget-image\" data-id=\"0b98e62\" data-element_type=\"widget\" data-widget_type=\"image.default\">\n\t\t\t\t<div class=\"elementor-widget-container\">\n\t\t\t\t\t\t\t\t\t\t\t\t\t\t\t<img decoding=\"async\" src=\"https:\/\/www.hedera-etc.com\/wp-content\/uploads\/elementor\/thumbs\/Feuillage-vert-rljuqarce1pqsjvyeixoqngp24wy8jci7skheflnkw.webp\" title=\"Fogliame verde\" alt=\"Edera verde\" loading=\"lazy\" \/>\t\t\t\t\t\t\t\t\t\t\t\t\t\t\t<\/div>\n\t\t\t\t<\/div>\n\t\t\t\t\t<\/div>\n\t\t\t\t<\/div>\n\t\t<div class=\"elementor-element elementor-element-c5f0651 e-flex e-con-boxed e-con e-parent\" data-id=\"c5f0651\" data-element_type=\"container\">\n\t\t\t\t\t<div class=\"e-con-inner\">\n\t\t\t\t<div class=\"elementor-element elementor-element-1609d76 elementor-widget elementor-widget-text-editor\" data-id=\"1609d76\" data-element_type=\"widget\" data-widget_type=\"text-editor.default\">\n\t\t\t\t<div class=\"elementor-widget-container\">\n\t\t\t\t\t\t\t\t\t<p>L'edera a fogliame verde pu\u00f2 sembrare un po' ordinaria. Ma non \u00e8 affatto cos\u00ec! In questo negozio sono disponibili oltre 250 variet\u00e0 diverse di edera verde. Si distinguono per la dimensione o la forma delle foglie, per il portamento, per la rapidit\u00e0 o meno della crescita, per la tendenza a strisciare o ad arrampicarsi... In breve, ognuna di queste variet\u00e0 ha un vantaggio specifico.<\/p>\n<p>In generale, sono particolarmente robuste e rappresentano una scommessa sicura. Alcune di esse sono particolarmente adatte per la realizzazione di siepi.<\/p>\t\t\t\t\t\t\t\t<\/div>\n\t\t\t\t<\/div>\n\t\t\t\t\t<\/div>\n\t\t\t\t<\/div>\n\t\t<div class=\"elementor-element elementor-element-491a162 e-flex e-con-boxed e-con e-parent\" data-id=\"491a162\" data-element_type=\"container\">\n\t\t\t\t\t<div class=\"e-con-inner\">\n\t\t\t\t<div class=\"elementor-element elementor-element-81b0b8e elementor-grid-3 elementor-grid-tablet-2 elementor-grid-mobile-1 elementor-posts--thumbnail-top elementor-widget elementor-widget-posts\" data-id=\"81b0b8e\" data-element_type=\"widget\" data-settings=\"{&quot;pagination_type&quot;:&quot;load_more_infinite_scroll&quot;,&quot;classic_columns&quot;:&quot;3&quot;,&quot;classic_columns_tablet&quot;:&quot;2&quot;,&quot;classic_columns_mobile&quot;:&quot;1&quot;,&quot;classic_row_gap&quot;:{&quot;unit&quot;:&quot;px&quot;,&quot;size&quot;:35,&quot;sizes&quot;:[]},&quot;classic_row_gap_tablet&quot;:{&quot;unit&quot;:&quot;px&quot;,&quot;size&quot;:&quot;&quot;,&quot;sizes&quot;:[]},&quot;classic_row_gap_mobile&quot;:{&quot;unit&quot;:&quot;px&quot;,&quot;size&quot;:&quot;&quot;,&quot;sizes&quot;:[]},&quot;load_more_spinner&quot;:{&quot;value&quot;:&quot;fas fa-spinner&quot;,&quot;library&quot;:&quot;fa-solid&quot;}}\" data-widget_type=\"posts.classic\">\n\t\t\t\t<div class=\"elementor-widget-container\">\n\t\t\t\t\t\t\t<div class=\"elementor-posts-container elementor-posts elementor-posts--skin-classic elementor-grid\">\n\t\t\t\t<article class=\"elementor-post elementor-grid-item post-123 product type-product status-publish has-post-thumbnail product_cat-lierre entry has-media first instock purchasable product-type-variable has-default-attributes has-product-nav col span_1_of_4 owp-content-center item-entry owp-thumbs-layout-horizontal owp-btn-normal owp-tabs-layout-section\">\n\t\t\t\t<a class=\"elementor-post__thumbnail__link\" href=\"https:\/\/www.hedera-etc.com\/it\/product\/hedera-helix-asterisk\/\" tabindex=\"-1\" target=\"&quot;_blank&quot;\">\n\t\t\t<div class=\"elementor-post__thumbnail\"><img fetchpriority=\"high\" decoding=\"async\" width=\"300\" height=\"225\" src=\"https:\/\/www.hedera-etc.com\/wp-content\/uploads\/2023\/10\/Hedera-helix-Asterisk_2-300x225.webp\" class=\"attachment-medium size-medium wp-image-14983\" alt=\"Hedera helix &#039;Asterisk&#039;\" srcset=\"https:\/\/www.hedera-etc.com\/wp-content\/uploads\/2023\/10\/Hedera-helix-Asterisk_2-300x225.webp 300w, https:\/\/www.hedera-etc.com\/wp-content\/uploads\/2023\/10\/Hedera-helix-Asterisk_2-900x675.webp 900w, https:\/\/www.hedera-etc.com\/wp-content\/uploads\/2023\/10\/Hedera-helix-Asterisk_2-1024x768.webp 1024w, https:\/\/www.hedera-etc.com\/wp-content\/uploads\/2023\/10\/Hedera-helix-Asterisk_2-768x576.webp 768w, https:\/\/www.hedera-etc.com\/wp-content\/uploads\/2023\/10\/Hedera-helix-Asterisk_2-1536x1152.webp 1536w, https:\/\/www.hedera-etc.com\/wp-content\/uploads\/2023\/10\/Hedera-helix-Asterisk_2-1320x990.webp 1320w, https:\/\/www.hedera-etc.com\/wp-content\/uploads\/2023\/10\/Hedera-helix-Asterisk_2.webp 1600w\" sizes=\"(max-width: 300px) 100vw, 300px\" \/><\/div>\n\t\t<\/a>\n\t\t\t\t<div class=\"elementor-post__text\">\n\t\t\t\t<h3 class=\"elementor-post__title\">\n\t\t\t<a href=\"https:\/\/www.hedera-etc.com\/it\/product\/hedera-helix-asterisk\/\" target=\"&quot;_blank&quot;\">\n\t\t\t\t<em>Hedera helix<\/em> &lsquo;Asterisk&rsquo; &#8211; Edera ornamentale\t\t\t<\/a>\n\t\t<\/h3>\n\t\t\t\t<div class=\"elementor-post__excerpt\">\n\t\t\t<p>Una variet\u00e0 molto interessante per l'inverdimento dei muri.<\/p> <p>Foglie composte da 5-7 lobi stretti, appuntiti e ricurvi verso il centro.\t\t<\/div>\n\t\t\n\t\t<a class=\"elementor-post__read-more\" href=\"https:\/\/www.hedera-etc.com\/it\/product\/hedera-helix-asterisk\/\" aria-label=\"Leggi tutto &lt;em&gt;Hedera helix&lt;\/em&gt; \u2018Asterisk\u2019 \u2013 Edera ornamentale\" tabindex=\"-1\" target=\"_blank\">\n\t\t\tPer saperne di pi\u00f9 \u00bb\t\t<\/a>\n\n\t\t\t\t<\/div>\n\t\t\t\t<\/article>\n\t\t\t\t<article class=\"elementor-post elementor-grid-item post-284 product type-product status-publish has-post-thumbnail product_cat-lierre entry has-media  instock purchasable product-type-variable has-default-attributes has-product-nav col span_1_of_4 owp-content-center item-entry owp-thumbs-layout-horizontal owp-btn-normal owp-tabs-layout-section\">\n\t\t\t\t<a class=\"elementor-post__thumbnail__link\" href=\"https:\/\/www.hedera-etc.com\/it\/product\/hedera-helix-fleur-de-lys\/\" tabindex=\"-1\" target=\"&quot;_blank&quot;\">\n\t\t\t<div class=\"elementor-post__thumbnail\"><img decoding=\"async\" width=\"300\" height=\"198\" src=\"https:\/\/www.hedera-etc.com\/wp-content\/uploads\/2023\/10\/Hedera-helix-Fleur-De-Lys_3-300x198.webp\" class=\"attachment-medium size-medium wp-image-14884\" alt=\"Hedera helix &#039;Fleur De Lys&#039; (Fior di Lisi)&#039;\" srcset=\"https:\/\/www.hedera-etc.com\/wp-content\/uploads\/2023\/10\/Hedera-helix-Fleur-De-Lys_3-300x198.webp 300w, https:\/\/www.hedera-etc.com\/wp-content\/uploads\/2023\/10\/Hedera-helix-Fleur-De-Lys_3-900x594.webp 900w, https:\/\/www.hedera-etc.com\/wp-content\/uploads\/2023\/10\/Hedera-helix-Fleur-De-Lys_3-768x507.webp 768w, https:\/\/www.hedera-etc.com\/wp-content\/uploads\/2023\/10\/Hedera-helix-Fleur-De-Lys_3.webp 1022w\" sizes=\"(max-width: 300px) 100vw, 300px\" \/><\/div>\n\t\t<\/a>\n\t\t\t\t<div class=\"elementor-post__text\">\n\t\t\t\t<h3 class=\"elementor-post__title\">\n\t\t\t<a href=\"https:\/\/www.hedera-etc.com\/it\/product\/hedera-helix-fleur-de-lys\/\" target=\"&quot;_blank&quot;\">\n\t\t\t\t<em>Hedera helix<\/em> &lsquo;Fleur De Lys&rsquo; &#8211; Edera ornamentale\t\t\t<\/a>\n\t\t<\/h3>\n\t\t\t\t<div class=\"elementor-post__excerpt\">\n\t\t\t<p>Rampicante vigoroso.<\/p> <p>Foglie profondamente divise in 3-5 lobi, spesso tagliate quasi fino alla nervatura centrale. Lobi basali divergenti,\t\t<\/div>\n\t\t\n\t\t<a class=\"elementor-post__read-more\" href=\"https:\/\/www.hedera-etc.com\/it\/product\/hedera-helix-fleur-de-lys\/\" aria-label=\"Leggi tutto &lt;em&gt;Hedera helix&lt;\/em&gt; \u2018Fleur De Lys\u2019 \u2013 Edera da ornamento\" tabindex=\"-1\" target=\"_blank\">\n\t\t\tPer saperne di pi\u00f9 \u00bb\t\t<\/a>\n\n\t\t\t\t<\/div>\n\t\t\t\t<\/article>\n\t\t\t\t<article class=\"elementor-post elementor-grid-item post-406 product type-product status-publish has-post-thumbnail product_cat-lierre entry has-media  instock purchasable product-type-variable has-default-attributes has-product-nav col span_1_of_4 owp-content-center item-entry owp-thumbs-layout-horizontal owp-btn-normal owp-tabs-layout-section\">\n\t\t\t\t<a class=\"elementor-post__thumbnail__link\" href=\"https:\/\/www.hedera-etc.com\/it\/product\/hedera-helix-palmata-adulte\/\" tabindex=\"-1\" target=\"&quot;_blank&quot;\">\n\t\t\t<div class=\"elementor-post__thumbnail\"><img decoding=\"async\" width=\"300\" height=\"225\" src=\"https:\/\/www.hedera-etc.com\/wp-content\/uploads\/2023\/10\/Hedera-helix-\u2018Palmata-Adulte_2-300x225.webp\" class=\"attachment-medium size-medium wp-image-14801\" alt=\"Hedera helix \u2018Palmata Adult\u2019_3\" srcset=\"https:\/\/www.hedera-etc.com\/wp-content\/uploads\/2023\/10\/Hedera-helix-\u2018Palmata-Adulte_2-300x225.webp 300w, https:\/\/www.hedera-etc.com\/wp-content\/uploads\/2023\/10\/Hedera-helix-\u2018Palmata-Adulte_2-768x576.webp 768w, https:\/\/www.hedera-etc.com\/wp-content\/uploads\/2023\/10\/Hedera-helix-\u2018Palmata-Adulte_2.webp 900w\" sizes=\"(max-width: 300px) 100vw, 300px\" \/><\/div>\n\t\t<\/a>\n\t\t\t\t<div class=\"elementor-post__text\">\n\t\t\t\t<h3 class=\"elementor-post__title\">\n\t\t\t<a href=\"https:\/\/www.hedera-etc.com\/it\/product\/hedera-helix-palmata-adulte\/\" target=\"&quot;_blank&quot;\">\n\t\t\t\t<em>Hedera helix<\/em> &lsquo;Palmata&rsquo; adulta\t\t\t<\/a>\n\t\t<\/h3>\n\t\t\t\t<div class=\"elementor-post__excerpt\">\n\t\t\t<p><strong><em>Hedera helix<\/em> \u2018Palmata\u2019<\/strong>, presentato qui nella sua forma adulta.<\/p> <p>Foglie non lobate, a forma di ventaglio allungato. Lama verde scuro con\t\t<\/div>\n\t\t\n\t\t<a class=\"elementor-post__read-more\" href=\"https:\/\/www.hedera-etc.com\/it\/product\/hedera-helix-palmata-adulte\/\" aria-label=\"Leggi tutta l&#039;edera adulta *Hedera helix* \u2018Palmata\u2019\" tabindex=\"-1\" target=\"_blank\">\n\t\t\tPer saperne di pi\u00f9 \u00bb\t\t<\/a>\n\n\t\t\t\t<\/div>\n\t\t\t\t<\/article>\n\t\t\t\t<article class=\"elementor-post elementor-grid-item post-579 product type-product status-publish has-post-thumbnail product_cat-lierre entry has-media last instock purchasable product-type-variable has-default-attributes has-product-nav col span_1_of_4 owp-content-center item-entry owp-thumbs-layout-horizontal owp-btn-normal owp-tabs-layout-section\">\n\t\t\t\t<a class=\"elementor-post__thumbnail__link\" href=\"https:\/\/www.hedera-etc.com\/it\/product\/hedera-helix-dicke-von-stauss\/\" tabindex=\"-1\" target=\"&quot;_blank&quot;\">\n\t\t\t<div class=\"elementor-post__thumbnail\"><img loading=\"lazy\" decoding=\"async\" width=\"300\" height=\"225\" src=\"https:\/\/www.hedera-etc.com\/wp-content\/uploads\/2023\/10\/Hedera-helix-Dicke-Von-Strauss-300x225.webp\" class=\"attachment-medium size-medium wp-image-580\" alt=\"Hedera helix &#039;Dicke von Stauss&#039;\" srcset=\"https:\/\/www.hedera-etc.com\/wp-content\/uploads\/2023\/10\/Hedera-helix-Dicke-Von-Strauss-300x225.webp 300w, https:\/\/www.hedera-etc.com\/wp-content\/uploads\/2023\/10\/Hedera-helix-Dicke-Von-Strauss-900x675.webp 900w, https:\/\/www.hedera-etc.com\/wp-content\/uploads\/2023\/10\/Hedera-helix-Dicke-Von-Strauss-768x576.webp 768w, https:\/\/www.hedera-etc.com\/wp-content\/uploads\/2023\/10\/Hedera-helix-Dicke-Von-Strauss.webp 1024w\" sizes=\"(max-width: 300px) 100vw, 300px\" \/><\/div>\n\t\t<\/a>\n\t\t\t\t<div class=\"elementor-post__text\">\n\t\t\t\t<h3 class=\"elementor-post__title\">\n\t\t\t<a href=\"https:\/\/www.hedera-etc.com\/it\/product\/hedera-helix-dicke-von-stauss\/\" target=\"&quot;_blank&quot;\">\n\t\t\t\t<em>Hedera helix<\/em> &lsquo;Dicke von Stauss&rsquo; &#8211; Edera ornamentale\t\t\t<\/a>\n\t\t<\/h3>\n\t\t\t\t<div class=\"elementor-post__excerpt\">\n\t\t\t<p>Nasce da una fascicolazione della cultivar \u2018Stuttgart\u2019. Crescita molto densa, quasi verticale.<\/p> <p>Foglie di medie dimensioni. Foglie giovani verde chiaro\t\t<\/div>\n\t\t\n\t\t<a class=\"elementor-post__read-more\" href=\"https:\/\/www.hedera-etc.com\/it\/product\/hedera-helix-dicke-von-stauss\/\" aria-label=\"Leggi tutto *Hedera helix* \u2018Dicke von Stauss\u2019 \u2013 Edera ornamentale\" tabindex=\"-1\" target=\"_blank\">\n\t\t\tPer saperne di pi\u00f9 \u00bb\t\t<\/a>\n\n\t\t\t\t<\/div>\n\t\t\t\t<\/article>\n\t\t\t\t<article class=\"elementor-post elementor-grid-item post-818 product type-product status-publish has-post-thumbnail product_cat-lierre entry has-media first instock purchasable product-type-variable has-default-attributes has-product-nav col span_1_of_4 owp-content-center item-entry owp-thumbs-layout-horizontal owp-btn-normal owp-tabs-layout-section\">\n\t\t\t\t<a class=\"elementor-post__thumbnail__link\" href=\"https:\/\/www.hedera-etc.com\/it\/product\/hedera-helix-hester\/\" tabindex=\"-1\" target=\"&quot;_blank&quot;\">\n\t\t\t<div class=\"elementor-post__thumbnail\"><img loading=\"lazy\" decoding=\"async\" width=\"300\" height=\"225\" src=\"https:\/\/www.hedera-etc.com\/wp-content\/uploads\/2023\/10\/Hedera-helix-Hester_2-300x225.webp\" class=\"attachment-medium size-medium wp-image-819\" alt=\"Hedera helix &#039;Hester&#039;\" srcset=\"https:\/\/www.hedera-etc.com\/wp-content\/uploads\/2023\/10\/Hedera-helix-Hester_2-300x225.webp 300w, https:\/\/www.hedera-etc.com\/wp-content\/uploads\/2023\/10\/Hedera-helix-Hester_2-768x575.webp 768w, https:\/\/www.hedera-etc.com\/wp-content\/uploads\/2023\/10\/Hedera-helix-Hester_2.webp 800w\" sizes=\"(max-width: 300px) 100vw, 300px\" \/><\/div>\n\t\t<\/a>\n\t\t\t\t<div class=\"elementor-post__text\">\n\t\t\t\t<h3 class=\"elementor-post__title\">\n\t\t\t<a href=\"https:\/\/www.hedera-etc.com\/it\/product\/hedera-helix-hester\/\" target=\"&quot;_blank&quot;\">\n\t\t\t\t<em>Hedera helix<\/em> &lsquo;Hester&rsquo; &#8211; Edera ornamentale\t\t\t<\/a>\n\t\t<\/h3>\n\t\t\t\t<div class=\"elementor-post__excerpt\">\n\t\t\t<p>Variet\u00e0 insolita con foglie lunghe, lineari o lanceolate.<\/p> <p>La maggior parte delle volte non \u00e8 lobata, ma le foglie possono essere talvolta presenti\t\t<\/div>\n\t\t\n\t\t<a class=\"elementor-post__read-more\" href=\"https:\/\/www.hedera-etc.com\/it\/product\/hedera-helix-hester\/\" aria-label=\"Leggi tutto *Hedera helix* \u2018Hester\u2019 \u2013 Edera ornamentale\" tabindex=\"-1\" target=\"_blank\">\n\t\t\tPer saperne di pi\u00f9 \u00bb\t\t<\/a>\n\n\t\t\t\t<\/div>\n\t\t\t\t<\/article>\n\t\t\t\t<article class=\"elementor-post elementor-grid-item post-941 product type-product status-publish has-post-thumbnail product_cat-lierre entry has-media  instock purchasable product-type-variable has-default-attributes has-product-nav col span_1_of_4 owp-content-center item-entry owp-thumbs-layout-horizontal owp-btn-normal owp-tabs-layout-section\">\n\t\t\t\t<a class=\"elementor-post__thumbnail__link\" href=\"https:\/\/www.hedera-etc.com\/it\/product\/hedera-helix-lilliput\/\" tabindex=\"-1\" target=\"&quot;_blank&quot;\">\n\t\t\t<div class=\"elementor-post__thumbnail\"><img loading=\"lazy\" decoding=\"async\" width=\"300\" height=\"225\" src=\"https:\/\/www.hedera-etc.com\/wp-content\/uploads\/2023\/10\/Hedera-helix-Lilliput_2-300x225.webp\" class=\"attachment-medium size-medium wp-image-943\" alt=\"\" srcset=\"https:\/\/www.hedera-etc.com\/wp-content\/uploads\/2023\/10\/Hedera-helix-Lilliput_2-300x225.webp 300w, https:\/\/www.hedera-etc.com\/wp-content\/uploads\/2023\/10\/Hedera-helix-Lilliput_2-900x675.webp 900w, https:\/\/www.hedera-etc.com\/wp-content\/uploads\/2023\/10\/Hedera-helix-Lilliput_2-768x576.webp 768w, https:\/\/www.hedera-etc.com\/wp-content\/uploads\/2023\/10\/Hedera-helix-Lilliput_2.webp 1024w\" sizes=\"(max-width: 300px) 100vw, 300px\" \/><\/div>\n\t\t<\/a>\n\t\t\t\t<div class=\"elementor-post__text\">\n\t\t\t\t<h3 class=\"elementor-post__title\">\n\t\t\t<a href=\"https:\/\/www.hedera-etc.com\/it\/product\/hedera-helix-lilliput\/\" target=\"&quot;_blank&quot;\">\n\t\t\t\t<em>Hedera helix<\/em> &lsquo;Lilliput&rsquo; &#8211; Edera ornamentale\t\t\t<\/a>\n\t\t<\/h3>\n\t\t\t\t<div class=\"elementor-post__excerpt\">\n\t\t\t<p>Si distingue per le sue foglie in miniatura, asimmetriche e contorte, persino piegate. Il picciolo si arriccia intorno al fusto in modo bizzarro.<\/p>\t\t<\/div>\n\t\t\n\t\t<a class=\"elementor-post__read-more\" href=\"https:\/\/www.hedera-etc.com\/it\/product\/hedera-helix-lilliput\/\" aria-label=\"Leggi tutto &lt;em&gt;Hedera helix&lt;\/em&gt; \u2018Lilliput\u2019 \u2013 Edera ornamentale\" tabindex=\"-1\" target=\"_blank\">\n\t\t\tPer saperne di pi\u00f9 \u00bb\t\t<\/a>\n\n\t\t\t\t<\/div>\n\t\t\t\t<\/article>\n\t\t\t\t<article class=\"elementor-post elementor-grid-item post-1099 product type-product status-publish has-post-thumbnail product_cat-lierre entry has-media  instock purchasable product-type-variable has-default-attributes has-product-nav col span_1_of_4 owp-content-center item-entry owp-thumbs-layout-horizontal owp-btn-normal owp-tabs-layout-section has-no-thumbnails\">\n\t\t\t\t<a class=\"elementor-post__thumbnail__link\" href=\"https:\/\/www.hedera-etc.com\/it\/product\/hedera-helix-moonbeam\/\" tabindex=\"-1\" target=\"&quot;_blank&quot;\">\n\t\t\t<div class=\"elementor-post__thumbnail\"><img loading=\"lazy\" decoding=\"async\" width=\"300\" height=\"225\" src=\"https:\/\/www.hedera-etc.com\/wp-content\/uploads\/2023\/10\/GetterResourceImage-1-300x225.webp\" class=\"attachment-medium size-medium wp-image-1100\" alt=\"Hedera helix &#039;Moonbeam&#039;\" srcset=\"https:\/\/www.hedera-etc.com\/wp-content\/uploads\/2023\/10\/GetterResourceImage-1-300x225.webp 300w, https:\/\/www.hedera-etc.com\/wp-content\/uploads\/2023\/10\/GetterResourceImage-1-768x576.webp 768w, https:\/\/www.hedera-etc.com\/wp-content\/uploads\/2023\/10\/GetterResourceImage-1.webp 839w\" sizes=\"(max-width: 300px) 100vw, 300px\" \/><\/div>\n\t\t<\/a>\n\t\t\t\t<div class=\"elementor-post__text\">\n\t\t\t\t<h3 class=\"elementor-post__title\">\n\t\t\t<a href=\"https:\/\/www.hedera-etc.com\/it\/product\/hedera-helix-moonbeam\/\" target=\"&quot;_blank&quot;\">\n\t\t\t\t<em>Hedera helix<\/em> &lsquo;Moonbeam&rsquo; &#8211; Edera ornamentale\t\t\t<\/a>\n\t\t<\/h3>\n\t\t\t\t<div class=\"elementor-post__excerpt\">\n\t\t\t<p>Una variet\u00e0 che illumina la parte del giardino in cui \u00e8 piantata al sorgere della primavera.<\/p> <p>Foglie composte da 3 a\t\t<\/div>\n\t\t\n\t\t<a class=\"elementor-post__read-more\" href=\"https:\/\/www.hedera-etc.com\/it\/product\/hedera-helix-moonbeam\/\" aria-label=\"Leggi tutto &lt;em&gt;Hedera helix&lt;\/em&gt; \u2018Moonbeam\u2019 \u2013 Edera ornamentale\" tabindex=\"-1\" target=\"_blank\">\n\t\t\tPer saperne di pi\u00f9 \u00bb\t\t<\/a>\n\n\t\t\t\t<\/div>\n\t\t\t\t<\/article>\n\t\t\t\t<article class=\"elementor-post elementor-grid-item post-1228 product type-product status-publish has-post-thumbnail product_cat-lierre entry has-media last instock purchasable product-type-variable has-default-attributes has-product-nav col span_1_of_4 owp-content-center item-entry owp-thumbs-layout-horizontal owp-btn-normal owp-tabs-layout-section has-no-thumbnails\">\n\t\t\t\t<a class=\"elementor-post__thumbnail__link\" href=\"https:\/\/www.hedera-etc.com\/it\/product\/hedera-helix-pin-oak\/\" tabindex=\"-1\" target=\"&quot;_blank&quot;\">\n\t\t\t<div class=\"elementor-post__thumbnail\"><img loading=\"lazy\" decoding=\"async\" width=\"300\" height=\"225\" src=\"https:\/\/www.hedera-etc.com\/wp-content\/uploads\/2023\/11\/Hedera-helix-Pink-Oak-300x225.webp\" class=\"attachment-medium size-medium wp-image-1229\" alt=\"Hedera helix &#039;Pin Oak&#039;\" srcset=\"https:\/\/www.hedera-etc.com\/wp-content\/uploads\/2023\/11\/Hedera-helix-Pink-Oak-300x225.webp 300w, https:\/\/www.hedera-etc.com\/wp-content\/uploads\/2023\/11\/Hedera-helix-Pink-Oak-900x675.webp 900w, https:\/\/www.hedera-etc.com\/wp-content\/uploads\/2023\/11\/Hedera-helix-Pink-Oak-768x576.webp 768w, https:\/\/www.hedera-etc.com\/wp-content\/uploads\/2023\/11\/Hedera-helix-Pink-Oak.webp 1024w\" sizes=\"(max-width: 300px) 100vw, 300px\" \/><\/div>\n\t\t<\/a>\n\t\t\t\t<div class=\"elementor-post__text\">\n\t\t\t\t<h3 class=\"elementor-post__title\">\n\t\t\t<a href=\"https:\/\/www.hedera-etc.com\/it\/product\/hedera-helix-pin-oak\/\" target=\"&quot;_blank&quot;\">\n\t\t\t\t<em>Hedera helix<\/em> &lsquo;Pin Oak&rsquo; &#8211; Edera ornamentale\t\t\t<\/a>\n\t\t<\/h3>\n\t\t\t\t<div class=\"elementor-post__excerpt\">\n\t\t\t<p>Foglie piccole con 3 lobi e punte arrotondate.<\/p> <p>Lobo centrale lungo il doppio dei lobi laterali. Lama\t\t<\/div>\n\t\t\n\t\t<a class=\"elementor-post__read-more\" href=\"https:\/\/www.hedera-etc.com\/it\/product\/hedera-helix-pin-oak\/\" aria-label=\"Leggi tutto Hedera helix \u2018Pin Oak\u2019 \u2013 Edera ornamentale\" tabindex=\"-1\" target=\"_blank\">\n\t\t\tPer saperne di pi\u00f9 \u00bb\t\t<\/a>\n\n\t\t\t\t<\/div>\n\t\t\t\t<\/article>\n\t\t\t\t<article class=\"elementor-post elementor-grid-item post-1444 product type-product status-publish has-post-thumbnail product_cat-lierre entry has-media first instock purchasable product-type-variable has-default-attributes has-product-nav col span_1_of_4 owp-content-center item-entry owp-thumbs-layout-horizontal owp-btn-normal owp-tabs-layout-section has-no-thumbnails\">\n\t\t\t\t<a class=\"elementor-post__thumbnail__link\" href=\"https:\/\/www.hedera-etc.com\/it\/product\/hedera-helix-sonja\/\" tabindex=\"-1\" target=\"&quot;_blank&quot;\">\n\t\t\t<div class=\"elementor-post__thumbnail\"><img loading=\"lazy\" decoding=\"async\" width=\"300\" height=\"200\" src=\"https:\/\/www.hedera-etc.com\/wp-content\/uploads\/2023\/11\/Hedera-helix-Sonja-300x200.webp\" class=\"attachment-medium size-medium wp-image-1445\" alt=\"Hedera helix &#039;Sonja&#039;\" srcset=\"https:\/\/www.hedera-etc.com\/wp-content\/uploads\/2023\/11\/Hedera-helix-Sonja-300x200.webp 300w, https:\/\/www.hedera-etc.com\/wp-content\/uploads\/2023\/11\/Hedera-helix-Sonja-768x511.webp 768w, https:\/\/www.hedera-etc.com\/wp-content\/uploads\/2023\/11\/Hedera-helix-Sonja.webp 800w\" sizes=\"(max-width: 300px) 100vw, 300px\" \/><\/div>\n\t\t<\/a>\n\t\t\t\t<div class=\"elementor-post__text\">\n\t\t\t\t<h3 class=\"elementor-post__title\">\n\t\t\t<a href=\"https:\/\/www.hedera-etc.com\/it\/product\/hedera-helix-sonja\/\" target=\"&quot;_blank&quot;\">\n\t\t\t\t<em>Hedera helix<\/em> &lsquo;Sonja&rsquo; &#8211; Edera ornamentale\t\t\t<\/a>\n\t\t<\/h3>\n\t\t\t\t<div class=\"elementor-post__excerpt\">\n\t\t\t<p>Variet\u00e0 con pochi rami. Fusti con belle foglie a ventaglio a 7 lobi.<\/p> <p>Foglie da 5 a 7 cm\t\t<\/div>\n\t\t\n\t\t<a class=\"elementor-post__read-more\" href=\"https:\/\/www.hedera-etc.com\/it\/product\/hedera-helix-sonja\/\" aria-label=\"Leggi tutto &lt;em&gt;Hedera helix&lt;\/em&gt; \u2018Sonja\u2019 \u2013 Edera ornamentale\" tabindex=\"-1\" target=\"_blank\">\n\t\t\tPer saperne di pi\u00f9 \u00bb\t\t<\/a>\n\n\t\t\t\t<\/div>\n\t\t\t\t<\/article>\n\t\t\t\t<article class=\"elementor-post elementor-grid-item post-1589 product type-product status-publish has-post-thumbnail product_cat-lierre entry has-media  instock purchasable product-type-variable has-default-attributes has-product-nav col span_1_of_4 owp-content-center item-entry owp-thumbs-layout-horizontal owp-btn-normal owp-tabs-layout-section\">\n\t\t\t\t<a class=\"elementor-post__thumbnail__link\" href=\"https:\/\/www.hedera-etc.com\/it\/product\/hedera-helix-tussie-mussie\/\" tabindex=\"-1\" target=\"&quot;_blank&quot;\">\n\t\t\t<div class=\"elementor-post__thumbnail\"><img loading=\"lazy\" decoding=\"async\" width=\"300\" height=\"239\" src=\"https:\/\/www.hedera-etc.com\/wp-content\/uploads\/2023\/11\/Hedera-helix-Tussie-Mussie-300x239.webp\" class=\"attachment-medium size-medium wp-image-14053\" alt=\"Hedera helix &#039;Tussie Mussie&#039;\" srcset=\"https:\/\/www.hedera-etc.com\/wp-content\/uploads\/2023\/11\/Hedera-helix-Tussie-Mussie-300x239.webp 300w, https:\/\/www.hedera-etc.com\/wp-content\/uploads\/2023\/11\/Hedera-helix-Tussie-Mussie-768x611.webp 768w, https:\/\/www.hedera-etc.com\/wp-content\/uploads\/2023\/11\/Hedera-helix-Tussie-Mussie.webp 849w\" sizes=\"(max-width: 300px) 100vw, 300px\" \/><\/div>\n\t\t<\/a>\n\t\t\t\t<div class=\"elementor-post__text\">\n\t\t\t\t<h3 class=\"elementor-post__title\">\n\t\t\t<a href=\"https:\/\/www.hedera-etc.com\/it\/product\/hedera-helix-tussie-mussie\/\" target=\"&quot;_blank&quot;\">\n\t\t\t\t<em>Hedera helix<\/em> &lsquo;Tussie Mussie&rsquo;- Edera ornamentale\t\t\t<\/a>\n\t\t<\/h3>\n\t\t\t\t<div class=\"elementor-post__excerpt\">\n\t\t\t<p>Variet\u00e0 compatta e ramificata. Foglie con 3 lobi distinti e arrotondati, a volte simili a foglioline con superficie in rilievo.\t\t<\/div>\n\t\t\n\t\t<a class=\"elementor-post__read-more\" href=\"https:\/\/www.hedera-etc.com\/it\/product\/hedera-helix-tussie-mussie\/\" aria-label=\"Leggi tutto *Hedera helix* \u2018Tussie Mussie\u2019 - Edera ornamentale\" tabindex=\"-1\" target=\"_blank\">\n\t\t\tPer saperne di pi\u00f9 \u00bb\t\t<\/a>\n\n\t\t\t\t<\/div>\n\t\t\t\t<\/article>\n\t\t\t\t<article class=\"elementor-post elementor-grid-item post-1765 product type-product status-publish has-post-thumbnail product_cat-lierre entry has-media  instock purchasable product-type-variable has-default-attributes has-product-nav col span_1_of_4 owp-content-center item-entry owp-thumbs-layout-horizontal owp-btn-normal owp-tabs-layout-section\">\n\t\t\t\t<a class=\"elementor-post__thumbnail__link\" href=\"https:\/\/www.hedera-etc.com\/it\/product\/hedera-hibernica-arco\/\" tabindex=\"-1\" target=\"&quot;_blank&quot;\">\n\t\t\t<div class=\"elementor-post__thumbnail\"><img loading=\"lazy\" decoding=\"async\" width=\"300\" height=\"225\" src=\"https:\/\/www.hedera-etc.com\/wp-content\/uploads\/2023\/11\/Hedera-hibernica-Arco-300x225.webp\" class=\"attachment-medium size-medium wp-image-1766\" alt=\"Hedera hibernica &#039;Arco&#039;\" srcset=\"https:\/\/www.hedera-etc.com\/wp-content\/uploads\/2023\/11\/Hedera-hibernica-Arco-300x225.webp 300w, https:\/\/www.hedera-etc.com\/wp-content\/uploads\/2023\/11\/Hedera-hibernica-Arco-768x575.webp 768w, https:\/\/www.hedera-etc.com\/wp-content\/uploads\/2023\/11\/Hedera-hibernica-Arco.webp 800w\" sizes=\"(max-width: 300px) 100vw, 300px\" \/><\/div>\n\t\t<\/a>\n\t\t\t\t<div class=\"elementor-post__text\">\n\t\t\t\t<h3 class=\"elementor-post__title\">\n\t\t\t<a href=\"https:\/\/www.hedera-etc.com\/it\/product\/hedera-hibernica-arco\/\" target=\"&quot;_blank&quot;\">\n\t\t\t\t<em>Hedera hibernica<\/em> &lsquo;Arco&rsquo; &#8211; Edera d'Irlanda\t\t\t<\/a>\n\t\t<\/h3>\n\t\t\t\t<div class=\"elementor-post__excerpt\">\n\t\t\t<p>Fogliame verde chiaro, meno folto del tipo, che assume belle tonalit\u00e0 bronzee in inverno.<\/p> <p>Foglie larghe con\t\t<\/div>\n\t\t\n\t\t<a class=\"elementor-post__read-more\" href=\"https:\/\/www.hedera-etc.com\/it\/product\/hedera-hibernica-arco\/\" aria-label=\"Leggi tutto &lt;em&gt;Hedera hibernica&lt;\/em&gt; \u2018Arco\u2019 \u2013 Edera d&#039;Irlanda\" tabindex=\"-1\" target=\"_blank\">\n\t\t\tPer saperne di pi\u00f9 \u00bb\t\t<\/a>\n\n\t\t\t\t<\/div>\n\t\t\t\t<\/article>\n\t\t\t\t<article class=\"elementor-post elementor-grid-item post-1888 product type-product status-publish has-post-thumbnail product_cat-lierre entry has-media last instock purchasable product-type-variable has-default-attributes has-product-nav col span_1_of_4 owp-content-center item-entry owp-thumbs-layout-horizontal owp-btn-normal owp-tabs-layout-section has-no-thumbnails\">\n\t\t\t\t<a class=\"elementor-post__thumbnail__link\" href=\"https:\/\/www.hedera-etc.com\/it\/product\/hedera-nepalensis-suzanne\/\" tabindex=\"-1\" target=\"&quot;_blank&quot;\">\n\t\t\t<div class=\"elementor-post__thumbnail\"><img loading=\"lazy\" decoding=\"async\" width=\"300\" height=\"225\" src=\"https:\/\/www.hedera-etc.com\/wp-content\/uploads\/2023\/11\/Hedera-nepalensis-Suzanne-300x225.webp\" class=\"attachment-medium size-medium wp-image-1889\" alt=\"Hedera nepalensis &#039;Suzanne&#039; (Suzanne)&#039;\" srcset=\"https:\/\/www.hedera-etc.com\/wp-content\/uploads\/2023\/11\/Hedera-nepalensis-Suzanne-300x225.webp 300w, https:\/\/www.hedera-etc.com\/wp-content\/uploads\/2023\/11\/Hedera-nepalensis-Suzanne-768x576.webp 768w, https:\/\/www.hedera-etc.com\/wp-content\/uploads\/2023\/11\/Hedera-nepalensis-Suzanne.webp 839w\" sizes=\"(max-width: 300px) 100vw, 300px\" \/><\/div>\n\t\t<\/a>\n\t\t\t\t<div class=\"elementor-post__text\">\n\t\t\t\t<h3 class=\"elementor-post__title\">\n\t\t\t<a href=\"https:\/\/www.hedera-etc.com\/it\/product\/hedera-nepalensis-suzanne\/\" target=\"&quot;_blank&quot;\">\n\t\t\t\t<em>Hedera nepalensis<\/em> &lsquo;Suzanne&rsquo; &#8211; Edera del Nepal\t\t\t<\/a>\n\t\t<\/h3>\n\t\t\t\t<div class=\"elementor-post__excerpt\">\n\t\t\t<p>Cultivar elegante, abbastanza vigorosa e ramificata. Foglie con lobo centrale molto lungo.<\/p> <p>Lama verde scuro con\t\t<\/div>\n\t\t\n\t\t<a class=\"elementor-post__read-more\" href=\"https:\/\/www.hedera-etc.com\/it\/product\/hedera-nepalensis-suzanne\/\" aria-label=\"Leggi tutto &lt;em&gt;Hedera nepalensis&lt;\/em&gt; &lsquo;Suzanne&rsquo; &#8211; Lierre du N\u00e9pal\" tabindex=\"-1\" target=\"_blank\">\n\t\t\tPer saperne di pi\u00f9 \u00bb\t\t<\/a>\n\n\t\t\t\t<\/div>\n\t\t\t\t<\/article>\n\t\t\t\t<article class=\"elementor-post elementor-grid-item post-2039 product type-product status-publish has-post-thumbnail product_cat-lierre entry has-media first instock purchasable product-type-variable has-default-attributes has-product-nav col span_1_of_4 owp-content-center item-entry owp-thumbs-layout-horizontal owp-btn-normal owp-tabs-layout-section\">\n\t\t\t\t<a class=\"elementor-post__thumbnail__link\" href=\"https:\/\/www.hedera-etc.com\/it\/product\/hedera-helix-arapahoe\/\" tabindex=\"-1\" target=\"&quot;_blank&quot;\">\n\t\t\t<div class=\"elementor-post__thumbnail\"><img loading=\"lazy\" decoding=\"async\" width=\"300\" height=\"225\" src=\"https:\/\/www.hedera-etc.com\/wp-content\/uploads\/2023\/11\/Hedera-helix-Arapaho-300x225.webp\" class=\"attachment-medium size-medium wp-image-2040\" alt=\"Hedera helix &#039;Arapahoe&#039;\" srcset=\"https:\/\/www.hedera-etc.com\/wp-content\/uploads\/2023\/11\/Hedera-helix-Arapaho-300x225.webp 300w, https:\/\/www.hedera-etc.com\/wp-content\/uploads\/2023\/11\/Hedera-helix-Arapaho.webp 600w\" sizes=\"(max-width: 300px) 100vw, 300px\" \/><\/div>\n\t\t<\/a>\n\t\t\t\t<div class=\"elementor-post__text\">\n\t\t\t\t<h3 class=\"elementor-post__title\">\n\t\t\t<a href=\"https:\/\/www.hedera-etc.com\/it\/product\/hedera-helix-arapahoe\/\" target=\"&quot;_blank&quot;\">\n\t\t\t\t<em>Hedera helix<\/em> &lsquo;Arapahoe&rsquo; &#8211; Edera ornamentale\t\t\t<\/a>\n\t\t<\/h3>\n\t\t\t\t<div class=\"elementor-post__excerpt\">\n\t\t\t<p>Foglie a coppa larga, di colore verde medio-scuro con 5 lobi.<\/p> <p>Lobo centrale lungo e appuntito.\t\t<\/div>\n\t\t\n\t\t<a class=\"elementor-post__read-more\" href=\"https:\/\/www.hedera-etc.com\/it\/product\/hedera-helix-arapahoe\/\" aria-label=\"Leggi tutto &lt;em&gt;Hedera helix&lt;\/em&gt; &lsquo;Arapahoe&rsquo; &#8211; Lierre d&rsquo;ornement\" tabindex=\"-1\" target=\"_blank\">\n\t\t\tPer saperne di pi\u00f9 \u00bb\t\t<\/a>\n\n\t\t\t\t<\/div>\n\t\t\t\t<\/article>\n\t\t\t\t<article class=\"elementor-post elementor-grid-item post-2183 product type-product status-publish has-post-thumbnail product_cat-lierre entry has-media  instock purchasable product-type-variable has-default-attributes has-product-nav col span_1_of_4 owp-content-center item-entry owp-thumbs-layout-horizontal owp-btn-normal owp-tabs-layout-section\">\n\t\t\t\t<a class=\"elementor-post__thumbnail__link\" href=\"https:\/\/www.hedera-etc.com\/it\/product\/hedera-helix-obovata\/\" tabindex=\"-1\" target=\"&quot;_blank&quot;\">\n\t\t\t<div class=\"elementor-post__thumbnail\"><img loading=\"lazy\" decoding=\"async\" width=\"300\" height=\"288\" src=\"https:\/\/www.hedera-etc.com\/wp-content\/uploads\/2023\/11\/Hedera-helix-Obovota-300x288.webp\" class=\"attachment-medium size-medium wp-image-2184\" alt=\"Hedera helix &#039;Obovata&#039;\" srcset=\"https:\/\/www.hedera-etc.com\/wp-content\/uploads\/2023\/11\/Hedera-helix-Obovota-300x288.webp 300w, https:\/\/www.hedera-etc.com\/wp-content\/uploads\/2023\/11\/Hedera-helix-Obovota.webp 598w\" sizes=\"(max-width: 300px) 100vw, 300px\" \/><\/div>\n\t\t<\/a>\n\t\t\t\t<div class=\"elementor-post__text\">\n\t\t\t\t<h3 class=\"elementor-post__title\">\n\t\t\t<a href=\"https:\/\/www.hedera-etc.com\/it\/product\/hedera-helix-obovata\/\" target=\"&quot;_blank&quot;\">\n\t\t\t\t<em>Hedera helix<\/em> &lsquo;Obovata&rsquo; &#8211; Edera ornamentale\t\t\t<\/a>\n\t\t<\/h3>\n\t\t\t\t<div class=\"elementor-post__excerpt\">\n\t\t\t<p>Foglie piccole, cuoriformi, deltoidi, di colore verde scuro, che diventa ancora pi\u00f9 scuro in inverno.<\/p> <p>Internodi distanziati, fogliame che forma dei\t\t<\/div>\n\t\t\n\t\t<a class=\"elementor-post__read-more\" href=\"https:\/\/www.hedera-etc.com\/it\/product\/hedera-helix-obovata\/\" aria-label=\"Leggi tutto &lt;em&gt;Hedera helix&lt;\/em&gt; &lsquo;Obovata&rsquo; &#8211; Lierre d&rsquo;ornement\" tabindex=\"-1\" target=\"_blank\">\n\t\t\tPer saperne di pi\u00f9 \u00bb\t\t<\/a>\n\n\t\t\t\t<\/div>\n\t\t\t\t<\/article>\n\t\t\t\t<article class=\"elementor-post elementor-grid-item post-3694 product type-product status-publish has-post-thumbnail product_cat-lierre entry has-media  instock purchasable product-type-variable has-default-attributes has-product-nav col span_1_of_4 owp-content-center item-entry owp-thumbs-layout-horizontal owp-btn-normal owp-tabs-layout-section has-no-thumbnails\">\n\t\t\t\t<a class=\"elementor-post__thumbnail__link\" href=\"https:\/\/www.hedera-etc.com\/it\/product\/hedera-helix-green-heart\/\" tabindex=\"-1\" target=\"&quot;_blank&quot;\">\n\t\t\t<div class=\"elementor-post__thumbnail\"><img loading=\"lazy\" decoding=\"async\" width=\"300\" height=\"225\" src=\"https:\/\/www.hedera-etc.com\/wp-content\/uploads\/2024\/01\/Hedera-helix-Green-Heart-300x225.webp\" class=\"attachment-medium size-medium wp-image-3695\" alt=\"Hedera helix &#039;Cuore verde&#039;\" srcset=\"https:\/\/www.hedera-etc.com\/wp-content\/uploads\/2024\/01\/Hedera-helix-Green-Heart-300x225.webp 300w, https:\/\/www.hedera-etc.com\/wp-content\/uploads\/2024\/01\/Hedera-helix-Green-Heart-900x675.webp 900w, https:\/\/www.hedera-etc.com\/wp-content\/uploads\/2024\/01\/Hedera-helix-Green-Heart-768x576.webp 768w, https:\/\/www.hedera-etc.com\/wp-content\/uploads\/2024\/01\/Hedera-helix-Green-Heart.webp 1024w\" sizes=\"(max-width: 300px) 100vw, 300px\" \/><\/div>\n\t\t<\/a>\n\t\t\t\t<div class=\"elementor-post__text\">\n\t\t\t\t<h3 class=\"elementor-post__title\">\n\t\t\t<a href=\"https:\/\/www.hedera-etc.com\/it\/product\/hedera-helix-green-heart\/\" target=\"&quot;_blank&quot;\">\n\t\t\t\t<em>Hedera helix<\/em> &lsquo;Green Heart&rsquo; &#8211; Edera ornamentale\t\t\t<\/a>\n\t\t<\/h3>\n\t\t\t\t<div class=\"elementor-post__excerpt\">\n\t\t\t<p>Edera cresciuta spontaneamente nel giardino di Olivier Arcelus da un'edera locale.<\/p> <p>Piuttosto ramificato. Fusti con lunghi internodi che portano\t\t<\/div>\n\t\t\n\t\t<a class=\"elementor-post__read-more\" href=\"https:\/\/www.hedera-etc.com\/it\/product\/hedera-helix-green-heart\/\" aria-label=\"Leggi tutto &lt;em&gt;Hedera helix&lt;\/em&gt; &lsquo;Green Heart&rsquo; &#8211; Lierre d&rsquo;ornement\" tabindex=\"-1\" target=\"_blank\">\n\t\t\tPer saperne di pi\u00f9 \u00bb\t\t<\/a>\n\n\t\t\t\t<\/div>\n\t\t\t\t<\/article>\n\t\t\t\t<article class=\"elementor-post elementor-grid-item post-3820 product type-product status-publish has-post-thumbnail product_cat-lierre entry has-media last instock purchasable product-type-variable has-default-attributes has-product-nav col span_1_of_4 owp-content-center item-entry owp-thumbs-layout-horizontal owp-btn-normal owp-tabs-layout-section has-no-thumbnails\">\n\t\t\t\t<a class=\"elementor-post__thumbnail__link\" href=\"https:\/\/www.hedera-etc.com\/it\/product\/hedera-helix-aracs\/\" tabindex=\"-1\" target=\"&quot;_blank&quot;\">\n\t\t\t<div class=\"elementor-post__thumbnail\"><img loading=\"lazy\" decoding=\"async\" width=\"300\" height=\"224\" src=\"https:\/\/www.hedera-etc.com\/wp-content\/uploads\/2024\/01\/Hedera-helix-Aracs-300x224.webp\" class=\"attachment-medium size-medium wp-image-13147\" alt=\"Hedera helix &#039;Aracs&#039;\" srcset=\"https:\/\/www.hedera-etc.com\/wp-content\/uploads\/2024\/01\/Hedera-helix-Aracs-300x224.webp 300w, https:\/\/www.hedera-etc.com\/wp-content\/uploads\/2024\/01\/Hedera-helix-Aracs-768x574.webp 768w, https:\/\/www.hedera-etc.com\/wp-content\/uploads\/2024\/01\/Hedera-helix-Aracs.webp 900w\" sizes=\"(max-width: 300px) 100vw, 300px\" \/><\/div>\n\t\t<\/a>\n\t\t\t\t<div class=\"elementor-post__text\">\n\t\t\t\t<h3 class=\"elementor-post__title\">\n\t\t\t<a href=\"https:\/\/www.hedera-etc.com\/it\/product\/hedera-helix-aracs\/\" target=\"&quot;_blank&quot;\">\n\t\t\t\t<em>Hedera helix<\/em> &lsquo;Aracs&rsquo; &#8211; Edera ornamentale\t\t\t<\/a>\n\t\t<\/h3>\n\t\t\t\t<div class=\"elementor-post__excerpt\">\n\t\t\t<p>Edera semi-adulta con foglie triangolari.<\/p> <p>Lama non lobata, con base cordata, di colore verde brillante sfumato di marrone nella stagione fredda. A coste\t\t<\/div>\n\t\t\n\t\t<a class=\"elementor-post__read-more\" href=\"https:\/\/www.hedera-etc.com\/it\/product\/hedera-helix-aracs\/\" aria-label=\"Leggi tutto &lt;em&gt;Hedera helix&lt;\/em&gt; &lsquo;Aracs&rsquo; &#8211; Lierre d&rsquo;ornement\" tabindex=\"-1\" target=\"_blank\">\n\t\t\tPer saperne di pi\u00f9 \u00bb\t\t<\/a>\n\n\t\t\t\t<\/div>\n\t\t\t\t<\/article>\n\t\t\t\t<article class=\"elementor-post elementor-grid-item post-16016 product type-product status-publish has-post-thumbnail product_cat-lierre entry has-media first instock shipping-taxable purchasable product-type-variable has-default-attributes has-product-nav col span_1_of_4 owp-content-center item-entry owp-thumbs-layout-horizontal owp-btn-normal owp-tabs-layout-section has-no-thumbnails\">\n\t\t\t\t<a class=\"elementor-post__thumbnail__link\" href=\"https:\/\/www.hedera-etc.com\/it\/product\/hedera-helix-agile\/\" tabindex=\"-1\" target=\"&quot;_blank&quot;\">\n\t\t\t<div class=\"elementor-post__thumbnail\"><img loading=\"lazy\" decoding=\"async\" width=\"300\" height=\"225\" src=\"https:\/\/www.hedera-etc.com\/wp-content\/uploads\/2025\/10\/Hedera-helix-Agile-300x225.webp\" class=\"attachment-medium size-medium wp-image-16017\" alt=\"Hedera helix &#039;Agile&#039;\" srcset=\"https:\/\/www.hedera-etc.com\/wp-content\/uploads\/2025\/10\/Hedera-helix-Agile-300x225.webp 300w, https:\/\/www.hedera-etc.com\/wp-content\/uploads\/2025\/10\/Hedera-helix-Agile-900x675.webp 900w, https:\/\/www.hedera-etc.com\/wp-content\/uploads\/2025\/10\/Hedera-helix-Agile-1024x768.webp 1024w, https:\/\/www.hedera-etc.com\/wp-content\/uploads\/2025\/10\/Hedera-helix-Agile-768x576.webp 768w, https:\/\/www.hedera-etc.com\/wp-content\/uploads\/2025\/10\/Hedera-helix-Agile-1536x1152.webp 1536w, https:\/\/www.hedera-etc.com\/wp-content\/uploads\/2025\/10\/Hedera-helix-Agile-1320x990.webp 1320w, https:\/\/www.hedera-etc.com\/wp-content\/uploads\/2025\/10\/Hedera-helix-Agile.webp 1600w\" sizes=\"(max-width: 300px) 100vw, 300px\" \/><\/div>\n\t\t<\/a>\n\t\t\t\t<div class=\"elementor-post__text\">\n\t\t\t\t<h3 class=\"elementor-post__title\">\n\t\t\t<a href=\"https:\/\/www.hedera-etc.com\/it\/product\/hedera-helix-agile\/\" target=\"&quot;_blank&quot;\">\n\t\t\t\t<em>Hedera helix<\/em> &lsquo;Agile&rsquo; &#8211; edera ornamentale\t\t\t<\/a>\n\t\t<\/h3>\n\t\t\t\t<div class=\"elementor-post__excerpt\">\n\t\t\t<p>Edera simile al tipo, con foglie verde scuro a cinque lobi.<\/p> <p>La mutazione \u00e8 apparsa sul vivaio a\t\t<\/div>\n\t\t\n\t\t<a class=\"elementor-post__read-more\" href=\"https:\/\/www.hedera-etc.com\/it\/product\/hedera-helix-agile\/\" aria-label=\"Leggi tutto &lt;em&gt;Hedera helix&lt;\/em&gt; &lsquo;Agile&rsquo; &#8211; lierre d&rsquo;ornement\" tabindex=\"-1\" target=\"_blank\">\n\t\t\tPer saperne di pi\u00f9 \u00bb\t\t<\/a>\n\n\t\t\t\t<\/div>\n\t\t\t\t<\/article>\n\t\t\t\t<article class=\"elementor-post elementor-grid-item post-16621 product type-product status-publish has-post-thumbnail product_cat-lierre entry has-media  instock shipping-taxable purchasable product-type-variable has-default-attributes has-product-nav col span_1_of_4 owp-content-center item-entry owp-thumbs-layout-horizontal owp-btn-normal owp-tabs-layout-section\">\n\t\t\t\t<a class=\"elementor-post__thumbnail__link\" href=\"https:\/\/www.hedera-etc.com\/it\/product\/hedera-helix-green-feather\/\" tabindex=\"-1\" target=\"&quot;_blank&quot;\">\n\t\t\t<div class=\"elementor-post__thumbnail\"><img loading=\"lazy\" decoding=\"async\" width=\"300\" height=\"225\" src=\"https:\/\/www.hedera-etc.com\/wp-content\/uploads\/2025\/11\/Hedera-helix-Green-Feather_2-300x225.webp\" class=\"attachment-medium size-medium wp-image-16633\" alt=\"Hedera helix &#039;Piuma verde&#039;\" srcset=\"https:\/\/www.hedera-etc.com\/wp-content\/uploads\/2025\/11\/Hedera-helix-Green-Feather_2-300x225.webp 300w, https:\/\/www.hedera-etc.com\/wp-content\/uploads\/2025\/11\/Hedera-helix-Green-Feather_2-900x675.webp 900w, https:\/\/www.hedera-etc.com\/wp-content\/uploads\/2025\/11\/Hedera-helix-Green-Feather_2-1024x768.webp 1024w, https:\/\/www.hedera-etc.com\/wp-content\/uploads\/2025\/11\/Hedera-helix-Green-Feather_2-768x576.webp 768w, https:\/\/www.hedera-etc.com\/wp-content\/uploads\/2025\/11\/Hedera-helix-Green-Feather_2-1536x1152.webp 1536w, https:\/\/www.hedera-etc.com\/wp-content\/uploads\/2025\/11\/Hedera-helix-Green-Feather_2-1320x990.webp 1320w, https:\/\/www.hedera-etc.com\/wp-content\/uploads\/2025\/11\/Hedera-helix-Green-Feather_2.webp 1600w\" sizes=\"(max-width: 300px) 100vw, 300px\" \/><\/div>\n\t\t<\/a>\n\t\t\t\t<div class=\"elementor-post__text\">\n\t\t\t\t<h3 class=\"elementor-post__title\">\n\t\t\t<a href=\"https:\/\/www.hedera-etc.com\/it\/product\/hedera-helix-green-feather\/\" target=\"&quot;_blank&quot;\">\n\t\t\t\t<em>Hedera helix<\/em> &lsquo;Green Feather&rsquo; &#8211; edera ornamentale\t\t\t<\/a>\n\t\t<\/h3>\n\t\t\t\t<div class=\"elementor-post__excerpt\">\n\t\t\t<p>Edera con foglie miniaturizzate e steli molto ramificati, che formano un tappeto compatto.<\/p> <p>Foglie a forma di zampa d'uccello, composte da 3 a\t\t<\/div>\n\t\t\n\t\t<a class=\"elementor-post__read-more\" href=\"https:\/\/www.hedera-etc.com\/it\/product\/hedera-helix-green-feather\/\" aria-label=\"Leggi tutto &lt;em&gt;Hedera helix&lt;\/em&gt; &lsquo;Green Feather&rsquo; &#8211; lierre d&rsquo;ornement\" tabindex=\"-1\" target=\"_blank\">\n\t\t\tPer saperne di pi\u00f9 \u00bb\t\t<\/a>\n\n\t\t\t\t<\/div>\n\t\t\t\t<\/article>\n\t\t\t\t<article class=\"elementor-post elementor-grid-item post-16961 product type-product status-publish has-post-thumbnail product_cat-lierre entry has-media  instock shipping-taxable purchasable product-type-variable has-default-attributes has-product-nav col span_1_of_4 owp-content-center item-entry owp-thumbs-layout-horizontal owp-btn-normal owp-tabs-layout-section\">\n\t\t\t\t<a class=\"elementor-post__thumbnail__link\" href=\"https:\/\/www.hedera-etc.com\/it\/product\/hedera-helix-hall-of-mirrors\/\" tabindex=\"-1\" target=\"&quot;_blank&quot;\">\n\t\t\t<div class=\"elementor-post__thumbnail\"><img loading=\"lazy\" decoding=\"async\" width=\"300\" height=\"225\" src=\"https:\/\/www.hedera-etc.com\/wp-content\/uploads\/2025\/11\/Hedera-helix-Hall-of-Mirrors-300x225.webp\" class=\"attachment-medium size-medium wp-image-17020\" alt=\"Hedera helix &#039;Sala degli specchi&#039;\" srcset=\"https:\/\/www.hedera-etc.com\/wp-content\/uploads\/2025\/11\/Hedera-helix-Hall-of-Mirrors-300x225.webp 300w, https:\/\/www.hedera-etc.com\/wp-content\/uploads\/2025\/11\/Hedera-helix-Hall-of-Mirrors-900x675.webp 900w, https:\/\/www.hedera-etc.com\/wp-content\/uploads\/2025\/11\/Hedera-helix-Hall-of-Mirrors-1024x768.webp 1024w, https:\/\/www.hedera-etc.com\/wp-content\/uploads\/2025\/11\/Hedera-helix-Hall-of-Mirrors-768x576.webp 768w, https:\/\/www.hedera-etc.com\/wp-content\/uploads\/2025\/11\/Hedera-helix-Hall-of-Mirrors-1536x1152.webp 1536w, https:\/\/www.hedera-etc.com\/wp-content\/uploads\/2025\/11\/Hedera-helix-Hall-of-Mirrors-1320x990.webp 1320w, https:\/\/www.hedera-etc.com\/wp-content\/uploads\/2025\/11\/Hedera-helix-Hall-of-Mirrors.webp 1600w\" sizes=\"(max-width: 300px) 100vw, 300px\" \/><\/div>\n\t\t<\/a>\n\t\t\t\t<div class=\"elementor-post__text\">\n\t\t\t\t<h3 class=\"elementor-post__title\">\n\t\t\t<a href=\"https:\/\/www.hedera-etc.com\/it\/product\/hedera-helix-hall-of-mirrors\/\" target=\"&quot;_blank&quot;\">\n\t\t\t\t<em>Hedera helix<\/em> &lsquo;Hall of Mirrors&rsquo; &#8211; edera ornamentale\t\t\t<\/a>\n\t\t<\/h3>\n\t\t\t\t<div class=\"elementor-post__excerpt\">\n\t\t\t<p>Edera con piccole foglie verdi ondulate che formano un denso ciuffo.<\/p> <p>Lobi composti da 5 lobi arrotondati all'apice. Steli ben\t\t<\/div>\n\t\t\n\t\t<a class=\"elementor-post__read-more\" href=\"https:\/\/www.hedera-etc.com\/it\/product\/hedera-helix-hall-of-mirrors\/\" aria-label=\"Leggi tutto &lt;em&gt;Hedera helix&lt;\/em&gt; &lsquo;Hall of Mirrors&rsquo; &#8211; lierre d&rsquo;ornement\" tabindex=\"-1\" target=\"_blank\">\n\t\t\tPer saperne di pi\u00f9 \u00bb\t\t<\/a>\n\n\t\t\t\t<\/div>\n\t\t\t\t<\/article>\n\t\t\t\t<article class=\"elementor-post elementor-grid-item post-17433 product type-product status-publish has-post-thumbnail product_cat-lierre entry has-media last instock shipping-taxable purchasable product-type-variable has-default-attributes has-product-nav col span_1_of_4 owp-content-center item-entry owp-thumbs-layout-horizontal owp-btn-normal owp-tabs-layout-section\">\n\t\t\t\t<a class=\"elementor-post__thumbnail__link\" href=\"https:\/\/www.hedera-etc.com\/it\/product\/hedera-helix-troll-panache\/\" tabindex=\"-1\" target=\"&quot;_blank&quot;\">\n\t\t\t<div class=\"elementor-post__thumbnail\"><img loading=\"lazy\" decoding=\"async\" width=\"300\" height=\"225\" src=\"https:\/\/www.hedera-etc.com\/wp-content\/uploads\/2025\/12\/Hedera-helix-Troll-panache_2-300x225.webp\" class=\"attachment-medium size-medium wp-image-17476\" alt=\"Hedera helix &#039;Troll panach\u00e9&#039; (troll variegato)&#039;\" srcset=\"https:\/\/www.hedera-etc.com\/wp-content\/uploads\/2025\/12\/Hedera-helix-Troll-panache_2-300x225.webp 300w, https:\/\/www.hedera-etc.com\/wp-content\/uploads\/2025\/12\/Hedera-helix-Troll-panache_2-900x675.webp 900w, https:\/\/www.hedera-etc.com\/wp-content\/uploads\/2025\/12\/Hedera-helix-Troll-panache_2-1024x768.webp 1024w, https:\/\/www.hedera-etc.com\/wp-content\/uploads\/2025\/12\/Hedera-helix-Troll-panache_2-768x576.webp 768w, https:\/\/www.hedera-etc.com\/wp-content\/uploads\/2025\/12\/Hedera-helix-Troll-panache_2-1536x1152.webp 1536w, https:\/\/www.hedera-etc.com\/wp-content\/uploads\/2025\/12\/Hedera-helix-Troll-panache_2-1320x990.webp 1320w, https:\/\/www.hedera-etc.com\/wp-content\/uploads\/2025\/12\/Hedera-helix-Troll-panache_2.webp 1600w\" sizes=\"(max-width: 300px) 100vw, 300px\" \/><\/div>\n\t\t<\/a>\n\t\t\t\t<div class=\"elementor-post__text\">\n\t\t\t\t<h3 class=\"elementor-post__title\">\n\t\t\t<a href=\"https:\/\/www.hedera-etc.com\/it\/product\/hedera-helix-troll-panache\/\" target=\"&quot;_blank&quot;\">\n\t\t\t\t<em>Hedera helix<\/em> &lsquo;Troll panach\u00e9&rsquo; &#8211; edera ornamentale\t\t\t<\/a>\n\t\t<\/h3>\n\t\t\t\t<div class=\"elementor-post__excerpt\">\n\t\t\t<p>Edera con piccole foglie a zampa d'uccello delicatamente striate di crema.<\/p> <p>Lama composta da 3 a\t\t<\/div>\n\t\t\n\t\t<a class=\"elementor-post__read-more\" href=\"https:\/\/www.hedera-etc.com\/it\/product\/hedera-helix-troll-panache\/\" aria-label=\"Leggi tutto &lt;em&gt;Hedera helix&lt;\/em&gt; &lsquo;Troll panach\u00e9&rsquo; &#8211; lierre d&rsquo;ornement\" tabindex=\"-1\" target=\"_blank\">\n\t\t\tPer saperne di pi\u00f9 \u00bb\t\t<\/a>\n\n\t\t\t\t<\/div>\n\t\t\t\t<\/article>\n\t\t\t\t<article class=\"elementor-post elementor-grid-item post-17849 product type-product status-publish has-post-thumbnail product_cat-lierre entry has-media first instock purchasable product-type-variable has-default-attributes has-product-nav col span_1_of_4 owp-content-center item-entry owp-thumbs-layout-horizontal owp-btn-normal owp-tabs-layout-section\">\n\t\t\t\t<a class=\"elementor-post__thumbnail__link\" href=\"https:\/\/www.hedera-etc.com\/it\/product\/hedera-hibernica-plougestan\/\" tabindex=\"-1\" target=\"&quot;_blank&quot;\">\n\t\t\t<div class=\"elementor-post__thumbnail\"><img loading=\"lazy\" decoding=\"async\" width=\"300\" height=\"225\" src=\"https:\/\/www.hedera-etc.com\/wp-content\/uploads\/2025\/12\/Hedera-hibernica-Plougestan_3-300x225.webp\" class=\"attachment-medium size-medium wp-image-17854\" alt=\"Hedera hibernica &#039;Plougestan&#039;\" srcset=\"https:\/\/www.hedera-etc.com\/wp-content\/uploads\/2025\/12\/Hedera-hibernica-Plougestan_3-300x225.webp 300w, https:\/\/www.hedera-etc.com\/wp-content\/uploads\/2025\/12\/Hedera-hibernica-Plougestan_3-900x675.webp 900w, https:\/\/www.hedera-etc.com\/wp-content\/uploads\/2025\/12\/Hedera-hibernica-Plougestan_3-1024x768.webp 1024w, https:\/\/www.hedera-etc.com\/wp-content\/uploads\/2025\/12\/Hedera-hibernica-Plougestan_3-768x576.webp 768w, https:\/\/www.hedera-etc.com\/wp-content\/uploads\/2025\/12\/Hedera-hibernica-Plougestan_3-1536x1152.webp 1536w, https:\/\/www.hedera-etc.com\/wp-content\/uploads\/2025\/12\/Hedera-hibernica-Plougestan_3-1320x990.webp 1320w, https:\/\/www.hedera-etc.com\/wp-content\/uploads\/2025\/12\/Hedera-hibernica-Plougestan_3.webp 1600w\" sizes=\"(max-width: 300px) 100vw, 300px\" \/><\/div>\n\t\t<\/a>\n\t\t\t\t<div class=\"elementor-post__text\">\n\t\t\t\t<h3 class=\"elementor-post__title\">\n\t\t\t<a href=\"https:\/\/www.hedera-etc.com\/it\/product\/hedera-hibernica-plougestan\/\" target=\"&quot;_blank&quot;\">\n\t\t\t\t<em>Hedera hibernica<\/em> &lsquo;Plougestan&rsquo; &#8211; Edera d'Irlanda\t\t\t<\/a>\n\t\t<\/h3>\n\t\t\t\t<div class=\"elementor-post__excerpt\">\n\t\t\t<p>Edera irlandese con grandi foglie verde scuro all'estremit\u00e0 di lunghi steli.<\/p> <p>Lama con 3 deboli lobi. Base\t\t<\/div>\n\t\t\n\t\t<a class=\"elementor-post__read-more\" href=\"https:\/\/www.hedera-etc.com\/it\/product\/hedera-hibernica-plougestan\/\" aria-label=\"Leggi tutto &lt;em&gt;Hedera hibernica&lt;\/em&gt; &lsquo;Plougestan&rsquo; &#8211; Lierre d&rsquo;Irlande\" tabindex=\"-1\" target=\"_blank\">\n\t\t\tPer saperne di pi\u00f9 \u00bb\t\t<\/a>\n\n\t\t\t\t<\/div>\n\t\t\t\t<\/article>\n\t\t\t\t<article class=\"elementor-post elementor-grid-item post-129 product type-product status-publish has-post-thumbnail product_cat-lierre entry has-media  instock purchasable product-type-variable has-default-attributes has-product-nav col span_1_of_4 owp-content-center item-entry owp-thumbs-layout-horizontal owp-btn-normal owp-tabs-layout-section\">\n\t\t\t\t<a class=\"elementor-post__thumbnail__link\" href=\"https:\/\/www.hedera-etc.com\/it\/product\/hedera-helix-baccifer\/\" tabindex=\"-1\" target=\"&quot;_blank&quot;\">\n\t\t\t<div class=\"elementor-post__thumbnail\"><img loading=\"lazy\" decoding=\"async\" width=\"300\" height=\"199\" src=\"https:\/\/www.hedera-etc.com\/wp-content\/uploads\/2023\/10\/HEDERA-helix-Baccifer-300x199.webp\" class=\"attachment-medium size-medium wp-image-130\" alt=\"HEDERA helix &#039;Baccifer&#039;\" srcset=\"https:\/\/www.hedera-etc.com\/wp-content\/uploads\/2023\/10\/HEDERA-helix-Baccifer-300x199.webp 300w, https:\/\/www.hedera-etc.com\/wp-content\/uploads\/2023\/10\/HEDERA-helix-Baccifer-900x598.webp 900w, https:\/\/www.hedera-etc.com\/wp-content\/uploads\/2023\/10\/HEDERA-helix-Baccifer-768x510.webp 768w, https:\/\/www.hedera-etc.com\/wp-content\/uploads\/2023\/10\/HEDERA-helix-Baccifer.webp 947w\" sizes=\"(max-width: 300px) 100vw, 300px\" \/><\/div>\n\t\t<\/a>\n\t\t\t\t<div class=\"elementor-post__text\">\n\t\t\t\t<h3 class=\"elementor-post__title\">\n\t\t\t<a href=\"https:\/\/www.hedera-etc.com\/it\/product\/hedera-helix-baccifer\/\" target=\"&quot;_blank&quot;\">\n\t\t\t\t<em>Hedera helix<\/em> &lsquo;Baccifer&rsquo; &#8211; Edera ornamentale\t\t\t<\/a>\n\t\t<\/h3>\n\t\t\t\t<div class=\"elementor-post__excerpt\">\n\t\t\t<p>Fogliame atipico con 5 caratteristici lobi angolari.<\/p> <p>In primavera i giovani germogli assumono splendide sfumature dorate e diventano verdi.\t\t<\/div>\n\t\t\n\t\t<a class=\"elementor-post__read-more\" href=\"https:\/\/www.hedera-etc.com\/it\/product\/hedera-helix-baccifer\/\" aria-label=\"Leggi tutto *Hedera helix* \u2018Baccifer\u2019 \u2013 L&#039;edera ornamentale\" tabindex=\"-1\" target=\"_blank\">\n\t\t\tPer saperne di pi\u00f9 \u00bb\t\t<\/a>\n\n\t\t\t\t<\/div>\n\t\t\t\t<\/article>\n\t\t\t\t<article class=\"elementor-post elementor-grid-item post-289 product type-product status-publish has-post-thumbnail product_cat-lierre entry has-media  instock purchasable product-type-variable has-default-attributes has-product-nav col span_1_of_4 owp-content-center item-entry owp-thumbs-layout-horizontal owp-btn-normal owp-tabs-layout-section\">\n\t\t\t\t<a class=\"elementor-post__thumbnail__link\" href=\"https:\/\/www.hedera-etc.com\/it\/product\/hedera-helix-bredon\/\" tabindex=\"-1\" target=\"&quot;_blank&quot;\">\n\t\t\t<div class=\"elementor-post__thumbnail\"><img loading=\"lazy\" decoding=\"async\" width=\"300\" height=\"225\" src=\"https:\/\/www.hedera-etc.com\/wp-content\/uploads\/2023\/10\/Hedera-helix-Bredon_2-300x225.webp\" class=\"attachment-medium size-medium wp-image-11919\" alt=\"Hedera helix &#039;Bredon&#039; (Bredon)&#039;\" srcset=\"https:\/\/www.hedera-etc.com\/wp-content\/uploads\/2023\/10\/Hedera-helix-Bredon_2-300x225.webp 300w, https:\/\/www.hedera-etc.com\/wp-content\/uploads\/2023\/10\/Hedera-helix-Bredon_2-900x674.webp 900w, https:\/\/www.hedera-etc.com\/wp-content\/uploads\/2023\/10\/Hedera-helix-Bredon_2-1024x767.webp 1024w, https:\/\/www.hedera-etc.com\/wp-content\/uploads\/2023\/10\/Hedera-helix-Bredon_2-768x576.webp 768w, https:\/\/www.hedera-etc.com\/wp-content\/uploads\/2023\/10\/Hedera-helix-Bredon_2-1536x1151.webp 1536w, https:\/\/www.hedera-etc.com\/wp-content\/uploads\/2023\/10\/Hedera-helix-Bredon_2-1320x989.webp 1320w, https:\/\/www.hedera-etc.com\/wp-content\/uploads\/2023\/10\/Hedera-helix-Bredon_2.webp 1600w\" sizes=\"(max-width: 300px) 100vw, 300px\" \/><\/div>\n\t\t<\/a>\n\t\t\t\t<div class=\"elementor-post__text\">\n\t\t\t\t<h3 class=\"elementor-post__title\">\n\t\t\t<a href=\"https:\/\/www.hedera-etc.com\/it\/product\/hedera-helix-bredon\/\" target=\"&quot;_blank&quot;\">\n\t\t\t\t<em>Hedera helix<\/em> &lsquo;Bredon&rsquo; &#8211; Edera ornamentale\t\t\t<\/a>\n\t\t<\/h3>\n\t\t\t\t<div class=\"elementor-post__excerpt\">\n\t\t\t<p>Variet\u00e0 nana a crescita lenta.<\/p> <p>Fogliame verde scuro lucido, leggermente arcuato, con 3-5 lobi.\t\t<\/div>\n\t\t\n\t\t<a class=\"elementor-post__read-more\" href=\"https:\/\/www.hedera-etc.com\/it\/product\/hedera-helix-bredon\/\" aria-label=\"Leggi tutto *Hedera helix* \u2018Bredon\u2019 \u2013 Edera ornamentale\" tabindex=\"-1\" target=\"_blank\">\n\t\t\tPer saperne di pi\u00f9 \u00bb\t\t<\/a>\n\n\t\t\t\t<\/div>\n\t\t\t\t<\/article>\n\t\t\t\t<article class=\"elementor-post elementor-grid-item post-415 product type-product status-publish has-post-thumbnail product_cat-lierre entry has-media last instock product-type-variable has-default-attributes has-product-nav col span_1_of_4 owp-content-center item-entry owp-thumbs-layout-horizontal owp-btn-normal owp-tabs-layout-section\">\n\t\t\t\t<a class=\"elementor-post__thumbnail__link\" href=\"https:\/\/www.hedera-etc.com\/it\/product\/hedera-helix-can-can\/\" tabindex=\"-1\" target=\"&quot;_blank&quot;\">\n\t\t\t<div class=\"elementor-post__thumbnail\"><img loading=\"lazy\" decoding=\"async\" width=\"300\" height=\"225\" src=\"https:\/\/www.hedera-etc.com\/wp-content\/uploads\/2023\/10\/Hedera-helix-Can-Can-300x225.webp\" class=\"attachment-medium size-medium wp-image-416\" alt=\"Hedera helix &#039;Can Can&#039;\" srcset=\"https:\/\/www.hedera-etc.com\/wp-content\/uploads\/2023\/10\/Hedera-helix-Can-Can-300x225.webp 300w, https:\/\/www.hedera-etc.com\/wp-content\/uploads\/2023\/10\/Hedera-helix-Can-Can-900x675.webp 900w, https:\/\/www.hedera-etc.com\/wp-content\/uploads\/2023\/10\/Hedera-helix-Can-Can-768x576.webp 768w, https:\/\/www.hedera-etc.com\/wp-content\/uploads\/2023\/10\/Hedera-helix-Can-Can.webp 1024w\" sizes=\"(max-width: 300px) 100vw, 300px\" \/><\/div>\n\t\t<\/a>\n\t\t\t\t<div class=\"elementor-post__text\">\n\t\t\t\t<h3 class=\"elementor-post__title\">\n\t\t\t<a href=\"https:\/\/www.hedera-etc.com\/it\/product\/hedera-helix-can-can\/\" target=\"&quot;_blank&quot;\">\n\t\t\t\t<em>Hedera helix<\/em> &lsquo;Can Can&rsquo; &#8211; Edera ornamentale\t\t\t<\/a>\n\t\t<\/h3>\n\t\t\t\t<div class=\"elementor-post__excerpt\">\n\t\t\t<p>Sembra indossare una sottoveste, come le ragazze del Cancan francese.<\/p> <p>Fusti spessi, a volte deformi e\/o fasciate. Foglie che appaiono\t\t<\/div>\n\t\t\n\t\t<a class=\"elementor-post__read-more\" href=\"https:\/\/www.hedera-etc.com\/it\/product\/hedera-helix-can-can\/\" aria-label=\"Leggi tutto &lt;em&gt;Hedera helix&lt;\/em&gt; \u2018Can Can\u2019 \u2013 Edera ornamentale\" tabindex=\"-1\" target=\"_blank\">\n\t\t\tPer saperne di pi\u00f9 \u00bb\t\t<\/a>\n\n\t\t\t\t<\/div>\n\t\t\t\t<\/article>\n\t\t\t\t<article class=\"elementor-post elementor-grid-item post-595 product type-product status-publish has-post-thumbnail product_cat-lierre entry has-media first instock purchasable product-type-variable has-default-attributes has-product-nav col span_1_of_4 owp-content-center item-entry owp-thumbs-layout-horizontal owp-btn-normal owp-tabs-layout-section\">\n\t\t\t\t<a class=\"elementor-post__thumbnail__link\" href=\"https:\/\/www.hedera-etc.com\/it\/product\/hedera-helix-dragon-claw\/\" tabindex=\"-1\" target=\"&quot;_blank&quot;\">\n\t\t\t<div class=\"elementor-post__thumbnail\"><img loading=\"lazy\" decoding=\"async\" width=\"300\" height=\"225\" src=\"https:\/\/www.hedera-etc.com\/wp-content\/uploads\/2023\/10\/Hedera-helix-Dragon-Claw-300x225.webp\" class=\"attachment-medium size-medium wp-image-596\" alt=\"Hedera helix &#039;Dragon Claw&#039;\" srcset=\"https:\/\/www.hedera-etc.com\/wp-content\/uploads\/2023\/10\/Hedera-helix-Dragon-Claw-300x225.webp 300w, https:\/\/www.hedera-etc.com\/wp-content\/uploads\/2023\/10\/Hedera-helix-Dragon-Claw-900x675.webp 900w, https:\/\/www.hedera-etc.com\/wp-content\/uploads\/2023\/10\/Hedera-helix-Dragon-Claw-768x576.webp 768w, https:\/\/www.hedera-etc.com\/wp-content\/uploads\/2023\/10\/Hedera-helix-Dragon-Claw.webp 1024w\" sizes=\"(max-width: 300px) 100vw, 300px\" \/><\/div>\n\t\t<\/a>\n\t\t\t\t<div class=\"elementor-post__text\">\n\t\t\t\t<h3 class=\"elementor-post__title\">\n\t\t\t<a href=\"https:\/\/www.hedera-etc.com\/it\/product\/hedera-helix-dragon-claw\/\" target=\"&quot;_blank&quot;\">\n\t\t\t\t<em>Hedera helix<\/em> &lsquo;Dragon Claw&rsquo; &#8211; Edera ornamentale\t\t\t<\/a>\n\t\t<\/h3>\n\t\t\t\t<div class=\"elementor-post__excerpt\">\n\t\t\t<p>Ha foglie larghe e fortemente ondulate con lunghi piccioli.<\/p> <p>Foglie con 5 lobi appuntiti, scurvi e contorti.\t\t<\/div>\n\t\t\n\t\t<a class=\"elementor-post__read-more\" href=\"https:\/\/www.hedera-etc.com\/it\/product\/hedera-helix-dragon-claw\/\" aria-label=\"Leggi tutto *Hedera helix* \u2018Dragon Claw\u2019 \u2013 Edera ornamentale\" tabindex=\"-1\" target=\"_blank\">\n\t\t\tPer saperne di pi\u00f9 \u00bb\t\t<\/a>\n\n\t\t\t\t<\/div>\n\t\t\t\t<\/article>\n\t\t\t\t<article class=\"elementor-post elementor-grid-item post-827 product type-product status-publish has-post-thumbnail product_cat-lierre entry has-media  instock purchasable product-type-variable has-default-attributes has-product-nav col span_1_of_4 owp-content-center item-entry owp-thumbs-layout-horizontal owp-btn-normal owp-tabs-layout-section\">\n\t\t\t\t<a class=\"elementor-post__thumbnail__link\" href=\"https:\/\/www.hedera-etc.com\/it\/product\/hedera-helix-innuendo\/\" tabindex=\"-1\" target=\"&quot;_blank&quot;\">\n\t\t\t<div class=\"elementor-post__thumbnail\"><img loading=\"lazy\" decoding=\"async\" width=\"300\" height=\"225\" src=\"https:\/\/www.hedera-etc.com\/wp-content\/uploads\/2023\/10\/Hedera-helix-Innuendo-300x225.webp\" class=\"attachment-medium size-medium wp-image-828\" alt=\"Hedera helix &#039;Innuendo&#039;\" srcset=\"https:\/\/www.hedera-etc.com\/wp-content\/uploads\/2023\/10\/Hedera-helix-Innuendo-300x225.webp 300w, https:\/\/www.hedera-etc.com\/wp-content\/uploads\/2023\/10\/Hedera-helix-Innuendo-900x675.webp 900w, https:\/\/www.hedera-etc.com\/wp-content\/uploads\/2023\/10\/Hedera-helix-Innuendo-768x576.webp 768w, https:\/\/www.hedera-etc.com\/wp-content\/uploads\/2023\/10\/Hedera-helix-Innuendo.webp 1024w\" sizes=\"(max-width: 300px) 100vw, 300px\" \/><\/div>\n\t\t<\/a>\n\t\t\t\t<div class=\"elementor-post__text\">\n\t\t\t\t<h3 class=\"elementor-post__title\">\n\t\t\t<a href=\"https:\/\/www.hedera-etc.com\/it\/product\/hedera-helix-innuendo\/\" target=\"&quot;_blank&quot;\">\n\t\t\t\t<em>Hedera helix<\/em> &lsquo;Innuendo&rsquo; &#8211; Edera ornamentale\t\t\t<\/a>\n\t\t<\/h3>\n\t\t\t\t<div class=\"elementor-post__excerpt\">\n\t\t\t<p>Forma un ciuffo compatto di rami ramificati.<\/p> <p>Foglie: verde scuro, composte da 3 lobi, arrotolate al margine e delicatamente arricciate.\t\t<\/div>\n\t\t\n\t\t<a class=\"elementor-post__read-more\" href=\"https:\/\/www.hedera-etc.com\/it\/product\/hedera-helix-innuendo\/\" aria-label=\"Leggi tutto &lt;em&gt;Hedera helix&lt;\/em&gt; \u2018Innuendo\u2019 \u2013 Edera ornamentale\" tabindex=\"-1\" target=\"_blank\">\n\t\t\tPer saperne di pi\u00f9 \u00bb\t\t<\/a>\n\n\t\t\t\t<\/div>\n\t\t\t\t<\/article>\n\t\t\t\t<article class=\"elementor-post elementor-grid-item post-963 product type-product status-publish has-post-thumbnail product_cat-lierre entry has-media  instock purchasable product-type-variable has-default-attributes has-product-nav col span_1_of_4 owp-content-center item-entry owp-thumbs-layout-horizontal owp-btn-normal owp-tabs-layout-section\">\n\t\t\t\t<a class=\"elementor-post__thumbnail__link\" href=\"https:\/\/www.hedera-etc.com\/it\/product\/hedera-helix-lullingen\/\" tabindex=\"-1\" target=\"&quot;_blank&quot;\">\n\t\t\t<div class=\"elementor-post__thumbnail\"><img loading=\"lazy\" decoding=\"async\" width=\"300\" height=\"225\" src=\"https:\/\/www.hedera-etc.com\/wp-content\/uploads\/2023\/10\/Hedera-helix-Lullingen_2-1-300x225.webp\" class=\"attachment-medium size-medium wp-image-10020\" alt=\"Hedera helix &#039;Lullingen&#039;\" srcset=\"https:\/\/www.hedera-etc.com\/wp-content\/uploads\/2023\/10\/Hedera-helix-Lullingen_2-1-300x225.webp 300w, https:\/\/www.hedera-etc.com\/wp-content\/uploads\/2023\/10\/Hedera-helix-Lullingen_2-1-900x675.webp 900w, https:\/\/www.hedera-etc.com\/wp-content\/uploads\/2023\/10\/Hedera-helix-Lullingen_2-1-1024x768.webp 1024w, https:\/\/www.hedera-etc.com\/wp-content\/uploads\/2023\/10\/Hedera-helix-Lullingen_2-1-768x576.webp 768w, https:\/\/www.hedera-etc.com\/wp-content\/uploads\/2023\/10\/Hedera-helix-Lullingen_2-1-1536x1152.webp 1536w, https:\/\/www.hedera-etc.com\/wp-content\/uploads\/2023\/10\/Hedera-helix-Lullingen_2-1-1320x990.webp 1320w, https:\/\/www.hedera-etc.com\/wp-content\/uploads\/2023\/10\/Hedera-helix-Lullingen_2-1.webp 1600w\" sizes=\"(max-width: 300px) 100vw, 300px\" \/><\/div>\n\t\t<\/a>\n\t\t\t\t<div class=\"elementor-post__text\">\n\t\t\t\t<h3 class=\"elementor-post__title\">\n\t\t\t<a href=\"https:\/\/www.hedera-etc.com\/it\/product\/hedera-helix-lullingen\/\" target=\"&quot;_blank&quot;\">\n\t\t\t\t<em>Hedera helix<\/em> &lsquo;Lullingen&rsquo; &#8211; Edera ornamentale\t\t\t<\/a>\n\t\t<\/h3>\n\t\t\t\t<div class=\"elementor-post__excerpt\">\n\t\t\t<p>Ha 5 lobi di dimensioni simili, con punte smussate e denti grossolani.<\/p>\t\t<\/div>\n\t\t\n\t\t<a class=\"elementor-post__read-more\" href=\"https:\/\/www.hedera-etc.com\/it\/product\/hedera-helix-lullingen\/\" aria-label=\"Leggi tutto &lt;em&gt;Hedera helix&lt;\/em&gt; \u2018Lullingen\u2019 \u2013 Edera ornamentale\" tabindex=\"-1\" target=\"_blank\">\n\t\t\tPer saperne di pi\u00f9 \u00bb\t\t<\/a>\n\n\t\t\t\t<\/div>\n\t\t\t\t<\/article>\n\t\t\t\t<article class=\"elementor-post elementor-grid-item post-1104 product type-product status-publish has-post-thumbnail product_cat-lierre entry has-media last instock purchasable product-type-variable has-default-attributes has-product-nav col span_1_of_4 owp-content-center item-entry owp-thumbs-layout-horizontal owp-btn-normal owp-tabs-layout-section\">\n\t\t\t\t<a class=\"elementor-post__thumbnail__link\" href=\"https:\/\/www.hedera-etc.com\/it\/product\/hedera-helix-mount-vernon\/\" tabindex=\"-1\" target=\"&quot;_blank&quot;\">\n\t\t\t<div class=\"elementor-post__thumbnail\"><img loading=\"lazy\" decoding=\"async\" width=\"300\" height=\"225\" src=\"https:\/\/www.hedera-etc.com\/wp-content\/uploads\/2023\/10\/Hedera-helix-Mount-Vernon-300x225.webp\" class=\"attachment-medium size-medium wp-image-1105\" alt=\"Hedera helix &#039;Mount Vernon&#039;\" srcset=\"https:\/\/www.hedera-etc.com\/wp-content\/uploads\/2023\/10\/Hedera-helix-Mount-Vernon-300x225.webp 300w, https:\/\/www.hedera-etc.com\/wp-content\/uploads\/2023\/10\/Hedera-helix-Mount-Vernon-900x675.webp 900w, https:\/\/www.hedera-etc.com\/wp-content\/uploads\/2023\/10\/Hedera-helix-Mount-Vernon-768x576.webp 768w, https:\/\/www.hedera-etc.com\/wp-content\/uploads\/2023\/10\/Hedera-helix-Mount-Vernon.webp 1024w\" sizes=\"(max-width: 300px) 100vw, 300px\" \/><\/div>\n\t\t<\/a>\n\t\t\t\t<div class=\"elementor-post__text\">\n\t\t\t\t<h3 class=\"elementor-post__title\">\n\t\t\t<a href=\"https:\/\/www.hedera-etc.com\/it\/product\/hedera-helix-mount-vernon\/\" target=\"&quot;_blank&quot;\">\n\t\t\t\t<em>Hedera helix<\/em> &lsquo;Mount Vernon&rsquo; &#8211; Edera ornamentale\t\t\t<\/a>\n\t\t<\/h3>\n\t\t\t\t<div class=\"elementor-post__excerpt\">\n\t\t\t<p>Una variet\u00e0 vicina al suo tipo, che sfoggia una bella colorazione caf\u00e9 au lait nei mesi pi\u00f9 freddi.<\/p> <p>Pianta tozza, non molto\t\t<\/div>\n\t\t\n\t\t<a class=\"elementor-post__read-more\" href=\"https:\/\/www.hedera-etc.com\/it\/product\/hedera-helix-mount-vernon\/\" aria-label=\"Leggi tutto *Hedera helix* \u2018Mount Vernon\u2019 \u2013 Edera ornamentale\" tabindex=\"-1\" target=\"_blank\">\n\t\t\tPer saperne di pi\u00f9 \u00bb\t\t<\/a>\n\n\t\t\t\t<\/div>\n\t\t\t\t<\/article>\n\t\t\t\t<article class=\"elementor-post elementor-grid-item post-1232 product type-product status-publish has-post-thumbnail product_cat-lierre entry has-media first instock purchasable product-type-variable has-default-attributes has-product-nav col span_1_of_4 owp-content-center item-entry owp-thumbs-layout-horizontal owp-btn-normal owp-tabs-layout-section\">\n\t\t\t\t<a class=\"elementor-post__thumbnail__link\" href=\"https:\/\/www.hedera-etc.com\/it\/product\/hedera-helix-pirouette\/\" tabindex=\"-1\" target=\"&quot;_blank&quot;\">\n\t\t\t<div class=\"elementor-post__thumbnail\"><img loading=\"lazy\" decoding=\"async\" width=\"300\" height=\"225\" src=\"https:\/\/www.hedera-etc.com\/wp-content\/uploads\/2023\/11\/Hedera-helix-Pirouette-300x225.webp\" class=\"attachment-medium size-medium wp-image-1233\" alt=\"Hedera helix &#039;Pirouette&#039;\" srcset=\"https:\/\/www.hedera-etc.com\/wp-content\/uploads\/2023\/11\/Hedera-helix-Pirouette-300x225.webp 300w, https:\/\/www.hedera-etc.com\/wp-content\/uploads\/2023\/11\/Hedera-helix-Pirouette-768x575.webp 768w, https:\/\/www.hedera-etc.com\/wp-content\/uploads\/2023\/11\/Hedera-helix-Pirouette.webp 800w\" sizes=\"(max-width: 300px) 100vw, 300px\" \/><\/div>\n\t\t<\/a>\n\t\t\t\t<div class=\"elementor-post__text\">\n\t\t\t\t<h3 class=\"elementor-post__title\">\n\t\t\t<a href=\"https:\/\/www.hedera-etc.com\/it\/product\/hedera-helix-pirouette\/\" target=\"&quot;_blank&quot;\">\n\t\t\t\t<em>Hedera helix<\/em> &lsquo;Pirouette&rsquo; &#8211; Edera ornamentale\t\t\t<\/a>\n\t\t<\/h3>\n\t\t\t\t<div class=\"elementor-post__excerpt\">\n\t\t\t<p>Una variet\u00e0 molto originale, all'altezza del suo nome. Foglie con lobi profondamente tagliati, come pizzicati alla base,\t\t<\/div>\n\t\t\n\t\t<a class=\"elementor-post__read-more\" href=\"https:\/\/www.hedera-etc.com\/it\/product\/hedera-helix-pirouette\/\" aria-label=\"Leggi tutto *Hedera helix* \u2018Pirouette\u2019 \u2013 Edera ornamentale\" tabindex=\"-1\" target=\"_blank\">\n\t\t\tPer saperne di pi\u00f9 \u00bb\t\t<\/a>\n\n\t\t\t\t<\/div>\n\t\t\t\t<\/article>\n\t\t\t\t<article class=\"elementor-post elementor-grid-item post-1448 product type-product status-publish has-post-thumbnail product_cat-lierre entry has-media  instock purchasable product-type-variable has-default-attributes has-product-nav col span_1_of_4 owp-content-center item-entry owp-thumbs-layout-horizontal owp-btn-normal owp-tabs-layout-section\">\n\t\t\t\t<a class=\"elementor-post__thumbnail__link\" href=\"https:\/\/www.hedera-etc.com\/it\/product\/hedera-helix-sophien\/\" tabindex=\"-1\" target=\"&quot;_blank&quot;\">\n\t\t\t<div class=\"elementor-post__thumbnail\"><img loading=\"lazy\" decoding=\"async\" width=\"300\" height=\"225\" src=\"https:\/\/www.hedera-etc.com\/wp-content\/uploads\/2023\/11\/Hedera-helix-Sophien-300x225.webp\" class=\"attachment-medium size-medium wp-image-1449\" alt=\"Hedera helix &#039;Sophien&#039;\" srcset=\"https:\/\/www.hedera-etc.com\/wp-content\/uploads\/2023\/11\/Hedera-helix-Sophien-300x225.webp 300w, https:\/\/www.hedera-etc.com\/wp-content\/uploads\/2023\/11\/Hedera-helix-Sophien-900x675.webp 900w, https:\/\/www.hedera-etc.com\/wp-content\/uploads\/2023\/11\/Hedera-helix-Sophien-768x576.webp 768w, https:\/\/www.hedera-etc.com\/wp-content\/uploads\/2023\/11\/Hedera-helix-Sophien.webp 1024w\" sizes=\"(max-width: 300px) 100vw, 300px\" \/><\/div>\n\t\t<\/a>\n\t\t\t\t<div class=\"elementor-post__text\">\n\t\t\t\t<h3 class=\"elementor-post__title\">\n\t\t\t<a href=\"https:\/\/www.hedera-etc.com\/it\/product\/hedera-helix-sophien\/\" target=\"&quot;_blank&quot;\">\n\t\t\t\t<em>Hedera helix<\/em> &lsquo;Sophien&rsquo; &#8211; Edera ornamentale\t\t\t<\/a>\n\t\t<\/h3>\n\t\t\t\t<div class=\"elementor-post__excerpt\">\n\t\t\t<p>Fogliame verde chiaro o medio con belle venature.<\/p> <p>Foglia lucida e arrotolata, scurvata dal lobo apicale. A\t\t<\/div>\n\t\t\n\t\t<a class=\"elementor-post__read-more\" href=\"https:\/\/www.hedera-etc.com\/it\/product\/hedera-helix-sophien\/\" aria-label=\"Leggi tutto *Hedera helix* \u2018Sophien\u2019 \u2013 Edera ornamentale\" tabindex=\"-1\" target=\"_blank\">\n\t\t\tPer saperne di pi\u00f9 \u00bb\t\t<\/a>\n\n\t\t\t\t<\/div>\n\t\t\t\t<\/article>\n\t\t\t\t<\/div>\n\t\t\t\t\t<span class=\"e-load-more-spinner\">\n\t\t\t\t<i aria-hidden=\"true\" class=\"fas fa-spinner\"><\/i>\t\t\t<\/span>\n\t\t\n\t\t\t\t<div class=\"e-load-more-anchor\" data-page=\"1\" data-max-page=\"11\" data-next-page=\"https:\/\/www.hedera-etc.com\/it\/wp-json\/wp\/v2\/pages\/5538\/page\/2\/\"><\/div>\n\t\t\t\t<div class=\"e-load-more-message\"><\/div>\n\t\t\t\t\t\t<\/div>\n\t\t\t\t<\/div>\n\t\t\t\t\t<\/div>\n\t\t\t\t<\/div>\n\t\t\t\t<\/div>","protected":false},"excerpt":{"rendered":"<p>Le lierre \u00e0 feuillage vert peut para\u00eetre un peu banal. Il n&rsquo;en est rien ! Nous vous proposons plus de 250 vari\u00e9t\u00e9s diff\u00e9rentes de lierre \u00e0 feuillage vert sur cette boutique. Ils se distinguent par la taille ou la forme de leurs feuilles, par leur port, par leur rapidit\u00e9 ou non de d\u00e9veloppement, par leur [&hellip;]<\/p>\n","protected":false},"author":2,"featured_media":0,"parent":0,"menu_order":0,"comment_status":"closed","ping_status":"closed","template":"","meta":{"_acf_changed":false,"ocean_post_layout":"","ocean_both_sidebars_style":"","ocean_both_sidebars_content_width":0,"ocean_both_sidebars_sidebars_width":0,"ocean_sidebar":"","ocean_second_sidebar":"","ocean_disable_margins":"enable","ocean_add_body_class":"","ocean_shortcode_before_top_bar":"","ocean_shortcode_after_top_bar":"","ocean_shortcode_before_header":"","ocean_shortcode_after_header":"","ocean_has_shortcode":"","ocean_shortcode_after_title":"","ocean_shortcode_before_footer_widgets":"","ocean_shortcode_after_footer_widgets":"","ocean_shortcode_before_footer_bottom":"","ocean_shortcode_after_footer_bottom":"","ocean_display_top_bar":"default","ocean_display_header":"default","ocean_header_style":"","ocean_center_header_left_menu":"","ocean_custom_header_template":"","ocean_custom_logo":0,"ocean_custom_retina_logo":0,"ocean_custom_logo_max_width":0,"ocean_custom_logo_tablet_max_width":0,"ocean_custom_logo_mobile_max_width":0,"ocean_custom_logo_max_height":0,"ocean_custom_logo_tablet_max_height":0,"ocean_custom_logo_mobile_max_height":0,"ocean_header_custom_menu":"","ocean_menu_typo_font_family":"","ocean_menu_typo_font_subset":"","ocean_menu_typo_font_size":0,"ocean_menu_typo_font_size_tablet":0,"ocean_menu_typo_font_size_mobile":0,"ocean_menu_typo_font_size_unit":"px","ocean_menu_typo_font_weight":"","ocean_menu_typo_font_weight_tablet":"","ocean_menu_typo_font_weight_mobile":"","ocean_menu_typo_transform":"","ocean_menu_typo_transform_tablet":"","ocean_menu_typo_transform_mobile":"","ocean_menu_typo_line_height":0,"ocean_menu_typo_line_height_tablet":0,"ocean_menu_typo_line_height_mobile":0,"ocean_menu_typo_line_height_unit":"","ocean_menu_typo_spacing":0,"ocean_menu_typo_spacing_tablet":0,"ocean_menu_typo_spacing_mobile":0,"ocean_menu_typo_spacing_unit":"","ocean_menu_link_color":"","ocean_menu_link_color_hover":"","ocean_menu_link_color_active":"","ocean_menu_link_background":"","ocean_menu_link_hover_background":"","ocean_menu_link_active_background":"","ocean_menu_social_links_bg":"","ocean_menu_social_hover_links_bg":"","ocean_menu_social_links_color":"","ocean_menu_social_hover_links_color":"","ocean_disable_title":"default","ocean_disable_heading":"default","ocean_post_title":"","ocean_post_subheading":"","ocean_post_title_style":"","ocean_post_title_background_color":"","ocean_post_title_background":0,"ocean_post_title_bg_image_position":"","ocean_post_title_bg_image_attachment":"","ocean_post_title_bg_image_repeat":"","ocean_post_title_bg_image_size":"","ocean_post_title_height":0,"ocean_post_title_bg_overlay":0.5,"ocean_post_title_bg_overlay_color":"","ocean_disable_breadcrumbs":"default","ocean_breadcrumbs_color":"","ocean_breadcrumbs_separator_color":"","ocean_breadcrumbs_links_color":"","ocean_breadcrumbs_links_hover_color":"","ocean_display_footer_widgets":"default","ocean_display_footer_bottom":"default","ocean_custom_footer_template":"","footnotes":""},"class_list":["post-5538","page","type-page","status-publish","hentry","entry","has-media","has-product-nav","col","span_1_of_4","owp-content-center","item-entry","owp-thumbs-layout-horizontal","owp-btn-normal","owp-tabs-layout-section"],"acf":[],"jetpack_sharing_enabled":true,"_links":{"self":[{"href":"https:\/\/www.hedera-etc.com\/it\/wp-json\/wp\/v2\/pages\/5538","targetHints":{"allow":["GET"]}}],"collection":[{"href":"https:\/\/www.hedera-etc.com\/it\/wp-json\/wp\/v2\/pages"}],"about":[{"href":"https:\/\/www.hedera-etc.com\/it\/wp-json\/wp\/v2\/types\/page"}],"author":[{"embeddable":true,"href":"https:\/\/www.hedera-etc.com\/it\/wp-json\/wp\/v2\/users\/2"}],"replies":[{"embeddable":true,"href":"https:\/\/www.hedera-etc.com\/it\/wp-json\/wp\/v2\/comments?post=5538"}],"version-history":[{"count":3,"href":"https:\/\/www.hedera-etc.com\/it\/wp-json\/wp\/v2\/pages\/5538\/revisions"}],"predecessor-version":[{"id":12269,"href":"https:\/\/www.hedera-etc.com\/it\/wp-json\/wp\/v2\/pages\/5538\/revisions\/12269"}],"wp:attachment":[{"href":"https:\/\/www.hedera-etc.com\/it\/wp-json\/wp\/v2\/media?parent=5538"}],"curies":[{"name":"wp","href":"https:\/\/api.w.org\/{rel}","templated":true}]}}