{"id":5672,"date":"2024-04-28T21:48:50","date_gmt":"2024-04-28T19:48:50","guid":{"rendered":"https:\/\/www.hedera-etc.com\/?page_id=5672"},"modified":"2025-11-16T09:48:42","modified_gmt":"2025-11-16T08:48:42","slug":"lierre-a-port-compact","status":"publish","type":"page","link":"https:\/\/www.hedera-etc.com\/it\/lierre-a-port-compact\/","title":{"rendered":"Edera compatta"},"content":{"rendered":"<div data-elementor-type=\"wp-page\" data-elementor-id=\"5672\" class=\"elementor elementor-5672\" data-elementor-post-type=\"page\">\n\t\t\t\t<div class=\"elementor-element elementor-element-e9317a6 e-flex e-con-boxed e-con e-parent\" data-id=\"e9317a6\" data-element_type=\"container\">\n\t\t\t\t\t<div class=\"e-con-inner\">\n\t\t\t\t<div class=\"elementor-element elementor-element-0b98e62 elementor-widget elementor-widget-image\" data-id=\"0b98e62\" data-element_type=\"widget\" data-widget_type=\"image.default\">\n\t\t\t\t<div class=\"elementor-widget-container\">\n\t\t\t\t\t\t\t\t\t\t\t\t\t\t\t<img decoding=\"async\" src=\"https:\/\/www.hedera-etc.com\/wp-content\/uploads\/elementor\/thumbs\/compact-rljuqarce1pqsjvyeixoqngp24wy8jci7skheflnkw.webp\" title=\"compatto\" alt=\"Edera compatta\" loading=\"lazy\" \/>\t\t\t\t\t\t\t\t\t\t\t\t\t\t\t<\/div>\n\t\t\t\t<\/div>\n\t\t\t\t\t<\/div>\n\t\t\t\t<\/div>\n\t\t<div class=\"elementor-element elementor-element-c5f0651 e-flex e-con-boxed e-con e-parent\" data-id=\"c5f0651\" data-element_type=\"container\">\n\t\t\t\t\t<div class=\"e-con-inner\">\n\t\t\t\t<div class=\"elementor-element elementor-element-1609d76 elementor-widget elementor-widget-text-editor\" data-id=\"1609d76\" data-element_type=\"widget\" data-widget_type=\"text-editor.default\">\n\t\t\t\t<div class=\"elementor-widget-container\">\n\t\t\t\t\t\t\t\t\t<p>L'edera compatta \u00e8 ideale per chi teme l'invasivit\u00e0 dell'edera. Con questo tipo di edera non c'\u00e8 il rischio di una crescita eccessiva.\u00a0<\/p><p>La collezione ne comprende oltre 120.<\/p><p>Queste edere sono particolarmente adatte per vasi, fioriere, aiuole o giardini rocciosi.<\/p>\t\t\t\t\t\t\t\t<\/div>\n\t\t\t\t<\/div>\n\t\t\t\t\t<\/div>\n\t\t\t\t<\/div>\n\t\t<div class=\"elementor-element elementor-element-491a162 e-flex e-con-boxed e-con e-parent\" data-id=\"491a162\" data-element_type=\"container\">\n\t\t\t\t\t<div class=\"e-con-inner\">\n\t\t\t\t<div class=\"elementor-element elementor-element-81b0b8e elementor-grid-3 elementor-grid-tablet-2 elementor-grid-mobile-1 elementor-posts--thumbnail-top elementor-widget elementor-widget-posts\" data-id=\"81b0b8e\" data-element_type=\"widget\" data-settings=\"{&quot;pagination_type&quot;:&quot;load_more_infinite_scroll&quot;,&quot;classic_columns&quot;:&quot;3&quot;,&quot;classic_columns_tablet&quot;:&quot;2&quot;,&quot;classic_columns_mobile&quot;:&quot;1&quot;,&quot;classic_row_gap&quot;:{&quot;unit&quot;:&quot;px&quot;,&quot;size&quot;:35,&quot;sizes&quot;:[]},&quot;classic_row_gap_tablet&quot;:{&quot;unit&quot;:&quot;px&quot;,&quot;size&quot;:&quot;&quot;,&quot;sizes&quot;:[]},&quot;classic_row_gap_mobile&quot;:{&quot;unit&quot;:&quot;px&quot;,&quot;size&quot;:&quot;&quot;,&quot;sizes&quot;:[]},&quot;load_more_spinner&quot;:{&quot;value&quot;:&quot;fas fa-spinner&quot;,&quot;library&quot;:&quot;fa-solid&quot;}}\" data-widget_type=\"posts.classic\">\n\t\t\t\t<div class=\"elementor-widget-container\">\n\t\t\t\t\t\t\t<div class=\"elementor-posts-container elementor-posts elementor-posts--skin-classic elementor-grid\">\n\t\t\t\t<article class=\"elementor-post elementor-grid-item post-22 product type-product status-publish has-post-thumbnail product_cat-lierre entry has-media first instock purchasable product-type-variable has-default-attributes has-product-nav col span_1_of_4 owp-content-center item-entry owp-thumbs-layout-horizontal owp-btn-normal owp-tabs-layout-section\">\n\t\t\t\t<a class=\"elementor-post__thumbnail__link\" href=\"https:\/\/www.hedera-etc.com\/it\/product\/hedera-helix-alt-heidelberg\/\" tabindex=\"-1\" target=\"&quot;_blank&quot;\">\n\t\t\t<div class=\"elementor-post__thumbnail\"><img fetchpriority=\"high\" decoding=\"async\" width=\"300\" height=\"239\" src=\"https:\/\/www.hedera-etc.com\/wp-content\/uploads\/2023\/10\/Hedera-helix-Alt-Heidelberg-300x239.webp\" class=\"attachment-medium size-medium wp-image-11948\" alt=\"Hedera helix &#039;Alt Heidelberg&#039;\" srcset=\"https:\/\/www.hedera-etc.com\/wp-content\/uploads\/2023\/10\/Hedera-helix-Alt-Heidelberg-300x239.webp 300w, https:\/\/www.hedera-etc.com\/wp-content\/uploads\/2023\/10\/Hedera-helix-Alt-Heidelberg-768x613.webp 768w, https:\/\/www.hedera-etc.com\/wp-content\/uploads\/2023\/10\/Hedera-helix-Alt-Heidelberg.webp 900w\" sizes=\"(max-width: 300px) 100vw, 300px\" \/><\/div>\n\t\t<\/a>\n\t\t\t\t<div class=\"elementor-post__text\">\n\t\t\t\t<h3 class=\"elementor-post__title\">\n\t\t\t<a href=\"https:\/\/www.hedera-etc.com\/it\/product\/hedera-helix-alt-heidelberg\/\" target=\"&quot;_blank&quot;\">\n\t\t\t\t<em>Hedera helix<\/em> &lsquo;Alt Heidelberg&rsquo; &#8211; Edera ornamentale\t\t\t<\/a>\n\t\t<\/h3>\n\t\t\t\t<div class=\"elementor-post__excerpt\">\n\t\t\t<p>Forma bellissime fasce che le conferiscono un carattere compatto e distintivo.<\/p> <p>Si differenzia notevolmente dalle altre edere per le sue foglie\t\t<\/div>\n\t\t\n\t\t<a class=\"elementor-post__read-more\" href=\"https:\/\/www.hedera-etc.com\/it\/product\/hedera-helix-alt-heidelberg\/\" aria-label=\"Leggi tutto &lt;em&gt;Hedera helix&lt;\/em&gt; \u2018Alt Heidelberg\u2019 \u2013 Edera ornamentale\" tabindex=\"-1\" target=\"_blank\">\n\t\t\tPer saperne di pi\u00f9 \u00bb\t\t<\/a>\n\n\t\t\t\t<\/div>\n\t\t\t\t<\/article>\n\t\t\t\t<article class=\"elementor-post elementor-grid-item post-47 product type-product status-publish has-post-thumbnail product_cat-lierre entry has-media  instock purchasable product-type-variable has-default-attributes has-product-nav col span_1_of_4 owp-content-center item-entry owp-thumbs-layout-horizontal owp-btn-normal owp-tabs-layout-section\">\n\t\t\t\t<a class=\"elementor-post__thumbnail__link\" href=\"https:\/\/www.hedera-etc.com\/it\/product\/hedera-helix-ambrosia\/\" tabindex=\"-1\" target=\"&quot;_blank&quot;\">\n\t\t\t<div class=\"elementor-post__thumbnail\"><img decoding=\"async\" width=\"300\" height=\"225\" src=\"https:\/\/www.hedera-etc.com\/wp-content\/uploads\/2023\/10\/Hedera-helix-Ambrosia-300x225.webp\" class=\"attachment-medium size-medium wp-image-15014\" alt=\"Hedera helix &#039;Ambrosia&#039;\" srcset=\"https:\/\/www.hedera-etc.com\/wp-content\/uploads\/2023\/10\/Hedera-helix-Ambrosia-300x225.webp 300w, https:\/\/www.hedera-etc.com\/wp-content\/uploads\/2023\/10\/Hedera-helix-Ambrosia-768x576.webp 768w, https:\/\/www.hedera-etc.com\/wp-content\/uploads\/2023\/10\/Hedera-helix-Ambrosia.webp 900w\" sizes=\"(max-width: 300px) 100vw, 300px\" \/><\/div>\n\t\t<\/a>\n\t\t\t\t<div class=\"elementor-post__text\">\n\t\t\t\t<h3 class=\"elementor-post__title\">\n\t\t\t<a href=\"https:\/\/www.hedera-etc.com\/it\/product\/hedera-helix-ambrosia\/\" target=\"&quot;_blank&quot;\">\n\t\t\t\t<em>Hedera helix<\/em> &lsquo;Ambrosia&rsquo; &#8211; Edera ornamentale\t\t\t<\/a>\n\t\t<\/h3>\n\t\t\t\t<div class=\"elementor-post__excerpt\">\n\t\t\t<p>Edera compatta e semi-eretta.<\/p> <p>Belle foglie di medie dimensioni, strettamente arricciate e sovrapposte. Lama\t\t<\/div>\n\t\t\n\t\t<a class=\"elementor-post__read-more\" href=\"https:\/\/www.hedera-etc.com\/it\/product\/hedera-helix-ambrosia\/\" aria-label=\"Leggi tutto &lt;em&gt;Hedera helix&lt;\/em&gt; \u2018Ambrosia\u2019 \u2013 Edera ornamentale\" tabindex=\"-1\" target=\"_blank\">\n\t\t\tPer saperne di pi\u00f9 \u00bb\t\t<\/a>\n\n\t\t\t\t<\/div>\n\t\t\t\t<\/article>\n\t\t\t\t<article class=\"elementor-post elementor-grid-item post-93 product type-product status-publish has-post-thumbnail product_cat-lierre entry has-media  outofstock product-type-variable has-default-attributes has-product-nav col span_1_of_4 owp-content-center item-entry owp-thumbs-layout-horizontal owp-btn-normal owp-tabs-layout-section\">\n\t\t\t\t<a class=\"elementor-post__thumbnail__link\" href=\"https:\/\/www.hedera-etc.com\/it\/product\/hedera-hibernica-angularis-aurea\/\" tabindex=\"-1\" target=\"&quot;_blank&quot;\">\n\t\t\t<div class=\"elementor-post__thumbnail\"><img decoding=\"async\" width=\"300\" height=\"224\" src=\"https:\/\/www.hedera-etc.com\/wp-content\/uploads\/2023\/10\/Hedera-hibernica-Angularis-Aurea-1-300x224.webp\" class=\"attachment-medium size-medium wp-image-11879\" alt=\"Hedera hibernica &#039;Angularis Aurea&#039;\" srcset=\"https:\/\/www.hedera-etc.com\/wp-content\/uploads\/2023\/10\/Hedera-hibernica-Angularis-Aurea-1-300x224.webp 300w, https:\/\/www.hedera-etc.com\/wp-content\/uploads\/2023\/10\/Hedera-hibernica-Angularis-Aurea-1-768x574.webp 768w, https:\/\/www.hedera-etc.com\/wp-content\/uploads\/2023\/10\/Hedera-hibernica-Angularis-Aurea-1.webp 900w\" sizes=\"(max-width: 300px) 100vw, 300px\" \/><\/div>\n\t\t<\/a>\n\t\t\t\t<div class=\"elementor-post__text\">\n\t\t\t\t<h3 class=\"elementor-post__title\">\n\t\t\t<a href=\"https:\/\/www.hedera-etc.com\/it\/product\/hedera-hibernica-angularis-aurea\/\" target=\"&quot;_blank&quot;\">\n\t\t\t\t<em>Hedera hibernica<\/em> \u2018Angularis Aurea\u2019 \u2013 Edera irlandese variegata\t\t\t<\/a>\n\t\t<\/h3>\n\t\t\t\t<div class=\"elementor-post__excerpt\">\n\t\t\t<p>Un rampicante originale e vigoroso che ravviva un vecchio muro o un tronco d'albero.<\/p> <p>Lobi, in numero di tre, angolari da dove\t\t<\/div>\n\t\t\n\t\t<a class=\"elementor-post__read-more\" href=\"https:\/\/www.hedera-etc.com\/it\/product\/hedera-hibernica-angularis-aurea\/\" aria-label=\"Leggi tutto &lt;em&gt;Hedera hibernica&lt;\/em&gt; \u2018Angularis Aurea\u2019 \u2013 Edera d&#039;Irlanda variegata\" tabindex=\"-1\" target=\"_blank\">\n\t\t\tPer saperne di pi\u00f9 \u00bb\t\t<\/a>\n\n\t\t\t\t<\/div>\n\t\t\t\t<\/article>\n\t\t\t\t<article class=\"elementor-post elementor-grid-item post-99 product type-product status-publish has-post-thumbnail product_cat-lierre entry has-media last instock purchasable product-type-variable has-default-attributes has-product-nav col span_1_of_4 owp-content-center item-entry owp-thumbs-layout-horizontal owp-btn-normal owp-tabs-layout-section\">\n\t\t\t\t<a class=\"elementor-post__thumbnail__link\" href=\"https:\/\/www.hedera-etc.com\/it\/product\/hedera-helix-anita\/\" tabindex=\"-1\" target=\"&quot;_blank&quot;\">\n\t\t\t<div class=\"elementor-post__thumbnail\"><img loading=\"lazy\" decoding=\"async\" width=\"300\" height=\"225\" src=\"https:\/\/www.hedera-etc.com\/wp-content\/uploads\/2023\/10\/Hedera-helix-Anita_2-300x225.webp\" class=\"attachment-medium size-medium wp-image-102\" alt=\"Hedera helix &#039;Anita&#039;\" srcset=\"https:\/\/www.hedera-etc.com\/wp-content\/uploads\/2023\/10\/Hedera-helix-Anita_2-300x225.webp 300w, https:\/\/www.hedera-etc.com\/wp-content\/uploads\/2023\/10\/Hedera-helix-Anita_2-900x675.webp 900w, https:\/\/www.hedera-etc.com\/wp-content\/uploads\/2023\/10\/Hedera-helix-Anita_2-768x576.webp 768w, https:\/\/www.hedera-etc.com\/wp-content\/uploads\/2023\/10\/Hedera-helix-Anita_2.webp 1024w\" sizes=\"(max-width: 300px) 100vw, 300px\" \/><\/div>\n\t\t<\/a>\n\t\t\t\t<div class=\"elementor-post__text\">\n\t\t\t\t<h3 class=\"elementor-post__title\">\n\t\t\t<a href=\"https:\/\/www.hedera-etc.com\/it\/product\/hedera-helix-anita\/\" target=\"&quot;_blank&quot;\">\n\t\t\t\t<em>Hedera helix<\/em> &lsquo;Anita&rsquo; &#8211; Edera ornamentale\t\t\t<\/a>\n\t\t<\/h3>\n\t\t\t\t<div class=\"elementor-post__excerpt\">\n\t\t\t<p>Questa edera \u00e8 piuttosto originale, con le sue piccole foglie a forma di punta di freccia.<\/p> <p>Generalmente composto da 3 a 5\t\t<\/div>\n\t\t\n\t\t<a class=\"elementor-post__read-more\" href=\"https:\/\/www.hedera-etc.com\/it\/product\/hedera-helix-anita\/\" aria-label=\"Leggi tutto *Hedera helix* \u2018Anita\u2019 - Edera ornamentale\" tabindex=\"-1\" target=\"_blank\">\n\t\t\tPer saperne di pi\u00f9 \u00bb\t\t<\/a>\n\n\t\t\t\t<\/div>\n\t\t\t\t<\/article>\n\t\t\t\t<article class=\"elementor-post elementor-grid-item post-106 product type-product status-publish has-post-thumbnail product_cat-lierre entry has-media first instock purchasable product-type-variable has-default-attributes has-product-nav col span_1_of_4 owp-content-center item-entry owp-thumbs-layout-horizontal owp-btn-normal owp-tabs-layout-section\">\n\t\t\t\t<a class=\"elementor-post__thumbnail__link\" href=\"https:\/\/www.hedera-etc.com\/it\/product\/hedera-helix-anne-marie\/\" tabindex=\"-1\" target=\"&quot;_blank&quot;\">\n\t\t\t<div class=\"elementor-post__thumbnail\"><img loading=\"lazy\" decoding=\"async\" width=\"300\" height=\"225\" src=\"https:\/\/www.hedera-etc.com\/wp-content\/uploads\/2023\/10\/Hedera-helix-Anne-Marie-300x225.webp\" class=\"attachment-medium size-medium wp-image-107\" alt=\"Hedera helix &#039;Anne-Marie&#039;\" srcset=\"https:\/\/www.hedera-etc.com\/wp-content\/uploads\/2023\/10\/Hedera-helix-Anne-Marie-300x225.webp 300w, https:\/\/www.hedera-etc.com\/wp-content\/uploads\/2023\/10\/Hedera-helix-Anne-Marie-900x675.webp 900w, https:\/\/www.hedera-etc.com\/wp-content\/uploads\/2023\/10\/Hedera-helix-Anne-Marie-768x576.webp 768w, https:\/\/www.hedera-etc.com\/wp-content\/uploads\/2023\/10\/Hedera-helix-Anne-Marie.webp 1024w\" sizes=\"(max-width: 300px) 100vw, 300px\" \/><\/div>\n\t\t<\/a>\n\t\t\t\t<div class=\"elementor-post__text\">\n\t\t\t\t<h3 class=\"elementor-post__title\">\n\t\t\t<a href=\"https:\/\/www.hedera-etc.com\/it\/product\/hedera-helix-anne-marie\/\" target=\"&quot;_blank&quot;\">\n\t\t\t\t<em>Hedera helix<\/em> &lsquo;Anne-Marie&rsquo; &#8211; edera ornamentale\t\t\t<\/a>\n\t\t<\/h3>\n\t\t\t\t<div class=\"elementor-post__excerpt\">\n\t\t\t<p>Edera rampicante di medio vigore.<\/p> <p>Foglie giovanili composte da 3 a 5 lobi arrotondati all'apice, foglie adulta in\t\t<\/div>\n\t\t\n\t\t<a class=\"elementor-post__read-more\" href=\"https:\/\/www.hedera-etc.com\/it\/product\/hedera-helix-anne-marie\/\" aria-label=\"Leggi tutto &lt;em&gt;Hedera helix&lt;\/em&gt; \u2018Anne-Marie\u2019 \u2013 edera ornamentale\" tabindex=\"-1\" target=\"_blank\">\n\t\t\tPer saperne di pi\u00f9 \u00bb\t\t<\/a>\n\n\t\t\t\t<\/div>\n\t\t\t\t<\/article>\n\t\t\t\t<article class=\"elementor-post elementor-grid-item post-111 product type-product status-publish has-post-thumbnail product_cat-lierre entry has-media  outofstock product-type-variable has-product-nav col span_1_of_4 owp-content-center item-entry owp-thumbs-layout-horizontal owp-btn-normal owp-tabs-layout-section has-no-thumbnails\">\n\t\t\t\t<a class=\"elementor-post__thumbnail__link\" href=\"https:\/\/www.hedera-etc.com\/it\/product\/hedera-helix-arborescens\/\" tabindex=\"-1\" target=\"&quot;_blank&quot;\">\n\t\t\t<div class=\"elementor-post__thumbnail\"><img loading=\"lazy\" decoding=\"async\" width=\"300\" height=\"200\" src=\"https:\/\/www.hedera-etc.com\/wp-content\/uploads\/2023\/10\/Hedera-helix-Arborescens-300x200.webp\" class=\"attachment-medium size-medium wp-image-11850\" alt=\"Hedera helix &#039;Arborescens&#039;\" srcset=\"https:\/\/www.hedera-etc.com\/wp-content\/uploads\/2023\/10\/Hedera-helix-Arborescens-300x200.webp 300w, https:\/\/www.hedera-etc.com\/wp-content\/uploads\/2023\/10\/Hedera-helix-Arborescens-768x511.webp 768w, https:\/\/www.hedera-etc.com\/wp-content\/uploads\/2023\/10\/Hedera-helix-Arborescens.webp 900w\" sizes=\"(max-width: 300px) 100vw, 300px\" \/><\/div>\n\t\t<\/a>\n\t\t\t\t<div class=\"elementor-post__text\">\n\t\t\t\t<h3 class=\"elementor-post__title\">\n\t\t\t<a href=\"https:\/\/www.hedera-etc.com\/it\/product\/hedera-helix-arborescens\/\" target=\"&quot;_blank&quot;\">\n\t\t\t\t<em>Hedera helix<\/em> &lsquo;Arborescens&rsquo; &#8211; Edera adulta\t\t\t<\/a>\n\t\t<\/h3>\n\t\t\t\t<div class=\"elementor-post__excerpt\">\n\t\t\t<p>Forma adulta dell'edera dei boschi o edera inglese.<\/p> <p>Foglie non lobate. Lama verde scuro lucida. Fusti eretti e tozzi.\t\t<\/div>\n\t\t\n\t\t<a class=\"elementor-post__read-more\" href=\"https:\/\/www.hedera-etc.com\/it\/product\/hedera-helix-arborescens\/\" aria-label=\"Leggi tutto &lt;em&gt;Hedera helix&lt;\/em&gt; \u2018Arborescens\u2019 \u2013 Edera adulta\" tabindex=\"-1\" target=\"_blank\">\n\t\t\tPer saperne di pi\u00f9 \u00bb\t\t<\/a>\n\n\t\t\t\t<\/div>\n\t\t\t\t<\/article>\n\t\t\t\t<article class=\"elementor-post elementor-grid-item post-123 product type-product status-publish has-post-thumbnail product_cat-lierre entry has-media  instock purchasable product-type-variable has-default-attributes has-product-nav col span_1_of_4 owp-content-center item-entry owp-thumbs-layout-horizontal owp-btn-normal owp-tabs-layout-section\">\n\t\t\t\t<a class=\"elementor-post__thumbnail__link\" href=\"https:\/\/www.hedera-etc.com\/it\/product\/hedera-helix-asterisk\/\" tabindex=\"-1\" target=\"&quot;_blank&quot;\">\n\t\t\t<div class=\"elementor-post__thumbnail\"><img loading=\"lazy\" decoding=\"async\" width=\"300\" height=\"225\" src=\"https:\/\/www.hedera-etc.com\/wp-content\/uploads\/2023\/10\/Hedera-helix-Asterisk_2-300x225.webp\" class=\"attachment-medium size-medium wp-image-14983\" alt=\"Hedera helix &#039;Asterisk&#039;\" srcset=\"https:\/\/www.hedera-etc.com\/wp-content\/uploads\/2023\/10\/Hedera-helix-Asterisk_2-300x225.webp 300w, https:\/\/www.hedera-etc.com\/wp-content\/uploads\/2023\/10\/Hedera-helix-Asterisk_2-900x675.webp 900w, https:\/\/www.hedera-etc.com\/wp-content\/uploads\/2023\/10\/Hedera-helix-Asterisk_2-1024x768.webp 1024w, https:\/\/www.hedera-etc.com\/wp-content\/uploads\/2023\/10\/Hedera-helix-Asterisk_2-768x576.webp 768w, https:\/\/www.hedera-etc.com\/wp-content\/uploads\/2023\/10\/Hedera-helix-Asterisk_2-1536x1152.webp 1536w, https:\/\/www.hedera-etc.com\/wp-content\/uploads\/2023\/10\/Hedera-helix-Asterisk_2-1320x990.webp 1320w, https:\/\/www.hedera-etc.com\/wp-content\/uploads\/2023\/10\/Hedera-helix-Asterisk_2.webp 1600w\" sizes=\"(max-width: 300px) 100vw, 300px\" \/><\/div>\n\t\t<\/a>\n\t\t\t\t<div class=\"elementor-post__text\">\n\t\t\t\t<h3 class=\"elementor-post__title\">\n\t\t\t<a href=\"https:\/\/www.hedera-etc.com\/it\/product\/hedera-helix-asterisk\/\" target=\"&quot;_blank&quot;\">\n\t\t\t\t<em>Hedera helix<\/em> &lsquo;Asterisk&rsquo; &#8211; Edera ornamentale\t\t\t<\/a>\n\t\t<\/h3>\n\t\t\t\t<div class=\"elementor-post__excerpt\">\n\t\t\t<p>Una variet\u00e0 molto interessante per l'inverdimento dei muri.<\/p> <p>Foglie composte da 5-7 lobi stretti, appuntiti e ricurvi verso il centro.\t\t<\/div>\n\t\t\n\t\t<a class=\"elementor-post__read-more\" href=\"https:\/\/www.hedera-etc.com\/it\/product\/hedera-helix-asterisk\/\" aria-label=\"Leggi tutto &lt;em&gt;Hedera helix&lt;\/em&gt; \u2018Asterisk\u2019 \u2013 Edera ornamentale\" tabindex=\"-1\" target=\"_blank\">\n\t\t\tPer saperne di pi\u00f9 \u00bb\t\t<\/a>\n\n\t\t\t\t<\/div>\n\t\t\t\t<\/article>\n\t\t\t\t<article class=\"elementor-post elementor-grid-item post-129 product type-product status-publish has-post-thumbnail product_cat-lierre entry has-media last instock purchasable product-type-variable has-default-attributes has-product-nav col span_1_of_4 owp-content-center item-entry owp-thumbs-layout-horizontal owp-btn-normal owp-tabs-layout-section\">\n\t\t\t\t<a class=\"elementor-post__thumbnail__link\" href=\"https:\/\/www.hedera-etc.com\/it\/product\/hedera-helix-baccifer\/\" tabindex=\"-1\" target=\"&quot;_blank&quot;\">\n\t\t\t<div class=\"elementor-post__thumbnail\"><img loading=\"lazy\" decoding=\"async\" width=\"300\" height=\"199\" src=\"https:\/\/www.hedera-etc.com\/wp-content\/uploads\/2023\/10\/HEDERA-helix-Baccifer-300x199.webp\" class=\"attachment-medium size-medium wp-image-130\" alt=\"HEDERA helix &#039;Baccifer&#039;\" srcset=\"https:\/\/www.hedera-etc.com\/wp-content\/uploads\/2023\/10\/HEDERA-helix-Baccifer-300x199.webp 300w, https:\/\/www.hedera-etc.com\/wp-content\/uploads\/2023\/10\/HEDERA-helix-Baccifer-900x598.webp 900w, https:\/\/www.hedera-etc.com\/wp-content\/uploads\/2023\/10\/HEDERA-helix-Baccifer-768x510.webp 768w, https:\/\/www.hedera-etc.com\/wp-content\/uploads\/2023\/10\/HEDERA-helix-Baccifer.webp 947w\" sizes=\"(max-width: 300px) 100vw, 300px\" \/><\/div>\n\t\t<\/a>\n\t\t\t\t<div class=\"elementor-post__text\">\n\t\t\t\t<h3 class=\"elementor-post__title\">\n\t\t\t<a href=\"https:\/\/www.hedera-etc.com\/it\/product\/hedera-helix-baccifer\/\" target=\"&quot;_blank&quot;\">\n\t\t\t\t<em>Hedera helix<\/em> &lsquo;Baccifer&rsquo; &#8211; Edera ornamentale\t\t\t<\/a>\n\t\t<\/h3>\n\t\t\t\t<div class=\"elementor-post__excerpt\">\n\t\t\t<p>Fogliame atipico con 5 caratteristici lobi angolari.<\/p> <p>In primavera i giovani germogli assumono splendide sfumature dorate e diventano verdi.\t\t<\/div>\n\t\t\n\t\t<a class=\"elementor-post__read-more\" href=\"https:\/\/www.hedera-etc.com\/it\/product\/hedera-helix-baccifer\/\" aria-label=\"Leggi tutto *Hedera helix* \u2018Baccifer\u2019 \u2013 L&#039;edera ornamentale\" tabindex=\"-1\" target=\"_blank\">\n\t\t\tPer saperne di pi\u00f9 \u00bb\t\t<\/a>\n\n\t\t\t\t<\/div>\n\t\t\t\t<\/article>\n\t\t\t\t<article class=\"elementor-post elementor-grid-item post-134 product type-product status-publish has-post-thumbnail product_cat-lierre entry has-media first instock purchasable product-type-variable has-default-attributes has-product-nav col span_1_of_4 owp-content-center item-entry owp-thumbs-layout-horizontal owp-btn-normal owp-tabs-layout-section\">\n\t\t\t\t<a class=\"elementor-post__thumbnail__link\" href=\"https:\/\/www.hedera-etc.com\/it\/product\/hedera-helix-baden-baden\/\" tabindex=\"-1\" target=\"&quot;_blank&quot;\">\n\t\t\t<div class=\"elementor-post__thumbnail\"><img loading=\"lazy\" decoding=\"async\" width=\"300\" height=\"199\" src=\"https:\/\/www.hedera-etc.com\/wp-content\/uploads\/2023\/10\/HEDERA-helix-Baden-Baden_3-300x199.webp\" class=\"attachment-medium size-medium wp-image-14972\" alt=\"HEDERA helix &#039;Baden Baden&#039; (Baden Baden)&#039;\" srcset=\"https:\/\/www.hedera-etc.com\/wp-content\/uploads\/2023\/10\/HEDERA-helix-Baden-Baden_3-300x199.webp 300w, https:\/\/www.hedera-etc.com\/wp-content\/uploads\/2023\/10\/HEDERA-helix-Baden-Baden_3-900x597.webp 900w, https:\/\/www.hedera-etc.com\/wp-content\/uploads\/2023\/10\/HEDERA-helix-Baden-Baden_3-768x509.webp 768w, https:\/\/www.hedera-etc.com\/wp-content\/uploads\/2023\/10\/HEDERA-helix-Baden-Baden_3.webp 920w\" sizes=\"(max-width: 300px) 100vw, 300px\" \/><\/div>\n\t\t<\/a>\n\t\t\t\t<div class=\"elementor-post__text\">\n\t\t\t\t<h3 class=\"elementor-post__title\">\n\t\t\t<a href=\"https:\/\/www.hedera-etc.com\/it\/product\/hedera-helix-baden-baden\/\" target=\"&quot;_blank&quot;\">\n\t\t\t\t<em>Hedera helix<\/em> &lsquo;Baden-Baden&rsquo; &#8211; Edera ornamentale\t\t\t<\/a>\n\t\t<\/h3>\n\t\t\t\t<div class=\"elementor-post__excerpt\">\n\t\t\t<p>Edera interessante per la sua resistenza alla siccit\u00e0 e al sole.<\/p> <p>Foglie di medie dimensioni, formate da 3 a\t\t<\/div>\n\t\t\n\t\t<a class=\"elementor-post__read-more\" href=\"https:\/\/www.hedera-etc.com\/it\/product\/hedera-helix-baden-baden\/\" aria-label=\"Leggi tutto l&#039;edera `Hedera helix` \u2018Baden-Baden\u2019 \u2013 Lierre d\u2019ornement\" tabindex=\"-1\" target=\"_blank\">\n\t\t\tPer saperne di pi\u00f9 \u00bb\t\t<\/a>\n\n\t\t\t\t<\/div>\n\t\t\t\t<\/article>\n\t\t\t\t<article class=\"elementor-post elementor-grid-item post-148 product type-product status-publish has-post-thumbnail product_cat-lierre entry has-media  outofstock product-type-variable has-default-attributes has-product-nav col span_1_of_4 owp-content-center item-entry owp-thumbs-layout-horizontal owp-btn-normal owp-tabs-layout-section has-no-thumbnails\">\n\t\t\t\t<a class=\"elementor-post__thumbnail__link\" href=\"https:\/\/www.hedera-etc.com\/it\/product\/hedera-helix-ballet\/\" tabindex=\"-1\" target=\"&quot;_blank&quot;\">\n\t\t\t<div class=\"elementor-post__thumbnail\"><img loading=\"lazy\" decoding=\"async\" width=\"300\" height=\"225\" src=\"https:\/\/www.hedera-etc.com\/wp-content\/uploads\/2023\/10\/HEDERA-helix-Ballett-300x225.webp\" class=\"attachment-medium size-medium wp-image-149\" alt=\"HEDERA helix &#039;Ballet&#039;\" srcset=\"https:\/\/www.hedera-etc.com\/wp-content\/uploads\/2023\/10\/HEDERA-helix-Ballett-300x225.webp 300w, https:\/\/www.hedera-etc.com\/wp-content\/uploads\/2023\/10\/HEDERA-helix-Ballett-900x675.webp 900w, https:\/\/www.hedera-etc.com\/wp-content\/uploads\/2023\/10\/HEDERA-helix-Ballett-768x576.webp 768w, https:\/\/www.hedera-etc.com\/wp-content\/uploads\/2023\/10\/HEDERA-helix-Ballett.webp 1024w\" sizes=\"(max-width: 300px) 100vw, 300px\" \/><\/div>\n\t\t<\/a>\n\t\t\t\t<div class=\"elementor-post__text\">\n\t\t\t\t<h3 class=\"elementor-post__title\">\n\t\t\t<a href=\"https:\/\/www.hedera-etc.com\/it\/product\/hedera-helix-ballet\/\" target=\"&quot;_blank&quot;\">\n\t\t\t\t<em>Hedera helix<\/em> &lsquo;Ballet&rsquo; &#8211; Edera ornamentale\t\t\t<\/a>\n\t\t<\/h3>\n\t\t\t\t<div class=\"elementor-post__excerpt\">\n\t\t\t<p>Un'edera di copertura molto bella, con una splendida colorazione invernale.<\/p> <p>Foglie: di medie dimensioni, oblunghe, non lobate, con l'apice sul bordo della foglia.\t\t<\/div>\n\t\t\n\t\t<a class=\"elementor-post__read-more\" href=\"https:\/\/www.hedera-etc.com\/it\/product\/hedera-helix-ballet\/\" aria-label=\"Leggi tutto &lt;em&gt;Hedera helix&lt;\/em&gt; \u2018Ballet\u2019 \u2013 Edera ornamentale\" tabindex=\"-1\" target=\"_blank\">\n\t\t\tPer saperne di pi\u00f9 \u00bb\t\t<\/a>\n\n\t\t\t\t<\/div>\n\t\t\t\t<\/article>\n\t\t\t\t<article class=\"elementor-post elementor-grid-item post-258 product type-product status-publish has-post-thumbnail product_cat-lierre entry has-media  instock purchasable product-type-variable has-default-attributes has-product-nav col span_1_of_4 owp-content-center item-entry owp-thumbs-layout-horizontal owp-btn-normal owp-tabs-layout-section\">\n\t\t\t\t<a class=\"elementor-post__thumbnail__link\" href=\"https:\/\/www.hedera-etc.com\/it\/product\/hedera-helix-cyrano-de-bergerac\/\" tabindex=\"-1\" target=\"&quot;_blank&quot;\">\n\t\t\t<div class=\"elementor-post__thumbnail\"><img loading=\"lazy\" decoding=\"async\" width=\"300\" height=\"225\" src=\"https:\/\/www.hedera-etc.com\/wp-content\/uploads\/2023\/10\/Hedera-helix-Cyrano-De-Bergerac-300x225.webp\" class=\"attachment-medium size-medium wp-image-259\" alt=\"Hedera helix &#039;Cyrano De Bergerac&#039;\" srcset=\"https:\/\/www.hedera-etc.com\/wp-content\/uploads\/2023\/10\/Hedera-helix-Cyrano-De-Bergerac-300x225.webp 300w, https:\/\/www.hedera-etc.com\/wp-content\/uploads\/2023\/10\/Hedera-helix-Cyrano-De-Bergerac-768x575.webp 768w, https:\/\/www.hedera-etc.com\/wp-content\/uploads\/2023\/10\/Hedera-helix-Cyrano-De-Bergerac-600x449.jpg 600w, https:\/\/www.hedera-etc.com\/wp-content\/uploads\/2023\/10\/Hedera-helix-Cyrano-De-Bergerac.webp 800w\" sizes=\"(max-width: 300px) 100vw, 300px\" \/><\/div>\n\t\t<\/a>\n\t\t\t\t<div class=\"elementor-post__text\">\n\t\t\t\t<h3 class=\"elementor-post__title\">\n\t\t\t<a href=\"https:\/\/www.hedera-etc.com\/it\/product\/hedera-helix-cyrano-de-bergerac\/\" target=\"&quot;_blank&quot;\">\n\t\t\t\t<em>Hedera helix<\/em> &lsquo;Cyrano De Bergerac&rsquo; &#8211; Edera ornamentale\t\t\t<\/a>\n\t\t<\/h3>\n\t\t\t\t<div class=\"elementor-post__excerpt\">\n\t\t\t<p>Una variet\u00e0 all'altezza del suo nome per la forma delle sue foglie.<\/p> <p>Foglie talvolta composte da 3 lobi,\t\t<\/div>\n\t\t\n\t\t<a class=\"elementor-post__read-more\" href=\"https:\/\/www.hedera-etc.com\/it\/product\/hedera-helix-cyrano-de-bergerac\/\" aria-label=\"Leggi tutto *Hedera helix* \u2018Cyrano De Bergerac\u2019 \u2013 Lierre d\u2019ornement\" tabindex=\"-1\" target=\"_blank\">\n\t\t\tPer saperne di pi\u00f9 \u00bb\t\t<\/a>\n\n\t\t\t\t<\/div>\n\t\t\t\t<\/article>\n\t\t\t\t<article class=\"elementor-post elementor-grid-item post-264 product type-product status-publish has-post-thumbnail product_cat-lierre entry has-media last instock purchasable product-type-variable has-default-attributes has-product-nav col span_1_of_4 owp-content-center item-entry owp-thumbs-layout-horizontal owp-btn-normal owp-tabs-layout-section\">\n\t\t\t\t<a class=\"elementor-post__thumbnail__link\" href=\"https:\/\/www.hedera-etc.com\/it\/product\/hedera-helix-direktor-badke\/\" tabindex=\"-1\" target=\"&quot;_blank&quot;\">\n\t\t\t<div class=\"elementor-post__thumbnail\"><img loading=\"lazy\" decoding=\"async\" width=\"300\" height=\"225\" src=\"https:\/\/www.hedera-etc.com\/wp-content\/uploads\/2023\/10\/Hedera-helix-Director-Badke-300x225.webp\" class=\"attachment-medium size-medium wp-image-265\" alt=\"Hedera helix &#039;Direktor Badke&#039;\" srcset=\"https:\/\/www.hedera-etc.com\/wp-content\/uploads\/2023\/10\/Hedera-helix-Director-Badke-300x225.webp 300w, https:\/\/www.hedera-etc.com\/wp-content\/uploads\/2023\/10\/Hedera-helix-Director-Badke-900x675.webp 900w, https:\/\/www.hedera-etc.com\/wp-content\/uploads\/2023\/10\/Hedera-helix-Director-Badke-768x576.webp 768w, https:\/\/www.hedera-etc.com\/wp-content\/uploads\/2023\/10\/Hedera-helix-Director-Badke.webp 1024w\" sizes=\"(max-width: 300px) 100vw, 300px\" \/><\/div>\n\t\t<\/a>\n\t\t\t\t<div class=\"elementor-post__text\">\n\t\t\t\t<h3 class=\"elementor-post__title\">\n\t\t\t<a href=\"https:\/\/www.hedera-etc.com\/it\/product\/hedera-helix-direktor-badke\/\" target=\"&quot;_blank&quot;\">\n\t\t\t\t<em>Hedera helix<\/em> &lsquo;Direktor Badke&rsquo; &#8211; Edera ornamentale\t\t\t<\/a>\n\t\t<\/h3>\n\t\t\t\t<div class=\"elementor-post__excerpt\">\n\t\t\t<p>Edera compatta, molto cespugliosa, con crescita moderata.<\/p> <p>Fogliame liscio, simile a un trifoglio, con tre lobi. I lobi sono arrotondati e cos\u00ec poco profondi che\t\t<\/div>\n\t\t\n\t\t<a class=\"elementor-post__read-more\" href=\"https:\/\/www.hedera-etc.com\/it\/product\/hedera-helix-direktor-badke\/\" aria-label=\"Leggi tutto *Hedera helix* \u2018Direktor Badke\u2019 \u2013 Edera ornamentale\" tabindex=\"-1\" target=\"_blank\">\n\t\t\tPer saperne di pi\u00f9 \u00bb\t\t<\/a>\n\n\t\t\t\t<\/div>\n\t\t\t\t<\/article>\n\t\t\t\t<article class=\"elementor-post elementor-grid-item post-270 product type-product status-publish has-post-thumbnail product_cat-lierre entry has-media first instock purchasable product-type-variable has-default-attributes has-product-nav col span_1_of_4 owp-content-center item-entry owp-thumbs-layout-horizontal owp-btn-normal owp-tabs-layout-section\">\n\t\t\t\t<a class=\"elementor-post__thumbnail__link\" href=\"https:\/\/www.hedera-etc.com\/it\/product\/hedera-helix-elegantissima\/\" tabindex=\"-1\" target=\"&quot;_blank&quot;\">\n\t\t\t<div class=\"elementor-post__thumbnail\"><img loading=\"lazy\" decoding=\"async\" width=\"300\" height=\"225\" src=\"https:\/\/www.hedera-etc.com\/wp-content\/uploads\/2023\/10\/Hedera-helix-Elegantissima-1-300x225.webp\" class=\"attachment-medium size-medium wp-image-11922\" alt=\"Hedera helix &#039;Elegantissima&#039; (Elegantissima)&#039;\" srcset=\"https:\/\/www.hedera-etc.com\/wp-content\/uploads\/2023\/10\/Hedera-helix-Elegantissima-1-300x225.webp 300w, https:\/\/www.hedera-etc.com\/wp-content\/uploads\/2023\/10\/Hedera-helix-Elegantissima-1-900x674.webp 900w, https:\/\/www.hedera-etc.com\/wp-content\/uploads\/2023\/10\/Hedera-helix-Elegantissima-1-1024x767.webp 1024w, https:\/\/www.hedera-etc.com\/wp-content\/uploads\/2023\/10\/Hedera-helix-Elegantissima-1-768x576.webp 768w, https:\/\/www.hedera-etc.com\/wp-content\/uploads\/2023\/10\/Hedera-helix-Elegantissima-1-1536x1151.webp 1536w, https:\/\/www.hedera-etc.com\/wp-content\/uploads\/2023\/10\/Hedera-helix-Elegantissima-1-1320x989.webp 1320w, https:\/\/www.hedera-etc.com\/wp-content\/uploads\/2023\/10\/Hedera-helix-Elegantissima-1.webp 1600w\" sizes=\"(max-width: 300px) 100vw, 300px\" \/><\/div>\n\t\t<\/a>\n\t\t\t\t<div class=\"elementor-post__text\">\n\t\t\t\t<h3 class=\"elementor-post__title\">\n\t\t\t<a href=\"https:\/\/www.hedera-etc.com\/it\/product\/hedera-helix-elegantissima\/\" target=\"&quot;_blank&quot;\">\n\t\t\t\t<em>Hedera helix<\/em> &lsquo;Elegantissima&rsquo; &#8211; Edera ornamentale\t\t\t<\/a>\n\t\t<\/h3>\n\t\t\t\t<div class=\"elementor-post__excerpt\">\n\t\t\t<p>Una variet\u00e0 molto bella di edera con fogliame piccolo ed elegantemente variegato.<\/p> <p>Foglie trilobate o triangolari. Lama grigio-verde, ampiamente marginata di bianco crema.\t\t<\/div>\n\t\t\n\t\t<a class=\"elementor-post__read-more\" href=\"https:\/\/www.hedera-etc.com\/it\/product\/hedera-helix-elegantissima\/\" aria-label=\"Leggi tutto *Hedera helix* \u2018Elegantissima\u2019 \u2013 Edera ornamentale\" tabindex=\"-1\" target=\"_blank\">\n\t\t\tPer saperne di pi\u00f9 \u00bb\t\t<\/a>\n\n\t\t\t\t<\/div>\n\t\t\t\t<\/article>\n\t\t\t\t<article class=\"elementor-post elementor-grid-item post-275 product type-product status-publish has-post-thumbnail product_cat-lierre entry has-media  instock purchasable product-type-variable has-default-attributes has-product-nav col span_1_of_4 owp-content-center item-entry owp-thumbs-layout-horizontal owp-btn-normal owp-tabs-layout-section has-no-thumbnails\">\n\t\t\t\t<a class=\"elementor-post__thumbnail__link\" href=\"https:\/\/www.hedera-etc.com\/it\/product\/hedera-helix-evergold\/\" tabindex=\"-1\" target=\"&quot;_blank&quot;\">\n\t\t\t<div class=\"elementor-post__thumbnail\"><img loading=\"lazy\" decoding=\"async\" width=\"300\" height=\"225\" src=\"https:\/\/www.hedera-etc.com\/wp-content\/uploads\/2023\/10\/Hedera-helix-Evergold-300x225.webp\" class=\"attachment-medium size-medium wp-image-276\" alt=\"Hedera helix &#039;Evergold&#039;\" srcset=\"https:\/\/www.hedera-etc.com\/wp-content\/uploads\/2023\/10\/Hedera-helix-Evergold-300x225.webp 300w, https:\/\/www.hedera-etc.com\/wp-content\/uploads\/2023\/10\/Hedera-helix-Evergold-768x575.webp 768w, https:\/\/www.hedera-etc.com\/wp-content\/uploads\/2023\/10\/Hedera-helix-Evergold-600x449.jpg 600w, https:\/\/www.hedera-etc.com\/wp-content\/uploads\/2023\/10\/Hedera-helix-Evergold.webp 800w\" sizes=\"(max-width: 300px) 100vw, 300px\" \/><\/div>\n\t\t<\/a>\n\t\t\t\t<div class=\"elementor-post__text\">\n\t\t\t\t<h3 class=\"elementor-post__title\">\n\t\t\t<a href=\"https:\/\/www.hedera-etc.com\/it\/product\/hedera-helix-evergold\/\" target=\"&quot;_blank&quot;\">\n\t\t\t\t<em>Hedera helix<\/em> &lsquo;Evergold&rsquo; &#8211; Edera ornamentale\t\t\t<\/a>\n\t\t<\/h3>\n\t\t\t\t<div class=\"elementor-post__excerpt\">\n\t\t\t<p>Attraente fogliame giallo variegato che fa sempre bella mostra di s\u00e9 in copertura del terreno.<\/p> <p>Foglie piuttosto piccole, composte da 3 a\t\t<\/div>\n\t\t\n\t\t<a class=\"elementor-post__read-more\" href=\"https:\/\/www.hedera-etc.com\/it\/product\/hedera-helix-evergold\/\" aria-label=\"Leggi tutto *Hedera helix* \u2018Evergold\u2019 \u2013 Edera ornamentale\" tabindex=\"-1\" target=\"_blank\">\n\t\t\tPer saperne di pi\u00f9 \u00bb\t\t<\/a>\n\n\t\t\t\t<\/div>\n\t\t\t\t<\/article>\n\t\t\t\t<article class=\"elementor-post elementor-grid-item post-284 product type-product status-publish has-post-thumbnail product_cat-lierre entry has-media  instock purchasable product-type-variable has-default-attributes has-product-nav col span_1_of_4 owp-content-center item-entry owp-thumbs-layout-horizontal owp-btn-normal owp-tabs-layout-section\">\n\t\t\t\t<a class=\"elementor-post__thumbnail__link\" href=\"https:\/\/www.hedera-etc.com\/it\/product\/hedera-helix-fleur-de-lys\/\" tabindex=\"-1\" target=\"&quot;_blank&quot;\">\n\t\t\t<div class=\"elementor-post__thumbnail\"><img loading=\"lazy\" decoding=\"async\" width=\"300\" height=\"198\" src=\"https:\/\/www.hedera-etc.com\/wp-content\/uploads\/2023\/10\/Hedera-helix-Fleur-De-Lys_3-300x198.webp\" class=\"attachment-medium size-medium wp-image-14884\" alt=\"Hedera helix &#039;Fleur De Lys&#039; (Fior di Lisi)&#039;\" srcset=\"https:\/\/www.hedera-etc.com\/wp-content\/uploads\/2023\/10\/Hedera-helix-Fleur-De-Lys_3-300x198.webp 300w, https:\/\/www.hedera-etc.com\/wp-content\/uploads\/2023\/10\/Hedera-helix-Fleur-De-Lys_3-900x594.webp 900w, https:\/\/www.hedera-etc.com\/wp-content\/uploads\/2023\/10\/Hedera-helix-Fleur-De-Lys_3-768x507.webp 768w, https:\/\/www.hedera-etc.com\/wp-content\/uploads\/2023\/10\/Hedera-helix-Fleur-De-Lys_3.webp 1022w\" sizes=\"(max-width: 300px) 100vw, 300px\" \/><\/div>\n\t\t<\/a>\n\t\t\t\t<div class=\"elementor-post__text\">\n\t\t\t\t<h3 class=\"elementor-post__title\">\n\t\t\t<a href=\"https:\/\/www.hedera-etc.com\/it\/product\/hedera-helix-fleur-de-lys\/\" target=\"&quot;_blank&quot;\">\n\t\t\t\t<em>Hedera helix<\/em> &lsquo;Fleur De Lys&rsquo; &#8211; Edera ornamentale\t\t\t<\/a>\n\t\t<\/h3>\n\t\t\t\t<div class=\"elementor-post__excerpt\">\n\t\t\t<p>Rampicante vigoroso.<\/p> <p>Foglie profondamente divise in 3-5 lobi, spesso tagliate quasi fino alla nervatura centrale. Lobi basali divergenti,\t\t<\/div>\n\t\t\n\t\t<a class=\"elementor-post__read-more\" href=\"https:\/\/www.hedera-etc.com\/it\/product\/hedera-helix-fleur-de-lys\/\" aria-label=\"Leggi tutto &lt;em&gt;Hedera helix&lt;\/em&gt; \u2018Fleur De Lys\u2019 \u2013 Edera da ornamento\" tabindex=\"-1\" target=\"_blank\">\n\t\t\tPer saperne di pi\u00f9 \u00bb\t\t<\/a>\n\n\t\t\t\t<\/div>\n\t\t\t\t<\/article>\n\t\t\t\t<article class=\"elementor-post elementor-grid-item post-289 product type-product status-publish has-post-thumbnail product_cat-lierre entry has-media last instock purchasable product-type-variable has-default-attributes has-product-nav col span_1_of_4 owp-content-center item-entry owp-thumbs-layout-horizontal owp-btn-normal owp-tabs-layout-section\">\n\t\t\t\t<a class=\"elementor-post__thumbnail__link\" href=\"https:\/\/www.hedera-etc.com\/it\/product\/hedera-helix-bredon\/\" tabindex=\"-1\" target=\"&quot;_blank&quot;\">\n\t\t\t<div class=\"elementor-post__thumbnail\"><img loading=\"lazy\" decoding=\"async\" width=\"300\" height=\"225\" src=\"https:\/\/www.hedera-etc.com\/wp-content\/uploads\/2023\/10\/Hedera-helix-Bredon_2-300x225.webp\" class=\"attachment-medium size-medium wp-image-11919\" alt=\"Hedera helix &#039;Bredon&#039; (Bredon)&#039;\" srcset=\"https:\/\/www.hedera-etc.com\/wp-content\/uploads\/2023\/10\/Hedera-helix-Bredon_2-300x225.webp 300w, https:\/\/www.hedera-etc.com\/wp-content\/uploads\/2023\/10\/Hedera-helix-Bredon_2-900x674.webp 900w, https:\/\/www.hedera-etc.com\/wp-content\/uploads\/2023\/10\/Hedera-helix-Bredon_2-1024x767.webp 1024w, https:\/\/www.hedera-etc.com\/wp-content\/uploads\/2023\/10\/Hedera-helix-Bredon_2-768x576.webp 768w, https:\/\/www.hedera-etc.com\/wp-content\/uploads\/2023\/10\/Hedera-helix-Bredon_2-1536x1151.webp 1536w, https:\/\/www.hedera-etc.com\/wp-content\/uploads\/2023\/10\/Hedera-helix-Bredon_2-1320x989.webp 1320w, https:\/\/www.hedera-etc.com\/wp-content\/uploads\/2023\/10\/Hedera-helix-Bredon_2.webp 1600w\" sizes=\"(max-width: 300px) 100vw, 300px\" \/><\/div>\n\t\t<\/a>\n\t\t\t\t<div class=\"elementor-post__text\">\n\t\t\t\t<h3 class=\"elementor-post__title\">\n\t\t\t<a href=\"https:\/\/www.hedera-etc.com\/it\/product\/hedera-helix-bredon\/\" target=\"&quot;_blank&quot;\">\n\t\t\t\t<em>Hedera helix<\/em> &lsquo;Bredon&rsquo; &#8211; Edera ornamentale\t\t\t<\/a>\n\t\t<\/h3>\n\t\t\t\t<div class=\"elementor-post__excerpt\">\n\t\t\t<p>Variet\u00e0 nana a crescita lenta.<\/p> <p>Fogliame verde scuro lucido, leggermente arcuato, con 3-5 lobi.\t\t<\/div>\n\t\t\n\t\t<a class=\"elementor-post__read-more\" href=\"https:\/\/www.hedera-etc.com\/it\/product\/hedera-helix-bredon\/\" aria-label=\"Leggi tutto *Hedera helix* \u2018Bredon\u2019 \u2013 Edera ornamentale\" tabindex=\"-1\" target=\"_blank\">\n\t\t\tPer saperne di pi\u00f9 \u00bb\t\t<\/a>\n\n\t\t\t\t<\/div>\n\t\t\t\t<\/article>\n\t\t\t\t<article class=\"elementor-post elementor-grid-item post-293 product type-product status-publish has-post-thumbnail product_cat-lierre entry has-media first instock purchasable product-type-variable has-default-attributes has-product-nav col span_1_of_4 owp-content-center item-entry owp-thumbs-layout-horizontal owp-btn-normal owp-tabs-layout-section\">\n\t\t\t\t<a class=\"elementor-post__thumbnail__link\" href=\"https:\/\/www.hedera-etc.com\/it\/product\/hedera-helix-brigette\/\" tabindex=\"-1\" target=\"&quot;_blank&quot;\">\n\t\t\t<div class=\"elementor-post__thumbnail\"><img loading=\"lazy\" decoding=\"async\" width=\"300\" height=\"225\" src=\"https:\/\/www.hedera-etc.com\/wp-content\/uploads\/2023\/10\/Hedera-helix-Brigette-300x225.webp\" class=\"attachment-medium size-medium wp-image-294\" alt=\"Hedera helix &#039;Brigette&#039;\" srcset=\"https:\/\/www.hedera-etc.com\/wp-content\/uploads\/2023\/10\/Hedera-helix-Brigette-300x225.webp 300w, https:\/\/www.hedera-etc.com\/wp-content\/uploads\/2023\/10\/Hedera-helix-Brigette-900x675.webp 900w, https:\/\/www.hedera-etc.com\/wp-content\/uploads\/2023\/10\/Hedera-helix-Brigette-768x576.webp 768w, https:\/\/www.hedera-etc.com\/wp-content\/uploads\/2023\/10\/Hedera-helix-Brigette.webp 1024w\" sizes=\"(max-width: 300px) 100vw, 300px\" \/><\/div>\n\t\t<\/a>\n\t\t\t\t<div class=\"elementor-post__text\">\n\t\t\t\t<h3 class=\"elementor-post__title\">\n\t\t\t<a href=\"https:\/\/www.hedera-etc.com\/it\/product\/hedera-helix-brigette\/\" target=\"&quot;_blank&quot;\">\n\t\t\t\t<em>Hedera helix<\/em> &lsquo;Brigette&rsquo; &#8211; Edera ornamentale\t\t\t<\/a>\n\t\t<\/h3>\n\t\t\t\t<div class=\"elementor-post__excerpt\">\n\t\t\t<p>\u00c8 una buona edera di copertura con foglie grandi.<\/p> <p>Foglie con 3-5 lobi ondulati. Lama da verde a verde scuro. Base\t\t<\/div>\n\t\t\n\t\t<a class=\"elementor-post__read-more\" href=\"https:\/\/www.hedera-etc.com\/it\/product\/hedera-helix-brigette\/\" aria-label=\"Leggi tutto &lt;em&gt;Hedera helix&lt;\/em&gt; \u2018Brigette\u2019 \u2013 Edera ornamentale\" tabindex=\"-1\" target=\"_blank\">\n\t\t\tPer saperne di pi\u00f9 \u00bb\t\t<\/a>\n\n\t\t\t\t<\/div>\n\t\t\t\t<\/article>\n\t\t\t\t<article class=\"elementor-post elementor-grid-item post-305 product type-product status-publish has-post-thumbnail product_cat-lierre entry has-media  instock purchasable product-type-variable has-default-attributes has-product-nav col span_1_of_4 owp-content-center item-entry owp-thumbs-layout-horizontal owp-btn-normal owp-tabs-layout-section\">\n\t\t\t\t<a class=\"elementor-post__thumbnail__link\" href=\"https:\/\/www.hedera-etc.com\/it\/product\/hedera-helix-brightstone\/\" tabindex=\"-1\" target=\"&quot;_blank&quot;\">\n\t\t\t<div class=\"elementor-post__thumbnail\"><img loading=\"lazy\" decoding=\"async\" width=\"300\" height=\"236\" src=\"https:\/\/www.hedera-etc.com\/wp-content\/uploads\/2023\/10\/Hedera-helix-Brightstone_3-300x236.webp\" class=\"attachment-medium size-medium wp-image-14870\" alt=\"Hedera helix &#039;Brightstone&#039;\" srcset=\"https:\/\/www.hedera-etc.com\/wp-content\/uploads\/2023\/10\/Hedera-helix-Brightstone_3-300x236.webp 300w, https:\/\/www.hedera-etc.com\/wp-content\/uploads\/2023\/10\/Hedera-helix-Brightstone_3-768x605.webp 768w, https:\/\/www.hedera-etc.com\/wp-content\/uploads\/2023\/10\/Hedera-helix-Brightstone_3.webp 857w\" sizes=\"(max-width: 300px) 100vw, 300px\" \/><\/div>\n\t\t<\/a>\n\t\t\t\t<div class=\"elementor-post__text\">\n\t\t\t\t<h3 class=\"elementor-post__title\">\n\t\t\t<a href=\"https:\/\/www.hedera-etc.com\/it\/product\/hedera-helix-brightstone\/\" target=\"&quot;_blank&quot;\">\n\t\t\t\t<em>Hedera helix<\/em> &lsquo;Brightstone&rsquo; &#8211; Edera ornamentale\t\t\t<\/a>\n\t\t<\/h3>\n\t\t\t\t<div class=\"elementor-post__excerpt\">\n\t\t\t<p>Questa \u00e8 una delle edere variegate che dovrebbero essere piantate al sole.<\/p> <p>Foglie con 3-5 lobi. Bordi leggermente\t\t<\/div>\n\t\t\n\t\t<a class=\"elementor-post__read-more\" href=\"https:\/\/www.hedera-etc.com\/it\/product\/hedera-helix-brightstone\/\" aria-label=\"Leggi tutto &lt;em&gt;Hedera helix&lt;\/em&gt; \u2018Brightstone\u2019 \u2013 Edera ornamentale\" tabindex=\"-1\" target=\"_blank\">\n\t\t\tPer saperne di pi\u00f9 \u00bb\t\t<\/a>\n\n\t\t\t\t<\/div>\n\t\t\t\t<\/article>\n\t\t\t\t<article class=\"elementor-post elementor-grid-item post-310 product type-product status-publish has-post-thumbnail product_cat-lierre entry has-media  instock purchasable product-type-variable has-default-attributes has-product-nav col span_1_of_4 owp-content-center item-entry owp-thumbs-layout-horizontal owp-btn-normal owp-tabs-layout-section has-no-thumbnails\">\n\t\t\t\t<a class=\"elementor-post__thumbnail__link\" href=\"https:\/\/www.hedera-etc.com\/it\/product\/hedera-helix-brimstone\/\" tabindex=\"-1\" target=\"&quot;_blank&quot;\">\n\t\t\t<div class=\"elementor-post__thumbnail\"><img loading=\"lazy\" decoding=\"async\" width=\"300\" height=\"198\" src=\"https:\/\/www.hedera-etc.com\/wp-content\/uploads\/2023\/10\/Hedera-helix-Brimstone-300x198.webp\" class=\"attachment-medium size-medium wp-image-311\" alt=\"Hedera helix &#039;Brimstone&#039;\" srcset=\"https:\/\/www.hedera-etc.com\/wp-content\/uploads\/2023\/10\/Hedera-helix-Brimstone-300x198.webp 300w, https:\/\/www.hedera-etc.com\/wp-content\/uploads\/2023\/10\/Hedera-helix-Brimstone-900x594.webp 900w, https:\/\/www.hedera-etc.com\/wp-content\/uploads\/2023\/10\/Hedera-helix-Brimstone-768x507.webp 768w, https:\/\/www.hedera-etc.com\/wp-content\/uploads\/2023\/10\/Hedera-helix-Brimstone.webp 953w\" sizes=\"(max-width: 300px) 100vw, 300px\" \/><\/div>\n\t\t<\/a>\n\t\t\t\t<div class=\"elementor-post__text\">\n\t\t\t\t<h3 class=\"elementor-post__title\">\n\t\t\t<a href=\"https:\/\/www.hedera-etc.com\/it\/product\/hedera-helix-brimstone\/\" target=\"&quot;_blank&quot;\">\n\t\t\t\t<em>Hedera helix<\/em> &lsquo;Brimstone&rsquo; &#8211; Edera ornamentale\t\t\t<\/a>\n\t\t<\/h3>\n\t\t\t\t<div class=\"elementor-post__excerpt\">\n\t\t\t<p>Le foglie di media grandezza sono ricurve e variegate.<\/p> <p>Le foglie sono cordate, con tre lobi ricurvi e ondulati. Lama\t\t<\/div>\n\t\t\n\t\t<a class=\"elementor-post__read-more\" href=\"https:\/\/www.hedera-etc.com\/it\/product\/hedera-helix-brimstone\/\" aria-label=\"Leggi tutto *Hedera helix* \u2018Brimstone\u2019 \u2013 Edera ornamentale\" tabindex=\"-1\" target=\"_blank\">\n\t\t\tPer saperne di pi\u00f9 \u00bb\t\t<\/a>\n\n\t\t\t\t<\/div>\n\t\t\t\t<\/article>\n\t\t\t\t<article class=\"elementor-post elementor-grid-item post-314 product type-product status-publish has-post-thumbnail product_cat-lierre entry has-media last instock purchasable product-type-variable has-default-attributes has-product-nav col span_1_of_4 owp-content-center item-entry owp-thumbs-layout-horizontal owp-btn-normal owp-tabs-layout-section\">\n\t\t\t\t<a class=\"elementor-post__thumbnail__link\" href=\"https:\/\/www.hedera-etc.com\/it\/product\/hedera-helix-cheap-thrills\/\" tabindex=\"-1\" target=\"&quot;_blank&quot;\">\n\t\t\t<div class=\"elementor-post__thumbnail\"><img loading=\"lazy\" decoding=\"async\" width=\"300\" height=\"225\" src=\"https:\/\/www.hedera-etc.com\/wp-content\/uploads\/2023\/10\/Hedera-helix-Cheap-Thrills-300x225.webp\" class=\"attachment-medium size-medium wp-image-315\" alt=\"Hedera helix &#039;Cheap Thrills&#039;\" srcset=\"https:\/\/www.hedera-etc.com\/wp-content\/uploads\/2023\/10\/Hedera-helix-Cheap-Thrills-300x225.webp 300w, https:\/\/www.hedera-etc.com\/wp-content\/uploads\/2023\/10\/Hedera-helix-Cheap-Thrills-900x675.webp 900w, https:\/\/www.hedera-etc.com\/wp-content\/uploads\/2023\/10\/Hedera-helix-Cheap-Thrills-768x576.webp 768w, https:\/\/www.hedera-etc.com\/wp-content\/uploads\/2023\/10\/Hedera-helix-Cheap-Thrills.webp 1024w\" sizes=\"(max-width: 300px) 100vw, 300px\" \/><\/div>\n\t\t<\/a>\n\t\t\t\t<div class=\"elementor-post__text\">\n\t\t\t\t<h3 class=\"elementor-post__title\">\n\t\t\t<a href=\"https:\/\/www.hedera-etc.com\/it\/product\/hedera-helix-cheap-thrills\/\" target=\"&quot;_blank&quot;\">\n\t\t\t\t<em>Hedera helix<\/em> &lsquo;Cheap Thrills&rsquo; &#8211; Edera ornamentale\t\t\t<\/a>\n\t\t<\/h3>\n\t\t\t\t<div class=\"elementor-post__excerpt\">\n\t\t\t<p>Arbusto compatto.<\/p> <p>Porto dovuto a una fasciatura che aumenta le dimensioni delle foglie fino a formare foglie molto grandi.\t\t<\/div>\n\t\t\n\t\t<a class=\"elementor-post__read-more\" href=\"https:\/\/www.hedera-etc.com\/it\/product\/hedera-helix-cheap-thrills\/\" aria-label=\"Leggere tutto *Hedera helix* \u2018Cheap Thrills\u2019 \u2013 Edera ornamentale\" tabindex=\"-1\" target=\"_blank\">\n\t\t\tPer saperne di pi\u00f9 \u00bb\t\t<\/a>\n\n\t\t\t\t<\/div>\n\t\t\t\t<\/article>\n\t\t\t\t<article class=\"elementor-post elementor-grid-item post-319 product type-product status-publish has-post-thumbnail product_cat-lierre entry has-media first instock purchasable product-type-variable has-default-attributes has-product-nav col span_1_of_4 owp-content-center item-entry owp-thumbs-layout-horizontal owp-btn-normal owp-tabs-layout-section\">\n\t\t\t\t<a class=\"elementor-post__thumbnail__link\" href=\"https:\/\/www.hedera-etc.com\/it\/product\/hedera-helix-cockle-shell\/\" tabindex=\"-1\" target=\"&quot;_blank&quot;\">\n\t\t\t<div class=\"elementor-post__thumbnail\"><img loading=\"lazy\" decoding=\"async\" width=\"300\" height=\"225\" src=\"https:\/\/www.hedera-etc.com\/wp-content\/uploads\/2023\/10\/Hedera-helix-Cockle-Shell-1-300x225.webp\" class=\"attachment-medium size-medium wp-image-14859\" alt=\"Hedera helix &#039;Cockle Shell&#039;\" srcset=\"https:\/\/www.hedera-etc.com\/wp-content\/uploads\/2023\/10\/Hedera-helix-Cockle-Shell-1-300x225.webp 300w, https:\/\/www.hedera-etc.com\/wp-content\/uploads\/2023\/10\/Hedera-helix-Cockle-Shell-1-900x675.webp 900w, https:\/\/www.hedera-etc.com\/wp-content\/uploads\/2023\/10\/Hedera-helix-Cockle-Shell-1-1024x768.webp 1024w, https:\/\/www.hedera-etc.com\/wp-content\/uploads\/2023\/10\/Hedera-helix-Cockle-Shell-1-768x576.webp 768w, https:\/\/www.hedera-etc.com\/wp-content\/uploads\/2023\/10\/Hedera-helix-Cockle-Shell-1-1536x1152.webp 1536w, https:\/\/www.hedera-etc.com\/wp-content\/uploads\/2023\/10\/Hedera-helix-Cockle-Shell-1-1320x990.webp 1320w, https:\/\/www.hedera-etc.com\/wp-content\/uploads\/2023\/10\/Hedera-helix-Cockle-Shell-1.webp 1600w\" sizes=\"(max-width: 300px) 100vw, 300px\" \/><\/div>\n\t\t<\/a>\n\t\t\t\t<div class=\"elementor-post__text\">\n\t\t\t\t<h3 class=\"elementor-post__title\">\n\t\t\t<a href=\"https:\/\/www.hedera-etc.com\/it\/product\/hedera-helix-cockle-shell\/\" target=\"&quot;_blank&quot;\">\n\t\t\t\t<em>Hedera helix<\/em> &lsquo;Cockle Shell&rsquo; &#8211; Edera ornamentale\t\t\t<\/a>\n\t\t<\/h3>\n\t\t\t\t<div class=\"elementor-post__excerpt\">\n\t\t\t<p>Variet\u00e0 da tappezzeria con un alto valore decorativo.<\/p> <p>Foglie spesse, verde scuro, a forma di conchiglia. Lama a forma di ventaglio. Lobi ridotti.\t\t<\/div>\n\t\t\n\t\t<a class=\"elementor-post__read-more\" href=\"https:\/\/www.hedera-etc.com\/it\/product\/hedera-helix-cockle-shell\/\" aria-label=\"Leggi tutto *Hedera helix* \u2018Cockle Shell\u2019 \u2013 Edera ornamentale\" tabindex=\"-1\" target=\"_blank\">\n\t\t\tPer saperne di pi\u00f9 \u00bb\t\t<\/a>\n\n\t\t\t\t<\/div>\n\t\t\t\t<\/article>\n\t\t\t\t<article class=\"elementor-post elementor-grid-item post-324 product type-product status-publish has-post-thumbnail product_cat-lierre entry has-media  instock purchasable product-type-variable has-default-attributes has-product-nav col span_1_of_4 owp-content-center item-entry owp-thumbs-layout-horizontal owp-btn-normal owp-tabs-layout-section\">\n\t\t\t\t<a class=\"elementor-post__thumbnail__link\" href=\"https:\/\/www.hedera-etc.com\/it\/product\/hedera-helix-congesta\/\" tabindex=\"-1\" target=\"&quot;_blank&quot;\">\n\t\t\t<div class=\"elementor-post__thumbnail\"><img loading=\"lazy\" decoding=\"async\" width=\"300\" height=\"225\" src=\"https:\/\/www.hedera-etc.com\/wp-content\/uploads\/2023\/10\/Hedera-helix-Congesta_4-300x225.webp\" class=\"attachment-medium size-medium wp-image-14853\" alt=\"Hedera helix &#039;Congesta&#039;\" srcset=\"https:\/\/www.hedera-etc.com\/wp-content\/uploads\/2023\/10\/Hedera-helix-Congesta_4-300x225.webp 300w, https:\/\/www.hedera-etc.com\/wp-content\/uploads\/2023\/10\/Hedera-helix-Congesta_4-900x676.webp 900w, https:\/\/www.hedera-etc.com\/wp-content\/uploads\/2023\/10\/Hedera-helix-Congesta_4-1024x769.webp 1024w, https:\/\/www.hedera-etc.com\/wp-content\/uploads\/2023\/10\/Hedera-helix-Congesta_4-768x577.webp 768w, https:\/\/www.hedera-etc.com\/wp-content\/uploads\/2023\/10\/Hedera-helix-Congesta_4-1320x991.webp 1320w, https:\/\/www.hedera-etc.com\/wp-content\/uploads\/2023\/10\/Hedera-helix-Congesta_4.webp 1364w\" sizes=\"(max-width: 300px) 100vw, 300px\" \/><\/div>\n\t\t<\/a>\n\t\t\t\t<div class=\"elementor-post__text\">\n\t\t\t\t<h3 class=\"elementor-post__title\">\n\t\t\t<a href=\"https:\/\/www.hedera-etc.com\/it\/product\/hedera-helix-congesta\/\" target=\"&quot;_blank&quot;\">\n\t\t\t\t<em>Hedera helix<\/em> &lsquo;Congesta&rsquo; &#8211; Edera ornamentale\t\t\t<\/a>\n\t\t<\/h3>\n\t\t\t\t<div class=\"elementor-post__excerpt\">\n\t\t\t<p>Un arbusto molto originale e decorativo.<\/p> <p>Fusti eretti e spessi. Foglie disposte in colonne su entrambi i lati del fusto.\t\t<\/div>\n\t\t\n\t\t<a class=\"elementor-post__read-more\" href=\"https:\/\/www.hedera-etc.com\/it\/product\/hedera-helix-congesta\/\" aria-label=\"Leggi tutto &lt;em&gt;Hedera helix&lt;\/em&gt; \u2018Congesta\u2019 \u2013 Edera ornamentale\" tabindex=\"-1\" target=\"_blank\">\n\t\t\tPer saperne di pi\u00f9 \u00bb\t\t<\/a>\n\n\t\t\t\t<\/div>\n\t\t\t\t<\/article>\n\t\t\t\t<article class=\"elementor-post elementor-grid-item post-337 product type-product status-publish has-post-thumbnail product_cat-lierre entry has-media  outofstock product-type-variable has-default-attributes has-product-nav col span_1_of_4 owp-content-center item-entry owp-thumbs-layout-horizontal owp-btn-normal owp-tabs-layout-section has-no-thumbnails\">\n\t\t\t\t<a class=\"elementor-post__thumbnail__link\" href=\"https:\/\/www.hedera-etc.com\/it\/product\/hedera-hibernica-deltoidea-arborescens\/\" tabindex=\"-1\" target=\"&quot;_blank&quot;\">\n\t\t\t<div class=\"elementor-post__thumbnail\"><img loading=\"lazy\" decoding=\"async\" width=\"300\" height=\"225\" src=\"https:\/\/www.hedera-etc.com\/wp-content\/uploads\/2023\/10\/Hedera-helix-Deltoidea-Arborescens_2-300x225.webp\" class=\"attachment-medium size-medium wp-image-14848\" alt=\"Hedera helix &#039;Deltoidea Arborescens&#039; (Deltoidea Arborescens)&#039;\" srcset=\"https:\/\/www.hedera-etc.com\/wp-content\/uploads\/2023\/10\/Hedera-helix-Deltoidea-Arborescens_2-300x225.webp 300w, https:\/\/www.hedera-etc.com\/wp-content\/uploads\/2023\/10\/Hedera-helix-Deltoidea-Arborescens_2-900x676.webp 900w, https:\/\/www.hedera-etc.com\/wp-content\/uploads\/2023\/10\/Hedera-helix-Deltoidea-Arborescens_2-1024x769.webp 1024w, https:\/\/www.hedera-etc.com\/wp-content\/uploads\/2023\/10\/Hedera-helix-Deltoidea-Arborescens_2-768x577.webp 768w, https:\/\/www.hedera-etc.com\/wp-content\/uploads\/2023\/10\/Hedera-helix-Deltoidea-Arborescens_2.webp 1148w\" sizes=\"(max-width: 300px) 100vw, 300px\" \/><\/div>\n\t\t<\/a>\n\t\t\t\t<div class=\"elementor-post__text\">\n\t\t\t\t<h3 class=\"elementor-post__title\">\n\t\t\t<a href=\"https:\/\/www.hedera-etc.com\/it\/product\/hedera-hibernica-deltoidea-arborescens\/\" target=\"&quot;_blank&quot;\">\n\t\t\t\t<em>Hedera hibernica<\/em> &lsquo;Deltoidea Arborescens&rsquo; &#8211; Edera adulta\t\t\t<\/a>\n\t\t<\/h3>\n\t\t\t\t<div class=\"elementor-post__excerpt\">\n\t\t\t<p>Edera adulta.<\/p> <p>Foglie non lobate, cordate, di colore verde scuro. Foglie giovani verde chiaro. Fusti spessi e abbastanza\t\t<\/div>\n\t\t\n\t\t<a class=\"elementor-post__read-more\" href=\"https:\/\/www.hedera-etc.com\/it\/product\/hedera-hibernica-deltoidea-arborescens\/\" aria-label=\"Leggi tutto *Hedera hibernica* \u2018Deltoidea Arborescens\u2019 \u2013 Lierre adulto\" tabindex=\"-1\" target=\"_blank\">\n\t\t\tPer saperne di pi\u00f9 \u00bb\t\t<\/a>\n\n\t\t\t\t<\/div>\n\t\t\t\t<\/article>\n\t\t\t\t<article class=\"elementor-post elementor-grid-item post-341 product type-product status-publish has-post-thumbnail product_cat-lierre entry has-media last instock purchasable product-type-variable has-default-attributes has-product-nav col span_1_of_4 owp-content-center item-entry owp-thumbs-layout-horizontal owp-btn-normal owp-tabs-layout-section\">\n\t\t\t\t<a class=\"elementor-post__thumbnail__link\" href=\"https:\/\/www.hedera-etc.com\/it\/product\/hedera-helix-erecta\/\" tabindex=\"-1\" target=\"&quot;_blank&quot;\">\n\t\t\t<div class=\"elementor-post__thumbnail\"><img loading=\"lazy\" decoding=\"async\" width=\"300\" height=\"225\" src=\"https:\/\/www.hedera-etc.com\/wp-content\/uploads\/2023\/10\/Hedera-helix-Erecta_2-300x225.webp\" class=\"attachment-medium size-medium wp-image-10835\" alt=\"Hedera helix &#039;Erecta&#039; (Erecta)&#039;\" srcset=\"https:\/\/www.hedera-etc.com\/wp-content\/uploads\/2023\/10\/Hedera-helix-Erecta_2-300x225.webp 300w, https:\/\/www.hedera-etc.com\/wp-content\/uploads\/2023\/10\/Hedera-helix-Erecta_2-900x676.webp 900w, https:\/\/www.hedera-etc.com\/wp-content\/uploads\/2023\/10\/Hedera-helix-Erecta_2-1024x769.webp 1024w, https:\/\/www.hedera-etc.com\/wp-content\/uploads\/2023\/10\/Hedera-helix-Erecta_2-768x576.webp 768w, https:\/\/www.hedera-etc.com\/wp-content\/uploads\/2023\/10\/Hedera-helix-Erecta_2-1536x1153.webp 1536w, https:\/\/www.hedera-etc.com\/wp-content\/uploads\/2023\/10\/Hedera-helix-Erecta_2-1320x991.webp 1320w, https:\/\/www.hedera-etc.com\/wp-content\/uploads\/2023\/10\/Hedera-helix-Erecta_2.webp 1600w\" sizes=\"(max-width: 300px) 100vw, 300px\" \/><\/div>\n\t\t<\/a>\n\t\t\t\t<div class=\"elementor-post__text\">\n\t\t\t\t<h3 class=\"elementor-post__title\">\n\t\t\t<a href=\"https:\/\/www.hedera-etc.com\/it\/product\/hedera-helix-erecta\/\" target=\"&quot;_blank&quot;\">\n\t\t\t\t<em>Hedera helix<\/em> &lsquo;Erecta&rsquo; &#8211; Edera ornamentale\t\t\t<\/a>\n\t\t<\/h3>\n\t\t\t\t<div class=\"elementor-post__excerpt\">\n\t\t\t<p>Le lierre, Hedera helix &lsquo;Erecta&rsquo; se distingue par son port original : les tiges sont dress\u00e9es \u00e0 la verticale. Feuilles\t\t<\/div>\n\t\t\n\t\t<a class=\"elementor-post__read-more\" href=\"https:\/\/www.hedera-etc.com\/it\/product\/hedera-helix-erecta\/\" aria-label=\"Ascolta tutto &lt;em&gt;Hedera helix&lt;\/em&gt; \u2018Erecta\u2019 \u2013 Edera ornamentale\" tabindex=\"-1\" target=\"_blank\">\n\t\t\tPer saperne di pi\u00f9 \u00bb\t\t<\/a>\n\n\t\t\t\t<\/div>\n\t\t\t\t<\/article>\n\t\t\t\t<article class=\"elementor-post elementor-grid-item post-346 product type-product status-publish has-post-thumbnail product_cat-lierre entry has-media first instock purchasable product-type-variable has-default-attributes has-product-nav col span_1_of_4 owp-content-center item-entry owp-thumbs-layout-horizontal owp-btn-normal owp-tabs-layout-section has-no-thumbnails\">\n\t\t\t\t<a class=\"elementor-post__thumbnail__link\" href=\"https:\/\/www.hedera-etc.com\/it\/product\/hedera-helix-humpty-dumpty\/\" tabindex=\"-1\" target=\"&quot;_blank&quot;\">\n\t\t\t<div class=\"elementor-post__thumbnail\"><img loading=\"lazy\" decoding=\"async\" width=\"300\" height=\"225\" src=\"https:\/\/www.hedera-etc.com\/wp-content\/uploads\/2023\/10\/Hedera-helix-Humpty-Dumpty_2-300x225.webp\" class=\"attachment-medium size-medium wp-image-14837\" alt=\"Hedera helix &#039;Humpty Dumpty&#039;\" srcset=\"https:\/\/www.hedera-etc.com\/wp-content\/uploads\/2023\/10\/Hedera-helix-Humpty-Dumpty_2-300x225.webp 300w, https:\/\/www.hedera-etc.com\/wp-content\/uploads\/2023\/10\/Hedera-helix-Humpty-Dumpty_2-900x675.webp 900w, https:\/\/www.hedera-etc.com\/wp-content\/uploads\/2023\/10\/Hedera-helix-Humpty-Dumpty_2-768x576.webp 768w, https:\/\/www.hedera-etc.com\/wp-content\/uploads\/2023\/10\/Hedera-helix-Humpty-Dumpty_2.webp 944w\" sizes=\"(max-width: 300px) 100vw, 300px\" \/><\/div>\n\t\t<\/a>\n\t\t\t\t<div class=\"elementor-post__text\">\n\t\t\t\t<h3 class=\"elementor-post__title\">\n\t\t\t<a href=\"https:\/\/www.hedera-etc.com\/it\/product\/hedera-helix-humpty-dumpty\/\" target=\"&quot;_blank&quot;\">\n\t\t\t\t<em>Hedera helix<\/em> &lsquo;Humpty Dumpty&rsquo; &#8211; Edera ornamentale\t\t\t<\/a>\n\t\t<\/h3>\n\t\t\t\t<div class=\"elementor-post__excerpt\">\n\t\t\t<p>Forma adulta di edera <em>Hedera helix<\/em> \u2018Erecta\u2019.<\/p> <p>Foglie verdi lucide disposte attorno ai fusti eretti, formando una sorta di\t\t<\/div>\n\t\t\n\t\t<a class=\"elementor-post__read-more\" href=\"https:\/\/www.hedera-etc.com\/it\/product\/hedera-helix-humpty-dumpty\/\" aria-label=\"Leggi tutto &lt;em&gt;Hedera helix&lt;\/em&gt; \u2018Humpty Dumpty\u2019 \u2013 Edera ornamentale\" tabindex=\"-1\" target=\"_blank\">\n\t\t\tPer saperne di pi\u00f9 \u00bb\t\t<\/a>\n\n\t\t\t\t<\/div>\n\t\t\t\t<\/article>\n\t\t\t\t<article class=\"elementor-post elementor-grid-item post-351 product type-product status-publish has-post-thumbnail product_cat-lierre entry has-media  instock purchasable product-type-variable has-default-attributes has-product-nav col span_1_of_4 owp-content-center item-entry owp-thumbs-layout-horizontal owp-btn-normal owp-tabs-layout-section\">\n\t\t\t\t<a class=\"elementor-post__thumbnail__link\" href=\"https:\/\/www.hedera-etc.com\/it\/product\/hedera-helix-kaleidoscope\/\" tabindex=\"-1\" target=\"&quot;_blank&quot;\">\n\t\t\t<div class=\"elementor-post__thumbnail\"><img loading=\"lazy\" decoding=\"async\" width=\"300\" height=\"225\" src=\"https:\/\/www.hedera-etc.com\/wp-content\/uploads\/2023\/10\/Hedera-helix-Kaleidoscope-300x225.webp\" class=\"attachment-medium size-medium wp-image-352\" alt=\"Hedera helix &#039;Caleidoscopio&#039;\" srcset=\"https:\/\/www.hedera-etc.com\/wp-content\/uploads\/2023\/10\/Hedera-helix-Kaleidoscope-300x225.webp 300w, https:\/\/www.hedera-etc.com\/wp-content\/uploads\/2023\/10\/Hedera-helix-Kaleidoscope-900x675.webp 900w, https:\/\/www.hedera-etc.com\/wp-content\/uploads\/2023\/10\/Hedera-helix-Kaleidoscope-768x576.webp 768w, https:\/\/www.hedera-etc.com\/wp-content\/uploads\/2023\/10\/Hedera-helix-Kaleidoscope.webp 1024w\" sizes=\"(max-width: 300px) 100vw, 300px\" \/><\/div>\n\t\t<\/a>\n\t\t\t\t<div class=\"elementor-post__text\">\n\t\t\t\t<h3 class=\"elementor-post__title\">\n\t\t\t<a href=\"https:\/\/www.hedera-etc.com\/it\/product\/hedera-helix-kaleidoscope\/\" target=\"&quot;_blank&quot;\">\n\t\t\t\t<em>Hedera helix<\/em> &lsquo;Kaleidoscope&rsquo; &#8211; Edera ornamentale\t\t\t<\/a>\n\t\t<\/h3>\n\t\t\t\t<div class=\"elementor-post__excerpt\">\n\t\t\t<p>Variet\u00e0 variegata molto originale con foglie in rilievo a forma di ventaglio.<\/p> <p>Composto da tre o cinque lobi appuntiti e rivolti in avanti,\t\t<\/div>\n\t\t\n\t\t<a class=\"elementor-post__read-more\" href=\"https:\/\/www.hedera-etc.com\/it\/product\/hedera-helix-kaleidoscope\/\" aria-label=\"Leggi tutto *Hedera helix* \u2018Kaleidoscope\u2019 \u2013 Edera ornamentale\" tabindex=\"-1\" target=\"_blank\">\n\t\t\tPer saperne di pi\u00f9 \u00bb\t\t<\/a>\n\n\t\t\t\t<\/div>\n\t\t\t\t<\/article>\n\t\t\t\t<article class=\"elementor-post elementor-grid-item post-356 product type-product status-publish has-post-thumbnail product_cat-lierre entry has-media  instock purchasable product-type-variable has-default-attributes has-product-nav col span_1_of_4 owp-content-center item-entry owp-thumbs-layout-horizontal owp-btn-normal owp-tabs-layout-section\">\n\t\t\t\t<a class=\"elementor-post__thumbnail__link\" href=\"https:\/\/www.hedera-etc.com\/it\/product\/hedera-helix-medusa\/\" tabindex=\"-1\" target=\"&quot;_blank&quot;\">\n\t\t\t<div class=\"elementor-post__thumbnail\"><img loading=\"lazy\" decoding=\"async\" width=\"300\" height=\"225\" src=\"https:\/\/www.hedera-etc.com\/wp-content\/uploads\/2023\/10\/Hedera-helix-Medusa-300x225.webp\" class=\"attachment-medium size-medium wp-image-357\" alt=\"Hedera helix &#039;Medusa&#039;\" srcset=\"https:\/\/www.hedera-etc.com\/wp-content\/uploads\/2023\/10\/Hedera-helix-Medusa-300x225.webp 300w, https:\/\/www.hedera-etc.com\/wp-content\/uploads\/2023\/10\/Hedera-helix-Medusa-900x675.webp 900w, https:\/\/www.hedera-etc.com\/wp-content\/uploads\/2023\/10\/Hedera-helix-Medusa-768x576.webp 768w, https:\/\/www.hedera-etc.com\/wp-content\/uploads\/2023\/10\/Hedera-helix-Medusa.webp 1024w\" sizes=\"(max-width: 300px) 100vw, 300px\" \/><\/div>\n\t\t<\/a>\n\t\t\t\t<div class=\"elementor-post__text\">\n\t\t\t\t<h3 class=\"elementor-post__title\">\n\t\t\t<a href=\"https:\/\/www.hedera-etc.com\/it\/product\/hedera-helix-medusa\/\" target=\"&quot;_blank&quot;\">\n\t\t\t\t<em>Hedera helix<\/em> &lsquo;Medusa&rsquo; &#8211; Edera ornamentale\t\t\t<\/a>\n\t\t<\/h3>\n\t\t\t\t<div class=\"elementor-post__excerpt\">\n\t\t\t<p>Edera insolita con foglie grandi.<\/p> <p>Portamento arbustivo. Fusti rigidi, spessi e fasciato in alto. Foglie composte e distanziate.\t\t<\/div>\n\t\t\n\t\t<a class=\"elementor-post__read-more\" href=\"https:\/\/www.hedera-etc.com\/it\/product\/hedera-helix-medusa\/\" aria-label=\"Leggi tutto &lt;em&gt;Hedera helix&lt;\/em&gt; \u2018Medusa\u2019 \u2013 Edera ornamentale\" tabindex=\"-1\" target=\"_blank\">\n\t\t\tPer saperne di pi\u00f9 \u00bb\t\t<\/a>\n\n\t\t\t\t<\/div>\n\t\t\t\t<\/article>\n\t\t\t\t<article class=\"elementor-post elementor-grid-item post-364 product type-product status-publish has-post-thumbnail product_cat-lierre entry has-media last instock purchasable product-type-variable has-default-attributes has-product-nav col span_1_of_4 owp-content-center item-entry owp-thumbs-layout-horizontal owp-btn-normal owp-tabs-layout-section\">\n\t\t\t\t<a class=\"elementor-post__thumbnail__link\" href=\"https:\/\/www.hedera-etc.com\/it\/product\/hedera-helix-parasol\/\" tabindex=\"-1\" target=\"&quot;_blank&quot;\">\n\t\t\t<div class=\"elementor-post__thumbnail\"><img loading=\"lazy\" decoding=\"async\" width=\"300\" height=\"199\" src=\"https:\/\/www.hedera-etc.com\/wp-content\/uploads\/2023\/10\/Hedera-helix-Parasol-300x199.webp\" class=\"attachment-medium size-medium wp-image-365\" alt=\"Hedera helix &#039;Parasol&#039;\" srcset=\"https:\/\/www.hedera-etc.com\/wp-content\/uploads\/2023\/10\/Hedera-helix-Parasol-300x199.webp 300w, https:\/\/www.hedera-etc.com\/wp-content\/uploads\/2023\/10\/Hedera-helix-Parasol-768x510.webp 768w, https:\/\/www.hedera-etc.com\/wp-content\/uploads\/2023\/10\/Hedera-helix-Parasol-600x398.jpg 600w, https:\/\/www.hedera-etc.com\/wp-content\/uploads\/2023\/10\/Hedera-helix-Parasol.webp 800w\" sizes=\"(max-width: 300px) 100vw, 300px\" \/><\/div>\n\t\t<\/a>\n\t\t\t\t<div class=\"elementor-post__text\">\n\t\t\t\t<h3 class=\"elementor-post__title\">\n\t\t\t<a href=\"https:\/\/www.hedera-etc.com\/it\/product\/hedera-helix-parasol\/\" target=\"&quot;_blank&quot;\">\n\t\t\t\t<em>Hedera helix<\/em> &lsquo;Parasol&rsquo; &#8211; Edera ornamentale\t\t\t<\/a>\n\t\t<\/h3>\n\t\t\t\t<div class=\"elementor-post__excerpt\">\n\t\t\t<p>Variet\u00e0 arbustiva compatta.<\/p> <p>Il fogliame \u00e8 ondulato-crociato e scurvato sul bordo della lama. Gli steli sono lunghi e danno l'impressione di essere\t\t<\/div>\n\t\t\n\t\t<a class=\"elementor-post__read-more\" href=\"https:\/\/www.hedera-etc.com\/it\/product\/hedera-helix-parasol\/\" aria-label=\"Leggi tutto *Hedera helix* \u2018Parasol\u2019 \u2013 Lierre d\u2019ornement\" tabindex=\"-1\" target=\"_blank\">\n\t\t\tPer saperne di pi\u00f9 \u00bb\t\t<\/a>\n\n\t\t\t\t<\/div>\n\t\t\t\t<\/article>\n\t\t\t\t<article class=\"elementor-post elementor-grid-item post-370 product type-product status-publish has-post-thumbnail product_cat-lierre entry has-media first outofstock product-type-variable has-default-attributes has-product-nav col span_1_of_4 owp-content-center item-entry owp-thumbs-layout-horizontal owp-btn-normal owp-tabs-layout-section\">\n\t\t\t\t<a class=\"elementor-post__thumbnail__link\" href=\"https:\/\/www.hedera-etc.com\/it\/product\/hedera-helix-pegasus\/\" tabindex=\"-1\" target=\"&quot;_blank&quot;\">\n\t\t\t<div class=\"elementor-post__thumbnail\"><img loading=\"lazy\" decoding=\"async\" width=\"300\" height=\"225\" src=\"https:\/\/www.hedera-etc.com\/wp-content\/uploads\/2023\/10\/Hedera-helix-Pegasus-300x225.webp\" class=\"attachment-medium size-medium wp-image-371\" alt=\"Hedera helix &#039;Pegasus&#039;\" srcset=\"https:\/\/www.hedera-etc.com\/wp-content\/uploads\/2023\/10\/Hedera-helix-Pegasus-300x225.webp 300w, https:\/\/www.hedera-etc.com\/wp-content\/uploads\/2023\/10\/Hedera-helix-Pegasus-768x576.webp 768w, https:\/\/www.hedera-etc.com\/wp-content\/uploads\/2023\/10\/Hedera-helix-Pegasus-600x450.jpg 600w, https:\/\/www.hedera-etc.com\/wp-content\/uploads\/2023\/10\/Hedera-helix-Pegasus.webp 839w\" sizes=\"(max-width: 300px) 100vw, 300px\" \/><\/div>\n\t\t<\/a>\n\t\t\t\t<div class=\"elementor-post__text\">\n\t\t\t\t<h3 class=\"elementor-post__title\">\n\t\t\t<a href=\"https:\/\/www.hedera-etc.com\/it\/product\/hedera-helix-pegasus\/\" target=\"&quot;_blank&quot;\">\n\t\t\t\t<em>Hedera helix<\/em> &lsquo;Pegasus&rsquo; &#8211; Edera ornamentale\t\t\t<\/a>\n\t\t<\/h3>\n\t\t\t\t<div class=\"elementor-post__excerpt\">\n\t\t\t<p>Edera a ventaglio molto bella.<\/p> <p>Fusti spessi, chiaramente fasciate ed erette. Foglie con 5-7 lobi rivolti verso il fusto.\t\t<\/div>\n\t\t\n\t\t<a class=\"elementor-post__read-more\" href=\"https:\/\/www.hedera-etc.com\/it\/product\/hedera-helix-pegasus\/\" aria-label=\"Leggi tutto *Hedera helix* \u2018Pegasus\u2019 \u2013 Edera ornamentale\" tabindex=\"-1\" target=\"_blank\">\n\t\t\tPer saperne di pi\u00f9 \u00bb\t\t<\/a>\n\n\t\t\t\t<\/div>\n\t\t\t\t<\/article>\n\t\t\t\t<article class=\"elementor-post elementor-grid-item post-152 product type-product status-publish has-post-thumbnail product_cat-lierre entry has-media  instock purchasable product-type-variable has-default-attributes has-product-nav col span_1_of_4 owp-content-center item-entry owp-thumbs-layout-horizontal owp-btn-normal owp-tabs-layout-section has-no-thumbnails\">\n\t\t\t\t<a class=\"elementor-post__thumbnail__link\" href=\"https:\/\/www.hedera-etc.com\/it\/product\/hedera-helix-baltica\/\" tabindex=\"-1\" target=\"&quot;_blank&quot;\">\n\t\t\t<div class=\"elementor-post__thumbnail\"><img loading=\"lazy\" decoding=\"async\" width=\"300\" height=\"235\" src=\"https:\/\/www.hedera-etc.com\/wp-content\/uploads\/2023\/10\/Hedera-helix-Baltica-300x235.webp\" class=\"attachment-medium size-medium wp-image-14964\" alt=\"Hedera helix &#039;Baltica&#039;\" srcset=\"https:\/\/www.hedera-etc.com\/wp-content\/uploads\/2023\/10\/Hedera-helix-Baltica-300x235.webp 300w, https:\/\/www.hedera-etc.com\/wp-content\/uploads\/2023\/10\/Hedera-helix-Baltica-768x602.webp 768w, https:\/\/www.hedera-etc.com\/wp-content\/uploads\/2023\/10\/Hedera-helix-Baltica.webp 800w\" sizes=\"(max-width: 300px) 100vw, 300px\" \/><\/div>\n\t\t<\/a>\n\t\t\t\t<div class=\"elementor-post__text\">\n\t\t\t\t<h3 class=\"elementor-post__title\">\n\t\t\t<a href=\"https:\/\/www.hedera-etc.com\/it\/product\/hedera-helix-baltica\/\" target=\"&quot;_blank&quot;\">\n\t\t\t\t<em>Hedera helix<\/em> &lsquo;Baltica&rsquo; &#8211; Edera ornamentale\t\t\t<\/a>\n\t\t<\/h3>\n\t\t\t\t<div class=\"elementor-post__excerpt\">\n\t\t\t<p>\u00c8 senza dubbio la variet\u00e0 di edera pi\u00f9 resistente al freddo. Tollera anche il clima molto caldo.<\/p> <p>Foglie verde scuro con\t\t<\/div>\n\t\t\n\t\t<a class=\"elementor-post__read-more\" href=\"https:\/\/www.hedera-etc.com\/it\/product\/hedera-helix-baltica\/\" aria-label=\"Leggi tutto &lt;em&gt;Hedera helix&lt;\/em&gt; \u2018Baltica\u2019 \u2013 Edera ornamentale\" tabindex=\"-1\" target=\"_blank\">\n\t\t\tPer saperne di pi\u00f9 \u00bb\t\t<\/a>\n\n\t\t\t\t<\/div>\n\t\t\t\t<\/article>\n\t\t\t\t<article class=\"elementor-post elementor-grid-item post-167 product type-product status-publish has-post-thumbnail product_cat-lierre entry has-media  instock purchasable product-type-variable has-default-attributes has-product-nav col span_1_of_4 owp-content-center item-entry owp-thumbs-layout-horizontal owp-btn-normal owp-tabs-layout-section\">\n\t\t\t\t<a class=\"elementor-post__thumbnail__link\" href=\"https:\/\/www.hedera-etc.com\/it\/product\/hedera-helix-bettina\/\" tabindex=\"-1\" target=\"&quot;_blank&quot;\">\n\t\t\t<div class=\"elementor-post__thumbnail\"><img loading=\"lazy\" decoding=\"async\" width=\"300\" height=\"225\" src=\"https:\/\/www.hedera-etc.com\/wp-content\/uploads\/2023\/10\/Hedera-helix-Bettina-300x225.webp\" class=\"attachment-medium size-medium wp-image-168\" alt=\"Hedera helix &#039;Bettina&#039;\" srcset=\"https:\/\/www.hedera-etc.com\/wp-content\/uploads\/2023\/10\/Hedera-helix-Bettina-300x225.webp 300w, https:\/\/www.hedera-etc.com\/wp-content\/uploads\/2023\/10\/Hedera-helix-Bettina-768x575.webp 768w, https:\/\/www.hedera-etc.com\/wp-content\/uploads\/2023\/10\/Hedera-helix-Bettina-600x449.jpg 600w, https:\/\/www.hedera-etc.com\/wp-content\/uploads\/2023\/10\/Hedera-helix-Bettina.webp 800w\" sizes=\"(max-width: 300px) 100vw, 300px\" \/><\/div>\n\t\t<\/a>\n\t\t\t\t<div class=\"elementor-post__text\">\n\t\t\t\t<h3 class=\"elementor-post__title\">\n\t\t\t<a href=\"https:\/\/www.hedera-etc.com\/it\/product\/hedera-helix-bettina\/\" target=\"&quot;_blank&quot;\">\n\t\t\t\t<em>Hedera helix<\/em> &lsquo;Bettina&rsquo; &#8211; Edera ornamentale\t\t\t<\/a>\n\t\t<\/h3>\n\t\t\t\t<div class=\"elementor-post__excerpt\">\n\t\t\t<p>Una delle edere pi\u00f9 graziose con margine bianco.<\/p> <p>Foglie larghe e scurite, spesso asimmetriche, leggermente ondulate sui lati.\t\t<\/div>\n\t\t\n\t\t<a class=\"elementor-post__read-more\" href=\"https:\/\/www.hedera-etc.com\/it\/product\/hedera-helix-bettina\/\" aria-label=\"Leggi tutto &lt;em&gt;Hedera helix&lt;\/em&gt; \u2018Bettina\u2019 \u2013 Edera ornamentale\" tabindex=\"-1\" target=\"_blank\">\n\t\t\tPer saperne di pi\u00f9 \u00bb\t\t<\/a>\n\n\t\t\t\t<\/div>\n\t\t\t\t<\/article>\n\t\t\t\t<article class=\"elementor-post elementor-grid-item post-173 product type-product status-publish has-post-thumbnail product_cat-lierre entry has-media last instock purchasable product-type-variable has-default-attributes has-product-nav col span_1_of_4 owp-content-center item-entry owp-thumbs-layout-horizontal owp-btn-normal owp-tabs-layout-section has-no-thumbnails\">\n\t\t\t\t<a class=\"elementor-post__thumbnail__link\" href=\"https:\/\/www.hedera-etc.com\/it\/product\/hedera-helix-big-deal\/\" tabindex=\"-1\" target=\"&quot;_blank&quot;\">\n\t\t\t<div class=\"elementor-post__thumbnail\"><img loading=\"lazy\" decoding=\"async\" width=\"300\" height=\"225\" src=\"https:\/\/www.hedera-etc.com\/wp-content\/uploads\/2023\/10\/Hedera-helix-Big-Deal_2_2-300x225.webp\" class=\"attachment-medium size-medium wp-image-14956\" alt=\"Hedera helix &#039;Big Deal&#039;\" srcset=\"https:\/\/www.hedera-etc.com\/wp-content\/uploads\/2023\/10\/Hedera-helix-Big-Deal_2_2-300x225.webp 300w, https:\/\/www.hedera-etc.com\/wp-content\/uploads\/2023\/10\/Hedera-helix-Big-Deal_2_2-900x674.webp 900w, https:\/\/www.hedera-etc.com\/wp-content\/uploads\/2023\/10\/Hedera-helix-Big-Deal_2_2-768x575.webp 768w, https:\/\/www.hedera-etc.com\/wp-content\/uploads\/2023\/10\/Hedera-helix-Big-Deal_2_2.webp 902w\" sizes=\"(max-width: 300px) 100vw, 300px\" \/><\/div>\n\t\t<\/a>\n\t\t\t\t<div class=\"elementor-post__text\">\n\t\t\t\t<h3 class=\"elementor-post__title\">\n\t\t\t<a href=\"https:\/\/www.hedera-etc.com\/it\/product\/hedera-helix-big-deal\/\" target=\"&quot;_blank&quot;\">\n\t\t\t\t<em>Hedera helix<\/em> &lsquo;Big Deal&rsquo; &#8211; Edera ornamentale\t\t\t<\/a>\n\t\t<\/h3>\n\t\t\t\t<div class=\"elementor-post__excerpt\">\n\t\t\t<p>Variet\u00e0 con foglie atipiche che ricordano quelle del Geranio. Originariamente era conosciuta come \u201cGeranium Ivy\u201d.<\/p> <p>Foglia quasi rotonda, senza lobi,\t\t<\/div>\n\t\t\n\t\t<a class=\"elementor-post__read-more\" href=\"https:\/\/www.hedera-etc.com\/it\/product\/hedera-helix-big-deal\/\" aria-label=\"Leggi tutto *Hedera helix* \u2018Big Deal\u2019 \u2013 Lierre d\u2019ornement\" tabindex=\"-1\" target=\"_blank\">\n\t\t\tPer saperne di pi\u00f9 \u00bb\t\t<\/a>\n\n\t\t\t\t<\/div>\n\t\t\t\t<\/article>\n\t\t\t\t<article class=\"elementor-post elementor-grid-item post-178 product type-product status-publish has-post-thumbnail product_cat-lierre entry has-media first instock purchasable product-type-variable has-default-attributes has-product-nav col span_1_of_4 owp-content-center item-entry owp-thumbs-layout-horizontal owp-btn-normal owp-tabs-layout-section has-no-thumbnails\">\n\t\t\t\t<a class=\"elementor-post__thumbnail__link\" href=\"https:\/\/www.hedera-etc.com\/it\/product\/hedera-helix-bill-archer-mutation\/\" tabindex=\"-1\" target=\"&quot;_blank&quot;\">\n\t\t\t<div class=\"elementor-post__thumbnail\"><img loading=\"lazy\" decoding=\"async\" width=\"300\" height=\"225\" src=\"https:\/\/www.hedera-etc.com\/wp-content\/uploads\/2023\/10\/Hedera-helix-Bill-Archer-Mutation-300x225.webp\" class=\"attachment-medium size-medium wp-image-179\" alt=\"Hedera helix &#039;Bill Archer&#039; mutazione&#039;\" srcset=\"https:\/\/www.hedera-etc.com\/wp-content\/uploads\/2023\/10\/Hedera-helix-Bill-Archer-Mutation-300x225.webp 300w, https:\/\/www.hedera-etc.com\/wp-content\/uploads\/2023\/10\/Hedera-helix-Bill-Archer-Mutation-900x675.webp 900w, https:\/\/www.hedera-etc.com\/wp-content\/uploads\/2023\/10\/Hedera-helix-Bill-Archer-Mutation-768x576.webp 768w, https:\/\/www.hedera-etc.com\/wp-content\/uploads\/2023\/10\/Hedera-helix-Bill-Archer-Mutation.webp 1024w\" sizes=\"(max-width: 300px) 100vw, 300px\" \/><\/div>\n\t\t<\/a>\n\t\t\t\t<div class=\"elementor-post__text\">\n\t\t\t\t<h3 class=\"elementor-post__title\">\n\t\t\t<a href=\"https:\/\/www.hedera-etc.com\/it\/product\/hedera-helix-bill-archer-mutation\/\" target=\"&quot;_blank&quot;\">\n\t\t\t\t<em>Hedera helix<\/em> &lsquo;Bill Archer&rsquo; mutazione &#8211; Edera ornamentale\t\t\t<\/a>\n\t\t<\/h3>\n\t\t\t\t<div class=\"elementor-post__excerpt\">\n\t\t\t<p>Un'edera molto originale con foglie fini e molto strette.<\/p> <p>Foglie non lobate, lineari, di colore verde scuro con una sola vena.\t\t<\/div>\n\t\t\n\t\t<a class=\"elementor-post__read-more\" href=\"https:\/\/www.hedera-etc.com\/it\/product\/hedera-helix-bill-archer-mutation\/\" aria-label=\"Leggi tutto &lt;em&gt;Hedera helix&lt;\/em&gt; \u2018Bill Archer\u2019 mutazione \u2013 Edera ornamentale\" tabindex=\"-1\" target=\"_blank\">\n\t\t\tPer saperne di pi\u00f9 \u00bb\t\t<\/a>\n\n\t\t\t\t<\/div>\n\t\t\t\t<\/article>\n\t\t\t\t<article class=\"elementor-post elementor-grid-item post-182 product type-product status-publish has-post-thumbnail product_cat-lierre entry has-media  instock purchasable product-type-variable has-default-attributes has-product-nav col span_1_of_4 owp-content-center item-entry owp-thumbs-layout-horizontal owp-btn-normal owp-tabs-layout-section has-no-thumbnails\">\n\t\t\t\t<a class=\"elementor-post__thumbnail__link\" href=\"https:\/\/www.hedera-etc.com\/it\/product\/hedera-helix-bill-archer\/\" tabindex=\"-1\" target=\"&quot;_blank&quot;\">\n\t\t\t<div class=\"elementor-post__thumbnail\"><img loading=\"lazy\" decoding=\"async\" width=\"300\" height=\"225\" src=\"https:\/\/www.hedera-etc.com\/wp-content\/uploads\/2023\/10\/Hedera-helix-Bill-Archer-300x225.webp\" class=\"attachment-medium size-medium wp-image-183\" alt=\"Hedera helix &#039;Bill Archer&#039;\" srcset=\"https:\/\/www.hedera-etc.com\/wp-content\/uploads\/2023\/10\/Hedera-helix-Bill-Archer-300x225.webp 300w, https:\/\/www.hedera-etc.com\/wp-content\/uploads\/2023\/10\/Hedera-helix-Bill-Archer-900x675.webp 900w, https:\/\/www.hedera-etc.com\/wp-content\/uploads\/2023\/10\/Hedera-helix-Bill-Archer-768x576.webp 768w, https:\/\/www.hedera-etc.com\/wp-content\/uploads\/2023\/10\/Hedera-helix-Bill-Archer.webp 1024w\" sizes=\"(max-width: 300px) 100vw, 300px\" \/><\/div>\n\t\t<\/a>\n\t\t\t\t<div class=\"elementor-post__text\">\n\t\t\t\t<h3 class=\"elementor-post__title\">\n\t\t\t<a href=\"https:\/\/www.hedera-etc.com\/it\/product\/hedera-helix-bill-archer\/\" target=\"&quot;_blank&quot;\">\n\t\t\t\t<em>Hedera helix<\/em> &lsquo;Bill Archer&rsquo; &#8211; Edera ornamentale\t\t\t<\/a>\n\t\t<\/h3>\n\t\t\t\t<div class=\"elementor-post__excerpt\">\n\t\t\t<p>Variet\u00e0 di edera atipica dal fogliame fine.<\/p> <p>Foglie lineari, non lobate, scurvate ai margini e leggermente dentate. Lama\t\t<\/div>\n\t\t\n\t\t<a class=\"elementor-post__read-more\" href=\"https:\/\/www.hedera-etc.com\/it\/product\/hedera-helix-bill-archer\/\" aria-label=\"Leggi tutto &lt;em&gt;Hedera helix&lt;\/em&gt; \u2018Bill Archer\u2019 \u2013 Edera ornamentale\" tabindex=\"-1\" target=\"_blank\">\n\t\t\tPer saperne di pi\u00f9 \u00bb\t\t<\/a>\n\n\t\t\t\t<\/div>\n\t\t\t\t<\/article>\n\t\t\t\t<article class=\"elementor-post elementor-grid-item post-186 product type-product status-publish has-post-thumbnail product_cat-lierre entry has-media  instock purchasable product-type-variable has-default-attributes has-product-nav col span_1_of_4 owp-content-center item-entry owp-thumbs-layout-horizontal owp-btn-normal owp-tabs-layout-section has-no-thumbnails\">\n\t\t\t\t<a class=\"elementor-post__thumbnail__link\" href=\"https:\/\/www.hedera-etc.com\/it\/product\/hedera-helix-bizar\/\" tabindex=\"-1\" target=\"&quot;_blank&quot;\">\n\t\t\t<div class=\"elementor-post__thumbnail\"><img loading=\"lazy\" decoding=\"async\" width=\"300\" height=\"225\" src=\"https:\/\/www.hedera-etc.com\/wp-content\/uploads\/2023\/10\/Hedera-helix-Bizar-300x225.webp\" class=\"attachment-medium size-medium wp-image-187\" alt=\"Hedera helix &#039;Bizar&#039;\" srcset=\"https:\/\/www.hedera-etc.com\/wp-content\/uploads\/2023\/10\/Hedera-helix-Bizar-300x225.webp 300w, https:\/\/www.hedera-etc.com\/wp-content\/uploads\/2023\/10\/Hedera-helix-Bizar-900x675.webp 900w, https:\/\/www.hedera-etc.com\/wp-content\/uploads\/2023\/10\/Hedera-helix-Bizar-768x576.webp 768w, https:\/\/www.hedera-etc.com\/wp-content\/uploads\/2023\/10\/Hedera-helix-Bizar.webp 1024w\" sizes=\"(max-width: 300px) 100vw, 300px\" \/><\/div>\n\t\t<\/a>\n\t\t\t\t<div class=\"elementor-post__text\">\n\t\t\t\t<h3 class=\"elementor-post__title\">\n\t\t\t<a href=\"https:\/\/www.hedera-etc.com\/it\/product\/hedera-helix-bizar\/\" target=\"&quot;_blank&quot;\">\n\t\t\t\t<em>Hedera helix<\/em> &lsquo;Bizar&rsquo; &#8211; Edera ornamentale\t\t\t<\/a>\n\t\t<\/h3>\n\t\t\t\t<div class=\"elementor-post__excerpt\">\n\t\t\t<p>Clone di \u2018Triton\u2019, osservato da un amico basco spagnolo che l'ha scambiato con me. Bizar significa barba in\t\t<\/div>\n\t\t\n\t\t<a class=\"elementor-post__read-more\" href=\"https:\/\/www.hedera-etc.com\/it\/product\/hedera-helix-bizar\/\" aria-label=\"Read all *Hedera helix* \u2018Bizar\u2019 \u2013 Ornamental ivy\" tabindex=\"-1\" target=\"_blank\">\n\t\t\tPer saperne di pi\u00f9 \u00bb\t\t<\/a>\n\n\t\t\t\t<\/div>\n\t\t\t\t<\/article>\n\t\t\t\t<article class=\"elementor-post elementor-grid-item post-192 product type-product status-publish has-post-thumbnail product_cat-lierre entry has-media last instock purchasable product-type-variable has-default-attributes has-product-nav col span_1_of_4 owp-content-center item-entry owp-thumbs-layout-horizontal owp-btn-normal owp-tabs-layout-section\">\n\t\t\t\t<a class=\"elementor-post__thumbnail__link\" href=\"https:\/\/www.hedera-etc.com\/it\/product\/hedera-helix-blue-moon\/\" tabindex=\"-1\" target=\"&quot;_blank&quot;\">\n\t\t\t<div class=\"elementor-post__thumbnail\"><img loading=\"lazy\" decoding=\"async\" width=\"300\" height=\"225\" src=\"https:\/\/www.hedera-etc.com\/wp-content\/uploads\/2023\/10\/Hedera-helix-Blue-Moon_2-300x225.webp\" class=\"attachment-medium size-medium wp-image-193\" alt=\"Hedera helix &#039;Blue Moon&#039;\" srcset=\"https:\/\/www.hedera-etc.com\/wp-content\/uploads\/2023\/10\/Hedera-helix-Blue-Moon_2-300x225.webp 300w, https:\/\/www.hedera-etc.com\/wp-content\/uploads\/2023\/10\/Hedera-helix-Blue-Moon_2-768x576.webp 768w, https:\/\/www.hedera-etc.com\/wp-content\/uploads\/2023\/10\/Hedera-helix-Blue-Moon_2-600x450.jpg 600w, https:\/\/www.hedera-etc.com\/wp-content\/uploads\/2023\/10\/Hedera-helix-Blue-Moon_2.webp 839w\" sizes=\"(max-width: 300px) 100vw, 300px\" \/><\/div>\n\t\t<\/a>\n\t\t\t\t<div class=\"elementor-post__text\">\n\t\t\t\t<h3 class=\"elementor-post__title\">\n\t\t\t<a href=\"https:\/\/www.hedera-etc.com\/it\/product\/hedera-helix-blue-moon\/\" target=\"&quot;_blank&quot;\">\n\t\t\t\t<em>Hedera helix<\/em> &lsquo;Blue Moon&rsquo; &#8211; Edera ornamentale\t\t\t<\/a>\n\t\t<\/h3>\n\t\t\t\t<div class=\"elementor-post__excerpt\">\n\t\t\t<p>D\u00e0 il nome al colore piuttosto insolito delle sue foglie.<\/p> <p>Foglie densamente disposte sul fusto. Foglie oblunghe, con\t\t<\/div>\n\t\t\n\t\t<a class=\"elementor-post__read-more\" href=\"https:\/\/www.hedera-etc.com\/it\/product\/hedera-helix-blue-moon\/\" aria-label=\"Leggi tutto *Hedera helix* \u2018Blue Moon\u2019 \u2013 Edera ornamentale\" tabindex=\"-1\" target=\"_blank\">\n\t\t\tPer saperne di pi\u00f9 \u00bb\t\t<\/a>\n\n\t\t\t\t<\/div>\n\t\t\t\t<\/article>\n\t\t\t\t<article class=\"elementor-post elementor-grid-item post-197 product type-product status-publish has-post-thumbnail product_cat-lierre entry has-media first instock purchasable product-type-variable has-default-attributes has-product-nav col span_1_of_4 owp-content-center item-entry owp-thumbs-layout-horizontal owp-btn-normal owp-tabs-layout-section has-no-thumbnails\">\n\t\t\t\t<a class=\"elementor-post__thumbnail__link\" href=\"https:\/\/www.hedera-etc.com\/it\/product\/hedera-helix-bodil\/\" tabindex=\"-1\" target=\"&quot;_blank&quot;\">\n\t\t\t<div class=\"elementor-post__thumbnail\"><img loading=\"lazy\" decoding=\"async\" width=\"300\" height=\"224\" src=\"https:\/\/www.hedera-etc.com\/wp-content\/uploads\/2023\/10\/Hedera-helix-Bodil_2-300x224.webp\" class=\"attachment-medium size-medium wp-image-14939\" alt=\"Hedera helix &#039;Bodil&#039;\" srcset=\"https:\/\/www.hedera-etc.com\/wp-content\/uploads\/2023\/10\/Hedera-helix-Bodil_2-300x224.webp 300w, https:\/\/www.hedera-etc.com\/wp-content\/uploads\/2023\/10\/Hedera-helix-Bodil_2-900x673.webp 900w, https:\/\/www.hedera-etc.com\/wp-content\/uploads\/2023\/10\/Hedera-helix-Bodil_2-768x574.webp 768w, https:\/\/www.hedera-etc.com\/wp-content\/uploads\/2023\/10\/Hedera-helix-Bodil_2.webp 920w\" sizes=\"(max-width: 300px) 100vw, 300px\" \/><\/div>\n\t\t<\/a>\n\t\t\t\t<div class=\"elementor-post__text\">\n\t\t\t\t<h3 class=\"elementor-post__title\">\n\t\t\t<a href=\"https:\/\/www.hedera-etc.com\/it\/product\/hedera-helix-bodil\/\" target=\"&quot;_blank&quot;\">\n\t\t\t\t<em>Hedera helix<\/em> &lsquo;Bodil&rsquo; &#8211; Edera ornamentale\t\t\t<\/a>\n\t\t<\/h3>\n\t\t\t\t<div class=\"elementor-post__excerpt\">\n\t\t\t<p>Germogli annuali vigorosi.<\/p> <p>Foglie piuttosto piccole, con 3-5 lobi appuntiti. Base della foglia cordata. Lama verde.\t\t<\/div>\n\t\t\n\t\t<a class=\"elementor-post__read-more\" href=\"https:\/\/www.hedera-etc.com\/it\/product\/hedera-helix-bodil\/\" aria-label=\"Leggi tutto Hedera helix \u2018Bodil\u2019 \u2013 Edera ornamentale\" tabindex=\"-1\" target=\"_blank\">\n\t\t\tPer saperne di pi\u00f9 \u00bb\t\t<\/a>\n\n\t\t\t\t<\/div>\n\t\t\t\t<\/article>\n\t\t\t\t<article class=\"elementor-post elementor-grid-item post-201 product type-product status-publish has-post-thumbnail product_cat-lierre entry has-media  instock purchasable product-type-variable has-default-attributes has-product-nav col span_1_of_4 owp-content-center item-entry owp-thumbs-layout-horizontal owp-btn-normal owp-tabs-layout-section\">\n\t\t\t\t<a class=\"elementor-post__thumbnail__link\" href=\"https:\/\/www.hedera-etc.com\/it\/product\/hedera-helix-buttercup\/\" tabindex=\"-1\" target=\"&quot;_blank&quot;\">\n\t\t\t<div class=\"elementor-post__thumbnail\"><img loading=\"lazy\" decoding=\"async\" width=\"300\" height=\"225\" src=\"https:\/\/www.hedera-etc.com\/wp-content\/uploads\/2023\/10\/Hedera-helix-Buttercup-300x225.webp\" class=\"attachment-medium size-medium wp-image-202\" alt=\"Hedera helix &#039;Buttercup&#039;\" srcset=\"https:\/\/www.hedera-etc.com\/wp-content\/uploads\/2023\/10\/Hedera-helix-Buttercup-300x225.webp 300w, https:\/\/www.hedera-etc.com\/wp-content\/uploads\/2023\/10\/Hedera-helix-Buttercup-900x675.webp 900w, https:\/\/www.hedera-etc.com\/wp-content\/uploads\/2023\/10\/Hedera-helix-Buttercup-768x576.webp 768w, https:\/\/www.hedera-etc.com\/wp-content\/uploads\/2023\/10\/Hedera-helix-Buttercup.webp 1024w\" sizes=\"(max-width: 300px) 100vw, 300px\" \/><\/div>\n\t\t<\/a>\n\t\t\t\t<div class=\"elementor-post__text\">\n\t\t\t\t<h3 class=\"elementor-post__title\">\n\t\t\t<a href=\"https:\/\/www.hedera-etc.com\/it\/product\/hedera-helix-buttercup\/\" target=\"&quot;_blank&quot;\">\n\t\t\t\t<em>Hedera helix<\/em> &lsquo;Buttercup&rsquo; &#8211; Edera ornamentale\t\t\t<\/a>\n\t\t<\/h3>\n\t\t\t\t<div class=\"elementor-post__excerpt\">\n\t\t\t<p>Edera dalle attraenti foglie giallo-dorate di dimensioni medio-piccole, se coltivata in pieno sole.<\/p> <p>Foglie composte\t\t<\/div>\n\t\t\n\t\t<a class=\"elementor-post__read-more\" href=\"https:\/\/www.hedera-etc.com\/it\/product\/hedera-helix-buttercup\/\" aria-label=\"Leggi tutto &lt;em&gt;Hedera helix&lt;\/em&gt; \u2018Buttercup\u2019 \u2013 Edera ornamentale\" tabindex=\"-1\" target=\"_blank\">\n\t\t\tPer saperne di pi\u00f9 \u00bb\t\t<\/a>\n\n\t\t\t\t<\/div>\n\t\t\t\t<\/article>\n\t\t\t\t<article class=\"elementor-post elementor-grid-item post-206 product type-product status-publish has-post-thumbnail product_cat-lierre entry has-media  instock purchasable product-type-variable has-default-attributes has-product-nav col span_1_of_4 owp-content-center item-entry owp-thumbs-layout-horizontal owp-btn-normal owp-tabs-layout-section\">\n\t\t\t\t<a class=\"elementor-post__thumbnail__link\" href=\"https:\/\/www.hedera-etc.com\/it\/product\/hedera-helix-caecilia\/\" tabindex=\"-1\" target=\"&quot;_blank&quot;\">\n\t\t\t<div class=\"elementor-post__thumbnail\"><img loading=\"lazy\" decoding=\"async\" width=\"300\" height=\"225\" src=\"https:\/\/www.hedera-etc.com\/wp-content\/uploads\/2023\/10\/Hedera-helix-Caecilia-300x225.webp\" class=\"attachment-medium size-medium wp-image-207\" alt=\"Hedera helix &#039;Caecilia&#039; (Caecilia)&#039;\" srcset=\"https:\/\/www.hedera-etc.com\/wp-content\/uploads\/2023\/10\/Hedera-helix-Caecilia-300x225.webp 300w, https:\/\/www.hedera-etc.com\/wp-content\/uploads\/2023\/10\/Hedera-helix-Caecilia-768x576.webp 768w, https:\/\/www.hedera-etc.com\/wp-content\/uploads\/2023\/10\/Hedera-helix-Caecilia-600x450.jpg 600w, https:\/\/www.hedera-etc.com\/wp-content\/uploads\/2023\/10\/Hedera-helix-Caecilia.webp 839w\" sizes=\"(max-width: 300px) 100vw, 300px\" \/><\/div>\n\t\t<\/a>\n\t\t\t\t<div class=\"elementor-post__text\">\n\t\t\t\t<h3 class=\"elementor-post__title\">\n\t\t\t<a href=\"https:\/\/www.hedera-etc.com\/it\/product\/hedera-helix-caecilia\/\" target=\"&quot;_blank&quot;\">\n\t\t\t\t<em>Hedera helix<\/em> &lsquo;Caecilia&rsquo; &#8211; Edera ornamentale\t\t\t<\/a>\n\t\t<\/h3>\n\t\t\t\t<div class=\"elementor-post__excerpt\">\n\t\t\t<p>Variet\u00e0 con foglie grandi e increspate e variegatura irregolare.<\/p> <p>Foglie fortemente ondulate, composte da 3-5 lobi pi\u00f9 o meno grandi.\t\t<\/div>\n\t\t\n\t\t<a class=\"elementor-post__read-more\" href=\"https:\/\/www.hedera-etc.com\/it\/product\/hedera-helix-caecilia\/\" aria-label=\"Leggi tutto &lt;em&gt;Hedera helix&lt;\/em&gt; \u2018Caecilia\u2019 \u2013 Edera ornamentale\" tabindex=\"-1\" target=\"_blank\">\n\t\t\tPer saperne di pi\u00f9 \u00bb\t\t<\/a>\n\n\t\t\t\t<\/div>\n\t\t\t\t<\/article>\n\t\t\t\t<article class=\"elementor-post elementor-grid-item post-221 product type-product status-publish has-post-thumbnail product_cat-lierre entry has-media last instock purchasable product-type-variable has-default-attributes has-product-nav col span_1_of_4 owp-content-center item-entry owp-thumbs-layout-horizontal owp-btn-normal owp-tabs-layout-section\">\n\t\t\t\t<a class=\"elementor-post__thumbnail__link\" href=\"https:\/\/www.hedera-etc.com\/it\/product\/hedera-helix-cathedral-wall\/\" tabindex=\"-1\" target=\"&quot;_blank&quot;\">\n\t\t\t<div class=\"elementor-post__thumbnail\"><img loading=\"lazy\" decoding=\"async\" width=\"300\" height=\"225\" src=\"https:\/\/www.hedera-etc.com\/wp-content\/uploads\/2023\/10\/Hedera-helix-Cathedral-Wall-300x225.webp\" class=\"attachment-medium size-medium wp-image-222\" alt=\"Hedera helix &#039;Cathedral Wall&#039;\" srcset=\"https:\/\/www.hedera-etc.com\/wp-content\/uploads\/2023\/10\/Hedera-helix-Cathedral-Wall-300x225.webp 300w, https:\/\/www.hedera-etc.com\/wp-content\/uploads\/2023\/10\/Hedera-helix-Cathedral-Wall-900x675.webp 900w, https:\/\/www.hedera-etc.com\/wp-content\/uploads\/2023\/10\/Hedera-helix-Cathedral-Wall-768x576.webp 768w, https:\/\/www.hedera-etc.com\/wp-content\/uploads\/2023\/10\/Hedera-helix-Cathedral-Wall.webp 1024w\" sizes=\"(max-width: 300px) 100vw, 300px\" \/><\/div>\n\t\t<\/a>\n\t\t\t\t<div class=\"elementor-post__text\">\n\t\t\t\t<h3 class=\"elementor-post__title\">\n\t\t\t<a href=\"https:\/\/www.hedera-etc.com\/it\/product\/hedera-helix-cathedral-wall\/\" target=\"&quot;_blank&quot;\">\n\t\t\t\t<em>Hedera helix<\/em> &lsquo;Cathedral Wall&rsquo; &#8211; Edera ornamentale\t\t\t<\/a>\n\t\t<\/h3>\n\t\t\t\t<div class=\"elementor-post__excerpt\">\n\t\t\t<p>\u00c8 una cultivar affidabile e sicura, con fogliame uniforme.<\/p> <p>Foglie con 5 lobi poco profondi, pi\u00f9 o meno arrotondati,\t\t<\/div>\n\t\t\n\t\t<a class=\"elementor-post__read-more\" href=\"https:\/\/www.hedera-etc.com\/it\/product\/hedera-helix-cathedral-wall\/\" aria-label=\"Leggi tutto *Hedera helix* \u2018Cathedral Wall\u2019 \u2013 Edera ornamentale\" tabindex=\"-1\" target=\"_blank\">\n\t\t\tPer saperne di pi\u00f9 \u00bb\t\t<\/a>\n\n\t\t\t\t<\/div>\n\t\t\t\t<\/article>\n\t\t\t\t<article class=\"elementor-post elementor-grid-item post-227 product type-product status-publish has-post-thumbnail product_cat-lierre entry has-media first instock purchasable product-type-variable has-default-attributes has-product-nav col span_1_of_4 owp-content-center item-entry owp-thumbs-layout-horizontal owp-btn-normal owp-tabs-layout-section has-no-thumbnails\">\n\t\t\t\t<a class=\"elementor-post__thumbnail__link\" href=\"https:\/\/www.hedera-etc.com\/it\/product\/hedera-helix-cavendishii-semi-arborescent\/\" tabindex=\"-1\" target=\"&quot;_blank&quot;\">\n\t\t\t<div class=\"elementor-post__thumbnail\"><img loading=\"lazy\" decoding=\"async\" width=\"225\" height=\"300\" src=\"https:\/\/www.hedera-etc.com\/wp-content\/uploads\/2023\/10\/Hedera-helix-Cavendishii_2-225x300.webp\" class=\"attachment-medium size-medium wp-image-10208\" alt=\"Hedera helix &#039;Cavendishii Semi-arborescente&#039; (Semi arborescente)&#039;\" srcset=\"https:\/\/www.hedera-etc.com\/wp-content\/uploads\/2023\/10\/Hedera-helix-Cavendishii_2-225x300.webp 225w, https:\/\/www.hedera-etc.com\/wp-content\/uploads\/2023\/10\/Hedera-helix-Cavendishii_2-900x1200.webp 900w, https:\/\/www.hedera-etc.com\/wp-content\/uploads\/2023\/10\/Hedera-helix-Cavendishii_2-768x1024.webp 768w, https:\/\/www.hedera-etc.com\/wp-content\/uploads\/2023\/10\/Hedera-helix-Cavendishii_2-1152x1536.webp 1152w, https:\/\/www.hedera-etc.com\/wp-content\/uploads\/2023\/10\/Hedera-helix-Cavendishii_2.webp 1200w\" sizes=\"(max-width: 225px) 100vw, 225px\" \/><\/div>\n\t\t<\/a>\n\t\t\t\t<div class=\"elementor-post__text\">\n\t\t\t\t<h3 class=\"elementor-post__title\">\n\t\t\t<a href=\"https:\/\/www.hedera-etc.com\/it\/product\/hedera-helix-cavendishii-semi-arborescent\/\" target=\"&quot;_blank&quot;\">\n\t\t\t\t<em>Hedera helix<\/em> &lsquo;Cavendishii Semi-arborescente&rsquo;\t\t\t<\/a>\n\t\t<\/h3>\n\t\t\t\t<div class=\"elementor-post__excerpt\">\n\t\t\t<p>Fogliame denso e variegato di colore giallo su steli abbastanza rigidi.<\/p> <p>Foglie da triangolari a trilobate. Seni poco profondi. Base delle foglie\t\t<\/div>\n\t\t\n\t\t<a class=\"elementor-post__read-more\" href=\"https:\/\/www.hedera-etc.com\/it\/product\/hedera-helix-cavendishii-semi-arborescent\/\" aria-label=\"Leggi tutto &lt;em&gt;Hedera helix&lt;\/em&gt; \u2018Cavendishii Semi Arborescent\u2019\" tabindex=\"-1\" target=\"_blank\">\n\t\t\tPer saperne di pi\u00f9 \u00bb\t\t<\/a>\n\n\t\t\t\t<\/div>\n\t\t\t\t<\/article>\n\t\t\t\t<article class=\"elementor-post elementor-grid-item post-231 product type-product status-publish has-post-thumbnail product_cat-lierre entry has-media  instock purchasable product-type-variable has-default-attributes has-product-nav col span_1_of_4 owp-content-center item-entry owp-thumbs-layout-horizontal owp-btn-normal owp-tabs-layout-section\">\n\t\t\t\t<a class=\"elementor-post__thumbnail__link\" href=\"https:\/\/www.hedera-etc.com\/it\/product\/hedera-helix-chester\/\" tabindex=\"-1\" target=\"&quot;_blank&quot;\">\n\t\t\t<div class=\"elementor-post__thumbnail\"><img loading=\"lazy\" decoding=\"async\" width=\"300\" height=\"240\" src=\"https:\/\/www.hedera-etc.com\/wp-content\/uploads\/2023\/10\/Hedera-helix-Chester-300x240.webp\" class=\"attachment-medium size-medium wp-image-232\" alt=\"Hedera helix &#039;Chester&#039;\" srcset=\"https:\/\/www.hedera-etc.com\/wp-content\/uploads\/2023\/10\/Hedera-helix-Chester-300x240.webp 300w, https:\/\/www.hedera-etc.com\/wp-content\/uploads\/2023\/10\/Hedera-helix-Chester-768x613.webp 768w, https:\/\/www.hedera-etc.com\/wp-content\/uploads\/2023\/10\/Hedera-helix-Chester-600x479.jpg 600w, https:\/\/www.hedera-etc.com\/wp-content\/uploads\/2023\/10\/Hedera-helix-Chester.webp 800w\" sizes=\"(max-width: 300px) 100vw, 300px\" \/><\/div>\n\t\t<\/a>\n\t\t\t\t<div class=\"elementor-post__text\">\n\t\t\t\t<h3 class=\"elementor-post__title\">\n\t\t\t<a href=\"https:\/\/www.hedera-etc.com\/it\/product\/hedera-helix-chester\/\" target=\"&quot;_blank&quot;\">\n\t\t\t\t<em>Hedera helix<\/em> &lsquo;Chester&rsquo; &#8211; Edera ornamentale\t\t\t<\/a>\n\t\t<\/h3>\n\t\t\t\t<div class=\"elementor-post__excerpt\">\n\t\t\t<p>Magnifica pianta da vaso.<\/p> <p>Foglie leggermente triangolari o trilobate, con apici arrotondati. Base delle foglie cordata. Lama verde.\t\t<\/div>\n\t\t\n\t\t<a class=\"elementor-post__read-more\" href=\"https:\/\/www.hedera-etc.com\/it\/product\/hedera-helix-chester\/\" aria-label=\"Leggi tutto &lt;em&gt;Hedera helix&lt;\/em&gt; \u2018Chester\u2019 \u2013 Edera ornamentale\" tabindex=\"-1\" target=\"_blank\">\n\t\t\tPer saperne di pi\u00f9 \u00bb\t\t<\/a>\n\n\t\t\t\t<\/div>\n\t\t\t\t<\/article>\n\t\t\t\t<article class=\"elementor-post elementor-grid-item post-237 product type-product status-publish has-post-thumbnail product_cat-lierre entry has-media  instock purchasable product-type-variable has-default-attributes has-product-nav col span_1_of_4 owp-content-center item-entry owp-thumbs-layout-horizontal owp-btn-normal owp-tabs-layout-section\">\n\t\t\t\t<a class=\"elementor-post__thumbnail__link\" href=\"https:\/\/www.hedera-etc.com\/it\/product\/hedera-helix-chicago\/\" tabindex=\"-1\" target=\"&quot;_blank&quot;\">\n\t\t\t<div class=\"elementor-post__thumbnail\"><img loading=\"lazy\" decoding=\"async\" width=\"300\" height=\"225\" src=\"https:\/\/www.hedera-etc.com\/wp-content\/uploads\/2023\/10\/Hedera-helix-Chicago-300x225.webp\" class=\"attachment-medium size-medium wp-image-14916\" alt=\"Hedera helix &#039;Chicago&#039;\" srcset=\"https:\/\/www.hedera-etc.com\/wp-content\/uploads\/2023\/10\/Hedera-helix-Chicago-300x225.webp 300w, https:\/\/www.hedera-etc.com\/wp-content\/uploads\/2023\/10\/Hedera-helix-Chicago-768x576.webp 768w, https:\/\/www.hedera-etc.com\/wp-content\/uploads\/2023\/10\/Hedera-helix-Chicago.webp 900w\" sizes=\"(max-width: 300px) 100vw, 300px\" \/><\/div>\n\t\t<\/a>\n\t\t\t\t<div class=\"elementor-post__text\">\n\t\t\t\t<h3 class=\"elementor-post__title\">\n\t\t\t<a href=\"https:\/\/www.hedera-etc.com\/it\/product\/hedera-helix-chicago\/\" target=\"&quot;_blank&quot;\">\n\t\t\t\t<em>Hedera helix<\/em> &lsquo;Chicago&rsquo; &#8211; Edera ornamentale\t\t\t<\/a>\n\t\t<\/h3>\n\t\t\t\t<div class=\"elementor-post__excerpt\">\n\t\t\t<p>Il classico fogliame dell'edera, ma grazie ai suoi rami pi\u00f9 flessibili, questa variet\u00e0 ricadente produce sempre un fogliame bello e duraturo.\t\t<\/div>\n\t\t\n\t\t<a class=\"elementor-post__read-more\" href=\"https:\/\/www.hedera-etc.com\/it\/product\/hedera-helix-chicago\/\" aria-label=\"Leggi tutto &lt;em&gt;Hedera helix&lt;\/em&gt; \u2018Chicago\u2019 \u2013 Edera ornamentale\" tabindex=\"-1\" target=\"_blank\">\n\t\t\tPer saperne di pi\u00f9 \u00bb\t\t<\/a>\n\n\t\t\t\t<\/div>\n\t\t\t\t<\/article>\n\t\t\t\t<article class=\"elementor-post elementor-grid-item post-243 product type-product status-publish has-post-thumbnail product_cat-lierre entry has-media last instock purchasable product-type-variable has-default-attributes has-product-nav col span_1_of_4 owp-content-center item-entry owp-thumbs-layout-horizontal owp-btn-normal owp-tabs-layout-section\">\n\t\t\t\t<a class=\"elementor-post__thumbnail__link\" href=\"https:\/\/www.hedera-etc.com\/it\/product\/hedera-helix-colin\/\" tabindex=\"-1\" target=\"&quot;_blank&quot;\">\n\t\t\t<div class=\"elementor-post__thumbnail\"><img loading=\"lazy\" decoding=\"async\" width=\"300\" height=\"225\" src=\"https:\/\/www.hedera-etc.com\/wp-content\/uploads\/2023\/10\/Hedera-helix-Colin-300x225.webp\" class=\"attachment-medium size-medium wp-image-244\" alt=\"Hedera helix &#039;Colin&#039;\" srcset=\"https:\/\/www.hedera-etc.com\/wp-content\/uploads\/2023\/10\/Hedera-helix-Colin-300x225.webp 300w, https:\/\/www.hedera-etc.com\/wp-content\/uploads\/2023\/10\/Hedera-helix-Colin-900x675.webp 900w, https:\/\/www.hedera-etc.com\/wp-content\/uploads\/2023\/10\/Hedera-helix-Colin-768x576.webp 768w, https:\/\/www.hedera-etc.com\/wp-content\/uploads\/2023\/10\/Hedera-helix-Colin.webp 1024w\" sizes=\"(max-width: 300px) 100vw, 300px\" \/><\/div>\n\t\t<\/a>\n\t\t\t\t<div class=\"elementor-post__text\">\n\t\t\t\t<h3 class=\"elementor-post__title\">\n\t\t\t<a href=\"https:\/\/www.hedera-etc.com\/it\/product\/hedera-helix-colin\/\" target=\"&quot;_blank&quot;\">\n\t\t\t\t<em>Hedera helix<\/em> &lsquo;Colin&rsquo; &#8211; Edera ornamentale\t\t\t<\/a>\n\t\t<\/h3>\n\t\t\t\t<div class=\"elementor-post__excerpt\">\n\t\t\t<p>Edera rampicante vigorosa.<\/p> <p>Le foglie sono piuttosto piccole e composte da 5-7 lobi appuntiti, che appaiono accartocciati su se stessi con il\t\t<\/div>\n\t\t\n\t\t<a class=\"elementor-post__read-more\" href=\"https:\/\/www.hedera-etc.com\/it\/product\/hedera-helix-colin\/\" aria-label=\"Leggi tutto &lt;em&gt;Hedera helix&lt;\/em&gt; \u2018Colin\u2019 \u2013 Edera ornamentale\" tabindex=\"-1\" target=\"_blank\">\n\t\t\tPer saperne di pi\u00f9 \u00bb\t\t<\/a>\n\n\t\t\t\t<\/div>\n\t\t\t\t<\/article>\n\t\t\t\t<article class=\"elementor-post elementor-grid-item post-248 product type-product status-publish has-post-thumbnail product_cat-lierre entry has-media first instock purchasable product-type-variable has-default-attributes has-product-nav col span_1_of_4 owp-content-center item-entry owp-thumbs-layout-horizontal owp-btn-normal owp-tabs-layout-section has-no-thumbnails\">\n\t\t\t\t<a class=\"elementor-post__thumbnail__link\" href=\"https:\/\/www.hedera-etc.com\/it\/product\/hedera-helix-cora\/\" tabindex=\"-1\" target=\"&quot;_blank&quot;\">\n\t\t\t<div class=\"elementor-post__thumbnail\"><img loading=\"lazy\" decoding=\"async\" width=\"300\" height=\"225\" src=\"https:\/\/www.hedera-etc.com\/wp-content\/uploads\/2023\/10\/Hedera-helix-Cora-300x225.webp\" class=\"attachment-medium size-medium wp-image-249\" alt=\"Hedera helix &#039;Cora&#039;\" srcset=\"https:\/\/www.hedera-etc.com\/wp-content\/uploads\/2023\/10\/Hedera-helix-Cora-300x225.webp 300w, https:\/\/www.hedera-etc.com\/wp-content\/uploads\/2023\/10\/Hedera-helix-Cora-900x675.webp 900w, https:\/\/www.hedera-etc.com\/wp-content\/uploads\/2023\/10\/Hedera-helix-Cora-768x576.webp 768w, https:\/\/www.hedera-etc.com\/wp-content\/uploads\/2023\/10\/Hedera-helix-Cora.webp 1024w\" sizes=\"(max-width: 300px) 100vw, 300px\" \/><\/div>\n\t\t<\/a>\n\t\t\t\t<div class=\"elementor-post__text\">\n\t\t\t\t<h3 class=\"elementor-post__title\">\n\t\t\t<a href=\"https:\/\/www.hedera-etc.com\/it\/product\/hedera-helix-cora\/\" target=\"&quot;_blank&quot;\">\n\t\t\t\t<em>Hedera helix<\/em> &lsquo;Cora&rsquo; &#8211; Edera ornamentale\t\t\t<\/a>\n\t\t<\/h3>\n\t\t\t\t<div class=\"elementor-post__excerpt\">\n\t\t\t<p>Variet\u00e0 molto vigorosa con fogliame verde scuro medio.<\/p> <p>Fogliame composto da tre a cinque lobi arrotondati, quasi separati. Lobo centrale\t\t<\/div>\n\t\t\n\t\t<a class=\"elementor-post__read-more\" href=\"https:\/\/www.hedera-etc.com\/it\/product\/hedera-helix-cora\/\" aria-label=\"Leggi tutto Hedera helix \u2018Cora\u2019 \u2013 Edera ornamentale\" tabindex=\"-1\" target=\"_blank\">\n\t\t\tPer saperne di pi\u00f9 \u00bb\t\t<\/a>\n\n\t\t\t\t<\/div>\n\t\t\t\t<\/article>\n\t\t\t\t<article class=\"elementor-post elementor-grid-item post-252 product type-product status-publish has-post-thumbnail product_cat-lierre entry has-media  instock purchasable product-type-variable has-default-attributes has-product-nav col span_1_of_4 owp-content-center item-entry owp-thumbs-layout-horizontal owp-btn-normal owp-tabs-layout-section\">\n\t\t\t\t<a class=\"elementor-post__thumbnail__link\" href=\"https:\/\/www.hedera-etc.com\/it\/product\/hedera-helix-corrugata\/\" tabindex=\"-1\" target=\"&quot;_blank&quot;\">\n\t\t\t<div class=\"elementor-post__thumbnail\"><img loading=\"lazy\" decoding=\"async\" width=\"300\" height=\"225\" src=\"https:\/\/www.hedera-etc.com\/wp-content\/uploads\/2023\/10\/Hedera-helix-Corrugata_2-300x225.webp\" class=\"attachment-medium size-medium wp-image-253\" alt=\"Hedera helix &#039;Corrugata&#039;\" srcset=\"https:\/\/www.hedera-etc.com\/wp-content\/uploads\/2023\/10\/Hedera-helix-Corrugata_2-300x225.webp 300w, https:\/\/www.hedera-etc.com\/wp-content\/uploads\/2023\/10\/Hedera-helix-Corrugata_2-768x576.webp 768w, https:\/\/www.hedera-etc.com\/wp-content\/uploads\/2023\/10\/Hedera-helix-Corrugata_2-600x450.jpg 600w, https:\/\/www.hedera-etc.com\/wp-content\/uploads\/2023\/10\/Hedera-helix-Corrugata_2.webp 839w\" sizes=\"(max-width: 300px) 100vw, 300px\" \/><\/div>\n\t\t<\/a>\n\t\t\t\t<div class=\"elementor-post__text\">\n\t\t\t\t<h3 class=\"elementor-post__title\">\n\t\t\t<a href=\"https:\/\/www.hedera-etc.com\/it\/product\/hedera-helix-corrugata\/\" target=\"&quot;_blank&quot;\">\n\t\t\t\t<em>Hedera helix<\/em> &lsquo;Corrugata&rsquo; &#8211; Edera ornamentale\t\t\t<\/a>\n\t\t<\/h3>\n\t\t\t\t<div class=\"elementor-post__excerpt\">\n\t\t\t<p>Rampicante dal fogliame insolito che diventa giallo in inverno.<\/p> <p>Foglie composte da 5 lobi della stessa dimensione, non molto grandi.\t\t<\/div>\n\t\t\n\t\t<a class=\"elementor-post__read-more\" href=\"https:\/\/www.hedera-etc.com\/it\/product\/hedera-helix-corrugata\/\" aria-label=\"Leggi tutto &lt;em&gt;Hedera helix&lt;\/em&gt; \u2018Corrugata\u2019 \u2013 Edera ornamentale\" tabindex=\"-1\" target=\"_blank\">\n\t\t\tPer saperne di pi\u00f9 \u00bb\t\t<\/a>\n\n\t\t\t\t<\/div>\n\t\t\t\t<\/article>\n\t\t\t\t<article class=\"elementor-post elementor-grid-item post-512 product type-product status-publish has-post-thumbnail product_cat-lierre entry has-media  instock purchasable product-type-variable has-default-attributes has-product-nav col span_1_of_4 owp-content-center item-entry owp-thumbs-layout-horizontal owp-btn-normal owp-tabs-layout-section\">\n\t\t\t\t<a class=\"elementor-post__thumbnail__link\" href=\"https:\/\/www.hedera-etc.com\/it\/product\/hedera-helix-carolina-crinckle\/\" tabindex=\"-1\" target=\"&quot;_blank&quot;\">\n\t\t\t<div class=\"elementor-post__thumbnail\"><img loading=\"lazy\" decoding=\"async\" width=\"300\" height=\"232\" src=\"https:\/\/www.hedera-etc.com\/wp-content\/uploads\/2023\/10\/Hedera-helix-Carolina-Crinckle-300x232.webp\" class=\"attachment-medium size-medium wp-image-513\" alt=\"Hedera helix &#039;Carolina Crinckle&#039; (La Carolina Crinckle)&#039;\" srcset=\"https:\/\/www.hedera-etc.com\/wp-content\/uploads\/2023\/10\/Hedera-helix-Carolina-Crinckle-300x232.webp 300w, https:\/\/www.hedera-etc.com\/wp-content\/uploads\/2023\/10\/Hedera-helix-Carolina-Crinckle-768x593.webp 768w, https:\/\/www.hedera-etc.com\/wp-content\/uploads\/2023\/10\/Hedera-helix-Carolina-Crinckle.webp 815w\" sizes=\"(max-width: 300px) 100vw, 300px\" \/><\/div>\n\t\t<\/a>\n\t\t\t\t<div class=\"elementor-post__text\">\n\t\t\t\t<h3 class=\"elementor-post__title\">\n\t\t\t<a href=\"https:\/\/www.hedera-etc.com\/it\/product\/hedera-helix-carolina-crinckle\/\" target=\"&quot;_blank&quot;\">\n\t\t\t\t<em>Hedera helix<\/em> &lsquo;Carolina Crinckle&rsquo; &#8211; Edera ornamentale\t\t\t<\/a>\n\t\t<\/h3>\n\t\t\t\t<div class=\"elementor-post__excerpt\">\n\t\t\t<p>Il nome deriva dalle sue origini nella Carolina del Sud.<\/p> <p>Le foglie sono a forma di ventaglio, profondamente divise e leggermente ondulate sui lati.\t\t<\/div>\n\t\t\n\t\t<a class=\"elementor-post__read-more\" href=\"https:\/\/www.hedera-etc.com\/it\/product\/hedera-helix-carolina-crinckle\/\" aria-label=\"Leggi tutto &lt;em&gt;Hedera helix&lt;\/em&gt; \u2018Carolina Crinckle\u2019 \u2013 Edera ornamentale\" tabindex=\"-1\" target=\"_blank\">\n\t\t\tPer saperne di pi\u00f9 \u00bb\t\t<\/a>\n\n\t\t\t\t<\/div>\n\t\t\t\t<\/article>\n\t\t\t\t<article class=\"elementor-post elementor-grid-item post-519 product type-product status-publish has-post-thumbnail product_cat-lierre entry has-media last instock purchasable product-type-variable has-default-attributes has-product-nav col span_1_of_4 owp-content-center item-entry owp-thumbs-layout-horizontal owp-btn-normal owp-tabs-layout-section has-no-thumbnails\">\n\t\t\t\t<a class=\"elementor-post__thumbnail__link\" href=\"https:\/\/www.hedera-etc.com\/it\/product\/hedera-helix-ceridwen\/\" tabindex=\"-1\" target=\"&quot;_blank&quot;\">\n\t\t\t<div class=\"elementor-post__thumbnail\"><img loading=\"lazy\" decoding=\"async\" width=\"300\" height=\"197\" src=\"https:\/\/www.hedera-etc.com\/wp-content\/uploads\/2023\/10\/Hedera-helix-Ceridwen-300x197.webp\" class=\"attachment-medium size-medium wp-image-520\" alt=\"Hedera helix &#039;Ceridwen&#039;\" srcset=\"https:\/\/www.hedera-etc.com\/wp-content\/uploads\/2023\/10\/Hedera-helix-Ceridwen-300x197.webp 300w, https:\/\/www.hedera-etc.com\/wp-content\/uploads\/2023\/10\/Hedera-helix-Ceridwen-900x590.webp 900w, https:\/\/www.hedera-etc.com\/wp-content\/uploads\/2023\/10\/Hedera-helix-Ceridwen-768x504.webp 768w, https:\/\/www.hedera-etc.com\/wp-content\/uploads\/2023\/10\/Hedera-helix-Ceridwen.webp 1009w\" sizes=\"(max-width: 300px) 100vw, 300px\" \/><\/div>\n\t\t<\/a>\n\t\t\t\t<div class=\"elementor-post__text\">\n\t\t\t\t<h3 class=\"elementor-post__title\">\n\t\t\t<a href=\"https:\/\/www.hedera-etc.com\/it\/product\/hedera-helix-ceridwen\/\" target=\"&quot;_blank&quot;\">\n\t\t\t\t<em>Hedera helix<\/em> &lsquo;Ceridwen&rsquo; &#8211; Edera ornamentale\t\t\t<\/a>\n\t\t<\/h3>\n\t\t\t\t<div class=\"elementor-post__excerpt\">\n\t\t\t<p>Porte bien son significa \u2018bello\u2019 in gallese.<\/p> <p>Belle foglie screziate di verde e grigio con margini pi\u00f9 variegati.\t\t<\/div>\n\t\t\n\t\t<a class=\"elementor-post__read-more\" href=\"https:\/\/www.hedera-etc.com\/it\/product\/hedera-helix-ceridwen\/\" aria-label=\"Leggi tutto *Hedera helix* \u2018Ceridwen\u2019 \u2013 Edera ornamentale\" tabindex=\"-1\" target=\"_blank\">\n\t\t\tPer saperne di pi\u00f9 \u00bb\t\t<\/a>\n\n\t\t\t\t<\/div>\n\t\t\t\t<\/article>\n\t\t\t\t<article class=\"elementor-post elementor-grid-item post-525 product type-product status-publish has-post-thumbnail product_cat-lierre entry has-media first instock purchasable product-type-variable has-default-attributes has-product-nav col span_1_of_4 owp-content-center item-entry owp-thumbs-layout-horizontal owp-btn-normal owp-tabs-layout-section\">\n\t\t\t\t<a class=\"elementor-post__thumbnail__link\" href=\"https:\/\/www.hedera-etc.com\/it\/product\/hedera-helix-chelthenam-blizzard\/\" tabindex=\"-1\" target=\"&quot;_blank&quot;\">\n\t\t\t<div class=\"elementor-post__thumbnail\"><img loading=\"lazy\" decoding=\"async\" width=\"300\" height=\"225\" src=\"https:\/\/www.hedera-etc.com\/wp-content\/uploads\/2023\/10\/Hedera-helix-Chelthenam-Blizzard-1-300x225.webp\" class=\"attachment-medium size-medium wp-image-10449\" alt=\"Hedera helix &#039;Chelthenam Blizzard&#039;\" srcset=\"https:\/\/www.hedera-etc.com\/wp-content\/uploads\/2023\/10\/Hedera-helix-Chelthenam-Blizzard-1-300x225.webp 300w, https:\/\/www.hedera-etc.com\/wp-content\/uploads\/2023\/10\/Hedera-helix-Chelthenam-Blizzard-1-900x675.webp 900w, https:\/\/www.hedera-etc.com\/wp-content\/uploads\/2023\/10\/Hedera-helix-Chelthenam-Blizzard-1-1024x768.webp 1024w, https:\/\/www.hedera-etc.com\/wp-content\/uploads\/2023\/10\/Hedera-helix-Chelthenam-Blizzard-1-768x576.webp 768w, https:\/\/www.hedera-etc.com\/wp-content\/uploads\/2023\/10\/Hedera-helix-Chelthenam-Blizzard-1-1536x1152.webp 1536w, https:\/\/www.hedera-etc.com\/wp-content\/uploads\/2023\/10\/Hedera-helix-Chelthenam-Blizzard-1-1320x990.webp 1320w, https:\/\/www.hedera-etc.com\/wp-content\/uploads\/2023\/10\/Hedera-helix-Chelthenam-Blizzard-1.webp 1600w\" sizes=\"(max-width: 300px) 100vw, 300px\" \/><\/div>\n\t\t<\/a>\n\t\t\t\t<div class=\"elementor-post__text\">\n\t\t\t\t<h3 class=\"elementor-post__title\">\n\t\t\t<a href=\"https:\/\/www.hedera-etc.com\/it\/product\/hedera-helix-chelthenam-blizzard\/\" target=\"&quot;_blank&quot;\">\n\t\t\t\t<em>Hedera helix<\/em> &lsquo;Chelthenam Blizzard&rsquo; &#8211; Edera ornamentale\t\t\t<\/a>\n\t\t<\/h3>\n\t\t\t\t<div class=\"elementor-post__excerpt\">\n\t\t\t<p>\u00c8 una di quelle piante di edera che non invaderanno il vostro giardino, ma lo decoreranno con gusto.<\/p> <p>Steli sottili,\t\t<\/div>\n\t\t\n\t\t<a class=\"elementor-post__read-more\" href=\"https:\/\/www.hedera-etc.com\/it\/product\/hedera-helix-chelthenam-blizzard\/\" aria-label=\"Leggi tutto &lt;em&gt;Hedera helix&lt;\/em&gt; \u2018Chelthenam Blizzard\u2019 \u2013 Edera ornamentale\" tabindex=\"-1\" target=\"_blank\">\n\t\t\tPer saperne di pi\u00f9 \u00bb\t\t<\/a>\n\n\t\t\t\t<\/div>\n\t\t\t\t<\/article>\n\t\t\t\t<article class=\"elementor-post elementor-grid-item post-531 product type-product status-publish has-post-thumbnail product_cat-lierre entry has-media  instock purchasable product-type-variable has-default-attributes has-product-nav col span_1_of_4 owp-content-center item-entry owp-thumbs-layout-horizontal owp-btn-normal owp-tabs-layout-section\">\n\t\t\t\t<a class=\"elementor-post__thumbnail__link\" href=\"https:\/\/www.hedera-etc.com\/it\/product\/hedera-helix-cleeve\/\" tabindex=\"-1\" target=\"&quot;_blank&quot;\">\n\t\t\t<div class=\"elementor-post__thumbnail\"><img loading=\"lazy\" decoding=\"async\" width=\"300\" height=\"225\" src=\"https:\/\/www.hedera-etc.com\/wp-content\/uploads\/2023\/10\/Hedera-helix-Cleeve-300x225.webp\" class=\"attachment-medium size-medium wp-image-532\" alt=\"Hedera helix &#039;Cleeve&#039;\" srcset=\"https:\/\/www.hedera-etc.com\/wp-content\/uploads\/2023\/10\/Hedera-helix-Cleeve-300x225.webp 300w, https:\/\/www.hedera-etc.com\/wp-content\/uploads\/2023\/10\/Hedera-helix-Cleeve-900x675.webp 900w, https:\/\/www.hedera-etc.com\/wp-content\/uploads\/2023\/10\/Hedera-helix-Cleeve-768x576.webp 768w, https:\/\/www.hedera-etc.com\/wp-content\/uploads\/2023\/10\/Hedera-helix-Cleeve.webp 1024w\" sizes=\"(max-width: 300px) 100vw, 300px\" \/><\/div>\n\t\t<\/a>\n\t\t\t\t<div class=\"elementor-post__text\">\n\t\t\t\t<h3 class=\"elementor-post__title\">\n\t\t\t<a href=\"https:\/\/www.hedera-etc.com\/it\/product\/hedera-helix-cleeve\/\" target=\"&quot;_blank&quot;\">\n\t\t\t\t<em>Hedera helix<\/em> &lsquo;Cleeve&rsquo; &#8211; Edera ornamentale\t\t\t<\/a>\n\t\t<\/h3>\n\t\t\t\t<div class=\"elementor-post__excerpt\">\n\t\t\t<p>Variet\u00e0 atipica con foglie spesse.<\/p> <p>Foglie di medie dimensioni, composte da 3 lobi con seni cos\u00ec poco profondi da sembrare tagliati.\t\t<\/div>\n\t\t\n\t\t<a class=\"elementor-post__read-more\" href=\"https:\/\/www.hedera-etc.com\/it\/product\/hedera-helix-cleeve\/\" aria-label=\"Leggi tutto &lt;em&gt;Hedera helix&lt;\/em&gt; \u2018Cleeve\u2019 \u2013 Edera ornamentale\" tabindex=\"-1\" target=\"_blank\">\n\t\t\tPer saperne di pi\u00f9 \u00bb\t\t<\/a>\n\n\t\t\t\t<\/div>\n\t\t\t\t<\/article>\n\t\t\t\t<article class=\"elementor-post elementor-grid-item post-536 product type-product status-publish has-post-thumbnail product_cat-lierre entry has-media  outofstock product-type-variable has-default-attributes has-product-nav col span_1_of_4 owp-content-center item-entry owp-thumbs-layout-horizontal owp-btn-normal owp-tabs-layout-section\">\n\t\t\t\t<a class=\"elementor-post__thumbnail__link\" href=\"https:\/\/www.hedera-etc.com\/it\/product\/hedera-helix-conglomerata\/\" tabindex=\"-1\" target=\"&quot;_blank&quot;\">\n\t\t\t<div class=\"elementor-post__thumbnail\"><img loading=\"lazy\" decoding=\"async\" width=\"300\" height=\"243\" src=\"https:\/\/www.hedera-etc.com\/wp-content\/uploads\/2023\/10\/Hedera-helix-Conglomerata-300x243.webp\" class=\"attachment-medium size-medium wp-image-537\" alt=\"Hedera helix &#039;Conglomerata&#039; (Conglomerato)&#039;\" srcset=\"https:\/\/www.hedera-etc.com\/wp-content\/uploads\/2023\/10\/Hedera-helix-Conglomerata-300x243.webp 300w, https:\/\/www.hedera-etc.com\/wp-content\/uploads\/2023\/10\/Hedera-helix-Conglomerata-900x729.webp 900w, https:\/\/www.hedera-etc.com\/wp-content\/uploads\/2023\/10\/Hedera-helix-Conglomerata-768x622.webp 768w, https:\/\/www.hedera-etc.com\/wp-content\/uploads\/2023\/10\/Hedera-helix-Conglomerata.webp 1024w\" sizes=\"(max-width: 300px) 100vw, 300px\" \/><\/div>\n\t\t<\/a>\n\t\t\t\t<div class=\"elementor-post__text\">\n\t\t\t\t<h3 class=\"elementor-post__title\">\n\t\t\t<a href=\"https:\/\/www.hedera-etc.com\/it\/product\/hedera-helix-conglomerata\/\" target=\"&quot;_blank&quot;\">\n\t\t\t\t<em>Hedera helix<\/em> &lsquo;Conglomerata&rsquo; &#8211; Edera ornamentale\t\t\t<\/a>\n\t\t<\/h3>\n\t\t\t\t<div class=\"elementor-post__excerpt\">\n\t\t\t<p>Una forma di edera molto originale.<\/p> <p>Foglie che si stringono alla base, intrecciate su entrambi i lati del fusto in una forma di\t\t<\/div>\n\t\t\n\t\t<a class=\"elementor-post__read-more\" href=\"https:\/\/www.hedera-etc.com\/it\/product\/hedera-helix-conglomerata\/\" aria-label=\"Leggi tutto *Hedera helix* \u2018Conglomerata\u2019 \u2013 Lierre d\u2019ornement\" tabindex=\"-1\" target=\"_blank\">\n\t\t\tPer saperne di pi\u00f9 \u00bb\t\t<\/a>\n\n\t\t\t\t<\/div>\n\t\t\t\t<\/article>\n\t\t\t\t<article class=\"elementor-post elementor-grid-item post-543 product type-product status-publish has-post-thumbnail product_cat-lierre entry has-media last instock purchasable product-type-variable has-default-attributes has-product-nav col span_1_of_4 owp-content-center item-entry owp-thumbs-layout-horizontal owp-btn-normal owp-tabs-layout-section\">\n\t\t\t\t<a class=\"elementor-post__thumbnail__link\" href=\"https:\/\/www.hedera-etc.com\/it\/product\/hedera-helix-cross-stitch\/\" tabindex=\"-1\" target=\"&quot;_blank&quot;\">\n\t\t\t<div class=\"elementor-post__thumbnail\"><img loading=\"lazy\" decoding=\"async\" width=\"300\" height=\"225\" src=\"https:\/\/www.hedera-etc.com\/wp-content\/uploads\/2023\/10\/Hedera-helix-Cross-Switch-300x225.webp\" class=\"attachment-medium size-medium wp-image-544\" alt=\"Hedera helix &#039;Cross Stitch&#039;\" srcset=\"https:\/\/www.hedera-etc.com\/wp-content\/uploads\/2023\/10\/Hedera-helix-Cross-Switch-300x225.webp 300w, https:\/\/www.hedera-etc.com\/wp-content\/uploads\/2023\/10\/Hedera-helix-Cross-Switch-900x675.webp 900w, https:\/\/www.hedera-etc.com\/wp-content\/uploads\/2023\/10\/Hedera-helix-Cross-Switch-768x576.webp 768w, https:\/\/www.hedera-etc.com\/wp-content\/uploads\/2023\/10\/Hedera-helix-Cross-Switch.webp 1024w\" sizes=\"(max-width: 300px) 100vw, 300px\" \/><\/div>\n\t\t<\/a>\n\t\t\t\t<div class=\"elementor-post__text\">\n\t\t\t\t<h3 class=\"elementor-post__title\">\n\t\t\t<a href=\"https:\/\/www.hedera-etc.com\/it\/product\/hedera-helix-cross-stitch\/\" target=\"&quot;_blank&quot;\">\n\t\t\t\t<em>Hedera helix<\/em> &lsquo;Cross Stitch&rsquo; &#8211; Edera ornamentale\t\t\t<\/a>\n\t\t<\/h3>\n\t\t\t\t<div class=\"elementor-post__excerpt\">\n\t\t\t<p>Una variet\u00e0 a crescita ridotta con un fogliame molto insolito.<\/p> <p>Foglie composte da 3 a 5 lobi con seni\t\t<\/div>\n\t\t\n\t\t<a class=\"elementor-post__read-more\" href=\"https:\/\/www.hedera-etc.com\/it\/product\/hedera-helix-cross-stitch\/\" aria-label=\"Leggi tutto &lt;em&gt;Hedera helix&lt;\/em&gt; \u2018Cross Stitch\u2019 \u2013 Edera ornamentale\" tabindex=\"-1\" target=\"_blank\">\n\t\t\tPer saperne di pi\u00f9 \u00bb\t\t<\/a>\n\n\t\t\t\t<\/div>\n\t\t\t\t<\/article>\n\t\t\t\t<article class=\"elementor-post elementor-grid-item post-548 product type-product status-publish has-post-thumbnail product_cat-lierre entry has-media first instock purchasable product-type-variable has-default-attributes has-product-nav col span_1_of_4 owp-content-center item-entry owp-thumbs-layout-horizontal owp-btn-normal owp-tabs-layout-section\">\n\t\t\t\t<a class=\"elementor-post__thumbnail__link\" href=\"https:\/\/www.hedera-etc.com\/it\/product\/hedera-helix-curvaceous\/\" tabindex=\"-1\" target=\"&quot;_blank&quot;\">\n\t\t\t<div class=\"elementor-post__thumbnail\"><img loading=\"lazy\" decoding=\"async\" width=\"300\" height=\"225\" src=\"https:\/\/www.hedera-etc.com\/wp-content\/uploads\/2023\/10\/Hedera-helix-Curvaceus-300x225.webp\" class=\"attachment-medium size-medium wp-image-549\" alt=\"Hedera helix &#039;Curvaceous&#039;\" srcset=\"https:\/\/www.hedera-etc.com\/wp-content\/uploads\/2023\/10\/Hedera-helix-Curvaceus-300x225.webp 300w, https:\/\/www.hedera-etc.com\/wp-content\/uploads\/2023\/10\/Hedera-helix-Curvaceus-900x675.webp 900w, https:\/\/www.hedera-etc.com\/wp-content\/uploads\/2023\/10\/Hedera-helix-Curvaceus-768x576.webp 768w, https:\/\/www.hedera-etc.com\/wp-content\/uploads\/2023\/10\/Hedera-helix-Curvaceus.webp 1024w\" sizes=\"(max-width: 300px) 100vw, 300px\" \/><\/div>\n\t\t<\/a>\n\t\t\t\t<div class=\"elementor-post__text\">\n\t\t\t\t<h3 class=\"elementor-post__title\">\n\t\t\t<a href=\"https:\/\/www.hedera-etc.com\/it\/product\/hedera-helix-curvaceous\/\" target=\"&quot;_blank&quot;\">\n\t\t\t\t<em>Hedera helix<\/em> &lsquo;Curvaceous&rsquo; &#8211; Edera ornamentale\t\t\t<\/a>\n\t\t<\/h3>\n\t\t\t\t<div class=\"elementor-post__excerpt\">\n\t\t\t<p>Notevole per i suoi colori, la bordatura rossa invernale la rende ancora pi\u00f9 sublime.<\/p> <p>Foglie composte da 3-5 lobi, non molto grandi.\t\t<\/div>\n\t\t\n\t\t<a class=\"elementor-post__read-more\" href=\"https:\/\/www.hedera-etc.com\/it\/product\/hedera-helix-curvaceous\/\" aria-label=\"Leggi tutto &lt;em&gt;Hedera helix&lt;\/em&gt; \u2018Curvaceous\u2019 \u2013 Edera ornamentale\" tabindex=\"-1\" target=\"_blank\">\n\t\t\tPer saperne di pi\u00f9 \u00bb\t\t<\/a>\n\n\t\t\t\t<\/div>\n\t\t\t\t<\/article>\n\t\t\t\t<article class=\"elementor-post elementor-grid-item post-554 product type-product status-publish has-post-thumbnail product_cat-lierre entry has-media  instock purchasable product-type-variable has-default-attributes has-product-nav col span_1_of_4 owp-content-center item-entry owp-thumbs-layout-horizontal owp-btn-normal owp-tabs-layout-section\">\n\t\t\t\t<a class=\"elementor-post__thumbnail__link\" href=\"https:\/\/www.hedera-etc.com\/it\/product\/hedera-helix-dead-again\/\" tabindex=\"-1\" target=\"&quot;_blank&quot;\">\n\t\t\t<div class=\"elementor-post__thumbnail\"><img loading=\"lazy\" decoding=\"async\" width=\"300\" height=\"225\" src=\"https:\/\/www.hedera-etc.com\/wp-content\/uploads\/2023\/10\/Hedera-helix-Dead-Again-1-300x225.webp\" class=\"attachment-medium size-medium wp-image-14681\" alt=\"Hedera helix &#039;Dead Again&#039;\" srcset=\"https:\/\/www.hedera-etc.com\/wp-content\/uploads\/2023\/10\/Hedera-helix-Dead-Again-1-300x225.webp 300w, https:\/\/www.hedera-etc.com\/wp-content\/uploads\/2023\/10\/Hedera-helix-Dead-Again-1-900x675.webp 900w, https:\/\/www.hedera-etc.com\/wp-content\/uploads\/2023\/10\/Hedera-helix-Dead-Again-1-1024x768.webp 1024w, https:\/\/www.hedera-etc.com\/wp-content\/uploads\/2023\/10\/Hedera-helix-Dead-Again-1-768x576.webp 768w, https:\/\/www.hedera-etc.com\/wp-content\/uploads\/2023\/10\/Hedera-helix-Dead-Again-1-1536x1152.webp 1536w, https:\/\/www.hedera-etc.com\/wp-content\/uploads\/2023\/10\/Hedera-helix-Dead-Again-1-1320x990.webp 1320w, https:\/\/www.hedera-etc.com\/wp-content\/uploads\/2023\/10\/Hedera-helix-Dead-Again-1.webp 1600w\" sizes=\"(max-width: 300px) 100vw, 300px\" \/><\/div>\n\t\t<\/a>\n\t\t\t\t<div class=\"elementor-post__text\">\n\t\t\t\t<h3 class=\"elementor-post__title\">\n\t\t\t<a href=\"https:\/\/www.hedera-etc.com\/it\/product\/hedera-helix-dead-again\/\" target=\"&quot;_blank&quot;\">\n\t\t\t\t<em>Hedera helix<\/em> &lsquo;Dead again&rsquo; &#8211; Edera ornamentale\t\t\t<\/a>\n\t\t<\/h3>\n\t\t\t\t<div class=\"elementor-post__excerpt\">\n\t\t\t<p>Il nome \u00e8 dovuto ai bordi bruni e accartocciati della foglia, che ricordano quelli di una foglia secca.<\/p>\t\t<\/div>\n\t\t\n\t\t<a class=\"elementor-post__read-more\" href=\"https:\/\/www.hedera-etc.com\/it\/product\/hedera-helix-dead-again\/\" aria-label=\"Leggere tutto &lt;em&gt;Hedera helix&lt;\/em&gt; \u2018Dead again\u2019 \u2013 Lierre d\u2019ornement\" tabindex=\"-1\" target=\"_blank\">\n\t\t\tPer saperne di pi\u00f9 \u00bb\t\t<\/a>\n\n\t\t\t\t<\/div>\n\t\t\t\t<\/article>\n\t\t\t\t<article class=\"elementor-post elementor-grid-item post-561 product type-product status-publish has-post-thumbnail product_cat-lierre entry has-media  instock purchasable product-type-variable has-default-attributes has-product-nav col span_1_of_4 owp-content-center item-entry owp-thumbs-layout-horizontal owp-btn-normal owp-tabs-layout-section\">\n\t\t\t\t<a class=\"elementor-post__thumbnail__link\" href=\"https:\/\/www.hedera-etc.com\/it\/product\/hedera-helix-dedos\/\" tabindex=\"-1\" target=\"&quot;_blank&quot;\">\n\t\t\t<div class=\"elementor-post__thumbnail\"><img loading=\"lazy\" decoding=\"async\" width=\"300\" height=\"225\" src=\"https:\/\/www.hedera-etc.com\/wp-content\/uploads\/2023\/10\/Hedera-helix-Dedos-300x225.webp\" class=\"attachment-medium size-medium wp-image-13232\" alt=\"Hedera helix &#039;Dedos&#039;\" srcset=\"https:\/\/www.hedera-etc.com\/wp-content\/uploads\/2023\/10\/Hedera-helix-Dedos-300x225.webp 300w, https:\/\/www.hedera-etc.com\/wp-content\/uploads\/2023\/10\/Hedera-helix-Dedos-900x675.webp 900w, https:\/\/www.hedera-etc.com\/wp-content\/uploads\/2023\/10\/Hedera-helix-Dedos-768x576.webp 768w, https:\/\/www.hedera-etc.com\/wp-content\/uploads\/2023\/10\/Hedera-helix-Dedos.webp 1024w\" sizes=\"(max-width: 300px) 100vw, 300px\" \/><\/div>\n\t\t<\/a>\n\t\t\t\t<div class=\"elementor-post__text\">\n\t\t\t\t<h3 class=\"elementor-post__title\">\n\t\t\t<a href=\"https:\/\/www.hedera-etc.com\/it\/product\/hedera-helix-dedos\/\" target=\"&quot;_blank&quot;\">\n\t\t\t\t<em>Hedera helix<\/em> &lsquo;Dedos&rsquo; &#8211; Edera ornamentale\t\t\t<\/a>\n\t\t<\/h3>\n\t\t\t\t<div class=\"elementor-post__excerpt\">\n\t\t\t<p>Pianta molto ramificata con portamento cespuglioso. Germogli verde-marrone con internodi corti.<\/p> <p>Foglie composte da 5-7\t\t<\/div>\n\t\t\n\t\t<a class=\"elementor-post__read-more\" href=\"https:\/\/www.hedera-etc.com\/it\/product\/hedera-helix-dedos\/\" aria-label=\"Leggi tutto &lt;em&gt;Hedera helix&lt;\/em&gt; \u2018Dedos\u2019 \u2013 Edera ornamentale\" tabindex=\"-1\" target=\"_blank\">\n\t\t\tPer saperne di pi\u00f9 \u00bb\t\t<\/a>\n\n\t\t\t\t<\/div>\n\t\t\t\t<\/article>\n\t\t\t\t<article class=\"elementor-post elementor-grid-item post-574 product type-product status-publish has-post-thumbnail product_cat-lierre entry has-media last instock purchasable product-type-variable has-default-attributes has-product-nav col span_1_of_4 owp-content-center item-entry owp-thumbs-layout-horizontal owp-btn-normal owp-tabs-layout-section\">\n\t\t\t\t<a class=\"elementor-post__thumbnail__link\" href=\"https:\/\/www.hedera-etc.com\/it\/product\/hedera-helix-denmark\/\" tabindex=\"-1\" target=\"&quot;_blank&quot;\">\n\t\t\t<div class=\"elementor-post__thumbnail\"><img loading=\"lazy\" decoding=\"async\" width=\"300\" height=\"225\" src=\"https:\/\/www.hedera-etc.com\/wp-content\/uploads\/2023\/10\/Hedera-helix-Denmark-300x225.webp\" class=\"attachment-medium size-medium wp-image-575\" alt=\"Hedera helix &#039;Danimarca&#039;\" srcset=\"https:\/\/www.hedera-etc.com\/wp-content\/uploads\/2023\/10\/Hedera-helix-Denmark-300x225.webp 300w, https:\/\/www.hedera-etc.com\/wp-content\/uploads\/2023\/10\/Hedera-helix-Denmark-900x675.webp 900w, https:\/\/www.hedera-etc.com\/wp-content\/uploads\/2023\/10\/Hedera-helix-Denmark-768x576.webp 768w, https:\/\/www.hedera-etc.com\/wp-content\/uploads\/2023\/10\/Hedera-helix-Denmark.webp 1024w\" sizes=\"(max-width: 300px) 100vw, 300px\" \/><\/div>\n\t\t<\/a>\n\t\t\t\t<div class=\"elementor-post__text\">\n\t\t\t\t<h3 class=\"elementor-post__title\">\n\t\t\t<a href=\"https:\/\/www.hedera-etc.com\/it\/product\/hedera-helix-denmark\/\" target=\"&quot;_blank&quot;\">\n\t\t\t\t<em>Hedera helix<\/em> &lsquo;Denmark&rsquo; &#8211; Edera ornamentale\t\t\t<\/a>\n\t\t<\/h3>\n\t\t\t\t<div class=\"elementor-post__excerpt\">\n\t\t\t<p>Edera variegata compatta e a crescita rapida.<\/p> <p>Foglie di colore verde medio-grigio, bordate di bianco crema. Composto da 3\t\t<\/div>\n\t\t\n\t\t<a class=\"elementor-post__read-more\" href=\"https:\/\/www.hedera-etc.com\/it\/product\/hedera-helix-denmark\/\" aria-label=\"Leggi tutto &lt;em&gt;Hedera helix&lt;\/em&gt; \u2018Denmark\u2019 \u2013 Edera ornamentale\" tabindex=\"-1\" target=\"_blank\">\n\t\t\tPer saperne di pi\u00f9 \u00bb\t\t<\/a>\n\n\t\t\t\t<\/div>\n\t\t\t\t<\/article>\n\t\t\t\t<article class=\"elementor-post elementor-grid-item post-376 product type-product status-publish has-post-thumbnail product_cat-lierre entry has-media first instock purchasable product-type-variable has-default-attributes has-product-nav col span_1_of_4 owp-content-center item-entry owp-thumbs-layout-horizontal owp-btn-normal owp-tabs-layout-section\">\n\t\t\t\t<a class=\"elementor-post__thumbnail__link\" href=\"https:\/\/www.hedera-etc.com\/it\/product\/hedera-helix-peppermint-adulte\/\" tabindex=\"-1\" target=\"&quot;_blank&quot;\">\n\t\t\t<div class=\"elementor-post__thumbnail\"><img loading=\"lazy\" decoding=\"async\" width=\"300\" height=\"225\" src=\"https:\/\/www.hedera-etc.com\/wp-content\/uploads\/2023\/11\/Hedera-helix-Peppermint-300x225.webp\" class=\"attachment-medium size-medium wp-image-2149\" alt=\"Hedera helix &#039;Menta piperita&#039;\" srcset=\"https:\/\/www.hedera-etc.com\/wp-content\/uploads\/2023\/11\/Hedera-helix-Peppermint-300x225.webp 300w, https:\/\/www.hedera-etc.com\/wp-content\/uploads\/2023\/11\/Hedera-helix-Peppermint-900x675.webp 900w, https:\/\/www.hedera-etc.com\/wp-content\/uploads\/2023\/11\/Hedera-helix-Peppermint-768x576.webp 768w, https:\/\/www.hedera-etc.com\/wp-content\/uploads\/2023\/11\/Hedera-helix-Peppermint.webp 1024w\" sizes=\"(max-width: 300px) 100vw, 300px\" \/><\/div>\n\t\t<\/a>\n\t\t\t\t<div class=\"elementor-post__text\">\n\t\t\t\t<h3 class=\"elementor-post__title\">\n\t\t\t<a href=\"https:\/\/www.hedera-etc.com\/it\/product\/hedera-helix-peppermint-adulte\/\" target=\"&quot;_blank&quot;\">\n\t\t\t\t<em>Hedera helix<\/em> &lsquo;Peppermint&rsquo; adulta\t\t\t<\/a>\n\t\t<\/h3>\n\t\t\t\t<div class=\"elementor-post__excerpt\">\n\t\t\t<p>Ha un magnifico e folto fogliame variegato.<\/p> <p>Foglie non lobate o trilobate, verde scuro lucido, striato di crema e rosso.\t\t<\/div>\n\t\t\n\t\t<a class=\"elementor-post__read-more\" href=\"https:\/\/www.hedera-etc.com\/it\/product\/hedera-helix-peppermint-adulte\/\" aria-label=\"Leggi tutto &lt;em&gt;Hedera helix&lt;\/em&gt; \u2018Peppermint\u2019 adulto\" tabindex=\"-1\" target=\"_blank\">\n\t\t\tPer saperne di pi\u00f9 \u00bb\t\t<\/a>\n\n\t\t\t\t<\/div>\n\t\t\t\t<\/article>\n\t\t\t\t<article class=\"elementor-post elementor-grid-item post-381 product type-product status-publish has-post-thumbnail product_cat-lierre entry has-media  instock purchasable product-type-variable has-default-attributes has-product-nav col span_1_of_4 owp-content-center item-entry owp-thumbs-layout-horizontal owp-btn-normal owp-tabs-layout-section has-no-thumbnails\">\n\t\t\t\t<a class=\"elementor-post__thumbnail__link\" href=\"https:\/\/www.hedera-etc.com\/it\/product\/hedera-helix-pittsburgh\/\" tabindex=\"-1\" target=\"&quot;_blank&quot;\">\n\t\t\t<div class=\"elementor-post__thumbnail\"><img loading=\"lazy\" decoding=\"async\" width=\"300\" height=\"225\" src=\"https:\/\/www.hedera-etc.com\/wp-content\/uploads\/2023\/10\/Hedera-helix-Pittsburgh-300x225.webp\" class=\"attachment-medium size-medium wp-image-382\" alt=\"Hedera helix &#039;Pittsburgh&#039;\" srcset=\"https:\/\/www.hedera-etc.com\/wp-content\/uploads\/2023\/10\/Hedera-helix-Pittsburgh-300x225.webp 300w, https:\/\/www.hedera-etc.com\/wp-content\/uploads\/2023\/10\/Hedera-helix-Pittsburgh-900x675.webp 900w, https:\/\/www.hedera-etc.com\/wp-content\/uploads\/2023\/10\/Hedera-helix-Pittsburgh-768x576.webp 768w, https:\/\/www.hedera-etc.com\/wp-content\/uploads\/2023\/10\/Hedera-helix-Pittsburgh.webp 1024w\" sizes=\"(max-width: 300px) 100vw, 300px\" \/><\/div>\n\t\t<\/a>\n\t\t\t\t<div class=\"elementor-post__text\">\n\t\t\t\t<h3 class=\"elementor-post__title\">\n\t\t\t<a href=\"https:\/\/www.hedera-etc.com\/it\/product\/hedera-helix-pittsburgh\/\" target=\"&quot;_blank&quot;\">\n\t\t\t\t<em>Hedera helix<\/em> &lsquo;Pittsburgh&rsquo; &#8211; Edera ornamentale\t\t\t<\/a>\n\t\t<\/h3>\n\t\t\t\t<div class=\"elementor-post__excerpt\">\n\t\t\t<p><strong><em>Hedera helix<\/em> \u2018Pittsburgh\u2019<\/strong> \u00e8 il padre di un gran numero di cultivar ramificate.<\/p> <p>Foglie dall'aspetto tipico dell'edera, con 3 o 3 foglie.\t\t<\/div>\n\t\t\n\t\t<a class=\"elementor-post__read-more\" href=\"https:\/\/www.hedera-etc.com\/it\/product\/hedera-helix-pittsburgh\/\" aria-label=\"Leggi tutto &lt;em&gt;Hedera helix&lt;\/em&gt; \u2018Pittsburgh\u2019 \u2013 Edera ornamentale\" tabindex=\"-1\" target=\"_blank\">\n\t\t\tPer saperne di pi\u00f9 \u00bb\t\t<\/a>\n\n\t\t\t\t<\/div>\n\t\t\t\t<\/article>\n\t\t\t\t<article class=\"elementor-post elementor-grid-item post-388 product type-product status-publish has-post-thumbnail product_cat-lierre entry has-media  instock purchasable product-type-variable has-default-attributes has-product-nav col span_1_of_4 owp-content-center item-entry owp-thumbs-layout-horizontal owp-btn-normal owp-tabs-layout-section\">\n\t\t\t\t<a class=\"elementor-post__thumbnail__link\" href=\"https:\/\/www.hedera-etc.com\/it\/product\/hedera-helix-very-merry\/\" tabindex=\"-1\" target=\"&quot;_blank&quot;\">\n\t\t\t<div class=\"elementor-post__thumbnail\"><img loading=\"lazy\" decoding=\"async\" width=\"300\" height=\"225\" src=\"https:\/\/www.hedera-etc.com\/wp-content\/uploads\/2023\/10\/Hedera-helix-Verry-Merry-300x225.webp\" class=\"attachment-medium size-medium wp-image-389\" alt=\"Hedera helix &#039;Very Merry&#039;\" srcset=\"https:\/\/www.hedera-etc.com\/wp-content\/uploads\/2023\/10\/Hedera-helix-Verry-Merry-300x225.webp 300w, https:\/\/www.hedera-etc.com\/wp-content\/uploads\/2023\/10\/Hedera-helix-Verry-Merry-768x576.webp 768w, https:\/\/www.hedera-etc.com\/wp-content\/uploads\/2023\/10\/Hedera-helix-Verry-Merry-600x450.jpg 600w, https:\/\/www.hedera-etc.com\/wp-content\/uploads\/2023\/10\/Hedera-helix-Verry-Merry.webp 839w\" sizes=\"(max-width: 300px) 100vw, 300px\" \/><\/div>\n\t\t<\/a>\n\t\t\t\t<div class=\"elementor-post__text\">\n\t\t\t\t<h3 class=\"elementor-post__title\">\n\t\t\t<a href=\"https:\/\/www.hedera-etc.com\/it\/product\/hedera-helix-very-merry\/\" target=\"&quot;_blank&quot;\">\n\t\t\t\t<em>Hedera helix<\/em> &lsquo;Very Merry&rsquo; &#8211; Edera ornamentale\t\t\t<\/a>\n\t\t<\/h3>\n\t\t\t\t<div class=\"elementor-post__excerpt\">\n\t\t\t<p>Variet\u00e0 compatta e arbustiva dalla crescita piuttosto modesta.<\/p> <p>Foglie: verde chiaro, piccole, obovate o ellittiche. Assomigliano a un cucchiaio o\t\t<\/div>\n\t\t\n\t\t<a class=\"elementor-post__read-more\" href=\"https:\/\/www.hedera-etc.com\/it\/product\/hedera-helix-very-merry\/\" aria-label=\"Continua a leggere &lt;em&gt;Hedera helix&lt;\/em&gt; \u2018Very Merry\u2019 \u2013 edera ornamentale\" tabindex=\"-1\" target=\"_blank\">\n\t\t\tPer saperne di pi\u00f9 \u00bb\t\t<\/a>\n\n\t\t\t\t<\/div>\n\t\t\t\t<\/article>\n\t\t\t\t<article class=\"elementor-post elementor-grid-item post-399 product type-product status-publish has-post-thumbnail product_cat-lierre entry has-media last outofstock product-type-variable has-product-nav col span_1_of_4 owp-content-center item-entry owp-thumbs-layout-horizontal owp-btn-normal owp-tabs-layout-section has-no-thumbnails\">\n\t\t\t\t<a class=\"elementor-post__thumbnail__link\" href=\"https:\/\/www.hedera-etc.com\/it\/product\/hedera-nepalensis-suzanne-adulte\/\" tabindex=\"-1\" target=\"&quot;_blank&quot;\">\n\t\t\t<div class=\"elementor-post__thumbnail\"><img loading=\"lazy\" decoding=\"async\" width=\"285\" height=\"300\" src=\"https:\/\/www.hedera-etc.com\/wp-content\/uploads\/2023\/10\/Hedera-nepalensis-suzanne-adulte-285x300.webp\" class=\"attachment-medium size-medium wp-image-400\" alt=\"Hedera nepalensis &#039;Suzanne&#039; adulta\" srcset=\"https:\/\/www.hedera-etc.com\/wp-content\/uploads\/2023\/10\/Hedera-nepalensis-suzanne-adulte-285x300.webp 285w, https:\/\/www.hedera-etc.com\/wp-content\/uploads\/2023\/10\/Hedera-nepalensis-suzanne-adulte.webp 597w\" sizes=\"(max-width: 285px) 100vw, 285px\" \/><\/div>\n\t\t<\/a>\n\t\t\t\t<div class=\"elementor-post__text\">\n\t\t\t\t<h3 class=\"elementor-post__title\">\n\t\t\t<a href=\"https:\/\/www.hedera-etc.com\/it\/product\/hedera-nepalensis-suzanne-adulte\/\" target=\"&quot;_blank&quot;\">\n\t\t\t\t<em>Hedera nepalensis<\/em> &lsquo;Suzanne&rsquo; adulta\t\t\t<\/a>\n\t\t<\/h3>\n\t\t\t\t<div class=\"elementor-post__excerpt\">\n\t\t\t<p>Edera matura, particolarmente interessante per le sue infiorescenze.<\/p> <p>Foglie: verde scuro, ellittiche, naturalmente senza lobi, come la stragrande maggioranza delle foglie.\t\t<\/div>\n\t\t\n\t\t<a class=\"elementor-post__read-more\" href=\"https:\/\/www.hedera-etc.com\/it\/product\/hedera-nepalensis-suzanne-adulte\/\" aria-label=\"Leggi tutto &lt;em&gt;Hedera nepalensis&lt;\/em&gt; \u2018Suzanne\u2019 adulto\" tabindex=\"-1\" target=\"_blank\">\n\t\t\tPer saperne di pi\u00f9 \u00bb\t\t<\/a>\n\n\t\t\t\t<\/div>\n\t\t\t\t<\/article>\n\t\t\t\t<article class=\"elementor-post elementor-grid-item post-406 product type-product status-publish has-post-thumbnail product_cat-lierre entry has-media first instock purchasable product-type-variable has-default-attributes has-product-nav col span_1_of_4 owp-content-center item-entry owp-thumbs-layout-horizontal owp-btn-normal owp-tabs-layout-section\">\n\t\t\t\t<a class=\"elementor-post__thumbnail__link\" href=\"https:\/\/www.hedera-etc.com\/it\/product\/hedera-helix-palmata-adulte\/\" tabindex=\"-1\" target=\"&quot;_blank&quot;\">\n\t\t\t<div class=\"elementor-post__thumbnail\"><img loading=\"lazy\" decoding=\"async\" width=\"300\" height=\"225\" src=\"https:\/\/www.hedera-etc.com\/wp-content\/uploads\/2023\/10\/Hedera-helix-\u2018Palmata-Adulte_2-300x225.webp\" class=\"attachment-medium size-medium wp-image-14801\" alt=\"Hedera helix \u2018Palmata Adult\u2019_3\" srcset=\"https:\/\/www.hedera-etc.com\/wp-content\/uploads\/2023\/10\/Hedera-helix-\u2018Palmata-Adulte_2-300x225.webp 300w, https:\/\/www.hedera-etc.com\/wp-content\/uploads\/2023\/10\/Hedera-helix-\u2018Palmata-Adulte_2-768x576.webp 768w, https:\/\/www.hedera-etc.com\/wp-content\/uploads\/2023\/10\/Hedera-helix-\u2018Palmata-Adulte_2.webp 900w\" sizes=\"(max-width: 300px) 100vw, 300px\" \/><\/div>\n\t\t<\/a>\n\t\t\t\t<div class=\"elementor-post__text\">\n\t\t\t\t<h3 class=\"elementor-post__title\">\n\t\t\t<a href=\"https:\/\/www.hedera-etc.com\/it\/product\/hedera-helix-palmata-adulte\/\" target=\"&quot;_blank&quot;\">\n\t\t\t\t<em>Hedera helix<\/em> &lsquo;Palmata&rsquo; adulta\t\t\t<\/a>\n\t\t<\/h3>\n\t\t\t\t<div class=\"elementor-post__excerpt\">\n\t\t\t<p><strong><em>Hedera helix<\/em> \u2018Palmata\u2019<\/strong>, presentato qui nella sua forma adulta.<\/p> <p>Foglie non lobate, a forma di ventaglio allungato. Lama verde scuro con\t\t<\/div>\n\t\t\n\t\t<a class=\"elementor-post__read-more\" href=\"https:\/\/www.hedera-etc.com\/it\/product\/hedera-helix-palmata-adulte\/\" aria-label=\"Leggi tutta l&#039;edera adulta *Hedera helix* \u2018Palmata\u2019\" tabindex=\"-1\" target=\"_blank\">\n\t\t\tPer saperne di pi\u00f9 \u00bb\t\t<\/a>\n\n\t\t\t\t<\/div>\n\t\t\t\t<\/article>\n\t\t\t\t<article class=\"elementor-post elementor-grid-item post-409 product type-product status-publish has-post-thumbnail product_cat-lierre entry has-media  instock purchasable product-type-variable has-default-attributes has-product-nav col span_1_of_4 owp-content-center item-entry owp-thumbs-layout-horizontal owp-btn-normal owp-tabs-layout-section\">\n\t\t\t\t<a class=\"elementor-post__thumbnail__link\" href=\"https:\/\/www.hedera-etc.com\/it\/product\/hedera-helix-butterfly\/\" tabindex=\"-1\" target=\"&quot;_blank&quot;\">\n\t\t\t<div class=\"elementor-post__thumbnail\"><img loading=\"lazy\" decoding=\"async\" width=\"300\" height=\"225\" src=\"https:\/\/www.hedera-etc.com\/wp-content\/uploads\/2023\/10\/Hedera-helix-Butterfly-300x225.webp\" class=\"attachment-medium size-medium wp-image-14794\" alt=\"Hedera helix &#039;Butterfly&#039;\" srcset=\"https:\/\/www.hedera-etc.com\/wp-content\/uploads\/2023\/10\/Hedera-helix-Butterfly-300x225.webp 300w, https:\/\/www.hedera-etc.com\/wp-content\/uploads\/2023\/10\/Hedera-helix-Butterfly-768x576.webp 768w, https:\/\/www.hedera-etc.com\/wp-content\/uploads\/2023\/10\/Hedera-helix-Butterfly.webp 900w\" sizes=\"(max-width: 300px) 100vw, 300px\" \/><\/div>\n\t\t<\/a>\n\t\t\t\t<div class=\"elementor-post__text\">\n\t\t\t\t<h3 class=\"elementor-post__title\">\n\t\t\t<a href=\"https:\/\/www.hedera-etc.com\/it\/product\/hedera-helix-butterfly\/\" target=\"&quot;_blank&quot;\">\n\t\t\t\t<em>Hedera helix<\/em> &lsquo;Butterfly&rsquo; &#8211; Edera ornamentale\t\t\t<\/a>\n\t\t<\/h3>\n\t\t\t\t<div class=\"elementor-post__excerpt\">\n\t\t\t<p>Edera in miniatura con piccole foglie variegate.<\/p> <p>Forma con 0-3 lobi appuntiti e rivolti in avanti. Lama verde scuro\t\t<\/div>\n\t\t\n\t\t<a class=\"elementor-post__read-more\" href=\"https:\/\/www.hedera-etc.com\/it\/product\/hedera-helix-butterfly\/\" aria-label=\"Leggi tutto *Hedera helix* \u2018Butterfly\u2019 \u2013 Lierre d\u2019ornement\" tabindex=\"-1\" target=\"_blank\">\n\t\t\tPer saperne di pi\u00f9 \u00bb\t\t<\/a>\n\n\t\t\t\t<\/div>\n\t\t\t\t<\/article>\n\t\t\t\t<article class=\"elementor-post elementor-grid-item post-415 product type-product status-publish has-post-thumbnail product_cat-lierre entry has-media  instock product-type-variable has-default-attributes has-product-nav col span_1_of_4 owp-content-center item-entry owp-thumbs-layout-horizontal owp-btn-normal owp-tabs-layout-section\">\n\t\t\t\t<a class=\"elementor-post__thumbnail__link\" href=\"https:\/\/www.hedera-etc.com\/it\/product\/hedera-helix-can-can\/\" tabindex=\"-1\" target=\"&quot;_blank&quot;\">\n\t\t\t<div class=\"elementor-post__thumbnail\"><img loading=\"lazy\" decoding=\"async\" width=\"300\" height=\"225\" src=\"https:\/\/www.hedera-etc.com\/wp-content\/uploads\/2023\/10\/Hedera-helix-Can-Can-300x225.webp\" class=\"attachment-medium size-medium wp-image-416\" alt=\"Hedera helix &#039;Can Can&#039;\" srcset=\"https:\/\/www.hedera-etc.com\/wp-content\/uploads\/2023\/10\/Hedera-helix-Can-Can-300x225.webp 300w, https:\/\/www.hedera-etc.com\/wp-content\/uploads\/2023\/10\/Hedera-helix-Can-Can-900x675.webp 900w, https:\/\/www.hedera-etc.com\/wp-content\/uploads\/2023\/10\/Hedera-helix-Can-Can-768x576.webp 768w, https:\/\/www.hedera-etc.com\/wp-content\/uploads\/2023\/10\/Hedera-helix-Can-Can.webp 1024w\" sizes=\"(max-width: 300px) 100vw, 300px\" \/><\/div>\n\t\t<\/a>\n\t\t\t\t<div class=\"elementor-post__text\">\n\t\t\t\t<h3 class=\"elementor-post__title\">\n\t\t\t<a href=\"https:\/\/www.hedera-etc.com\/it\/product\/hedera-helix-can-can\/\" target=\"&quot;_blank&quot;\">\n\t\t\t\t<em>Hedera helix<\/em> &lsquo;Can Can&rsquo; &#8211; Edera ornamentale\t\t\t<\/a>\n\t\t<\/h3>\n\t\t\t\t<div class=\"elementor-post__excerpt\">\n\t\t\t<p>Sembra indossare una sottoveste, come le ragazze del Cancan francese.<\/p> <p>Fusti spessi, a volte deformi e\/o fasciate. Foglie che appaiono\t\t<\/div>\n\t\t\n\t\t<a class=\"elementor-post__read-more\" href=\"https:\/\/www.hedera-etc.com\/it\/product\/hedera-helix-can-can\/\" aria-label=\"Leggi tutto &lt;em&gt;Hedera helix&lt;\/em&gt; \u2018Can Can\u2019 \u2013 Edera ornamentale\" tabindex=\"-1\" target=\"_blank\">\n\t\t\tPer saperne di pi\u00f9 \u00bb\t\t<\/a>\n\n\t\t\t\t<\/div>\n\t\t\t\t<\/article>\n\t\t\t\t<article class=\"elementor-post elementor-grid-item post-421 product type-product status-publish has-post-thumbnail product_cat-lierre entry has-media last instock purchasable product-type-variable has-default-attributes has-product-nav col span_1_of_4 owp-content-center item-entry owp-thumbs-layout-horizontal owp-btn-normal owp-tabs-layout-section has-no-thumbnails\">\n\t\t\t\t<a class=\"elementor-post__thumbnail__link\" href=\"https:\/\/www.hedera-etc.com\/it\/product\/hedera-helix-celebrity\/\" tabindex=\"-1\" target=\"&quot;_blank&quot;\">\n\t\t\t<div class=\"elementor-post__thumbnail\"><img loading=\"lazy\" decoding=\"async\" width=\"221\" height=\"300\" src=\"https:\/\/www.hedera-etc.com\/wp-content\/uploads\/2023\/10\/Hedera-helix-Celebrity-221x300.webp\" class=\"attachment-medium size-medium wp-image-422\" alt=\"Hedera helix &#039;Celebrity&#039;\" srcset=\"https:\/\/www.hedera-etc.com\/wp-content\/uploads\/2023\/10\/Hedera-helix-Celebrity-221x300.webp 221w, https:\/\/www.hedera-etc.com\/wp-content\/uploads\/2023\/10\/Hedera-helix-Celebrity.webp 463w\" sizes=\"(max-width: 221px) 100vw, 221px\" \/><\/div>\n\t\t<\/a>\n\t\t\t\t<div class=\"elementor-post__text\">\n\t\t\t\t<h3 class=\"elementor-post__title\">\n\t\t\t<a href=\"https:\/\/www.hedera-etc.com\/it\/product\/hedera-helix-celebrity\/\" target=\"&quot;_blank&quot;\">\n\t\t\t\t<em>Hedera helix<\/em> &lsquo;Celebrity&rsquo; &#8211; Edera ornamentale\t\t\t<\/a>\n\t\t<\/h3>\n\t\t\t\t<div class=\"elementor-post__excerpt\">\n\t\t\t<p>Forma classica delle foglie, ma graziosamente variegata.<\/p> <p>Composto da 3 lobi arrotondati, con un lobo terminale leggermente pi\u00f9 acuto.\t\t<\/div>\n\t\t\n\t\t<a class=\"elementor-post__read-more\" href=\"https:\/\/www.hedera-etc.com\/it\/product\/hedera-helix-celebrity\/\" aria-label=\"Leggi tutto &lt;em&gt;Hedera helix&lt;\/em&gt; \u2018Celebrity\u2019 \u2013 Edera ornamentale\" tabindex=\"-1\" target=\"_blank\">\n\t\t\tPer saperne di pi\u00f9 \u00bb\t\t<\/a>\n\n\t\t\t\t<\/div>\n\t\t\t\t<\/article>\n\t\t\t\t<article class=\"elementor-post elementor-grid-item post-426 product type-product status-publish has-post-thumbnail product_cat-lierre entry has-media first outofstock product-type-variable has-default-attributes has-product-nav col span_1_of_4 owp-content-center item-entry owp-thumbs-layout-horizontal owp-btn-normal owp-tabs-layout-section has-no-thumbnails\">\n\t\t\t\t<a class=\"elementor-post__thumbnail__link\" href=\"https:\/\/www.hedera-etc.com\/it\/product\/hedera-helix-classy-lassie\/\" tabindex=\"-1\" target=\"&quot;_blank&quot;\">\n\t\t\t<div class=\"elementor-post__thumbnail\"><img loading=\"lazy\" decoding=\"async\" width=\"300\" height=\"225\" src=\"https:\/\/www.hedera-etc.com\/wp-content\/uploads\/2023\/10\/Hedera-helix-Classy-Lassie_2-300x225.webp\" class=\"attachment-medium size-medium wp-image-14783\" alt=\"Hedera helix &#039;Classy Lassie&#039;\" srcset=\"https:\/\/www.hedera-etc.com\/wp-content\/uploads\/2023\/10\/Hedera-helix-Classy-Lassie_2-300x225.webp 300w, https:\/\/www.hedera-etc.com\/wp-content\/uploads\/2023\/10\/Hedera-helix-Classy-Lassie_2-768x576.webp 768w, https:\/\/www.hedera-etc.com\/wp-content\/uploads\/2023\/10\/Hedera-helix-Classy-Lassie_2.webp 900w\" sizes=\"(max-width: 300px) 100vw, 300px\" \/><\/div>\n\t\t<\/a>\n\t\t\t\t<div class=\"elementor-post__text\">\n\t\t\t\t<h3 class=\"elementor-post__title\">\n\t\t\t<a href=\"https:\/\/www.hedera-etc.com\/it\/product\/hedera-helix-classy-lassie\/\" target=\"&quot;_blank&quot;\">\n\t\t\t\t<em>Hedera helix<\/em> &lsquo;Classy Lassie&rsquo; &#8211; Edera ornamentale\t\t\t<\/a>\n\t\t<\/h3>\n\t\t\t\t<div class=\"elementor-post__excerpt\">\n\t\t\t<p>Una variet\u00e0 variegata molto bella che attira sicuramente l'attenzione.<\/p> <p>Foglie con 3 o 5 lobi poco profondi.\t\t<\/div>\n\t\t\n\t\t<a class=\"elementor-post__read-more\" href=\"https:\/\/www.hedera-etc.com\/it\/product\/hedera-helix-classy-lassie\/\" aria-label=\"Leggi tutto *Hedera helix* \u2018Classy Lassie\u2019 \u2013 Edera ornamentale\" tabindex=\"-1\" target=\"_blank\">\n\t\t\tPer saperne di pi\u00f9 \u00bb\t\t<\/a>\n\n\t\t\t\t<\/div>\n\t\t\t\t<\/article>\n\t\t\t\t<article class=\"elementor-post elementor-grid-item post-431 product type-product status-publish has-post-thumbnail product_cat-lierre entry has-media  instock purchasable product-type-variable has-default-attributes has-product-nav col span_1_of_4 owp-content-center item-entry owp-thumbs-layout-horizontal owp-btn-normal owp-tabs-layout-section\">\n\t\t\t\t<a class=\"elementor-post__thumbnail__link\" href=\"https:\/\/www.hedera-etc.com\/it\/product\/hedera-helix-clotted-cream\/\" tabindex=\"-1\" target=\"&quot;_blank&quot;\">\n\t\t\t<div class=\"elementor-post__thumbnail\"><img loading=\"lazy\" decoding=\"async\" width=\"300\" height=\"225\" src=\"https:\/\/www.hedera-etc.com\/wp-content\/uploads\/2023\/10\/Hedera-helix-Clotted-Cream-300x225.webp\" class=\"attachment-medium size-medium wp-image-432\" alt=\"Hedera helix &#039;Crema coagulata&#039;\" srcset=\"https:\/\/www.hedera-etc.com\/wp-content\/uploads\/2023\/10\/Hedera-helix-Clotted-Cream-300x225.webp 300w, https:\/\/www.hedera-etc.com\/wp-content\/uploads\/2023\/10\/Hedera-helix-Clotted-Cream-900x675.webp 900w, https:\/\/www.hedera-etc.com\/wp-content\/uploads\/2023\/10\/Hedera-helix-Clotted-Cream-768x576.webp 768w, https:\/\/www.hedera-etc.com\/wp-content\/uploads\/2023\/10\/Hedera-helix-Clotted-Cream.webp 1024w\" sizes=\"(max-width: 300px) 100vw, 300px\" \/><\/div>\n\t\t<\/a>\n\t\t\t\t<div class=\"elementor-post__text\">\n\t\t\t\t<h3 class=\"elementor-post__title\">\n\t\t\t<a href=\"https:\/\/www.hedera-etc.com\/it\/product\/hedera-helix-clotted-cream\/\" target=\"&quot;_blank&quot;\">\n\t\t\t\t<em>Hedera helix<\/em> &lsquo;Clotted Cream&rsquo; &#8211; Edera ornamentale\t\t\t<\/a>\n\t\t<\/h3>\n\t\t\t\t<div class=\"elementor-post__excerpt\">\n\t\t\t<p>Magnifica edera ondulata, ma difficile da coltivare.<\/p> <p>Foglie di medie dimensioni, a 5 lobi, con attraenti margini color crema. Disponibile presso\t\t<\/div>\n\t\t\n\t\t<a class=\"elementor-post__read-more\" href=\"https:\/\/www.hedera-etc.com\/it\/product\/hedera-helix-clotted-cream\/\" aria-label=\"Leggi tutto &lt;em&gt;Hedera helix&lt;\/em&gt; \u2018Clotted Cream\u2019 \u2013 Edera ornamentale\" tabindex=\"-1\" target=\"_blank\">\n\t\t\tPer saperne di pi\u00f9 \u00bb\t\t<\/a>\n\n\t\t\t\t<\/div>\n\t\t\t\t<\/article>\n\t\t\t\t<article class=\"elementor-post elementor-grid-item post-437 product type-product status-publish has-post-thumbnail product_cat-lierre entry has-media  instock purchasable product-type-variable has-default-attributes has-product-nav col span_1_of_4 owp-content-center item-entry owp-thumbs-layout-horizontal owp-btn-normal owp-tabs-layout-section\">\n\t\t\t\t<a class=\"elementor-post__thumbnail__link\" href=\"https:\/\/www.hedera-etc.com\/it\/product\/hedera-helix-anne-borch\/\" tabindex=\"-1\" target=\"&quot;_blank&quot;\">\n\t\t\t<div class=\"elementor-post__thumbnail\"><img loading=\"lazy\" decoding=\"async\" width=\"300\" height=\"225\" src=\"https:\/\/www.hedera-etc.com\/wp-content\/uploads\/2023\/10\/Hedera-helix-Anne-Borch-300x225.webp\" class=\"attachment-medium size-medium wp-image-438\" alt=\"Hedera helix &#039;Anne Borch&#039;\" srcset=\"https:\/\/www.hedera-etc.com\/wp-content\/uploads\/2023\/10\/Hedera-helix-Anne-Borch-300x225.webp 300w, https:\/\/www.hedera-etc.com\/wp-content\/uploads\/2023\/10\/Hedera-helix-Anne-Borch-900x675.webp 900w, https:\/\/www.hedera-etc.com\/wp-content\/uploads\/2023\/10\/Hedera-helix-Anne-Borch-768x576.webp 768w, https:\/\/www.hedera-etc.com\/wp-content\/uploads\/2023\/10\/Hedera-helix-Anne-Borch.webp 1024w\" sizes=\"(max-width: 300px) 100vw, 300px\" \/><\/div>\n\t\t<\/a>\n\t\t\t\t<div class=\"elementor-post__text\">\n\t\t\t\t<h3 class=\"elementor-post__title\">\n\t\t\t<a href=\"https:\/\/www.hedera-etc.com\/it\/product\/hedera-helix-anne-borch\/\" target=\"&quot;_blank&quot;\">\n\t\t\t\t<em>Hedera helix<\/em> &lsquo;Anne Borch&rsquo; &#8211; Edera ornamentale\t\t\t<\/a>\n\t\t<\/h3>\n\t\t\t\t<div class=\"elementor-post__excerpt\">\n\t\t\t<p>Sembra <em>Hedera helix<\/em> \u2018Anne Marie\u2019, con fogliame pi\u00f9 piccolo.<\/p> <p>Foglie composte da 3 a 5 lobi alla base.\t\t<\/div>\n\t\t\n\t\t<a class=\"elementor-post__read-more\" href=\"https:\/\/www.hedera-etc.com\/it\/product\/hedera-helix-anne-borch\/\" aria-label=\"Leggi tutto &lt;em&gt;Hedera helix&lt;\/em&gt; \u2018Anne Borch\u2019 \u2013 Edera ornamentale\" tabindex=\"-1\" target=\"_blank\">\n\t\t\tPer saperne di pi\u00f9 \u00bb\t\t<\/a>\n\n\t\t\t\t<\/div>\n\t\t\t\t<\/article>\n\t\t\t\t<article class=\"elementor-post elementor-grid-item post-443 product type-product status-publish has-post-thumbnail product_cat-lierre entry has-media last instock purchasable product-type-variable has-default-attributes has-product-nav col span_1_of_4 owp-content-center item-entry owp-thumbs-layout-horizontal owp-btn-normal owp-tabs-layout-section has-no-thumbnails\">\n\t\t\t\t<a class=\"elementor-post__thumbnail__link\" href=\"https:\/\/www.hedera-etc.com\/it\/product\/hedera-helix-appaloosa\/\" tabindex=\"-1\" target=\"&quot;_blank&quot;\">\n\t\t\t<div class=\"elementor-post__thumbnail\"><img loading=\"lazy\" decoding=\"async\" width=\"300\" height=\"225\" src=\"https:\/\/www.hedera-etc.com\/wp-content\/uploads\/2023\/10\/Hedera-helix-Appaloosa-300x225.webp\" class=\"attachment-medium size-medium wp-image-444\" alt=\"Hedera helix &#039;Appaloosa&#039;\" srcset=\"https:\/\/www.hedera-etc.com\/wp-content\/uploads\/2023\/10\/Hedera-helix-Appaloosa-300x225.webp 300w, https:\/\/www.hedera-etc.com\/wp-content\/uploads\/2023\/10\/Hedera-helix-Appaloosa-768x576.webp 768w, https:\/\/www.hedera-etc.com\/wp-content\/uploads\/2023\/10\/Hedera-helix-Appaloosa-600x450.jpg 600w, https:\/\/www.hedera-etc.com\/wp-content\/uploads\/2023\/10\/Hedera-helix-Appaloosa.webp 839w\" sizes=\"(max-width: 300px) 100vw, 300px\" \/><\/div>\n\t\t<\/a>\n\t\t\t\t<div class=\"elementor-post__text\">\n\t\t\t\t<h3 class=\"elementor-post__title\">\n\t\t\t<a href=\"https:\/\/www.hedera-etc.com\/it\/product\/hedera-helix-appaloosa\/\" target=\"&quot;_blank&quot;\">\n\t\t\t\t<em>Hedera helix<\/em> &lsquo;Appaloosa&rsquo; &#8211; Edera ornamentale\t\t\t<\/a>\n\t\t<\/h3>\n\t\t\t\t<div class=\"elementor-post__excerpt\">\n\t\t\t<p>In inverno, sviluppa aloni pi\u00f9 chiari che ricordano il manto di questa razza di cavalli, da cui il nome.<\/p> <p>Foglie arricciate\t\t<\/div>\n\t\t\n\t\t<a class=\"elementor-post__read-more\" href=\"https:\/\/www.hedera-etc.com\/it\/product\/hedera-helix-appaloosa\/\" aria-label=\"Leggi tutto &lt;em&gt;Hedera helix&lt;\/em&gt; \u2018Appaloosa\u2019 \u2013 Edera ornamentale\" tabindex=\"-1\" target=\"_blank\">\n\t\t\tPer saperne di pi\u00f9 \u00bb\t\t<\/a>\n\n\t\t\t\t<\/div>\n\t\t\t\t<\/article>\n\t\t\t\t<article class=\"elementor-post elementor-grid-item post-448 product type-product status-publish has-post-thumbnail product_cat-lierre entry has-media first instock purchasable product-type-variable has-default-attributes has-product-nav col span_1_of_4 owp-content-center item-entry owp-thumbs-layout-horizontal owp-btn-normal owp-tabs-layout-section\">\n\t\t\t\t<a class=\"elementor-post__thumbnail__link\" href=\"https:\/\/www.hedera-etc.com\/it\/product\/hedera-helix-armel\/\" tabindex=\"-1\" target=\"&quot;_blank&quot;\">\n\t\t\t<div class=\"elementor-post__thumbnail\"><img loading=\"lazy\" decoding=\"async\" width=\"300\" height=\"224\" src=\"https:\/\/www.hedera-etc.com\/wp-content\/uploads\/2023\/10\/Hedera-helix-Armel_2_2-300x224.webp\" class=\"attachment-medium size-medium wp-image-12295\" alt=\"Hedera helix &#039;Armel&#039;\" srcset=\"https:\/\/www.hedera-etc.com\/wp-content\/uploads\/2023\/10\/Hedera-helix-Armel_2_2-300x224.webp 300w, https:\/\/www.hedera-etc.com\/wp-content\/uploads\/2023\/10\/Hedera-helix-Armel_2_2-900x673.webp 900w, https:\/\/www.hedera-etc.com\/wp-content\/uploads\/2023\/10\/Hedera-helix-Armel_2_2-1024x765.webp 1024w, https:\/\/www.hedera-etc.com\/wp-content\/uploads\/2023\/10\/Hedera-helix-Armel_2_2-768x574.webp 768w, https:\/\/www.hedera-etc.com\/wp-content\/uploads\/2023\/10\/Hedera-helix-Armel_2_2-1536x1148.webp 1536w, https:\/\/www.hedera-etc.com\/wp-content\/uploads\/2023\/10\/Hedera-helix-Armel_2_2-1320x987.webp 1320w, https:\/\/www.hedera-etc.com\/wp-content\/uploads\/2023\/10\/Hedera-helix-Armel_2_2.webp 1600w\" sizes=\"(max-width: 300px) 100vw, 300px\" \/><\/div>\n\t\t<\/a>\n\t\t\t\t<div class=\"elementor-post__text\">\n\t\t\t\t<h3 class=\"elementor-post__title\">\n\t\t\t<a href=\"https:\/\/www.hedera-etc.com\/it\/product\/hedera-helix-armel\/\" target=\"&quot;_blank&quot;\">\n\t\t\t\t<em>Hedera helix<\/em> &lsquo;Armel&rsquo; &#8211; Edera ornamentale\t\t\t<\/a>\n\t\t<\/h3>\n\t\t\t\t<div class=\"elementor-post__excerpt\">\n\t\t\t<p>Clone raccolto in natura. Probabilmente uno dei cloni pi\u00f9 colorati esistenti. <em>Hedera helix<\/em>. Ci vuole ,\t\t<\/div>\n\t\t\n\t\t<a class=\"elementor-post__read-more\" href=\"https:\/\/www.hedera-etc.com\/it\/product\/hedera-helix-armel\/\" aria-label=\"Leggi tutto *Hedera helix* \u2018Armel\u2019 \u2013 Edera ornamentale\" tabindex=\"-1\" target=\"_blank\">\n\t\t\tPer saperne di pi\u00f9 \u00bb\t\t<\/a>\n\n\t\t\t\t<\/div>\n\t\t\t\t<\/article>\n\t\t\t\t<article class=\"elementor-post elementor-grid-item post-456 product type-product status-publish has-post-thumbnail product_cat-lierre entry has-media  instock purchasable product-type-variable has-default-attributes has-product-nav col span_1_of_4 owp-content-center item-entry owp-thumbs-layout-horizontal owp-btn-normal owp-tabs-layout-section\">\n\t\t\t\t<a class=\"elementor-post__thumbnail__link\" href=\"https:\/\/www.hedera-etc.com\/it\/product\/hedera-helix-arran\/\" tabindex=\"-1\" target=\"&quot;_blank&quot;\">\n\t\t\t<div class=\"elementor-post__thumbnail\"><img loading=\"lazy\" decoding=\"async\" width=\"300\" height=\"225\" src=\"https:\/\/www.hedera-etc.com\/wp-content\/uploads\/2023\/10\/Hedera-helix-Arran-300x225.webp\" class=\"attachment-medium size-medium wp-image-457\" alt=\"Hedera helix &#039;Arran&#039;\" srcset=\"https:\/\/www.hedera-etc.com\/wp-content\/uploads\/2023\/10\/Hedera-helix-Arran-300x225.webp 300w, https:\/\/www.hedera-etc.com\/wp-content\/uploads\/2023\/10\/Hedera-helix-Arran-900x675.webp 900w, https:\/\/www.hedera-etc.com\/wp-content\/uploads\/2023\/10\/Hedera-helix-Arran-768x576.webp 768w, https:\/\/www.hedera-etc.com\/wp-content\/uploads\/2023\/10\/Hedera-helix-Arran.webp 1024w\" sizes=\"(max-width: 300px) 100vw, 300px\" \/><\/div>\n\t\t<\/a>\n\t\t\t\t<div class=\"elementor-post__text\">\n\t\t\t\t<h3 class=\"elementor-post__title\">\n\t\t\t<a href=\"https:\/\/www.hedera-etc.com\/it\/product\/hedera-helix-arran\/\" target=\"&quot;_blank&quot;\">\n\t\t\t\t<em>Hedera helix<\/em> &lsquo;Arran&rsquo; &#8211; Edera ornamentale\t\t\t<\/a>\n\t\t<\/h3>\n\t\t\t\t<div class=\"elementor-post__excerpt\">\n\t\t\t<p>\u00c8 una delle edere pi\u00f9 resistenti per via della sua origine geografica.<\/p> <p>Foglie piuttosto piccole, trilobate, con un lobo terminale.\t\t<\/div>\n\t\t\n\t\t<a class=\"elementor-post__read-more\" href=\"https:\/\/www.hedera-etc.com\/it\/product\/hedera-helix-arran\/\" aria-label=\"Leggi tutto &lt;em&gt;Hedera helix&lt;\/em&gt; \u2018Arran\u2019 \u2013 Edera ornamentale\" tabindex=\"-1\" target=\"_blank\">\n\t\t\tPer saperne di pi\u00f9 \u00bb\t\t<\/a>\n\n\t\t\t\t<\/div>\n\t\t\t\t<\/article>\n\t\t\t\t<article class=\"elementor-post elementor-grid-item post-461 product type-product status-publish has-post-thumbnail product_cat-lierre entry has-media  instock purchasable product-type-variable has-default-attributes has-product-nav col span_1_of_4 owp-content-center item-entry owp-thumbs-layout-horizontal owp-btn-normal owp-tabs-layout-section\">\n\t\t\t\t<a class=\"elementor-post__thumbnail__link\" href=\"https:\/\/www.hedera-etc.com\/it\/product\/hedera-helix-aureovariegata\/\" tabindex=\"-1\" target=\"&quot;_blank&quot;\">\n\t\t\t<div class=\"elementor-post__thumbnail\"><img loading=\"lazy\" decoding=\"async\" width=\"300\" height=\"225\" src=\"https:\/\/www.hedera-etc.com\/wp-content\/uploads\/2023\/10\/Hedera-helix-Aureovariegata-2-300x225.webp\" class=\"attachment-medium size-medium wp-image-15210\" alt=\"Hedera helix &#039;Aureovariegata&#039;-2\" srcset=\"https:\/\/www.hedera-etc.com\/wp-content\/uploads\/2023\/10\/Hedera-helix-Aureovariegata-2-300x225.webp 300w, https:\/\/www.hedera-etc.com\/wp-content\/uploads\/2023\/10\/Hedera-helix-Aureovariegata-2-900x675.webp 900w, https:\/\/www.hedera-etc.com\/wp-content\/uploads\/2023\/10\/Hedera-helix-Aureovariegata-2-768x576.webp 768w, https:\/\/www.hedera-etc.com\/wp-content\/uploads\/2023\/10\/Hedera-helix-Aureovariegata-2.webp 1024w\" sizes=\"(max-width: 300px) 100vw, 300px\" \/><\/div>\n\t\t<\/a>\n\t\t\t\t<div class=\"elementor-post__text\">\n\t\t\t\t<h3 class=\"elementor-post__title\">\n\t\t\t<a href=\"https:\/\/www.hedera-etc.com\/it\/product\/hedera-helix-aureovariegata\/\" target=\"&quot;_blank&quot;\">\n\t\t\t\t<em>Hedera helix<\/em> &lsquo;Aureovariegata&rsquo; &#8211; Edera ornamentale\t\t\t<\/a>\n\t\t<\/h3>\n\t\t\t\t<div class=\"elementor-post__excerpt\">\n\t\t\t<p>Una delle pi\u00f9 antiche edere variegate conosciute, gi\u00e0 descritta in Inghilterra intorno al 1770.<\/p> <p>Le foglie sono piuttosto piccole, trilobate o deltoidi,\t\t<\/div>\n\t\t\n\t\t<a class=\"elementor-post__read-more\" href=\"https:\/\/www.hedera-etc.com\/it\/product\/hedera-helix-aureovariegata\/\" aria-label=\"Leggi tutto &lt;em&gt;Hedera helix&lt;\/em&gt; \u2018Aureovariegata\u2019 \u2013 Edera ornamentale\" tabindex=\"-1\" target=\"_blank\">\n\t\t\tPer saperne di pi\u00f9 \u00bb\t\t<\/a>\n\n\t\t\t\t<\/div>\n\t\t\t\t<\/article>\n\t\t\t\t<article class=\"elementor-post elementor-grid-item post-468 product type-product status-publish has-post-thumbnail product_cat-lierre entry has-media last instock purchasable product-type-variable has-default-attributes has-product-nav col span_1_of_4 owp-content-center item-entry owp-thumbs-layout-horizontal owp-btn-normal owp-tabs-layout-section\">\n\t\t\t\t<a class=\"elementor-post__thumbnail__link\" href=\"https:\/\/www.hedera-etc.com\/it\/product\/hedera-helix-avon\/\" tabindex=\"-1\" target=\"&quot;_blank&quot;\">\n\t\t\t<div class=\"elementor-post__thumbnail\"><img loading=\"lazy\" decoding=\"async\" width=\"300\" height=\"225\" src=\"https:\/\/www.hedera-etc.com\/wp-content\/uploads\/2023\/10\/Hedera-helix-Avon-300x225.webp\" class=\"attachment-medium size-medium wp-image-469\" alt=\"Hedera helix &#039;Avon&#039;\" srcset=\"https:\/\/www.hedera-etc.com\/wp-content\/uploads\/2023\/10\/Hedera-helix-Avon-300x225.webp 300w, https:\/\/www.hedera-etc.com\/wp-content\/uploads\/2023\/10\/Hedera-helix-Avon-900x675.webp 900w, https:\/\/www.hedera-etc.com\/wp-content\/uploads\/2023\/10\/Hedera-helix-Avon-768x576.webp 768w, https:\/\/www.hedera-etc.com\/wp-content\/uploads\/2023\/10\/Hedera-helix-Avon.webp 1024w\" sizes=\"(max-width: 300px) 100vw, 300px\" \/><\/div>\n\t\t<\/a>\n\t\t\t\t<div class=\"elementor-post__text\">\n\t\t\t\t<h3 class=\"elementor-post__title\">\n\t\t\t<a href=\"https:\/\/www.hedera-etc.com\/it\/product\/hedera-helix-avon\/\" target=\"&quot;_blank&quot;\">\n\t\t\t\t<em>Hedera helix<\/em> &lsquo;Avon&rsquo; &#8211; Edera ornamentale\t\t\t<\/a>\n\t\t<\/h3>\n\t\t\t\t<div class=\"elementor-post__excerpt\">\n\t\t\t<p>\u00c8 una delle edere a crescita rapida che prospera in condizioni di sole.<\/p> <p>Foglie di medie dimensioni composte da 3\t\t<\/div>\n\t\t\n\t\t<a class=\"elementor-post__read-more\" href=\"https:\/\/www.hedera-etc.com\/it\/product\/hedera-helix-avon\/\" aria-label=\"Leggi tutto &lt;em&gt;Hedera helix&lt;\/em&gt; \u2018Avon\u2019 \u2013 Edera da ornamento\" tabindex=\"-1\" target=\"_blank\">\n\t\t\tPer saperne di pi\u00f9 \u00bb\t\t<\/a>\n\n\t\t\t\t<\/div>\n\t\t\t\t<\/article>\n\t\t\t\t<article class=\"elementor-post elementor-grid-item post-477 product type-product status-publish has-post-thumbnail product_cat-lierre entry has-media first outofstock product-type-variable has-default-attributes has-product-nav col span_1_of_4 owp-content-center item-entry owp-thumbs-layout-horizontal owp-btn-normal owp-tabs-layout-section has-no-thumbnails\">\n\t\t\t\t<a class=\"elementor-post__thumbnail__link\" href=\"https:\/\/www.hedera-etc.com\/it\/product\/hedera-helix-baby-gold-dust-mutation\/\" tabindex=\"-1\" target=\"&quot;_blank&quot;\">\n\t\t\t<div class=\"elementor-post__thumbnail\"><img loading=\"lazy\" decoding=\"async\" width=\"300\" height=\"225\" src=\"https:\/\/www.hedera-etc.com\/wp-content\/uploads\/2023\/10\/Hedera-helix-\u2018Baby-Gold-Dust-Mutation-300x225.webp\" class=\"attachment-medium size-medium wp-image-3664\" alt=\"Hedera helix &#039;Baby Gold Dust&#039; mutazione\" srcset=\"https:\/\/www.hedera-etc.com\/wp-content\/uploads\/2023\/10\/Hedera-helix-\u2018Baby-Gold-Dust-Mutation-300x225.webp 300w, https:\/\/www.hedera-etc.com\/wp-content\/uploads\/2023\/10\/Hedera-helix-\u2018Baby-Gold-Dust-Mutation-900x675.webp 900w, https:\/\/www.hedera-etc.com\/wp-content\/uploads\/2023\/10\/Hedera-helix-\u2018Baby-Gold-Dust-Mutation-768x576.webp 768w, https:\/\/www.hedera-etc.com\/wp-content\/uploads\/2023\/10\/Hedera-helix-\u2018Baby-Gold-Dust-Mutation.webp 1024w\" sizes=\"(max-width: 300px) 100vw, 300px\" \/><\/div>\n\t\t<\/a>\n\t\t\t\t<div class=\"elementor-post__text\">\n\t\t\t\t<h3 class=\"elementor-post__title\">\n\t\t\t<a href=\"https:\/\/www.hedera-etc.com\/it\/product\/hedera-helix-baby-gold-dust-mutation\/\" target=\"&quot;_blank&quot;\">\n\t\t\t\t<em>Hedera helix<\/em> &lsquo;Baby Gold Dust&rsquo; mutazione &#8211; Edera ornamentale\t\t\t<\/a>\n\t\t<\/h3>\n\t\t\t\t<div class=\"elementor-post__excerpt\">\n\t\t\t<p>Una mutazione di \u2018Baby Gold Dust\u2019 che \u00e8 apparsa nel nostro vivaio.<\/p> <p>Le foglie possono essere monolobate o trilobate. Nella prima\t\t<\/div>\n\t\t\n\t\t<a class=\"elementor-post__read-more\" href=\"https:\/\/www.hedera-etc.com\/it\/product\/hedera-helix-baby-gold-dust-mutation\/\" aria-label=\"Leggi tutto &lt;em&gt;Hedera helix&lt;\/em&gt; \u2018Baby Gold Dust\u2019 mutazione \u2013 Edera ornamentale\" tabindex=\"-1\" target=\"_blank\">\n\t\t\tPer saperne di pi\u00f9 \u00bb\t\t<\/a>\n\n\t\t\t\t<\/div>\n\t\t\t\t<\/article>\n\t\t\t\t<article class=\"elementor-post elementor-grid-item post-481 product type-product status-publish has-post-thumbnail product_cat-lierre entry has-media  instock purchasable product-type-variable has-default-attributes has-product-nav col span_1_of_4 owp-content-center item-entry owp-thumbs-layout-horizontal owp-btn-normal owp-tabs-layout-section\">\n\t\t\t\t<a class=\"elementor-post__thumbnail__link\" href=\"https:\/\/www.hedera-etc.com\/it\/product\/hedera-hibernica-big-shot\/\" tabindex=\"-1\" target=\"&quot;_blank&quot;\">\n\t\t\t<div class=\"elementor-post__thumbnail\"><img loading=\"lazy\" decoding=\"async\" width=\"300\" height=\"225\" src=\"https:\/\/www.hedera-etc.com\/wp-content\/uploads\/2023\/10\/Hedera-helix-Big-Shot_3-300x225.webp\" class=\"attachment-medium size-medium wp-image-489\" alt=\"Hedera hibernica &#039;Big Shot&#039;\" srcset=\"https:\/\/www.hedera-etc.com\/wp-content\/uploads\/2023\/10\/Hedera-helix-Big-Shot_3-300x225.webp 300w, https:\/\/www.hedera-etc.com\/wp-content\/uploads\/2023\/10\/Hedera-helix-Big-Shot_3-900x675.webp 900w, https:\/\/www.hedera-etc.com\/wp-content\/uploads\/2023\/10\/Hedera-helix-Big-Shot_3-1024x768.webp 1024w, https:\/\/www.hedera-etc.com\/wp-content\/uploads\/2023\/10\/Hedera-helix-Big-Shot_3-768x576.webp 768w, https:\/\/www.hedera-etc.com\/wp-content\/uploads\/2023\/10\/Hedera-helix-Big-Shot_3.webp 1200w\" sizes=\"(max-width: 300px) 100vw, 300px\" \/><\/div>\n\t\t<\/a>\n\t\t\t\t<div class=\"elementor-post__text\">\n\t\t\t\t<h3 class=\"elementor-post__title\">\n\t\t\t<a href=\"https:\/\/www.hedera-etc.com\/it\/product\/hedera-hibernica-big-shot\/\" target=\"&quot;_blank&quot;\">\n\t\t\t\t<em>Hedera hibernica<\/em> &lsquo;Big Shot&rsquo; &#8211; Edera ornamentale\t\t\t<\/a>\n\t\t<\/h3>\n\t\t\t\t<div class=\"elementor-post__excerpt\">\n\t\t\t<p>Edera particolarmente vigorosa, paragonabile all'edera della Colchide.<\/p> <p>Foglia a forma di cuore, ma pu\u00f2 essere anche ovale,\t\t<\/div>\n\t\t\n\t\t<a class=\"elementor-post__read-more\" href=\"https:\/\/www.hedera-etc.com\/it\/product\/hedera-hibernica-big-shot\/\" aria-label=\"Leggi tutto &lt;em&gt;Hedera hibernica&lt;\/em&gt; \u2018Big Shot\u2019 \u2013 Edera ornamentale\" tabindex=\"-1\" target=\"_blank\">\n\t\t\tPer saperne di pi\u00f9 \u00bb\t\t<\/a>\n\n\t\t\t\t<\/div>\n\t\t\t\t<\/article>\n\t\t\t\t<article class=\"elementor-post elementor-grid-item post-492 product type-product status-publish has-post-thumbnail product_cat-lierre entry has-media  instock purchasable product-type-variable has-default-attributes has-product-nav col span_1_of_4 owp-content-center item-entry owp-thumbs-layout-horizontal owp-btn-normal owp-tabs-layout-section has-no-thumbnails\">\n\t\t\t\t<a class=\"elementor-post__thumbnail__link\" href=\"https:\/\/www.hedera-etc.com\/it\/product\/hedera-algeriensis-bowless-ox-heart-adulte\/\" tabindex=\"-1\" target=\"&quot;_blank&quot;\">\n\t\t\t<div class=\"elementor-post__thumbnail\"><img loading=\"lazy\" decoding=\"async\" width=\"300\" height=\"225\" src=\"https:\/\/www.hedera-etc.com\/wp-content\/uploads\/2023\/10\/Hedera-algeriensis-Bowles-Ox-Heart-adulte-300x225.webp\" class=\"attachment-medium size-medium wp-image-3663\" alt=\"Hedera algeriensis &#039;Cuore di bue di Bowles&#039; adulto\" srcset=\"https:\/\/www.hedera-etc.com\/wp-content\/uploads\/2023\/10\/Hedera-algeriensis-Bowles-Ox-Heart-adulte-300x225.webp 300w, https:\/\/www.hedera-etc.com\/wp-content\/uploads\/2023\/10\/Hedera-algeriensis-Bowles-Ox-Heart-adulte-900x675.webp 900w, https:\/\/www.hedera-etc.com\/wp-content\/uploads\/2023\/10\/Hedera-algeriensis-Bowles-Ox-Heart-adulte-768x576.webp 768w, https:\/\/www.hedera-etc.com\/wp-content\/uploads\/2023\/10\/Hedera-algeriensis-Bowles-Ox-Heart-adulte.webp 1024w\" sizes=\"(max-width: 300px) 100vw, 300px\" \/><\/div>\n\t\t<\/a>\n\t\t\t\t<div class=\"elementor-post__text\">\n\t\t\t\t<h3 class=\"elementor-post__title\">\n\t\t\t<a href=\"https:\/\/www.hedera-etc.com\/it\/product\/hedera-algeriensis-bowless-ox-heart-adulte\/\" target=\"&quot;_blank&quot;\">\n\t\t\t\t<em>Hedera algeriensis<\/em> &lsquo;Bowles&rsquo;s Ox Heart&rsquo; &#8211; Edera adulta\t\t\t<\/a>\n\t\t<\/h3>\n\t\t\t\t<div class=\"elementor-post__excerpt\">\n\t\t\t<p>Una volta installato, occupa molto spazio in giardino.<\/p> <p>Foglie non lobate, molto larghe, sicuramente una delle pi\u00f9 grandi\t\t<\/div>\n\t\t\n\t\t<a class=\"elementor-post__read-more\" href=\"https:\/\/www.hedera-etc.com\/it\/product\/hedera-algeriensis-bowless-ox-heart-adulte\/\" aria-label=\"Leggi tutto &lt;em&gt;Hedera algeriensis&lt;\/em&gt; \u2018Bowles\u2019s Ox Heart\u2019 \u2013 Lierre adulte\" tabindex=\"-1\" target=\"_blank\">\n\t\t\tPer saperne di pi\u00f9 \u00bb\t\t<\/a>\n\n\t\t\t\t<\/div>\n\t\t\t\t<\/article>\n\t\t\t\t<article class=\"elementor-post elementor-grid-item post-495 product type-product status-publish has-post-thumbnail product_cat-lierre entry has-media last instock purchasable product-type-variable has-default-attributes has-product-nav col span_1_of_4 owp-content-center item-entry owp-thumbs-layout-horizontal owp-btn-normal owp-tabs-layout-section has-no-thumbnails\">\n\t\t\t\t<a class=\"elementor-post__thumbnail__link\" href=\"https:\/\/www.hedera-etc.com\/it\/product\/hedera-helix-brahms\/\" tabindex=\"-1\" target=\"&quot;_blank&quot;\">\n\t\t\t<div class=\"elementor-post__thumbnail\"><img loading=\"lazy\" decoding=\"async\" width=\"300\" height=\"224\" src=\"https:\/\/www.hedera-etc.com\/wp-content\/uploads\/2023\/10\/Hedera-helix-Brahms-300x224.webp\" class=\"attachment-medium size-medium wp-image-496\" alt=\"Hedera helix &#039;Brahms&#039;\" srcset=\"https:\/\/www.hedera-etc.com\/wp-content\/uploads\/2023\/10\/Hedera-helix-Brahms-300x224.webp 300w, https:\/\/www.hedera-etc.com\/wp-content\/uploads\/2023\/10\/Hedera-helix-Brahms-768x574.webp 768w, https:\/\/www.hedera-etc.com\/wp-content\/uploads\/2023\/10\/Hedera-helix-Brahms.webp 900w\" sizes=\"(max-width: 300px) 100vw, 300px\" \/><\/div>\n\t\t<\/a>\n\t\t\t\t<div class=\"elementor-post__text\">\n\t\t\t\t<h3 class=\"elementor-post__title\">\n\t\t\t<a href=\"https:\/\/www.hedera-etc.com\/it\/product\/hedera-helix-brahms\/\" target=\"&quot;_blank&quot;\">\n\t\t\t\t<em>Hedera helix<\/em> &lsquo;Brahms&rsquo; &#8211; Edera ornamentale\t\t\t<\/a>\n\t\t<\/h3>\n\t\t\t\t<div class=\"elementor-post__excerpt\">\n\t\t\t<p>Ha un aspetto molto armonioso, che probabilmente spiega il suo nome ...<\/p> <p>Una bella variet\u00e0 con grandi foglie verdi e 5\t\t<\/div>\n\t\t\n\t\t<a class=\"elementor-post__read-more\" href=\"https:\/\/www.hedera-etc.com\/it\/product\/hedera-helix-brahms\/\" aria-label=\"Leggi tutto *Hedera helix* \u2018Brahms\u2019 \u2013 Edera ornamentale\" tabindex=\"-1\" target=\"_blank\">\n\t\t\tPer saperne di pi\u00f9 \u00bb\t\t<\/a>\n\n\t\t\t\t<\/div>\n\t\t\t\t<\/article>\n\t\t\t\t<article class=\"elementor-post elementor-grid-item post-499 product type-product status-publish has-post-thumbnail product_cat-lierre entry has-media first instock purchasable product-type-variable has-default-attributes has-product-nav col span_1_of_4 owp-content-center item-entry owp-thumbs-layout-horizontal owp-btn-normal owp-tabs-layout-section has-no-thumbnails\">\n\t\t\t\t<a class=\"elementor-post__thumbnail__link\" href=\"https:\/\/www.hedera-etc.com\/it\/product\/hedera-helix-brokamp\/\" tabindex=\"-1\" target=\"&quot;_blank&quot;\">\n\t\t\t<div class=\"elementor-post__thumbnail\"><img loading=\"lazy\" decoding=\"async\" width=\"300\" height=\"218\" src=\"https:\/\/www.hedera-etc.com\/wp-content\/uploads\/2023\/10\/Hedera-helix-Brokamp_2-300x218.webp\" class=\"attachment-medium size-medium wp-image-14729\" alt=\"Hedera helix &#039;Brokamp&#039;\" srcset=\"https:\/\/www.hedera-etc.com\/wp-content\/uploads\/2023\/10\/Hedera-helix-Brokamp_2-300x218.webp 300w, https:\/\/www.hedera-etc.com\/wp-content\/uploads\/2023\/10\/Hedera-helix-Brokamp_2-900x655.webp 900w, https:\/\/www.hedera-etc.com\/wp-content\/uploads\/2023\/10\/Hedera-helix-Brokamp_2-768x559.webp 768w, https:\/\/www.hedera-etc.com\/wp-content\/uploads\/2023\/10\/Hedera-helix-Brokamp_2.webp 970w\" sizes=\"(max-width: 300px) 100vw, 300px\" \/><\/div>\n\t\t<\/a>\n\t\t\t\t<div class=\"elementor-post__text\">\n\t\t\t\t<h3 class=\"elementor-post__title\">\n\t\t\t<a href=\"https:\/\/www.hedera-etc.com\/it\/product\/hedera-helix-brokamp\/\" target=\"&quot;_blank&quot;\">\n\t\t\t\t<em>Hedera helix<\/em> &lsquo;Brokamp&rsquo; &#8211; Edera ornamentale\t\t\t<\/a>\n\t\t<\/h3>\n\t\t\t\t<div class=\"elementor-post__excerpt\">\n\t\t\t<p>Foglie a forma di salice.<\/p> <p>da lanceolate a ovali, pi\u00f9 o meno appuntite all'apice, alcune strette, altre\t\t<\/div>\n\t\t\n\t\t<a class=\"elementor-post__read-more\" href=\"https:\/\/www.hedera-etc.com\/it\/product\/hedera-helix-brokamp\/\" aria-label=\"Leggi tutto Hedera helix \u2018Brokamp\u2019 \u2013 Edera ornamentale\" tabindex=\"-1\" target=\"_blank\">\n\t\t\tPer saperne di pi\u00f9 \u00bb\t\t<\/a>\n\n\t\t\t\t<\/div>\n\t\t\t\t<\/article>\n\t\t\t\t<article class=\"elementor-post elementor-grid-item post-504 product type-product status-publish has-post-thumbnail product_cat-lierre entry has-media  instock purchasable product-type-variable has-default-attributes has-product-nav col span_1_of_4 owp-content-center item-entry owp-thumbs-layout-horizontal owp-btn-normal owp-tabs-layout-section has-no-thumbnails\">\n\t\t\t\t<a class=\"elementor-post__thumbnail__link\" href=\"https:\/\/www.hedera-etc.com\/it\/product\/hedera-helix-caenwoodiana-aurea\/\" tabindex=\"-1\" target=\"&quot;_blank&quot;\">\n\t\t\t<div class=\"elementor-post__thumbnail\"><img loading=\"lazy\" decoding=\"async\" width=\"300\" height=\"226\" src=\"https:\/\/www.hedera-etc.com\/wp-content\/uploads\/2023\/10\/Hedera-helix-Caenwoodiana-Aurea_2-300x226.webp\" class=\"attachment-medium size-medium wp-image-14731\" alt=\"Hedera helix &#039;Caenwoodiana Aurea&#039;\" srcset=\"https:\/\/www.hedera-etc.com\/wp-content\/uploads\/2023\/10\/Hedera-helix-Caenwoodiana-Aurea_2-300x226.webp 300w, https:\/\/www.hedera-etc.com\/wp-content\/uploads\/2023\/10\/Hedera-helix-Caenwoodiana-Aurea_2-900x677.webp 900w, https:\/\/www.hedera-etc.com\/wp-content\/uploads\/2023\/10\/Hedera-helix-Caenwoodiana-Aurea_2-1024x770.webp 1024w, https:\/\/www.hedera-etc.com\/wp-content\/uploads\/2023\/10\/Hedera-helix-Caenwoodiana-Aurea_2-768x578.webp 768w, https:\/\/www.hedera-etc.com\/wp-content\/uploads\/2023\/10\/Hedera-helix-Caenwoodiana-Aurea_2.webp 1258w\" sizes=\"(max-width: 300px) 100vw, 300px\" \/><\/div>\n\t\t<\/a>\n\t\t\t\t<div class=\"elementor-post__text\">\n\t\t\t\t<h3 class=\"elementor-post__title\">\n\t\t\t<a href=\"https:\/\/www.hedera-etc.com\/it\/product\/hedera-helix-caenwoodiana-aurea\/\" target=\"&quot;_blank&quot;\">\n\t\t\t\t<em>Hedera helix<\/em> &lsquo;Caenwoodiana Aurea&rsquo; &#8211; Edera ornamentale\t\t\t<\/a>\n\t\t<\/h3>\n\t\t\t\t<div class=\"elementor-post__excerpt\">\n\t\t\t<p>Edera rampicante a stelo lungo.<\/p> <p>Foglie di medie dimensioni con 5 lobi stretti, screziati di giallo, che si evolvono verso la\t\t<\/div>\n\t\t\n\t\t<a class=\"elementor-post__read-more\" href=\"https:\/\/www.hedera-etc.com\/it\/product\/hedera-helix-caenwoodiana-aurea\/\" aria-label=\"Leggi tutto &lt;em&gt;Hedera helix&lt;\/em&gt; \u2018Caenwoodiana Aurea\u2019 \u2013 Edera ornamentale\" tabindex=\"-1\" target=\"_blank\">\n\t\t\tPer saperne di pi\u00f9 \u00bb\t\t<\/a>\n\n\t\t\t\t<\/div>\n\t\t\t\t<\/article>\n\t\t\t\t<article class=\"elementor-post elementor-grid-item post-508 product type-product status-publish has-post-thumbnail product_cat-lierre entry has-media  instock purchasable product-type-variable has-default-attributes has-product-nav col span_1_of_4 owp-content-center item-entry owp-thumbs-layout-horizontal owp-btn-normal owp-tabs-layout-section\">\n\t\t\t\t<a class=\"elementor-post__thumbnail__link\" href=\"https:\/\/www.hedera-etc.com\/it\/product\/hedera-helix-california-gold\/\" tabindex=\"-1\" target=\"&quot;_blank&quot;\">\n\t\t\t<div class=\"elementor-post__thumbnail\"><img loading=\"lazy\" decoding=\"async\" width=\"300\" height=\"225\" src=\"https:\/\/www.hedera-etc.com\/wp-content\/uploads\/2023\/10\/Hedera-helix-California-Gold-300x225.webp\" class=\"attachment-medium size-medium wp-image-509\" alt=\"Hedera helix &#039;California Gold&#039;\" srcset=\"https:\/\/www.hedera-etc.com\/wp-content\/uploads\/2023\/10\/Hedera-helix-California-Gold-300x225.webp 300w, https:\/\/www.hedera-etc.com\/wp-content\/uploads\/2023\/10\/Hedera-helix-California-Gold-900x675.webp 900w, https:\/\/www.hedera-etc.com\/wp-content\/uploads\/2023\/10\/Hedera-helix-California-Gold-768x576.webp 768w, https:\/\/www.hedera-etc.com\/wp-content\/uploads\/2023\/10\/Hedera-helix-California-Gold.webp 1024w\" sizes=\"(max-width: 300px) 100vw, 300px\" \/><\/div>\n\t\t<\/a>\n\t\t\t\t<div class=\"elementor-post__text\">\n\t\t\t\t<h3 class=\"elementor-post__title\">\n\t\t\t<a href=\"https:\/\/www.hedera-etc.com\/it\/product\/hedera-helix-california-gold\/\" target=\"&quot;_blank&quot;\">\n\t\t\t\t<em>Hedera helix<\/em> &lsquo;California Gold&rsquo; &#8211; Edera ornamentale\t\t\t<\/a>\n\t\t<\/h3>\n\t\t\t\t<div class=\"elementor-post__excerpt\">\n\t\t\t<p>Siamo particolarmente entusiasti del colore dei suoi giovani germogli.<\/p> <p>Fusti spessi, ben ramificati, con internodi corti, portanti\t\t<\/div>\n\t\t\n\t\t<a class=\"elementor-post__read-more\" href=\"https:\/\/www.hedera-etc.com\/it\/product\/hedera-helix-california-gold\/\" aria-label=\"Leggi tutto *Hedera helix* \u2018California Gold\u2019 \u2013 Edera ornamentale\" tabindex=\"-1\" target=\"_blank\">\n\t\t\tPer saperne di pi\u00f9 \u00bb\t\t<\/a>\n\n\t\t\t\t<\/div>\n\t\t\t\t<\/article>\n\t\t\t\t<article class=\"elementor-post elementor-grid-item post-579 product type-product status-publish has-post-thumbnail product_cat-lierre entry has-media last instock purchasable product-type-variable has-default-attributes has-product-nav col span_1_of_4 owp-content-center item-entry owp-thumbs-layout-horizontal owp-btn-normal owp-tabs-layout-section\">\n\t\t\t\t<a class=\"elementor-post__thumbnail__link\" href=\"https:\/\/www.hedera-etc.com\/it\/product\/hedera-helix-dicke-von-stauss\/\" tabindex=\"-1\" target=\"&quot;_blank&quot;\">\n\t\t\t<div class=\"elementor-post__thumbnail\"><img loading=\"lazy\" decoding=\"async\" width=\"300\" height=\"225\" src=\"https:\/\/www.hedera-etc.com\/wp-content\/uploads\/2023\/10\/Hedera-helix-Dicke-Von-Strauss-300x225.webp\" class=\"attachment-medium size-medium wp-image-580\" alt=\"Hedera helix &#039;Dicke von Stauss&#039;\" srcset=\"https:\/\/www.hedera-etc.com\/wp-content\/uploads\/2023\/10\/Hedera-helix-Dicke-Von-Strauss-300x225.webp 300w, https:\/\/www.hedera-etc.com\/wp-content\/uploads\/2023\/10\/Hedera-helix-Dicke-Von-Strauss-900x675.webp 900w, https:\/\/www.hedera-etc.com\/wp-content\/uploads\/2023\/10\/Hedera-helix-Dicke-Von-Strauss-768x576.webp 768w, https:\/\/www.hedera-etc.com\/wp-content\/uploads\/2023\/10\/Hedera-helix-Dicke-Von-Strauss.webp 1024w\" sizes=\"(max-width: 300px) 100vw, 300px\" \/><\/div>\n\t\t<\/a>\n\t\t\t\t<div class=\"elementor-post__text\">\n\t\t\t\t<h3 class=\"elementor-post__title\">\n\t\t\t<a href=\"https:\/\/www.hedera-etc.com\/it\/product\/hedera-helix-dicke-von-stauss\/\" target=\"&quot;_blank&quot;\">\n\t\t\t\t<em>Hedera helix<\/em> &lsquo;Dicke von Stauss&rsquo; &#8211; Edera ornamentale\t\t\t<\/a>\n\t\t<\/h3>\n\t\t\t\t<div class=\"elementor-post__excerpt\">\n\t\t\t<p>Nasce da una fascicolazione della cultivar \u2018Stuttgart\u2019. Crescita molto densa, quasi verticale.<\/p> <p>Foglie di medie dimensioni. Foglie giovani verde chiaro\t\t<\/div>\n\t\t\n\t\t<a class=\"elementor-post__read-more\" href=\"https:\/\/www.hedera-etc.com\/it\/product\/hedera-helix-dicke-von-stauss\/\" aria-label=\"Leggi tutto *Hedera helix* \u2018Dicke von Stauss\u2019 \u2013 Edera ornamentale\" tabindex=\"-1\" target=\"_blank\">\n\t\t\tPer saperne di pi\u00f9 \u00bb\t\t<\/a>\n\n\t\t\t\t<\/div>\n\t\t\t\t<\/article>\n\t\t\t\t<article class=\"elementor-post elementor-grid-item post-585 product type-product status-publish has-post-thumbnail product_cat-lierre entry has-media first instock purchasable product-type-variable has-default-attributes has-product-nav col span_1_of_4 owp-content-center item-entry owp-thumbs-layout-horizontal owp-btn-normal owp-tabs-layout-section\">\n\t\t\t\t<a class=\"elementor-post__thumbnail__link\" href=\"https:\/\/www.hedera-etc.com\/it\/product\/hedera-helix-donir\/\" tabindex=\"-1\" target=\"&quot;_blank&quot;\">\n\t\t\t<div class=\"elementor-post__thumbnail\"><img loading=\"lazy\" decoding=\"async\" width=\"300\" height=\"225\" src=\"https:\/\/www.hedera-etc.com\/wp-content\/uploads\/2023\/10\/Hedera-helix-Donir_2-300x225.webp\" class=\"attachment-medium size-medium wp-image-586\" alt=\"Hedera helix &#039;Donir&#039;\" srcset=\"https:\/\/www.hedera-etc.com\/wp-content\/uploads\/2023\/10\/Hedera-helix-Donir_2-300x225.webp 300w, https:\/\/www.hedera-etc.com\/wp-content\/uploads\/2023\/10\/Hedera-helix-Donir_2-768x576.webp 768w, https:\/\/www.hedera-etc.com\/wp-content\/uploads\/2023\/10\/Hedera-helix-Donir_2.webp 839w\" sizes=\"(max-width: 300px) 100vw, 300px\" \/><\/div>\n\t\t<\/a>\n\t\t\t\t<div class=\"elementor-post__text\">\n\t\t\t\t<h3 class=\"elementor-post__title\">\n\t\t\t<a href=\"https:\/\/www.hedera-etc.com\/it\/product\/hedera-helix-donir\/\" target=\"&quot;_blank&quot;\">\n\t\t\t\t<em>Hedera helix<\/em> &lsquo;Donir&rsquo; &#8211; Edera ornamentale\t\t\t<\/a>\n\t\t<\/h3>\n\t\t\t\t<div class=\"elementor-post__excerpt\">\n\t\t\t<p>Edera molto vigorosa con foglie splendidamente venate.<\/p> <p>Fogliame cordato. Foglie verde scuro con venature verde-argento.\t\t<\/div>\n\t\t\n\t\t<a class=\"elementor-post__read-more\" href=\"https:\/\/www.hedera-etc.com\/it\/product\/hedera-helix-donir\/\" aria-label=\"Leggi tutto &lt;em&gt;Hedera helix&lt;\/em&gt; \u2018Donir\u2019 \u2013 Edera da ornamento\" tabindex=\"-1\" target=\"_blank\">\n\t\t\tPer saperne di pi\u00f9 \u00bb\t\t<\/a>\n\n\t\t\t\t<\/div>\n\t\t\t\t<\/article>\n\t\t\t\t<article class=\"elementor-post elementor-grid-item post-595 product type-product status-publish has-post-thumbnail product_cat-lierre entry has-media  instock purchasable product-type-variable has-default-attributes has-product-nav col span_1_of_4 owp-content-center item-entry owp-thumbs-layout-horizontal owp-btn-normal owp-tabs-layout-section\">\n\t\t\t\t<a class=\"elementor-post__thumbnail__link\" href=\"https:\/\/www.hedera-etc.com\/it\/product\/hedera-helix-dragon-claw\/\" tabindex=\"-1\" target=\"&quot;_blank&quot;\">\n\t\t\t<div class=\"elementor-post__thumbnail\"><img loading=\"lazy\" decoding=\"async\" width=\"300\" height=\"225\" src=\"https:\/\/www.hedera-etc.com\/wp-content\/uploads\/2023\/10\/Hedera-helix-Dragon-Claw-300x225.webp\" class=\"attachment-medium size-medium wp-image-596\" alt=\"Hedera helix &#039;Dragon Claw&#039;\" srcset=\"https:\/\/www.hedera-etc.com\/wp-content\/uploads\/2023\/10\/Hedera-helix-Dragon-Claw-300x225.webp 300w, https:\/\/www.hedera-etc.com\/wp-content\/uploads\/2023\/10\/Hedera-helix-Dragon-Claw-900x675.webp 900w, https:\/\/www.hedera-etc.com\/wp-content\/uploads\/2023\/10\/Hedera-helix-Dragon-Claw-768x576.webp 768w, https:\/\/www.hedera-etc.com\/wp-content\/uploads\/2023\/10\/Hedera-helix-Dragon-Claw.webp 1024w\" sizes=\"(max-width: 300px) 100vw, 300px\" \/><\/div>\n\t\t<\/a>\n\t\t\t\t<div class=\"elementor-post__text\">\n\t\t\t\t<h3 class=\"elementor-post__title\">\n\t\t\t<a href=\"https:\/\/www.hedera-etc.com\/it\/product\/hedera-helix-dragon-claw\/\" target=\"&quot;_blank&quot;\">\n\t\t\t\t<em>Hedera helix<\/em> &lsquo;Dragon Claw&rsquo; &#8211; Edera ornamentale\t\t\t<\/a>\n\t\t<\/h3>\n\t\t\t\t<div class=\"elementor-post__excerpt\">\n\t\t\t<p>Ha foglie larghe e fortemente ondulate con lunghi piccioli.<\/p> <p>Foglie con 5 lobi appuntiti, scurvi e contorti.\t\t<\/div>\n\t\t\n\t\t<a class=\"elementor-post__read-more\" href=\"https:\/\/www.hedera-etc.com\/it\/product\/hedera-helix-dragon-claw\/\" aria-label=\"Leggi tutto *Hedera helix* \u2018Dragon Claw\u2019 \u2013 Edera ornamentale\" tabindex=\"-1\" target=\"_blank\">\n\t\t\tPer saperne di pi\u00f9 \u00bb\t\t<\/a>\n\n\t\t\t\t<\/div>\n\t\t\t\t<\/article>\n\t\t\t\t<article class=\"elementor-post elementor-grid-item post-602 product type-product status-publish has-post-thumbnail product_cat-lierre entry has-media  instock purchasable product-type-variable has-default-attributes has-product-nav col span_1_of_4 owp-content-center item-entry owp-thumbs-layout-horizontal owp-btn-normal owp-tabs-layout-section\">\n\t\t\t\t<a class=\"elementor-post__thumbnail__link\" href=\"https:\/\/www.hedera-etc.com\/it\/product\/hedera-helix-dyinnii\/\" tabindex=\"-1\" target=\"&quot;_blank&quot;\">\n\t\t\t<div class=\"elementor-post__thumbnail\"><img loading=\"lazy\" decoding=\"async\" width=\"300\" height=\"225\" src=\"https:\/\/www.hedera-etc.com\/wp-content\/uploads\/2023\/10\/Hedera-helix-Dyinni_2-300x225.webp\" class=\"attachment-medium size-medium wp-image-14657\" alt=\"Hedera helix &#039;Dyinni&#039;\" srcset=\"https:\/\/www.hedera-etc.com\/wp-content\/uploads\/2023\/10\/Hedera-helix-Dyinni_2-300x225.webp 300w, https:\/\/www.hedera-etc.com\/wp-content\/uploads\/2023\/10\/Hedera-helix-Dyinni_2-768x576.webp 768w, https:\/\/www.hedera-etc.com\/wp-content\/uploads\/2023\/10\/Hedera-helix-Dyinni_2.webp 900w\" sizes=\"(max-width: 300px) 100vw, 300px\" \/><\/div>\n\t\t<\/a>\n\t\t\t\t<div class=\"elementor-post__text\">\n\t\t\t\t<h3 class=\"elementor-post__title\">\n\t\t\t<a href=\"https:\/\/www.hedera-etc.com\/it\/product\/hedera-helix-dyinnii\/\" target=\"&quot;_blank&quot;\">\n\t\t\t\t<em>Hedera helix<\/em> &lsquo;Dyinnii&rsquo; &#8211; Edera ornamentale\t\t\t<\/a>\n\t\t<\/h3>\n\t\t\t\t<div class=\"elementor-post__excerpt\">\n\t\t\t<p>Fusti lunghi e vigorosi con foglie in miniatura.<\/p> <p>Foglie con 3 lobi rivolti in avanti. Lobo centrale delle foglie a due\t\t<\/div>\n\t\t\n\t\t<a class=\"elementor-post__read-more\" href=\"https:\/\/www.hedera-etc.com\/it\/product\/hedera-helix-dyinnii\/\" aria-label=\"Leggi tutto &lt;em&gt;Hedera helix&lt;\/em&gt; \u2018Dyinnii\u2019 \u2013 Edera ornamentale\" tabindex=\"-1\" target=\"_blank\">\n\t\t\tPer saperne di pi\u00f9 \u00bb\t\t<\/a>\n\n\t\t\t\t<\/div>\n\t\t\t\t<\/article>\n\t\t\t\t<article class=\"elementor-post elementor-grid-item post-609 product type-product status-publish has-post-thumbnail product_cat-lierre entry has-media last instock purchasable product-type-variable has-default-attributes has-product-nav col span_1_of_4 owp-content-center item-entry owp-thumbs-layout-horizontal owp-btn-normal owp-tabs-layout-section\">\n\t\t\t\t<a class=\"elementor-post__thumbnail__link\" href=\"https:\/\/www.hedera-etc.com\/it\/product\/hedera-helix-dwarf-knight\/\" tabindex=\"-1\" target=\"&quot;_blank&quot;\">\n\t\t\t<div class=\"elementor-post__thumbnail\"><img loading=\"lazy\" decoding=\"async\" width=\"300\" height=\"225\" src=\"https:\/\/www.hedera-etc.com\/wp-content\/uploads\/2023\/10\/Hedera-helix-Dwarf-Knight-300x225.webp\" class=\"attachment-medium size-medium wp-image-610\" alt=\"Hedera helix &#039;Cavaliere nano&#039;\" srcset=\"https:\/\/www.hedera-etc.com\/wp-content\/uploads\/2023\/10\/Hedera-helix-Dwarf-Knight-300x225.webp 300w, https:\/\/www.hedera-etc.com\/wp-content\/uploads\/2023\/10\/Hedera-helix-Dwarf-Knight-900x675.webp 900w, https:\/\/www.hedera-etc.com\/wp-content\/uploads\/2023\/10\/Hedera-helix-Dwarf-Knight-768x576.webp 768w, https:\/\/www.hedera-etc.com\/wp-content\/uploads\/2023\/10\/Hedera-helix-Dwarf-Knight.webp 1024w\" sizes=\"(max-width: 300px) 100vw, 300px\" \/><\/div>\n\t\t<\/a>\n\t\t\t\t<div class=\"elementor-post__text\">\n\t\t\t\t<h3 class=\"elementor-post__title\">\n\t\t\t<a href=\"https:\/\/www.hedera-etc.com\/it\/product\/hedera-helix-dwarf-knight\/\" target=\"&quot;_blank&quot;\">\n\t\t\t\t<em>Hedera helix<\/em> &lsquo;Dwarf Knight&rsquo; &#8211; Edera ornamentale\t\t\t<\/a>\n\t\t<\/h3>\n\t\t\t\t<div class=\"elementor-post__excerpt\">\n\t\t\t<p>Edera originale che forma un piccolo cumulo simile al basilico.<\/p> <p>Foglie unlobate, lanceolate, a forma di coppa rovesciata.\t\t<\/div>\n\t\t\n\t\t<a class=\"elementor-post__read-more\" href=\"https:\/\/www.hedera-etc.com\/it\/product\/hedera-helix-dwarf-knight\/\" aria-label=\"Read all &lt;em&gt;Hedera helix&lt;\/em&gt; \u2018Dwarf Knight\u2019 \u2013 Ornamental Ivy\" tabindex=\"-1\" target=\"_blank\">\n\t\t\tPer saperne di pi\u00f9 \u00bb\t\t<\/a>\n\n\t\t\t\t<\/div>\n\t\t\t\t<\/article>\n\t\t\t\t<article class=\"elementor-post elementor-grid-item post-616 product type-product status-publish has-post-thumbnail product_cat-lierre entry has-media first instock purchasable product-type-variable has-default-attributes has-product-nav col span_1_of_4 owp-content-center item-entry owp-thumbs-layout-horizontal owp-btn-normal owp-tabs-layout-section\">\n\t\t\t\t<a class=\"elementor-post__thumbnail__link\" href=\"https:\/\/www.hedera-etc.com\/it\/product\/hedera-helix-elfenbein\/\" tabindex=\"-1\" target=\"&quot;_blank&quot;\">\n\t\t\t<div class=\"elementor-post__thumbnail\"><img loading=\"lazy\" decoding=\"async\" width=\"300\" height=\"226\" src=\"https:\/\/www.hedera-etc.com\/wp-content\/uploads\/2023\/10\/Hedera-helix-Elfenbein_3-300x226.webp\" class=\"attachment-medium size-medium wp-image-11814\" alt=\"Hedera helix &#039;Elfenbein&#039; (Elfenbein)&#039;\" srcset=\"https:\/\/www.hedera-etc.com\/wp-content\/uploads\/2023\/10\/Hedera-helix-Elfenbein_3-300x226.webp 300w, https:\/\/www.hedera-etc.com\/wp-content\/uploads\/2023\/10\/Hedera-helix-Elfenbein_3-900x677.webp 900w, https:\/\/www.hedera-etc.com\/wp-content\/uploads\/2023\/10\/Hedera-helix-Elfenbein_3-1024x770.webp 1024w, https:\/\/www.hedera-etc.com\/wp-content\/uploads\/2023\/10\/Hedera-helix-Elfenbein_3-768x577.webp 768w, https:\/\/www.hedera-etc.com\/wp-content\/uploads\/2023\/10\/Hedera-helix-Elfenbein_3-1536x1155.webp 1536w, https:\/\/www.hedera-etc.com\/wp-content\/uploads\/2023\/10\/Hedera-helix-Elfenbein_3-1320x992.webp 1320w, https:\/\/www.hedera-etc.com\/wp-content\/uploads\/2023\/10\/Hedera-helix-Elfenbein_3.webp 1600w\" sizes=\"(max-width: 300px) 100vw, 300px\" \/><\/div>\n\t\t<\/a>\n\t\t\t\t<div class=\"elementor-post__text\">\n\t\t\t\t<h3 class=\"elementor-post__title\">\n\t\t\t<a href=\"https:\/\/www.hedera-etc.com\/it\/product\/hedera-helix-elfenbein\/\" target=\"&quot;_blank&quot;\">\n\t\t\t\t<em>Hedera helix<\/em> &lsquo;Elfenbein&rsquo; &#8211; Edera ornamentale\t\t\t<\/a>\n\t\t<\/h3>\n\t\t\t\t<div class=\"elementor-post__excerpt\">\n\t\t\t<p>Belle foglie con margini arricciati.<\/p> <p>Le foglie possono essere arrotondate o composte da 3-5 lobi. Lama grigio-verde\t\t<\/div>\n\t\t\n\t\t<a class=\"elementor-post__read-more\" href=\"https:\/\/www.hedera-etc.com\/it\/product\/hedera-helix-elfenbein\/\" aria-label=\"Leggi tutto *Hedera helix* \u2018Elfenbein\u2019 \u2013 Edera ornamentale\" tabindex=\"-1\" target=\"_blank\">\n\t\t\tPer saperne di pi\u00f9 \u00bb\t\t<\/a>\n\n\t\t\t\t<\/div>\n\t\t\t\t<\/article>\n\t\t\t\t<article class=\"elementor-post elementor-grid-item post-622 product type-product status-publish has-post-thumbnail product_cat-lierre entry has-media  instock purchasable product-type-variable has-default-attributes has-product-nav col span_1_of_4 owp-content-center item-entry owp-thumbs-layout-horizontal owp-btn-normal owp-tabs-layout-section has-no-thumbnails\">\n\t\t\t\t<a class=\"elementor-post__thumbnail__link\" href=\"https:\/\/www.hedera-etc.com\/it\/product\/hedera-helix-emerald-globe\/\" tabindex=\"-1\" target=\"&quot;_blank&quot;\">\n\t\t\t<div class=\"elementor-post__thumbnail\"><img loading=\"lazy\" decoding=\"async\" width=\"300\" height=\"225\" src=\"https:\/\/www.hedera-etc.com\/wp-content\/uploads\/2023\/10\/Hedera-helix-Emerald-Globe-300x225.webp\" class=\"attachment-medium size-medium wp-image-623\" alt=\"Hedera helix &#039;Emerald Globe&#039;\" srcset=\"https:\/\/www.hedera-etc.com\/wp-content\/uploads\/2023\/10\/Hedera-helix-Emerald-Globe-300x225.webp 300w, https:\/\/www.hedera-etc.com\/wp-content\/uploads\/2023\/10\/Hedera-helix-Emerald-Globe-768x576.webp 768w, https:\/\/www.hedera-etc.com\/wp-content\/uploads\/2023\/10\/Hedera-helix-Emerald-Globe.webp 839w\" sizes=\"(max-width: 300px) 100vw, 300px\" \/><\/div>\n\t\t<\/a>\n\t\t\t\t<div class=\"elementor-post__text\">\n\t\t\t\t<h3 class=\"elementor-post__title\">\n\t\t\t<a href=\"https:\/\/www.hedera-etc.com\/it\/product\/hedera-helix-emerald-globe\/\" target=\"&quot;_blank&quot;\">\n\t\t\t\t<em>Hedera helix<\/em> &lsquo;Emerald Globe&rsquo; &#8211; Edera ornamentale\t\t\t<\/a>\n\t\t<\/h3>\n\t\t\t\t<div class=\"elementor-post__excerpt\">\n\t\t\t<p>Forma un ciuffo compatto, semi-eretto o a gradoni.<\/p> <p>Fusti spessi, ben ramificati e fasciate. Foglie asimmetriche a 3 lobi.\t\t<\/div>\n\t\t\n\t\t<a class=\"elementor-post__read-more\" href=\"https:\/\/www.hedera-etc.com\/it\/product\/hedera-helix-emerald-globe\/\" aria-label=\"Leggi tutto *Hedera helix* \u2018Emerald Globe\u2019 \u2013 Edera ornamentale\" tabindex=\"-1\" target=\"_blank\">\n\t\t\tPer saperne di pi\u00f9 \u00bb\t\t<\/a>\n\n\t\t\t\t<\/div>\n\t\t\t\t<\/article>\n\t\t\t\t<article class=\"elementor-post elementor-grid-item post-626 product type-product status-publish has-post-thumbnail product_cat-lierre entry has-media  instock purchasable product-type-variable has-default-attributes has-product-nav col span_1_of_4 owp-content-center item-entry owp-thumbs-layout-horizontal owp-btn-normal owp-tabs-layout-section\">\n\t\t\t\t<a class=\"elementor-post__thumbnail__link\" href=\"https:\/\/www.hedera-etc.com\/it\/product\/hedera-helix-eva\/\" tabindex=\"-1\" target=\"&quot;_blank&quot;\">\n\t\t\t<div class=\"elementor-post__thumbnail\"><img loading=\"lazy\" decoding=\"async\" width=\"300\" height=\"225\" src=\"https:\/\/www.hedera-etc.com\/wp-content\/uploads\/2023\/10\/Hedera-helix-Eva-300x225.webp\" class=\"attachment-medium size-medium wp-image-627\" alt=\"Hedera helix &#039;Eva&#039;\" srcset=\"https:\/\/www.hedera-etc.com\/wp-content\/uploads\/2023\/10\/Hedera-helix-Eva-300x225.webp 300w, https:\/\/www.hedera-etc.com\/wp-content\/uploads\/2023\/10\/Hedera-helix-Eva-768x576.webp 768w, https:\/\/www.hedera-etc.com\/wp-content\/uploads\/2023\/10\/Hedera-helix-Eva.webp 800w\" sizes=\"(max-width: 300px) 100vw, 300px\" \/><\/div>\n\t\t<\/a>\n\t\t\t\t<div class=\"elementor-post__text\">\n\t\t\t\t<h3 class=\"elementor-post__title\">\n\t\t\t<a href=\"https:\/\/www.hedera-etc.com\/it\/product\/hedera-helix-eva\/\" target=\"&quot;_blank&quot;\">\n\t\t\t\t<em>Hedera helix<\/em> &lsquo;Eva&rsquo; &#8211; Edera ornamentale\t\t\t<\/a>\n\t\t<\/h3>\n\t\t\t\t<div class=\"elementor-post__excerpt\">\n\t\t\t<p>Edera rampicante compatta, ramificata e variegata.<\/p> <p>Foglie con 3 lobi appuntiti, o talvolta 5\t\t<\/div>\n\t\t\n\t\t<a class=\"elementor-post__read-more\" href=\"https:\/\/www.hedera-etc.com\/it\/product\/hedera-helix-eva\/\" aria-label=\"Leggi tutto &lt;em&gt;Hedera helix&lt;\/em&gt; \u2018Eva\u2019 \u2013 Edera ornamentale\" tabindex=\"-1\" target=\"_blank\">\n\t\t\tPer saperne di pi\u00f9 \u00bb\t\t<\/a>\n\n\t\t\t\t<\/div>\n\t\t\t\t<\/article>\n\t\t\t\t<article class=\"elementor-post elementor-grid-item post-632 product type-product status-publish has-post-thumbnail product_cat-lierre entry has-media last instock purchasable product-type-variable has-default-attributes has-product-nav col span_1_of_4 owp-content-center item-entry owp-thumbs-layout-horizontal owp-btn-normal owp-tabs-layout-section\">\n\t\t\t\t<a class=\"elementor-post__thumbnail__link\" href=\"https:\/\/www.hedera-etc.com\/it\/product\/hedera-helix-evergreen\/\" tabindex=\"-1\" target=\"&quot;_blank&quot;\">\n\t\t\t<div class=\"elementor-post__thumbnail\"><img loading=\"lazy\" decoding=\"async\" width=\"300\" height=\"225\" src=\"https:\/\/www.hedera-etc.com\/wp-content\/uploads\/2023\/10\/Hedera-helix-Evergreen-300x225.webp\" class=\"attachment-medium size-medium wp-image-633\" alt=\"Hedera helix &#039;Evergreen&#039;\" srcset=\"https:\/\/www.hedera-etc.com\/wp-content\/uploads\/2023\/10\/Hedera-helix-Evergreen-300x225.webp 300w, https:\/\/www.hedera-etc.com\/wp-content\/uploads\/2023\/10\/Hedera-helix-Evergreen-768x576.webp 768w, https:\/\/www.hedera-etc.com\/wp-content\/uploads\/2023\/10\/Hedera-helix-Evergreen.webp 800w\" sizes=\"(max-width: 300px) 100vw, 300px\" \/><\/div>\n\t\t<\/a>\n\t\t\t\t<div class=\"elementor-post__text\">\n\t\t\t\t<h3 class=\"elementor-post__title\">\n\t\t\t<a href=\"https:\/\/www.hedera-etc.com\/it\/product\/hedera-helix-evergreen\/\" target=\"&quot;_blank&quot;\">\n\t\t\t\t<em>Hedera helix<\/em> &lsquo;Evergreen&rsquo; &#8211; Edera ornamentale\t\t\t<\/a>\n\t\t<\/h3>\n\t\t\t\t<div class=\"elementor-post__excerpt\">\n\t\t\t<p>Una pianta di copertura molto bella, con foglie fini e affusolate.<\/p> <p>Foglie generalmente non lobate, lineari o talvolta trilobate. Fogliame\t\t<\/div>\n\t\t\n\t\t<a class=\"elementor-post__read-more\" href=\"https:\/\/www.hedera-etc.com\/it\/product\/hedera-helix-evergreen\/\" aria-label=\"Leggi tutto Hedera helix \u2018Evergreen\u2019 \u2013 Edera ornamentale\" tabindex=\"-1\" target=\"_blank\">\n\t\t\tPer saperne di pi\u00f9 \u00bb\t\t<\/a>\n\n\t\t\t\t<\/div>\n\t\t\t\t<\/article>\n\t\t\t\t<article class=\"elementor-post elementor-grid-item post-638 product type-product status-publish has-post-thumbnail product_cat-lierre entry has-media first instock purchasable product-type-variable has-default-attributes has-product-nav col span_1_of_4 owp-content-center item-entry owp-thumbs-layout-horizontal owp-btn-normal owp-tabs-layout-section\">\n\t\t\t\t<a class=\"elementor-post__thumbnail__link\" href=\"https:\/\/www.hedera-etc.com\/it\/product\/hedera-helix-fandango\/\" tabindex=\"-1\" target=\"&quot;_blank&quot;\">\n\t\t\t<div class=\"elementor-post__thumbnail\"><img loading=\"lazy\" decoding=\"async\" width=\"300\" height=\"225\" src=\"https:\/\/www.hedera-etc.com\/wp-content\/uploads\/2023\/10\/Hedera-helix-Fandango-300x225.webp\" class=\"attachment-medium size-medium wp-image-639\" alt=\"Hedera helix &#039;Fandango&#039;\" srcset=\"https:\/\/www.hedera-etc.com\/wp-content\/uploads\/2023\/10\/Hedera-helix-Fandango-300x225.webp 300w, https:\/\/www.hedera-etc.com\/wp-content\/uploads\/2023\/10\/Hedera-helix-Fandango-900x675.webp 900w, https:\/\/www.hedera-etc.com\/wp-content\/uploads\/2023\/10\/Hedera-helix-Fandango-768x576.webp 768w, https:\/\/www.hedera-etc.com\/wp-content\/uploads\/2023\/10\/Hedera-helix-Fandango.webp 1024w\" sizes=\"(max-width: 300px) 100vw, 300px\" \/><\/div>\n\t\t<\/a>\n\t\t\t\t<div class=\"elementor-post__text\">\n\t\t\t\t<h3 class=\"elementor-post__title\">\n\t\t\t<a href=\"https:\/\/www.hedera-etc.com\/it\/product\/hedera-helix-fandango\/\" target=\"&quot;_blank&quot;\">\n\t\t\t\t<em>Hedera helix<\/em> &lsquo;Fandango&rsquo; &#8211; Edera ornamentale\t\t\t<\/a>\n\t\t<\/h3>\n\t\t\t\t<div class=\"elementor-post__excerpt\">\n\t\t\t<p>Variet\u00e0 coprisuolo con buona ramificazione.<\/p> <p>Foglie con cinque o sette lobi appuntiti rivolti in avanti. Lobo terminale a due\t\t<\/div>\n\t\t\n\t\t<a class=\"elementor-post__read-more\" href=\"https:\/\/www.hedera-etc.com\/it\/product\/hedera-helix-fandango\/\" aria-label=\"Leggi tutto &lt;em&gt;Hedera helix&lt;\/em&gt; \u2018Fandango\u2019 \u2013 Lierre d\u2019ornement\" tabindex=\"-1\" target=\"_blank\">\n\t\t\tPer saperne di pi\u00f9 \u00bb\t\t<\/a>\n\n\t\t\t\t<\/div>\n\t\t\t\t<\/article>\n\t\t\t\t<article class=\"elementor-post elementor-grid-item post-645 product type-product status-publish has-post-thumbnail product_cat-lierre entry has-media  instock purchasable product-type-variable has-default-attributes has-product-nav col span_1_of_4 owp-content-center item-entry owp-thumbs-layout-horizontal owp-btn-normal owp-tabs-layout-section\">\n\t\t\t\t<a class=\"elementor-post__thumbnail__link\" href=\"https:\/\/www.hedera-etc.com\/it\/product\/hedera-helix-fantasia\/\" tabindex=\"-1\" target=\"&quot;_blank&quot;\">\n\t\t\t<div class=\"elementor-post__thumbnail\"><img loading=\"lazy\" decoding=\"async\" width=\"300\" height=\"225\" src=\"https:\/\/www.hedera-etc.com\/wp-content\/uploads\/2023\/10\/Hedera-helix-Fantasia-300x225.webp\" class=\"attachment-medium size-medium wp-image-646\" alt=\"Hedera helix &#039;Fantasia&#039;\" srcset=\"https:\/\/www.hedera-etc.com\/wp-content\/uploads\/2023\/10\/Hedera-helix-Fantasia-300x225.webp 300w, https:\/\/www.hedera-etc.com\/wp-content\/uploads\/2023\/10\/Hedera-helix-Fantasia-768x576.webp 768w, https:\/\/www.hedera-etc.com\/wp-content\/uploads\/2023\/10\/Hedera-helix-Fantasia.webp 839w\" sizes=\"(max-width: 300px) 100vw, 300px\" \/><\/div>\n\t\t<\/a>\n\t\t\t\t<div class=\"elementor-post__text\">\n\t\t\t\t<h3 class=\"elementor-post__title\">\n\t\t\t<a href=\"https:\/\/www.hedera-etc.com\/it\/product\/hedera-helix-fantasia\/\" target=\"&quot;_blank&quot;\">\n\t\t\t\t<em>Hedera helix<\/em> &lsquo;Fantasia&rsquo; &#8211; Edera ornamentale\t\t\t<\/a>\n\t\t<\/h3>\n\t\t\t\t<div class=\"elementor-post__excerpt\">\n\t\t\t<p>Edera elegante con una sottile variegatura.<\/p> <p>Foglie con 3-5 lobi ben definiti. Base delle foglie cordata.\t\t<\/div>\n\t\t\n\t\t<a class=\"elementor-post__read-more\" href=\"https:\/\/www.hedera-etc.com\/it\/product\/hedera-helix-fantasia\/\" aria-label=\"Leggi tutto &lt;em&gt;Hedera helix&lt;\/em&gt; \u2018Fantasia\u2019 \u2013 Edera ornamentale\" tabindex=\"-1\" target=\"_blank\">\n\t\t\tPer saperne di pi\u00f9 \u00bb\t\t<\/a>\n\n\t\t\t\t<\/div>\n\t\t\t\t<\/article>\n\t\t\t\t<article class=\"elementor-post elementor-grid-item post-652 product type-product status-publish has-post-thumbnail product_cat-lierre entry has-media  instock purchasable product-type-variable has-default-attributes has-product-nav col span_1_of_4 owp-content-center item-entry owp-thumbs-layout-horizontal owp-btn-normal owp-tabs-layout-section\">\n\t\t\t\t<a class=\"elementor-post__thumbnail__link\" href=\"https:\/\/www.hedera-etc.com\/it\/product\/hedera-helix-filigran\/\" tabindex=\"-1\" target=\"&quot;_blank&quot;\">\n\t\t\t<div class=\"elementor-post__thumbnail\"><img loading=\"lazy\" decoding=\"async\" width=\"300\" height=\"225\" src=\"https:\/\/www.hedera-etc.com\/wp-content\/uploads\/2023\/10\/Hedera-helix-Filigran-300x225.webp\" class=\"attachment-medium size-medium wp-image-653\" alt=\"Hedera helix &#039;Filigran&#039;\" srcset=\"https:\/\/www.hedera-etc.com\/wp-content\/uploads\/2023\/10\/Hedera-helix-Filigran-300x225.webp 300w, https:\/\/www.hedera-etc.com\/wp-content\/uploads\/2023\/10\/Hedera-helix-Filigran-768x575.webp 768w, https:\/\/www.hedera-etc.com\/wp-content\/uploads\/2023\/10\/Hedera-helix-Filigran.webp 800w\" sizes=\"(max-width: 300px) 100vw, 300px\" \/><\/div>\n\t\t<\/a>\n\t\t\t\t<div class=\"elementor-post__text\">\n\t\t\t\t<h3 class=\"elementor-post__title\">\n\t\t\t<a href=\"https:\/\/www.hedera-etc.com\/it\/product\/hedera-helix-filigran\/\" target=\"&quot;_blank&quot;\">\n\t\t\t\t<em>Hedera helix<\/em> &lsquo;Filigran&rsquo; &#8211; Edera ornamentale\t\t\t<\/a>\n\t\t<\/h3>\n\t\t\t\t<div class=\"elementor-post__excerpt\">\n\t\t\t<p>Un'edera molto originale che per certi versi assomiglia al prezzemolo riccio.<\/p> <p>Foglie verdi, fortemente rugose, composte di\t\t<\/div>\n\t\t\n\t\t<a class=\"elementor-post__read-more\" href=\"https:\/\/www.hedera-etc.com\/it\/product\/hedera-helix-filigran\/\" aria-label=\"Leggi tutto &lt;em&gt;Hedera helix&lt;\/em&gt; \u2018Filigran\u2019 \u2013 Edera ornamentale\" tabindex=\"-1\" target=\"_blank\">\n\t\t\tPer saperne di pi\u00f9 \u00bb\t\t<\/a>\n\n\t\t\t\t<\/div>\n\t\t\t\t<\/article>\n\t\t\t\t<article class=\"elementor-post elementor-grid-item post-657 product type-product status-publish has-post-thumbnail product_cat-lierre entry has-media last instock purchasable product-type-variable has-default-attributes has-product-nav col span_1_of_4 owp-content-center item-entry owp-thumbs-layout-horizontal owp-btn-normal owp-tabs-layout-section\">\n\t\t\t\t<a class=\"elementor-post__thumbnail__link\" href=\"https:\/\/www.hedera-etc.com\/it\/product\/hedera-helix-forking-hell\/\" tabindex=\"-1\" target=\"&quot;_blank&quot;\">\n\t\t\t<div class=\"elementor-post__thumbnail\"><img loading=\"lazy\" decoding=\"async\" width=\"300\" height=\"225\" src=\"https:\/\/www.hedera-etc.com\/wp-content\/uploads\/2023\/10\/Hedera-helix-Forking-hell-300x225.webp\" class=\"attachment-medium size-medium wp-image-658\" alt=\"Hedera helix &#039;Forking hell&#039;\" srcset=\"https:\/\/www.hedera-etc.com\/wp-content\/uploads\/2023\/10\/Hedera-helix-Forking-hell-300x225.webp 300w, https:\/\/www.hedera-etc.com\/wp-content\/uploads\/2023\/10\/Hedera-helix-Forking-hell-900x675.webp 900w, https:\/\/www.hedera-etc.com\/wp-content\/uploads\/2023\/10\/Hedera-helix-Forking-hell-768x576.webp 768w, https:\/\/www.hedera-etc.com\/wp-content\/uploads\/2023\/10\/Hedera-helix-Forking-hell.webp 1024w\" sizes=\"(max-width: 300px) 100vw, 300px\" \/><\/div>\n\t\t<\/a>\n\t\t\t\t<div class=\"elementor-post__text\">\n\t\t\t\t<h3 class=\"elementor-post__title\">\n\t\t\t<a href=\"https:\/\/www.hedera-etc.com\/it\/product\/hedera-helix-forking-hell\/\" target=\"&quot;_blank&quot;\">\n\t\t\t\t<em>Hedera helix<\/em> &lsquo;Forking hell&rsquo; &#8211; Edera ornamentale\t\t\t<\/a>\n\t\t<\/h3>\n\t\t\t\t<div class=\"elementor-post__excerpt\">\n\t\t\t<p>Si distingue per le sue splendide venature argentate.<\/p> <p>Foglie di colore verde scuro, che fanno risaltare le venature. Lama composta\t\t<\/div>\n\t\t\n\t\t<a class=\"elementor-post__read-more\" href=\"https:\/\/www.hedera-etc.com\/it\/product\/hedera-helix-forking-hell\/\" aria-label=\"Leggi tutto *Hedera helix* \u2018Forking hell\u2019 \u2013 Edera ornamentale\" tabindex=\"-1\" target=\"_blank\">\n\t\t\tPer saperne di pi\u00f9 \u00bb\t\t<\/a>\n\n\t\t\t\t<\/div>\n\t\t\t\t<\/article>\n\t\t\t\t<article class=\"elementor-post elementor-grid-item post-662 product type-product status-publish has-post-thumbnail product_cat-lierre entry has-media first instock purchasable product-type-variable has-default-attributes has-product-nav col span_1_of_4 owp-content-center item-entry owp-thumbs-layout-horizontal owp-btn-normal owp-tabs-layout-section\">\n\t\t\t\t<a class=\"elementor-post__thumbnail__link\" href=\"https:\/\/www.hedera-etc.com\/it\/product\/hedera-helix-francis\/\" tabindex=\"-1\" target=\"&quot;_blank&quot;\">\n\t\t\t<div class=\"elementor-post__thumbnail\"><img loading=\"lazy\" decoding=\"async\" width=\"300\" height=\"225\" src=\"https:\/\/www.hedera-etc.com\/wp-content\/uploads\/2023\/10\/Hedera-helix-Francis-300x225.webp\" class=\"attachment-medium size-medium wp-image-663\" alt=\"Hedera helix &#039;Francis&#039;\" srcset=\"https:\/\/www.hedera-etc.com\/wp-content\/uploads\/2023\/10\/Hedera-helix-Francis-300x225.webp 300w, https:\/\/www.hedera-etc.com\/wp-content\/uploads\/2023\/10\/Hedera-helix-Francis-900x675.webp 900w, https:\/\/www.hedera-etc.com\/wp-content\/uploads\/2023\/10\/Hedera-helix-Francis-768x576.webp 768w, https:\/\/www.hedera-etc.com\/wp-content\/uploads\/2023\/10\/Hedera-helix-Francis.webp 1024w\" sizes=\"(max-width: 300px) 100vw, 300px\" \/><\/div>\n\t\t<\/a>\n\t\t\t\t<div class=\"elementor-post__text\">\n\t\t\t\t<h3 class=\"elementor-post__title\">\n\t\t\t<a href=\"https:\/\/www.hedera-etc.com\/it\/product\/hedera-helix-francis\/\" target=\"&quot;_blank&quot;\">\n\t\t\t\t<em>Hedera helix<\/em> &lsquo;Francis&rsquo; &#8211; Edera ornamentale\t\t\t<\/a>\n\t\t<\/h3>\n\t\t\t\t<div class=\"elementor-post__excerpt\">\n\t\t\t<p>Edera dal portamento compatto e con una buona auto-ramificazione.<\/p> <p>Foglia di 6-7 cm con venature sublimi e particolari. Composta da 5\t\t<\/div>\n\t\t\n\t\t<a class=\"elementor-post__read-more\" href=\"https:\/\/www.hedera-etc.com\/it\/product\/hedera-helix-francis\/\" aria-label=\"Leggi tutto &lt;em&gt;Hedera helix&lt;\/em&gt; \u2018Francis\u2019 \u2013 Edera ornamentale\" tabindex=\"-1\" target=\"_blank\">\n\t\t\tPer saperne di pi\u00f9 \u00bb\t\t<\/a>\n\n\t\t\t\t<\/div>\n\t\t\t\t<\/article>\n\t\t\t\t<article class=\"elementor-post elementor-grid-item post-667 product type-product status-publish has-post-thumbnail product_cat-lierre entry has-media  instock purchasable product-type-variable has-default-attributes has-product-nav col span_1_of_4 owp-content-center item-entry owp-thumbs-layout-horizontal owp-btn-normal owp-tabs-layout-section\">\n\t\t\t\t<a class=\"elementor-post__thumbnail__link\" href=\"https:\/\/www.hedera-etc.com\/it\/product\/hedera-helix-frizzle\/\" tabindex=\"-1\" target=\"&quot;_blank&quot;\">\n\t\t\t<div class=\"elementor-post__thumbnail\"><img loading=\"lazy\" decoding=\"async\" width=\"300\" height=\"225\" src=\"https:\/\/www.hedera-etc.com\/wp-content\/uploads\/2023\/10\/Hedera-helix-Frizzle_2-300x225.webp\" class=\"attachment-medium size-medium wp-image-668\" alt=\"Hedera helix &#039;Frizzle&#039;\" srcset=\"https:\/\/www.hedera-etc.com\/wp-content\/uploads\/2023\/10\/Hedera-helix-Frizzle_2-300x225.webp 300w, https:\/\/www.hedera-etc.com\/wp-content\/uploads\/2023\/10\/Hedera-helix-Frizzle_2-900x675.webp 900w, https:\/\/www.hedera-etc.com\/wp-content\/uploads\/2023\/10\/Hedera-helix-Frizzle_2-768x576.webp 768w, https:\/\/www.hedera-etc.com\/wp-content\/uploads\/2023\/10\/Hedera-helix-Frizzle_2.webp 1024w\" sizes=\"(max-width: 300px) 100vw, 300px\" \/><\/div>\n\t\t<\/a>\n\t\t\t\t<div class=\"elementor-post__text\">\n\t\t\t\t<h3 class=\"elementor-post__title\">\n\t\t\t<a href=\"https:\/\/www.hedera-etc.com\/it\/product\/hedera-helix-frizzle\/\" target=\"&quot;_blank&quot;\">\n\t\t\t\t<em>Hedera helix<\/em> &lsquo;Frizzle&rsquo; &#8211; Edera ornamentale\t\t\t<\/a>\n\t\t<\/h3>\n\t\t\t\t<div class=\"elementor-post__excerpt\">\n\t\t\t<p>Edera a crescita rapida con attraenti foglie ricce.<\/p> <p>Foglie non lobate o grossolanamente trilobate. Margini increspati o cristati. Base\t\t<\/div>\n\t\t\n\t\t<a class=\"elementor-post__read-more\" href=\"https:\/\/www.hedera-etc.com\/it\/product\/hedera-helix-frizzle\/\" aria-label=\"Leggi tutto Hedera helix \u2018Frizzle\u2019 \u2013 Edera da ornamento\" tabindex=\"-1\" target=\"_blank\">\n\t\t\tPer saperne di pi\u00f9 \u00bb\t\t<\/a>\n\n\t\t\t\t<\/div>\n\t\t\t\t<\/article>\n\t\t\t\t<article class=\"elementor-post elementor-grid-item post-672 product type-product status-publish has-post-thumbnail product_cat-lierre entry has-media  instock purchasable product-type-variable has-default-attributes has-product-nav col span_1_of_4 owp-content-center item-entry owp-thumbs-layout-horizontal owp-btn-normal owp-tabs-layout-section\">\n\t\t\t\t<a class=\"elementor-post__thumbnail__link\" href=\"https:\/\/www.hedera-etc.com\/it\/product\/hedera-helix-frodo\/\" tabindex=\"-1\" target=\"&quot;_blank&quot;\">\n\t\t\t<div class=\"elementor-post__thumbnail\"><img loading=\"lazy\" decoding=\"async\" width=\"300\" height=\"226\" src=\"https:\/\/www.hedera-etc.com\/wp-content\/uploads\/2023\/10\/Hedera-helix-Frodo_3-300x226.webp\" class=\"attachment-medium size-medium wp-image-14607\" alt=\"Hedera helix &#039;Frodo&#039;\" srcset=\"https:\/\/www.hedera-etc.com\/wp-content\/uploads\/2023\/10\/Hedera-helix-Frodo_3-300x226.webp 300w, https:\/\/www.hedera-etc.com\/wp-content\/uploads\/2023\/10\/Hedera-helix-Frodo_3-768x577.webp 768w, https:\/\/www.hedera-etc.com\/wp-content\/uploads\/2023\/10\/Hedera-helix-Frodo_3.webp 898w\" sizes=\"(max-width: 300px) 100vw, 300px\" \/><\/div>\n\t\t<\/a>\n\t\t\t\t<div class=\"elementor-post__text\">\n\t\t\t\t<h3 class=\"elementor-post__title\">\n\t\t\t<a href=\"https:\/\/www.hedera-etc.com\/it\/product\/hedera-helix-frodo\/\" target=\"&quot;_blank&quot;\">\n\t\t\t\t<em>Hedera helix<\/em> &lsquo;Frodo&rsquo; &#8211; Edera ornamentale\t\t\t<\/a>\n\t\t<\/h3>\n\t\t\t\t<div class=\"elementor-post__excerpt\">\n\t\t\t<p>Si distingue per gli steli rigidi e spessi.<\/p> <p>Foglie non lobate, da triangolari a cordate. Giovani germogli verde chiaro\t\t<\/div>\n\t\t\n\t\t<a class=\"elementor-post__read-more\" href=\"https:\/\/www.hedera-etc.com\/it\/product\/hedera-helix-frodo\/\" aria-label=\"Leggi tutto &lt;em&gt;Hedera helix&lt;\/em&gt; \u2018Frodo\u2019 \u2013 Edera ornamentale\" tabindex=\"-1\" target=\"_blank\">\n\t\t\tPer saperne di pi\u00f9 \u00bb\t\t<\/a>\n\n\t\t\t\t<\/div>\n\t\t\t\t<\/article>\n\t\t\t\t<article class=\"elementor-post elementor-grid-item post-677 product type-product status-publish has-post-thumbnail product_cat-lierre entry has-media last instock purchasable product-type-variable has-default-attributes has-product-nav col span_1_of_4 owp-content-center item-entry owp-thumbs-layout-horizontal owp-btn-normal owp-tabs-layout-section\">\n\t\t\t\t<a class=\"elementor-post__thumbnail__link\" href=\"https:\/\/www.hedera-etc.com\/it\/product\/hedera-helix-frosty\/\" tabindex=\"-1\" target=\"&quot;_blank&quot;\">\n\t\t\t<div class=\"elementor-post__thumbnail\"><img loading=\"lazy\" decoding=\"async\" width=\"300\" height=\"225\" src=\"https:\/\/www.hedera-etc.com\/wp-content\/uploads\/2023\/10\/Hedera-helix-Frosty-300x225.webp\" class=\"attachment-medium size-medium wp-image-678\" alt=\"Hedera helix &#039;Frosty&#039;\" srcset=\"https:\/\/www.hedera-etc.com\/wp-content\/uploads\/2023\/10\/Hedera-helix-Frosty-300x225.webp 300w, https:\/\/www.hedera-etc.com\/wp-content\/uploads\/2023\/10\/Hedera-helix-Frosty-768x576.webp 768w, https:\/\/www.hedera-etc.com\/wp-content\/uploads\/2023\/10\/Hedera-helix-Frosty.webp 839w\" sizes=\"(max-width: 300px) 100vw, 300px\" \/><\/div>\n\t\t<\/a>\n\t\t\t\t<div class=\"elementor-post__text\">\n\t\t\t\t<h3 class=\"elementor-post__title\">\n\t\t\t<a href=\"https:\/\/www.hedera-etc.com\/it\/product\/hedera-helix-frosty\/\" target=\"&quot;_blank&quot;\">\n\t\t\t\t<em>Hedera helix<\/em> &lsquo;Frosty&rsquo; &#8211; Edera ornamentale\t\t\t<\/a>\n\t\t<\/h3>\n\t\t\t\t<div class=\"elementor-post__excerpt\">\n\t\t\t<p>Una piccola copertura del terreno con foglie miniaturizzate, pi\u00f9 o meno a forma di stella.<\/p> <p>I giovani germogli sono punteggiati di bianco, le foglie pi\u00f9 vecchie di verde oliva. Lama\t\t<\/div>\n\t\t\n\t\t<a class=\"elementor-post__read-more\" href=\"https:\/\/www.hedera-etc.com\/it\/product\/hedera-helix-frosty\/\" aria-label=\"Leggi tutto &lt;em&gt;Hedera helix&lt;\/em&gt; \u2018Frosty\u2019 \u2013 Edera ornamentale\" tabindex=\"-1\" target=\"_blank\">\n\t\t\tPer saperne di pi\u00f9 \u00bb\t\t<\/a>\n\n\t\t\t\t<\/div>\n\t\t\t\t<\/article>\n\t\t\t\t<article class=\"elementor-post elementor-grid-item post-683 product type-product status-publish has-post-thumbnail product_cat-lierre entry has-media first instock purchasable product-type-variable has-default-attributes has-product-nav col span_1_of_4 owp-content-center item-entry owp-thumbs-layout-horizontal owp-btn-normal owp-tabs-layout-section has-no-thumbnails\">\n\t\t\t\t<a class=\"elementor-post__thumbnail__link\" href=\"https:\/\/www.hedera-etc.com\/it\/product\/hedera-helix-garland\/\" tabindex=\"-1\" target=\"&quot;_blank&quot;\">\n\t\t\t<div class=\"elementor-post__thumbnail\"><img loading=\"lazy\" decoding=\"async\" width=\"300\" height=\"218\" src=\"https:\/\/www.hedera-etc.com\/wp-content\/uploads\/2023\/10\/Hedera-helix-Garland-300x218.webp\" class=\"attachment-medium size-medium wp-image-14599\" alt=\"Hedera helix &#039;Garland&#039;\" srcset=\"https:\/\/www.hedera-etc.com\/wp-content\/uploads\/2023\/10\/Hedera-helix-Garland-300x218.webp 300w, https:\/\/www.hedera-etc.com\/wp-content\/uploads\/2023\/10\/Hedera-helix-Garland-900x653.webp 900w, https:\/\/www.hedera-etc.com\/wp-content\/uploads\/2023\/10\/Hedera-helix-Garland-768x557.webp 768w, https:\/\/www.hedera-etc.com\/wp-content\/uploads\/2023\/10\/Hedera-helix-Garland.webp 931w\" sizes=\"(max-width: 300px) 100vw, 300px\" \/><\/div>\n\t\t<\/a>\n\t\t\t\t<div class=\"elementor-post__text\">\n\t\t\t\t<h3 class=\"elementor-post__title\">\n\t\t\t<a href=\"https:\/\/www.hedera-etc.com\/it\/product\/hedera-helix-garland\/\" target=\"&quot;_blank&quot;\">\n\t\t\t\t<em>Hedera helix<\/em> &lsquo;Garland&rsquo; &#8211; Edera ornamentale\t\t\t<\/a>\n\t\t<\/h3>\n\t\t\t\t<div class=\"elementor-post__excerpt\">\n\t\t\t<p>Edera elegante e versatile. La forma pi\u00f9 tipica delle foglie \u00e8 quella a forma di aquilone. Ma \u00e8 possibile trovare anche\t\t<\/div>\n\t\t\n\t\t<a class=\"elementor-post__read-more\" href=\"https:\/\/www.hedera-etc.com\/it\/product\/hedera-helix-garland\/\" aria-label=\"Leggi tutto *Hedera helix* \u2018Garland\u2019 \u2013 Edera ornamentale\" tabindex=\"-1\" target=\"_blank\">\n\t\t\tPer saperne di pi\u00f9 \u00bb\t\t<\/a>\n\n\t\t\t\t<\/div>\n\t\t\t\t<\/article>\n\t\t\t\t<article class=\"elementor-post elementor-grid-item post-687 product type-product status-publish has-post-thumbnail product_cat-lierre entry has-media  instock purchasable product-type-variable has-default-attributes has-product-nav col span_1_of_4 owp-content-center item-entry owp-thumbs-layout-horizontal owp-btn-normal owp-tabs-layout-section\">\n\t\t\t\t<a class=\"elementor-post__thumbnail__link\" href=\"https:\/\/www.hedera-etc.com\/it\/product\/hedera-helix-gavotte\/\" tabindex=\"-1\" target=\"&quot;_blank&quot;\">\n\t\t\t<div class=\"elementor-post__thumbnail\"><img loading=\"lazy\" decoding=\"async\" width=\"300\" height=\"225\" src=\"https:\/\/www.hedera-etc.com\/wp-content\/uploads\/2023\/10\/Hedera-helix-Gavotte-1-300x225.webp\" class=\"attachment-medium size-medium wp-image-12745\" alt=\"Hedera helix &#039;Gavotte&#039;\" srcset=\"https:\/\/www.hedera-etc.com\/wp-content\/uploads\/2023\/10\/Hedera-helix-Gavotte-1-300x225.webp 300w, https:\/\/www.hedera-etc.com\/wp-content\/uploads\/2023\/10\/Hedera-helix-Gavotte-1-900x675.webp 900w, https:\/\/www.hedera-etc.com\/wp-content\/uploads\/2023\/10\/Hedera-helix-Gavotte-1-1024x768.webp 1024w, https:\/\/www.hedera-etc.com\/wp-content\/uploads\/2023\/10\/Hedera-helix-Gavotte-1-768x576.webp 768w, https:\/\/www.hedera-etc.com\/wp-content\/uploads\/2023\/10\/Hedera-helix-Gavotte-1-1536x1152.webp 1536w, https:\/\/www.hedera-etc.com\/wp-content\/uploads\/2023\/10\/Hedera-helix-Gavotte-1.webp 1920w, https:\/\/www.hedera-etc.com\/wp-content\/uploads\/2023\/10\/Hedera-helix-Gavotte-1-1320x990.webp 1320w\" sizes=\"(max-width: 300px) 100vw, 300px\" \/><\/div>\n\t\t<\/a>\n\t\t\t\t<div class=\"elementor-post__text\">\n\t\t\t\t<h3 class=\"elementor-post__title\">\n\t\t\t<a href=\"https:\/\/www.hedera-etc.com\/it\/product\/hedera-helix-gavotte\/\" target=\"&quot;_blank&quot;\">\n\t\t\t\t<em>Hedera helix<\/em> &lsquo;Gavotte&rsquo; &#8211; Edera ornamentale\t\t\t<\/a>\n\t\t<\/h3>\n\t\t\t\t<div class=\"elementor-post__excerpt\">\n\t\t\t<p>Variet\u00e0 a crescita lenta e tozza, con pochi rami.<\/p> <p>Fogliame verde chiaro in primavera, che diventa verde scuro in estate. Foglie ovali,\t\t<\/div>\n\t\t\n\t\t<a class=\"elementor-post__read-more\" href=\"https:\/\/www.hedera-etc.com\/it\/product\/hedera-helix-gavotte\/\" aria-label=\"Leggi tutto &lt;em&gt;Hedera helix&lt;\/em&gt; \u2018Gavotte\u2019 \u2013 Edera ornamentale\" tabindex=\"-1\" target=\"_blank\">\n\t\t\tPer saperne di pi\u00f9 \u00bb\t\t<\/a>\n\n\t\t\t\t<\/div>\n\t\t\t\t<\/article>\n\t\t\t\t<article class=\"elementor-post elementor-grid-item post-692 product type-product status-publish has-post-thumbnail product_cat-lierre entry has-media  instock purchasable product-type-variable has-default-attributes has-product-nav col span_1_of_4 owp-content-center item-entry owp-thumbs-layout-horizontal owp-btn-normal owp-tabs-layout-section\">\n\t\t\t\t<a class=\"elementor-post__thumbnail__link\" href=\"https:\/\/www.hedera-etc.com\/it\/product\/hedera-helix-gertrud-stauss\/\" tabindex=\"-1\" target=\"&quot;_blank&quot;\">\n\t\t\t<div class=\"elementor-post__thumbnail\"><img loading=\"lazy\" decoding=\"async\" width=\"300\" height=\"240\" src=\"https:\/\/www.hedera-etc.com\/wp-content\/uploads\/2023\/10\/Hedera-helix-Gertrud-Strauss-300x240.webp\" class=\"attachment-medium size-medium wp-image-693\" alt=\"Hedera helix &#039;Gertrud Stauss&#039;\" srcset=\"https:\/\/www.hedera-etc.com\/wp-content\/uploads\/2023\/10\/Hedera-helix-Gertrud-Strauss-300x240.webp 300w, https:\/\/www.hedera-etc.com\/wp-content\/uploads\/2023\/10\/Hedera-helix-Gertrud-Strauss-768x613.webp 768w, https:\/\/www.hedera-etc.com\/wp-content\/uploads\/2023\/10\/Hedera-helix-Gertrud-Strauss.webp 800w\" sizes=\"(max-width: 300px) 100vw, 300px\" \/><\/div>\n\t\t<\/a>\n\t\t\t\t<div class=\"elementor-post__text\">\n\t\t\t\t<h3 class=\"elementor-post__title\">\n\t\t\t<a href=\"https:\/\/www.hedera-etc.com\/it\/product\/hedera-helix-gertrud-stauss\/\" target=\"&quot;_blank&quot;\">\n\t\t\t\t<em>Hedera helix<\/em> &lsquo;Gertrud Stauss&rsquo; &#8211; Edera ornamentale\t\t\t<\/a>\n\t\t<\/h3>\n\t\t\t\t<div class=\"elementor-post__excerpt\">\n\t\t\t<p>Una bella cultivar compatta e autofiorente con foglie variegate di medie dimensioni elegantemente lobate.<\/p> <p>Lama composta da 3-5 lobi\t\t<\/div>\n\t\t\n\t\t<a class=\"elementor-post__read-more\" href=\"https:\/\/www.hedera-etc.com\/it\/product\/hedera-helix-gertrud-stauss\/\" aria-label=\"Leggi tutto &lt;em&gt;Hedera helix&lt;\/em&gt; \u2018Gertrud Stauss\u2019 \u2013 Edera ornamentale\" tabindex=\"-1\" target=\"_blank\">\n\t\t\tPer saperne di pi\u00f9 \u00bb\t\t<\/a>\n\n\t\t\t\t<\/div>\n\t\t\t\t<\/article>\n\t\t\t\t<article class=\"elementor-post elementor-grid-item post-698 product type-product status-publish has-post-thumbnail product_cat-lierre entry has-media last instock purchasable product-type-variable has-default-attributes has-product-nav col span_1_of_4 owp-content-center item-entry owp-thumbs-layout-horizontal owp-btn-normal owp-tabs-layout-section\">\n\t\t\t\t<a class=\"elementor-post__thumbnail__link\" href=\"https:\/\/www.hedera-etc.com\/it\/product\/hedera-helix-gilded-hawke\/\" tabindex=\"-1\" target=\"&quot;_blank&quot;\">\n\t\t\t<div class=\"elementor-post__thumbnail\"><img loading=\"lazy\" decoding=\"async\" width=\"300\" height=\"225\" src=\"https:\/\/www.hedera-etc.com\/wp-content\/uploads\/2023\/10\/Hedera-helix-Gilded-Hawke-1-300x225.webp\" class=\"attachment-medium size-medium wp-image-13766\" alt=\"Hedera helix &#039;Gilded Hawke&#039;\" srcset=\"https:\/\/www.hedera-etc.com\/wp-content\/uploads\/2023\/10\/Hedera-helix-Gilded-Hawke-1-300x225.webp 300w, https:\/\/www.hedera-etc.com\/wp-content\/uploads\/2023\/10\/Hedera-helix-Gilded-Hawke-1-900x675.webp 900w, https:\/\/www.hedera-etc.com\/wp-content\/uploads\/2023\/10\/Hedera-helix-Gilded-Hawke-1-1024x768.webp 1024w, https:\/\/www.hedera-etc.com\/wp-content\/uploads\/2023\/10\/Hedera-helix-Gilded-Hawke-1-768x576.webp 768w, https:\/\/www.hedera-etc.com\/wp-content\/uploads\/2023\/10\/Hedera-helix-Gilded-Hawke-1-1536x1152.webp 1536w, https:\/\/www.hedera-etc.com\/wp-content\/uploads\/2023\/10\/Hedera-helix-Gilded-Hawke-1-1320x990.webp 1320w, https:\/\/www.hedera-etc.com\/wp-content\/uploads\/2023\/10\/Hedera-helix-Gilded-Hawke-1.webp 1600w\" sizes=\"(max-width: 300px) 100vw, 300px\" \/><\/div>\n\t\t<\/a>\n\t\t\t\t<div class=\"elementor-post__text\">\n\t\t\t\t<h3 class=\"elementor-post__title\">\n\t\t\t<a href=\"https:\/\/www.hedera-etc.com\/it\/product\/hedera-helix-gilded-hawke\/\" target=\"&quot;_blank&quot;\">\n\t\t\t\t<em>Hedera helix<\/em> &lsquo;Gilded Hawke&rsquo; &#8211; Edera ornamentale\t\t\t<\/a>\n\t\t<\/h3>\n\t\t\t\t<div class=\"elementor-post__excerpt\">\n\t\t\t<p>Bellissime foglie variegate, luminose e ben lobate, portate su piccioli rigidi ed eretti.<\/p> <p>Lama formata da 3 a 5\t\t<\/div>\n\t\t\n\t\t<a class=\"elementor-post__read-more\" href=\"https:\/\/www.hedera-etc.com\/it\/product\/hedera-helix-gilded-hawke\/\" aria-label=\"Leggi tutto *Hedera helix* \u2018Gilded Hawke\u2019 \u2013 Edera ornamentale\" tabindex=\"-1\" target=\"_blank\">\n\t\t\tPer saperne di pi\u00f9 \u00bb\t\t<\/a>\n\n\t\t\t\t<\/div>\n\t\t\t\t<\/article>\n\t\t\t\t<article class=\"elementor-post elementor-grid-item post-702 product type-product status-publish has-post-thumbnail product_cat-lierre entry has-media first instock purchasable product-type-variable has-default-attributes has-product-nav col span_1_of_4 owp-content-center item-entry owp-thumbs-layout-horizontal owp-btn-normal owp-tabs-layout-section has-no-thumbnails\">\n\t\t\t\t<a class=\"elementor-post__thumbnail__link\" href=\"https:\/\/www.hedera-etc.com\/it\/product\/hedera-helix-glacier\/\" tabindex=\"-1\" target=\"&quot;_blank&quot;\">\n\t\t\t<div class=\"elementor-post__thumbnail\"><img loading=\"lazy\" decoding=\"async\" width=\"300\" height=\"199\" src=\"https:\/\/www.hedera-etc.com\/wp-content\/uploads\/2023\/10\/Hedera-helix-Glacier-300x199.webp\" class=\"attachment-medium size-medium wp-image-703\" alt=\"Hedera helix &#039;Glacier&#039;\" srcset=\"https:\/\/www.hedera-etc.com\/wp-content\/uploads\/2023\/10\/Hedera-helix-Glacier-300x199.webp 300w, https:\/\/www.hedera-etc.com\/wp-content\/uploads\/2023\/10\/Hedera-helix-Glacier-900x598.webp 900w, https:\/\/www.hedera-etc.com\/wp-content\/uploads\/2023\/10\/Hedera-helix-Glacier-768x510.webp 768w, https:\/\/www.hedera-etc.com\/wp-content\/uploads\/2023\/10\/Hedera-helix-Glacier.webp 947w\" sizes=\"(max-width: 300px) 100vw, 300px\" \/><\/div>\n\t\t<\/a>\n\t\t\t\t<div class=\"elementor-post__text\">\n\t\t\t\t<h3 class=\"elementor-post__title\">\n\t\t\t<a href=\"https:\/\/www.hedera-etc.com\/it\/product\/hedera-helix-glacier\/\" target=\"&quot;_blank&quot;\">\n\t\t\t\t<em>Hedera helix<\/em> &lsquo;Glacier&rsquo; &#8211; Edera ornamentale\t\t\t<\/a>\n\t\t<\/h3>\n\t\t\t\t<div class=\"elementor-post__excerpt\">\n\t\t\t<p>Specie ramificata con germogli vigorosi, \u00e8 stata una delle prime variet\u00e0 di edera variegata a essere ampiamente diffusa.<\/p> <p>Foglia di medie dimensioni,\t\t<\/div>\n\t\t\n\t\t<a class=\"elementor-post__read-more\" href=\"https:\/\/www.hedera-etc.com\/it\/product\/hedera-helix-glacier\/\" aria-label=\"Leggi tutto &lt;em&gt;Hedera helix&lt;\/em&gt; \u2018Glacier\u2019 \u2013 Edera ornamentale\" tabindex=\"-1\" target=\"_blank\">\n\t\t\tPer saperne di pi\u00f9 \u00bb\t\t<\/a>\n\n\t\t\t\t<\/div>\n\t\t\t\t<\/article>\n\t\t\t\t<article class=\"elementor-post elementor-grid-item post-709 product type-product status-publish has-post-thumbnail product_cat-lierre entry has-media  instock purchasable product-type-variable has-default-attributes has-product-nav col span_1_of_4 owp-content-center item-entry owp-thumbs-layout-horizontal owp-btn-normal owp-tabs-layout-section\">\n\t\t\t\t<a class=\"elementor-post__thumbnail__link\" href=\"https:\/\/www.hedera-etc.com\/it\/product\/hedera-helix-goldcraft\/\" tabindex=\"-1\" target=\"&quot;_blank&quot;\">\n\t\t\t<div class=\"elementor-post__thumbnail\"><img loading=\"lazy\" decoding=\"async\" width=\"300\" height=\"199\" src=\"https:\/\/www.hedera-etc.com\/wp-content\/uploads\/2023\/10\/Hedera-helix-Golcraft-300x199.webp\" class=\"attachment-medium size-medium wp-image-710\" alt=\"Hedera helix &#039;Goldcraft&#039;\" srcset=\"https:\/\/www.hedera-etc.com\/wp-content\/uploads\/2023\/10\/Hedera-helix-Golcraft-300x199.webp 300w, https:\/\/www.hedera-etc.com\/wp-content\/uploads\/2023\/10\/Hedera-helix-Golcraft-768x510.webp 768w, https:\/\/www.hedera-etc.com\/wp-content\/uploads\/2023\/10\/Hedera-helix-Golcraft.webp 800w\" sizes=\"(max-width: 300px) 100vw, 300px\" \/><\/div>\n\t\t<\/a>\n\t\t\t\t<div class=\"elementor-post__text\">\n\t\t\t\t<h3 class=\"elementor-post__title\">\n\t\t\t<a href=\"https:\/\/www.hedera-etc.com\/it\/product\/hedera-helix-goldcraft\/\" target=\"&quot;_blank&quot;\">\n\t\t\t\t<em>Hedera helix<\/em> &lsquo;Goldcraft&rsquo; &#8211; Edera ornamentale\t\t\t<\/a>\n\t\t<\/h3>\n\t\t\t\t<div class=\"elementor-post__excerpt\">\n\t\t\t<p>Una variet\u00e0 a crescita rapida, ma di breve durata, che forma un tappeto basso di colori tenui e piacevoli.<\/p> <p>Foglio composto da tre\t\t<\/div>\n\t\t\n\t\t<a class=\"elementor-post__read-more\" href=\"https:\/\/www.hedera-etc.com\/it\/product\/hedera-helix-goldcraft\/\" aria-label=\"Leggi tutto *Hedera helix* \u2018Goldcraft\u2019 \u2013 Edera ornamentale\" tabindex=\"-1\" target=\"_blank\">\n\t\t\tPer saperne di pi\u00f9 \u00bb\t\t<\/a>\n\n\t\t\t\t<\/div>\n\t\t\t\t<\/article>\n\t\t\t\t<article class=\"elementor-post elementor-grid-item post-714 product type-product status-publish has-post-thumbnail product_cat-lierre entry has-media  instock purchasable product-type-variable has-default-attributes has-product-nav col span_1_of_4 owp-content-center item-entry owp-thumbs-layout-horizontal owp-btn-normal owp-tabs-layout-section\">\n\t\t\t\t<a class=\"elementor-post__thumbnail__link\" href=\"https:\/\/www.hedera-etc.com\/it\/product\/hedera-helix-goldheart\/\" tabindex=\"-1\" target=\"&quot;_blank&quot;\">\n\t\t\t<div class=\"elementor-post__thumbnail\"><img loading=\"lazy\" decoding=\"async\" width=\"300\" height=\"225\" src=\"https:\/\/www.hedera-etc.com\/wp-content\/uploads\/2023\/10\/Hedera-helix-Goldheart-300x225.webp\" class=\"attachment-medium size-medium wp-image-715\" alt=\"Hedera helix &#039;Goldheart&#039;\" srcset=\"https:\/\/www.hedera-etc.com\/wp-content\/uploads\/2023\/10\/Hedera-helix-Goldheart-300x225.webp 300w, https:\/\/www.hedera-etc.com\/wp-content\/uploads\/2023\/10\/Hedera-helix-Goldheart-768x575.webp 768w, https:\/\/www.hedera-etc.com\/wp-content\/uploads\/2023\/10\/Hedera-helix-Goldheart.webp 800w\" sizes=\"(max-width: 300px) 100vw, 300px\" \/><\/div>\n\t\t<\/a>\n\t\t\t\t<div class=\"elementor-post__text\">\n\t\t\t\t<h3 class=\"elementor-post__title\">\n\t\t\t<a href=\"https:\/\/www.hedera-etc.com\/it\/product\/hedera-helix-goldheart\/\" target=\"&quot;_blank&quot;\">\n\t\t\t\t<em>Hedera helix<\/em> &lsquo;Goldheart&rsquo; &#8211; Edera ornamentale\t\t\t<\/a>\n\t\t<\/h3>\n\t\t\t\t<div class=\"elementor-post__excerpt\">\n\t\t\t<p>Conosciuta anche con l'antico nome di \u2018Oro di Bogliasco\u2019. Rampicante con fusti relativamente spessi.<\/p> <p>Giovani germogli di colore rosso-rosa, internodi corti, foglie\t\t<\/div>\n\t\t\n\t\t<a class=\"elementor-post__read-more\" href=\"https:\/\/www.hedera-etc.com\/it\/product\/hedera-helix-goldheart\/\" aria-label=\"Leggi tutto &lt;em&gt;Hedera helix&lt;\/em&gt; \u2018Goldheart\u2019 \u2013 Edera ornamentale\" tabindex=\"-1\" target=\"_blank\">\n\t\t\tPer saperne di pi\u00f9 \u00bb\t\t<\/a>\n\n\t\t\t\t<\/div>\n\t\t\t\t<\/article>\n\t\t\t\t<article class=\"elementor-post elementor-grid-item post-719 product type-product status-publish has-post-thumbnail product_cat-lierre entry has-media last instock purchasable product-type-variable has-default-attributes has-product-nav col span_1_of_4 owp-content-center item-entry owp-thumbs-layout-horizontal owp-btn-normal owp-tabs-layout-section\">\n\t\t\t\t<a class=\"elementor-post__thumbnail__link\" href=\"https:\/\/www.hedera-etc.com\/it\/product\/hedera-helix-goldstern\/\" tabindex=\"-1\" target=\"&quot;_blank&quot;\">\n\t\t\t<div class=\"elementor-post__thumbnail\"><img loading=\"lazy\" decoding=\"async\" width=\"300\" height=\"225\" src=\"https:\/\/www.hedera-etc.com\/wp-content\/uploads\/2023\/10\/Hedera-helix-Goldstern_3-300x225.webp\" class=\"attachment-medium size-medium wp-image-14576\" alt=\"Hedera helix &#039;Goldstern&#039;\" srcset=\"https:\/\/www.hedera-etc.com\/wp-content\/uploads\/2023\/10\/Hedera-helix-Goldstern_3-300x225.webp 300w, https:\/\/www.hedera-etc.com\/wp-content\/uploads\/2023\/10\/Hedera-helix-Goldstern_3-900x676.webp 900w, https:\/\/www.hedera-etc.com\/wp-content\/uploads\/2023\/10\/Hedera-helix-Goldstern_3-1024x769.webp 1024w, https:\/\/www.hedera-etc.com\/wp-content\/uploads\/2023\/10\/Hedera-helix-Goldstern_3-768x577.webp 768w, https:\/\/www.hedera-etc.com\/wp-content\/uploads\/2023\/10\/Hedera-helix-Goldstern_3.webp 1151w\" sizes=\"(max-width: 300px) 100vw, 300px\" \/><\/div>\n\t\t<\/a>\n\t\t\t\t<div class=\"elementor-post__text\">\n\t\t\t\t<h3 class=\"elementor-post__title\">\n\t\t\t<a href=\"https:\/\/www.hedera-etc.com\/it\/product\/hedera-helix-goldstern\/\" target=\"&quot;_blank&quot;\">\n\t\t\t\t<em>Hedera helix<\/em> &lsquo;Goldstern&rsquo; &#8211; Edera ornamentale\t\t\t<\/a>\n\t\t<\/h3>\n\t\t\t\t<div class=\"elementor-post__excerpt\">\n\t\t\t<p>Edera con fogliame giallo-verde attraversato da una vistosa macchia verde oliva.<\/p> <p>Foglia con 5 lobi\t\t<\/div>\n\t\t\n\t\t<a class=\"elementor-post__read-more\" href=\"https:\/\/www.hedera-etc.com\/it\/product\/hedera-helix-goldstern\/\" aria-label=\"Leggi tutto &lt;em&gt;Hedera helix&lt;\/em&gt; \u2018Goldstern\u2019 \u2013 Edera ornamentale\" tabindex=\"-1\" target=\"_blank\">\n\t\t\tPer saperne di pi\u00f9 \u00bb\t\t<\/a>\n\n\t\t\t\t<\/div>\n\t\t\t\t<\/article>\n\t\t\t\t<article class=\"elementor-post elementor-grid-item post-725 product type-product status-publish has-post-thumbnail product_cat-lierre entry has-media first instock purchasable product-type-variable has-default-attributes has-product-nav col span_1_of_4 owp-content-center item-entry owp-thumbs-layout-horizontal owp-btn-normal owp-tabs-layout-section has-no-thumbnails\">\n\t\t\t\t<a class=\"elementor-post__thumbnail__link\" href=\"https:\/\/www.hedera-etc.com\/it\/product\/hedera-helix-dapple-yellow\/\" tabindex=\"-1\" target=\"&quot;_blank&quot;\">\n\t\t\t<div class=\"elementor-post__thumbnail\"><img loading=\"lazy\" decoding=\"async\" width=\"300\" height=\"225\" src=\"https:\/\/www.hedera-etc.com\/wp-content\/uploads\/2023\/10\/Hedera-helix-Dapple-Yellow-300x225.webp\" class=\"attachment-medium size-medium wp-image-16806\" alt=\"Hedera helix &#039;Dapple Yellow&#039;\" srcset=\"https:\/\/www.hedera-etc.com\/wp-content\/uploads\/2023\/10\/Hedera-helix-Dapple-Yellow-300x225.webp 300w, https:\/\/www.hedera-etc.com\/wp-content\/uploads\/2023\/10\/Hedera-helix-Dapple-Yellow-900x675.webp 900w, https:\/\/www.hedera-etc.com\/wp-content\/uploads\/2023\/10\/Hedera-helix-Dapple-Yellow-768x576.webp 768w, https:\/\/www.hedera-etc.com\/wp-content\/uploads\/2023\/10\/Hedera-helix-Dapple-Yellow.webp 1024w\" sizes=\"(max-width: 300px) 100vw, 300px\" \/><\/div>\n\t\t<\/a>\n\t\t\t\t<div class=\"elementor-post__text\">\n\t\t\t\t<h3 class=\"elementor-post__title\">\n\t\t\t<a href=\"https:\/\/www.hedera-etc.com\/it\/product\/hedera-helix-dapple-yellow\/\" target=\"&quot;_blank&quot;\">\n\t\t\t\t<em>Hedera helix<\/em> &lsquo;Dapple Yellow&rsquo; &#8211; Edera ornamentale\t\t\t<\/a>\n\t\t<\/h3>\n\t\t\t\t<div class=\"elementor-post__excerpt\">\n\t\t\t<p>Clone au feuillage plus large que &lsquo;Goldstern&rsquo;, la feuille est moins lob\u00e9e.<br \/> La screziatura non cambia.<\/p>\t\t<\/div>\n\t\t\n\t\t<a class=\"elementor-post__read-more\" href=\"https:\/\/www.hedera-etc.com\/it\/product\/hedera-helix-dapple-yellow\/\" aria-label=\"Leggi tutto &lt;em&gt;Hedera helix&lt;\/em&gt; \u2018Dapple Yellow\u2019 \u2013 Edera ornamentale\" tabindex=\"-1\" target=\"_blank\">\n\t\t\tPer saperne di pi\u00f9 \u00bb\t\t<\/a>\n\n\t\t\t\t<\/div>\n\t\t\t\t<\/article>\n\t\t\t\t<article class=\"elementor-post elementor-grid-item post-729 product type-product status-publish has-post-thumbnail product_cat-lierre entry has-media  instock purchasable product-type-variable has-default-attributes has-product-nav col span_1_of_4 owp-content-center item-entry owp-thumbs-layout-horizontal owp-btn-normal owp-tabs-layout-section has-no-thumbnails\">\n\t\t\t\t<a class=\"elementor-post__thumbnail__link\" href=\"https:\/\/www.hedera-etc.com\/it\/product\/hedera-helix-gold-dust\/\" tabindex=\"-1\" target=\"&quot;_blank&quot;\">\n\t\t\t<div class=\"elementor-post__thumbnail\"><img loading=\"lazy\" decoding=\"async\" width=\"300\" height=\"225\" src=\"https:\/\/www.hedera-etc.com\/wp-content\/uploads\/2023\/10\/Hedera-helix-Gold-dust_2-300x225.webp\" class=\"attachment-medium size-medium wp-image-14568\" alt=\"Hedera helix &#039;Polvere d&#039;oro&#039;\" srcset=\"https:\/\/www.hedera-etc.com\/wp-content\/uploads\/2023\/10\/Hedera-helix-Gold-dust_2-300x225.webp 300w, https:\/\/www.hedera-etc.com\/wp-content\/uploads\/2023\/10\/Hedera-helix-Gold-dust_2-900x675.webp 900w, https:\/\/www.hedera-etc.com\/wp-content\/uploads\/2023\/10\/Hedera-helix-Gold-dust_2-1024x768.webp 1024w, https:\/\/www.hedera-etc.com\/wp-content\/uploads\/2023\/10\/Hedera-helix-Gold-dust_2-768x576.webp 768w, https:\/\/www.hedera-etc.com\/wp-content\/uploads\/2023\/10\/Hedera-helix-Gold-dust_2.webp 1108w\" sizes=\"(max-width: 300px) 100vw, 300px\" \/><\/div>\n\t\t<\/a>\n\t\t\t\t<div class=\"elementor-post__text\">\n\t\t\t\t<h3 class=\"elementor-post__title\">\n\t\t\t<a href=\"https:\/\/www.hedera-etc.com\/it\/product\/hedera-helix-gold-dust\/\" target=\"&quot;_blank&quot;\">\n\t\t\t\t<em>Hedera helix<\/em> &lsquo;Gold Dust&rsquo; &#8211; Edera ornamentale\t\t\t<\/a>\n\t\t<\/h3>\n\t\t\t\t<div class=\"elementor-post__excerpt\">\n\t\t\t<p>Una copertura del suolo che forma brevi tappeti delicatamente variegati.<\/p> <p>Fogliame giallo-verde, punteggiato di verde scuro. Foglie di medie dimensioni, leggermente arcuate,\t\t<\/div>\n\t\t\n\t\t<a class=\"elementor-post__read-more\" href=\"https:\/\/www.hedera-etc.com\/it\/product\/hedera-helix-gold-dust\/\" aria-label=\"Leggi tutto *Hedera helix* \u2018Gold Dust\u2019 \u2013 Edera ornamentale\" tabindex=\"-1\" target=\"_blank\">\n\t\t\tPer saperne di pi\u00f9 \u00bb\t\t<\/a>\n\n\t\t\t\t<\/div>\n\t\t\t\t<\/article>\n\t\t\t\t<article class=\"elementor-post elementor-grid-item post-733 product type-product status-publish has-post-thumbnail product_cat-lierre entry has-media  instock purchasable product-type-variable has-default-attributes has-product-nav col span_1_of_4 owp-content-center item-entry owp-thumbs-layout-horizontal owp-btn-normal owp-tabs-layout-section\">\n\t\t\t\t<a class=\"elementor-post__thumbnail__link\" href=\"https:\/\/www.hedera-etc.com\/it\/product\/hedera-helix-golden-carpet\/\" tabindex=\"-1\" target=\"&quot;_blank&quot;\">\n\t\t\t<div class=\"elementor-post__thumbnail\"><img loading=\"lazy\" decoding=\"async\" width=\"300\" height=\"225\" src=\"https:\/\/www.hedera-etc.com\/wp-content\/uploads\/2023\/10\/Hedera-helix-Golden-Carpet-300x225.webp\" class=\"attachment-medium size-medium wp-image-734\" alt=\"Hedera helix &#039;Golden Carpet&#039;\" srcset=\"https:\/\/www.hedera-etc.com\/wp-content\/uploads\/2023\/10\/Hedera-helix-Golden-Carpet-300x225.webp 300w, https:\/\/www.hedera-etc.com\/wp-content\/uploads\/2023\/10\/Hedera-helix-Golden-Carpet-900x675.webp 900w, https:\/\/www.hedera-etc.com\/wp-content\/uploads\/2023\/10\/Hedera-helix-Golden-Carpet-768x576.webp 768w, https:\/\/www.hedera-etc.com\/wp-content\/uploads\/2023\/10\/Hedera-helix-Golden-Carpet.webp 1024w\" sizes=\"(max-width: 300px) 100vw, 300px\" \/><\/div>\n\t\t<\/a>\n\t\t\t\t<div class=\"elementor-post__text\">\n\t\t\t\t<h3 class=\"elementor-post__title\">\n\t\t\t<a href=\"https:\/\/www.hedera-etc.com\/it\/product\/hedera-helix-golden-carpet\/\" target=\"&quot;_blank&quot;\">\n\t\t\t\t<em>Hedera helix<\/em> &lsquo;Golden Carpet&rsquo; &#8211; Edera ornamentale\t\t\t<\/a>\n\t\t<\/h3>\n\t\t\t\t<div class=\"elementor-post__excerpt\">\n\t\t\t<p>Edera ornamentale all'altezza del suo nome (tappeto dorato).<\/p> <p>Foglie composte da 3 a 5 lobi leggermente smussati e\t\t<\/div>\n\t\t\n\t\t<a class=\"elementor-post__read-more\" href=\"https:\/\/www.hedera-etc.com\/it\/product\/hedera-helix-golden-carpet\/\" aria-label=\"Leggi tutto Hedera helix \u2018Golden Carpet\u2019 \u2013 Edera ornamentale\" tabindex=\"-1\" target=\"_blank\">\n\t\t\tPer saperne di pi\u00f9 \u00bb\t\t<\/a>\n\n\t\t\t\t<\/div>\n\t\t\t\t<\/article>\n\t\t\t\t<article class=\"elementor-post elementor-grid-item post-739 product type-product status-publish has-post-thumbnail product_cat-lierre entry has-media last instock purchasable product-type-variable has-default-attributes has-product-nav col span_1_of_4 owp-content-center item-entry owp-thumbs-layout-horizontal owp-btn-normal owp-tabs-layout-section has-no-thumbnails\">\n\t\t\t\t<a class=\"elementor-post__thumbnail__link\" href=\"https:\/\/www.hedera-etc.com\/it\/product\/hedera-helix-golden-fleece\/\" tabindex=\"-1\" target=\"&quot;_blank&quot;\">\n\t\t\t<div class=\"elementor-post__thumbnail\"><img loading=\"lazy\" decoding=\"async\" width=\"300\" height=\"225\" src=\"https:\/\/www.hedera-etc.com\/wp-content\/uploads\/2023\/10\/Hedera-helix-Golden-Fleece-300x225.webp\" class=\"attachment-medium size-medium wp-image-740\" alt=\"Hedera helix &#039;Golden Fleece&#039;\" srcset=\"https:\/\/www.hedera-etc.com\/wp-content\/uploads\/2023\/10\/Hedera-helix-Golden-Fleece-300x225.webp 300w, https:\/\/www.hedera-etc.com\/wp-content\/uploads\/2023\/10\/Hedera-helix-Golden-Fleece-900x675.webp 900w, https:\/\/www.hedera-etc.com\/wp-content\/uploads\/2023\/10\/Hedera-helix-Golden-Fleece-768x576.webp 768w, https:\/\/www.hedera-etc.com\/wp-content\/uploads\/2023\/10\/Hedera-helix-Golden-Fleece.webp 1024w\" sizes=\"(max-width: 300px) 100vw, 300px\" \/><\/div>\n\t\t<\/a>\n\t\t\t\t<div class=\"elementor-post__text\">\n\t\t\t\t<h3 class=\"elementor-post__title\">\n\t\t\t<a href=\"https:\/\/www.hedera-etc.com\/it\/product\/hedera-helix-golden-fleece\/\" target=\"&quot;_blank&quot;\">\n\t\t\t\t<em>Hedera helix<\/em> &lsquo;Golden Fleece&rsquo; &#8211; Edera ornamentale\t\t\t<\/a>\n\t\t<\/h3>\n\t\t\t\t<div class=\"elementor-post__excerpt\">\n\t\t\t<p>\u00c8 un buon rampicante con germogli vigorosi.<\/p> <p>Fusti che portano foglie di medie dimensioni con 3 lobi, di cui quello centrale \u00e8 pi\u00f9 grande.\t\t<\/div>\n\t\t\n\t\t<a class=\"elementor-post__read-more\" href=\"https:\/\/www.hedera-etc.com\/it\/product\/hedera-helix-golden-fleece\/\" aria-label=\"Leggi tutto &lt;em&gt;Hedera helix&lt;\/em&gt; \u2018Golden Fleece\u2019 \u2013 Edera ornamentale\" tabindex=\"-1\" target=\"_blank\">\n\t\t\tPer saperne di pi\u00f9 \u00bb\t\t<\/a>\n\n\t\t\t\t<\/div>\n\t\t\t\t<\/article>\n\t\t\t\t<article class=\"elementor-post elementor-grid-item post-743 product type-product status-publish has-post-thumbnail product_cat-lierre entry has-media first instock purchasable product-type-variable has-default-attributes has-product-nav col span_1_of_4 owp-content-center item-entry owp-thumbs-layout-horizontal owp-btn-normal owp-tabs-layout-section has-no-thumbnails\">\n\t\t\t\t<a class=\"elementor-post__thumbnail__link\" href=\"https:\/\/www.hedera-etc.com\/it\/product\/hedera-helix-golden-girl\/\" tabindex=\"-1\" target=\"&quot;_blank&quot;\">\n\t\t\t<div class=\"elementor-post__thumbnail\"><img loading=\"lazy\" decoding=\"async\" width=\"300\" height=\"225\" src=\"https:\/\/www.hedera-etc.com\/wp-content\/uploads\/2023\/10\/Hedera-helix-Golden-Girl-300x225.webp\" class=\"attachment-medium size-medium wp-image-744\" alt=\"Hedera helix &#039;Golden Girl&#039;\" srcset=\"https:\/\/www.hedera-etc.com\/wp-content\/uploads\/2023\/10\/Hedera-helix-Golden-Girl-300x225.webp 300w, https:\/\/www.hedera-etc.com\/wp-content\/uploads\/2023\/10\/Hedera-helix-Golden-Girl-768x576.webp 768w, https:\/\/www.hedera-etc.com\/wp-content\/uploads\/2023\/10\/Hedera-helix-Golden-Girl.webp 839w\" sizes=\"(max-width: 300px) 100vw, 300px\" \/><\/div>\n\t\t<\/a>\n\t\t\t\t<div class=\"elementor-post__text\">\n\t\t\t\t<h3 class=\"elementor-post__title\">\n\t\t\t<a href=\"https:\/\/www.hedera-etc.com\/it\/product\/hedera-helix-golden-girl\/\" target=\"&quot;_blank&quot;\">\n\t\t\t\t<em>Hedera helix<\/em> &lsquo;Golden Girl&rsquo; &#8211; Edera ornamentale\t\t\t<\/a>\n\t\t<\/h3>\n\t\t\t\t<div class=\"elementor-post__excerpt\">\n\t\t\t<p>Edera variegata di medie dimensioni, molto attraente e a crescita rapida.<\/p> <p>Foglie composte da 5 lobi ben arrotondati con un\t\t<\/div>\n\t\t\n\t\t<a class=\"elementor-post__read-more\" href=\"https:\/\/www.hedera-etc.com\/it\/product\/hedera-helix-golden-girl\/\" aria-label=\"Leggi tutto Hedera helix \u2018Golden Girl\u2019 \u2013 Edera ornamentale\" tabindex=\"-1\" target=\"_blank\">\n\t\t\tPer saperne di pi\u00f9 \u00bb\t\t<\/a>\n\n\t\t\t\t<\/div>\n\t\t\t\t<\/article>\n\t\t\t\t<article class=\"elementor-post elementor-grid-item post-748 product type-product status-publish has-post-thumbnail product_cat-lierre entry has-media  instock purchasable product-type-variable has-default-attributes has-product-nav col span_1_of_4 owp-content-center item-entry owp-thumbs-layout-horizontal owp-btn-normal owp-tabs-layout-section\">\n\t\t\t\t<a class=\"elementor-post__thumbnail__link\" href=\"https:\/\/www.hedera-etc.com\/it\/product\/hedera-helix-golden-ingot\/\" tabindex=\"-1\" target=\"&quot;_blank&quot;\">\n\t\t\t<div class=\"elementor-post__thumbnail\"><img loading=\"lazy\" decoding=\"async\" width=\"300\" height=\"225\" src=\"https:\/\/www.hedera-etc.com\/wp-content\/uploads\/2023\/10\/Hedera-helix-Golden-Ingot-300x225.webp\" class=\"attachment-medium size-medium wp-image-14555\" alt=\"Hedera helix &#039;Golden Ingot&#039;\" srcset=\"https:\/\/www.hedera-etc.com\/wp-content\/uploads\/2023\/10\/Hedera-helix-Golden-Ingot-300x225.webp 300w, https:\/\/www.hedera-etc.com\/wp-content\/uploads\/2023\/10\/Hedera-helix-Golden-Ingot-768x576.webp 768w, https:\/\/www.hedera-etc.com\/wp-content\/uploads\/2023\/10\/Hedera-helix-Golden-Ingot.webp 900w\" sizes=\"(max-width: 300px) 100vw, 300px\" \/><\/div>\n\t\t<\/a>\n\t\t\t\t<div class=\"elementor-post__text\">\n\t\t\t\t<h3 class=\"elementor-post__title\">\n\t\t\t<a href=\"https:\/\/www.hedera-etc.com\/it\/product\/hedera-helix-golden-ingot\/\" target=\"&quot;_blank&quot;\">\n\t\t\t\t<em>Hedera helix<\/em> &lsquo;Golden Ingot&rsquo; &#8211; Edera ornamentale\t\t\t<\/a>\n\t\t<\/h3>\n\t\t\t\t<div class=\"elementor-post__excerpt\">\n\t\t\t<p>Una variet\u00e0 molto bella, giustamente premiata.<\/p> <p>Foglie con 3-5 lobi poco profondi. Base della foglia\t\t<\/div>\n\t\t\n\t\t<a class=\"elementor-post__read-more\" href=\"https:\/\/www.hedera-etc.com\/it\/product\/hedera-helix-golden-ingot\/\" aria-label=\"Leggi tutto &lt;em&gt;Hedera helix&lt;\/em&gt; \u2018Golden Ingot\u2019 \u2013 Edera ornamentale\" tabindex=\"-1\" target=\"_blank\">\n\t\t\tPer saperne di pi\u00f9 \u00bb\t\t<\/a>\n\n\t\t\t\t<\/div>\n\t\t\t\t<\/article>\n\t\t\t\t<article class=\"elementor-post elementor-grid-item post-775 product type-product status-publish has-post-thumbnail product_cat-lierre entry has-media  instock purchasable product-type-variable has-default-attributes has-product-nav col span_1_of_4 owp-content-center item-entry owp-thumbs-layout-horizontal owp-btn-normal owp-tabs-layout-section\">\n\t\t\t\t<a class=\"elementor-post__thumbnail__link\" href=\"https:\/\/www.hedera-etc.com\/it\/product\/hedera-helix-hahns-variegated\/\" tabindex=\"-1\" target=\"&quot;_blank&quot;\">\n\t\t\t<div class=\"elementor-post__thumbnail\"><img loading=\"lazy\" decoding=\"async\" width=\"300\" height=\"225\" src=\"https:\/\/www.hedera-etc.com\/wp-content\/uploads\/2023\/10\/Hedera-helix-Hahns-Variegated-300x225.webp\" class=\"attachment-medium size-medium wp-image-776\" alt=\"Hedera helix &#039;Hahn&#039;s Variegated&#039;\" srcset=\"https:\/\/www.hedera-etc.com\/wp-content\/uploads\/2023\/10\/Hedera-helix-Hahns-Variegated-300x225.webp 300w, https:\/\/www.hedera-etc.com\/wp-content\/uploads\/2023\/10\/Hedera-helix-Hahns-Variegated-900x675.webp 900w, https:\/\/www.hedera-etc.com\/wp-content\/uploads\/2023\/10\/Hedera-helix-Hahns-Variegated-768x576.webp 768w, https:\/\/www.hedera-etc.com\/wp-content\/uploads\/2023\/10\/Hedera-helix-Hahns-Variegated.webp 1024w\" sizes=\"(max-width: 300px) 100vw, 300px\" \/><\/div>\n\t\t<\/a>\n\t\t\t\t<div class=\"elementor-post__text\">\n\t\t\t\t<h3 class=\"elementor-post__title\">\n\t\t\t<a href=\"https:\/\/www.hedera-etc.com\/it\/product\/hedera-helix-hahns-variegated\/\" target=\"&quot;_blank&quot;\">\n\t\t\t\t<em>Hedera helix<\/em> &lsquo;Hahn&rsquo;s Variegated&rsquo; &#8211; Edera ornamentale\t\t\t<\/a>\n\t\t<\/h3>\n\t\t\t\t<div class=\"elementor-post__excerpt\">\n\t\t\t<div class=\"elementor-element elementor-element-29bb15d4 elementor-widget elementor-widget-text-editor\" data-id=\"29bb15d4\" data-element_type=\"widget\" data-widget_type=\"text-editor.default\"> <div class=\"elementor-widget-container\"> <p>Fogliame simile a quello di \u2018Glacier\u2019, con foglie pi\u00f9 grandi e\t\t<\/div>\n\t\t\n\t\t<a class=\"elementor-post__read-more\" href=\"https:\/\/www.hedera-etc.com\/it\/product\/hedera-helix-hahns-variegated\/\" aria-label=\"Leggi tutto *Hedera helix* \u2018Hahn\u2019s Variegated\u2019 \u2013 Edera ornamentale\" tabindex=\"-1\" target=\"_blank\">\n\t\t\tPer saperne di pi\u00f9 \u00bb\t\t<\/a>\n\n\t\t\t\t<\/div>\n\t\t\t\t<\/article>\n\t\t\t\t<article class=\"elementor-post elementor-grid-item post-780 product type-product status-publish has-post-thumbnail product_cat-lierre entry has-media last instock purchasable product-type-variable has-default-attributes has-product-nav col span_1_of_4 owp-content-center item-entry owp-thumbs-layout-horizontal owp-btn-normal owp-tabs-layout-section\">\n\t\t\t\t<a class=\"elementor-post__thumbnail__link\" href=\"https:\/\/www.hedera-etc.com\/it\/product\/hedera-helix-halebob\/\" tabindex=\"-1\" target=\"&quot;_blank&quot;\">\n\t\t\t<div class=\"elementor-post__thumbnail\"><img loading=\"lazy\" decoding=\"async\" width=\"300\" height=\"199\" src=\"https:\/\/www.hedera-etc.com\/wp-content\/uploads\/2023\/10\/Hedera-helix-Halebob-300x199.webp\" class=\"attachment-medium size-medium wp-image-781\" alt=\"Hedera helix &#039;Halebob&#039;\" srcset=\"https:\/\/www.hedera-etc.com\/wp-content\/uploads\/2023\/10\/Hedera-helix-Halebob-300x199.webp 300w, https:\/\/www.hedera-etc.com\/wp-content\/uploads\/2023\/10\/Hedera-helix-Halebob-900x598.webp 900w, https:\/\/www.hedera-etc.com\/wp-content\/uploads\/2023\/10\/Hedera-helix-Halebob-768x510.webp 768w, https:\/\/www.hedera-etc.com\/wp-content\/uploads\/2023\/10\/Hedera-helix-Halebob.webp 947w\" sizes=\"(max-width: 300px) 100vw, 300px\" \/><\/div>\n\t\t<\/a>\n\t\t\t\t<div class=\"elementor-post__text\">\n\t\t\t\t<h3 class=\"elementor-post__title\">\n\t\t\t<a href=\"https:\/\/www.hedera-etc.com\/it\/product\/hedera-helix-halebob\/\" target=\"&quot;_blank&quot;\">\n\t\t\t\t<em>Hedera helix<\/em> &lsquo;Halebob&rsquo; &#8211; Edera ornamentale\t\t\t<\/a>\n\t\t<\/h3>\n\t\t\t\t<div class=\"elementor-post__excerpt\">\n\t\t\t<p>Fogliame molto attraente nei toni del giallo e del verde verniciato.<\/p> <p>Foglia composta da 5 lobi ben ricurvi, anche in rilievo sul bordo esterno.\t\t<\/div>\n\t\t\n\t\t<a class=\"elementor-post__read-more\" href=\"https:\/\/www.hedera-etc.com\/it\/product\/hedera-helix-halebob\/\" aria-label=\"Leggi tutto *Hedera helix* \u2018Halebob\u2019 \u2013 Edera ornamentale\" tabindex=\"-1\" target=\"_blank\">\n\t\t\tPer saperne di pi\u00f9 \u00bb\t\t<\/a>\n\n\t\t\t\t<\/div>\n\t\t\t\t<\/article>\n\t\t\t\t<article class=\"elementor-post elementor-grid-item post-785 product type-product status-publish has-post-thumbnail product_cat-lierre entry has-media first instock purchasable product-type-variable has-default-attributes has-product-nav col span_1_of_4 owp-content-center item-entry owp-thumbs-layout-horizontal owp-btn-normal owp-tabs-layout-section has-no-thumbnails\">\n\t\t\t\t<a class=\"elementor-post__thumbnail__link\" href=\"https:\/\/www.hedera-etc.com\/it\/product\/hedera-helix-hanna\/\" tabindex=\"-1\" target=\"&quot;_blank&quot;\">\n\t\t\t<div class=\"elementor-post__thumbnail\"><img loading=\"lazy\" decoding=\"async\" width=\"300\" height=\"225\" src=\"https:\/\/www.hedera-etc.com\/wp-content\/uploads\/2023\/10\/Hedera-helix-Hanna-300x225.webp\" class=\"attachment-medium size-medium wp-image-786\" alt=\"Hedera helix &#039;Hanna&#039;\" srcset=\"https:\/\/www.hedera-etc.com\/wp-content\/uploads\/2023\/10\/Hedera-helix-Hanna-300x225.webp 300w, https:\/\/www.hedera-etc.com\/wp-content\/uploads\/2023\/10\/Hedera-helix-Hanna-768x575.webp 768w, https:\/\/www.hedera-etc.com\/wp-content\/uploads\/2023\/10\/Hedera-helix-Hanna.webp 800w\" sizes=\"(max-width: 300px) 100vw, 300px\" \/><\/div>\n\t\t<\/a>\n\t\t\t\t<div class=\"elementor-post__text\">\n\t\t\t\t<h3 class=\"elementor-post__title\">\n\t\t\t<a href=\"https:\/\/www.hedera-etc.com\/it\/product\/hedera-helix-hanna\/\" target=\"&quot;_blank&quot;\">\n\t\t\t\t<em>Hedera helix<\/em> &lsquo;Hanna&rsquo; &#8211; Edera ornamentale\t\t\t<\/a>\n\t\t<\/h3>\n\t\t\t\t<div class=\"elementor-post__excerpt\">\n\t\t\t<p>Una delle edere tappezzanti che ama il sole.<\/p> <p>Foglie con 3 o 5 lobi lattiginosi\t\t<\/div>\n\t\t\n\t\t<a class=\"elementor-post__read-more\" href=\"https:\/\/www.hedera-etc.com\/it\/product\/hedera-helix-hanna\/\" aria-label=\"Leggi tutto *Hedera helix* \u2018Hanna\u2019 \u2013 Edera ornamentale\" tabindex=\"-1\" target=\"_blank\">\n\t\t\tPer saperne di pi\u00f9 \u00bb\t\t<\/a>\n\n\t\t\t\t<\/div>\n\t\t\t\t<\/article>\n\t\t\t\t<article class=\"elementor-post elementor-grid-item post-791 product type-product status-publish has-post-thumbnail product_cat-lierre entry has-media  instock purchasable product-type-variable has-default-attributes has-product-nav col span_1_of_4 owp-content-center item-entry owp-thumbs-layout-horizontal owp-btn-normal owp-tabs-layout-section\">\n\t\t\t\t<a class=\"elementor-post__thumbnail__link\" href=\"https:\/\/www.hedera-etc.com\/it\/product\/hedera-helix-hazel\/\" tabindex=\"-1\" target=\"&quot;_blank&quot;\">\n\t\t\t<div class=\"elementor-post__thumbnail\"><img loading=\"lazy\" decoding=\"async\" width=\"300\" height=\"225\" src=\"https:\/\/www.hedera-etc.com\/wp-content\/uploads\/2023\/10\/Hedera-helix-Hazel-300x225.webp\" class=\"attachment-medium size-medium wp-image-792\" alt=\"Hedera helix &#039;Hazel&#039;\" srcset=\"https:\/\/www.hedera-etc.com\/wp-content\/uploads\/2023\/10\/Hedera-helix-Hazel-300x225.webp 300w, https:\/\/www.hedera-etc.com\/wp-content\/uploads\/2023\/10\/Hedera-helix-Hazel-900x675.webp 900w, https:\/\/www.hedera-etc.com\/wp-content\/uploads\/2023\/10\/Hedera-helix-Hazel-768x576.webp 768w, https:\/\/www.hedera-etc.com\/wp-content\/uploads\/2023\/10\/Hedera-helix-Hazel.webp 1024w\" sizes=\"(max-width: 300px) 100vw, 300px\" \/><\/div>\n\t\t<\/a>\n\t\t\t\t<div class=\"elementor-post__text\">\n\t\t\t\t<h3 class=\"elementor-post__title\">\n\t\t\t<a href=\"https:\/\/www.hedera-etc.com\/it\/product\/hedera-helix-hazel\/\" target=\"&quot;_blank&quot;\">\n\t\t\t\t<em>Hedera helix<\/em> &lsquo;Hazel&rsquo; &#8211; Edera ornamentale\t\t\t<\/a>\n\t\t<\/h3>\n\t\t\t\t<div class=\"elementor-post__excerpt\">\n\t\t\t<p>Variet\u00e0 compatta con foglie dal lobo centrale prominente.<\/p> <p>Foglia generalmente composta da 3 lobi, poco profondi e poco pronunciati.\t\t<\/div>\n\t\t\n\t\t<a class=\"elementor-post__read-more\" href=\"https:\/\/www.hedera-etc.com\/it\/product\/hedera-helix-hazel\/\" aria-label=\"Leggi tutto *Hedera helix* \u2018Hazel\u2019 \u2013 Edera ornamentale\" tabindex=\"-1\" target=\"_blank\">\n\t\t\tPer saperne di pi\u00f9 \u00bb\t\t<\/a>\n\n\t\t\t\t<\/div>\n\t\t\t\t<\/article>\n\t\t\t\t<article class=\"elementor-post elementor-grid-item post-796 product type-product status-publish has-post-thumbnail product_cat-lierre entry has-media  instock purchasable product-type-variable has-default-attributes has-product-nav col span_1_of_4 owp-content-center item-entry owp-thumbs-layout-horizontal owp-btn-normal owp-tabs-layout-section\">\n\t\t\t\t<a class=\"elementor-post__thumbnail__link\" href=\"https:\/\/www.hedera-etc.com\/it\/product\/hedera-helix-hedge-hog\/\" tabindex=\"-1\" target=\"&quot;_blank&quot;\">\n\t\t\t<div class=\"elementor-post__thumbnail\"><img loading=\"lazy\" decoding=\"async\" width=\"300\" height=\"225\" src=\"https:\/\/www.hedera-etc.com\/wp-content\/uploads\/2023\/10\/Hedera-helix-Hedge-Hog-300x225.webp\" class=\"attachment-medium size-medium wp-image-14532\" alt=\"Hedera helix &#039;Hedge Hog&#039;\" srcset=\"https:\/\/www.hedera-etc.com\/wp-content\/uploads\/2023\/10\/Hedera-helix-Hedge-Hog-300x225.webp 300w, https:\/\/www.hedera-etc.com\/wp-content\/uploads\/2023\/10\/Hedera-helix-Hedge-Hog-900x674.webp 900w, https:\/\/www.hedera-etc.com\/wp-content\/uploads\/2023\/10\/Hedera-helix-Hedge-Hog-768x575.webp 768w, https:\/\/www.hedera-etc.com\/wp-content\/uploads\/2023\/10\/Hedera-helix-Hedge-Hog.webp 1021w\" sizes=\"(max-width: 300px) 100vw, 300px\" \/><\/div>\n\t\t<\/a>\n\t\t\t\t<div class=\"elementor-post__text\">\n\t\t\t\t<h3 class=\"elementor-post__title\">\n\t\t\t<a href=\"https:\/\/www.hedera-etc.com\/it\/product\/hedera-helix-hedge-hog\/\" target=\"&quot;_blank&quot;\">\n\t\t\t\t<em>Hedera helix<\/em> &lsquo;Hedge Hog&rsquo; &#8211; Edera ornamentale\t\t\t<\/a>\n\t\t<\/h3>\n\t\t\t\t<div class=\"elementor-post__excerpt\">\n\t\t\t<p>Una variet\u00e0 di piccole dimensioni con portamento semi-arbustivo, ramificato e con pochi rami.<\/p> <p>Foglie miniaturizzate, di lunghezza irregolare, spesso deformate, di forma non uniforme\t\t<\/div>\n\t\t\n\t\t<a class=\"elementor-post__read-more\" href=\"https:\/\/www.hedera-etc.com\/it\/product\/hedera-helix-hedge-hog\/\" aria-label=\"Leggi tutto Hedera helix \u2018Hedge Hog\u2019 \u2013 Edera ornamentale\" tabindex=\"-1\" target=\"_blank\">\n\t\t\tPer saperne di pi\u00f9 \u00bb\t\t<\/a>\n\n\t\t\t\t<\/div>\n\t\t\t\t<\/article>\n\t\t\t\t<article class=\"elementor-post elementor-grid-item post-801 product type-product status-publish has-post-thumbnail product_cat-lierre entry has-media last outofstock product-type-variable has-default-attributes has-product-nav col span_1_of_4 owp-content-center item-entry owp-thumbs-layout-horizontal owp-btn-normal owp-tabs-layout-section\">\n\t\t\t\t<a class=\"elementor-post__thumbnail__link\" href=\"https:\/\/www.hedera-etc.com\/it\/product\/hedera-helix-helena\/\" tabindex=\"-1\" target=\"&quot;_blank&quot;\">\n\t\t\t<div class=\"elementor-post__thumbnail\"><img loading=\"lazy\" decoding=\"async\" width=\"300\" height=\"225\" src=\"https:\/\/www.hedera-etc.com\/wp-content\/uploads\/2023\/10\/Hedera-helix-Helena_3-300x225.webp\" class=\"attachment-medium size-medium wp-image-11335\" alt=\"Hedera helix &#039;Helena&#039;\" srcset=\"https:\/\/www.hedera-etc.com\/wp-content\/uploads\/2023\/10\/Hedera-helix-Helena_3-300x225.webp 300w, https:\/\/www.hedera-etc.com\/wp-content\/uploads\/2023\/10\/Hedera-helix-Helena_3-900x675.webp 900w, https:\/\/www.hedera-etc.com\/wp-content\/uploads\/2023\/10\/Hedera-helix-Helena_3-1024x768.webp 1024w, https:\/\/www.hedera-etc.com\/wp-content\/uploads\/2023\/10\/Hedera-helix-Helena_3-768x576.webp 768w, https:\/\/www.hedera-etc.com\/wp-content\/uploads\/2023\/10\/Hedera-helix-Helena_3-1536x1152.webp 1536w, https:\/\/www.hedera-etc.com\/wp-content\/uploads\/2023\/10\/Hedera-helix-Helena_3-1320x990.webp 1320w, https:\/\/www.hedera-etc.com\/wp-content\/uploads\/2023\/10\/Hedera-helix-Helena_3.webp 1600w\" sizes=\"(max-width: 300px) 100vw, 300px\" \/><\/div>\n\t\t<\/a>\n\t\t\t\t<div class=\"elementor-post__text\">\n\t\t\t\t<h3 class=\"elementor-post__title\">\n\t\t\t<a href=\"https:\/\/www.hedera-etc.com\/it\/product\/hedera-helix-helena\/\" target=\"&quot;_blank&quot;\">\n\t\t\t\t<em>Hedera helix<\/em> &lsquo;Helena&rsquo; &#8211; Edera ornamentale\t\t\t<\/a>\n\t\t<\/h3>\n\t\t\t\t<div class=\"elementor-post__excerpt\">\n\t\t\t<p>Molto elegante, con foglie variegate dal bellissimo contrasto.<\/p> <p>Foglie composte da 5 lobi a forma di stella o di\t\t<\/div>\n\t\t\n\t\t<a class=\"elementor-post__read-more\" href=\"https:\/\/www.hedera-etc.com\/it\/product\/hedera-helix-helena\/\" aria-label=\"Leggi tutto &lt;em&gt;Hedera helix&lt;\/em&gt; \u2018Helena\u2019 \u2013 Edera ornamentale\" tabindex=\"-1\" target=\"_blank\">\n\t\t\tPer saperne di pi\u00f9 \u00bb\t\t<\/a>\n\n\t\t\t\t<\/div>\n\t\t\t\t<\/article>\n\t\t\t\t<article class=\"elementor-post elementor-grid-item post-806 product type-product status-publish has-post-thumbnail product_cat-lierre entry has-media first instock purchasable product-type-variable has-default-attributes has-product-nav col span_1_of_4 owp-content-center item-entry owp-thumbs-layout-horizontal owp-btn-normal owp-tabs-layout-section\">\n\t\t\t\t<a class=\"elementor-post__thumbnail__link\" href=\"https:\/\/www.hedera-etc.com\/it\/product\/hedera-helix-helvetica\/\" tabindex=\"-1\" target=\"&quot;_blank&quot;\">\n\t\t\t<div class=\"elementor-post__thumbnail\"><img loading=\"lazy\" decoding=\"async\" width=\"300\" height=\"199\" src=\"https:\/\/www.hedera-etc.com\/wp-content\/uploads\/2023\/10\/Hedera-helix-Helvetica-300x199.webp\" class=\"attachment-medium size-medium wp-image-807\" alt=\"Hedera helix &#039;Helvetica&#039;\" srcset=\"https:\/\/www.hedera-etc.com\/wp-content\/uploads\/2023\/10\/Hedera-helix-Helvetica-300x199.webp 300w, https:\/\/www.hedera-etc.com\/wp-content\/uploads\/2023\/10\/Hedera-helix-Helvetica-900x598.webp 900w, https:\/\/www.hedera-etc.com\/wp-content\/uploads\/2023\/10\/Hedera-helix-Helvetica-768x510.webp 768w, https:\/\/www.hedera-etc.com\/wp-content\/uploads\/2023\/10\/Hedera-helix-Helvetica.webp 947w\" sizes=\"(max-width: 300px) 100vw, 300px\" \/><\/div>\n\t\t<\/a>\n\t\t\t\t<div class=\"elementor-post__text\">\n\t\t\t\t<h3 class=\"elementor-post__title\">\n\t\t\t<a href=\"https:\/\/www.hedera-etc.com\/it\/product\/hedera-helix-helvetica\/\" target=\"&quot;_blank&quot;\">\n\t\t\t\t<em>Hedera helix<\/em> &lsquo;Helvetica&rsquo; &#8211; Edera ornamentale\t\t\t<\/a>\n\t\t<\/h3>\n\t\t\t\t<div class=\"elementor-post__excerpt\">\n\t\t\t<p>Rampicante vigoroso, ramificato e resistente.<br \/> I germogli e i piccioli sono di colore verde-violetto e la foglia ha la forma di una fogliolina.\t\t<\/div>\n\t\t\n\t\t<a class=\"elementor-post__read-more\" href=\"https:\/\/www.hedera-etc.com\/it\/product\/hedera-helix-helvetica\/\" aria-label=\"Leggi tutto &lt;em&gt;Hedera helix&lt;\/em&gt; \u2018Helvetica\u2019 \u2013 Edera ornamentale\" tabindex=\"-1\" target=\"_blank\">\n\t\t\tPer saperne di pi\u00f9 \u00bb\t\t<\/a>\n\n\t\t\t\t<\/div>\n\t\t\t\t<\/article>\n\t\t\t\t<article class=\"elementor-post elementor-grid-item post-813 product type-product status-publish has-post-thumbnail product_cat-lierre entry has-media  instock purchasable product-type-variable has-default-attributes has-product-nav col span_1_of_4 owp-content-center item-entry owp-thumbs-layout-horizontal owp-btn-normal owp-tabs-layout-section\">\n\t\t\t\t<a class=\"elementor-post__thumbnail__link\" href=\"https:\/\/www.hedera-etc.com\/it\/product\/hedera-helix-heron\/\" tabindex=\"-1\" target=\"&quot;_blank&quot;\">\n\t\t\t<div class=\"elementor-post__thumbnail\"><img loading=\"lazy\" decoding=\"async\" width=\"204\" height=\"300\" src=\"https:\/\/www.hedera-etc.com\/wp-content\/uploads\/2023\/10\/Hedera-helix-Heron-204x300.webp\" class=\"attachment-medium size-medium wp-image-814\" alt=\"Hedera helix &#039;Heron&#039;\" srcset=\"https:\/\/www.hedera-etc.com\/wp-content\/uploads\/2023\/10\/Hedera-helix-Heron-204x300.webp 204w, https:\/\/www.hedera-etc.com\/wp-content\/uploads\/2023\/10\/Hedera-helix-Heron.webp 427w\" sizes=\"(max-width: 204px) 100vw, 204px\" \/><\/div>\n\t\t<\/a>\n\t\t\t\t<div class=\"elementor-post__text\">\n\t\t\t\t<h3 class=\"elementor-post__title\">\n\t\t\t<a href=\"https:\/\/www.hedera-etc.com\/it\/product\/hedera-helix-heron\/\" target=\"&quot;_blank&quot;\">\n\t\t\t\t<em>Hedera helix<\/em> &lsquo;Heron&rsquo; &#8211; Edera ornamentale\t\t\t<\/a>\n\t\t<\/h3>\n\t\t\t\t<div class=\"elementor-post__excerpt\">\n\t\t\t<p>Veramente atipica con le sue piccole foglie disposte come filo spinato.<\/p> <p>Lama composta da 5 lobi molto stretti,\t\t<\/div>\n\t\t\n\t\t<a class=\"elementor-post__read-more\" href=\"https:\/\/www.hedera-etc.com\/it\/product\/hedera-helix-heron\/\" aria-label=\"Leggi tutto &lt;em&gt;Hedera helix&lt;\/em&gt; \u2018Heron\u2019 \u2013 Edera ornamentale\" tabindex=\"-1\" target=\"_blank\">\n\t\t\tPer saperne di pi\u00f9 \u00bb\t\t<\/a>\n\n\t\t\t\t<\/div>\n\t\t\t\t<\/article>\n\t\t\t\t<article class=\"elementor-post elementor-grid-item post-818 product type-product status-publish has-post-thumbnail product_cat-lierre entry has-media  instock purchasable product-type-variable has-default-attributes has-product-nav col span_1_of_4 owp-content-center item-entry owp-thumbs-layout-horizontal owp-btn-normal owp-tabs-layout-section\">\n\t\t\t\t<a class=\"elementor-post__thumbnail__link\" href=\"https:\/\/www.hedera-etc.com\/it\/product\/hedera-helix-hester\/\" tabindex=\"-1\" target=\"&quot;_blank&quot;\">\n\t\t\t<div class=\"elementor-post__thumbnail\"><img loading=\"lazy\" decoding=\"async\" width=\"300\" height=\"225\" src=\"https:\/\/www.hedera-etc.com\/wp-content\/uploads\/2023\/10\/Hedera-helix-Hester_2-300x225.webp\" class=\"attachment-medium size-medium wp-image-819\" alt=\"Hedera helix &#039;Hester&#039;\" srcset=\"https:\/\/www.hedera-etc.com\/wp-content\/uploads\/2023\/10\/Hedera-helix-Hester_2-300x225.webp 300w, https:\/\/www.hedera-etc.com\/wp-content\/uploads\/2023\/10\/Hedera-helix-Hester_2-768x575.webp 768w, https:\/\/www.hedera-etc.com\/wp-content\/uploads\/2023\/10\/Hedera-helix-Hester_2.webp 800w\" sizes=\"(max-width: 300px) 100vw, 300px\" \/><\/div>\n\t\t<\/a>\n\t\t\t\t<div class=\"elementor-post__text\">\n\t\t\t\t<h3 class=\"elementor-post__title\">\n\t\t\t<a href=\"https:\/\/www.hedera-etc.com\/it\/product\/hedera-helix-hester\/\" target=\"&quot;_blank&quot;\">\n\t\t\t\t<em>Hedera helix<\/em> &lsquo;Hester&rsquo; &#8211; Edera ornamentale\t\t\t<\/a>\n\t\t<\/h3>\n\t\t\t\t<div class=\"elementor-post__excerpt\">\n\t\t\t<p>Variet\u00e0 insolita con foglie lunghe, lineari o lanceolate.<\/p> <p>La maggior parte delle volte non \u00e8 lobata, ma le foglie possono essere talvolta presenti\t\t<\/div>\n\t\t\n\t\t<a class=\"elementor-post__read-more\" href=\"https:\/\/www.hedera-etc.com\/it\/product\/hedera-helix-hester\/\" aria-label=\"Leggi tutto *Hedera helix* \u2018Hester\u2019 \u2013 Edera ornamentale\" tabindex=\"-1\" target=\"_blank\">\n\t\t\tPer saperne di pi\u00f9 \u00bb\t\t<\/a>\n\n\t\t\t\t<\/div>\n\t\t\t\t<\/article>\n\t\t\t\t<article class=\"elementor-post elementor-grid-item post-823 product type-product status-publish has-post-thumbnail product_cat-lierre entry has-media last instock purchasable product-type-variable has-default-attributes has-product-nav col span_1_of_4 owp-content-center item-entry owp-thumbs-layout-horizontal owp-btn-normal owp-tabs-layout-section has-no-thumbnails\">\n\t\t\t\t<a class=\"elementor-post__thumbnail__link\" href=\"https:\/\/www.hedera-etc.com\/it\/product\/hedera-helix-hullavington\/\" tabindex=\"-1\" target=\"&quot;_blank&quot;\">\n\t\t\t<div class=\"elementor-post__thumbnail\"><img loading=\"lazy\" decoding=\"async\" width=\"300\" height=\"225\" src=\"https:\/\/www.hedera-etc.com\/wp-content\/uploads\/2023\/10\/Hedera-helix-Hullavington-300x225.webp\" class=\"attachment-medium size-medium wp-image-824\" alt=\"Hedera helix &#039;Hullavington&#039;\" srcset=\"https:\/\/www.hedera-etc.com\/wp-content\/uploads\/2023\/10\/Hedera-helix-Hullavington-300x225.webp 300w, https:\/\/www.hedera-etc.com\/wp-content\/uploads\/2023\/10\/Hedera-helix-Hullavington-900x675.webp 900w, https:\/\/www.hedera-etc.com\/wp-content\/uploads\/2023\/10\/Hedera-helix-Hullavington-768x576.webp 768w, https:\/\/www.hedera-etc.com\/wp-content\/uploads\/2023\/10\/Hedera-helix-Hullavington.webp 1024w\" sizes=\"(max-width: 300px) 100vw, 300px\" \/><\/div>\n\t\t<\/a>\n\t\t\t\t<div class=\"elementor-post__text\">\n\t\t\t\t<h3 class=\"elementor-post__title\">\n\t\t\t<a href=\"https:\/\/www.hedera-etc.com\/it\/product\/hedera-helix-hullavington\/\" target=\"&quot;_blank&quot;\">\n\t\t\t\t<em>Hedera helix<\/em> &lsquo;Hullavington&rsquo; &#8211; Edera ornamentale\t\t\t<\/a>\n\t\t<\/h3>\n\t\t\t\t<div class=\"elementor-post__excerpt\">\n\t\t\t<p>Fusti robusti che portano un fitto fogliame giallo chiaro che diventa verde a maturit\u00e0. Alcune foglie presentano una macula verde sul\t\t<\/div>\n\t\t\n\t\t<a class=\"elementor-post__read-more\" href=\"https:\/\/www.hedera-etc.com\/it\/product\/hedera-helix-hullavington\/\" aria-label=\"Leggi tutto *Hedera helix* \u2018Hullavington\u2019 \u2013 Edera ornamentale\" tabindex=\"-1\" target=\"_blank\">\n\t\t\tPer saperne di pi\u00f9 \u00bb\t\t<\/a>\n\n\t\t\t\t<\/div>\n\t\t\t\t<\/article>\n\t\t\t\t<article class=\"elementor-post elementor-grid-item post-827 product type-product status-publish has-post-thumbnail product_cat-lierre entry has-media first instock purchasable product-type-variable has-default-attributes has-product-nav col span_1_of_4 owp-content-center item-entry owp-thumbs-layout-horizontal owp-btn-normal owp-tabs-layout-section\">\n\t\t\t\t<a class=\"elementor-post__thumbnail__link\" href=\"https:\/\/www.hedera-etc.com\/it\/product\/hedera-helix-innuendo\/\" tabindex=\"-1\" target=\"&quot;_blank&quot;\">\n\t\t\t<div class=\"elementor-post__thumbnail\"><img loading=\"lazy\" decoding=\"async\" width=\"300\" height=\"225\" src=\"https:\/\/www.hedera-etc.com\/wp-content\/uploads\/2023\/10\/Hedera-helix-Innuendo-300x225.webp\" class=\"attachment-medium size-medium wp-image-828\" alt=\"Hedera helix &#039;Innuendo&#039;\" srcset=\"https:\/\/www.hedera-etc.com\/wp-content\/uploads\/2023\/10\/Hedera-helix-Innuendo-300x225.webp 300w, https:\/\/www.hedera-etc.com\/wp-content\/uploads\/2023\/10\/Hedera-helix-Innuendo-900x675.webp 900w, https:\/\/www.hedera-etc.com\/wp-content\/uploads\/2023\/10\/Hedera-helix-Innuendo-768x576.webp 768w, https:\/\/www.hedera-etc.com\/wp-content\/uploads\/2023\/10\/Hedera-helix-Innuendo.webp 1024w\" sizes=\"(max-width: 300px) 100vw, 300px\" \/><\/div>\n\t\t<\/a>\n\t\t\t\t<div class=\"elementor-post__text\">\n\t\t\t\t<h3 class=\"elementor-post__title\">\n\t\t\t<a href=\"https:\/\/www.hedera-etc.com\/it\/product\/hedera-helix-innuendo\/\" target=\"&quot;_blank&quot;\">\n\t\t\t\t<em>Hedera helix<\/em> &lsquo;Innuendo&rsquo; &#8211; Edera ornamentale\t\t\t<\/a>\n\t\t<\/h3>\n\t\t\t\t<div class=\"elementor-post__excerpt\">\n\t\t\t<p>Forma un ciuffo compatto di rami ramificati.<\/p> <p>Foglie: verde scuro, composte da 3 lobi, arrotolate al margine e delicatamente arricciate.\t\t<\/div>\n\t\t\n\t\t<a class=\"elementor-post__read-more\" href=\"https:\/\/www.hedera-etc.com\/it\/product\/hedera-helix-innuendo\/\" aria-label=\"Leggi tutto &lt;em&gt;Hedera helix&lt;\/em&gt; \u2018Innuendo\u2019 \u2013 Edera ornamentale\" tabindex=\"-1\" target=\"_blank\">\n\t\t\tPer saperne di pi\u00f9 \u00bb\t\t<\/a>\n\n\t\t\t\t<\/div>\n\t\t\t\t<\/article>\n\t\t\t\t<article class=\"elementor-post elementor-grid-item post-833 product type-product status-publish has-post-thumbnail product_cat-lierre entry has-media  instock purchasable product-type-variable has-default-attributes has-product-nav col span_1_of_4 owp-content-center item-entry owp-thumbs-layout-horizontal owp-btn-normal owp-tabs-layout-section\">\n\t\t\t\t<a class=\"elementor-post__thumbnail__link\" href=\"https:\/\/www.hedera-etc.com\/it\/product\/hedera-helix-irish-lace\/\" tabindex=\"-1\" target=\"&quot;_blank&quot;\">\n\t\t\t<div class=\"elementor-post__thumbnail\"><img loading=\"lazy\" decoding=\"async\" width=\"300\" height=\"257\" src=\"https:\/\/www.hedera-etc.com\/wp-content\/uploads\/2023\/10\/Hedera-helix-Irish-Lace-1-300x257.webp\" class=\"attachment-medium size-medium wp-image-15284\" alt=\"Hedera helix &#039;Irish Lace&#039;\" srcset=\"https:\/\/www.hedera-etc.com\/wp-content\/uploads\/2023\/10\/Hedera-helix-Irish-Lace-1-300x257.webp 300w, https:\/\/www.hedera-etc.com\/wp-content\/uploads\/2023\/10\/Hedera-helix-Irish-Lace-1.webp 394w\" sizes=\"(max-width: 300px) 100vw, 300px\" \/><\/div>\n\t\t<\/a>\n\t\t\t\t<div class=\"elementor-post__text\">\n\t\t\t\t<h3 class=\"elementor-post__title\">\n\t\t\t<a href=\"https:\/\/www.hedera-etc.com\/it\/product\/hedera-helix-irish-lace\/\" target=\"&quot;_blank&quot;\">\n\t\t\t\t<em>Hedera helix<\/em> &lsquo;Irish Lace&rsquo; &#8211; Edera ornamentale\t\t\t<\/a>\n\t\t<\/h3>\n\t\t\t\t<div class=\"elementor-post__excerpt\">\n\t\t\t<p>Edera con foglie a zampa d'uccello di colore verde scuro.<\/p> <p>Composto da 3-5 lobi. Lobo centrale nettamente pi\u00f9 lungo\t\t<\/div>\n\t\t\n\t\t<a class=\"elementor-post__read-more\" href=\"https:\/\/www.hedera-etc.com\/it\/product\/hedera-helix-irish-lace\/\" aria-label=\"Leggi tutto *Hedera helix* \u2018Irish Lace\u2019 \u2013 Edera ornamentale\" tabindex=\"-1\" target=\"_blank\">\n\t\t\tPer saperne di pi\u00f9 \u00bb\t\t<\/a>\n\n\t\t\t\t<\/div>\n\t\t\t\t<\/article>\n\t\t\t\t<article class=\"elementor-post elementor-grid-item post-838 product type-product status-publish has-post-thumbnail product_cat-lierre entry has-media  instock purchasable product-type-variable has-default-attributes has-product-nav col span_1_of_4 owp-content-center item-entry owp-thumbs-layout-horizontal owp-btn-normal owp-tabs-layout-section\">\n\t\t\t\t<a class=\"elementor-post__thumbnail__link\" href=\"https:\/\/www.hedera-etc.com\/it\/product\/hedera-helix-ivalace\/\" tabindex=\"-1\" target=\"&quot;_blank&quot;\">\n\t\t\t<div class=\"elementor-post__thumbnail\"><img loading=\"lazy\" decoding=\"async\" width=\"300\" height=\"225\" src=\"https:\/\/www.hedera-etc.com\/wp-content\/uploads\/2023\/10\/Hedera-helix-Ivalace-300x225.webp\" class=\"attachment-medium size-medium wp-image-839\" alt=\"Hedera helix &#039;Ivalace&#039;\" srcset=\"https:\/\/www.hedera-etc.com\/wp-content\/uploads\/2023\/10\/Hedera-helix-Ivalace-300x225.webp 300w, https:\/\/www.hedera-etc.com\/wp-content\/uploads\/2023\/10\/Hedera-helix-Ivalace-900x675.webp 900w, https:\/\/www.hedera-etc.com\/wp-content\/uploads\/2023\/10\/Hedera-helix-Ivalace-768x576.webp 768w, https:\/\/www.hedera-etc.com\/wp-content\/uploads\/2023\/10\/Hedera-helix-Ivalace.webp 1024w\" sizes=\"(max-width: 300px) 100vw, 300px\" \/><\/div>\n\t\t<\/a>\n\t\t\t\t<div class=\"elementor-post__text\">\n\t\t\t\t<h3 class=\"elementor-post__title\">\n\t\t\t<a href=\"https:\/\/www.hedera-etc.com\/it\/product\/hedera-helix-ivalace\/\" target=\"&quot;_blank&quot;\">\n\t\t\t\t<em>Hedera helix<\/em> &lsquo;Ivalace&rsquo; &#8211; Edera ornamentale\t\t\t<\/a>\n\t\t<\/h3>\n\t\t\t\t<div class=\"elementor-post__excerpt\">\n\t\t\t<p>L'edera \u00e8 sempre un grande successo con il suo aspetto di pizzo finemente lavorato.<\/p> <p>Foglie, composte da 5 lobi, ondulate\t\t<\/div>\n\t\t\n\t\t<a class=\"elementor-post__read-more\" href=\"https:\/\/www.hedera-etc.com\/it\/product\/hedera-helix-ivalace\/\" aria-label=\"Leggi tutto *Hedera helix* \u2018Ivalace\u2019 \u2013 Edera ornamentale\" tabindex=\"-1\" target=\"_blank\">\n\t\t\tPer saperne di pi\u00f9 \u00bb\t\t<\/a>\n\n\t\t\t\t<\/div>\n\t\t\t\t<\/article>\n\t\t\t\t<article class=\"elementor-post elementor-grid-item post-845 product type-product status-publish has-post-thumbnail product_cat-lierre entry has-media last instock purchasable product-type-variable has-default-attributes has-product-nav col span_1_of_4 owp-content-center item-entry owp-thumbs-layout-horizontal owp-btn-normal owp-tabs-layout-section has-no-thumbnails\">\n\t\t\t\t<a class=\"elementor-post__thumbnail__link\" href=\"https:\/\/www.hedera-etc.com\/it\/product\/hedera-helix-new-look\/\" tabindex=\"-1\" target=\"&quot;_blank&quot;\">\n\t\t\t<div class=\"elementor-post__thumbnail\"><img loading=\"lazy\" decoding=\"async\" width=\"300\" height=\"225\" src=\"https:\/\/www.hedera-etc.com\/wp-content\/uploads\/2023\/10\/Hedera-helix-Ivalace-Mutation-300x225.webp\" class=\"attachment-medium size-medium wp-image-846\" alt=\"Hedera helix &#039;New Look&#039; mutazione\" srcset=\"https:\/\/www.hedera-etc.com\/wp-content\/uploads\/2023\/10\/Hedera-helix-Ivalace-Mutation-300x225.webp 300w, https:\/\/www.hedera-etc.com\/wp-content\/uploads\/2023\/10\/Hedera-helix-Ivalace-Mutation-900x675.webp 900w, https:\/\/www.hedera-etc.com\/wp-content\/uploads\/2023\/10\/Hedera-helix-Ivalace-Mutation-768x576.webp 768w, https:\/\/www.hedera-etc.com\/wp-content\/uploads\/2023\/10\/Hedera-helix-Ivalace-Mutation.webp 1024w\" sizes=\"(max-width: 300px) 100vw, 300px\" \/><\/div>\n\t\t<\/a>\n\t\t\t\t<div class=\"elementor-post__text\">\n\t\t\t\t<h3 class=\"elementor-post__title\">\n\t\t\t<a href=\"https:\/\/www.hedera-etc.com\/it\/product\/hedera-helix-new-look\/\" target=\"&quot;_blank&quot;\">\n\t\t\t\t<em>Hedera helix<\/em> &lsquo;New Look&rsquo; &#8211; Edera ornamentale\t\t\t<\/a>\n\t\t<\/h3>\n\t\t\t\t<div class=\"elementor-post__excerpt\">\n\t\t\t<p><b><i>M<\/i><\/b>che si differenzia nettamente dal tipo per il fatto che i lobi sono uniti nella parte anteriore a formare\t\t<\/div>\n\t\t\n\t\t<a class=\"elementor-post__read-more\" href=\"https:\/\/www.hedera-etc.com\/it\/product\/hedera-helix-new-look\/\" aria-label=\"Leggi tutto &lt;em&gt;Hedera helix&lt;\/em&gt; \u2018New Look\u2019 \u2013 Edera ornamentale\" tabindex=\"-1\" target=\"_blank\">\n\t\t\tPer saperne di pi\u00f9 \u00bb\t\t<\/a>\n\n\t\t\t\t<\/div>\n\t\t\t\t<\/article>\n\t\t\t\t<article class=\"elementor-post elementor-grid-item post-849 product type-product status-publish has-post-thumbnail product_cat-lierre entry has-media first instock purchasable product-type-variable has-default-attributes has-product-nav col span_1_of_4 owp-content-center item-entry owp-thumbs-layout-horizontal owp-btn-normal owp-tabs-layout-section\">\n\t\t\t\t<a class=\"elementor-post__thumbnail__link\" href=\"https:\/\/www.hedera-etc.com\/it\/product\/hedera-helix-jack-frost\/\" tabindex=\"-1\" target=\"&quot;_blank&quot;\">\n\t\t\t<div class=\"elementor-post__thumbnail\"><img loading=\"lazy\" decoding=\"async\" width=\"300\" height=\"225\" src=\"https:\/\/www.hedera-etc.com\/wp-content\/uploads\/2023\/10\/Hedera-helix-Jack-Frost-300x225.webp\" class=\"attachment-medium size-medium wp-image-850\" alt=\"Hedera helix &#039;Jack Frost&#039;\" srcset=\"https:\/\/www.hedera-etc.com\/wp-content\/uploads\/2023\/10\/Hedera-helix-Jack-Frost-300x225.webp 300w, https:\/\/www.hedera-etc.com\/wp-content\/uploads\/2023\/10\/Hedera-helix-Jack-Frost-900x675.webp 900w, https:\/\/www.hedera-etc.com\/wp-content\/uploads\/2023\/10\/Hedera-helix-Jack-Frost-768x576.webp 768w, https:\/\/www.hedera-etc.com\/wp-content\/uploads\/2023\/10\/Hedera-helix-Jack-Frost.webp 1024w\" sizes=\"(max-width: 300px) 100vw, 300px\" \/><\/div>\n\t\t<\/a>\n\t\t\t\t<div class=\"elementor-post__text\">\n\t\t\t\t<h3 class=\"elementor-post__title\">\n\t\t\t<a href=\"https:\/\/www.hedera-etc.com\/it\/product\/hedera-helix-jack-frost\/\" target=\"&quot;_blank&quot;\">\n\t\t\t\t<em>Hedera helix<\/em> &lsquo;Jack Frost&rsquo; &#8211; Edera ornamentale\t\t\t<\/a>\n\t\t<\/h3>\n\t\t\t\t<div class=\"elementor-post__excerpt\">\n\t\t\t<p>Una variet\u00e0 particolarmente attraente in giardino con le sue grandi foglie leggermente increspate e il suo colore verde-grigio.<\/p> <p>Lama fogliare composta da 3\t\t<\/div>\n\t\t\n\t\t<a class=\"elementor-post__read-more\" href=\"https:\/\/www.hedera-etc.com\/it\/product\/hedera-helix-jack-frost\/\" aria-label=\"Leggi tutto &lt;em&gt;Hedera helix&lt;\/em&gt; \u2018Jack Frost\u2019 \u2013 Edera ornamentale\" tabindex=\"-1\" target=\"_blank\">\n\t\t\tPer saperne di pi\u00f9 \u00bb\t\t<\/a>\n\n\t\t\t\t<\/div>\n\t\t\t\t<\/article>\n\t\t\t\t<article class=\"elementor-post elementor-grid-item post-854 product type-product status-publish has-post-thumbnail product_cat-lierre entry has-media  instock purchasable product-type-variable has-default-attributes has-product-nav col span_1_of_4 owp-content-center item-entry owp-thumbs-layout-horizontal owp-btn-normal owp-tabs-layout-section\">\n\t\t\t\t<a class=\"elementor-post__thumbnail__link\" href=\"https:\/\/www.hedera-etc.com\/it\/product\/hedera-helix-jake\/\" tabindex=\"-1\" target=\"&quot;_blank&quot;\">\n\t\t\t<div class=\"elementor-post__thumbnail\"><img loading=\"lazy\" decoding=\"async\" width=\"300\" height=\"225\" src=\"https:\/\/www.hedera-etc.com\/wp-content\/uploads\/2023\/10\/Hedera-helix-Jake-300x225.webp\" class=\"attachment-medium size-medium wp-image-14492\" alt=\"Hedera helix &#039;Jake&#039;\" srcset=\"https:\/\/www.hedera-etc.com\/wp-content\/uploads\/2023\/10\/Hedera-helix-Jake-300x225.webp 300w, https:\/\/www.hedera-etc.com\/wp-content\/uploads\/2023\/10\/Hedera-helix-Jake-768x576.webp 768w, https:\/\/www.hedera-etc.com\/wp-content\/uploads\/2023\/10\/Hedera-helix-Jake.webp 900w\" sizes=\"(max-width: 300px) 100vw, 300px\" \/><\/div>\n\t\t<\/a>\n\t\t\t\t<div class=\"elementor-post__text\">\n\t\t\t\t<h3 class=\"elementor-post__title\">\n\t\t\t<a href=\"https:\/\/www.hedera-etc.com\/it\/product\/hedera-helix-jake\/\" target=\"&quot;_blank&quot;\">\n\t\t\t\t<em>Hedera helix<\/em> &lsquo;Jake&rsquo; &#8211; Edera ornamentale\t\t\t<\/a>\n\t\t<\/h3>\n\t\t\t\t<div class=\"elementor-post__excerpt\">\n\t\t\t<p>Crescita cespugliosa molto compatta e buona auto-ramificazione.<\/p> <p>Fogliame composto da tre lobi molto arrotondati con la base a forma di\t\t<\/div>\n\t\t\n\t\t<a class=\"elementor-post__read-more\" href=\"https:\/\/www.hedera-etc.com\/it\/product\/hedera-helix-jake\/\" aria-label=\"Leggi tutto *Hedera helix* \u2018Jake\u2019 \u2013 Edera ornamentale\" tabindex=\"-1\" target=\"_blank\">\n\t\t\tPer saperne di pi\u00f9 \u00bb\t\t<\/a>\n\n\t\t\t\t<\/div>\n\t\t\t\t<\/article>\n\t\t\t\t<article class=\"elementor-post elementor-grid-item post-859 product type-product status-publish has-post-thumbnail product_cat-lierre entry has-media  instock purchasable product-type-variable has-default-attributes has-product-nav col span_1_of_4 owp-content-center item-entry owp-thumbs-layout-horizontal owp-btn-normal owp-tabs-layout-section\">\n\t\t\t\t<a class=\"elementor-post__thumbnail__link\" href=\"https:\/\/www.hedera-etc.com\/it\/product\/hedera-helix-jasper\/\" tabindex=\"-1\" target=\"&quot;_blank&quot;\">\n\t\t\t<div class=\"elementor-post__thumbnail\"><img loading=\"lazy\" decoding=\"async\" width=\"300\" height=\"225\" src=\"https:\/\/www.hedera-etc.com\/wp-content\/uploads\/2023\/10\/Hedera-helix-Jasper-300x225.webp\" class=\"attachment-medium size-medium wp-image-860\" alt=\"Hedera helix &#039;Jasper&#039;\" srcset=\"https:\/\/www.hedera-etc.com\/wp-content\/uploads\/2023\/10\/Hedera-helix-Jasper-300x225.webp 300w, https:\/\/www.hedera-etc.com\/wp-content\/uploads\/2023\/10\/Hedera-helix-Jasper-768x576.webp 768w, https:\/\/www.hedera-etc.com\/wp-content\/uploads\/2023\/10\/Hedera-helix-Jasper.webp 839w\" sizes=\"(max-width: 300px) 100vw, 300px\" \/><\/div>\n\t\t<\/a>\n\t\t\t\t<div class=\"elementor-post__text\">\n\t\t\t\t<h3 class=\"elementor-post__title\">\n\t\t\t<a href=\"https:\/\/www.hedera-etc.com\/it\/product\/hedera-helix-jasper\/\" target=\"&quot;_blank&quot;\">\n\t\t\t\t<em>Hedera helix<\/em> &lsquo;Jasper&rsquo; &#8211; Edera ornamentale\t\t\t<\/a>\n\t\t<\/h3>\n\t\t\t\t<div class=\"elementor-post__excerpt\">\n\t\t\t<p>Rampicante molto vigoroso e ramificato, con foglie di medie dimensioni e arricciate.<\/p> <p>Foglia con 5 lobi. Lobi di\t\t<\/div>\n\t\t\n\t\t<a class=\"elementor-post__read-more\" href=\"https:\/\/www.hedera-etc.com\/it\/product\/hedera-helix-jasper\/\" aria-label=\"Leggi tutto &lt;em&gt;Hedera helix&lt;\/em&gt; \u2018Jasper\u2019 \u2013 Edera ornamentale\" tabindex=\"-1\" target=\"_blank\">\n\t\t\tPer saperne di pi\u00f9 \u00bb\t\t<\/a>\n\n\t\t\t\t<\/div>\n\t\t\t\t<\/article>\n\t\t\t\t<article class=\"elementor-post elementor-grid-item post-865 product type-product status-publish has-post-thumbnail product_cat-lierre entry has-media last instock purchasable product-type-variable has-default-attributes has-product-nav col span_1_of_4 owp-content-center item-entry owp-thumbs-layout-horizontal owp-btn-normal owp-tabs-layout-section\">\n\t\t\t\t<a class=\"elementor-post__thumbnail__link\" href=\"https:\/\/www.hedera-etc.com\/it\/product\/hedera-helix-jersey-doris\/\" tabindex=\"-1\" target=\"&quot;_blank&quot;\">\n\t\t\t<div class=\"elementor-post__thumbnail\"><img loading=\"lazy\" decoding=\"async\" width=\"300\" height=\"225\" src=\"https:\/\/www.hedera-etc.com\/wp-content\/uploads\/2023\/10\/Hedera-helix-Jersey-Doris-300x225.webp\" class=\"attachment-medium size-medium wp-image-866\" alt=\"Hedera helix &#039;Jersey Doris&#039; &#039;Jersey Doris&#039; &#039;Jersey Doris&#039; &#039;Jersey Doris&#039;\" srcset=\"https:\/\/www.hedera-etc.com\/wp-content\/uploads\/2023\/10\/Hedera-helix-Jersey-Doris-300x225.webp 300w, https:\/\/www.hedera-etc.com\/wp-content\/uploads\/2023\/10\/Hedera-helix-Jersey-Doris-768x575.webp 768w, https:\/\/www.hedera-etc.com\/wp-content\/uploads\/2023\/10\/Hedera-helix-Jersey-Doris.webp 800w\" sizes=\"(max-width: 300px) 100vw, 300px\" \/><\/div>\n\t\t<\/a>\n\t\t\t\t<div class=\"elementor-post__text\">\n\t\t\t\t<h3 class=\"elementor-post__title\">\n\t\t\t<a href=\"https:\/\/www.hedera-etc.com\/it\/product\/hedera-helix-jersey-doris\/\" target=\"&quot;_blank&quot;\">\n\t\t\t\t<em>Hedera helix<\/em> &lsquo;Jersey Doris&rsquo; &#8211; Edera ornamentale\t\t\t<\/a>\n\t\t<\/h3>\n\t\t\t\t<div class=\"elementor-post__excerpt\">\n\t\t\t<p>Fogliame giovane e bianco in primavera, soprattutto in posizioni soleggiate a est.<\/p> <p>Le foglie diventano verdi a maturit\u00e0, con 5 lobi.\t\t<\/div>\n\t\t\n\t\t<a class=\"elementor-post__read-more\" href=\"https:\/\/www.hedera-etc.com\/it\/product\/hedera-helix-jersey-doris\/\" aria-label=\"Leggi tutto *Hedera helix* \u2018Jersey Doris\u2019 \u2013 Edera ornamentale\" tabindex=\"-1\" target=\"_blank\">\n\t\t\tPer saperne di pi\u00f9 \u00bb\t\t<\/a>\n\n\t\t\t\t<\/div>\n\t\t\t\t<\/article>\n\t\t\t\t<article class=\"elementor-post elementor-grid-item post-871 product type-product status-publish has-post-thumbnail product_cat-lierre entry has-media first instock purchasable product-type-variable has-default-attributes has-product-nav col span_1_of_4 owp-content-center item-entry owp-thumbs-layout-horizontal owp-btn-normal owp-tabs-layout-section\">\n\t\t\t\t<a class=\"elementor-post__thumbnail__link\" href=\"https:\/\/www.hedera-etc.com\/it\/product\/hedera-helix-kappeln\/\" tabindex=\"-1\" target=\"&quot;_blank&quot;\">\n\t\t\t<div class=\"elementor-post__thumbnail\"><img loading=\"lazy\" decoding=\"async\" width=\"300\" height=\"201\" src=\"https:\/\/www.hedera-etc.com\/wp-content\/uploads\/2023\/10\/Hedera-helix-Kappeln-300x201.webp\" class=\"attachment-medium size-medium wp-image-872\" alt=\"Hedera helix &#039;Kappeln&#039;\" srcset=\"https:\/\/www.hedera-etc.com\/wp-content\/uploads\/2023\/10\/Hedera-helix-Kappeln-300x201.webp 300w, https:\/\/www.hedera-etc.com\/wp-content\/uploads\/2023\/10\/Hedera-helix-Kappeln-900x602.webp 900w, https:\/\/www.hedera-etc.com\/wp-content\/uploads\/2023\/10\/Hedera-helix-Kappeln-768x514.webp 768w, https:\/\/www.hedera-etc.com\/wp-content\/uploads\/2023\/10\/Hedera-helix-Kappeln.webp 940w\" sizes=\"(max-width: 300px) 100vw, 300px\" \/><\/div>\n\t\t<\/a>\n\t\t\t\t<div class=\"elementor-post__text\">\n\t\t\t\t<h3 class=\"elementor-post__title\">\n\t\t\t<a href=\"https:\/\/www.hedera-etc.com\/it\/product\/hedera-helix-kappeln\/\" target=\"&quot;_blank&quot;\">\n\t\t\t\t<em>Hedera helix<\/em> &lsquo;Kappeln&rsquo; &#8211; Edera ornamentale\t\t\t<\/a>\n\t\t<\/h3>\n\t\t\t\t<div class=\"elementor-post__excerpt\">\n\t\t\t<p>Rampicante a crescita forte con pochi rami, produce germogli di circa 1,50 metri all'anno.<\/p> <p>Foglie lanceolate e arrotondate di colore verde scuro opaco.\t\t<\/div>\n\t\t\n\t\t<a class=\"elementor-post__read-more\" href=\"https:\/\/www.hedera-etc.com\/it\/product\/hedera-helix-kappeln\/\" aria-label=\"Leggi tutto &lt;em&gt;Hedera helix&lt;\/em&gt; \u2018Kappeln\u2019 \u2013 Edera ornamentale\" tabindex=\"-1\" target=\"_blank\">\n\t\t\tPer saperne di pi\u00f9 \u00bb\t\t<\/a>\n\n\t\t\t\t<\/div>\n\t\t\t\t<\/article>\n\t\t\t\t<article class=\"elementor-post elementor-grid-item post-877 product type-product status-publish has-post-thumbnail product_cat-lierre entry has-media  outofstock product-type-variable has-default-attributes has-product-nav col span_1_of_4 owp-content-center item-entry owp-thumbs-layout-horizontal owp-btn-normal owp-tabs-layout-section\">\n\t\t\t\t<a class=\"elementor-post__thumbnail__link\" href=\"https:\/\/www.hedera-etc.com\/it\/product\/hedera-helix-kevin\/\" tabindex=\"-1\" target=\"&quot;_blank&quot;\">\n\t\t\t<div class=\"elementor-post__thumbnail\"><img loading=\"lazy\" decoding=\"async\" width=\"300\" height=\"225\" src=\"https:\/\/www.hedera-etc.com\/wp-content\/uploads\/2023\/10\/Hedera-helix-Kevin_3-300x225.webp\" class=\"attachment-medium size-medium wp-image-12277\" alt=\"Hedera helix &#039;Kevin&#039;\" srcset=\"https:\/\/www.hedera-etc.com\/wp-content\/uploads\/2023\/10\/Hedera-helix-Kevin_3-300x225.webp 300w, https:\/\/www.hedera-etc.com\/wp-content\/uploads\/2023\/10\/Hedera-helix-Kevin_3-900x675.webp 900w, https:\/\/www.hedera-etc.com\/wp-content\/uploads\/2023\/10\/Hedera-helix-Kevin_3-1024x768.webp 1024w, https:\/\/www.hedera-etc.com\/wp-content\/uploads\/2023\/10\/Hedera-helix-Kevin_3-768x576.webp 768w, https:\/\/www.hedera-etc.com\/wp-content\/uploads\/2023\/10\/Hedera-helix-Kevin_3-1536x1152.webp 1536w, https:\/\/www.hedera-etc.com\/wp-content\/uploads\/2023\/10\/Hedera-helix-Kevin_3-1320x990.webp 1320w, https:\/\/www.hedera-etc.com\/wp-content\/uploads\/2023\/10\/Hedera-helix-Kevin_3.webp 1600w\" sizes=\"(max-width: 300px) 100vw, 300px\" \/><\/div>\n\t\t<\/a>\n\t\t\t\t<div class=\"elementor-post__text\">\n\t\t\t\t<h3 class=\"elementor-post__title\">\n\t\t\t<a href=\"https:\/\/www.hedera-etc.com\/it\/product\/hedera-helix-kevin\/\" target=\"&quot;_blank&quot;\">\n\t\t\t\t<em>Hedera helix<\/em> &lsquo;Kevin&rsquo; &#8211; Edera ornamentale\t\t\t<\/a>\n\t\t<\/h3>\n\t\t\t\t<div class=\"elementor-post__excerpt\">\n\t\t\t<p>Variet\u00e0 atipica e vigorosa.<\/p> <p>Foglie: di medie dimensioni, irregolarmente lobate, con superficie increspata, contorte ai margini, dall'aspetto \"lucido\".\t\t<\/div>\n\t\t\n\t\t<a class=\"elementor-post__read-more\" href=\"https:\/\/www.hedera-etc.com\/it\/product\/hedera-helix-kevin\/\" aria-label=\"Leggi tutto *Hedera helix* \u2018Kevin\u2019 \u2013 Edera ornamentale\" tabindex=\"-1\" target=\"_blank\">\n\t\t\tPer saperne di pi\u00f9 \u00bb\t\t<\/a>\n\n\t\t\t\t<\/div>\n\t\t\t\t<\/article>\n\t\t\t\t<article class=\"elementor-post elementor-grid-item post-884 product type-product status-publish has-post-thumbnail product_cat-lierre entry has-media  instock purchasable product-type-variable has-default-attributes has-product-nav col span_1_of_4 owp-content-center item-entry owp-thumbs-layout-horizontal owp-btn-normal owp-tabs-layout-section has-no-thumbnails\">\n\t\t\t\t<a class=\"elementor-post__thumbnail__link\" href=\"https:\/\/www.hedera-etc.com\/it\/product\/hedera-helix-kirsten\/\" tabindex=\"-1\" target=\"&quot;_blank&quot;\">\n\t\t\t<div class=\"elementor-post__thumbnail\"><img loading=\"lazy\" decoding=\"async\" width=\"300\" height=\"225\" src=\"https:\/\/www.hedera-etc.com\/wp-content\/uploads\/2023\/10\/Hedera-helix-Kirsten-300x225.webp\" class=\"attachment-medium size-medium wp-image-885\" alt=\"Hedera helix &#039;Kirsten&#039;\" srcset=\"https:\/\/www.hedera-etc.com\/wp-content\/uploads\/2023\/10\/Hedera-helix-Kirsten-300x225.webp 300w, https:\/\/www.hedera-etc.com\/wp-content\/uploads\/2023\/10\/Hedera-helix-Kirsten-900x675.webp 900w, https:\/\/www.hedera-etc.com\/wp-content\/uploads\/2023\/10\/Hedera-helix-Kirsten-768x576.webp 768w, https:\/\/www.hedera-etc.com\/wp-content\/uploads\/2023\/10\/Hedera-helix-Kirsten.webp 1024w\" sizes=\"(max-width: 300px) 100vw, 300px\" \/><\/div>\n\t\t<\/a>\n\t\t\t\t<div class=\"elementor-post__text\">\n\t\t\t\t<h3 class=\"elementor-post__title\">\n\t\t\t<a href=\"https:\/\/www.hedera-etc.com\/it\/product\/hedera-helix-kirsten\/\" target=\"&quot;_blank&quot;\">\n\t\t\t\t<em>Hedera helix<\/em> &lsquo;Kirsten&rsquo; &#8211; Edera ornamentale\t\t\t<\/a>\n\t\t<\/h3>\n\t\t\t\t<div class=\"elementor-post__excerpt\">\n\t\t\t<p>Il fogliame \u00e8 generalmente costituito da un unico lobo (ma a volte anche da 2 o 3), con margine curvo, arrotolato verso il centro.<\/p>\t\t<\/div>\n\t\t\n\t\t<a class=\"elementor-post__read-more\" href=\"https:\/\/www.hedera-etc.com\/it\/product\/hedera-helix-kirsten\/\" aria-label=\"Leggi tutto &lt;em&gt;Hedera helix&lt;\/em&gt; \u2018Kirsten\u2019 \u2013 Edera ornamentale\" tabindex=\"-1\" target=\"_blank\">\n\t\t\tPer saperne di pi\u00f9 \u00bb\t\t<\/a>\n\n\t\t\t\t<\/div>\n\t\t\t\t<\/article>\n\t\t\t\t<article class=\"elementor-post elementor-grid-item post-888 product type-product status-publish has-post-thumbnail product_cat-lierre entry has-media last instock purchasable product-type-variable has-default-attributes has-product-nav col span_1_of_4 owp-content-center item-entry owp-thumbs-layout-horizontal owp-btn-normal owp-tabs-layout-section has-no-thumbnails\">\n\t\t\t\t<a class=\"elementor-post__thumbnail__link\" href=\"https:\/\/www.hedera-etc.com\/it\/product\/hedera-helix-klaus-friedrich\/\" tabindex=\"-1\" target=\"&quot;_blank&quot;\">\n\t\t\t<div class=\"elementor-post__thumbnail\"><img loading=\"lazy\" decoding=\"async\" width=\"300\" height=\"199\" src=\"https:\/\/www.hedera-etc.com\/wp-content\/uploads\/2023\/10\/Hedera-helix-Klaus-Friedrich-300x199.webp\" class=\"attachment-medium size-medium wp-image-889\" alt=\"Hedera helix &#039;Klaus Friedrich&#039;\" srcset=\"https:\/\/www.hedera-etc.com\/wp-content\/uploads\/2023\/10\/Hedera-helix-Klaus-Friedrich-300x199.webp 300w, https:\/\/www.hedera-etc.com\/wp-content\/uploads\/2023\/10\/Hedera-helix-Klaus-Friedrich-768x510.webp 768w, https:\/\/www.hedera-etc.com\/wp-content\/uploads\/2023\/10\/Hedera-helix-Klaus-Friedrich.webp 800w\" sizes=\"(max-width: 300px) 100vw, 300px\" \/><\/div>\n\t\t<\/a>\n\t\t\t\t<div class=\"elementor-post__text\">\n\t\t\t\t<h3 class=\"elementor-post__title\">\n\t\t\t<a href=\"https:\/\/www.hedera-etc.com\/it\/product\/hedera-helix-klaus-friedrich\/\" target=\"&quot;_blank&quot;\">\n\t\t\t\t<em>Hedera helix<\/em> &lsquo;Klaus Friedrich&rsquo; &#8211; Edera ornamentale\t\t\t<\/a>\n\t\t<\/h3>\n\t\t\t\t<div class=\"elementor-post__excerpt\">\n\t\t\t<p>Variet\u00e0 dal bel fogliame lanceolato, molto elegante in vaso.<\/p> <p>Foglie non lobate o trilobate, arrotondate alla base e all'apice.\t\t<\/div>\n\t\t\n\t\t<a class=\"elementor-post__read-more\" href=\"https:\/\/www.hedera-etc.com\/it\/product\/hedera-helix-klaus-friedrich\/\" aria-label=\"Leggi tutto *Hedera helix* \u2018Klaus Friedrich\u2019 \u2013 Edera ornamentale\" tabindex=\"-1\" target=\"_blank\">\n\t\t\tPer saperne di pi\u00f9 \u00bb\t\t<\/a>\n\n\t\t\t\t<\/div>\n\t\t\t\t<\/article>\n\t\t\t\t<article class=\"elementor-post elementor-grid-item post-892 product type-product status-publish has-post-thumbnail product_cat-lierre entry has-media first instock purchasable product-type-variable has-default-attributes has-product-nav col span_1_of_4 owp-content-center item-entry owp-thumbs-layout-horizontal owp-btn-normal owp-tabs-layout-section\">\n\t\t\t\t<a class=\"elementor-post__thumbnail__link\" href=\"https:\/\/www.hedera-etc.com\/it\/product\/hedera-helix-knulch\/\" tabindex=\"-1\" target=\"&quot;_blank&quot;\">\n\t\t\t<div class=\"elementor-post__thumbnail\"><img loading=\"lazy\" decoding=\"async\" width=\"300\" height=\"225\" src=\"https:\/\/www.hedera-etc.com\/wp-content\/uploads\/2023\/10\/Hedera-helix-Knulch-300x225.webp\" class=\"attachment-medium size-medium wp-image-893\" alt=\"Hedera helix &#039;Knulch&#039;\" srcset=\"https:\/\/www.hedera-etc.com\/wp-content\/uploads\/2023\/10\/Hedera-helix-Knulch-300x225.webp 300w, https:\/\/www.hedera-etc.com\/wp-content\/uploads\/2023\/10\/Hedera-helix-Knulch-768x576.webp 768w, https:\/\/www.hedera-etc.com\/wp-content\/uploads\/2023\/10\/Hedera-helix-Knulch.webp 839w\" sizes=\"(max-width: 300px) 100vw, 300px\" \/><\/div>\n\t\t<\/a>\n\t\t\t\t<div class=\"elementor-post__text\">\n\t\t\t\t<h3 class=\"elementor-post__title\">\n\t\t\t<a href=\"https:\/\/www.hedera-etc.com\/it\/product\/hedera-helix-knulch\/\" target=\"&quot;_blank&quot;\">\n\t\t\t\t<em>Hedera helix<\/em> &lsquo;Kn\u00fclch&rsquo; &#8211; Edera ornamentale\t\t\t<\/a>\n\t\t<\/h3>\n\t\t\t\t<div class=\"elementor-post__excerpt\">\n\t\t\t<p>Interessante per il suo fogliame insolito. Foglie quasi rotonde, concave, pi\u00f9 o meno in rilievo.<\/p> <p>Colore delle foglie verde chiaro, verde\t\t<\/div>\n\t\t\n\t\t<a class=\"elementor-post__read-more\" href=\"https:\/\/www.hedera-etc.com\/it\/product\/hedera-helix-knulch\/\" aria-label=\"Leggi tutto *Hedera helix* \u2018Kn\u00fclch\u2019 \u2013 Lierre d\u2019ornement\" tabindex=\"-1\" target=\"_blank\">\n\t\t\tPer saperne di pi\u00f9 \u00bb\t\t<\/a>\n\n\t\t\t\t<\/div>\n\t\t\t\t<\/article>\n\t\t\t\t<article class=\"elementor-post elementor-grid-item post-898 product type-product status-publish has-post-thumbnail product_cat-lierre entry has-media  instock purchasable product-type-variable has-default-attributes has-product-nav col span_1_of_4 owp-content-center item-entry owp-thumbs-layout-horizontal owp-btn-normal owp-tabs-layout-section\">\n\t\t\t\t<a class=\"elementor-post__thumbnail__link\" href=\"https:\/\/www.hedera-etc.com\/it\/product\/hedera-helix-kobby\/\" tabindex=\"-1\" target=\"&quot;_blank&quot;\">\n\t\t\t<div class=\"elementor-post__thumbnail\"><img loading=\"lazy\" decoding=\"async\" width=\"300\" height=\"199\" src=\"https:\/\/www.hedera-etc.com\/wp-content\/uploads\/2023\/10\/Hedera-helix-Kobby-300x199.webp\" class=\"attachment-medium size-medium wp-image-901\" alt=\"HEDERA helix &#039;Kobby&#039;\" srcset=\"https:\/\/www.hedera-etc.com\/wp-content\/uploads\/2023\/10\/Hedera-helix-Kobby-300x199.webp 300w, https:\/\/www.hedera-etc.com\/wp-content\/uploads\/2023\/10\/Hedera-helix-Kobby-768x510.webp 768w, https:\/\/www.hedera-etc.com\/wp-content\/uploads\/2023\/10\/Hedera-helix-Kobby.webp 800w\" sizes=\"(max-width: 300px) 100vw, 300px\" \/><\/div>\n\t\t<\/a>\n\t\t\t\t<div class=\"elementor-post__text\">\n\t\t\t\t<h3 class=\"elementor-post__title\">\n\t\t\t<a href=\"https:\/\/www.hedera-etc.com\/it\/product\/hedera-helix-kobby\/\" target=\"&quot;_blank&quot;\">\n\t\t\t\t<em>Hedera helix<\/em> &lsquo;Kobby&rsquo; &#8211; Edera ornamentale\t\t\t<\/a>\n\t\t<\/h3>\n\t\t\t\t<div class=\"elementor-post__excerpt\">\n\t\t\t<p>Edera a crescita rapida che produce lunghi steli.<\/p> <p>Foglie a forma di dito con 3 lobi, il lobo terminale\t\t<\/div>\n\t\t\n\t\t<a class=\"elementor-post__read-more\" href=\"https:\/\/www.hedera-etc.com\/it\/product\/hedera-helix-kobby\/\" aria-label=\"Leggi tutto &lt;em&gt;Hedera helix&lt;\/em&gt; \u2018Kobby\u2019 \u2013 Edera ornamentale\" tabindex=\"-1\" target=\"_blank\">\n\t\t\tPer saperne di pi\u00f9 \u00bb\t\t<\/a>\n\n\t\t\t\t<\/div>\n\t\t\t\t<\/article>\n\t\t\t\t<article class=\"elementor-post elementor-grid-item post-904 product type-product status-publish has-post-thumbnail product_cat-lierre entry has-media  instock purchasable product-type-variable has-default-attributes has-product-nav col span_1_of_4 owp-content-center item-entry owp-thumbs-layout-horizontal owp-btn-normal owp-tabs-layout-section has-no-thumbnails\">\n\t\t\t\t<a class=\"elementor-post__thumbnail__link\" href=\"https:\/\/www.hedera-etc.com\/it\/product\/hedera-helix-kolibri\/\" tabindex=\"-1\" target=\"&quot;_blank&quot;\">\n\t\t\t<div class=\"elementor-post__thumbnail\"><img loading=\"lazy\" decoding=\"async\" width=\"300\" height=\"225\" src=\"https:\/\/www.hedera-etc.com\/wp-content\/uploads\/2023\/10\/Hedera-helix-Kolibri-Willy-300x225.webp\" class=\"attachment-medium size-medium wp-image-905\" alt=\"Hedera helix &#039;Kolibri Willy&#039;\" srcset=\"https:\/\/www.hedera-etc.com\/wp-content\/uploads\/2023\/10\/Hedera-helix-Kolibri-Willy-300x225.webp 300w, https:\/\/www.hedera-etc.com\/wp-content\/uploads\/2023\/10\/Hedera-helix-Kolibri-Willy-768x576.webp 768w, https:\/\/www.hedera-etc.com\/wp-content\/uploads\/2023\/10\/Hedera-helix-Kolibri-Willy.webp 785w\" sizes=\"(max-width: 300px) 100vw, 300px\" \/><\/div>\n\t\t<\/a>\n\t\t\t\t<div class=\"elementor-post__text\">\n\t\t\t\t<h3 class=\"elementor-post__title\">\n\t\t\t<a href=\"https:\/\/www.hedera-etc.com\/it\/product\/hedera-helix-kolibri\/\" target=\"&quot;_blank&quot;\">\n\t\t\t\t<em>Hedera helix<\/em> &lsquo;Kolibri&rsquo; &#8211; Edera ornamentale\t\t\t<\/a>\n\t\t<\/h3>\n\t\t\t\t<div class=\"elementor-post__excerpt\">\n\t\t\t<p>Variegature luminose che hanno sempre un grande impatto.<\/p> <p>Foglie composte da 3-5 lobi con seni poco profondi. Lama verde\t\t<\/div>\n\t\t\n\t\t<a class=\"elementor-post__read-more\" href=\"https:\/\/www.hedera-etc.com\/it\/product\/hedera-helix-kolibri\/\" aria-label=\"Leggi tutto *Hedera helix* \u2018Kolibri\u2019 \u2013 Edera ornamentale\" tabindex=\"-1\" target=\"_blank\">\n\t\t\tPer saperne di pi\u00f9 \u00bb\t\t<\/a>\n\n\t\t\t\t<\/div>\n\t\t\t\t<\/article>\n\t\t\t\t<article class=\"elementor-post elementor-grid-item post-910 product type-product status-publish has-post-thumbnail product_cat-lierre entry has-media last instock purchasable product-type-variable has-default-attributes has-product-nav col span_1_of_4 owp-content-center item-entry owp-thumbs-layout-horizontal owp-btn-normal owp-tabs-layout-section\">\n\t\t\t\t<a class=\"elementor-post__thumbnail__link\" href=\"https:\/\/www.hedera-etc.com\/it\/product\/hedera-helix-lalla-rookh\/\" tabindex=\"-1\" target=\"&quot;_blank&quot;\">\n\t\t\t<div class=\"elementor-post__thumbnail\"><img loading=\"lazy\" decoding=\"async\" width=\"300\" height=\"225\" src=\"https:\/\/www.hedera-etc.com\/wp-content\/uploads\/2023\/10\/Hedera-helix-Lalla-Rokh-300x225.webp\" class=\"attachment-medium size-medium wp-image-911\" alt=\"Hedera helix &#039;Lalla Rokh&#039;\" srcset=\"https:\/\/www.hedera-etc.com\/wp-content\/uploads\/2023\/10\/Hedera-helix-Lalla-Rokh-300x225.webp 300w, https:\/\/www.hedera-etc.com\/wp-content\/uploads\/2023\/10\/Hedera-helix-Lalla-Rokh-900x675.webp 900w, https:\/\/www.hedera-etc.com\/wp-content\/uploads\/2023\/10\/Hedera-helix-Lalla-Rokh-768x576.webp 768w, https:\/\/www.hedera-etc.com\/wp-content\/uploads\/2023\/10\/Hedera-helix-Lalla-Rokh.webp 1024w\" sizes=\"(max-width: 300px) 100vw, 300px\" \/><\/div>\n\t\t<\/a>\n\t\t\t\t<div class=\"elementor-post__text\">\n\t\t\t\t<h3 class=\"elementor-post__title\">\n\t\t\t<a href=\"https:\/\/www.hedera-etc.com\/it\/product\/hedera-helix-lalla-rookh\/\" target=\"&quot;_blank&quot;\">\n\t\t\t\t<em>Hedera helix<\/em> &lsquo;Lalla Rookh&rsquo; &#8211; Edera ornamentale\t\t\t<\/a>\n\t\t<\/h3>\n\t\t\t\t<div class=\"elementor-post__excerpt\">\n\t\t\t<p>Si distingue per le foglie ondulate, profondamente frastagliate e dentate.<\/p> <p>Fogliame folto, di colore verde chiaro o medio. Colore del fogliame\t\t<\/div>\n\t\t\n\t\t<a class=\"elementor-post__read-more\" href=\"https:\/\/www.hedera-etc.com\/it\/product\/hedera-helix-lalla-rookh\/\" aria-label=\"Leggi tutto &lt;em&gt;Hedera helix&lt;\/em&gt; \u2018Lalla Rookh\u2019 \u2013 Edera ornamentale\" tabindex=\"-1\" target=\"_blank\">\n\t\t\tPer saperne di pi\u00f9 \u00bb\t\t<\/a>\n\n\t\t\t\t<\/div>\n\t\t\t\t<\/article>\n\t\t\t\t<article class=\"elementor-post elementor-grid-item post-916 product type-product status-publish has-post-thumbnail product_cat-lierre entry has-media first instock purchasable product-type-variable has-default-attributes has-product-nav col span_1_of_4 owp-content-center item-entry owp-thumbs-layout-horizontal owp-btn-normal owp-tabs-layout-section\">\n\t\t\t\t<a class=\"elementor-post__thumbnail__link\" href=\"https:\/\/www.hedera-etc.com\/it\/product\/hedera-helix-latina\/\" tabindex=\"-1\" target=\"&quot;_blank&quot;\">\n\t\t\t<div class=\"elementor-post__thumbnail\"><img loading=\"lazy\" decoding=\"async\" width=\"300\" height=\"225\" src=\"https:\/\/www.hedera-etc.com\/wp-content\/uploads\/2023\/10\/Hedera-helix-Latina_3-300x225.webp\" class=\"attachment-medium size-medium wp-image-14455\" alt=\"Hedera helix &#039;Latina&#039;\" srcset=\"https:\/\/www.hedera-etc.com\/wp-content\/uploads\/2023\/10\/Hedera-helix-Latina_3-300x225.webp 300w, https:\/\/www.hedera-etc.com\/wp-content\/uploads\/2023\/10\/Hedera-helix-Latina_3-900x674.webp 900w, https:\/\/www.hedera-etc.com\/wp-content\/uploads\/2023\/10\/Hedera-helix-Latina_3-1024x767.webp 1024w, https:\/\/www.hedera-etc.com\/wp-content\/uploads\/2023\/10\/Hedera-helix-Latina_3-768x575.webp 768w, https:\/\/www.hedera-etc.com\/wp-content\/uploads\/2023\/10\/Hedera-helix-Latina_3-1536x1150.webp 1536w, https:\/\/www.hedera-etc.com\/wp-content\/uploads\/2023\/10\/Hedera-helix-Latina_3-1320x989.webp 1320w, https:\/\/www.hedera-etc.com\/wp-content\/uploads\/2023\/10\/Hedera-helix-Latina_3.webp 1900w\" sizes=\"(max-width: 300px) 100vw, 300px\" \/><\/div>\n\t\t<\/a>\n\t\t\t\t<div class=\"elementor-post__text\">\n\t\t\t\t<h3 class=\"elementor-post__title\">\n\t\t\t<a href=\"https:\/\/www.hedera-etc.com\/it\/product\/hedera-helix-latina\/\" target=\"&quot;_blank&quot;\">\n\t\t\t\t<em>Hedera helix<\/em> &lsquo;Latina&rsquo; &#8211; Edera ornamentale\t\t\t<\/a>\n\t\t<\/h3>\n\t\t\t\t<div class=\"elementor-post__excerpt\">\n\t\t\t<p>Variegatura superba, molto luminosa e contrastante.<\/p> <p>Foglie di forma pi\u00f9 o meno triangolare. Lama screziata di verde scuro\t\t<\/div>\n\t\t\n\t\t<a class=\"elementor-post__read-more\" href=\"https:\/\/www.hedera-etc.com\/it\/product\/hedera-helix-latina\/\" aria-label=\"Leggi tutto &lt;em&gt;Hedera helix&lt;\/em&gt; \u2018Latina\u2019 \u2013 Edera ornamentale\" tabindex=\"-1\" target=\"_blank\">\n\t\t\tPer saperne di pi\u00f9 \u00bb\t\t<\/a>\n\n\t\t\t\t<\/div>\n\t\t\t\t<\/article>\n\t\t\t\t<article class=\"elementor-post elementor-grid-item post-922 product type-product status-publish has-post-thumbnail product_cat-lierre entry has-media  instock purchasable product-type-variable has-default-attributes has-product-nav col span_1_of_4 owp-content-center item-entry owp-thumbs-layout-horizontal owp-btn-normal owp-tabs-layout-section\">\n\t\t\t\t<a class=\"elementor-post__thumbnail__link\" href=\"https:\/\/www.hedera-etc.com\/it\/product\/hedera-helix-lee-silver\/\" tabindex=\"-1\" target=\"&quot;_blank&quot;\">\n\t\t\t<div class=\"elementor-post__thumbnail\"><img loading=\"lazy\" decoding=\"async\" width=\"300\" height=\"225\" src=\"https:\/\/www.hedera-etc.com\/wp-content\/uploads\/2023\/10\/Hedera-helix-Lee-silver-300x225.webp\" class=\"attachment-medium size-medium wp-image-923\" alt=\"Hedera helix &#039;Lee silver&#039;\" srcset=\"https:\/\/www.hedera-etc.com\/wp-content\/uploads\/2023\/10\/Hedera-helix-Lee-silver-300x225.webp 300w, https:\/\/www.hedera-etc.com\/wp-content\/uploads\/2023\/10\/Hedera-helix-Lee-silver-900x675.webp 900w, https:\/\/www.hedera-etc.com\/wp-content\/uploads\/2023\/10\/Hedera-helix-Lee-silver-768x576.webp 768w, https:\/\/www.hedera-etc.com\/wp-content\/uploads\/2023\/10\/Hedera-helix-Lee-silver.webp 1024w\" sizes=\"(max-width: 300px) 100vw, 300px\" \/><\/div>\n\t\t<\/a>\n\t\t\t\t<div class=\"elementor-post__text\">\n\t\t\t\t<h3 class=\"elementor-post__title\">\n\t\t\t<a href=\"https:\/\/www.hedera-etc.com\/it\/product\/hedera-helix-lee-silver\/\" target=\"&quot;_blank&quot;\">\n\t\t\t\t<em>Hedera helix<\/em> &lsquo;Lee silver&rsquo; &#8211; Edera ornamentale\t\t\t<\/a>\n\t\t<\/h3>\n\t\t\t\t<div class=\"elementor-post__excerpt\">\n\t\t\t<p>Un'edera affascinante con piccole foglie argentate.<\/p> <p>Foglie con sfumature grigio-verdi e verde oliva.\t\t<\/div>\n\t\t\n\t\t<a class=\"elementor-post__read-more\" href=\"https:\/\/www.hedera-etc.com\/it\/product\/hedera-helix-lee-silver\/\" aria-label=\"Leggi tutto &lt;em&gt;Hedera helix&lt;\/em&gt; \u2018Lee Silver\u2019 \u2013 Edera ornamentale\" tabindex=\"-1\" target=\"_blank\">\n\t\t\tPer saperne di pi\u00f9 \u00bb\t\t<\/a>\n\n\t\t\t\t<\/div>\n\t\t\t\t<\/article>\n\t\t\t\t<article class=\"elementor-post elementor-grid-item post-928 product type-product status-publish has-post-thumbnail product_cat-lierre entry has-media  instock purchasable product-type-variable has-default-attributes has-product-nav col span_1_of_4 owp-content-center item-entry owp-thumbs-layout-horizontal owp-btn-normal owp-tabs-layout-section\">\n\t\t\t\t<a class=\"elementor-post__thumbnail__link\" href=\"https:\/\/www.hedera-etc.com\/it\/product\/hedera-helix-lemon-swirl\/\" tabindex=\"-1\" target=\"&quot;_blank&quot;\">\n\t\t\t<div class=\"elementor-post__thumbnail\"><img loading=\"lazy\" decoding=\"async\" width=\"300\" height=\"225\" src=\"https:\/\/www.hedera-etc.com\/wp-content\/uploads\/2023\/10\/Hedera-helix-Lemon-Swirl-300x225.webp\" class=\"attachment-medium size-medium wp-image-929\" alt=\"Hedera helix &#039;Lemon Swirl&#039;\" srcset=\"https:\/\/www.hedera-etc.com\/wp-content\/uploads\/2023\/10\/Hedera-helix-Lemon-Swirl-300x225.webp 300w, https:\/\/www.hedera-etc.com\/wp-content\/uploads\/2023\/10\/Hedera-helix-Lemon-Swirl-900x675.webp 900w, https:\/\/www.hedera-etc.com\/wp-content\/uploads\/2023\/10\/Hedera-helix-Lemon-Swirl-768x576.webp 768w, https:\/\/www.hedera-etc.com\/wp-content\/uploads\/2023\/10\/Hedera-helix-Lemon-Swirl.webp 1024w\" sizes=\"(max-width: 300px) 100vw, 300px\" \/><\/div>\n\t\t<\/a>\n\t\t\t\t<div class=\"elementor-post__text\">\n\t\t\t\t<h3 class=\"elementor-post__title\">\n\t\t\t<a href=\"https:\/\/www.hedera-etc.com\/it\/product\/hedera-helix-lemon-swirl\/\" target=\"&quot;_blank&quot;\">\n\t\t\t\t<em>Hedera helix<\/em> &lsquo;Lemon Swirl&rsquo; &#8211; Edera ornamentale\t\t\t<\/a>\n\t\t<\/h3>\n\t\t\t\t<div class=\"elementor-post__excerpt\">\n\t\t\t<p>Variet\u00e0 compatta con foglie larghe e ondulate.<\/p> <p>I giovani germogli sono di colore bianco crema, giallo limone o verde con macchie color crema. Colorazione\t\t<\/div>\n\t\t\n\t\t<a class=\"elementor-post__read-more\" href=\"https:\/\/www.hedera-etc.com\/it\/product\/hedera-helix-lemon-swirl\/\" aria-label=\"Leggi tutto Hedera helix \u2018Lemon Swirl\u2019 \u2013 Edera ornamentale\" tabindex=\"-1\" target=\"_blank\">\n\t\t\tPer saperne di pi\u00f9 \u00bb\t\t<\/a>\n\n\t\t\t\t<\/div>\n\t\t\t\t<\/article>\n\t\t\t\t<article class=\"elementor-post elementor-grid-item post-933 product type-product status-publish has-post-thumbnail product_cat-lierre entry has-media last instock purchasable product-type-variable has-default-attributes has-product-nav col span_1_of_4 owp-content-center item-entry owp-thumbs-layout-horizontal owp-btn-normal owp-tabs-layout-section\">\n\t\t\t\t<a class=\"elementor-post__thumbnail__link\" href=\"https:\/\/www.hedera-etc.com\/it\/product\/hedera-helix-leo-swicegood\/\" tabindex=\"-1\" target=\"&quot;_blank&quot;\">\n\t\t\t<div class=\"elementor-post__thumbnail\"><img loading=\"lazy\" decoding=\"async\" width=\"300\" height=\"225\" src=\"https:\/\/www.hedera-etc.com\/wp-content\/uploads\/2023\/10\/Hedera-helix-Leo-Swicegood_3-300x225.webp\" class=\"attachment-medium size-medium wp-image-11926\" alt=\"Hedera helix &#039;Leo Swicegood&#039;\" srcset=\"https:\/\/www.hedera-etc.com\/wp-content\/uploads\/2023\/10\/Hedera-helix-Leo-Swicegood_3-300x225.webp 300w, https:\/\/www.hedera-etc.com\/wp-content\/uploads\/2023\/10\/Hedera-helix-Leo-Swicegood_3-900x675.webp 900w, https:\/\/www.hedera-etc.com\/wp-content\/uploads\/2023\/10\/Hedera-helix-Leo-Swicegood_3-1024x768.webp 1024w, https:\/\/www.hedera-etc.com\/wp-content\/uploads\/2023\/10\/Hedera-helix-Leo-Swicegood_3-768x576.webp 768w, https:\/\/www.hedera-etc.com\/wp-content\/uploads\/2023\/10\/Hedera-helix-Leo-Swicegood_3-1536x1152.webp 1536w, https:\/\/www.hedera-etc.com\/wp-content\/uploads\/2023\/10\/Hedera-helix-Leo-Swicegood_3-1320x990.webp 1320w, https:\/\/www.hedera-etc.com\/wp-content\/uploads\/2023\/10\/Hedera-helix-Leo-Swicegood_3.webp 1600w\" sizes=\"(max-width: 300px) 100vw, 300px\" \/><\/div>\n\t\t<\/a>\n\t\t\t\t<div class=\"elementor-post__text\">\n\t\t\t\t<h3 class=\"elementor-post__title\">\n\t\t\t<a href=\"https:\/\/www.hedera-etc.com\/it\/product\/hedera-helix-leo-swicegood\/\" target=\"&quot;_blank&quot;\">\n\t\t\t\t<em>Hedera helix<\/em> &lsquo;Leo Swicegood&rsquo; &#8211; Edera ornamentale\t\t\t<\/a>\n\t\t<\/h3>\n\t\t\t\t<div class=\"elementor-post__excerpt\">\n\t\t\t<p>\u00c8 una piccola copertura del terreno con foglie lineari o lanceolate, cuneiformi alla base e appuntite alla sommit\u00e0.<\/p> <p>Lama di colore verde medio o verde\t\t<\/div>\n\t\t\n\t\t<a class=\"elementor-post__read-more\" href=\"https:\/\/www.hedera-etc.com\/it\/product\/hedera-helix-leo-swicegood\/\" aria-label=\"Leggi tutto *Hedera helix* \u2018Leo Swicegood\u2019 \u2013 Edera ornamentale\" tabindex=\"-1\" target=\"_blank\">\n\t\t\tPer saperne di pi\u00f9 \u00bb\t\t<\/a>\n\n\t\t\t\t<\/div>\n\t\t\t\t<\/article>\n\t\t\t\t<article class=\"elementor-post elementor-grid-item post-941 product type-product status-publish has-post-thumbnail product_cat-lierre entry has-media first instock purchasable product-type-variable has-default-attributes has-product-nav col span_1_of_4 owp-content-center item-entry owp-thumbs-layout-horizontal owp-btn-normal owp-tabs-layout-section\">\n\t\t\t\t<a class=\"elementor-post__thumbnail__link\" href=\"https:\/\/www.hedera-etc.com\/it\/product\/hedera-helix-lilliput\/\" tabindex=\"-1\" target=\"&quot;_blank&quot;\">\n\t\t\t<div class=\"elementor-post__thumbnail\"><img loading=\"lazy\" decoding=\"async\" width=\"300\" height=\"225\" src=\"https:\/\/www.hedera-etc.com\/wp-content\/uploads\/2023\/10\/Hedera-helix-Lilliput_2-300x225.webp\" class=\"attachment-medium size-medium wp-image-943\" alt=\"\" srcset=\"https:\/\/www.hedera-etc.com\/wp-content\/uploads\/2023\/10\/Hedera-helix-Lilliput_2-300x225.webp 300w, https:\/\/www.hedera-etc.com\/wp-content\/uploads\/2023\/10\/Hedera-helix-Lilliput_2-900x675.webp 900w, https:\/\/www.hedera-etc.com\/wp-content\/uploads\/2023\/10\/Hedera-helix-Lilliput_2-768x576.webp 768w, https:\/\/www.hedera-etc.com\/wp-content\/uploads\/2023\/10\/Hedera-helix-Lilliput_2.webp 1024w\" sizes=\"(max-width: 300px) 100vw, 300px\" \/><\/div>\n\t\t<\/a>\n\t\t\t\t<div class=\"elementor-post__text\">\n\t\t\t\t<h3 class=\"elementor-post__title\">\n\t\t\t<a href=\"https:\/\/www.hedera-etc.com\/it\/product\/hedera-helix-lilliput\/\" target=\"&quot;_blank&quot;\">\n\t\t\t\t<em>Hedera helix<\/em> &lsquo;Lilliput&rsquo; &#8211; Edera ornamentale\t\t\t<\/a>\n\t\t<\/h3>\n\t\t\t\t<div class=\"elementor-post__excerpt\">\n\t\t\t<p>Si distingue per le sue foglie in miniatura, asimmetriche e contorte, persino piegate. Il picciolo si arriccia intorno al fusto in modo bizzarro.<\/p>\t\t<\/div>\n\t\t\n\t\t<a class=\"elementor-post__read-more\" href=\"https:\/\/www.hedera-etc.com\/it\/product\/hedera-helix-lilliput\/\" aria-label=\"Leggi tutto &lt;em&gt;Hedera helix&lt;\/em&gt; \u2018Lilliput\u2019 \u2013 Edera ornamentale\" tabindex=\"-1\" target=\"_blank\">\n\t\t\tPer saperne di pi\u00f9 \u00bb\t\t<\/a>\n\n\t\t\t\t<\/div>\n\t\t\t\t<\/article>\n\t\t\t\t<article class=\"elementor-post elementor-grid-item post-754 product type-product status-publish has-post-thumbnail product_cat-lierre entry has-media  instock purchasable product-type-variable has-default-attributes has-product-nav col span_1_of_4 owp-content-center item-entry owp-thumbs-layout-horizontal owp-btn-normal owp-tabs-layout-section has-no-thumbnails\">\n\t\t\t\t<a class=\"elementor-post__thumbnail__link\" href=\"https:\/\/www.hedera-etc.com\/it\/product\/hedera-helix-golden-starlight\/\" tabindex=\"-1\" target=\"&quot;_blank&quot;\">\n\t\t\t<div class=\"elementor-post__thumbnail\"><img loading=\"lazy\" decoding=\"async\" width=\"300\" height=\"225\" src=\"https:\/\/www.hedera-etc.com\/wp-content\/uploads\/2023\/10\/Hedera-helix-Golden-Starlight-300x225.webp\" class=\"attachment-medium size-medium wp-image-755\" alt=\"Hedera helix &#039;Golden Starlight&#039;\" srcset=\"https:\/\/www.hedera-etc.com\/wp-content\/uploads\/2023\/10\/Hedera-helix-Golden-Starlight-300x225.webp 300w, https:\/\/www.hedera-etc.com\/wp-content\/uploads\/2023\/10\/Hedera-helix-Golden-Starlight-768x576.webp 768w, https:\/\/www.hedera-etc.com\/wp-content\/uploads\/2023\/10\/Hedera-helix-Golden-Starlight.webp 839w\" sizes=\"(max-width: 300px) 100vw, 300px\" \/><\/div>\n\t\t<\/a>\n\t\t\t\t<div class=\"elementor-post__text\">\n\t\t\t\t<h3 class=\"elementor-post__title\">\n\t\t\t<a href=\"https:\/\/www.hedera-etc.com\/it\/product\/hedera-helix-golden-starlight\/\" target=\"&quot;_blank&quot;\">\n\t\t\t\t<em>Hedera helix<\/em> &lsquo;Golden Starlight&rsquo; &#8211; Edera ornamentale\t\t\t<\/a>\n\t\t<\/h3>\n\t\t\t\t<div class=\"elementor-post__excerpt\">\n\t\t\t<p>Edera luminosa. Foglie con 3-7 lobi allungati, stretti e appuntiti. Lama verde e grigia con margini gialli.\t\t<\/div>\n\t\t\n\t\t<a class=\"elementor-post__read-more\" href=\"https:\/\/www.hedera-etc.com\/it\/product\/hedera-helix-golden-starlight\/\" aria-label=\"Leggi tutto &lt;em&gt;Hedera helix&lt;\/em&gt; \u2018Golden Starlight\u2019 \u2013 Edera ornamentale\" tabindex=\"-1\" target=\"_blank\">\n\t\t\tPer saperne di pi\u00f9 \u00bb\t\t<\/a>\n\n\t\t\t\t<\/div>\n\t\t\t\t<\/article>\n\t\t\t\t<article class=\"elementor-post elementor-grid-item post-760 product type-product status-publish has-post-thumbnail product_cat-lierre entry has-media  instock purchasable product-type-variable has-default-attributes has-product-nav col span_1_of_4 owp-content-center item-entry owp-thumbs-layout-horizontal owp-btn-normal owp-tabs-layout-section\">\n\t\t\t\t<a class=\"elementor-post__thumbnail__link\" href=\"https:\/\/www.hedera-etc.com\/it\/product\/hedera-helix-goldfinch\/\" tabindex=\"-1\" target=\"&quot;_blank&quot;\">\n\t\t\t<div class=\"elementor-post__thumbnail\"><img loading=\"lazy\" decoding=\"async\" width=\"265\" height=\"300\" src=\"https:\/\/www.hedera-etc.com\/wp-content\/uploads\/2023\/10\/Hedera-helix-Goldfinch-265x300.webp\" class=\"attachment-medium size-medium wp-image-761\" alt=\"Hedera helix &#039;Goldfinch&#039;\" srcset=\"https:\/\/www.hedera-etc.com\/wp-content\/uploads\/2023\/10\/Hedera-helix-Goldfinch-265x300.webp 265w, https:\/\/www.hedera-etc.com\/wp-content\/uploads\/2023\/10\/Hedera-helix-Goldfinch.webp 632w\" sizes=\"(max-width: 265px) 100vw, 265px\" \/><\/div>\n\t\t<\/a>\n\t\t\t\t<div class=\"elementor-post__text\">\n\t\t\t\t<h3 class=\"elementor-post__title\">\n\t\t\t<a href=\"https:\/\/www.hedera-etc.com\/it\/product\/hedera-helix-goldfinch\/\" target=\"&quot;_blank&quot;\">\n\t\t\t\t<em>Hedera helix<\/em> &lsquo;Goldfinch&rsquo; &#8211; Edera ornamentale\t\t\t<\/a>\n\t\t<\/h3>\n\t\t\t\t<div class=\"elementor-post__excerpt\">\n\t\t\t<p>Una magnifica variet\u00e0 dorata con foglie piccole.<\/p> <p>Foglia solitamente composta da 3 lobi, a volte 5. Lobo centrale pi\u00f9\t\t<\/div>\n\t\t\n\t\t<a class=\"elementor-post__read-more\" href=\"https:\/\/www.hedera-etc.com\/it\/product\/hedera-helix-goldfinch\/\" aria-label=\"Leggi tutto *Hedera helix* \u2018Goldfinch\u2019 \u2013 Edera ornamentale\" tabindex=\"-1\" target=\"_blank\">\n\t\t\tPer saperne di pi\u00f9 \u00bb\t\t<\/a>\n\n\t\t\t\t<\/div>\n\t\t\t\t<\/article>\n\t\t\t\t<article class=\"elementor-post elementor-grid-item post-765 product type-product status-publish has-post-thumbnail product_cat-lierre entry has-media last instock purchasable product-type-variable has-default-attributes has-product-nav col span_1_of_4 owp-content-center item-entry owp-thumbs-layout-horizontal owp-btn-normal owp-tabs-layout-section\">\n\t\t\t\t<a class=\"elementor-post__thumbnail__link\" href=\"https:\/\/www.hedera-etc.com\/it\/product\/hedera-helix-goldfinger\/\" tabindex=\"-1\" target=\"&quot;_blank&quot;\">\n\t\t\t<div class=\"elementor-post__thumbnail\"><img loading=\"lazy\" decoding=\"async\" width=\"300\" height=\"225\" src=\"https:\/\/www.hedera-etc.com\/wp-content\/uploads\/2023\/10\/Hedera-helix-Goldfinger_3-300x225.webp\" class=\"attachment-medium size-medium wp-image-15433\" alt=\"Hedera helix &#039;Goldfinger&#039;\" srcset=\"https:\/\/www.hedera-etc.com\/wp-content\/uploads\/2023\/10\/Hedera-helix-Goldfinger_3-300x225.webp 300w, https:\/\/www.hedera-etc.com\/wp-content\/uploads\/2023\/10\/Hedera-helix-Goldfinger_3-900x675.webp 900w, https:\/\/www.hedera-etc.com\/wp-content\/uploads\/2023\/10\/Hedera-helix-Goldfinger_3-1024x768.webp 1024w, https:\/\/www.hedera-etc.com\/wp-content\/uploads\/2023\/10\/Hedera-helix-Goldfinger_3-768x576.webp 768w, https:\/\/www.hedera-etc.com\/wp-content\/uploads\/2023\/10\/Hedera-helix-Goldfinger_3-1536x1152.webp 1536w, https:\/\/www.hedera-etc.com\/wp-content\/uploads\/2023\/10\/Hedera-helix-Goldfinger_3-1320x990.webp 1320w, https:\/\/www.hedera-etc.com\/wp-content\/uploads\/2023\/10\/Hedera-helix-Goldfinger_3.webp 1600w\" sizes=\"(max-width: 300px) 100vw, 300px\" \/><\/div>\n\t\t<\/a>\n\t\t\t\t<div class=\"elementor-post__text\">\n\t\t\t\t<h3 class=\"elementor-post__title\">\n\t\t\t<a href=\"https:\/\/www.hedera-etc.com\/it\/product\/hedera-helix-goldfinger\/\" target=\"&quot;_blank&quot;\">\n\t\t\t\t<em>Hedera helix<\/em> &lsquo;Goldfinger&rsquo; &#8211; Edera ornamentale\t\t\t<\/a>\n\t\t<\/h3>\n\t\t\t\t<div class=\"elementor-post__excerpt\">\n\t\t\t<p>Fogliame a forma di stella, dorato quasi tutto l'anno.<\/p> <p>Foglie composte da 3 a 5 lobi stretti e\t\t<\/div>\n\t\t\n\t\t<a class=\"elementor-post__read-more\" href=\"https:\/\/www.hedera-etc.com\/it\/product\/hedera-helix-goldfinger\/\" aria-label=\"Leggi tutto _Hedera helix_ \u2018Goldfinger\u2019 \u2013 Edera ornamentale\" tabindex=\"-1\" target=\"_blank\">\n\t\t\tPer saperne di pi\u00f9 \u00bb\t\t<\/a>\n\n\t\t\t\t<\/div>\n\t\t\t\t<\/article>\n\t\t\t\t<article class=\"elementor-post elementor-grid-item post-1028 product type-product status-publish has-post-thumbnail product_cat-lierre entry has-media first instock purchasable product-type-variable has-default-attributes has-product-nav col span_1_of_4 owp-content-center item-entry owp-thumbs-layout-horizontal owp-btn-normal owp-tabs-layout-section\">\n\t\t\t\t<a class=\"elementor-post__thumbnail__link\" href=\"https:\/\/www.hedera-etc.com\/it\/product\/hedera-helix-maygold\/\" tabindex=\"-1\" target=\"&quot;_blank&quot;\">\n\t\t\t<div class=\"elementor-post__thumbnail\"><img loading=\"lazy\" decoding=\"async\" width=\"300\" height=\"225\" src=\"https:\/\/www.hedera-etc.com\/wp-content\/uploads\/2023\/10\/Hedera-helix-Maygold-300x225.webp\" class=\"attachment-medium size-medium wp-image-1029\" alt=\"Hedera helix &#039;Maygold&#039;\" srcset=\"https:\/\/www.hedera-etc.com\/wp-content\/uploads\/2023\/10\/Hedera-helix-Maygold-300x225.webp 300w, https:\/\/www.hedera-etc.com\/wp-content\/uploads\/2023\/10\/Hedera-helix-Maygold-900x675.webp 900w, https:\/\/www.hedera-etc.com\/wp-content\/uploads\/2023\/10\/Hedera-helix-Maygold-768x576.webp 768w, https:\/\/www.hedera-etc.com\/wp-content\/uploads\/2023\/10\/Hedera-helix-Maygold.webp 1024w\" sizes=\"(max-width: 300px) 100vw, 300px\" \/><\/div>\n\t\t<\/a>\n\t\t\t\t<div class=\"elementor-post__text\">\n\t\t\t\t<h3 class=\"elementor-post__title\">\n\t\t\t<a href=\"https:\/\/www.hedera-etc.com\/it\/product\/hedera-helix-maygold\/\" target=\"&quot;_blank&quot;\">\n\t\t\t\t<em>Hedera helix<\/em> &lsquo;Maygold&rsquo; &#8211; Edera ornamentale\t\t\t<\/a>\n\t\t<\/h3>\n\t\t\t\t<div class=\"elementor-post__excerpt\">\n\t\t\t<p>Fogliame luminoso, a forma di coppa, di colore verde chiaro. I giovani germogli sono di colore verde giallastro.<\/p> <p>Foglie composte da 3-5 lobi larghi\t\t<\/div>\n\t\t\n\t\t<a class=\"elementor-post__read-more\" href=\"https:\/\/www.hedera-etc.com\/it\/product\/hedera-helix-maygold\/\" aria-label=\"Leggi tutto Hedera helix \u2018Maygold\u2019 \u2013 Edera ornamentale\" tabindex=\"-1\" target=\"_blank\">\n\t\t\tPer saperne di pi\u00f9 \u00bb\t\t<\/a>\n\n\t\t\t\t<\/div>\n\t\t\t\t<\/article>\n\t\t\t\t<article class=\"elementor-post elementor-grid-item post-1036 product type-product status-publish has-post-thumbnail product_cat-lierre entry has-media  instock purchasable product-type-variable has-default-attributes has-product-nav col span_1_of_4 owp-content-center item-entry owp-thumbs-layout-horizontal owp-btn-normal owp-tabs-layout-section\">\n\t\t\t\t<a class=\"elementor-post__thumbnail__link\" href=\"https:\/\/www.hedera-etc.com\/it\/product\/hedera-helix-melanie\/\" tabindex=\"-1\" target=\"&quot;_blank&quot;\">\n\t\t\t<div class=\"elementor-post__thumbnail\"><img loading=\"lazy\" decoding=\"async\" width=\"300\" height=\"225\" src=\"https:\/\/www.hedera-etc.com\/wp-content\/uploads\/2023\/10\/Hedera-helix-Melanie-300x225.webp\" class=\"attachment-medium size-medium wp-image-1037\" alt=\"Hedera helix &#039;Melanie&#039;\" srcset=\"https:\/\/www.hedera-etc.com\/wp-content\/uploads\/2023\/10\/Hedera-helix-Melanie-300x225.webp 300w, https:\/\/www.hedera-etc.com\/wp-content\/uploads\/2023\/10\/Hedera-helix-Melanie-768x576.webp 768w, https:\/\/www.hedera-etc.com\/wp-content\/uploads\/2023\/10\/Hedera-helix-Melanie.webp 839w\" sizes=\"(max-width: 300px) 100vw, 300px\" \/><\/div>\n\t\t<\/a>\n\t\t\t\t<div class=\"elementor-post__text\">\n\t\t\t\t<h3 class=\"elementor-post__title\">\n\t\t\t<a href=\"https:\/\/www.hedera-etc.com\/it\/product\/hedera-helix-melanie\/\" target=\"&quot;_blank&quot;\">\n\t\t\t\t<em>Hedera helix<\/em> &lsquo;Melanie&rsquo; &#8211; Edera ornamentale\t\t\t<\/a>\n\t\t<\/h3>\n\t\t\t\t<div class=\"elementor-post__excerpt\">\n\t\t\t<p>Un'edera molto originale con fogliame ondulato e arricciato, a volte quasi a forma di palla.<\/p> <p>Lama verde brillante con\t\t<\/div>\n\t\t\n\t\t<a class=\"elementor-post__read-more\" href=\"https:\/\/www.hedera-etc.com\/it\/product\/hedera-helix-melanie\/\" aria-label=\"Leggi tutto Hedera helix \u2018Melanie\u2019 \u2013 Edera ornamentale\" tabindex=\"-1\" target=\"_blank\">\n\t\t\tPer saperne di pi\u00f9 \u00bb\t\t<\/a>\n\n\t\t\t\t<\/div>\n\t\t\t\t<\/article>\n\t\t\t\t<article class=\"elementor-post elementor-grid-item post-1041 product type-product status-publish has-post-thumbnail product_cat-lierre entry has-media  instock purchasable product-type-variable has-default-attributes has-product-nav col span_1_of_4 owp-content-center item-entry owp-thumbs-layout-horizontal owp-btn-normal owp-tabs-layout-section\">\n\t\t\t\t<a class=\"elementor-post__thumbnail__link\" href=\"https:\/\/www.hedera-etc.com\/it\/product\/hedera-helix-micro-kolibri\/\" tabindex=\"-1\" target=\"&quot;_blank&quot;\">\n\t\t\t<div class=\"elementor-post__thumbnail\"><img loading=\"lazy\" decoding=\"async\" width=\"300\" height=\"226\" src=\"https:\/\/www.hedera-etc.com\/wp-content\/uploads\/2023\/10\/Hedera-helix-Micro-Kolibri_2-1-300x226.webp\" class=\"attachment-medium size-medium wp-image-11331\" alt=\"Hedera helix &#039;Micro Kolibri&#039;\" srcset=\"https:\/\/www.hedera-etc.com\/wp-content\/uploads\/2023\/10\/Hedera-helix-Micro-Kolibri_2-1-300x226.webp 300w, https:\/\/www.hedera-etc.com\/wp-content\/uploads\/2023\/10\/Hedera-helix-Micro-Kolibri_2-1-900x677.webp 900w, https:\/\/www.hedera-etc.com\/wp-content\/uploads\/2023\/10\/Hedera-helix-Micro-Kolibri_2-1-1024x770.webp 1024w, https:\/\/www.hedera-etc.com\/wp-content\/uploads\/2023\/10\/Hedera-helix-Micro-Kolibri_2-1-768x577.webp 768w, https:\/\/www.hedera-etc.com\/wp-content\/uploads\/2023\/10\/Hedera-helix-Micro-Kolibri_2-1-1536x1155.webp 1536w, https:\/\/www.hedera-etc.com\/wp-content\/uploads\/2023\/10\/Hedera-helix-Micro-Kolibri_2-1-1320x992.webp 1320w, https:\/\/www.hedera-etc.com\/wp-content\/uploads\/2023\/10\/Hedera-helix-Micro-Kolibri_2-1.webp 1600w\" sizes=\"(max-width: 300px) 100vw, 300px\" \/><\/div>\n\t\t<\/a>\n\t\t\t\t<div class=\"elementor-post__text\">\n\t\t\t\t<h3 class=\"elementor-post__title\">\n\t\t\t<a href=\"https:\/\/www.hedera-etc.com\/it\/product\/hedera-helix-micro-kolibri\/\" target=\"&quot;_blank&quot;\">\n\t\t\t\t<em>Hedera helix<\/em> &lsquo;Micro Kolibri&rsquo; &#8211; Edera ornamentale\t\t\t<\/a>\n\t\t<\/h3>\n\t\t\t\t<div class=\"elementor-post__excerpt\">\n\t\t\t<p>Graziosa edera con foglie variegate che diventano rosa in inverno.<\/p> <p>Di forma irregolare, composto da 3 lobi di piccole dimensioni\t\t<\/div>\n\t\t\n\t\t<a class=\"elementor-post__read-more\" href=\"https:\/\/www.hedera-etc.com\/it\/product\/hedera-helix-micro-kolibri\/\" aria-label=\"Leggi tutto &lt;em&gt;Hedera helix&lt;\/em&gt; \u2018Micro Kolibri\u2019 \u2013 Edera ornamentale\" tabindex=\"-1\" target=\"_blank\">\n\t\t\tPer saperne di pi\u00f9 \u00bb\t\t<\/a>\n\n\t\t\t\t<\/div>\n\t\t\t\t<\/article>\n\t\t\t\t<article class=\"elementor-post elementor-grid-item post-1046 product type-product status-publish has-post-thumbnail product_cat-lierre entry has-media last instock purchasable product-type-variable has-default-attributes has-product-nav col span_1_of_4 owp-content-center item-entry owp-thumbs-layout-horizontal owp-btn-normal owp-tabs-layout-section\">\n\t\t\t\t<a class=\"elementor-post__thumbnail__link\" href=\"https:\/\/www.hedera-etc.com\/it\/product\/hedera-helix-midget\/\" tabindex=\"-1\" target=\"&quot;_blank&quot;\">\n\t\t\t<div class=\"elementor-post__thumbnail\"><img loading=\"lazy\" decoding=\"async\" width=\"300\" height=\"225\" src=\"https:\/\/www.hedera-etc.com\/wp-content\/uploads\/2023\/10\/Hedera-helix-Midget-300x225.webp\" class=\"attachment-medium size-medium wp-image-14384\" alt=\"Hedera helix &#039;Midget&#039;\" srcset=\"https:\/\/www.hedera-etc.com\/wp-content\/uploads\/2023\/10\/Hedera-helix-Midget-300x225.webp 300w, https:\/\/www.hedera-etc.com\/wp-content\/uploads\/2023\/10\/Hedera-helix-Midget-900x675.webp 900w, https:\/\/www.hedera-etc.com\/wp-content\/uploads\/2023\/10\/Hedera-helix-Midget-1024x768.webp 1024w, https:\/\/www.hedera-etc.com\/wp-content\/uploads\/2023\/10\/Hedera-helix-Midget-768x576.webp 768w, https:\/\/www.hedera-etc.com\/wp-content\/uploads\/2023\/10\/Hedera-helix-Midget.webp 1200w\" sizes=\"(max-width: 300px) 100vw, 300px\" \/><\/div>\n\t\t<\/a>\n\t\t\t\t<div class=\"elementor-post__text\">\n\t\t\t\t<h3 class=\"elementor-post__title\">\n\t\t\t<a href=\"https:\/\/www.hedera-etc.com\/it\/product\/hedera-helix-midget\/\" target=\"&quot;_blank&quot;\">\n\t\t\t\t<em>Hedera helix<\/em> &lsquo;Midget&rsquo; &#8211; Edera ornamentale\t\t\t<\/a>\n\t\t<\/h3>\n\t\t\t\t<div class=\"elementor-post__excerpt\">\n\t\t\t<p>Edera con rami molto ramificati, che porta piccole foglie verdi con 3-5 lobi molto appuntiti.<\/p> <p>Lobo centrale\t\t<\/div>\n\t\t\n\t\t<a class=\"elementor-post__read-more\" href=\"https:\/\/www.hedera-etc.com\/it\/product\/hedera-helix-midget\/\" aria-label=\"Leggi tutto &lt;em&gt;Hedera helix&lt;\/em&gt; \u2018Midget\u2019 \u2013 Edera ornamentale\" tabindex=\"-1\" target=\"_blank\">\n\t\t\tPer saperne di pi\u00f9 \u00bb\t\t<\/a>\n\n\t\t\t\t<\/div>\n\t\t\t\t<\/article>\n\t\t\t\t<article class=\"elementor-post elementor-grid-item post-1051 product type-product status-publish has-post-thumbnail product_cat-lierre entry has-media first instock purchasable product-type-variable has-default-attributes has-product-nav col span_1_of_4 owp-content-center item-entry owp-thumbs-layout-horizontal owp-btn-normal owp-tabs-layout-section\">\n\t\t\t\t<a class=\"elementor-post__thumbnail__link\" href=\"https:\/\/www.hedera-etc.com\/it\/product\/hedera-helix-minicoup\/\" tabindex=\"-1\" target=\"&quot;_blank&quot;\">\n\t\t\t<div class=\"elementor-post__thumbnail\"><img loading=\"lazy\" decoding=\"async\" width=\"300\" height=\"225\" src=\"https:\/\/www.hedera-etc.com\/wp-content\/uploads\/2023\/10\/Hedera-helix-Minicoup-300x225.webp\" class=\"attachment-medium size-medium wp-image-1052\" alt=\"Hedera helix &#039;Minicoup&#039;\" srcset=\"https:\/\/www.hedera-etc.com\/wp-content\/uploads\/2023\/10\/Hedera-helix-Minicoup-300x225.webp 300w, https:\/\/www.hedera-etc.com\/wp-content\/uploads\/2023\/10\/Hedera-helix-Minicoup-900x675.webp 900w, https:\/\/www.hedera-etc.com\/wp-content\/uploads\/2023\/10\/Hedera-helix-Minicoup-768x576.webp 768w, https:\/\/www.hedera-etc.com\/wp-content\/uploads\/2023\/10\/Hedera-helix-Minicoup.webp 1024w\" sizes=\"(max-width: 300px) 100vw, 300px\" \/><\/div>\n\t\t<\/a>\n\t\t\t\t<div class=\"elementor-post__text\">\n\t\t\t\t<h3 class=\"elementor-post__title\">\n\t\t\t<a href=\"https:\/\/www.hedera-etc.com\/it\/product\/hedera-helix-minicoup\/\" target=\"&quot;_blank&quot;\">\n\t\t\t\t<em>Hedera helix<\/em> &lsquo;Minicoup&rsquo; &#8211; Edera ornamentale\t\t\t<\/a>\n\t\t<\/h3>\n\t\t\t\t<div class=\"elementor-post__excerpt\">\n\t\t\t<p>Edera molto ramificata con lunghi steli abbondantemente ricoperti di piccole foglie a forma di zampa d'uccello.<\/p> <p>Foglie composte da 3 lobi, il\t\t<\/div>\n\t\t\n\t\t<a class=\"elementor-post__read-more\" href=\"https:\/\/www.hedera-etc.com\/it\/product\/hedera-helix-minicoup\/\" aria-label=\"Leggi tutto &lt;em&gt;Hedera helix&lt;\/em&gt; \u2018Minicoup\u2019 \u2013 Edera ornamentale\" tabindex=\"-1\" target=\"_blank\">\n\t\t\tPer saperne di pi\u00f9 \u00bb\t\t<\/a>\n\n\t\t\t\t<\/div>\n\t\t\t\t<\/article>\n\t\t\t\t<article class=\"elementor-post elementor-grid-item post-1058 product type-product status-publish has-post-thumbnail product_cat-lierre entry has-media  instock purchasable product-type-variable has-default-attributes has-product-nav col span_1_of_4 owp-content-center item-entry owp-thumbs-layout-horizontal owp-btn-normal owp-tabs-layout-section has-no-thumbnails\">\n\t\t\t\t<a class=\"elementor-post__thumbnail__link\" href=\"https:\/\/www.hedera-etc.com\/it\/product\/hedera-helix-minima-variegata\/\" tabindex=\"-1\" target=\"&quot;_blank&quot;\">\n\t\t\t<div class=\"elementor-post__thumbnail\"><img loading=\"lazy\" decoding=\"async\" width=\"300\" height=\"225\" src=\"https:\/\/www.hedera-etc.com\/wp-content\/uploads\/2023\/10\/Hedera-helix-Minima-Variegata-300x225.webp\" class=\"attachment-medium size-medium wp-image-1059\" alt=\"Hedera helix &#039;Minima Variegata&#039; (Minima variegata)&#039;\" srcset=\"https:\/\/www.hedera-etc.com\/wp-content\/uploads\/2023\/10\/Hedera-helix-Minima-Variegata-300x225.webp 300w, https:\/\/www.hedera-etc.com\/wp-content\/uploads\/2023\/10\/Hedera-helix-Minima-Variegata-900x675.webp 900w, https:\/\/www.hedera-etc.com\/wp-content\/uploads\/2023\/10\/Hedera-helix-Minima-Variegata-768x576.webp 768w, https:\/\/www.hedera-etc.com\/wp-content\/uploads\/2023\/10\/Hedera-helix-Minima-Variegata.webp 1024w\" sizes=\"(max-width: 300px) 100vw, 300px\" \/><\/div>\n\t\t<\/a>\n\t\t\t\t<div class=\"elementor-post__text\">\n\t\t\t\t<h3 class=\"elementor-post__title\">\n\t\t\t<a href=\"https:\/\/www.hedera-etc.com\/it\/product\/hedera-helix-minima-variegata\/\" target=\"&quot;_blank&quot;\">\n\t\t\t\t<em>Hedera helix<\/em> &lsquo;Minima Variegata&rsquo; &#8211; Edera ornamentale\t\t\t<\/a>\n\t\t<\/h3>\n\t\t\t\t<div class=\"elementor-post__excerpt\">\n\t\t\t<p>Un'abbondanza di piccole foglie splendidamente variegate.<\/p> <p>Lama verde chiaro, grigio-verde e verde scuro\t\t<\/div>\n\t\t\n\t\t<a class=\"elementor-post__read-more\" href=\"https:\/\/www.hedera-etc.com\/it\/product\/hedera-helix-minima-variegata\/\" aria-label=\"Leggi tutto Hedera helix \u2018Minima Variegata\u2019 \u2013 Edera ornamentale\" tabindex=\"-1\" target=\"_blank\">\n\t\t\tPer saperne di pi\u00f9 \u00bb\t\t<\/a>\n\n\t\t\t\t<\/div>\n\t\t\t\t<\/article>\n\t\t\t\t<article class=\"elementor-post elementor-grid-item post-1064 product type-product status-publish has-post-thumbnail product_cat-lierre entry has-media  instock purchasable product-type-variable has-default-attributes has-product-nav col span_1_of_4 owp-content-center item-entry owp-thumbs-layout-horizontal owp-btn-normal owp-tabs-layout-section has-no-thumbnails\">\n\t\t\t\t<a class=\"elementor-post__thumbnail__link\" href=\"https:\/\/www.hedera-etc.com\/it\/product\/hedera-helix-mini-heron\/\" tabindex=\"-1\" target=\"&quot;_blank&quot;\">\n\t\t\t<div class=\"elementor-post__thumbnail\"><img loading=\"lazy\" decoding=\"async\" width=\"300\" height=\"225\" src=\"https:\/\/www.hedera-etc.com\/wp-content\/uploads\/2023\/10\/Hedera-helix-Mini-Heron_2-300x225.webp\" class=\"attachment-medium size-medium wp-image-14361\" alt=\"Hedera helix &#039;Mini Heron&#039;\" srcset=\"https:\/\/www.hedera-etc.com\/wp-content\/uploads\/2023\/10\/Hedera-helix-Mini-Heron_2-300x225.webp 300w, https:\/\/www.hedera-etc.com\/wp-content\/uploads\/2023\/10\/Hedera-helix-Mini-Heron_2-768x576.webp 768w, https:\/\/www.hedera-etc.com\/wp-content\/uploads\/2023\/10\/Hedera-helix-Mini-Heron_2.webp 900w\" sizes=\"(max-width: 300px) 100vw, 300px\" \/><\/div>\n\t\t<\/a>\n\t\t\t\t<div class=\"elementor-post__text\">\n\t\t\t\t<h3 class=\"elementor-post__title\">\n\t\t\t<a href=\"https:\/\/www.hedera-etc.com\/it\/product\/hedera-helix-mini-heron\/\" target=\"&quot;_blank&quot;\">\n\t\t\t\t<em>Hedera helix<\/em> &lsquo;Mini Heron&rsquo; &#8211; Edera ornamentale\t\t\t<\/a>\n\t\t<\/h3>\n\t\t\t\t<div class=\"elementor-post__excerpt\">\n\t\t\t<p>Fogliame profondamente sezionato di forma variabile, tipo \u201czampe d'uccello\u2019.<\/p> <p>Foglie generalmente composte da 5 lobi. Lama di colore verde medio,\t\t<\/div>\n\t\t\n\t\t<a class=\"elementor-post__read-more\" href=\"https:\/\/www.hedera-etc.com\/it\/product\/hedera-helix-mini-heron\/\" aria-label=\"Leggi tutto &lt;em&gt;Hedera helix&lt;\/em&gt; \u2018Mini Heron\u2019 \u2013 Edera ornamentale\" tabindex=\"-1\" target=\"_blank\">\n\t\t\tPer saperne di pi\u00f9 \u00bb\t\t<\/a>\n\n\t\t\t\t<\/div>\n\t\t\t\t<\/article>\n\t\t\t\t<article class=\"elementor-post elementor-grid-item post-1070 product type-product status-publish has-post-thumbnail product_cat-lierre entry has-media last instock purchasable product-type-variable has-default-attributes has-product-nav col span_1_of_4 owp-content-center item-entry owp-thumbs-layout-horizontal owp-btn-normal owp-tabs-layout-section\">\n\t\t\t\t<a class=\"elementor-post__thumbnail__link\" href=\"https:\/\/www.hedera-etc.com\/it\/product\/hedera-helix-minor-marmorata\/\" tabindex=\"-1\" target=\"&quot;_blank&quot;\">\n\t\t\t<div class=\"elementor-post__thumbnail\"><img loading=\"lazy\" decoding=\"async\" width=\"300\" height=\"225\" src=\"https:\/\/www.hedera-etc.com\/wp-content\/uploads\/2023\/10\/Hedera-helix-Minor-Marmorata-300x225.webp\" class=\"attachment-medium size-medium wp-image-1071\" alt=\"Hedera helix &#039;Minor Marmorata&#039;\" srcset=\"https:\/\/www.hedera-etc.com\/wp-content\/uploads\/2023\/10\/Hedera-helix-Minor-Marmorata-300x225.webp 300w, https:\/\/www.hedera-etc.com\/wp-content\/uploads\/2023\/10\/Hedera-helix-Minor-Marmorata-768x576.webp 768w, https:\/\/www.hedera-etc.com\/wp-content\/uploads\/2023\/10\/Hedera-helix-Minor-Marmorata.webp 784w\" sizes=\"(max-width: 300px) 100vw, 300px\" \/><\/div>\n\t\t<\/a>\n\t\t\t\t<div class=\"elementor-post__text\">\n\t\t\t\t<h3 class=\"elementor-post__title\">\n\t\t\t<a href=\"https:\/\/www.hedera-etc.com\/it\/product\/hedera-helix-minor-marmorata\/\" target=\"&quot;_blank&quot;\">\n\t\t\t\t<em>Hedera helix<\/em> &lsquo;Minor Marmorata&rsquo; &#8211; Edera ornamentale\t\t\t<\/a>\n\t\t<\/h3>\n\t\t\t\t<div class=\"elementor-post__excerpt\">\n\t\t\t<p>Foglie belle e spesse, di colore verde scuro, punteggiate di bianco crema. Le foglie pi\u00f9 vecchie sono macchiate di bianco o completamente verdi.<\/p> <p>Foglia invece\t\t<\/div>\n\t\t\n\t\t<a class=\"elementor-post__read-more\" href=\"https:\/\/www.hedera-etc.com\/it\/product\/hedera-helix-minor-marmorata\/\" aria-label=\"Leggi tutto &lt;em&gt;Hedera helix&lt;\/em&gt; \u2018Minor Marmorata\u2019 \u2013 Edera ornamentale\" tabindex=\"-1\" target=\"_blank\">\n\t\t\tPer saperne di pi\u00f9 \u00bb\t\t<\/a>\n\n\t\t\t\t<\/div>\n\t\t\t\t<\/article>\n\t\t\t\t<article class=\"elementor-post elementor-grid-item post-1077 product type-product status-publish has-post-thumbnail product_cat-lierre entry has-media first instock purchasable product-type-variable has-default-attributes has-product-nav col span_1_of_4 owp-content-center item-entry owp-thumbs-layout-horizontal owp-btn-normal owp-tabs-layout-section has-no-thumbnails\">\n\t\t\t\t<a class=\"elementor-post__thumbnail__link\" href=\"https:\/\/www.hedera-etc.com\/it\/product\/hedera-helix-minty\/\" tabindex=\"-1\" target=\"&quot;_blank&quot;\">\n\t\t\t<div class=\"elementor-post__thumbnail\"><img loading=\"lazy\" decoding=\"async\" width=\"300\" height=\"225\" src=\"https:\/\/www.hedera-etc.com\/wp-content\/uploads\/2023\/10\/Hedera-helix-Minty-300x225.webp\" class=\"attachment-medium size-medium wp-image-1078\" alt=\"Hedera helix &#039;Minty&#039;\" srcset=\"https:\/\/www.hedera-etc.com\/wp-content\/uploads\/2023\/10\/Hedera-helix-Minty-300x225.webp 300w, https:\/\/www.hedera-etc.com\/wp-content\/uploads\/2023\/10\/Hedera-helix-Minty-768x576.webp 768w, https:\/\/www.hedera-etc.com\/wp-content\/uploads\/2023\/10\/Hedera-helix-Minty.webp 839w\" sizes=\"(max-width: 300px) 100vw, 300px\" \/><\/div>\n\t\t<\/a>\n\t\t\t\t<div class=\"elementor-post__text\">\n\t\t\t\t<h3 class=\"elementor-post__title\">\n\t\t\t<a href=\"https:\/\/www.hedera-etc.com\/it\/product\/hedera-helix-minty\/\" target=\"&quot;_blank&quot;\">\n\t\t\t\t<em>Hedera helix<\/em> &lsquo;Minty&rsquo; &#8211; Edera ornamentale\t\t\t<\/a>\n\t\t<\/h3>\n\t\t\t\t<div class=\"elementor-post__excerpt\">\n\t\t\t<p>Edera con le sue sottili sfumature di verde menta, verde lime e crema. Margini verde chiaro\t\t<\/div>\n\t\t\n\t\t<a class=\"elementor-post__read-more\" href=\"https:\/\/www.hedera-etc.com\/it\/product\/hedera-helix-minty\/\" aria-label=\"Leggi tutto &lt;em&gt;Hedera helix&lt;\/em&gt; \u2018Minty\u2019 \u2013 Edera ornamentale\" tabindex=\"-1\" target=\"_blank\">\n\t\t\tPer saperne di pi\u00f9 \u00bb\t\t<\/a>\n\n\t\t\t\t<\/div>\n\t\t\t\t<\/article>\n\t\t\t\t<article class=\"elementor-post elementor-grid-item post-1082 product type-product status-publish has-post-thumbnail product_cat-lierre entry has-media  instock purchasable product-type-variable has-default-attributes has-product-nav col span_1_of_4 owp-content-center item-entry owp-thumbs-layout-horizontal owp-btn-normal owp-tabs-layout-section has-no-thumbnails\">\n\t\t\t\t<a class=\"elementor-post__thumbnail__link\" href=\"https:\/\/www.hedera-etc.com\/it\/product\/hedera-helix-miss-mirror\/\" tabindex=\"-1\" target=\"&quot;_blank&quot;\">\n\t\t\t<div class=\"elementor-post__thumbnail\"><img loading=\"lazy\" decoding=\"async\" width=\"300\" height=\"225\" src=\"https:\/\/www.hedera-etc.com\/wp-content\/uploads\/2023\/10\/Hedera-helix-Miss-Mirror-300x225.webp\" class=\"attachment-medium size-medium wp-image-1083\" alt=\"Hedera helix &#039;Miss Mirror&#039;\" srcset=\"https:\/\/www.hedera-etc.com\/wp-content\/uploads\/2023\/10\/Hedera-helix-Miss-Mirror-300x225.webp 300w, https:\/\/www.hedera-etc.com\/wp-content\/uploads\/2023\/10\/Hedera-helix-Miss-Mirror-900x675.webp 900w, https:\/\/www.hedera-etc.com\/wp-content\/uploads\/2023\/10\/Hedera-helix-Miss-Mirror-768x576.webp 768w, https:\/\/www.hedera-etc.com\/wp-content\/uploads\/2023\/10\/Hedera-helix-Miss-Mirror.webp 1024w\" sizes=\"(max-width: 300px) 100vw, 300px\" \/><\/div>\n\t\t<\/a>\n\t\t\t\t<div class=\"elementor-post__text\">\n\t\t\t\t<h3 class=\"elementor-post__title\">\n\t\t\t<a href=\"https:\/\/www.hedera-etc.com\/it\/product\/hedera-helix-miss-mirror\/\" target=\"&quot;_blank&quot;\">\n\t\t\t\t<em>Hedera helix<\/em> &lsquo;Miss Mirror&rsquo; &#8211; Edera ornamentale\t\t\t<\/a>\n\t\t<\/h3>\n\t\t\t\t<div class=\"elementor-post__excerpt\">\n\t\t\t<p>Foglie a forma di stella larga con 5 lobi asimmetrici, appuntiti e scurvi. Il lobo terminale \u00e8 leggermente allungato. Bordo di\t\t<\/div>\n\t\t\n\t\t<a class=\"elementor-post__read-more\" href=\"https:\/\/www.hedera-etc.com\/it\/product\/hedera-helix-miss-mirror\/\" aria-label=\"Leggi tutto &lt;em&gt;Hedera helix&lt;\/em&gt; \u2018Miss Mirror\u2019 \u2013 Edera ornamentale\" tabindex=\"-1\" target=\"_blank\">\n\t\t\tPer saperne di pi\u00f9 \u00bb\t\t<\/a>\n\n\t\t\t\t<\/div>\n\t\t\t\t<\/article>\n\t\t\t\t<article class=\"elementor-post elementor-grid-item post-1088 product type-product status-publish has-post-thumbnail product_cat-lierre entry has-media  instock purchasable product-type-variable has-default-attributes has-product-nav col span_1_of_4 owp-content-center item-entry owp-thumbs-layout-horizontal owp-btn-normal owp-tabs-layout-section\">\n\t\t\t\t<a class=\"elementor-post__thumbnail__link\" href=\"https:\/\/www.hedera-etc.com\/it\/product\/hedera-helix-misty\/\" tabindex=\"-1\" target=\"&quot;_blank&quot;\">\n\t\t\t<div class=\"elementor-post__thumbnail\"><img loading=\"lazy\" decoding=\"async\" width=\"300\" height=\"225\" src=\"https:\/\/www.hedera-etc.com\/wp-content\/uploads\/2023\/10\/Hedera-helix-Misty-1-scaled-300x225.webp\" class=\"attachment-medium size-medium wp-image-9751\" alt=\"Hedera helix &#039;Misty&#039;\" srcset=\"https:\/\/www.hedera-etc.com\/wp-content\/uploads\/2023\/10\/Hedera-helix-Misty-1-scaled-300x225.webp 300w, https:\/\/www.hedera-etc.com\/wp-content\/uploads\/2023\/10\/Hedera-helix-Misty-1-scaled-900x674.webp 900w, https:\/\/www.hedera-etc.com\/wp-content\/uploads\/2023\/10\/Hedera-helix-Misty-1-1024x767.webp 1024w, https:\/\/www.hedera-etc.com\/wp-content\/uploads\/2023\/10\/Hedera-helix-Misty-1-768x575.webp 768w, https:\/\/www.hedera-etc.com\/wp-content\/uploads\/2023\/10\/Hedera-helix-Misty-1-1536x1150.webp 1536w, https:\/\/www.hedera-etc.com\/wp-content\/uploads\/2023\/10\/Hedera-helix-Misty-1-scaled.webp 1920w, https:\/\/www.hedera-etc.com\/wp-content\/uploads\/2023\/10\/Hedera-helix-Misty-1-1320x988.webp 1320w\" sizes=\"(max-width: 300px) 100vw, 300px\" \/><\/div>\n\t\t<\/a>\n\t\t\t\t<div class=\"elementor-post__text\">\n\t\t\t\t<h3 class=\"elementor-post__title\">\n\t\t\t<a href=\"https:\/\/www.hedera-etc.com\/it\/product\/hedera-helix-misty\/\" target=\"&quot;_blank&quot;\">\n\t\t\t\t<em>Hedera helix<\/em> &lsquo;Misty&rsquo; &#8211; Edera ornamentale\t\t\t<\/a>\n\t\t<\/h3>\n\t\t\t\t<div class=\"elementor-post__excerpt\">\n\t\t\t<p>Foglie delicate, piccole e appuntite, colorate al centro in varie tonalit\u00e0 di grigio e verde, con margini e venature bianche.\t\t<\/div>\n\t\t\n\t\t<a class=\"elementor-post__read-more\" href=\"https:\/\/www.hedera-etc.com\/it\/product\/hedera-helix-misty\/\" aria-label=\"Leggi tutto edera *Hedera helix* \u2018Misty\u2019 \u2013 Lierre d\u2019ornement\" tabindex=\"-1\" target=\"_blank\">\n\t\t\tPer saperne di pi\u00f9 \u00bb\t\t<\/a>\n\n\t\t\t\t<\/div>\n\t\t\t\t<\/article>\n\t\t\t\t<article class=\"elementor-post elementor-grid-item post-1095 product type-product status-publish has-post-thumbnail product_cat-lierre entry has-media last instock purchasable product-type-variable has-default-attributes has-product-nav col span_1_of_4 owp-content-center item-entry owp-thumbs-layout-horizontal owp-btn-normal owp-tabs-layout-section has-no-thumbnails\">\n\t\t\t\t<a class=\"elementor-post__thumbnail__link\" href=\"https:\/\/www.hedera-etc.com\/it\/product\/hedera-helix-monica\/\" tabindex=\"-1\" target=\"&quot;_blank&quot;\">\n\t\t\t<div class=\"elementor-post__thumbnail\"><img loading=\"lazy\" decoding=\"async\" width=\"300\" height=\"225\" src=\"https:\/\/www.hedera-etc.com\/wp-content\/uploads\/2023\/10\/Hedera-helix-Monica-300x225.webp\" class=\"attachment-medium size-medium wp-image-1096\" alt=\"Hedera helix &#039;Monica&#039;\" srcset=\"https:\/\/www.hedera-etc.com\/wp-content\/uploads\/2023\/10\/Hedera-helix-Monica-300x225.webp 300w, https:\/\/www.hedera-etc.com\/wp-content\/uploads\/2023\/10\/Hedera-helix-Monica-768x576.webp 768w, https:\/\/www.hedera-etc.com\/wp-content\/uploads\/2023\/10\/Hedera-helix-Monica.webp 839w\" sizes=\"(max-width: 300px) 100vw, 300px\" \/><\/div>\n\t\t<\/a>\n\t\t\t\t<div class=\"elementor-post__text\">\n\t\t\t\t<h3 class=\"elementor-post__title\">\n\t\t\t<a href=\"https:\/\/www.hedera-etc.com\/it\/product\/hedera-helix-monica\/\" target=\"&quot;_blank&quot;\">\n\t\t\t\t<em>Hedera helix<\/em> &lsquo;Monica&rsquo; &#8211; Edera ornamentale\t\t\t<\/a>\n\t\t<\/h3>\n\t\t\t\t<div class=\"elementor-post__excerpt\">\n\t\t\t<p>Edera molto attraente con foglie larghe di colore giallo burro su uno sfondo verde fresco, tendente al crema.\t\t<\/div>\n\t\t\n\t\t<a class=\"elementor-post__read-more\" href=\"https:\/\/www.hedera-etc.com\/it\/product\/hedera-helix-monica\/\" aria-label=\"Leggi tutto &lt;em&gt;Hedera helix&lt;\/em&gt; \u2018Monica\u2019 \u2013 Edera decorativa\" tabindex=\"-1\" target=\"_blank\">\n\t\t\tPer saperne di pi\u00f9 \u00bb\t\t<\/a>\n\n\t\t\t\t<\/div>\n\t\t\t\t<\/article>\n\t\t\t\t<article class=\"elementor-post elementor-grid-item post-1099 product type-product status-publish has-post-thumbnail product_cat-lierre entry has-media first instock purchasable product-type-variable has-default-attributes has-product-nav col span_1_of_4 owp-content-center item-entry owp-thumbs-layout-horizontal owp-btn-normal owp-tabs-layout-section has-no-thumbnails\">\n\t\t\t\t<a class=\"elementor-post__thumbnail__link\" href=\"https:\/\/www.hedera-etc.com\/it\/product\/hedera-helix-moonbeam\/\" tabindex=\"-1\" target=\"&quot;_blank&quot;\">\n\t\t\t<div class=\"elementor-post__thumbnail\"><img loading=\"lazy\" decoding=\"async\" width=\"300\" height=\"225\" src=\"https:\/\/www.hedera-etc.com\/wp-content\/uploads\/2023\/10\/GetterResourceImage-1-300x225.webp\" class=\"attachment-medium size-medium wp-image-1100\" alt=\"Hedera helix &#039;Moonbeam&#039;\" srcset=\"https:\/\/www.hedera-etc.com\/wp-content\/uploads\/2023\/10\/GetterResourceImage-1-300x225.webp 300w, https:\/\/www.hedera-etc.com\/wp-content\/uploads\/2023\/10\/GetterResourceImage-1-768x576.webp 768w, https:\/\/www.hedera-etc.com\/wp-content\/uploads\/2023\/10\/GetterResourceImage-1.webp 839w\" sizes=\"(max-width: 300px) 100vw, 300px\" \/><\/div>\n\t\t<\/a>\n\t\t\t\t<div class=\"elementor-post__text\">\n\t\t\t\t<h3 class=\"elementor-post__title\">\n\t\t\t<a href=\"https:\/\/www.hedera-etc.com\/it\/product\/hedera-helix-moonbeam\/\" target=\"&quot;_blank&quot;\">\n\t\t\t\t<em>Hedera helix<\/em> &lsquo;Moonbeam&rsquo; &#8211; Edera ornamentale\t\t\t<\/a>\n\t\t<\/h3>\n\t\t\t\t<div class=\"elementor-post__excerpt\">\n\t\t\t<p>Una variet\u00e0 che illumina la parte del giardino in cui \u00e8 piantata al sorgere della primavera.<\/p> <p>Foglie composte da 3 a\t\t<\/div>\n\t\t\n\t\t<a class=\"elementor-post__read-more\" href=\"https:\/\/www.hedera-etc.com\/it\/product\/hedera-helix-moonbeam\/\" aria-label=\"Leggi tutto &lt;em&gt;Hedera helix&lt;\/em&gt; \u2018Moonbeam\u2019 \u2013 Edera ornamentale\" tabindex=\"-1\" target=\"_blank\">\n\t\t\tPer saperne di pi\u00f9 \u00bb\t\t<\/a>\n\n\t\t\t\t<\/div>\n\t\t\t\t<\/article>\n\t\t\t\t<article class=\"elementor-post elementor-grid-item post-1104 product type-product status-publish has-post-thumbnail product_cat-lierre entry has-media  instock purchasable product-type-variable has-default-attributes has-product-nav col span_1_of_4 owp-content-center item-entry owp-thumbs-layout-horizontal owp-btn-normal owp-tabs-layout-section\">\n\t\t\t\t<a class=\"elementor-post__thumbnail__link\" href=\"https:\/\/www.hedera-etc.com\/it\/product\/hedera-helix-mount-vernon\/\" tabindex=\"-1\" target=\"&quot;_blank&quot;\">\n\t\t\t<div class=\"elementor-post__thumbnail\"><img loading=\"lazy\" decoding=\"async\" width=\"300\" height=\"225\" src=\"https:\/\/www.hedera-etc.com\/wp-content\/uploads\/2023\/10\/Hedera-helix-Mount-Vernon-300x225.webp\" class=\"attachment-medium size-medium wp-image-1105\" alt=\"Hedera helix &#039;Mount Vernon&#039;\" srcset=\"https:\/\/www.hedera-etc.com\/wp-content\/uploads\/2023\/10\/Hedera-helix-Mount-Vernon-300x225.webp 300w, https:\/\/www.hedera-etc.com\/wp-content\/uploads\/2023\/10\/Hedera-helix-Mount-Vernon-900x675.webp 900w, https:\/\/www.hedera-etc.com\/wp-content\/uploads\/2023\/10\/Hedera-helix-Mount-Vernon-768x576.webp 768w, https:\/\/www.hedera-etc.com\/wp-content\/uploads\/2023\/10\/Hedera-helix-Mount-Vernon.webp 1024w\" sizes=\"(max-width: 300px) 100vw, 300px\" \/><\/div>\n\t\t<\/a>\n\t\t\t\t<div class=\"elementor-post__text\">\n\t\t\t\t<h3 class=\"elementor-post__title\">\n\t\t\t<a href=\"https:\/\/www.hedera-etc.com\/it\/product\/hedera-helix-mount-vernon\/\" target=\"&quot;_blank&quot;\">\n\t\t\t\t<em>Hedera helix<\/em> &lsquo;Mount Vernon&rsquo; &#8211; Edera ornamentale\t\t\t<\/a>\n\t\t<\/h3>\n\t\t\t\t<div class=\"elementor-post__excerpt\">\n\t\t\t<p>Una variet\u00e0 vicina al suo tipo, che sfoggia una bella colorazione caf\u00e9 au lait nei mesi pi\u00f9 freddi.<\/p> <p>Pianta tozza, non molto\t\t<\/div>\n\t\t\n\t\t<a class=\"elementor-post__read-more\" href=\"https:\/\/www.hedera-etc.com\/it\/product\/hedera-helix-mount-vernon\/\" aria-label=\"Leggi tutto *Hedera helix* \u2018Mount Vernon\u2019 \u2013 Edera ornamentale\" tabindex=\"-1\" target=\"_blank\">\n\t\t\tPer saperne di pi\u00f9 \u00bb\t\t<\/a>\n\n\t\t\t\t<\/div>\n\t\t\t\t<\/article>\n\t\t\t\t<article class=\"elementor-post elementor-grid-item post-1111 product type-product status-publish has-post-thumbnail product_cat-lierre entry has-media  instock purchasable product-type-variable has-default-attributes has-product-nav col span_1_of_4 owp-content-center item-entry owp-thumbs-layout-horizontal owp-btn-normal owp-tabs-layout-section\">\n\t\t\t\t<a class=\"elementor-post__thumbnail__link\" href=\"https:\/\/www.hedera-etc.com\/it\/product\/hedera-helix-needlepoint\/\" tabindex=\"-1\" target=\"&quot;_blank&quot;\">\n\t\t\t<div class=\"elementor-post__thumbnail\"><img loading=\"lazy\" decoding=\"async\" width=\"300\" height=\"225\" src=\"https:\/\/www.hedera-etc.com\/wp-content\/uploads\/2023\/10\/Hedera-helix-Needlepoint-300x225.webp\" class=\"attachment-medium size-medium wp-image-1112\" alt=\"Hedera helix &#039;Needlepoint&#039;\" srcset=\"https:\/\/www.hedera-etc.com\/wp-content\/uploads\/2023\/10\/Hedera-helix-Needlepoint-300x225.webp 300w, https:\/\/www.hedera-etc.com\/wp-content\/uploads\/2023\/10\/Hedera-helix-Needlepoint-768x576.webp 768w, https:\/\/www.hedera-etc.com\/wp-content\/uploads\/2023\/10\/Hedera-helix-Needlepoint.webp 800w\" sizes=\"(max-width: 300px) 100vw, 300px\" \/><\/div>\n\t\t<\/a>\n\t\t\t\t<div class=\"elementor-post__text\">\n\t\t\t\t<h3 class=\"elementor-post__title\">\n\t\t\t<a href=\"https:\/\/www.hedera-etc.com\/it\/product\/hedera-helix-needlepoint\/\" target=\"&quot;_blank&quot;\">\n\t\t\t\t<em>Hedera helix<\/em> &lsquo;Needlepoint&rsquo; &#8211; Edera ornamentale\t\t\t<\/a>\n\t\t<\/h3>\n\t\t\t\t<div class=\"elementor-post__excerpt\">\n\t\t\t<p>Edera molto ramificata, con fusti sottili che portano numerose piccole foglie con 3 lobi stretti e appuntiti.<\/p> <p>Fogliame residuo\t\t<\/div>\n\t\t\n\t\t<a class=\"elementor-post__read-more\" href=\"https:\/\/www.hedera-etc.com\/it\/product\/hedera-helix-needlepoint\/\" aria-label=\"Leggi tutto &lt;em&gt;Hedera helix&lt;\/em&gt; \u2018Needlepoint\u2019 \u2013 Edera ornamentale\" tabindex=\"-1\" target=\"_blank\">\n\t\t\tPer saperne di pi\u00f9 \u00bb\t\t<\/a>\n\n\t\t\t\t<\/div>\n\t\t\t\t<\/article>\n\t\t\t\t<article class=\"elementor-post elementor-grid-item post-949 product type-product status-publish has-post-thumbnail product_cat-lierre entry has-media last instock purchasable product-type-variable has-default-attributes has-product-nav col span_1_of_4 owp-content-center item-entry owp-thumbs-layout-horizontal owp-btn-normal owp-tabs-layout-section\">\n\t\t\t\t<a class=\"elementor-post__thumbnail__link\" href=\"https:\/\/www.hedera-etc.com\/it\/product\/hedera-helix-little-diamond\/\" tabindex=\"-1\" target=\"&quot;_blank&quot;\">\n\t\t\t<div class=\"elementor-post__thumbnail\"><img loading=\"lazy\" decoding=\"async\" width=\"300\" height=\"225\" src=\"https:\/\/www.hedera-etc.com\/wp-content\/uploads\/2023\/10\/Hedera-helix-Little-Diamond-1-300x225.webp\" class=\"attachment-medium size-medium wp-image-10451\" alt=\"Hedera helix &#039;Little Diamond&#039;\" srcset=\"https:\/\/www.hedera-etc.com\/wp-content\/uploads\/2023\/10\/Hedera-helix-Little-Diamond-1-300x225.webp 300w, https:\/\/www.hedera-etc.com\/wp-content\/uploads\/2023\/10\/Hedera-helix-Little-Diamond-1-900x675.webp 900w, https:\/\/www.hedera-etc.com\/wp-content\/uploads\/2023\/10\/Hedera-helix-Little-Diamond-1-1024x768.webp 1024w, https:\/\/www.hedera-etc.com\/wp-content\/uploads\/2023\/10\/Hedera-helix-Little-Diamond-1-768x576.webp 768w, https:\/\/www.hedera-etc.com\/wp-content\/uploads\/2023\/10\/Hedera-helix-Little-Diamond-1-1536x1152.webp 1536w, https:\/\/www.hedera-etc.com\/wp-content\/uploads\/2023\/10\/Hedera-helix-Little-Diamond-1-1320x990.webp 1320w, https:\/\/www.hedera-etc.com\/wp-content\/uploads\/2023\/10\/Hedera-helix-Little-Diamond-1.webp 1600w\" sizes=\"(max-width: 300px) 100vw, 300px\" \/><\/div>\n\t\t<\/a>\n\t\t\t\t<div class=\"elementor-post__text\">\n\t\t\t\t<h3 class=\"elementor-post__title\">\n\t\t\t<a href=\"https:\/\/www.hedera-etc.com\/it\/product\/hedera-helix-little-diamond\/\" target=\"&quot;_blank&quot;\">\n\t\t\t\t<em>Hedera helix<\/em> &lsquo;Little Diamond&rsquo; &#8211; Edera ornamentale\t\t\t<\/a>\n\t\t<\/h3>\n\t\t\t\t<div class=\"elementor-post__excerpt\">\n\t\t\t<p>Coprisuolo con piccole foglie a forma di diamante. Fogliame denso e compatto con un bel riflesso argenteo.<\/p> <p>Foglia romboidale. Lama\t\t<\/div>\n\t\t\n\t\t<a class=\"elementor-post__read-more\" href=\"https:\/\/www.hedera-etc.com\/it\/product\/hedera-helix-little-diamond\/\" aria-label=\"Leggi tutto &lt;em&gt;Hedera helix&lt;\/em&gt; \u2018Little Diamond\u2019 \u2013 Edera ornamentale\" tabindex=\"-1\" target=\"_blank\">\n\t\t\tPer saperne di pi\u00f9 \u00bb\t\t<\/a>\n\n\t\t\t\t<\/div>\n\t\t\t\t<\/article>\n\t\t\t\t<article class=\"elementor-post elementor-grid-item post-954 product type-product status-publish has-post-thumbnail product_cat-lierre entry has-media first instock purchasable product-type-variable has-default-attributes has-product-nav col span_1_of_4 owp-content-center item-entry owp-thumbs-layout-horizontal owp-btn-normal owp-tabs-layout-section\">\n\t\t\t\t<a class=\"elementor-post__thumbnail__link\" href=\"https:\/\/www.hedera-etc.com\/it\/product\/hedera-helix-little-luzii\/\" tabindex=\"-1\" target=\"&quot;_blank&quot;\">\n\t\t\t<div class=\"elementor-post__thumbnail\"><img loading=\"lazy\" decoding=\"async\" width=\"300\" height=\"224\" src=\"https:\/\/www.hedera-etc.com\/wp-content\/uploads\/2023\/10\/Hedera-helix-Luzii_4-300x224.webp\" class=\"attachment-medium size-medium wp-image-12274\" alt=\"Hedera helix &#039;Little Luzii&#039;\" srcset=\"https:\/\/www.hedera-etc.com\/wp-content\/uploads\/2023\/10\/Hedera-helix-Luzii_4-300x224.webp 300w, https:\/\/www.hedera-etc.com\/wp-content\/uploads\/2023\/10\/Hedera-helix-Luzii_4-900x673.webp 900w, https:\/\/www.hedera-etc.com\/wp-content\/uploads\/2023\/10\/Hedera-helix-Luzii_4-1024x765.webp 1024w, https:\/\/www.hedera-etc.com\/wp-content\/uploads\/2023\/10\/Hedera-helix-Luzii_4-768x574.webp 768w, https:\/\/www.hedera-etc.com\/wp-content\/uploads\/2023\/10\/Hedera-helix-Luzii_4-1536x1148.webp 1536w, https:\/\/www.hedera-etc.com\/wp-content\/uploads\/2023\/10\/Hedera-helix-Luzii_4-1320x987.webp 1320w, https:\/\/www.hedera-etc.com\/wp-content\/uploads\/2023\/10\/Hedera-helix-Luzii_4.webp 1600w\" sizes=\"(max-width: 300px) 100vw, 300px\" \/><\/div>\n\t\t<\/a>\n\t\t\t\t<div class=\"elementor-post__text\">\n\t\t\t\t<h3 class=\"elementor-post__title\">\n\t\t\t<a href=\"https:\/\/www.hedera-etc.com\/it\/product\/hedera-helix-little-luzii\/\" target=\"&quot;_blank&quot;\">\n\t\t\t\t<em>Hedera helix<\/em> &lsquo;Little Luzii&rsquo; &#8211; Edera ornamentale\t\t\t<\/a>\n\t\t<\/h3>\n\t\t\t\t<div class=\"elementor-post__excerpt\">\n\t\t\t<p>Assomiglia molto a <a href=\"https:\/\/www.hedera-etc.com\/it\/product\/hedera-helix-luzii\/\" target=\"_blank\" rel=\"noopener\">Hedera helix \u2018Luzii<\/a>\u2018ma pi\u00f9 compatto.<\/p> <p>Foglie pi\u00f9 piccole, punteggiate di verde e rosso.\t\t<\/div>\n\t\t\n\t\t<a class=\"elementor-post__read-more\" href=\"https:\/\/www.hedera-etc.com\/it\/product\/hedera-helix-little-luzii\/\" aria-label=\"Leggi tutto *Hedera helix* \u2018Little Luzii\u2019 \u2013 Edera ornamentale\" tabindex=\"-1\" target=\"_blank\">\n\t\t\tPer saperne di pi\u00f9 \u00bb\t\t<\/a>\n\n\t\t\t\t<\/div>\n\t\t\t\t<\/article>\n\t\t\t\t<article class=\"elementor-post elementor-grid-item post-959 product type-product status-publish has-post-thumbnail product_cat-lierre entry has-media  instock purchasable product-type-variable has-default-attributes has-product-nav col span_1_of_4 owp-content-center item-entry owp-thumbs-layout-horizontal owp-btn-normal owp-tabs-layout-section has-no-thumbnails\">\n\t\t\t\t<a class=\"elementor-post__thumbnail__link\" href=\"https:\/\/www.hedera-etc.com\/it\/product\/hedera-helix-liz\/\" tabindex=\"-1\" target=\"&quot;_blank&quot;\">\n\t\t\t<div class=\"elementor-post__thumbnail\"><img loading=\"lazy\" decoding=\"async\" width=\"274\" height=\"300\" src=\"https:\/\/www.hedera-etc.com\/wp-content\/uploads\/2023\/10\/Hedera-helix-Liz-274x300.webp\" class=\"attachment-medium size-medium wp-image-960\" alt=\"Hedera helix &#039;Liz&#039;\" srcset=\"https:\/\/www.hedera-etc.com\/wp-content\/uploads\/2023\/10\/Hedera-helix-Liz-274x300.webp 274w, https:\/\/www.hedera-etc.com\/wp-content\/uploads\/2023\/10\/Hedera-helix-Liz.webp 731w\" sizes=\"(max-width: 274px) 100vw, 274px\" \/><\/div>\n\t\t<\/a>\n\t\t\t\t<div class=\"elementor-post__text\">\n\t\t\t\t<h3 class=\"elementor-post__title\">\n\t\t\t<a href=\"https:\/\/www.hedera-etc.com\/it\/product\/hedera-helix-liz\/\" target=\"&quot;_blank&quot;\">\n\t\t\t\t<em>Hedera helix<\/em> &lsquo;Liz&rsquo; &#8211; Edera ornamentale\t\t\t<\/a>\n\t\t<\/h3>\n\t\t\t\t<div class=\"elementor-post__excerpt\">\n\t\t\t<p>Variet\u00e0 con pochi rami che produce lunghi steli con foglie piuttosto strette a 3 lobi.<\/p> <p>Lama spruzzata con\t\t<\/div>\n\t\t\n\t\t<a class=\"elementor-post__read-more\" href=\"https:\/\/www.hedera-etc.com\/it\/product\/hedera-helix-liz\/\" aria-label=\"Leggerea tutta *Hedera helix* \u2018Liz\u2019 \u2013 Edera ornamentale\" tabindex=\"-1\" target=\"_blank\">\n\t\t\tPer saperne di pi\u00f9 \u00bb\t\t<\/a>\n\n\t\t\t\t<\/div>\n\t\t\t\t<\/article>\n\t\t\t\t<article class=\"elementor-post elementor-grid-item post-963 product type-product status-publish has-post-thumbnail product_cat-lierre entry has-media  instock purchasable product-type-variable has-default-attributes has-product-nav col span_1_of_4 owp-content-center item-entry owp-thumbs-layout-horizontal owp-btn-normal owp-tabs-layout-section\">\n\t\t\t\t<a class=\"elementor-post__thumbnail__link\" href=\"https:\/\/www.hedera-etc.com\/it\/product\/hedera-helix-lullingen\/\" tabindex=\"-1\" target=\"&quot;_blank&quot;\">\n\t\t\t<div class=\"elementor-post__thumbnail\"><img loading=\"lazy\" decoding=\"async\" width=\"300\" height=\"225\" src=\"https:\/\/www.hedera-etc.com\/wp-content\/uploads\/2023\/10\/Hedera-helix-Lullingen_2-1-300x225.webp\" class=\"attachment-medium size-medium wp-image-10020\" alt=\"Hedera helix &#039;Lullingen&#039;\" srcset=\"https:\/\/www.hedera-etc.com\/wp-content\/uploads\/2023\/10\/Hedera-helix-Lullingen_2-1-300x225.webp 300w, https:\/\/www.hedera-etc.com\/wp-content\/uploads\/2023\/10\/Hedera-helix-Lullingen_2-1-900x675.webp 900w, https:\/\/www.hedera-etc.com\/wp-content\/uploads\/2023\/10\/Hedera-helix-Lullingen_2-1-1024x768.webp 1024w, https:\/\/www.hedera-etc.com\/wp-content\/uploads\/2023\/10\/Hedera-helix-Lullingen_2-1-768x576.webp 768w, https:\/\/www.hedera-etc.com\/wp-content\/uploads\/2023\/10\/Hedera-helix-Lullingen_2-1-1536x1152.webp 1536w, https:\/\/www.hedera-etc.com\/wp-content\/uploads\/2023\/10\/Hedera-helix-Lullingen_2-1-1320x990.webp 1320w, https:\/\/www.hedera-etc.com\/wp-content\/uploads\/2023\/10\/Hedera-helix-Lullingen_2-1.webp 1600w\" sizes=\"(max-width: 300px) 100vw, 300px\" \/><\/div>\n\t\t<\/a>\n\t\t\t\t<div class=\"elementor-post__text\">\n\t\t\t\t<h3 class=\"elementor-post__title\">\n\t\t\t<a href=\"https:\/\/www.hedera-etc.com\/it\/product\/hedera-helix-lullingen\/\" target=\"&quot;_blank&quot;\">\n\t\t\t\t<em>Hedera helix<\/em> &lsquo;Lullingen&rsquo; &#8211; Edera ornamentale\t\t\t<\/a>\n\t\t<\/h3>\n\t\t\t\t<div class=\"elementor-post__excerpt\">\n\t\t\t<p>Ha 5 lobi di dimensioni simili, con punte smussate e denti grossolani.<\/p>\t\t<\/div>\n\t\t\n\t\t<a class=\"elementor-post__read-more\" href=\"https:\/\/www.hedera-etc.com\/it\/product\/hedera-helix-lullingen\/\" aria-label=\"Leggi tutto &lt;em&gt;Hedera helix&lt;\/em&gt; \u2018Lullingen\u2019 \u2013 Edera ornamentale\" tabindex=\"-1\" target=\"_blank\">\n\t\t\tPer saperne di pi\u00f9 \u00bb\t\t<\/a>\n\n\t\t\t\t<\/div>\n\t\t\t\t<\/article>\n\t\t\t\t<article class=\"elementor-post elementor-grid-item post-968 product type-product status-publish has-post-thumbnail product_cat-lierre entry has-media last instock purchasable product-type-variable has-default-attributes has-product-nav col span_1_of_4 owp-content-center item-entry owp-thumbs-layout-horizontal owp-btn-normal owp-tabs-layout-section has-no-thumbnails\">\n\t\t\t\t<a class=\"elementor-post__thumbnail__link\" href=\"https:\/\/www.hedera-etc.com\/it\/product\/hedera-helix-luminor\/\" tabindex=\"-1\" target=\"&quot;_blank&quot;\">\n\t\t\t<div class=\"elementor-post__thumbnail\"><img loading=\"lazy\" decoding=\"async\" width=\"300\" height=\"199\" src=\"https:\/\/www.hedera-etc.com\/wp-content\/uploads\/2023\/10\/Hedera-helix-Luminor-300x199.webp\" class=\"attachment-medium size-medium wp-image-969\" alt=\"Hedera helix &#039;Luminor&#039;\" srcset=\"https:\/\/www.hedera-etc.com\/wp-content\/uploads\/2023\/10\/Hedera-helix-Luminor-300x199.webp 300w, https:\/\/www.hedera-etc.com\/wp-content\/uploads\/2023\/10\/Hedera-helix-Luminor-900x598.webp 900w, https:\/\/www.hedera-etc.com\/wp-content\/uploads\/2023\/10\/Hedera-helix-Luminor-768x510.webp 768w, https:\/\/www.hedera-etc.com\/wp-content\/uploads\/2023\/10\/Hedera-helix-Luminor.webp 947w\" sizes=\"(max-width: 300px) 100vw, 300px\" \/><\/div>\n\t\t<\/a>\n\t\t\t\t<div class=\"elementor-post__text\">\n\t\t\t\t<h3 class=\"elementor-post__title\">\n\t\t\t<a href=\"https:\/\/www.hedera-etc.com\/it\/product\/hedera-helix-luminor\/\" target=\"&quot;_blank&quot;\">\n\t\t\t\t<em>Hedera helix<\/em> &lsquo;Luminor&rsquo; &#8211; Edera ornamentale\t\t\t<\/a>\n\t\t<\/h3>\n\t\t\t\t<div class=\"elementor-post__excerpt\">\n\t\t\t<p>Questa variet\u00e0 merita il suo nome, poich\u00e9 la sua presenza illumina il giardino.<\/p> <p>Fogliame invernale di colore verde chiaro con venature sottili\t\t<\/div>\n\t\t\n\t\t<a class=\"elementor-post__read-more\" href=\"https:\/\/www.hedera-etc.com\/it\/product\/hedera-helix-luminor\/\" aria-label=\"Leggi tutto *Hedera helix* \u2018Luminor\u2019 \u2013 Edera ornamentale\" tabindex=\"-1\" target=\"_blank\">\n\t\t\tPer saperne di pi\u00f9 \u00bb\t\t<\/a>\n\n\t\t\t\t<\/div>\n\t\t\t\t<\/article>\n\t\t\t\t<article class=\"elementor-post elementor-grid-item post-973 product type-product status-publish has-post-thumbnail product_cat-lierre entry has-media first instock purchasable product-type-variable has-default-attributes has-product-nav col span_1_of_4 owp-content-center item-entry owp-thumbs-layout-horizontal owp-btn-normal owp-tabs-layout-section\">\n\t\t\t\t<a class=\"elementor-post__thumbnail__link\" href=\"https:\/\/www.hedera-etc.com\/it\/product\/hedera-helix-luzii\/\" tabindex=\"-1\" target=\"&quot;_blank&quot;\">\n\t\t\t<div class=\"elementor-post__thumbnail\"><img loading=\"lazy\" decoding=\"async\" width=\"300\" height=\"225\" src=\"https:\/\/www.hedera-etc.com\/wp-content\/uploads\/2023\/10\/Hedera-helix-Luzii-300x225.webp\" class=\"attachment-medium size-medium wp-image-974\" alt=\"Hedera helix &#039;Luzii&#039;\" srcset=\"https:\/\/www.hedera-etc.com\/wp-content\/uploads\/2023\/10\/Hedera-helix-Luzii-300x225.webp 300w, https:\/\/www.hedera-etc.com\/wp-content\/uploads\/2023\/10\/Hedera-helix-Luzii-768x575.webp 768w, https:\/\/www.hedera-etc.com\/wp-content\/uploads\/2023\/10\/Hedera-helix-Luzii.webp 800w\" sizes=\"(max-width: 300px) 100vw, 300px\" \/><\/div>\n\t\t<\/a>\n\t\t\t\t<div class=\"elementor-post__text\">\n\t\t\t\t<h3 class=\"elementor-post__title\">\n\t\t\t<a href=\"https:\/\/www.hedera-etc.com\/it\/product\/hedera-helix-luzii\/\" target=\"&quot;_blank&quot;\">\n\t\t\t\t<em>Hedera helix<\/em> &lsquo;Luzii&rsquo; &#8211; Edera ornamentale\t\t\t<\/a>\n\t\t<\/h3>\n\t\t\t\t<div class=\"elementor-post__excerpt\">\n\t\t\t<p>Molto vigorosa, con germogli annuali lunghi fino a un metro, piuttosto ramificati.<\/p> <p>Il fogliame \u00e8 giallo-verde-grigio, screziato di verde e rosso.\t\t<\/div>\n\t\t\n\t\t<a class=\"elementor-post__read-more\" href=\"https:\/\/www.hedera-etc.com\/it\/product\/hedera-helix-luzii\/\" aria-label=\"Leggi tutto &lt;em&gt;Hedera helix&lt;\/em&gt; \u2018Luzii\u2019 \u2013 Edera ornamentale\" tabindex=\"-1\" target=\"_blank\">\n\t\t\tPer saperne di pi\u00f9 \u00bb\t\t<\/a>\n\n\t\t\t\t<\/div>\n\t\t\t\t<\/article>\n\t\t\t\t<article class=\"elementor-post elementor-grid-item post-979 product type-product status-publish has-post-thumbnail product_cat-lierre entry has-media  instock purchasable product-type-variable has-default-attributes has-product-nav col span_1_of_4 owp-content-center item-entry owp-thumbs-layout-horizontal owp-btn-normal owp-tabs-layout-section has-no-thumbnails\">\n\t\t\t\t<a class=\"elementor-post__thumbnail__link\" href=\"https:\/\/www.hedera-etc.com\/it\/product\/hedera-helix-magic\/\" tabindex=\"-1\" target=\"&quot;_blank&quot;\">\n\t\t\t<div class=\"elementor-post__thumbnail\"><img loading=\"lazy\" decoding=\"async\" width=\"300\" height=\"225\" src=\"https:\/\/www.hedera-etc.com\/wp-content\/uploads\/2023\/10\/Hedera-helix-Magic-300x225.webp\" class=\"attachment-medium size-medium wp-image-982\" alt=\"Hedera helix &#039;Magic&#039;\" srcset=\"https:\/\/www.hedera-etc.com\/wp-content\/uploads\/2023\/10\/Hedera-helix-Magic-300x225.webp 300w, https:\/\/www.hedera-etc.com\/wp-content\/uploads\/2023\/10\/Hedera-helix-Magic-900x675.webp 900w, https:\/\/www.hedera-etc.com\/wp-content\/uploads\/2023\/10\/Hedera-helix-Magic-768x576.webp 768w, https:\/\/www.hedera-etc.com\/wp-content\/uploads\/2023\/10\/Hedera-helix-Magic.webp 1024w\" sizes=\"(max-width: 300px) 100vw, 300px\" \/><\/div>\n\t\t<\/a>\n\t\t\t\t<div class=\"elementor-post__text\">\n\t\t\t\t<h3 class=\"elementor-post__title\">\n\t\t\t<a href=\"https:\/\/www.hedera-etc.com\/it\/product\/hedera-helix-magic\/\" target=\"&quot;_blank&quot;\">\n\t\t\t\t<em>Hedera helix<\/em> &lsquo;Magic&rsquo; &#8211; Edera ornamentale\t\t\t<\/a>\n\t\t<\/h3>\n\t\t\t\t<div class=\"elementor-post__excerpt\">\n\t\t\t<p>Fogliame verde scuro con attraenti venature grigie. I giovani germogli sono di colore verde chiaro tendente al giallo.<\/p> <p>Foglie,\t\t<\/div>\n\t\t\n\t\t<a class=\"elementor-post__read-more\" href=\"https:\/\/www.hedera-etc.com\/it\/product\/hedera-helix-magic\/\" aria-label=\"Leggi tutto *Hedera helix* \u2018Magic\u2019 \u2013 Edera ornamentale\" tabindex=\"-1\" target=\"_blank\">\n\t\t\tPer saperne di pi\u00f9 \u00bb\t\t<\/a>\n\n\t\t\t\t<\/div>\n\t\t\t\t<\/article>\n\t\t\t\t<article class=\"elementor-post elementor-grid-item post-983 product type-product status-publish has-post-thumbnail product_cat-lierre entry has-media  instock purchasable product-type-variable has-default-attributes has-product-nav col span_1_of_4 owp-content-center item-entry owp-thumbs-layout-horizontal owp-btn-normal owp-tabs-layout-section\">\n\t\t\t\t<a class=\"elementor-post__thumbnail__link\" href=\"https:\/\/www.hedera-etc.com\/it\/product\/hedera-helix-malvern\/\" tabindex=\"-1\" target=\"&quot;_blank&quot;\">\n\t\t\t<div class=\"elementor-post__thumbnail\"><img loading=\"lazy\" decoding=\"async\" width=\"300\" height=\"225\" src=\"https:\/\/www.hedera-etc.com\/wp-content\/uploads\/2023\/10\/Hedera-helix-Malvern_3-300x225.webp\" class=\"attachment-medium size-medium wp-image-14416\" alt=\"Hedera helix &#039;Malvern&#039;\" srcset=\"https:\/\/www.hedera-etc.com\/wp-content\/uploads\/2023\/10\/Hedera-helix-Malvern_3-300x225.webp 300w, https:\/\/www.hedera-etc.com\/wp-content\/uploads\/2023\/10\/Hedera-helix-Malvern_3-768x576.webp 768w, https:\/\/www.hedera-etc.com\/wp-content\/uploads\/2023\/10\/Hedera-helix-Malvern_3.webp 900w\" sizes=\"(max-width: 300px) 100vw, 300px\" \/><\/div>\n\t\t<\/a>\n\t\t\t\t<div class=\"elementor-post__text\">\n\t\t\t\t<h3 class=\"elementor-post__title\">\n\t\t\t<a href=\"https:\/\/www.hedera-etc.com\/it\/product\/hedera-helix-malvern\/\" target=\"&quot;_blank&quot;\">\n\t\t\t\t<em>Hedera helix<\/em> &lsquo;Malvern&rsquo; &#8211; Edera ornamentale\t\t\t<\/a>\n\t\t<\/h3>\n\t\t\t\t<div class=\"elementor-post__excerpt\">\n\t\t\t<p>La sua principale attrattiva \u00e8 l'estrema pelosit\u00e0.<\/p> <p>Foglie con 3-5 lobi appuntiti. Margine della foglia\t\t<\/div>\n\t\t\n\t\t<a class=\"elementor-post__read-more\" href=\"https:\/\/www.hedera-etc.com\/it\/product\/hedera-helix-malvern\/\" aria-label=\"Leggi tutto Hedera helix \u2018Malvern\u2019 \u2013 Edera ornamentale\" tabindex=\"-1\" target=\"_blank\">\n\t\t\tPer saperne di pi\u00f9 \u00bb\t\t<\/a>\n\n\t\t\t\t<\/div>\n\t\t\t\t<\/article>\n\t\t\t\t<article class=\"elementor-post elementor-grid-item post-989 product type-product status-publish has-post-thumbnail product_cat-lierre entry has-media last instock purchasable product-type-variable has-default-attributes has-product-nav col span_1_of_4 owp-content-center item-entry owp-thumbs-layout-horizontal owp-btn-normal owp-tabs-layout-section\">\n\t\t\t\t<a class=\"elementor-post__thumbnail__link\" href=\"https:\/\/www.hedera-etc.com\/it\/product\/hedera-helix-mandas-crested\/\" tabindex=\"-1\" target=\"&quot;_blank&quot;\">\n\t\t\t<div class=\"elementor-post__thumbnail\"><img loading=\"lazy\" decoding=\"async\" width=\"300\" height=\"225\" src=\"https:\/\/www.hedera-etc.com\/wp-content\/uploads\/2023\/10\/Hedera-helix-Mandas-Crested-300x225.webp\" class=\"attachment-medium size-medium wp-image-990\" alt=\"Hedera helix &#039;Manda&#039;s Crested&#039; (Ciliegia di Manda)&#039;\" srcset=\"https:\/\/www.hedera-etc.com\/wp-content\/uploads\/2023\/10\/Hedera-helix-Mandas-Crested-300x225.webp 300w, https:\/\/www.hedera-etc.com\/wp-content\/uploads\/2023\/10\/Hedera-helix-Mandas-Crested-768x576.webp 768w, https:\/\/www.hedera-etc.com\/wp-content\/uploads\/2023\/10\/Hedera-helix-Mandas-Crested.webp 839w\" sizes=\"(max-width: 300px) 100vw, 300px\" \/><\/div>\n\t\t<\/a>\n\t\t\t\t<div class=\"elementor-post__text\">\n\t\t\t\t<h3 class=\"elementor-post__title\">\n\t\t\t<a href=\"https:\/\/www.hedera-etc.com\/it\/product\/hedera-helix-mandas-crested\/\" target=\"&quot;_blank&quot;\">\n\t\t\t\t<em>Hedera helix<\/em> &lsquo;Manda&rsquo;s Crested&rsquo; &#8211; Edera ornamentale\t\t\t<\/a>\n\t\t<\/h3>\n\t\t\t\t<div class=\"elementor-post__excerpt\">\n\t\t\t<p>Autoramifiori con internodi piuttosto corti e fogliame a 5 lobi, fortemente scurvato e ondulato.<\/p> <p>Il picciolo della foglia sembra essere\t\t<\/div>\n\t\t\n\t\t<a class=\"elementor-post__read-more\" href=\"https:\/\/www.hedera-etc.com\/it\/product\/hedera-helix-mandas-crested\/\" aria-label=\"Leggi tutto &lt;em&gt;Hedera helix&lt;\/em&gt; \u2018Manda\u2019s Crested\u2019 \u2013 Edera ornamentale\" tabindex=\"-1\" target=\"_blank\">\n\t\t\tPer saperne di pi\u00f9 \u00bb\t\t<\/a>\n\n\t\t\t\t<\/div>\n\t\t\t\t<\/article>\n\t\t\t\t<article class=\"elementor-post elementor-grid-item post-994 product type-product status-publish has-post-thumbnail product_cat-lierre entry has-media first instock purchasable product-type-variable has-default-attributes has-product-nav col span_1_of_4 owp-content-center item-entry owp-thumbs-layout-horizontal owp-btn-normal owp-tabs-layout-section\">\n\t\t\t\t<a class=\"elementor-post__thumbnail__link\" href=\"https:\/\/www.hedera-etc.com\/it\/product\/hedera-helix-mandas-fringette\/\" tabindex=\"-1\" target=\"&quot;_blank&quot;\">\n\t\t\t<div class=\"elementor-post__thumbnail\"><img loading=\"lazy\" decoding=\"async\" width=\"300\" height=\"225\" src=\"https:\/\/www.hedera-etc.com\/wp-content\/uploads\/2023\/10\/Hedera-helix-Mandas-Fringette-300x225.webp\" class=\"attachment-medium size-medium wp-image-995\" alt=\"Hedera helix &#039;Manda&#039;s Fringette&#039; (Fringuello di Manda)&#039;\" srcset=\"https:\/\/www.hedera-etc.com\/wp-content\/uploads\/2023\/10\/Hedera-helix-Mandas-Fringette-300x225.webp 300w, https:\/\/www.hedera-etc.com\/wp-content\/uploads\/2023\/10\/Hedera-helix-Mandas-Fringette-900x675.webp 900w, https:\/\/www.hedera-etc.com\/wp-content\/uploads\/2023\/10\/Hedera-helix-Mandas-Fringette-768x576.webp 768w, https:\/\/www.hedera-etc.com\/wp-content\/uploads\/2023\/10\/Hedera-helix-Mandas-Fringette.webp 1024w\" sizes=\"(max-width: 300px) 100vw, 300px\" \/><\/div>\n\t\t<\/a>\n\t\t\t\t<div class=\"elementor-post__text\">\n\t\t\t\t<h3 class=\"elementor-post__title\">\n\t\t\t<a href=\"https:\/\/www.hedera-etc.com\/it\/product\/hedera-helix-mandas-fringette\/\" target=\"&quot;_blank&quot;\">\n\t\t\t\t<em>Hedera helix<\/em> &lsquo;Manda&rsquo;s Fringette&rsquo; &#8211; Edera ornamentale\t\t\t<\/a>\n\t\t<\/h3>\n\t\t\t\t<div class=\"elementor-post__excerpt\">\n\t\t\t<p>Una copertura del terreno molto attraente, con un ottimo effetto di massa. Le foglie sono rivolte in avanti, con i 3 lobi tagliati per creare una forma arrotondata.\t\t<\/div>\n\t\t\n\t\t<a class=\"elementor-post__read-more\" href=\"https:\/\/www.hedera-etc.com\/it\/product\/hedera-helix-mandas-fringette\/\" aria-label=\"Read all &lt;em&gt;Hedera helix&lt;\/em&gt; \u2018Manda\u2019s Fringette\u2019 \u2013 Ornamental Ivy\" tabindex=\"-1\" target=\"_blank\">\n\t\t\tPer saperne di pi\u00f9 \u00bb\t\t<\/a>\n\n\t\t\t\t<\/div>\n\t\t\t\t<\/article>\n\t\t\t\t<article class=\"elementor-post elementor-grid-item post-1001 product type-product status-publish has-post-thumbnail product_cat-lierre entry has-media  instock purchasable product-type-variable has-default-attributes has-product-nav col span_1_of_4 owp-content-center item-entry owp-thumbs-layout-horizontal owp-btn-normal owp-tabs-layout-section\">\n\t\t\t\t<a class=\"elementor-post__thumbnail__link\" href=\"https:\/\/www.hedera-etc.com\/it\/product\/hedera-helix-maple-leaf\/\" tabindex=\"-1\" target=\"&quot;_blank&quot;\">\n\t\t\t<div class=\"elementor-post__thumbnail\"><img loading=\"lazy\" decoding=\"async\" width=\"300\" height=\"240\" src=\"https:\/\/www.hedera-etc.com\/wp-content\/uploads\/2023\/10\/Hedera-helix-Mapple-Leaf-300x240.webp\" class=\"attachment-medium size-medium wp-image-1002\" alt=\"Hedera helix &#039;Mapple Leaf&#039;\" srcset=\"https:\/\/www.hedera-etc.com\/wp-content\/uploads\/2023\/10\/Hedera-helix-Mapple-Leaf-300x240.webp 300w, https:\/\/www.hedera-etc.com\/wp-content\/uploads\/2023\/10\/Hedera-helix-Mapple-Leaf-768x614.webp 768w, https:\/\/www.hedera-etc.com\/wp-content\/uploads\/2023\/10\/Hedera-helix-Mapple-Leaf.webp 787w\" sizes=\"(max-width: 300px) 100vw, 300px\" \/><\/div>\n\t\t<\/a>\n\t\t\t\t<div class=\"elementor-post__text\">\n\t\t\t\t<h3 class=\"elementor-post__title\">\n\t\t\t<a href=\"https:\/\/www.hedera-etc.com\/it\/product\/hedera-helix-maple-leaf\/\" target=\"&quot;_blank&quot;\">\n\t\t\t\t<em>Hedera helix<\/em> &lsquo;Maple Leaf&rsquo; &#8211; Edera ornamentale\t\t\t<\/a>\n\t\t<\/h3>\n\t\t\t\t<div class=\"elementor-post__excerpt\">\n\t\t\t<p>Foglie simili a quelle dell'acero, composte da cinque lobi stretti, lunghi e dentati con un lobo centrale distinto.\t\t<\/div>\n\t\t\n\t\t<a class=\"elementor-post__read-more\" href=\"https:\/\/www.hedera-etc.com\/it\/product\/hedera-helix-maple-leaf\/\" aria-label=\"Leggi tutto &lt;em&gt;Hedera helix&lt;\/em&gt; \u2018Maple Leaf\u2019 \u2013 Edera ornamentale\" tabindex=\"-1\" target=\"_blank\">\n\t\t\tPer saperne di pi\u00f9 \u00bb\t\t<\/a>\n\n\t\t\t\t<\/div>\n\t\t\t\t<\/article>\n\t\t\t\t<article class=\"elementor-post elementor-grid-item post-1006 product type-product status-publish has-post-thumbnail product_cat-lierre entry has-media  instock purchasable product-type-variable has-default-attributes has-product-nav col span_1_of_4 owp-content-center item-entry owp-thumbs-layout-horizontal owp-btn-normal owp-tabs-layout-section\">\n\t\t\t\t<a class=\"elementor-post__thumbnail__link\" href=\"https:\/\/www.hedera-etc.com\/it\/product\/hedera-helix-marie-luise\/\" tabindex=\"-1\" target=\"&quot;_blank&quot;\">\n\t\t\t<div class=\"elementor-post__thumbnail\"><img loading=\"lazy\" decoding=\"async\" width=\"300\" height=\"225\" src=\"https:\/\/www.hedera-etc.com\/wp-content\/uploads\/2023\/10\/Hedera-helix-Marie-Luise_2_2-300x225.webp\" class=\"attachment-medium size-medium wp-image-14406\" alt=\"Hedera helix &#039;Marie Luise&#039; (Marie Luise)&#039;\" srcset=\"https:\/\/www.hedera-etc.com\/wp-content\/uploads\/2023\/10\/Hedera-helix-Marie-Luise_2_2-300x225.webp 300w, https:\/\/www.hedera-etc.com\/wp-content\/uploads\/2023\/10\/Hedera-helix-Marie-Luise_2_2-768x576.webp 768w, https:\/\/www.hedera-etc.com\/wp-content\/uploads\/2023\/10\/Hedera-helix-Marie-Luise_2_2.webp 900w\" sizes=\"(max-width: 300px) 100vw, 300px\" \/><\/div>\n\t\t<\/a>\n\t\t\t\t<div class=\"elementor-post__text\">\n\t\t\t\t<h3 class=\"elementor-post__title\">\n\t\t\t<a href=\"https:\/\/www.hedera-etc.com\/it\/product\/hedera-helix-marie-luise\/\" target=\"&quot;_blank&quot;\">\n\t\t\t\t<em>Hedera helix<\/em> &lsquo;Marie-Luise&rsquo; &#8211; Edera ornamentale\t\t\t<\/a>\n\t\t<\/h3>\n\t\t\t\t<div class=\"elementor-post__excerpt\">\n\t\t\t<p>Giovani germogli viola. Gambo verde, ma viola alla base.<\/p> <p>Foglie di colore verde scuro con venature verde chiaro, molto luminose, composte di\t\t<\/div>\n\t\t\n\t\t<a class=\"elementor-post__read-more\" href=\"https:\/\/www.hedera-etc.com\/it\/product\/hedera-helix-marie-luise\/\" aria-label=\"Leggi tutto *Hedera helix* \u2018Marie-Luise\u2019 \u2013 Edera ornamentale\" tabindex=\"-1\" target=\"_blank\">\n\t\t\tPer saperne di pi\u00f9 \u00bb\t\t<\/a>\n\n\t\t\t\t<\/div>\n\t\t\t\t<\/article>\n\t\t\t\t<article class=\"elementor-post elementor-grid-item post-1012 product type-product status-publish has-post-thumbnail product_cat-lierre entry has-media last instock purchasable product-type-variable has-default-attributes has-product-nav col span_1_of_4 owp-content-center item-entry owp-thumbs-layout-horizontal owp-btn-normal owp-tabs-layout-section has-no-thumbnails\">\n\t\t\t\t<a class=\"elementor-post__thumbnail__link\" href=\"https:\/\/www.hedera-etc.com\/it\/product\/hedera-helix-mario\/\" tabindex=\"-1\" target=\"&quot;_blank&quot;\">\n\t\t\t<div class=\"elementor-post__thumbnail\"><img loading=\"lazy\" decoding=\"async\" width=\"300\" height=\"225\" src=\"https:\/\/www.hedera-etc.com\/wp-content\/uploads\/2023\/10\/Hedera-helix-Mario-300x225.webp\" class=\"attachment-medium size-medium wp-image-1013\" alt=\"Hedera helix &#039;Mario&#039;\" srcset=\"https:\/\/www.hedera-etc.com\/wp-content\/uploads\/2023\/10\/Hedera-helix-Mario-300x225.webp 300w, https:\/\/www.hedera-etc.com\/wp-content\/uploads\/2023\/10\/Hedera-helix-Mario-900x675.webp 900w, https:\/\/www.hedera-etc.com\/wp-content\/uploads\/2023\/10\/Hedera-helix-Mario-768x576.webp 768w, https:\/\/www.hedera-etc.com\/wp-content\/uploads\/2023\/10\/Hedera-helix-Mario.webp 1024w\" sizes=\"(max-width: 300px) 100vw, 300px\" \/><\/div>\n\t\t<\/a>\n\t\t\t\t<div class=\"elementor-post__text\">\n\t\t\t\t<h3 class=\"elementor-post__title\">\n\t\t\t<a href=\"https:\/\/www.hedera-etc.com\/it\/product\/hedera-helix-mario\/\" target=\"&quot;_blank&quot;\">\n\t\t\t\t<em>Hedera helix<\/em> &lsquo;Mario&rsquo; &#8211; Edera ornamentale\t\t\t<\/a>\n\t\t<\/h3>\n\t\t\t\t<div class=\"elementor-post__excerpt\">\n\t\t\t<p>Edera potente con steli molto grandi che portano foglie larghe.<\/p> <p>Fogliame verde scuro, lucido, con bordi molto ondulati.\t\t<\/div>\n\t\t\n\t\t<a class=\"elementor-post__read-more\" href=\"https:\/\/www.hedera-etc.com\/it\/product\/hedera-helix-mario\/\" aria-label=\"Leggi tutto Hedera helix \u2018Mario\u2019 \u2013 Edera ornamentale\" tabindex=\"-1\" target=\"_blank\">\n\t\t\tPer saperne di pi\u00f9 \u00bb\t\t<\/a>\n\n\t\t\t\t<\/div>\n\t\t\t\t<\/article>\n\t\t\t\t<article class=\"elementor-post elementor-grid-item post-1017 product type-product status-publish has-post-thumbnail product_cat-lierre entry has-media first instock purchasable product-type-variable has-default-attributes has-product-nav col span_1_of_4 owp-content-center item-entry owp-thumbs-layout-horizontal owp-btn-normal owp-tabs-layout-section\">\n\t\t\t\t<a class=\"elementor-post__thumbnail__link\" href=\"https:\/\/www.hedera-etc.com\/it\/product\/hedera-helix-mariposa\/\" tabindex=\"-1\" target=\"&quot;_blank&quot;\">\n\t\t\t<div class=\"elementor-post__thumbnail\"><img loading=\"lazy\" decoding=\"async\" width=\"300\" height=\"225\" src=\"https:\/\/www.hedera-etc.com\/wp-content\/uploads\/2023\/10\/Hedera-helix-Mariposa_2_3-300x225.webp\" class=\"attachment-medium size-medium wp-image-9747\" alt=\"Hedera helix &#039;Mariposa&#039;\" srcset=\"https:\/\/www.hedera-etc.com\/wp-content\/uploads\/2023\/10\/Hedera-helix-Mariposa_2_3-300x225.webp 300w, https:\/\/www.hedera-etc.com\/wp-content\/uploads\/2023\/10\/Hedera-helix-Mariposa_2_3-900x675.webp 900w, https:\/\/www.hedera-etc.com\/wp-content\/uploads\/2023\/10\/Hedera-helix-Mariposa_2_3-1024x768.webp 1024w, https:\/\/www.hedera-etc.com\/wp-content\/uploads\/2023\/10\/Hedera-helix-Mariposa_2_3-768x576.webp 768w, https:\/\/www.hedera-etc.com\/wp-content\/uploads\/2023\/10\/Hedera-helix-Mariposa_2_3-1536x1152.webp 1536w, https:\/\/www.hedera-etc.com\/wp-content\/uploads\/2023\/10\/Hedera-helix-Mariposa_2_3-1320x990.webp 1320w, https:\/\/www.hedera-etc.com\/wp-content\/uploads\/2023\/10\/Hedera-helix-Mariposa_2_3.webp 1600w\" sizes=\"(max-width: 300px) 100vw, 300px\" \/><\/div>\n\t\t<\/a>\n\t\t\t\t<div class=\"elementor-post__text\">\n\t\t\t\t<h3 class=\"elementor-post__title\">\n\t\t\t<a href=\"https:\/\/www.hedera-etc.com\/it\/product\/hedera-helix-mariposa\/\" target=\"&quot;_blank&quot;\">\n\t\t\t\t<em>Hedera helix<\/em> &lsquo;Mariposa&rsquo; &#8211; Edera ornamentale\t\t\t<\/a>\n\t\t<\/h3>\n\t\t\t\t<div class=\"elementor-post__excerpt\">\n\t\t\t<p>Variet\u00e0 con foglie atipiche. Il lobo terminale \u00e8 talvolta profondamente diviso in due parti, il che conferisce alla foglia l'aspetto di una \"fogliolina\".\t\t<\/div>\n\t\t\n\t\t<a class=\"elementor-post__read-more\" href=\"https:\/\/www.hedera-etc.com\/it\/product\/hedera-helix-mariposa\/\" aria-label=\"Leggi tutto &lt;em&gt;Hedera helix&lt;\/em&gt; \u2018Mariposa\u2019 \u2013 Edera ornamentale\" tabindex=\"-1\" target=\"_blank\">\n\t\t\tPer saperne di pi\u00f9 \u00bb\t\t<\/a>\n\n\t\t\t\t<\/div>\n\t\t\t\t<\/article>\n\t\t\t\t<article class=\"elementor-post elementor-grid-item post-1022 product type-product status-publish has-post-thumbnail product_cat-lierre entry has-media  instock purchasable product-type-variable has-default-attributes has-product-nav col span_1_of_4 owp-content-center item-entry owp-thumbs-layout-horizontal owp-btn-normal owp-tabs-layout-section\">\n\t\t\t\t<a class=\"elementor-post__thumbnail__link\" href=\"https:\/\/www.hedera-etc.com\/it\/product\/hedera-helix-mathilde\/\" tabindex=\"-1\" target=\"&quot;_blank&quot;\">\n\t\t\t<div class=\"elementor-post__thumbnail\"><img loading=\"lazy\" decoding=\"async\" width=\"300\" height=\"225\" src=\"https:\/\/www.hedera-etc.com\/wp-content\/uploads\/2023\/10\/Hedera-helix-Mathilde-300x225.webp\" class=\"attachment-medium size-medium wp-image-1023\" alt=\"Hedera helix &#039;Mathilde&#039;\" srcset=\"https:\/\/www.hedera-etc.com\/wp-content\/uploads\/2023\/10\/Hedera-helix-Mathilde-300x225.webp 300w, https:\/\/www.hedera-etc.com\/wp-content\/uploads\/2023\/10\/Hedera-helix-Mathilde-768x575.webp 768w, https:\/\/www.hedera-etc.com\/wp-content\/uploads\/2023\/10\/Hedera-helix-Mathilde.webp 800w\" sizes=\"(max-width: 300px) 100vw, 300px\" \/><\/div>\n\t\t<\/a>\n\t\t\t\t<div class=\"elementor-post__text\">\n\t\t\t\t<h3 class=\"elementor-post__title\">\n\t\t\t<a href=\"https:\/\/www.hedera-etc.com\/it\/product\/hedera-helix-mathilde\/\" target=\"&quot;_blank&quot;\">\n\t\t\t\t<em>Hedera helix<\/em> &lsquo;Mathilde&rsquo; &#8211; Edera ornamentale\t\t\t<\/a>\n\t\t<\/h3>\n\t\t\t\t<div class=\"elementor-post__excerpt\">\n\t\t\t<p>Foglie con 3-5 lobi appuntiti. Lama verde medio con macchie grigio-verdi e margini crema.<\/p> <p>Macchie su\t\t<\/div>\n\t\t\n\t\t<a class=\"elementor-post__read-more\" href=\"https:\/\/www.hedera-etc.com\/it\/product\/hedera-helix-mathilde\/\" aria-label=\"Leggi tutto &lt;em&gt;Hedera helix&lt;\/em&gt; \u2018Mathilde\u2019 \u2013 Edera ornamentale\" tabindex=\"-1\" target=\"_blank\">\n\t\t\tPer saperne di pi\u00f9 \u00bb\t\t<\/a>\n\n\t\t\t\t<\/div>\n\t\t\t\t<\/article>\n\t\t\t\t<article class=\"elementor-post elementor-grid-item post-1283 product type-product status-publish has-post-thumbnail product_cat-lierre entry has-media  instock purchasable product-type-variable has-default-attributes has-product-nav col span_1_of_4 owp-content-center item-entry owp-thumbs-layout-horizontal owp-btn-normal owp-tabs-layout-section\">\n\t\t\t\t<a class=\"elementor-post__thumbnail__link\" href=\"https:\/\/www.hedera-etc.com\/it\/product\/hedera-helix-ritterkreuz\/\" tabindex=\"-1\" target=\"&quot;_blank&quot;\">\n\t\t\t<div class=\"elementor-post__thumbnail\"><img loading=\"lazy\" decoding=\"async\" width=\"300\" height=\"240\" src=\"https:\/\/www.hedera-etc.com\/wp-content\/uploads\/2023\/11\/Hedera-helix-Ritterkreuz-300x240.webp\" class=\"attachment-medium size-medium wp-image-1284\" alt=\"Hedera helix &#039;Ritterkreuz&#039;\" srcset=\"https:\/\/www.hedera-etc.com\/wp-content\/uploads\/2023\/11\/Hedera-helix-Ritterkreuz-300x240.webp 300w, https:\/\/www.hedera-etc.com\/wp-content\/uploads\/2023\/11\/Hedera-helix-Ritterkreuz-768x614.webp 768w, https:\/\/www.hedera-etc.com\/wp-content\/uploads\/2023\/11\/Hedera-helix-Ritterkreuz.webp 787w\" sizes=\"(max-width: 300px) 100vw, 300px\" \/><\/div>\n\t\t<\/a>\n\t\t\t\t<div class=\"elementor-post__text\">\n\t\t\t\t<h3 class=\"elementor-post__title\">\n\t\t\t<a href=\"https:\/\/www.hedera-etc.com\/it\/product\/hedera-helix-ritterkreuz\/\" target=\"&quot;_blank&quot;\">\n\t\t\t\t<em>Hedera helix<\/em> &lsquo;Ritterkreuz&rsquo; &#8211; Edera ornamentale\t\t\t<\/a>\n\t\t<\/h3>\n\t\t\t\t<div class=\"elementor-post__excerpt\">\n\t\t\t<p>Foglia caratteristica con lobi appuntiti che ricordano una croce di Malta. Il lobo terminale \u00e8 quasi romboidale.<\/p> <p>Lama di foglie\t\t<\/div>\n\t\t\n\t\t<a class=\"elementor-post__read-more\" href=\"https:\/\/www.hedera-etc.com\/it\/product\/hedera-helix-ritterkreuz\/\" aria-label=\"Leggi tutto &lt;em&gt;Hedera helix&lt;\/em&gt; \u2018Ritterkreuz\u2019 \u2013 Edera ornamentale\" tabindex=\"-1\" target=\"_blank\">\n\t\t\tPer saperne di pi\u00f9 \u00bb\t\t<\/a>\n\n\t\t\t\t<\/div>\n\t\t\t\t<\/article>\n\t\t\t\t<article class=\"elementor-post elementor-grid-item post-1289 product type-product status-publish has-post-thumbnail product_cat-lierre entry has-media last instock purchasable product-type-variable has-default-attributes has-product-nav col span_1_of_4 owp-content-center item-entry owp-thumbs-layout-horizontal owp-btn-normal owp-tabs-layout-section has-no-thumbnails\">\n\t\t\t\t<a class=\"elementor-post__thumbnail__link\" href=\"https:\/\/www.hedera-etc.com\/it\/product\/hedera-helix-rochester\/\" tabindex=\"-1\" target=\"&quot;_blank&quot;\">\n\t\t\t<div class=\"elementor-post__thumbnail\"><img loading=\"lazy\" decoding=\"async\" width=\"300\" height=\"225\" src=\"https:\/\/www.hedera-etc.com\/wp-content\/uploads\/2023\/11\/Hedera-helix-Rochester-300x225.webp\" class=\"attachment-medium size-medium wp-image-1291\" alt=\"Hedera helix &#039;Rochester&#039;\" srcset=\"https:\/\/www.hedera-etc.com\/wp-content\/uploads\/2023\/11\/Hedera-helix-Rochester-300x225.webp 300w, https:\/\/www.hedera-etc.com\/wp-content\/uploads\/2023\/11\/Hedera-helix-Rochester-900x675.webp 900w, https:\/\/www.hedera-etc.com\/wp-content\/uploads\/2023\/11\/Hedera-helix-Rochester-768x576.webp 768w, https:\/\/www.hedera-etc.com\/wp-content\/uploads\/2023\/11\/Hedera-helix-Rochester.webp 1024w\" sizes=\"(max-width: 300px) 100vw, 300px\" \/><\/div>\n\t\t<\/a>\n\t\t\t\t<div class=\"elementor-post__text\">\n\t\t\t\t<h3 class=\"elementor-post__title\">\n\t\t\t<a href=\"https:\/\/www.hedera-etc.com\/it\/product\/hedera-helix-rochester\/\" target=\"&quot;_blank&quot;\">\n\t\t\t\t<em>Hedera helix<\/em> &lsquo;Rochester&rsquo; &#8211; Edera ornamentale\t\t\t<\/a>\n\t\t<\/h3>\n\t\t\t\t<div class=\"elementor-post__excerpt\">\n\t\t\t<p>Edera compatta e autoportante, con portamento piuttosto prostrato.<\/p> <p>Foglie: piccole, composte da 3 lobi, con i lobi laterali rivolti verso la punta della foglia.\t\t<\/div>\n\t\t\n\t\t<a class=\"elementor-post__read-more\" href=\"https:\/\/www.hedera-etc.com\/it\/product\/hedera-helix-rochester\/\" aria-label=\"Leggi tutto &lt;em&gt;Hedera helix&lt;\/em&gt; \u2018Rochester\u2019 \u2013 Edera ornamentale\" tabindex=\"-1\" target=\"_blank\">\n\t\t\tPer saperne di pi\u00f9 \u00bb\t\t<\/a>\n\n\t\t\t\t<\/div>\n\t\t\t\t<\/article>\n\t\t\t\t<article class=\"elementor-post elementor-grid-item post-1296 product type-product status-publish has-post-thumbnail product_cat-lierre entry has-media first instock purchasable product-type-variable has-default-attributes has-product-nav col span_1_of_4 owp-content-center item-entry owp-thumbs-layout-horizontal owp-btn-normal owp-tabs-layout-section\">\n\t\t\t\t<a class=\"elementor-post__thumbnail__link\" href=\"https:\/\/www.hedera-etc.com\/it\/product\/hedera-helix-romanze\/\" tabindex=\"-1\" target=\"&quot;_blank&quot;\">\n\t\t\t<div class=\"elementor-post__thumbnail\"><img loading=\"lazy\" decoding=\"async\" width=\"300\" height=\"225\" src=\"https:\/\/www.hedera-etc.com\/wp-content\/uploads\/2023\/11\/Hedera-helix-Romanze_2-300x225.webp\" class=\"attachment-medium size-medium wp-image-1297\" alt=\"Hedera helix &#039;Romanze&#039;\" srcset=\"https:\/\/www.hedera-etc.com\/wp-content\/uploads\/2023\/11\/Hedera-helix-Romanze_2-300x225.webp 300w, https:\/\/www.hedera-etc.com\/wp-content\/uploads\/2023\/11\/Hedera-helix-Romanze_2-900x675.webp 900w, https:\/\/www.hedera-etc.com\/wp-content\/uploads\/2023\/11\/Hedera-helix-Romanze_2-768x576.webp 768w, https:\/\/www.hedera-etc.com\/wp-content\/uploads\/2023\/11\/Hedera-helix-Romanze_2.webp 1024w\" sizes=\"(max-width: 300px) 100vw, 300px\" \/><\/div>\n\t\t<\/a>\n\t\t\t\t<div class=\"elementor-post__text\">\n\t\t\t\t<h3 class=\"elementor-post__title\">\n\t\t\t<a href=\"https:\/\/www.hedera-etc.com\/it\/product\/hedera-helix-romanze\/\" target=\"&quot;_blank&quot;\">\n\t\t\t\t<em>Hedera helix<\/em> &lsquo;Romanze&rsquo; &#8211; Edera ornamentale\t\t\t<\/a>\n\t\t<\/h3>\n\t\t\t\t<div class=\"elementor-post__excerpt\">\n\t\t\t<p>Fogliame marmorizzato da verde chiaro a verde scuro. Foglie ondulate e arricciate.<\/p> <p>Fusti con pochi rami e internodi corti. Piuttosto\t\t<\/div>\n\t\t\n\t\t<a class=\"elementor-post__read-more\" href=\"https:\/\/www.hedera-etc.com\/it\/product\/hedera-helix-romanze\/\" aria-label=\"Leggi tutto *Hedera helix* \u2018Romanze\u2019 \u2013 Edera ornamentale\" tabindex=\"-1\" target=\"_blank\">\n\t\t\tPer saperne di pi\u00f9 \u00bb\t\t<\/a>\n\n\t\t\t\t<\/div>\n\t\t\t\t<\/article>\n\t\t\t\t<article class=\"elementor-post elementor-grid-item post-1303 product type-product status-publish has-post-thumbnail product_cat-lierre entry has-media  instock purchasable product-type-variable has-default-attributes has-product-nav col span_1_of_4 owp-content-center item-entry owp-thumbs-layout-horizontal owp-btn-normal owp-tabs-layout-section has-no-thumbnails\">\n\t\t\t\t<a class=\"elementor-post__thumbnail__link\" href=\"https:\/\/www.hedera-etc.com\/it\/product\/hedera-helix-rouge-hivernal\/\" tabindex=\"-1\" target=\"&quot;_blank&quot;\">\n\t\t\t<div class=\"elementor-post__thumbnail\"><img loading=\"lazy\" decoding=\"async\" width=\"300\" height=\"230\" src=\"https:\/\/www.hedera-etc.com\/wp-content\/uploads\/2023\/11\/Hedera-helix-Rouge-Hivernal-300x230.webp\" class=\"attachment-medium size-medium wp-image-1304\" alt=\"Hedera helix &#039;Rouge Hivernal&#039; (Rosso d&#039;inverno)&#039;\" srcset=\"https:\/\/www.hedera-etc.com\/wp-content\/uploads\/2023\/11\/Hedera-helix-Rouge-Hivernal-300x230.webp 300w, https:\/\/www.hedera-etc.com\/wp-content\/uploads\/2023\/11\/Hedera-helix-Rouge-Hivernal-768x589.webp 768w, https:\/\/www.hedera-etc.com\/wp-content\/uploads\/2023\/11\/Hedera-helix-Rouge-Hivernal.webp 800w\" sizes=\"(max-width: 300px) 100vw, 300px\" \/><\/div>\n\t\t<\/a>\n\t\t\t\t<div class=\"elementor-post__text\">\n\t\t\t\t<h3 class=\"elementor-post__title\">\n\t\t\t<a href=\"https:\/\/www.hedera-etc.com\/it\/product\/hedera-helix-rouge-hivernal\/\" target=\"&quot;_blank&quot;\">\n\t\t\t\t<em>Hedera helix<\/em> &lsquo;Rouge Hivernal&rsquo; &#8211; Edera ornamentale\t\t\t<\/a>\n\t\t<\/h3>\n\t\t\t\t<div class=\"elementor-post__excerpt\">\n\t\t\t<p>Una selezione vicina alla specie tipo, il cui interesse specifico deriva dalla bella colorazione bronzea delle foglie in inverno, quando il tempo \u00e8 bello.\t\t<\/div>\n\t\t\n\t\t<a class=\"elementor-post__read-more\" href=\"https:\/\/www.hedera-etc.com\/it\/product\/hedera-helix-rouge-hivernal\/\" aria-label=\"Leggi tutto &lt;em&gt;Hedera helix&lt;\/em&gt; \u2018Rouge Hivernal\u2019 \u2013 Edera ornamentale\" tabindex=\"-1\" target=\"_blank\">\n\t\t\tPer saperne di pi\u00f9 \u00bb\t\t<\/a>\n\n\t\t\t\t<\/div>\n\t\t\t\t<\/article>\n\t\t\t\t<article class=\"elementor-post elementor-grid-item post-1308 product type-product status-publish has-post-thumbnail product_cat-lierre entry has-media  instock purchasable product-type-variable has-default-attributes has-product-nav col span_1_of_4 owp-content-center item-entry owp-thumbs-layout-horizontal owp-btn-normal owp-tabs-layout-section\">\n\t\t\t\t<a class=\"elementor-post__thumbnail__link\" href=\"https:\/\/www.hedera-etc.com\/it\/product\/hedera-helix-rusche\/\" tabindex=\"-1\" target=\"&quot;_blank&quot;\">\n\t\t\t<div class=\"elementor-post__thumbnail\"><img loading=\"lazy\" decoding=\"async\" width=\"300\" height=\"225\" src=\"https:\/\/www.hedera-etc.com\/wp-content\/uploads\/2023\/11\/Hedera-helix-Rusche_2-300x225.webp\" class=\"attachment-medium size-medium wp-image-1309\" alt=\"Hedera helix &#039;Rusche&#039;\" srcset=\"https:\/\/www.hedera-etc.com\/wp-content\/uploads\/2023\/11\/Hedera-helix-Rusche_2-300x225.webp 300w, https:\/\/www.hedera-etc.com\/wp-content\/uploads\/2023\/11\/Hedera-helix-Rusche_2-900x675.webp 900w, https:\/\/www.hedera-etc.com\/wp-content\/uploads\/2023\/11\/Hedera-helix-Rusche_2-768x576.webp 768w, https:\/\/www.hedera-etc.com\/wp-content\/uploads\/2023\/11\/Hedera-helix-Rusche_2.webp 1024w\" sizes=\"(max-width: 300px) 100vw, 300px\" \/><\/div>\n\t\t<\/a>\n\t\t\t\t<div class=\"elementor-post__text\">\n\t\t\t\t<h3 class=\"elementor-post__title\">\n\t\t\t<a href=\"https:\/\/www.hedera-etc.com\/it\/product\/hedera-helix-rusche\/\" target=\"&quot;_blank&quot;\">\n\t\t\t\t<em>Hedera helix<\/em> &lsquo;R\u00fcsche&rsquo; &#8211; Edera ornamentale\t\t\t<\/a>\n\t\t<\/h3>\n\t\t\t\t<div class=\"elementor-post__excerpt\">\n\t\t\t<p>Edera vigorosa e a crescita rapida.<\/p> <p>Foglie generalmente composte da 3-5 lobi asimmetrici, molto ondulati, quasi ripiegati su se stessi.\t\t<\/div>\n\t\t\n\t\t<a class=\"elementor-post__read-more\" href=\"https:\/\/www.hedera-etc.com\/it\/product\/hedera-helix-rusche\/\" aria-label=\"Leggi tutto &lt;em&gt;Hedera helix&lt;\/em&gt; \u2018R\u00fcsche\u2019 \u2013 Edera ornamentale\" tabindex=\"-1\" target=\"_blank\">\n\t\t\tPer saperne di pi\u00f9 \u00bb\t\t<\/a>\n\n\t\t\t\t<\/div>\n\t\t\t\t<\/article>\n\t\t\t\t<article class=\"elementor-post elementor-grid-item post-1313 product type-product status-publish has-post-thumbnail product_cat-lierre entry has-media last instock purchasable product-type-variable has-default-attributes has-product-nav col span_1_of_4 owp-content-center item-entry owp-thumbs-layout-horizontal owp-btn-normal owp-tabs-layout-section\">\n\t\t\t\t<a class=\"elementor-post__thumbnail__link\" href=\"https:\/\/www.hedera-etc.com\/it\/product\/hedera-helix-russells-gold\/\" tabindex=\"-1\" target=\"&quot;_blank&quot;\">\n\t\t\t<div class=\"elementor-post__thumbnail\"><img loading=\"lazy\" decoding=\"async\" width=\"300\" height=\"225\" src=\"https:\/\/www.hedera-etc.com\/wp-content\/uploads\/2023\/11\/Hedera-helix-Russels-Gold-300x225.webp\" class=\"attachment-medium size-medium wp-image-14221\" alt=\"Hedera helix &#039;Russell&#039;s Gold&#039;\" srcset=\"https:\/\/www.hedera-etc.com\/wp-content\/uploads\/2023\/11\/Hedera-helix-Russels-Gold-300x225.webp 300w, https:\/\/www.hedera-etc.com\/wp-content\/uploads\/2023\/11\/Hedera-helix-Russels-Gold-900x674.webp 900w, https:\/\/www.hedera-etc.com\/wp-content\/uploads\/2023\/11\/Hedera-helix-Russels-Gold-768x575.webp 768w, https:\/\/www.hedera-etc.com\/wp-content\/uploads\/2023\/11\/Hedera-helix-Russels-Gold.webp 902w\" sizes=\"(max-width: 300px) 100vw, 300px\" \/><\/div>\n\t\t<\/a>\n\t\t\t\t<div class=\"elementor-post__text\">\n\t\t\t\t<h3 class=\"elementor-post__title\">\n\t\t\t<a href=\"https:\/\/www.hedera-etc.com\/it\/product\/hedera-helix-russells-gold\/\" target=\"&quot;_blank&quot;\">\n\t\t\t\t<em>Hedera helix<\/em> &lsquo;Russell&rsquo;s Gold&rsquo; &#8211; Edera ornamentale\t\t\t<\/a>\n\t\t<\/h3>\n\t\t\t\t<div class=\"elementor-post__excerpt\">\n\t\t\t<p>Interessante per i suoi giovani germogli di colore giallo oro o giallo chiaro, che diventano verde scuro a maturit\u00e0.<\/p> <p>Simile a \u2018Buttercup\u2019, con\t\t<\/div>\n\t\t\n\t\t<a class=\"elementor-post__read-more\" href=\"https:\/\/www.hedera-etc.com\/it\/product\/hedera-helix-russells-gold\/\" aria-label=\"Leggi tutto &lt;em&gt;Hedera helix&lt;\/em&gt; \u2018Russell\u2019s Gold\u2019 \u2013 Edera ornamentale\" tabindex=\"-1\" target=\"_blank\">\n\t\t\tPer saperne di pi\u00f9 \u00bb\t\t<\/a>\n\n\t\t\t\t<\/div>\n\t\t\t\t<\/article>\n\t\t\t\t<article class=\"elementor-post elementor-grid-item post-1319 product type-product status-publish has-post-thumbnail product_cat-lierre entry has-media first instock purchasable product-type-variable has-default-attributes has-product-nav col span_1_of_4 owp-content-center item-entry owp-thumbs-layout-horizontal owp-btn-normal owp-tabs-layout-section\">\n\t\t\t\t<a class=\"elementor-post__thumbnail__link\" href=\"https:\/\/www.hedera-etc.com\/it\/product\/hedera-helix-sabine\/\" tabindex=\"-1\" target=\"&quot;_blank&quot;\">\n\t\t\t<div class=\"elementor-post__thumbnail\"><img loading=\"lazy\" decoding=\"async\" width=\"300\" height=\"224\" src=\"https:\/\/www.hedera-etc.com\/wp-content\/uploads\/2023\/11\/Hedera-helix-Sabine-300x224.webp\" class=\"attachment-medium size-medium wp-image-1320\" alt=\"Hedera helix &#039;Sabine&#039;\" srcset=\"https:\/\/www.hedera-etc.com\/wp-content\/uploads\/2023\/11\/Hedera-helix-Sabine-300x224.webp 300w, https:\/\/www.hedera-etc.com\/wp-content\/uploads\/2023\/11\/Hedera-helix-Sabine-768x574.webp 768w, https:\/\/www.hedera-etc.com\/wp-content\/uploads\/2023\/11\/Hedera-helix-Sabine.webp 800w\" sizes=\"(max-width: 300px) 100vw, 300px\" \/><\/div>\n\t\t<\/a>\n\t\t\t\t<div class=\"elementor-post__text\">\n\t\t\t\t<h3 class=\"elementor-post__title\">\n\t\t\t<a href=\"https:\/\/www.hedera-etc.com\/it\/product\/hedera-helix-sabine\/\" target=\"&quot;_blank&quot;\">\n\t\t\t\t<em>Hedera helix<\/em> &lsquo;Sabine&rsquo; &#8211; Edera ornamentale\t\t\t<\/a>\n\t\t<\/h3>\n\t\t\t\t<div class=\"elementor-post__excerpt\">\n\t\t\t<p>Fogliame polimorfo lucido di colore verde medio.<\/p> <p>Foglie composte da 3, 5 o 7 lobi, disposti a ventaglio, ondulati, curvati verso la parte anteriore.\t\t<\/div>\n\t\t\n\t\t<a class=\"elementor-post__read-more\" href=\"https:\/\/www.hedera-etc.com\/it\/product\/hedera-helix-sabine\/\" aria-label=\"Leggi tutto &lt;em&gt;Hedera helix&lt;\/em&gt; \u2018Sabine\u2019 \u2013 Edera ornamentale\" tabindex=\"-1\" target=\"_blank\">\n\t\t\tPer saperne di pi\u00f9 \u00bb\t\t<\/a>\n\n\t\t\t\t<\/div>\n\t\t\t\t<\/article>\n\t\t\t\t<article class=\"elementor-post elementor-grid-item post-1116 product type-product status-publish has-post-thumbnail product_cat-lierre entry has-media  instock purchasable product-type-variable has-default-attributes has-product-nav col span_1_of_4 owp-content-center item-entry owp-thumbs-layout-horizontal owp-btn-normal owp-tabs-layout-section\">\n\t\t\t\t<a class=\"elementor-post__thumbnail__link\" href=\"https:\/\/www.hedera-etc.com\/it\/product\/hedera-helix-nena\/\" tabindex=\"-1\" target=\"&quot;_blank&quot;\">\n\t\t\t<div class=\"elementor-post__thumbnail\"><img loading=\"lazy\" decoding=\"async\" width=\"300\" height=\"225\" src=\"https:\/\/www.hedera-etc.com\/wp-content\/uploads\/2023\/10\/Hedera-helix-Nena_2-300x225.webp\" class=\"attachment-medium size-medium wp-image-1117\" alt=\"Hedera helix &#039;Nena&#039;\" srcset=\"https:\/\/www.hedera-etc.com\/wp-content\/uploads\/2023\/10\/Hedera-helix-Nena_2-300x225.webp 300w, https:\/\/www.hedera-etc.com\/wp-content\/uploads\/2023\/10\/Hedera-helix-Nena_2-768x575.webp 768w, https:\/\/www.hedera-etc.com\/wp-content\/uploads\/2023\/10\/Hedera-helix-Nena_2.webp 800w\" sizes=\"(max-width: 300px) 100vw, 300px\" \/><\/div>\n\t\t<\/a>\n\t\t\t\t<div class=\"elementor-post__text\">\n\t\t\t\t<h3 class=\"elementor-post__title\">\n\t\t\t<a href=\"https:\/\/www.hedera-etc.com\/it\/product\/hedera-helix-nena\/\" target=\"&quot;_blank&quot;\">\n\t\t\t\t<em>Hedera helix<\/em> &lsquo;Nena&rsquo; &#8211; Edera ornamentale\t\t\t<\/a>\n\t\t<\/h3>\n\t\t\t\t<div class=\"elementor-post__excerpt\">\n\t\t\t<p>Foglie a forma di ventaglio composte principalmente da 5 lobi, talvolta con 2 lobi auricolari aggiuntivi. Il picciolo \u00e8 rossastro e spesso appiattito.<\/p> <p>Lama di foglie\t\t<\/div>\n\t\t\n\t\t<a class=\"elementor-post__read-more\" href=\"https:\/\/www.hedera-etc.com\/it\/product\/hedera-helix-nena\/\" aria-label=\"Leggi tutto *Hedera helix* \u2018Nena\u2019 \u2013 Edera ornamentale\" tabindex=\"-1\" target=\"_blank\">\n\t\t\tPer saperne di pi\u00f9 \u00bb\t\t<\/a>\n\n\t\t\t\t<\/div>\n\t\t\t\t<\/article>\n\t\t\t\t<article class=\"elementor-post elementor-grid-item post-1122 product type-product status-publish has-post-thumbnail product_cat-lierre entry has-media  instock purchasable product-type-variable has-default-attributes has-product-nav col span_1_of_4 owp-content-center item-entry owp-thumbs-layout-horizontal owp-btn-normal owp-tabs-layout-section\">\n\t\t\t\t<a class=\"elementor-post__thumbnail__link\" href=\"https:\/\/www.hedera-etc.com\/it\/product\/hedera-helix-nugget\/\" tabindex=\"-1\" target=\"&quot;_blank&quot;\">\n\t\t\t<div class=\"elementor-post__thumbnail\"><img loading=\"lazy\" decoding=\"async\" width=\"300\" height=\"288\" src=\"https:\/\/www.hedera-etc.com\/wp-content\/uploads\/2023\/10\/Hedera-helix-Nugget-300x288.webp\" class=\"attachment-medium size-medium wp-image-1123\" alt=\"Hedera helix &#039;Nugget&#039;\" srcset=\"https:\/\/www.hedera-etc.com\/wp-content\/uploads\/2023\/10\/Hedera-helix-Nugget-300x288.webp 300w, https:\/\/www.hedera-etc.com\/wp-content\/uploads\/2023\/10\/Hedera-helix-Nugget.webp 655w\" sizes=\"(max-width: 300px) 100vw, 300px\" \/><\/div>\n\t\t<\/a>\n\t\t\t\t<div class=\"elementor-post__text\">\n\t\t\t\t<h3 class=\"elementor-post__title\">\n\t\t\t<a href=\"https:\/\/www.hedera-etc.com\/it\/product\/hedera-helix-nugget\/\" target=\"&quot;_blank&quot;\">\n\t\t\t\t<em>Hedera helix<\/em> &lsquo;Nugget&rsquo; &#8211; Edera ornamentale\t\t\t<\/a>\n\t\t<\/h3>\n\t\t\t\t<div class=\"elementor-post__excerpt\">\n\t\t\t<p>Edera rampicante con pochi rami, con foglie piccole e sottili con 3 lobi e una macula giallo chiaro al centro della foglia.\t\t<\/div>\n\t\t\n\t\t<a class=\"elementor-post__read-more\" href=\"https:\/\/www.hedera-etc.com\/it\/product\/hedera-helix-nugget\/\" aria-label=\"Leggi tutto &lt;em&gt;Hedera helix&lt;\/em&gt; \u2018Nugget\u2019 \u2013 Edera ornamentale\" tabindex=\"-1\" target=\"_blank\">\n\t\t\tPer saperne di pi\u00f9 \u00bb\t\t<\/a>\n\n\t\t\t\t<\/div>\n\t\t\t\t<\/article>\n\t\t\t\t<article class=\"elementor-post elementor-grid-item post-1127 product type-product status-publish has-post-thumbnail product_cat-lierre entry has-media last instock purchasable product-type-variable has-default-attributes has-product-nav col span_1_of_4 owp-content-center item-entry owp-thumbs-layout-horizontal owp-btn-normal owp-tabs-layout-section\">\n\t\t\t\t<a class=\"elementor-post__thumbnail__link\" href=\"https:\/\/www.hedera-etc.com\/it\/product\/hedera-helix-obelix\/\" tabindex=\"-1\" target=\"&quot;_blank&quot;\">\n\t\t\t<div class=\"elementor-post__thumbnail\"><img loading=\"lazy\" decoding=\"async\" width=\"300\" height=\"225\" src=\"https:\/\/www.hedera-etc.com\/wp-content\/uploads\/2023\/10\/Hedera-helix-Obelix-300x225.webp\" class=\"attachment-medium size-medium wp-image-1128\" alt=\"Hedera helix &#039;Obelix&#039;\" srcset=\"https:\/\/www.hedera-etc.com\/wp-content\/uploads\/2023\/10\/Hedera-helix-Obelix-300x225.webp 300w, https:\/\/www.hedera-etc.com\/wp-content\/uploads\/2023\/10\/Hedera-helix-Obelix-768x575.webp 768w, https:\/\/www.hedera-etc.com\/wp-content\/uploads\/2023\/10\/Hedera-helix-Obelix.jpg 800w\" sizes=\"(max-width: 300px) 100vw, 300px\" \/><\/div>\n\t\t<\/a>\n\t\t\t\t<div class=\"elementor-post__text\">\n\t\t\t\t<h3 class=\"elementor-post__title\">\n\t\t\t<a href=\"https:\/\/www.hedera-etc.com\/it\/product\/hedera-helix-obelix\/\" target=\"&quot;_blank&quot;\">\n\t\t\t\t<em>Hedera helix<\/em> &lsquo;Obelix&rsquo; &#8211; Edera ornamentale\t\t\t<\/a>\n\t\t<\/h3>\n\t\t\t\t<div class=\"elementor-post__excerpt\">\n\t\t\t<p>Fogliame piuttosto imponente, con venature ben visibili in rilievo.<\/p> <p>Lobi di colore verde chiaro o medio, contorti, che si assottigliano fino a diventare appuntiti.\t\t<\/div>\n\t\t\n\t\t<a class=\"elementor-post__read-more\" href=\"https:\/\/www.hedera-etc.com\/it\/product\/hedera-helix-obelix\/\" aria-label=\"Leggi tutto *Hedera helix* \u2018Obelix\u2019 \u2013 Edera ornamentale\" tabindex=\"-1\" target=\"_blank\">\n\t\t\tPer saperne di pi\u00f9 \u00bb\t\t<\/a>\n\n\t\t\t\t<\/div>\n\t\t\t\t<\/article>\n\t\t\t\t<article class=\"elementor-post elementor-grid-item post-1134 product type-product status-publish has-post-thumbnail product_cat-lierre entry has-media first instock purchasable product-type-variable has-default-attributes has-product-nav col span_1_of_4 owp-content-center item-entry owp-thumbs-layout-horizontal owp-btn-normal owp-tabs-layout-section\">\n\t\t\t\t<a class=\"elementor-post__thumbnail__link\" href=\"https:\/\/www.hedera-etc.com\/it\/product\/hedera-helix-odin\/\" tabindex=\"-1\" target=\"&quot;_blank&quot;\">\n\t\t\t<div class=\"elementor-post__thumbnail\"><img loading=\"lazy\" decoding=\"async\" width=\"300\" height=\"225\" src=\"https:\/\/www.hedera-etc.com\/wp-content\/uploads\/2023\/10\/Hedera-helix-Odin_2-300x225.webp\" class=\"attachment-medium size-medium wp-image-1135\" alt=\"Hedera helix &#039;Odin&#039;\" srcset=\"https:\/\/www.hedera-etc.com\/wp-content\/uploads\/2023\/10\/Hedera-helix-Odin_2-300x225.webp 300w, https:\/\/www.hedera-etc.com\/wp-content\/uploads\/2023\/10\/Hedera-helix-Odin_2-900x675.webp 900w, https:\/\/www.hedera-etc.com\/wp-content\/uploads\/2023\/10\/Hedera-helix-Odin_2-768x576.webp 768w, https:\/\/www.hedera-etc.com\/wp-content\/uploads\/2023\/10\/Hedera-helix-Odin_2.webp 1024w\" sizes=\"(max-width: 300px) 100vw, 300px\" \/><\/div>\n\t\t<\/a>\n\t\t\t\t<div class=\"elementor-post__text\">\n\t\t\t\t<h3 class=\"elementor-post__title\">\n\t\t\t<a href=\"https:\/\/www.hedera-etc.com\/it\/product\/hedera-helix-odin\/\" target=\"&quot;_blank&quot;\">\n\t\t\t\t<em>Hedera helix<\/em> &lsquo;Odin&rsquo; &#8211; Edera ornamentale\t\t\t<\/a>\n\t\t<\/h3>\n\t\t\t\t<div class=\"elementor-post__excerpt\">\n\t\t\t<p>Fogliame asimmetrico con lobi leggermente pronunciati.<\/p> <p>Lama fogliare verde lucida con una leggera variegatura crema che le conferisce ulteriore carattere.<\/p>\t\t<\/div>\n\t\t\n\t\t<a class=\"elementor-post__read-more\" href=\"https:\/\/www.hedera-etc.com\/it\/product\/hedera-helix-odin\/\" aria-label=\"Leggi tutto *Hedera helix* \u2018Odin\u2019 \u2013 Edera ornamentale\" tabindex=\"-1\" target=\"_blank\">\n\t\t\tPer saperne di pi\u00f9 \u00bb\t\t<\/a>\n\n\t\t\t\t<\/div>\n\t\t\t\t<\/article>\n\t\t\t\t<article class=\"elementor-post elementor-grid-item post-1141 product type-product status-publish has-post-thumbnail product_cat-lierre entry has-media  instock purchasable product-type-variable has-default-attributes has-product-nav col span_1_of_4 owp-content-center item-entry owp-thumbs-layout-horizontal owp-btn-normal owp-tabs-layout-section\">\n\t\t\t\t<a class=\"elementor-post__thumbnail__link\" href=\"https:\/\/www.hedera-etc.com\/it\/product\/hedera-helix-olive-rose\/\" tabindex=\"-1\" target=\"&quot;_blank&quot;\">\n\t\t\t<div class=\"elementor-post__thumbnail\"><img loading=\"lazy\" decoding=\"async\" width=\"300\" height=\"225\" src=\"https:\/\/www.hedera-etc.com\/wp-content\/uploads\/2023\/10\/Hedera-helix-Olive-rose-300x225.webp\" class=\"attachment-medium size-medium wp-image-1142\" alt=\"Hedera helix &#039;Olive rose&#039;\" srcset=\"https:\/\/www.hedera-etc.com\/wp-content\/uploads\/2023\/10\/Hedera-helix-Olive-rose-300x225.webp 300w, https:\/\/www.hedera-etc.com\/wp-content\/uploads\/2023\/10\/Hedera-helix-Olive-rose-900x675.webp 900w, https:\/\/www.hedera-etc.com\/wp-content\/uploads\/2023\/10\/Hedera-helix-Olive-rose-768x576.webp 768w, https:\/\/www.hedera-etc.com\/wp-content\/uploads\/2023\/10\/Hedera-helix-Olive-rose.webp 1024w\" sizes=\"(max-width: 300px) 100vw, 300px\" \/><\/div>\n\t\t<\/a>\n\t\t\t\t<div class=\"elementor-post__text\">\n\t\t\t\t<h3 class=\"elementor-post__title\">\n\t\t\t<a href=\"https:\/\/www.hedera-etc.com\/it\/product\/hedera-helix-olive-rose\/\" target=\"&quot;_blank&quot;\">\n\t\t\t\t<em>Hedera helix<\/em> &lsquo;Olive rose&rsquo; &#8211; Edera ornamentale\t\t\t<\/a>\n\t\t<\/h3>\n\t\t\t\t<div class=\"elementor-post__excerpt\">\n\t\t\t<p>Foglie composte da 3 lobi arrotondati, piuttosto imponenti, pi\u00f9 o meno in rilievo, di bellissimo effetto. Lama verde oliva scuro\t\t<\/div>\n\t\t\n\t\t<a class=\"elementor-post__read-more\" href=\"https:\/\/www.hedera-etc.com\/it\/product\/hedera-helix-olive-rose\/\" aria-label=\"Lee toda la *Hedera helix* \u2018Olive rose\u2019 \u2013 Hiedra ornamental\" tabindex=\"-1\" target=\"_blank\">\n\t\t\tPer saperne di pi\u00f9 \u00bb\t\t<\/a>\n\n\t\t\t\t<\/div>\n\t\t\t\t<\/article>\n\t\t\t\t<article class=\"elementor-post elementor-grid-item post-1146 product type-product status-publish has-post-thumbnail product_cat-lierre entry has-media  instock purchasable product-type-variable has-default-attributes has-product-nav col span_1_of_4 owp-content-center item-entry owp-thumbs-layout-horizontal owp-btn-normal owp-tabs-layout-section has-no-thumbnails\">\n\t\t\t\t<a class=\"elementor-post__thumbnail__link\" href=\"https:\/\/www.hedera-etc.com\/it\/product\/hedera-helix-ovata\/\" tabindex=\"-1\" target=\"&quot;_blank&quot;\">\n\t\t\t<div class=\"elementor-post__thumbnail\"><img loading=\"lazy\" decoding=\"async\" width=\"273\" height=\"300\" src=\"https:\/\/www.hedera-etc.com\/wp-content\/uploads\/2023\/10\/Hedera-helix-Ovata-273x300.webp\" class=\"attachment-medium size-medium wp-image-1147\" alt=\"Hedera helix &#039;Ovata&#039;\" srcset=\"https:\/\/www.hedera-etc.com\/wp-content\/uploads\/2023\/10\/Hedera-helix-Ovata-273x300.webp 273w, https:\/\/www.hedera-etc.com\/wp-content\/uploads\/2023\/10\/Hedera-helix-Ovata.webp 545w\" sizes=\"(max-width: 273px) 100vw, 273px\" \/><\/div>\n\t\t<\/a>\n\t\t\t\t<div class=\"elementor-post__text\">\n\t\t\t\t<h3 class=\"elementor-post__title\">\n\t\t\t<a href=\"https:\/\/www.hedera-etc.com\/it\/product\/hedera-helix-ovata\/\" target=\"&quot;_blank&quot;\">\n\t\t\t\t<em>Hedera helix<\/em> &lsquo;Ovata&rsquo; &#8211; Edera ornamentale\t\t\t<\/a>\n\t\t<\/h3>\n\t\t\t\t<div class=\"elementor-post__excerpt\">\n\t\t\t<p>Petites feuilles en forme de c\u0153ur vert fonc\u00e9. Tiges raides. Tout comme une version r\u00e9duite de Hedera hibernica \u2018&lt;a href=&quot;https:\/\/www.hedera-etc.com\/product\/hedera-hibernica-deltoidea\/&quot;\t\t<\/div>\n\t\t\n\t\t<a class=\"elementor-post__read-more\" href=\"https:\/\/www.hedera-etc.com\/it\/product\/hedera-helix-ovata\/\" aria-label=\"Leggi tutto &lt;em&gt;Hedera helix&lt;\/em&gt; \u2018Ovata\u2019 \u2013 Edera ornamentale\" tabindex=\"-1\" target=\"_blank\">\n\t\t\tPer saperne di pi\u00f9 \u00bb\t\t<\/a>\n\n\t\t\t\t<\/div>\n\t\t\t\t<\/article>\n\t\t\t\t<article class=\"elementor-post elementor-grid-item post-1152 product type-product status-publish has-post-thumbnail product_cat-lierre entry has-media last instock purchasable product-type-variable has-default-attributes has-product-nav col span_1_of_4 owp-content-center item-entry owp-thumbs-layout-horizontal owp-btn-normal owp-tabs-layout-section\">\n\t\t\t\t<a class=\"elementor-post__thumbnail__link\" href=\"https:\/\/www.hedera-etc.com\/it\/product\/hedera-helix-palmata\/\" tabindex=\"-1\" target=\"&quot;_blank&quot;\">\n\t\t\t<div class=\"elementor-post__thumbnail\"><img loading=\"lazy\" decoding=\"async\" width=\"300\" height=\"225\" src=\"https:\/\/www.hedera-etc.com\/wp-content\/uploads\/2023\/10\/Hedera-helix-Palmata-300x225.webp\" class=\"attachment-medium size-medium wp-image-1153\" alt=\"Hedera helix &#039;Palmata&#039;\" srcset=\"https:\/\/www.hedera-etc.com\/wp-content\/uploads\/2023\/10\/Hedera-helix-Palmata-300x225.webp 300w, https:\/\/www.hedera-etc.com\/wp-content\/uploads\/2023\/10\/Hedera-helix-Palmata-768x576.webp 768w, https:\/\/www.hedera-etc.com\/wp-content\/uploads\/2023\/10\/Hedera-helix-Palmata.webp 839w\" sizes=\"(max-width: 300px) 100vw, 300px\" \/><\/div>\n\t\t<\/a>\n\t\t\t\t<div class=\"elementor-post__text\">\n\t\t\t\t<h3 class=\"elementor-post__title\">\n\t\t\t<a href=\"https:\/\/www.hedera-etc.com\/it\/product\/hedera-helix-palmata\/\" target=\"&quot;_blank&quot;\">\n\t\t\t\t<em>Hedera helix<\/em> &lsquo;Palmata&rsquo; &#8211; Edera ornamentale\t\t\t<\/a>\n\t\t<\/h3>\n\t\t\t\t<div class=\"elementor-post__excerpt\">\n\t\t\t<p>Fogliame a ventaglio. Foglie con 3-5 lobi cuneiformi. Lama fogliare verde scuro opaco, ben venata.\t\t<\/div>\n\t\t\n\t\t<a class=\"elementor-post__read-more\" href=\"https:\/\/www.hedera-etc.com\/it\/product\/hedera-helix-palmata\/\" aria-label=\"Leggi tutto Hedera helix \u2018Palmata\u2019 \u2013 Edera ornamentale\" tabindex=\"-1\" target=\"_blank\">\n\t\t\tPer saperne di pi\u00f9 \u00bb\t\t<\/a>\n\n\t\t\t\t<\/div>\n\t\t\t\t<\/article>\n\t\t\t\t<article class=\"elementor-post elementor-grid-item post-1157 product type-product status-publish has-post-thumbnail product_cat-lierre entry has-media first instock purchasable product-type-variable has-default-attributes has-product-nav col span_1_of_4 owp-content-center item-entry owp-thumbs-layout-horizontal owp-btn-normal owp-tabs-layout-section\">\n\t\t\t\t<a class=\"elementor-post__thumbnail__link\" href=\"https:\/\/www.hedera-etc.com\/it\/product\/hedera-helix-pamela\/\" tabindex=\"-1\" target=\"&quot;_blank&quot;\">\n\t\t\t<div class=\"elementor-post__thumbnail\"><img loading=\"lazy\" decoding=\"async\" width=\"300\" height=\"251\" src=\"https:\/\/www.hedera-etc.com\/wp-content\/uploads\/2023\/10\/Hedera-helix-Pamela-300x251.webp\" class=\"attachment-medium size-medium wp-image-1158\" alt=\"Hedera helix &#039;Pamela&#039;\" srcset=\"https:\/\/www.hedera-etc.com\/wp-content\/uploads\/2023\/10\/Hedera-helix-Pamela-300x251.webp 300w, https:\/\/www.hedera-etc.com\/wp-content\/uploads\/2023\/10\/Hedera-helix-Pamela-768x642.webp 768w, https:\/\/www.hedera-etc.com\/wp-content\/uploads\/2023\/10\/Hedera-helix-Pamela.webp 842w\" sizes=\"(max-width: 300px) 100vw, 300px\" \/><\/div>\n\t\t<\/a>\n\t\t\t\t<div class=\"elementor-post__text\">\n\t\t\t\t<h3 class=\"elementor-post__title\">\n\t\t\t<a href=\"https:\/\/www.hedera-etc.com\/it\/product\/hedera-helix-pamela\/\" target=\"&quot;_blank&quot;\">\n\t\t\t\t<em>Hedera helix<\/em> &lsquo;Pamela&rsquo; &#8211; Edera ornamentale\t\t\t<\/a>\n\t\t<\/h3>\n\t\t\t\t<div class=\"elementor-post__excerpt\">\n\t\t\t<p>Le foglie giovani sono cordate, con piccole punte all'estremit\u00e0 dei lobi. Le foglie mature hanno 3 lobi.<\/p> <p>Lama verde-giallastra brillante\t\t<\/div>\n\t\t\n\t\t<a class=\"elementor-post__read-more\" href=\"https:\/\/www.hedera-etc.com\/it\/product\/hedera-helix-pamela\/\" aria-label=\"Leggi tutto &lt;em&gt;Hedera helix&lt;\/em&gt; \u2018Pamela\u2019 \u2013 Edera ornamentale\" tabindex=\"-1\" target=\"_blank\">\n\t\t\tPer saperne di pi\u00f9 \u00bb\t\t<\/a>\n\n\t\t\t\t<\/div>\n\t\t\t\t<\/article>\n\t\t\t\t<article class=\"elementor-post elementor-grid-item post-1163 product type-product status-publish has-post-thumbnail product_cat-lierre entry has-media  instock purchasable product-type-variable has-default-attributes has-product-nav col span_1_of_4 owp-content-center item-entry owp-thumbs-layout-horizontal owp-btn-normal owp-tabs-layout-section\">\n\t\t\t\t<a class=\"elementor-post__thumbnail__link\" href=\"https:\/\/www.hedera-etc.com\/it\/product\/hedera-helix-paper-doll\/\" tabindex=\"-1\" target=\"&quot;_blank&quot;\">\n\t\t\t<div class=\"elementor-post__thumbnail\"><img loading=\"lazy\" decoding=\"async\" width=\"300\" height=\"225\" src=\"https:\/\/www.hedera-etc.com\/wp-content\/uploads\/2023\/10\/Hedera-helix-Paper-Doll-300x225.webp\" class=\"attachment-medium size-medium wp-image-1164\" alt=\"Hedera helix &#039;Paper Doll&#039;\" srcset=\"https:\/\/www.hedera-etc.com\/wp-content\/uploads\/2023\/10\/Hedera-helix-Paper-Doll-300x225.webp 300w, https:\/\/www.hedera-etc.com\/wp-content\/uploads\/2023\/10\/Hedera-helix-Paper-Doll-768x575.webp 768w, https:\/\/www.hedera-etc.com\/wp-content\/uploads\/2023\/10\/Hedera-helix-Paper-Doll.webp 800w\" sizes=\"(max-width: 300px) 100vw, 300px\" \/><\/div>\n\t\t<\/a>\n\t\t\t\t<div class=\"elementor-post__text\">\n\t\t\t\t<h3 class=\"elementor-post__title\">\n\t\t\t<a href=\"https:\/\/www.hedera-etc.com\/it\/product\/hedera-helix-paper-doll\/\" target=\"&quot;_blank&quot;\">\n\t\t\t\t<em>Hedera helix<\/em> &lsquo;Paper Doll&rsquo; &#8211; Edera ornamentale\t\t\t<\/a>\n\t\t<\/h3>\n\t\t\t\t<div class=\"elementor-post__excerpt\">\n\t\t\t<p>Fogliame asimmetrico che da lontano appare grigio, dando l'impressione di essere sottile come la carta delle sigarette. Poco ramificata, molto vigorosa, germogli\t\t<\/div>\n\t\t\n\t\t<a class=\"elementor-post__read-more\" href=\"https:\/\/www.hedera-etc.com\/it\/product\/hedera-helix-paper-doll\/\" aria-label=\"Leggi tutto &lt;em&gt;Hedera helix&lt;\/em&gt; \u2018Paper Doll\u2019 \u2013 Edera ornamentale\" tabindex=\"-1\" target=\"_blank\">\n\t\t\tPer saperne di pi\u00f9 \u00bb\t\t<\/a>\n\n\t\t\t\t<\/div>\n\t\t\t\t<\/article>\n\t\t\t\t<article class=\"elementor-post elementor-grid-item post-1169 product type-product status-publish has-post-thumbnail product_cat-lierre entry has-media  instock purchasable product-type-variable has-default-attributes has-product-nav col span_1_of_4 owp-content-center item-entry owp-thumbs-layout-horizontal owp-btn-normal owp-tabs-layout-section\">\n\t\t\t\t<a class=\"elementor-post__thumbnail__link\" href=\"https:\/\/www.hedera-etc.com\/it\/product\/hedera-helix-parsley-crested\/\" tabindex=\"-1\" target=\"&quot;_blank&quot;\">\n\t\t\t<div class=\"elementor-post__thumbnail\"><img loading=\"lazy\" decoding=\"async\" width=\"300\" height=\"196\" src=\"https:\/\/www.hedera-etc.com\/wp-content\/uploads\/2023\/10\/Hedera-helix-Parsley-Crested_4-300x196.webp\" class=\"attachment-medium size-medium wp-image-14290\" alt=\"Hedera helix &#039;Parsley Crested&#039; (Prezzemolo crestato)&#039;\" srcset=\"https:\/\/www.hedera-etc.com\/wp-content\/uploads\/2023\/10\/Hedera-helix-Parsley-Crested_4-300x196.webp 300w, https:\/\/www.hedera-etc.com\/wp-content\/uploads\/2023\/10\/Hedera-helix-Parsley-Crested_4-900x588.webp 900w, https:\/\/www.hedera-etc.com\/wp-content\/uploads\/2023\/10\/Hedera-helix-Parsley-Crested_4-1024x669.webp 1024w, https:\/\/www.hedera-etc.com\/wp-content\/uploads\/2023\/10\/Hedera-helix-Parsley-Crested_4-768x502.webp 768w, https:\/\/www.hedera-etc.com\/wp-content\/uploads\/2023\/10\/Hedera-helix-Parsley-Crested_4.webp 1033w\" sizes=\"(max-width: 300px) 100vw, 300px\" \/><\/div>\n\t\t<\/a>\n\t\t\t\t<div class=\"elementor-post__text\">\n\t\t\t\t<h3 class=\"elementor-post__title\">\n\t\t\t<a href=\"https:\/\/www.hedera-etc.com\/it\/product\/hedera-helix-parsley-crested\/\" target=\"&quot;_blank&quot;\">\n\t\t\t\t<em>Hedera helix<\/em> &lsquo;Parsley Crested&rsquo; &#8211; Edera ornamentale\t\t\t<\/a>\n\t\t<\/h3>\n\t\t\t\t<div class=\"elementor-post__excerpt\">\n\t\t\t<p>Un'edera molto decorativa con le sue foglie quasi rotonde, ondulate e arricciate ai bordi, un po' come il prezzemolo.<\/p> <p>Lama di foglie\t\t<\/div>\n\t\t\n\t\t<a class=\"elementor-post__read-more\" href=\"https:\/\/www.hedera-etc.com\/it\/product\/hedera-helix-parsley-crested\/\" aria-label=\"Leggi tutto &lt;em&gt;Hedera helix&lt;\/em&gt; \u2018Parsley Crested\u2019 \u2013 Edera ornamentale\" tabindex=\"-1\" target=\"_blank\">\n\t\t\tPer saperne di pi\u00f9 \u00bb\t\t<\/a>\n\n\t\t\t\t<\/div>\n\t\t\t\t<\/article>\n\t\t\t\t<article class=\"elementor-post elementor-grid-item post-1175 product type-product status-publish has-post-thumbnail product_cat-lierre entry has-media last instock purchasable product-type-variable has-default-attributes has-product-nav col span_1_of_4 owp-content-center item-entry owp-thumbs-layout-horizontal owp-btn-normal owp-tabs-layout-section\">\n\t\t\t\t<a class=\"elementor-post__thumbnail__link\" href=\"https:\/\/www.hedera-etc.com\/it\/product\/hedera-helix-patent-leather\/\" tabindex=\"-1\" target=\"&quot;_blank&quot;\">\n\t\t\t<div class=\"elementor-post__thumbnail\"><img loading=\"lazy\" decoding=\"async\" width=\"300\" height=\"225\" src=\"https:\/\/www.hedera-etc.com\/wp-content\/uploads\/2023\/11\/Hedera-helix-Patent-Leather_2-300x225.webp\" class=\"attachment-medium size-medium wp-image-14287\" alt=\"Hedera helix &#039;Patent Leather&#039;\" srcset=\"https:\/\/www.hedera-etc.com\/wp-content\/uploads\/2023\/11\/Hedera-helix-Patent-Leather_2-300x225.webp 300w, https:\/\/www.hedera-etc.com\/wp-content\/uploads\/2023\/11\/Hedera-helix-Patent-Leather_2-900x675.webp 900w, https:\/\/www.hedera-etc.com\/wp-content\/uploads\/2023\/11\/Hedera-helix-Patent-Leather_2-768x576.webp 768w, https:\/\/www.hedera-etc.com\/wp-content\/uploads\/2023\/11\/Hedera-helix-Patent-Leather_2.webp 1024w\" sizes=\"(max-width: 300px) 100vw, 300px\" \/><\/div>\n\t\t<\/a>\n\t\t\t\t<div class=\"elementor-post__text\">\n\t\t\t\t<h3 class=\"elementor-post__title\">\n\t\t\t<a href=\"https:\/\/www.hedera-etc.com\/it\/product\/hedera-helix-patent-leather\/\" target=\"&quot;_blank&quot;\">\n\t\t\t\t<em>Hedera helix<\/em> &lsquo;Patent Leather&rsquo; &#8211; Edera ornamentale\t\t\t<\/a>\n\t\t<\/h3>\n\t\t\t\t<div class=\"elementor-post__excerpt\">\n\t\t\t<p>Foglie piccole, lucide, increspate e a forma di coppa.<\/p> <p>Nuove foglie giallo crema con venature verdi, sempre pi\u00f9 verdi\t\t<\/div>\n\t\t\n\t\t<a class=\"elementor-post__read-more\" href=\"https:\/\/www.hedera-etc.com\/it\/product\/hedera-helix-patent-leather\/\" aria-label=\"Leggi tutto &lt;em&gt;Hedera helix&lt;\/em&gt; \u2018Patent Leather\u2019 \u2013 Edera ornamentale\" tabindex=\"-1\" target=\"_blank\">\n\t\t\tPer saperne di pi\u00f9 \u00bb\t\t<\/a>\n\n\t\t\t\t<\/div>\n\t\t\t\t<\/article>\n\t\t\t\t<article class=\"elementor-post elementor-grid-item post-1181 product type-product status-publish has-post-thumbnail product_cat-lierre entry has-media first instock purchasable product-type-variable has-default-attributes has-product-nav col span_1_of_4 owp-content-center item-entry owp-thumbs-layout-horizontal owp-btn-normal owp-tabs-layout-section has-no-thumbnails\">\n\t\t\t\t<a class=\"elementor-post__thumbnail__link\" href=\"https:\/\/www.hedera-etc.com\/it\/product\/hedera-helix-pedata\/\" tabindex=\"-1\" target=\"&quot;_blank&quot;\">\n\t\t\t<div class=\"elementor-post__thumbnail\"><img loading=\"lazy\" decoding=\"async\" width=\"300\" height=\"199\" src=\"https:\/\/www.hedera-etc.com\/wp-content\/uploads\/2023\/11\/Hedera-helix-Pedata-300x199.webp\" class=\"attachment-medium size-medium wp-image-1182\" alt=\"Hedera helix &#039;Pedata&#039;\" srcset=\"https:\/\/www.hedera-etc.com\/wp-content\/uploads\/2023\/11\/Hedera-helix-Pedata-300x199.webp 300w, https:\/\/www.hedera-etc.com\/wp-content\/uploads\/2023\/11\/Hedera-helix-Pedata-900x598.webp 900w, https:\/\/www.hedera-etc.com\/wp-content\/uploads\/2023\/11\/Hedera-helix-Pedata-768x510.webp 768w, https:\/\/www.hedera-etc.com\/wp-content\/uploads\/2023\/11\/Hedera-helix-Pedata.webp 947w\" sizes=\"(max-width: 300px) 100vw, 300px\" \/><\/div>\n\t\t<\/a>\n\t\t\t\t<div class=\"elementor-post__text\">\n\t\t\t\t<h3 class=\"elementor-post__title\">\n\t\t\t<a href=\"https:\/\/www.hedera-etc.com\/it\/product\/hedera-helix-pedata\/\" target=\"&quot;_blank&quot;\">\n\t\t\t\t<em>Hedera helix<\/em> &lsquo;Pedata&rsquo; &#8211; Edera ornamentale\t\t\t<\/a>\n\t\t<\/h3>\n\t\t\t\t<div class=\"elementor-post__excerpt\">\n\t\t\t<p>Questa variet\u00e0 \u00e8 un buon esempio di edera con foglie a forma di zampa d'uccello.<\/p> <p>Foglie composte da 5 lobi stretti, quelle\t\t<\/div>\n\t\t\n\t\t<a class=\"elementor-post__read-more\" href=\"https:\/\/www.hedera-etc.com\/it\/product\/hedera-helix-pedata\/\" aria-label=\"Leggi tutto &lt;em&gt;Hedera helix&lt;\/em&gt; \u2018Pedata\u2019 \u2013 Edera ornamentale\" tabindex=\"-1\" target=\"_blank\">\n\t\t\tPer saperne di pi\u00f9 \u00bb\t\t<\/a>\n\n\t\t\t\t<\/div>\n\t\t\t\t<\/article>\n\t\t\t\t<article class=\"elementor-post elementor-grid-item post-1186 product type-product status-publish has-post-thumbnail product_cat-lierre entry has-media  instock purchasable product-type-variable has-default-attributes has-product-nav col span_1_of_4 owp-content-center item-entry owp-thumbs-layout-horizontal owp-btn-normal owp-tabs-layout-section\">\n\t\t\t\t<a class=\"elementor-post__thumbnail__link\" href=\"https:\/\/www.hedera-etc.com\/it\/product\/hedera-helix-peeveecee\/\" tabindex=\"-1\" target=\"&quot;_blank&quot;\">\n\t\t\t<div class=\"elementor-post__thumbnail\"><img loading=\"lazy\" decoding=\"async\" width=\"300\" height=\"225\" src=\"https:\/\/www.hedera-etc.com\/wp-content\/uploads\/2023\/11\/Hedera-helix-Peeveecee-300x225.webp\" class=\"attachment-medium size-medium wp-image-1187\" alt=\"Hedera helix &#039;Peeveecee&#039;\" srcset=\"https:\/\/www.hedera-etc.com\/wp-content\/uploads\/2023\/11\/Hedera-helix-Peeveecee-300x225.webp 300w, https:\/\/www.hedera-etc.com\/wp-content\/uploads\/2023\/11\/Hedera-helix-Peeveecee-768x575.webp 768w, https:\/\/www.hedera-etc.com\/wp-content\/uploads\/2023\/11\/Hedera-helix-Peeveecee.webp 800w\" sizes=\"(max-width: 300px) 100vw, 300px\" \/><\/div>\n\t\t<\/a>\n\t\t\t\t<div class=\"elementor-post__text\">\n\t\t\t\t<h3 class=\"elementor-post__title\">\n\t\t\t<a href=\"https:\/\/www.hedera-etc.com\/it\/product\/hedera-helix-peeveecee\/\" target=\"&quot;_blank&quot;\">\n\t\t\t\t<em>Hedera helix<\/em> &lsquo;Peeveecee&rsquo; &#8211; Edera ornamentale\t\t\t<\/a>\n\t\t<\/h3>\n\t\t\t\t<div class=\"elementor-post__excerpt\">\n\t\t\t<div class=\"row\"> <div class=\"col-sm-7\"> <div id=\"bloc-info\"> <div class=\"txt-desc\"> <p>Foglie verde scuro, lucide, con lamina leggermente arricciata.<\/p> <p>Costole bene\t\t<\/div>\n\t\t\n\t\t<a class=\"elementor-post__read-more\" href=\"https:\/\/www.hedera-etc.com\/it\/product\/hedera-helix-peeveecee\/\" aria-label=\"Leggi tutto *Hedera helix* \u2018Peeveecee\u2019 \u2013 Edera ornamentale\" tabindex=\"-1\" target=\"_blank\">\n\t\t\tPer saperne di pi\u00f9 \u00bb\t\t<\/a>\n\n\t\t\t\t<\/div>\n\t\t\t\t<\/article>\n\t\t\t\t<article class=\"elementor-post elementor-grid-item post-1191 product type-product status-publish has-post-thumbnail product_cat-lierre entry has-media  instock purchasable product-type-variable has-default-attributes has-product-nav col span_1_of_4 owp-content-center item-entry owp-thumbs-layout-horizontal owp-btn-normal owp-tabs-layout-section\">\n\t\t\t\t<a class=\"elementor-post__thumbnail__link\" href=\"https:\/\/www.hedera-etc.com\/it\/product\/hedera-helix-perkeo\/\" tabindex=\"-1\" target=\"&quot;_blank&quot;\">\n\t\t\t<div class=\"elementor-post__thumbnail\"><img loading=\"lazy\" decoding=\"async\" width=\"300\" height=\"225\" src=\"https:\/\/www.hedera-etc.com\/wp-content\/uploads\/2023\/11\/Hedera-helix-Perkeo-300x225.webp\" class=\"attachment-medium size-medium wp-image-1192\" alt=\"Hedera helix &#039;Perkeo&#039;\" srcset=\"https:\/\/www.hedera-etc.com\/wp-content\/uploads\/2023\/11\/Hedera-helix-Perkeo-300x225.webp 300w, https:\/\/www.hedera-etc.com\/wp-content\/uploads\/2023\/11\/Hedera-helix-Perkeo-900x675.webp 900w, https:\/\/www.hedera-etc.com\/wp-content\/uploads\/2023\/11\/Hedera-helix-Perkeo-768x576.webp 768w, https:\/\/www.hedera-etc.com\/wp-content\/uploads\/2023\/11\/Hedera-helix-Perkeo.webp 1024w\" sizes=\"(max-width: 300px) 100vw, 300px\" \/><\/div>\n\t\t<\/a>\n\t\t\t\t<div class=\"elementor-post__text\">\n\t\t\t\t<h3 class=\"elementor-post__title\">\n\t\t\t<a href=\"https:\/\/www.hedera-etc.com\/it\/product\/hedera-helix-perkeo\/\" target=\"&quot;_blank&quot;\">\n\t\t\t\t<em>Hedera helix<\/em> &lsquo;Perkeo&rsquo; &#8211; Edera ornamentale\t\t\t<\/a>\n\t\t<\/h3>\n\t\t\t\t<div class=\"elementor-post__excerpt\">\n\t\t\t<p>Un'interessante curiosit\u00e0 per la copertura del terreno. Foglie a forma di coppa che assomigliano a delle orecchie.<\/p> <p>Foglie di colore verde chiaro, tagliate con gambi e\t\t<\/div>\n\t\t\n\t\t<a class=\"elementor-post__read-more\" href=\"https:\/\/www.hedera-etc.com\/it\/product\/hedera-helix-perkeo\/\" aria-label=\"Leggi tutto &lt;em&gt;Hedera helix&lt;\/em&gt; \u2018Perkeo\u2019 \u2013 Edera ornamentale\" tabindex=\"-1\" target=\"_blank\">\n\t\t\tPer saperne di pi\u00f9 \u00bb\t\t<\/a>\n\n\t\t\t\t<\/div>\n\t\t\t\t<\/article>\n\t\t\t\t<article class=\"elementor-post elementor-grid-item post-1197 product type-product status-publish has-post-thumbnail product_cat-lierre entry has-media last instock purchasable product-type-variable has-default-attributes has-product-nav col span_1_of_4 owp-content-center item-entry owp-thumbs-layout-horizontal owp-btn-normal owp-tabs-layout-section\">\n\t\t\t\t<a class=\"elementor-post__thumbnail__link\" href=\"https:\/\/www.hedera-etc.com\/it\/product\/hedera-helix-perle\/\" tabindex=\"-1\" target=\"&quot;_blank&quot;\">\n\t\t\t<div class=\"elementor-post__thumbnail\"><img loading=\"lazy\" decoding=\"async\" width=\"300\" height=\"225\" src=\"https:\/\/www.hedera-etc.com\/wp-content\/uploads\/2023\/11\/Hedera-helix-Perle-300x225.webp\" class=\"attachment-medium size-medium wp-image-1198\" alt=\"Hedera helix &#039;Perle&#039;\" srcset=\"https:\/\/www.hedera-etc.com\/wp-content\/uploads\/2023\/11\/Hedera-helix-Perle-300x225.webp 300w, https:\/\/www.hedera-etc.com\/wp-content\/uploads\/2023\/11\/Hedera-helix-Perle-768x576.webp 768w, https:\/\/www.hedera-etc.com\/wp-content\/uploads\/2023\/11\/Hedera-helix-Perle.webp 839w\" sizes=\"(max-width: 300px) 100vw, 300px\" \/><\/div>\n\t\t<\/a>\n\t\t\t\t<div class=\"elementor-post__text\">\n\t\t\t\t<h3 class=\"elementor-post__title\">\n\t\t\t<a href=\"https:\/\/www.hedera-etc.com\/it\/product\/hedera-helix-perle\/\" target=\"&quot;_blank&quot;\">\n\t\t\t\t<em>Hedera helix<\/em> &lsquo;Perle&rsquo; &#8211; Edera ornamentale\t\t\t<\/a>\n\t\t<\/h3>\n\t\t\t\t<div class=\"elementor-post__excerpt\">\n\t\t\t<p>Foglie unilobate o trilobate, quasi arrotondate, scurvate ai margini e talvolta deformate.<\/p> <p>Lama, verde o grigio-verde su\t\t<\/div>\n\t\t\n\t\t<a class=\"elementor-post__read-more\" href=\"https:\/\/www.hedera-etc.com\/it\/product\/hedera-helix-perle\/\" aria-label=\"Leggi tutto *Hedera helix* \u2018Perle\u2019 \u2013 Lierre d\u2019ornement\" tabindex=\"-1\" target=\"_blank\">\n\t\t\tPer saperne di pi\u00f9 \u00bb\t\t<\/a>\n\n\t\t\t\t<\/div>\n\t\t\t\t<\/article>\n\t\t\t\t<article class=\"elementor-post elementor-grid-item post-1209 product type-product status-publish has-post-thumbnail product_cat-lierre entry has-media first instock purchasable product-type-variable has-default-attributes has-product-nav col span_1_of_4 owp-content-center item-entry owp-thumbs-layout-horizontal owp-btn-normal owp-tabs-layout-section has-no-thumbnails\">\n\t\t\t\t<a class=\"elementor-post__thumbnail__link\" href=\"https:\/\/www.hedera-etc.com\/it\/product\/hedera-helix-peter-pan\/\" tabindex=\"-1\" target=\"&quot;_blank&quot;\">\n\t\t\t<div class=\"elementor-post__thumbnail\"><img loading=\"lazy\" decoding=\"async\" width=\"300\" height=\"190\" src=\"https:\/\/www.hedera-etc.com\/wp-content\/uploads\/2023\/11\/Hedera-helix-Peter-Pan-300x190.webp\" class=\"attachment-medium size-medium wp-image-14279\" alt=\"Hedera helix &#039;Peter Pan&#039;\" srcset=\"https:\/\/www.hedera-etc.com\/wp-content\/uploads\/2023\/11\/Hedera-helix-Peter-Pan-300x190.webp 300w, https:\/\/www.hedera-etc.com\/wp-content\/uploads\/2023\/11\/Hedera-helix-Peter-Pan-900x570.webp 900w, https:\/\/www.hedera-etc.com\/wp-content\/uploads\/2023\/11\/Hedera-helix-Peter-Pan-1024x649.webp 1024w, https:\/\/www.hedera-etc.com\/wp-content\/uploads\/2023\/11\/Hedera-helix-Peter-Pan-768x487.webp 768w, https:\/\/www.hedera-etc.com\/wp-content\/uploads\/2023\/11\/Hedera-helix-Peter-Pan.webp 1065w\" sizes=\"(max-width: 300px) 100vw, 300px\" \/><\/div>\n\t\t<\/a>\n\t\t\t\t<div class=\"elementor-post__text\">\n\t\t\t\t<h3 class=\"elementor-post__title\">\n\t\t\t<a href=\"https:\/\/www.hedera-etc.com\/it\/product\/hedera-helix-peter-pan\/\" target=\"&quot;_blank&quot;\">\n\t\t\t\t<em>Hedera helix<\/em> &lsquo;Peter Pan&rsquo; &#8211; Edera ornamentale\t\t\t<\/a>\n\t\t<\/h3>\n\t\t\t\t<div class=\"elementor-post__excerpt\">\n\t\t\t<p>Foglie minuscole, verdi, quasi rotonde, a forma di coppa, rivolte verso il basso, o talvolta verso l'alto sulla\t\t<\/div>\n\t\t\n\t\t<a class=\"elementor-post__read-more\" href=\"https:\/\/www.hedera-etc.com\/it\/product\/hedera-helix-peter-pan\/\" aria-label=\"Leggi tutto &lt;em&gt;Hedera helix&lt;\/em&gt; \u2018Peter Pan\u2019 \u2013 Edera ornamentale\" tabindex=\"-1\" target=\"_blank\">\n\t\t\tPer saperne di pi\u00f9 \u00bb\t\t<\/a>\n\n\t\t\t\t<\/div>\n\t\t\t\t<\/article>\n\t\t\t\t<article class=\"elementor-post elementor-grid-item post-1215 product type-product status-publish has-post-thumbnail product_cat-lierre entry has-media  instock purchasable product-type-variable has-default-attributes has-product-nav col span_1_of_4 owp-content-center item-entry owp-thumbs-layout-horizontal owp-btn-normal owp-tabs-layout-section\">\n\t\t\t\t<a class=\"elementor-post__thumbnail__link\" href=\"https:\/\/www.hedera-etc.com\/it\/product\/hedera-helix-peter-q-rose\/\" tabindex=\"-1\" target=\"&quot;_blank&quot;\">\n\t\t\t<div class=\"elementor-post__thumbnail\"><img loading=\"lazy\" decoding=\"async\" width=\"300\" height=\"225\" src=\"https:\/\/www.hedera-etc.com\/wp-content\/uploads\/2023\/11\/helix-Peter-Q-Rose-300x225.webp\" class=\"attachment-medium size-medium wp-image-1216\" alt=\"Hedera helix &#039;Peter Q Rose&#039;\" srcset=\"https:\/\/www.hedera-etc.com\/wp-content\/uploads\/2023\/11\/helix-Peter-Q-Rose-300x225.webp 300w, https:\/\/www.hedera-etc.com\/wp-content\/uploads\/2023\/11\/helix-Peter-Q-Rose-900x675.webp 900w, https:\/\/www.hedera-etc.com\/wp-content\/uploads\/2023\/11\/helix-Peter-Q-Rose-768x576.webp 768w, https:\/\/www.hedera-etc.com\/wp-content\/uploads\/2023\/11\/helix-Peter-Q-Rose.webp 1024w\" sizes=\"(max-width: 300px) 100vw, 300px\" \/><\/div>\n\t\t<\/a>\n\t\t\t\t<div class=\"elementor-post__text\">\n\t\t\t\t<h3 class=\"elementor-post__title\">\n\t\t\t<a href=\"https:\/\/www.hedera-etc.com\/it\/product\/hedera-helix-peter-q-rose\/\" target=\"&quot;_blank&quot;\">\n\t\t\t\t<em>Hedera helix<\/em> &lsquo;Peter Q Rose&rsquo; &#8211; Edera ornamentale\t\t\t<\/a>\n\t\t<\/h3>\n\t\t\t\t<div class=\"elementor-post__excerpt\">\n\t\t\t<p>Foglie giallo-verdi in condizioni di luminosit\u00e0, ma verdi all'ombra.<\/p> <p>Composta da 5 lobi. Margini ricci e ondulati, come la sorella.\t\t<\/div>\n\t\t\n\t\t<a class=\"elementor-post__read-more\" href=\"https:\/\/www.hedera-etc.com\/it\/product\/hedera-helix-peter-q-rose\/\" aria-label=\"Leggi tutto &lt;em&gt;Hedera helix&lt;\/em&gt; \u2018Peter Q Rose\u2019 \u2013 Edera ornamentale\" tabindex=\"-1\" target=\"_blank\">\n\t\t\tPer saperne di pi\u00f9 \u00bb\t\t<\/a>\n\n\t\t\t\t<\/div>\n\t\t\t\t<\/article>\n\t\t\t\t<article class=\"elementor-post elementor-grid-item post-1222 product type-product status-publish has-post-thumbnail product_cat-lierre entry has-media  instock purchasable product-type-variable has-default-attributes has-product-nav col span_1_of_4 owp-content-center item-entry owp-thumbs-layout-horizontal owp-btn-normal owp-tabs-layout-section\">\n\t\t\t\t<a class=\"elementor-post__thumbnail__link\" href=\"https:\/\/www.hedera-etc.com\/it\/product\/hedera-helix-philosophe\/\" tabindex=\"-1\" target=\"&quot;_blank&quot;\">\n\t\t\t<div class=\"elementor-post__thumbnail\"><img loading=\"lazy\" decoding=\"async\" width=\"300\" height=\"225\" src=\"https:\/\/www.hedera-etc.com\/wp-content\/uploads\/2023\/11\/Hedera-helix-Philosophe-300x225.webp\" class=\"attachment-medium size-medium wp-image-1223\" alt=\"Hedera helix &#039;Philosopher&#039;\" srcset=\"https:\/\/www.hedera-etc.com\/wp-content\/uploads\/2023\/11\/Hedera-helix-Philosophe-300x225.webp 300w, https:\/\/www.hedera-etc.com\/wp-content\/uploads\/2023\/11\/Hedera-helix-Philosophe-900x675.webp 900w, https:\/\/www.hedera-etc.com\/wp-content\/uploads\/2023\/11\/Hedera-helix-Philosophe-768x576.webp 768w, https:\/\/www.hedera-etc.com\/wp-content\/uploads\/2023\/11\/Hedera-helix-Philosophe.webp 1024w\" sizes=\"(max-width: 300px) 100vw, 300px\" \/><\/div>\n\t\t<\/a>\n\t\t\t\t<div class=\"elementor-post__text\">\n\t\t\t\t<h3 class=\"elementor-post__title\">\n\t\t\t<a href=\"https:\/\/www.hedera-etc.com\/it\/product\/hedera-helix-philosophe\/\" target=\"&quot;_blank&quot;\">\n\t\t\t\t<em>Hedera helix<\/em> &lsquo;Philosophe&rsquo; &#8211; Edera ornamentale\t\t\t<\/a>\n\t\t<\/h3>\n\t\t\t\t<div class=\"elementor-post__excerpt\">\n\t\t\t<p>Edera molto ramificata che cresce lentamente.<\/p> <p>Foglie a 3 lobi, con il lobo centrale molto pi\u00f9 sviluppato. Venature molto pronunciate\t\t<\/div>\n\t\t\n\t\t<a class=\"elementor-post__read-more\" href=\"https:\/\/www.hedera-etc.com\/it\/product\/hedera-helix-philosophe\/\" aria-label=\"Leggere tutto &lt;em&gt;Hedera helix&lt;\/em&gt; \u2018Philosophe\u2019 \u2013 Lierre d\u2019ornement\" tabindex=\"-1\" target=\"_blank\">\n\t\t\tPer saperne di pi\u00f9 \u00bb\t\t<\/a>\n\n\t\t\t\t<\/div>\n\t\t\t\t<\/article>\n\t\t\t\t<article class=\"elementor-post elementor-grid-item post-1228 product type-product status-publish has-post-thumbnail product_cat-lierre entry has-media last instock purchasable product-type-variable has-default-attributes has-product-nav col span_1_of_4 owp-content-center item-entry owp-thumbs-layout-horizontal owp-btn-normal owp-tabs-layout-section has-no-thumbnails\">\n\t\t\t\t<a class=\"elementor-post__thumbnail__link\" href=\"https:\/\/www.hedera-etc.com\/it\/product\/hedera-helix-pin-oak\/\" tabindex=\"-1\" target=\"&quot;_blank&quot;\">\n\t\t\t<div class=\"elementor-post__thumbnail\"><img loading=\"lazy\" decoding=\"async\" width=\"300\" height=\"225\" src=\"https:\/\/www.hedera-etc.com\/wp-content\/uploads\/2023\/11\/Hedera-helix-Pink-Oak-300x225.webp\" class=\"attachment-medium size-medium wp-image-1229\" alt=\"Hedera helix &#039;Pin Oak&#039;\" srcset=\"https:\/\/www.hedera-etc.com\/wp-content\/uploads\/2023\/11\/Hedera-helix-Pink-Oak-300x225.webp 300w, https:\/\/www.hedera-etc.com\/wp-content\/uploads\/2023\/11\/Hedera-helix-Pink-Oak-900x675.webp 900w, https:\/\/www.hedera-etc.com\/wp-content\/uploads\/2023\/11\/Hedera-helix-Pink-Oak-768x576.webp 768w, https:\/\/www.hedera-etc.com\/wp-content\/uploads\/2023\/11\/Hedera-helix-Pink-Oak.webp 1024w\" sizes=\"(max-width: 300px) 100vw, 300px\" \/><\/div>\n\t\t<\/a>\n\t\t\t\t<div class=\"elementor-post__text\">\n\t\t\t\t<h3 class=\"elementor-post__title\">\n\t\t\t<a href=\"https:\/\/www.hedera-etc.com\/it\/product\/hedera-helix-pin-oak\/\" target=\"&quot;_blank&quot;\">\n\t\t\t\t<em>Hedera helix<\/em> &lsquo;Pin Oak&rsquo; &#8211; Edera ornamentale\t\t\t<\/a>\n\t\t<\/h3>\n\t\t\t\t<div class=\"elementor-post__excerpt\">\n\t\t\t<p>Foglie piccole con 3 lobi e punte arrotondate.<\/p> <p>Lobo centrale lungo il doppio dei lobi laterali. Lama\t\t<\/div>\n\t\t\n\t\t<a class=\"elementor-post__read-more\" href=\"https:\/\/www.hedera-etc.com\/it\/product\/hedera-helix-pin-oak\/\" aria-label=\"Leggi tutto Hedera helix \u2018Pin Oak\u2019 \u2013 Edera ornamentale\" tabindex=\"-1\" target=\"_blank\">\n\t\t\tPer saperne di pi\u00f9 \u00bb\t\t<\/a>\n\n\t\t\t\t<\/div>\n\t\t\t\t<\/article>\n\t\t\t\t<article class=\"elementor-post elementor-grid-item post-1232 product type-product status-publish has-post-thumbnail product_cat-lierre entry has-media first instock purchasable product-type-variable has-default-attributes has-product-nav col span_1_of_4 owp-content-center item-entry owp-thumbs-layout-horizontal owp-btn-normal owp-tabs-layout-section\">\n\t\t\t\t<a class=\"elementor-post__thumbnail__link\" href=\"https:\/\/www.hedera-etc.com\/it\/product\/hedera-helix-pirouette\/\" tabindex=\"-1\" target=\"&quot;_blank&quot;\">\n\t\t\t<div class=\"elementor-post__thumbnail\"><img loading=\"lazy\" decoding=\"async\" width=\"300\" height=\"225\" src=\"https:\/\/www.hedera-etc.com\/wp-content\/uploads\/2023\/11\/Hedera-helix-Pirouette-300x225.webp\" class=\"attachment-medium size-medium wp-image-1233\" alt=\"Hedera helix &#039;Pirouette&#039;\" srcset=\"https:\/\/www.hedera-etc.com\/wp-content\/uploads\/2023\/11\/Hedera-helix-Pirouette-300x225.webp 300w, https:\/\/www.hedera-etc.com\/wp-content\/uploads\/2023\/11\/Hedera-helix-Pirouette-768x575.webp 768w, https:\/\/www.hedera-etc.com\/wp-content\/uploads\/2023\/11\/Hedera-helix-Pirouette.webp 800w\" sizes=\"(max-width: 300px) 100vw, 300px\" \/><\/div>\n\t\t<\/a>\n\t\t\t\t<div class=\"elementor-post__text\">\n\t\t\t\t<h3 class=\"elementor-post__title\">\n\t\t\t<a href=\"https:\/\/www.hedera-etc.com\/it\/product\/hedera-helix-pirouette\/\" target=\"&quot;_blank&quot;\">\n\t\t\t\t<em>Hedera helix<\/em> &lsquo;Pirouette&rsquo; &#8211; Edera ornamentale\t\t\t<\/a>\n\t\t<\/h3>\n\t\t\t\t<div class=\"elementor-post__excerpt\">\n\t\t\t<p>Una variet\u00e0 molto originale, all'altezza del suo nome. Foglie con lobi profondamente tagliati, come pizzicati alla base,\t\t<\/div>\n\t\t\n\t\t<a class=\"elementor-post__read-more\" href=\"https:\/\/www.hedera-etc.com\/it\/product\/hedera-helix-pirouette\/\" aria-label=\"Leggi tutto *Hedera helix* \u2018Pirouette\u2019 \u2013 Edera ornamentale\" tabindex=\"-1\" target=\"_blank\">\n\t\t\tPer saperne di pi\u00f9 \u00bb\t\t<\/a>\n\n\t\t\t\t<\/div>\n\t\t\t\t<\/article>\n\t\t\t\t<article class=\"elementor-post elementor-grid-item post-1238 product type-product status-publish has-post-thumbnail product_cat-lierre entry has-media  instock purchasable product-type-variable has-default-attributes has-product-nav col span_1_of_4 owp-content-center item-entry owp-thumbs-layout-horizontal owp-btn-normal owp-tabs-layout-section has-no-thumbnails\">\n\t\t\t\t<a class=\"elementor-post__thumbnail__link\" href=\"https:\/\/www.hedera-etc.com\/it\/product\/hedera-helix-pittsburgh-variegated\/\" tabindex=\"-1\" target=\"&quot;_blank&quot;\">\n\t\t\t<div class=\"elementor-post__thumbnail\"><img loading=\"lazy\" decoding=\"async\" width=\"300\" height=\"225\" src=\"https:\/\/www.hedera-etc.com\/wp-content\/uploads\/2023\/11\/Hedera-helix-Pittsburgh-Variegata-300x225.webp\" class=\"attachment-medium size-medium wp-image-1239\" alt=\"Hedera helix &#039;Pittsburgh Variegata&#039;\" srcset=\"https:\/\/www.hedera-etc.com\/wp-content\/uploads\/2023\/11\/Hedera-helix-Pittsburgh-Variegata-300x225.webp 300w, https:\/\/www.hedera-etc.com\/wp-content\/uploads\/2023\/11\/Hedera-helix-Pittsburgh-Variegata-900x675.webp 900w, https:\/\/www.hedera-etc.com\/wp-content\/uploads\/2023\/11\/Hedera-helix-Pittsburgh-Variegata-768x576.webp 768w, https:\/\/www.hedera-etc.com\/wp-content\/uploads\/2023\/11\/Hedera-helix-Pittsburgh-Variegata.webp 1024w\" sizes=\"(max-width: 300px) 100vw, 300px\" \/><\/div>\n\t\t<\/a>\n\t\t\t\t<div class=\"elementor-post__text\">\n\t\t\t\t<h3 class=\"elementor-post__title\">\n\t\t\t<a href=\"https:\/\/www.hedera-etc.com\/it\/product\/hedera-helix-pittsburgh-variegated\/\" target=\"&quot;_blank&quot;\">\n\t\t\t\t<em>Hedera helix<\/em> &lsquo;Pittsburgh Variegated&rsquo; &#8211; Edera ornamentale\t\t\t<\/a>\n\t\t<\/h3>\n\t\t\t\t<div class=\"elementor-post__excerpt\">\n\t\t\t<p>Forma mista di \u2018<a href=\"https:\/\/www.hedera-etc.com\/it\/product\/hedera-helix-pittsburgh\/\" target=\"_blank\" rel=\"noopener\">Pittsburgh<\/a>\u2018. Ma le caratteristiche del suo genitore sono molto meno pronunciate. Portamento pi\u00f9 espanso\t\t<\/div>\n\t\t\n\t\t<a class=\"elementor-post__read-more\" href=\"https:\/\/www.hedera-etc.com\/it\/product\/hedera-helix-pittsburgh-variegated\/\" aria-label=\"Leggi tutto &lt;em&gt;Hedera helix&lt;\/em&gt; \u2018Pittsburgh Variegated\u2019 \u2013 Edera ornamentale\" tabindex=\"-1\" target=\"_blank\">\n\t\t\tPer saperne di pi\u00f9 \u00bb\t\t<\/a>\n\n\t\t\t\t<\/div>\n\t\t\t\t<\/article>\n\t\t\t\t<article class=\"elementor-post elementor-grid-item post-1245 product type-product status-publish has-post-thumbnail product_cat-lierre entry has-media  instock purchasable product-type-variable has-default-attributes has-product-nav col span_1_of_4 owp-content-center item-entry owp-thumbs-layout-horizontal owp-btn-normal owp-tabs-layout-section\">\n\t\t\t\t<a class=\"elementor-post__thumbnail__link\" href=\"https:\/\/www.hedera-etc.com\/it\/product\/hedera-helix-pixie\/\" tabindex=\"-1\" target=\"&quot;_blank&quot;\">\n\t\t\t<div class=\"elementor-post__thumbnail\"><img loading=\"lazy\" decoding=\"async\" width=\"300\" height=\"225\" src=\"https:\/\/www.hedera-etc.com\/wp-content\/uploads\/2023\/11\/Hedera-helix-Pixie-300x225.webp\" class=\"attachment-medium size-medium wp-image-1246\" alt=\"Hedera helix &#039;Pixie&#039;\" srcset=\"https:\/\/www.hedera-etc.com\/wp-content\/uploads\/2023\/11\/Hedera-helix-Pixie-300x225.webp 300w, https:\/\/www.hedera-etc.com\/wp-content\/uploads\/2023\/11\/Hedera-helix-Pixie-900x675.webp 900w, https:\/\/www.hedera-etc.com\/wp-content\/uploads\/2023\/11\/Hedera-helix-Pixie-768x576.webp 768w, https:\/\/www.hedera-etc.com\/wp-content\/uploads\/2023\/11\/Hedera-helix-Pixie.webp 1024w\" sizes=\"(max-width: 300px) 100vw, 300px\" \/><\/div>\n\t\t<\/a>\n\t\t\t\t<div class=\"elementor-post__text\">\n\t\t\t\t<h3 class=\"elementor-post__title\">\n\t\t\t<a href=\"https:\/\/www.hedera-etc.com\/it\/product\/hedera-helix-pixie\/\" target=\"&quot;_blank&quot;\">\n\t\t\t\t<em>Hedera helix<\/em> &lsquo;Pixie&rsquo; &#8211; Edera ornamentale\t\t\t<\/a>\n\t\t<\/h3>\n\t\t\t\t<div class=\"elementor-post__excerpt\">\n\t\t\t<p>Edera compatta dal fogliame caratteristico, da utilizzare come copertura del terreno in spazi ridotti.<\/p> <p>Foglie, grandi circa come un pezzo di\t\t<\/div>\n\t\t\n\t\t<a class=\"elementor-post__read-more\" href=\"https:\/\/www.hedera-etc.com\/it\/product\/hedera-helix-pixie\/\" aria-label=\"Leggi tutto *Hedera helix* \u2018Pixie\u2019 \u2013 Edera ornamentale\" tabindex=\"-1\" target=\"_blank\">\n\t\t\tPer saperne di pi\u00f9 \u00bb\t\t<\/a>\n\n\t\t\t\t<\/div>\n\t\t\t\t<\/article>\n\t\t\t\t<article class=\"elementor-post elementor-grid-item post-1251 product type-product status-publish has-post-thumbnail product_cat-lierre entry has-media last instock purchasable product-type-variable has-default-attributes has-product-nav col span_1_of_4 owp-content-center item-entry owp-thumbs-layout-horizontal owp-btn-normal owp-tabs-layout-section has-no-thumbnails\">\n\t\t\t\t<a class=\"elementor-post__thumbnail__link\" href=\"https:\/\/www.hedera-etc.com\/it\/product\/hedera-helix-ralf\/\" tabindex=\"-1\" target=\"&quot;_blank&quot;\">\n\t\t\t<div class=\"elementor-post__thumbnail\"><img loading=\"lazy\" decoding=\"async\" width=\"300\" height=\"217\" src=\"https:\/\/www.hedera-etc.com\/wp-content\/uploads\/2023\/11\/Hedera-helix-Ralf-300x217.webp\" class=\"attachment-medium size-medium wp-image-14257\" alt=\"Hedera helix &#039;Ralf&#039;\" srcset=\"https:\/\/www.hedera-etc.com\/wp-content\/uploads\/2023\/11\/Hedera-helix-Ralf-300x217.webp 300w, https:\/\/www.hedera-etc.com\/wp-content\/uploads\/2023\/11\/Hedera-helix-Ralf-900x650.webp 900w, https:\/\/www.hedera-etc.com\/wp-content\/uploads\/2023\/11\/Hedera-helix-Ralf-768x554.webp 768w, https:\/\/www.hedera-etc.com\/wp-content\/uploads\/2023\/11\/Hedera-helix-Ralf.webp 935w\" sizes=\"(max-width: 300px) 100vw, 300px\" \/><\/div>\n\t\t<\/a>\n\t\t\t\t<div class=\"elementor-post__text\">\n\t\t\t\t<h3 class=\"elementor-post__title\">\n\t\t\t<a href=\"https:\/\/www.hedera-etc.com\/it\/product\/hedera-helix-ralf\/\" target=\"&quot;_blank&quot;\">\n\t\t\t\t<em>Hedera helix<\/em> &lsquo;Ralf&rsquo; &#8211; Edera ornamentale\t\t\t<\/a>\n\t\t<\/h3>\n\t\t\t\t<div class=\"elementor-post__excerpt\">\n\t\t\t<p>Variet\u00e0 abbastanza simile all\u2018<a href=\"https:\/\/www.hedera-etc.com\/it\/product\/hedera-helix-perkeo\/\" target=\"_blank\" rel=\"noopener\">Perkeo<\/a>\u2018Il suo fogliame, tuttavia, \u00e8 pi\u00f9 chiaro.<\/p> <p>Foglie a forma di cuore o foglie composte da 3\t\t<\/div>\n\t\t\n\t\t<a class=\"elementor-post__read-more\" href=\"https:\/\/www.hedera-etc.com\/it\/product\/hedera-helix-ralf\/\" aria-label=\"Leggi tutto Hedera helix \u2018Ralf\u2019 \u2013 Edera ornamentale\" tabindex=\"-1\" target=\"_blank\">\n\t\t\tPer saperne di pi\u00f9 \u00bb\t\t<\/a>\n\n\t\t\t\t<\/div>\n\t\t\t\t<\/article>\n\t\t\t\t<article class=\"elementor-post elementor-grid-item post-1255 product type-product status-publish has-post-thumbnail product_cat-lierre entry has-media first instock purchasable product-type-variable has-default-attributes has-product-nav col span_1_of_4 owp-content-center item-entry owp-thumbs-layout-horizontal owp-btn-normal owp-tabs-layout-section\">\n\t\t\t\t<a class=\"elementor-post__thumbnail__link\" href=\"https:\/\/www.hedera-etc.com\/it\/product\/hedera-helix-rauschgold\/\" tabindex=\"-1\" target=\"&quot;_blank&quot;\">\n\t\t\t<div class=\"elementor-post__thumbnail\"><img loading=\"lazy\" decoding=\"async\" width=\"300\" height=\"225\" src=\"https:\/\/www.hedera-etc.com\/wp-content\/uploads\/2023\/11\/Hedera-helix-Rauschgold-300x225.webp\" class=\"attachment-medium size-medium wp-image-1256\" alt=\"Hedera helix &#039;Rauschgold&#039;\" srcset=\"https:\/\/www.hedera-etc.com\/wp-content\/uploads\/2023\/11\/Hedera-helix-Rauschgold-300x225.webp 300w, https:\/\/www.hedera-etc.com\/wp-content\/uploads\/2023\/11\/Hedera-helix-Rauschgold-768x575.webp 768w, https:\/\/www.hedera-etc.com\/wp-content\/uploads\/2023\/11\/Hedera-helix-Rauschgold.webp 800w\" sizes=\"(max-width: 300px) 100vw, 300px\" \/><\/div>\n\t\t<\/a>\n\t\t\t\t<div class=\"elementor-post__text\">\n\t\t\t\t<h3 class=\"elementor-post__title\">\n\t\t\t<a href=\"https:\/\/www.hedera-etc.com\/it\/product\/hedera-helix-rauschgold\/\" target=\"&quot;_blank&quot;\">\n\t\t\t\t<em>Hedera helix<\/em> &lsquo;Rauschgold&rsquo; &#8211; Edera ornamentale\t\t\t<\/a>\n\t\t<\/h3>\n\t\t\t\t<div class=\"elementor-post__excerpt\">\n\t\t\t<p>Una variet\u00e0 con fogliame in grado di sopportare la piena luce senza danneggiare il fogliame.<\/p> <p>Foglie composte da 5 lobi o\t\t<\/div>\n\t\t\n\t\t<a class=\"elementor-post__read-more\" href=\"https:\/\/www.hedera-etc.com\/it\/product\/hedera-helix-rauschgold\/\" aria-label=\"Leggi tutto &lt;em&gt;Hedera helix&lt;\/em&gt; \u2018Rauschgold\u2019 \u2013 Edera ornamentale\" tabindex=\"-1\" target=\"_blank\">\n\t\t\tPer saperne di pi\u00f9 \u00bb\t\t<\/a>\n\n\t\t\t\t<\/div>\n\t\t\t\t<\/article>\n\t\t\t\t<article class=\"elementor-post elementor-grid-item post-1260 product type-product status-publish has-post-thumbnail product_cat-lierre entry has-media  outofstock product-type-variable has-default-attributes has-product-nav col span_1_of_4 owp-content-center item-entry owp-thumbs-layout-horizontal owp-btn-normal owp-tabs-layout-section\">\n\t\t\t\t<a class=\"elementor-post__thumbnail__link\" href=\"https:\/\/www.hedera-etc.com\/it\/product\/hedera-helix-reef-shell\/\" tabindex=\"-1\" target=\"&quot;_blank&quot;\">\n\t\t\t<div class=\"elementor-post__thumbnail\"><img loading=\"lazy\" decoding=\"async\" width=\"300\" height=\"225\" src=\"https:\/\/www.hedera-etc.com\/wp-content\/uploads\/2023\/11\/Hedera-helix-Reef-Shell-300x225.webp\" class=\"attachment-medium size-medium wp-image-1261\" alt=\"Hedera helix &#039;Reef Shell&#039;\" srcset=\"https:\/\/www.hedera-etc.com\/wp-content\/uploads\/2023\/11\/Hedera-helix-Reef-Shell-300x225.webp 300w, https:\/\/www.hedera-etc.com\/wp-content\/uploads\/2023\/11\/Hedera-helix-Reef-Shell-768x576.webp 768w, https:\/\/www.hedera-etc.com\/wp-content\/uploads\/2023\/11\/Hedera-helix-Reef-Shell.webp 839w\" sizes=\"(max-width: 300px) 100vw, 300px\" \/><\/div>\n\t\t<\/a>\n\t\t\t\t<div class=\"elementor-post__text\">\n\t\t\t\t<h3 class=\"elementor-post__title\">\n\t\t\t<a href=\"https:\/\/www.hedera-etc.com\/it\/product\/hedera-helix-reef-shell\/\" target=\"&quot;_blank&quot;\">\n\t\t\t\t<em>Hedera helix<\/em> &lsquo;Reef Shell&rsquo; &#8211; Edera ornamentale\t\t\t<\/a>\n\t\t<\/h3>\n\t\t\t\t<div class=\"elementor-post__excerpt\">\n\t\t\t<p>Una variet\u00e0 molto originale con foglie ovali a forma di conchiglia rovesciata, praticamente non lobate, ma dotate di\t\t<\/div>\n\t\t\n\t\t<a class=\"elementor-post__read-more\" href=\"https:\/\/www.hedera-etc.com\/it\/product\/hedera-helix-reef-shell\/\" aria-label=\"Leggi tutto &lt;em&gt;Hedera helix&lt;\/em&gt; \u2018Reef Shell\u2019 \u2013 Edera ornamentale\" tabindex=\"-1\" target=\"_blank\">\n\t\t\tPer saperne di pi\u00f9 \u00bb\t\t<\/a>\n\n\t\t\t\t<\/div>\n\t\t\t\t<\/article>\n\t\t\t\t<article class=\"elementor-post elementor-grid-item post-1267 product type-product status-publish has-post-thumbnail product_cat-lierre entry has-media  instock purchasable product-type-variable has-default-attributes has-product-nav col span_1_of_4 owp-content-center item-entry owp-thumbs-layout-horizontal owp-btn-normal owp-tabs-layout-section\">\n\t\t\t\t<a class=\"elementor-post__thumbnail__link\" href=\"https:\/\/www.hedera-etc.com\/it\/product\/hedera-helix-renton-gold\/\" tabindex=\"-1\" target=\"&quot;_blank&quot;\">\n\t\t\t<div class=\"elementor-post__thumbnail\"><img loading=\"lazy\" decoding=\"async\" width=\"300\" height=\"225\" src=\"https:\/\/www.hedera-etc.com\/wp-content\/uploads\/2023\/11\/Hedera-helix-Renton-gold-300x225.webp\" class=\"attachment-medium size-medium wp-image-14249\" alt=\"Hedera helix &#039;Renton gold&#039;\" srcset=\"https:\/\/www.hedera-etc.com\/wp-content\/uploads\/2023\/11\/Hedera-helix-Renton-gold-300x225.webp 300w, https:\/\/www.hedera-etc.com\/wp-content\/uploads\/2023\/11\/Hedera-helix-Renton-gold-768x576.webp 768w, https:\/\/www.hedera-etc.com\/wp-content\/uploads\/2023\/11\/Hedera-helix-Renton-gold.webp 900w\" sizes=\"(max-width: 300px) 100vw, 300px\" \/><\/div>\n\t\t<\/a>\n\t\t\t\t<div class=\"elementor-post__text\">\n\t\t\t\t<h3 class=\"elementor-post__title\">\n\t\t\t<a href=\"https:\/\/www.hedera-etc.com\/it\/product\/hedera-helix-renton-gold\/\" target=\"&quot;_blank&quot;\">\n\t\t\t\t<em>Hedera helix<\/em> &lsquo;Renton gold&rsquo; &#8211; Edera ornamentale\t\t\t<\/a>\n\t\t<\/h3>\n\t\t\t\t<div class=\"elementor-post__excerpt\">\n\t\t\t<p>Edera con foglie piccole e sottili, a 3-5 lobi, su fusti scarsamente ramificati.<\/p> <p>Giovani foglie verdi\t\t<\/div>\n\t\t\n\t\t<a class=\"elementor-post__read-more\" href=\"https:\/\/www.hedera-etc.com\/it\/product\/hedera-helix-renton-gold\/\" aria-label=\"Leggi tutto *Hedera helix* \u2018Renton gold\u2019 \u2013 Edera ornamentale\" tabindex=\"-1\" target=\"_blank\">\n\t\t\tPer saperne di pi\u00f9 \u00bb\t\t<\/a>\n\n\t\t\t\t<\/div>\n\t\t\t\t<\/article>\n\t\t\t\t<article class=\"elementor-post elementor-grid-item post-1272 product type-product status-publish has-post-thumbnail product_cat-lierre entry has-media last outofstock product-type-variable has-product-nav col span_1_of_4 owp-content-center item-entry owp-thumbs-layout-horizontal owp-btn-normal owp-tabs-layout-section\">\n\t\t\t\t<a class=\"elementor-post__thumbnail__link\" href=\"https:\/\/www.hedera-etc.com\/it\/product\/hedera-helix-rheingold\/\" tabindex=\"-1\" target=\"&quot;_blank&quot;\">\n\t\t\t<div class=\"elementor-post__thumbnail\"><img loading=\"lazy\" decoding=\"async\" width=\"300\" height=\"225\" src=\"https:\/\/www.hedera-etc.com\/wp-content\/uploads\/2023\/11\/Hedera-helix-Rheingold-300x225.webp\" class=\"attachment-medium size-medium wp-image-1273\" alt=\"Hedera helix &#039;Rheingold&#039;\" srcset=\"https:\/\/www.hedera-etc.com\/wp-content\/uploads\/2023\/11\/Hedera-helix-Rheingold-300x225.webp 300w, https:\/\/www.hedera-etc.com\/wp-content\/uploads\/2023\/11\/Hedera-helix-Rheingold-900x675.webp 900w, https:\/\/www.hedera-etc.com\/wp-content\/uploads\/2023\/11\/Hedera-helix-Rheingold-768x576.webp 768w, https:\/\/www.hedera-etc.com\/wp-content\/uploads\/2023\/11\/Hedera-helix-Rheingold.webp 1024w\" sizes=\"(max-width: 300px) 100vw, 300px\" \/><\/div>\n\t\t<\/a>\n\t\t\t\t<div class=\"elementor-post__text\">\n\t\t\t\t<h3 class=\"elementor-post__title\">\n\t\t\t<a href=\"https:\/\/www.hedera-etc.com\/it\/product\/hedera-helix-rheingold\/\" target=\"&quot;_blank&quot;\">\n\t\t\t\t<em>Hedera helix<\/em> &lsquo;Rheingold&rsquo; &#8211; Edera ornamentale\t\t\t<\/a>\n\t\t<\/h3>\n\t\t\t\t<div class=\"elementor-post__excerpt\">\n\t\t\t<p>Foglie leggermente ondulate con una variegatura molto varia.<\/p> <p>Lama verde scuro e grigia con margini giallo chiaro\t\t<\/div>\n\t\t\n\t\t<a class=\"elementor-post__read-more\" href=\"https:\/\/www.hedera-etc.com\/it\/product\/hedera-helix-rheingold\/\" aria-label=\"Leggi tutto *Hedera helix* \u2018Rheingold\u2019 \u2013 Edera ornamentale\" tabindex=\"-1\" target=\"_blank\">\n\t\t\tPer saperne di pi\u00f9 \u00bb\t\t<\/a>\n\n\t\t\t\t<\/div>\n\t\t\t\t<\/article>\n\t\t\t\t<article class=\"elementor-post elementor-grid-item post-1277 product type-product status-publish has-post-thumbnail product_cat-lierre entry has-media first instock purchasable product-type-variable has-default-attributes has-product-nav col span_1_of_4 owp-content-center item-entry owp-thumbs-layout-horizontal owp-btn-normal owp-tabs-layout-section has-no-thumbnails\">\n\t\t\t\t<a class=\"elementor-post__thumbnail__link\" href=\"https:\/\/www.hedera-etc.com\/it\/product\/hedera-helix-golden-curl\/\" tabindex=\"-1\" target=\"&quot;_blank&quot;\">\n\t\t\t<div class=\"elementor-post__thumbnail\"><img loading=\"lazy\" decoding=\"async\" width=\"300\" height=\"225\" src=\"https:\/\/www.hedera-etc.com\/wp-content\/uploads\/2023\/11\/Hedera-helix-Richard-John-300x225.webp\" class=\"attachment-medium size-medium wp-image-1278\" alt=\"Hedera helix &#039;Ricciolo d&#039;oro&#039;\" srcset=\"https:\/\/www.hedera-etc.com\/wp-content\/uploads\/2023\/11\/Hedera-helix-Richard-John-300x225.webp 300w, https:\/\/www.hedera-etc.com\/wp-content\/uploads\/2023\/11\/Hedera-helix-Richard-John-768x576.webp 768w, https:\/\/www.hedera-etc.com\/wp-content\/uploads\/2023\/11\/Hedera-helix-Richard-John.webp 839w\" sizes=\"(max-width: 300px) 100vw, 300px\" \/><\/div>\n\t\t<\/a>\n\t\t\t\t<div class=\"elementor-post__text\">\n\t\t\t\t<h3 class=\"elementor-post__title\">\n\t\t\t<a href=\"https:\/\/www.hedera-etc.com\/it\/product\/hedera-helix-golden-curl\/\" target=\"&quot;_blank&quot;\">\n\t\t\t\t<em>Hedera helix<\/em> &lsquo;Golden Curl&rsquo;\t\t\t<\/a>\n\t\t<\/h3>\n\t\t\t\t<div class=\"elementor-post__excerpt\">\n\t\t\t<p>Foglie spettacolari, leggermente arricciate, di colore verde chiaro e grigio con bordo giallo e margine verde, oppure\t\t<\/div>\n\t\t\n\t\t<a class=\"elementor-post__read-more\" href=\"https:\/\/www.hedera-etc.com\/it\/product\/hedera-helix-golden-curl\/\" aria-label=\"Hedera helix \u2018Golden Curl\u2019\" tabindex=\"-1\" target=\"_blank\">\n\t\t\tPer saperne di pi\u00f9 \u00bb\t\t<\/a>\n\n\t\t\t\t<\/div>\n\t\t\t\t<\/article>\n\t\t\t\t<article class=\"elementor-post elementor-grid-item post-1325 product type-product status-publish has-post-thumbnail product_cat-lierre entry has-media  instock purchasable product-type-variable has-default-attributes has-product-nav col span_1_of_4 owp-content-center item-entry owp-thumbs-layout-horizontal owp-btn-normal owp-tabs-layout-section\">\n\t\t\t\t<a class=\"elementor-post__thumbnail__link\" href=\"https:\/\/www.hedera-etc.com\/it\/product\/hedera-helix-sagittaefolia\/\" tabindex=\"-1\" target=\"&quot;_blank&quot;\">\n\t\t\t<div class=\"elementor-post__thumbnail\"><img loading=\"lazy\" decoding=\"async\" width=\"300\" height=\"228\" src=\"https:\/\/www.hedera-etc.com\/wp-content\/uploads\/2023\/11\/Hedera-helix-Sagittaefolia-300x228.webp\" class=\"attachment-medium size-medium wp-image-14216\" alt=\"Hedera helix &#039;Sagittaefolia&#039; (Sagittaefolia)&#039;\" srcset=\"https:\/\/www.hedera-etc.com\/wp-content\/uploads\/2023\/11\/Hedera-helix-Sagittaefolia-300x228.webp 300w, https:\/\/www.hedera-etc.com\/wp-content\/uploads\/2023\/11\/Hedera-helix-Sagittaefolia-768x584.webp 768w, https:\/\/www.hedera-etc.com\/wp-content\/uploads\/2023\/11\/Hedera-helix-Sagittaefolia.webp 888w\" sizes=\"(max-width: 300px) 100vw, 300px\" \/><\/div>\n\t\t<\/a>\n\t\t\t\t<div class=\"elementor-post__text\">\n\t\t\t\t<h3 class=\"elementor-post__title\">\n\t\t\t<a href=\"https:\/\/www.hedera-etc.com\/it\/product\/hedera-helix-sagittaefolia\/\" target=\"&quot;_blank&quot;\">\n\t\t\t\t<em>Hedera helix<\/em> &lsquo;Sagittaefolia&rsquo; &#8211; Edera ornamentale\t\t\t<\/a>\n\t\t<\/h3>\n\t\t\t\t<div class=\"elementor-post__excerpt\">\n\t\t\t<p>Edera resistente e vigorosa che pu\u00f2 essere utilizzata come copertura del terreno o come rampicante, in presenza di un sostegno. Fogliame tagliato in\t\t<\/div>\n\t\t\n\t\t<a class=\"elementor-post__read-more\" href=\"https:\/\/www.hedera-etc.com\/it\/product\/hedera-helix-sagittaefolia\/\" aria-label=\"Legend of &lt;em&gt;Hedera helix&lt;\/em&gt; \u2018Sagittaefolia\u2019 \u2013 Ornamental Ivy\" tabindex=\"-1\" target=\"_blank\">\n\t\t\tPer saperne di pi\u00f9 \u00bb\t\t<\/a>\n\n\t\t\t\t<\/div>\n\t\t\t\t<\/article>\n\t\t\t\t<article class=\"elementor-post elementor-grid-item post-1329 product type-product status-publish has-post-thumbnail product_cat-lierre entry has-media  instock purchasable product-type-variable has-default-attributes has-product-nav col span_1_of_4 owp-content-center item-entry owp-thumbs-layout-horizontal owp-btn-normal owp-tabs-layout-section has-no-thumbnails\">\n\t\t\t\t<a class=\"elementor-post__thumbnail__link\" href=\"https:\/\/www.hedera-etc.com\/it\/product\/hedera-helix-mini-sagittaefolia\/\" tabindex=\"-1\" target=\"&quot;_blank&quot;\">\n\t\t\t<div class=\"elementor-post__thumbnail\"><img loading=\"lazy\" decoding=\"async\" width=\"300\" height=\"225\" src=\"https:\/\/www.hedera-etc.com\/wp-content\/uploads\/2023\/11\/Hedera-helix-Mini-Sagittaefolia-300x225.webp\" class=\"attachment-medium size-medium wp-image-15336\" alt=\"Hedera helix &#039;Mini Sagittaefolia&#039; (Mini Sagittaefolia)&#039;\" srcset=\"https:\/\/www.hedera-etc.com\/wp-content\/uploads\/2023\/11\/Hedera-helix-Mini-Sagittaefolia-300x225.webp 300w, https:\/\/www.hedera-etc.com\/wp-content\/uploads\/2023\/11\/Hedera-helix-Mini-Sagittaefolia-900x675.webp 900w, https:\/\/www.hedera-etc.com\/wp-content\/uploads\/2023\/11\/Hedera-helix-Mini-Sagittaefolia-768x576.webp 768w, https:\/\/www.hedera-etc.com\/wp-content\/uploads\/2023\/11\/Hedera-helix-Mini-Sagittaefolia.webp 1024w\" sizes=\"(max-width: 300px) 100vw, 300px\" \/><\/div>\n\t\t<\/a>\n\t\t\t\t<div class=\"elementor-post__text\">\n\t\t\t\t<h3 class=\"elementor-post__title\">\n\t\t\t<a href=\"https:\/\/www.hedera-etc.com\/it\/product\/hedera-helix-mini-sagittaefolia\/\" target=\"&quot;_blank&quot;\">\n\t\t\t\t<em>Hedera helix<\/em> &lsquo;Mini Sagittaefolia&rsquo; &#8211; Edera ornamentale\t\t\t<\/a>\n\t\t<\/h3>\n\t\t\t\t<div class=\"elementor-post__excerpt\">\n\t\t\t<p>Mutazione selezionata da Olivier Arcelus, apparsa nel suo vivaio.<\/p> <p>Rispetto al suo genitore, le foglie si sono ridotte di dimensioni fino al 2\t\t<\/div>\n\t\t\n\t\t<a class=\"elementor-post__read-more\" href=\"https:\/\/www.hedera-etc.com\/it\/product\/hedera-helix-mini-sagittaefolia\/\" aria-label=\"Leggi tutto *Hedera helix* \u2018Mini Sagittaefolia\u2019 \u2013 Lierre d\u2019ornement\" tabindex=\"-1\" target=\"_blank\">\n\t\t\tPer saperne di pi\u00f9 \u00bb\t\t<\/a>\n\n\t\t\t\t<\/div>\n\t\t\t\t<\/article>\n\t\t\t\t<article class=\"elementor-post elementor-grid-item post-1333 product type-product status-publish has-post-thumbnail product_cat-lierre entry has-media last instock purchasable product-type-variable has-default-attributes has-product-nav col span_1_of_4 owp-content-center item-entry owp-thumbs-layout-horizontal owp-btn-normal owp-tabs-layout-section has-no-thumbnails\">\n\t\t\t\t<a class=\"elementor-post__thumbnail__link\" href=\"https:\/\/www.hedera-etc.com\/it\/product\/hedera-helix-delta\/\" tabindex=\"-1\" target=\"&quot;_blank&quot;\">\n\t\t\t<div class=\"elementor-post__thumbnail\"><img loading=\"lazy\" decoding=\"async\" width=\"300\" height=\"225\" src=\"https:\/\/www.hedera-etc.com\/wp-content\/uploads\/2023\/11\/Hedera-helix-Delta-300x225.webp\" class=\"attachment-medium size-medium wp-image-1334\" alt=\"Hedera helix &#039;Delta&#039;\" srcset=\"https:\/\/www.hedera-etc.com\/wp-content\/uploads\/2023\/11\/Hedera-helix-Delta-300x225.webp 300w, https:\/\/www.hedera-etc.com\/wp-content\/uploads\/2023\/11\/Hedera-helix-Delta-900x675.webp 900w, https:\/\/www.hedera-etc.com\/wp-content\/uploads\/2023\/11\/Hedera-helix-Delta-768x576.webp 768w, https:\/\/www.hedera-etc.com\/wp-content\/uploads\/2023\/11\/Hedera-helix-Delta.webp 1024w\" sizes=\"(max-width: 300px) 100vw, 300px\" \/><\/div>\n\t\t<\/a>\n\t\t\t\t<div class=\"elementor-post__text\">\n\t\t\t\t<h3 class=\"elementor-post__title\">\n\t\t\t<a href=\"https:\/\/www.hedera-etc.com\/it\/product\/hedera-helix-delta\/\" target=\"&quot;_blank&quot;\">\n\t\t\t\t<em>Hedera helix<\/em> &lsquo;Delta&rsquo; &#8211; Edera ornamentale\t\t\t<\/a>\n\t\t<\/h3>\n\t\t\t\t<div class=\"elementor-post__excerpt\">\n\t\t\t<p>\u00c8 un'edera da terra robusta, con grandi foglie trilobate pi\u00f9 larghe che lunghe.<\/p> <p>Fusti molto ramificati, con internodi corti. Lama\t\t<\/div>\n\t\t\n\t\t<a class=\"elementor-post__read-more\" href=\"https:\/\/www.hedera-etc.com\/it\/product\/hedera-helix-delta\/\" aria-label=\"Leggi tutto &lt;em&gt;Hedera helix&lt;\/em&gt; \u2018Delta\u2019 \u2013 Edera ornamentale\" tabindex=\"-1\" target=\"_blank\">\n\t\t\tPer saperne di pi\u00f9 \u00bb\t\t<\/a>\n\n\t\t\t\t<\/div>\n\t\t\t\t<\/article>\n\t\t\t\t<article class=\"elementor-post elementor-grid-item post-1344 product type-product status-publish has-post-thumbnail product_cat-lierre entry has-media first instock purchasable product-type-variable has-default-attributes has-product-nav col span_1_of_4 owp-content-center item-entry owp-thumbs-layout-horizontal owp-btn-normal owp-tabs-layout-section\">\n\t\t\t\t<a class=\"elementor-post__thumbnail__link\" href=\"https:\/\/www.hedera-etc.com\/it\/product\/hedera-helix-sally\/\" tabindex=\"-1\" target=\"&quot;_blank&quot;\">\n\t\t\t<div class=\"elementor-post__thumbnail\"><img loading=\"lazy\" decoding=\"async\" width=\"300\" height=\"224\" src=\"https:\/\/www.hedera-etc.com\/wp-content\/uploads\/2023\/11\/Hedera-helix-Sally-300x224.webp\" class=\"attachment-medium size-medium wp-image-1345\" alt=\"Hedera helix &#039;Sally&#039;\" srcset=\"https:\/\/www.hedera-etc.com\/wp-content\/uploads\/2023\/11\/Hedera-helix-Sally-300x224.webp 300w, https:\/\/www.hedera-etc.com\/wp-content\/uploads\/2023\/11\/Hedera-helix-Sally-768x574.webp 768w, https:\/\/www.hedera-etc.com\/wp-content\/uploads\/2023\/11\/Hedera-helix-Sally.webp 800w\" sizes=\"(max-width: 300px) 100vw, 300px\" \/><\/div>\n\t\t<\/a>\n\t\t\t\t<div class=\"elementor-post__text\">\n\t\t\t\t<h3 class=\"elementor-post__title\">\n\t\t\t<a href=\"https:\/\/www.hedera-etc.com\/it\/product\/hedera-helix-sally\/\" target=\"&quot;_blank&quot;\">\n\t\t\t\t<em>Hedera helix<\/em> &lsquo;Sally&rsquo; &#8211; Edera ornamentale\t\t\t<\/a>\n\t\t<\/h3>\n\t\t\t\t<div class=\"elementor-post__excerpt\">\n\t\t\t<p>Foglie color limone, macchiate e spruzzate di verde medio da giovani, che poi diventano verdi.<\/p> <p>Portamento compatto, internodi corti.<\/p> <p>Evitare\t\t<\/div>\n\t\t\n\t\t<a class=\"elementor-post__read-more\" href=\"https:\/\/www.hedera-etc.com\/it\/product\/hedera-helix-sally\/\" aria-label=\"Leggi tutto &lt;em&gt;Hedera helix&lt;\/em&gt; \u2018Sally\u2019 \u2013 Edera ornamentale\" tabindex=\"-1\" target=\"_blank\">\n\t\t\tPer saperne di pi\u00f9 \u00bb\t\t<\/a>\n\n\t\t\t\t<\/div>\n\t\t\t\t<\/article>\n\t\t\t\t<article class=\"elementor-post elementor-grid-item post-1351 product type-product status-publish has-post-thumbnail product_cat-lierre entry has-media  instock purchasable product-type-variable has-default-attributes has-product-nav col span_1_of_4 owp-content-center item-entry owp-thumbs-layout-horizontal owp-btn-normal owp-tabs-layout-section has-no-thumbnails\">\n\t\t\t\t<a class=\"elementor-post__thumbnail__link\" href=\"https:\/\/www.hedera-etc.com\/it\/product\/hedera-helix-sarah\/\" tabindex=\"-1\" target=\"&quot;_blank&quot;\">\n\t\t\t<div class=\"elementor-post__thumbnail\"><img loading=\"lazy\" decoding=\"async\" width=\"300\" height=\"225\" src=\"https:\/\/www.hedera-etc.com\/wp-content\/uploads\/2023\/11\/Hedera-helix-Sara-300x225.webp\" class=\"attachment-medium size-medium wp-image-1352\" alt=\"Hedera helix &#039;Sarah&#039;\" srcset=\"https:\/\/www.hedera-etc.com\/wp-content\/uploads\/2023\/11\/Hedera-helix-Sara-300x225.webp 300w, https:\/\/www.hedera-etc.com\/wp-content\/uploads\/2023\/11\/Hedera-helix-Sara-900x675.webp 900w, https:\/\/www.hedera-etc.com\/wp-content\/uploads\/2023\/11\/Hedera-helix-Sara-768x576.webp 768w, https:\/\/www.hedera-etc.com\/wp-content\/uploads\/2023\/11\/Hedera-helix-Sara.webp 1024w\" sizes=\"(max-width: 300px) 100vw, 300px\" \/><\/div>\n\t\t<\/a>\n\t\t\t\t<div class=\"elementor-post__text\">\n\t\t\t\t<h3 class=\"elementor-post__title\">\n\t\t\t<a href=\"https:\/\/www.hedera-etc.com\/it\/product\/hedera-helix-sarah\/\" target=\"&quot;_blank&quot;\">\n\t\t\t\t<em>Hedera helix<\/em> &lsquo;Sarah&rsquo; &#8211; Edera ornamentale\t\t\t<\/a>\n\t\t<\/h3>\n\t\t\t\t<div class=\"elementor-post__excerpt\">\n\t\t\t<p>Edera simile a \u2018Glacier\u2019, ma con fogliame pi\u00f9 ampio e internodi pi\u00f9 corti.<\/p> <p>Foglie composte da 3\t\t<\/div>\n\t\t\n\t\t<a class=\"elementor-post__read-more\" href=\"https:\/\/www.hedera-etc.com\/it\/product\/hedera-helix-sarah\/\" aria-label=\"Leggi tutto *Hedera helix* \u2018Sarah\u2019 \u2013 Edera ornamentale\" tabindex=\"-1\" target=\"_blank\">\n\t\t\tPer saperne di pi\u00f9 \u00bb\t\t<\/a>\n\n\t\t\t\t<\/div>\n\t\t\t\t<\/article>\n\t\t\t\t<article class=\"elementor-post elementor-grid-item post-1357 product type-product status-publish has-post-thumbnail product_cat-lierre entry has-media  instock purchasable product-type-variable has-default-attributes has-product-nav col span_1_of_4 owp-content-center item-entry owp-thumbs-layout-horizontal owp-btn-normal owp-tabs-layout-section\">\n\t\t\t\t<a class=\"elementor-post__thumbnail__link\" href=\"https:\/\/www.hedera-etc.com\/it\/product\/hedera-helix-schaefer-three\/\" tabindex=\"-1\" target=\"&quot;_blank&quot;\">\n\t\t\t<div class=\"elementor-post__thumbnail\"><img loading=\"lazy\" decoding=\"async\" width=\"300\" height=\"240\" src=\"https:\/\/www.hedera-etc.com\/wp-content\/uploads\/2023\/11\/Hedera-helix-Schaeffer-Three-300x240.webp\" class=\"attachment-medium size-medium wp-image-1358\" alt=\"Hedera helix &#039;Schaefer Three&#039; (Schaefer Three)&#039;\" srcset=\"https:\/\/www.hedera-etc.com\/wp-content\/uploads\/2023\/11\/Hedera-helix-Schaeffer-Three-300x240.webp 300w, https:\/\/www.hedera-etc.com\/wp-content\/uploads\/2023\/11\/Hedera-helix-Schaeffer-Three-768x613.webp 768w, https:\/\/www.hedera-etc.com\/wp-content\/uploads\/2023\/11\/Hedera-helix-Schaeffer-Three.webp 800w\" sizes=\"(max-width: 300px) 100vw, 300px\" \/><\/div>\n\t\t<\/a>\n\t\t\t\t<div class=\"elementor-post__text\">\n\t\t\t\t<h3 class=\"elementor-post__title\">\n\t\t\t<a href=\"https:\/\/www.hedera-etc.com\/it\/product\/hedera-helix-schaefer-three\/\" target=\"&quot;_blank&quot;\">\n\t\t\t\t<em>Hedera helix<\/em> &lsquo;Schaefer Three&rsquo; &#8211; Edera ornamentale\t\t\t<\/a>\n\t\t<\/h3>\n\t\t\t\t<div class=\"elementor-post__excerpt\">\n\t\t\t<p>Edera moderatamente vigorosa, rampicante o tappezzante, con foglie lucide a 3 o 5 lobi.<\/p> <p>Foglia variegata nei toni del\t\t<\/div>\n\t\t\n\t\t<a class=\"elementor-post__read-more\" href=\"https:\/\/www.hedera-etc.com\/it\/product\/hedera-helix-schaefer-three\/\" aria-label=\"Leggi tutto Hedera helix \u2018Schaefer Three\u2019 \u2013 Edera ornamentale\" tabindex=\"-1\" target=\"_blank\">\n\t\t\tPer saperne di pi\u00f9 \u00bb\t\t<\/a>\n\n\t\t\t\t<\/div>\n\t\t\t\t<\/article>\n\t\t\t\t<article class=\"elementor-post elementor-grid-item post-1363 product type-product status-publish has-post-thumbnail product_cat-lierre entry has-media last instock purchasable product-type-variable has-default-attributes has-product-nav col span_1_of_4 owp-content-center item-entry owp-thumbs-layout-horizontal owp-btn-normal owp-tabs-layout-section\">\n\t\t\t\t<a class=\"elementor-post__thumbnail__link\" href=\"https:\/\/www.hedera-etc.com\/it\/product\/hedera-hibernica-scutifolia\/\" tabindex=\"-1\" target=\"&quot;_blank&quot;\">\n\t\t\t<div class=\"elementor-post__thumbnail\"><img loading=\"lazy\" decoding=\"async\" width=\"300\" height=\"224\" src=\"https:\/\/www.hedera-etc.com\/wp-content\/uploads\/2023\/11\/Hedera-helix-Scutifolia-300x224.webp\" class=\"attachment-medium size-medium wp-image-1364\" alt=\"Hedera hibernica &#039;Scutifolia&#039;\" srcset=\"https:\/\/www.hedera-etc.com\/wp-content\/uploads\/2023\/11\/Hedera-helix-Scutifolia-300x224.webp 300w, https:\/\/www.hedera-etc.com\/wp-content\/uploads\/2023\/11\/Hedera-helix-Scutifolia-768x574.webp 768w, https:\/\/www.hedera-etc.com\/wp-content\/uploads\/2023\/11\/Hedera-helix-Scutifolia.webp 800w\" sizes=\"(max-width: 300px) 100vw, 300px\" \/><\/div>\n\t\t<\/a>\n\t\t\t\t<div class=\"elementor-post__text\">\n\t\t\t\t<h3 class=\"elementor-post__title\">\n\t\t\t<a href=\"https:\/\/www.hedera-etc.com\/it\/product\/hedera-hibernica-scutifolia\/\" target=\"&quot;_blank&quot;\">\n\t\t\t\t<em>Hedera hibernica<\/em> &lsquo;Scutifolia&rsquo; &#8211; Edera ornamentale\t\t\t<\/a>\n\t\t<\/h3>\n\t\t\t\t<div class=\"elementor-post__excerpt\">\n\t\t\t<p>Fogliame triangolare, simile a \u2018Deltoidea\u2019, ma fusti e lamina fogliare pi\u00f9 sottili, lamina fogliare pi\u00f9 lucida, venature verdi anzich\u00e9 grigie, lobi\t\t<\/div>\n\t\t\n\t\t<a class=\"elementor-post__read-more\" href=\"https:\/\/www.hedera-etc.com\/it\/product\/hedera-hibernica-scutifolia\/\" aria-label=\"Leggere tutta &lt;em&gt;Hedera hibernica&lt;\/em&gt; \u2018Scutifolia\u2019 - Edera ornamentale\" tabindex=\"-1\" target=\"_blank\">\n\t\t\tPer saperne di pi\u00f9 \u00bb\t\t<\/a>\n\n\t\t\t\t<\/div>\n\t\t\t\t<\/article>\n\t\t\t\t<article class=\"elementor-post elementor-grid-item post-1368 product type-product status-publish has-post-thumbnail product_cat-lierre entry has-media first instock purchasable product-type-variable has-default-attributes has-product-nav col span_1_of_4 owp-content-center item-entry owp-thumbs-layout-horizontal owp-btn-normal owp-tabs-layout-section\">\n\t\t\t\t<a class=\"elementor-post__thumbnail__link\" href=\"https:\/\/www.hedera-etc.com\/it\/product\/hedera-helix-sepia\/\" tabindex=\"-1\" target=\"&quot;_blank&quot;\">\n\t\t\t<div class=\"elementor-post__thumbnail\"><img loading=\"lazy\" decoding=\"async\" width=\"300\" height=\"225\" src=\"https:\/\/www.hedera-etc.com\/wp-content\/uploads\/2023\/11\/Hedera-helix-Sepia-300x225.webp\" class=\"attachment-medium size-medium wp-image-1369\" alt=\"Hedera helix &#039;Sepia&#039;\" srcset=\"https:\/\/www.hedera-etc.com\/wp-content\/uploads\/2023\/11\/Hedera-helix-Sepia-300x225.webp 300w, https:\/\/www.hedera-etc.com\/wp-content\/uploads\/2023\/11\/Hedera-helix-Sepia-768x575.webp 768w, https:\/\/www.hedera-etc.com\/wp-content\/uploads\/2023\/11\/Hedera-helix-Sepia.webp 800w\" sizes=\"(max-width: 300px) 100vw, 300px\" \/><\/div>\n\t\t<\/a>\n\t\t\t\t<div class=\"elementor-post__text\">\n\t\t\t\t<h3 class=\"elementor-post__title\">\n\t\t\t<a href=\"https:\/\/www.hedera-etc.com\/it\/product\/hedera-helix-sepia\/\" target=\"&quot;_blank&quot;\">\n\t\t\t\t<em>Hedera helix<\/em> &lsquo;Sepia&rsquo; &#8211; Edera ornamentale\t\t\t<\/a>\n\t\t<\/h3>\n\t\t\t\t<div class=\"elementor-post__excerpt\">\n\t\t\t<p>Buona ramificazione, ma scarsa crescita dei germogli annuali.<\/p> <p>Foglie per lo pi\u00f9 unlobate, ma occasionalmente trilobate, con\t\t<\/div>\n\t\t\n\t\t<a class=\"elementor-post__read-more\" href=\"https:\/\/www.hedera-etc.com\/it\/product\/hedera-helix-sepia\/\" aria-label=\"Leggi tutto &lt;em&gt;Hedera helix&lt;\/em&gt; \u2018Sepia\u2019 \u2013 Edera ornamentale\" tabindex=\"-1\" target=\"_blank\">\n\t\t\tPer saperne di pi\u00f9 \u00bb\t\t<\/a>\n\n\t\t\t\t<\/div>\n\t\t\t\t<\/article>\n\t\t\t\t<article class=\"elementor-post elementor-grid-item post-1376 product type-product status-publish has-post-thumbnail product_cat-lierre entry has-media  instock purchasable product-type-variable has-default-attributes has-product-nav col span_1_of_4 owp-content-center item-entry owp-thumbs-layout-horizontal owp-btn-normal owp-tabs-layout-section\">\n\t\t\t\t<a class=\"elementor-post__thumbnail__link\" href=\"https:\/\/www.hedera-etc.com\/it\/product\/hedera-helix-serenade\/\" tabindex=\"-1\" target=\"&quot;_blank&quot;\">\n\t\t\t<div class=\"elementor-post__thumbnail\"><img loading=\"lazy\" decoding=\"async\" width=\"300\" height=\"224\" src=\"https:\/\/www.hedera-etc.com\/wp-content\/uploads\/2023\/11\/Hedera-helix-Serenade-300x224.webp\" class=\"attachment-medium size-medium wp-image-1377\" alt=\"Hedera helix &#039;Serenade&#039;\" srcset=\"https:\/\/www.hedera-etc.com\/wp-content\/uploads\/2023\/11\/Hedera-helix-Serenade-300x224.webp 300w, https:\/\/www.hedera-etc.com\/wp-content\/uploads\/2023\/11\/Hedera-helix-Serenade-768x574.webp 768w, https:\/\/www.hedera-etc.com\/wp-content\/uploads\/2023\/11\/Hedera-helix-Serenade.webp 800w\" sizes=\"(max-width: 300px) 100vw, 300px\" \/><\/div>\n\t\t<\/a>\n\t\t\t\t<div class=\"elementor-post__text\">\n\t\t\t\t<h3 class=\"elementor-post__title\">\n\t\t\t<a href=\"https:\/\/www.hedera-etc.com\/it\/product\/hedera-helix-serenade\/\" target=\"&quot;_blank&quot;\">\n\t\t\t\t<em>Hedera helix<\/em> &lsquo;Serenade&rsquo; &#8211; Edera ornamentale\t\t\t<\/a>\n\t\t<\/h3>\n\t\t\t\t<div class=\"elementor-post__excerpt\">\n\t\t\t<p>Variet\u00e0 compatta e a crescita rapida.<\/p> <p>La foglia \u00e8 piuttosto piccola, composta da 5 lobi con punte leggermente arrotondate. Lama\t\t<\/div>\n\t\t\n\t\t<a class=\"elementor-post__read-more\" href=\"https:\/\/www.hedera-etc.com\/it\/product\/hedera-helix-serenade\/\" aria-label=\"Leggi tutto &lt;em&gt;Hedera helix&lt;\/em&gt; \u2018Serenade\u2019 \u2013 Edera ornamentale\" tabindex=\"-1\" target=\"_blank\">\n\t\t\tPer saperne di pi\u00f9 \u00bb\t\t<\/a>\n\n\t\t\t\t<\/div>\n\t\t\t\t<\/article>\n\t\t\t\t<article class=\"elementor-post elementor-grid-item post-1383 product type-product status-publish has-post-thumbnail product_cat-lierre entry has-media  instock purchasable product-type-variable has-default-attributes has-product-nav col span_1_of_4 owp-content-center item-entry owp-thumbs-layout-horizontal owp-btn-normal owp-tabs-layout-section has-no-thumbnails\">\n\t\t\t\t<a class=\"elementor-post__thumbnail__link\" href=\"https:\/\/www.hedera-etc.com\/it\/product\/hedera-helix-shamrock\/\" tabindex=\"-1\" target=\"&quot;_blank&quot;\">\n\t\t\t<div class=\"elementor-post__thumbnail\"><img loading=\"lazy\" decoding=\"async\" width=\"300\" height=\"240\" src=\"https:\/\/www.hedera-etc.com\/wp-content\/uploads\/2023\/11\/Hedera-helix-Shamrock-300x240.webp\" class=\"attachment-medium size-medium wp-image-1384\" alt=\"Hedera helix &#039;Shamrock&#039;\" srcset=\"https:\/\/www.hedera-etc.com\/wp-content\/uploads\/2023\/11\/Hedera-helix-Shamrock-300x240.webp 300w, https:\/\/www.hedera-etc.com\/wp-content\/uploads\/2023\/11\/Hedera-helix-Shamrock-768x614.webp 768w, https:\/\/www.hedera-etc.com\/wp-content\/uploads\/2023\/11\/Hedera-helix-Shamrock.webp 787w\" sizes=\"(max-width: 300px) 100vw, 300px\" \/><\/div>\n\t\t<\/a>\n\t\t\t\t<div class=\"elementor-post__text\">\n\t\t\t\t<h3 class=\"elementor-post__title\">\n\t\t\t<a href=\"https:\/\/www.hedera-etc.com\/it\/product\/hedera-helix-shamrock\/\" target=\"&quot;_blank&quot;\">\n\t\t\t\t<em>Hedera helix<\/em> &lsquo;Shamrock&rsquo; &#8211; Edera ornamentale\t\t\t<\/a>\n\t\t<\/h3>\n\t\t\t\t<div class=\"elementor-post__excerpt\">\n\t\t\t<p>Piccole foglie di 2 x 3 cm con tre lobi arrotondati, i due laterali si sovrappongono sopra il lobo.\t\t<\/div>\n\t\t\n\t\t<a class=\"elementor-post__read-more\" href=\"https:\/\/www.hedera-etc.com\/it\/product\/hedera-helix-shamrock\/\" aria-label=\"Leggi tutto &lt;em&gt;Hedera helix&lt;\/em&gt; \u2018Shamrock\u2019 \u2013 Edera ornamentale\" tabindex=\"-1\" target=\"_blank\">\n\t\t\tPer saperne di pi\u00f9 \u00bb\t\t<\/a>\n\n\t\t\t\t<\/div>\n\t\t\t\t<\/article>\n\t\t\t\t<article class=\"elementor-post elementor-grid-item post-1390 product type-product status-publish has-post-thumbnail product_cat-lierre entry has-media last instock purchasable product-type-variable has-default-attributes has-product-nav col span_1_of_4 owp-content-center item-entry owp-thumbs-layout-horizontal owp-btn-normal owp-tabs-layout-section\">\n\t\t\t\t<a class=\"elementor-post__thumbnail__link\" href=\"https:\/\/www.hedera-etc.com\/it\/product\/hedera-helix-shannon\/\" tabindex=\"-1\" target=\"&quot;_blank&quot;\">\n\t\t\t<div class=\"elementor-post__thumbnail\"><img loading=\"lazy\" decoding=\"async\" width=\"300\" height=\"225\" src=\"https:\/\/www.hedera-etc.com\/wp-content\/uploads\/2023\/11\/Hedera-helix-Shannon-300x225.webp\" class=\"attachment-medium size-medium wp-image-1391\" alt=\"Hedera helix &#039;Shannon&#039;\" srcset=\"https:\/\/www.hedera-etc.com\/wp-content\/uploads\/2023\/11\/Hedera-helix-Shannon-300x225.webp 300w, https:\/\/www.hedera-etc.com\/wp-content\/uploads\/2023\/11\/Hedera-helix-Shannon-768x576.webp 768w, https:\/\/www.hedera-etc.com\/wp-content\/uploads\/2023\/11\/Hedera-helix-Shannon.webp 839w\" sizes=\"(max-width: 300px) 100vw, 300px\" \/><\/div>\n\t\t<\/a>\n\t\t\t\t<div class=\"elementor-post__text\">\n\t\t\t\t<h3 class=\"elementor-post__title\">\n\t\t\t<a href=\"https:\/\/www.hedera-etc.com\/it\/product\/hedera-helix-shannon\/\" target=\"&quot;_blank&quot;\">\n\t\t\t\t<em>Hedera helix<\/em> &lsquo;Shannon&rsquo; &#8211; Edera ornamentale\t\t\t<\/a>\n\t\t<\/h3>\n\t\t\t\t<div class=\"elementor-post__excerpt\">\n\t\t\t<p>Fogliame composto da 3-5 lobi profondamente divisi, tanto da poter essere scambiati per foglioline. Base di\t\t<\/div>\n\t\t\n\t\t<a class=\"elementor-post__read-more\" href=\"https:\/\/www.hedera-etc.com\/it\/product\/hedera-helix-shannon\/\" aria-label=\"Leggi tutto Hedera helix \u2018Shannon\u2019 \u2013 Edera ornamentale\" tabindex=\"-1\" target=\"_blank\">\n\t\t\tPer saperne di pi\u00f9 \u00bb\t\t<\/a>\n\n\t\t\t\t<\/div>\n\t\t\t\t<\/article>\n\t\t\t\t<article class=\"elementor-post elementor-grid-item post-1396 product type-product status-publish has-post-thumbnail product_cat-lierre entry has-media first instock purchasable product-type-variable has-default-attributes has-product-nav col span_1_of_4 owp-content-center item-entry owp-thumbs-layout-horizontal owp-btn-normal owp-tabs-layout-section\">\n\t\t\t\t<a class=\"elementor-post__thumbnail__link\" href=\"https:\/\/www.hedera-etc.com\/it\/product\/hedera-x-soroksarensis-silbermowe\/\" tabindex=\"-1\" target=\"&quot;_blank&quot;\">\n\t\t\t<div class=\"elementor-post__thumbnail\"><img loading=\"lazy\" decoding=\"async\" width=\"300\" height=\"200\" src=\"https:\/\/www.hedera-etc.com\/wp-content\/uploads\/2023\/11\/Hedera-x-soroksarensis-Silbermove-300x200.webp\" class=\"attachment-medium size-medium wp-image-14172\" alt=\"Hedera x soroksarensis &#039;Silberm\u00f6we&#039; &#039;Silberm\u00f6we&#039;\" srcset=\"https:\/\/www.hedera-etc.com\/wp-content\/uploads\/2023\/11\/Hedera-x-soroksarensis-Silbermove-300x200.webp 300w, https:\/\/www.hedera-etc.com\/wp-content\/uploads\/2023\/11\/Hedera-x-soroksarensis-Silbermove-900x599.webp 900w, https:\/\/www.hedera-etc.com\/wp-content\/uploads\/2023\/11\/Hedera-x-soroksarensis-Silbermove-768x511.webp 768w, https:\/\/www.hedera-etc.com\/wp-content\/uploads\/2023\/11\/Hedera-x-soroksarensis-Silbermove.webp 1015w\" sizes=\"(max-width: 300px) 100vw, 300px\" \/><\/div>\n\t\t<\/a>\n\t\t\t\t<div class=\"elementor-post__text\">\n\t\t\t\t<h3 class=\"elementor-post__title\">\n\t\t\t<a href=\"https:\/\/www.hedera-etc.com\/it\/product\/hedera-x-soroksarensis-silbermowe\/\" target=\"&quot;_blank&quot;\">\n\t\t\t\t<em>Hedera x<\/em> soroksarensis &lsquo;Silberm\u00f6we&rsquo; &#8211; Edera ornamentale\t\t\t<\/a>\n\t\t<\/h3>\n\t\t\t\t<div class=\"elementor-post__excerpt\">\n\t\t\t<p>Foglie grandi, triangolari, con 3 lobi poco pronunciati.<\/p> <p>Lama verde chiaro punteggiata di grigio-argento e di bianco con\t\t<\/div>\n\t\t\n\t\t<a class=\"elementor-post__read-more\" href=\"https:\/\/www.hedera-etc.com\/it\/product\/hedera-x-soroksarensis-silbermowe\/\" aria-label=\"Leggi tutto Hedera x soroksarensis \u2018Silberm\u00f6we\u2019 \u2013 Edera ornamentale\" tabindex=\"-1\" target=\"_blank\">\n\t\t\tPer saperne di pi\u00f9 \u00bb\t\t<\/a>\n\n\t\t\t\t<\/div>\n\t\t\t\t<\/article>\n\t\t\t\t<article class=\"elementor-post elementor-grid-item post-1401 product type-product status-publish has-post-thumbnail product_cat-lierre entry has-media  instock purchasable product-type-variable has-default-attributes has-product-nav col span_1_of_4 owp-content-center item-entry owp-thumbs-layout-horizontal owp-btn-normal owp-tabs-layout-section\">\n\t\t\t\t<a class=\"elementor-post__thumbnail__link\" href=\"https:\/\/www.hedera-etc.com\/it\/product\/hedera-helix-silver-butterflies\/\" tabindex=\"-1\" target=\"&quot;_blank&quot;\">\n\t\t\t<div class=\"elementor-post__thumbnail\"><img loading=\"lazy\" decoding=\"async\" width=\"300\" height=\"225\" src=\"https:\/\/www.hedera-etc.com\/wp-content\/uploads\/2023\/11\/Hedera-helix-Silver-Butterfly-300x225.webp\" class=\"attachment-medium size-medium wp-image-1404\" alt=\"Hedera helix &#039;Silver Butterfly&#039;\" srcset=\"https:\/\/www.hedera-etc.com\/wp-content\/uploads\/2023\/11\/Hedera-helix-Silver-Butterfly-300x225.webp 300w, https:\/\/www.hedera-etc.com\/wp-content\/uploads\/2023\/11\/Hedera-helix-Silver-Butterfly-768x575.webp 768w, https:\/\/www.hedera-etc.com\/wp-content\/uploads\/2023\/11\/Hedera-helix-Silver-Butterfly.webp 800w\" sizes=\"(max-width: 300px) 100vw, 300px\" \/><\/div>\n\t\t<\/a>\n\t\t\t\t<div class=\"elementor-post__text\">\n\t\t\t\t<h3 class=\"elementor-post__title\">\n\t\t\t<a href=\"https:\/\/www.hedera-etc.com\/it\/product\/hedera-helix-silver-butterflies\/\" target=\"&quot;_blank&quot;\">\n\t\t\t\t<em>Hedera helix<\/em> &lsquo;Silver Butterflies&rsquo; &#8211; Edera ornamentale\t\t\t<\/a>\n\t\t<\/h3>\n\t\t\t\t<div class=\"elementor-post__excerpt\">\n\t\t\t<p>Rampicante, molto ramificata ma poco frondosa a causa dei lunghi internodi.<\/p> <p>Foglie asimmetriche con 3-5 lobi\t\t<\/div>\n\t\t\n\t\t<a class=\"elementor-post__read-more\" href=\"https:\/\/www.hedera-etc.com\/it\/product\/hedera-helix-silver-butterflies\/\" aria-label=\"Hedera helix \u2018Silver Butterflies\u2019 \u2013 edera ornamentale\" tabindex=\"-1\" target=\"_blank\">\n\t\t\tPer saperne di pi\u00f9 \u00bb\t\t<\/a>\n\n\t\t\t\t<\/div>\n\t\t\t\t<\/article>\n\t\t\t\t<article class=\"elementor-post elementor-grid-item post-1410 product type-product status-publish has-post-thumbnail product_cat-lierre entry has-media  instock purchasable product-type-variable has-default-attributes has-product-nav col span_1_of_4 owp-content-center item-entry owp-thumbs-layout-horizontal owp-btn-normal owp-tabs-layout-section\">\n\t\t\t\t<a class=\"elementor-post__thumbnail__link\" href=\"https:\/\/www.hedera-etc.com\/it\/product\/hedera-helix-silver-emblem\/\" tabindex=\"-1\" target=\"&quot;_blank&quot;\">\n\t\t\t<div class=\"elementor-post__thumbnail\"><img loading=\"lazy\" decoding=\"async\" width=\"300\" height=\"225\" src=\"https:\/\/www.hedera-etc.com\/wp-content\/uploads\/2023\/11\/Hedera-helix-Silver-Emblem-300x225.webp\" class=\"attachment-medium size-medium wp-image-1411\" alt=\"Hedera helix &#039;Emblema d&#039;argento&#039;\" srcset=\"https:\/\/www.hedera-etc.com\/wp-content\/uploads\/2023\/11\/Hedera-helix-Silver-Emblem-300x225.webp 300w, https:\/\/www.hedera-etc.com\/wp-content\/uploads\/2023\/11\/Hedera-helix-Silver-Emblem-768x576.webp 768w, https:\/\/www.hedera-etc.com\/wp-content\/uploads\/2023\/11\/Hedera-helix-Silver-Emblem.webp 839w\" sizes=\"(max-width: 300px) 100vw, 300px\" \/><\/div>\n\t\t<\/a>\n\t\t\t\t<div class=\"elementor-post__text\">\n\t\t\t\t<h3 class=\"elementor-post__title\">\n\t\t\t<a href=\"https:\/\/www.hedera-etc.com\/it\/product\/hedera-helix-silver-emblem\/\" target=\"&quot;_blank&quot;\">\n\t\t\t\t<em>Hedera helix<\/em> &lsquo;Silver Emblem&rsquo; &#8211; Edera ornamentale\t\t\t<\/a>\n\t\t<\/h3>\n\t\t\t\t<div class=\"elementor-post__excerpt\">\n\t\t\t<p>Variet\u00e0 con pochi rami. Fusti lunghi con internodi lunghi che portano foglie spesse a 3 o a volte a 5 lobi, lunghe da 3 a 10 cm.\t\t<\/div>\n\t\t\n\t\t<a class=\"elementor-post__read-more\" href=\"https:\/\/www.hedera-etc.com\/it\/product\/hedera-helix-silver-emblem\/\" aria-label=\"Leggi tutto *Hedera helix* \u2018Silver Emblem\u2019 \u2013 Edera ornamentale\" tabindex=\"-1\" target=\"_blank\">\n\t\t\tPer saperne di pi\u00f9 \u00bb\t\t<\/a>\n\n\t\t\t\t<\/div>\n\t\t\t\t<\/article>\n\t\t\t\t<article class=\"elementor-post elementor-grid-item post-1415 product type-product status-publish has-post-thumbnail product_cat-lierre entry has-media last instock purchasable product-type-variable has-default-attributes has-product-nav col span_1_of_4 owp-content-center item-entry owp-thumbs-layout-horizontal owp-btn-normal owp-tabs-layout-section has-no-thumbnails\">\n\t\t\t\t<a class=\"elementor-post__thumbnail__link\" href=\"https:\/\/www.hedera-etc.com\/it\/product\/hedera-helix-silver-ferney\/\" tabindex=\"-1\" target=\"&quot;_blank&quot;\">\n\t\t\t<div class=\"elementor-post__thumbnail\"><img loading=\"lazy\" decoding=\"async\" width=\"300\" height=\"225\" src=\"https:\/\/www.hedera-etc.com\/wp-content\/uploads\/2023\/11\/Hedera-helix-Silver-Ferney-300x225.webp\" class=\"attachment-medium size-medium wp-image-1416\" alt=\"Hedera helix &#039;Silver Ferney&#039;\" srcset=\"https:\/\/www.hedera-etc.com\/wp-content\/uploads\/2023\/11\/Hedera-helix-Silver-Ferney-300x225.webp 300w, https:\/\/www.hedera-etc.com\/wp-content\/uploads\/2023\/11\/Hedera-helix-Silver-Ferney-768x575.webp 768w, https:\/\/www.hedera-etc.com\/wp-content\/uploads\/2023\/11\/Hedera-helix-Silver-Ferney.webp 800w\" sizes=\"(max-width: 300px) 100vw, 300px\" \/><\/div>\n\t\t<\/a>\n\t\t\t\t<div class=\"elementor-post__text\">\n\t\t\t\t<h3 class=\"elementor-post__title\">\n\t\t\t<a href=\"https:\/\/www.hedera-etc.com\/it\/product\/hedera-helix-silver-ferney\/\" target=\"&quot;_blank&quot;\">\n\t\t\t\t<em>Hedera helix<\/em> &lsquo;Silver Ferney&rsquo; &#8211; Edera ornamentale\t\t\t<\/a>\n\t\t<\/h3>\n\t\t\t\t<div class=\"elementor-post__excerpt\">\n\t\t\t<p>Ciuffo compatto, denso e ben ramificato, con foglie piccole e argentate.<\/p> <p>Composto da 3 a 5 lobi appuntiti. Lama verde\t\t<\/div>\n\t\t\n\t\t<a class=\"elementor-post__read-more\" href=\"https:\/\/www.hedera-etc.com\/it\/product\/hedera-helix-silver-ferney\/\" aria-label=\"Leggi tutto &lt;em&gt;Hedera helix&lt;\/em&gt; \u2018Silver Ferney\u2019 \u2013 Edera ornamentale\" tabindex=\"-1\" target=\"_blank\">\n\t\t\tPer saperne di pi\u00f9 \u00bb\t\t<\/a>\n\n\t\t\t\t<\/div>\n\t\t\t\t<\/article>\n\t\t\t\t<article class=\"elementor-post elementor-grid-item post-1422 product type-product status-publish has-post-thumbnail product_cat-lierre entry has-media first instock purchasable product-type-variable has-default-attributes has-product-nav col span_1_of_4 owp-content-center item-entry owp-thumbs-layout-horizontal owp-btn-normal owp-tabs-layout-section has-no-thumbnails\">\n\t\t\t\t<a class=\"elementor-post__thumbnail__link\" href=\"https:\/\/www.hedera-etc.com\/it\/product\/hedera-helix-silver-queen\/\" tabindex=\"-1\" target=\"&quot;_blank&quot;\">\n\t\t\t<div class=\"elementor-post__thumbnail\"><img loading=\"lazy\" decoding=\"async\" width=\"300\" height=\"225\" src=\"https:\/\/www.hedera-etc.com\/wp-content\/uploads\/2023\/11\/Hedera-helix-Silver-Queen-300x225.webp\" class=\"attachment-medium size-medium wp-image-15286\" alt=\"Hedera helix &#039;Silver Queen&#039;\" srcset=\"https:\/\/www.hedera-etc.com\/wp-content\/uploads\/2023\/11\/Hedera-helix-Silver-Queen-300x225.webp 300w, https:\/\/www.hedera-etc.com\/wp-content\/uploads\/2023\/11\/Hedera-helix-Silver-Queen-900x674.webp 900w, https:\/\/www.hedera-etc.com\/wp-content\/uploads\/2023\/11\/Hedera-helix-Silver-Queen-768x575.webp 768w, https:\/\/www.hedera-etc.com\/wp-content\/uploads\/2023\/11\/Hedera-helix-Silver-Queen.webp 902w\" sizes=\"(max-width: 300px) 100vw, 300px\" \/><\/div>\n\t\t<\/a>\n\t\t\t\t<div class=\"elementor-post__text\">\n\t\t\t\t<h3 class=\"elementor-post__title\">\n\t\t\t<a href=\"https:\/\/www.hedera-etc.com\/it\/product\/hedera-helix-silver-queen\/\" target=\"&quot;_blank&quot;\">\n\t\t\t\t<em>Hedera helix<\/em> &lsquo;Silver Queen&rsquo; &#8211; Edera ornamentale\t\t\t<\/a>\n\t\t<\/h3>\n\t\t\t\t<div class=\"elementor-post__excerpt\">\n\t\t\t<p>Fogliame grigio-verde con bordi bianco crema.<\/p> <p>Foglie a 3 lobi. Base a forma di cuore. Fogliame di colore rosa.\t\t<\/div>\n\t\t\n\t\t<a class=\"elementor-post__read-more\" href=\"https:\/\/www.hedera-etc.com\/it\/product\/hedera-helix-silver-queen\/\" aria-label=\"Leggi tutto *Hedera helix* \u2018Silver Queen\u2019 \u2013 Edera ornamentale\" tabindex=\"-1\" target=\"_blank\">\n\t\t\tPer saperne di pi\u00f9 \u00bb\t\t<\/a>\n\n\t\t\t\t<\/div>\n\t\t\t\t<\/article>\n\t\t\t\t<article class=\"elementor-post elementor-grid-item post-1427 product type-product status-publish has-post-thumbnail product_cat-lierre entry has-media  instock purchasable product-type-variable has-default-attributes has-product-nav col span_1_of_4 owp-content-center item-entry owp-thumbs-layout-horizontal owp-btn-normal owp-tabs-layout-section\">\n\t\t\t\t<a class=\"elementor-post__thumbnail__link\" href=\"https:\/\/www.hedera-etc.com\/it\/product\/hedera-helix-small-deal\/\" tabindex=\"-1\" target=\"&quot;_blank&quot;\">\n\t\t\t<div class=\"elementor-post__thumbnail\"><img loading=\"lazy\" decoding=\"async\" width=\"300\" height=\"240\" src=\"https:\/\/www.hedera-etc.com\/wp-content\/uploads\/2023\/11\/Hedera-helix-Small-Deal-300x240.webp\" class=\"attachment-medium size-medium wp-image-1428\" alt=\"Hedera helix &#039;Small Deal&#039;\" srcset=\"https:\/\/www.hedera-etc.com\/wp-content\/uploads\/2023\/11\/Hedera-helix-Small-Deal-300x240.webp 300w, https:\/\/www.hedera-etc.com\/wp-content\/uploads\/2023\/11\/Hedera-helix-Small-Deal-768x614.webp 768w, https:\/\/www.hedera-etc.com\/wp-content\/uploads\/2023\/11\/Hedera-helix-Small-Deal.webp 787w\" sizes=\"(max-width: 300px) 100vw, 300px\" \/><\/div>\n\t\t<\/a>\n\t\t\t\t<div class=\"elementor-post__text\">\n\t\t\t\t<h3 class=\"elementor-post__title\">\n\t\t\t<a href=\"https:\/\/www.hedera-etc.com\/it\/product\/hedera-helix-small-deal\/\" target=\"&quot;_blank&quot;\">\n\t\t\t\t<em>Hedera helix<\/em> &lsquo;Small Deal&rsquo; &#8211; Edera ornamentale\t\t\t<\/a>\n\t\t<\/h3>\n\t\t\t\t<div class=\"elementor-post__excerpt\">\n\t\t\t<p>Variet\u00e0 fasciata con due foglie identiche. Le foglie possono avere da 5 a 11 lobi e misurare da 4 a 8 cm.\t\t<\/div>\n\t\t\n\t\t<a class=\"elementor-post__read-more\" href=\"https:\/\/www.hedera-etc.com\/it\/product\/hedera-helix-small-deal\/\" aria-label=\"Leggi tutto *Hedera helix* \u2018Small Deal\u2019 \u2013 edera ornamentale\" tabindex=\"-1\" target=\"_blank\">\n\t\t\tPer saperne di pi\u00f9 \u00bb\t\t<\/a>\n\n\t\t\t\t<\/div>\n\t\t\t\t<\/article>\n\t\t\t\t<article class=\"elementor-post elementor-grid-item post-1432 product type-product status-publish has-post-thumbnail product_cat-lierre entry has-media  instock purchasable product-type-variable has-default-attributes has-product-nav col span_1_of_4 owp-content-center item-entry owp-thumbs-layout-horizontal owp-btn-normal owp-tabs-layout-section\">\n\t\t\t\t<a class=\"elementor-post__thumbnail__link\" href=\"https:\/\/www.hedera-etc.com\/it\/product\/hedera-helix-smaryll\/\" tabindex=\"-1\" target=\"&quot;_blank&quot;\">\n\t\t\t<div class=\"elementor-post__thumbnail\"><img loading=\"lazy\" decoding=\"async\" width=\"300\" height=\"226\" src=\"https:\/\/www.hedera-etc.com\/wp-content\/uploads\/2023\/11\/Hedera-helix-Smaryll-300x226.webp\" class=\"attachment-medium size-medium wp-image-14148\" alt=\"Hedera helix &#039;Smaryll&#039;\" srcset=\"https:\/\/www.hedera-etc.com\/wp-content\/uploads\/2023\/11\/Hedera-helix-Smaryll-300x226.webp 300w, https:\/\/www.hedera-etc.com\/wp-content\/uploads\/2023\/11\/Hedera-helix-Smaryll-768x579.webp 768w, https:\/\/www.hedera-etc.com\/wp-content\/uploads\/2023\/11\/Hedera-helix-Smaryll.webp 895w\" sizes=\"(max-width: 300px) 100vw, 300px\" \/><\/div>\n\t\t<\/a>\n\t\t\t\t<div class=\"elementor-post__text\">\n\t\t\t\t<h3 class=\"elementor-post__title\">\n\t\t\t<a href=\"https:\/\/www.hedera-etc.com\/it\/product\/hedera-helix-smaryll\/\" target=\"&quot;_blank&quot;\">\n\t\t\t\t<em>Hedera helix<\/em> &lsquo;Smaryll&rsquo; &#8211; Edera ornamentale\t\t\t<\/a>\n\t\t<\/h3>\n\t\t\t\t<div class=\"elementor-post__excerpt\">\n\t\t\t<p>Variet\u00e0 tozza con fogliame verde medio-chiaro.<\/p> <p>Foglie composte da 3 lobi distinti e abbastanza larghi. Base su\t\t<\/div>\n\t\t\n\t\t<a class=\"elementor-post__read-more\" href=\"https:\/\/www.hedera-etc.com\/it\/product\/hedera-helix-smaryll\/\" aria-label=\"Leggi tutto *Hedera helix* \u2018Smaryll\u2019 \u2013 Edera ornamentale\" tabindex=\"-1\" target=\"_blank\">\n\t\t\tPer saperne di pi\u00f9 \u00bb\t\t<\/a>\n\n\t\t\t\t<\/div>\n\t\t\t\t<\/article>\n\t\t\t\t<article class=\"elementor-post elementor-grid-item post-1437 product type-product status-publish has-post-thumbnail product_cat-lierre entry has-media last instock purchasable product-type-variable has-default-attributes has-product-nav col span_1_of_4 owp-content-center item-entry owp-thumbs-layout-horizontal owp-btn-normal owp-tabs-layout-section\">\n\t\t\t\t<a class=\"elementor-post__thumbnail__link\" href=\"https:\/\/www.hedera-etc.com\/it\/product\/hedera-helix-smithii\/\" tabindex=\"-1\" target=\"&quot;_blank&quot;\">\n\t\t\t<div class=\"elementor-post__thumbnail\"><img loading=\"lazy\" decoding=\"async\" width=\"300\" height=\"225\" src=\"https:\/\/www.hedera-etc.com\/wp-content\/uploads\/2023\/11\/Hedera-helix-Smithii_2-300x225.webp\" class=\"attachment-medium size-medium wp-image-1438\" alt=\"Hedera helix &#039;Smithii&#039;\" srcset=\"https:\/\/www.hedera-etc.com\/wp-content\/uploads\/2023\/11\/Hedera-helix-Smithii_2-300x225.webp 300w, https:\/\/www.hedera-etc.com\/wp-content\/uploads\/2023\/11\/Hedera-helix-Smithii_2-768x575.webp 768w, https:\/\/www.hedera-etc.com\/wp-content\/uploads\/2023\/11\/Hedera-helix-Smithii_2.webp 800w\" sizes=\"(max-width: 300px) 100vw, 300px\" \/><\/div>\n\t\t<\/a>\n\t\t\t\t<div class=\"elementor-post__text\">\n\t\t\t\t<h3 class=\"elementor-post__title\">\n\t\t\t<a href=\"https:\/\/www.hedera-etc.com\/it\/product\/hedera-helix-smithii\/\" target=\"&quot;_blank&quot;\">\n\t\t\t\t<em>Hedera helix<\/em> &lsquo;Smithii&rsquo; &#8211; Edera ornamentale\t\t\t<\/a>\n\t\t<\/h3>\n\t\t\t\t<div class=\"elementor-post__excerpt\">\n\t\t\t<p>Variet\u00e0 simile a \u2018Baccifer\u2019 per forma e germogli. Solo il fogliame giovanile si differenzia per il fatto di essere\t\t<\/div>\n\t\t\n\t\t<a class=\"elementor-post__read-more\" href=\"https:\/\/www.hedera-etc.com\/it\/product\/hedera-helix-smithii\/\" aria-label=\"Leggi tutto &lt;em&gt;Hedera helix&lt;\/em&gt; \u2018Smithii\u2019 \u2013 Edera ornamentale\" tabindex=\"-1\" target=\"_blank\">\n\t\t\tPer saperne di pi\u00f9 \u00bb\t\t<\/a>\n\n\t\t\t\t<\/div>\n\t\t\t\t<\/article>\n\t\t\t\t<article class=\"elementor-post elementor-grid-item post-1444 product type-product status-publish has-post-thumbnail product_cat-lierre entry has-media first instock purchasable product-type-variable has-default-attributes has-product-nav col span_1_of_4 owp-content-center item-entry owp-thumbs-layout-horizontal owp-btn-normal owp-tabs-layout-section has-no-thumbnails\">\n\t\t\t\t<a class=\"elementor-post__thumbnail__link\" href=\"https:\/\/www.hedera-etc.com\/it\/product\/hedera-helix-sonja\/\" tabindex=\"-1\" target=\"&quot;_blank&quot;\">\n\t\t\t<div class=\"elementor-post__thumbnail\"><img loading=\"lazy\" decoding=\"async\" width=\"300\" height=\"200\" src=\"https:\/\/www.hedera-etc.com\/wp-content\/uploads\/2023\/11\/Hedera-helix-Sonja-300x200.webp\" class=\"attachment-medium size-medium wp-image-1445\" alt=\"Hedera helix &#039;Sonja&#039;\" srcset=\"https:\/\/www.hedera-etc.com\/wp-content\/uploads\/2023\/11\/Hedera-helix-Sonja-300x200.webp 300w, https:\/\/www.hedera-etc.com\/wp-content\/uploads\/2023\/11\/Hedera-helix-Sonja-768x511.webp 768w, https:\/\/www.hedera-etc.com\/wp-content\/uploads\/2023\/11\/Hedera-helix-Sonja.webp 800w\" sizes=\"(max-width: 300px) 100vw, 300px\" \/><\/div>\n\t\t<\/a>\n\t\t\t\t<div class=\"elementor-post__text\">\n\t\t\t\t<h3 class=\"elementor-post__title\">\n\t\t\t<a href=\"https:\/\/www.hedera-etc.com\/it\/product\/hedera-helix-sonja\/\" target=\"&quot;_blank&quot;\">\n\t\t\t\t<em>Hedera helix<\/em> &lsquo;Sonja&rsquo; &#8211; Edera ornamentale\t\t\t<\/a>\n\t\t<\/h3>\n\t\t\t\t<div class=\"elementor-post__excerpt\">\n\t\t\t<p>Variet\u00e0 con pochi rami. Fusti con belle foglie a ventaglio a 7 lobi.<\/p> <p>Foglie da 5 a 7 cm\t\t<\/div>\n\t\t\n\t\t<a class=\"elementor-post__read-more\" href=\"https:\/\/www.hedera-etc.com\/it\/product\/hedera-helix-sonja\/\" aria-label=\"Leggi tutto &lt;em&gt;Hedera helix&lt;\/em&gt; \u2018Sonja\u2019 \u2013 Edera ornamentale\" tabindex=\"-1\" target=\"_blank\">\n\t\t\tPer saperne di pi\u00f9 \u00bb\t\t<\/a>\n\n\t\t\t\t<\/div>\n\t\t\t\t<\/article>\n\t\t\t\t<article class=\"elementor-post elementor-grid-item post-1448 product type-product status-publish has-post-thumbnail product_cat-lierre entry has-media  instock purchasable product-type-variable has-default-attributes has-product-nav col span_1_of_4 owp-content-center item-entry owp-thumbs-layout-horizontal owp-btn-normal owp-tabs-layout-section\">\n\t\t\t\t<a class=\"elementor-post__thumbnail__link\" href=\"https:\/\/www.hedera-etc.com\/it\/product\/hedera-helix-sophien\/\" tabindex=\"-1\" target=\"&quot;_blank&quot;\">\n\t\t\t<div class=\"elementor-post__thumbnail\"><img loading=\"lazy\" decoding=\"async\" width=\"300\" height=\"225\" src=\"https:\/\/www.hedera-etc.com\/wp-content\/uploads\/2023\/11\/Hedera-helix-Sophien-300x225.webp\" class=\"attachment-medium size-medium wp-image-1449\" alt=\"Hedera helix &#039;Sophien&#039;\" srcset=\"https:\/\/www.hedera-etc.com\/wp-content\/uploads\/2023\/11\/Hedera-helix-Sophien-300x225.webp 300w, https:\/\/www.hedera-etc.com\/wp-content\/uploads\/2023\/11\/Hedera-helix-Sophien-900x675.webp 900w, https:\/\/www.hedera-etc.com\/wp-content\/uploads\/2023\/11\/Hedera-helix-Sophien-768x576.webp 768w, https:\/\/www.hedera-etc.com\/wp-content\/uploads\/2023\/11\/Hedera-helix-Sophien.webp 1024w\" sizes=\"(max-width: 300px) 100vw, 300px\" \/><\/div>\n\t\t<\/a>\n\t\t\t\t<div class=\"elementor-post__text\">\n\t\t\t\t<h3 class=\"elementor-post__title\">\n\t\t\t<a href=\"https:\/\/www.hedera-etc.com\/it\/product\/hedera-helix-sophien\/\" target=\"&quot;_blank&quot;\">\n\t\t\t\t<em>Hedera helix<\/em> &lsquo;Sophien&rsquo; &#8211; Edera ornamentale\t\t\t<\/a>\n\t\t<\/h3>\n\t\t\t\t<div class=\"elementor-post__excerpt\">\n\t\t\t<p>Fogliame verde chiaro o medio con belle venature.<\/p> <p>Foglia lucida e arrotolata, scurvata dal lobo apicale. A\t\t<\/div>\n\t\t\n\t\t<a class=\"elementor-post__read-more\" href=\"https:\/\/www.hedera-etc.com\/it\/product\/hedera-helix-sophien\/\" aria-label=\"Leggi tutto *Hedera helix* \u2018Sophien\u2019 \u2013 Edera ornamentale\" tabindex=\"-1\" target=\"_blank\">\n\t\t\tPer saperne di pi\u00f9 \u00bb\t\t<\/a>\n\n\t\t\t\t<\/div>\n\t\t\t\t<\/article>\n\t\t\t\t<article class=\"elementor-post elementor-grid-item post-1454 product type-product status-publish has-post-thumbnail product_cat-lierre entry has-media  instock purchasable product-type-variable has-default-attributes has-product-nav col span_1_of_4 owp-content-center item-entry owp-thumbs-layout-horizontal owp-btn-normal owp-tabs-layout-section has-no-thumbnails\">\n\t\t\t\t<a class=\"elementor-post__thumbnail__link\" href=\"https:\/\/www.hedera-etc.com\/it\/product\/hedera-helix-spear-point\/\" tabindex=\"-1\" target=\"&quot;_blank&quot;\">\n\t\t\t<div class=\"elementor-post__thumbnail\"><img loading=\"lazy\" decoding=\"async\" width=\"300\" height=\"232\" src=\"https:\/\/www.hedera-etc.com\/wp-content\/uploads\/2023\/11\/Hedera-helix-Spear-Point-300x232.webp\" class=\"attachment-medium size-medium wp-image-14135\" alt=\"Hedera helix &#039;Spear Point&#039;\" srcset=\"https:\/\/www.hedera-etc.com\/wp-content\/uploads\/2023\/11\/Hedera-helix-Spear-Point-300x232.webp 300w, https:\/\/www.hedera-etc.com\/wp-content\/uploads\/2023\/11\/Hedera-helix-Spear-Point-768x594.webp 768w, https:\/\/www.hedera-etc.com\/wp-content\/uploads\/2023\/11\/Hedera-helix-Spear-Point.webp 872w\" sizes=\"(max-width: 300px) 100vw, 300px\" \/><\/div>\n\t\t<\/a>\n\t\t\t\t<div class=\"elementor-post__text\">\n\t\t\t\t<h3 class=\"elementor-post__title\">\n\t\t\t<a href=\"https:\/\/www.hedera-etc.com\/it\/product\/hedera-helix-spear-point\/\" target=\"&quot;_blank&quot;\">\n\t\t\t\t<em>Hedera helix<\/em> &lsquo;Spear Point&rsquo; &#8211; Edera ornamentale\t\t\t<\/a>\n\t\t<\/h3>\n\t\t\t\t<div class=\"elementor-post__excerpt\">\n\t\t\t<p>Variet\u00e0 compatta e ramificata a crescita lenta.<\/p> <p>Foglie con 3 lobi che appaiono allungati e appuntiti, i lobi laterali forse\t\t<\/div>\n\t\t\n\t\t<a class=\"elementor-post__read-more\" href=\"https:\/\/www.hedera-etc.com\/it\/product\/hedera-helix-spear-point\/\" aria-label=\"Leggi tutto *Hedera helix* \u2018Spear Point\u2019 \u2013 Edera ornamentale\" tabindex=\"-1\" target=\"_blank\">\n\t\t\tPer saperne di pi\u00f9 \u00bb\t\t<\/a>\n\n\t\t\t\t<\/div>\n\t\t\t\t<\/article>\n\t\t\t\t<article class=\"elementor-post elementor-grid-item post-1458 product type-product status-publish has-post-thumbnail product_cat-lierre entry has-media last instock purchasable product-type-variable has-default-attributes has-product-nav col span_1_of_4 owp-content-center item-entry owp-thumbs-layout-horizontal owp-btn-normal owp-tabs-layout-section\">\n\t\t\t\t<a class=\"elementor-post__thumbnail__link\" href=\"https:\/\/www.hedera-etc.com\/it\/product\/hedera-helix-chrysophylla-spectabilis-aurea\/\" tabindex=\"-1\" target=\"&quot;_blank&quot;\">\n\t\t\t<div class=\"elementor-post__thumbnail\"><img loading=\"lazy\" decoding=\"async\" width=\"300\" height=\"199\" src=\"https:\/\/www.hedera-etc.com\/wp-content\/uploads\/2023\/11\/Hedera-helix-Chrysophylla-Spectabilis-Aurea-300x199.webp\" class=\"attachment-medium size-medium wp-image-1459\" alt=\"Hedera helix &#039;Chrysophylla&#039; (&#039;Spectabilis Aurea&#039;)\" srcset=\"https:\/\/www.hedera-etc.com\/wp-content\/uploads\/2023\/11\/Hedera-helix-Chrysophylla-Spectabilis-Aurea-300x199.webp 300w, https:\/\/www.hedera-etc.com\/wp-content\/uploads\/2023\/11\/Hedera-helix-Chrysophylla-Spectabilis-Aurea-900x598.webp 900w, https:\/\/www.hedera-etc.com\/wp-content\/uploads\/2023\/11\/Hedera-helix-Chrysophylla-Spectabilis-Aurea-768x510.webp 768w, https:\/\/www.hedera-etc.com\/wp-content\/uploads\/2023\/11\/Hedera-helix-Chrysophylla-Spectabilis-Aurea.webp 947w\" sizes=\"(max-width: 300px) 100vw, 300px\" \/><\/div>\n\t\t<\/a>\n\t\t\t\t<div class=\"elementor-post__text\">\n\t\t\t\t<h3 class=\"elementor-post__title\">\n\t\t\t<a href=\"https:\/\/www.hedera-etc.com\/it\/product\/hedera-helix-chrysophylla-spectabilis-aurea\/\" target=\"&quot;_blank&quot;\">\n\t\t\t\t<em>Hedera helix<\/em> &lsquo;Chrysophylla&rsquo; (&lsquo;Spectabilis Aurea&rsquo;) &#8211; Edera ornamentale\t\t\t<\/a>\n\t\t<\/h3>\n\t\t\t\t<div class=\"elementor-post__excerpt\">\n\t\t\t<p>Edera a crescita rapida con portamento robusto. Le foglie presentano forti macchie gialle ai margini, oltre a\t\t<\/div>\n\t\t\n\t\t<a class=\"elementor-post__read-more\" href=\"https:\/\/www.hedera-etc.com\/it\/product\/hedera-helix-chrysophylla-spectabilis-aurea\/\" aria-label=\"Leggi tutto &lt;em&gt;Hedera helix&lt;\/em&gt; \u2018Chrysophylla\u2019 (\u2018Spectabilis Aurea\u2019) \u2013 Edera ornamentale\" tabindex=\"-1\" target=\"_blank\">\n\t\t\tPer saperne di pi\u00f9 \u00bb\t\t<\/a>\n\n\t\t\t\t<\/div>\n\t\t\t\t<\/article>\n\t\t\t\t<article class=\"elementor-post elementor-grid-item post-1464 product type-product status-publish has-post-thumbnail product_cat-lierre entry has-media first instock purchasable product-type-variable has-default-attributes has-product-nav col span_1_of_4 owp-content-center item-entry owp-thumbs-layout-horizontal owp-btn-normal owp-tabs-layout-section\">\n\t\t\t\t<a class=\"elementor-post__thumbnail__link\" href=\"https:\/\/www.hedera-etc.com\/it\/product\/hedera-helix-spectre\/\" tabindex=\"-1\" target=\"&quot;_blank&quot;\">\n\t\t\t<div class=\"elementor-post__thumbnail\"><img loading=\"lazy\" decoding=\"async\" width=\"300\" height=\"225\" src=\"https:\/\/www.hedera-etc.com\/wp-content\/uploads\/2023\/11\/Hedera-helix-Spectre_2-300x225.webp\" class=\"attachment-medium size-medium wp-image-1465\" alt=\"Hedera helix &#039;Spectre&#039;\" srcset=\"https:\/\/www.hedera-etc.com\/wp-content\/uploads\/2023\/11\/Hedera-helix-Spectre_2-300x225.webp 300w, https:\/\/www.hedera-etc.com\/wp-content\/uploads\/2023\/11\/Hedera-helix-Spectre_2-900x675.webp 900w, https:\/\/www.hedera-etc.com\/wp-content\/uploads\/2023\/11\/Hedera-helix-Spectre_2-768x576.webp 768w, https:\/\/www.hedera-etc.com\/wp-content\/uploads\/2023\/11\/Hedera-helix-Spectre_2.webp 1024w\" sizes=\"(max-width: 300px) 100vw, 300px\" \/><\/div>\n\t\t<\/a>\n\t\t\t\t<div class=\"elementor-post__text\">\n\t\t\t\t<h3 class=\"elementor-post__title\">\n\t\t\t<a href=\"https:\/\/www.hedera-etc.com\/it\/product\/hedera-helix-spectre\/\" target=\"&quot;_blank&quot;\">\n\t\t\t\t<em>Hedera helix<\/em> &lsquo;Spectre&rsquo; &#8211; Edera ornamentale\t\t\t<\/a>\n\t\t<\/h3>\n\t\t\t\t<div class=\"elementor-post__excerpt\">\n\t\t\t<p>Copertura del terreno con fogliame composto da 3 a 5 lobi con un lobo centrale affusolato e leggermente incurvato.<\/p> <p>Nuovi germogli con\t\t<\/div>\n\t\t\n\t\t<a class=\"elementor-post__read-more\" href=\"https:\/\/www.hedera-etc.com\/it\/product\/hedera-helix-spectre\/\" aria-label=\"Leggi tutto *Hedera helix* \u2018Spectre\u2019 \u2013 Edera ornamentale\" tabindex=\"-1\" target=\"_blank\">\n\t\t\tPer saperne di pi\u00f9 \u00bb\t\t<\/a>\n\n\t\t\t\t<\/div>\n\t\t\t\t<\/article>\n\t\t\t\t<article class=\"elementor-post elementor-grid-item post-1470 product type-product status-publish has-post-thumbnail product_cat-lierre entry has-media  instock purchasable product-type-variable has-default-attributes has-product-nav col span_1_of_4 owp-content-center item-entry owp-thumbs-layout-horizontal owp-btn-normal owp-tabs-layout-section has-no-thumbnails\">\n\t\t\t\t<a class=\"elementor-post__thumbnail__link\" href=\"https:\/\/www.hedera-etc.com\/it\/product\/hedera-helix-spinosa\/\" tabindex=\"-1\" target=\"&quot;_blank&quot;\">\n\t\t\t<div class=\"elementor-post__thumbnail\"><img loading=\"lazy\" decoding=\"async\" width=\"300\" height=\"225\" src=\"https:\/\/www.hedera-etc.com\/wp-content\/uploads\/2023\/11\/Hedera-helix-Spinosa-300x225.webp\" class=\"attachment-medium size-medium wp-image-1471\" alt=\"Hedera helix &#039;Spinosa&#039;\" srcset=\"https:\/\/www.hedera-etc.com\/wp-content\/uploads\/2023\/11\/Hedera-helix-Spinosa-300x225.webp 300w, https:\/\/www.hedera-etc.com\/wp-content\/uploads\/2023\/11\/Hedera-helix-Spinosa-900x675.webp 900w, https:\/\/www.hedera-etc.com\/wp-content\/uploads\/2023\/11\/Hedera-helix-Spinosa-768x576.webp 768w, https:\/\/www.hedera-etc.com\/wp-content\/uploads\/2023\/11\/Hedera-helix-Spinosa.webp 1024w\" sizes=\"(max-width: 300px) 100vw, 300px\" \/><\/div>\n\t\t<\/a>\n\t\t\t\t<div class=\"elementor-post__text\">\n\t\t\t\t<h3 class=\"elementor-post__title\">\n\t\t\t<a href=\"https:\/\/www.hedera-etc.com\/it\/product\/hedera-helix-spinosa\/\" target=\"&quot;_blank&quot;\">\n\t\t\t\t<em>Hedera helix<\/em> &lsquo;Spinosa&rsquo; &#8211; Edera ornamentale\t\t\t<\/a>\n\t\t<\/h3>\n\t\t\t\t<div class=\"elementor-post__excerpt\">\n\t\t\t<p>In parte nana, in parte arbustiva, ben ramificata. Fusti verde-violaceo, spesso molto spessi, talvolta appiattiti e ingrossati in prossimit\u00e0 del nodo, che si allargano fino alla punta.\t\t<\/div>\n\t\t\n\t\t<a class=\"elementor-post__read-more\" href=\"https:\/\/www.hedera-etc.com\/it\/product\/hedera-helix-spinosa\/\" aria-label=\"Leggi tutto &lt;em&gt;Hedera helix&lt;\/em&gt; \u2018Spinosa\u2019 \u2013 Edera ornamentale\" tabindex=\"-1\" target=\"_blank\">\n\t\t\tPer saperne di pi\u00f9 \u00bb\t\t<\/a>\n\n\t\t\t\t<\/div>\n\t\t\t\t<\/article>\n\t\t\t\t<article class=\"elementor-post elementor-grid-item post-1475 product type-product status-publish has-post-thumbnail product_cat-lierre entry has-media  instock purchasable product-type-variable has-default-attributes has-product-nav col span_1_of_4 owp-content-center item-entry owp-thumbs-layout-horizontal owp-btn-normal owp-tabs-layout-section\">\n\t\t\t\t<a class=\"elementor-post__thumbnail__link\" href=\"https:\/\/www.hedera-etc.com\/it\/product\/hedera-helix-star\/\" tabindex=\"-1\" target=\"&quot;_blank&quot;\">\n\t\t\t<div class=\"elementor-post__thumbnail\"><img loading=\"lazy\" decoding=\"async\" width=\"300\" height=\"225\" src=\"https:\/\/www.hedera-etc.com\/wp-content\/uploads\/2023\/11\/Hedera-helix-Star-300x225.webp\" class=\"attachment-medium size-medium wp-image-14117\" alt=\"Hedera helix &#039;Star&#039;\" srcset=\"https:\/\/www.hedera-etc.com\/wp-content\/uploads\/2023\/11\/Hedera-helix-Star-300x225.webp 300w, https:\/\/www.hedera-etc.com\/wp-content\/uploads\/2023\/11\/Hedera-helix-Star-768x576.webp 768w, https:\/\/www.hedera-etc.com\/wp-content\/uploads\/2023\/11\/Hedera-helix-Star.webp 900w\" sizes=\"(max-width: 300px) 100vw, 300px\" \/><\/div>\n\t\t<\/a>\n\t\t\t\t<div class=\"elementor-post__text\">\n\t\t\t\t<h3 class=\"elementor-post__title\">\n\t\t\t<a href=\"https:\/\/www.hedera-etc.com\/it\/product\/hedera-helix-star\/\" target=\"&quot;_blank&quot;\">\n\t\t\t\t<em>Hedera helix<\/em> &lsquo;Star&rsquo; &#8211; Edera ornamentale\t\t\t<\/a>\n\t\t<\/h3>\n\t\t\t\t<div class=\"elementor-post__excerpt\">\n\t\t\t<p>Pianta vigorosa e ramificata che forma grandi masse di fogliame verde chiaro.<\/p> <p>Foglia sagittata composta da 5 lobi, di cui il lobo centrale\t\t<\/div>\n\t\t\n\t\t<a class=\"elementor-post__read-more\" href=\"https:\/\/www.hedera-etc.com\/it\/product\/hedera-helix-star\/\" aria-label=\"Leggi tutto &lt;em&gt;Hedera helix&lt;\/em&gt; \u2018Star\u2019 \u2013 Edera ornamentale\" tabindex=\"-1\" target=\"_blank\">\n\t\t\tPer saperne di pi\u00f9 \u00bb\t\t<\/a>\n\n\t\t\t\t<\/div>\n\t\t\t\t<\/article>\n\t\t\t\t<article class=\"elementor-post elementor-grid-item post-1482 product type-product status-publish has-post-thumbnail product_cat-lierre entry has-media last instock purchasable product-type-variable has-default-attributes has-product-nav col span_1_of_4 owp-content-center item-entry owp-thumbs-layout-horizontal owp-btn-normal owp-tabs-layout-section has-no-thumbnails\">\n\t\t\t\t<a class=\"elementor-post__thumbnail__link\" href=\"https:\/\/www.hedera-etc.com\/it\/product\/hedera-helix-stella\/\" tabindex=\"-1\" target=\"&quot;_blank&quot;\">\n\t\t\t<div class=\"elementor-post__thumbnail\"><img loading=\"lazy\" decoding=\"async\" width=\"300\" height=\"229\" src=\"https:\/\/www.hedera-etc.com\/wp-content\/uploads\/2023\/11\/Hedera-helix-Stella-300x229.webp\" class=\"attachment-medium size-medium wp-image-1483\" alt=\"Hedera helix &#039;Stella&#039;\" srcset=\"https:\/\/www.hedera-etc.com\/wp-content\/uploads\/2023\/11\/Hedera-helix-Stella-300x229.webp 300w, https:\/\/www.hedera-etc.com\/wp-content\/uploads\/2023\/11\/Hedera-helix-Stella-768x586.webp 768w, https:\/\/www.hedera-etc.com\/wp-content\/uploads\/2023\/11\/Hedera-helix-Stella.webp 829w\" sizes=\"(max-width: 300px) 100vw, 300px\" \/><\/div>\n\t\t<\/a>\n\t\t\t\t<div class=\"elementor-post__text\">\n\t\t\t\t<h3 class=\"elementor-post__title\">\n\t\t\t<a href=\"https:\/\/www.hedera-etc.com\/it\/product\/hedera-helix-stella\/\" target=\"&quot;_blank&quot;\">\n\t\t\t\t<em>Hedera helix<\/em> &lsquo;Stella&rsquo; &#8211; Edera ornamentale\t\t\t<\/a>\n\t\t<\/h3>\n\t\t\t\t<div class=\"elementor-post__excerpt\">\n\t\t\t<p>Pianta ramificata con pochi rami e fusti con internodi piuttosto corti.<\/p> <p>Foglie di colore verde scuro con un lobo lungo e stretto\t\t<\/div>\n\t\t\n\t\t<a class=\"elementor-post__read-more\" href=\"https:\/\/www.hedera-etc.com\/it\/product\/hedera-helix-stella\/\" aria-label=\"Leggi tutto &lt;em&gt;Hedera helix&lt;\/em&gt; \u2018Stella\u2019 \u2013 Edera ornamentale\" tabindex=\"-1\" target=\"_blank\">\n\t\t\tPer saperne di pi\u00f9 \u00bb\t\t<\/a>\n\n\t\t\t\t<\/div>\n\t\t\t\t<\/article>\n\t\t\t\t<article class=\"elementor-post elementor-grid-item post-1494 product type-product status-publish has-post-thumbnail product_cat-lierre entry has-media first instock purchasable product-type-variable has-default-attributes has-product-nav col span_1_of_4 owp-content-center item-entry owp-thumbs-layout-horizontal owp-btn-normal owp-tabs-layout-section\">\n\t\t\t\t<a class=\"elementor-post__thumbnail__link\" href=\"https:\/\/www.hedera-etc.com\/it\/product\/hedera-helix-steven\/\" tabindex=\"-1\" target=\"&quot;_blank&quot;\">\n\t\t\t<div class=\"elementor-post__thumbnail\"><img loading=\"lazy\" decoding=\"async\" width=\"300\" height=\"225\" src=\"https:\/\/www.hedera-etc.com\/wp-content\/uploads\/2023\/11\/Hedera-helix-Steven-1-300x225.webp\" class=\"attachment-medium size-medium wp-image-14102\" alt=\"Hedera helix &#039;Steven&#039;\" srcset=\"https:\/\/www.hedera-etc.com\/wp-content\/uploads\/2023\/11\/Hedera-helix-Steven-1-300x225.webp 300w, https:\/\/www.hedera-etc.com\/wp-content\/uploads\/2023\/11\/Hedera-helix-Steven-1-900x675.webp 900w, https:\/\/www.hedera-etc.com\/wp-content\/uploads\/2023\/11\/Hedera-helix-Steven-1-1024x768.webp 1024w, https:\/\/www.hedera-etc.com\/wp-content\/uploads\/2023\/11\/Hedera-helix-Steven-1-768x576.webp 768w, https:\/\/www.hedera-etc.com\/wp-content\/uploads\/2023\/11\/Hedera-helix-Steven-1-1536x1152.webp 1536w, https:\/\/www.hedera-etc.com\/wp-content\/uploads\/2023\/11\/Hedera-helix-Steven-1-1320x990.webp 1320w, https:\/\/www.hedera-etc.com\/wp-content\/uploads\/2023\/11\/Hedera-helix-Steven-1.webp 1600w\" sizes=\"(max-width: 300px) 100vw, 300px\" \/><\/div>\n\t\t<\/a>\n\t\t\t\t<div class=\"elementor-post__text\">\n\t\t\t\t<h3 class=\"elementor-post__title\">\n\t\t\t<a href=\"https:\/\/www.hedera-etc.com\/it\/product\/hedera-helix-steven\/\" target=\"&quot;_blank&quot;\">\n\t\t\t\t<em>Hedera helix<\/em> &lsquo;Steven&rsquo; &#8211; Edera ornamentale\t\t\t<\/a>\n\t\t<\/h3>\n\t\t\t\t<div class=\"elementor-post__excerpt\">\n\t\t\t<p>Pianta a crescita breve con fusti spessi e scarsamente ramificati e foglie ondulate e arricciate ai margini.<\/p> <p>Visita\t\t<\/div>\n\t\t\n\t\t<a class=\"elementor-post__read-more\" href=\"https:\/\/www.hedera-etc.com\/it\/product\/hedera-helix-steven\/\" aria-label=\"Leggi tutto _Hedera helix_ \u2018Steven\u2019 \u2013 Edera ornamentale\" tabindex=\"-1\" target=\"_blank\">\n\t\t\tPer saperne di pi\u00f9 \u00bb\t\t<\/a>\n\n\t\t\t\t<\/div>\n\t\t\t\t<\/article>\n\t\t\t\t<article class=\"elementor-post elementor-grid-item post-1500 product type-product status-publish has-post-thumbnail product_cat-lierre entry has-media  instock purchasable product-type-variable has-default-attributes has-product-nav col span_1_of_4 owp-content-center item-entry owp-thumbs-layout-horizontal owp-btn-normal owp-tabs-layout-section has-no-thumbnails\">\n\t\t\t\t<a class=\"elementor-post__thumbnail__link\" href=\"https:\/\/www.hedera-etc.com\/it\/product\/hedera-helix-stuttgart\/\" tabindex=\"-1\" target=\"&quot;_blank&quot;\">\n\t\t\t<div class=\"elementor-post__thumbnail\"><img loading=\"lazy\" decoding=\"async\" width=\"300\" height=\"240\" src=\"https:\/\/www.hedera-etc.com\/wp-content\/uploads\/2023\/11\/Hedera-helix-Stuttgart-300x240.webp\" class=\"attachment-medium size-medium wp-image-1501\" alt=\"Hedera helix &#039;Stuttgart&#039;\" srcset=\"https:\/\/www.hedera-etc.com\/wp-content\/uploads\/2023\/11\/Hedera-helix-Stuttgart-300x240.webp 300w, https:\/\/www.hedera-etc.com\/wp-content\/uploads\/2023\/11\/Hedera-helix-Stuttgart-768x613.webp 768w, https:\/\/www.hedera-etc.com\/wp-content\/uploads\/2023\/11\/Hedera-helix-Stuttgart.webp 800w\" sizes=\"(max-width: 300px) 100vw, 300px\" \/><\/div>\n\t\t<\/a>\n\t\t\t\t<div class=\"elementor-post__text\">\n\t\t\t\t<h3 class=\"elementor-post__title\">\n\t\t\t<a href=\"https:\/\/www.hedera-etc.com\/it\/product\/hedera-helix-stuttgart\/\" target=\"&quot;_blank&quot;\">\n\t\t\t\t<em>Hedera helix<\/em> &lsquo;Stuttgart&rsquo; &#8211; Edera ornamentale\t\t\t<\/a>\n\t\t<\/h3>\n\t\t\t\t<div class=\"elementor-post__excerpt\">\n\t\t\t<p>Variet\u00e0 derivata da Ivalace\u201d, con una crescita molto densa e robusta.<\/p> <p>Le foglie sono due volte pi\u00f9 grandi. Fusti ben ramificati, con\t\t<\/div>\n\t\t\n\t\t<a class=\"elementor-post__read-more\" href=\"https:\/\/www.hedera-etc.com\/it\/product\/hedera-helix-stuttgart\/\" aria-label=\"Leggi tutto &lt;em&gt;Hedera helix&lt;\/em&gt; \u2018Stuttgart\u2019 \u2013 Edera ornamentale\" tabindex=\"-1\" target=\"_blank\">\n\t\t\tPer saperne di pi\u00f9 \u00bb\t\t<\/a>\n\n\t\t\t\t<\/div>\n\t\t\t\t<\/article>\n\t\t\t\t<article class=\"elementor-post elementor-grid-item post-1505 product type-product status-publish has-post-thumbnail product_cat-lierre entry has-media  outofstock product-type-variable has-default-attributes has-product-nav col span_1_of_4 owp-content-center item-entry owp-thumbs-layout-horizontal owp-btn-normal owp-tabs-layout-section has-no-thumbnails\">\n\t\t\t\t<a class=\"elementor-post__thumbnail__link\" href=\"https:\/\/www.hedera-etc.com\/it\/product\/hedera-rhombea-submarginata-arborescens\/\" tabindex=\"-1\" target=\"&quot;_blank&quot;\">\n\t\t\t<div class=\"elementor-post__thumbnail\"><img loading=\"lazy\" decoding=\"async\" width=\"300\" height=\"225\" src=\"https:\/\/www.hedera-etc.com\/wp-content\/uploads\/2023\/11\/Hedera-rhombea-Submarginata-Arborescens-300x225.webp\" class=\"attachment-medium size-medium wp-image-18450\" alt=\"Hedera rhombea &#039;Submarginata Arborescens&#039;\" srcset=\"https:\/\/www.hedera-etc.com\/wp-content\/uploads\/2023\/11\/Hedera-rhombea-Submarginata-Arborescens-300x225.webp 300w, https:\/\/www.hedera-etc.com\/wp-content\/uploads\/2023\/11\/Hedera-rhombea-Submarginata-Arborescens-1024x768.webp 1024w, https:\/\/www.hedera-etc.com\/wp-content\/uploads\/2023\/11\/Hedera-rhombea-Submarginata-Arborescens-768x576.webp 768w, https:\/\/www.hedera-etc.com\/wp-content\/uploads\/2023\/11\/Hedera-rhombea-Submarginata-Arborescens-1536x1152.webp 1536w, https:\/\/www.hedera-etc.com\/wp-content\/uploads\/2023\/11\/Hedera-rhombea-Submarginata-Arborescens-16x12.webp 16w, https:\/\/www.hedera-etc.com\/wp-content\/uploads\/2023\/11\/Hedera-rhombea-Submarginata-Arborescens-1320x990.webp 1320w, https:\/\/www.hedera-etc.com\/wp-content\/uploads\/2023\/11\/Hedera-rhombea-Submarginata-Arborescens-900x675.webp 900w, https:\/\/www.hedera-etc.com\/wp-content\/uploads\/2023\/11\/Hedera-rhombea-Submarginata-Arborescens.webp 1920w\" sizes=\"(max-width: 300px) 100vw, 300px\" \/><\/div>\n\t\t<\/a>\n\t\t\t\t<div class=\"elementor-post__text\">\n\t\t\t\t<h3 class=\"elementor-post__title\">\n\t\t\t<a href=\"https:\/\/www.hedera-etc.com\/it\/product\/hedera-rhombea-submarginata-arborescens\/\" target=\"&quot;_blank&quot;\">\n\t\t\t\t<em>Hedera rhombea<\/em> &lsquo;Submarginata Arborescens&rsquo; &#8211; Edera giapponese\t\t\t<\/a>\n\t\t<\/h3>\n\t\t\t\t<div class=\"elementor-post__excerpt\">\n\t\t\t<p>Edera a crescita lenta. Gli steli portano foglie asimmetriche screziate di verde scuro e grigio-verde.<\/p> <p>Forma un piccolo\t\t<\/div>\n\t\t\n\t\t<a class=\"elementor-post__read-more\" href=\"https:\/\/www.hedera-etc.com\/it\/product\/hedera-rhombea-submarginata-arborescens\/\" aria-label=\"Leggi tutto *Hedera rhombea* \u2018Submarginata Arborescens\u2019 - Lierre du Japon\" tabindex=\"-1\" target=\"_blank\">\n\t\t\tPer saperne di pi\u00f9 \u00bb\t\t<\/a>\n\n\t\t\t\t<\/div>\n\t\t\t\t<\/article>\n\t\t\t\t<article class=\"elementor-post elementor-grid-item post-1510 product type-product status-publish has-post-thumbnail product_cat-lierre entry has-media last instock purchasable product-type-variable has-default-attributes has-product-nav col span_1_of_4 owp-content-center item-entry owp-thumbs-layout-horizontal owp-btn-normal owp-tabs-layout-section\">\n\t\t\t\t<a class=\"elementor-post__thumbnail__link\" href=\"https:\/\/www.hedera-etc.com\/it\/product\/hedera-helix-sunrise\/\" tabindex=\"-1\" target=\"&quot;_blank&quot;\">\n\t\t\t<div class=\"elementor-post__thumbnail\"><img loading=\"lazy\" decoding=\"async\" width=\"300\" height=\"225\" src=\"https:\/\/www.hedera-etc.com\/wp-content\/uploads\/2023\/11\/Hedera-helix-Sunrise-300x225.webp\" class=\"attachment-medium size-medium wp-image-1511\" alt=\"Hedera helix &#039;Sunrise&#039;\" srcset=\"https:\/\/www.hedera-etc.com\/wp-content\/uploads\/2023\/11\/Hedera-helix-Sunrise-300x225.webp 300w, https:\/\/www.hedera-etc.com\/wp-content\/uploads\/2023\/11\/Hedera-helix-Sunrise-768x576.webp 768w, https:\/\/www.hedera-etc.com\/wp-content\/uploads\/2023\/11\/Hedera-helix-Sunrise.webp 839w\" sizes=\"(max-width: 300px) 100vw, 300px\" \/><\/div>\n\t\t<\/a>\n\t\t\t\t<div class=\"elementor-post__text\">\n\t\t\t\t<h3 class=\"elementor-post__title\">\n\t\t\t<a href=\"https:\/\/www.hedera-etc.com\/it\/product\/hedera-helix-sunrise\/\" target=\"&quot;_blank&quot;\">\n\t\t\t\t<em>Hedera helix<\/em> &lsquo;Sunrise&rsquo; &#8211; Edera ornamentale\t\t\t<\/a>\n\t\t<\/h3>\n\t\t\t\t<div class=\"elementor-post__excerpt\">\n\t\t\t<p>Foglie tradizionali dell'edera, ma di colore giallo oro. Molto vigorosa, abbastanza ramificata, molto simile a \u2018Buttercup\u2019 ma molto pi\u00f9 facile da coltivare.\t\t<\/div>\n\t\t\n\t\t<a class=\"elementor-post__read-more\" href=\"https:\/\/www.hedera-etc.com\/it\/product\/hedera-helix-sunrise\/\" aria-label=\"Leggi tutto &lt;em&gt;Hedera helix&lt;\/em&gt; \u2018Sunrise\u2019 \u2013 Edera ornamentale\" tabindex=\"-1\" target=\"_blank\">\n\t\t\tPer saperne di pi\u00f9 \u00bb\t\t<\/a>\n\n\t\t\t\t<\/div>\n\t\t\t\t<\/article>\n\t\t\t\t<article class=\"elementor-post elementor-grid-item post-1516 product type-product status-publish has-post-thumbnail product_cat-lierre entry has-media first instock purchasable product-type-variable has-default-attributes has-product-nav col span_1_of_4 owp-content-center item-entry owp-thumbs-layout-horizontal owp-btn-normal owp-tabs-layout-section has-no-thumbnails\">\n\t\t\t\t<a class=\"elementor-post__thumbnail__link\" href=\"https:\/\/www.hedera-etc.com\/it\/product\/hedera-helix-susanne\/\" tabindex=\"-1\" target=\"&quot;_blank&quot;\">\n\t\t\t<div class=\"elementor-post__thumbnail\"><img loading=\"lazy\" decoding=\"async\" width=\"300\" height=\"225\" src=\"https:\/\/www.hedera-etc.com\/wp-content\/uploads\/2023\/11\/Hedera-helix-Susanne-300x225.webp\" class=\"attachment-medium size-medium wp-image-1517\" alt=\"Hedera helix &#039;Susanne&#039;\" srcset=\"https:\/\/www.hedera-etc.com\/wp-content\/uploads\/2023\/11\/Hedera-helix-Susanne-300x225.webp 300w, https:\/\/www.hedera-etc.com\/wp-content\/uploads\/2023\/11\/Hedera-helix-Susanne-900x675.webp 900w, https:\/\/www.hedera-etc.com\/wp-content\/uploads\/2023\/11\/Hedera-helix-Susanne-768x576.webp 768w, https:\/\/www.hedera-etc.com\/wp-content\/uploads\/2023\/11\/Hedera-helix-Susanne.webp 1024w\" sizes=\"(max-width: 300px) 100vw, 300px\" \/><\/div>\n\t\t<\/a>\n\t\t\t\t<div class=\"elementor-post__text\">\n\t\t\t\t<h3 class=\"elementor-post__title\">\n\t\t\t<a href=\"https:\/\/www.hedera-etc.com\/it\/product\/hedera-helix-susanne\/\" target=\"&quot;_blank&quot;\">\n\t\t\t\t<em>Hedera helix<\/em> &lsquo;Susanne&rsquo; &#8211; Edera ornamentale\t\t\t<\/a>\n\t\t<\/h3>\n\t\t\t\t<div class=\"elementor-post__excerpt\">\n\t\t\t<p>Foglia larga e variegata con 3-5 lobi arrotondati. La base della foglia \u00e8 cordata.<\/p> <p>Foglie con margini irregolari\t\t<\/div>\n\t\t\n\t\t<a class=\"elementor-post__read-more\" href=\"https:\/\/www.hedera-etc.com\/it\/product\/hedera-helix-susanne\/\" aria-label=\"Leggi tutto Hedera helix \u2018Susanne\u2019 \u2013 Edera ornamentale\" tabindex=\"-1\" target=\"_blank\">\n\t\t\tPer saperne di pi\u00f9 \u00bb\t\t<\/a>\n\n\t\t\t\t<\/div>\n\t\t\t\t<\/article>\n\t\t\t\t<article class=\"elementor-post elementor-grid-item post-1520 product type-product status-publish has-post-thumbnail product_cat-lierre entry has-media  instock purchasable product-type-variable has-default-attributes has-product-nav col span_1_of_4 owp-content-center item-entry owp-thumbs-layout-horizontal owp-btn-normal owp-tabs-layout-section\">\n\t\t\t\t<a class=\"elementor-post__thumbnail__link\" href=\"https:\/\/www.hedera-etc.com\/it\/product\/hedera-helix-tango\/\" tabindex=\"-1\" target=\"&quot;_blank&quot;\">\n\t\t\t<div class=\"elementor-post__thumbnail\"><img loading=\"lazy\" decoding=\"async\" width=\"300\" height=\"225\" src=\"https:\/\/www.hedera-etc.com\/wp-content\/uploads\/2023\/11\/Hedera-helix-Tango_2-1-300x225.webp\" class=\"attachment-medium size-medium wp-image-13276\" alt=\"Hedera helix &#039;Tango&#039;\" srcset=\"https:\/\/www.hedera-etc.com\/wp-content\/uploads\/2023\/11\/Hedera-helix-Tango_2-1-300x225.webp 300w, https:\/\/www.hedera-etc.com\/wp-content\/uploads\/2023\/11\/Hedera-helix-Tango_2-1-900x675.webp 900w, https:\/\/www.hedera-etc.com\/wp-content\/uploads\/2023\/11\/Hedera-helix-Tango_2-1-1024x768.webp 1024w, https:\/\/www.hedera-etc.com\/wp-content\/uploads\/2023\/11\/Hedera-helix-Tango_2-1-768x576.webp 768w, https:\/\/www.hedera-etc.com\/wp-content\/uploads\/2023\/11\/Hedera-helix-Tango_2-1-1536x1152.webp 1536w, https:\/\/www.hedera-etc.com\/wp-content\/uploads\/2023\/11\/Hedera-helix-Tango_2-1-1320x990.webp 1320w, https:\/\/www.hedera-etc.com\/wp-content\/uploads\/2023\/11\/Hedera-helix-Tango_2-1.webp 1600w\" sizes=\"(max-width: 300px) 100vw, 300px\" \/><\/div>\n\t\t<\/a>\n\t\t\t\t<div class=\"elementor-post__text\">\n\t\t\t\t<h3 class=\"elementor-post__title\">\n\t\t\t<a href=\"https:\/\/www.hedera-etc.com\/it\/product\/hedera-helix-tango\/\" target=\"&quot;_blank&quot;\">\n\t\t\t\t<em>Hedera helix<\/em> &lsquo;Tango&rsquo; &#8211; Edera ornamentale\t\t\t<\/a>\n\t\t<\/h3>\n\t\t\t\t<div class=\"elementor-post__excerpt\">\n\t\t\t<p>Simile a \u2018Parasol\u2019. Ma con internodi pi\u00f9 corti, una pianta pi\u00f9 tozza e un po' pi\u00f9 ramificata.<\/p> <p>Foglie, sagomate\t\t<\/div>\n\t\t\n\t\t<a class=\"elementor-post__read-more\" href=\"https:\/\/www.hedera-etc.com\/it\/product\/hedera-helix-tango\/\" aria-label=\"Leggi tutto &lt;em&gt;Hedera helix&lt;\/em&gt; \u2018Tango\u2019 \u2013 Edera ornamentale\" tabindex=\"-1\" target=\"_blank\">\n\t\t\tPer saperne di pi\u00f9 \u00bb\t\t<\/a>\n\n\t\t\t\t<\/div>\n\t\t\t\t<\/article>\n\t\t\t\t<article class=\"elementor-post elementor-grid-item post-1525 product type-product status-publish has-post-thumbnail product_cat-lierre entry has-media  instock purchasable product-type-variable has-default-attributes has-product-nav col span_1_of_4 owp-content-center item-entry owp-thumbs-layout-horizontal owp-btn-normal owp-tabs-layout-section has-no-thumbnails\">\n\t\t\t\t<a class=\"elementor-post__thumbnail__link\" href=\"https:\/\/www.hedera-etc.com\/it\/product\/hedera-helix-tanja-arborescent\/\" tabindex=\"-1\" target=\"&quot;_blank&quot;\">\n\t\t\t<div class=\"elementor-post__thumbnail\"><img loading=\"lazy\" decoding=\"async\" width=\"300\" height=\"225\" src=\"https:\/\/www.hedera-etc.com\/wp-content\/uploads\/2023\/11\/Hedera-helix-Tanja-Arborescent-300x225.webp\" class=\"attachment-medium size-medium wp-image-1526\" alt=\"Hedera helix &#039;Tanja&#039; Arborescente\" srcset=\"https:\/\/www.hedera-etc.com\/wp-content\/uploads\/2023\/11\/Hedera-helix-Tanja-Arborescent-300x225.webp 300w, https:\/\/www.hedera-etc.com\/wp-content\/uploads\/2023\/11\/Hedera-helix-Tanja-Arborescent-900x675.webp 900w, https:\/\/www.hedera-etc.com\/wp-content\/uploads\/2023\/11\/Hedera-helix-Tanja-Arborescent-768x576.webp 768w, https:\/\/www.hedera-etc.com\/wp-content\/uploads\/2023\/11\/Hedera-helix-Tanja-Arborescent.webp 1024w\" sizes=\"(max-width: 300px) 100vw, 300px\" \/><\/div>\n\t\t<\/a>\n\t\t\t\t<div class=\"elementor-post__text\">\n\t\t\t\t<h3 class=\"elementor-post__title\">\n\t\t\t<a href=\"https:\/\/www.hedera-etc.com\/it\/product\/hedera-helix-tanja-arborescent\/\" target=\"&quot;_blank&quot;\">\n\t\t\t\t<em>Hedera helix<\/em> &lsquo;Tanja&rsquo; Arborescent &#8211; Edera ornamentale\t\t\t<\/a>\n\t\t<\/h3>\n\t\t\t\t<div class=\"elementor-post__excerpt\">\n\t\t\t<p>Forme arbustive de &lsquo;Tanja&rsquo;, vari\u00e9t\u00e9 r\u00e9colt\u00e9e dans le Caucase.<\/p> <p>Foglie non lobate, di colore verde chiaro o medio, con una\t\t<\/div>\n\t\t\n\t\t<a class=\"elementor-post__read-more\" href=\"https:\/\/www.hedera-etc.com\/it\/product\/hedera-helix-tanja-arborescent\/\" aria-label=\"Leggi tutto *Hedera helix* \u2018Tanja\u2019 Arborescent \u2013 Edera ornamentale\" tabindex=\"-1\" target=\"_blank\">\n\t\t\tPer saperne di pi\u00f9 \u00bb\t\t<\/a>\n\n\t\t\t\t<\/div>\n\t\t\t\t<\/article>\n\t\t\t\t<article class=\"elementor-post elementor-grid-item post-1529 product type-product status-publish has-post-thumbnail product_cat-lierre entry has-media last instock purchasable product-type-variable has-default-attributes has-product-nav col span_1_of_4 owp-content-center item-entry owp-thumbs-layout-horizontal owp-btn-normal owp-tabs-layout-section\">\n\t\t\t\t<a class=\"elementor-post__thumbnail__link\" href=\"https:\/\/www.hedera-etc.com\/it\/product\/hedera-helix-teardrop\/\" tabindex=\"-1\" target=\"&quot;_blank&quot;\">\n\t\t\t<div class=\"elementor-post__thumbnail\"><img loading=\"lazy\" decoding=\"async\" width=\"300\" height=\"240\" src=\"https:\/\/www.hedera-etc.com\/wp-content\/uploads\/2023\/11\/Hedera-helix-Teardrop-300x240.webp\" class=\"attachment-medium size-medium wp-image-1530\" alt=\"Hedera helix &#039;Teardrop&#039;\" srcset=\"https:\/\/www.hedera-etc.com\/wp-content\/uploads\/2023\/11\/Hedera-helix-Teardrop-300x240.webp 300w, https:\/\/www.hedera-etc.com\/wp-content\/uploads\/2023\/11\/Hedera-helix-Teardrop-768x614.webp 768w, https:\/\/www.hedera-etc.com\/wp-content\/uploads\/2023\/11\/Hedera-helix-Teardrop.webp 787w\" sizes=\"(max-width: 300px) 100vw, 300px\" \/><\/div>\n\t\t<\/a>\n\t\t\t\t<div class=\"elementor-post__text\">\n\t\t\t\t<h3 class=\"elementor-post__title\">\n\t\t\t<a href=\"https:\/\/www.hedera-etc.com\/it\/product\/hedera-helix-teardrop\/\" target=\"&quot;_blank&quot;\">\n\t\t\t\t<em>Hedera helix<\/em> &lsquo;Teardrop&rsquo; &#8211; Edera ornamentale\t\t\t<\/a>\n\t\t<\/h3>\n\t\t\t\t<div class=\"elementor-post__excerpt\">\n\t\t\t<p>Foglie lucide, cuoriformi, verde scuro, su steli rigidi. Fogliame uniforme e non lobato. Assomiglia a una\t\t<\/div>\n\t\t\n\t\t<a class=\"elementor-post__read-more\" href=\"https:\/\/www.hedera-etc.com\/it\/product\/hedera-helix-teardrop\/\" aria-label=\"Leggi tutto *Hedera helix* \u2018Teardrop\u2019 \u2013 Edera ornamentale\" tabindex=\"-1\" target=\"_blank\">\n\t\t\tPer saperne di pi\u00f9 \u00bb\t\t<\/a>\n\n\t\t\t\t<\/div>\n\t\t\t\t<\/article>\n\t\t\t\t<article class=\"elementor-post elementor-grid-item post-1535 product type-product status-publish has-post-thumbnail product_cat-lierre entry has-media first instock purchasable product-type-variable has-default-attributes has-product-nav col span_1_of_4 owp-content-center item-entry owp-thumbs-layout-horizontal owp-btn-normal owp-tabs-layout-section\">\n\t\t\t\t<a class=\"elementor-post__thumbnail__link\" href=\"https:\/\/www.hedera-etc.com\/it\/product\/hedera-helix-telecurl\/\" tabindex=\"-1\" target=\"&quot;_blank&quot;\">\n\t\t\t<div class=\"elementor-post__thumbnail\"><img loading=\"lazy\" decoding=\"async\" width=\"300\" height=\"225\" src=\"https:\/\/www.hedera-etc.com\/wp-content\/uploads\/2023\/11\/Hedera-helix-Telecurl-300x225.webp\" class=\"attachment-medium size-medium wp-image-1536\" alt=\"Hedera helix &#039;Telecurl&#039;\" srcset=\"https:\/\/www.hedera-etc.com\/wp-content\/uploads\/2023\/11\/Hedera-helix-Telecurl-300x225.webp 300w, https:\/\/www.hedera-etc.com\/wp-content\/uploads\/2023\/11\/Hedera-helix-Telecurl-768x576.webp 768w, https:\/\/www.hedera-etc.com\/wp-content\/uploads\/2023\/11\/Hedera-helix-Telecurl.webp 839w\" sizes=\"(max-width: 300px) 100vw, 300px\" \/><\/div>\n\t\t<\/a>\n\t\t\t\t<div class=\"elementor-post__text\">\n\t\t\t\t<h3 class=\"elementor-post__title\">\n\t\t\t<a href=\"https:\/\/www.hedera-etc.com\/it\/product\/hedera-helix-telecurl\/\" target=\"&quot;_blank&quot;\">\n\t\t\t\t<em>Hedera helix<\/em> &lsquo;Telecurl&rsquo; &#8211; Edera ornamentale\t\t\t<\/a>\n\t\t<\/h3>\n\t\t\t\t<div class=\"elementor-post__excerpt\">\n\t\t\t<p>Variet\u00e0 con piccole foglie verdi, lobate, arricciate, attorcigliate o piegate tra i lobi.<\/p> <p>Come\t\t<\/div>\n\t\t\n\t\t<a class=\"elementor-post__read-more\" href=\"https:\/\/www.hedera-etc.com\/it\/product\/hedera-helix-telecurl\/\" aria-label=\"Leggi tutto *Hedera helix* \u2018Telecurl\u2019 \u2013 Edera ornamentale\" tabindex=\"-1\" target=\"_blank\">\n\t\t\tPer saperne di pi\u00f9 \u00bb\t\t<\/a>\n\n\t\t\t\t<\/div>\n\t\t\t\t<\/article>\n\t\t\t\t<article class=\"elementor-post elementor-grid-item post-1542 product type-product status-publish has-post-thumbnail product_cat-lierre entry has-media  instock purchasable product-type-variable has-default-attributes has-product-nav col span_1_of_4 owp-content-center item-entry owp-thumbs-layout-horizontal owp-btn-normal owp-tabs-layout-section\">\n\t\t\t\t<a class=\"elementor-post__thumbnail__link\" href=\"https:\/\/www.hedera-etc.com\/it\/product\/hedera-helix-temptation\/\" tabindex=\"-1\" target=\"&quot;_blank&quot;\">\n\t\t\t<div class=\"elementor-post__thumbnail\"><img loading=\"lazy\" decoding=\"async\" width=\"300\" height=\"225\" src=\"https:\/\/www.hedera-etc.com\/wp-content\/uploads\/2023\/11\/Hedera-helix-Temptation-300x225.webp\" class=\"attachment-medium size-medium wp-image-1543\" alt=\"Hedera helix &#039;Temptation&#039;\" srcset=\"https:\/\/www.hedera-etc.com\/wp-content\/uploads\/2023\/11\/Hedera-helix-Temptation-300x225.webp 300w, https:\/\/www.hedera-etc.com\/wp-content\/uploads\/2023\/11\/Hedera-helix-Temptation-768x575.webp 768w, https:\/\/www.hedera-etc.com\/wp-content\/uploads\/2023\/11\/Hedera-helix-Temptation.webp 800w\" sizes=\"(max-width: 300px) 100vw, 300px\" \/><\/div>\n\t\t<\/a>\n\t\t\t\t<div class=\"elementor-post__text\">\n\t\t\t\t<h3 class=\"elementor-post__title\">\n\t\t\t<a href=\"https:\/\/www.hedera-etc.com\/it\/product\/hedera-helix-temptation\/\" target=\"&quot;_blank&quot;\">\n\t\t\t\t<em>Hedera helix<\/em> &lsquo;Temptation&rsquo; &#8211; Edera ornamentale\t\t\t<\/a>\n\t\t<\/h3>\n\t\t\t\t<div class=\"elementor-post__excerpt\">\n\t\t\t<p>Edera a foglia piccola, con 5-7 lobi appuntiti in avanti. Il lobo mediano \u00e8 spesso diviso in due parti.<\/p> <p>Lama di foglie\t\t<\/div>\n\t\t\n\t\t<a class=\"elementor-post__read-more\" href=\"https:\/\/www.hedera-etc.com\/it\/product\/hedera-helix-temptation\/\" aria-label=\"Leggi tutto &lt;em&gt;Hedera helix&lt;\/em&gt; \u2018Temptation\u2019 \u2013 Edera ornamentale\" tabindex=\"-1\" target=\"_blank\">\n\t\t\tPer saperne di pi\u00f9 \u00bb\t\t<\/a>\n\n\t\t\t\t<\/div>\n\t\t\t\t<\/article>\n\t\t\t\t<article class=\"elementor-post elementor-grid-item post-1549 product type-product status-publish has-post-thumbnail product_cat-lierre entry has-media  instock purchasable product-type-variable has-default-attributes has-product-nav col span_1_of_4 owp-content-center item-entry owp-thumbs-layout-horizontal owp-btn-normal owp-tabs-layout-section\">\n\t\t\t\t<a class=\"elementor-post__thumbnail__link\" href=\"https:\/\/www.hedera-etc.com\/it\/product\/hedera-helix-teneriffe\/\" tabindex=\"-1\" target=\"&quot;_blank&quot;\">\n\t\t\t<div class=\"elementor-post__thumbnail\"><img loading=\"lazy\" decoding=\"async\" width=\"300\" height=\"200\" src=\"https:\/\/www.hedera-etc.com\/wp-content\/uploads\/2023\/11\/Hedera-helix-Teneriffe-1-300x200.webp\" class=\"attachment-medium size-medium wp-image-15254\" alt=\"Hedera helix &#039;Teneriffe&#039;\" srcset=\"https:\/\/www.hedera-etc.com\/wp-content\/uploads\/2023\/11\/Hedera-helix-Teneriffe-1-300x200.webp 300w, https:\/\/www.hedera-etc.com\/wp-content\/uploads\/2023\/11\/Hedera-helix-Teneriffe-1-900x600.webp 900w, https:\/\/www.hedera-etc.com\/wp-content\/uploads\/2023\/11\/Hedera-helix-Teneriffe-1-1024x683.webp 1024w, https:\/\/www.hedera-etc.com\/wp-content\/uploads\/2023\/11\/Hedera-helix-Teneriffe-1-768x512.webp 768w, https:\/\/www.hedera-etc.com\/wp-content\/uploads\/2023\/11\/Hedera-helix-Teneriffe-1-1536x1024.webp 1536w, https:\/\/www.hedera-etc.com\/wp-content\/uploads\/2023\/11\/Hedera-helix-Teneriffe-1-1320x880.webp 1320w, https:\/\/www.hedera-etc.com\/wp-content\/uploads\/2023\/11\/Hedera-helix-Teneriffe-1.webp 1600w\" sizes=\"(max-width: 300px) 100vw, 300px\" \/><\/div>\n\t\t<\/a>\n\t\t\t\t<div class=\"elementor-post__text\">\n\t\t\t\t<h3 class=\"elementor-post__title\">\n\t\t\t<a href=\"https:\/\/www.hedera-etc.com\/it\/product\/hedera-helix-teneriffe\/\" target=\"&quot;_blank&quot;\">\n\t\t\t\t<em>Hedera helix<\/em> &lsquo;Teneriffe&rsquo;- Edera ornamentale\t\t\t<\/a>\n\t\t<\/h3>\n\t\t\t\t<div class=\"elementor-post__excerpt\">\n\t\t\t<p>Pianta rampicante di media crescita con numerosi rami.<\/p> <p>Foglie con 3 lobi, raramente 5. Colore di base\t\t<\/div>\n\t\t\n\t\t<a class=\"elementor-post__read-more\" href=\"https:\/\/www.hedera-etc.com\/it\/product\/hedera-helix-teneriffe\/\" aria-label=\"Leggi tutto &lt;em&gt;Hedera helix&lt;\/em&gt; \u2018Teneriffe\u2019- Edera ornamentale\" tabindex=\"-1\" target=\"_blank\">\n\t\t\tPer saperne di pi\u00f9 \u00bb\t\t<\/a>\n\n\t\t\t\t<\/div>\n\t\t\t\t<\/article>\n\t\t\t\t<article class=\"elementor-post elementor-grid-item post-1553 product type-product status-publish has-post-thumbnail product_cat-lierre entry has-media last instock purchasable product-type-variable has-default-attributes has-product-nav col span_1_of_4 owp-content-center item-entry owp-thumbs-layout-horizontal owp-btn-normal owp-tabs-layout-section\">\n\t\t\t\t<a class=\"elementor-post__thumbnail__link\" href=\"https:\/\/www.hedera-etc.com\/it\/product\/hedera-helix-tiger-eyes\/\" tabindex=\"-1\" target=\"&quot;_blank&quot;\">\n\t\t\t<div class=\"elementor-post__thumbnail\"><img loading=\"lazy\" decoding=\"async\" width=\"300\" height=\"225\" src=\"https:\/\/www.hedera-etc.com\/wp-content\/uploads\/2023\/11\/Hedera-helix-Tigers-Eyes-300x225.webp\" class=\"attachment-medium size-medium wp-image-1554\" alt=\"Hedera helix &#039;Tiger Eyes&#039;\" srcset=\"https:\/\/www.hedera-etc.com\/wp-content\/uploads\/2023\/11\/Hedera-helix-Tigers-Eyes-300x225.webp 300w, https:\/\/www.hedera-etc.com\/wp-content\/uploads\/2023\/11\/Hedera-helix-Tigers-Eyes-900x675.webp 900w, https:\/\/www.hedera-etc.com\/wp-content\/uploads\/2023\/11\/Hedera-helix-Tigers-Eyes-768x576.webp 768w, https:\/\/www.hedera-etc.com\/wp-content\/uploads\/2023\/11\/Hedera-helix-Tigers-Eyes.webp 1024w\" sizes=\"(max-width: 300px) 100vw, 300px\" \/><\/div>\n\t\t<\/a>\n\t\t\t\t<div class=\"elementor-post__text\">\n\t\t\t\t<h3 class=\"elementor-post__title\">\n\t\t\t<a href=\"https:\/\/www.hedera-etc.com\/it\/product\/hedera-helix-tiger-eyes\/\" target=\"&quot;_blank&quot;\">\n\t\t\t\t<em>Hedera helix<\/em> &lsquo;Tiger Eyes&rsquo;- Edera ornamentale\t\t\t<\/a>\n\t\t<\/h3>\n\t\t\t\t<div class=\"elementor-post__excerpt\">\n\t\t\t<p>Foglie sagittate a 5 lobi, decorate con una macula centrale pi\u00f9 o meno visibile di colore da verde chiaro a giallo-verde. Lobo mediano\t\t<\/div>\n\t\t\n\t\t<a class=\"elementor-post__read-more\" href=\"https:\/\/www.hedera-etc.com\/it\/product\/hedera-helix-tiger-eyes\/\" aria-label=\"Leggi tutto Hedera helix \u2018Tiger Eyes\u2019 - Edera ornamentale\" tabindex=\"-1\" target=\"_blank\">\n\t\t\tPer saperne di pi\u00f9 \u00bb\t\t<\/a>\n\n\t\t\t\t<\/div>\n\t\t\t\t<\/article>\n\t\t\t\t<article class=\"elementor-post elementor-grid-item post-1557 product type-product status-publish has-post-thumbnail product_cat-lierre entry has-media first instock purchasable product-type-variable has-default-attributes has-product-nav col span_1_of_4 owp-content-center item-entry owp-thumbs-layout-horizontal owp-btn-normal owp-tabs-layout-section\">\n\t\t\t\t<a class=\"elementor-post__thumbnail__link\" href=\"https:\/\/www.hedera-etc.com\/it\/product\/hedera-helix-touch-of-class\/\" tabindex=\"-1\" target=\"&quot;_blank&quot;\">\n\t\t\t<div class=\"elementor-post__thumbnail\"><img loading=\"lazy\" decoding=\"async\" width=\"300\" height=\"225\" src=\"https:\/\/www.hedera-etc.com\/wp-content\/uploads\/2023\/11\/Hedera-helix-Touch-of-class_2-300x225.webp\" class=\"attachment-medium size-medium wp-image-1558\" alt=\"Hedera helix &#039;Tocco di classe&#039;\" srcset=\"https:\/\/www.hedera-etc.com\/wp-content\/uploads\/2023\/11\/Hedera-helix-Touch-of-class_2-300x225.webp 300w, https:\/\/www.hedera-etc.com\/wp-content\/uploads\/2023\/11\/Hedera-helix-Touch-of-class_2-900x675.webp 900w, https:\/\/www.hedera-etc.com\/wp-content\/uploads\/2023\/11\/Hedera-helix-Touch-of-class_2-768x576.webp 768w, https:\/\/www.hedera-etc.com\/wp-content\/uploads\/2023\/11\/Hedera-helix-Touch-of-class_2.webp 1024w\" sizes=\"(max-width: 300px) 100vw, 300px\" \/><\/div>\n\t\t<\/a>\n\t\t\t\t<div class=\"elementor-post__text\">\n\t\t\t\t<h3 class=\"elementor-post__title\">\n\t\t\t<a href=\"https:\/\/www.hedera-etc.com\/it\/product\/hedera-helix-touch-of-class\/\" target=\"&quot;_blank&quot;\">\n\t\t\t\t<em>Hedera helix<\/em> &lsquo;Touch of class&rsquo;- Edera ornamentale\t\t\t<\/a>\n\t\t<\/h3>\n\t\t\t\t<div class=\"elementor-post__excerpt\">\n\t\t\t<p>Fogliame verde smeraldo, scurito ai bordi e irregolarmente ondulato.<\/p> <p>Foglie, delle dimensioni di una moneta da 1 euro, invariabilmente\t\t<\/div>\n\t\t\n\t\t<a class=\"elementor-post__read-more\" href=\"https:\/\/www.hedera-etc.com\/it\/product\/hedera-helix-touch-of-class\/\" aria-label=\"Leggi tutto Hedera helix \u2018Touch of Class\u2019 - Edera ornamentale\" tabindex=\"-1\" target=\"_blank\">\n\t\t\tPer saperne di pi\u00f9 \u00bb\t\t<\/a>\n\n\t\t\t\t<\/div>\n\t\t\t\t<\/article>\n\t\t\t\t<article class=\"elementor-post elementor-grid-item post-1562 product type-product status-publish has-post-thumbnail product_cat-lierre entry has-media  instock purchasable product-type-variable has-default-attributes has-product-nav col span_1_of_4 owp-content-center item-entry owp-thumbs-layout-horizontal owp-btn-normal owp-tabs-layout-section has-no-thumbnails\">\n\t\t\t\t<a class=\"elementor-post__thumbnail__link\" href=\"https:\/\/www.hedera-etc.com\/it\/product\/hedera-helix-bonzy\/\" tabindex=\"-1\" target=\"&quot;_blank&quot;\">\n\t\t\t<div class=\"elementor-post__thumbnail\"><img loading=\"lazy\" decoding=\"async\" width=\"300\" height=\"225\" src=\"https:\/\/www.hedera-etc.com\/wp-content\/uploads\/2023\/11\/Hedera-helix-Touch-Of-Class-Mutation-300x225.webp\" class=\"attachment-medium size-medium wp-image-1563\" alt=\"Hedera helix &#039;Bonzy&#039;\" srcset=\"https:\/\/www.hedera-etc.com\/wp-content\/uploads\/2023\/11\/Hedera-helix-Touch-Of-Class-Mutation-300x225.webp 300w, https:\/\/www.hedera-etc.com\/wp-content\/uploads\/2023\/11\/Hedera-helix-Touch-Of-Class-Mutation-768x576.webp 768w, https:\/\/www.hedera-etc.com\/wp-content\/uploads\/2023\/11\/Hedera-helix-Touch-Of-Class-Mutation.webp 819w\" sizes=\"(max-width: 300px) 100vw, 300px\" \/><\/div>\n\t\t<\/a>\n\t\t\t\t<div class=\"elementor-post__text\">\n\t\t\t\t<h3 class=\"elementor-post__title\">\n\t\t\t<a href=\"https:\/\/www.hedera-etc.com\/it\/product\/hedera-helix-bonzy\/\" target=\"&quot;_blank&quot;\">\n\t\t\t\t<em>Hedera helix<\/em> &lsquo;Bonzy&rsquo; &#8211; Edera ornamentale\t\t\t<\/a>\n\t\t<\/h3>\n\t\t\t\t<div class=\"elementor-post__excerpt\">\n\t\t\t<p>Clone fasciante di \u2018Touch of Class\u2019. Rami contorti e foglie contorte.<\/p> <p>Invecchiando, i rami perdono le foglie,\t\t<\/div>\n\t\t\n\t\t<a class=\"elementor-post__read-more\" href=\"https:\/\/www.hedera-etc.com\/it\/product\/hedera-helix-bonzy\/\" aria-label=\"Leggi tutto *Hedera helix* \u2018Bonzy\u2019 \u2013 Edera ornamentale\" tabindex=\"-1\" target=\"_blank\">\n\t\t\tPer saperne di pi\u00f9 \u00bb\t\t<\/a>\n\n\t\t\t\t<\/div>\n\t\t\t\t<\/article>\n\t\t\t\t<article class=\"elementor-post elementor-grid-item post-1566 product type-product status-publish has-post-thumbnail product_cat-lierre entry has-media  instock purchasable product-type-variable has-default-attributes has-product-nav col span_1_of_4 owp-content-center item-entry owp-thumbs-layout-horizontal owp-btn-normal owp-tabs-layout-section\">\n\t\t\t\t<a class=\"elementor-post__thumbnail__link\" href=\"https:\/\/www.hedera-etc.com\/it\/product\/hedera-helix-tristram\/\" tabindex=\"-1\" target=\"&quot;_blank&quot;\">\n\t\t\t<div class=\"elementor-post__thumbnail\"><img loading=\"lazy\" decoding=\"async\" width=\"300\" height=\"225\" src=\"https:\/\/www.hedera-etc.com\/wp-content\/uploads\/2023\/11\/Hedera-helix-Tristram-300x225.webp\" class=\"attachment-medium size-medium wp-image-14064\" alt=\"Hedera helix &#039;Tristram&#039;\" srcset=\"https:\/\/www.hedera-etc.com\/wp-content\/uploads\/2023\/11\/Hedera-helix-Tristram-300x225.webp 300w, https:\/\/www.hedera-etc.com\/wp-content\/uploads\/2023\/11\/Hedera-helix-Tristram-900x674.webp 900w, https:\/\/www.hedera-etc.com\/wp-content\/uploads\/2023\/11\/Hedera-helix-Tristram-768x575.webp 768w, https:\/\/www.hedera-etc.com\/wp-content\/uploads\/2023\/11\/Hedera-helix-Tristram.webp 1022w\" sizes=\"(max-width: 300px) 100vw, 300px\" \/><\/div>\n\t\t<\/a>\n\t\t\t\t<div class=\"elementor-post__text\">\n\t\t\t\t<h3 class=\"elementor-post__title\">\n\t\t\t<a href=\"https:\/\/www.hedera-etc.com\/it\/product\/hedera-helix-tristram\/\" target=\"&quot;_blank&quot;\">\n\t\t\t\t<em>Hedera helix<\/em> &lsquo;Tristram&rsquo;- Edera ornamentale\t\t\t<\/a>\n\t\t<\/h3>\n\t\t\t\t<div class=\"elementor-post__excerpt\">\n\t\t\t<p>\u00c8 una pianta tozza, che forma un cumulo di fusti corti o medi, piuttosto sottili, molto ramificati e con internodi corti.<\/p> <p>Fogliame verde\t\t<\/div>\n\t\t\n\t\t<a class=\"elementor-post__read-more\" href=\"https:\/\/www.hedera-etc.com\/it\/product\/hedera-helix-tristram\/\" aria-label=\"Leggi tutto *Hedera helix* \u2018Tristram\u2019 - Edera ornamentale\" tabindex=\"-1\" target=\"_blank\">\n\t\t\tPer saperne di pi\u00f9 \u00bb\t\t<\/a>\n\n\t\t\t\t<\/div>\n\t\t\t\t<\/article>\n\t\t\t\t<article class=\"elementor-post elementor-grid-item post-1571 product type-product status-publish has-post-thumbnail product_cat-lierre entry has-media last instock purchasable product-type-variable has-default-attributes has-product-nav col span_1_of_4 owp-content-center item-entry owp-thumbs-layout-horizontal owp-btn-normal owp-tabs-layout-section has-no-thumbnails\">\n\t\t\t\t<a class=\"elementor-post__thumbnail__link\" href=\"https:\/\/www.hedera-etc.com\/it\/product\/hedera-helix-triton\/\" tabindex=\"-1\" target=\"&quot;_blank&quot;\">\n\t\t\t<div class=\"elementor-post__thumbnail\"><img loading=\"lazy\" decoding=\"async\" width=\"300\" height=\"184\" src=\"https:\/\/www.hedera-etc.com\/wp-content\/uploads\/2023\/11\/Hedera-helix-Triton-300x184.webp\" class=\"attachment-medium size-medium wp-image-13307\" alt=\"Hedera helix &#039;Triton&#039;\" srcset=\"https:\/\/www.hedera-etc.com\/wp-content\/uploads\/2023\/11\/Hedera-helix-Triton-300x184.webp 300w, https:\/\/www.hedera-etc.com\/wp-content\/uploads\/2023\/11\/Hedera-helix-Triton-900x551.webp 900w, https:\/\/www.hedera-etc.com\/wp-content\/uploads\/2023\/11\/Hedera-helix-Triton-1024x627.webp 1024w, https:\/\/www.hedera-etc.com\/wp-content\/uploads\/2023\/11\/Hedera-helix-Triton-768x470.webp 768w, https:\/\/www.hedera-etc.com\/wp-content\/uploads\/2023\/11\/Hedera-helix-Triton.webp 1102w\" sizes=\"(max-width: 300px) 100vw, 300px\" \/><\/div>\n\t\t<\/a>\n\t\t\t\t<div class=\"elementor-post__text\">\n\t\t\t\t<h3 class=\"elementor-post__title\">\n\t\t\t<a href=\"https:\/\/www.hedera-etc.com\/it\/product\/hedera-helix-triton\/\" target=\"&quot;_blank&quot;\">\n\t\t\t\t<em>Hedera helix<\/em> &lsquo;Triton&rsquo;- Edera ornamentale\t\t\t<\/a>\n\t\t<\/h3>\n\t\t\t\t<div class=\"elementor-post__excerpt\">\n\t\t\t<p>Una variet\u00e0 bizzarra con foglie piccole, verde scuro opaco e fortemente dentellate.<\/p> <p>Foglie composte da 5 lobi sottili e appuntiti, rivolti verso l'occhio.\t\t<\/div>\n\t\t\n\t\t<a class=\"elementor-post__read-more\" href=\"https:\/\/www.hedera-etc.com\/it\/product\/hedera-helix-triton\/\" aria-label=\"Leggi tutto *Hedera helix* \u2018Triton\u2019 - Edera ornamentale\" tabindex=\"-1\" target=\"_blank\">\n\t\t\tPer saperne di pi\u00f9 \u00bb\t\t<\/a>\n\n\t\t\t\t<\/div>\n\t\t\t\t<\/article>\n\t\t\t\t<article class=\"elementor-post elementor-grid-item post-1576 product type-product status-publish has-post-thumbnail product_cat-lierre entry has-media first instock purchasable product-type-variable has-default-attributes has-product-nav col span_1_of_4 owp-content-center item-entry owp-thumbs-layout-horizontal owp-btn-normal owp-tabs-layout-section\">\n\t\t\t\t<a class=\"elementor-post__thumbnail__link\" href=\"https:\/\/www.hedera-etc.com\/it\/product\/hedera-helix-troll\/\" tabindex=\"-1\" target=\"&quot;_blank&quot;\">\n\t\t\t<div class=\"elementor-post__thumbnail\"><img loading=\"lazy\" decoding=\"async\" width=\"300\" height=\"203\" src=\"https:\/\/www.hedera-etc.com\/wp-content\/uploads\/2023\/11\/Hedera-helix-Troll-300x203.webp\" class=\"attachment-medium size-medium wp-image-1577\" alt=\"Hedera helix &#039;Troll&#039;\" srcset=\"https:\/\/www.hedera-etc.com\/wp-content\/uploads\/2023\/11\/Hedera-helix-Troll-300x203.webp 300w, https:\/\/www.hedera-etc.com\/wp-content\/uploads\/2023\/11\/Hedera-helix-Troll-768x519.webp 768w, https:\/\/www.hedera-etc.com\/wp-content\/uploads\/2023\/11\/Hedera-helix-Troll.webp 800w\" sizes=\"(max-width: 300px) 100vw, 300px\" \/><\/div>\n\t\t<\/a>\n\t\t\t\t<div class=\"elementor-post__text\">\n\t\t\t\t<h3 class=\"elementor-post__title\">\n\t\t\t<a href=\"https:\/\/www.hedera-etc.com\/it\/product\/hedera-helix-troll\/\" target=\"&quot;_blank&quot;\">\n\t\t\t\t<em>Hedera helix<\/em> &lsquo;Troll&rsquo;- Edera ornamentale original\t\t\t<\/a>\n\t\t<\/h3>\n\t\t\t\t<div class=\"elementor-post__excerpt\">\n\t\t\t<p>Edera in miniatura, simile a \u2018Triton\u2019 ma pi\u00f9 piccola, con internodi pi\u00f9 corti e foglie pi\u00f9 corte. Foglie verde chiaro\t\t<\/div>\n\t\t\n\t\t<a class=\"elementor-post__read-more\" href=\"https:\/\/www.hedera-etc.com\/it\/product\/hedera-helix-troll\/\" aria-label=\"Leggi tutto &lt;em&gt;Hedera helix&lt;\/em&gt; \u2018Troll\u2019 - Edera ornamentale originale\" tabindex=\"-1\" target=\"_blank\">\n\t\t\tPer saperne di pi\u00f9 \u00bb\t\t<\/a>\n\n\t\t\t\t<\/div>\n\t\t\t\t<\/article>\n\t\t\t\t<article class=\"elementor-post elementor-grid-item post-1583 product type-product status-publish has-post-thumbnail product_cat-lierre entry has-media  instock purchasable product-type-variable has-default-attributes has-product-nav col span_1_of_4 owp-content-center item-entry owp-thumbs-layout-horizontal owp-btn-normal owp-tabs-layout-section\">\n\t\t\t\t<a class=\"elementor-post__thumbnail__link\" href=\"https:\/\/www.hedera-etc.com\/it\/product\/hedera-helix-trustee\/\" tabindex=\"-1\" target=\"&quot;_blank&quot;\">\n\t\t\t<div class=\"elementor-post__thumbnail\"><img loading=\"lazy\" decoding=\"async\" width=\"300\" height=\"199\" src=\"https:\/\/www.hedera-etc.com\/wp-content\/uploads\/2023\/11\/Hedera-helix-Trustee-300x199.webp\" class=\"attachment-medium size-medium wp-image-15289\" alt=\"Hedera helix &#039;Trustee&#039;\" srcset=\"https:\/\/www.hedera-etc.com\/wp-content\/uploads\/2023\/11\/Hedera-helix-Trustee-300x199.webp 300w, https:\/\/www.hedera-etc.com\/wp-content\/uploads\/2023\/11\/Hedera-helix-Trustee-900x597.webp 900w, https:\/\/www.hedera-etc.com\/wp-content\/uploads\/2023\/11\/Hedera-helix-Trustee-1024x679.webp 1024w, https:\/\/www.hedera-etc.com\/wp-content\/uploads\/2023\/11\/Hedera-helix-Trustee-768x510.webp 768w, https:\/\/www.hedera-etc.com\/wp-content\/uploads\/2023\/11\/Hedera-helix-Trustee.webp 1153w\" sizes=\"(max-width: 300px) 100vw, 300px\" \/><\/div>\n\t\t<\/a>\n\t\t\t\t<div class=\"elementor-post__text\">\n\t\t\t\t<h3 class=\"elementor-post__title\">\n\t\t\t<a href=\"https:\/\/www.hedera-etc.com\/it\/product\/hedera-helix-trustee\/\" target=\"&quot;_blank&quot;\">\n\t\t\t\t<em>Hedera helix<\/em> &lsquo;Trustee&rsquo;- Edera ornamentale\t\t\t<\/a>\n\t\t<\/h3>\n\t\t\t\t<div class=\"elementor-post__excerpt\">\n\t\t\t<p>Edera rampicante vigorosa o coprisuolo che produce lunghi steli ramificati con internodi distanti da 5 a 7 cm.<\/p> <p>Fogliame verde\t\t<\/div>\n\t\t\n\t\t<a class=\"elementor-post__read-more\" href=\"https:\/\/www.hedera-etc.com\/it\/product\/hedera-helix-trustee\/\" aria-label=\"Leggi tutto *Hedera helix* \u2018Trustee\u2019 - Edera ornamentale\" tabindex=\"-1\" target=\"_blank\">\n\t\t\tPer saperne di pi\u00f9 \u00bb\t\t<\/a>\n\n\t\t\t\t<\/div>\n\t\t\t\t<\/article>\n\t\t\t\t<article class=\"elementor-post elementor-grid-item post-1589 product type-product status-publish has-post-thumbnail product_cat-lierre entry has-media  instock purchasable product-type-variable has-default-attributes has-product-nav col span_1_of_4 owp-content-center item-entry owp-thumbs-layout-horizontal owp-btn-normal owp-tabs-layout-section\">\n\t\t\t\t<a class=\"elementor-post__thumbnail__link\" href=\"https:\/\/www.hedera-etc.com\/it\/product\/hedera-helix-tussie-mussie\/\" tabindex=\"-1\" target=\"&quot;_blank&quot;\">\n\t\t\t<div class=\"elementor-post__thumbnail\"><img loading=\"lazy\" decoding=\"async\" width=\"300\" height=\"239\" src=\"https:\/\/www.hedera-etc.com\/wp-content\/uploads\/2023\/11\/Hedera-helix-Tussie-Mussie-300x239.webp\" class=\"attachment-medium size-medium wp-image-14053\" alt=\"Hedera helix &#039;Tussie Mussie&#039;\" srcset=\"https:\/\/www.hedera-etc.com\/wp-content\/uploads\/2023\/11\/Hedera-helix-Tussie-Mussie-300x239.webp 300w, https:\/\/www.hedera-etc.com\/wp-content\/uploads\/2023\/11\/Hedera-helix-Tussie-Mussie-768x611.webp 768w, https:\/\/www.hedera-etc.com\/wp-content\/uploads\/2023\/11\/Hedera-helix-Tussie-Mussie.webp 849w\" sizes=\"(max-width: 300px) 100vw, 300px\" \/><\/div>\n\t\t<\/a>\n\t\t\t\t<div class=\"elementor-post__text\">\n\t\t\t\t<h3 class=\"elementor-post__title\">\n\t\t\t<a href=\"https:\/\/www.hedera-etc.com\/it\/product\/hedera-helix-tussie-mussie\/\" target=\"&quot;_blank&quot;\">\n\t\t\t\t<em>Hedera helix<\/em> &lsquo;Tussie Mussie&rsquo;- Edera ornamentale\t\t\t<\/a>\n\t\t<\/h3>\n\t\t\t\t<div class=\"elementor-post__excerpt\">\n\t\t\t<p>Variet\u00e0 compatta e ramificata. Foglie con 3 lobi distinti e arrotondati, a volte simili a foglioline con superficie in rilievo.\t\t<\/div>\n\t\t\n\t\t<a class=\"elementor-post__read-more\" href=\"https:\/\/www.hedera-etc.com\/it\/product\/hedera-helix-tussie-mussie\/\" aria-label=\"Leggi tutto *Hedera helix* \u2018Tussie Mussie\u2019 - Edera ornamentale\" tabindex=\"-1\" target=\"_blank\">\n\t\t\tPer saperne di pi\u00f9 \u00bb\t\t<\/a>\n\n\t\t\t\t<\/div>\n\t\t\t\t<\/article>\n\t\t\t\t<article class=\"elementor-post elementor-grid-item post-1595 product type-product status-publish has-post-thumbnail product_cat-lierre entry has-media last instock purchasable product-type-variable has-default-attributes has-product-nav col span_1_of_4 owp-content-center item-entry owp-thumbs-layout-horizontal owp-btn-normal owp-tabs-layout-section\">\n\t\t\t\t<a class=\"elementor-post__thumbnail__link\" href=\"https:\/\/www.hedera-etc.com\/it\/product\/hedera-helix-twilight\/\" tabindex=\"-1\" target=\"&quot;_blank&quot;\">\n\t\t\t<div class=\"elementor-post__thumbnail\"><img loading=\"lazy\" decoding=\"async\" width=\"300\" height=\"225\" src=\"https:\/\/www.hedera-etc.com\/wp-content\/uploads\/2023\/11\/Hedera-helix-Twilight-300x225.webp\" class=\"attachment-medium size-medium wp-image-15290\" alt=\"Hedera helix &#039;Twilight&#039;\" srcset=\"https:\/\/www.hedera-etc.com\/wp-content\/uploads\/2023\/11\/Hedera-helix-Twilight-300x225.webp 300w, https:\/\/www.hedera-etc.com\/wp-content\/uploads\/2023\/11\/Hedera-helix-Twilight-900x674.webp 900w, https:\/\/www.hedera-etc.com\/wp-content\/uploads\/2023\/11\/Hedera-helix-Twilight-768x575.webp 768w, https:\/\/www.hedera-etc.com\/wp-content\/uploads\/2023\/11\/Hedera-helix-Twilight.webp 902w\" sizes=\"(max-width: 300px) 100vw, 300px\" \/><\/div>\n\t\t<\/a>\n\t\t\t\t<div class=\"elementor-post__text\">\n\t\t\t\t<h3 class=\"elementor-post__title\">\n\t\t\t<a href=\"https:\/\/www.hedera-etc.com\/it\/product\/hedera-helix-twilight\/\" target=\"&quot;_blank&quot;\">\n\t\t\t\t<em>Hedera helix<\/em> &lsquo;Twilight&rsquo;- Edera ornamentale\t\t\t<\/a>\n\t\t<\/h3>\n\t\t\t\t<div class=\"elementor-post__excerpt\">\n\t\t\t<p>Assomiglia molto a <em>Hedera helix<\/em> \u2018Agugliato\u2019, ma con fogliame variegato.<\/p> <p>Foglie di colore da bianco a giallo chiaro, punteggiate da piccole macchie\t\t<\/div>\n\t\t\n\t\t<a class=\"elementor-post__read-more\" href=\"https:\/\/www.hedera-etc.com\/it\/product\/hedera-helix-twilight\/\" aria-label=\"Leggi tutto &lt;em&gt;Hedera helix&lt;\/em&gt; \u2018Twilight\u2019 - Edera ornamentale\" tabindex=\"-1\" target=\"_blank\">\n\t\t\tPer saperne di pi\u00f9 \u00bb\t\t<\/a>\n\n\t\t\t\t<\/div>\n\t\t\t\t<\/article>\n\t\t\t\t<article class=\"elementor-post elementor-grid-item post-1601 product type-product status-publish has-post-thumbnail product_cat-lierre entry has-media first instock purchasable product-type-variable has-default-attributes has-product-nav col span_1_of_4 owp-content-center item-entry owp-thumbs-layout-horizontal owp-btn-normal owp-tabs-layout-section\">\n\t\t\t\t<a class=\"elementor-post__thumbnail__link\" href=\"https:\/\/www.hedera-etc.com\/it\/product\/hedera-helix-typ-von-helensburgh\/\" tabindex=\"-1\" target=\"&quot;_blank&quot;\">\n\t\t\t<div class=\"elementor-post__thumbnail\"><img loading=\"lazy\" decoding=\"async\" width=\"300\" height=\"225\" src=\"https:\/\/www.hedera-etc.com\/wp-content\/uploads\/2023\/11\/Hedera-helix-Typ-Von-Helensburgh_3-300x225.webp\" class=\"attachment-medium size-medium wp-image-18135\" alt=\"Hedera helix &#039;Typ Von Helensburgh&#039;\" srcset=\"https:\/\/www.hedera-etc.com\/wp-content\/uploads\/2023\/11\/Hedera-helix-Typ-Von-Helensburgh_3-300x225.webp 300w, https:\/\/www.hedera-etc.com\/wp-content\/uploads\/2023\/11\/Hedera-helix-Typ-Von-Helensburgh_3-900x675.webp 900w, https:\/\/www.hedera-etc.com\/wp-content\/uploads\/2023\/11\/Hedera-helix-Typ-Von-Helensburgh_3-1024x768.webp 1024w, https:\/\/www.hedera-etc.com\/wp-content\/uploads\/2023\/11\/Hedera-helix-Typ-Von-Helensburgh_3-768x576.webp 768w, https:\/\/www.hedera-etc.com\/wp-content\/uploads\/2023\/11\/Hedera-helix-Typ-Von-Helensburgh_3-1536x1152.webp 1536w, https:\/\/www.hedera-etc.com\/wp-content\/uploads\/2023\/11\/Hedera-helix-Typ-Von-Helensburgh_3-1320x990.webp 1320w, https:\/\/www.hedera-etc.com\/wp-content\/uploads\/2023\/11\/Hedera-helix-Typ-Von-Helensburgh_3.webp 1600w\" sizes=\"(max-width: 300px) 100vw, 300px\" \/><\/div>\n\t\t<\/a>\n\t\t\t\t<div class=\"elementor-post__text\">\n\t\t\t\t<h3 class=\"elementor-post__title\">\n\t\t\t<a href=\"https:\/\/www.hedera-etc.com\/it\/product\/hedera-helix-typ-von-helensburgh\/\" target=\"&quot;_blank&quot;\">\n\t\t\t\t<em>Hedera helix<\/em> &lsquo;Typ Von Helensburgh&rsquo;\t\t\t<\/a>\n\t\t<\/h3>\n\t\t\t\t<div class=\"elementor-post__excerpt\">\n\t\t\t<p>Una selezione vicina al tipo, ma che si distingue per le sue piccole foglie di 1,5-2,5 cm.<\/p> <p>Fusti con pochi rami. Internodi,\t\t<\/div>\n\t\t\n\t\t<a class=\"elementor-post__read-more\" href=\"https:\/\/www.hedera-etc.com\/it\/product\/hedera-helix-typ-von-helensburgh\/\" aria-label=\"Leggi tutto *Hedera helix* \u2018Typ Von Helensburgh\u2019\" tabindex=\"-1\" target=\"_blank\">\n\t\t\tPer saperne di pi\u00f9 \u00bb\t\t<\/a>\n\n\t\t\t\t<\/div>\n\t\t\t\t<\/article>\n\t\t\t\t<article class=\"elementor-post elementor-grid-item post-1607 product type-product status-publish has-post-thumbnail product_cat-lierre entry has-media  instock purchasable product-type-variable has-default-attributes has-product-nav col span_1_of_4 owp-content-center item-entry owp-thumbs-layout-horizontal owp-btn-normal owp-tabs-layout-section has-no-thumbnails\">\n\t\t\t\t<a class=\"elementor-post__thumbnail__link\" href=\"https:\/\/www.hedera-etc.com\/it\/product\/hedera-helix-ursula\/\" tabindex=\"-1\" target=\"&quot;_blank&quot;\">\n\t\t\t<div class=\"elementor-post__thumbnail\"><img loading=\"lazy\" decoding=\"async\" width=\"300\" height=\"225\" src=\"https:\/\/www.hedera-etc.com\/wp-content\/uploads\/2023\/11\/Hedera-helix-Ursula-300x225.webp\" class=\"attachment-medium size-medium wp-image-1608\" alt=\"Hedera helix &#039;Ursula&#039;\" srcset=\"https:\/\/www.hedera-etc.com\/wp-content\/uploads\/2023\/11\/Hedera-helix-Ursula-300x225.webp 300w, https:\/\/www.hedera-etc.com\/wp-content\/uploads\/2023\/11\/Hedera-helix-Ursula-768x575.webp 768w, https:\/\/www.hedera-etc.com\/wp-content\/uploads\/2023\/11\/Hedera-helix-Ursula.webp 800w\" sizes=\"(max-width: 300px) 100vw, 300px\" \/><\/div>\n\t\t<\/a>\n\t\t\t\t<div class=\"elementor-post__text\">\n\t\t\t\t<h3 class=\"elementor-post__title\">\n\t\t\t<a href=\"https:\/\/www.hedera-etc.com\/it\/product\/hedera-helix-ursula\/\" target=\"&quot;_blank&quot;\">\n\t\t\t\t<em>Hedera helix<\/em> &lsquo;Ursula&rsquo;- Edera ornamentale\t\t\t<\/a>\n\t\t<\/h3>\n\t\t\t\t<div class=\"elementor-post__excerpt\">\n\t\t\t<p>Edera vigorosa e ramificata. Fusti che portano grandi foglie con 3 lobi allungati, con i lobi laterali che a volte si sovrappongono al lobo laterale.\t\t<\/div>\n\t\t\n\t\t<a class=\"elementor-post__read-more\" href=\"https:\/\/www.hedera-etc.com\/it\/product\/hedera-helix-ursula\/\" aria-label=\"Leggi tutto *Hedera helix* \u2018Ursula\u2019 - Lierre d&#039;ornement\" tabindex=\"-1\" target=\"_blank\">\n\t\t\tPer saperne di pi\u00f9 \u00bb\t\t<\/a>\n\n\t\t\t\t<\/div>\n\t\t\t\t<\/article>\n\t\t\t\t<article class=\"elementor-post elementor-grid-item post-1612 product type-product status-publish has-post-thumbnail product_cat-lierre entry has-media  instock purchasable product-type-variable has-default-attributes has-product-nav col span_1_of_4 owp-content-center item-entry owp-thumbs-layout-horizontal owp-btn-normal owp-tabs-layout-section\">\n\t\t\t\t<a class=\"elementor-post__thumbnail__link\" href=\"https:\/\/www.hedera-etc.com\/it\/product\/hedera-helix-ustler\/\" tabindex=\"-1\" target=\"&quot;_blank&quot;\">\n\t\t\t<div class=\"elementor-post__thumbnail\"><img loading=\"lazy\" decoding=\"async\" width=\"300\" height=\"225\" src=\"https:\/\/www.hedera-etc.com\/wp-content\/uploads\/2023\/11\/Hedera-helix-Uslter_2-300x225.webp\" class=\"attachment-medium size-medium wp-image-1614\" alt=\"Hedera helix &#039;Ustler&#039;\" srcset=\"https:\/\/www.hedera-etc.com\/wp-content\/uploads\/2023\/11\/Hedera-helix-Uslter_2-300x225.webp 300w, https:\/\/www.hedera-etc.com\/wp-content\/uploads\/2023\/11\/Hedera-helix-Uslter_2-900x675.webp 900w, https:\/\/www.hedera-etc.com\/wp-content\/uploads\/2023\/11\/Hedera-helix-Uslter_2-768x576.webp 768w, https:\/\/www.hedera-etc.com\/wp-content\/uploads\/2023\/11\/Hedera-helix-Uslter_2.webp 1024w\" sizes=\"(max-width: 300px) 100vw, 300px\" \/><\/div>\n\t\t<\/a>\n\t\t\t\t<div class=\"elementor-post__text\">\n\t\t\t\t<h3 class=\"elementor-post__title\">\n\t\t\t<a href=\"https:\/\/www.hedera-etc.com\/it\/product\/hedera-helix-ustler\/\" target=\"&quot;_blank&quot;\">\n\t\t\t\t<em>Hedera helix<\/em> &lsquo;Ustler&rsquo;- Edera ornamentale\t\t\t<\/a>\n\t\t<\/h3>\n\t\t\t\t<div class=\"elementor-post__excerpt\">\n\t\t\t<p>Simile alla variet\u00e0 \u2018Boskoop\u2019. L'unica differenza \u00e8 che le foglie non sono cos\u00ec ondulate.<\/p> <p>Steli che crescono in\t\t<\/div>\n\t\t\n\t\t<a class=\"elementor-post__read-more\" href=\"https:\/\/www.hedera-etc.com\/it\/product\/hedera-helix-ustler\/\" aria-label=\"Leggi tutto *Hedera helix* \u2018Ustler\u2019 - Edera ornamentale\" tabindex=\"-1\" target=\"_blank\">\n\t\t\tPer saperne di pi\u00f9 \u00bb\t\t<\/a>\n\n\t\t\t\t<\/div>\n\t\t\t\t<\/article>\n\t\t\t\t<article class=\"elementor-post elementor-grid-item post-1617 product type-product status-publish has-post-thumbnail product_cat-lierre entry has-media last instock purchasable product-type-variable has-default-attributes has-product-nav col span_1_of_4 owp-content-center item-entry owp-thumbs-layout-horizontal owp-btn-normal owp-tabs-layout-section has-no-thumbnails\">\n\t\t\t\t<a class=\"elementor-post__thumbnail__link\" href=\"https:\/\/www.hedera-etc.com\/it\/product\/hedera-helix-victoria\/\" tabindex=\"-1\" target=\"&quot;_blank&quot;\">\n\t\t\t<div class=\"elementor-post__thumbnail\"><img loading=\"lazy\" decoding=\"async\" width=\"300\" height=\"225\" src=\"https:\/\/www.hedera-etc.com\/wp-content\/uploads\/2023\/11\/Hedera-helix-Victoria-300x225.webp\" class=\"attachment-medium size-medium wp-image-1618\" alt=\"Hedera helix &#039;Victoria&#039;\" srcset=\"https:\/\/www.hedera-etc.com\/wp-content\/uploads\/2023\/11\/Hedera-helix-Victoria-300x225.webp 300w, https:\/\/www.hedera-etc.com\/wp-content\/uploads\/2023\/11\/Hedera-helix-Victoria-768x575.webp 768w, https:\/\/www.hedera-etc.com\/wp-content\/uploads\/2023\/11\/Hedera-helix-Victoria.webp 800w\" sizes=\"(max-width: 300px) 100vw, 300px\" \/><\/div>\n\t\t<\/a>\n\t\t\t\t<div class=\"elementor-post__text\">\n\t\t\t\t<h3 class=\"elementor-post__title\">\n\t\t\t<a href=\"https:\/\/www.hedera-etc.com\/it\/product\/hedera-helix-victoria\/\" target=\"&quot;_blank&quot;\">\n\t\t\t\t<em>Hedera helix<\/em> &lsquo;Victoria&rsquo;- Edera ornamentale\t\t\t<\/a>\n\t\t<\/h3>\n\t\t\t\t<div class=\"elementor-post__excerpt\">\n\t\t\t<p>Edera con pochi rami. Fusti lunghi che portano foglie verdi con 5 lobi rivolti in avanti.<\/p> <p>Foglio 7 x 6\t\t<\/div>\n\t\t\n\t\t<a class=\"elementor-post__read-more\" href=\"https:\/\/www.hedera-etc.com\/it\/product\/hedera-helix-victoria\/\" aria-label=\"Leggi tutto *Hedera helix* \u2018Victoria\u2019 - Edera ornamentale\" tabindex=\"-1\" target=\"_blank\">\n\t\t\tPer saperne di pi\u00f9 \u00bb\t\t<\/a>\n\n\t\t\t\t<\/div>\n\t\t\t\t<\/article>\n\t\t\t\t<article class=\"elementor-post elementor-grid-item post-1621 product type-product status-publish has-post-thumbnail product_cat-lierre entry has-media first instock purchasable product-type-variable has-default-attributes has-product-nav col span_1_of_4 owp-content-center item-entry owp-thumbs-layout-horizontal owp-btn-normal owp-tabs-layout-section\">\n\t\t\t\t<a class=\"elementor-post__thumbnail__link\" href=\"https:\/\/www.hedera-etc.com\/it\/product\/hedera-helix-vitis\/\" tabindex=\"-1\" target=\"&quot;_blank&quot;\">\n\t\t\t<div class=\"elementor-post__thumbnail\"><img loading=\"lazy\" decoding=\"async\" width=\"300\" height=\"225\" src=\"https:\/\/www.hedera-etc.com\/wp-content\/uploads\/2023\/11\/Hedera-helix-Vitis_2-300x225.webp\" class=\"attachment-medium size-medium wp-image-14022\" alt=\"Hedera helix &#039;Vitis&#039;\" srcset=\"https:\/\/www.hedera-etc.com\/wp-content\/uploads\/2023\/11\/Hedera-helix-Vitis_2-300x225.webp 300w, https:\/\/www.hedera-etc.com\/wp-content\/uploads\/2023\/11\/Hedera-helix-Vitis_2-900x675.webp 900w, https:\/\/www.hedera-etc.com\/wp-content\/uploads\/2023\/11\/Hedera-helix-Vitis_2-768x576.webp 768w, https:\/\/www.hedera-etc.com\/wp-content\/uploads\/2023\/11\/Hedera-helix-Vitis_2.webp 1024w\" sizes=\"(max-width: 300px) 100vw, 300px\" \/><\/div>\n\t\t<\/a>\n\t\t\t\t<div class=\"elementor-post__text\">\n\t\t\t\t<h3 class=\"elementor-post__title\">\n\t\t\t<a href=\"https:\/\/www.hedera-etc.com\/it\/product\/hedera-helix-vitis\/\" target=\"&quot;_blank&quot;\">\n\t\t\t\t<em>Hedera helix<\/em> &lsquo;Vitis&rsquo;- Edera ornamentale\t\t\t<\/a>\n\t\t<\/h3>\n\t\t\t\t<div class=\"elementor-post__excerpt\">\n\t\t\t<p>Foglie simili a quelle della vite, ma pi\u00f9 piccole. Lobi appuntiti e curvati verso il basso.<\/p>\t\t<\/div>\n\t\t\n\t\t<a class=\"elementor-post__read-more\" href=\"https:\/\/www.hedera-etc.com\/it\/product\/hedera-helix-vitis\/\" aria-label=\"Leggi tutto *Hedera helix* \u2018Vitis\u2019 - L&#039;edera ornamentale\" tabindex=\"-1\" target=\"_blank\">\n\t\t\tPer saperne di pi\u00f9 \u00bb\t\t<\/a>\n\n\t\t\t\t<\/div>\n\t\t\t\t<\/article>\n\t\t\t\t<article class=\"elementor-post elementor-grid-item post-1626 product type-product status-publish has-post-thumbnail product_cat-lierre entry has-media  instock purchasable product-type-variable has-default-attributes has-product-nav col span_1_of_4 owp-content-center item-entry owp-thumbs-layout-horizontal owp-btn-normal owp-tabs-layout-section\">\n\t\t\t\t<a class=\"elementor-post__thumbnail__link\" href=\"https:\/\/www.hedera-etc.com\/it\/product\/hedera-helix-waabs\/\" tabindex=\"-1\" target=\"&quot;_blank&quot;\">\n\t\t\t<div class=\"elementor-post__thumbnail\"><img loading=\"lazy\" decoding=\"async\" width=\"300\" height=\"242\" src=\"https:\/\/www.hedera-etc.com\/wp-content\/uploads\/2023\/11\/Hedera-helix-Waabs-300x242.webp\" class=\"attachment-medium size-medium wp-image-1627\" alt=\"Hedera helix &#039;Waabs&#039;\" srcset=\"https:\/\/www.hedera-etc.com\/wp-content\/uploads\/2023\/11\/Hedera-helix-Waabs-300x242.webp 300w, https:\/\/www.hedera-etc.com\/wp-content\/uploads\/2023\/11\/Hedera-helix-Waabs-768x619.webp 768w, https:\/\/www.hedera-etc.com\/wp-content\/uploads\/2023\/11\/Hedera-helix-Waabs.webp 800w\" sizes=\"(max-width: 300px) 100vw, 300px\" \/><\/div>\n\t\t<\/a>\n\t\t\t\t<div class=\"elementor-post__text\">\n\t\t\t\t<h3 class=\"elementor-post__title\">\n\t\t\t<a href=\"https:\/\/www.hedera-etc.com\/it\/product\/hedera-helix-waabs\/\" target=\"&quot;_blank&quot;\">\n\t\t\t\t<em>Hedera helix<\/em> &lsquo;Waabs&rsquo;- Edera ornamentale\t\t\t<\/a>\n\t\t<\/h3>\n\t\t\t\t<div class=\"elementor-post__excerpt\">\n\t\t\t<p>Variet\u00e0 vicina al tipo che produce relativamente poche foglie e d\u00e0 maggiore trasparenza al suo supporto.<\/p> <p>Foglie verde scuro\t\t<\/div>\n\t\t\n\t\t<a class=\"elementor-post__read-more\" href=\"https:\/\/www.hedera-etc.com\/it\/product\/hedera-helix-waabs\/\" aria-label=\"Leggi tutto *Hedera helix* \u2018Waabs\u2019 - Edera ornamentale\" tabindex=\"-1\" target=\"_blank\">\n\t\t\tPer saperne di pi\u00f9 \u00bb\t\t<\/a>\n\n\t\t\t\t<\/div>\n\t\t\t\t<\/article>\n\t\t\t\t<article class=\"elementor-post elementor-grid-item post-1631 product type-product status-publish has-post-thumbnail product_cat-lierre entry has-media  instock purchasable product-type-variable has-default-attributes has-product-nav col span_1_of_4 owp-content-center item-entry owp-thumbs-layout-horizontal owp-btn-normal owp-tabs-layout-section\">\n\t\t\t\t<a class=\"elementor-post__thumbnail__link\" href=\"https:\/\/www.hedera-etc.com\/it\/product\/hedera-helix-waccamaw\/\" tabindex=\"-1\" target=\"&quot;_blank&quot;\">\n\t\t\t<div class=\"elementor-post__thumbnail\"><img loading=\"lazy\" decoding=\"async\" width=\"300\" height=\"225\" src=\"https:\/\/www.hedera-etc.com\/wp-content\/uploads\/2023\/11\/Hedera-helix-Waccamaw-1-300x225.webp\" class=\"attachment-medium size-medium wp-image-14013\" alt=\"Hedera helix &#039;Waccamaw\" srcset=\"https:\/\/www.hedera-etc.com\/wp-content\/uploads\/2023\/11\/Hedera-helix-Waccamaw-1-300x225.webp 300w, https:\/\/www.hedera-etc.com\/wp-content\/uploads\/2023\/11\/Hedera-helix-Waccamaw-1-900x674.webp 900w, https:\/\/www.hedera-etc.com\/wp-content\/uploads\/2023\/11\/Hedera-helix-Waccamaw-1-1024x767.webp 1024w, https:\/\/www.hedera-etc.com\/wp-content\/uploads\/2023\/11\/Hedera-helix-Waccamaw-1-768x576.webp 768w, https:\/\/www.hedera-etc.com\/wp-content\/uploads\/2023\/11\/Hedera-helix-Waccamaw-1.webp 1313w\" sizes=\"(max-width: 300px) 100vw, 300px\" \/><\/div>\n\t\t<\/a>\n\t\t\t\t<div class=\"elementor-post__text\">\n\t\t\t\t<h3 class=\"elementor-post__title\">\n\t\t\t<a href=\"https:\/\/www.hedera-etc.com\/it\/product\/hedera-helix-waccamaw\/\" target=\"&quot;_blank&quot;\">\n\t\t\t\t<em>Hedera helix<\/em> &lsquo;Waccamaw&rsquo; &#8211; Edera ornamentale\t\t\t<\/a>\n\t\t<\/h3>\n\t\t\t\t<div class=\"elementor-post__excerpt\">\n\t\t\t<p>Foglie con 3 lobi leggermente pronunciati e punte arrotondate.<\/p> <p>Fogliame verde scuro con una macula giallo-verde al centro.\t\t<\/div>\n\t\t\n\t\t<a class=\"elementor-post__read-more\" href=\"https:\/\/www.hedera-etc.com\/it\/product\/hedera-helix-waccamaw\/\" aria-label=\"&lt;em&gt;Hedera helix&lt;\/em&gt; \u2018Waccamaw\u2019 \u2013 Edera ornamentale\" tabindex=\"-1\" target=\"_blank\">\n\t\t\tPer saperne di pi\u00f9 \u00bb\t\t<\/a>\n\n\t\t\t\t<\/div>\n\t\t\t\t<\/article>\n\t\t\t\t<article class=\"elementor-post elementor-grid-item post-1635 product type-product status-publish has-post-thumbnail product_cat-lierre entry has-media last instock purchasable product-type-variable has-default-attributes has-product-nav col span_1_of_4 owp-content-center item-entry owp-thumbs-layout-horizontal owp-btn-normal owp-tabs-layout-section\">\n\t\t\t\t<a class=\"elementor-post__thumbnail__link\" href=\"https:\/\/www.hedera-etc.com\/it\/product\/hedera-helix-wellenspiel\/\" tabindex=\"-1\" target=\"&quot;_blank&quot;\">\n\t\t\t<div class=\"elementor-post__thumbnail\"><img loading=\"lazy\" decoding=\"async\" width=\"300\" height=\"225\" src=\"https:\/\/www.hedera-etc.com\/wp-content\/uploads\/2023\/11\/Hedera-helix-Wellenspiel-300x225.webp\" class=\"attachment-medium size-medium wp-image-1636\" alt=\"Hedera helix &#039;Wellenspiel&#039;\" srcset=\"https:\/\/www.hedera-etc.com\/wp-content\/uploads\/2023\/11\/Hedera-helix-Wellenspiel-300x225.webp 300w, https:\/\/www.hedera-etc.com\/wp-content\/uploads\/2023\/11\/Hedera-helix-Wellenspiel-768x576.webp 768w, https:\/\/www.hedera-etc.com\/wp-content\/uploads\/2023\/11\/Hedera-helix-Wellenspiel.webp 839w\" sizes=\"(max-width: 300px) 100vw, 300px\" \/><\/div>\n\t\t<\/a>\n\t\t\t\t<div class=\"elementor-post__text\">\n\t\t\t\t<h3 class=\"elementor-post__title\">\n\t\t\t<a href=\"https:\/\/www.hedera-etc.com\/it\/product\/hedera-helix-wellenspiel\/\" target=\"&quot;_blank&quot;\">\n\t\t\t\t<em>Hedera helix<\/em> &lsquo;Wellenspiel&rsquo;- Edera ornamentale\t\t\t<\/a>\n\t\t<\/h3>\n\t\t\t\t<div class=\"elementor-post__excerpt\">\n\t\t\t<p>Foglie con tre lobi rivolti in avanti, spesso contorte con margine ondulato.<\/p> <p>I lobi laterali a volte coprono\t\t<\/div>\n\t\t\n\t\t<a class=\"elementor-post__read-more\" href=\"https:\/\/www.hedera-etc.com\/it\/product\/hedera-helix-wellenspiel\/\" aria-label=\"Leggi tutto *Hedera helix* \u2018Wellenspiel\u2019 - Edera ornamentale\" tabindex=\"-1\" target=\"_blank\">\n\t\t\tPer saperne di pi\u00f9 \u00bb\t\t<\/a>\n\n\t\t\t\t<\/div>\n\t\t\t\t<\/article>\n\t\t\t\t<article class=\"elementor-post elementor-grid-item post-1643 product type-product status-publish has-post-thumbnail product_cat-lierre entry has-media first instock purchasable product-type-variable has-default-attributes has-product-nav col span_1_of_4 owp-content-center item-entry owp-thumbs-layout-horizontal owp-btn-normal owp-tabs-layout-section\">\n\t\t\t\t<a class=\"elementor-post__thumbnail__link\" href=\"https:\/\/www.hedera-etc.com\/it\/product\/hedera-helix-whitehall\/\" tabindex=\"-1\" target=\"&quot;_blank&quot;\">\n\t\t\t<div class=\"elementor-post__thumbnail\"><img loading=\"lazy\" decoding=\"async\" width=\"300\" height=\"225\" src=\"https:\/\/www.hedera-etc.com\/wp-content\/uploads\/2023\/11\/Hedera-helix-Whitehall_2-300x225.webp\" class=\"attachment-medium size-medium wp-image-14002\" alt=\"Hedera helix &#039;Whitehall&#039;\" srcset=\"https:\/\/www.hedera-etc.com\/wp-content\/uploads\/2023\/11\/Hedera-helix-Whitehall_2-300x225.webp 300w, https:\/\/www.hedera-etc.com\/wp-content\/uploads\/2023\/11\/Hedera-helix-Whitehall_2-900x675.webp 900w, https:\/\/www.hedera-etc.com\/wp-content\/uploads\/2023\/11\/Hedera-helix-Whitehall_2-768x576.webp 768w, https:\/\/www.hedera-etc.com\/wp-content\/uploads\/2023\/11\/Hedera-helix-Whitehall_2.webp 1024w\" sizes=\"(max-width: 300px) 100vw, 300px\" \/><\/div>\n\t\t<\/a>\n\t\t\t\t<div class=\"elementor-post__text\">\n\t\t\t\t<h3 class=\"elementor-post__title\">\n\t\t\t<a href=\"https:\/\/www.hedera-etc.com\/it\/product\/hedera-helix-whitehall\/\" target=\"&quot;_blank&quot;\">\n\t\t\t\t<em>Hedera helix<\/em> &lsquo;Whitehall&rsquo;- Edera ornamentale\t\t\t<\/a>\n\t\t<\/h3>\n\t\t\t\t<div class=\"elementor-post__excerpt\">\n\t\t\t<p>Pianta tozza. Numerosi fusti che portano foglie polimorfe di colore verde medio, a volte senza lobi, a volte con 3 lobi.<\/p> <p>Lobi piccoli\t\t<\/div>\n\t\t\n\t\t<a class=\"elementor-post__read-more\" href=\"https:\/\/www.hedera-etc.com\/it\/product\/hedera-helix-whitehall\/\" aria-label=\"Leggi tutto &lt;em&gt;Hedera helix&lt;\/em&gt; \u2018Whitehall\u2019- Edera ornamentale\" tabindex=\"-1\" target=\"_blank\">\n\t\t\tPer saperne di pi\u00f9 \u00bb\t\t<\/a>\n\n\t\t\t\t<\/div>\n\t\t\t\t<\/article>\n\t\t\t\t<article class=\"elementor-post elementor-grid-item post-1649 product type-product status-publish has-post-thumbnail product_cat-lierre entry has-media  instock purchasable product-type-variable has-default-attributes has-product-nav col span_1_of_4 owp-content-center item-entry owp-thumbs-layout-horizontal owp-btn-normal owp-tabs-layout-section\">\n\t\t\t\t<a class=\"elementor-post__thumbnail__link\" href=\"https:\/\/www.hedera-etc.com\/it\/product\/hedera-helix-white-ripple\/\" tabindex=\"-1\" target=\"&quot;_blank&quot;\">\n\t\t\t<div class=\"elementor-post__thumbnail\"><img loading=\"lazy\" decoding=\"async\" width=\"300\" height=\"225\" src=\"https:\/\/www.hedera-etc.com\/wp-content\/uploads\/2023\/11\/Hedera-helix-White-ripple-300x225.webp\" class=\"attachment-medium size-medium wp-image-1650\" alt=\"Hedera helix &#039;White ripple&#039;\" srcset=\"https:\/\/www.hedera-etc.com\/wp-content\/uploads\/2023\/11\/Hedera-helix-White-ripple-300x225.webp 300w, https:\/\/www.hedera-etc.com\/wp-content\/uploads\/2023\/11\/Hedera-helix-White-ripple-900x675.webp 900w, https:\/\/www.hedera-etc.com\/wp-content\/uploads\/2023\/11\/Hedera-helix-White-ripple-768x576.webp 768w, https:\/\/www.hedera-etc.com\/wp-content\/uploads\/2023\/11\/Hedera-helix-White-ripple.webp 1024w\" sizes=\"(max-width: 300px) 100vw, 300px\" \/><\/div>\n\t\t<\/a>\n\t\t\t\t<div class=\"elementor-post__text\">\n\t\t\t\t<h3 class=\"elementor-post__title\">\n\t\t\t<a href=\"https:\/\/www.hedera-etc.com\/it\/product\/hedera-helix-white-ripple\/\" target=\"&quot;_blank&quot;\">\n\t\t\t\t<em>Hedera helix<\/em> &lsquo;White Ripple&rsquo;- Edera ornamentale\t\t\t<\/a>\n\t\t<\/h3>\n\t\t\t\t<div class=\"elementor-post__excerpt\">\n\t\t\t<p>Variet\u00e0 tozza, a crescita lenta e con pochi rami.<\/p> <p>Foglie piccole e dentate con 5-7 lobi appuntiti rivolti in avanti.<\/p>\t\t<\/div>\n\t\t\n\t\t<a class=\"elementor-post__read-more\" href=\"https:\/\/www.hedera-etc.com\/it\/product\/hedera-helix-white-ripple\/\" aria-label=\"Leggi tutto &lt;em&gt;Hedera helix&lt;\/em&gt; \u2018White Ripple\u2019 - Edera decorativa\" tabindex=\"-1\" target=\"_blank\">\n\t\t\tPer saperne di pi\u00f9 \u00bb\t\t<\/a>\n\n\t\t\t\t<\/div>\n\t\t\t\t<\/article>\n\t\t\t\t<article class=\"elementor-post elementor-grid-item post-1655 product type-product status-publish has-post-thumbnail product_cat-lierre entry has-media  instock purchasable product-type-variable has-default-attributes has-product-nav col span_1_of_4 owp-content-center item-entry owp-thumbs-layout-horizontal owp-btn-normal owp-tabs-layout-section\">\n\t\t\t\t<a class=\"elementor-post__thumbnail__link\" href=\"https:\/\/www.hedera-etc.com\/it\/product\/hedera-helix-white-wonder\/\" tabindex=\"-1\" target=\"&quot;_blank&quot;\">\n\t\t\t<div class=\"elementor-post__thumbnail\"><img loading=\"lazy\" decoding=\"async\" width=\"300\" height=\"225\" src=\"https:\/\/www.hedera-etc.com\/wp-content\/uploads\/2023\/11\/Hedera-helix-White-Wonder-300x225.webp\" class=\"attachment-medium size-medium wp-image-1661\" alt=\"Hedera helix &#039;White Wonder&#039;\" srcset=\"https:\/\/www.hedera-etc.com\/wp-content\/uploads\/2023\/11\/Hedera-helix-White-Wonder-300x225.webp 300w, https:\/\/www.hedera-etc.com\/wp-content\/uploads\/2023\/11\/Hedera-helix-White-Wonder-768x575.webp 768w, https:\/\/www.hedera-etc.com\/wp-content\/uploads\/2023\/11\/Hedera-helix-White-Wonder.webp 800w\" sizes=\"(max-width: 300px) 100vw, 300px\" \/><\/div>\n\t\t<\/a>\n\t\t\t\t<div class=\"elementor-post__text\">\n\t\t\t\t<h3 class=\"elementor-post__title\">\n\t\t\t<a href=\"https:\/\/www.hedera-etc.com\/it\/product\/hedera-helix-white-wonder\/\" target=\"&quot;_blank&quot;\">\n\t\t\t\t<em>Hedera helix<\/em> &lsquo;White Wonder&rsquo;- Edera ornamentale\t\t\t<\/a>\n\t\t<\/h3>\n\t\t\t\t<div class=\"elementor-post__excerpt\">\n\t\t\t<p>Forme panach\u00e9e de &lsquo;Wonder&rsquo;, plus poussant, moins branchu.<\/p> <p>Cultivar compatta. Foglie a 3 lobi. Lama con macchie verdi.\t\t<\/div>\n\t\t\n\t\t<a class=\"elementor-post__read-more\" href=\"https:\/\/www.hedera-etc.com\/it\/product\/hedera-helix-white-wonder\/\" aria-label=\"Leggi tutto *Hedera helix* \u2018White Wonder\u2019 - Edera ornamentale\" tabindex=\"-1\" target=\"_blank\">\n\t\t\tPer saperne di pi\u00f9 \u00bb\t\t<\/a>\n\n\t\t\t\t<\/div>\n\t\t\t\t<\/article>\n\t\t\t\t<article class=\"elementor-post elementor-grid-item post-1662 product type-product status-publish has-post-thumbnail product_cat-lierre entry has-media last instock purchasable product-type-variable has-default-attributes has-product-nav col span_1_of_4 owp-content-center item-entry owp-thumbs-layout-horizontal owp-btn-normal owp-tabs-layout-section\">\n\t\t\t\t<a class=\"elementor-post__thumbnail__link\" href=\"https:\/\/www.hedera-etc.com\/it\/product\/hedera-helix-william-kennedy\/\" tabindex=\"-1\" target=\"&quot;_blank&quot;\">\n\t\t\t<div class=\"elementor-post__thumbnail\"><img loading=\"lazy\" decoding=\"async\" width=\"300\" height=\"225\" src=\"https:\/\/www.hedera-etc.com\/wp-content\/uploads\/2023\/11\/Hedera-helix-\u2018William-Kennedy-300x225.webp\" class=\"attachment-medium size-medium wp-image-13990\" alt=\"Hedera helix \u2018William Kennedy\u2019\" srcset=\"https:\/\/www.hedera-etc.com\/wp-content\/uploads\/2023\/11\/Hedera-helix-\u2018William-Kennedy-300x225.webp 300w, https:\/\/www.hedera-etc.com\/wp-content\/uploads\/2023\/11\/Hedera-helix-\u2018William-Kennedy-900x675.webp 900w, https:\/\/www.hedera-etc.com\/wp-content\/uploads\/2023\/11\/Hedera-helix-\u2018William-Kennedy-1024x768.webp 1024w, https:\/\/www.hedera-etc.com\/wp-content\/uploads\/2023\/11\/Hedera-helix-\u2018William-Kennedy-768x576.webp 768w, https:\/\/www.hedera-etc.com\/wp-content\/uploads\/2023\/11\/Hedera-helix-\u2018William-Kennedy-1536x1152.webp 1536w, https:\/\/www.hedera-etc.com\/wp-content\/uploads\/2023\/11\/Hedera-helix-\u2018William-Kennedy-1320x990.webp 1320w, https:\/\/www.hedera-etc.com\/wp-content\/uploads\/2023\/11\/Hedera-helix-\u2018William-Kennedy.webp 1600w\" sizes=\"(max-width: 300px) 100vw, 300px\" \/><\/div>\n\t\t<\/a>\n\t\t\t\t<div class=\"elementor-post__text\">\n\t\t\t\t<h3 class=\"elementor-post__title\">\n\t\t\t<a href=\"https:\/\/www.hedera-etc.com\/it\/product\/hedera-helix-william-kennedy\/\" target=\"&quot;_blank&quot;\">\n\t\t\t\t<em>Hedera helix<\/em> &lsquo;William Kennedy&rsquo;- Edera ornamentale\t\t\t<\/a>\n\t\t<\/h3>\n\t\t\t\t<div class=\"elementor-post__excerpt\">\n\t\t\t<p>Raffinata copertura del suolo di grande effetto per superfici medio-grandi.<\/p> <p>Edera molto ramificata. Internodi corti.\t\t<\/div>\n\t\t\n\t\t<a class=\"elementor-post__read-more\" href=\"https:\/\/www.hedera-etc.com\/it\/product\/hedera-helix-william-kennedy\/\" aria-label=\"Leggi tutto Hedera helix \u2018William Kennedy\u2019 - Edera ornamentale\" tabindex=\"-1\" target=\"_blank\">\n\t\t\tPer saperne di pi\u00f9 \u00bb\t\t<\/a>\n\n\t\t\t\t<\/div>\n\t\t\t\t<\/article>\n\t\t\t\t<article class=\"elementor-post elementor-grid-item post-1668 product type-product status-publish has-post-thumbnail product_cat-lierre entry has-media first instock purchasable product-type-variable has-default-attributes has-product-nav col span_1_of_4 owp-content-center item-entry owp-thumbs-layout-horizontal owp-btn-normal owp-tabs-layout-section has-no-thumbnails\">\n\t\t\t\t<a class=\"elementor-post__thumbnail__link\" href=\"https:\/\/www.hedera-etc.com\/it\/product\/hedera-helix-williamsiana\/\" tabindex=\"-1\" target=\"&quot;_blank&quot;\">\n\t\t\t<div class=\"elementor-post__thumbnail\"><img loading=\"lazy\" decoding=\"async\" width=\"300\" height=\"219\" src=\"https:\/\/www.hedera-etc.com\/wp-content\/uploads\/2023\/11\/Hedera-helix-Williamsiana-300x219.webp\" class=\"attachment-medium size-medium wp-image-13985\" alt=\"Hedera helix &#039;Williamsiana&#039;\" srcset=\"https:\/\/www.hedera-etc.com\/wp-content\/uploads\/2023\/11\/Hedera-helix-Williamsiana-300x219.webp 300w, https:\/\/www.hedera-etc.com\/wp-content\/uploads\/2023\/11\/Hedera-helix-Williamsiana-900x657.webp 900w, https:\/\/www.hedera-etc.com\/wp-content\/uploads\/2023\/11\/Hedera-helix-Williamsiana-768x561.webp 768w, https:\/\/www.hedera-etc.com\/wp-content\/uploads\/2023\/11\/Hedera-helix-Williamsiana.webp 924w\" sizes=\"(max-width: 300px) 100vw, 300px\" \/><\/div>\n\t\t<\/a>\n\t\t\t\t<div class=\"elementor-post__text\">\n\t\t\t\t<h3 class=\"elementor-post__title\">\n\t\t\t<a href=\"https:\/\/www.hedera-etc.com\/it\/product\/hedera-helix-williamsiana\/\" target=\"&quot;_blank&quot;\">\n\t\t\t\t<em>Hedera helix<\/em> &lsquo;Williamsiana&rsquo;- Edera ornamentale\t\t\t<\/a>\n\t\t<\/h3>\n\t\t\t\t<div class=\"elementor-post__excerpt\">\n\t\t\t<p>Particolarmente interessante per il suo fogliame ondulato. Utilizzata al meglio come copertura del terreno, \u00e8 interessante anche come vaso grande o in giardino.\t\t<\/div>\n\t\t\n\t\t<a class=\"elementor-post__read-more\" href=\"https:\/\/www.hedera-etc.com\/it\/product\/hedera-helix-williamsiana\/\" aria-label=\"Leggi tutto *Hedera helix* \u2018Williamsiana\u2019 - Edera ornamentale\" tabindex=\"-1\" target=\"_blank\">\n\t\t\tPer saperne di pi\u00f9 \u00bb\t\t<\/a>\n\n\t\t\t\t<\/div>\n\t\t\t\t<\/article>\n\t\t\t\t<article class=\"elementor-post elementor-grid-item post-1676 product type-product status-publish has-post-thumbnail product_cat-lierre entry has-media  instock purchasable product-type-variable has-default-attributes has-product-nav col span_1_of_4 owp-content-center item-entry owp-thumbs-layout-horizontal owp-btn-normal owp-tabs-layout-section\">\n\t\t\t\t<a class=\"elementor-post__thumbnail__link\" href=\"https:\/\/www.hedera-etc.com\/it\/product\/hedera-x-soroksarensis-woerneri\/\" tabindex=\"-1\" target=\"&quot;_blank&quot;\">\n\t\t\t<div class=\"elementor-post__thumbnail\"><img loading=\"lazy\" decoding=\"async\" width=\"300\" height=\"199\" src=\"https:\/\/www.hedera-etc.com\/wp-content\/uploads\/2023\/11\/Hedera-x-soroksarensis-Woerneri-300x199.webp\" class=\"attachment-medium size-medium wp-image-1677\" alt=\"Hedera x soroksarensis &#039;Woerneri&#039;\" srcset=\"https:\/\/www.hedera-etc.com\/wp-content\/uploads\/2023\/11\/Hedera-x-soroksarensis-Woerneri-300x199.webp 300w, https:\/\/www.hedera-etc.com\/wp-content\/uploads\/2023\/11\/Hedera-x-soroksarensis-Woerneri-900x598.webp 900w, https:\/\/www.hedera-etc.com\/wp-content\/uploads\/2023\/11\/Hedera-x-soroksarensis-Woerneri-768x510.webp 768w, https:\/\/www.hedera-etc.com\/wp-content\/uploads\/2023\/11\/Hedera-x-soroksarensis-Woerneri.webp 947w\" sizes=\"(max-width: 300px) 100vw, 300px\" \/><\/div>\n\t\t<\/a>\n\t\t\t\t<div class=\"elementor-post__text\">\n\t\t\t\t<h3 class=\"elementor-post__title\">\n\t\t\t<a href=\"https:\/\/www.hedera-etc.com\/it\/product\/hedera-x-soroksarensis-woerneri\/\" target=\"&quot;_blank&quot;\">\n\t\t\t\t<em>Hedera x<\/em> soroksarensis &lsquo;Woerneri&rsquo;- Edera ornamentale\t\t\t<\/a>\n\t\t<\/h3>\n\t\t\t\t<div class=\"elementor-post__excerpt\">\n\t\t\t<p>Vigorosa, a crescita rapida, ideale per la copertura del terreno. Ha pochi rami e produce steli lunghi e rigidi.<\/p> <p>Foglie grandi\t\t<\/div>\n\t\t\n\t\t<a class=\"elementor-post__read-more\" href=\"https:\/\/www.hedera-etc.com\/it\/product\/hedera-x-soroksarensis-woerneri\/\" aria-label=\"Leggi tutto *Hedera x* soroksarensis \u2018Woerneri\u2019 \u2013 Lierre d\u2019ornement\" tabindex=\"-1\" target=\"_blank\">\n\t\t\tPer saperne di pi\u00f9 \u00bb\t\t<\/a>\n\n\t\t\t\t<\/div>\n\t\t\t\t<\/article>\n\t\t\t\t<article class=\"elementor-post elementor-grid-item post-1681 product type-product status-publish has-post-thumbnail product_cat-lierre entry has-media  instock purchasable product-type-variable has-default-attributes has-product-nav col span_1_of_4 owp-content-center item-entry owp-thumbs-layout-horizontal owp-btn-normal owp-tabs-layout-section has-no-thumbnails\">\n\t\t\t\t<a class=\"elementor-post__thumbnail__link\" href=\"https:\/\/www.hedera-etc.com\/it\/product\/hedera-helix-yellow-mist\/\" tabindex=\"-1\" target=\"&quot;_blank&quot;\">\n\t\t\t<div class=\"elementor-post__thumbnail\"><img loading=\"lazy\" decoding=\"async\" width=\"300\" height=\"222\" src=\"https:\/\/www.hedera-etc.com\/wp-content\/uploads\/2023\/11\/Hedera-helix-Yellow-Mist-300x222.webp\" class=\"attachment-medium size-medium wp-image-13975\" alt=\"Hedera helix &#039;Yellow Mist&#039;\" srcset=\"https:\/\/www.hedera-etc.com\/wp-content\/uploads\/2023\/11\/Hedera-helix-Yellow-Mist-300x222.webp 300w, https:\/\/www.hedera-etc.com\/wp-content\/uploads\/2023\/11\/Hedera-helix-Yellow-Mist-900x667.webp 900w, https:\/\/www.hedera-etc.com\/wp-content\/uploads\/2023\/11\/Hedera-helix-Yellow-Mist-768x569.webp 768w, https:\/\/www.hedera-etc.com\/wp-content\/uploads\/2023\/11\/Hedera-helix-Yellow-Mist.webp 911w\" sizes=\"(max-width: 300px) 100vw, 300px\" \/><\/div>\n\t\t<\/a>\n\t\t\t\t<div class=\"elementor-post__text\">\n\t\t\t\t<h3 class=\"elementor-post__title\">\n\t\t\t<a href=\"https:\/\/www.hedera-etc.com\/it\/product\/hedera-helix-yellow-mist\/\" target=\"&quot;_blank&quot;\">\n\t\t\t\t<em>Hedera helix<\/em> &lsquo;Yellow Mist&rsquo;- Edera ornamentale\t\t\t<\/a>\n\t\t<\/h3>\n\t\t\t\t<div class=\"elementor-post__excerpt\">\n\t\t\t<p>Edera scarsamente ramificata con steli rossi che portano foglie larghe con una macula centrale giallo-verde.<\/p> <p>Composto da 3 a 5\t\t<\/div>\n\t\t\n\t\t<a class=\"elementor-post__read-more\" href=\"https:\/\/www.hedera-etc.com\/it\/product\/hedera-helix-yellow-mist\/\" aria-label=\"Leggi tutto &lt;em&gt;Hedera helix&lt;\/em&gt; \u2018Yellow Mist\u2019 - Edera ornamentale\" tabindex=\"-1\" target=\"_blank\">\n\t\t\tPer saperne di pi\u00f9 \u00bb\t\t<\/a>\n\n\t\t\t\t<\/div>\n\t\t\t\t<\/article>\n\t\t\t\t<article class=\"elementor-post elementor-grid-item post-1685 product type-product status-publish has-post-thumbnail product_cat-lierre entry has-media last outofstock product-type-variable has-default-attributes has-product-nav col span_1_of_4 owp-content-center item-entry owp-thumbs-layout-horizontal owp-btn-normal owp-tabs-layout-section\">\n\t\t\t\t<a class=\"elementor-post__thumbnail__link\" href=\"https:\/\/www.hedera-etc.com\/it\/product\/hedera-helix-pepite\/\" tabindex=\"-1\" target=\"&quot;_blank&quot;\">\n\t\t\t<div class=\"elementor-post__thumbnail\"><img loading=\"lazy\" decoding=\"async\" width=\"300\" height=\"225\" src=\"https:\/\/www.hedera-etc.com\/wp-content\/uploads\/2023\/11\/Hedera-helix-Yellow-Ripple-Mutation-300x225.webp\" class=\"attachment-medium size-medium wp-image-1686\" alt=\"Hedera helix &#039;P\u00e9pite&#039;\" srcset=\"https:\/\/www.hedera-etc.com\/wp-content\/uploads\/2023\/11\/Hedera-helix-Yellow-Ripple-Mutation-300x225.webp 300w, https:\/\/www.hedera-etc.com\/wp-content\/uploads\/2023\/11\/Hedera-helix-Yellow-Ripple-Mutation-900x675.webp 900w, https:\/\/www.hedera-etc.com\/wp-content\/uploads\/2023\/11\/Hedera-helix-Yellow-Ripple-Mutation-768x576.webp 768w, https:\/\/www.hedera-etc.com\/wp-content\/uploads\/2023\/11\/Hedera-helix-Yellow-Ripple-Mutation.webp 918w\" sizes=\"(max-width: 300px) 100vw, 300px\" \/><\/div>\n\t\t<\/a>\n\t\t\t\t<div class=\"elementor-post__text\">\n\t\t\t\t<h3 class=\"elementor-post__title\">\n\t\t\t<a href=\"https:\/\/www.hedera-etc.com\/it\/product\/hedera-helix-pepite\/\" target=\"&quot;_blank&quot;\">\n\t\t\t\t<em>Hedera helix<\/em> &lsquo;P\u00e9pite&rsquo; &#8211; Edera ornamentale\t\t\t<\/a>\n\t\t<\/h3>\n\t\t\t\t<div class=\"elementor-post__excerpt\">\n\t\t\t<p>Variet\u00e0 ramificata. Fusti con belle foglie a 5 lobi che formano densi tappeti.<\/p> <p>Raschiare i bordi delle foglie e\t\t<\/div>\n\t\t\n\t\t<a class=\"elementor-post__read-more\" href=\"https:\/\/www.hedera-etc.com\/it\/product\/hedera-helix-pepite\/\" aria-label=\"Leggi tutto *Hedera helix* \u2018P\u00e9pite\u2019 \u2013 Edera ornamentale\" tabindex=\"-1\" target=\"_blank\">\n\t\t\tPer saperne di pi\u00f9 \u00bb\t\t<\/a>\n\n\t\t\t\t<\/div>\n\t\t\t\t<\/article>\n\t\t\t\t<article class=\"elementor-post elementor-grid-item post-1690 product type-product status-publish has-post-thumbnail product_cat-lierre entry has-media first instock purchasable product-type-variable has-default-attributes has-product-nav col span_1_of_4 owp-content-center item-entry owp-thumbs-layout-horizontal owp-btn-normal owp-tabs-layout-section\">\n\t\t\t\t<a class=\"elementor-post__thumbnail__link\" href=\"https:\/\/www.hedera-etc.com\/it\/product\/hedera-helix-yumin\/\" tabindex=\"-1\" target=\"&quot;_blank&quot;\">\n\t\t\t<div class=\"elementor-post__thumbnail\"><img loading=\"lazy\" decoding=\"async\" width=\"300\" height=\"225\" src=\"https:\/\/www.hedera-etc.com\/wp-content\/uploads\/2023\/11\/Hedera-helix-Yumin-300x225.webp\" class=\"attachment-medium size-medium wp-image-15291\" alt=\"Hedera helix &#039;Yumin&#039;\" srcset=\"https:\/\/www.hedera-etc.com\/wp-content\/uploads\/2023\/11\/Hedera-helix-Yumin-300x225.webp 300w, https:\/\/www.hedera-etc.com\/wp-content\/uploads\/2023\/11\/Hedera-helix-Yumin-768x576.webp 768w, https:\/\/www.hedera-etc.com\/wp-content\/uploads\/2023\/11\/Hedera-helix-Yumin.webp 900w\" sizes=\"(max-width: 300px) 100vw, 300px\" \/><\/div>\n\t\t<\/a>\n\t\t\t\t<div class=\"elementor-post__text\">\n\t\t\t\t<h3 class=\"elementor-post__title\">\n\t\t\t<a href=\"https:\/\/www.hedera-etc.com\/it\/product\/hedera-helix-yumin\/\" target=\"&quot;_blank&quot;\">\n\t\t\t\t<em>Hedera helix<\/em> &lsquo;Yumin&rsquo;- Edera ornamentale\t\t\t<\/a>\n\t\t<\/h3>\n\t\t\t\t<div class=\"elementor-post__excerpt\">\n\t\t\t<p>Pianta tozza con fusti ben ramificati. Foglie trilobate, con la parte centrale sporgente. Lobi a volte ben arrotondati alla base e\t\t<\/div>\n\t\t\n\t\t<a class=\"elementor-post__read-more\" href=\"https:\/\/www.hedera-etc.com\/it\/product\/hedera-helix-yumin\/\" aria-label=\"Leggere tutto &lt;em&gt;Hedera helix&lt;\/em&gt; \u2018Yumin\u2019 - Edera ornamentale\" tabindex=\"-1\" target=\"_blank\">\n\t\t\tPer saperne di pi\u00f9 \u00bb\t\t<\/a>\n\n\t\t\t\t<\/div>\n\t\t\t\t<\/article>\n\t\t\t\t<article class=\"elementor-post elementor-grid-item post-1696 product type-product status-publish has-post-thumbnail product_cat-lierre entry has-media  instock purchasable product-type-variable has-default-attributes has-product-nav col span_1_of_4 owp-content-center item-entry owp-thumbs-layout-horizontal owp-btn-normal owp-tabs-layout-section\">\n\t\t\t\t<a class=\"elementor-post__thumbnail__link\" href=\"https:\/\/www.hedera-etc.com\/it\/product\/hedera-helix-zebra\/\" tabindex=\"-1\" target=\"&quot;_blank&quot;\">\n\t\t\t<div class=\"elementor-post__thumbnail\"><img loading=\"lazy\" decoding=\"async\" width=\"300\" height=\"225\" src=\"https:\/\/www.hedera-etc.com\/wp-content\/uploads\/2023\/11\/Hedera-helix-Zebra_3-300x225.webp\" class=\"attachment-medium size-medium wp-image-12270\" alt=\"Hedera helix &#039;Zebra&#039;\" srcset=\"https:\/\/www.hedera-etc.com\/wp-content\/uploads\/2023\/11\/Hedera-helix-Zebra_3-300x225.webp 300w, https:\/\/www.hedera-etc.com\/wp-content\/uploads\/2023\/11\/Hedera-helix-Zebra_3-900x675.webp 900w, https:\/\/www.hedera-etc.com\/wp-content\/uploads\/2023\/11\/Hedera-helix-Zebra_3-1024x768.webp 1024w, https:\/\/www.hedera-etc.com\/wp-content\/uploads\/2023\/11\/Hedera-helix-Zebra_3-768x576.webp 768w, https:\/\/www.hedera-etc.com\/wp-content\/uploads\/2023\/11\/Hedera-helix-Zebra_3-1536x1152.webp 1536w, https:\/\/www.hedera-etc.com\/wp-content\/uploads\/2023\/11\/Hedera-helix-Zebra_3-1320x990.webp 1320w, https:\/\/www.hedera-etc.com\/wp-content\/uploads\/2023\/11\/Hedera-helix-Zebra_3.webp 1600w\" sizes=\"(max-width: 300px) 100vw, 300px\" \/><\/div>\n\t\t<\/a>\n\t\t\t\t<div class=\"elementor-post__text\">\n\t\t\t\t<h3 class=\"elementor-post__title\">\n\t\t\t<a href=\"https:\/\/www.hedera-etc.com\/it\/product\/hedera-helix-zebra\/\" target=\"&quot;_blank&quot;\">\n\t\t\t\t<em>Hedera helix<\/em> &lsquo;Zebra&rsquo; &#8211; Edera ornamentale\t\t\t<\/a>\n\t\t<\/h3>\n\t\t\t\t<div class=\"elementor-post__excerpt\">\n\t\t\t<p>Foglie a ventaglio o a coppa, pi\u00f9 o meno striate, con 3-5 lobi. Lama verde\t\t<\/div>\n\t\t\n\t\t<a class=\"elementor-post__read-more\" href=\"https:\/\/www.hedera-etc.com\/it\/product\/hedera-helix-zebra\/\" aria-label=\"Leggi tutto &lt;em&gt;Hedera helix&lt;\/em&gt; \u2018Zebra\u2019 \u2013 Edera ornamentale\" tabindex=\"-1\" target=\"_blank\">\n\t\t\tPer saperne di pi\u00f9 \u00bb\t\t<\/a>\n\n\t\t\t\t<\/div>\n\t\t\t\t<\/article>\n\t\t\t\t<article class=\"elementor-post elementor-grid-item post-1701 product type-product status-publish has-post-thumbnail product_cat-lierre entry has-media  instock purchasable product-type-variable has-default-attributes has-product-nav col span_1_of_4 owp-content-center item-entry owp-thumbs-layout-horizontal owp-btn-normal owp-tabs-layout-section has-no-thumbnails\">\n\t\t\t\t<a class=\"elementor-post__thumbnail__link\" href=\"https:\/\/www.hedera-etc.com\/it\/product\/hedera-azorica\/\" tabindex=\"-1\" target=\"&quot;_blank&quot;\">\n\t\t\t<div class=\"elementor-post__thumbnail\"><img loading=\"lazy\" decoding=\"async\" width=\"300\" height=\"225\" src=\"https:\/\/www.hedera-etc.com\/wp-content\/uploads\/2023\/11\/Hedera-azorica-300x225.webp\" class=\"attachment-medium size-medium wp-image-13959\" alt=\"Hedera azorica\" srcset=\"https:\/\/www.hedera-etc.com\/wp-content\/uploads\/2023\/11\/Hedera-azorica-300x225.webp 300w, https:\/\/www.hedera-etc.com\/wp-content\/uploads\/2023\/11\/Hedera-azorica-900x675.webp 900w, https:\/\/www.hedera-etc.com\/wp-content\/uploads\/2023\/11\/Hedera-azorica-768x576.webp 768w, https:\/\/www.hedera-etc.com\/wp-content\/uploads\/2023\/11\/Hedera-azorica.webp 1024w\" sizes=\"(max-width: 300px) 100vw, 300px\" \/><\/div>\n\t\t<\/a>\n\t\t\t\t<div class=\"elementor-post__text\">\n\t\t\t\t<h3 class=\"elementor-post__title\">\n\t\t\t<a href=\"https:\/\/www.hedera-etc.com\/it\/product\/hedera-azorica\/\" target=\"&quot;_blank&quot;\">\n\t\t\t\t<em>Hedera azorica<\/em> - Edera delle Azzorre\t\t\t<\/a>\n\t\t<\/h3>\n\t\t\t\t<div class=\"elementor-post__excerpt\">\n\t\t\t<p>Foglie 10 x 11 cm, semplici e alterne, palmate e picciolate con margine intero. Lama di colore verde medio, leggermente\t\t<\/div>\n\t\t\n\t\t<a class=\"elementor-post__read-more\" href=\"https:\/\/www.hedera-etc.com\/it\/product\/hedera-azorica\/\" aria-label=\"Leggi tutto *Hedera azorica* \u2013 Lierre des A\u00e7ores\" tabindex=\"-1\" target=\"_blank\">\n\t\t\tPer saperne di pi\u00f9 \u00bb\t\t<\/a>\n\n\t\t\t\t<\/div>\n\t\t\t\t<\/article>\n\t\t\t\t<article class=\"elementor-post elementor-grid-item post-1796 product type-product status-publish has-post-thumbnail product_cat-lierre entry has-media last instock purchasable product-type-variable has-default-attributes has-product-nav col span_1_of_4 owp-content-center item-entry owp-thumbs-layout-horizontal owp-btn-normal owp-tabs-layout-section\">\n\t\t\t\t<a class=\"elementor-post__thumbnail__link\" href=\"https:\/\/www.hedera-etc.com\/it\/product\/hedera-hibernica-digitata\/\" tabindex=\"-1\" target=\"&quot;_blank&quot;\">\n\t\t\t<div class=\"elementor-post__thumbnail\"><img loading=\"lazy\" decoding=\"async\" width=\"300\" height=\"225\" src=\"https:\/\/www.hedera-etc.com\/wp-content\/uploads\/2023\/11\/Hedera-hibernica-Digitata_2-1-300x225.webp\" class=\"attachment-medium size-medium wp-image-13876\" alt=\"Hedera hibernica &#039;Digitata&#039;\" srcset=\"https:\/\/www.hedera-etc.com\/wp-content\/uploads\/2023\/11\/Hedera-hibernica-Digitata_2-1-300x225.webp 300w, https:\/\/www.hedera-etc.com\/wp-content\/uploads\/2023\/11\/Hedera-hibernica-Digitata_2-1-900x675.webp 900w, https:\/\/www.hedera-etc.com\/wp-content\/uploads\/2023\/11\/Hedera-hibernica-Digitata_2-1-1024x768.webp 1024w, https:\/\/www.hedera-etc.com\/wp-content\/uploads\/2023\/11\/Hedera-hibernica-Digitata_2-1-768x576.webp 768w, https:\/\/www.hedera-etc.com\/wp-content\/uploads\/2023\/11\/Hedera-hibernica-Digitata_2-1-1536x1152.webp 1536w, https:\/\/www.hedera-etc.com\/wp-content\/uploads\/2023\/11\/Hedera-hibernica-Digitata_2-1-1320x990.webp 1320w, https:\/\/www.hedera-etc.com\/wp-content\/uploads\/2023\/11\/Hedera-hibernica-Digitata_2-1.webp 1600w\" sizes=\"(max-width: 300px) 100vw, 300px\" \/><\/div>\n\t\t<\/a>\n\t\t\t\t<div class=\"elementor-post__text\">\n\t\t\t\t<h3 class=\"elementor-post__title\">\n\t\t\t<a href=\"https:\/\/www.hedera-etc.com\/it\/product\/hedera-hibernica-digitata\/\" target=\"&quot;_blank&quot;\">\n\t\t\t\t<em>Hedera hibernica<\/em> &lsquo;Digitata&rsquo; &#8211; Edera d'Irlanda\t\t\t<\/a>\n\t\t<\/h3>\n\t\t\t\t<div class=\"elementor-post__excerpt\">\n\t\t\t<p>Edera con foglie piccole generalmente composte da 5 lobi, spesso diversi, alcuni dei quali digitati, da cui il nome.<\/p> <p>Crescita lenta,\t\t<\/div>\n\t\t\n\t\t<a class=\"elementor-post__read-more\" href=\"https:\/\/www.hedera-etc.com\/it\/product\/hedera-hibernica-digitata\/\" aria-label=\"Leggi tutto &lt;em&gt;Hedera hibernica&lt;\/em&gt; \u2018Digitata\u2019 \u2013 Lierre d&#039;Irlanda\" tabindex=\"-1\" target=\"_blank\">\n\t\t\tPer saperne di pi\u00f9 \u00bb\t\t<\/a>\n\n\t\t\t\t<\/div>\n\t\t\t\t<\/article>\n\t\t\t\t<article class=\"elementor-post elementor-grid-item post-1803 product type-product status-publish has-post-thumbnail product_cat-lierre entry has-media first instock purchasable product-type-variable has-default-attributes has-product-nav col span_1_of_4 owp-content-center item-entry owp-thumbs-layout-horizontal owp-btn-normal owp-tabs-layout-section\">\n\t\t\t\t<a class=\"elementor-post__thumbnail__link\" href=\"https:\/\/www.hedera-etc.com\/it\/product\/hedera-hibernica-ebony\/\" tabindex=\"-1\" target=\"&quot;_blank&quot;\">\n\t\t\t<div class=\"elementor-post__thumbnail\"><img loading=\"lazy\" decoding=\"async\" width=\"300\" height=\"225\" src=\"https:\/\/www.hedera-etc.com\/wp-content\/uploads\/2023\/11\/Hedera-hibernica-Ebony-300x225.webp\" class=\"attachment-medium size-medium wp-image-1804\" alt=\"Hedera hibernica &#039;Ebony&#039; - Edera irlandese\" srcset=\"https:\/\/www.hedera-etc.com\/wp-content\/uploads\/2023\/11\/Hedera-hibernica-Ebony-300x225.webp 300w, https:\/\/www.hedera-etc.com\/wp-content\/uploads\/2023\/11\/Hedera-hibernica-Ebony-768x576.webp 768w, https:\/\/www.hedera-etc.com\/wp-content\/uploads\/2023\/11\/Hedera-hibernica-Ebony.webp 839w\" sizes=\"(max-width: 300px) 100vw, 300px\" \/><\/div>\n\t\t<\/a>\n\t\t\t\t<div class=\"elementor-post__text\">\n\t\t\t\t<h3 class=\"elementor-post__title\">\n\t\t\t<a href=\"https:\/\/www.hedera-etc.com\/it\/product\/hedera-hibernica-ebony\/\" target=\"&quot;_blank&quot;\">\n\t\t\t\t<em>Hedera hibernica<\/em> &lsquo;Ebony&rsquo; &#8211; Edera d'Irlanda\t\t\t<\/a>\n\t\t<\/h3>\n\t\t\t\t<div class=\"elementor-post__excerpt\">\n\t\t\t<p>Foglie con lobi pi\u00f9 appuntiti rispetto alla specie tipica, larghe, pi\u00f9 o meno digitate, con una leggera ondulazione alla base.\t\t<\/div>\n\t\t\n\t\t<a class=\"elementor-post__read-more\" href=\"https:\/\/www.hedera-etc.com\/it\/product\/hedera-hibernica-ebony\/\" aria-label=\"Leggi tutto &lt;em&gt;Hedera hibernica&lt;\/em&gt; \u2018Ebony\u2019 \u2013 Edera irlandese\" tabindex=\"-1\" target=\"_blank\">\n\t\t\tPer saperne di pi\u00f9 \u00bb\t\t<\/a>\n\n\t\t\t\t<\/div>\n\t\t\t\t<\/article>\n\t\t\t\t<article class=\"elementor-post elementor-grid-item post-1809 product type-product status-publish has-post-thumbnail product_cat-lierre entry has-media  instock purchasable product-type-variable has-default-attributes has-product-nav col span_1_of_4 owp-content-center item-entry owp-thumbs-layout-horizontal owp-btn-normal owp-tabs-layout-section\">\n\t\t\t\t<a class=\"elementor-post__thumbnail__link\" href=\"https:\/\/www.hedera-etc.com\/it\/product\/hedera-hibernica-glengariff\/\" tabindex=\"-1\" target=\"&quot;_blank&quot;\">\n\t\t\t<div class=\"elementor-post__thumbnail\"><img loading=\"lazy\" decoding=\"async\" width=\"300\" height=\"225\" src=\"https:\/\/www.hedera-etc.com\/wp-content\/uploads\/2023\/11\/Hedera-hibernica-Glengariff-300x225.webp\" class=\"attachment-medium size-medium wp-image-1810\" alt=\"Hedera hibernica &#039;Glengariff&#039;\" srcset=\"https:\/\/www.hedera-etc.com\/wp-content\/uploads\/2023\/11\/Hedera-hibernica-Glengariff-300x225.webp 300w, https:\/\/www.hedera-etc.com\/wp-content\/uploads\/2023\/11\/Hedera-hibernica-Glengariff-768x575.webp 768w, https:\/\/www.hedera-etc.com\/wp-content\/uploads\/2023\/11\/Hedera-hibernica-Glengariff.webp 800w\" sizes=\"(max-width: 300px) 100vw, 300px\" \/><\/div>\n\t\t<\/a>\n\t\t\t\t<div class=\"elementor-post__text\">\n\t\t\t\t<h3 class=\"elementor-post__title\">\n\t\t\t<a href=\"https:\/\/www.hedera-etc.com\/it\/product\/hedera-hibernica-glengariff\/\" target=\"&quot;_blank&quot;\">\n\t\t\t\t<em>Hedera hibernica<\/em> &lsquo;Glengariff&rsquo; &#8211; Edera d'Irlanda\t\t\t<\/a>\n\t\t<\/h3>\n\t\t\t\t<div class=\"elementor-post__excerpt\">\n\t\t\t<p>L'edera irlandese \u00e8 caratterizzata da venature molto pronunciate, in rilievo, di colore verde chiaro, sulla superficie delle sue foglie verde lucido.<\/p> <p>Questi\t\t<\/div>\n\t\t\n\t\t<a class=\"elementor-post__read-more\" href=\"https:\/\/www.hedera-etc.com\/it\/product\/hedera-hibernica-glengariff\/\" aria-label=\"Leggi tutto &lt;em&gt;Hedera hibernica&lt;\/em&gt; \u2018Glengariff\u2019 \u2013 Edera d&#039;Irlanda\" tabindex=\"-1\" target=\"_blank\">\n\t\t\tPer saperne di pi\u00f9 \u00bb\t\t<\/a>\n\n\t\t\t\t<\/div>\n\t\t\t\t<\/article>\n\t\t\t\t<article class=\"elementor-post elementor-grid-item post-1814 product type-product status-publish has-post-thumbnail product_cat-lierre entry has-media  instock purchasable product-type-variable has-default-attributes has-product-nav col span_1_of_4 owp-content-center item-entry owp-thumbs-layout-horizontal owp-btn-normal owp-tabs-layout-section\">\n\t\t\t\t<a class=\"elementor-post__thumbnail__link\" href=\"https:\/\/www.hedera-etc.com\/it\/product\/hedera-hibernica-hamilton\/\" tabindex=\"-1\" target=\"&quot;_blank&quot;\">\n\t\t\t<div class=\"elementor-post__thumbnail\"><img loading=\"lazy\" decoding=\"async\" width=\"300\" height=\"199\" src=\"https:\/\/www.hedera-etc.com\/wp-content\/uploads\/2023\/11\/Hedera-hibernica-Hamilton-300x199.webp\" class=\"attachment-medium size-medium wp-image-1815\" alt=\"Hedera hibernica &#039;Hamilton&#039;\" srcset=\"https:\/\/www.hedera-etc.com\/wp-content\/uploads\/2023\/11\/Hedera-hibernica-Hamilton-300x199.webp 300w, https:\/\/www.hedera-etc.com\/wp-content\/uploads\/2023\/11\/Hedera-hibernica-Hamilton-768x510.webp 768w, https:\/\/www.hedera-etc.com\/wp-content\/uploads\/2023\/11\/Hedera-hibernica-Hamilton.webp 800w\" sizes=\"(max-width: 300px) 100vw, 300px\" \/><\/div>\n\t\t<\/a>\n\t\t\t\t<div class=\"elementor-post__text\">\n\t\t\t\t<h3 class=\"elementor-post__title\">\n\t\t\t<a href=\"https:\/\/www.hedera-etc.com\/it\/product\/hedera-hibernica-hamilton\/\" target=\"&quot;_blank&quot;\">\n\t\t\t\t<em>Hedera hibernica<\/em> &lsquo;Hamilton&rsquo; &#8211; Edera d'Irlanda\t\t\t<\/a>\n\t\t<\/h3>\n\t\t\t\t<div class=\"elementor-post__excerpt\">\n\t\t\t<p>Fogliame pi\u00f9 piccolo rispetto alla specie tipo. Foglie con 5 lobi ogivali, ben staccati tra loro. Lobi di\t\t<\/div>\n\t\t\n\t\t<a class=\"elementor-post__read-more\" href=\"https:\/\/www.hedera-etc.com\/it\/product\/hedera-hibernica-hamilton\/\" aria-label=\"Leggi tutto &lt;em&gt;Hedera hibernica&lt;\/em&gt; \u2018Hamilton\u2019 \u2013 Lierre d\u2019Irlande\" tabindex=\"-1\" target=\"_blank\">\n\t\t\tPer saperne di pi\u00f9 \u00bb\t\t<\/a>\n\n\t\t\t\t<\/div>\n\t\t\t\t<\/article>\n\t\t\t\t<article class=\"elementor-post elementor-grid-item post-1820 product type-product status-publish has-post-thumbnail product_cat-lierre entry has-media last instock purchasable product-type-variable has-default-attributes has-product-nav col span_1_of_4 owp-content-center item-entry owp-thumbs-layout-horizontal owp-btn-normal owp-tabs-layout-section\">\n\t\t\t\t<a class=\"elementor-post__thumbnail__link\" href=\"https:\/\/www.hedera-etc.com\/it\/product\/hedera-hibernica-maculata\/\" tabindex=\"-1\" target=\"&quot;_blank&quot;\">\n\t\t\t<div class=\"elementor-post__thumbnail\"><img loading=\"lazy\" decoding=\"async\" width=\"300\" height=\"225\" src=\"https:\/\/www.hedera-etc.com\/wp-content\/uploads\/2023\/11\/Hedera-hibernica-Maculata_3-1-300x225.webp\" class=\"attachment-medium size-medium wp-image-9740\" alt=\"Hedera hibernica &#039;Maculata&#039;\" srcset=\"https:\/\/www.hedera-etc.com\/wp-content\/uploads\/2023\/11\/Hedera-hibernica-Maculata_3-1-300x225.webp 300w, https:\/\/www.hedera-etc.com\/wp-content\/uploads\/2023\/11\/Hedera-hibernica-Maculata_3-1-900x675.webp 900w, https:\/\/www.hedera-etc.com\/wp-content\/uploads\/2023\/11\/Hedera-hibernica-Maculata_3-1-1024x768.webp 1024w, https:\/\/www.hedera-etc.com\/wp-content\/uploads\/2023\/11\/Hedera-hibernica-Maculata_3-1-768x576.webp 768w, https:\/\/www.hedera-etc.com\/wp-content\/uploads\/2023\/11\/Hedera-hibernica-Maculata_3-1-1536x1152.webp 1536w, https:\/\/www.hedera-etc.com\/wp-content\/uploads\/2023\/11\/Hedera-hibernica-Maculata_3-1-1320x990.webp 1320w, https:\/\/www.hedera-etc.com\/wp-content\/uploads\/2023\/11\/Hedera-hibernica-Maculata_3-1.webp 1600w\" sizes=\"(max-width: 300px) 100vw, 300px\" \/><\/div>\n\t\t<\/a>\n\t\t\t\t<div class=\"elementor-post__text\">\n\t\t\t\t<h3 class=\"elementor-post__title\">\n\t\t\t<a href=\"https:\/\/www.hedera-etc.com\/it\/product\/hedera-hibernica-maculata\/\" target=\"&quot;_blank&quot;\">\n\t\t\t\t<em>Hedera hibernica<\/em> &lsquo;Maculata&rsquo; &#8211; Edera d'Irlanda\t\t\t<\/a>\n\t\t<\/h3>\n\t\t\t\t<div class=\"elementor-post__excerpt\">\n\t\t\t<p>Rampicante vigoroso con fogliame molto scuro e lucido. Foglia verde con spruzzi di bianco grigiastro o crema.<\/p> <p>La sua variegatura si rivela\t\t<\/div>\n\t\t\n\t\t<a class=\"elementor-post__read-more\" href=\"https:\/\/www.hedera-etc.com\/it\/product\/hedera-hibernica-maculata\/\" aria-label=\"Leggi tutto *Hedera hibernica* \u2018Maculata\u2019 \u2013 Lierre d\u2019Irlande\" tabindex=\"-1\" target=\"_blank\">\n\t\t\tPer saperne di pi\u00f9 \u00bb\t\t<\/a>\n\n\t\t\t\t<\/div>\n\t\t\t\t<\/article>\n\t\t\t\t<article class=\"elementor-post elementor-grid-item post-1826 product type-product status-publish has-post-thumbnail product_cat-lierre entry has-media first instock purchasable product-type-variable has-default-attributes has-product-nav col span_1_of_4 owp-content-center item-entry owp-thumbs-layout-horizontal owp-btn-normal owp-tabs-layout-section\">\n\t\t\t\t<a class=\"elementor-post__thumbnail__link\" href=\"https:\/\/www.hedera-etc.com\/it\/product\/hedera-hibernica-rona\/\" tabindex=\"-1\" target=\"&quot;_blank&quot;\">\n\t\t\t<div class=\"elementor-post__thumbnail\"><img loading=\"lazy\" decoding=\"async\" width=\"300\" height=\"225\" src=\"https:\/\/www.hedera-etc.com\/wp-content\/uploads\/2023\/11\/Hedera-hibernica-Rona-300x225.webp\" class=\"attachment-medium size-medium wp-image-1827\" alt=\"Hedera hibernica &#039;Rona&#039; - Edera d&#039;Irlanda\" srcset=\"https:\/\/www.hedera-etc.com\/wp-content\/uploads\/2023\/11\/Hedera-hibernica-Rona-300x225.webp 300w, https:\/\/www.hedera-etc.com\/wp-content\/uploads\/2023\/11\/Hedera-hibernica-Rona-768x575.webp 768w, https:\/\/www.hedera-etc.com\/wp-content\/uploads\/2023\/11\/Hedera-hibernica-Rona.webp 800w\" sizes=\"(max-width: 300px) 100vw, 300px\" \/><\/div>\n\t\t<\/a>\n\t\t\t\t<div class=\"elementor-post__text\">\n\t\t\t\t<h3 class=\"elementor-post__title\">\n\t\t\t<a href=\"https:\/\/www.hedera-etc.com\/it\/product\/hedera-hibernica-rona\/\" target=\"&quot;_blank&quot;\">\n\t\t\t\t<em>Hedera hibernica<\/em> &lsquo;Rona&rsquo; &#8211; Edera d'Irlanda\t\t\t<\/a>\n\t\t<\/h3>\n\t\t\t\t<div class=\"elementor-post__excerpt\">\n\t\t\t<p>Foglie larghe quanto lunghe, con 5 lobi. La lamina fogliare \u00e8 macchiata di verde su sfondo giallo. A volte la\t\t<\/div>\n\t\t\n\t\t<a class=\"elementor-post__read-more\" href=\"https:\/\/www.hedera-etc.com\/it\/product\/hedera-hibernica-rona\/\" aria-label=\"Leggi tutto &lt;em&gt;Hedera hibernica&lt;\/em&gt; \u2018Rona\u2019 \u2013 Edera irlandese\" tabindex=\"-1\" target=\"_blank\">\n\t\t\tPer saperne di pi\u00f9 \u00bb\t\t<\/a>\n\n\t\t\t\t<\/div>\n\t\t\t\t<\/article>\n\t\t\t\t<article class=\"elementor-post elementor-grid-item post-1835 product type-product status-publish has-post-thumbnail product_cat-lierre entry has-media  instock purchasable product-type-variable has-default-attributes has-product-nav col span_1_of_4 owp-content-center item-entry owp-thumbs-layout-horizontal owp-btn-normal owp-tabs-layout-section\">\n\t\t\t\t<a class=\"elementor-post__thumbnail__link\" href=\"https:\/\/www.hedera-etc.com\/it\/product\/hedera-hibernica-sark\/\" tabindex=\"-1\" target=\"&quot;_blank&quot;\">\n\t\t\t<div class=\"elementor-post__thumbnail\"><img loading=\"lazy\" decoding=\"async\" width=\"300\" height=\"225\" src=\"https:\/\/www.hedera-etc.com\/wp-content\/uploads\/2023\/11\/Hedera-hibernica-Sark-2-300x225.webp\" class=\"attachment-medium size-medium wp-image-18472\" alt=\"Hedera hibernica &#039;Sark&#039;\" srcset=\"https:\/\/www.hedera-etc.com\/wp-content\/uploads\/2023\/11\/Hedera-hibernica-Sark-2-300x225.webp 300w, https:\/\/www.hedera-etc.com\/wp-content\/uploads\/2023\/11\/Hedera-hibernica-Sark-2-768x576.webp 768w, https:\/\/www.hedera-etc.com\/wp-content\/uploads\/2023\/11\/Hedera-hibernica-Sark-2-16x12.webp 16w, https:\/\/www.hedera-etc.com\/wp-content\/uploads\/2023\/11\/Hedera-hibernica-Sark-2-900x675.webp 900w, https:\/\/www.hedera-etc.com\/wp-content\/uploads\/2023\/11\/Hedera-hibernica-Sark-2.webp 1024w\" sizes=\"(max-width: 300px) 100vw, 300px\" \/><\/div>\n\t\t<\/a>\n\t\t\t\t<div class=\"elementor-post__text\">\n\t\t\t\t<h3 class=\"elementor-post__title\">\n\t\t\t<a href=\"https:\/\/www.hedera-etc.com\/it\/product\/hedera-hibernica-sark\/\" target=\"&quot;_blank&quot;\">\n\t\t\t\t<em>Hedera hibernica<\/em> &lsquo;Sark&rsquo; &#8211; Edera d'Irlanda\t\t\t<\/a>\n\t\t<\/h3>\n\t\t\t\t<div class=\"elementor-post__excerpt\">\n\t\t\t<p>Fogliame verde scuro, lucido e cuoriforme, che varia a seconda della stagione. Gli steli sono elastici, spessi\t\t<\/div>\n\t\t\n\t\t<a class=\"elementor-post__read-more\" href=\"https:\/\/www.hedera-etc.com\/it\/product\/hedera-hibernica-sark\/\" aria-label=\"Leggi tutto &lt;em&gt;Hedera hibernica&lt;\/em&gt; \u2018Sark\u2019 \u2013 Edera d&#039;Irlanda\" tabindex=\"-1\" target=\"_blank\">\n\t\t\tPer saperne di pi\u00f9 \u00bb\t\t<\/a>\n\n\t\t\t\t<\/div>\n\t\t\t\t<\/article>\n\t\t\t\t<article class=\"elementor-post elementor-grid-item post-1841 product type-product status-publish has-post-thumbnail product_cat-lierre entry has-media  instock purchasable product-type-variable has-default-attributes has-product-nav col span_1_of_4 owp-content-center item-entry owp-thumbs-layout-horizontal owp-btn-normal owp-tabs-layout-section\">\n\t\t\t\t<a class=\"elementor-post__thumbnail__link\" href=\"https:\/\/www.hedera-etc.com\/it\/product\/hedera-hibernica-sulphurea\/\" tabindex=\"-1\" target=\"&quot;_blank&quot;\">\n\t\t\t<div class=\"elementor-post__thumbnail\"><img loading=\"lazy\" decoding=\"async\" width=\"300\" height=\"225\" src=\"https:\/\/www.hedera-etc.com\/wp-content\/uploads\/2023\/11\/Hedera-hibernica-Sulphurea-300x225.webp\" class=\"attachment-medium size-medium wp-image-1842\" alt=\"Hedera hibernica &#039;Sulphurea&#039; (Hedera hibernica &#039;Sulphurea&#039;)&#039;\" srcset=\"https:\/\/www.hedera-etc.com\/wp-content\/uploads\/2023\/11\/Hedera-hibernica-Sulphurea-300x225.webp 300w, https:\/\/www.hedera-etc.com\/wp-content\/uploads\/2023\/11\/Hedera-hibernica-Sulphurea-900x675.webp 900w, https:\/\/www.hedera-etc.com\/wp-content\/uploads\/2023\/11\/Hedera-hibernica-Sulphurea-768x576.webp 768w, https:\/\/www.hedera-etc.com\/wp-content\/uploads\/2023\/11\/Hedera-hibernica-Sulphurea.webp 1024w\" sizes=\"(max-width: 300px) 100vw, 300px\" \/><\/div>\n\t\t<\/a>\n\t\t\t\t<div class=\"elementor-post__text\">\n\t\t\t\t<h3 class=\"elementor-post__title\">\n\t\t\t<a href=\"https:\/\/www.hedera-etc.com\/it\/product\/hedera-hibernica-sulphurea\/\" target=\"&quot;_blank&quot;\">\n\t\t\t\t<em>Hedera hibernica<\/em> &lsquo;Sulphurea&rsquo; &#8211; Edera d'Irlanda\t\t\t<\/a>\n\t\t<\/h3>\n\t\t\t\t<div class=\"elementor-post__excerpt\">\n\t\t\t<p>Fogliame asimmetrico, a volte rotondo, a volte lobato con margini leggermente ondulati.<\/p> <p>Foglia grande, screziata di verde chiaro e grigio-verde con\t\t<\/div>\n\t\t\n\t\t<a class=\"elementor-post__read-more\" href=\"https:\/\/www.hedera-etc.com\/it\/product\/hedera-hibernica-sulphurea\/\" aria-label=\"Leggi tutto &lt;em&gt;Hedera hibernica&lt;\/em&gt; \u2018Sulphurea\u2019 \u2013 Edera d&#039;Irlanda\" tabindex=\"-1\" target=\"_blank\">\n\t\t\tPer saperne di pi\u00f9 \u00bb\t\t<\/a>\n\n\t\t\t\t<\/div>\n\t\t\t\t<\/article>\n\t\t\t\t<article class=\"elementor-post elementor-grid-item post-1848 product type-product status-publish has-post-thumbnail product_cat-lierre entry has-media last instock purchasable product-type-variable has-default-attributes has-product-nav col span_1_of_4 owp-content-center item-entry owp-thumbs-layout-horizontal owp-btn-normal owp-tabs-layout-section has-no-thumbnails\">\n\t\t\t\t<a class=\"elementor-post__thumbnail__link\" href=\"https:\/\/www.hedera-etc.com\/it\/product\/hedera-hibernica-tesselata\/\" tabindex=\"-1\" target=\"&quot;_blank&quot;\">\n\t\t\t<div class=\"elementor-post__thumbnail\"><img loading=\"lazy\" decoding=\"async\" width=\"300\" height=\"225\" src=\"https:\/\/www.hedera-etc.com\/wp-content\/uploads\/2023\/11\/Hedera-hibernica-Tesselata-300x225.webp\" class=\"attachment-medium size-medium wp-image-1849\" alt=\"Hedera hibernica &#039;Tesselata&#039;\" srcset=\"https:\/\/www.hedera-etc.com\/wp-content\/uploads\/2023\/11\/Hedera-hibernica-Tesselata-300x225.webp 300w, https:\/\/www.hedera-etc.com\/wp-content\/uploads\/2023\/11\/Hedera-hibernica-Tesselata-768x575.webp 768w, https:\/\/www.hedera-etc.com\/wp-content\/uploads\/2023\/11\/Hedera-hibernica-Tesselata.webp 800w\" sizes=\"(max-width: 300px) 100vw, 300px\" \/><\/div>\n\t\t<\/a>\n\t\t\t\t<div class=\"elementor-post__text\">\n\t\t\t\t<h3 class=\"elementor-post__title\">\n\t\t\t<a href=\"https:\/\/www.hedera-etc.com\/it\/product\/hedera-hibernica-tesselata\/\" target=\"&quot;_blank&quot;\">\n\t\t\t\t<em>Hedera hibernica<\/em> &lsquo;Tesselata&rsquo; &#8211; Edera d'Irlanda\t\t\t<\/a>\n\t\t<\/h3>\n\t\t\t\t<div class=\"elementor-post__excerpt\">\n\t\t\t<p>Variet\u00e0 vigorosa con fogliame piccolo, grigio-verde con venature bianche.<\/p> <p>In primavera, il fogliame si illumina di un giallo pallido che\t\t<\/div>\n\t\t\n\t\t<a class=\"elementor-post__read-more\" href=\"https:\/\/www.hedera-etc.com\/it\/product\/hedera-hibernica-tesselata\/\" aria-label=\"Leggi tutto *Hedera hibernica* \u2018Tesselata\u2019 \u2013 L&#039;edera d&#039;Irlanda\" tabindex=\"-1\" target=\"_blank\">\n\t\t\tPer saperne di pi\u00f9 \u00bb\t\t<\/a>\n\n\t\t\t\t<\/div>\n\t\t\t\t<\/article>\n\t\t\t\t<article class=\"elementor-post elementor-grid-item post-1853 product type-product status-publish has-post-thumbnail product_cat-lierre entry has-media first instock purchasable product-type-variable has-default-attributes has-product-nav col span_1_of_4 owp-content-center item-entry owp-thumbs-layout-horizontal owp-btn-normal owp-tabs-layout-section\">\n\t\t\t\t<a class=\"elementor-post__thumbnail__link\" href=\"https:\/\/www.hedera-etc.com\/it\/product\/hedera-hibernica-vert-clair\/\" tabindex=\"-1\" target=\"&quot;_blank&quot;\">\n\t\t\t<div class=\"elementor-post__thumbnail\"><img loading=\"lazy\" decoding=\"async\" width=\"300\" height=\"225\" src=\"https:\/\/www.hedera-etc.com\/wp-content\/uploads\/2023\/11\/Hedera-hibernica-Vert-Clair-300x225.webp\" class=\"attachment-medium size-medium wp-image-1854\" alt=\"Hedera hibernica &#039;Vert Clair&#039;\" srcset=\"https:\/\/www.hedera-etc.com\/wp-content\/uploads\/2023\/11\/Hedera-hibernica-Vert-Clair-300x225.webp 300w, https:\/\/www.hedera-etc.com\/wp-content\/uploads\/2023\/11\/Hedera-hibernica-Vert-Clair-900x675.webp 900w, https:\/\/www.hedera-etc.com\/wp-content\/uploads\/2023\/11\/Hedera-hibernica-Vert-Clair-768x576.webp 768w, https:\/\/www.hedera-etc.com\/wp-content\/uploads\/2023\/11\/Hedera-hibernica-Vert-Clair.webp 1024w\" sizes=\"(max-width: 300px) 100vw, 300px\" \/><\/div>\n\t\t<\/a>\n\t\t\t\t<div class=\"elementor-post__text\">\n\t\t\t\t<h3 class=\"elementor-post__title\">\n\t\t\t<a href=\"https:\/\/www.hedera-etc.com\/it\/product\/hedera-hibernica-vert-clair\/\" target=\"&quot;_blank&quot;\">\n\t\t\t\t<em>Hedera hibernica<\/em> &lsquo;Vert Clair&rsquo; &#8211; Edera d'Irlanda\t\t\t<\/a>\n\t\t<\/h3>\n\t\t\t\t<div class=\"elementor-post__excerpt\">\n\t\t\t<p>Edera irlandese, una variet\u00e0 vicina al tipo. Attraente screziatura rossastra in inverno.<\/p> <p>Foglie vigorose, di colore verde opaco, con\t\t<\/div>\n\t\t\n\t\t<a class=\"elementor-post__read-more\" href=\"https:\/\/www.hedera-etc.com\/it\/product\/hedera-hibernica-vert-clair\/\" aria-label=\"Lea tutto &lt;em&gt;Hedera hibernica&lt;\/em&gt; \u2018Vert Clair\u2019 \u2013 Lierre d&#039;Irlanda\" tabindex=\"-1\" target=\"_blank\">\n\t\t\tPer saperne di pi\u00f9 \u00bb\t\t<\/a>\n\n\t\t\t\t<\/div>\n\t\t\t\t<\/article>\n\t\t\t\t<article class=\"elementor-post elementor-grid-item post-1710 product type-product status-publish has-post-thumbnail product_cat-lierre entry has-media  instock purchasable product-type-variable has-default-attributes has-product-nav col span_1_of_4 owp-content-center item-entry owp-thumbs-layout-horizontal owp-btn-normal owp-tabs-layout-section\">\n\t\t\t\t<a class=\"elementor-post__thumbnail__link\" href=\"https:\/\/www.hedera-etc.com\/it\/product\/hedera-colchica-dendroides\/\" tabindex=\"-1\" target=\"&quot;_blank&quot;\">\n\t\t\t<div class=\"elementor-post__thumbnail\"><img loading=\"lazy\" decoding=\"async\" width=\"300\" height=\"225\" src=\"https:\/\/www.hedera-etc.com\/wp-content\/uploads\/2023\/11\/Hedera-colchica-Dendroides-300x225.webp\" class=\"attachment-medium size-medium wp-image-1711\" alt=\"Hedera colchica &#039;Dendroides&#039;\" srcset=\"https:\/\/www.hedera-etc.com\/wp-content\/uploads\/2023\/11\/Hedera-colchica-Dendroides-300x225.webp 300w, https:\/\/www.hedera-etc.com\/wp-content\/uploads\/2023\/11\/Hedera-colchica-Dendroides-900x675.webp 900w, https:\/\/www.hedera-etc.com\/wp-content\/uploads\/2023\/11\/Hedera-colchica-Dendroides-768x576.webp 768w, https:\/\/www.hedera-etc.com\/wp-content\/uploads\/2023\/11\/Hedera-colchica-Dendroides.webp 1024w\" sizes=\"(max-width: 300px) 100vw, 300px\" \/><\/div>\n\t\t<\/a>\n\t\t\t\t<div class=\"elementor-post__text\">\n\t\t\t\t<h3 class=\"elementor-post__title\">\n\t\t\t<a href=\"https:\/\/www.hedera-etc.com\/it\/product\/hedera-colchica-dendroides\/\" target=\"&quot;_blank&quot;\">\n\t\t\t\t<em>Hedera colchica<\/em> &lsquo;Dendroides&rsquo; &#8211; Edera del Caucaso\t\t\t<\/a>\n\t\t<\/h3>\n\t\t\t\t<div class=\"elementor-post__excerpt\">\n\t\t\t<p>Foglie verde scuro, lucide, che possono essere arrotondate o appuntite. I margini sono spesso curvi nella parte inferiore.<\/p> <p>Edera di altezza medio-alta\t\t<\/div>\n\t\t\n\t\t<a class=\"elementor-post__read-more\" href=\"https:\/\/www.hedera-etc.com\/it\/product\/hedera-colchica-dendroides\/\" aria-label=\"Leggi tutto Hedera colchica \u2018Dendroides\u2019 \u2013 Eddra del Caucaso\" tabindex=\"-1\" target=\"_blank\">\n\t\t\tPer saperne di pi\u00f9 \u00bb\t\t<\/a>\n\n\t\t\t\t<\/div>\n\t\t\t\t<\/article>\n\t\t\t\t<article class=\"elementor-post elementor-grid-item post-1716 product type-product status-publish has-post-thumbnail product_cat-lierre entry has-media  instock purchasable product-type-variable has-default-attributes has-product-nav col span_1_of_4 owp-content-center item-entry owp-thumbs-layout-horizontal owp-btn-normal owp-tabs-layout-section\">\n\t\t\t\t<a class=\"elementor-post__thumbnail__link\" href=\"https:\/\/www.hedera-etc.com\/it\/product\/hedera-colchica-dentata\/\" tabindex=\"-1\" target=\"&quot;_blank&quot;\">\n\t\t\t<div class=\"elementor-post__thumbnail\"><img loading=\"lazy\" decoding=\"async\" width=\"300\" height=\"225\" src=\"https:\/\/www.hedera-etc.com\/wp-content\/uploads\/2023\/11\/Hedera-colchica-Dentata_3_2-300x225.webp\" class=\"attachment-medium size-medium wp-image-17146\" alt=\"Hedera colchica &#039;Dentata&#039;\" srcset=\"https:\/\/www.hedera-etc.com\/wp-content\/uploads\/2023\/11\/Hedera-colchica-Dentata_3_2-300x225.webp 300w, https:\/\/www.hedera-etc.com\/wp-content\/uploads\/2023\/11\/Hedera-colchica-Dentata_3_2-900x675.webp 900w, https:\/\/www.hedera-etc.com\/wp-content\/uploads\/2023\/11\/Hedera-colchica-Dentata_3_2-1024x768.webp 1024w, https:\/\/www.hedera-etc.com\/wp-content\/uploads\/2023\/11\/Hedera-colchica-Dentata_3_2-768x576.webp 768w, https:\/\/www.hedera-etc.com\/wp-content\/uploads\/2023\/11\/Hedera-colchica-Dentata_3_2-1536x1152.webp 1536w, https:\/\/www.hedera-etc.com\/wp-content\/uploads\/2023\/11\/Hedera-colchica-Dentata_3_2-1320x990.webp 1320w, https:\/\/www.hedera-etc.com\/wp-content\/uploads\/2023\/11\/Hedera-colchica-Dentata_3_2.webp 1600w\" sizes=\"(max-width: 300px) 100vw, 300px\" \/><\/div>\n\t\t<\/a>\n\t\t\t\t<div class=\"elementor-post__text\">\n\t\t\t\t<h3 class=\"elementor-post__title\">\n\t\t\t<a href=\"https:\/\/www.hedera-etc.com\/it\/product\/hedera-colchica-dentata\/\" target=\"&quot;_blank&quot;\">\n\t\t\t\t<em>Hedera colchica<\/em> &lsquo;Dentata&rsquo; &#8211; Edera del Caucaso\t\t\t<\/a>\n\t\t<\/h3>\n\t\t\t\t<div class=\"elementor-post__excerpt\">\n\t\t\t<p>Le foglie pi\u00f9 grandi del genere <em>Hedera. <\/em>Possono raggiungere i 25 cm di lunghezza. Fogliame non lobato o trilobato,\t\t<\/div>\n\t\t\n\t\t<a class=\"elementor-post__read-more\" href=\"https:\/\/www.hedera-etc.com\/it\/product\/hedera-colchica-dentata\/\" aria-label=\"Leggi tutto &lt;em&gt;Hedera colchica&lt;\/em&gt; \u2018Dentata\u2019 \u2013 Lierre du Caucase\" tabindex=\"-1\" target=\"_blank\">\n\t\t\tPer saperne di pi\u00f9 \u00bb\t\t<\/a>\n\n\t\t\t\t<\/div>\n\t\t\t\t<\/article>\n\t\t\t\t<article class=\"elementor-post elementor-grid-item post-1723 product type-product status-publish has-post-thumbnail product_cat-lierre entry has-media last outofstock product-type-variable has-default-attributes has-product-nav col span_1_of_4 owp-content-center item-entry owp-thumbs-layout-horizontal owp-btn-normal owp-tabs-layout-section\">\n\t\t\t\t<a class=\"elementor-post__thumbnail__link\" href=\"https:\/\/www.hedera-etc.com\/it\/product\/hedera-colchica-dentata-variegata\/\" tabindex=\"-1\" target=\"&quot;_blank&quot;\">\n\t\t\t<div class=\"elementor-post__thumbnail\"><img loading=\"lazy\" decoding=\"async\" width=\"300\" height=\"225\" src=\"https:\/\/www.hedera-etc.com\/wp-content\/uploads\/2023\/11\/Hedera-colchica-Dentata-Variegata-300x225.webp\" class=\"attachment-medium size-medium wp-image-15276\" alt=\"\" srcset=\"https:\/\/www.hedera-etc.com\/wp-content\/uploads\/2023\/11\/Hedera-colchica-Dentata-Variegata-300x225.webp 300w, https:\/\/www.hedera-etc.com\/wp-content\/uploads\/2023\/11\/Hedera-colchica-Dentata-Variegata-768x576.webp 768w, https:\/\/www.hedera-etc.com\/wp-content\/uploads\/2023\/11\/Hedera-colchica-Dentata-Variegata.webp 900w\" sizes=\"(max-width: 300px) 100vw, 300px\" \/><\/div>\n\t\t<\/a>\n\t\t\t\t<div class=\"elementor-post__text\">\n\t\t\t\t<h3 class=\"elementor-post__title\">\n\t\t\t<a href=\"https:\/\/www.hedera-etc.com\/it\/product\/hedera-colchica-dentata-variegata\/\" target=\"&quot;_blank&quot;\">\n\t\t\t\t<em>Hedera colchica<\/em> &lsquo;Dentata Variegata&rsquo; &#8211; Edera del Caucaso\t\t\t<\/a>\n\t\t<\/h3>\n\t\t\t\t<div class=\"elementor-post__excerpt\">\n\t\t\t<p>Edera particolarmente attraente, con foglie larghe, variegate, coriacee e appuntite che pendono elegantemente. Ampie foglie color crema o\t\t<\/div>\n\t\t\n\t\t<a class=\"elementor-post__read-more\" href=\"https:\/\/www.hedera-etc.com\/it\/product\/hedera-colchica-dentata-variegata\/\" aria-label=\"Leggi tutto &lt;em&gt;Hedera colchica&lt;\/em&gt; &lsquo;Dentata Variegata&rsquo; &#8211; Lierre du Caucase\" tabindex=\"-1\" target=\"_blank\">\n\t\t\tPer saperne di pi\u00f9 \u00bb\t\t<\/a>\n\n\t\t\t\t<\/div>\n\t\t\t\t<\/article>\n\t\t\t\t<article class=\"elementor-post elementor-grid-item post-1728 product type-product status-publish has-post-thumbnail product_cat-lierre entry has-media first instock purchasable product-type-variable has-default-attributes has-product-nav col span_1_of_4 owp-content-center item-entry owp-thumbs-layout-horizontal owp-btn-normal owp-tabs-layout-section\">\n\t\t\t\t<a class=\"elementor-post__thumbnail__link\" href=\"https:\/\/www.hedera-etc.com\/it\/product\/hedera-colchica-dentata-sulphur-heart\/\" tabindex=\"-1\" target=\"&quot;_blank&quot;\">\n\t\t\t<div class=\"elementor-post__thumbnail\"><img loading=\"lazy\" decoding=\"async\" width=\"300\" height=\"225\" src=\"https:\/\/www.hedera-etc.com\/wp-content\/uploads\/2023\/11\/Hedera-colchica-Dentata-Sulphur-Heart-300x225.webp\" class=\"attachment-medium size-medium wp-image-13939\" alt=\"Hedera colchica &#039;Dentata Sulphur Heart&#039; (Cuore di zolfo)&#039;\" srcset=\"https:\/\/www.hedera-etc.com\/wp-content\/uploads\/2023\/11\/Hedera-colchica-Dentata-Sulphur-Heart-300x225.webp 300w, https:\/\/www.hedera-etc.com\/wp-content\/uploads\/2023\/11\/Hedera-colchica-Dentata-Sulphur-Heart-900x675.webp 900w, https:\/\/www.hedera-etc.com\/wp-content\/uploads\/2023\/11\/Hedera-colchica-Dentata-Sulphur-Heart-768x576.webp 768w, https:\/\/www.hedera-etc.com\/wp-content\/uploads\/2023\/11\/Hedera-colchica-Dentata-Sulphur-Heart.webp 1024w\" sizes=\"(max-width: 300px) 100vw, 300px\" \/><\/div>\n\t\t<\/a>\n\t\t\t\t<div class=\"elementor-post__text\">\n\t\t\t\t<h3 class=\"elementor-post__title\">\n\t\t\t<a href=\"https:\/\/www.hedera-etc.com\/it\/product\/hedera-colchica-dentata-sulphur-heart\/\" target=\"&quot;_blank&quot;\">\n\t\t\t\t<em>Hedera colchica<\/em> &lsquo;Dentata Sulphur Heart&rsquo; &#8211; Edera del Caucaso\t\t\t<\/a>\n\t\t<\/h3>\n\t\t\t\t<div class=\"elementor-post__excerpt\">\n\t\t\t<p>Foglie grandi, cordate, appena trilobate con margini finemente dentati. La variegatura al centro della foglia \u00e8 irregolare e\t\t<\/div>\n\t\t\n\t\t<a class=\"elementor-post__read-more\" href=\"https:\/\/www.hedera-etc.com\/it\/product\/hedera-colchica-dentata-sulphur-heart\/\" aria-label=\"Leggi tutto &lt;em&gt;Hedera colchica&lt;\/em&gt; \u2018Dentata Sulphur Heart\u2019 \u2013 Edera del Caucaso\" tabindex=\"-1\" target=\"_blank\">\n\t\t\tPer saperne di pi\u00f9 \u00bb\t\t<\/a>\n\n\t\t\t\t<\/div>\n\t\t\t\t<\/article>\n\t\t\t\t<article class=\"elementor-post elementor-grid-item post-1734 product type-product status-publish has-post-thumbnail product_cat-lierre entry has-media  instock purchasable product-type-variable has-default-attributes has-product-nav col span_1_of_4 owp-content-center item-entry owp-thumbs-layout-horizontal owp-btn-normal owp-tabs-layout-section\">\n\t\t\t\t<a class=\"elementor-post__thumbnail__link\" href=\"https:\/\/www.hedera-etc.com\/it\/product\/hedera-colchica-georgian\/\" tabindex=\"-1\" target=\"&quot;_blank&quot;\">\n\t\t\t<div class=\"elementor-post__thumbnail\"><img loading=\"lazy\" decoding=\"async\" width=\"300\" height=\"225\" src=\"https:\/\/www.hedera-etc.com\/wp-content\/uploads\/2023\/11\/Hedera-colchica-Georgian_2-300x225.webp\" class=\"attachment-medium size-medium wp-image-17148\" alt=\"Hedera colchica &#039;Georgian&#039;\" srcset=\"https:\/\/www.hedera-etc.com\/wp-content\/uploads\/2023\/11\/Hedera-colchica-Georgian_2-300x225.webp 300w, https:\/\/www.hedera-etc.com\/wp-content\/uploads\/2023\/11\/Hedera-colchica-Georgian_2-900x675.webp 900w, https:\/\/www.hedera-etc.com\/wp-content\/uploads\/2023\/11\/Hedera-colchica-Georgian_2-1024x768.webp 1024w, https:\/\/www.hedera-etc.com\/wp-content\/uploads\/2023\/11\/Hedera-colchica-Georgian_2-768x576.webp 768w, https:\/\/www.hedera-etc.com\/wp-content\/uploads\/2023\/11\/Hedera-colchica-Georgian_2-1536x1152.webp 1536w, https:\/\/www.hedera-etc.com\/wp-content\/uploads\/2023\/11\/Hedera-colchica-Georgian_2-1320x990.webp 1320w, https:\/\/www.hedera-etc.com\/wp-content\/uploads\/2023\/11\/Hedera-colchica-Georgian_2.webp 1600w\" sizes=\"(max-width: 300px) 100vw, 300px\" \/><\/div>\n\t\t<\/a>\n\t\t\t\t<div class=\"elementor-post__text\">\n\t\t\t\t<h3 class=\"elementor-post__title\">\n\t\t\t<a href=\"https:\/\/www.hedera-etc.com\/it\/product\/hedera-colchica-georgian\/\" target=\"&quot;_blank&quot;\">\n\t\t\t\t<em>Hedera colchica<\/em> &lsquo;Georgian&rsquo; &#8211; Edera del Caucaso\t\t\t<\/a>\n\t\t<\/h3>\n\t\t\t\t<div class=\"elementor-post__excerpt\">\n\t\t\t<p>Edera attraente, con fogliame stretto, verde scuro, lucido e appuntito, composto da 0 a 3 lobi.<\/p> <p>Base delle foglie leggermente\t\t<\/div>\n\t\t\n\t\t<a class=\"elementor-post__read-more\" href=\"https:\/\/www.hedera-etc.com\/it\/product\/hedera-colchica-georgian\/\" aria-label=\"Leggi tutto &lt;em&gt;Hedera colchica&lt;\/em&gt; \u2018Georgian\u2019 \u2013 Lierre du Caucase\" tabindex=\"-1\" target=\"_blank\">\n\t\t\tPer saperne di pi\u00f9 \u00bb\t\t<\/a>\n\n\t\t\t\t<\/div>\n\t\t\t\t<\/article>\n\t\t\t\t<article class=\"elementor-post elementor-grid-item post-1739 product type-product status-publish has-post-thumbnail product_cat-lierre entry has-media  instock purchasable product-type-variable has-default-attributes has-product-nav col span_1_of_4 owp-content-center item-entry owp-thumbs-layout-horizontal owp-btn-normal owp-tabs-layout-section\">\n\t\t\t\t<a class=\"elementor-post__thumbnail__link\" href=\"https:\/\/www.hedera-etc.com\/it\/product\/hedera-colchica-my-heart\/\" tabindex=\"-1\" target=\"&quot;_blank&quot;\">\n\t\t\t<div class=\"elementor-post__thumbnail\"><img loading=\"lazy\" decoding=\"async\" width=\"300\" height=\"224\" src=\"https:\/\/www.hedera-etc.com\/wp-content\/uploads\/2023\/11\/Hedera-colchica-My-Heart-300x224.webp\" class=\"attachment-medium size-medium wp-image-13924\" alt=\"Hedera colchica &#039;My Heart&#039;\" srcset=\"https:\/\/www.hedera-etc.com\/wp-content\/uploads\/2023\/11\/Hedera-colchica-My-Heart-300x225.webp 300w, https:\/\/www.hedera-etc.com\/wp-content\/uploads\/2023\/11\/Hedera-colchica-My-Heart-900x673.webp 900w, https:\/\/www.hedera-etc.com\/wp-content\/uploads\/2023\/11\/Hedera-colchica-My-Heart-768x574.webp 768w, https:\/\/www.hedera-etc.com\/wp-content\/uploads\/2023\/11\/Hedera-colchica-My-Heart.webp 903w\" sizes=\"(max-width: 300px) 100vw, 300px\" \/><\/div>\n\t\t<\/a>\n\t\t\t\t<div class=\"elementor-post__text\">\n\t\t\t\t<h3 class=\"elementor-post__title\">\n\t\t\t<a href=\"https:\/\/www.hedera-etc.com\/it\/product\/hedera-colchica-my-heart\/\" target=\"&quot;_blank&quot;\">\n\t\t\t\t<em>Hedera colchica<\/em> &lsquo;My Heart&rsquo; &#8211; Edera del Caucaso\t\t\t<\/a>\n\t\t<\/h3>\n\t\t\t\t<div class=\"elementor-post__excerpt\">\n\t\t\t<p>Foglia cordata perfetta. Lama di colore verde medio-scuro.<\/p> <p>Fusti e piccioli rossi. Fusti scarsamente ramificati, con internodi.\t\t<\/div>\n\t\t\n\t\t<a class=\"elementor-post__read-more\" href=\"https:\/\/www.hedera-etc.com\/it\/product\/hedera-colchica-my-heart\/\" aria-label=\"Leggi tutto &lt;em&gt;Hedera colchica&lt;\/em&gt; \u2018My Heart\u2019 \u2013 Edera del Caucaso\" tabindex=\"-1\" target=\"_blank\">\n\t\t\tPer saperne di pi\u00f9 \u00bb\t\t<\/a>\n\n\t\t\t\t<\/div>\n\t\t\t\t<\/article>\n\t\t\t\t<article class=\"elementor-post elementor-grid-item post-1747 product type-product status-publish has-post-thumbnail product_cat-lierre entry has-media last instock purchasable product-type-variable has-default-attributes has-product-nav col span_1_of_4 owp-content-center item-entry owp-thumbs-layout-horizontal owp-btn-normal owp-tabs-layout-section\">\n\t\t\t\t<a class=\"elementor-post__thumbnail__link\" href=\"https:\/\/www.hedera-etc.com\/it\/product\/hedera-colchica-slow-dwarf\/\" tabindex=\"-1\" target=\"&quot;_blank&quot;\">\n\t\t\t<div class=\"elementor-post__thumbnail\"><img loading=\"lazy\" decoding=\"async\" width=\"300\" height=\"225\" src=\"https:\/\/www.hedera-etc.com\/wp-content\/uploads\/2023\/11\/Hedera-colchica-Slow-Dwarf-300x225.webp\" class=\"attachment-medium size-medium wp-image-1748\" alt=\"Hedera colchica &#039;Slow Dwarf&#039;\" srcset=\"https:\/\/www.hedera-etc.com\/wp-content\/uploads\/2023\/11\/Hedera-colchica-Slow-Dwarf-300x225.webp 300w, https:\/\/www.hedera-etc.com\/wp-content\/uploads\/2023\/11\/Hedera-colchica-Slow-Dwarf-900x675.webp 900w, https:\/\/www.hedera-etc.com\/wp-content\/uploads\/2023\/11\/Hedera-colchica-Slow-Dwarf-768x576.webp 768w, https:\/\/www.hedera-etc.com\/wp-content\/uploads\/2023\/11\/Hedera-colchica-Slow-Dwarf.webp 1024w\" sizes=\"(max-width: 300px) 100vw, 300px\" \/><\/div>\n\t\t<\/a>\n\t\t\t\t<div class=\"elementor-post__text\">\n\t\t\t\t<h3 class=\"elementor-post__title\">\n\t\t\t<a href=\"https:\/\/www.hedera-etc.com\/it\/product\/hedera-colchica-slow-dwarf\/\" target=\"&quot;_blank&quot;\">\n\t\t\t\t<em>Hedera colchica<\/em> &lsquo;Slow Dwarf&rsquo; &#8211; Edera del Caucaso\t\t\t<\/a>\n\t\t<\/h3>\n\t\t\t\t<div class=\"elementor-post__excerpt\">\n\t\t\t<div class=\"row\"> <div class=\"col-sm-7\"> <div id=\"bloc-info\"> <div class=\"txt-desc\"> <p>Edera a crescita lenta e modesta.<\/p> <p>Foglie piccole, spesse, deltoidi e non lobate.\t\t<\/div>\n\t\t\n\t\t<a class=\"elementor-post__read-more\" href=\"https:\/\/www.hedera-etc.com\/it\/product\/hedera-colchica-slow-dwarf\/\" aria-label=\"Leggi tutto &lt;em&gt;Hedera colchica&lt;\/em&gt; \u2018Slow Dwarf\u2019 \u2013 Lierre du Caucase\" tabindex=\"-1\" target=\"_blank\">\n\t\t\tPer saperne di pi\u00f9 \u00bb\t\t<\/a>\n\n\t\t\t\t<\/div>\n\t\t\t\t<\/article>\n\t\t\t\t<article class=\"elementor-post elementor-grid-item post-1754 product type-product status-publish has-post-thumbnail product_cat-lierre entry has-media first instock purchasable product-type-variable has-default-attributes has-product-nav col span_1_of_4 owp-content-center item-entry owp-thumbs-layout-horizontal owp-btn-normal owp-tabs-layout-section\">\n\t\t\t\t<a class=\"elementor-post__thumbnail__link\" href=\"https:\/\/www.hedera-etc.com\/it\/product\/hedera-hibernica-albany\/\" tabindex=\"-1\" target=\"&quot;_blank&quot;\">\n\t\t\t<div class=\"elementor-post__thumbnail\"><img loading=\"lazy\" decoding=\"async\" width=\"300\" height=\"225\" src=\"https:\/\/www.hedera-etc.com\/wp-content\/uploads\/2023\/11\/Hedera-hibernica-Albany-300x225.webp\" class=\"attachment-medium size-medium wp-image-13914\" alt=\"Hedera hibernica &#039;Albany&#039;\" srcset=\"https:\/\/www.hedera-etc.com\/wp-content\/uploads\/2023\/11\/Hedera-hibernica-Albany-300x225.webp 300w, https:\/\/www.hedera-etc.com\/wp-content\/uploads\/2023\/11\/Hedera-hibernica-Albany-768x576.webp 768w, https:\/\/www.hedera-etc.com\/wp-content\/uploads\/2023\/11\/Hedera-hibernica-Albany.webp 900w\" sizes=\"(max-width: 300px) 100vw, 300px\" \/><\/div>\n\t\t<\/a>\n\t\t\t\t<div class=\"elementor-post__text\">\n\t\t\t\t<h3 class=\"elementor-post__title\">\n\t\t\t<a href=\"https:\/\/www.hedera-etc.com\/it\/product\/hedera-hibernica-albany\/\" target=\"&quot;_blank&quot;\">\n\t\t\t\t<em>Hedera hibernica<\/em> &lsquo;Albany&rsquo; &#8211; Edera d'Irlanda\t\t\t<\/a>\n\t\t<\/h3>\n\t\t\t\t<div class=\"elementor-post__excerpt\">\n\t\t\t<p>Edera compatta a crescita moderata. I fusti e i piccioli sono spesso spessi e fasciate, con foglie larghe, asimmetriche, di colore verde scuro o rosso.\t\t<\/div>\n\t\t\n\t\t<a class=\"elementor-post__read-more\" href=\"https:\/\/www.hedera-etc.com\/it\/product\/hedera-hibernica-albany\/\" aria-label=\"Leggi tutto &lt;em&gt;Hedera hibernica&lt;\/em&gt; \u2018Albany\u2019 \u2013 Edera d&#039;Irlanda\" tabindex=\"-1\" target=\"_blank\">\n\t\t\tPer saperne di pi\u00f9 \u00bb\t\t<\/a>\n\n\t\t\t\t<\/div>\n\t\t\t\t<\/article>\n\t\t\t\t<article class=\"elementor-post elementor-grid-item post-1760 product type-product status-publish has-post-thumbnail product_cat-lierre entry has-media  instock purchasable product-type-variable has-default-attributes has-product-nav col span_1_of_4 owp-content-center item-entry owp-thumbs-layout-horizontal owp-btn-normal owp-tabs-layout-section\">\n\t\t\t\t<a class=\"elementor-post__thumbnail__link\" href=\"https:\/\/www.hedera-etc.com\/it\/product\/hedera-iberica-aracena\/\" tabindex=\"-1\" target=\"&quot;_blank&quot;\">\n\t\t\t<div class=\"elementor-post__thumbnail\"><img loading=\"lazy\" decoding=\"async\" width=\"300\" height=\"225\" src=\"https:\/\/www.hedera-etc.com\/wp-content\/uploads\/2023\/11\/Hedera-iberica-Aracena-300x225.webp\" class=\"attachment-medium size-medium wp-image-1761\" alt=\"Hedera iberica &#039;Aracena&#039;\" srcset=\"https:\/\/www.hedera-etc.com\/wp-content\/uploads\/2023\/11\/Hedera-iberica-Aracena-300x225.webp 300w, https:\/\/www.hedera-etc.com\/wp-content\/uploads\/2023\/11\/Hedera-iberica-Aracena-768x576.webp 768w, https:\/\/www.hedera-etc.com\/wp-content\/uploads\/2023\/11\/Hedera-iberica-Aracena.webp 839w\" sizes=\"(max-width: 300px) 100vw, 300px\" \/><\/div>\n\t\t<\/a>\n\t\t\t\t<div class=\"elementor-post__text\">\n\t\t\t\t<h3 class=\"elementor-post__title\">\n\t\t\t<a href=\"https:\/\/www.hedera-etc.com\/it\/product\/hedera-iberica-aracena\/\" target=\"&quot;_blank&quot;\">\n\t\t\t\t<em>Hedera iberica<\/em> &lsquo;Aracena&rsquo; &#8211; Edera spagnola\t\t\t<\/a>\n\t\t<\/h3>\n\t\t\t\t<div class=\"elementor-post__excerpt\">\n\t\t\t<div class=\"row\"> <div class=\"col-sm-7\"> <div id=\"bloc-info\"> <div class=\"txt-desc\"> <p>Edera vigorosa, con foglie trilobate o appena lobate e una base\t\t<\/div>\n\t\t\n\t\t<a class=\"elementor-post__read-more\" href=\"https:\/\/www.hedera-etc.com\/it\/product\/hedera-iberica-aracena\/\" aria-label=\"Leggi tutto *Hedera iberica* \u2018Aracena\u2019 \u2013 Italico d&#039;Aragona\" tabindex=\"-1\" target=\"_blank\">\n\t\t\tPer saperne di pi\u00f9 \u00bb\t\t<\/a>\n\n\t\t\t\t<\/div>\n\t\t\t\t<\/article>\n\t\t\t\t<article class=\"elementor-post elementor-grid-item post-1765 product type-product status-publish has-post-thumbnail product_cat-lierre entry has-media  instock purchasable product-type-variable has-default-attributes has-product-nav col span_1_of_4 owp-content-center item-entry owp-thumbs-layout-horizontal owp-btn-normal owp-tabs-layout-section\">\n\t\t\t\t<a class=\"elementor-post__thumbnail__link\" href=\"https:\/\/www.hedera-etc.com\/it\/product\/hedera-hibernica-arco\/\" tabindex=\"-1\" target=\"&quot;_blank&quot;\">\n\t\t\t<div class=\"elementor-post__thumbnail\"><img loading=\"lazy\" decoding=\"async\" width=\"300\" height=\"225\" src=\"https:\/\/www.hedera-etc.com\/wp-content\/uploads\/2023\/11\/Hedera-hibernica-Arco-300x225.webp\" class=\"attachment-medium size-medium wp-image-1766\" alt=\"Hedera hibernica &#039;Arco&#039;\" srcset=\"https:\/\/www.hedera-etc.com\/wp-content\/uploads\/2023\/11\/Hedera-hibernica-Arco-300x225.webp 300w, https:\/\/www.hedera-etc.com\/wp-content\/uploads\/2023\/11\/Hedera-hibernica-Arco-768x575.webp 768w, https:\/\/www.hedera-etc.com\/wp-content\/uploads\/2023\/11\/Hedera-hibernica-Arco.webp 800w\" sizes=\"(max-width: 300px) 100vw, 300px\" \/><\/div>\n\t\t<\/a>\n\t\t\t\t<div class=\"elementor-post__text\">\n\t\t\t\t<h3 class=\"elementor-post__title\">\n\t\t\t<a href=\"https:\/\/www.hedera-etc.com\/it\/product\/hedera-hibernica-arco\/\" target=\"&quot;_blank&quot;\">\n\t\t\t\t<em>Hedera hibernica<\/em> &lsquo;Arco&rsquo; &#8211; Edera d'Irlanda\t\t\t<\/a>\n\t\t<\/h3>\n\t\t\t\t<div class=\"elementor-post__excerpt\">\n\t\t\t<p>Fogliame verde chiaro, meno folto del tipo, che assume belle tonalit\u00e0 bronzee in inverno.<\/p> <p>Foglie larghe con\t\t<\/div>\n\t\t\n\t\t<a class=\"elementor-post__read-more\" href=\"https:\/\/www.hedera-etc.com\/it\/product\/hedera-hibernica-arco\/\" aria-label=\"Leggi tutto &lt;em&gt;Hedera hibernica&lt;\/em&gt; \u2018Arco\u2019 \u2013 Edera d&#039;Irlanda\" tabindex=\"-1\" target=\"_blank\">\n\t\t\tPer saperne di pi\u00f9 \u00bb\t\t<\/a>\n\n\t\t\t\t<\/div>\n\t\t\t\t<\/article>\n\t\t\t\t<article class=\"elementor-post elementor-grid-item post-1770 product type-product status-publish has-post-thumbnail product_cat-lierre entry has-media last instock purchasable product-type-variable has-default-attributes has-product-nav col span_1_of_4 owp-content-center item-entry owp-thumbs-layout-horizontal owp-btn-normal owp-tabs-layout-section has-no-thumbnails\">\n\t\t\t\t<a class=\"elementor-post__thumbnail__link\" href=\"https:\/\/www.hedera-etc.com\/it\/product\/hedera-iberica-aracena-semi-arborescent\/\" tabindex=\"-1\" target=\"&quot;_blank&quot;\">\n\t\t\t<div class=\"elementor-post__thumbnail\"><img loading=\"lazy\" decoding=\"async\" width=\"300\" height=\"225\" src=\"https:\/\/www.hedera-etc.com\/wp-content\/uploads\/2023\/11\/Hedera-iberica-\u2018Aracena-semi-arborescent-300x225.webp\" class=\"attachment-medium size-medium wp-image-3670\" alt=\"Hedera iberica &#039;Aracena&#039; semi-arborescente\" srcset=\"https:\/\/www.hedera-etc.com\/wp-content\/uploads\/2023\/11\/Hedera-iberica-\u2018Aracena-semi-arborescent-300x225.webp 300w, https:\/\/www.hedera-etc.com\/wp-content\/uploads\/2023\/11\/Hedera-iberica-\u2018Aracena-semi-arborescent-900x675.webp 900w, https:\/\/www.hedera-etc.com\/wp-content\/uploads\/2023\/11\/Hedera-iberica-\u2018Aracena-semi-arborescent-768x576.webp 768w, https:\/\/www.hedera-etc.com\/wp-content\/uploads\/2023\/11\/Hedera-iberica-\u2018Aracena-semi-arborescent.webp 1024w\" sizes=\"(max-width: 300px) 100vw, 300px\" \/><\/div>\n\t\t<\/a>\n\t\t\t\t<div class=\"elementor-post__text\">\n\t\t\t\t<h3 class=\"elementor-post__title\">\n\t\t\t<a href=\"https:\/\/www.hedera-etc.com\/it\/product\/hedera-iberica-aracena-semi-arborescent\/\" target=\"&quot;_blank&quot;\">\n\t\t\t\t<em>Hedera iberica<\/em> &lsquo;Aracena&rsquo; semi-arborescente\t\t\t<\/a>\n\t\t<\/h3>\n\t\t\t\t<div class=\"elementor-post__excerpt\">\n\t\t\t<p>Edera composta da entrambi i rami giovanili, il cui aspetto \u00e8 quello della <a href=\"https:\/\/www.hedera-etc.com\/it\/product\/hedera-iberica-aracena\/\" target=\"_blank\" rel=\"noopener\">Edera \u2018aracena\u2019, <\/a>e\t\t<\/div>\n\t\t\n\t\t<a class=\"elementor-post__read-more\" href=\"https:\/\/www.hedera-etc.com\/it\/product\/hedera-iberica-aracena-semi-arborescent\/\" aria-label=\"Leggi tutto &lt;em&gt;Hedera iberica&lt;\/em&gt; \u2018Aracena\u2019 semiarborescente\" tabindex=\"-1\" target=\"_blank\">\n\t\t\tPer saperne di pi\u00f9 \u00bb\t\t<\/a>\n\n\t\t\t\t<\/div>\n\t\t\t\t<\/article>\n\t\t\t\t<article class=\"elementor-post elementor-grid-item post-1773 product type-product status-publish has-post-thumbnail product_cat-lierre entry has-media first instock purchasable product-type-variable has-default-attributes has-product-nav col span_1_of_4 owp-content-center item-entry owp-thumbs-layout-horizontal owp-btn-normal owp-tabs-layout-section\">\n\t\t\t\t<a class=\"elementor-post__thumbnail__link\" href=\"https:\/\/www.hedera-etc.com\/it\/product\/hedera-hibernica-betty-allen\/\" tabindex=\"-1\" target=\"&quot;_blank&quot;\">\n\t\t\t<div class=\"elementor-post__thumbnail\"><img loading=\"lazy\" decoding=\"async\" width=\"300\" height=\"224\" src=\"https:\/\/www.hedera-etc.com\/wp-content\/uploads\/2023\/11\/Hedera-helix-Betty-Allen_4-300x224.webp\" class=\"attachment-medium size-medium wp-image-12283\" alt=\"Hedera hibernica &#039;Betty Allen&#039;\" srcset=\"https:\/\/www.hedera-etc.com\/wp-content\/uploads\/2023\/11\/Hedera-helix-Betty-Allen_4-300x224.webp 300w, https:\/\/www.hedera-etc.com\/wp-content\/uploads\/2023\/11\/Hedera-helix-Betty-Allen_4-900x673.webp 900w, https:\/\/www.hedera-etc.com\/wp-content\/uploads\/2023\/11\/Hedera-helix-Betty-Allen_4-1024x766.webp 1024w, https:\/\/www.hedera-etc.com\/wp-content\/uploads\/2023\/11\/Hedera-helix-Betty-Allen_4-768x575.webp 768w, https:\/\/www.hedera-etc.com\/wp-content\/uploads\/2023\/11\/Hedera-helix-Betty-Allen_4-1536x1149.webp 1536w, https:\/\/www.hedera-etc.com\/wp-content\/uploads\/2023\/11\/Hedera-helix-Betty-Allen_4-1320x988.webp 1320w, https:\/\/www.hedera-etc.com\/wp-content\/uploads\/2023\/11\/Hedera-helix-Betty-Allen_4.webp 1600w\" sizes=\"(max-width: 300px) 100vw, 300px\" \/><\/div>\n\t\t<\/a>\n\t\t\t\t<div class=\"elementor-post__text\">\n\t\t\t\t<h3 class=\"elementor-post__title\">\n\t\t\t<a href=\"https:\/\/www.hedera-etc.com\/it\/product\/hedera-hibernica-betty-allen\/\" target=\"&quot;_blank&quot;\">\n\t\t\t\t<em>Hedera hibernica<\/em> &lsquo;Betty Allen&rsquo; &#8211; Edera d'Irlanda\t\t\t<\/a>\n\t\t<\/h3>\n\t\t\t\t<div class=\"elementor-post__excerpt\">\n\t\t\t<p>Un'edera molto attraente con fogliame verde scuro lucido. La foglia ha 3 lobi appuntiti, rivolti in avanti.\t\t<\/div>\n\t\t\n\t\t<a class=\"elementor-post__read-more\" href=\"https:\/\/www.hedera-etc.com\/it\/product\/hedera-hibernica-betty-allen\/\" aria-label=\"&lt;em&gt;Hedera hibernica&lt;\/em&gt; \u2018Betty Allen\u2019 \u2013 Edera irlandese\" tabindex=\"-1\" target=\"_blank\">\n\t\t\tPer saperne di pi\u00f9 \u00bb\t\t<\/a>\n\n\t\t\t\t<\/div>\n\t\t\t\t<\/article>\n\t\t\t\t<article class=\"elementor-post elementor-grid-item post-1778 product type-product status-publish has-post-thumbnail product_cat-lierre entry has-media  instock purchasable product-type-variable has-default-attributes has-product-nav col span_1_of_4 owp-content-center item-entry owp-thumbs-layout-horizontal owp-btn-normal owp-tabs-layout-section\">\n\t\t\t\t<a class=\"elementor-post__thumbnail__link\" href=\"https:\/\/www.hedera-etc.com\/it\/product\/hedera-hibernica-china-plate\/\" tabindex=\"-1\" target=\"&quot;_blank&quot;\">\n\t\t\t<div class=\"elementor-post__thumbnail\"><img loading=\"lazy\" decoding=\"async\" width=\"300\" height=\"225\" src=\"https:\/\/www.hedera-etc.com\/wp-content\/uploads\/2023\/11\/Hedera-hibernica-China-Plate_3-300x225.webp\" class=\"attachment-medium size-medium wp-image-8859\" alt=\"Hedera hibernica &#039;China Plate&#039;\" srcset=\"https:\/\/www.hedera-etc.com\/wp-content\/uploads\/2023\/11\/Hedera-hibernica-China-Plate_3-300x225.webp 300w, https:\/\/www.hedera-etc.com\/wp-content\/uploads\/2023\/11\/Hedera-hibernica-China-Plate_3-900x675.webp 900w, https:\/\/www.hedera-etc.com\/wp-content\/uploads\/2023\/11\/Hedera-hibernica-China-Plate_3-1024x768.webp 1024w, https:\/\/www.hedera-etc.com\/wp-content\/uploads\/2023\/11\/Hedera-hibernica-China-Plate_3-768x576.webp 768w, https:\/\/www.hedera-etc.com\/wp-content\/uploads\/2023\/11\/Hedera-hibernica-China-Plate_3-1536x1152.webp 1536w, https:\/\/www.hedera-etc.com\/wp-content\/uploads\/2023\/11\/Hedera-hibernica-China-Plate_3-1320x990.webp 1320w, https:\/\/www.hedera-etc.com\/wp-content\/uploads\/2023\/11\/Hedera-hibernica-China-Plate_3.webp 1600w\" sizes=\"(max-width: 300px) 100vw, 300px\" \/><\/div>\n\t\t<\/a>\n\t\t\t\t<div class=\"elementor-post__text\">\n\t\t\t\t<h3 class=\"elementor-post__title\">\n\t\t\t<a href=\"https:\/\/www.hedera-etc.com\/it\/product\/hedera-hibernica-china-plate\/\" target=\"&quot;_blank&quot;\">\n\t\t\t\t<em>Hedera hibernica<\/em> &lsquo;China Plate&rsquo; &#8211; Edera d'Irlanda\t\t\t<\/a>\n\t\t<\/h3>\n\t\t\t\t<div class=\"elementor-post__excerpt\">\n\t\t\t<p>Fogliame ampio, verde scuro e ricurvo, con una piacevole lucentezza. Foglie composte da 3 a 5 lobi, pi\u00f9 o meno lobati.\t\t<\/div>\n\t\t\n\t\t<a class=\"elementor-post__read-more\" href=\"https:\/\/www.hedera-etc.com\/it\/product\/hedera-hibernica-china-plate\/\" aria-label=\"Leggi tutto &lt;em&gt;Hedera hibernica&lt;\/em&gt; \u2018China Plate\u2019 \u2013 Edera d&#039;Irlanda\" tabindex=\"-1\" target=\"_blank\">\n\t\t\tPer saperne di pi\u00f9 \u00bb\t\t<\/a>\n\n\t\t\t\t<\/div>\n\t\t\t\t<\/article>\n\t\t\t\t<article class=\"elementor-post elementor-grid-item post-1784 product type-product status-publish has-post-thumbnail product_cat-lierre entry has-media  instock purchasable product-type-variable has-default-attributes has-product-nav col span_1_of_4 owp-content-center item-entry owp-thumbs-layout-horizontal owp-btn-normal owp-tabs-layout-section\">\n\t\t\t\t<a class=\"elementor-post__thumbnail__link\" href=\"https:\/\/www.hedera-etc.com\/it\/product\/hedera-hibernica-deltoidea\/\" tabindex=\"-1\" target=\"&quot;_blank&quot;\">\n\t\t\t<div class=\"elementor-post__thumbnail\"><img loading=\"lazy\" decoding=\"async\" width=\"300\" height=\"225\" src=\"https:\/\/www.hedera-etc.com\/wp-content\/uploads\/2023\/11\/Hedera-hibernica-Deltoidea-300x225.webp\" class=\"attachment-medium size-medium wp-image-1785\" alt=\"Hedera hibernica &#039;Deltoidea&#039;\" srcset=\"https:\/\/www.hedera-etc.com\/wp-content\/uploads\/2023\/11\/Hedera-hibernica-Deltoidea-300x225.webp 300w, https:\/\/www.hedera-etc.com\/wp-content\/uploads\/2023\/11\/Hedera-hibernica-Deltoidea-900x675.webp 900w, https:\/\/www.hedera-etc.com\/wp-content\/uploads\/2023\/11\/Hedera-hibernica-Deltoidea-768x576.webp 768w, https:\/\/www.hedera-etc.com\/wp-content\/uploads\/2023\/11\/Hedera-hibernica-Deltoidea.webp 1024w\" sizes=\"(max-width: 300px) 100vw, 300px\" \/><\/div>\n\t\t<\/a>\n\t\t\t\t<div class=\"elementor-post__text\">\n\t\t\t\t<h3 class=\"elementor-post__title\">\n\t\t\t<a href=\"https:\/\/www.hedera-etc.com\/it\/product\/hedera-hibernica-deltoidea\/\" target=\"&quot;_blank&quot;\">\n\t\t\t\t<em>Hedera hibernica<\/em> &lsquo;Deltoidea&rsquo; &#8211; Edera d'Irlanda\t\t\t<\/a>\n\t\t<\/h3>\n\t\t\t\t<div class=\"elementor-post__excerpt\">\n\t\t\t<p>Foglie spesse e cordate, a volte quasi triangolari.<\/p> <p>Composto da 3 piccoli lobi ben arrotondati, i 2 lobi alla base sono\t\t<\/div>\n\t\t\n\t\t<a class=\"elementor-post__read-more\" href=\"https:\/\/www.hedera-etc.com\/it\/product\/hedera-hibernica-deltoidea\/\" aria-label=\"Leggi tutto *Hedera hibernica* \u2018Deltoidea\u2019 \u2013 Lierre d\u2019Irlande\" tabindex=\"-1\" target=\"_blank\">\n\t\t\tPer saperne di pi\u00f9 \u00bb\t\t<\/a>\n\n\t\t\t\t<\/div>\n\t\t\t\t<\/article>\n\t\t\t\t<article class=\"elementor-post elementor-grid-item post-1790 product type-product status-publish has-post-thumbnail product_cat-lierre entry has-media last instock purchasable product-type-variable has-default-attributes has-product-nav col span_1_of_4 owp-content-center item-entry owp-thumbs-layout-horizontal owp-btn-normal owp-tabs-layout-section\">\n\t\t\t\t<a class=\"elementor-post__thumbnail__link\" href=\"https:\/\/www.hedera-etc.com\/it\/product\/hedera-hibernica-dealbata\/\" tabindex=\"-1\" target=\"&quot;_blank&quot;\">\n\t\t\t<div class=\"elementor-post__thumbnail\"><img loading=\"lazy\" decoding=\"async\" width=\"300\" height=\"225\" src=\"https:\/\/www.hedera-etc.com\/wp-content\/uploads\/2023\/11\/Hedera-hibernica-Dealbata-300x225.webp\" class=\"attachment-medium size-medium wp-image-1791\" alt=\"Hedera hibernica &#039;Dealbata&#039;\" srcset=\"https:\/\/www.hedera-etc.com\/wp-content\/uploads\/2023\/11\/Hedera-hibernica-Dealbata-300x225.webp 300w, https:\/\/www.hedera-etc.com\/wp-content\/uploads\/2023\/11\/Hedera-hibernica-Dealbata-768x576.webp 768w, https:\/\/www.hedera-etc.com\/wp-content\/uploads\/2023\/11\/Hedera-hibernica-Dealbata.webp 839w\" sizes=\"(max-width: 300px) 100vw, 300px\" \/><\/div>\n\t\t<\/a>\n\t\t\t\t<div class=\"elementor-post__text\">\n\t\t\t\t<h3 class=\"elementor-post__title\">\n\t\t\t<a href=\"https:\/\/www.hedera-etc.com\/it\/product\/hedera-hibernica-dealbata\/\" target=\"&quot;_blank&quot;\">\n\t\t\t\t<em>Hedera hibernica<\/em> &lsquo;Dealbata&rsquo; &#8211; Edera d'Irlanda\t\t\t<\/a>\n\t\t<\/h3>\n\t\t\t\t<div class=\"elementor-post__excerpt\">\n\t\t\t<p>Foglie triangolari, piccole e variegate. Foglia verde scuro con spruzzi di bianco o crema sulle foglie nuove. Altre variegature\t\t<\/div>\n\t\t\n\t\t<a class=\"elementor-post__read-more\" href=\"https:\/\/www.hedera-etc.com\/it\/product\/hedera-hibernica-dealbata\/\" aria-label=\"Leggi tutto &lt;em&gt;Hedera hibernica&lt;\/em&gt; \u2018Dealbata\u2019 \u2013 Lierre d\u2019Irlande\" tabindex=\"-1\" target=\"_blank\">\n\t\t\tPer saperne di pi\u00f9 \u00bb\t\t<\/a>\n\n\t\t\t\t<\/div>\n\t\t\t\t<\/article>\n\t\t\t\t<\/div>\n\t\t\t\t\t<span class=\"e-load-more-spinner\">\n\t\t\t\t<i aria-hidden=\"true\" class=\"fas fa-spinner\"><\/i>\t\t\t<\/span>\n\t\t\n\t\t\t\t<div class=\"e-load-more-anchor\" data-page=\"1\" data-max-page=\"2\" data-next-page=\"https:\/\/www.hedera-etc.com\/it\/wp-json\/wp\/v2\/pages\/5672\/page\/2\/\"><\/div>\n\t\t\t\t<div class=\"e-load-more-message\"><\/div>\n\t\t\t\t\t\t<\/div>\n\t\t\t\t<\/div>\n\t\t\t\t\t<\/div>\n\t\t\t\t<\/div>\n\t\t\t\t<\/div>","protected":false},"excerpt":{"rendered":"<p>L'edera con portamento compatto \u00e8 ideale per chi teme la natura invasiva dell'edera. Con questo tipo di edera, non c'\u00e8 rischio di fuoriuscite eccessive. Ne troverete pi\u00f9 di 120 nella collezione. Queste edere sono particolarmente adatte per fioriere, aiuole, bordure o giardini rocciosi.<\/p>","protected":false},"author":2,"featured_media":0,"parent":0,"menu_order":0,"comment_status":"closed","ping_status":"closed","template":"","meta":{"_acf_changed":false,"ocean_post_layout":"","ocean_both_sidebars_style":"","ocean_both_sidebars_content_width":0,"ocean_both_sidebars_sidebars_width":0,"ocean_sidebar":"","ocean_second_sidebar":"","ocean_disable_margins":"enable","ocean_add_body_class":"","ocean_shortcode_before_top_bar":"","ocean_shortcode_after_top_bar":"","ocean_shortcode_before_header":"","ocean_shortcode_after_header":"","ocean_has_shortcode":"","ocean_shortcode_after_title":"","ocean_shortcode_before_footer_widgets":"","ocean_shortcode_after_footer_widgets":"","ocean_shortcode_before_footer_bottom":"","ocean_shortcode_after_footer_bottom":"","ocean_display_top_bar":"default","ocean_display_header":"default","ocean_header_style":"","ocean_center_header_left_menu":"","ocean_custom_header_template":"","ocean_custom_logo":0,"ocean_custom_retina_logo":0,"ocean_custom_logo_max_width":0,"ocean_custom_logo_tablet_max_width":0,"ocean_custom_logo_mobile_max_width":0,"ocean_custom_logo_max_height":0,"ocean_custom_logo_tablet_max_height":0,"ocean_custom_logo_mobile_max_height":0,"ocean_header_custom_menu":"","ocean_menu_typo_font_family":"","ocean_menu_typo_font_subset":"","ocean_menu_typo_font_size":0,"ocean_menu_typo_font_size_tablet":0,"ocean_menu_typo_font_size_mobile":0,"ocean_menu_typo_font_size_unit":"px","ocean_menu_typo_font_weight":"","ocean_menu_typo_font_weight_tablet":"","ocean_menu_typo_font_weight_mobile":"","ocean_menu_typo_transform":"","ocean_menu_typo_transform_tablet":"","ocean_menu_typo_transform_mobile":"","ocean_menu_typo_line_height":0,"ocean_menu_typo_line_height_tablet":0,"ocean_menu_typo_line_height_mobile":0,"ocean_menu_typo_line_height_unit":"","ocean_menu_typo_spacing":0,"ocean_menu_typo_spacing_tablet":0,"ocean_menu_typo_spacing_mobile":0,"ocean_menu_typo_spacing_unit":"","ocean_menu_link_color":"","ocean_menu_link_color_hover":"","ocean_menu_link_color_active":"","ocean_menu_link_background":"","ocean_menu_link_hover_background":"","ocean_menu_link_active_background":"","ocean_menu_social_links_bg":"","ocean_menu_social_hover_links_bg":"","ocean_menu_social_links_color":"","ocean_menu_social_hover_links_color":"","ocean_disable_title":"default","ocean_disable_heading":"default","ocean_post_title":"","ocean_post_subheading":"","ocean_post_title_style":"","ocean_post_title_background_color":"","ocean_post_title_background":0,"ocean_post_title_bg_image_position":"","ocean_post_title_bg_image_attachment":"","ocean_post_title_bg_image_repeat":"","ocean_post_title_bg_image_size":"","ocean_post_title_height":0,"ocean_post_title_bg_overlay":0.5,"ocean_post_title_bg_overlay_color":"","ocean_disable_breadcrumbs":"default","ocean_breadcrumbs_color":"","ocean_breadcrumbs_separator_color":"","ocean_breadcrumbs_links_color":"","ocean_breadcrumbs_links_hover_color":"","ocean_display_footer_widgets":"default","ocean_display_footer_bottom":"default","ocean_custom_footer_template":"","footnotes":""},"class_list":["post-5672","page","type-page","status-publish","hentry","entry","has-media","has-product-nav","col","span_1_of_4","owp-content-center","item-entry","owp-thumbs-layout-horizontal","owp-btn-normal","owp-tabs-layout-section"],"acf":[],"jetpack_sharing_enabled":true,"_links":{"self":[{"href":"https:\/\/www.hedera-etc.com\/it\/wp-json\/wp\/v2\/pages\/5672","targetHints":{"allow":["GET"]}}],"collection":[{"href":"https:\/\/www.hedera-etc.com\/it\/wp-json\/wp\/v2\/pages"}],"about":[{"href":"https:\/\/www.hedera-etc.com\/it\/wp-json\/wp\/v2\/types\/page"}],"author":[{"embeddable":true,"href":"https:\/\/www.hedera-etc.com\/it\/wp-json\/wp\/v2\/users\/2"}],"replies":[{"embeddable":true,"href":"https:\/\/www.hedera-etc.com\/it\/wp-json\/wp\/v2\/comments?post=5672"}],"version-history":[{"count":4,"href":"https:\/\/www.hedera-etc.com\/it\/wp-json\/wp\/v2\/pages\/5672\/revisions"}],"predecessor-version":[{"id":16464,"href":"https:\/\/www.hedera-etc.com\/it\/wp-json\/wp\/v2\/pages\/5672\/revisions\/16464"}],"wp:attachment":[{"href":"https:\/\/www.hedera-etc.com\/it\/wp-json\/wp\/v2\/media?parent=5672"}],"curies":[{"name":"wp","href":"https:\/\/api.w.org\/{rel}","templated":true}]}}