{"id":5688,"date":"2024-04-28T22:08:50","date_gmt":"2024-04-28T20:08:50","guid":{"rendered":"https:\/\/www.hedera-etc.com\/?page_id=5688"},"modified":"2025-11-16T10:21:40","modified_gmt":"2025-11-16T09:21:40","slug":"lierre-pour-le-soleil","status":"publish","type":"page","link":"https:\/\/www.hedera-etc.com\/it\/lierre-pour-le-soleil\/","title":{"rendered":"Edera per il sole"},"content":{"rendered":"<div data-elementor-type=\"wp-page\" data-elementor-id=\"5688\" class=\"elementor elementor-5688\" data-elementor-post-type=\"page\">\n\t\t\t\t<div class=\"elementor-element elementor-element-e9317a6 e-flex e-con-boxed e-con e-parent\" data-id=\"e9317a6\" data-element_type=\"container\">\n\t\t\t\t\t<div class=\"e-con-inner\">\n\t\t\t\t<div class=\"elementor-element elementor-element-0b98e62 elementor-widget elementor-widget-image\" data-id=\"0b98e62\" data-element_type=\"widget\" data-widget_type=\"image.default\">\n\t\t\t\t<div class=\"elementor-widget-container\">\n\t\t\t\t\t\t\t\t\t\t\t\t\t\t\t<img decoding=\"async\" src=\"https:\/\/www.hedera-etc.com\/wp-content\/uploads\/elementor\/thumbs\/Soleil-rljuqbp6kvr145ul91cbb585nisbg8g8jx7yvpk9eo.webp\" title=\"Sole\" alt=\"Edera per il sole\" loading=\"lazy\" \/>\t\t\t\t\t\t\t\t\t\t\t\t\t\t\t<\/div>\n\t\t\t\t<\/div>\n\t\t\t\t\t<\/div>\n\t\t\t\t<\/div>\n\t\t<div class=\"elementor-element elementor-element-c5f0651 e-flex e-con-boxed e-con e-parent\" data-id=\"c5f0651\" data-element_type=\"container\">\n\t\t\t\t\t<div class=\"e-con-inner\">\n\t\t\t\t<div class=\"elementor-element elementor-element-1609d76 elementor-widget elementor-widget-text-editor\" data-id=\"1609d76\" data-element_type=\"widget\" data-widget_type=\"text-editor.default\">\n\t\t\t\t<div class=\"elementor-widget-container\">\n\t\t\t\t\t\t\t\t\t<p>Anche se si dice giustamente che l'edera \u00e8 una pianta da sottobosco, esistono variet\u00e0 che tollerano molto bene il pieno sole. Alcune addirittura si adattano meglio al sole che all'ombra.<\/p>\n<p>In questa collezione offriamo pi\u00f9 di 300 variet\u00e0 di edera per il sole.<\/p>\n<p>Alcune di esse sono anche in grado di resistere a una siccit\u00e0 prolungata.<\/p>\t\t\t\t\t\t\t\t<\/div>\n\t\t\t\t<\/div>\n\t\t\t\t\t<\/div>\n\t\t\t\t<\/div>\n\t\t<div class=\"elementor-element elementor-element-491a162 e-flex e-con-boxed e-con e-parent\" data-id=\"491a162\" data-element_type=\"container\">\n\t\t\t\t\t<div class=\"e-con-inner\">\n\t\t\t\t<div class=\"elementor-element elementor-element-81b0b8e elementor-grid-3 elementor-grid-tablet-2 elementor-grid-mobile-1 elementor-posts--thumbnail-top elementor-widget elementor-widget-posts\" data-id=\"81b0b8e\" data-element_type=\"widget\" data-settings=\"{&quot;pagination_type&quot;:&quot;load_more_infinite_scroll&quot;,&quot;classic_columns&quot;:&quot;3&quot;,&quot;classic_columns_tablet&quot;:&quot;2&quot;,&quot;classic_columns_mobile&quot;:&quot;1&quot;,&quot;classic_row_gap&quot;:{&quot;unit&quot;:&quot;px&quot;,&quot;size&quot;:35,&quot;sizes&quot;:[]},&quot;classic_row_gap_tablet&quot;:{&quot;unit&quot;:&quot;px&quot;,&quot;size&quot;:&quot;&quot;,&quot;sizes&quot;:[]},&quot;classic_row_gap_mobile&quot;:{&quot;unit&quot;:&quot;px&quot;,&quot;size&quot;:&quot;&quot;,&quot;sizes&quot;:[]},&quot;load_more_spinner&quot;:{&quot;value&quot;:&quot;fas fa-spinner&quot;,&quot;library&quot;:&quot;fa-solid&quot;}}\" data-widget_type=\"posts.classic\">\n\t\t\t\t<div class=\"elementor-widget-container\">\n\t\t\t\t\t\t\t<div class=\"elementor-posts-container elementor-posts elementor-posts--skin-classic elementor-grid\">\n\t\t\t\t<article class=\"elementor-post elementor-grid-item post-1676 product type-product status-publish has-post-thumbnail product_cat-lierre entry has-media first instock purchasable product-type-variable has-default-attributes has-product-nav col span_1_of_4 owp-content-center item-entry owp-thumbs-layout-horizontal owp-btn-normal owp-tabs-layout-section\">\n\t\t\t\t<a class=\"elementor-post__thumbnail__link\" href=\"https:\/\/www.hedera-etc.com\/it\/product\/hedera-x-soroksarensis-woerneri\/\" tabindex=\"-1\" target=\"&quot;_blank&quot;\">\n\t\t\t<div class=\"elementor-post__thumbnail\"><img fetchpriority=\"high\" decoding=\"async\" width=\"300\" height=\"199\" src=\"https:\/\/www.hedera-etc.com\/wp-content\/uploads\/2023\/11\/Hedera-x-soroksarensis-Woerneri-300x199.webp\" class=\"attachment-medium size-medium wp-image-1677\" alt=\"Hedera x soroksarensis &#039;Woerneri&#039;\" srcset=\"https:\/\/www.hedera-etc.com\/wp-content\/uploads\/2023\/11\/Hedera-x-soroksarensis-Woerneri-300x199.webp 300w, https:\/\/www.hedera-etc.com\/wp-content\/uploads\/2023\/11\/Hedera-x-soroksarensis-Woerneri-900x598.webp 900w, https:\/\/www.hedera-etc.com\/wp-content\/uploads\/2023\/11\/Hedera-x-soroksarensis-Woerneri-768x510.webp 768w, https:\/\/www.hedera-etc.com\/wp-content\/uploads\/2023\/11\/Hedera-x-soroksarensis-Woerneri.webp 947w\" sizes=\"(max-width: 300px) 100vw, 300px\" \/><\/div>\n\t\t<\/a>\n\t\t\t\t<div class=\"elementor-post__text\">\n\t\t\t\t<h3 class=\"elementor-post__title\">\n\t\t\t<a href=\"https:\/\/www.hedera-etc.com\/it\/product\/hedera-x-soroksarensis-woerneri\/\" target=\"&quot;_blank&quot;\">\n\t\t\t\t<em>Hedera x<\/em> soroksarensis &lsquo;Woerneri&rsquo;- Edera ornamentale\t\t\t<\/a>\n\t\t<\/h3>\n\t\t\t\t<div class=\"elementor-post__excerpt\">\n\t\t\t<p>Vigorosa, a crescita rapida, ideale per la copertura del terreno. Ha pochi rami e produce steli lunghi e rigidi.<\/p> <p>Foglie grandi\t\t<\/div>\n\t\t\n\t\t<a class=\"elementor-post__read-more\" href=\"https:\/\/www.hedera-etc.com\/it\/product\/hedera-x-soroksarensis-woerneri\/\" aria-label=\"Leggi tutto *Hedera x* soroksarensis \u2018Woerneri\u2019 \u2013 Lierre d\u2019ornement\" tabindex=\"-1\" target=\"_blank\">\n\t\t\tPer saperne di pi\u00f9 \u00bb\t\t<\/a>\n\n\t\t\t\t<\/div>\n\t\t\t\t<\/article>\n\t\t\t\t<article class=\"elementor-post elementor-grid-item post-1396 product type-product status-publish has-post-thumbnail product_cat-lierre entry has-media  instock purchasable product-type-variable has-default-attributes has-product-nav col span_1_of_4 owp-content-center item-entry owp-thumbs-layout-horizontal owp-btn-normal owp-tabs-layout-section\">\n\t\t\t\t<a class=\"elementor-post__thumbnail__link\" href=\"https:\/\/www.hedera-etc.com\/it\/product\/hedera-x-soroksarensis-silbermowe\/\" tabindex=\"-1\" target=\"&quot;_blank&quot;\">\n\t\t\t<div class=\"elementor-post__thumbnail\"><img decoding=\"async\" width=\"300\" height=\"200\" src=\"https:\/\/www.hedera-etc.com\/wp-content\/uploads\/2023\/11\/Hedera-x-soroksarensis-Silbermove-300x200.webp\" class=\"attachment-medium size-medium wp-image-14172\" alt=\"Hedera x soroksarensis &#039;Silberm\u00f6we&#039; &#039;Silberm\u00f6we&#039;\" srcset=\"https:\/\/www.hedera-etc.com\/wp-content\/uploads\/2023\/11\/Hedera-x-soroksarensis-Silbermove-300x200.webp 300w, https:\/\/www.hedera-etc.com\/wp-content\/uploads\/2023\/11\/Hedera-x-soroksarensis-Silbermove-900x599.webp 900w, https:\/\/www.hedera-etc.com\/wp-content\/uploads\/2023\/11\/Hedera-x-soroksarensis-Silbermove-768x511.webp 768w, https:\/\/www.hedera-etc.com\/wp-content\/uploads\/2023\/11\/Hedera-x-soroksarensis-Silbermove.webp 1015w\" sizes=\"(max-width: 300px) 100vw, 300px\" \/><\/div>\n\t\t<\/a>\n\t\t\t\t<div class=\"elementor-post__text\">\n\t\t\t\t<h3 class=\"elementor-post__title\">\n\t\t\t<a href=\"https:\/\/www.hedera-etc.com\/it\/product\/hedera-x-soroksarensis-silbermowe\/\" target=\"&quot;_blank&quot;\">\n\t\t\t\t<em>Hedera x<\/em> soroksarensis &lsquo;Silberm\u00f6we&rsquo; &#8211; Edera ornamentale\t\t\t<\/a>\n\t\t<\/h3>\n\t\t\t\t<div class=\"elementor-post__excerpt\">\n\t\t\t<p>Foglie grandi, triangolari, con 3 lobi poco pronunciati.<\/p> <p>Lama verde chiaro punteggiata di grigio-argento e di bianco con\t\t<\/div>\n\t\t\n\t\t<a class=\"elementor-post__read-more\" href=\"https:\/\/www.hedera-etc.com\/it\/product\/hedera-x-soroksarensis-silbermowe\/\" aria-label=\"Leggi tutto Hedera x soroksarensis \u2018Silberm\u00f6we\u2019 \u2013 Edera ornamentale\" tabindex=\"-1\" target=\"_blank\">\n\t\t\tPer saperne di pi\u00f9 \u00bb\t\t<\/a>\n\n\t\t\t\t<\/div>\n\t\t\t\t<\/article>\n\t\t\t\t<article class=\"elementor-post elementor-grid-item post-1912 product type-product status-publish has-post-thumbnail product_cat-lierre entry has-media  instock purchasable product-type-variable has-default-attributes has-product-nav col span_1_of_4 owp-content-center item-entry owp-thumbs-layout-horizontal owp-btn-normal owp-tabs-layout-section\">\n\t\t\t\t<a class=\"elementor-post__thumbnail__link\" href=\"https:\/\/www.hedera-etc.com\/it\/product\/hedera-rhombea-variegata\/\" tabindex=\"-1\" target=\"&quot;_blank&quot;\">\n\t\t\t<div class=\"elementor-post__thumbnail\"><img decoding=\"async\" width=\"300\" height=\"224\" src=\"https:\/\/www.hedera-etc.com\/wp-content\/uploads\/2023\/11\/Hedera-rhombea-Variegata-300x224.webp\" class=\"attachment-medium size-medium wp-image-1913\" alt=\"Hedera rhombea &#039;Variegata&#039; (variegata)&#039;\" srcset=\"https:\/\/www.hedera-etc.com\/wp-content\/uploads\/2023\/11\/Hedera-rhombea-Variegata-300x224.webp 300w, https:\/\/www.hedera-etc.com\/wp-content\/uploads\/2023\/11\/Hedera-rhombea-Variegata-768x574.webp 768w, https:\/\/www.hedera-etc.com\/wp-content\/uploads\/2023\/11\/Hedera-rhombea-Variegata.webp 800w\" sizes=\"(max-width: 300px) 100vw, 300px\" \/><\/div>\n\t\t<\/a>\n\t\t\t\t<div class=\"elementor-post__text\">\n\t\t\t\t<h3 class=\"elementor-post__title\">\n\t\t\t<a href=\"https:\/\/www.hedera-etc.com\/it\/product\/hedera-rhombea-variegata\/\" target=\"&quot;_blank&quot;\">\n\t\t\t\t<em>Hedera rhombea<\/em> &lsquo;Variegata&rsquo; &#8211; Edera giapponese\t\t\t<\/a>\n\t\t<\/h3>\n\t\t\t\t<div class=\"elementor-post__excerpt\">\n\t\t\t<p>Piccole foglie triangolari o trilobate, di colore verde grigiastro al centro, strettamente bordate di bianco. Lobi arrotondati.<\/p> <p>In inverno, il bordo bianco\t\t<\/div>\n\t\t\n\t\t<a class=\"elementor-post__read-more\" href=\"https:\/\/www.hedera-etc.com\/it\/product\/hedera-rhombea-variegata\/\" aria-label=\"Leggi tutto &lt;em&gt;Hedera rhombea&lt;\/em&gt; &lsquo;Variegata&rsquo; &#8211; Lierre du Japon\" tabindex=\"-1\" target=\"_blank\">\n\t\t\tPer saperne di pi\u00f9 \u00bb\t\t<\/a>\n\n\t\t\t\t<\/div>\n\t\t\t\t<\/article>\n\t\t\t\t<article class=\"elementor-post elementor-grid-item post-17894 product type-product status-publish has-post-thumbnail product_cat-lierre entry has-media last instock purchasable product-type-variable has-default-attributes has-product-nav col span_1_of_4 owp-content-center item-entry owp-thumbs-layout-horizontal owp-btn-normal owp-tabs-layout-section\">\n\t\t\t\t<a class=\"elementor-post__thumbnail__link\" href=\"https:\/\/www.hedera-etc.com\/it\/product\/hedera-rhombea-submarginata\/\" tabindex=\"-1\" target=\"&quot;_blank&quot;\">\n\t\t\t<div class=\"elementor-post__thumbnail\"><img loading=\"lazy\" decoding=\"async\" width=\"300\" height=\"225\" src=\"https:\/\/www.hedera-etc.com\/wp-content\/uploads\/2025\/12\/Submarginata_Birkerhof_Parz99_Zaun09-20131211-300x225.webp\" class=\"attachment-medium size-medium wp-image-17898\" alt=\"Hedera rhombea &#039;Submarginata&#039;\" srcset=\"https:\/\/www.hedera-etc.com\/wp-content\/uploads\/2025\/12\/Submarginata_Birkerhof_Parz99_Zaun09-20131211-300x225.webp 300w, https:\/\/www.hedera-etc.com\/wp-content\/uploads\/2025\/12\/Submarginata_Birkerhof_Parz99_Zaun09-20131211-900x675.webp 900w, https:\/\/www.hedera-etc.com\/wp-content\/uploads\/2025\/12\/Submarginata_Birkerhof_Parz99_Zaun09-20131211-1024x768.webp 1024w, https:\/\/www.hedera-etc.com\/wp-content\/uploads\/2025\/12\/Submarginata_Birkerhof_Parz99_Zaun09-20131211-768x576.webp 768w, https:\/\/www.hedera-etc.com\/wp-content\/uploads\/2025\/12\/Submarginata_Birkerhof_Parz99_Zaun09-20131211-1536x1152.webp 1536w, https:\/\/www.hedera-etc.com\/wp-content\/uploads\/2025\/12\/Submarginata_Birkerhof_Parz99_Zaun09-20131211.webp 1920w, https:\/\/www.hedera-etc.com\/wp-content\/uploads\/2025\/12\/Submarginata_Birkerhof_Parz99_Zaun09-20131211-1320x990.webp 1320w\" sizes=\"(max-width: 300px) 100vw, 300px\" \/><\/div>\n\t\t<\/a>\n\t\t\t\t<div class=\"elementor-post__text\">\n\t\t\t\t<h3 class=\"elementor-post__title\">\n\t\t\t<a href=\"https:\/\/www.hedera-etc.com\/it\/product\/hedera-rhombea-submarginata\/\" target=\"&quot;_blank&quot;\">\n\t\t\t\t<em>Hedera rhombea<\/em> &lsquo;Submarginata&rsquo; &#8211; Edera giapponese\t\t\t<\/a>\n\t\t<\/h3>\n\t\t\t\t<div class=\"elementor-post__excerpt\">\n\t\t\t<p>Edera giapponese con foglie quasi rotonde o allungate, appuntite<\/p> <p>Lama di colore verde-grigio-bluastro al centro, pi\u00f9 fortemente colorata\t\t<\/div>\n\t\t\n\t\t<a class=\"elementor-post__read-more\" href=\"https:\/\/www.hedera-etc.com\/it\/product\/hedera-rhombea-submarginata\/\" aria-label=\"Leggi tutto &lt;em&gt;Hedera rhombea&lt;\/em&gt; &lsquo;Submarginata&rsquo; &#8211; Lierre du Japon\" tabindex=\"-1\" target=\"_blank\">\n\t\t\tPer saperne di pi\u00f9 \u00bb\t\t<\/a>\n\n\t\t\t\t<\/div>\n\t\t\t\t<\/article>\n\t\t\t\t<article class=\"elementor-post elementor-grid-item post-1505 product type-product status-publish has-post-thumbnail product_cat-lierre entry has-media first outofstock product-type-variable has-default-attributes has-product-nav col span_1_of_4 owp-content-center item-entry owp-thumbs-layout-horizontal owp-btn-normal owp-tabs-layout-section has-no-thumbnails\">\n\t\t\t\t<a class=\"elementor-post__thumbnail__link\" href=\"https:\/\/www.hedera-etc.com\/it\/product\/hedera-rhombea-submarginata-arborescens\/\" tabindex=\"-1\" target=\"&quot;_blank&quot;\">\n\t\t\t<div class=\"elementor-post__thumbnail\"><img loading=\"lazy\" decoding=\"async\" width=\"300\" height=\"225\" src=\"https:\/\/www.hedera-etc.com\/wp-content\/uploads\/2023\/11\/Hedera-rhombea-Submarginata-Arborescens-300x225.webp\" class=\"attachment-medium size-medium wp-image-18450\" alt=\"Hedera rhombea &#039;Submarginata Arborescens&#039;\" srcset=\"https:\/\/www.hedera-etc.com\/wp-content\/uploads\/2023\/11\/Hedera-rhombea-Submarginata-Arborescens-300x225.webp 300w, https:\/\/www.hedera-etc.com\/wp-content\/uploads\/2023\/11\/Hedera-rhombea-Submarginata-Arborescens-1024x768.webp 1024w, https:\/\/www.hedera-etc.com\/wp-content\/uploads\/2023\/11\/Hedera-rhombea-Submarginata-Arborescens-768x576.webp 768w, https:\/\/www.hedera-etc.com\/wp-content\/uploads\/2023\/11\/Hedera-rhombea-Submarginata-Arborescens-1536x1152.webp 1536w, https:\/\/www.hedera-etc.com\/wp-content\/uploads\/2023\/11\/Hedera-rhombea-Submarginata-Arborescens-16x12.webp 16w, https:\/\/www.hedera-etc.com\/wp-content\/uploads\/2023\/11\/Hedera-rhombea-Submarginata-Arborescens-1320x990.webp 1320w, https:\/\/www.hedera-etc.com\/wp-content\/uploads\/2023\/11\/Hedera-rhombea-Submarginata-Arborescens-900x675.webp 900w, https:\/\/www.hedera-etc.com\/wp-content\/uploads\/2023\/11\/Hedera-rhombea-Submarginata-Arborescens.webp 1920w\" sizes=\"(max-width: 300px) 100vw, 300px\" \/><\/div>\n\t\t<\/a>\n\t\t\t\t<div class=\"elementor-post__text\">\n\t\t\t\t<h3 class=\"elementor-post__title\">\n\t\t\t<a href=\"https:\/\/www.hedera-etc.com\/it\/product\/hedera-rhombea-submarginata-arborescens\/\" target=\"&quot;_blank&quot;\">\n\t\t\t\t<em>Hedera rhombea<\/em> &lsquo;Submarginata Arborescens&rsquo; &#8211; Edera giapponese\t\t\t<\/a>\n\t\t<\/h3>\n\t\t\t\t<div class=\"elementor-post__excerpt\">\n\t\t\t<p>Edera a crescita lenta. Gli steli portano foglie asimmetriche screziate di verde scuro e grigio-verde.<\/p> <p>Forma un piccolo\t\t<\/div>\n\t\t\n\t\t<a class=\"elementor-post__read-more\" href=\"https:\/\/www.hedera-etc.com\/it\/product\/hedera-rhombea-submarginata-arborescens\/\" aria-label=\"Leggi tutto *Hedera rhombea* \u2018Submarginata Arborescens\u2019 - Lierre du Japon\" tabindex=\"-1\" target=\"_blank\">\n\t\t\tPer saperne di pi\u00f9 \u00bb\t\t<\/a>\n\n\t\t\t\t<\/div>\n\t\t\t\t<\/article>\n\t\t\t\t<article class=\"elementor-post elementor-grid-item post-17800 product type-product status-publish has-post-thumbnail product_cat-lierre entry has-media  instock purchasable product-type-variable has-default-attributes has-product-nav col span_1_of_4 owp-content-center item-entry owp-thumbs-layout-horizontal owp-btn-normal owp-tabs-layout-section\">\n\t\t\t\t<a class=\"elementor-post__thumbnail__link\" href=\"https:\/\/www.hedera-etc.com\/it\/product\/hedera-rhombea-eastern-dawn\/\" tabindex=\"-1\" target=\"&quot;_blank&quot;\">\n\t\t\t<div class=\"elementor-post__thumbnail\"><img loading=\"lazy\" decoding=\"async\" width=\"300\" height=\"225\" src=\"https:\/\/www.hedera-etc.com\/wp-content\/uploads\/2025\/12\/Hedera-rhombea-Eastern-Dawn_3-300x225.webp\" class=\"attachment-medium size-medium wp-image-17805\" alt=\"Hedera rhombea &#039;Eastern Dawn&#039;\" srcset=\"https:\/\/www.hedera-etc.com\/wp-content\/uploads\/2025\/12\/Hedera-rhombea-Eastern-Dawn_3-300x225.webp 300w, https:\/\/www.hedera-etc.com\/wp-content\/uploads\/2025\/12\/Hedera-rhombea-Eastern-Dawn_3-900x676.webp 900w, https:\/\/www.hedera-etc.com\/wp-content\/uploads\/2025\/12\/Hedera-rhombea-Eastern-Dawn_3-1024x769.webp 1024w, https:\/\/www.hedera-etc.com\/wp-content\/uploads\/2025\/12\/Hedera-rhombea-Eastern-Dawn_3-768x576.webp 768w, https:\/\/www.hedera-etc.com\/wp-content\/uploads\/2025\/12\/Hedera-rhombea-Eastern-Dawn_3-1536x1153.webp 1536w, https:\/\/www.hedera-etc.com\/wp-content\/uploads\/2025\/12\/Hedera-rhombea-Eastern-Dawn_3-1320x991.webp 1320w, https:\/\/www.hedera-etc.com\/wp-content\/uploads\/2025\/12\/Hedera-rhombea-Eastern-Dawn_3.webp 1600w\" sizes=\"(max-width: 300px) 100vw, 300px\" \/><\/div>\n\t\t<\/a>\n\t\t\t\t<div class=\"elementor-post__text\">\n\t\t\t\t<h3 class=\"elementor-post__title\">\n\t\t\t<a href=\"https:\/\/www.hedera-etc.com\/it\/product\/hedera-rhombea-eastern-dawn\/\" target=\"&quot;_blank&quot;\">\n\t\t\t\t<em>Hedera rhombea<\/em> &lsquo;Eastern Dawn&rsquo; &#8211; Edera giapponese\t\t\t<\/a>\n\t\t<\/h3>\n\t\t\t\t<div class=\"elementor-post__excerpt\">\n\t\t\t<p>Edera giapponese con foglie spruzzate di giallo-verde e venate di giallo, soprattutto se posta alla luce del sole.<\/p> <p>La lama della foglia\t\t<\/div>\n\t\t\n\t\t<a class=\"elementor-post__read-more\" href=\"https:\/\/www.hedera-etc.com\/it\/product\/hedera-rhombea-eastern-dawn\/\" aria-label=\"Leggi tutto &lt;em&gt;Hedera rhombea&lt;\/em&gt; &lsquo;Eastern Dawn&rsquo; &#8211; Lierre du Japon\" tabindex=\"-1\" target=\"_blank\">\n\t\t\tPer saperne di pi\u00f9 \u00bb\t\t<\/a>\n\n\t\t\t\t<\/div>\n\t\t\t\t<\/article>\n\t\t\t\t<article class=\"elementor-post elementor-grid-item post-4570 product type-product status-publish has-post-thumbnail product_cat-lierre entry has-media  outofstock shipping-taxable product-type-variable has-default-attributes has-product-nav col span_1_of_4 owp-content-center item-entry owp-thumbs-layout-horizontal owp-btn-normal owp-tabs-layout-section\">\n\t\t\t\t<a class=\"elementor-post__thumbnail__link\" href=\"https:\/\/www.hedera-etc.com\/it\/product\/hedera-rhombea\/\" tabindex=\"-1\" target=\"&quot;_blank&quot;\">\n\t\t\t<div class=\"elementor-post__thumbnail\"><img loading=\"lazy\" decoding=\"async\" width=\"300\" height=\"225\" src=\"https:\/\/www.hedera-etc.com\/wp-content\/uploads\/2024\/04\/Hedera-rhombea-1-300x225.webp\" class=\"attachment-medium size-medium wp-image-4735\" alt=\"Hedera rhombea\" srcset=\"https:\/\/www.hedera-etc.com\/wp-content\/uploads\/2024\/04\/Hedera-rhombea-1-300x225.webp 300w, https:\/\/www.hedera-etc.com\/wp-content\/uploads\/2024\/04\/Hedera-rhombea-1-900x675.webp 900w, https:\/\/www.hedera-etc.com\/wp-content\/uploads\/2024\/04\/Hedera-rhombea-1-1024x768.webp 1024w, https:\/\/www.hedera-etc.com\/wp-content\/uploads\/2024\/04\/Hedera-rhombea-1-768x576.webp 768w, https:\/\/www.hedera-etc.com\/wp-content\/uploads\/2024\/04\/Hedera-rhombea-1-1536x1152.webp 1536w, https:\/\/www.hedera-etc.com\/wp-content\/uploads\/2024\/04\/Hedera-rhombea-1-1320x990.webp 1320w, https:\/\/www.hedera-etc.com\/wp-content\/uploads\/2024\/04\/Hedera-rhombea-1.webp 1600w\" sizes=\"(max-width: 300px) 100vw, 300px\" \/><\/div>\n\t\t<\/a>\n\t\t\t\t<div class=\"elementor-post__text\">\n\t\t\t\t<h3 class=\"elementor-post__title\">\n\t\t\t<a href=\"https:\/\/www.hedera-etc.com\/it\/product\/hedera-rhombea\/\" target=\"&quot;_blank&quot;\">\n\t\t\t\t<em>Hedera rhombea<\/em> - Edera giapponese\t\t\t<\/a>\n\t\t<\/h3>\n\t\t\t\t<div class=\"elementor-post__excerpt\">\n\t\t\t<p>Foglie fini e delicate, opache, con venature verdi o argentate.<\/p> <p>Foglie a forma di rombo, ovvero una forma di\t\t<\/div>\n\t\t\n\t\t<a class=\"elementor-post__read-more\" href=\"https:\/\/www.hedera-etc.com\/it\/product\/hedera-rhombea\/\" aria-label=\"Leggi tutto &lt;em&gt;Hedera rhombea&lt;\/em&gt; &#8211; lierre du Japon\" tabindex=\"-1\" target=\"_blank\">\n\t\t\tPer saperne di pi\u00f9 \u00bb\t\t<\/a>\n\n\t\t\t\t<\/div>\n\t\t\t\t<\/article>\n\t\t\t\t<article class=\"elementor-post elementor-grid-item post-1901 product type-product status-publish has-post-thumbnail product_cat-lierre entry has-media last instock purchasable product-type-variable has-default-attributes has-product-nav col span_1_of_4 owp-content-center item-entry owp-thumbs-layout-horizontal owp-btn-normal owp-tabs-layout-section\">\n\t\t\t\t<a class=\"elementor-post__thumbnail__link\" href=\"https:\/\/www.hedera-etc.com\/it\/product\/hedera-pastuchovii-lagodekhi\/\" tabindex=\"-1\" target=\"&quot;_blank&quot;\">\n\t\t\t<div class=\"elementor-post__thumbnail\"><img loading=\"lazy\" decoding=\"async\" width=\"300\" height=\"225\" src=\"https:\/\/www.hedera-etc.com\/wp-content\/uploads\/2023\/11\/Hedera-pastuchovii-Lagodeckhi-300x225.webp\" class=\"attachment-medium size-medium wp-image-1902\" alt=\"Hedera pastuchovii &#039;Lagodekhi&#039;\" srcset=\"https:\/\/www.hedera-etc.com\/wp-content\/uploads\/2023\/11\/Hedera-pastuchovii-Lagodeckhi-300x225.webp 300w, https:\/\/www.hedera-etc.com\/wp-content\/uploads\/2023\/11\/Hedera-pastuchovii-Lagodeckhi-768x575.webp 768w, https:\/\/www.hedera-etc.com\/wp-content\/uploads\/2023\/11\/Hedera-pastuchovii-Lagodeckhi.webp 800w\" sizes=\"(max-width: 300px) 100vw, 300px\" \/><\/div>\n\t\t<\/a>\n\t\t\t\t<div class=\"elementor-post__text\">\n\t\t\t\t<h3 class=\"elementor-post__title\">\n\t\t\t<a href=\"https:\/\/www.hedera-etc.com\/it\/product\/hedera-pastuchovii-lagodekhi\/\" target=\"&quot;_blank&quot;\">\n\t\t\t\t<em>Hedera pastuchovii<\/em> &lsquo;Lagodekhi&rsquo; &#8211; Edera dell'Iran\t\t\t<\/a>\n\t\t<\/h3>\n\t\t\t\t<div class=\"elementor-post__excerpt\">\n\t\t\t<p>Fogliame lucido, leggermente venato, con 3 lobi, di cui quello centrale molto pi\u00f9 grande.<\/p> <p>Leggera sfumatura rossastra in tutto il corpo\t\t<\/div>\n\t\t\n\t\t<a class=\"elementor-post__read-more\" href=\"https:\/\/www.hedera-etc.com\/it\/product\/hedera-pastuchovii-lagodekhi\/\" aria-label=\"Leggi tutto &lt;em&gt;Hedera pastuchovii&lt;\/em&gt; &lsquo;Lagodekhi&rsquo; &#8211; Lierre d&rsquo;Iran\" tabindex=\"-1\" target=\"_blank\">\n\t\t\tPer saperne di pi\u00f9 \u00bb\t\t<\/a>\n\n\t\t\t\t<\/div>\n\t\t\t\t<\/article>\n\t\t\t\t<article class=\"elementor-post elementor-grid-item post-3671 product type-product status-publish has-post-thumbnail product_cat-lierre entry has-media first instock purchasable product-type-variable has-default-attributes has-product-nav col span_1_of_4 owp-content-center item-entry owp-thumbs-layout-horizontal owp-btn-normal owp-tabs-layout-section has-no-thumbnails\">\n\t\t\t\t<a class=\"elementor-post__thumbnail__link\" href=\"https:\/\/www.hedera-etc.com\/it\/product\/hedera-pastuchovii\/\" tabindex=\"-1\" target=\"&quot;_blank&quot;\">\n\t\t\t<div class=\"elementor-post__thumbnail\"><img loading=\"lazy\" decoding=\"async\" width=\"300\" height=\"300\" src=\"https:\/\/www.hedera-etc.com\/wp-content\/uploads\/2023\/12\/Hedera-pastuchovii-300x300.webp\" class=\"attachment-medium size-medium wp-image-13494\" alt=\"Hedera pastuchovii\" srcset=\"https:\/\/www.hedera-etc.com\/wp-content\/uploads\/2023\/12\/Hedera-pastuchovii-300x300.webp 300w, https:\/\/www.hedera-etc.com\/wp-content\/uploads\/2023\/12\/Hedera-pastuchovii-200x200.webp 200w, https:\/\/www.hedera-etc.com\/wp-content\/uploads\/2023\/12\/Hedera-pastuchovii-150x150.webp 150w, https:\/\/www.hedera-etc.com\/wp-content\/uploads\/2023\/12\/Hedera-pastuchovii-768x768.webp 768w, https:\/\/www.hedera-etc.com\/wp-content\/uploads\/2023\/12\/Hedera-pastuchovii-600x600.webp 600w, https:\/\/www.hedera-etc.com\/wp-content\/uploads\/2023\/12\/Hedera-pastuchovii.webp 800w\" sizes=\"(max-width: 300px) 100vw, 300px\" \/><\/div>\n\t\t<\/a>\n\t\t\t\t<div class=\"elementor-post__text\">\n\t\t\t\t<h3 class=\"elementor-post__title\">\n\t\t\t<a href=\"https:\/\/www.hedera-etc.com\/it\/product\/hedera-pastuchovii\/\" target=\"&quot;_blank&quot;\">\n\t\t\t\t<em>Hedera pastuchovii<\/em> - Iran Edera\t\t\t<\/a>\n\t\t<\/h3>\n\t\t\t\t<div class=\"elementor-post__excerpt\">\n\t\t\t<p>Forma originale con fogliame leggermente venato e marmorizzato, come Hedera cypria, che \u00e8 una sottospecie di pastuchovii.<\/p> <p>Foglie di\t\t<\/div>\n\t\t\n\t\t<a class=\"elementor-post__read-more\" href=\"https:\/\/www.hedera-etc.com\/it\/product\/hedera-pastuchovii\/\" aria-label=\"Leggi tutto &lt;em&gt;Hedera pastuchovii&lt;\/em&gt; &#8211; Lierre d&rsquo;Iran\" tabindex=\"-1\" target=\"_blank\">\n\t\t\tPer saperne di pi\u00f9 \u00bb\t\t<\/a>\n\n\t\t\t\t<\/div>\n\t\t\t\t<\/article>\n\t\t\t\t<article class=\"elementor-post elementor-grid-item post-399 product type-product status-publish has-post-thumbnail product_cat-lierre entry has-media  outofstock product-type-variable has-product-nav col span_1_of_4 owp-content-center item-entry owp-thumbs-layout-horizontal owp-btn-normal owp-tabs-layout-section has-no-thumbnails\">\n\t\t\t\t<a class=\"elementor-post__thumbnail__link\" href=\"https:\/\/www.hedera-etc.com\/it\/product\/hedera-nepalensis-suzanne-adulte\/\" tabindex=\"-1\" target=\"&quot;_blank&quot;\">\n\t\t\t<div class=\"elementor-post__thumbnail\"><img loading=\"lazy\" decoding=\"async\" width=\"285\" height=\"300\" src=\"https:\/\/www.hedera-etc.com\/wp-content\/uploads\/2023\/10\/Hedera-nepalensis-suzanne-adulte-285x300.webp\" class=\"attachment-medium size-medium wp-image-400\" alt=\"Hedera nepalensis &#039;Suzanne&#039; adulta\" srcset=\"https:\/\/www.hedera-etc.com\/wp-content\/uploads\/2023\/10\/Hedera-nepalensis-suzanne-adulte-285x300.webp 285w, https:\/\/www.hedera-etc.com\/wp-content\/uploads\/2023\/10\/Hedera-nepalensis-suzanne-adulte.webp 597w\" sizes=\"(max-width: 285px) 100vw, 285px\" \/><\/div>\n\t\t<\/a>\n\t\t\t\t<div class=\"elementor-post__text\">\n\t\t\t\t<h3 class=\"elementor-post__title\">\n\t\t\t<a href=\"https:\/\/www.hedera-etc.com\/it\/product\/hedera-nepalensis-suzanne-adulte\/\" target=\"&quot;_blank&quot;\">\n\t\t\t\t<em>Hedera nepalensis<\/em> &lsquo;Suzanne&rsquo; adulta\t\t\t<\/a>\n\t\t<\/h3>\n\t\t\t\t<div class=\"elementor-post__excerpt\">\n\t\t\t<p>Edera matura, particolarmente interessante per le sue infiorescenze.<\/p> <p>Foglie: verde scuro, ellittiche, naturalmente senza lobi, come la stragrande maggioranza delle foglie.\t\t<\/div>\n\t\t\n\t\t<a class=\"elementor-post__read-more\" href=\"https:\/\/www.hedera-etc.com\/it\/product\/hedera-nepalensis-suzanne-adulte\/\" aria-label=\"Leggi tutto &lt;em&gt;Hedera nepalensis&lt;\/em&gt; \u2018Suzanne\u2019 adulto\" tabindex=\"-1\" target=\"_blank\">\n\t\t\tPer saperne di pi\u00f9 \u00bb\t\t<\/a>\n\n\t\t\t\t<\/div>\n\t\t\t\t<\/article>\n\t\t\t\t<article class=\"elementor-post elementor-grid-item post-1888 product type-product status-publish has-post-thumbnail product_cat-lierre entry has-media  instock purchasable product-type-variable has-default-attributes has-product-nav col span_1_of_4 owp-content-center item-entry owp-thumbs-layout-horizontal owp-btn-normal owp-tabs-layout-section has-no-thumbnails\">\n\t\t\t\t<a class=\"elementor-post__thumbnail__link\" href=\"https:\/\/www.hedera-etc.com\/it\/product\/hedera-nepalensis-suzanne\/\" tabindex=\"-1\" target=\"&quot;_blank&quot;\">\n\t\t\t<div class=\"elementor-post__thumbnail\"><img loading=\"lazy\" decoding=\"async\" width=\"300\" height=\"225\" src=\"https:\/\/www.hedera-etc.com\/wp-content\/uploads\/2023\/11\/Hedera-nepalensis-Suzanne-300x225.webp\" class=\"attachment-medium size-medium wp-image-1889\" alt=\"Hedera nepalensis &#039;Suzanne&#039; (Suzanne)&#039;\" srcset=\"https:\/\/www.hedera-etc.com\/wp-content\/uploads\/2023\/11\/Hedera-nepalensis-Suzanne-300x225.webp 300w, https:\/\/www.hedera-etc.com\/wp-content\/uploads\/2023\/11\/Hedera-nepalensis-Suzanne-768x576.webp 768w, https:\/\/www.hedera-etc.com\/wp-content\/uploads\/2023\/11\/Hedera-nepalensis-Suzanne.webp 839w\" sizes=\"(max-width: 300px) 100vw, 300px\" \/><\/div>\n\t\t<\/a>\n\t\t\t\t<div class=\"elementor-post__text\">\n\t\t\t\t<h3 class=\"elementor-post__title\">\n\t\t\t<a href=\"https:\/\/www.hedera-etc.com\/it\/product\/hedera-nepalensis-suzanne\/\" target=\"&quot;_blank&quot;\">\n\t\t\t\t<em>Hedera nepalensis<\/em> &lsquo;Suzanne&rsquo; &#8211; Edera del Nepal\t\t\t<\/a>\n\t\t<\/h3>\n\t\t\t\t<div class=\"elementor-post__excerpt\">\n\t\t\t<p>Cultivar elegante, abbastanza vigorosa e ramificata. Foglie con lobo centrale molto lungo.<\/p> <p>Lama verde scuro con\t\t<\/div>\n\t\t\n\t\t<a class=\"elementor-post__read-more\" href=\"https:\/\/www.hedera-etc.com\/it\/product\/hedera-nepalensis-suzanne\/\" aria-label=\"Leggi tutto &lt;em&gt;Hedera nepalensis&lt;\/em&gt; &lsquo;Suzanne&rsquo; &#8211; Lierre du N\u00e9pal\" tabindex=\"-1\" target=\"_blank\">\n\t\t\tPer saperne di pi\u00f9 \u00bb\t\t<\/a>\n\n\t\t\t\t<\/div>\n\t\t\t\t<\/article>\n\t\t\t\t<article class=\"elementor-post elementor-grid-item post-1883 product type-product status-publish has-post-thumbnail product_cat-lierre entry has-media last instock purchasable product-type-variable has-default-attributes has-product-nav col span_1_of_4 owp-content-center item-entry owp-thumbs-layout-horizontal owp-btn-normal owp-tabs-layout-section\">\n\t\t\t\t<a class=\"elementor-post__thumbnail__link\" href=\"https:\/\/www.hedera-etc.com\/it\/product\/hedera-nepalensis-sino-bart\/\" tabindex=\"-1\" target=\"&quot;_blank&quot;\">\n\t\t\t<div class=\"elementor-post__thumbnail\"><img loading=\"lazy\" decoding=\"async\" width=\"300\" height=\"205\" src=\"https:\/\/www.hedera-etc.com\/wp-content\/uploads\/2023\/11\/Hedera-nepalensis-Sino-Bart-300x205.webp\" class=\"attachment-medium size-medium wp-image-13808\" alt=\"Hedera nepalensis &#039;Sino Bart&#039;\" srcset=\"https:\/\/www.hedera-etc.com\/wp-content\/uploads\/2023\/11\/Hedera-nepalensis-Sino-Bart-300x205.webp 300w, https:\/\/www.hedera-etc.com\/wp-content\/uploads\/2023\/11\/Hedera-nepalensis-Sino-Bart-900x614.webp 900w, https:\/\/www.hedera-etc.com\/wp-content\/uploads\/2023\/11\/Hedera-nepalensis-Sino-Bart-768x524.webp 768w, https:\/\/www.hedera-etc.com\/wp-content\/uploads\/2023\/11\/Hedera-nepalensis-Sino-Bart.webp 989w\" sizes=\"(max-width: 300px) 100vw, 300px\" \/><\/div>\n\t\t<\/a>\n\t\t\t\t<div class=\"elementor-post__text\">\n\t\t\t\t<h3 class=\"elementor-post__title\">\n\t\t\t<a href=\"https:\/\/www.hedera-etc.com\/it\/product\/hedera-nepalensis-sino-bart\/\" target=\"&quot;_blank&quot;\">\n\t\t\t\t<em>Hedera nepalensis<\/em> &lsquo;Sino Bart&rsquo; &#8211; Edera del Nepal\t\t\t<\/a>\n\t\t<\/h3>\n\t\t\t\t<div class=\"elementor-post__excerpt\">\n\t\t\t<p>Il fogliame \u00e8 composto da 5 lobi. Questa edera \u00e8 ideale per le piccole aree del giardino, poich\u00e9 la sua crescita \u00e8 piuttosto modesta.\t\t<\/div>\n\t\t\n\t\t<a class=\"elementor-post__read-more\" href=\"https:\/\/www.hedera-etc.com\/it\/product\/hedera-nepalensis-sino-bart\/\" aria-label=\"Leggi tutto &lt;em&gt;Hedera nepalensis&lt;\/em&gt; &lsquo;Sino Bart&rsquo; &#8211; Lierre du N\u00e9pal\" tabindex=\"-1\" target=\"_blank\">\n\t\t\tPer saperne di pi\u00f9 \u00bb\t\t<\/a>\n\n\t\t\t\t<\/div>\n\t\t\t\t<\/article>\n\t\t\t\t<article class=\"elementor-post elementor-grid-item post-1878 product type-product status-publish has-post-thumbnail product_cat-lierre entry has-media first instock purchasable product-type-variable has-default-attributes has-product-nav col span_1_of_4 owp-content-center item-entry owp-thumbs-layout-horizontal owp-btn-normal owp-tabs-layout-section\">\n\t\t\t\t<a class=\"elementor-post__thumbnail__link\" href=\"https:\/\/www.hedera-etc.com\/it\/product\/hedera-nepalensis-roy-lancaster\/\" tabindex=\"-1\" target=\"&quot;_blank&quot;\">\n\t\t\t<div class=\"elementor-post__thumbnail\"><img loading=\"lazy\" decoding=\"async\" width=\"300\" height=\"218\" src=\"https:\/\/www.hedera-etc.com\/wp-content\/uploads\/2023\/11\/Hedera-nepalensis-Roy-Lancaster-300x218.webp\" class=\"attachment-medium size-medium wp-image-13809\" alt=\"Hedera nepalensis &#039;Roy Lancaster&#039;\" srcset=\"https:\/\/www.hedera-etc.com\/wp-content\/uploads\/2023\/11\/Hedera-nepalensis-Roy-Lancaster-300x218.webp 300w, https:\/\/www.hedera-etc.com\/wp-content\/uploads\/2023\/11\/Hedera-nepalensis-Roy-Lancaster-900x653.webp 900w, https:\/\/www.hedera-etc.com\/wp-content\/uploads\/2023\/11\/Hedera-nepalensis-Roy-Lancaster-768x557.webp 768w, https:\/\/www.hedera-etc.com\/wp-content\/uploads\/2023\/11\/Hedera-nepalensis-Roy-Lancaster.webp 931w\" sizes=\"(max-width: 300px) 100vw, 300px\" \/><\/div>\n\t\t<\/a>\n\t\t\t\t<div class=\"elementor-post__text\">\n\t\t\t\t<h3 class=\"elementor-post__title\">\n\t\t\t<a href=\"https:\/\/www.hedera-etc.com\/it\/product\/hedera-nepalensis-roy-lancaster\/\" target=\"&quot;_blank&quot;\">\n\t\t\t\t<em>Hedera nepalensis<\/em> &lsquo;Roy Lancaster&rsquo; &#8211; Edera del Nepal\t\t\t<\/a>\n\t\t<\/h3>\n\t\t\t\t<div class=\"elementor-post__excerpt\">\n\t\t\t<p>Foglie poliformi, alcune oblunghe e altre con 2 lobi laterali pi\u00f9 o meno sviluppati. Foglie piuttosto larghe, colorate\t\t<\/div>\n\t\t\n\t\t<a class=\"elementor-post__read-more\" href=\"https:\/\/www.hedera-etc.com\/it\/product\/hedera-nepalensis-roy-lancaster\/\" aria-label=\"Leggi tutto &lt;em&gt;Hedera nepalensis&lt;\/em&gt; &lsquo;Roy Lancaster&rsquo; &#8211; Lierre du N\u00e9pal\" tabindex=\"-1\" target=\"_blank\">\n\t\t\tPer saperne di pi\u00f9 \u00bb\t\t<\/a>\n\n\t\t\t\t<\/div>\n\t\t\t\t<\/article>\n\t\t\t\t<article class=\"elementor-post elementor-grid-item post-1950 product type-product status-publish has-post-thumbnail product_cat-lierre entry has-media  instock purchasable product-type-variable has-default-attributes has-product-nav col span_1_of_4 owp-content-center item-entry owp-thumbs-layout-horizontal owp-btn-normal owp-tabs-layout-section\">\n\t\t\t\t<a class=\"elementor-post__thumbnail__link\" href=\"https:\/\/www.hedera-etc.com\/it\/product\/hedera-nepalensis-marbled-dragon\/\" tabindex=\"-1\" target=\"&quot;_blank&quot;\">\n\t\t\t<div class=\"elementor-post__thumbnail\"><img loading=\"lazy\" decoding=\"async\" width=\"300\" height=\"224\" src=\"https:\/\/www.hedera-etc.com\/wp-content\/uploads\/2023\/11\/Hedera-nepalensis-Marbled-Dragon-300x224.webp\" class=\"attachment-medium size-medium wp-image-13739\" alt=\"Hedera nepalensis &#039;Drago marmorizzato&#039;\" srcset=\"https:\/\/www.hedera-etc.com\/wp-content\/uploads\/2023\/11\/Hedera-nepalensis-Marbled-Dragon-300x224.webp 300w, https:\/\/www.hedera-etc.com\/wp-content\/uploads\/2023\/11\/Hedera-nepalensis-Marbled-Dragon-900x671.webp 900w, https:\/\/www.hedera-etc.com\/wp-content\/uploads\/2023\/11\/Hedera-nepalensis-Marbled-Dragon-768x573.webp 768w, https:\/\/www.hedera-etc.com\/wp-content\/uploads\/2023\/11\/Hedera-nepalensis-Marbled-Dragon.webp 905w\" sizes=\"(max-width: 300px) 100vw, 300px\" \/><\/div>\n\t\t<\/a>\n\t\t\t\t<div class=\"elementor-post__text\">\n\t\t\t\t<h3 class=\"elementor-post__title\">\n\t\t\t<a href=\"https:\/\/www.hedera-etc.com\/it\/product\/hedera-nepalensis-marbled-dragon\/\" target=\"&quot;_blank&quot;\">\n\t\t\t\t<em>Hedera nepalensis<\/em> &lsquo;Marbled Dragon&rsquo; &#8211; Edera del Nepal\t\t\t<\/a>\n\t\t<\/h3>\n\t\t\t\t<div class=\"elementor-post__excerpt\">\n\t\t\t<p>Variet\u00e0 ramosa e vigorosa. Steli sottili con internodi piuttosto lunghi. Foglie cuoriformi molto attraenti,\t\t<\/div>\n\t\t\n\t\t<a class=\"elementor-post__read-more\" href=\"https:\/\/www.hedera-etc.com\/it\/product\/hedera-nepalensis-marbled-dragon\/\" aria-label=\"Leggi tutto &lt;em&gt;Hedera nepalensis&lt;\/em&gt; &lsquo;Marbled Dragon&rsquo; &#8211; Lierre du N\u00e9pal\" tabindex=\"-1\" target=\"_blank\">\n\t\t\tPer saperne di pi\u00f9 \u00bb\t\t<\/a>\n\n\t\t\t\t<\/div>\n\t\t\t\t<\/article>\n\t\t\t\t<article class=\"elementor-post elementor-grid-item post-1872 product type-product status-publish has-post-thumbnail product_cat-lierre entry has-media  instock purchasable product-type-variable has-default-attributes has-product-nav col span_1_of_4 owp-content-center item-entry owp-thumbs-layout-horizontal owp-btn-normal owp-tabs-layout-section has-no-thumbnails\">\n\t\t\t\t<a class=\"elementor-post__thumbnail__link\" href=\"https:\/\/www.hedera-etc.com\/it\/product\/hedera-nepalensis-donnerhill\/\" tabindex=\"-1\" target=\"&quot;_blank&quot;\">\n\t\t\t<div class=\"elementor-post__thumbnail\"><img loading=\"lazy\" decoding=\"async\" width=\"300\" height=\"225\" src=\"https:\/\/www.hedera-etc.com\/wp-content\/uploads\/2023\/11\/Hedera-nepalensis-Donnerhill-300x225.webp\" class=\"attachment-medium size-medium wp-image-1873\" alt=\"Hedera nepalensis &#039;Donnerhill&#039;\" srcset=\"https:\/\/www.hedera-etc.com\/wp-content\/uploads\/2023\/11\/Hedera-nepalensis-Donnerhill-300x225.webp 300w, https:\/\/www.hedera-etc.com\/wp-content\/uploads\/2023\/11\/Hedera-nepalensis-Donnerhill-900x675.webp 900w, https:\/\/www.hedera-etc.com\/wp-content\/uploads\/2023\/11\/Hedera-nepalensis-Donnerhill-768x576.webp 768w, https:\/\/www.hedera-etc.com\/wp-content\/uploads\/2023\/11\/Hedera-nepalensis-Donnerhill.webp 1024w\" sizes=\"(max-width: 300px) 100vw, 300px\" \/><\/div>\n\t\t<\/a>\n\t\t\t\t<div class=\"elementor-post__text\">\n\t\t\t\t<h3 class=\"elementor-post__title\">\n\t\t\t<a href=\"https:\/\/www.hedera-etc.com\/it\/product\/hedera-nepalensis-donnerhill\/\" target=\"&quot;_blank&quot;\">\n\t\t\t\t<em>Hedera nepalensis<\/em> &lsquo;Donnerhill&rsquo;- Edera del Nepal\t\t\t<\/a>\n\t\t<\/h3>\n\t\t\t\t<div class=\"elementor-post__excerpt\">\n\t\t\t<p>Variet\u00e0 ramosa e vigorosa. Fusti sottili con internodi piuttosto lunghi. Foglie piccole con 3 lobi, di cui quello centrale leggermente lobato.\t\t<\/div>\n\t\t\n\t\t<a class=\"elementor-post__read-more\" href=\"https:\/\/www.hedera-etc.com\/it\/product\/hedera-nepalensis-donnerhill\/\" aria-label=\"Leggi tutto &lt;em&gt;Hedera nepalensis&lt;\/em&gt; &lsquo;Donnerhill&rsquo;- Lierre du N\u00e9pal\" tabindex=\"-1\" target=\"_blank\">\n\t\t\tPer saperne di pi\u00f9 \u00bb\t\t<\/a>\n\n\t\t\t\t<\/div>\n\t\t\t\t<\/article>\n\t\t\t\t<article class=\"elementor-post elementor-grid-item post-1868 product type-product status-publish has-post-thumbnail product_cat-lierre entry has-media last outofstock product-type-variable has-product-nav col span_1_of_4 owp-content-center item-entry owp-thumbs-layout-horizontal owp-btn-normal owp-tabs-layout-section has-no-thumbnails\">\n\t\t\t\t<a class=\"elementor-post__thumbnail__link\" href=\"https:\/\/www.hedera-etc.com\/it\/product\/hedera-nepalensis-boaxing-star\/\" tabindex=\"-1\" target=\"&quot;_blank&quot;\">\n\t\t\t<div class=\"elementor-post__thumbnail\"><img loading=\"lazy\" decoding=\"async\" width=\"300\" height=\"225\" src=\"https:\/\/www.hedera-etc.com\/wp-content\/uploads\/2023\/11\/Hedera-nepalensis-Boaxing-Star-e1735632143170-300x225.webp\" class=\"attachment-medium size-medium wp-image-1869\" alt=\"Hedera nepalensis &#039;Boaxing Star&#039;\" srcset=\"https:\/\/www.hedera-etc.com\/wp-content\/uploads\/2023\/11\/Hedera-nepalensis-Boaxing-Star-e1735632143170-300x225.webp 300w, https:\/\/www.hedera-etc.com\/wp-content\/uploads\/2023\/11\/Hedera-nepalensis-Boaxing-Star-e1735632143170-900x675.webp 900w, https:\/\/www.hedera-etc.com\/wp-content\/uploads\/2023\/11\/Hedera-nepalensis-Boaxing-Star-e1735632143170-768x576.webp 768w, https:\/\/www.hedera-etc.com\/wp-content\/uploads\/2023\/11\/Hedera-nepalensis-Boaxing-Star-e1735632143170.webp 1024w\" sizes=\"(max-width: 300px) 100vw, 300px\" \/><\/div>\n\t\t<\/a>\n\t\t\t\t<div class=\"elementor-post__text\">\n\t\t\t\t<h3 class=\"elementor-post__title\">\n\t\t\t<a href=\"https:\/\/www.hedera-etc.com\/it\/product\/hedera-nepalensis-boaxing-star\/\" target=\"&quot;_blank&quot;\">\n\t\t\t\t<em>Hedera nepalensis<\/em> &lsquo;Boaxing Star&rsquo;- Edera del Nepal\t\t\t<\/a>\n\t\t<\/h3>\n\t\t\t\t<div class=\"elementor-post__excerpt\">\n\t\t\t<p>Fogliame verde scuro, trilobato, piuttosto lucido. Lobi appuntiti, base della foglia nettamente cordata.<\/p> <p>Foglie nuove di colore rosso scuro o cioccolato,\t\t<\/div>\n\t\t\n\t\t<a class=\"elementor-post__read-more\" href=\"https:\/\/www.hedera-etc.com\/it\/product\/hedera-nepalensis-boaxing-star\/\" aria-label=\"Leggi tutto &lt;em&gt;Hedera nepalensis&lt;\/em&gt; &lsquo;Boaxing Star&rsquo;- Lierre du N\u00e9pal\" tabindex=\"-1\" target=\"_blank\">\n\t\t\tPer saperne di pi\u00f9 \u00bb\t\t<\/a>\n\n\t\t\t\t<\/div>\n\t\t\t\t<\/article>\n\t\t\t\t<article class=\"elementor-post elementor-grid-item post-4462 product type-product status-publish has-post-thumbnail product_cat-lierre entry has-media first instock shipping-taxable purchasable product-type-variable has-default-attributes has-product-nav col span_1_of_4 owp-content-center item-entry owp-thumbs-layout-horizontal owp-btn-normal owp-tabs-layout-section\">\n\t\t\t\t<a class=\"elementor-post__thumbnail__link\" href=\"https:\/\/www.hedera-etc.com\/it\/product\/hedera-maroccana-nabar-nabar\/\" tabindex=\"-1\" target=\"&quot;_blank&quot;\">\n\t\t\t<div class=\"elementor-post__thumbnail\"><img loading=\"lazy\" decoding=\"async\" width=\"300\" height=\"225\" src=\"https:\/\/www.hedera-etc.com\/wp-content\/uploads\/2024\/04\/Hedera-maroccana-Nabar-nabar-300x225.webp\" class=\"attachment-medium size-medium wp-image-4497\" alt=\"Hedera maroccana &#039;Nabar-nabar&#039;, edera marocchina &#039;Nabar-nabar&#039;\" srcset=\"https:\/\/www.hedera-etc.com\/wp-content\/uploads\/2024\/04\/Hedera-maroccana-Nabar-nabar-300x225.webp 300w, https:\/\/www.hedera-etc.com\/wp-content\/uploads\/2024\/04\/Hedera-maroccana-Nabar-nabar-900x675.webp 900w, https:\/\/www.hedera-etc.com\/wp-content\/uploads\/2024\/04\/Hedera-maroccana-Nabar-nabar-1024x768.webp 1024w, https:\/\/www.hedera-etc.com\/wp-content\/uploads\/2024\/04\/Hedera-maroccana-Nabar-nabar-768x576.webp 768w, https:\/\/www.hedera-etc.com\/wp-content\/uploads\/2024\/04\/Hedera-maroccana-Nabar-nabar-1536x1152.webp 1536w, https:\/\/www.hedera-etc.com\/wp-content\/uploads\/2024\/04\/Hedera-maroccana-Nabar-nabar-1320x990.webp 1320w, https:\/\/www.hedera-etc.com\/wp-content\/uploads\/2024\/04\/Hedera-maroccana-Nabar-nabar.webp 1600w\" sizes=\"(max-width: 300px) 100vw, 300px\" \/><\/div>\n\t\t<\/a>\n\t\t\t\t<div class=\"elementor-post__text\">\n\t\t\t\t<h3 class=\"elementor-post__title\">\n\t\t\t<a href=\"https:\/\/www.hedera-etc.com\/it\/product\/hedera-maroccana-nabar-nabar\/\" target=\"&quot;_blank&quot;\">\n\t\t\t\t<em>Hedera maroccana<\/em> &lsquo;Nabar-nabar&rsquo;- Edera del Marocco\t\t\t<\/a>\n\t\t<\/h3>\n\t\t\t\t<div class=\"elementor-post__excerpt\">\n\t\t\t<p>Fogliame molto attraente di colore bianco o crema macchiato di verde scuro, con steli e piccioli rossi. Vai a\t\t<\/div>\n\t\t\n\t\t<a class=\"elementor-post__read-more\" href=\"https:\/\/www.hedera-etc.com\/it\/product\/hedera-maroccana-nabar-nabar\/\" aria-label=\"Leggi tutto &lt;em&gt;Hedera maroccana&lt;\/em&gt; &lsquo;Nabar-nabar&rsquo;- Lierre du Maroc\" tabindex=\"-1\" target=\"_blank\">\n\t\t\tPer saperne di pi\u00f9 \u00bb\t\t<\/a>\n\n\t\t\t\t<\/div>\n\t\t\t\t<\/article>\n\t\t\t\t<article class=\"elementor-post elementor-grid-item post-17865 product type-product status-publish has-post-thumbnail product_cat-lierre entry has-media  outofstock product-type-variable has-default-attributes has-product-nav col span_1_of_4 owp-content-center item-entry owp-thumbs-layout-horizontal owp-btn-normal owp-tabs-layout-section\">\n\t\t\t\t<a class=\"elementor-post__thumbnail__link\" href=\"https:\/\/www.hedera-etc.com\/it\/product\/hedera-maroccana-limalai\/\" tabindex=\"-1\" target=\"&quot;_blank&quot;\">\n\t\t\t<div class=\"elementor-post__thumbnail\"><img loading=\"lazy\" decoding=\"async\" width=\"300\" height=\"225\" src=\"https:\/\/www.hedera-etc.com\/wp-content\/uploads\/2025\/12\/Hedera-maroccana-Limalai-300x225.webp\" class=\"attachment-medium size-medium wp-image-17870\" alt=\"Hedera maroccana &#039;Limalai&#039;\" srcset=\"https:\/\/www.hedera-etc.com\/wp-content\/uploads\/2025\/12\/Hedera-maroccana-Limalai-300x225.webp 300w, https:\/\/www.hedera-etc.com\/wp-content\/uploads\/2025\/12\/Hedera-maroccana-Limalai-900x675.webp 900w, https:\/\/www.hedera-etc.com\/wp-content\/uploads\/2025\/12\/Hedera-maroccana-Limalai-1024x768.webp 1024w, https:\/\/www.hedera-etc.com\/wp-content\/uploads\/2025\/12\/Hedera-maroccana-Limalai-768x576.webp 768w, https:\/\/www.hedera-etc.com\/wp-content\/uploads\/2025\/12\/Hedera-maroccana-Limalai-1536x1152.webp 1536w, https:\/\/www.hedera-etc.com\/wp-content\/uploads\/2025\/12\/Hedera-maroccana-Limalai-1320x990.webp 1320w, https:\/\/www.hedera-etc.com\/wp-content\/uploads\/2025\/12\/Hedera-maroccana-Limalai.webp 1600w\" sizes=\"(max-width: 300px) 100vw, 300px\" \/><\/div>\n\t\t<\/a>\n\t\t\t\t<div class=\"elementor-post__text\">\n\t\t\t\t<h3 class=\"elementor-post__title\">\n\t\t\t<a href=\"https:\/\/www.hedera-etc.com\/it\/product\/hedera-maroccana-limalai\/\" target=\"&quot;_blank&quot;\">\n\t\t\t\t<em>Hedera maroccana<\/em> &lsquo;Limalai&rsquo; &#8211; Edera del Marocco\t\t\t<\/a>\n\t\t<\/h3>\n\t\t\t\t<div class=\"elementor-post__excerpt\">\n\t\t\t<p>Edera del Marocco in pieno sole, dove i contrasti tra le variegature sono pi\u00f9 accentuati.<\/p> <p>Centro della foglia verde scuro,\t\t<\/div>\n\t\t\n\t\t<a class=\"elementor-post__read-more\" href=\"https:\/\/www.hedera-etc.com\/it\/product\/hedera-maroccana-limalai\/\" aria-label=\"Leggi tutto &lt;em&gt;Hedera maroccana&lt;\/em&gt; &lsquo;Limalai&rsquo; &#8211; Lierre du Maroc\" tabindex=\"-1\" target=\"_blank\">\n\t\t\tPer saperne di pi\u00f9 \u00bb\t\t<\/a>\n\n\t\t\t\t<\/div>\n\t\t\t\t<\/article>\n\t\t\t\t<article class=\"elementor-post elementor-grid-item post-3789 product type-product status-publish has-post-thumbnail product_cat-lierre entry has-media  instock purchasable product-type-variable has-default-attributes has-product-nav col span_1_of_4 owp-content-center item-entry owp-thumbs-layout-horizontal owp-btn-normal owp-tabs-layout-section\">\n\t\t\t\t<a class=\"elementor-post__thumbnail__link\" href=\"https:\/\/www.hedera-etc.com\/it\/product\/hedera-maroccana-ederalai\/\" tabindex=\"-1\" target=\"&quot;_blank&quot;\">\n\t\t\t<div class=\"elementor-post__thumbnail\"><img loading=\"lazy\" decoding=\"async\" width=\"300\" height=\"225\" src=\"https:\/\/www.hedera-etc.com\/wp-content\/uploads\/2024\/01\/Hedera-marocana-Ederalai-300x225.webp\" class=\"attachment-medium size-medium wp-image-3790\" alt=\"Hedera maroccana &#039;Ederala\u00ef&#039; (Ederalai)&#039;\" srcset=\"https:\/\/www.hedera-etc.com\/wp-content\/uploads\/2024\/01\/Hedera-marocana-Ederalai-300x225.webp 300w, https:\/\/www.hedera-etc.com\/wp-content\/uploads\/2024\/01\/Hedera-marocana-Ederalai-900x675.webp 900w, https:\/\/www.hedera-etc.com\/wp-content\/uploads\/2024\/01\/Hedera-marocana-Ederalai-768x576.webp 768w, https:\/\/www.hedera-etc.com\/wp-content\/uploads\/2024\/01\/Hedera-marocana-Ederalai.webp 1024w\" sizes=\"(max-width: 300px) 100vw, 300px\" \/><\/div>\n\t\t<\/a>\n\t\t\t\t<div class=\"elementor-post__text\">\n\t\t\t\t<h3 class=\"elementor-post__title\">\n\t\t\t<a href=\"https:\/\/www.hedera-etc.com\/it\/product\/hedera-maroccana-ederalai\/\" target=\"&quot;_blank&quot;\">\n\t\t\t\t<em>Hedera maroccana<\/em> &lsquo;Ederalai&rsquo; &#8211; Edera del Marocco\t\t\t<\/a>\n\t\t<\/h3>\n\t\t\t\t<div class=\"elementor-post__excerpt\">\n\t\t\t<p>Una mutazione recente, scoperta da Inaki Garmendia in un giardino dei Paesi Baschi spagnoli. Ederalai\u2018 \u00e8 la concrezione di due parole\t\t<\/div>\n\t\t\n\t\t<a class=\"elementor-post__read-more\" href=\"https:\/\/www.hedera-etc.com\/it\/product\/hedera-maroccana-ederalai\/\" aria-label=\"Leggi tutto &lt;em&gt;Hedera maroccana&lt;\/em&gt; &lsquo;Ederalai&rsquo; &#8211; lierre du Maroc\" tabindex=\"-1\" target=\"_blank\">\n\t\t\tPer saperne di pi\u00f9 \u00bb\t\t<\/a>\n\n\t\t\t\t<\/div>\n\t\t\t\t<\/article>\n\t\t\t\t<article class=\"elementor-post elementor-grid-item post-3782 product type-product status-publish has-post-thumbnail product_cat-lierre entry has-media last instock product-type-variable has-default-attributes has-product-nav col span_1_of_4 owp-content-center item-entry owp-thumbs-layout-horizontal owp-btn-normal owp-tabs-layout-section\">\n\t\t\t\t<a class=\"elementor-post__thumbnail__link\" href=\"https:\/\/www.hedera-etc.com\/it\/product\/hedera-maroccana-alhaja\/\" tabindex=\"-1\" target=\"&quot;_blank&quot;\">\n\t\t\t<div class=\"elementor-post__thumbnail\"><img loading=\"lazy\" decoding=\"async\" width=\"300\" height=\"225\" src=\"https:\/\/www.hedera-etc.com\/wp-content\/uploads\/2024\/01\/Hedera-maroccana-Alhaja-300x225.webp\" class=\"attachment-medium size-medium wp-image-13130\" alt=\"Hedera maroccana &#039;Alhaja&#039;\" srcset=\"https:\/\/www.hedera-etc.com\/wp-content\/uploads\/2024\/01\/Hedera-maroccana-Alhaja-300x225.webp 300w, https:\/\/www.hedera-etc.com\/wp-content\/uploads\/2024\/01\/Hedera-maroccana-Alhaja-768x575.webp 768w, https:\/\/www.hedera-etc.com\/wp-content\/uploads\/2024\/01\/Hedera-maroccana-Alhaja.webp 900w\" sizes=\"(max-width: 300px) 100vw, 300px\" \/><\/div>\n\t\t<\/a>\n\t\t\t\t<div class=\"elementor-post__text\">\n\t\t\t\t<h3 class=\"elementor-post__title\">\n\t\t\t<a href=\"https:\/\/www.hedera-etc.com\/it\/product\/hedera-maroccana-alhaja\/\" target=\"&quot;_blank&quot;\">\n\t\t\t\t<em>Hedera maroccana<\/em> &lsquo;Alhaja&rsquo; &#8211; Edera del Marocco\t\t\t<\/a>\n\t\t<\/h3>\n\t\t\t\t<div class=\"elementor-post__excerpt\">\n\t\t\t<p>Una recente mutazione scoperta da I\u00f1aki Garmendia in un giardino dei Paesi Baschi spagnoli. \u201cAlhaja\u201d \u00e8 una parola spagnola di origine\t\t<\/div>\n\t\t\n\t\t<a class=\"elementor-post__read-more\" href=\"https:\/\/www.hedera-etc.com\/it\/product\/hedera-maroccana-alhaja\/\" aria-label=\"Leggi tutto &lt;em&gt;Hedera maroccana&lt;\/em&gt; &lsquo;Alhaja&rsquo; &#8211; Lierre du Maroc\" tabindex=\"-1\" target=\"_blank\">\n\t\t\tPer saperne di pi\u00f9 \u00bb\t\t<\/a>\n\n\t\t\t\t<\/div>\n\t\t\t\t<\/article>\n\t\t\t\t<article class=\"elementor-post elementor-grid-item post-1770 product type-product status-publish has-post-thumbnail product_cat-lierre entry has-media first instock purchasable product-type-variable has-default-attributes has-product-nav col span_1_of_4 owp-content-center item-entry owp-thumbs-layout-horizontal owp-btn-normal owp-tabs-layout-section has-no-thumbnails\">\n\t\t\t\t<a class=\"elementor-post__thumbnail__link\" href=\"https:\/\/www.hedera-etc.com\/it\/product\/hedera-iberica-aracena-semi-arborescent\/\" tabindex=\"-1\" target=\"&quot;_blank&quot;\">\n\t\t\t<div class=\"elementor-post__thumbnail\"><img loading=\"lazy\" decoding=\"async\" width=\"300\" height=\"225\" src=\"https:\/\/www.hedera-etc.com\/wp-content\/uploads\/2023\/11\/Hedera-iberica-\u2018Aracena-semi-arborescent-300x225.webp\" class=\"attachment-medium size-medium wp-image-3670\" alt=\"Hedera iberica &#039;Aracena&#039; semi-arborescente\" srcset=\"https:\/\/www.hedera-etc.com\/wp-content\/uploads\/2023\/11\/Hedera-iberica-\u2018Aracena-semi-arborescent-300x225.webp 300w, https:\/\/www.hedera-etc.com\/wp-content\/uploads\/2023\/11\/Hedera-iberica-\u2018Aracena-semi-arborescent-900x675.webp 900w, https:\/\/www.hedera-etc.com\/wp-content\/uploads\/2023\/11\/Hedera-iberica-\u2018Aracena-semi-arborescent-768x576.webp 768w, https:\/\/www.hedera-etc.com\/wp-content\/uploads\/2023\/11\/Hedera-iberica-\u2018Aracena-semi-arborescent.webp 1024w\" sizes=\"(max-width: 300px) 100vw, 300px\" \/><\/div>\n\t\t<\/a>\n\t\t\t\t<div class=\"elementor-post__text\">\n\t\t\t\t<h3 class=\"elementor-post__title\">\n\t\t\t<a href=\"https:\/\/www.hedera-etc.com\/it\/product\/hedera-iberica-aracena-semi-arborescent\/\" target=\"&quot;_blank&quot;\">\n\t\t\t\t<em>Hedera iberica<\/em> &lsquo;Aracena&rsquo; semi-arborescente\t\t\t<\/a>\n\t\t<\/h3>\n\t\t\t\t<div class=\"elementor-post__excerpt\">\n\t\t\t<p>Edera composta da entrambi i rami giovanili, il cui aspetto \u00e8 quello della <a href=\"https:\/\/www.hedera-etc.com\/it\/product\/hedera-iberica-aracena\/\" target=\"_blank\" rel=\"noopener\">Edera \u2018aracena\u2019, <\/a>e\t\t<\/div>\n\t\t\n\t\t<a class=\"elementor-post__read-more\" href=\"https:\/\/www.hedera-etc.com\/it\/product\/hedera-iberica-aracena-semi-arborescent\/\" aria-label=\"Leggi tutto &lt;em&gt;Hedera iberica&lt;\/em&gt; \u2018Aracena\u2019 semiarborescente\" tabindex=\"-1\" target=\"_blank\">\n\t\t\tPer saperne di pi\u00f9 \u00bb\t\t<\/a>\n\n\t\t\t\t<\/div>\n\t\t\t\t<\/article>\n\t\t\t\t<article class=\"elementor-post elementor-grid-item post-1760 product type-product status-publish has-post-thumbnail product_cat-lierre entry has-media  instock purchasable product-type-variable has-default-attributes has-product-nav col span_1_of_4 owp-content-center item-entry owp-thumbs-layout-horizontal owp-btn-normal owp-tabs-layout-section\">\n\t\t\t\t<a class=\"elementor-post__thumbnail__link\" href=\"https:\/\/www.hedera-etc.com\/it\/product\/hedera-iberica-aracena\/\" tabindex=\"-1\" target=\"&quot;_blank&quot;\">\n\t\t\t<div class=\"elementor-post__thumbnail\"><img loading=\"lazy\" decoding=\"async\" width=\"300\" height=\"225\" src=\"https:\/\/www.hedera-etc.com\/wp-content\/uploads\/2023\/11\/Hedera-iberica-Aracena-300x225.webp\" class=\"attachment-medium size-medium wp-image-1761\" alt=\"Hedera iberica &#039;Aracena&#039;\" srcset=\"https:\/\/www.hedera-etc.com\/wp-content\/uploads\/2023\/11\/Hedera-iberica-Aracena-300x225.webp 300w, https:\/\/www.hedera-etc.com\/wp-content\/uploads\/2023\/11\/Hedera-iberica-Aracena-768x576.webp 768w, https:\/\/www.hedera-etc.com\/wp-content\/uploads\/2023\/11\/Hedera-iberica-Aracena.webp 839w\" sizes=\"(max-width: 300px) 100vw, 300px\" \/><\/div>\n\t\t<\/a>\n\t\t\t\t<div class=\"elementor-post__text\">\n\t\t\t\t<h3 class=\"elementor-post__title\">\n\t\t\t<a href=\"https:\/\/www.hedera-etc.com\/it\/product\/hedera-iberica-aracena\/\" target=\"&quot;_blank&quot;\">\n\t\t\t\t<em>Hedera iberica<\/em> &lsquo;Aracena&rsquo; &#8211; Edera spagnola\t\t\t<\/a>\n\t\t<\/h3>\n\t\t\t\t<div class=\"elementor-post__excerpt\">\n\t\t\t<div class=\"row\"> <div class=\"col-sm-7\"> <div id=\"bloc-info\"> <div class=\"txt-desc\"> <p>Edera vigorosa, con foglie trilobate o appena lobate e una base\t\t<\/div>\n\t\t\n\t\t<a class=\"elementor-post__read-more\" href=\"https:\/\/www.hedera-etc.com\/it\/product\/hedera-iberica-aracena\/\" aria-label=\"Leggi tutto *Hedera iberica* \u2018Aracena\u2019 \u2013 Italico d&#039;Aragona\" tabindex=\"-1\" target=\"_blank\">\n\t\t\tPer saperne di pi\u00f9 \u00bb\t\t<\/a>\n\n\t\t\t\t<\/div>\n\t\t\t\t<\/article>\n\t\t\t\t<article class=\"elementor-post elementor-grid-item post-4485 product type-product status-publish has-post-thumbnail product_cat-lierre entry has-media  outofstock shipping-taxable product-type-variable has-default-attributes has-product-nav col span_1_of_4 owp-content-center item-entry owp-thumbs-layout-horizontal owp-btn-normal owp-tabs-layout-section has-no-thumbnails\">\n\t\t\t\t<a class=\"elementor-post__thumbnail__link\" href=\"https:\/\/www.hedera-etc.com\/it\/product\/hedera-hibernica-zorgvlied\/\" tabindex=\"-1\" target=\"&quot;_blank&quot;\">\n\t\t\t<div class=\"elementor-post__thumbnail\"><img loading=\"lazy\" decoding=\"async\" width=\"300\" height=\"225\" src=\"https:\/\/www.hedera-etc.com\/wp-content\/uploads\/2024\/04\/Hedera-hibernica-Zorgvlied-300x225.webp\" class=\"attachment-medium size-medium wp-image-4514\" alt=\"Hedera hibernica &#039;Zorgvlied&#039;, lierre d&#039;Irlande &#039;Zorgvlied&#039;\" srcset=\"https:\/\/www.hedera-etc.com\/wp-content\/uploads\/2024\/04\/Hedera-hibernica-Zorgvlied-300x225.webp 300w, https:\/\/www.hedera-etc.com\/wp-content\/uploads\/2024\/04\/Hedera-hibernica-Zorgvlied-900x675.webp 900w, https:\/\/www.hedera-etc.com\/wp-content\/uploads\/2024\/04\/Hedera-hibernica-Zorgvlied-1024x768.webp 1024w, https:\/\/www.hedera-etc.com\/wp-content\/uploads\/2024\/04\/Hedera-hibernica-Zorgvlied-768x576.webp 768w, https:\/\/www.hedera-etc.com\/wp-content\/uploads\/2024\/04\/Hedera-hibernica-Zorgvlied-1536x1152.webp 1536w, https:\/\/www.hedera-etc.com\/wp-content\/uploads\/2024\/04\/Hedera-hibernica-Zorgvlied-1320x990.webp 1320w, https:\/\/www.hedera-etc.com\/wp-content\/uploads\/2024\/04\/Hedera-hibernica-Zorgvlied.webp 1600w\" sizes=\"(max-width: 300px) 100vw, 300px\" \/><\/div>\n\t\t<\/a>\n\t\t\t\t<div class=\"elementor-post__text\">\n\t\t\t\t<h3 class=\"elementor-post__title\">\n\t\t\t<a href=\"https:\/\/www.hedera-etc.com\/it\/product\/hedera-hibernica-zorgvlied\/\" target=\"&quot;_blank&quot;\">\n\t\t\t\t<em>Hedera hibernica<\/em> &lsquo;Zorgvlied&rsquo; &#8211; Edera d'Irlanda\t\t\t<\/a>\n\t\t<\/h3>\n\t\t\t\t<div class=\"elementor-post__excerpt\">\n\t\t\t<p>Edera adulta a crescita lenta che forma un piccolo cespuglio.<\/p> <p>Foglie lucide, ovali o lanceolate, con bellissimi colori invernali.\t\t<\/div>\n\t\t\n\t\t<a class=\"elementor-post__read-more\" href=\"https:\/\/www.hedera-etc.com\/it\/product\/hedera-hibernica-zorgvlied\/\" aria-label=\"Leggi tutto &lt;em&gt;Hedera hibernica&lt;\/em&gt; &lsquo;Zorgvlied&rsquo; &#8211; Lierre d&rsquo;Irlande\" tabindex=\"-1\" target=\"_blank\">\n\t\t\tPer saperne di pi\u00f9 \u00bb\t\t<\/a>\n\n\t\t\t\t<\/div>\n\t\t\t\t<\/article>\n\t\t\t\t<article class=\"elementor-post elementor-grid-item post-3817 product type-product status-publish has-post-thumbnail product_cat-lierre entry has-media last instock purchasable product-type-variable has-default-attributes has-product-nav col span_1_of_4 owp-content-center item-entry owp-thumbs-layout-horizontal owp-btn-normal owp-tabs-layout-section\">\n\t\t\t\t<a class=\"elementor-post__thumbnail__link\" href=\"https:\/\/www.hedera-etc.com\/it\/product\/hedera-hibernica-vitifolia-adulte\/\" tabindex=\"-1\" target=\"&quot;_blank&quot;\">\n\t\t\t<div class=\"elementor-post__thumbnail\"><img loading=\"lazy\" decoding=\"async\" width=\"300\" height=\"225\" src=\"https:\/\/www.hedera-etc.com\/wp-content\/uploads\/2024\/01\/Hedera-hiberniva-Vitifolia-adulte-300x225.webp\" class=\"attachment-medium size-medium wp-image-9733\" alt=\"Hedera hibernica &#039;Vitifolia&#039; adulta\" srcset=\"https:\/\/www.hedera-etc.com\/wp-content\/uploads\/2024\/01\/Hedera-hiberniva-Vitifolia-adulte-300x225.webp 300w, https:\/\/www.hedera-etc.com\/wp-content\/uploads\/2024\/01\/Hedera-hiberniva-Vitifolia-adulte-900x675.webp 900w, https:\/\/www.hedera-etc.com\/wp-content\/uploads\/2024\/01\/Hedera-hiberniva-Vitifolia-adulte-1024x768.webp 1024w, https:\/\/www.hedera-etc.com\/wp-content\/uploads\/2024\/01\/Hedera-hiberniva-Vitifolia-adulte-768x576.webp 768w, https:\/\/www.hedera-etc.com\/wp-content\/uploads\/2024\/01\/Hedera-hiberniva-Vitifolia-adulte-1536x1152.webp 1536w, https:\/\/www.hedera-etc.com\/wp-content\/uploads\/2024\/01\/Hedera-hiberniva-Vitifolia-adulte-1320x990.webp 1320w, https:\/\/www.hedera-etc.com\/wp-content\/uploads\/2024\/01\/Hedera-hiberniva-Vitifolia-adulte.webp 1600w\" sizes=\"(max-width: 300px) 100vw, 300px\" \/><\/div>\n\t\t<\/a>\n\t\t\t\t<div class=\"elementor-post__text\">\n\t\t\t\t<h3 class=\"elementor-post__title\">\n\t\t\t<a href=\"https:\/\/www.hedera-etc.com\/it\/product\/hedera-hibernica-vitifolia-adulte\/\" target=\"&quot;_blank&quot;\">\n\t\t\t\t<em>Hedera hibernica<\/em> &lsquo;Vitifolia&rsquo; adulta\t\t\t<\/a>\n\t\t<\/h3>\n\t\t\t\t<div class=\"elementor-post__excerpt\">\n\t\t\t<p>Forma adulta di edera irlandese <em>Hedera hibernica<\/em> &lsquo;Vitifolia&rsquo;.<\/p> <p>Portamento eretto, ma fogliame che mantiene il suo tipo originale. Foglie distese\t\t<\/div>\n\t\t\n\t\t<a class=\"elementor-post__read-more\" href=\"https:\/\/www.hedera-etc.com\/it\/product\/hedera-hibernica-vitifolia-adulte\/\" aria-label=\"Leggi tutto &lt;em&gt;Hedera hibernica&lt;\/em&gt; &lsquo;Vitifolia&rsquo; adulte\" tabindex=\"-1\" target=\"_blank\">\n\t\t\tPer saperne di pi\u00f9 \u00bb\t\t<\/a>\n\n\t\t\t\t<\/div>\n\t\t\t\t<\/article>\n\t\t\t\t<article class=\"elementor-post elementor-grid-item post-3654 product type-product status-publish has-post-thumbnail product_cat-lierre entry has-media first instock purchasable product-type-variable has-default-attributes has-product-nav col span_1_of_4 owp-content-center item-entry owp-thumbs-layout-horizontal owp-btn-normal owp-tabs-layout-section\">\n\t\t\t\t<a class=\"elementor-post__thumbnail__link\" href=\"https:\/\/www.hedera-etc.com\/it\/product\/hedera-hibernica-vitifolia\/\" tabindex=\"-1\" target=\"&quot;_blank&quot;\">\n\t\t\t<div class=\"elementor-post__thumbnail\"><img loading=\"lazy\" decoding=\"async\" width=\"300\" height=\"225\" src=\"https:\/\/www.hedera-etc.com\/wp-content\/uploads\/2023\/11\/Hedera-hibernica-Vitifolia-300x225.webp\" class=\"attachment-medium size-medium wp-image-3655\" alt=\"Hedera hibernica &#039;Vitifolia&#039;\" srcset=\"https:\/\/www.hedera-etc.com\/wp-content\/uploads\/2023\/11\/Hedera-hibernica-Vitifolia-300x225.webp 300w, https:\/\/www.hedera-etc.com\/wp-content\/uploads\/2023\/11\/Hedera-hibernica-Vitifolia-900x675.webp 900w, https:\/\/www.hedera-etc.com\/wp-content\/uploads\/2023\/11\/Hedera-hibernica-Vitifolia-768x576.webp 768w, https:\/\/www.hedera-etc.com\/wp-content\/uploads\/2023\/11\/Hedera-hibernica-Vitifolia.webp 1024w\" sizes=\"(max-width: 300px) 100vw, 300px\" \/><\/div>\n\t\t<\/a>\n\t\t\t\t<div class=\"elementor-post__text\">\n\t\t\t\t<h3 class=\"elementor-post__title\">\n\t\t\t<a href=\"https:\/\/www.hedera-etc.com\/it\/product\/hedera-hibernica-vitifolia\/\" target=\"&quot;_blank&quot;\">\n\t\t\t\t<em>Hedera hibernica<\/em> &lsquo;Vitifolia&rsquo; &#8211; Edera d'Irlanda\t\t\t<\/a>\n\t\t<\/h3>\n\t\t\t\t<div class=\"elementor-post__excerpt\">\n\t\t\t<p>Rampicante abbastanza vigoroso e ramificato, con fogliame a forma di foglia di vite.<\/p> <p>Foglie di colore verde scuro su tutta la superficie\t\t<\/div>\n\t\t\n\t\t<a class=\"elementor-post__read-more\" href=\"https:\/\/www.hedera-etc.com\/it\/product\/hedera-hibernica-vitifolia\/\" aria-label=\"Leggi tutto &lt;em&gt;Hedera hibernica&lt;\/em&gt; &lsquo;Vitifolia&rsquo; &#8211; Lierre d&rsquo;Irlande\" tabindex=\"-1\" target=\"_blank\">\n\t\t\tPer saperne di pi\u00f9 \u00bb\t\t<\/a>\n\n\t\t\t\t<\/div>\n\t\t\t\t<\/article>\n\t\t\t\t<article class=\"elementor-post elementor-grid-item post-17818 product type-product status-publish has-post-thumbnail product_cat-lierre entry has-media  instock purchasable product-type-variable has-default-attributes has-product-nav col span_1_of_4 owp-content-center item-entry owp-thumbs-layout-horizontal owp-btn-normal owp-tabs-layout-section\">\n\t\t\t\t<a class=\"elementor-post__thumbnail__link\" href=\"https:\/\/www.hedera-etc.com\/it\/product\/hedera-hibernica-sulphurea-adulte\/\" tabindex=\"-1\" target=\"&quot;_blank&quot;\">\n\t\t\t<div class=\"elementor-post__thumbnail\"><img loading=\"lazy\" decoding=\"async\" width=\"300\" height=\"225\" src=\"https:\/\/www.hedera-etc.com\/wp-content\/uploads\/2025\/12\/Hedera-hibernica-Sulphurea-adulte-300x225.webp\" class=\"attachment-medium size-medium wp-image-17823\" alt=\"Hedera hibernica &#039;Sulphurea&#039; adulta\" srcset=\"https:\/\/www.hedera-etc.com\/wp-content\/uploads\/2025\/12\/Hedera-hibernica-Sulphurea-adulte-300x225.webp 300w, https:\/\/www.hedera-etc.com\/wp-content\/uploads\/2025\/12\/Hedera-hibernica-Sulphurea-adulte-900x675.webp 900w, https:\/\/www.hedera-etc.com\/wp-content\/uploads\/2025\/12\/Hedera-hibernica-Sulphurea-adulte-1024x768.webp 1024w, https:\/\/www.hedera-etc.com\/wp-content\/uploads\/2025\/12\/Hedera-hibernica-Sulphurea-adulte-768x576.jpg 768w, https:\/\/www.hedera-etc.com\/wp-content\/uploads\/2025\/12\/Hedera-hibernica-Sulphurea-adulte-1536x1152.jpg 1536w, https:\/\/www.hedera-etc.com\/wp-content\/uploads\/2025\/12\/Hedera-hibernica-Sulphurea-adulte-1320x990.jpg 1320w, https:\/\/www.hedera-etc.com\/wp-content\/uploads\/2025\/12\/Hedera-hibernica-Sulphurea-adulte.webp 1600w\" sizes=\"(max-width: 300px) 100vw, 300px\" \/><\/div>\n\t\t<\/a>\n\t\t\t\t<div class=\"elementor-post__text\">\n\t\t\t\t<h3 class=\"elementor-post__title\">\n\t\t\t<a href=\"https:\/\/www.hedera-etc.com\/it\/product\/hedera-hibernica-sulphurea-adulte\/\" target=\"&quot;_blank&quot;\">\n\t\t\t\t<em>Hedera hibernica<\/em> &lsquo;Sulphurea&rsquo; adulta\t\t\t<\/a>\n\t\t<\/h3>\n\t\t\t\t<div class=\"elementor-post__excerpt\">\n\t\t\t<p>Edera arbustiva, foglie concave segnate da grandi macchie di colore verde chiaro o verde-giallo, in particolare sui margini.<\/p> <p>Lama quasi rotonda\t\t<\/div>\n\t\t\n\t\t<a class=\"elementor-post__read-more\" href=\"https:\/\/www.hedera-etc.com\/it\/product\/hedera-hibernica-sulphurea-adulte\/\" aria-label=\"Leggi tutto &lt;em&gt;Hedera hibernica&lt;\/em&gt; &lsquo;Sulphurea&rsquo; adulte\" tabindex=\"-1\" target=\"_blank\">\n\t\t\tPer saperne di pi\u00f9 \u00bb\t\t<\/a>\n\n\t\t\t\t<\/div>\n\t\t\t\t<\/article>\n\t\t\t\t<article class=\"elementor-post elementor-grid-item post-1841 product type-product status-publish has-post-thumbnail product_cat-lierre entry has-media  instock purchasable product-type-variable has-default-attributes has-product-nav col span_1_of_4 owp-content-center item-entry owp-thumbs-layout-horizontal owp-btn-normal owp-tabs-layout-section\">\n\t\t\t\t<a class=\"elementor-post__thumbnail__link\" href=\"https:\/\/www.hedera-etc.com\/it\/product\/hedera-hibernica-sulphurea\/\" tabindex=\"-1\" target=\"&quot;_blank&quot;\">\n\t\t\t<div class=\"elementor-post__thumbnail\"><img loading=\"lazy\" decoding=\"async\" width=\"300\" height=\"225\" src=\"https:\/\/www.hedera-etc.com\/wp-content\/uploads\/2023\/11\/Hedera-hibernica-Sulphurea-300x225.webp\" class=\"attachment-medium size-medium wp-image-1842\" alt=\"Hedera hibernica &#039;Sulphurea&#039; (Hedera hibernica &#039;Sulphurea&#039;)&#039;\" srcset=\"https:\/\/www.hedera-etc.com\/wp-content\/uploads\/2023\/11\/Hedera-hibernica-Sulphurea-300x225.webp 300w, https:\/\/www.hedera-etc.com\/wp-content\/uploads\/2023\/11\/Hedera-hibernica-Sulphurea-900x675.webp 900w, https:\/\/www.hedera-etc.com\/wp-content\/uploads\/2023\/11\/Hedera-hibernica-Sulphurea-768x576.webp 768w, https:\/\/www.hedera-etc.com\/wp-content\/uploads\/2023\/11\/Hedera-hibernica-Sulphurea.webp 1024w\" sizes=\"(max-width: 300px) 100vw, 300px\" \/><\/div>\n\t\t<\/a>\n\t\t\t\t<div class=\"elementor-post__text\">\n\t\t\t\t<h3 class=\"elementor-post__title\">\n\t\t\t<a href=\"https:\/\/www.hedera-etc.com\/it\/product\/hedera-hibernica-sulphurea\/\" target=\"&quot;_blank&quot;\">\n\t\t\t\t<em>Hedera hibernica<\/em> &lsquo;Sulphurea&rsquo; &#8211; Edera d'Irlanda\t\t\t<\/a>\n\t\t<\/h3>\n\t\t\t\t<div class=\"elementor-post__excerpt\">\n\t\t\t<p>Fogliame asimmetrico, a volte rotondo, a volte lobato con margini leggermente ondulati.<\/p> <p>Foglia grande, screziata di verde chiaro e grigio-verde con\t\t<\/div>\n\t\t\n\t\t<a class=\"elementor-post__read-more\" href=\"https:\/\/www.hedera-etc.com\/it\/product\/hedera-hibernica-sulphurea\/\" aria-label=\"Leggi tutto &lt;em&gt;Hedera hibernica&lt;\/em&gt; \u2018Sulphurea\u2019 \u2013 Edera d&#039;Irlanda\" tabindex=\"-1\" target=\"_blank\">\n\t\t\tPer saperne di pi\u00f9 \u00bb\t\t<\/a>\n\n\t\t\t\t<\/div>\n\t\t\t\t<\/article>\n\t\t\t\t<article class=\"elementor-post elementor-grid-item post-4480 product type-product status-publish has-post-thumbnail product_cat-lierre entry has-media last instock shipping-taxable purchasable product-type-variable has-default-attributes has-product-nav col span_1_of_4 owp-content-center item-entry owp-thumbs-layout-horizontal owp-btn-normal owp-tabs-layout-section has-no-thumbnails\">\n\t\t\t\t<a class=\"elementor-post__thumbnail__link\" href=\"https:\/\/www.hedera-etc.com\/it\/product\/hedera-hibernica-spetchley\/\" tabindex=\"-1\" target=\"&quot;_blank&quot;\">\n\t\t\t<div class=\"elementor-post__thumbnail\"><img loading=\"lazy\" decoding=\"async\" width=\"300\" height=\"225\" src=\"https:\/\/www.hedera-etc.com\/wp-content\/uploads\/2024\/04\/Hedera-hiberrnica-Spetchley_2-300x225.webp\" class=\"attachment-medium size-medium wp-image-4516\" alt=\"Hedera hiberrnica &#039;Spetchley&#039;, edera irlandese &#039;Spetchley&#039;\" srcset=\"https:\/\/www.hedera-etc.com\/wp-content\/uploads\/2024\/04\/Hedera-hiberrnica-Spetchley_2-300x225.webp 300w, https:\/\/www.hedera-etc.com\/wp-content\/uploads\/2024\/04\/Hedera-hiberrnica-Spetchley_2-900x675.webp 900w, https:\/\/www.hedera-etc.com\/wp-content\/uploads\/2024\/04\/Hedera-hiberrnica-Spetchley_2-1024x768.webp 1024w, https:\/\/www.hedera-etc.com\/wp-content\/uploads\/2024\/04\/Hedera-hiberrnica-Spetchley_2-768x576.webp 768w, https:\/\/www.hedera-etc.com\/wp-content\/uploads\/2024\/04\/Hedera-hiberrnica-Spetchley_2-1536x1152.webp 1536w, https:\/\/www.hedera-etc.com\/wp-content\/uploads\/2024\/04\/Hedera-hiberrnica-Spetchley_2-1320x990.webp 1320w, https:\/\/www.hedera-etc.com\/wp-content\/uploads\/2024\/04\/Hedera-hiberrnica-Spetchley_2.webp 1600w\" sizes=\"(max-width: 300px) 100vw, 300px\" \/><\/div>\n\t\t<\/a>\n\t\t\t\t<div class=\"elementor-post__text\">\n\t\t\t\t<h3 class=\"elementor-post__title\">\n\t\t\t<a href=\"https:\/\/www.hedera-etc.com\/it\/product\/hedera-hibernica-spetchley\/\" target=\"&quot;_blank&quot;\">\n\t\t\t\t<em>Hedera hibernica<\/em> &lsquo;Spetchley&rsquo; &#8211; Edera d'Irlanda\t\t\t<\/a>\n\t\t<\/h3>\n\t\t\t\t<div class=\"elementor-post__excerpt\">\n\t\t\t<p>Edera in miniatura con foglie a zampa d'uccello. A volte \u00e8 nota anche come <em>Hedera hibernica<\/em> &lsquo;Gnome&rsquo;.<\/p> <p>Foglie\t\t<\/div>\n\t\t\n\t\t<a class=\"elementor-post__read-more\" href=\"https:\/\/www.hedera-etc.com\/it\/product\/hedera-hibernica-spetchley\/\" aria-label=\"Leggi tutto &lt;em&gt;Hedera hibernica&lt;\/em&gt; &lsquo;Spetchley&rsquo; &#8211; Lierre d&rsquo;Irlande\" tabindex=\"-1\" target=\"_blank\">\n\t\t\tPer saperne di pi\u00f9 \u00bb\t\t<\/a>\n\n\t\t\t\t<\/div>\n\t\t\t\t<\/article>\n\t\t\t\t<article class=\"elementor-post elementor-grid-item post-1363 product type-product status-publish has-post-thumbnail product_cat-lierre entry has-media first instock purchasable product-type-variable has-default-attributes has-product-nav col span_1_of_4 owp-content-center item-entry owp-thumbs-layout-horizontal owp-btn-normal owp-tabs-layout-section\">\n\t\t\t\t<a class=\"elementor-post__thumbnail__link\" href=\"https:\/\/www.hedera-etc.com\/it\/product\/hedera-hibernica-scutifolia\/\" tabindex=\"-1\" target=\"&quot;_blank&quot;\">\n\t\t\t<div class=\"elementor-post__thumbnail\"><img loading=\"lazy\" decoding=\"async\" width=\"300\" height=\"224\" src=\"https:\/\/www.hedera-etc.com\/wp-content\/uploads\/2023\/11\/Hedera-helix-Scutifolia-300x224.webp\" class=\"attachment-medium size-medium wp-image-1364\" alt=\"Hedera hibernica &#039;Scutifolia&#039;\" srcset=\"https:\/\/www.hedera-etc.com\/wp-content\/uploads\/2023\/11\/Hedera-helix-Scutifolia-300x224.webp 300w, https:\/\/www.hedera-etc.com\/wp-content\/uploads\/2023\/11\/Hedera-helix-Scutifolia-768x574.webp 768w, https:\/\/www.hedera-etc.com\/wp-content\/uploads\/2023\/11\/Hedera-helix-Scutifolia.webp 800w\" sizes=\"(max-width: 300px) 100vw, 300px\" \/><\/div>\n\t\t<\/a>\n\t\t\t\t<div class=\"elementor-post__text\">\n\t\t\t\t<h3 class=\"elementor-post__title\">\n\t\t\t<a href=\"https:\/\/www.hedera-etc.com\/it\/product\/hedera-hibernica-scutifolia\/\" target=\"&quot;_blank&quot;\">\n\t\t\t\t<em>Hedera hibernica<\/em> &lsquo;Scutifolia&rsquo; &#8211; Edera ornamentale\t\t\t<\/a>\n\t\t<\/h3>\n\t\t\t\t<div class=\"elementor-post__excerpt\">\n\t\t\t<p>Fogliame triangolare, simile a \u2018Deltoidea\u2019, ma fusti e lamina fogliare pi\u00f9 sottili, lamina fogliare pi\u00f9 lucida, venature verdi anzich\u00e9 grigie, lobi\t\t<\/div>\n\t\t\n\t\t<a class=\"elementor-post__read-more\" href=\"https:\/\/www.hedera-etc.com\/it\/product\/hedera-hibernica-scutifolia\/\" aria-label=\"Leggere tutta &lt;em&gt;Hedera hibernica&lt;\/em&gt; \u2018Scutifolia\u2019 - Edera ornamentale\" tabindex=\"-1\" target=\"_blank\">\n\t\t\tPer saperne di pi\u00f9 \u00bb\t\t<\/a>\n\n\t\t\t\t<\/div>\n\t\t\t\t<\/article>\n\t\t\t\t<article class=\"elementor-post elementor-grid-item post-1835 product type-product status-publish has-post-thumbnail product_cat-lierre entry has-media  instock purchasable product-type-variable has-default-attributes has-product-nav col span_1_of_4 owp-content-center item-entry owp-thumbs-layout-horizontal owp-btn-normal owp-tabs-layout-section\">\n\t\t\t\t<a class=\"elementor-post__thumbnail__link\" href=\"https:\/\/www.hedera-etc.com\/it\/product\/hedera-hibernica-sark\/\" tabindex=\"-1\" target=\"&quot;_blank&quot;\">\n\t\t\t<div class=\"elementor-post__thumbnail\"><img loading=\"lazy\" decoding=\"async\" width=\"300\" height=\"225\" src=\"https:\/\/www.hedera-etc.com\/wp-content\/uploads\/2023\/11\/Hedera-hibernica-Sark-2-300x225.webp\" class=\"attachment-medium size-medium wp-image-18472\" alt=\"Hedera hibernica &#039;Sark&#039;\" srcset=\"https:\/\/www.hedera-etc.com\/wp-content\/uploads\/2023\/11\/Hedera-hibernica-Sark-2-300x225.webp 300w, https:\/\/www.hedera-etc.com\/wp-content\/uploads\/2023\/11\/Hedera-hibernica-Sark-2-768x576.webp 768w, https:\/\/www.hedera-etc.com\/wp-content\/uploads\/2023\/11\/Hedera-hibernica-Sark-2-16x12.webp 16w, https:\/\/www.hedera-etc.com\/wp-content\/uploads\/2023\/11\/Hedera-hibernica-Sark-2-900x675.webp 900w, https:\/\/www.hedera-etc.com\/wp-content\/uploads\/2023\/11\/Hedera-hibernica-Sark-2.webp 1024w\" sizes=\"(max-width: 300px) 100vw, 300px\" \/><\/div>\n\t\t<\/a>\n\t\t\t\t<div class=\"elementor-post__text\">\n\t\t\t\t<h3 class=\"elementor-post__title\">\n\t\t\t<a href=\"https:\/\/www.hedera-etc.com\/it\/product\/hedera-hibernica-sark\/\" target=\"&quot;_blank&quot;\">\n\t\t\t\t<em>Hedera hibernica<\/em> &lsquo;Sark&rsquo; &#8211; Edera d'Irlanda\t\t\t<\/a>\n\t\t<\/h3>\n\t\t\t\t<div class=\"elementor-post__excerpt\">\n\t\t\t<p>Fogliame verde scuro, lucido e cuoriforme, che varia a seconda della stagione. Gli steli sono elastici, spessi\t\t<\/div>\n\t\t\n\t\t<a class=\"elementor-post__read-more\" href=\"https:\/\/www.hedera-etc.com\/it\/product\/hedera-hibernica-sark\/\" aria-label=\"Leggi tutto &lt;em&gt;Hedera hibernica&lt;\/em&gt; \u2018Sark\u2019 \u2013 Edera d&#039;Irlanda\" tabindex=\"-1\" target=\"_blank\">\n\t\t\tPer saperne di pi\u00f9 \u00bb\t\t<\/a>\n\n\t\t\t\t<\/div>\n\t\t\t\t<\/article>\n\t\t\t\t<\/div>\n\t\t\t\t\t<span class=\"e-load-more-spinner\">\n\t\t\t\t<i aria-hidden=\"true\" class=\"fas fa-spinner\"><\/i>\t\t\t<\/span>\n\t\t\n\t\t\t\t<div class=\"e-load-more-anchor\" data-page=\"1\" data-max-page=\"15\" data-next-page=\"https:\/\/www.hedera-etc.com\/it\/wp-json\/wp\/v2\/pages\/5688\/page\/2\/\"><\/div>\n\t\t\t\t<div class=\"e-load-more-message\"><\/div>\n\t\t\t\t\t\t<\/div>\n\t\t\t\t<\/div>\n\t\t\t\t\t<\/div>\n\t\t\t\t<\/div>\n\t\t\t\t<\/div>","protected":false},"excerpt":{"rendered":"<p>M\u00eame si on dit \u00e0 juste titre que le lierre est une plante pour les sous-bois, il existe des vari\u00e9t\u00e9s qui tol\u00e8rent tr\u00e8s bien le plein soleil. Il y en a m\u00eame qui se plaisent mieux au soleil qu&rsquo;\u00e0 l&rsquo;ombre. Dans cette collection, nous vous proposons plus de 300 vari\u00e9t\u00e9s de lierre pour le soleil. [&hellip;]<\/p>\n","protected":false},"author":2,"featured_media":0,"parent":0,"menu_order":0,"comment_status":"closed","ping_status":"closed","template":"","meta":{"_acf_changed":false,"ocean_post_layout":"","ocean_both_sidebars_style":"","ocean_both_sidebars_content_width":0,"ocean_both_sidebars_sidebars_width":0,"ocean_sidebar":"","ocean_second_sidebar":"","ocean_disable_margins":"enable","ocean_add_body_class":"","ocean_shortcode_before_top_bar":"","ocean_shortcode_after_top_bar":"","ocean_shortcode_before_header":"","ocean_shortcode_after_header":"","ocean_has_shortcode":"","ocean_shortcode_after_title":"","ocean_shortcode_before_footer_widgets":"","ocean_shortcode_after_footer_widgets":"","ocean_shortcode_before_footer_bottom":"","ocean_shortcode_after_footer_bottom":"","ocean_display_top_bar":"default","ocean_display_header":"default","ocean_header_style":"","ocean_center_header_left_menu":"","ocean_custom_header_template":"","ocean_custom_logo":0,"ocean_custom_retina_logo":0,"ocean_custom_logo_max_width":0,"ocean_custom_logo_tablet_max_width":0,"ocean_custom_logo_mobile_max_width":0,"ocean_custom_logo_max_height":0,"ocean_custom_logo_tablet_max_height":0,"ocean_custom_logo_mobile_max_height":0,"ocean_header_custom_menu":"","ocean_menu_typo_font_family":"","ocean_menu_typo_font_subset":"","ocean_menu_typo_font_size":0,"ocean_menu_typo_font_size_tablet":0,"ocean_menu_typo_font_size_mobile":0,"ocean_menu_typo_font_size_unit":"px","ocean_menu_typo_font_weight":"","ocean_menu_typo_font_weight_tablet":"","ocean_menu_typo_font_weight_mobile":"","ocean_menu_typo_transform":"","ocean_menu_typo_transform_tablet":"","ocean_menu_typo_transform_mobile":"","ocean_menu_typo_line_height":0,"ocean_menu_typo_line_height_tablet":0,"ocean_menu_typo_line_height_mobile":0,"ocean_menu_typo_line_height_unit":"","ocean_menu_typo_spacing":0,"ocean_menu_typo_spacing_tablet":0,"ocean_menu_typo_spacing_mobile":0,"ocean_menu_typo_spacing_unit":"","ocean_menu_link_color":"","ocean_menu_link_color_hover":"","ocean_menu_link_color_active":"","ocean_menu_link_background":"","ocean_menu_link_hover_background":"","ocean_menu_link_active_background":"","ocean_menu_social_links_bg":"","ocean_menu_social_hover_links_bg":"","ocean_menu_social_links_color":"","ocean_menu_social_hover_links_color":"","ocean_disable_title":"default","ocean_disable_heading":"default","ocean_post_title":"","ocean_post_subheading":"","ocean_post_title_style":"","ocean_post_title_background_color":"","ocean_post_title_background":0,"ocean_post_title_bg_image_position":"","ocean_post_title_bg_image_attachment":"","ocean_post_title_bg_image_repeat":"","ocean_post_title_bg_image_size":"","ocean_post_title_height":0,"ocean_post_title_bg_overlay":0.5,"ocean_post_title_bg_overlay_color":"","ocean_disable_breadcrumbs":"default","ocean_breadcrumbs_color":"","ocean_breadcrumbs_separator_color":"","ocean_breadcrumbs_links_color":"","ocean_breadcrumbs_links_hover_color":"","ocean_display_footer_widgets":"default","ocean_display_footer_bottom":"default","ocean_custom_footer_template":"","footnotes":""},"class_list":["post-5688","page","type-page","status-publish","hentry","entry","has-media","has-product-nav","col","span_1_of_4","owp-content-center","item-entry","owp-thumbs-layout-horizontal","owp-btn-normal","owp-tabs-layout-section"],"acf":[],"jetpack_sharing_enabled":true,"_links":{"self":[{"href":"https:\/\/www.hedera-etc.com\/it\/wp-json\/wp\/v2\/pages\/5688","targetHints":{"allow":["GET"]}}],"collection":[{"href":"https:\/\/www.hedera-etc.com\/it\/wp-json\/wp\/v2\/pages"}],"about":[{"href":"https:\/\/www.hedera-etc.com\/it\/wp-json\/wp\/v2\/types\/page"}],"author":[{"embeddable":true,"href":"https:\/\/www.hedera-etc.com\/it\/wp-json\/wp\/v2\/users\/2"}],"replies":[{"embeddable":true,"href":"https:\/\/www.hedera-etc.com\/it\/wp-json\/wp\/v2\/comments?post=5688"}],"version-history":[{"count":4,"href":"https:\/\/www.hedera-etc.com\/it\/wp-json\/wp\/v2\/pages\/5688\/revisions"}],"predecessor-version":[{"id":16471,"href":"https:\/\/www.hedera-etc.com\/it\/wp-json\/wp\/v2\/pages\/5688\/revisions\/16471"}],"wp:attachment":[{"href":"https:\/\/www.hedera-etc.com\/it\/wp-json\/wp\/v2\/media?parent=5688"}],"curies":[{"name":"wp","href":"https:\/\/api.w.org\/{rel}","templated":true}]}}